{"id":99769,"date":"2022-03-31T20:34:52","date_gmt":"2022-03-31T18:34:52","guid":{"rendered":"https:\/\/www.freiburg-schwarzwald.de\/blog\/?page_id=99769"},"modified":"2025-06-09T19:20:04","modified_gmt":"2025-06-09T17:20:04","slug":"soros","status":"publish","type":"page","link":"https:\/\/www.freiburg-schwarzwald.de\/blog\/global\/globalisierung\/soros\/","title":{"rendered":"Soros"},"content":{"rendered":"<p><a href=\"https:\/\/www.freiburg-schwarzwald.de\/blog\">Home<\/a>\u00a0&gt;<a title=\"Global\" href=\"https:\/\/www.freiburg-schwarzwald.de\/blog\/global\/\">Global<\/a>\u00a0&gt;<a title=\"Globalisierung\" href=\"https:\/\/www.freiburg-schwarzwald.de\/blog\/global\/globalisierung\/\">Globalisierung<\/a> &gt;<a href=\"https:\/\/www.freiburg-schwarzwald.de\/blog\/global\/netzwerke\/\">Netzwerke<\/a> &gt;<a href=\"https:\/\/www.freiburg-schwarzwald.de\/blog\/vereine\/ngo\/\">NGO<\/a> &gt;Soros<\/p>\n<div id=\"attachment_95833\" style=\"width: 650px\" class=\"wp-caption alignnone\"><a href=\"https:\/\/www.freiburg-schwarzwald.de\/blog\/wp-content\/uploads\/2021\/11\/kandel-herbst-buchen-alpen-pan21nov.jpg\"><img loading=\"lazy\" decoding=\"async\" aria-describedby=\"caption-attachment-95833\" class=\"size-full wp-image-95833\" src=\"https:\/\/www.freiburg-schwarzwald.de\/blog\/wp-content\/uploads\/2021\/11\/kandel-herbst-buchen-alpen-pan21nov.jpg\" alt=\"\" width=\"640\" height=\"326\" srcset=\"https:\/\/www.freiburg-schwarzwald.de\/blog\/wp-content\/uploads\/2021\/11\/kandel-herbst-buchen-alpen-pan21nov.jpg 640w, https:\/\/www.freiburg-schwarzwald.de\/blog\/wp-content\/uploads\/2021\/11\/kandel-herbst-buchen-alpen-pan21nov-180x92.jpg 180w\" sizes=\"auto, (max-width: 640px) 100vw, 640px\" \/><\/a><p id=\"caption-attachment-95833\" class=\"wp-caption-text\">Blick vom Kandel \u00fcber herbstliche Buchen zu den Alpen Ende Oktober 2021<\/p><\/div>\n<ul>\n<li><em>Listenauswahl eines Beitrags: Bitte <span style=\"text-decoration: underline;\">anklicken<\/span> oder runterscrollen<\/em><\/li>\n<li>Prof. Gu\u00e9rot \u00fcber Soros, Spaltung und die Frage: D\u00fcrfen wir noch miteinander reden? (8.6.2025)<\/li>\n<li><a href=\"https:\/\/www.freiburg-schwarzwald.de\/blog\/usa-und-d-usaid-und-us-aid\/\">Soros, Deutschland und das schmutzige Geld: USAID 250 Mio an Soros<\/a> (8.2.2025)<\/li>\n<li><a href=\"https:\/\/www.freiburg-schwarzwald.de\/blog\/demokratie-salonsozialismus\/\">Demokratie \u2013 Salonsozialismus<\/a>\u00a0(3.9.2024)<\/li>\n<li>George Soros und das Europa, das er sich w\u00fcnscht \u2013 und wir f\u00fcrchten sollten. (20.8.2024)<\/li>\n<li><a href=\"https:\/\/www.freiburg-schwarzwald.de\/blog\/natur\/ernaehrung\/nahrungsmittel\/\">Das Nahrungsmittelmonopol \u2013 Agenda 2030 des WEF<\/a>\u00a0(9.1.2024)<\/li>\n<li><a href=\"https:\/\/www.freiburg-schwarzwald.de\/blog\/engagement\/zukunft\/demokratie\/sozialismus\/milliardaerssozialismus\/\">Klonovsky: Milliard\u00e4rssozialismus \u2013 Globalismus \u2013 Woke<\/a>\u00a0(10.3.2023)<\/li>\n<li>George Soros: Der Mann hinter dem Vorhang (1.4.2022)<\/li>\n<\/ul>\n<ul>\n<li><a href=\"https:\/\/www.freiburg-schwarzwald.de\/blog\/global\/eu\/eu-recht\/\">Soros und der Europ\u00e4ische Gerichtshof f\u00fcr Menschenrechte<\/a> (24.5.2020)<\/li>\n<li><a title=\"EU-Gewaltenteilung und Soros\" href=\"https:\/\/www.freiburg-schwarzwald.de\/blog\/eu-gewaltenteilung-und-soros\/\">EU-Gewaltenteilung und Soros<\/a>\u00a0(6.3.2020)<\/li>\n<li><\/li>\n<li><a href=\"https:\/\/www.freiburg-schwarzwald.de\/blog\/engagement\/zukunft\/demokratie\/sozialismus\/milliardaerssozialismus\/\">Milliard\u00e4rssozialismus<\/a><\/li>\n<li><a href=\"https:\/\/www.freiburg-schwarzwald.de\/blog\/natur\/ernaehrung\/nahrungsmittel\/\">Nahrungsmittel<\/a><\/li>\n<\/ul>\n<p>Open Society Foundations (OSF) von George Soros:<br \/>\n<a href=\"https:\/\/www.opensocietyfoundations.org\/\">https:\/\/www.opensocietyfoundations.org\/<\/a><\/p>\n<p>=========================================================<\/p>\n<p><strong>Prof. Gu\u00e9rot \u00fcber Soros, Spaltung und die Frage: D\u00fcrfen wir noch miteinander reden?<\/strong><br \/>\n<a href=\"https:\/\/www.freiburg-schwarzwald.de\/blog\/engagement\/zukunft\/guerot\/\">Prof. Ulrike Gu\u00e9rot<\/a> spricht mit Elsa Mittmannsgruber offen \u00fcber George Soros, Lagerdenken und dar\u00fcber, warum andere Meinungen f\u00fcr viele unertr\u00e4glich geworden sind.<br \/>\nKritisiert von allen Seiten \u2013 und trotzdem im Gespr\u00e4ch: Prof. Ulrike Gu\u00e9rot spricht mit Elsa Mittmannsgruber offen \u00fcber George Soros, Lagerdenken und dar\u00fcber, warum andere Meinungen f\u00fcr viele unertr\u00e4glich geworden sind. Ein Interview \u00fcber Widerspr\u00fcche, Mut und die Kraft des offenen Wortes.<br \/>\nProf. Ulrike Gu\u00e9rot ist Politikwissenschaftlerin und Demokratieforscherin. F\u00fcr sie ist klar: wer heute unbequeme Fragen stellt oder mit den \u201eFalschen\u201c redet, steht schnell am Rand \u2013 das gilt im Mainstream genauso wie in Teilen der Gegen\u00f6ffentlichkeit. Auch Prof. Gu\u00e9rot erf\u00e4hrt das. Doch anstatt sich anzupassen, geht sie in die Offensive: Warum reden so viele \u00fcbereinander \u2013 aber nicht miteinander? Warum wird selbst in freiheitsorientierten Kreisen so oft ausgeschlossen, wer nicht ins Bild passt?<br \/>\nDieses \u201eElsaAUF1\u201c-Interview wirft einen ehrlichen Blick auf unsere Zeit: auf Misstrauen, Filterblasen, \u00f6ffentliche Scheuklappen \u2013 aber auch auf die Chance, wieder ins Gespr\u00e4ch zu kommen.<br \/>\n&#8230; Alles vom 8.6.2025 mit Elsa Mitmannsgruber bitte lesen auf<br \/>\n<a href=\"https:\/\/www.youtube.com\/watch?v=dialkV1aFNc&amp;t=1s\">https:\/\/www.youtube.com\/watch?v=dialkV1aFNc&amp;t=1s<\/a><br \/>\n<a href=\"https:\/\/www.auf1.tv\">https:\/\/www.auf1.tv<\/a><\/p>\n<p>&nbsp;<\/p>\n<p><strong>George Soros und das Europa, das er sich w\u00fcnscht \u2013 und wir f\u00fcrchten sollten.<\/strong><br \/>\nWarum sind diese destruktiven jungen M\u00e4nner (Talahon) denn \u00fcberhaupt hier und lungern auf unseren Stra\u00dfen? TE beleuchtet hier die Hintergr\u00fcnde mit einem sehr empfehlenswerten aktuellen Beitrag: \u201cGeorge Soros und das Europa, das er sich w\u00fcnscht \u2013 und wir f\u00fcrchten sollten.\u201d Besonders eindr\u00fccklich die Darstellung der Machenschaften eines Soros zu unserem Schaden und seiner weiteren Bereicherung: \u201cAls durch Merkels Politik der Migrationsdruck zur Migrationskrise wurde, erkannte Soros sofort, dass die Zuwanderung zu dem Hebel werden k\u00f6nnte, um die nationale Souver\u00e4nit\u00e4t, die demokratischen Rechte der V\u00f6lker Europas zu schleifen und die Macht der nicht demokratisch legitimierten EU-Oligarchie zu st\u00e4rken, die immer abgehobener, immer zynischer, immer brutaler in seinem Sinne agiert. (&#8230;) Sehr menschlich von George Soros gedacht, die EU-Oligarchie verschuldet die B\u00fcrger Europas, die V\u00e4ter, M\u00fctter und Kinder, macht sie zu Schuldsklaven der Finanzindustrie, um die Zuwanderer zu versorgen, die auf Weisung von George Soros aus unerkl\u00e4rlichen Gr\u00fcnden aufzunehmen sind. Ein sicheres Gesch\u00e4ft. (&#8230;) Aber die EU hat noch mehr Schulden bei Soros und Co. aufzunehmen, denn sie hat \u2018den Libanon, Jordanien und die T\u00fcrkei mit ausreichenden Mitteln zu versorgen, um die vier Millionen Fl\u00fcchtlinge zu unterst\u00fctzen, die derzeit in diesen L\u00e4ndern leben\u2019. Diesen Teil des Plans hat Angela Merkel besonders eifrig zum Nachteil Deutschlands umgesetzt. Daf\u00fcr soll die EU zus\u00e4tzlich zu den 15 Milliarden noch einmal 20 Milliarden pro Jahr aufbringen.\u201d Wir m\u00fcssen uns dringend wehren gegen Superreiche wie Soros, die unsere Demokratien unterlaufen, indem sie mit ihrem Geld \u00fcber die EU und unsere Politik und Medien eine zweite verdeckte Herrschaft \u00fcber Deutschland und Europa errichten, ausschlie\u00dflich zu unserem Schaden. Es braucht Gesetze gegen deren Aktivit\u00e4ten und ihrer Handlanger. Und wir brauchen diese Gesetze zeitnah, bevor sie alles zerst\u00f6rt haben, was unsere Vorfahren m\u00fchsam nach WK II wieder aufgebaut haben. K.A.<br \/>\n20.8.2024<\/p>\n<p>&nbsp;<\/p>\n<p><strong>George Soros: Der Mann hinter dem Vorhang<\/strong><br \/>\n<strong>Netzwerk: George Soros hat mehr als 30 Milliarden Dollar f\u00fcr linke und linksliberale Organisationen bereitgestellt<\/strong><br \/>\nRobert M\u00fchlbauer<\/p>\n<p>In der Geschichte hat vermutlich noch nie ein einzelner Mensch mehr Geld in die Verfolgung seiner politischen Ziele gesteckt als George Soros. Er unterst\u00fctzt mit Milliarden ein weltweites Netz von linken und linksliberalen Organisationen, Instituten, Medien und Kampagnen, unterh\u00e4lt direkte Kontakte ins Wei\u00dfe Haus, in die EU-Kommission, zu zahlreichen Regierungen und agiert damit als gr\u00f6\u00dfter lebender \u201eInfluencer\u201c der Politik, wobei er selbst oft diskret im Hintergrund bleibt \u2013 er ist \u201eThe Man Behind the Curtain\u201c, wie der amerikanische Journalist und Autor Matt Palumbo sein aufschlu\u00dfreiches neues Buch betitelt.<\/p>\n<p>Die kaum vorstellbare Summe von 32 Milliarden Dollar hat der 91j\u00e4hrige ungarisch-amerikanische Finanzinvestor im Laufe seines Lebens seinen Open Society Foundations (OSF) gegeben, wovon erst knapp die H\u00e4lfte f\u00fcr ein kaum \u00fcberblickbares Netzwerk von Institutionen und Kampagnen ausbezahlt worden ist. Es ist ein Verdienst von Palumbos Buch, erstmals einen breiten, zugleich detaillierten \u00dcberblick dar\u00fcber zu verschaffen. Newt Gingrich, fr\u00fcherer Sprecher des amerikanischen Repr\u00e4sentantenhauses, nennt es \u201eeine tiefe, wichtige Studie \u00fcber einen der einflu\u00dfreichsten M\u00e4nner unserer Zeit\u201c. Er meint: \u201eDas Ausma\u00df, in dem Soros praktisch jeden Aspekt der \u00f6ffentlichen Politik infiltriert hat, ist alarmierend und sollte Anla\u00df zur Sorge f\u00fcr jeden Amerikaner sein.\u201c Nicht nur f\u00fcr die Amerikaner, kann man hinzuf\u00fcgen.<\/p>\n<p>In einem Zeitschriftenartikel sagte Soros einmal, man m\u00fcsse \u201everschiedene Masken tragen\u201c. Mal behauptete er, mit Ereignissen (konkret einem Umsturz in Georgien) habe er \u201enichts zu tun gehabt\u201c; an anderer Stelle bezeugt er \u201egro\u00dfen Stolz, da\u00df ich dazu beigetragen habe\u201c. G\u00e4be es einen politischen Investor, der weltweit Organisationen mit rechtsgerichteten Zielen (zum Beispiel traditionelle Familienpolitik, Anti-Abtreibungskampagnen, Widerstand gegen Gender- und Transgender-Gesetze, f\u00fcr konservative Kulturpolitik und Law and Order) j\u00e4hrlich mit Milliarden finanzierte, w\u00fcrde man einen Aufschrei linker Medien und Wissenschaftler h\u00f6ren. Ein \u201eGeld kauft Einflu\u00df\u201c-Dauerlamento w\u00e4re unvermeidbar.<\/p>\n<p>Bei Soros sind sie auffallend still, weil er ihnen genehme politische Ziele verfolgt. Kritik an Soros wird oft unsachlich als \u201eantisemitisch\u201c diffamiert, wobei \u2013 wie Palumbo zeigt \u2013 Soros in Israel selbst keineswegs gut gelitten ist, wo seine Organisationspartner durchweg pro-pal\u00e4stinensische Narrative und Klagen \u00fcber \u201erassistische israelische Apartheidspolitik\u201c verbreiten. Rechte Regierungen Israels und besonders Ministerpr\u00e4sident Netanjahu haben Soros harsch angegriffen, auch in den USA kritisierten ihn konservative Juden.<\/p>\n<p>Es ist ein klares Muster einer politischen Linksverschiebung bei Soros zu beobachten. Als der 1930 in Budapest geborene Holocaust-\u00dcberlebende, der 1947 nach England emigrierte, wo er an der London School of Economics and Political Science studierte und seinen Abschlu\u00df machte, als Hedgefondsmanager seine ersten 100 Millionen gemacht hatte und in den fr\u00fchen 1980ern Jahren anfing, erstmals nennenswert Geld f\u00fcr politische Organisationen und Kampagnen zu geben, lag sein Hauptaugenmerk auf osteurop\u00e4ischen Dissidenten, die in den damals kommunistisch-autorit\u00e4ren L\u00e4ndern f\u00fcr Freiheiten k\u00e4mpften. Mit dem Untergang der Sowjetunion verschoben sich seine Ziele. Der Marxismus sei diskreditiert; Soros\u2019 Hauptgegner wurde zunehmend jeglicher Konservatismus, den er als autorit\u00e4ren Gegner der \u201eOffenen Gesellschaft\u201c ansah.<\/p>\n<p>Das von ihm finanzierte Organisationsgeflecht k\u00e4mpft heute f\u00fcr LGBTQ-Rechte, \u201ePro Choice\u201c (f\u00fcr freie Abtreibung) und gegen \u201estrukturellen Rassismus\u201c, der \u00fcberall stecke. Im Europ\u00e4ischen Parlament besitzt Soros\u2019 OSF zahlreiche Verb\u00fcndete; besonders stark scheint sein Einflu\u00df auf den Europ\u00e4ischen Gerichtshof f\u00fcr Menschenrechte, von dessen Richtern erschreckend viele mit der OSF verbandelt sind und seine <a href=\"https:\/\/www.freiburg-schwarzwald.de\/blog\/vereine\/ngo\/\">NGO<\/a>s als Experten hofieren. In Osteuropa hat sich Soros im vergangen Jahrzehnt besonders in der Ukraine engagiert. Pr\u00e4sident Poroschenko war sein Proteg\u00e9, \u00fcber Selenskyj vermerkt Palumbo nur einmal kurz, da\u00df dieser Soros\u2019 Einflu\u00df kritisiert habe.<\/p>\n<p>Mitte der 1990er Jahre begann Soros erstmals als Gro\u00dfspender in der amerikanischen politischen Szene mitzumischen. Ein enges Verh\u00e4ltnis hatte er zu den Clintons; besonders zu Hillary Clinton besteht ein direkter Draht. Unter Bush waren ihm die T\u00fcren des Wei\u00dfen Hauses versperrt. \u00dcber Obama zeigte er sich etwas entt\u00e4uscht, weil er sich mehr direkten Zugang gew\u00fcnscht hatte. Trump war f\u00fcr ihn die \u201eB\u00eate noir\u201c, ein Dorn im Auge, der Erzfeind, den er erbittert bek\u00e4mpfte.<\/p>\n<p>Mit Biden ist er wieder gro\u00df im Gesch\u00e4ft. Soros hat f\u00fcr Bidens Wahlkampf 2020 \u00fcber das Vehikel Democracy PAC pers\u00f6nlich mehr als 70 Millionen Dollar gespendet, was ihn zum gr\u00f6\u00dften Einzelunterst\u00fctzer machte, dazu kommen Dutzende gr\u00f6\u00dfere und kleinere von ihm finanzierte Kampagnen, etwa aus dem Umfeld der \u201eBlack Lives Matter\u201c-Bewegung, die Stimmung f\u00fcr Bidens Wahl machten. Nat\u00fcrlich ist es ironisch, wenn die Demokratische Partei gleichzeitig gegen den \u201ekorrumpierenden Einflu\u00df des Big Money\u201c wettert: \u201eWir wollen den Einflu\u00df von Geld in unserer Politik reduzieren, damit nicht eine Handvoll Familien und verdeckte Interessen die Wahlk\u00e4mpfe finanzieren k\u00f6nnen\u201c, t\u00f6nte Biden in seiner \u201eState of theUnion\u201c-Rede. Bittere Ironie ist es nat\u00fcrlich auch, da\u00df sich Soros f\u00fcr mehr \u201esoziale Gerechtigkeit\u201c einsetzt, aber als milliardenschwerer Fondsmanager \u00fcber Jahre keinen Penny Steuern zahlte. Als er 1992 \u201edie Bank von England brach\u201c, bezahlten die folgende Inflation besonders die sogenannten kleinen Leute.<\/p>\n<p>Nicht alle deklarierten Ziele von Soros sind verkehrt, der Einsatz f\u00fcr Rechtsstaatlichkeit und gegen Korruption, f\u00fcr Demokratie, Weltoffenheit und Pressefreiheit klingt gut. Doch bleibt ein schaler Beigeschmack, weil er sie politisch einseitig instrumentalisiert. Er unterst\u00fctzt eben prim\u00e4r linke Medien, sein Verst\u00e4ndnis von Demokratie und offener Gesellschaft richtet sich fundamental gegen konservative Demokraten.<\/p>\n<p>Nicht alle politischen Investments von George Soros gingen in seinem Sinne auf: Viktor Orb\u00e1n war als junger, aufstrebender liberaler Politiker einst Empf\u00e4nger eines Stipendiums von Soros\u2019 OSF. Sp\u00e4ter wandelte er sich zum harten Soros-Kritiker und dr\u00e4ngte die von ihm mit rund einer Milliarde Dollar finanzierte Central European University aus Ungarn heraus \u2013 der wohl schwerste R\u00fcckschlag f\u00fcr Soros. Auch in anderen L\u00e4ndern, in Polen, in Ru\u00dfland, in Indien und in Israel gab es Vorst\u00f6\u00dfe, die Aktivit\u00e4ten der von ihm finanzierten NGOs zu beschr\u00e4nken. Er sagte 2019, da\u00df sich \u201eder Wind gegen mich gedreht hat\u201c.<\/p>\n<p>Mit seinem Ableben dereinst wird Soros\u2019 Einflu\u00df indes nicht enden. Er hat sichergestellt, da\u00df die OSF ihn \u00fcberleben wird; ihr verbleibender Kapitalstock von wohl noch rund 18 Milliarden Dollar d\u00fcrfte f\u00fcr Jahrzehnte reichen, um politischen Einflu\u00df in seinem Sinne auzu\u00fcben.<br \/>\n&#8230; Alles vom 1.4.2022 bitte lesen in der JF 14\/22, Seite 13<\/p>\n<p><em>Matt Palumbo: The Man Behind the Curtain. <\/em><br \/>\n<em>Inside the Secret Network of George Soros. <\/em><br \/>\n<em>Liberatio Protocol (Post Hill Press), New York 2022, gebunden, 224 Seiten, 28 US-Dollar<\/em><\/p>\n<p>&nbsp;<\/p>\n","protected":false},"excerpt":{"rendered":"<p>Home\u00a0&gt;Global\u00a0&gt;Globalisierung &gt;Netzwerke &gt;NGO &gt;Soros Listenauswahl eines Beitrags: Bitte anklicken oder runterscrollen Prof. Gu\u00e9rot \u00fcber Soros, Spaltung und die Frage: D\u00fcrfen wir noch miteinander reden? (8.6.2025) Soros, Deutschland und das schmutzige Geld: USAID 250 Mio an Soros (8.2.2025) Demokratie \u2013 Salonsozialismus\u00a0(3.9.2024) &hellip; <a href=\"https:\/\/www.freiburg-schwarzwald.de\/blog\/global\/globalisierung\/soros\/\">Weiterlesen <span class=\"meta-nav\">&rarr;<\/span><\/a><\/p>\n","protected":false},"author":2,"featured_media":0,"parent":1180,"menu_order":0,"comment_status":"closed","ping_status":"closed","template":"","meta":{"footnotes":""},"class_list":["post-99769","page","type-page","status-publish","hentry"],"_links":{"self":[{"href":"https:\/\/www.freiburg-schwarzwald.de\/blog\/wp-json\/wp\/v2\/pages\/99769","targetHints":{"allow":["GET"]}}],"collection":[{"href":"https:\/\/www.freiburg-schwarzwald.de\/blog\/wp-json\/wp\/v2\/pages"}],"about":[{"href":"https:\/\/www.freiburg-schwarzwald.de\/blog\/wp-json\/wp\/v2\/types\/page"}],"author":[{"embeddable":true,"href":"https:\/\/www.freiburg-schwarzwald.de\/blog\/wp-json\/wp\/v2\/users\/2"}],"replies":[{"embeddable":true,"href":"https:\/\/www.freiburg-schwarzwald.de\/blog\/wp-json\/wp\/v2\/comments?post=99769"}],"version-history":[{"count":5,"href":"https:\/\/www.freiburg-schwarzwald.de\/blog\/wp-json\/wp\/v2\/pages\/99769\/revisions"}],"predecessor-version":[{"id":134997,"href":"https:\/\/www.freiburg-schwarzwald.de\/blog\/wp-json\/wp\/v2\/pages\/99769\/revisions\/134997"}],"up":[{"embeddable":true,"href":"https:\/\/www.freiburg-schwarzwald.de\/blog\/wp-json\/wp\/v2\/pages\/1180"}],"wp:attachment":[{"href":"https:\/\/www.freiburg-schwarzwald.de\/blog\/wp-json\/wp\/v2\/media?parent=99769"}],"curies":[{"name":"wp","href":"https:\/\/api.w.org\/{rel}","templated":true}]}}