{"id":98870,"date":"2022-02-21T15:03:45","date_gmt":"2022-02-21T14:03:45","guid":{"rendered":"https:\/\/www.freiburg-schwarzwald.de\/blog\/?page_id=98870"},"modified":"2025-05-26T21:32:18","modified_gmt":"2025-05-26T19:32:18","slug":"corona-regiment","status":"publish","type":"page","link":"https:\/\/www.freiburg-schwarzwald.de\/blog\/business\/gesund\/corona-virus\/corona-regiment\/","title":{"rendered":"Corona-Regiment"},"content":{"rendered":"<p><a href=\"https:\/\/freiburg-schwarzwald.de\/blog\">Home<\/a>\u00a0&gt;<a title=\"Zukunft\" href=\"https:\/\/www.freiburg-schwarzwald.de\/blog\/engagement\/zukunft\/\">Zukunft<\/a>\u00a0&gt;<a title=\"Demokratie\" href=\"https:\/\/www.freiburg-schwarzwald.de\/blog\/engagement\/zukunft\/demokratie\/\">Demokratie<\/a>\u00a0&gt;<a title=\"Deutschland\" href=\"https:\/\/www.freiburg-schwarzwald.de\/blog\/global\/deutschland\/\">Deutschland<\/a>\u00a0&gt;<a href=\"https:\/\/www.freiburg-schwarzwald.de\/blog\/business\/gesund\/corona-virus\/\">\u00a0Corona-Virus<\/a> &gt;Corona-Regiment<\/p>\n<div id=\"attachment_97434\" style=\"width: 594px\" class=\"wp-caption alignnone\"><a href=\"https:\/\/www.freiburg-schwarzwald.de\/blog\/wp-content\/uploads\/2022\/01\/Schweigen-SophieScholl20220111pan.jpg\"><img loading=\"lazy\" decoding=\"async\" aria-describedby=\"caption-attachment-97434\" class=\"size-full wp-image-97434\" src=\"https:\/\/www.freiburg-schwarzwald.de\/blog\/wp-content\/uploads\/2022\/01\/Schweigen-SophieScholl20220111pan.jpg\" alt=\"\" width=\"584\" height=\"298\" srcset=\"https:\/\/www.freiburg-schwarzwald.de\/blog\/wp-content\/uploads\/2022\/01\/Schweigen-SophieScholl20220111pan.jpg 584w, https:\/\/www.freiburg-schwarzwald.de\/blog\/wp-content\/uploads\/2022\/01\/Schweigen-SophieScholl20220111pan-180x92.jpg 180w\" sizes=\"auto, (max-width: 584px) 100vw, 584px\" \/><\/a><p id=\"caption-attachment-97434\" class=\"wp-caption-text\">Schweigende Mehrheit &#8211; Sophie Scholl am 11.1.2022<\/p><\/div>\n<ul>\n<li><em>Listenauswahl eines Beitrags: Bitte\u00a0<span style=\"text-decoration: underline;\">anklicken<\/span>\u00a0oder runterscrollen<\/em><\/li>\n<li><a href=\"https:\/\/www.freiburg-schwarzwald.de\/blog\/global\/deutschland\/moral2015\/andrick\/\">Michael Andrick: \u201eIch bin nicht dabei2 \u2013 Aus Mitb\u00fcrgern Feinde machen<\/a>\u00a0(23.5.2025)<\/li>\n<li><a href=\"https:\/\/www.freiburg-schwarzwald.de\/blog\/engagement\/zukunft\/demokratie\/konservatismus\/\">Bj\u00f6rn H\u00f6cke: \u201eCorona lie\u00df erleben, wie es schmeckt, wenn ein Staat totalit\u00e4r wird\u201c<\/a>\u00a0(12.11.2023)<\/li>\n<li><a href=\"https:\/\/www.freiburg-schwarzwald.de\/blog\/kultur\/medien\/vierte-gewalt\/\">Fl\u00fcchtlingskrise und Pandemie: Der Herdentrieb der Medien schadet ihrer Glaubw\u00fcrdigkeit<\/a>\u00a0(31.3.2023)<\/li>\n<li>Dr. Gunter Frank: Das Staatsverbrechen (24.3.2023)<\/li>\n<li><a href=\"https:\/\/www.freiburg-schwarzwald.de\/blog\/heute-14-3-2023-vor-drei-jahren\/\">Heute 14.3.2023 vor drei Jahren<\/a>\u00a0(14.3.2023)<\/li>\n<li><a href=\"https:\/\/www.freiburg-schwarzwald.de\/blog\/kultur\/medien\/hass\/hetze\/\">Sarah Bosetti: \u201eQuerdenker sind ein bisschen wie Hitler\u201c<\/a>\u00a0(30.1.2023)<\/li>\n<li><a href=\"https:\/\/www.freiburg-schwarzwald.de\/blog\/business\/gesund\/klinik\/\">Chaos in den Kinderkliniken \u2013 Immunsystem<\/a>\u00a0(11.12.2022)<\/li>\n<li><a href=\"https:\/\/www.freiburg-schwarzwald.de\/blog\/business\/gesund\/corona-virus\/corona-gastro\/\">Gastronomie und Tourismus: Verl\u00e4ssliche Tr\u00e4ger der Pandemie<\/a>\u00a0(30.9.2022)<\/li>\n<li><a href=\"https:\/\/www.freiburg-schwarzwald.de\/blog\/global\/deutschland\/deutschland-russland\/\">Ein Bild: Frieren f\u00fcr Frieden \u2013 Waffen f\u00fcr Ukraine \u2013 Testen gegen Corona<\/a>\u00a0(1.9.2022)<\/li>\n<li><a href=\"https:\/\/www.freiburg-schwarzwald.de\/blog\/business\/gesund\/medizin\/\">75 Jahre N\u00fcrnberger Kodex: Freiwilligkeit \u2013 immer<\/a>\u00a0(19.8.2022)<\/li>\n<li><a href=\"https:\/\/www.freiburg-schwarzwald.de\/blog\/sozialkreditsystem-bei-uns\/\">Sozialkreditsystem \u2013 bei uns?<\/a>\u00a0(1.8.2022)<\/li>\n<li><a href=\"https:\/\/www.freiburg-schwarzwald.de\/blog\/corona-wir-testen-uns-zu-tode\/\">Corona: Wir testen uns zu Tode<\/a>\u00a0(13.7.2022)<\/li>\n<li><a href=\"https:\/\/www.freiburg-schwarzwald.de\/blog\/business\/gesund\/corona-virus\/corona-justiz\/\">\u201eHexenproze\u00df\u201c in Passau gegen Arzt Dr. Weikl<\/a>\u00a0(5.5.2022)<\/li>\n<li>NDR verschweigt Kritik an Coronama\u00dfnahmen (3.4.2022)<\/li>\n<li><a href=\"https:\/\/www.freiburg-schwarzwald.de\/blog\/den-zeitungen-geht-es-schlecht\/\">Den Zeitungen geht es schlecht<\/a>\u00a0(2.4.2022)<\/li>\n<li>Dr. Thomas K\u00fclken \u2013 Warum stehen \u00c4rzte auf? (12.3.2022)<\/li>\n<li>Einschr\u00e4nkungen der Musikkultur durch Corona beenden (26.2.2022)<\/li>\n<li><a href=\"https:\/\/www.freiburg-schwarzwald.de\/blog\/kultur\/kulturverlust\/entlassungen\/\">BKK: Nebenwirkungen vom PEI um das Zehnfache untererfasst<\/a>\u00a0(1.3.2022)<\/li>\n<li><a href=\"https:\/\/www.freiburg-schwarzwald.de\/blog\/drewermann-staat-macht-angst\/\">Drewermann: Der Staat macht Angst<\/a>\u00a0(25.2.2022)<\/li>\n<li><a href=\"https:\/\/www.freiburg-schwarzwald.de\/blog\/hamburger-erklaerung-2022\/\">Hamburger Erkl\u00e4rung 2022 zur \u201eGain-of-function\u201c-Forschung<\/a>\u00a0(22.2.2022)<\/li>\n<li><a href=\"https:\/\/www.freiburg-schwarzwald.de\/blog\/global\/eu\/ngeu\/\">Wiederaufbaufonds NextGenerationEU: Alle Budgetgrenzen werden gesprengt<\/a>\u00a0(18.2.2022)<\/li>\n<li>Das Corona-Regiment und die gesellschaftlichen Folgen (18.2.2022)<\/li>\n<\/ul>\n<ul>\n<li><a href=\"https:\/\/www.freiburg-schwarzwald.de\/blog\/religion\/christen\/abendland\/\">Abendland<\/a><\/li>\n<li><a href=\"https:\/\/www.freiburg-schwarzwald.de\/blog\/global\/deutschland\/moral2015\/andrick\/\">Andrick<\/a><\/li>\n<li><a title=\"Antirassismus\" href=\"https:\/\/www.freiburg-schwarzwald.de\/blog\/engagement\/rassismus\/antirassismus\/\">Antirassismus<\/a><\/li>\n<li><a href=\"https:\/\/www.freiburg-schwarzwald.de\/blog\/engagement\/rassismus\/antiweisser-rassismus\/\">Antiwei\u00dfer-Rassismus<\/a><\/li>\n<li><a title=\"CancelCulture\" href=\"https:\/\/www.freiburg-schwarzwald.de\/blog\/kultur\/kulturverlust\/cancelculture\/\">CancelCulture<\/a><\/li>\n<li><a href=\"https:\/\/www.freiburg-schwarzwald.de\/blog\/religion\/christen\/christentum\/\">Christentum<\/a><\/li>\n<li><a href=\"https:\/\/www.freiburg-schwarzwald.de\/blog\/business\/gesund\/corona-virus\/corona-abendland\/\">Corona-Abendland<\/a><\/li>\n<li><a href=\"https:\/\/www.freiburg-schwarzwald.de\/blog\/business\/gesund\/corona-virus\/corona-gastro\/\">Corona-Gastro<\/a><\/li>\n<li><a href=\"https:\/\/www.freiburg-schwarzwald.de\/blog\/business\/gesund\/corona-virus\/corona-grundrechte\/\">Corona-Grundrechte<\/a><\/li>\n<li><a href=\"https:\/\/www.freiburg-schwarzwald.de\/blog\/business\/gesund\/corona-virus\/corona-justiz\/\">Corona-Justiz<\/a><\/li>\n<li><a href=\"https:\/\/www.freiburg-schwarzwald.de\/blog\/business\/gesund\/corona-virus\/corona-kinder\/\">Corona-Kinder<\/a><\/li>\n<li><a href=\"https:\/\/www.freiburg-schwarzwald.de\/blog\/kultur\/kulturverlust\/dekadenz\/\">Dekadenz<\/a><\/li>\n<li><a title=\"Entwurzelung\" href=\"https:\/\/www.freiburg-schwarzwald.de\/blog\/global\/migration\/entwurzelung\/\">Entwurzelung<\/a><\/li>\n<li><a href=\"https:\/\/www.freiburg-schwarzwald.de\/blog\/engagement\/zukunft\/demokratie\/nation\/flaggen\/\">Flaggen<\/a><\/li>\n<li><a href=\"https:\/\/www.freiburg-schwarzwald.de\/blog\/global\/france\/frankreich-islam\/\">Frankreich-Islam<\/a><\/li>\n<li><a title=\"Deutschland-verrecke\" href=\"https:\/\/www.freiburg-schwarzwald.de\/blog\/global\/deutschland\/deutschland-verrecke\/\">Deutschland-verrecke<\/a><\/li>\n<li><a href=\"https:\/\/www.freiburg-schwarzwald.de\/blog\/kultur\/kulturverlust\/entlassungen\/\">Entlassungen &#8211; abweichende Meinung<\/a><\/li>\n<li><a href=\"https:\/\/www.freiburg-schwarzwald.de\/blog\/global\/eu\/europa\/europa-kulturkreis\/\">Europa-Kulturkreis<\/a><\/li>\n<li><a href=\"https:\/\/www.freiburg-schwarzwald.de\/blog\/global\/eu\/europa-nationen\/\">Europa-Nationen<\/a><\/li>\n<li><a href=\"https:\/\/www.freiburg-schwarzwald.de\/blog\/global\/deutschland\/germany-first\/\">Germany first<\/a><\/li>\n<li><a href=\"https:\/\/www.freiburg-schwarzwald.de\/blog\/kultur\/dichter\/houellebecq\/\">Houellebecq<\/a><\/li>\n<li><a href=\"https:\/\/www.freiburg-schwarzwald.de\/blog\/engagement\/zukunft\/demokratie\/identitaetspolitik\/\">Identit\u00e4tspolitik<\/a><\/li>\n<li><a href=\"https:\/\/www.freiburg-schwarzwald.de\/blog\/kultur\/kulturkampf\/\">Kulturkampf<\/a><\/li>\n<li><a title=\"Kulturrevolution\" href=\"https:\/\/www.freiburg-schwarzwald.de\/blog\/kultur\/kulturrevolution\/\">Kulturrevolution<\/a><\/li>\n<li><a href=\"https:\/\/www.freiburg-schwarzwald.de\/blog\/kultur\/kulturverlust\/\">Kulturverlust<\/a><\/li>\n<li><a href=\"https:\/\/www.freiburg-schwarzwald.de\/blog\/engagement\/zukunft\/demokratie\/nation\/\">Nation<\/a><\/li>\n<li><a title=\"NWO\" href=\"https:\/\/www.freiburg-schwarzwald.de\/blog\/global\/globalisierung\/nwo\/\">NWO<\/a><\/li>\n<li><a title=\"One-World\" href=\"https:\/\/www.freiburg-schwarzwald.de\/blog\/global\/globalisierung\/one-world\/\">One-World<\/a><\/li>\n<li><a title=\"Selbsthass\" href=\"https:\/\/www.freiburg-schwarzwald.de\/blog\/engagement\/zukunft\/selbsthass\/\">Selbsthass<\/a><\/li>\n<li><a href=\"https:\/\/www.freiburg-schwarzwald.de\/blog\/engagement\/zukunft\/demokratie\/sozialismus\/sozialkreditsystem\/\">Sozialkreditsystem<\/a><\/li>\n<li><a href=\"https:\/\/www.freiburg-schwarzwald.de\/blog\/kultur\/kulturverlust\/sprachregime\/\">Sprachregime<\/a><\/li>\n<li><a href=\"https:\/\/www.freiburg-schwarzwald.de\/blog\/engagement\/zukunft\/demokratie\/westen\/\">Westen<\/a><\/li>\n<li><a href=\"https:\/\/www.freiburg-schwarzwald.de\/blog\/kultur\/kulturverlust\/woke\/\">Woke<\/a><\/li>\n<\/ul>\n<p>&nbsp;<\/p>\n<p><strong>Dr. Gunter Frank: Das Staatsverbrechen<\/strong><br \/>\nZahlreiche \u00c4rzte und Wissenschaftler haben in den vergangenen drei Jahren auf Achgut.com vor den Folgen einer wildgewordenen Corona- und Impfpolitik gewarnt. Daf\u00fcr wurden die Autoren und die Achse angegriffen, stigmatisiert, gesperrt, gel\u00f6scht, zensiert. Inzwischen treten die schlimmsten Bef\u00fcrchtungen drastisch zutage. Der Arzt und Achse-Autor Gunter Frank beschreibt das nicht nur fahrl\u00e4ssige, sondern teilweise auch vors\u00e4tzliche Handeln der Verantwortlichen in seinem neuen Enth\u00fcllungsbuch. Im Ergebnis fasst er die Vorg\u00e4nge als \u201eStaatsverbrechen\u201c zusammen. Hier exklusiv ein Vorabkapitel daraus zum sogenannten \u201ePost-Vac-Syndrom\u201c.<br \/>\n&#8230; Alles vom 24.3.2023 bitte lesen auf<br \/>\n<a href=\"https:\/\/www.achgut.com\/artikel\/der_bericht_zur_coronalage_das_staatverbrechen\">https:\/\/www.achgut.com\/artikel\/der_bericht_zur_coronalage_das_staatverbrechen<\/a><\/p>\n<p><em><a href=\"https:\/\/www.freiburg-schwarzwald.de\/blog\/staatsverbrechen-dr-g-frank\/\">Gunter Frank: Das Staatsverbrechen<\/a> \u2013 Warum die Corona-Krise erst dann endet, <\/em><br \/>\n<em>wenn die Verantwortlichen vor Gericht stehen<\/em><br \/>\n<em>ISBN 978-3-9822771-4-1, 22 Euro<\/em><br \/>\n<em>216 Seiten , 23.3.2023<\/em><br \/>\n.<br \/>\nMit dem Lockdown und anderen repressiven Ma\u00dfnahmen gingen Existenzen zu Bruch, Menschen verzweifelten, Grundrechte wurden eingeschr\u00e4nkt, Skeptiker ausgegrenzt. Als vermeintlicher Ausweg aus der Krise wurde eine weitgehend nutzlose, aber hochgef\u00e4hrliche \u201eImpfung\u201c zugelassen, die der Biowaffenforschung entsprungen ist. Millionen wurden dazu gen\u00f6tigt, weil eine internationale Seilschaft sie zu einem globalen zivilen Verkaufserfolg machen wollte und den Staat f\u00fcr seine Interessen einspannte. Medien und Wissenschaftler lie\u00dfen sich zu Handlangern dieser Politik machen. Gunter Frank beschreibt die verheerenden Folgen der Corona-Krise, die Big Pharma reicher machte und die politischen Akteure in einen Machtrausch geraten lie\u00df. Streng an den Fakten orientiert rechnet er mit den Panikmachern, Diffamierern und Opportunisten ab. Was der Autor schon vor zwei Jahren in \u201eDer Staatsvirus\u201c analysierte, wuchs sich seither zu einer Monstrosit\u00e4t aus. Zeit, die Schuldigen zu benennen.<br \/>\n<a href=\"https:\/\/shop.achgut.com\/products\/das-staatsverbrechen-warum-die-corona-krise-erst-dann-endet\">https:\/\/shop.achgut.com\/products\/das-staatsverbrechen-warum-die-corona-krise-erst-dann-endet<\/a><br \/>\n<a href=\"https:\/\/www.achgut.com\/artikel\/der_anklaeger_dr._frank_der_film_zum_staatsverbrechen_\">https:\/\/www.achgut.com\/artikel\/der_anklaeger_dr._frank_der_film_zum_staatsverbrechen_<\/a><br \/>\n.<\/p>\n<p>&nbsp;<\/p>\n<p><strong>NDR verschweigt Kritik an Coronama\u00dfnahmen<\/strong><br \/>\n&#8222;Ich verstehe die Massnahmen nicht&#8220;, sagte Martin Blumentritt einer Reporterin des NDR m Dezember 2021. Daraus entwickelte sich ein langes Gespr\u00e4ch, vom NDR aber nie gesendet. Aber online ging es viral uns verbreitete sich rasant! Er schaffte es, Millionen von Menschen aus der Seele zu sprechen: Die Coronapolitik hat viele Probleme in der Gesellschaft aufgezeigt, aber auch Chancen aufgetan.<br \/>\n<a href=\"https:\/\/youtu.be\/wZl9vkogyJM\">https:\/\/youtu.be\/wZl9vkogyJM<\/a> vom 10.12.2021<\/p>\n<p>Im Interview mit \u201eNightTalk Berlin\u201c berichtet Martin Blumentritt von seinem Interview und der gro\u00dfen Resonanz im Internet, die so viel bewirkt hat.<br \/>\n3.4.2022, <a href=\"https:\/\/youtu.be\/GBuW0kne7_s\">https:\/\/youtu.be\/GBuW0kne7_s<\/a><\/p>\n<p>&nbsp;<\/p>\n<p><strong>Dr. Thomas K\u00fclken \u2013 Warum stehen \u00c4rzte auf?<\/strong><br \/>\n\u00c4rzte stehen auf \u2026.weil Menschenw\u00fcrde und N\u00e4chstenliebe ihnen heiliger sind als das Infektionsschutzgesetz.<br \/>\n\u00c4rzte stehen auf weil\u2026. dieses auf Infektionsschutzgesetz manipuliert wurde \u2013 umfunktioniert wurde \u2013 zu einem willk\u00fcrlich einsetzbaren Terror Instrument\u2026<br \/>\n\u00c4rzte stehe auf weil \u2026..der Kern des \u00dcbels keine au\u00dfergew\u00f6hnliche Seuche ist, sondern der systematische und betr\u00fcgerische Missbrauch des PCR-Testes\u2026<br \/>\n\u00c4rzte stehen auf weil \u2026..alle politischen Ma\u00dfnahmen die Isolierung und Maskierung keiner medizinischen Evidenz folgen, sondern die Prinzipien, der wei\u00dfen Folter\u2026<br \/>\n\u00c4rzte stehen auf weil \u2026..Menschen dazu verf\u00fchrt uns gen\u00f6tigt werden h\u00f6chst fragw\u00fcrdige lebensgef\u00e4hrliche Zellgifte sich wieder und wieder spritzen zu lassen\u2026<br \/>\n\u00c4rzte stehen auf weil\u2026..unmaskierte ungetestete, ungenesenen und ungespritze Menschen behandelt werden, wie minderwertiges biologisches Material \u2026<br \/>\n\u00c4rzte stehen auf weil \u2026..die Medizin keinen Spielball der Interessen und M\u00e4chte sein soll, sondern ein Freiraum f\u00fcr Wissenschaftlichkeit f\u00fcr Empathie und f\u00fcr gewissenhafte Entscheidungen \u2026.<br \/>\n\u00c4rzte stehen auf weil\u2026..Medizin ein Freiraum f\u00fcr Wissenschaftlichkeit, Empathie und die individuelle Gewissenhaftigkeit, im Dienst der Menschlichkeit sein muss<br \/>\n<a href=\"https:\/\/www.freiburg-schwarzwald.de\/blog\/business\/gesund\/arzt\/kuelken\/\">Dr. Thomas K\u00fclken<\/a>, Staufen, am 12.3.2022 auf der Freiburg-Demo bitte lesen auf<br \/>\n<a href=\"https:\/\/nichtohneuns-freiburg.de\/dr-thomas-kuelken-warum-stehen-aerzte-auf\/\">https:\/\/nichtohneuns-freiburg.de\/dr-thomas-kuelken-warum-stehen-aerzte-auf\/<\/a><\/p>\n<p>&nbsp;<\/p>\n<p><strong>Einschr\u00e4nkungen der Musikkultur durch Corona beenden<\/strong><br \/>\n<em>Redebeitrag von Christian Nagel auf der <a href=\"https:\/\/www.freiburg-schwarzwald.de\/blog\/engagement\/buergerinitiativen\/demos-in-freiburg\/\">Grundrechte-Demo<\/a> am 26.2.2022 in Freiburg<\/em><strong><br \/>\n<\/strong><br \/>\nMein Name ist Christian Nagel. Ich bin Pianist, Hochschullehrer, Chorleiter, und<br \/>\nnoch einiges mehr. Aber ich m\u00f6chte hier nicht von mir reden, sondern von meiner<br \/>\nBranche: der Kultur &#8211; die wie kaum eine andere unter den Ma\u00dfnahmen zur<br \/>\nPandemiebek\u00e4mpfung gelitten hat.<br \/>\nWir alle haben in den vergangenen zwei Jahren erlebt, was es bedeutet, wenn gerade<br \/>\njene Orte geschlossen werden, in denen wir gemeinsam unseren liebsten T\u00e4tigkeiten<br \/>\nnachgehen: Singen, Musizieren, Tanzen, dem Austausch von Ideen etc. Eine<br \/>\nGesellschaft, die ihre gemeinsame Kultur nicht mehr \u00f6ffentlich leben kann, ist ihrer<br \/>\nSeelenkr\u00e4fte beraubt.<br \/>\nWer von uns h\u00e4tte sich vor zwei Jahren auch nur im Entferntesten ausmalen k\u00f6nnen,<br \/>\ndass Singen mal als gef\u00e4hrlich gelten k\u00f6nnte &#8211; und eine Bundesregierung auf die Idee<br \/>\nkommt, Singen nur f\u00fcr Geimpfte und Genesene zu erlauben, mit tagesaktuellem Test<br \/>\n\u2013 und mit <a href=\"https:\/\/www.freiburg-schwarzwald.de\/blog\/business\/gesund\/corona-virus\/maske\/\">Maske<\/a> \u2026?<br \/>\nGenau dies ist geschehen &#8211; in diesem Winter, betroffen sind alle Ch\u00f6re bundesweit,<br \/>\nund damit etwa 2,3 Mio aktive S\u00e4ngerInnen. Die allermeisten sind daraufhin in eine<br \/>\nArt \u201efreiwilligen Lockdown\u201c gegangen. Denn unter solchen Auflagen ist Singen nicht<br \/>\nnur keine Freude, es geht einfach nicht. Dabei sollten die Ma\u00dfnahmen ja ein \u201eSingen<br \/>\nohne Abstand\u201c erm\u00f6glichen&#8230;<br \/>\nIst es nicht merkw\u00fcrdig, dass immer dann, wenn von \u00d6ffnungen und Lockerungen<br \/>\ngeredet wird, gleichzeitig andere und sch\u00e4rfere Ma\u00dfnahmen eingef\u00fchrt werden?<br \/>\nDie im vergangenen Herbst eingef\u00fchrte \u201e2G\u201c-Regel stellt f\u00fcr mich den H\u00f6hepunkt<br \/>\ndar, und einen Dammbruch: Mit ihr wurden wir und unsere Vereine und Institutionen<br \/>\nfaktisch dazu gezwungen, unsere eigenen Mitglieder auszugrenzen. Dies ist nicht nur<br \/>\nmit dem Selbstverst\u00e4ndnis von Kultur unvereinbar. Es widerspricht auch allem, wof\u00fcr<br \/>\nich als Musiker und Mensch stehe.<\/p>\n<p>Mit \u201e2G\u201c hat die Regierung alle Kulturschaffenden zu Erf\u00fcllungsgehilfen der<br \/>\nAusgrenzung nicht geimpfter Menschen gemacht. Man hat uns in ein moralisches<br \/>\nDilemma gezwungen: Entweder ihr sorgt daf\u00fcr, dass diese Leute nicht mehr<br \/>\nreinkommen, oder wir machen euch den Laden dicht. Diese Form von Erpressung \u2013<br \/>\nanders kann man es wohl nicht bezeichnen &#8211; traf eine bereits verwundete Branche, die<br \/>\nnur hoffte, wieder spielen zu d\u00fcrfen, und bereit war, jeden Preis daf\u00fcr zu zahlen.<br \/>\nDem h\u00e4tten wir niemals zustimmen d\u00fcrfen. Wir haben damit Verrat an unseren<br \/>\ngrundlegendsten Werten begangen: dass niemand von kultureller <a href=\"https:\/\/www.freiburg-schwarzwald.de\/blog\/bildung\/inklusion\/\">Teilhabe<\/a><br \/>\nausgeschlossen werden darf. Und es betr\u00fcbt mich, dass dies unter K\u00fcnstlern und<br \/>\nKulturschaffenden so wenig Widerspruch hervorgerufen hat.<br \/>\nJetzt wird es darauf ankommen, dass die \u201e2G\u201c-Politik nicht nur vollst\u00e4ndig<br \/>\nzur\u00fcckgefahren wird, sondern auch niemals je wiederkommt.<\/p>\n<p>Wie kommen wir aus der Nummer wieder heraus? Ich finde, dass D\u00e4nemark einen<br \/>\nvorbildlichen Weg gegangen ist: Dort hat man zum 1.2. s\u00e4mtliche Ma\u00dfnahmen<br \/>\naufgehoben, und erkl\u00e4rt, dass \u201eCorona\u201c keine \u201egesellschaftliche Bedrohung\u201c mehr<br \/>\ndarstellt. Die d\u00e4nische Ministerpr\u00e4sidentin Mette Frederiksen hat in einer Rede die<br \/>\nDinge benannt, die wir jetzt, nach der Krise, am meisten ben\u00f6tigen: Umarmungen,<br \/>\nFeiern und Festivals.<br \/>\nIst das nicht ein wunderbares Ziel? Nein, es ist nicht nur ein Ziel, sondern der Weg<br \/>\nzur\u00fcck ins Leben: Indem wir uns umarmen, lernen wir, uns nach langer Distanz<br \/>\nwieder zu sp\u00fcren. Indem wir feiern, kommen wir einander wieder n\u00e4her und k\u00f6nnen<br \/>\nSpaltungen \u00fcberwinden &#8211; durch Leichtigkeit und Freude. Und Festivals k\u00f6nnen ein<br \/>\nWeg sein, das Leben zu feiern, und, ganz nebenbei, die alles entscheidende Frage zu<br \/>\nbeantworten: Wie wollen wir eigentlich leben?<br \/>\nIn den vergangenen zwei Jahren ist mir aufgefallen, dass alle Vorschl\u00e4ge zur<br \/>\nBeantwortung der Krise rein technischer Natur waren: Impfen, Testen, Tracken. Soll<br \/>\ndas alles sein? Geht da nicht mehr? Wo bleibt die Antwort der Seele und des Geistes?<br \/>\nSieht so unsere Zukunft aus? Ich hoffe nicht.<\/p>\n<p>Wir m\u00fcssen wachsam sein. Wenn jetzt wieder davon gesprochen wird, zu \u00f6ffnen und<br \/>\nzu lockern, ist h\u00f6chste Vorsicht geboten. Denn die Regierung m\u00f6chte einen<br \/>\n\u201eniedrigschwelligen Basisschutz\u201c aufrecht erhalten, und gleichzeitig werden im<br \/>\nHintergrund neue Versch\u00e4rfungen vorbereitet. Es steht zu bef\u00fcrchten, dass unsere<br \/>\nKultur unter einen dauerhaften Pandemievorbehalt gestellt wird.<br \/>\nVor wenigen Tagen war zu lesen, dass SAP und T-Systems daran arbeiten, die<br \/>\n\u201eCorona-Warn-App\u201c mit \u201ezus\u00e4tzlichen Funktionalit\u00e4ten\u201c auszustatten i. Gemeint ist<br \/>\ndamit wohl die \u201eB\u00fcrger-ID mit integriertem Impf-Zertifikat\u201c, die auf EU-Ebene<br \/>\nschon seit Jahren geplant ist ii. K\u00fcrzlich wurde von der WHO ein entsprechender<br \/>\nAuftrag an T-Systems (das ist die Deutsche Telekom) erteilt iii.<br \/>\nAuch mit der \u201eluca app\u201c k\u00f6nnte es im Herbst ein Wiedersehen geben, wenn diese, um<br \/>\neine Ausweisfunktion erweitert, in allen Gastronomien und Kulturbetrieben zur<br \/>\nEinlasskontrolle genutzt wird iv. Dann h\u00e4tten die Pharma- und Tech-Konzerne bei<br \/>\nallen unseren Institutionen dauerhaft ihren Fu\u00df in der T\u00fcr.<br \/>\nWenn wir das nicht wollen \u2013 sondern wenn wir wollen, dass Kunst und Kultur frei<br \/>\nbleiben &#8211; , dann lasst uns weiter hier drau\u00dfen sein, sichtbar sein, die Kultur auf die<br \/>\nStra\u00dfe hinaus tragen und das Leben feiern, das wir uns w\u00fcnschen. Lasst uns mutig<br \/>\nbleiben und unseren Herzen folgen.<br \/>\nUnd ehrlich gesagt: ich spiele viel lieber hier drau\u00dfen, als dr\u00fcben im Theater, unter<br \/>\n2G&#8230;.<br \/>\ni <a href=\"https:\/\/www.welt.de\/politik\/deutschland\/plus236998943\/Die-180-Millionen-Euro-App-der-Bundesregierung.html\">https:\/\/www.welt.de\/politik\/deutschland\/plus236998943\/Die-180-Millionen-Euro-App-der-Bundesregierung.html<\/a><br \/>\nii <a href=\"https:\/\/norberthaering.de\/wp-content\/uploads\/2020\/05\/2019-2022_roadmap_en.pdf\">https:\/\/norberthaering.de\/wp-content\/uploads\/2020\/05\/2019-2022_roadmap_en.pdf<\/a><br \/>\niii <a href=\"https:\/\/www.welt.de\/newsticker\/dpa_nt\/infoline_nt\/netzwelt\/article237091853\/T-Systems-Auftrag-Digitale-Impfzertifikate-fuer-WHO-Laender.html\">https:\/\/www.welt.de\/newsticker\/dpa_nt\/infoline_nt\/netzwelt\/article237091853\/T-Systems-Auftrag-Digitale-Impfzertifikate-fuer-WHO-Laender.html<\/a><br \/>\niv <a href=\"https:\/\/www.welt.de\/newsticker\/dpa_nt\/infoline_nt\/netzwelt\/article236638163\/Luca-App-soll-kuenftig-Bezahlenim-Restaurant-ermoeglichen.html\">https:\/\/www.welt.de\/newsticker\/dpa_nt\/infoline_nt\/netzwelt\/article236638163\/Luca-App-soll-kuenftig-Bezahlenim-Restaurant-ermoeglichen.html<\/a><\/p>\n<p>26.2.2022, Christian Nagel, <a href=\"https:\/\/www.nagelmusic.de\">https:\/\/www.nagelmusic.de<\/a><\/p>\n<p>.<\/p>\n<p><strong>Das Corona-Regiment und die gesellschaftlichen Folgen<\/strong><br \/>\n<strong>Kontrollierte neue Wirklichkeit<\/strong><br \/>\nvon Thorsten Hinz<br \/>\n&#8230;<br \/>\n<em><strong>Das Corona-Regiment hat die<a href=\"https:\/\/www.freiburg-schwarzwald.de\/blog\/engagement\/zukunft\/schuld\/\"> Verschuldung<\/a> von der monet\u00e4ren auf die moralische Ebene erweitert. Es hat den schuldbewu\u00dften, unter st\u00e4ndigen Rechtfertigungs- und Anpassungsdruck stehenden Menschen erzeugt, der meint, bei Nichtbefolgung der staatlichen Anweisungen sich und andere Menschen in Lebensgefahr zu bringen.<\/strong><\/em> Durch das pandemische Regelwerk in seinem Handeln und seiner Bewegungsfreiheit gel\u00e4hmt, nimmt er den weniger Folgsamen noch die geringste Regel\u00fcbertretung \u00fcbel, weil sie ihm die eigene Beschr\u00e4nkung schmerzhaft bewu\u00dft macht. Um sein Defizit zu kompensieren, weitet er die Selbstkontrolle auf die Kontrolle anderer aus und macht die Regeln \u2013 statt nach ihrer Sinnhaltigkeit zu fragen \u2013 zu seiner pers\u00f6nlichen Angelegenheit.<\/p>\n<p>Das beginnt bei Schulkindern, die f\u00fcrchten, ihre <a href=\"https:\/\/www.freiburg-schwarzwald.de\/blog\/business\/gesund\/corona-virus\/corona-strategiepapier\/\">Gro\u00dfeltern t\u00f6dlich zu infizieren<\/a> und sie deshalb nicht mehr besuchen. Es gibt den typischen Fahrgast, der im leeren Zugabteil den in sicherer Entfernung sitzenden Mitreisenden lautstark an die geltende Maskenpflicht erinnert. Brave B\u00fcrger, die sich bis dato stets im Rahmen der Politischen Korrektheit bewegt, sich nun aber gegen eine Corona-Impfung entschieden haben, werden von Familienmitgliedern und Freunden pl\u00f6tzlich als \u201eNazis\u201c beschimpft. Ein weiteres Beispiel daf\u00fcr, wie sich aufgrund der blockierten Historisierung der NS-Zeit der \u201eNazi\u201c-Signifikant vom Signifikat abgel\u00f6st hat und zum beliebig verwendbaren Zeichen f\u00fcr ein halluziniertes B\u00f6ses geworden ist.<\/p>\n<p>Die ideologische Aufladung der Corona-Debatte wird von Politik und Medien gezielt betrieben. Sie k\u00f6nnen dabei die langfristige Konditionierung der Gesellschaft durch den <a href=\"https:\/\/www.freiburg-schwarzwald.de\/blog\/kultur\/medien\/kampf-gegen-rechts\/\">\u201eKampf gegen Rechts\u201c<\/a> voraussetzen. Auf dieser Grundlage lassen sich die Wut und Entt\u00e4uschung dar\u00fcber, da\u00df die Pandemie-Ma\u00dfnahmen, die im Vertrauen auf die Weisheit der Politik mehrheitlich befolgt wurden, auch nach zwei Jahren kein Ende finden, erfolgreich auf die \u201eImpfmuffel\u201c, \u201eCovidioten\u201c, \u201eQuerdenker\u201c und \u201eRechtsextremisten\u201c gelenkt werden.<\/p>\n<p>W\u00e4hrend die Gegnerschaft zum Corona-Regiment im politisch-medialen Diskurs als \u201erechts\u201c verortet wird, will die sich antiautorit\u00e4r gerierende Linke im Kontrollregime und im Absterben des \u00f6ffentlichen Lebens die Geburt eines neuen Gemeinschaftssinns erkennen. Eine partielle Erkl\u00e4rung daf\u00fcr liefert die Netzseite \u201eZusammen gegen Corona\u201c des Bundesgesundheitsministeriums. Schon in der \u00dcberschrift wird die \u201eSolidarit\u00e4t in der Coronavirus-Pandemie\u201c beschworen. \u201eSolidarit\u00e4t ist ein linkes Ideal, es grenzt sich zur konservativen und liberalen Eigenverantwortung und Eigenst\u00e4ndigkeit ab\u201c, so die Politikwissenschaftlerin Ulrike Gu\u00e9rot. Die Linke habe solidarisch sein wollen mit dem Pflegepersonal, mit den Infizierten, mit Italien oder den besonders gef\u00e4hrdeten Gruppen. So habe es \u201eberechtigte Freude in progressiven Milieus aus(gel\u00f6st), da\u00df endlich einmal Leben \u00fcber Geld gestellt wurde\u201c.<\/p>\n<p>Diese Haltung war anfangs \u2013 vielleicht \u2013 gerechtfertigt. Nach zwei Jahren Ausnahmezustand ist sie es nicht mehr. Indem sie starr daran festh\u00e4lt, zeigt die Linke, da\u00df sie verloren hat, was in der Vergangenheit als ihre St\u00e4rke und Mission galt: den Zusammenhang von \u00f6konomischen, sozialen und politischen Verh\u00e4ltnisse herzustellen und zu thematisieren. Sie ist blind daf\u00fcr, da\u00df die Corona-Ma\u00dfnahmen eine Verm\u00f6gensumschichtung von unten nach oben erlauben und internationalen Monopolisten wie Amazon Gelegenheit gegeben wird, dem deutschen Mittelstand das Wasser abzugraben.<\/p>\n<p>Solidarit\u00e4t ist eine soziale, zwischenmenschliche, von positiven Gef\u00fchlen und Absichten grundierte Interaktion. Die Pandemie-Ordnung jedoch erzeugt eine Versuchsanordnung aus isolierten Individuen, die im Takt autorit\u00e4rer Anordnungen marschieren sollen. Zu dem Zweck werden sie Tag f\u00fcr Tag medial mit Zahlen bombardiert, die ihnen keine Information liefern, aber Verunsicherung, Angst und autorit\u00e4re Einstellungen hervorrufen und sie veranlassen sollen, den Autoritarismus als normal anzusehen. Unabh\u00e4ngig vom aktuellen Befinden m\u00fcssen die Menschen ihren medizinischen Status kontrollieren, sich kategorisieren und bewerten lassen: erst- und zweitgeimpft, einmal oder zweimal geboostert, genesen, getestet usw. Je nach Kategorie werden ihnen soziale Berechtigungen \u2013 von Grundrechten ist ohnehin kaum noch die Rede \u2013 zugestanden oder entzogen. Die Einteilung unterliegt politischer Willk\u00fcr und kann abrupt und begr\u00fcndungslos ge\u00e4ndert werden, wie die Halbierung des Genesenen-Zeitraums zeigte. Die Parallelen zum Sozialkredit-System in China, wo ein aus Sicht der herrschenden kommunistischen Partei nonkonformes Verhalten zu Reisebeschr\u00e4nkungen, zur Drosselung der Internetgeschwindigkeit, zum Ausschlu\u00df von Bef\u00f6rderung, \u00f6ffentlichen Ausschreibungen und h\u00f6heren zu zahlenden Steuern f\u00fchrt, liegen auf der Hand.<br \/>\n&#8230; Alles vom 18.2.2022 von Thorsten Hinz bitte lesen in der JF 8\/22, Seite 18<br \/>\n.<\/p>\n<p><em>Thorsten Hinz, Jahrgang 1962, studierte in Leipzig Germanistik, war JF-Kulturredakteur und ist heute freier Publizist und Buchautor. Auf dem Forum schrieb er zuletzt \u00fcber den langen Vorlauf des antiwei\u00dfen Rassismus (\u201eVerblendung und Schuldkomplex\u201c, JF 34\/21).<\/em><\/p>\n<p>&nbsp;<\/p>\n<p>&nbsp;<\/p>\n","protected":false},"excerpt":{"rendered":"<p>Home\u00a0&gt;Zukunft\u00a0&gt;Demokratie\u00a0&gt;Deutschland\u00a0&gt;\u00a0Corona-Virus &gt;Corona-Regiment Listenauswahl eines Beitrags: Bitte\u00a0anklicken\u00a0oder runterscrollen Michael Andrick: \u201eIch bin nicht dabei2 \u2013 Aus Mitb\u00fcrgern Feinde machen\u00a0(23.5.2025) Bj\u00f6rn H\u00f6cke: \u201eCorona lie\u00df erleben, wie es schmeckt, wenn ein Staat totalit\u00e4r wird\u201c\u00a0(12.11.2023) Fl\u00fcchtlingskrise und Pandemie: Der Herdentrieb der Medien schadet ihrer &hellip; <a href=\"https:\/\/www.freiburg-schwarzwald.de\/blog\/business\/gesund\/corona-virus\/corona-regiment\/\">Weiterlesen <span class=\"meta-nav\">&rarr;<\/span><\/a><\/p>\n","protected":false},"author":2,"featured_media":0,"parent":79419,"menu_order":0,"comment_status":"closed","ping_status":"closed","template":"","meta":{"footnotes":""},"class_list":["post-98870","page","type-page","status-publish","hentry"],"_links":{"self":[{"href":"https:\/\/www.freiburg-schwarzwald.de\/blog\/wp-json\/wp\/v2\/pages\/98870","targetHints":{"allow":["GET"]}}],"collection":[{"href":"https:\/\/www.freiburg-schwarzwald.de\/blog\/wp-json\/wp\/v2\/pages"}],"about":[{"href":"https:\/\/www.freiburg-schwarzwald.de\/blog\/wp-json\/wp\/v2\/types\/page"}],"author":[{"embeddable":true,"href":"https:\/\/www.freiburg-schwarzwald.de\/blog\/wp-json\/wp\/v2\/users\/2"}],"replies":[{"embeddable":true,"href":"https:\/\/www.freiburg-schwarzwald.de\/blog\/wp-json\/wp\/v2\/comments?post=98870"}],"version-history":[{"count":6,"href":"https:\/\/www.freiburg-schwarzwald.de\/blog\/wp-json\/wp\/v2\/pages\/98870\/revisions"}],"predecessor-version":[{"id":134444,"href":"https:\/\/www.freiburg-schwarzwald.de\/blog\/wp-json\/wp\/v2\/pages\/98870\/revisions\/134444"}],"up":[{"embeddable":true,"href":"https:\/\/www.freiburg-schwarzwald.de\/blog\/wp-json\/wp\/v2\/pages\/79419"}],"wp:attachment":[{"href":"https:\/\/www.freiburg-schwarzwald.de\/blog\/wp-json\/wp\/v2\/media?parent=98870"}],"curies":[{"name":"wp","href":"https:\/\/api.w.org\/{rel}","templated":true}]}}