{"id":98149,"date":"2022-02-02T19:29:59","date_gmt":"2022-02-02T18:29:59","guid":{"rendered":"https:\/\/www.freiburg-schwarzwald.de\/blog\/?page_id=98149"},"modified":"2025-02-02T16:47:00","modified_gmt":"2025-02-02T15:47:00","slug":"kanada","status":"publish","type":"page","link":"https:\/\/www.freiburg-schwarzwald.de\/blog\/global\/kanada\/","title":{"rendered":"Kanada"},"content":{"rendered":"<p>Home &gt;<a title=\"\u00b4Global\" href=\"https:\/\/www.freiburg-schwarzwald.de\/blog\/global\/\">Global<\/a>\u00a0&gt;<a title=\"Partnerschaft\" href=\"https:\/\/www.freiburg-schwarzwald.de\/blog\/engagement\/partnerschaft\/\">Partnerschaft<\/a>\u00a0 &gt;<a href=\"https:\/\/www.freiburg-schwarzwald.de\/blog\/global\/usa\/\">USA<\/a> &gt;Kanada<\/p>\n<div id=\"attachment_96332\" style=\"width: 649px\" class=\"wp-caption alignnone\"><a href=\"https:\/\/www.freiburg-schwarzwald.de\/blog\/wp-content\/uploads\/2021\/11\/schauinsland-muenstertal-stohren-nebel21nov11pan.jpg\"><img loading=\"lazy\" decoding=\"async\" aria-describedby=\"caption-attachment-96332\" class=\"size-full wp-image-96332\" src=\"https:\/\/www.freiburg-schwarzwald.de\/blog\/wp-content\/uploads\/2021\/11\/schauinsland-muenstertal-stohren-nebel21nov11pan.jpg\" alt=\"\" width=\"639\" height=\"284\" srcset=\"https:\/\/www.freiburg-schwarzwald.de\/blog\/wp-content\/uploads\/2021\/11\/schauinsland-muenstertal-stohren-nebel21nov11pan.jpg 639w, https:\/\/www.freiburg-schwarzwald.de\/blog\/wp-content\/uploads\/2021\/11\/schauinsland-muenstertal-stohren-nebel21nov11pan-180x80.jpg 180w\" sizes=\"auto, (max-width: 639px) 100vw, 639px\" \/><\/a><p id=\"caption-attachment-96332\" class=\"wp-caption-text\">Blick vom Schauinsland \u00fcber Stohren und M\u00fcnstertal ins neblige Rheintal 11\/2021<\/p><\/div>\n<ul>\n<li><em>Listenauswahl eines Beitrags: Bitte anklicken oder runterscrollen<\/em><\/li>\n<li>Kanadas Kantholz: Pierre Poilievren Chef der Konservativen (31.1.2025)<\/li>\n<li>Neue Premierministerin von Alberta: Wir sind Menschen, keine QR-Codes (26.11.2022)<\/li>\n<li><a href=\"https:\/\/www.freiburg-schwarzwald.de\/blog\/kanada-corona-entschuldigung\/\">Kanada Corona Entschuldigung<\/a>\u00a0(30.10.2022)<\/li>\n<li><a href=\"https:\/\/www.freiburg-schwarzwald.de\/blog\/global\/finanzsystem\/bargeld\/\">Kanada und Paypal zeigen, wie die totalit\u00e4re Zukunft ohne Bargeld und mit Impfp\u00e4ssen aussieht<\/a>\u00a0(17.2.2022)<\/li>\n<li>Beleidigungen und Ausf\u00e4lle: Trudeau dreht durch (17.2.2022)<\/li>\n<li><a href=\"https:\/\/www.freiburg-schwarzwald.de\/blog\/engagement\/zukunft\/demokratie\/arbeiter\/\">Ob in Ottawa oder Berlin: Die Linke hat sich vom Arbeiter l\u00e4ngst entfremdet<\/a> (11.2.2022)<\/li>\n<li><a href=\"https:\/\/www.freiburg-schwarzwald.de\/blog\/freedom-speech-truckerconvoy\/\">Freedom Speech to the Trucker-Convoy<\/a>\u00a0(11.2.2022)<\/li>\n<li>Trucker-Proteste: Big Tech gegen die Arbeiterklasse (7.2.2022)<\/li>\n<li><a href=\"https:\/\/www.freiburg-schwarzwald.de\/blog\/kultur\/kulturverlust\/woke\/\">Kanada: Psychol0ge Jordan B. Peterson rechnet mit der woken Ideologie ab<\/a> (4.2.2022)<\/li>\n<li>112-Peterson: Opposition Kanadas, nutzt diese Chance! (2.2.2022)<\/li>\n<li>Kanada-Update: Trudeau versucht, sich mit L\u00fcgen zu retten \u2013 Widerstand w\u00e4chst (1.2.2022)<\/li>\n<li>Trucker-Proteste auch gegen links-globales Establishment (1.2.2022)<\/li>\n<li>Rassismus und Suprematie der politische \u201eElite\u201c: Das Beispiel Justin Trudeau (1.2.2022)<\/li>\n<li>Kanada: Aufstand der ausgepl\u00fcnderten Mittelschicht (31.1.2022)<\/li>\n<li><\/li>\n<li><a href=\"https:\/\/www.freiburg-schwarzwald.de\/blog\/engagement\/buergerinitiativen\/demo\/trucker\/\">Trucker<\/a><\/li>\n<\/ul>\n<p>&nbsp;<\/p>\n<p><a href=\"https:\/\/www.freiburg-schwarzwald.de\/blog\/wp-content\/uploads\/2022\/08\/trudeau-putin220809.jpg\"><img loading=\"lazy\" decoding=\"async\" class=\"alignnone size-thumbnail wp-image-103377\" src=\"https:\/\/www.freiburg-schwarzwald.de\/blog\/wp-content\/uploads\/2022\/08\/trudeau-putin220809-180x138.jpg\" alt=\"\" width=\"180\" height=\"138\" srcset=\"https:\/\/www.freiburg-schwarzwald.de\/blog\/wp-content\/uploads\/2022\/08\/trudeau-putin220809-180x138.jpg 180w, https:\/\/www.freiburg-schwarzwald.de\/blog\/wp-content\/uploads\/2022\/08\/trudeau-putin220809-640x492.jpg 640w, https:\/\/www.freiburg-schwarzwald.de\/blog\/wp-content\/uploads\/2022\/08\/trudeau-putin220809-768x590.jpg 768w, https:\/\/www.freiburg-schwarzwald.de\/blog\/wp-content\/uploads\/2022\/08\/trudeau-putin220809.jpg 800w\" sizes=\"auto, (max-width: 180px) 100vw, 180px\" \/><\/a><\/p>\n<p>==========================================================<\/p>\n<p><strong>Kanadas Kantholz: Pierre Poilievren Chef der Konservativen<\/strong><br \/>\nPierre Poilievre gilt nach Javier Milei und Donald Trump als der neue Superstar der amerikanischen Rechten.<\/p>\n<p>Schon der Student Pierre Poilievre (gesprochen: \u201ePolljev\u201c) strotzte vor Angriffslust. Als er 1999 bei einem landesweiten Essay-Wettbewerb zum Thema \u201eWenn ich Premierminister w\u00e4re, w\u00fcrde ich &#8230;\u201c 10.000 Dollar Preisgeld einheimste und vom liberalen Amtsinhaber Jean Chr\u00e9tien geehrt wurde, kommentierte er bissig: \u201eIch hoffe, der Premierminister nimmt es mir nicht \u00fcbel, da\u00df sich viele meiner Ansichten gegen das \u00fcberkommene System richten, das er seit Jahren anf\u00fchrt.\u201c Auch dank dieser Forschheit steht der junge Mann, seit 2022 Chef der kanadischen Konservativen, nun kurz davor, selbst Regierungschef sowie nach Javier Milei und Donald Trump zum n\u00e4chsten Superstar der Rechten auf dem amerikanischen Kontinent zu werden.<\/p>\n<p>Dabei hatte Poilievre einen alles andere als einfachen Start ins Leben. 1979 in Calgary (Alberta) zur Welt gekommen, gab ihn seine 16j\u00e4hrige Mutter zur Adoption an ein frankokanadisches Lehrerehepaar. Doch die Familie zerbrach, als der Vater sich zu seiner Homosexualit\u00e4t bekannte. Da war Pierre zw\u00f6lf. Seine leibliche, irischst\u00e4mmige Mutter lernte er erst mit Zwanzig kennen \u2013 inzwischen herangereift zu einem sportlichen jungen Mann, der sich an Hockey, Tauchen und Ringen versucht hatte, mit einer Leidenschaft f\u00fcr Politik, inspiriert vor allem vom liberalen Denker Milton Friedman und dessen Klassiker \u201eKapitalismus und Freiheit\u201c (1962).<br \/>\nSeine Gegner schm\u00e4hen ihn als \u201eAhornsirup-Version\u201c Donald Trumps. Doch der Vergleich mit diesem hinkt.<br \/>\nPoilievre erwies sich als politisches Naturtalent. Schon mit 16 machte er Wahlkampf f\u00fcr die Reform Party, eine 1987 gegr\u00fcndete rechte Protestpartei, aus der die 2003 entstandenen Konservativen hervorgingen. Bereits mit 25 Jahren errang Poilievre einen Sitz im kanadischen Unterhaus, wo er sich mit scharfen Reden Respekt verschaffte. Dank seiner rhetorischen Begabung, Intelligenz und unerm\u00fcdlichen sowie akribischen Arbeit stieg er 2013 zum Minister f\u00fcr Demokratische Reformen auf (bis 2015) \u2013 zudem verantwortete er f\u00fcr einige Monate in Personalunion das Arbeitsministerium.<\/p>\n<p>Der Sprung an die Spitze der Konservativen Partei gelang dem rechten Fl\u00fcgelst\u00fcrmer w\u00e4hrend der Coronazeit: Als sich Anfang 2022 LKW-Fahrer in Konvois in die Hauptstadt Ottawa aufmachten, um gegen den Impfzwang des liberalen Premierministers Justin Trudeau zu protestieren, stellte sich Poilievre gegen den Widerstand vieler seiner Parteikollegen hinter die Demonstranten. In der konservativen Basis traf er damit einen Nerv und wurde wenig sp\u00e4ter zum neuen Parteichef gew\u00e4hlt.<\/p>\n<p>Seitdem schm\u00e4hen ihn seine Gegner als billige \u201eAhornsirup-Version\u201c Trumps. Doch der Vergleich hinkt, denn Poilievre liebt zwar wie dieser die verbale Attacke, die Vulgarit\u00e4t des US-Pr\u00e4sidenten ist ihm indes fremd. Auch setzt er weniger auf Identit\u00e4tspolitik und spart das Thema Migration \u2013 Poilievre ist mit einer Venezolanerin verheiratet \u2013 weitgehend aus. Stattdessen fordert er unabl\u00e4ssig das Ende der CO2-Steuer und verspricht den Kanadiern, da\u00df sie sich mit ihm als Premier das Leben wieder werden leisten k\u00f6nnen.<\/p>\n<p>Die Strategie scheint aufzugehen, denn in Umfragen liegen die Konservativen mehr als zwanzig Prozent vor Trudeaus Liberalen, weshalb dieser im Dezember entnervt seinen R\u00fccktritt ank\u00fcndigte. Wer auch immer ihm in der Partei nachfolgt, die Wahl im Herbst gegen Poilievre wird er wohl verlieren \u2013 der dann zeigen mu\u00df, ob er das konservative Kantholz ist, als das er sich jetzt pr\u00e4sentiert.<br \/>\n&#8230; Alles vom 31.1.2025 von Daniel Holfelder bitte lesen in der JF 6\/25, Seite 3<\/p>\n<p>&nbsp;<\/p>\n<p><strong>Neue Premierministerin von Alberta: Wir sind Menschen, keine QR-Codes<\/strong><br \/>\nWeltweit warten viele Menschen auf eine Aufarbeitung der nach wie vor umstrittenen, international aufgef\u00e4cherten Pandemiepolitik, ihrer unz\u00e4hligen M\u00e4ngel und Verfehlungen. So gibt es allein in Deutschland mindestens drei aktuelle B\u00fccher zum Thema, darunter den Sammelband von Sandra Kostner (\u201ePandemiepolitik. Freiheit unterm Rad?\u201c). In ihrem eigenen Essay warnt Kostner davor, dass sich ein \u201egesellschaftliches Long Covid\u201c bei uns einnisten k\u00f6nnte, weil \u201evirale Gef\u00e4hrder\u201c aus vielen Gruppen (Vereine, Kollegien, aber auch die Gesamtgesellschaft als Gro\u00dfgruppe) ausgeschlossen wurden, ohne dass dies jemals bedauert, sachlich korrigiert und wiedergutgemacht worden w\u00e4re. Allein auf der gesellschaftlichen Ebene \u2013 ganz abgesehen vom Privaten \u2013 haben sicher viele Menschen in Deutschland so gef\u00fchlt. Die Entscheidungen von Danielle Smith, der neuen Premierministerin der kanadischen Provinz Alberta rund um die Hauptstadt Calgary, k\u00f6nnen da ein erster Schritt in eine andere Richtung sein.<br \/>\n&#8230;<br \/>\nDaneben sagte Smith etwas ganz Einfaches: \u201eWir sind Menschen, keine QR-Codes.\u201c Eine Datenbank, die dem staatlichen Impfpass-System der Provinz diente, will Smith l\u00f6schen lassen. Alle B\u00fcrger, die wegen der Corona-Regeln angezeigt und belangt wurden, will sie amnestieren. Davon ist zum Beispiel ein Pastor an der GraceLife Church bei Edmonton betroffen, der sich w\u00e4hrend der Pandemie Restriktionen ausgesetzt sah. Smith stellt klar: \u201eDas Strafgesetzbuch bietet Pastoren Schutz. Es ist nicht erlaubt, eine Predigt zu unterbrechen.\u201c<br \/>\n&#8230; Alles vom 26.11.2022 von Matthias Nikolaidis bitte lesen auf<br \/>\n<a href=\"https:\/\/www.tichyseinblick.de\/kolumnen\/aus-aller-welt\/premierministerin-alberta-corona-massnahmen\/\">https:\/\/www.tichyseinblick.de\/kolumnen\/aus-aller-welt\/premierministerin-alberta-corona-massnahmen\/<\/a><\/p>\n<p>&nbsp;<\/p>\n<p><strong>Beleidigungen und Ausf\u00e4lle: Trudeau dreht durch<\/strong><br \/>\nMelissa Lantsman ist eine kanadische Politikerin und Mitglied der Konservativen Partei von Kanada. Seit 2021 ist sie Parlamentsmitglied im Unterhaus von Kanada. Sie wurde im Jahr 1984 in Toronto in eine russisch-j\u00fcdische Familie geboren. Ihre Mutter war Buchhalterin und ihr Vater Ingenieur, der im Taxigewerbe arbeitete und mehrere Pfandleihh\u00e4user betrieb. Im Jahr 2018 heiratete sie ihre Freundin Lauren Rakowski. Am 16. Februar 2022 musste sich diese stolze lesbische J\u00fcdin von dem Premierminister Kanadas, Justin Trudeau, im Unterhaus sagen lassen, dass sie und ihre Partei f\u00fcr <em>\u201eLeute steht, die Hakenkreuze schwenken\u201c. &#8230;<\/em><br \/>\nDanach zitierte sie eine Aussage von Trudeau, die er \u00fcber die Demonstranten in Ottawa (Trucker Freedom Convoy) im Jahr 2022 get\u00e4tigt hatte. <strong><em>\u201eDiese Leute \u2013 sehr oft misogyne, rassistische, Frauenhasser, Wissenschaftsleugner, Randgruppen.\u201c<\/em><\/strong><br \/>\nSehen wir uns hier mal ein paar Bilder<br \/>\n<a href=\"https:\/\/www.achgut.com\/artikel\/ottawa_einstimmung_zum_demonstrieren#\">https:\/\/www.achgut.com\/artikel\/ottawa_einstimmung_zum_demonstrieren#<\/a><br \/>\nund hier ein Video dieser ach so b\u00f6sen Menschen an:<br \/>\n<a href=\"https:\/\/tapferimnirgendwo.com\/2022\/02\/17\/justin-trudeau-verirrt-sich-und-beleidigt-melissa-lantsman\/\">https:\/\/tapferimnirgendwo.com\/2022\/02\/17\/justin-trudeau-verirrt-sich-und-beleidigt-melissa-lantsman\/<\/a><\/p>\n<p>Sehen diese Menschen so aus, als seien sie misogyne, rassistische, Frauenhasser, Wissenschaftsleugner und Randgruppen? F\u00fcr mich sehen sie aus wie eine Gruppe diverser, kulturell, politisch, ethnisch, religi\u00f6s und gesellschaftlich bunt gemischter Menschen, die sich allerdings unter einem Prinzip vereinen, das sie in Gefahr sehen: Freiheit! Melissa Lantsman kritisierte den Premierminister, weil \u201eer die Flammen eines ungerechtfertigten nationalen Notstands anfacht\u201c, und stellte die Frage:<em> \u201eWann hat sich der Premierminister verirrt? Wann ist es passiert?\u201c<\/em><br \/>\nTrudeau beantwortete die Frage mit einer ungeheuerlichen Unterstellung:<br \/>\n<em>\u201eMitglieder der Konservativen Partei k\u00f6nnen mit Hakenkreuzschwingern zusammenstehen. (\u2026) Wir werden uns daf\u00fcr entscheiden, den Kanadiern zur Seite zu stehen, die es verdient haben, zu ihren Jobs zu kommen, um ihr Leben zur\u00fcckzubekommen. Diese illegalen Proteste m\u00fcssen aufh\u00f6ren und das werden sie.\u201c<br \/>\n&#8230;<\/em><br \/>\nDiese Uneinsichtigkeit brachte schlie\u00dflich Melissa Lantsman dazu, ebenfalls Stellung zu beziehen: <em>\u201eIch bin eine starke j\u00fcdische Frau, Mitglied dieses Hauses und Nachfahrin von Holocaust\u00fcberlebenden.\u201c<\/em><br \/>\nSie betonte, in dem Unterhaus niemals schlecht behandelt worden zu sein, <em>\u201ebis auf heute, da der Premierminister mich beschuldigt hat, mit Hakenkreuzen zu stehen. Ich denke, er schuldet mir eine Entschuldigung. Ich m\u00f6chte eine Entschuldigung und ich denke er schuldet allen Mitgliedern dieses Hauses eine Entschuldigung.\u201c<\/em><br \/>\n<a href=\"https:\/\/youtu.be\/pmQghqnni4k\">https:\/\/youtu.be\/pmQghqnni4k<\/a><br \/>\nJustin Trudeau bat um nichts. Er verlie\u00df einfach den Raum.<br \/>\n&#8230; Alles vom 17.2.2022 von Gerd Buurmann bitte lesen auf<br \/>\n<a href=\"https:\/\/tapferimnirgendwo.com\/2022\/02\/17\/justin-trudeau-verirrt-sich-und-beleidigt-melissa-lantsman\/\">https:\/\/tapferimnirgendwo.com\/2022\/02\/17\/justin-trudeau-verirrt-sich-und-beleidigt-melissa-lantsman\/<\/a><br \/>\n.<br \/>\nEinige Kommentare:<br \/>\n<strong>Young Global Leader Justin Trudeau<\/strong><br \/>\nDa bleibt nur die Frage, wann der endlich geht, der merkt gar nicht wie unf\u00e4hig er selber ist. Von solchen Young Global Leaders m\u00f6chte ich nicht jetzt, als auch in Zukunft, nicht regiert werden. Unfassbar, was diese Kaderschmiede alles hervorbringt\u2026.<br \/>\n17.2.2022, J.L.<\/p>\n<p><strong>Wird das nicht immer so gemacht, auch hier in Deutschland?<\/strong><br \/>\nSchon seit vielen Jahren? Tausende friedliche, v\u00f6llig normale B\u00fcrger protestieren gegen irrsinnige Ma\u00dfnahmen\/Zust\u00e4nde und nat\u00fcrlich laufen auch ein paar Idioten mit. Die linke Presse und die linken Politiker bezeichnen daraufhin alle als Nazis und versuchen so, vom eigentlichen Thema abzulenken. Siehe Chemnitz oder Coronaspazierg\u00e4nge, um nur einige prominentere Beispiele der letzten Zeit zu nennen. Das wirklich Schlimme daran ist ja, dass es funktioniert. Weil die meisten Leute den Medien und sogar den Politikern immer noch vertrauen. Wenn die in der Tagesschau sagen, dass in Chemnitz b\u00f6se Nazis Ausl\u00e4nder gejagt haben, dann muss es so gewesen sein. Sich im Internet ein eigenes Bild von der Lage machen? Da gehe ich doch lieber ein Eis essen. Und wenn die sagen, dass die Coronaspazierg\u00e4nger alle Nazis und Querdenker sind, dann ist das ganz bestimmt so. Selber mal mitgehen und mit den Leuten sprechen? N\u00f6, ich setzte meine Maske auf und klopfe mir selbst auf die Schulter, das ist einfacher.<br \/>\n17.2.2022, J.T.<\/p>\n<p><strong>Frau Wagenknecht hat Recht: So genannte Linksliberale (wie Trudeau)<\/strong><br \/>\nsind weder links noch liberal und schon gar nicht tolerant. Im Gegenteil haben sie oft einen Hang zum Autorit\u00e4ren, Reaktion\u00e4ren, Unduldsamen. In D vertreten durch die Gr\u00fcnen (Beispiele: Altmaoist Kretschmann, Studienabbrecherin Lang, Ebenfallsstudienabbrecher und Teile-der-Scharia-OK-Finder Nouripour).<br \/>\n18.2.2022, D.J.<\/p>\n<p><strong>\u201eWann hat sich der Premierminister verirrt? Wann ist es passiert?\u201c<\/strong><br \/>\nDer hat sich \u00fcberhaupt nicht verirrt. Er zeigt schlicht sein wahres Gesicht. Und er zeigt das er wirklich nicht die hellste Kerze auf Schwabs Torte ist: \u201cDiese Leute \u2013 sehr oft misogyne, rassistische, Frauenhasser, Wissenschaftsleugner, Randgruppen.\u201c Er scheint intellektuell maximal in der Lage zu sein auswendig gelernte Trigger Begriffe aus dem woke-feudalen Sprechblasenbaukasten v\u00f6llig sinnfrei aneinander zu reihen. Ja, Klausi, das ist halt das Problem mit leicht steuerbaren Marionetten: Unter Druck funktionieren die einfach nicht.<br \/>\n17.2.2022, S.W.<br \/>\nEnde Kommentare<\/p>\n<p>&nbsp;<\/p>\n<p>&nbsp;<\/p>\n<p><strong>Trucker-Proteste: Big Tech gegen die Arbeiterklasse<\/strong><br \/>\nVon . Den kanadischen <a href=\"https:\/\/www.freiburg-schwarzwald.de\/blog\/engagement\/buergerinitiativen\/demo\/trucker\/\">Truckern<\/a> werden Spenden in Millionenh\u00f6he von der Plattform GoFundMe vorenthalten. Das ist Klassenkampf von oben und ein \u00fcbler Angriff auf die Demokratie.<br \/>\nWir m\u00fcssen dar\u00fcber reden, dass GoFundMe den kanadischen Truckern, die gegen die Impfpflicht protestieren, Millionen von Dollar aberkennt. Das ist Gewerkschaftsfeindlichkeit \u2013 Union Busting \u2013 auf der H\u00f6he der Zeit. Ein millionenschweres Unternehmen nutzt seinen Einfluss, um Aktivisten aus der Arbeiterklasse die Mittel vorzuenthalten. Dies ist ein klares und lautes Signal aus dem Silicon Valley, dass es seine Macht nutzen wird, um jede Form politischer Agitation von \u201eden unteren Schichten\u201c zu unterdr\u00fccken, die sich zu sehr gegen den politischen Konsens richtet. Wer glaubt, dass es sich bei dieser Auseinandersetzung zwischen einer gewinnorientierten Fundraising-Website und Menschen, die es satthaben, von autorit\u00e4ren Covid-Charakteren herumgeschubst zu werden, nur um einen weiteren seltsamen Online-Streit handelt, sollte noch einmal nachdenken. Es geht um weit mehr als das. Hier werden die Fronten zwischen Freiheit und Macht abgesteckt, die das Internetzeitalter bestimmen werden.<br \/>\nDass GoFundMe den Truckern, die gegen die kanadischen Impfvorschriften protestieren, die Mittel vorenth\u00e4lt, ist meiner Meinung nach einer der ungeheuerlichsten und antidemokratischsten Akte, welche die in Kalifornien ans\u00e4ssigen Eliten, die das World Wide Web \u00fcberwachen, bisher begangen haben.<br \/>\n&#8230; Alles vom 7.2.2022 von Brendan O\u2019Neill bitte lesen auf<br \/>\n<a href=\"https:\/\/www.achgut.com\/artikel\/big_tech_gegen_die_arbeiterklasse\">https:\/\/www.achgut.com\/artikel\/big_tech_gegen_die_arbeiterklasse<\/a><\/p>\n<p>Kommentare:<br \/>\n<strong>Klassenkampf von oben,<\/strong><br \/>\nMegakonzerne gegen die lohnabh\u00e4ngigen Arbeiter und wo steht die versammelte Linke von Kommunisten, Sozialisten, Sozialdemokraten, samt Gewerkschaften? Geschlossen auf Seite der Megakonzerne gegen die Bev\u00f6lkerung und gegen die Arbeiter. Die Linken verraten f\u00fcr Geld ihr M\u00fcndel, sie rei\u00dfen sich die soziale Maske runter und zeigen ihr wahres Gesicht. Die Antifa wird zur Pr\u00fcgel-SA mit roter Fahne f\u00fcr die Wallstreetbanker und die Supermilliard\u00e4re. Der Imperator Klaus Schwab als F\u00fchrer der schwarzen Antifatruppe. Fast wie in Star Wars. Durch ihre Haltung in der Coronakrise hat sich die ganze Linke zum B\u00fcttel von Big Tech und Big Pharma gemacht, zur Speerspitze der gewissenlosen Genversuche an unterdr\u00fcckten Arbeiternehmern und f\u00fcr den Abbau der m\u00fchsam in Jahrzehnten erk\u00e4mpften Rechte. Das ist ein Treppenwitz der Geschichte. Die linke Bewegung hat jede Legitimation, wenn sie die jemals hatte, verloren und ist zur Witznummer verkommen.<br \/>\n7.2.2022, K.D.W.<\/p>\n<p><strong>Diese Auseinandersetzung zwischen der Globalistischen Kabale<\/strong><br \/>\nund den kanadischen Freiheitsk\u00e4mpfern ist die erste offene Schlacht in diesem schon seit einiger Zeit bestehenden Krieg, der bisher st\u00e4rker im Verborgenen gef\u00fchrt wurde. Der auf dem Tisch liegende Einsatz sind Freiheit, Demokratie und abendl\u00e4ndisch-westliche Kultur f\u00fcr die gesamte westliche Welt. Jetzt mu\u00df die Kabale zum ersten Mal zu einer Schlacht im hellen Tageslicht der \u00d6ffentlichkeit antreten. Die Beschlagnahme des Geldes hat nur den Effekt, die tiefe Verachtung der Kabale f\u00fcr die freiheitsliebenden Menschen der westlichen Welt noch sichtbarer zu machen &#8211; sonst hat sie auf den Schlachtverlauf keinen Einflu\u00df. Es sind Peanuts. Der Schlachtverlauf und die angewandten Methoden sind noch v\u00f6llig offen. Trudeau ist vermutlich gerade in Morder im schwarzen Turm und ber\u00e4t sich mit seinem finsteren Herrscher.<br \/>\n7.2.2022, D.K.<\/p>\n<p><strong>Es ging von Anfang an nie um die Gesundheit der Menschen<\/strong><br \/>\nEs fehlen einem die Worte f\u00fcr dieses kriminelle Vorgehen, und eines ist immer wieder festzustellen: Es ging von Anfang an nie um die Gesundheit der Menschen und auch nicht um Demokratie sondern nur um Geld und Macht, und mit ernsthaftem Widerstand hat die Clique der Verantwortlichen nicht gerechnet. M\u00fcndige B\u00fcrger, die von ihrem demokratisches Grundrecht der Meinungs &#8211; und Versammlungsfreiheit Gebrauch machen, sind ihr im Wege und ausgesprochen l\u00e4stig, daher m\u00fcssen sie mit allen Mitteln bek\u00e4mpft werden. Viele Menschen auch hier, wenn sie denn davon erfahren (wolen), fiebern mit, bewundern den Mut (der Verzweiflung) der beteiligten Trucker und hoffen inst\u00e4ndig auf Erfolg dieser Aktion.<br \/>\n7.2.2022, M.Sch.<br \/>\nEnde Kommentare<\/p>\n<p>&nbsp;<\/p>\n<p><strong>112-Peterson: Opposition Kanadas, nutzt diese Chance!<\/strong><br \/>\nZahlreiche Kanadier protestieren in Ottawa gegen die Aushebelung unserer Grundrechte, w\u00e4hrend unser Premierminister einfach verschwindet. Zeit f\u00fcr die Opposition, die Regierung zur Vernunft zu bringen.<br \/>\n&#8230;<br \/>\nSchlie\u00dflich habe ich mich zu dieser Videobotschaft an die kanadischen Premiers Scott Moe (konservativer Premierminister der Provinz Sascatchewan), Jason Kenney (konservativer Premierminister der Provinz Alberta), Doug Ford (konservativer Premierminister der Provinz Ontario) sowie Erin O\u2019Toole (Parteivorsitzender der konservativen Partei und Oppositionsf\u00fchrer) entschlossen. Ich frage Sie: Worauf warten Sie noch? Das ist Ihr Moment! Eine gro\u00dfe Anzahl der Kanadier besetzt gerade Ottawa, um dadurch ihr Entsetzen \u00fcber die Aushebelung unserer Grundrechte angesichts der sogenannten Notlage auszudr\u00fccken. Unser Premierminister (Justin Trudeau) ist buchst\u00e4blich weggelaufen und hat die Stadt verlassen, soweit ich wei\u00df. Als Grund werden Sicherheitsbedenken angegeben. Offensichtlich glaubt er seine eigene Propaganda \u00fcber die Natur der Leute, die sich gerade in Ottawa versammeln. Dann l\u00fcgt er auch noch und versucht sein Verschwinden mit einer angeblichen Covid-Erkrankung zu rechtfertigen, obwohl er doppelt geimpft und negativ getestet ist. Konservative in Kanada, Sie bekommen keine bessere Gelegenheit, das ist Ihr Moment!<br \/>\n&#8230; Alles vom2.2.2022 bitte lesen auf<br \/>\n<a href=\"https:\/\/www.achgut.com\/artikel\/112_peterson_opposition_kanadas_nutzt_diese_chance\">https:\/\/www.achgut.com\/artikel\/112_peterson_opposition_kanadas_nutzt_diese_chance<\/a><\/p>\n<p>.<br \/>\n<strong>Kanada-Update: Trudeau versucht, sich mit L\u00fcgen zu retten \u2013 Widerstand w\u00e4chst<\/strong><br \/>\nKanada hat ein Regierungssystem, das dem britischen nachempfunden ist. Derzeit hat Trudeau im House of Commons, dem kanadischen Parlament, KEINE Mehrheit. Seine Liberale Partei ist bei den Wahlen im November 2021 auf 157 Sitze (von 177) geschmolzen. Bei 338 Mitgliedern im House of Commons sind 170 Sitze notwendig, um eine Mehrheit zusammen zu bekommen. Die gr\u00f6\u00dfte Oppositionspartei sind die Konservativen, die auf 121 Sitze kommen, die aber landesweit mit 33,8% und 5.747.410 Stimmen vor der Liberalen Partei von Trudeau (32,6%, 5.556.629 Stimmen) gelandet sind. Dass Trudeau dennoch regieren kann, seine Partei die meisten Sitze im Parlament hat, liegt am First Past The Post Wahlrecht in Kanada, das den Kandidaten in einem Wahlkreis, der die meisten Stimmen erh\u00e4lt, ins Parlament schickt. Dort hat Trudeau mit 155 Sitzen aber keine Mehrheit und ist somit auf die Unterst\u00fctzung oder Enthaltung von Abgeordneten anderer Parteien angewiesen, um im Parlament eine Mehrheit zu finden.<br \/>\nMit anderen Worten: Er ist anf\u00e4llig f\u00fcr ein Misstrauensvotum und ein solches fordert der Abgeordnete des Provincial Parliaments, also des Parlaments von Ontario, Randy Hillier in einem Offenen Brief, den er gerade unter dem Titel \u201cVertrauen in Trucker, nicht in Trudeau\u201d ver\u00f6ffentlicht hat. Der Premierminister und die Medien w\u00fcrden sich intensiv mit Missinformation bem\u00fchen, Anliegen der Trucker und das Ausma\u00df des Konvois zu verschleiern, sie als ungebildete Menschen mit nicht akzeptablen Meinungen abzukanzeln, niemand habe der Tatsache Rechnung getragen, dass es sich hier um einen Protest aller gesellschaftlichen Gruppen handele, an dem Kanadier aus allen Bereichen des Lebens, allen Glaubensrichtungen, ethnischen Urspr\u00fcngen und Weltanschauungen teilnehmen. Er rufe dazu auf, ein vote of no confidence, ein Misstrauensvotum abzuhalten, um Trudeau aus seinem Amt zu entfernen<br \/>\n&#8230;<br \/>\nst es nicht erstaunlich, wie sich die Narrative in ARD, CBC, CNN, NTV, ZDF, Washington Post, Toronto Star und so weiter gleichen, wie identisch sie sind? Es reicht, dass sich ein Hanswurst mit Nazifahne unter 10000e Demonstranten mischt, um das Anliegen der vielen zu diskreditieren, mit der Fahne des einen. Eine Situation, wie geschaffen f\u00fcr diejenigen, die einen Protest diskreditieren wollen. Es reicht eine Fahne und ein Fotograf, der gerade zur Stelle ist, am besten man bringt ihn gleich mit. Fertig ist die Erz\u00e4hlung, die dann, wie von Geisterhand gef\u00fchrt, in allen MS-Medien dieses Globus verbreitet und nach Verbreitung von L\u00fcgnern wie Trudeau genutzt wird.<br \/>\n&#8230;. Alles vom 1.2.2022 bitte lesen auf<br \/>\n<a href=\"https:\/\/sciencefiles.org\/2022\/02\/01\/kanada-update-trudeau-versucht-sich-mit-luegen-zu-retten-widerstand-waechst\/\">https:\/\/sciencefiles.org\/2022\/02\/01\/kanada-update-trudeau-versucht-sich-mit-luegen-zu-retten-widerstand-waechst\/<\/a><br \/>\n..<br \/>\n.<br \/>\n<strong>Trucker-Proteste gegen links-globales Establishment<\/strong><br \/>\n&#8222;Landesweites Entsetzen \u00fcber aggressive Trucker&#8220; &#8211; diese Titelzeile verr\u00e4t einseitigen Journalismus. Unsere Verwandten in USA und Canada berichten etwas ganz anderes: Die demonstrierenden Trucker (bei -20 Grad keine einfache Sache) erfahren derma\u00dfen viel Unterst\u00fctzung bei der Bev\u00f6lkerung, da\u00df die Trudeau-Regierung es zu recht mit der Angst zu tun bekommt.<br \/>\nDenn den Truckern gehts l\u00e4ngst nicht mehr nur um Corona, sondern hier protestieren Angeh\u00f6rige einer malochenden Mittelschicht gegen eines hochn\u00e4siges, links-global orientiertes Staats-<a href=\"https:\/\/www.freiburg-schwarzwald.de\/blog\/global\/deutschland\/gesellschaft\/establishment\/\">Establishment<\/a>.<br \/>\nDie Trucker in Canada lassen sich &#8211; jedenfalls im Prinzip &#8211; vergleichen mit den <a href=\"https:\/\/www.freiburg-schwarzwald.de\/blog\/global\/eu\/gelbwesten\/\">Gelbwesten<\/a> in Frankreich.<br \/>\n1.2.2022, E.K.<br \/>\nKommentar zu:<br \/>\n<a href=\"https:\/\/www.badische-zeitung.de\/landesweites-entsetzen-ueber-aggressive-trucker-in-kanada--208957321.html\">https:\/\/www.badische-zeitung.de\/landesweites-entsetzen-ueber-aggressive-trucker-in-kanada&#8211;208957321.html<\/a><br \/>\n.<\/p>\n<p><strong>Rassismus und Suprematie der politische \u201eElite\u201c: Das Beispiel Justin Trudeau<\/strong><br \/>\n&#8230;<br \/>\nHeutzutage wird mit \u201eRassismus\u201c bzw. \u201eracism\u201c alles bezeichnet, was irgendeine Form der Ungleichheit zwischen ethnischen Gruppen abbildet, ebenso wie Einstellungen und Verhaltensweisen, die die jeweiligen Formen der Ungleichheit hervorgebracht haben sollen.<br \/>\n&#8230;<br \/>\nIn neuerer Zeit hat sich in diese Gemengelage der Floskeln der Begriff des \u201esupremacist\u201c, des Suprematisten hinzugesellt, der (per definitionem) meint, dass eine bestimmte Bev\u00f6lkerungsgruppe allen anderen \u00fcberlegen ist und (dementsprechen) gegen\u00fcber allen anderen dominant sein sollte. Und \u2013 wie k\u00f6nnte es anders sein?! \u2013 wurde der Begriff von Personen aus dem linken politischen\/weltanschaulichen Spektrum in der \u00fcblichen und h\u00f6chst vorhersehbaren Weise besetzt, n\u00e4mlich um \u201eRassisten\u201c zu bezeichnen, also Personen, die (angeblich) meinen, die \u201eRasse\u201c bzw. ethnische Gruppe, der sie selbst angeh\u00f6ren (oder anzugeh\u00f6ren meinen) sei allen anderen \u00fcberlegen und sollten allen anderen gegen\u00fcber dominant sein.<br \/>\n&#8230;<br \/>\nDie Hierarchie in diesem (Truedeau&#8217;schen) Weltbild sieht also wie folgt aus:<br \/>\nGanz oben ist die poltische \u201eElite\u201c von eigenen Gnaden.<br \/>\nEs folgen mit weitem Abstand die folgsamen B\u00fcrger.<br \/>\nWieder mit weitem Abstand folgen widerst\u00e4ndige B\u00fcrger der eigenen Hautfarbe, Kultur o.\u00e4., und<br \/>\ndas Schlusslicht bilden die \u201eUnwahrnehmbaren\u201c\/\u201cUnerw\u00e4hnbaren\u201c, die widerst\u00e4ndig sind und eine andere Hautfarbe, Kultur o.\u00e4. haben.<br \/>\nWenn es heute noch oder wieder Sinn macht, von \u201eRassismus\u201c zu sprechen, dann sehe ich den Begriff angebracht, wenn es darum geht, die vollst\u00e4ndige Mi\u00dfachtung gerade von Nicht-\u201eWei\u00dfen\u201c oder \u201eNicht-Christen etc. in ihrer Eigenschaft als B\u00fcrger, als vollwertige B\u00fcrger unter anderen B\u00fcrgern, durch Angeh\u00f6rige der sogenannten politischen \u201eElite\u201c zu bezeichnen.<br \/>\n&#8230; Alles vom 1.2.2022 bitte lesen auf<br \/>\n<a href=\"https:\/\/sciencefiles.org\/2022\/02\/01\/rassismus-und-suprematie-der-politische-elite-das-beispiel-justin-trudeau\/\">https:\/\/sciencefiles.org\/2022\/02\/01\/rassismus-und-suprematie-der-politische-elite-das-beispiel-justin-trudeau\/<\/a><\/p>\n<p>.<br \/>\n<strong>Kanada: Aufstand der ausgepl\u00fcnderten Mittelschicht<\/strong><br \/>\nDie Proteste, die derzeit in Kanada stattfinden, richten sich ja nur vordergr\u00fcndig gegen die Coronapolitik der Regierung; tats\u00e4chlich handelt es sich um einen Aufstand der von den Eliten verachteten und ausgepl\u00fcnderten Mittelschicht, der Buckelkrummmacher und Steuerzahler, gegen das globalistische Establishment, f\u00fcr welches der Schwab-Vertraute (<a href=\"https:\/\/www.freiburg-schwarzwald.de\/blog\/global\/globalisierung\/wef\/\">WEF<\/a>) und Young Global Leader Trudeau wie kaum ein zweiter steht.<br \/>\n&#8230; Alles vom 31.1.2022 bitte lesen auf<br \/>\n<a href=\"https:\/\/www.klonovsky.de\/2022\/01\/gibt-hier-einer-fersengeld\/\">https:\/\/www.klonovsky.de\/2022\/01\/gibt-hier-einer-fersengeld\/<\/a><\/p>\n","protected":false},"excerpt":{"rendered":"<p>Home &gt;Global\u00a0&gt;Partnerschaft\u00a0 &gt;USA &gt;Kanada Listenauswahl eines Beitrags: Bitte anklicken oder runterscrollen Kanadas Kantholz: Pierre Poilievren Chef der Konservativen (31.1.2025) Neue Premierministerin von Alberta: Wir sind Menschen, keine QR-Codes (26.11.2022) Kanada Corona Entschuldigung\u00a0(30.10.2022) Kanada und Paypal zeigen, wie die totalit\u00e4re Zukunft &hellip; <a href=\"https:\/\/www.freiburg-schwarzwald.de\/blog\/global\/kanada\/\">Weiterlesen <span class=\"meta-nav\">&rarr;<\/span><\/a><\/p>\n","protected":false},"author":2,"featured_media":0,"parent":27,"menu_order":0,"comment_status":"closed","ping_status":"closed","template":"","meta":{"footnotes":""},"class_list":["post-98149","page","type-page","status-publish","hentry"],"_links":{"self":[{"href":"https:\/\/www.freiburg-schwarzwald.de\/blog\/wp-json\/wp\/v2\/pages\/98149","targetHints":{"allow":["GET"]}}],"collection":[{"href":"https:\/\/www.freiburg-schwarzwald.de\/blog\/wp-json\/wp\/v2\/pages"}],"about":[{"href":"https:\/\/www.freiburg-schwarzwald.de\/blog\/wp-json\/wp\/v2\/types\/page"}],"author":[{"embeddable":true,"href":"https:\/\/www.freiburg-schwarzwald.de\/blog\/wp-json\/wp\/v2\/users\/2"}],"replies":[{"embeddable":true,"href":"https:\/\/www.freiburg-schwarzwald.de\/blog\/wp-json\/wp\/v2\/comments?post=98149"}],"version-history":[{"count":5,"href":"https:\/\/www.freiburg-schwarzwald.de\/blog\/wp-json\/wp\/v2\/pages\/98149\/revisions"}],"predecessor-version":[{"id":130544,"href":"https:\/\/www.freiburg-schwarzwald.de\/blog\/wp-json\/wp\/v2\/pages\/98149\/revisions\/130544"}],"up":[{"embeddable":true,"href":"https:\/\/www.freiburg-schwarzwald.de\/blog\/wp-json\/wp\/v2\/pages\/27"}],"wp:attachment":[{"href":"https:\/\/www.freiburg-schwarzwald.de\/blog\/wp-json\/wp\/v2\/media?parent=98149"}],"curies":[{"name":"wp","href":"https:\/\/api.w.org\/{rel}","templated":true}]}}