{"id":97701,"date":"2022-01-20T13:44:09","date_gmt":"2022-01-20T12:44:09","guid":{"rendered":"https:\/\/www.freiburg-schwarzwald.de\/blog\/?page_id=97701"},"modified":"2026-07-28T15:32:11","modified_gmt":"2026-07-28T13:32:11","slug":"alsace","status":"publish","type":"page","link":"https:\/\/www.freiburg-schwarzwald.de\/blog\/regio\/elsass\/alsace\/","title":{"rendered":"Alsace"},"content":{"rendered":"<p>Home &gt;<a title=\"Regio\" href=\"https:\/\/www.freiburg-schwarzwald.de\/blog\/regio\/\">Regio<\/a> &gt;<a href=\"https:\/\/www.freiburg-schwarzwald.de\/blog\/global\/eu\/\">EU<\/a> &gt;<a title=\"France\" href=\"https:\/\/www.freiburg-schwarzwald.de\/blog\/global\/france\/\">France<\/a>\u00a0&gt;<a href=\"https:\/\/www.freiburg-schwarzwald.de\/blog\/regio\/elsass\/\">Elsass<\/a> &gt;<a href=\"https:\/\/www.freiburg-schwarzwald.de\/blog\/regio\/elsass\/eu-elsass\/\">EU-Elsass<\/a> &gt;Alsace<\/p>\n<div id=\"attachment_1229\" style=\"width: 611px\" class=\"wp-caption alignnone\"><a href=\"https:\/\/www.freiburg-schwarzwald.de\/blog\/wp-content\/uploads\/2012\/03\/stpeter1pan-071222.jpg\"><img loading=\"lazy\" decoding=\"async\" aria-describedby=\"caption-attachment-1229\" class=\"size-full wp-image-1229\" src=\"https:\/\/www.freiburg-schwarzwald.de\/blog\/wp-content\/uploads\/2012\/03\/stpeter1pan-071222.jpg\" alt=\"\" width=\"601\" height=\"189\" srcset=\"https:\/\/www.freiburg-schwarzwald.de\/blog\/wp-content\/uploads\/2012\/03\/stpeter1pan-071222.jpg 601w, https:\/\/www.freiburg-schwarzwald.de\/blog\/wp-content\/uploads\/2012\/03\/stpeter1pan-071222-180x56.jpg 180w\" sizes=\"auto, (max-width: 601px) 100vw, 601px\" \/><\/a><p id=\"caption-attachment-1229\" class=\"wp-caption-text\">Blick nach Westen \u00fcber St.Peter und Rheintal-Nebel zu den Vogesen im Elsass am 22.12.2007 &#8211; Windr\u00e4der Ro\u00dfkopf links<\/p><\/div>\n<p>&nbsp;<\/p>\n<ul>\n<li><em>Listenauswahl eines Beitrags: Bitte\u00a0<span style=\"text-decoration: underline;\">anklicken<\/span>\u00a0oder runterscrollen<\/em><\/li>\n<li><a href=\"https:\/\/www.freiburg-schwarzwald.de\/blog\/global\/france\/francais\/\">Frankreichtag 1.8.2026 ab 15.30 Uhr beim Freiburger Zelt-Musik-Festival ZMF<\/a> (28.7.2026)<\/li>\n<li><a href=\"https:\/\/www.freiburg-schwarzwald.de\/blog\/amitie-francoallemande-rn-afd\/\">Amiti\u00e9 franco-allemande RN-AfD<\/a>\u00a0(20.5.2026)<\/li>\n<li><a href=\"https:\/\/www.freiburg-schwarzwald.de\/blog\/elsass-soll-grand-est-verlassen\/\">Elsass soll Grand Est verlassen?<\/a>\u00a0(8.7.2025)<\/li>\n<li><a href=\"https:\/\/www.freiburg-schwarzwald.de\/blog\/engagement\/buergerinitiativen\/badisch-elsaessische-buergerinitiativen\/\">Marckolsheim-Protest 1975: Dialekt-Bericht im franz\u00f6sischen Fernsehen auf YouTube<\/a>\u00a0(28.4.2025)<\/li>\n<li>Eguisheim bei Colmar am 13.6.2024 (13.6.2024)<\/li>\n<li><a href=\"https:\/\/www.freiburg-schwarzwald.de\/blog\/akw-ler-jean-jacques-rettig-tot\/\">AKW-ler Jean-Jacques Rettig tot<\/a>\u00a0(1.3.2024)<\/li>\n<li><a href=\"https:\/\/www.freiburg-schwarzwald.de\/blog\/regio\/elsass\/elsass-zweisprachig\/\">Warum Els\u00e4sser ihren Dialekt in Sprachkursen reaktivieren<\/a> (27.10.2023)<\/li>\n<li><a href=\"https:\/\/www.freiburg-schwarzwald.de\/blog\/geschichte-des-rheinischen-elsass\/\">Geschichte des rheinischen Elsass<\/a>\u00a0(11.6.2023)<\/li>\n<li><a href=\"https:\/\/www.freiburg-schwarzwald.de\/blog\/amitie-franco-allemande-60\/\">Amiti\u00e9 franco-allemande: 60 Jahre<\/a>\u00a0(20.1.2023)<\/li>\n<li><a href=\"https:\/\/www.freiburg-schwarzwald.de\/blog\/regio\/elsass\/elsass-geschichte\/\">Das Elsass hadert mit dem Gedenken an den Ersten Weltkrieg 11.11.1918<\/a>\u00a0(8.11.2022)<\/li>\n<li><a href=\"https:\/\/www.freiburg-schwarzwald.de\/blog\/regio\/fluss\/rhein\/oberrhein\/\">Els\u00e4sser Gew\u00e4sserexperte: Grundwasser, Mais, Normalit\u00e4t<\/a> (18.8.2022)<\/li>\n<li><a href=\"https:\/\/www.freiburg-schwarzwald.de\/blog\/regio\/fluss\/rhein\/rheinseitenkanal\/\">Warum Deutschland die Wasserkraft des Rheins nicht nutzt<\/a>\u00a0(12.7.2022)<\/li>\n<li>Viele Menschen im Elsass f\u00fcrchten um ihren Wohlstand \u2013 und w\u00e4hlen Rechts (10.6.2022<\/li>\n<li><a href=\"https:\/\/www.freiburg-schwarzwald.de\/blog\/elsass-statt-grand-est-alsexit\/\">Elsass statt Grand-Est \u2013 Alsexit?<\/a>\u00a0(20.1.2022)<\/li>\n<li>Soll Elsass aus Region Grand Est austreten? B\u00fcrgerbefragung (16.1.2022)<\/li>\n<li>Grande consultation citoyenne: votre avis nous int\u00e9resse! (17.12.2021)<\/li>\n<li>Notre plateforme de d\u00e9mocratie participative (7.12.2021)<\/li>\n<li>Elsass-Pr\u00e4sident provoziert Paris (22.7.2021)<\/li>\n<li>FAQ zur Collectivit\u00e9 europ\u00e9enne d\u2019Alsace\u00a0 CeA (12.1.2021)<\/li>\n<li>CEA: Das Elsass ist wieder da! (3.1.2021)<\/li>\n<li><\/li>\n<li><a href=\"https:\/\/www.freiburg-schwarzwald.de\/blog\/vereine\/abcm\/\">ABCM<\/a><\/li>\n<li><a href=\"https:\/\/www.freiburg-schwarzwald.de\/blog\/regio\/elsass\/\">Elsass<\/a><\/li>\n<li><a href=\"https:\/\/www.freiburg-schwarzwald.de\/blog\/regio\/elsass\/elsass-geschichte\/\">Elsass-Geschichte &#8211; Alsace-Histoire<\/a><\/li>\n<li><strong><a href=\"https:\/\/www.freiburg-schwarzwald.de\/elsass.htm\">Elsass<\/a> &gt;Archivseite<\/strong><\/li>\n<li><a href=\"https:\/\/www.freiburg-schwarzwald.de\/blog\/regio\/elsass\/eu-elsass\/\">EU-Elsass<\/a><\/li>\n<li><a href=\"https:\/\/www.freiburg-schwarzwald.de\/blog\/regio\/fluss\/rhein\/oberrhein\/\">Oberrhein<\/a><\/li>\n<li><a href=\"https:\/\/www.freiburg-schwarzwald.de\/blog\/regio\/fluss\/rhein\/rheinseitenkanal\/\">Rheinseitenkanal<\/a><\/li>\n<\/ul>\n<p><strong>Eguisheim bei Colmar am 13.6.2024<\/strong><\/p>\n<p><a href=\"https:\/\/www.freiburg-schwarzwald.de\/blog\/wp-content\/uploads\/2024\/07\/elsass-eguisheim-gasse13062024.jpg\"><img loading=\"lazy\" decoding=\"async\" class=\"alignnone size-thumbnail wp-image-125134\" src=\"https:\/\/www.freiburg-schwarzwald.de\/blog\/wp-content\/uploads\/2024\/07\/elsass-eguisheim-gasse13062024-135x180.jpg\" alt=\"\" width=\"135\" height=\"180\" srcset=\"https:\/\/www.freiburg-schwarzwald.de\/blog\/wp-content\/uploads\/2024\/07\/elsass-eguisheim-gasse13062024-135x180.jpg 135w, https:\/\/www.freiburg-schwarzwald.de\/blog\/wp-content\/uploads\/2024\/07\/elsass-eguisheim-gasse13062024-480x640.jpg 480w, https:\/\/www.freiburg-schwarzwald.de\/blog\/wp-content\/uploads\/2024\/07\/elsass-eguisheim-gasse13062024.jpg 600w\" sizes=\"auto, (max-width: 135px) 100vw, 135px\" \/><\/a>\u00a0 \u00a0 \u00a0 \u00a0 \u00a0 \u00a0 \u00a0 \u00a0 \u00a0 \u00a0 \u00a0 <a href=\"https:\/\/www.freiburg-schwarzwald.de\/blog\/wp-content\/uploads\/2024\/07\/elsass-eguisheim-gugelhupf13062024.jpg\"><img loading=\"lazy\" decoding=\"async\" class=\"alignnone size-thumbnail wp-image-125135\" src=\"https:\/\/www.freiburg-schwarzwald.de\/blog\/wp-content\/uploads\/2024\/07\/elsass-eguisheim-gugelhupf13062024-180x135.jpg\" alt=\"\" width=\"180\" height=\"135\" srcset=\"https:\/\/www.freiburg-schwarzwald.de\/blog\/wp-content\/uploads\/2024\/07\/elsass-eguisheim-gugelhupf13062024-180x135.jpg 180w, https:\/\/www.freiburg-schwarzwald.de\/blog\/wp-content\/uploads\/2024\/07\/elsass-eguisheim-gugelhupf13062024-640x480.jpg 640w, https:\/\/www.freiburg-schwarzwald.de\/blog\/wp-content\/uploads\/2024\/07\/elsass-eguisheim-gugelhupf13062024-768x576.jpg 768w, https:\/\/www.freiburg-schwarzwald.de\/blog\/wp-content\/uploads\/2024\/07\/elsass-eguisheim-gugelhupf13062024.jpg 800w\" sizes=\"auto, (max-width: 180px) 100vw, 180px\" \/><\/a><\/p>\n<p><a href=\"https:\/\/www.freiburg-schwarzwald.de\/blog\/wp-content\/uploads\/2024\/07\/elsass-eguisheim-schmaleshaus13062024.jpg\"><img loading=\"lazy\" decoding=\"async\" class=\"alignnone size-thumbnail wp-image-125136\" src=\"https:\/\/www.freiburg-schwarzwald.de\/blog\/wp-content\/uploads\/2024\/07\/elsass-eguisheim-schmaleshaus13062024-180x135.jpg\" alt=\"\" width=\"180\" height=\"135\" srcset=\"https:\/\/www.freiburg-schwarzwald.de\/blog\/wp-content\/uploads\/2024\/07\/elsass-eguisheim-schmaleshaus13062024-180x135.jpg 180w, https:\/\/www.freiburg-schwarzwald.de\/blog\/wp-content\/uploads\/2024\/07\/elsass-eguisheim-schmaleshaus13062024-640x480.jpg 640w, https:\/\/www.freiburg-schwarzwald.de\/blog\/wp-content\/uploads\/2024\/07\/elsass-eguisheim-schmaleshaus13062024-768x576.jpg 768w, https:\/\/www.freiburg-schwarzwald.de\/blog\/wp-content\/uploads\/2024\/07\/elsass-eguisheim-schmaleshaus13062024.jpg 800w\" sizes=\"auto, (max-width: 180px) 100vw, 180px\" \/><\/a>\u00a0 \u00a0 \u00a0 \u00a0 \u00a0 <a href=\"https:\/\/www.freiburg-schwarzwald.de\/blog\/wp-content\/uploads\/2024\/07\/elsass-eguisheim-storch13062024.jpg\"><img loading=\"lazy\" decoding=\"async\" class=\"alignnone size-thumbnail wp-image-125137\" src=\"https:\/\/www.freiburg-schwarzwald.de\/blog\/wp-content\/uploads\/2024\/07\/elsass-eguisheim-storch13062024-180x135.jpg\" alt=\"\" width=\"180\" height=\"135\" srcset=\"https:\/\/www.freiburg-schwarzwald.de\/blog\/wp-content\/uploads\/2024\/07\/elsass-eguisheim-storch13062024-180x135.jpg 180w, https:\/\/www.freiburg-schwarzwald.de\/blog\/wp-content\/uploads\/2024\/07\/elsass-eguisheim-storch13062024-640x480.jpg 640w, https:\/\/www.freiburg-schwarzwald.de\/blog\/wp-content\/uploads\/2024\/07\/elsass-eguisheim-storch13062024-768x576.jpg 768w, https:\/\/www.freiburg-schwarzwald.de\/blog\/wp-content\/uploads\/2024\/07\/elsass-eguisheim-storch13062024.jpg 800w\" sizes=\"auto, (max-width: 180px) 100vw, 180px\" \/><\/a><br \/>\n.<\/p>\n<p><strong>Viele Menschen im Elsass f\u00fcrchten um ihren Wohlstand \u2013 und w\u00e4hlen Rechts<\/strong><br \/>\nBilderbuchhafte Vorg\u00e4rten, niedrige Arbeitslosigkeit, aber: Im l\u00e4ndlichen Elsass stimmen die Menschen vorwiegend f\u00fcr Marine Le Pen. Wie kann das sein? Eine Nahaufnahme vor der Parlamentswahl.<br \/>\nSelbst die Schule hinter dem Rathaus erinnert an Goethes Abstecher nach Sessenheim, anno 1770. Goethes Schw\u00e4rmerei f\u00fcr die Pfarrerstochter hat das Dorf ber\u00fchmt gemacht. Aber das ist lange her. Das Rathaus, die Kirche, die Post und die Goethe-Gedenkst\u00e4tte: Sessenheim sieht aufger\u00e4umt aus und gepflegt. Hier m\u00fcsste es vielen gut gehen. Mehr als die H\u00e4lfte der Wahlberechtigten unter den 2300 Einwohnern stimmten bei der Pr\u00e4sidentschaftswahl Ende April f\u00fcr die Rechtsextreme Marine Le Pen.<br \/>\nWarum? Eine Angestellte in der Konditorei gibt bereitwillig Auskunft. &#8222;Die Leute wollen endlich einen Wechsel&#8220;, sagt Tania Andry. &#8222;Wir ganz normalen Leute haben Angst um unsere Kaufkraft&#8220;, f\u00e4hrt sie fort und gibt im n\u00e4chsten Satz gleich zu: Ja, auch sie habe Le Pen ihre Stimme gegeben. Sie sei \u00fcberzeugt, dass Le Pen mehr als Macron f\u00fcr die \u00c4rmeren tun w\u00fcrde. &#8222;Leute wie wir haben es einfach satt.&#8220; Sie sei keineswegs rassistisch. Doch immer, wenn sie im Fernsehen Berichte sehe \u00fcber Drogenhandel und Kriminalit\u00e4t, seien Farbige im Spiel. Der Einwand, dass es Franzosen mit unterschiedlichen Wurzeln gebe, l\u00e4sst die 41-J\u00e4hrige nicht gelten. Sie wisse es ganz sicher, vielen \u00e4lteren Menschen gehe es wie ihr.<br \/>\nDie Parlamentswahl an den beiden bevorstehenden Sonntagen, wenn Pr\u00e4sident Emmanuel Macron sich seine Parlamentsmehrheit f\u00fcr die kommenden f\u00fcnf Jahre sichern will, wird deshalb ohne sie stattfinden. &#8222;Ich habe meistens gew\u00e4hlt. Was hat es gebracht?&#8220;, fragt sie. Sie sei demotiviert. Sie kenne so viele, die von Macron die Nase voll h\u00e4tten. Jetzt sei er doch wieder da. Ihr Misstrauen sitzt tief. Macron ist nicht ihr Pr\u00e4sident. Seine Politik mache er f\u00fcr die Eliten und die Reichen.<br \/>\nWoher kommen die \u00c4ngste vor \u00dcberfremdung dort, wo es kaum Fremde gibt? Woher die Furcht vor dem Verlust des Wohlstandes, wo es der Mehrheit gutgeht? Die H\u00e4userreihen in den D\u00f6rfern des Rheinvorlandes: Gut in Schuss, gestrichen in freundlichen Farben. Die Vorg\u00e4rten, als sei die Rasenkante mit dem Lineal gezogen. Ohne Auto d\u00fcrfte der Alltag zwar schwierig sein. Doch nichts scheint das geregelte Leben hier bislang zu st\u00f6ren. Die Arbeitslosenquote im Dreieck zwischen Haguenau, Wissembourg und dem Rhein z\u00e4hlt mit 5,3 Prozent vor der Pandemie zu den niedrigsten im Elsass. Daf\u00fcr sorgen gleicherma\u00dfen die mittelst\u00e4ndische Wirtschaft in der Region wie der Bedarf an Arbeitskr\u00e4ften jenseits der Grenze. Zehntausende pendeln t\u00e4glich nach Deutschland.<\/p>\n<p>F\u00fcr die stabile wirtschaftliche Lage galten im Elsass lange die Rechtsb\u00fcrgerlichen (Les R\u00e9publicains, kurz LR) als Garant. Neun von 15 Sitzen, die bei der Wahl zur Nationalversammlung f\u00fcr das Elsass zu vergeben sind (577 sind es insgesamt), gingen 2017 an die Kandidaten der R\u00e9publicains. Macron hatte mit seiner R\u00e9publique en marche auf Anhieb sechs Mandate geholt, vor allem in den st\u00e4dtischen Wahlkreisen in Stra\u00dfburg und Mulhouse, die fr\u00fcher sozialistisch w\u00e4hlten. Dort punktete der Ultralinke Jean-Luc M\u00e9lenchon in der ersten Wahlrunde der Pr\u00e4sidentschaftswahl vor wenigen Wochen. In einem B\u00fcndnis mit den zuletzt gl\u00fccklosen Gr\u00fcnen und Sozialisten tritt er nun auch im Elsass an.<br \/>\nDoch mit der Pr\u00e4sidentschaftswahl vom April scheinen die alten politischen Kr\u00e4fte, die gem\u00e4\u00dfigten Lager, endg\u00fcltig ihre Anziehungskraft verloren zu haben. Val\u00e9rie P\u00e9cresse, die Pr\u00e4sidentschaftskandidatin der R\u00e9publicains, verfehlte selbst im Elsass mit vier Prozent ihr Ziel. Auf dem Land, an der Peripherie, dort wo Marine Le Pen bei der Mehrheit so gut ankam, muss sich jetzt zeigen, ob die Menschen dem rechtsb\u00fcrgerlichen Lager, den R\u00e9publicains, noch vertrauen \u2013 oder ob Le Pens Rassemblement National (RN) im Elsass erstmals ein Direktmandat gewinnt. Schlie\u00dflich bekam sie hier in der Stichwahl am 24. April mit 43,5 Prozent mehr Stimmen als im Landesmittel.<br \/>\nDass die b\u00fcrgerlich-konservative Anne Sander (LR) Menschen wie sie vor dem Verlust der Kaufkraft sch\u00fctzen k\u00f6nnte, \u00fcberzeugt Tania Andry jedenfalls nicht. Mit dem Slogan &#8222;Er kenne uff mich zehle&#8220; auf dem Wahlplakat demonstriert Sander, die dem langj\u00e4hrigen Abgeordneten Fr\u00e9d\u00e9ric Reiss (ebenfalls LR) im n\u00f6rdlichen Elsass nachfolgen will, N\u00e4he. Tats\u00e4chlich stammt Sander aus Haguenau, hat in Stra\u00dfburg studiert und promoviert. Als Regionalr\u00e4tin und Europaabgeordnete bringt sie auch noch politische Erfahrung mit. Was Ludwig Knoepffler, Anne Sanders 26-j\u00e4hriger Konkurrent vom RN, bietet, liest sich im Portr\u00e4t der Lokalzeitung unauff\u00e4llig. Das Leben auf dem Land will er erleichtern, die Kaufkraft verteidigen, Steuern auf Energie senken. Lediglich der Vorschlag, er wolle den Grenzverkehr st\u00e4rker kontrollieren, irritiert.<br \/>\nSessenheim ist kein Einzelfall. Roppenheim, Fort-Louis, Dalhunden, Soufflenheim: Die Liste der D\u00f6rfer und St\u00e4dtchen in unmittelbar deutscher Nachbarschaft, in denen viele f\u00fcr Le Pen gestimmt haben, lie\u00dfe sich problemlos erweitern. Statt Sessenheim k\u00f6nnte hier auch Neuf-Brisach, Fessenheim, Nambsheim oder Balgau am s\u00fcdlichen Oberrhein stehen. Die blauen Flecken auf den Wahlkarten, Zeichen daf\u00fcr, dass die Rechtspopulistin in der Stichwahl mehr als die H\u00e4lfte der Stimmen bekam, \u00fcberziehen das Elsass jenseits der St\u00e4dte, in der Ebene wie in den Vogesen. H\u00e4tte das l\u00e4ndliche Elsass das Duell Le Pen\/Macron im April entschieden, w\u00e4re nicht Macron f\u00fcr eine zweite Amtszeit in den Elys\u00e9e-Palast eingezogen. In <a href=\"https:\/\/www.freiburg-schwarzwald.de\/blog\/akw-fessenheim-sicher-ade\/\">Fessenheim<\/a>, wo nach dem Abschalten des Atomkraftwerks ein tiefgreifender Wandel zu bew\u00e4ltigen ist, l\u00e4sst sich die Anziehungskraft des rechten Rands vielleicht nachvollziehen. In den D\u00f6rfern um Sessenheim profitiert die Bev\u00f6lkerung aber mehr als andere von Europa und seinen offenen Grenzen.<\/p>\n<p>Wie soll das weitergehen, wenn Le Pen die enge Zusammenarbeit mit Deutschland aufk\u00fcndigen will?<br \/>\n&#8222;Das Ergebnis der Pr\u00e4sidentschaftswahl beweist, dass Marine Le Pen nicht mehr als extremistisch oder rassistisch wahrgenommen wird&#8220;, stellt der franz\u00f6sische Politikwissenschaftler Luc Rouban fest. Sp\u00e4testens seit der Pr\u00e4sidentschaftswahl 2017 sei es Le Pen erfolgreich gelungen, ins Zentrum der politischen Wahrnehmung zu r\u00fccken. Statt nachvollziehbarer Argumente, statt eines differenzierten politischen Projekts w\u00fcrden Radikale als politische Alternative wahrgenommen. &#8222;Le Pen bringt die Unzufriedenheit einer breiten volkst\u00fcmlichen Schicht gegen die Macht einer b\u00fcrgerlich-liberalen Elite zum Ausdruck&#8220;, lautet Roubans Analyse. Macrons Hauptproblem sieht er deshalb in der sozialen Frage, einem Bereich, den Le Pen l\u00e4ngst besetzt hat.<\/p>\n<p>Am Rande des Nachbardorfes Dalhunden \u2013 Auwald, Wiesen, Ruhe. Das Dorf preist seine Vorz\u00fcge am Ortsschild zurecht als &#8222;Commune nature&#8220; an. Hier haben 62 Prozent bei der Pr\u00e4sidentschaftswahl f\u00fcr Le Pen gestimmt. &#8222;Uns Franzosen kann man es wahrscheinlich niemals recht machen&#8220;, spekuliert Jeannot Himmel auf dem Boules-Platz. Himmel, 62, pendelt als Grenzg\u00e4nger seit 25 Jahren ins badische B\u00fchl. Viele seien irgendwie unzufrieden nach zwei Jahren Pandemie. &#8222;Wer Sozialhilfe bezieht, hat fast soviel wie die Leute mit geringen L\u00f6hnen in der Tasche. Das m\u00f6gen sie nicht&#8220;, sagt Himmels Schwager Jacky Matter. Manche k\u00f6nnten kaum leben von ihrer Rente. &#8222;Mit ihrer Stimme f\u00fcr Marine Le Pen haben sie die Politik abgestraft&#8220;, sagt Matter, der seit kurzem im Ruhestand ist. Er habe in der ersten Wahlrunde Val\u00e9rie P\u00e9cresse (LR) gew\u00e4hlt. Eine neue Politik, nachdem sich Konservative und Sozialisten f\u00fcr Jahrzehnte an der Spitze abgel\u00f6st h\u00e4tten, f\u00e4nden Himmel und Matter gut.<\/p>\n<p>Es finden sich aber auch Menschen in Dalhunden, die einer Politik jenseits der Radikalen nicht \u00fcberdr\u00fcssig sind. Ein Rentnerpaar bei der Gartenarbeit weicht zun\u00e4chst aus bei der Frage nach den Le-Pen-W\u00e4hlern im Dorf. &#8222;Macron hatte f\u00fcnf schwierige Jahre, erst die Gelbwesten, dann die Pandemie, jetzt der Ukraine-Krieg&#8220;, gibt der Mann zu bedenken. Rechtsextrem zu w\u00e4hlen, sei f\u00fcr die beiden nie in Frage gekommen. Mit der Zeit h\u00e4tten sie gelernt, mit bestimmten Leuten, auch in der Familie, nicht mehr \u00fcber Politik zusprechen. &#8222;Wir wissen, das f\u00fchrt zu nichts&#8220;, sagt die Frau. &#8222;Ich frage mich schon, ob sich die ganz normalen Leute noch mit Politik besch\u00e4ftigen und informieren. Dabei geht es den meisten hier gut. Sehen sie sich um.&#8220;<br \/>\n&#8230; Alles von B\u00e4rbel N\u00fcckles vom 10.6.2022 bitte lesen auf<br \/>\n<a href=\"https:\/\/www.badische-zeitung.de\/viele-menschen-im-elsass-fuerchten-um-ihren-wohlstand-und-waehlen-rechts\">https:\/\/www.badische-zeitung.de\/viele-menschen-im-elsass-fuerchten-um-ihren-wohlstand-und-waehlen-rechts<\/a><\/p>\n<p>&nbsp;<\/p>\n<p><strong>Soll Elsass aus Region Grand Est austreten? B\u00fcrgerbefragung<\/strong><br \/>\n<strong>B\u00fcrgerbefragung: Fr\u00e9d\u00e9ric Bierry k\u00e4mpft f\u00fcr die R\u00fcckkehr zur Region Elsass<\/strong><br \/>\n<em>Regionalpr\u00e4sident Fr\u00e9d\u00e9ric Bierry l\u00e4sst Einheimische zum Austritt des Elsass aus der Region Grand Est befragen. Die Befragung h\u00e4tte zwar keine Entscheidungsmacht, sendet aber deutliche Signale.<br \/>\n<\/em><br \/>\nWir schreiben das Jahr 2022. Ganz Gallien ist in franz\u00f6sischer Hand. Ganz Gallien? Ann\u00e4hernd. Denn im Nordosten der Grande Nation &#8222;ist die H\u00f6lle los&#8220;, wie die nationale Zeitung Le Figaro j\u00fcngst getitelt hat. Denn dort im Elsass k\u00f6nnen die Einwohnerinnen und Einwohner dieser Tage abstimmen, ob das Elsass aus der ungeliebten Region Grand Est aussteigen soll. Regionalpr\u00e4sident Fr\u00e9d\u00e9ric Bierry von der Partei &#8222;Les Republicains&#8220; hofft auf &#8222;mindestens 100 000 Stimmen&#8220; f\u00fcr den &#8222;Alsexit&#8220;, damit die Stimme der Region im Pr\u00e4sidentschaftswahlkampf in Paris auch wirklich geh\u00f6rt wird und Einfluss auf die Kandidaten hat.<\/p>\n<p>Auch Grenzg\u00e4nger k\u00f6nnen ihr Votum per Stimmzettel oder Online-Abstimmung abgeben<br \/>\nAsterix und Obelix waren also gestern, denn die Els\u00e4sser sind die wahren, dickk\u00f6pfigen und Widerstand leistenden Gallier unserer Zeit: Bierrys gro\u00dfe, bis Mitte Februar dauernde B\u00fcrgerbefragung hat zwar keine Entscheidungsmacht, wohl aber eine politische Dimension. Um abzustimmen, muss man nicht im Elsass wohnen und auch kein Franzose sein: Auch Grenzg\u00e4nger, die im Elsass leben, haben vor kurzem die &#8222;Alsexit&#8220;-Brosch\u00fcre Bierrys im Briefkasten vorgefunden und k\u00f6nnen ihr Votum per Stimmzettel oder Online-Abstimmung abgeben. Er wolle &#8222;den B\u00fcrgern das Wort erteilen und eine Region Elsass zur\u00fcckgewinnen&#8220; und &#8222;mehr Einfachheit und B\u00fcrgern\u00e4he&#8220; realisieren, sagt der Politiker im Gespr\u00e4ch.<\/p>\n<p><em>&#8222;Die Stimme der W\u00e4hler soll eine direkte Auswirkung auf die Entscheidungen ihrer Vertreter haben, und nicht nur einmal alle sechs Jahre!&#8220;<\/em><br \/>\n<em>Fr\u00e9d\u00e9ric Bierry<\/em><br \/>\nSein Ziel dabei mutet fast wie die Werbung f\u00fcr den Brexit vor f\u00fcnf Jahren an: Mehr Souver\u00e4nit\u00e4t und &#8222;ein Elsass, das sein Schicksal vollst\u00e4ndig in die eigenen H\u00e4nde nimmt, sich auf lokale Initiativen st\u00fctzt und dem man den n\u00f6tigen Handlungsspielraum und die ausreichenden Mittel gibt, um \u00fcber seine Zukunft zu entscheiden und sie gemeinsam mit allen seinen Einwohnern zu gestalten&#8220;, teilt der Pr\u00e4sident der Region mit. Das Elsass m\u00fcsse bei der demokratischen Erneuerung eine Vorreiterrolle einnehmen, indem es zu neuen Partizipationsmethoden anregt. Dabei denkt Fr\u00e9d\u00e9ric Bierry auch ans Nachbarland Schweiz, wo die Stimme der W\u00e4hler bei Volksabstimmungen f\u00fcrs Parlament rechtlich bindend ist: &#8222;Die Stimme der W\u00e4hler soll eine direkte Auswirkung auf die Entscheidungen ihrer Vertreter haben, und nicht nur einmal alle sechs Jahre!&#8220;<\/p>\n<p><em>In Paris wei\u00df man um Bierrys Pl\u00e4ne aus der Gro\u00dfregion auszusteigen<\/em><br \/>\nF\u00fcr Fr\u00e9d\u00e9ric Bierry ist das Projekt B\u00fcrgerbefragung nicht weniger als eine &#8222;Antwort auf die Krise der Demokratie&#8220;: Wahlen allein seien nicht mehr genug, denn &#8222;wir m\u00fcssen unsere demokratischen Praktiken erneuern und der Demokratie wieder mehr Sauerstoff zuf\u00fchren&#8220;. Die Entscheidung, die Els\u00e4sser zu befragen, sei nicht erst gestern getroffen worden. &#8222;Ich habe diese Befragung nicht aus einer Laune heraus gestartet, sondern bereits am Abend meiner Wahl versprochen, dass ich die Els\u00e4sser befragen werde.&#8220; R\u00fcckenwind habe die Idee zuletzt durch die intensive Auseinandersetzung Ende 2021 bekommen. Bei seiner &#8222;Le Tour d\u2019Alsace en 80 jours&#8220; (In 80 Tagen um das Elsass) habe er &#8222;eine tiefe Sehnsucht nach dem Elsass, nach einer R\u00fcckkehr zur Region Elsass wahrgenommen&#8220;, sagt Bierry, der betont, dass auch in Paris schon Offenheit f\u00fcr eine Aufteilung der Region Grand Est sp\u00fcrbar geworden sei: &#8222;Frankreichs Premierminister Jean Castex hatte sich bei seinem Besuch im Elsass vor knapp einem Jahr \u00fcber die Aufteilung in Gro\u00dfregionen ge\u00e4u\u00dfert&#8220;, blickt Fr\u00e9d\u00e9ric Bierry zur\u00fcck: &#8222;Er (Jean Castex, Anm. d. Red.) benutzte starke Worte: \u2019Ich war nie von diesen Gro\u00dfregionen \u00fcberzeugt.\u2019 Ansonsten wissen die politischen Akteure von dem Wunsch, aus der Region Grand Est auszutreten. Die Gr\u00fcndung der europ\u00e4ischen Gebietsk\u00f6rperschaft Elsass im Januar 2021 ist der erste Schritt im Prozess der R\u00fcckkehr zur Region Elsass.&#8220;<\/p>\n<p><em>Die Region gilt als &#8222;Monstrum der B\u00fcrokratie&#8220;<\/em><br \/>\nDas Ergebnis der B\u00fcrgerbefragung k\u00f6nnte somit vorhersehbar sein: Die knapp zwei Millionen Els\u00e4sser wollen nicht im &#8222;Gro\u00dfen Osten&#8220; (Grand Est) leben, sie haben von Anfang an mehrheitlich gegen die Gebietsreform von 2016 gestimmt, in der das Elsass zusammen mit Lothringen und der Champagne- und Ardennenregion im Norden Frankreichs zu einer neuen Verwaltungseinheit mit rund f\u00fcnf Millionen Einwohnern zusammengefasst wurde. Die Region gilt als &#8222;Monstrum der B\u00fcrokratie&#8220; in den Augen mancher Menschen vor Ort, die zudem ihre Identit\u00e4t von der als anonym empfundenen Gro\u00dfregion bedroht sehen. Dem setzt Fr\u00e9d\u00e9ric Bierry entgegen, dass der Ausstieg aus der Gro\u00dfregion mehr Effizienz mit sich bringen w\u00fcrde: &#8222;Die Els\u00e4sser \u00e4u\u00dfern den Wunsch nach einer Vereinfachung des \u00f6ffentlichen Handelns und nach einer klaren institutionellen Organisation.&#8220; Er habe diesen Wunsch beispielsweise immer wieder im Austausch mit Vereinen, Sportlern und Ehrenamtlichen wahrgenommen: &#8222;Ihr Wunsch ist gro\u00df, wieder eine koh\u00e4rentere Aufteilung zu erhalten und auf els\u00e4ssischer Ebene eine vollst\u00e4ndig kompetente Sportliga zu bilden.&#8220;<\/p>\n<p>Bierry kann eine Menge Dinge aufz\u00e4hlen, die dem Elsass durch den Verlust der Selbst\u00e4ndigkeit fehlen. &#8222;Das Elsass hat heute Folgendes nicht mehr: eine Region, die ihrer Geschichte, ihrer Geografie und ihrer Identit\u00e4t entspricht, Kompetenzen, um effizient f\u00fcr den Alltag der Einwohner zu handeln und Abgeordnete, die n\u00e4her dran sind und leichter mobilisiert werden k\u00f6nnen sowie in der Lage sind, auf alle Themen Ihres t\u00e4glichen Lebens einzuwirken.&#8220; Ihm sei wichtig, &#8222;dass die Steuergelder der Els\u00e4sser in Projekte flie\u00dfen, die sie betreffen&#8220;.<\/p>\n<p><em>Gegenstimmen betonen Sonderrechte, die dem Elsass einger\u00e4umt wurden<\/em><br \/>\nIm zentralistischen Paris beobachtet man diese Ideen und Entwicklungen an der Grenze zu Deutschland nicht nur mit Wohlwollen, und l\u00e4ngst nicht jeder kann die Sache der Els\u00e4sser verstehen: Gerade erst wurden der Grenzregion unter dem Dach einer europ\u00e4ischen Modellregion (&#8222;Collectivit\u00e9 Europ\u00e9enne d\u2019Alsace (CeA)&#8220;) diverse Sonderrechte zum Beispiel bei der Tourismus-, der Bildungs- und der Verkehrspolitik einger\u00e4umt. Dadurch wurde beispielsweise im vergangenen Jahr schon der Weg freigek\u00e4mpft f\u00fcr eine Autobahngeb\u00fchr im Elsass in den kommenden Jahren, die im restlichen Frankreich undenkbar gewesen w\u00e4re. Auch in Nachbar-D\u00e9partements ist man von Bierrys Kampagne nicht sonderlich begeistert. In Lothringen zeigen die Verantwortlichen keinerlei Verst\u00e4ndnis f\u00fcr einen Sonderweg. In den \u00fcbrigen D\u00e9partements reichen die Reaktionen von Skepsis bis zur Ver\u00e4rgerung.<\/p>\n<p>Bierry scheint an dieser Art Politik Gefallen gefunden zu haben. Als Frankreichs Pr\u00e4sident Emmanuel Macron Ende vergangenen Jahres eine Renaissance der Atomkraft ins Spiel brachte, schlug der Pr\u00e4sident des D\u00e9partements-Rates im Bas-Rhin prompt das Elsass als neuen Standort vor. Wenig sp\u00e4ter kam er sogar auf die Idee, das heruntergefahrene AKW Fessenheim wieder in Betrieb zu nehmen.<\/p>\n<p>Kein Bewerber bei der anstehenden Pr\u00e4sidentschaftswahl komme an der Elsass-Frage vorbei, wenn die Bev\u00f6lkerung dort den &#8222;Alsexit&#8220; w\u00e4hlen w\u00fcrde, glaubt der Mitte-Rechts-Politiker in Stra\u00dfburg. Die Region Grand Est sei f\u00fcr die Els\u00e4sser auch nach sechs Jahren &#8222;keine Realit\u00e4t&#8220;, sagte Bierry gegen\u00fcber der Zeitung 20 Minutes. Im Fall eines Austrittsvotums will Bierry alle Pr\u00e4sidentschaftskandidaten auffordern, den Willen der Menschen in der Region zu respektieren.<br \/>\n&#8230; Alles vom 16.1.2022 von Bernd Peters bitte lesen auf<br \/>\n<a href=\"https:\/\/www.badische-zeitung.de\/buergerbefragung-fr-d-ric-bierry-kaempft-fuer-die-rueckkehr-zur-region-elsass--207980108.html\">https:\/\/www.badische-zeitung.de\/buergerbefragung-fr-d-ric-bierry-kaempft-fuer-die-rueckkehr-zur-region-elsass&#8211;207980108.html<\/a><\/p>\n<p>.<\/p>\n<p><strong>Grande consultation citoyenne: votre avis nous int\u00e9resse!<\/strong><br \/>\nDu 20 d\u00e9cembre 2021 au 15 f\u00e9vrier 2022, la Collectivit\u00e9 europ\u00e9enne d&#8217;Alsace lance une grande consultation citoyenne. L&#8217;Alsace doit-elle sortir du Grand-Est pour redevenir une R\u00e9gion \u00e0 part enti\u00e8re? Exprimez-vous d\u00e8s maintenant!<br \/>\n<em>Vom 20.12.2021 bis zum 15.2.2022 f\u00fchrt die europ\u00e4ische Gemeinschaft des Elsa\u00df eine gro\u00dfe B\u00fcrgerbefragung durch. Soll das Elsa\u00df die Region Grand-Est verlassen, um wieder eine eigenst\u00e4ndige Region zu werden? \u00c4u\u00dfern Sie ihre Meinung von jetzt an!<br \/>\n<\/em><br \/>\nQu\u2019est-ce que le retour de la R\u00e9gion Alsace va changer pour vous ?<br \/>\nUn choix qui a du sens :<br \/>\n&#8211; Une r\u00e9gion qui correspond \u00e0 notre histoire, notre g\u00e9ographie et notre identit\u00e9<br \/>\n&#8211; Rapprocher les d\u00e9cisions des habitants<br \/>\n&#8211; Diminuer le nombre d\u2019\u00e9lus, mais des \u00e9lus plus proches et plus facilement mobilisables et en capacit\u00e9 d\u2019agir sur tous les sujets de votre vie quotidienne (plus besoin de chercher le bon interlocuteur),<br \/>\n&#8211; Des \u00e9lus \u00e0 port\u00e9e de conseils et de critiques qui \u00e9coutent vos pr\u00e9occupations<br \/>\nL\u2019assurance que l\u2019argent des imp\u00f4ts des Alsaciens va bien aux projets qui les concernent<\/p>\n<p>Qui simplifie la vie des Alsaciens :<br \/>\n&#8211; Un seul interlocuteur pour toutes vos d\u00e9marches, plus de clart\u00e9<br \/>\n&#8211; Moins de temps perdu et moins de frais de d\u00e9placements (par exemple pour les b\u00e9n\u00e9voles associatifs qui doivent faire des centaines de kilom\u00e8tres dans leurs pratiques sportives ou pour la repr\u00e9sentation de leurs associations)<br \/>\n&#8211; Des services publics \u00e0 c\u00f4t\u00e9 de chez vous (380 sites en Alsace)<br \/>\n&#8211; Moins de dossiers \u00e0 remplir et un seul interlocuteur pour les demandes de subventions<br \/>\n&#8211; Une action publique plus en proximit\u00e9, plus humaine, plus efficace, qui correspond \u00e0 vos besoins, parce que nous vous connaissons et nous vous \u00e9coutons<br \/>\n.. Alles vom 17.12.2021 bitte lesen auf<br \/>\n<a href=\"https:\/\/www.alsace.eu\/actualites\/grande-consultation-citoyenne-votre-avis-nous-interesse\/\">https:\/\/www.alsace.eu\/actualites\/grande-consultation-citoyenne-votre-avis-nous-interesse\/<\/a><\/p>\n<p>&nbsp;<\/p>\n<p><strong>Notre plateforme de d\u00e9mocratie participative<\/strong><br \/>\nL&#8217;Alsace doit-elle sortir du Grand-Est pour redevenir une R\u00e9gion \u00e0 part enti\u00e8re ?<br \/>\n<a href=\"https:\/\/entre-vos-mains.alsace.eu\/processes\/consultation-citoyenne\/f\/32\/\">https:\/\/entre-vos-mains.alsace.eu\/processes\/consultation-citoyenne\/f\/32\/<\/a><br \/>\n.<br \/>\n.<br \/>\n<strong>Elsass-Pr\u00e4sident provoziert Paris<\/strong><br \/>\n<em>Fr\u00e9d\u00e9ric Bierry, konservativer Pr\u00e4sident des Anfang 2021 fusionierten Elsass-D\u00e9partements, fordert mit seinem Ruf nach einem Referendum Paris heraus.<\/em><br \/>\n&#8230;<br \/>\nVerfechter des eigenst\u00e4ndigen Elsass<br \/>\nBierry, 1966 in Stra\u00dfburg geboren und in Schirmeck im Breuschtal (Vall\u00e9e de la Bruche) aufgewachsen, gilt als ehrgeizig und durchsetzungsstark. Bei der Wahl zur CEA, dem fusionierten els\u00e4ssischen D\u00e9partement, hat er eine Mehrheit f\u00fcr die b\u00fcrgerliche Mitte geholt und ist unl\u00e4ngst als ihr Pr\u00e4sident best\u00e4tigt worden. Nach einem Jurastudium in Stra\u00dfburg war Bierry ab 1993 bis 2015 Parlamentarischer Assistent zweier konservativer Abgeordneter der Nationalversammlung. Etwa zeitgleich lernte Bierry auch die Politik von der Basis her kennen: Bis 2015 war er fast 20 Jahre lang B\u00fcrgermeister seiner Heimatstadt Schirmeck, bis er diese \u00c4mter aufgab bei seiner Wahl zum Pr\u00e4sidenten des D\u00e9partementrates Bas-Rhin, der inzwischen in der CEA aufgegangen ist.<br \/>\nDass sich Bierry f\u00fcr die els\u00e4ssische Sache einsetzen w\u00fcrde, dass er sich nach der umstrittenen Regionalreform 2015 als einer der \u00fcberzeugtesten Verfechter eines eigenst\u00e4ndigen Elsass erweisen w\u00fcrde, war zun\u00e4chst nicht abzusehen. Gemeinsam mit Brigitte Klinkert, bis vor einem Jahr noch sein Gegenpart an der Spitze des Haut-Rhin, handelte er jedoch den neuen Status des Elsass als gr\u00f6\u00dferes D\u00e9partement mit Sonderkompetenzen aus.<br \/>\n&#8230; Alles vom 22.7.2021 von B\u00e4rbel N\u00fcckles bitte lesen auf<br \/>\n<a href=\"https:\/\/bnn.de\/nachrichten\/elsass\/elsass-praesident-bierry-referendum-forderung-provokation-paris\">https:\/\/bnn.de\/nachrichten\/elsass\/elsass-praesident-bierry-referendum-forderung-provokation-paris<\/a><\/p>\n<p>.<\/p>\n<p><strong>FAQ zur Collectivit\u00e9 europ\u00e9enne d\u2019Alsace\u00a0 CeA<\/strong><br \/>\nSeit 1. Januar 2021 sind die beiden D\u00e9partements Haut-Rhin und Bas-Rhin in der Collectivit\u00e9 europ\u00e9enne d\u2019Alsace (CeA) zusammengef\u00fchrt. Das bedeutet, dass das Elsass nach der Gebietsreform im Jahr 2015 wieder als Gebietsk\u00f6rperschaft auf der Landkarte erscheint. Die CeA ist Ausdruck des Wunsches der Politik und der Bev\u00f6lkerung in den D\u00e9partements Bas-Rhin und Haut-Rhin nach mehr regionaler Selbstbestimmung. Die Gr\u00fcndung geht mit einer \u00dcbertragung zus\u00e4tzlicher Kompetenzen einher, unter anderem auch im Bereich der grenz\u00fcberschreitenden Zusammenarbeit. Grenz\u00fcberschreitende Projekte und Massnahmen k\u00f6nnten so vermehrt dezentral realisiert werden, die partnerschaftlichen Prozesse vereinfacht und somit der Handlungsspielraum der Dreil\u00e4nderregion erweitert werden.<br \/>\nDieses FAQ zeigt Ihnen auf, wie die CeA entstanden ist, wie sie funktioniert und was der Zusammenschluss f\u00fcr die Nordwestschweiz bedeutet.<br \/>\n.. Alles vom 12.1.2021 bitte lesen auf&#8216;<br \/>\n<a href=\"https:\/\/www.regbas.ch\/de\/aktuell\/news\/faq-zur-collectivite-europeenne-d-alsace-cea\/\">https:\/\/www.regbas.ch\/de\/aktuell\/news\/faq-zur-collectivite-europeenne-d-alsace-cea\/<\/a><\/p>\n<p>.<\/p>\n<p><strong>CEA: Das Elsass ist wieder da!<\/strong><br \/>\n<em>Seit dem 1. Januar gibt es die neue \u201eCollectivit\u00e9 europ\u00e9enne d\u2019Alsace\u201c (CEA) \u2013 und am Samstag, den 2.1.2021 wurde bereits in der konstituierenden Sitzung des Rats der CEA der erste Pr\u00e4sident gew\u00e4hlt \u2013 Fr\u00e9d\u00e9ric Bierry.<\/em><br \/>\nSo richtig hat man in Deutschland nicht mitbekommen, was da gerade im Elsass passiert und weiterhin passieren wird. Doch die Gr\u00fcndung der \u201eCollectivit\u00e9 europ\u00e9enne d\u2019Alsace\u201c, kurz \u201eCEA\u201c, wird enorme Auswirkungen auf die ganze Regio haben, nicht zuletzt auf die grenz\u00fcberschreitende Zusammenarbeit. Aber was genau ist die CEA?<\/p>\n<p>Die franz\u00f6sische Verwaltung ist anders aufgebaut als die deutsche \u2013 vielschichtiger, komplexer, oft schwerf\u00e4lliger. Neben dem immer noch alles dominierenden Zentralstaat gibt es 13 Regionen, die von der Gr\u00f6\u00dfe her mit den Bundesl\u00e4ndern vergleichbar sind (aber nicht \u00fcber die gleichen Kompetenzen wie ein Bundesland verf\u00fcgen), dann kommen die Departements, die wiederum f\u00fcr andere Bereiche zust\u00e4ndig sind, und am Ende kommen noch die lokalen Verwaltungen, die einen gro\u00dfen Einfluss auf das t\u00e4gliche Leben der Menschen haben. Und wo ordnet sich da die neue CEA ein?<\/p>\n<p>Die CEA ist der faktische Zusammenschluss der Departements-Verwaltungen der beiden els\u00e4ssischen Departements Haut-Rhin und Bas-Rhin. Allerdings fusionieren nicht etwa die Departements in ein els\u00e4ssisches \u201eSuper-Departement\u201c, sondern \u201enur\u201c die jeweiligen Verwaltungen. Allerdings sollen dieser neuen Institution keine bestehenden Arbeitspl\u00e4tze in den bisherigen Verwaltungen geopfert werden \u2013 wie das aussehen soll, wird man in der n\u00e4chsten Zeit genauer sehen.<\/p>\n<p>Bei der Auftaktveranstaltung \u00fcbten sich die Vertreter beider Departements in gelebter Harmonie. So verzichtete der Haut-Rhin auf einen eigenen Kandidaten f\u00fcr den Posten des ersten Pr\u00e4sidenten der CEA und so hatte der bisherige Pr\u00e4sident des Departement-Rats des Bas-Rhin, Fr\u00e9d\u00e9ric Bierry, keinen Gegenkandidaten. Das Abstimmungsergebnis (75 der 79 abgegebenen Stimmen entfielen auf Bierry) ist dennoch eine klare Ansage, dass man ab sofort die Zukunft, aber auch die gegenw\u00e4rtigen Probleme, gemeinsam l\u00f6sen will.<\/p>\n<p>Etwas schade war, dass zu diesem auch f\u00fcr Baden-W\u00fcrttemberg und Rheinland-Pfalz so wichtigem Thema kein Vertreter der deutschen Seite anwesend war. Das ist vermutlich darauf zur\u00fcckzuf\u00fchren, dass man auf der deutschen Seite einfach noch nicht verstanden hat, warum die Gr\u00fcndung dieser neuen Verwaltungseinheit f\u00fcr die grenz\u00fcberschreitende Zusammenarbeit so wichtig ist. Auf franz\u00f6sischer Seite war Ministerin Brigitte Klinkert anwesend, aber auch die Abgeordneten Sylvain Waserman, Vincent Thi\u00e9baut, die Pr\u00e4fektin Josianne Chevalier, der Pr\u00e4sident der Region Jean Rottner und (fast) alles, was im politischen Elsass Rang und Namen hat.<br \/>\nceaDer 2. Januar 2021 ist ein historisches Datum, denn seit diesem Datum existiert das Elsass wieder offiziell, nachdem der Name \u201eElsass\u201c im Zuge der verungl\u00fcckten Gebietsreform in der Region \u201eGrand Est\u201c aufgegangen war. Nun gibt es das Elsass wieder, mit einer gemeinsamen Verwaltung beider Departements, einem Haushalt von 2 Milliarden Euro und erweiterten Zust\u00e4ndigkeiten. Mit diesem neuen Instrument kann speziell der grenz\u00fcberschreitenden Zusammenarbeit eine neue Dynamik verliehen werden.<br \/>\n&#8230; Alles vom 3.1.2021 bitte lesen auf <a href=\"http:\/\/eurojournalist.eu\/das-elsass-ist-wieder-da\/\">http:\/\/eurojournalist.eu\/das-elsass-ist-wieder-da\/<\/a><br \/>\n.<\/p>\n<p><a href=\"https:\/\/de.wikipedia.org\/wiki\/Europ%C3%A4ische_Gebietsk%C3%B6rperschaft_Elsass\">https:\/\/de.wikipedia.org\/wiki\/Europ%C3%A4ische_Gebietsk%C3%B6rperschaft_Elsass<\/a><\/p>\n","protected":false},"excerpt":{"rendered":"<p>Home &gt;Regio &gt;EU &gt;France\u00a0&gt;Elsass &gt;EU-Elsass &gt;Alsace &nbsp; Listenauswahl eines Beitrags: Bitte\u00a0anklicken\u00a0oder runterscrollen Frankreichtag 1.8.2026 ab 15.30 Uhr beim Freiburger Zelt-Musik-Festival ZMF (28.7.2026) Amiti\u00e9 franco-allemande RN-AfD\u00a0(20.5.2026) Elsass soll Grand Est verlassen?\u00a0(8.7.2025) Marckolsheim-Protest 1975: Dialekt-Bericht im franz\u00f6sischen Fernsehen auf YouTube\u00a0(28.4.2025) Eguisheim bei &hellip; <a href=\"https:\/\/www.freiburg-schwarzwald.de\/blog\/regio\/elsass\/alsace\/\">Weiterlesen <span class=\"meta-nav\">&rarr;<\/span><\/a><\/p>\n","protected":false},"author":2,"featured_media":0,"parent":2655,"menu_order":0,"comment_status":"closed","ping_status":"closed","template":"","meta":{"footnotes":""},"class_list":["post-97701","page","type-page","status-publish","hentry"],"_links":{"self":[{"href":"https:\/\/www.freiburg-schwarzwald.de\/blog\/wp-json\/wp\/v2\/pages\/97701","targetHints":{"allow":["GET"]}}],"collection":[{"href":"https:\/\/www.freiburg-schwarzwald.de\/blog\/wp-json\/wp\/v2\/pages"}],"about":[{"href":"https:\/\/www.freiburg-schwarzwald.de\/blog\/wp-json\/wp\/v2\/types\/page"}],"author":[{"embeddable":true,"href":"https:\/\/www.freiburg-schwarzwald.de\/blog\/wp-json\/wp\/v2\/users\/2"}],"replies":[{"embeddable":true,"href":"https:\/\/www.freiburg-schwarzwald.de\/blog\/wp-json\/wp\/v2\/comments?post=97701"}],"version-history":[{"count":6,"href":"https:\/\/www.freiburg-schwarzwald.de\/blog\/wp-json\/wp\/v2\/pages\/97701\/revisions"}],"predecessor-version":[{"id":151976,"href":"https:\/\/www.freiburg-schwarzwald.de\/blog\/wp-json\/wp\/v2\/pages\/97701\/revisions\/151976"}],"up":[{"embeddable":true,"href":"https:\/\/www.freiburg-schwarzwald.de\/blog\/wp-json\/wp\/v2\/pages\/2655"}],"wp:attachment":[{"href":"https:\/\/www.freiburg-schwarzwald.de\/blog\/wp-json\/wp\/v2\/media?parent=97701"}],"curies":[{"name":"wp","href":"https:\/\/api.w.org\/{rel}","templated":true}]}}