{"id":97579,"date":"2022-01-17T20:40:41","date_gmt":"2022-01-17T19:40:41","guid":{"rendered":"https:\/\/www.freiburg-schwarzwald.de\/blog\/?page_id=97579"},"modified":"2025-09-01T10:30:24","modified_gmt":"2025-09-01T08:30:24","slug":"corona-nebenwirkungen","status":"publish","type":"page","link":"https:\/\/www.freiburg-schwarzwald.de\/blog\/business\/gesund\/corona-virus\/corona-nebenwirkungen\/","title":{"rendered":"Corona-Nebenwirkungen"},"content":{"rendered":"<p><a href=\"https:\/\/www.freiburg-schwarzwald.de\/blog\">Home<\/a>\u00a0&gt;<a title=\"Business\" href=\"https:\/\/www.freiburg-schwarzwald.de\/blog\/business\">Business<\/a>\u00a0&gt;<a title=\"Gesund\" href=\"https:\/\/www.freiburg-schwarzwald.de\/blog\/business\/gesund\/\">Gesund<\/a>\u00a0&gt;<a title=\"Medizin\" href=\"https:\/\/www.freiburg-schwarzwald.de\/blog\/business\/gesund\/medizin\/\">Medizin<\/a>\u00a0&gt;<a title=\"Corona-Virus\" href=\"https:\/\/www.freiburg-schwarzwald.de\/blog\/business\/gesund\/corona-virus\/\">Corona-Virus<\/a> &gt;Corona-Nebenwirkungen<\/p>\n<div id=\"attachment_97056\" style=\"width: 649px\" class=\"wp-caption alignnone\"><a href=\"https:\/\/www.freiburg-schwarzwald.de\/blog\/wp-content\/uploads\/2021\/12\/schwarzwald-alpen-pan211220-1.jpg\"><img loading=\"lazy\" decoding=\"async\" aria-describedby=\"caption-attachment-97056\" class=\"size-full wp-image-97056\" src=\"https:\/\/www.freiburg-schwarzwald.de\/blog\/wp-content\/uploads\/2021\/12\/schwarzwald-alpen-pan211220-1.jpg\" alt=\"\" width=\"639\" height=\"344\" srcset=\"https:\/\/www.freiburg-schwarzwald.de\/blog\/wp-content\/uploads\/2021\/12\/schwarzwald-alpen-pan211220-1.jpg 639w, https:\/\/www.freiburg-schwarzwald.de\/blog\/wp-content\/uploads\/2021\/12\/schwarzwald-alpen-pan211220-1-180x97.jpg 180w\" sizes=\"auto, (max-width: 639px) 100vw, 639px\" \/><\/a><p id=\"caption-attachment-97056\" class=\"wp-caption-text\">Blick vom Schwarzwald nach S\u00fcden \u00fcber Nebel bis zu den Alpen im Dezember 2021<\/p><\/div>\n<p>&nbsp;<\/p>\n<ul>\n<li><a href=\"https:\/\/www.freiburg-schwarzwald.de\/blog\/business\/gesund\/corona-virus\/corona-wissenschaft\/\">Sucharit Bhakdi verabschiedet sich \u2013 das ist seine Botschaft zum Schluss<\/a>\u00a0(30.8.2025)<\/li>\n<li><a href=\"https:\/\/www.freiburg-schwarzwald.de\/blog\/business\/gesund\/corona-virus\/corona-justiz\/\">Aufruf an alle Corona-Gesch\u00e4digten zur europaweiten Einreichung von Strafanzeigen<\/a>\u00a0(12.1.2024)<\/li>\n<li><a href=\"https:\/\/www.freiburg-schwarzwald.de\/blog\/business\/gesund\/corona-virus\/impf-versprechen\/\">Impfstoff-Vertrag zwischen BioNTech-Pfizer und der EU geleakt<\/a>\u00a0(4.11.2023)<\/li>\n<li>Brandbrief des Freiburger Arztes Dr. Michael Staiger (14.4.2023)<\/li>\n<li><a href=\"https:\/\/www.freiburg-schwarzwald.de\/blog\/corona-nachbetrachtung-20-23\/\">Corona-Nachbetrachtung 20-23<\/a>\u00a0(20.3.2023)<\/li>\n<li><a href=\"https:\/\/www.freiburg-schwarzwald.de\/blog\/gestaendnis-lauterbach-110000\/\">Gest\u00e4ndnis Lauterbach 1:10000<\/a>\u00a0(16.3.2023)<\/li>\n<li>Impfsch\u00e4den: \u201eDer Elefant im Raum ist die Haftung\u201c (25.12.2022)<\/li>\n<li><a href=\"https:\/\/www.freiburg-schwarzwald.de\/blog\/vereine\/berufsverband\/\">Dr. Gunter Frank: Mein Abschied aus der Deutschen Gesellschaft f\u00fcr Allgemeinmedizin<\/a>\u00a0(5.8.2022)<\/li>\n<li><a href=\"https:\/\/www.freiburg-schwarzwald.de\/blog\/business\/gesund\/corona-virus\/corona-kultur\/\">Christian Nagel: Corona-Einbruch im Kulturbereich beenden<\/a>\u00a0(2.7.2022)<\/li>\n<li><a href=\"https:\/\/www.freiburg-schwarzwald.de\/blog\/56-tote-in-schweden-116-in-d\/\">56 Tote in Schweden, 116 in D<\/a>\u00a0(9.5.2022)<\/li>\n<li><a href=\"https:\/\/www.freiburg-schwarzwald.de\/blog\/business\/gesund\/corona-virus\/kollateralschaden\/\">#ploetzlichundunerwartet \u2013 Jung und tot: Warum?<\/a>\u00a0(30.3.2022)<\/li>\n<li>Dr. Gunter Frank: Corona bleibt! Die Freiheit auch? (9.1.2022)<\/li>\n<li><\/li>\n<li><a href=\"https:\/\/www.freiburg-schwarzwald.de\/blog\/business\/gesund\/corona-virus\/corona-kultur\/\">Corona-Kultur<\/a><\/li>\n<li><a href=\"https:\/\/www.freiburg-schwarzwald.de\/blog\/business\/gesund\/corona-virus\/kollateralschaden\/\">Kollateralschaden<\/a><\/li>\n<\/ul>\n<p>\u201eAlte Menschen alleine sterben lassen\u201c \u2013 \u00a0das schlimmste Versagen (Peter Hahne)<br \/>\n27.12.2023,\u00a0<a href=\"https:\/\/t.me\/dreisamtalverbindedich\/3093\"> https:\/\/t.me\/dreisamtalverbindedich\/3093<\/a><br \/>\n========================================================<\/p>\n<p><strong>Brandbrief des Freiburger Arztes Dr. Michael Staiger<\/strong><br \/>\nWaren \u00c4rzte, die etwas auf ihre wirtschaftliche Existenz halten, in den vergangenen Jahren gut beraten, sich beim Thema \u201eCorona-Impfung\u201c tunlichst zur\u00fcckzuhalten, brechen nun immer mehr ihr Schweigen. Zu ihnen geh\u00f6rt auch der Freiburger Orthop\u00e4de und Chirurg Dr. Michael E. Staiger, der sich mit einem offenen Brandbrief an das Deutsche \u00c4rzteblatt gewendet hat und das Leitmedium seines Berufsstandes f\u00fcr dessen \u2013 seiner Ansicht nach \u2013 verharmlosende bis irref\u00fchrende Berichterstattung kritisiert. Aber lesen Sie am besten selbst:<br \/>\n\u201eLiebes \u00c4rzteblatt, nachdem bereits die Mainstream-Jubelpresse und das Staatsfernsehen dar\u00fcber berichten, st\u00fcnde es da nicht auch dem offiziellen deutschen \u00c4rzteorgan gut an, sich auch einmal mit der f\u00fcr Impfungen au\u00dfergew\u00f6hnlich hohen Nebenwirkungsrate mit oftmals letalem Ausgang der experimentellen mRNA-Prophylaxe gegen SARS-CoV-2-Infektion zu besch\u00e4ftigen? Oder hat man sich dazu entschlossen, diesen Problemkomplex unter \u201aLong Covid\u2018 zu subsumieren, nachdem praktisch jeder Mehrfach-gespritzte ein- bis zweimal dennoch an Covid erkrankte?\u201c<br \/>\n&#8230;.<br \/>\nIm zweiten Teil bricht der Freiburger Arzt eine Lanze f\u00fcr die kritischen Geister in seinem Berufsstand: \u201eVielleicht w\u00e4re sogar eine Entschuldigung gegen\u00fcber denjenigen Kollegen und Kolleginnen angebracht, die genau diese Entwicklung seit Jahren vorausgesagt haben und gerade in Ihrer Publikation schweren Vorw\u00fcrfen und Unterstellungen ausgesetzt waren, teils ihre Existenz verloren oder aufgrund ihrer Ma\u00dfnahmenkritik gar staatsanwaltschaftlicher Verfolgung ausgesetzt waren?<br \/>\n&#8230;<br \/>\n<strong>Blick in die Zukunft: Kommt die Klima-Medizin?<\/strong><br \/>\n\u201eAuch dem fl\u00fcchtigen Leser Ihres Periodikums kann es nicht entgangen sein, dass das neueste, durch das medizinische Dorf getriebene Einhorn die sogenannte Klimamedizin darstellt (mit Implementierungen von Professuren \u201af\u00fcr Klimawandel und Gesundheit\u2018 an der Charit\u00e9 in Berlin oder \u201af\u00fcr regionalen Klimawandel und Gesundheit\u2018 an der Uni Augsburg etc., etc.), deren zuk\u00fcnftige alternativlosen Vorschl\u00e4ge (bald Weisungen?) zur Bek\u00e4mpfung des sogenannten menschengemachten Klimawandels, einschlie\u00dflich Forderung nach zum Beispiel CO\u2082-emissionsfreien Arztpraxen und dergleichen, uns zunehmend besch\u00e4ftigen werden.<br \/>\nGegen\u00fcber der \u201aCovid-Impfung\u2018 hat dieses Themenfeld jedoch den unsch\u00e4tzbaren Vorteil der Langfristigkeit: Erst in Jahrzehnten wird man dann nach Ausbleiben des Weltuntergangs auch von diesem toten Pferd mit gro\u00dfen erstaunten Kulleraugen herabsteigen m\u00fcssen, frei nach dem Motto von Louis de Funes: Nein! Doch! Ohhh!\u201c<br \/>\n&#8230; Alles vom 14.4.2023 bitte lesen auf<br \/>\n<a href=\"https:\/\/reitschuster.de\/post\/der-mainstream-erwacht-die-fach-presse-verharrt-im-tiefschlaf\/\">https:\/\/reitschuster.de\/post\/der-mainstream-erwacht-die-fach-presse-verharrt-im-tiefschlaf\/<\/a><\/p>\n<p>&nbsp;<\/p>\n<p><strong>Impfsch\u00e4den: \u201eDer Elefant im Raum ist die Haftung\u201c<\/strong><br \/>\n<strong>Das steckt wirklich hinter dem Daten-Chaos beim PEI<\/strong><br \/>\nViel wurde \u00fcber die Effektivit\u00e4t der mRNA-Produkte diskutiert, die in der EU seit nunmehr zwei Jahren als \u201eImpfstoffe\u201c gegen Corona verkauft werden. Inzwischen ist klar, dass die Frage eines Schutzes vor Weitergabe des und Ansteckung mit dem Virus bei den Zulassungsstudien nie wirklich gestellt worden war. Berichte \u00fcber eine Schutzwirkung von bis zu 100 Prozent beruhten demnach also von Anfang an auf Behauptungen. Ebenso offensichtlich ist das historisch beispiellose Ausma\u00df von Nebenwirkungen, die im zeitlichen und ausdr\u00fccklich auch kausalen Zusammenhang mit dieser \u201eImpfung\u201c immer h\u00e4ufiger auftreten.<br \/>\nDie wirklich spannende Frage dabei ist jedoch jene nach der Haftung f\u00fcr die Folgen von Impfsch\u00e4den. \u00dcber diesen Elefanten im Raum, wie es ein Leser in einer diesbez\u00fcglichen Zuschrift nannte, wurde und wird aber erstaunlich wenig gesprochen.<br \/>\nSp\u00e4testens nach dem Wirbel um die umstrittenen KBV-Daten sowie die j\u00fcngsten Zahlen des Statistischen Bundesamtes zu den Todesursachen im Jahr 2021 muss die Frage nach dieser Haftung mehr denn je gestellt werden.<br \/>\nDies gilt umso mehr aufgrund der Tatsache, dass dem Paul-Ehrlich-Institut (PEI) hierbei eine nicht unwichtige Rolle zukommt \u2013 oder besser gesagt, zukommen sollte. Denn wie mittlerweile bekannt ist, liegen dem PEI so gut wie keine brauchbaren Daten vor, \u00fcber die es laut Paragraf 13 IfSG aber verf\u00fcgen m\u00fcsste. Ob es nun die KBV ist, die die Lieferung dieser Zahlen verweigert oder das PEI das Einfordern dieser Daten verpasst hat, gleicht einer Diskussion um des Kaisers Bart. Fakt ist, dass dem gesetzlichen Auftrag seit zwei Jahren nicht nachgekommen wird und die Frage lautet, warum das so ist.<br \/>\n&#8230;. Alles vom 25.12.2022 bitte lesen auf<br \/>\n<a href=\"https:\/\/reitschuster.de\/post\/impfschaeden-der-elefant-im-raum-ist-die-haftung\/\">https:\/\/reitschuster.de\/post\/impfschaeden-der-elefant-im-raum-ist-die-haftung\/<\/a><\/p>\n<p>Einige Kommentare:<br \/>\nIch habe im Studium den Satz gelernt: &#8222;Wer will was, von wem, warum, woraus?&#8220;. Danach pr\u00fcfen die Juristen die Anspruchsgrundlagen . F\u00fcr jeden Rechtsbegriff gibt es Definitionen, Tatbestandsmerkmale und Auslegungsregeln.<br \/>\nUnd alles \u00e4ndert sich im Zeitablauf. Ein Urteil mu\u00df dem &#8222;Urteil aller gerecht und billig Denkenden&#8220; entsprechen.<br \/>\nBis Ende der 60er wurde Homosexualit\u00e4t strafrechtlich verfolgt, bis 1978 eine Ehe schuldhaft geschieden. Fr\u00fcher hat man Sachbearbeiter einer KZ-Veraltng nicht verfolgt, heute erhebt man gegen 100-j\u00e4hrige Anklage wegen Beihilfe zum Mord.<br \/>\nDie Gerichte , deren Zusammensetzung durch das herrschende System bestimmt wird, werden die Strafverfolgung bis auf ein paar Bauernopfer erfolgreich zu verhindern wissen<br \/>\n25.12.2022, Ost<\/p>\n<p>mRNA was man dazu Wissen muss:<br \/>\nIm Auftrag des Pentagon: Entwicklung der mRNA-Impfstoffe als Teil einer biologischen Kriegsf\u00fchrung<br \/>\nDie Idee, Impfstoffe mit einer v\u00f6llig neuartigen Technologie herzustellen, hat ihren Ursprung in der milit\u00e4rischen Logik der biologischen Kriegsf\u00fchrung. Das US-Milit\u00e4r arbeitete bereits vor \u00fcber zehn Jahren an Schutzmechanismen, die es erst erm\u00f6glichen, in einem Krieg auch Viren und Bakterien einzusetzen. Teil 1<br \/>\nVon Manuela Guter per Tor-Browser auf<br \/>\nQuelle: https:\/\/rtde punkt xyz\/international\/150278-im-auftrag-pentagon-entwicklung-mrna\/<br \/>\nAuszug<br \/>\nDas Schockierendste ist die Tatsache, dass das Projekt im Endstadium eine echte Epidemie ben\u00f6tigte, um zu seiner Zielbestimmung zu gelangen. Denn es fehlte noch das definitiv Entscheidende: die realen Testdaten am Menschen. Wie sollte die Wirksamkeit der mRNA-Impfstoffe gegen ein bestimmtes Virus \u00fcberhaupt nachgewiesen werden, wenn nicht in einer epidemischen Lage? Wie sollten einige zehntausend geimpfte und ungeimpfte Testpersonen miteinander verglichen werden, ohne einer realen Ansteckungsgefahr mit schweren Symptomen im Alltag ausgesetzt zu sein? Wie sollten die Nebenwirkungen im Menschen bekannt werden \u2013 auch wenn man sie heute weitgehend verschweigt?<br \/>\nDas US-Verteidigungsministerium finanzierte schon vor zehn Jahren mit seinen DARPA- und BARDA-Programmen die Erforschung und Entwicklung der synthetischen Biologie als Mittel zur \u201eBio \u2013 Verteidigung\u201c mit Millionenbetr\u00e4gen. Dadurch konnte die mRNA-Technologie, die heute in den Impfstoffen gegen SARS-CoV-2 enthalten ist, anf\u00e4ngliche Hindernisse \u00fcberwinden und ihren heutigen Stand der Entwicklung erreichen<br \/>\nDie Biotech-Firma Pfizer schloss 2013 mit DARPA einen 7,7 Millionen-Vertrag ab.<br \/>\nIm gleichen Jahr verb\u00fcndete sich das Pentagon mit dem erst 2010 gegr\u00fcndeten Biolabor Moderna. Moderna z\u00e4hlte umgehend zu den Nutznie\u00dfern der h\u00f6chsten Zuwendungen aus den milit\u00e4rischen Forschungsprogrammen (urspr\u00fcnglicher Name: modeRNA=modifizierte RNA). Auf einer WebSeite mit der \u00dcberschrift: \u201eDARPA \u2013 F\u00f6rderung von mRNA-Therapien und Impfstoffen f\u00fcr die Bioverteidigung\u201c verdeutlicht Moderna den milit\u00e4rischen Charakter dieser Forschung. Hier berichtet das Unternehmen \u00fcber Millionenbetr\u00e4ge von DARPA und BARDA.<br \/>\nAlles weitere bitte selbst nachlesen.<br \/>\n25.12.2022, B.B.<\/p>\n<p>Der Hauptgrund warum f\u00fcr mich eine Impfung nicht in Frage kam ist einfach: Das Wort Nebenwirkungsfrei!! Ich bin seit fast 20 Jahren chronischer Schmerzpatient, der Liebling jedes Apothekers, und wei\u00df was Nebenwirkungen sind&#8230;und wor\u00fcber \u00fcberhaupt nicht geredet wird&#8230; es auch Wechselwirkungen gibt. Und dann erz\u00e4hlen die, es gibt keine&#8230;ich hab nur gelacht und abgewunken, denn ab da wusste ich, es ist was faul an der Geschichte. Das jetzt rein bezogen auf die Impfung. Die Ma\u00dfnahmen fand ich vorher schon sinnbefreit&#8230;! Mir l\u00e4uft es eiskalt den R\u00fccken runter, wenn ich Videos von Impfgesch\u00e4digten sehe! Doch dann muss ich auch wieder an die Beleidgungen, den Hass, Diffamierungen und das beinahe Berufsverbot meiner Frau denken (konnten wir umschiffen) und ich stelle fest wie meine Empathie mit den leidenden Menschen wieder zur\u00fcckgeht&#8230;f\u00fcr mich ist das erschreckend, weil ich so eigentlich nicht bin oder war. Das ist ein vergleichsweiser kleiner Schaden, aber summiert man das auf alle Ungeimpften und nimmt jetzt noch die Impfsch\u00e4den, Bildungsr\u00fcckstand, Insolvenzen, psychischen Sch\u00e4den von Kindern und Erwachsenen usw usw auf&#8230;.wer soll das bezahlen? Klar, der Steuerzahler und auch die langfristigen Sch\u00e4den darf er tragen&#8230;aber gutmachen und ungeschehen&#8230;und jetzt wollen alle schnellst m\u00f6glich ihre H\u00e4nde in Unschuld waschen&#8230;und wir werden sie davonkommen lassen&#8230;<br \/>\n25.12.2022, C.Z.<\/p>\n<p>Nachdem gro\u00dfe Lebensversicherer bei Tod, der nachweislich durch die Impfung ausgel\u00f6st wurde, die Leistung verweigern weil sie diesen als Selbstmord einstufen und vor Gericht damit Recht bekommen hei\u00dft das: Jeder der an diesem Genexperiment teilnimmt ist vollverantwortlich f\u00fcr sein Handel und hat die Konsequenzen zu tragen. Wer dies als sinnvolle Impfung propagiert hat und andere zur Nadel gedr\u00e4ngt hat, ist ein Verbrecher.<br \/>\n25.12.2022, Bad<\/p>\n<p>Niemand wurde gezwungen. Und allen voran die, die es gegen die innere \u00dcberzeugung aus wirtschaftlichen Gr\u00fcnden taten geh\u00f6ren in eine Reihe mit Mauersch\u00fctzen und SS Burschen; denn noch Schlimmer als Ignoranz und blinde Ideologie ist nur Feigheit.<br \/>\n25.12.2022, Feu<\/p>\n<p>&#8222;Warum?&#8220;<br \/>\nWeil PEI und alle zust\u00e4ndigen Stellen genau wussten, was fr\u00fcher oder sp\u00e4ter passieren w\u00fcrde und vorsorglich verhindert haben, dass belastende Daten sp\u00e4ter gegen sie verwendet werden k\u00f6nnen. Alles von langer Hand genauso geplant. Die naiven, gehorsamen und\/oder ver\u00e4ngstigten Menschen sind halt die Gekniffenen.<br \/>\n25.12.2022, SW<\/p>\n<p>Also ich raube in Berlin eine Bank aus, mache dabei richtig Beute &#8211; sagen wir 50 Millionen. Die Flucht vor der Polizei gelingt und auch jede weitere Suche nach dem Bankr\u00e4uber bleibt erfolglos. Dabei schmei\u00dfe ich mit der Kohle nur so rum, lasse mir eine h\u00fcbsche Villa bauen, habe auf einmal ein dickes Auto und nur noch h\u00fcbsche Frauen an meiner Seite. Alle Berliner wissen, dass ich fr\u00fcher eine arme Sau war. \u00dcber ganz Berlin schwebt ein riesiger Elefant. Aber keiner redet dar\u00fcber. Auch nicht der B\u00fcrgermeister, der Polizeipr\u00e4sident, Richter oder Staatsanwalt, mit denen ich \u00fcbrigens \u00f6fter einen saufen gehe. Sind schlie\u00dflich meine besten Freunde.<br \/>\n25.12.2022, D.G.<\/p>\n<p>Sie wollen es wohl nicht begreifen.<br \/>\nWann, abgesehen von der Entnazifizierung, mu\u00dfte sich seit 1945 ein subalterner deutscher Beamter der Bundesrepublik oder der DDR daf\u00fcr verantworten, Anweisungen der Vorgesetzten befolgt zu haben? Es gibt ja nicht mal \u00b4ne ordentliche Amtshaftung. Baut der Staat Mist und verschleudert Milliarden, haftet kein Beamter. Also vergessen sie es. Die bekommen nur Stre\u00df, wenn dieser Staat zusammenbricht. Aber das sehe ich nicht, da besteht auch erstmal keine Gefahr. Gef\u00fchlte 99 % der Politiker, Juristen, Beamten, der Medien, Gewerkschaften, Kirchen, des Gesundheitswesens haben mitgemacht. Wo sollen da die Gerichtsverfahren herkommen? Das System (abwertend im Goebbelschen Sinne gemeint) w\u00fcrde sich ja selbst angreifen wie bei einer Autoimmunerkrankung.<br \/>\n25.12.2022, O20<\/p>\n<p>Von diesen Elefanten gibt es inzwischen so viele, der Erneuerbare-Energien-Elefant, der Schuld-am-Ukraine-Desaster-Elefant, der Fl\u00fcchtlingselefant &#8230;, da weiss man gar nicht mehr wohin man kucken soll um keinen davon zu sehen. Auf jeden Fall ist es eine originelle Methode wie eine Gesellschaft sich zugrunde richten kann: Elefanteninvasion!<br \/>\n25.12.2022, Ale<br \/>\nEnde Kommentare<\/p>\n<p>&nbsp;<\/p>\n<p><strong>Dr. Gunter Frank: Corona bleibt! Die Freiheit auch?<\/strong><br \/>\nBrandrede auf vom 9.1.2022 auf dem Marktplatz in Mannheim:<\/p>\n<p>Die Rede sehen Sie hier auch als Video:<br \/>\n<a href=\"https:\/\/youtu.be\/SGI79bqDvlM\">https:\/\/youtu.be\/SGI79bqDvlM<\/a><\/p>\n<p>Liebe Mitstreiter f\u00fcr Vernunft und Verantwortung, liebe Freunde der Freiheit, liebe Teilnehmer dieser Veranstaltung,<\/p>\n<p>bevor ich beginne, m\u00f6chte ich ganz ausdr\u00fccklich mein Befremden gegen\u00fcber Bundeskanzler Olaf Scholz ausdr\u00fccken, der uns alle hier in seiner ersten Regierungserkl\u00e4rung als extremistische Minderheit bezeichnete, die Wirklichkeit und Wissenschaft verneint und der Gesellschaft ihren Willen aufzwingen will. Doch es ist genau anders herum. Die Regierung verneint den wissenschaftlichen Erkenntnisdiskurs und zwingt uns unter Missachtung des Grundgesetzes die Besch\u00e4digung unserer Freiheit und unserer Gesundheit auf.<\/p>\n<p>Diejenigen, die diese unverantwortliche Coronapolitik, insbesondere die Impfkampagne, zu Recht kritisieren, nennt Herr Scholz Extremisten, er meint also uns. Was er dabei vergisst, ist die Tatsache, dass derzeit ca. 12 Millionen B\u00fcrger \u00e4lter als 18 Jahre noch nicht geimpft sind, und dass die meisten davon diese Entscheidung bewusst getroffen haben. Und die meisten auch dabeibleiben werden. Um die 12 Millionen, das sind so viele, wie bei der letzten Bundestagswahl SPD gew\u00e4hlt haben. Olaf Scholz ist also durch eine Minderheit von 12 Millionen Menschen in sein Amt gew\u00e4hlt worden, genauso viele Erwachsene wie die, die nicht geimpft sind. Eine verschwindend geringe Minderheit also? \u2026 Von wegen!<\/p>\n<p>Die Gr\u00fcnde, diese Impfung abzulehnen, liegen auf der Hand. Diese Impfstoffe sind nur bedingt zugelassen, weil die f\u00fcr eine regul\u00e4re Zulassung notwendigen Langzeitbeobachtungen fehlen. Es handelt sich also de facto um ein Experiment. Der Bundeskanzler hat deshalb v\u00f6llig recht, als er in einem unbedachten Moment Impflinge als Versuchskaninchen bezeichnet hat, bei denen es ja gut gelaufen sei. Dazu gleich mehr. Kein Ausrutscher, denn die SPD Vorsitzende Saskia Esken sagte im ZDF in erstaunlicher oder naiver Weise (oder wie soll man es eigentlich nennen?): Der Impfstoff sei sicher \u201ean Milliarden von Menschen getestet, sozusagen in einem gro\u00dfen Feldversuch auf der ganzen Welt\u201c. Man k\u00f6nne sich deshalb, so Esken, \u201edarauf verlassen, abgesehen von kleinen Nebenwirkungen wie Abgeschlagenheit oder zwei, drei Tage Schwierigkeiten, dass man damit gut vorankommt\u201c. Auf diese so kleinen Nebenwirkungen kommen wir gleich zu sprechen.<\/p>\n<p><strong>Auf den unteren Ebenen funktioniert unser Rechtsstaat noch<\/strong><br \/>\nWas sind denn eigentlich die Voraussetzungen daf\u00fcr, dass eine Regierung ihre B\u00fcrger als Versuchskaninchen ansehen darf, mit denen ein gro\u00dfer, unsicherer Feldversuch gestartet werden kann? Der Zauberbegriff, mit dem heute alles erlaubt ist, lautet: Epidemische Lage von nationaler Tragweite. Also eine au\u00dfergew\u00f6hnliche Notlage, welche das Gesundheitssystem \u00fcberlastet und die deshalb die Unterst\u00fctzung durch gesellschaftseinschr\u00e4nkende Ma\u00dfnahmen notwendig macht. Wie stellt man diese drohende \u00dcberlastung fest? Nun hat das Robert Koch-Institut alles, wirklich alles unterlassen, um solide Daten zur Coronainfektion zu ermitteln. Es wird sogar getrickst oder offen get\u00e4uscht, indem beispielsweise sehr viele der als Covidkranke oder -tote Gef\u00fchrten gar nicht wegen Covid im Krankenhaus waren oder gestorben sind. Auch die Daten bez\u00fcglich der Erkrankungszahlen von Ungeimpften wurden von mehreren Bundesl\u00e4ndern gef\u00e4lscht und auf diesem Wege dramatisiert.<\/p>\n<p>Als ich diese Zahlenmanipulationen in einem Beitrag f\u00fcr die \u00bbAchse des Guten\u00ab kritisierte, wurde mein Beitrag von Facebook mit einem Warnhinweis \u00e0 la Fakenews versehen. Dagegen haben wir geklagt und das Amtsgericht Karlsruhe hat Facebook dazu verurteilt, sofort diese Warnhinweise unter Strafandrohung zur\u00fcckzunehmen. Sie sehen, auf den unteren Ebenen funktioniert unser Rechtsstaat noch. Meine Vorw\u00fcrfe wurden inzwischen durch Recherchen der \u00bbWelt\u00ab und der Bildzeitung best\u00e4tigt. Das Vertrauen der Bev\u00f6lkerung hinsichtlich der Glaubw\u00fcrdigkeit des RKI befindet sich im Sinkflug. Dennoch beschlie\u00dft die Regierung weiter auf der Grundlage dieser unn\u00fctzen Daten weiterhin die irrsinnigsten und sch\u00e4dlichsten Ma\u00dfnahmen. Dabei reiht sich dieser Daten-Skandal einfach nur in die lange Reihe weiterer Coronaskandale ein, wie z.B. dem Beatmungsdrama der Maskenmafia. Auf den Skandal mit den verschwundenen Intensivbetten komme ich in dieser Rede noch zur\u00fcck.<\/p>\n<p>Wenn es also keine verl\u00e4sslichen Daten w\u00e4hrend einer Epidemie gibt, dann kann man sie aber sehr genau bewerten in der R\u00fcckschau \u2013 und zwar anhand sogenannter harter Endpunkte. Und das machen wir jetzt. Harte Endpunkte sind die Zahlen, auf die es wirklich ankommt, will man in der Medizin eine Therapie bewerten. Ein Diabetesmedikament ist nicht deswegen erfolgreich, weil es den Blutzucker senkt. Das sp\u00fcren die meisten ja auch gar nicht. Nein erst dann, wenn es Folgesch\u00e4den vermeidet, wie Schlaganf\u00e4lle oder fr\u00fchzeitigen Tod. Harte Endpunkte sind also die Zahlen, die zeigen, wie eine Krankheit und deren Therapie in der Wirklichkeit zu bewerten sind.<\/p>\n<p><strong>Zu keinem Zeitpunkt drohte eine au\u00dfergew\u00f6hnliche medizinische Notlage<\/strong><br \/>\nDie wichtigsten harten Endpunkte der Corona-Epidemie lauten: Sterbezahlen und Krankenhausbelegung. Und nun zum Jahr 2020.<\/p>\n<p>In einer alternden Gesellschaft sterben naturgem\u00e4\u00df jedes Jahr mehr Menschen als im Vorjahr. Dies ber\u00fccksichtigend stehen die Todeszahlen f\u00fcr 2020 in keiner Weise f\u00fcr ein au\u00dfergew\u00f6hnliches Sterbejahr. In keiner Altersgruppe lag 2020 im Sterbegeschehen auf Platz 1 der letzten 10 Jahre. Der Altersmedian der als Covidtote Gez\u00e4hlten betrug 83 Jahre, also oberhalb der Lebenserwartung. 2021 ist \u00e4hnlich zu bewerten, allerdings deutete sich in der zweiten Jahresh\u00e4lfte an, dass wir au\u00dfergew\u00f6hnlich viele j\u00fcngere Todesf\u00e4lle mit unbekannter Todesursache hatten. Auch darauf komme ich noch zu sprechen.<\/p>\n<p>2020 hatten die deutschen Krankenh\u00e4user insgesamt eine Rekordunterbelegung von ca. 68 %, gleiches gilt f\u00fcr die Intensivabteilungen. Der Anteil der Patienten mit COVID-19-Diagnose betrug insgesamt 2 %, auf Intensiv 4 %. All diese Zahlen sind das Ergebnis einer vom Bundesgesundheitsministerium beauftragten Analyse und dort auf der Homepage nachzulesen. Auch f\u00fcr 2021 gilt eine \u00e4hnliche Tendenz. Die Gr\u00fcnde dieser Unterbelegung sind vielf\u00e4ltig, aber diese Zahlen sprechen ganz sicher gegen die Annahme einer au\u00dfergew\u00f6hnlich gef\u00e4hrlichen Seuche. Und \u2013 auch diese geringen Zahlen sind durch Kranke und Tote, die gar nicht schwer an Covid erkrankt waren, noch zu hoch angesetzt.<\/p>\n<p>Es kam zwar 2020 und 2021 zu \u00dcberbelegungen von Krankenh\u00e4usern in einzelnen Regionen, aber auch dies kennen wir gut aus den Wintern der letzten Jahre. Krankenh\u00e4user haben Probleme, aber auf einem ganz anderen Feld, auch darauf komme ich noch zu sprechen. Diese harten Endpunkte zeigen anders als es die pausenlosen, alarmistischen Warnungen der letzten zwei Jahre erwarten lie\u00dfen: Zu keinem Zeitpunkt drohte und bestand eine allgemeine au\u00dfergew\u00f6hnliche medizinische Notlage. Bemerkenswert dabei ist die Tatsache, dass L\u00e4nder ohne strenge Schutzma\u00dfnahmen, wie Schweden oder Florida, bez\u00fcglich des Infektionsgeschehens nicht schlechter dastehen.<\/p>\n<p>Das Bundesverfassungsgericht legitimiert den gr\u00f6\u00dften Angriff auf unsere Grundrechte in der Geschichte der BRD<br \/>\nDamit ist die Grundlage f\u00fcr medizinische wie gesellschaftliche Schutzma\u00dfnahmen au\u00dferhalb der regul\u00e4ren Standardverfahren in keiner Weise gegeben. Das bedeutet auch, und zwar in eindeutiger Weise, dass das Verh\u00e4ltnism\u00e4\u00dfigkeitsgebot, welches dem Au\u00dferkraftsetzen von Grundrechten vorausgehen muss, sofort zu einem Stopp aller Schutzma\u00dfnahmen f\u00fchren m\u00fcsste und auch den neuartigen Covid-Impfstoffen die Zulassung entzogen werden muss, und das zwingend.<\/p>\n<p>Das Bundesverfassungsgericht sieht das anders. Es legitimiert den gr\u00f6\u00dften Angriff auf unsere Grundrechte in der Geschichte der Bundesrepublik Deutschland in einem Schnellverfahren mit dem Hinweis, allein die Annahme einer M\u00f6glichkeit einer \u00dcberlastung reiche dazu aus \u2013 man muss also diese \u00dcberlastung gar nicht mehr objektiv nachweisen, um das Grundgesetz au\u00dfer Kraft zu setzen. Hier stellt sich nun die Frage, welche Bedeutung hat eigentlich der Schutz der Grundrechte vor einer zunehmend dilettantisch wie autorit\u00e4r agierenden Regierung f\u00fcr das Bundesverfassungsgericht noch?<\/p>\n<p>Kommt es seiner ureigensten Aufgabe, uns vor diesen \u00dcbergriffen zu sch\u00fctzen, \u00fcberhaupt noch nach? Oder sch\u00fctzt es vielmehr die Regierung vor den eigenen B\u00fcrgern, die dieses Versagen und diese Anma\u00dfungen nicht mehr akzeptieren wollen? Wer nun argumentiert, die Regierung sei ja gew\u00e4hlt, dem sei gesagt, eine Demokratie ist keine Diktatur der Mehrheit. In einer Demokratie gilt der Grundkonsens in Form einer Verfassung f\u00fcr alle \u2013 ausnahmslos. Wer diesen Grundkonsens gef\u00e4hrdet, der handelt antidemokratisch und gef\u00e4hrdet die Staatsordnung, so wie es unsere Regierungen derzeit praktizieren.<\/p>\n<p><strong>Politiker wie Kretschmann gie\u00dfen \u00d6l ins Feuer der Spaltung<\/strong><br \/>\nHerr Scholz bezeichnet also Menschen, die sich heute f\u00fcr Vernunft und Rechtstaatlichkeit einsetzen, als Extremisten und wenn man diese martialische Polizeipr\u00e4senz hier auf dem Mannheimer Marktplatz sieht, dann scheinen die Beh\u00f6rden es damit ernst zu meinen. Ministerpr\u00e4sident Kretschmann lie\u00df sich sogar dazu hinrei\u00dfen, Demonstranten, die die staatliche Coronapolitik kritisieren, als \u201eAasgeier der Pandemie\u201c zu beschimpfen. Das ist eine totalit\u00e4re Sprache, die den politischen Gegner entmenschlichen will und somit die T\u00fcr aufst\u00f6\u00dft f\u00fcr alle Formen der existentiellen Vernichtung. Sie motiviert Menschen dazu, den inneren Blockwart zu wecken, und zu faschistoiden Stammtischparolen, die an finstere Zeiten erinnern. Solche Politiker gie\u00dfen \u00d6l ins Feuer der bereits vorhandene Spaltung \u2013 oder sollen wir schon sagen \u201eZerrissenheit, der Gesellschaft\u201c?<\/p>\n<p>Doch hier sind keine Aasgeier und keine Extremisten. Hier stehen ganz normale B\u00fcrger, aus allen m\u00f6glichen Berufen, Steuerzahler, Rentner, Studenten und Sch\u00fcler. Ich glaube, wenn man das Vorstrafenregister all der hier Anwesenden einmal zusammenz\u00e4hlt, dann werden wir ziemlich sicher unterhalb des Durchschnitts dieser Stadt liegen.<\/p>\n<p>Und deshalb darf ich Sie, werte Polizisten, direkt ansprechen. Schauen Sie sich doch einmal um, wer hier auf dem Marktplatz steht. Ich mache Ihnen keinen Vorwurf, dass Sie die Vorlagen der Beh\u00f6rden umsetzen m\u00fcssen. Obwohl wir doch alle schon lange wissen, dass das Coronavirus im Freien so gut wie nicht \u00fcbertragen wird. Abstand halten und Masken im Freien sind wissenschaftlich gesehen Humbug. Sie dienen nur dazu, einen Vorwand zu liefern, damit unverh\u00e4ltnism\u00e4\u00dfig hart gegen Regierungskritiker vorgegangen werden kann, wenn diese frische Luft statt China-Chemikalien atmen wollen. Wir wissen auch, dass diese Vorgaben bei anderen, regierungsgenehmen Demonstrationen wesentlich laxer durchgesetzt werden. Doch es ist nicht Ihre Schuld, wenn dieser Unsinn vorgeschrieben und Ihnen befohlen wird, bei Regierungskritikern diese Regeln besonders hart durchzusetzen.<\/p>\n<p>\u00bbEs bestehen erhebliche Unsicherheiten \u00fcber die Wirksamkeit der Covid-Impfstoffe\u00ab<br \/>\nWir bitten Sie aber um eines: Folgen Sie nicht der ausgrenzenden Taktik der Politik, die uns entmenschlichen will. Vielmehr haben wir Respekt auch von Ihrer Seite verdient. Denn wir setzen uns hier ein auch f\u00fcr Ihre Gesundheit und die Gesundheit Ihrer Kinder und Ihrer Enkel. Und damit sind wir nun beim Thema Impfpflicht.<\/p>\n<p>Ich zitiere aus dem British Medical Journal den wohl renommiertesten Wissenschaftler im Bereich der evidenzbasierten Medizin, dem Fachgebiet, in dem es um den korrekten Umgang mit Studienwissen geht, Peter G\u00f8tzsche. Ein Gigant der Epidemiologie im Vergleich zu Lauterbach, Drosten und Co.<\/p>\n<p>Peter G\u00f8tzsche lehnt die Impfpflicht entschieden ab und schreibt:<br \/>\n\u201eEs bestehen erhebliche Unsicherheiten \u00fcber die Wirksamkeit der Covid-Impfstoffe, einige schwerwiegende Kurzzeitkomplikationen und fehlende Daten zu Langzeitsch\u00e4den. In dieser Situation ist es zwingend erforderlich, dass die Menschen in der Lage sind, eine vollst\u00e4ndig informierte Entscheidung dar\u00fcber zu treffen, ob sie den Impfstoff erhalten m\u00f6chten oder nicht.\u201c<\/p>\n<p>\u201eBei jungen Altersgruppen, bei denen die Covid-bedingte Morbidit\u00e4t und Mortalit\u00e4t gering ist, und bei denen, die bereits eine COVID-19-Infektion hatten und ein langj\u00e4hriges immunologisches Ged\u00e4chtnis zu haben scheinen, \u00fcberwiegen die Sch\u00e4den einer Impfung mit ziemlicher Sicherheit den Nutzen f\u00fcr den Einzelnen, und das Ziel, die \u00dcbertragung auf andere Personen mit h\u00f6herem Risiko zu reduzieren, wurde nicht sicher nachgewiesen.\u201c<\/p>\n<p>\u00bbVon den gemeldeten Zwischenf\u00e4llen endeten 1.450 t\u00f6dlich\u00ab<br \/>\nIn einer weiteren Erkl\u00e4rung von 380 \u00c4rzten, die ich mitgezeichnet habe, initiiert von einem weiteren Experten f\u00fcr evidenzbasierte Medizin, Andreas S\u00f6nnichsen, der ebenfalls bez\u00fcglich Datenkompetenz weit \u00fcber den medial dauerpr\u00e4senten Virologen und Industrielobbyisten anzusiedeln ist, steht Folgendes:<\/p>\n<p>\u201eKein Arzneimittel oder Impfstoff hat seit Bestehen der entsprechenden Datenbanken in so kurzer Zeit so viele Meldungen von schweren, unerw\u00fcnschten Wirkungen und Todesf\u00e4llen erfahren wie die Impfstoffe gegen COVID-19. In seinem Sicherheitsbericht vom 20.9.2021 berichtet das Paul-Ehrlich-Institut von \u00fcber 156.360 Meldungen \u00fcber Zwischenf\u00e4lle im zeitlichen Zusammenhang mit einer Covid-Impfung in Deutschland. Die Dunkelziffer nicht gemeldeter F\u00e4lle ist wahrscheinlich um ein Vielfaches h\u00f6her. Von den gemeldeten Zwischenf\u00e4llen endeten 1.450 t\u00f6dlich, 15.122 (0,015 % aller Impfungen) wurden als schwerwiegend eingestuft (Krankenhausaufnahme erforderlich).<\/p>\n<p>Zu den schwerwiegenden Nebenwirkungen, deren Auftreten mit hoher Wahrscheinlichkeit mit der Impfung zusammenh\u00e4ngt, z\u00e4hlen die Herzmuskel- und Herzbeutelentz\u00fcndung (Myo- und Perikarditis), schwere allergische Reaktionen (Anaphylaxie), Thrombosen (Lungenembolien, Schlaganf\u00e4lle, Herzinfarkte), Mangel an Blutpl\u00e4ttchen (Thrombozytopenie, Blutungen) und Ganzk\u00f6rperl\u00e4hmung (Guillain-Barr\u00e9-Syndrom). Die Sp\u00e4tfolgen der bereits bekannten schwerwiegenden Nebenwirkungen und weitere, noch weitgehend unerforschte negative Effekte wie eine antik\u00f6rperabh\u00e4ngige Verst\u00e4rkung von Entz\u00fcndungsprozessen bei erneuter Infektion (Antibody-dependent-enhancement [ADE]) und die Beg\u00fcnstigung der Entstehung von Immunkomplex- und Autoimmunerkrankungen durch die Nukleosid-modifizierte mRNA der mRNA-Impfstoffe sind wegen der kurzen bisherigen Beobachtungszeiten noch gar nicht absehbar.\u201c<\/p>\n<p>Die Erkl\u00e4rung endet mit dem Fazit:<br \/>\n\u201eDer absolute, individuelle Nutzen der Impfungen gegen COVID-19 ist im Bev\u00f6lkerungsdurchschnitt marginal. Er mag h\u00f6her sein f\u00fcr Menschen mit hohem Risiko f\u00fcr einen schweren COVID-Verlauf. Selbst f\u00fcr diese Menschen bergen die Impfstoffe jedoch noch nicht bekannte Risiken f\u00fcr negative Sp\u00e4tfolgen. Jungen und gesunden Menschen und vor allem gesunden Kindern und Jugendlichen muss von der Impfung abgeraten werden, da die Risiken f\u00fcr schwerwiegende Nebenwirkungen und Sp\u00e4tfolgen den m\u00f6glichen Nutzen bei weitem \u00fcbersteigen.<\/p>\n<p>Die Behauptung, dass durch die Impfung andere Menschen vor COVID-19 gesch\u00fctzt werden, ist in Anbetracht der hohen Anzahl von Erkrankungen bei Geimpften und des fehlenden Unterschieds in der Infektiosit\u00e4t zwischen Geimpften und Ungeimpften nicht stichhaltig und unglaubw\u00fcrdig. Eine Impfung von Genesenen ist weder wissenschaftlich noch infektionsepidemiologisch sinnvoll.\u201c<\/p>\n<p><strong>Alle diese Aussagen sind fachgerecht und solide durch vorhandene Quellen des Wissens, bzw. Nichtwissens belegt.<\/strong><\/p>\n<p>Wie agiert dagegen der neue Bundesgesundheitsminister Karl Lauterbach? Kaum im Amt, f\u00e4hrt er ungeniert fort, sinnlose Panik zu verbreiten, indem er behauptet, in S\u00fcdafrika w\u00fcrden reihenweise Kinder wegen der Omikron-Variante ins Krankenhaus eingewiesen. Er liefert dazu keine Quellen, keine Daten, rein gar nichts. Doch \u00c4rzte in Kinderkrankenh\u00e4usern in S\u00fcdafrika wundern sich, werden sie darauf angesprochen. Dort wurden Kinder, die wegen Blinddarm oder Unf\u00e4llen eingeliefert wurden, auf Omikron getestet und waren teilweise positiv. Aber stets mit Symptomen maximal denen eines leichten Infektes.<\/p>\n<p>Karl Lauterbach beweist, dass er auch als Minister gewillt ist, die Bev\u00f6lkerung weiter in die Irre zu f\u00fchren<br \/>\nOmikron ist eine harmlose Corona-Mutation, mit dem Potential einer milden Grippewelle, und f\u00fchrt deshalb zu einer noch ungef\u00e4hrlicheren, gesellschaftlichen Immunisierung, mit noch weiter reduziertem Gefahrenpotential dieser Corona-Epidemie, die ja schon in ihrer ersten Version keine Killerseuche war. Alles bekannt als der normale Verlauf einer sogenannten Tardiv-Epidemie, die irgendwann endemisch wird, also jede gesellschaftliche Krankheitsbedeutung verliert. All das verschweigt Karl Lauterbach und beweist dadurch, dass er auch als Minister gewillt ist, mit hingeschluderten Falschbehauptungen und Panikmache die Bev\u00f6lkerung weiter in die Irre zu f\u00fchren.<\/p>\n<p>Es gibt inzwischen sehr viele Initiativen, Erkl\u00e4rungen oder offene Briefe, gezeichnet von tausenden \u00c4rzten, die mit tausendmal besseren Argumenten die katastrophale Coronapolitik, besonders den Impfzwang, ablehnen. Sind das auch alles Extremisten, Herr Scholz? In den USA wird die Impfpflicht vielerorts deshalb zur\u00fcckgenommen, weil schon jetzt ein Exodus von Pflegekr\u00e4ften und \u00c4rzten begonnen hat, die lieber k\u00fcndigen, als sich diesem staatlich verordneten Russisch Roulette zu unterwerfen.<\/p>\n<p>Kommen wir nun auf die m\u00f6gliche Schadens-Dimension der Impfung zu sprechen. Forscher der Columbia Universit\u00e4t schreiben mit guten Argumenten und belastbaren Quellen, dass die Vergangenheit gezeigt hat, dass Meldesysteme, wie das des Paul-Ehrlich-Instituts, die tats\u00e4chliche Zahl von Impf-Nebenwirkungen stark untersch\u00e4tzen. Sie gehen deshalb davon aus, dass die gemeldeten Nebenwirkungen in Europa und den USA in Wirklichkeit um den Faktor 20 h\u00f6her liegen. Das bedeutet eine horrende Zahl an Todesf\u00e4llen und schweren Nebenwirkungen. Wie auch Peter G\u00f8tzsche im British Medical Journal argumentiert, werden viele Nebenwirkungen und Todesf\u00e4lle erst \u00fcber einen l\u00e4ngeren Zeitraum hin erkennbar werden.<\/p>\n<p>Die \u00c4rzteschaft scheint paralysiert und nicht f\u00e4hig, solide zu agieren<br \/>\nIch frage mich, inwieweit man diese Sch\u00e4tzungen f\u00fcr \u00fcbertrieben oder realistisch halten soll? Fest steht, dass keine soliden Anstrengungen unternommen werden, Impfnebenwirkungen vorbehaltlos zu dokumentieren. Alarmierend sind f\u00fcr mich pers\u00f6nlich als praktischer Arzt die vielf\u00e4ltigen, anekdotischen Berichte in meiner Sprechstunde, von Chefarztsekret\u00e4rinnen bis hin zu Pflegern von Notaufnahmen, die von vielen schweren Erkrankungsf\u00e4llen nach Impfung berichten, auch bei ihren Kollegen, die jedoch von Klinik\u00e4rzten allermeist als Nebenwirkung strikt negiert werden.<\/p>\n<p>Auch frage ich mich, was hinter dem derzeitigen Anstieg der Nicht-Covid-Todeszahlen steckt. Ein Bestatter sagte mir, darauf angesprochen, dass er kaum Covid-Tote in letzter Zeit beerdigt habe, aber noch nie so viele 50-J\u00e4hrige mit unklarer Todesursache. Eine Kollegin von ihm sehe das genauso. Er w\u00fcrde sich deswegen erst einmal nicht boostern lassen.<\/p>\n<p>Die \u00c4rzteschaft, besonders in den Kliniken, scheint hingegen paralysiert und nicht f\u00e4hig, solide zu agieren. Zweifel an der Impfsicherheit scheinen \u00e4hnlich wie Zweifel an der Jungfrauengeburt Mariens auf dem Index der Inquisition zu stehen. Und das im Jahr 2021.<br \/>\nDoch all diese Anzeichen lassen folgende Aussage zu: Ich halte es f\u00fcr denkbar, dass wir derzeit die gr\u00f6\u00dfte historische medizinische Fehlleistung erleben, weit gr\u00f6\u00dfer als das eh schon schlimme Beatmungsdrama w\u00e4hrend der Coronakrise. In dieser Situation eine Impflicht zu beschlie\u00dfen, ist gr\u00f6\u00dfter gesellschaftlicher Sprengstoff. Ganz im Gegensatz zu Bundeskanzler Scholz reden wir nicht \u00fcber eine Minderheit, die dies betrifft.<\/p>\n<p>\u00bbSind dies alles Aasgeier, Herr Ministerpr\u00e4sident?\u00ab<br \/>\nWir reden von 12 Millionen \u00fcber 18-J\u00e4hrigen, die die Impfung ablehnen, und die meisten davon werden ungeimpft bleiben, da die Hiobsbotschaften bzgl. Impfsch\u00e4den zunehmen werden. Und diese Scholz\u2019sche Minderheit wird wachsen, weil immer weniger Menschen sich boostern lassen werden. Was wird dann passieren? Was wird passieren, wenn diese Politik sogar vor der Ausgrenzung ungeimpfter Kinder nicht Halt macht oder gar auch f\u00fcr sie eine Impfpflicht einf\u00fchrt?<\/p>\n<p>Sind diese Menschen, die sich hochgradig berechtigt Sorgen machen, alles Extremisten, Herr Bundeskanzler? Sind dies alles Aasgeier, Herr Ministerpr\u00e4sident? Kann es sein, dass Sie es sind, die sich beide komplett von der Wirklichkeit entfernt haben, in der selbstbewusste B\u00fcrger f\u00fcr ihre Rechte und ihre k\u00f6rperliche wie psychische Unversehrtheit eintreten, die Sie in unfassbar unverantwortlicher Weise gef\u00e4hrden wollen? Wie weit wollen Sie die Spaltung eigentlich noch anheizen?<\/p>\n<p>Oder wollen Sie vielleicht von etwas anderem ablenken?<br \/>\nCorona \u2013 Angst. Was mit unserer Psyche geschieht.&#8220; Denn was wir medizinisch gerade wirklich erleben, ist eine Krankenhauskrise. Verursacht von einem eklatant vernachl\u00e4ssigten Pflegekraftmangel. Die Gesundheitspolitik ist seit Jahrzehnten gewarnt, dass sich die Pflegesituation immer weiter versch\u00e4rfen wird. Wir sind eine alternde Gesellschaft, immer mehr Menschen werden \u00fcber 80, immer mehr Menschen sterben nicht mehr an ihren Grunderkrankungen, die man immer besser behandeln kann, sondern am Ende an einem altersschwachen Immunsystem, welches einen, f\u00fcr die meisten ungef\u00e4hrlichen Infekt, nicht mehr abwehren kann. Das ist nicht einmal eine schlechte Nachricht, denn das bedeutet, wir werden immer \u00e4lter und sterben am Ende eines langen Lebens im Prinzip an Altersschw\u00e4che.<\/p>\n<p><strong>Corona ist eine Infektionserkrankung, aber in keiner Weise eine Killerseuche<\/strong><br \/>\nAber wir sind als Gesellschaft darauf katastrophal schlecht vorbereitet. W\u00e4hrend die Politik in den letzten Jahren vor allen Dingen die Privatisierung des Gesundheitsbereichs vorangetrieben hat, eine Privatisierung, die stets darauf hinausl\u00e4uft, Personal einzusparen und Sachleistungen billiger einzukaufen, aber die Abrechnungen dennoch in die H\u00f6he zu treiben, haben immer mehr Pflegekr\u00e4fte aus Frust vor schlechten Arbeitsbedingungen und fehlender Anerkennung ihren Beruf verlassen.<\/p>\n<p>Wenn nun die Politik behauptet, dass die Krankenh\u00e4user mit dieser Erkrankung nicht fertig werden, dann liegt das ganz sicher nicht an COVID-19, sondern an dem von ihr verschlafenen Pflegemangel. Auch m\u00fcssen wir die Politik fragen, wie es sein kann, dass sie den Krankenh\u00e4usern 2020 vor allem wegen Leerstandes als Ausgleich 15 Milliarden zahlte, davon 600 Millionen, um Intensivkapazit\u00e4ten auszubauen, aber w\u00e4hrend der Coronakrise \u00fcber 5.000 Intensivbetten aus der Statistik verschwunden sind.<\/p>\n<p>Auch dies eines der zahlreichen Zeichen von Politik-Versagen. Und sie setzen immer noch eines drauf. Nachdem man am Anfang der Coronakrise noch Pflegekr\u00e4ften billig applaudiert hat, droht man denjenigen, die die Impfung aus den erw\u00e4hnten Gr\u00fcnden ablehnen, ab 15. M\u00e4rz sogar mit K\u00fcndigung. Wie verr\u00fcckt muss man eigentlich sein, um in dieser Situation des Pflegemangels diesen mit einem unverantwortbaren Impfzwang noch zu versch\u00e4rfen?<\/p>\n<p>Politik und Medien schweigen und stecken bez\u00fcglich der wahren Schadens-Dimension den Kopf in den Sand<br \/>\n\u00dcberhaupt die Schutzma\u00dfnahmen. In diesem Vortrag gehe ich nicht n\u00e4her auf die katastrophalen, gesellschaftlichen Kollateralsch\u00e4den ein. Dabei muss ich als Arzt hier nicht erw\u00e4hnen, dass ich auch schwere Covidf\u00e4lle betreut habe, geimpft oder ungeimpft \u2013 mir ist bewusst, dass diese Krankheit keine Lappalie ist. Sie ist eine Infektionserkrankung, vor der man Respekt haben muss, die aber allen echten Zahlen nach, den aufgef\u00fchrten harten Endpunkten, in keiner Weise eine Killerseuche ist.<\/p>\n<p>Doch was wird passieren, wenn die Menschen aus ihrer Angst aufwachen, die gesundheitlichen, psychischen, beruflichen Verwerfungen dieser Corona-Politik erkennen? Was passiert, wenn sich tats\u00e4chlich 2021 eine echte \u00dcbersterblichkeit herausstellt, vor allem in j\u00fcngeren Jahrg\u00e4ngen? Wenn sich herausstellt, dass viele j\u00fcngere Menschen v\u00f6llig sinnlos an einer Impfung gestorben sind, die die Regierung als harmlos dargestellt hat? Was dann? Politik und Medien schweigen dazu und stecken bez\u00fcglich der wahren Schadens-Dimension weiter den Kopf in den Sand.<\/p>\n<p>Angetrieben von einem Journalismus, bei dem man Information nicht mehr von Politikpropaganda unterscheiden kann, vergreift sich die Regierung immer mehr im Ton einer unfassbar totalit\u00e4ren Hasssprache gegen\u00fcber Ungeimpften, statt der Bev\u00f6lkerung endlich reinen Wein einzuschenken. Will man die Aggression der ma\u00dfnahmenm\u00fcden und ausgelaugten Menschen, denen man die Freiheit durch Impfung versprochen hat, um sie dann gleich wieder zu nehmen, will man die Wut \u00fcber das politische Komplettversagen einfach nur auf die Ungeimpften als klassische S\u00fcndenb\u00f6cke lenken?<\/p>\n<p>SPD und Spiegel agieren genau im Interesse der Bill-und-Melinda-Gates-Stiftung<br \/>\nDoch auch hier: was wird passieren, wenn sich die Menschen in noch viel gr\u00f6\u00dferer Zahl bewusst werden, in welcher Dimension sie get\u00e4uscht worden sind? Was passiert, wenn der Vertrauensverlust in den Staat, den allein die Politik, die Institutionen und die etablierten Medien zu verantworten haben, dann in seiner vollen Dimension erkennbar wird? Wird man dann weiter versuchen, noch mehr Menschen einzukesseln und staatlich zu drangsalieren? Wo bitte sch\u00f6n soll das enden?<\/p>\n<p>Liebe Freunde und Mitstreiter, ich wei\u00df nicht, was hinter all dem wirklich steckt. Ist es ein psychologischer Gruppenwahn, der sich in menschlichen Gesellschaften zyklisch durchsetzt? Der aber stets scheitert und aus dessen Asche vern\u00fcnftig gebliebene Menschen dann wieder etwas Gutes aufbauen d\u00fcrfen? Stehen \u00f6konomische oder andere Fremdinteressen dahinter? Ich habe vor einem Jahr Spekulationen beispielsweise \u00fcber die Beteiligung von Bill Gates zur\u00fcckgewiesen, aber inzwischen sehe ich auch, was inzwischen von seinen Unternehmungen finanziert wird, vom SPD-Parteitag (\u00fcbrigens auch von Pfizer) bis zum Nachrichtenmagazin SPIEGEL.<\/p>\n<p>Beide, sowohl die SPD als auch der SPIEGEL, agieren genau in der Interessenlage der Bill-und-Melinda-Gates-Stiftung, die die Menschheit durch Impfungen retten m\u00f6chte, w\u00e4hrend sich dabei als Nebeneffekt unfassbar hohe Gewinne generieren lassen. Was ist aus der SPD von Friedrich Ebert und Willy Brandt eigentlich geworden? Man kann leider auch sagen, aus der CDU Konrad Adenauers und Ludwig Erhards.<\/p>\n<p><strong>Das L\u00fcgengeb\u00e4ude wackelt bereits gewaltig<\/strong><br \/>\nLetztlich ist alles Spekulation, wir wissen es nicht wirklich. Aber was wir wissen, ist, dass diese Coronapolitik der Gesellschaft wesentlich mehr schadet, als es das Virus je k\u00f6nnte. Dass wir ein Pflegeproblem haben, welches seit Jahren von der Politik str\u00e4flich vernachl\u00e4ssigt wird. Und dass w\u00e4hrend der gesamten Corona-Krise Panik gesch\u00fcrt wurde, wo in Wirklichkeit viel Raum war f\u00fcr kluge L\u00f6sungen. L\u00e4nder wie Schweden oder Florida beweisen es. Sie stehen mit viel milderen Ma\u00dfnahmen insgesamt wesentlich besser da. In Florida wurde die Diskriminierung Ungeimpfter sogar per Gesetz verboten. Doch von all dem erfahren wir offiziell nichts.<\/p>\n<p>Und was wir auch ganz sicher wissen, ist, dass die Impfung mit den neuartigen Covid-Impfungen de facto das gr\u00f6\u00dfte medizinische Menschheitsexperiment ist, welches im Blindflug durchgesetzt wird. Die Zeichen stehen auf Alarm, dass diese Impfung in einer medizinischen, aber auch in einer medialen und vor allem politischen Katastrophe enden wird.<\/p>\n<p>Aber das L\u00fcgengeb\u00e4ude wackelt inzwischen gewaltig. Wir werden es erleben, dass es dieses Jahr einst\u00fcrzt. Und dann will es wieder keiner gewesen sein. Sie werden behaupten, man h\u00e4tte es vorher nicht wissen k\u00f6nnen. Doch das werden wir verhindern. Die Dokumentation der rechtsstaatswidrigen, totalit\u00e4ren, menschenverachtenden, sadistischen \u00c4u\u00dferungen und Taten l\u00e4uft bereits im vollen Gang. Wenn die Merkels, Spahns, S\u00f6ders, Lauterbachs, Scholzens oder Montgomerys und auch Harbarths versuchen sollten, den Mantel des Schweigens \u00fcber ihr Komplettversagen zu legen und einfach weiterzumachen, werden wir ihnen den Spiegel vorhalten \u2013 solange, bis jeder verstanden hat, dass wir mit solchem F\u00fchrungspersonal in keine demokratische, rechtsstaatliche Zukunft gehen werden.<\/p>\n<p><strong>Wir m\u00fcssen zur\u00fcckfinden zu einer demokratischen Kultur<\/strong><br \/>\nUnd an die Adresse der Polizei: Es wird auch untersucht werden, wer die \u00fcbergriffigen und unverh\u00e4ltnism\u00e4\u00dfigen Einsatzbefehle gegeben hat, mit denen Polizeibeamte gegen ganz normale B\u00fcrger aufgehetzt wurden. Das Vertrauen in die Polizei wird derzeit besch\u00e4digt, aber ein Rechtsstaat, der auf dem Gewaltmonopol der Polizei gr\u00fcndet, braucht dieses Vertrauen wie die Luft zum Atmen. Das Vertrauen in die Polizei muss deshalb wiederhergestellt werden, indem die Verantwortlichen f\u00fcr diese Einsatzbefehle zur Rechenschaft gezogen werden.<\/p>\n<p>Wir m\u00fcssen zur\u00fcckfinden zu einer demokratischen Kultur. Erst dann, wenn wir wieder offen und frei, in gegenseitigem Respekt, in Politik und Medien um die besten Argumente streiten, wird es gelingen, gute L\u00f6sungen f\u00fcr Krisen zu finden und unsere freiheitliche Grundordnung, unsere kreative, mehrwertsichernde Kraft und damit unsere sozialen Errungenschaften zu sichern.<\/p>\n<p>Daf\u00fcr stehen wir hier ein. Auch um zu verhindern, dass die jetzt schon zahlreichen Opfer der Ma\u00dfnahmen \u2013 besonders der Impfung \u2013 nicht noch viel zahlreicher werden. Wir tun dies auf dem festen Boden des Grundgesetzes, das wir f\u00fcr uns in Anspruch nehmen und aus dem ich aus Artikel 1 zitiere:<\/p>\n<p>Die W\u00fcrde des Menschen ist unantastbar. Sie zu achten und zu sch\u00fctzen ist Verpflichtung aller staatlichen Gewalt.<\/p>\n<p>Ich bedanke mich bei allen, die, wie wir heute auf dem Mannheimer Marktplatz, mutig und klar daf\u00fcr eintreten.<\/p>\n<p>Dankesch\u00f6n<br \/>\n<a href=\"https:\/\/www.freiburg-schwarzwald.de\/blog\/angstkommunikation-dr-frank\/\">Dr. Gunter Frank<\/a>, Rede am 9.1.2022 auf dem Mannheimer Marktplatz<br \/>\n.<br \/>\n<em>Dr. med. Gunter Frank, geb. 1963 in Buchen im Odenwald, ist niedergelassener Allgemeinarzt in Heidelberg und Dozent an der Business School St. Gallen. Er ist Autor mehrerer erfolgreicher B\u00fccher wie: Unternehmensressource Gesundheit, Lizenz zum Essen, Die Ma\u00f1ana-Kompetenz, Schlechte Medizin oder zuletzt Karotten lieben Butter. Er engagiert sich in Fachgesellschaften und publizistisch f\u00fcr eine Medizin, die abseits von Ideologien und Wissenschaftsmissbrauch das Wesentliche nicht aus den Augen verliert, den relevanten Nutzen f\u00fcr den Patienten.\u00a0<\/em><br \/>\n<a href=\"http:\/\/www.gunterfrank.de\/\">http:\/\/www.gunterfrank.de\/<\/a>\u00a0.<\/p>\n<p>&nbsp;<\/p>\n","protected":false},"excerpt":{"rendered":"<p>Home\u00a0&gt;Business\u00a0&gt;Gesund\u00a0&gt;Medizin\u00a0&gt;Corona-Virus &gt;Corona-Nebenwirkungen &nbsp; Sucharit Bhakdi verabschiedet sich \u2013 das ist seine Botschaft zum Schluss\u00a0(30.8.2025) Aufruf an alle Corona-Gesch\u00e4digten zur europaweiten Einreichung von Strafanzeigen\u00a0(12.1.2024) Impfstoff-Vertrag zwischen BioNTech-Pfizer und der EU geleakt\u00a0(4.11.2023) Brandbrief des Freiburger Arztes Dr. Michael Staiger (14.4.2023) Corona-Nachbetrachtung 20-23\u00a0(20.3.2023) &hellip; <a href=\"https:\/\/www.freiburg-schwarzwald.de\/blog\/business\/gesund\/corona-virus\/corona-nebenwirkungen\/\">Weiterlesen <span class=\"meta-nav\">&rarr;<\/span><\/a><\/p>\n","protected":false},"author":2,"featured_media":0,"parent":79419,"menu_order":0,"comment_status":"closed","ping_status":"closed","template":"","meta":{"footnotes":""},"class_list":["post-97579","page","type-page","status-publish","hentry"],"_links":{"self":[{"href":"https:\/\/www.freiburg-schwarzwald.de\/blog\/wp-json\/wp\/v2\/pages\/97579","targetHints":{"allow":["GET"]}}],"collection":[{"href":"https:\/\/www.freiburg-schwarzwald.de\/blog\/wp-json\/wp\/v2\/pages"}],"about":[{"href":"https:\/\/www.freiburg-schwarzwald.de\/blog\/wp-json\/wp\/v2\/types\/page"}],"author":[{"embeddable":true,"href":"https:\/\/www.freiburg-schwarzwald.de\/blog\/wp-json\/wp\/v2\/users\/2"}],"replies":[{"embeddable":true,"href":"https:\/\/www.freiburg-schwarzwald.de\/blog\/wp-json\/wp\/v2\/comments?post=97579"}],"version-history":[{"count":6,"href":"https:\/\/www.freiburg-schwarzwald.de\/blog\/wp-json\/wp\/v2\/pages\/97579\/revisions"}],"predecessor-version":[{"id":138648,"href":"https:\/\/www.freiburg-schwarzwald.de\/blog\/wp-json\/wp\/v2\/pages\/97579\/revisions\/138648"}],"up":[{"embeddable":true,"href":"https:\/\/www.freiburg-schwarzwald.de\/blog\/wp-json\/wp\/v2\/pages\/79419"}],"wp:attachment":[{"href":"https:\/\/www.freiburg-schwarzwald.de\/blog\/wp-json\/wp\/v2\/media?parent=97579"}],"curies":[{"name":"wp","href":"https:\/\/api.w.org\/{rel}","templated":true}]}}