{"id":97528,"date":"2022-01-17T13:27:59","date_gmt":"2022-01-17T12:27:59","guid":{"rendered":"https:\/\/www.freiburg-schwarzwald.de\/blog\/?page_id=97528"},"modified":"2026-06-20T08:39:31","modified_gmt":"2026-06-20T06:39:31","slug":"ruthenberg-medien","status":"publish","type":"page","link":"https:\/\/www.freiburg-schwarzwald.de\/blog\/kultur\/medien\/journalismus\/ruthenberg-medien\/","title":{"rendered":"Ruthenberg-Medien"},"content":{"rendered":"<p><a href=\"https:\/\/www.freiburg-schwarzwald.de\/blog\">Home<\/a>\u00a0&gt;<a title=\"Engagement\" href=\"https:\/\/www.freiburg-schwarzwald.de\/blog\/engagement\/\">Engagement<\/a>\u00a0&gt;<a title=\"Zukunft\" href=\"https:\/\/www.freiburg-schwarzwald.de\/blog\/engagement\/zukunft\/\">Zukunft<\/a>\u00a0&gt;<a title=\"Demokratie\" href=\"https:\/\/www.freiburg-schwarzwald.de\/blog\/engagement\/zukunft\/demokratie\/\">Demokratie<\/a> &gt;<a href=\"https:\/\/www.freiburg-schwarzwald.de\/blog\/engagement\/buergerinitiativen\/demos-in-freiburg\/\">Demos-in-Freiburg<\/a> &gt;Ruthenberg-Medien<\/p>\n<div id=\"attachment_97434\" style=\"width: 594px\" class=\"wp-caption alignnone\"><a href=\"https:\/\/www.freiburg-schwarzwald.de\/blog\/wp-content\/uploads\/2022\/01\/Schweigen-SophieScholl20220111pan.jpg\"><img loading=\"lazy\" decoding=\"async\" aria-describedby=\"caption-attachment-97434\" class=\"size-full wp-image-97434\" src=\"https:\/\/www.freiburg-schwarzwald.de\/blog\/wp-content\/uploads\/2022\/01\/Schweigen-SophieScholl20220111pan.jpg\" alt=\"\" width=\"584\" height=\"298\" srcset=\"https:\/\/www.freiburg-schwarzwald.de\/blog\/wp-content\/uploads\/2022\/01\/Schweigen-SophieScholl20220111pan.jpg 584w, https:\/\/www.freiburg-schwarzwald.de\/blog\/wp-content\/uploads\/2022\/01\/Schweigen-SophieScholl20220111pan-180x92.jpg 180w\" sizes=\"auto, (max-width: 584px) 100vw, 584px\" \/><\/a><p id=\"caption-attachment-97434\" class=\"wp-caption-text\">Schweigende Mehrheit &#8211; Sophie Scholl am 11.1.2022<\/p><\/div>\n<ul>\n<li><em>Listenauswahl eines Beitrags: Bitte\u00a0<span style=\"text-decoration: underline;\">anklicken<\/span>\u00a0oder runterscrollen<\/em><\/li>\n<li><a href=\"https:\/\/www.freiburg-schwarzwald.de\/blog\/kultur\/medien\/radio\/kontrafunk\/\">Kontrafunk vier Jahre: Der alternative Mainstream<\/a> (19.6.2026)<\/li>\n<li><a href=\"https:\/\/www.freiburg-schwarzwald.de\/blog\/meine-soehne-geb-ich-nicht-swr\/\">Meine S\u00f6hne geb ich nicht: SWR\u00a0<\/a>(21.10.2025)<\/li>\n<li><a href=\"https:\/\/www.freiburg-schwarzwald.de\/blog\/kultur\/medien\/medienleute\/\">Petition f\u00fcr die vom NDR geschasste Julia Ruhs<\/a>\u00a0(26.9.2025)<\/li>\n<li><a href=\"https:\/\/www.freiburg-schwarzwald.de\/blog\/informiere-dich-medien-taeglich\/\">Informiere Dich: Medien t\u00e4glich<\/a>\u00a0(6.8.2025)<\/li>\n<li>Katharina Schmieder vom SWR als \u201eCritical_Cat\u201c zu X (23.5.2025)<\/li>\n<li><a href=\"https:\/\/www.freiburg-schwarzwald.de\/blog\/kultur\/medien\/fernsehen\/\">Alexander Teske: Inside Tagesschau \u2013 Zwischen Nachrichten und Meinungsmache<\/a>\u00a0(30.1.2025)<\/li>\n<li><a href=\"https:\/\/www.freiburg-schwarzwald.de\/blog\/manifest-meinungsvielfalt-jetzt\/\">\u00d6RR-Manifest Meinungsvielfalt.jetzt<\/a>\u00a0(4.4.2024)<\/li>\n<li><a href=\"https:\/\/www.freiburg-schwarzwald.de\/blog\/kultur\/medien\/medien-unabhaengigkeit\/\">B\u00fcrgerjournalismus: Das Pareto Projekt beginnt<\/a>\u00a0(2.12.2023)<\/li>\n<li><a href=\"https:\/\/www.freiburg-schwarzwald.de\/blog\/100-jahre-radio-wirsindmedien\/\">100 Jahre Radio: WirSindMedien<\/a>\u00a0(31.10.2023)<\/li>\n<li>Drei Journalisten: Aussteigen lohnt sich! (26.8.2023)<\/li>\n<li>Warum ich nicht mehr f\u00fcr Mainstream-Medien arbeite &#8211; Die Abrechnung (30.7.2023)<\/li>\n<li>Medien im Wandel &#8211; Neue Medien (3.3.2023)<\/li>\n<li><a href=\"https:\/\/www.freiburg-schwarzwald.de\/blog\/krone-schmalz-ru-und-ua\/\">Krone-Schmalz: RU und UA<\/a>\u00a0(1.11.2022)<\/li>\n<li><a href=\"https:\/\/www.freiburg-schwarzwald.de\/blog\/mutigmacher-org-oerr-reform\/\">Mutigmacher.org: \u00d6RR-Reform<\/a>\u00a0(6.10.2022)<\/li>\n<li><a href=\"https:\/\/www.freiburg-schwarzwald.de\/blog\/frei-bruederlich-und-gleich-in-d\/\">Frei, br\u00fcderlich und gleich in D<\/a>\u00a0(10.9.2022)<\/li>\n<li><a href=\"https:\/\/www.freiburg-schwarzwald.de\/blog\/kultur\/medien\/oerr\/\">Meinungsvielfalt.jetzt: Mitarbeiter der \u00d6RR \u00e4u\u00dfern sich<\/a> (25.8.2022)<\/li>\n<li>BASIS-Reihe &#8222;Aufgekl\u00e4rt&#8220; &#8211; Leitmedien (19.8.2022)<\/li>\n<li>Martin Ruthenberg: \u201eAufruf an meine Kollegen\u201c f\u00fcr Medienausgewogenheit (13.7.)<\/li>\n<li><a href=\"https:\/\/www.freiburg-schwarzwald.de\/blog\/leuchtturmard-mahnwache\/\">LeuchtturmARD Mahnwache am 14.7.2020 SWR<\/a>\u00a0(11.7.2022)<\/li>\n<li><a href=\"https:\/\/www.freiburg-schwarzwald.de\/blog\/grundrechte-demo-in-freiburg\/\">Grundrechte-Demo in Freiburg<\/a>\u00a0(5.6.2022)<\/li>\n<li><a href=\"https:\/\/www.freiburg-schwarzwald.de\/blog\/kultur\/medien\/meinungsterror\/\">Meinungsvielfalt.jetzt: Journalisten der grossen Sender sind besch\u00e4mt<\/a> (6.5.2022)<\/li>\n<li><a href=\"https:\/\/www.freiburg-schwarzwald.de\/blog\/engagement\/buergerinitiativen\/grundrechte-demo\/\">Offenburg 9.4.2022: Wir zeigen Gesicht f\u00fcr Toleranz, Menschlichkeit<\/a> (12.4.2022)<\/li>\n<li>Frieden ist kein Ziel. Frieden ist der einzig gangbare Weg (5.3.2022)<\/li>\n<li><a href=\"https:\/\/www.freiburg-schwarzwald.de\/blog\/kultur\/medien\/vierte-gewalt\/\">Jugend-Publizistik-Workshop mit Achgut.com und Hayek-Gesellschaft<\/a>\u00a0(21.2.2022)<\/li>\n<li>Schluss mit Einseitigkeit. SWR-Nachrichtensprecher rechnet mit Herdenjournalismus in Corona-Zeiten ab. (25.1.2022)<\/li>\n<li>Sprachbotschaft von Martin Ruthenberg vom 22.1.2022:<br \/>\n(u.a. Telefonat mit Malte Wendt)<\/li>\n<li><a href=\"https:\/\/www.freiburg-schwarzwald.de\/blog\/engagement\/buergerinitiativen\/demos-in-freiburg\/\">Demo am 15.1.2022 f\u00fcr Grundrechte mit \u00fcber 7500 Teilnehmern<\/a>\u00a0 (17.1.2022)<\/li>\n<li>3. Videobotschaft &#8222;Framen wir uns positiv&#8220; von Martin Ruthenberg (16.1.2022)<\/li>\n<li>2. Videobotschaft &#8222;Sympathie-Tr\u00e4ger statt Anipathie-Tr\u00e4ger&#8220; (12.1.2022)<\/li>\n<li><a href=\"https:\/\/www.freiburg-schwarzwald.de\/blog\/martin-ruthenberg-swr-kritik\/\">Martin Ruthenberg &#8211; SWR-Kritik<\/a> (11.1.2022)<\/li>\n<li><a href=\"https:\/\/www.freiburg-schwarzwald.de\/blog\/engagement\/zukunft\/demokratie\/populismus\/populismus-keule\/\">SWR: Vorwurf des Populismus gegen das Portal Freiburg-Schwarzwald.de<\/a>\u00a0(1.10.2018)<\/li>\n<li><\/li>\n<li><a title=\"Berlin-Demo29-8-2020\" href=\"https:\/\/www.freiburg-schwarzwald.de\/blog\/engagement\/zukunft\/demokratie\/berlin-demo29-8-2020\/\">Berlin-Demo29-8-2020<\/a><\/li>\n<li><a title=\"Chemnitz-Messermord26-08-2018\" href=\"https:\/\/www.freiburg-schwarzwald.de\/blog\/engagement\/zukunft\/demokratie\/chemnitz-messermord26-08-2018\/\">Chemnitz-Messermord26-08-2018<\/a><\/li>\n<li><a title=\"Corona-Demo\" href=\"https:\/\/www.freiburg-schwarzwald.de\/blog\/business\/gesund\/corona-virus\/corona-demo\/\">Corona-Demo<\/a><\/li>\n<li><a title=\"Dagegen\" href=\"https:\/\/www.freiburg-schwarzwald.de\/blog\/engagement\/dagegen\/\">Dagegen \u2013 Dagegen-Sein<\/a><\/li>\n<li><a title=\"Demo\" href=\"https:\/\/www.freiburg-schwarzwald.de\/blog\/engagement\/buergerinitiativen\/demo\/\">Demonstration<\/a><\/li>\n<li><a title=\"Demonstrationsrecht\" href=\"https:\/\/www.freiburg-schwarzwald.de\/blog\/engagement\/buergerinitiativen\/demonstrationsrecht\/\">Demonstrationsrecht<\/a><\/li>\n<li><a href=\"https:\/\/www.freiburg-schwarzwald.de\/blog\/engagement\/buergerinitiativen\/demos-in-freiburg\/\">Demos-in-Freiburg<\/a><\/li>\n<li><a href=\"https:\/\/www.freiburg-schwarzwald.de\/blog\/global\/deutschland\/moral2015\/doppelmoral\/\">Doppelmoral<\/a><\/li>\n<li><a href=\"https:\/\/www.freiburg-schwarzwald.de\/blog\/kultur\/medien\/framing\/\">Framing<\/a><\/li>\n<li><a title=\"Gelbwesten\" href=\"https:\/\/www.freiburg-schwarzwald.de\/blog\/global\/eu\/gelbwesten\/\">Gelbwesten<\/a><\/li>\n<li><a href=\"https:\/\/www.freiburg-schwarzwald.de\/blog\/kultur\/medien\/gez-medien\/\">GEZ-Medien<\/a><\/li>\n<li><a href=\"https:\/\/www.freiburg-schwarzwald.de\/blog\/engagement\/buergerinitiativen\/grundrechte-demo\/\">Grundrechte-Demo<\/a><\/li>\n<li><a href=\"https:\/\/www.freiburg-schwarzwald.de\/blog\/kultur\/medien\/journalismus\/haltungsjournalismus\/\">Haltungsjournalismus<\/a><\/li>\n<li><a title=\"Kampf-gegen-Rechts\" href=\"https:\/\/www.freiburg-schwarzwald.de\/blog\/kultur\/medien\/kampf-gegen-rechts\/\">Kampf-gegen-Rechts<\/a><\/li>\n<li><a href=\"https:\/\/www.freiburg-schwarzwald.de\/blog\/business\/gesund\/arzt\/kuelken\/\">Dr. K\u00fclken<\/a><\/li>\n<li><a href=\"https:\/\/www.freiburg-schwarzwald.de\/blog\/kultur\/medien\/medienleute\/\">Medienleute<\/a><\/li>\n<li><a href=\"https:\/\/www.freiburg-schwarzwald.de\/blog\/kultur\/medien\/meinungsfreiheit\/\">Meinungsfreiheit<\/a><\/li>\n<li><a href=\"https:\/\/www.freiburg-schwarzwald.de\/blog\/kultur\/medien\/meinungsterror\/\">Meinungsterror<\/a><\/li>\n<li><a href=\"https:\/\/www.freiburg-schwarzwald.de\/blog\/kultur\/medien\/neue-medien\/\">Neue-Medien<\/a><\/li>\n<li><a href=\"https:\/\/www.freiburg-schwarzwald.de\/blog\/kultur\/medien\/alternative-medien\/polit-blog\/\">Polit-Blog<\/a><\/li>\n<li><a title=\"Polizei\" href=\"https:\/\/www.freiburg-schwarzwald.de\/blog\/selbsthilfe\/soziales\/justiz\/polizei\/\">Polizei<\/a><\/li>\n<li><a href=\"https:\/\/www.freiburg-schwarzwald.de\/blog\/engagement\/buergerinitiativen\/protest\/\">Protest<\/a><\/li>\n<li><a href=\"https:\/\/www.freiburg-schwarzwald.de\/blog\/engagement\/buergerinitiativen\/spaziergaenge\/\">Spazierg\u00e4nge<\/a><\/li>\n<li><a title=\"Strassenschlacht\" href=\"https:\/\/www.freiburg-schwarzwald.de\/blog\/selbsthilfe\/krise\/gewalt\/strassenschlacht\/\">Strassenschlacht<\/a>\u00a0\u2013 wie in Stuttgart und Frankfurt<\/li>\n<li><a href=\"https:\/\/www.freiburg-schwarzwald.de\/blog\/kultur\/medien\/vierte-gewalt\/\">Vierte-Gewalt<\/a><\/li>\n<li><a href=\"https:\/\/www.freiburg-schwarzwald.de\/blog\/kultur\/medien\/wdr\/\">WDR<\/a><\/li>\n<li><a title=\"Zivilcourage\" href=\"https:\/\/www.freiburg-schwarzwald.de\/blog\/engagement\/zivilcourage\/\">Zivilcourage<\/a><\/li>\n<\/ul>\n<p>.<\/p>\n<p><strong>Martin Ruthenberg<\/strong><br \/>\nDer Nachrichtensprecher und H\u00f6rfunkmoderator beim SWR setzt sich u.a. in Videobotschaften f\u00fcr eine objektive Berichterstattung in den Medien ein:<br \/>\n&#8211; Wir m\u00fcssen von Antipathie- zu Sympathie-Tr\u00e4gern werden<br \/>\n&#8211; Das ideologisch gef\u00e4rbte Framing mu\u00df aufh\u00f6ren<br \/>\nMit &#8222;Wir&#8220; sind sowohl Journalisten als auch Demonstranten gemeint.<br \/>\nAusgangspunkt: Ruthenberg stellt nach der Teilnahme an einer Demo in Freiburg am 8.1.2022 fest, da\u00df die Medien (Mainstream wie \u00d6ffentlich-Rechtliche) unwahr berichten.<\/p>\n<p>Dank fachlicher Kompetenz und ruhiger Stimme finden die Videobotschaften des <a href=\"https:\/\/www.freiburg-schwarzwald.de\/blog\/kultur\/medien\/journalismus\/\">Journalisten<\/a> Ruthenberg deutschlandweit eine rasante Verbreitung und Anerkennung.<\/p>\n<p>1. Videobotschaft von Martin Ruthenberg vom 11.1.2022:<br \/>\n<a href=\"https:\/\/youtu.be\/h1w5HslJLL0\">https:\/\/youtu.be\/h1w5HslJLL0<\/a><br \/>\nPodcast von Martin Ruthenberg SWR-Sprecher auf <a href=\"https:\/\/t.me\/SingingOnWire\">https:\/\/t.me\/SingingOnWire<\/a><br \/>\n<a href=\"https:\/\/bbarucker.podigee.io\/47-martin-ruthenberg\">https:\/\/bbarucker.podigee.io\/47-martin-ruthenberg<\/a><\/p>\n<p>===================================================<\/p>\n<p><strong>Katharina Schmieder vom SWR als \u201eCritical_Cat\u201c zu X<\/strong><br \/>\n<strong>Die Katze l\u00e4\u00dft das Mausen nicht<\/strong><br \/>\nEinst arbeitete sie selbst beim S\u00fcdwestrundfunk (SWR). Zwei Jahre lang. Doch irgendwann kam die Entfremdung. Vielleicht als Katharina Schmieder immer wieder feststellen mu\u00dfte, wie der \u00f6ffentlich-rechtliche Sender bei Stra\u00dfenumfragen \u2013 rein zuf\u00e4llig \u2013 Politiker des gr\u00fcnen oder linken Spektrums als scheinbar zuf\u00e4llig vorbeiflanierende Passanten interviewte.<br \/>\n<a href=\"https:\/\/x.com\/critical__cat\">https:\/\/x.com\/critical__cat<\/a><br \/>\nSeit einiger Zeit arbeitet Schmieder jedenfalls nicht mehr beim SWR. Statt dessen berichtet sie auf Youtube und X unter dem Namen \u201eCritical_Cat\u201c \u00fcber Mi\u00dfst\u00e4nde und Fehler bei den \u00d6ffentlich-Rechtlichen \u2013 etwa in bezug auf die erw\u00e4hnten Stra\u00dfenumfragen. Das schmeckte den Kritisierten offenbar gar nicht. Mitte Mai erhielt Schmieder eine Mail ihres ehemaligen Arbeitgebers. Dieser recherchiere derzeit zu \u201erechten Influencern\u201c und \u201eHa\u00df im Netz\u201c und habe Fragen an die kritische Katze.<br \/>\nEinen \u201eEinsch\u00fcchterungsversuch\u201c nennt Schmieder die Mail im exklusiv auf JF Online erschienenen Interview. Offenbar f\u00fchle sich der Sender von ihrer Kritik derart bedroht, da\u00df er sich von vornherein nicht mit ihren Themen auseinandersetzen wolle. \u201eSelbstverst\u00e4ndlich spricht man uns ab, da\u00df wir richtig liegen mit dem, was wir vorbringen.\u201c Der Sender wolle die ungeliebten Kommentiere lieber strafen. Von ihrer Arbeit abhalten lassen will sie sich dadurch allerdings nicht. Sie will weitermachen \u2013 bis der Rundfunk endlich \u201eradikal reformiert\u201c ist.<br \/>\n&#8230; Alles vom 23.5.2025 von Lorenz Bien bitte lesen in der JF 22\/25, Seite 24<br \/>\n<a href=\"https:\/\/jungefreiheit.de\/debatte\/interview\/2025\/bevor-der-swr-doxen-konnte\/\">https:\/\/jungefreiheit.de\/debatte\/interview\/2025\/bevor-der-swr-doxen-konnte\/<\/a><\/p>\n<p>&nbsp;<\/p>\n<p>&nbsp;<\/p>\n<p><strong>Drei Journalisten: Aussteigen lohnt sich!<\/strong><br \/>\n<strong>Drei (ehem.) Mitarbeiter aus dem \u00f6ffentlich-rechtlichen Rundfunk im Gespr\u00e4ch<\/strong><br \/>\n\u201cWahrheit oder Pflicht\u201d. Ole Skambraks, Martin Ruthenberg und Katrin Seibold haben sich zwischen Oktober 2021 und Februar 2022 \u00f6ffentlichkeitswirksam von der Berichterstattung ihrer Arbeitgeber SWR und ZDF distanziert. Wo stehen sie heute?<br \/>\nIn diesem Video sprechen sie zum ersten Mal miteinander vor der Kamera.<br \/>\n<iframe loading=\"lazy\" title=\"Aussteigen lohnt sich! - MEDIENGESPR\u00c4CH \u00fcber ein Leben nach dem \u00f6ffentlich-rechtlichen Rundfunk\" width=\"640\" height=\"360\" src=\"https:\/\/www.youtube.com\/embed\/jphtpbdI8KQ?feature=oembed\" frameborder=\"0\" allow=\"accelerometer; autoplay; clipboard-write; encrypted-media; gyroscope; picture-in-picture; web-share\" referrerpolicy=\"strict-origin-when-cross-origin\" allowfullscreen><\/iframe><\/p>\n<p>Der ehemalige Redakteur im SWR und Mitarbeiter im Programm-Management Sounddesign, Ole Skambraks, publizierte am 5. Oktober 2021 einen offenen Brief im Online-Magazin \u201eMultipolar\u201c unter dem Titel \u201eIch kann nicht mehr\u201c. Der Text wurde laut Angaben des Autors millionenfach gelesen und in vier Sprachen \u00fcbersetzt.<br \/>\nAm 9. Januar 2022 ver\u00f6ffentlichte Martin Ruthenberg, Sprecher und Moderator im SWR, eine Sprachbotschaft im Internet, die seinen Angaben zufolge innerhalb weniger Tage mehrere hunderttausend Menschen erreichte. \u201eIch bin fassungslos vor Wut. (\u2026) Was mich so w\u00fctend macht, ist, wie mein Arbeitgeber (der SWR) (\u2026) berichtet hat.\u201c<\/p>\n<p>Die TV-Redakteurin und Moderatorin Katrin Seibold, bis Jahresende 2021 als Reporterin &amp; Autorin bei ZDF\/3sat \u201eKulturzeit\u201c besch\u00e4ftigt, sprach am 19. Februar 2022 in einem Video mit dem Schauspieler Cem Ali G\u00fcltekin, das auf der Website und YouTube-Kanal von #allesdichtmachen herauskam. Mit ihrem Auftritt am 22. Februar 2022 bei BILD in \u201eViertel nach Acht\u201c landete sie auf Rang 2 meistgeklickten deutschsprachigen YouTube-Videos mit rund 507.000 Zuschauern am 23. Februar 2022. (Auf Platz 1 war \u201cPutins \u201cKriegserkl\u00e4rung\u201d: Ukraine-Krise! Russischer Pr\u00e4sident schockt den Westen. Welt Newsstream\u201d. Quelle: Meedia.de) In \u00d6sterreich sprach sie mit Elsa Mittmannsgruber von AUF1 und am 24. Februar 2022 mit Jens Lehrich in FAIRTALK. Bis Mai 2022 erreichte sie auf diesem Wege rund 1,3 Millionen Zuschauer.<\/p>\n<p>Anfang Mai 2022 schauen die drei gemeinsam zur\u00fcck, reflektieren \u00fcber den Umgang der Sender mit ihren Mitarbeitern wie auch Zuschauern und werfen einen Blick in die Zukunft.<br \/>\nWebsite von Martin Ruthenberg: <a href=\"https:\/\/www.voicecraft.org\/\">https:\/\/www.voicecraft.org\/<\/a><br \/>\nWebsite von Ole Skambraks: <a href=\"https:\/\/meinungsvielfalt.jetzt\/\">https:\/\/meinungsvielfalt.jetzt\/<\/a><br \/>\nWebsite von Katrin Seibold: <a href=\"https:\/\/katrin-seibold.de\/\">https:\/\/katrin-seibold.de\/<\/a><br \/>\n<a href=\"https:\/\/www.youtube.com\/watch?v=jphtpbdI8KQ\">https:\/\/www.youtube.com\/watch?v=jphtpbdI8KQ<\/a><br \/>\nAlles vom 26.8.2023 bitte lesen auf<br \/>\n<a href=\"https:\/\/www.nachdenkseiten.de\/?p=102932#h03\">https:\/\/www.nachdenkseiten.de\/?p=102932#h03<\/a><\/p>\n<p><em>Zitat Martin Ruthenberg im Video: &#8222;Es ist kaum m\u00f6glich, von unten her Impulse zu geben, um etwas im System zu ver\u00e4ndern&#8220;<\/em><\/p>\n<p>Einige Youtube-Kommentare:<br \/>\nWas ist das sch\u00f6n, dass es anderen \u00e4hnlich geht und sie sich in kleinen aber feinen Gruppen zusammenfinden und einen kleinen Teil der Welt besser machen. Vielen Dank an Sie alle Kis<br \/>\n.<br \/>\nIch muss nur 5 Minuten zuh\u00f6ren um mich dar\u00fcber aus ganzem Herzen zu freuen, dass ich noch vern\u00fcnftige Menschen wie diese gibt. Danke f\u00fcr Ihre Offenheit, Ihren Mut. Denn es braucht gerade mehr Menschen, die eine &#8222;Position&#8220; haben, die dem Rest der Menschen klar macht, dass wir in der Krise stecken. pir<br \/>\n.<br \/>\nBravo ihr drei!!! Es ist ein so gro\u00dfer Schritt, der wahnsinnig viel Kraft kostet. Aufkl\u00e4rung ist das Zauberwort, denn die Menschen sind den \u00d6RR gegen\u00fcber wahnsinnig skeptisch, weil sie entt\u00e4uscht und sich nicht (mehr) vertreten f\u00fchlen. Daher sind sie auch den Mitarbeitern gegen\u00fcber skeptisch. Kl\u00e4rt auf und macht allen anderen Mut. Danke. Petra (ehem. hr) Pet<br \/>\n.<br \/>\nAuch ich bin eine ARD-Aussteigerin. 2010 habe ich den Saarl\u00e4ndischen Rundfunk vor Ablauf meines12A- Rahmenvertrags verlassen, 2014 auch meinem &#8222;Haussender&#8220; SWR den R\u00fccken gekehrt. H\u00e4tte ich weiter f\u00fcr den \u00f6ffentlich-rechtlichen Rundfunk gearbeitet, w\u00e4re ich sp\u00e4testens im April 2020 drau\u00dfen gewesen. Ich h\u00e4tte das alles nicht mitmachen k\u00f6nnen und w\u00e4re allein schon an der Maskenpflicht gescheitert. Ich bereite ein Statement vor, das ich Ole Skambraks und Katrin Seibold zuschicken werde. Es darf dann unter Nennung meines Namens ver\u00f6ffentlicht werden. any<br \/>\n.<br \/>\nWir sind so viele. Es geht ja gar nicht darum, wir gegen die, die noch im System sind, sondern darum, dass wir bereits eine funktionierende Parallelgesellschaft aufbauen k\u00f6nnen, die das Mensch sein in den Mittelpunkt stellt und wir alle von unserem unabh\u00e4ngigen Tun leben k\u00f6nnen.<br \/>\nTats\u00e4chlich f\u00e4ngt das mit einer eigenen Handelsw\u00e4hrung und Vernetzung und freien Medienschaffenden an. Jeder ist gefragt. imme<br \/>\nEnde Kommentare<\/p>\n<p>&nbsp;<\/p>\n<p><strong>Warum ich nicht mehr f\u00fcr Mainstream-Medien arbeite &#8211; Die Abrechnung<\/strong><br \/>\nMein Name ist Tahir Chaudhry. Zehn Jahre lang habe ich f\u00fcr die etablierten Massenmedien gearbeitet. In diesem Video nenne ich 11 Gr\u00fcnde, warum ich ihnen f\u00fcr immer den R\u00fccken kehren muss. Das ist hier meine Abrechnung und Distanzierung. Damit setze ich alles auf diese eine Karte: Grenzg\u00e4nger Studios.<br \/>\n.<br \/>\nGrund 1: Kein Verbiegen mehr.<br \/>\nGrund 2: Ich will mich nicht st\u00e4ndig von meinem Denken distanzieren m\u00fcssen.<br \/>\nGrund 3: Wir alle haben den Medien zu viel Macht gegeben.<br \/>\nGrund 4: Ich konnte keine Nachrichten mehr anschauen<br \/>\nGrund 5: Die Arbeit als Redakteur \u00fchlt sich sinnlos an. Bild des Hamsterrades.<br \/>\nGrund 6: F\u00fcr echten Journalismus wird es immer enger. Gef\u00e4lligkeitsjournalismus,<br \/>\n&#8230;<br \/>\n30.7.2023, <a href=\"https:\/\/youtu.be\/1W9VeoDbr-g\">https:\/\/youtu.be\/1W9VeoDbr-g<\/a><\/p>\n<p>Werde Kanalmitglied! \/ @tahirchaudhry<br \/>\nPatreon <a href=\"https:\/\/www.patreon.com\/grenzgaenger\">https:\/\/www.patreon.com\/grenzgaenger<\/a><br \/>\nPayPal <a href=\"https:\/\/www.paypal.me\/tahirchaudhry1\">https:\/\/www.paypal.me\/tahirchaudhry1<\/a><br \/>\nDer neue Substack-Kanal von Tahir Chaudhry: <a href=\"https:\/\/substack.com\/@tahirchaudhry\">https:\/\/substack.com\/@tahirchaudhry<\/a><\/p>\n<p>Einige Kommentare:<br \/>\nUlffkotte w\u00e4re m\u00e4chtig stolz auf dich, die letzten, echten investigativen Journalisten! Danke, f\u00fcr deine tolle Arbeit! mic<br \/>\n.<br \/>\nDu hast meinen gr\u00f6\u00dften Respekt. Es geh\u00f6rt unglaublich viel Mut zu so einer Entscheidung, f\u00fcr seine eigenen Werte und Moral einzustehen, anstatt den sicheren und einfachen Weg zu gehen. Am Ende des Tages ist es das Wertvollste, mit reinem Gewissen in den Spiegel schauen zu k\u00f6nnen und f\u00fcr sich das Richtige zu tun. Meine volle Hochachtung! dan<br \/>\n.<br \/>\nDanke, ich bin 83 Jahre alt geworden, und froh noch solch einen guten ehrlichen, Menschen kennengelernt zu haben! Das stimmt mich hoffnungsfroh, noch ist Deutschland nicht verloren! Solche Menschen wie sie braucht das Land! P.K.<br \/>\n.<br \/>\nAls ehemaliger \u00d6R-Mitarbeiter teile ich eine Menge Deiner Erfahrungen. Das schlimmste ist, dass Neugierde (fr\u00fcher eine Kerntugend von Journalisten) seit Jahren konsequent bestraft wird. Zum Gl\u00fcck habe ich kurz vor Corona endg\u00fcltig und abschlie\u00dfend r\u00fcbergemacht in die Privatwirtschaft. Willkommen &#8211; Das Gras ist gr\u00fcner hier. vid<br \/>\n.<br \/>\nChapeau! Genau so ist es &#8211; es ist nicht die Zeit des Widerstandes durch &#8222;Kampf&#8220; oder &#8222;Dagegen-sein&#8220;, etc. Was es braucht sind Menschen, die klar erkennen, was der &#8222;richtige&#8220; Weg ist, und diesen dann gehen! Das ist positiver Widerstand. Die Konsequenzen, die sich ja aus jeder Handlung ergeben, werden angenommen. Nochmals &#8211; Hut ab! fbe<br \/>\n.<br \/>\nKritiker schwimmen immer gegen den Strom, aber die Zeiten sind h\u00e4rter und diffamierender denn je. Ich bin gerne ein Teil des Ruders, das Euch beim &#8222;gegen den Strom&#8220; schwimmen unterst\u00fctzt. Weiter so mit Eurer Arbeit. Wir, nein, der Souver\u00e4n braucht Euch. P73<br \/>\n.<br \/>\nDu folgst Deinem Gewissen, Deiner inneren Stimme, aufrichtig durch das Leben gehen! Herzlichen Gl\u00fcckwunsch. Seit mehr als 10 Jahren schaue ich kein Fernsehen mehr, seit November h\u00f6re ich keine Nachrichten im Radio, Spiegelonline habe ich im Januar abgemeldet. Zeitungen lese ich nicht. Hier auf Youtube gibt es gen\u00fcgend informative, kritisch hinterfragende Kan\u00e4le.<br \/>\nacTVism Munich, apolut, nachdenkseiten, Faitalk, antispiegel, DrushbaTV,Manova,Aktien im Kopf,eingeschenktTV,Flavio von Witzleben,Paul Brandenburg,tychis Einblick,MrsMarxismo, HKCM, Wikihausen, Menschen hier die mir geholfen haben, nicht an meinen Verstand zu Zweifel: Dirk Pohlmann, Prof. Meyen (Medienprofessor M\u00fcnchen)Ulrike Gu\u00e9rot , Daniele Ganser, Marc Friedrich, WalterVan Rossum und Du mit Deinem Kanal Grenzg\u00e4nger chr<br \/>\nEnde Kommentare<\/p>\n<p>&nbsp;<\/p>\n<p><strong>Medien im Wandel &#8211; Neue Medien<\/strong><br \/>\n<strong>Epoch Times Podiumsdiskussion zur Zukunft des Journalismus<\/strong><br \/>\nAm Freitag, 3. M\u00e4rz, fand die erste Epoch Times Podiumsdiskussion im Herzen Berlins statt. Als G\u00e4ste nahmen daran teil, Ralf Schuler, ehemaliger Redaktionsleiter der BILD-Zeitung und \u201eeiner der renommiertesten Politikjournalisten des Landes\u201c (Cicero), Martin Ruthenberg, langj\u00e4hriger Moderator des SWR und Robert Cibis, preisgekr\u00f6nter Filmemacher u. a. f\u00fcr ehemals ARTE und ARD.<br \/>\nDie Themen der Podiumsdiskussion waren der Einfluss von KI auf den Journalismus, ideologische Trends in der Berichterstattung sowie Finanzierungsmodelle und die k\u00fcnftige Rolle der \u00f6ffentlich-rechtlichen Medien<br \/>\nModeriert wurde die Veranstaltung von Alexander Zwieschowski LL.M., Mitglied der Redaktionsleitung von Epoch Times.<br \/>\nNach der regen Diskussion, die vor Ort von G\u00e4sten begleitet wurde und zudem \u00fcber Livestream verfolgt werden konnte, gab es eine Fragerunde. OVAL media war Kooperationspartner bei der Livestream-\u00dcbertragung.<br \/>\n&#8230; Alels vom 3.3.2023 bitte lesen auf<br \/>\n<a href=\"https:\/\/www.epochtimes.de\/etplus\/livestream-link-fuer-heutige-epoch-times-podiumsdiskussion-ab-1930-uhr-a4177143.html\">https:\/\/www.epochtimes.de\/etplus\/livestream-link-fuer-heutige-epoch-times-podiumsdiskussion-ab-1930-uhr-a4177143.html<\/a><\/p>\n<p>.<\/p>\n<p><strong>BASIS-Reihe &#8222;Aufgekl\u00e4rt&#8220; &#8211; Leitmedien<\/strong><br \/>\nAm 21. Juli 2022 hat Martin Ruthenberg in Freiburg im Rahmen der BASIS-Reihe &#8222;Aufgekl\u00e4rt&#8220; von <a href=\"https:\/\/www.diebasis-freiburg.de\">https:\/\/www.diebasis-freiburg.de<\/a> \u00fcber die Medien und Leuchtturm ARD gesprochen.<br \/>\n&#8222;AUFGEKL\u00c4RT&#8220; Teil 4 von 4 mit Martin Ruthenberg, ehem. Sprecher und Moderator SWR, Therapeut: <a href=\"https:\/\/youtu.be\/IWhIiOy04cg\">https:\/\/youtu.be\/IWhIiOy04cg<\/a><\/p>\n<p>Die Abschaffung der RundfunkBeitr\u00e4ge, ja des gesamten \u00f6ffentlich-rechtlichen Rundfunks wird inzwischen hei\u00df diskutiert. Diese Diskussion greift zu kurz, weil sie das end\u00fcltige Ende der MeinungsVielfalt heraufbeschw\u00f6rt. Eine Demokratie braucht ein Leitmedium, das den B\u00fcrgern geh\u00f6rt. Harald von Herget befasst sich als Jurist schon lange mit dem \u00d6RR; in seinem aktuellen Beitrag f\u00fcr die Epoch Times \u00e4u\u00dfert er sich zu dessen Zukunft und macht konkrete Vorschl\u00e4ge, wie ein gemeinwohlorientierter \u00d6RR gestaltet sein k\u00f6nnte. Der Autor positioniert sich mit diesem Beitrag de facto an der Seite von LeuchtturmARD. Den Artikel gibt&#8217;s hinter der Bezahlschranke:<br \/>\n<a href=\"https:\/\/www.epochtimes.de\/politik\/deutschland\/wahl-von-rundfunk-eine-loesung-des-dilemmas-von-ard-zdf-a3921137.html\">https:\/\/www.epochtimes.de\/politik\/deutschland\/wahl-von-rundfunk-eine-loesung-des-dilemmas-von-ard-zdf-a3921137.html<\/a><br \/>\n19.8.2022<\/p>\n<p>&nbsp;<\/p>\n<p><strong>Martin Ruthenberg: \u201eAufruf an meine Kollegen\u201c f\u00fcr Medienausgewogenheit<\/strong><br \/>\nBereits vor einem halben Jahr hat sich der langj\u00e4hrige SWR-Redakteur Martin Ruthenberg \u00f6ffentlich von der einseitigen Berichterstattung des \u00f6ffentlich-rechtlichen Rundfunks (\u00d6RR) distanziert. Jetzt ruft er seine Kollegen in einer neuen Audiobotschaft dazu auf, sich am 14. Juli an mehreren Mahnwachen zu beteiligen.<br \/>\nDamit soll ein Zeichen f\u00fcr Ehrlichkeit und Unabh\u00e4ngigkeit in den Medien gesetzt werden. Aus seiner Sicht nehme die Qualit\u00e4t der \u00f6ffentlich-rechtlichen Berichterstattung immer weiter ab. Gleichzeitig habe die Arbeitsbelastung stetig zugenommen. Er bem\u00e4ngelt, dass der \u00d6RR ab Anfang 2020 seine kritische Berichterstattung weitestgehend eingestellt habe. Es seien sogar \u201einnerhalb von ARD und ZDF immer wieder die Weisungen \u201avon oben\u2018 erfolgt, bestimmte Themen nicht oder nicht mehr anzufassen\u201c.<br \/>\nSprachrohr oder kritischer Journalismus?<br \/>\nRuthenberg stellte fest, dass der \u00d6RR seit \u00fcber zwei Jahren nur noch die Meinung der Regierung verk\u00fcndet, anstatt sie kritisch zu begleiten und auch mal zu hinterfragen. Abweichende Meinungen k\u00e4men dort nicht mehr zu Wort. Auch werde der \u00d6RR seinem in der Verfassung verankerten Auftrag der unabh\u00e4ngigen Berichterstattung nicht mehr gerecht.<br \/>\nSein Aufruf richtet sich an jene Kollegen, die sich keine Meinung diktieren lassen, sondern lieber selbst herausfinden wollen, was richtig oder falsch ist. Dabei kritisiert er das mediale Narrativ, das nur eine Meinung zul\u00e4sst und Menschen mit abweichenden Meinungen ausgrenzt, framt oder diffamiert. Laut Ruthenberg geschehe genau das in Deutschland. Und zwar tagt\u00e4glich.<br \/>\nMit seiner Aktion Leuchtturm ARD <a href=\"https:\/\/www.leuchtturmARD.de\">https:\/\/www.leuchtturmARD.de<\/a> setzt er sich f\u00fcr einen neuen, am Gemeinwohl orientierten \u00f6ffentlich-rechtlichen Rundfunk ein. Der SWR hat ihm aufgrund seines Widerstandes bereits zwei Abmahnungen gegeben. Mit seiner Aktion riskiert er nun seine K\u00fcndigung. Doch er ist offenbar nicht allein.<br \/>\n&#8230; Alles vom 13.7.2022 bitte lesen auf<br \/>\n<a href=\"https:\/\/www.epochtimes.de\/politik\/deutschland\/martin-ruthenberg-aufruf-an-meine-kollegen-fuer-medienausgewogenheit-a3894450.html\">https:\/\/www.epochtimes.de\/politik\/deutschland\/martin-ruthenberg-aufruf-an-meine-kollegen-fuer-medienausgewogenheit-a3894450.html<\/a><\/p>\n<p>&nbsp;<\/p>\n<p>&nbsp;<\/p>\n<p><strong>Frieden ist kein Ziel. Frieden ist der einzig gangbare Weg<\/strong><br \/>\nvon\u00a0<a href=\"https:\/\/www.freiburg-schwarzwald.de\/blog\/kultur\/medien\/journalismus\/ruthenberg-medien\/\">Martin Ruthenberg<\/a>\u00a0, 5.3.2022<br \/>\nRede bei der <a href=\"https:\/\/www.freiburg-schwarzwald.de\/blog\/engagement\/buergerinitiativen\/demos-in-freiburg\/\">Corona-Demo<\/a> am Platz der Alten Synagoge am 5.3.2022<br \/>\n<a href=\"https:\/\/freiseinfreiburg.de\/wp-content\/uploads\/MartinRuthenberg_05.03.22.mp4\">https:\/\/freiseinfreiburg.de\/wp-content\/uploads\/MartinRuthenberg_05.03.22.mp4<\/a><\/p>\n<p>&nbsp;<\/p>\n<p><strong>Schluss mit Einseitigkeit. SWR-Nachrichtensprecher rechnet mit Herdenjournalismus in Corona-Zeiten ab.<\/strong><br \/>\n<em>&#8230;<br \/>\nWie erkl\u00e4ren Sie es sich, dass die Corona-Berichterstattung, gerade auch die der \u00d6ffentlich-Rechtlichen, fast wie gleichgeschaltet wirkt?<\/em><br \/>\nEine abschlie\u00dfende Erkl\u00e4rung habe ich daf\u00fcr nicht. Auf alle F\u00e4lle erleben die Nachrichtenredakteure seit Jahren eine permanente Arbeitsverdichtung. Es bleibt in ihrem Alltag praktisch keine Zeit, etwas zu hinterfragen und in die Tiefe zu recherchieren. Die Leute werden von fr\u00fch bis sp\u00e4t mit Agenturmeldungen bombardiert, bei denen man sich auch mal die Frage stellen m\u00fcsste: Wem geh\u00f6ren diese Agenturen und welche Interessen verfolgen ihre Besitzer? Das alles mitzudenken und sich gegebenenfalls alternativer Quellen zu bedienen, kann ein Nachrichtenredakteur im Tagesgesch\u00e4ft gar nicht leisten. Und ich sch\u00e4tze, das ist auch nicht erw\u00fcnscht.<\/p>\n<p><em>Aber das allein erkl\u00e4rt noch nicht, warum die Berichterstattung beim Thema Corona in ihrer Gesamtheit wie orchestriert anmutet und es Ausrei\u00dfer aus dem Einheitsbrei so gut wie gar nicht gibt.<\/em><br \/>\nWoran es vor allem im \u00f6ffentlich-rechtlichen Rundfunk fehlt, ist eine wirklich angstfreie Arbeitsatmosph\u00e4re, bei der auch die Au\u00dfenseiter eingebunden sind und kritische Meinungen zugelassen werden. In all meinen Jahren beim SWR habe ich eine solche Atmosph\u00e4re nie erlebt. Ich kenne mich auf dem Gebiet ein wenig aus, weil ich als Therapeut selbst mit Gruppen arbeite und auch schon F\u00fchrungskr\u00e4fte trainiert habe.<br \/>\n.. Komplettes Interview mit Martin Ruthenberg vom 25.1.2022 bitte lesen auf<br \/>\n<a href=\"https:\/\/www.nachdenkseiten.de\/?p=80112\">https:\/\/www.nachdenkseiten.de\/?p=80112<\/a><br \/>\n.<br \/>\n.<br \/>\n<strong>Sprachbotschaft von Martin Ruthenberg vom 22.1.2022:<\/strong><br \/>\n<strong>(u.a. Telefonat mit Malte Wendt)<\/strong><br \/>\n<a href=\"https:\/\/magentacloud.de\/s\/QCaCRHp8NPjYf7R?dir=undefined&amp;openfile=2965369685\">https:\/\/magentacloud.de\/s\/QCaCRHp8NPjYf7R?dir=undefined&amp;openfile=2965369685<\/a><\/p>\n<p>&nbsp;<\/p>\n<p><strong>3. Videobotschaft &#8222;Framen wir uns positiv&#8220; von Martin Ruthenberg vom 16.1.2022<\/strong><br \/>\n<a href=\"https:\/\/youtu.be\/OE-Dy7fZZ6c\">https:\/\/youtu.be\/OE-Dy7fZZ6c<\/a><br \/>\nPodcast von Martin Ruthenberg auf <a href=\"https:\/\/t.me\/SingingOnWire\">https:\/\/t.me\/SingingOnWire<\/a><br \/>\nLiebe Mitmenschen<br \/>\nheute ist Sonntag der 16. Januar, es ist jetzt eine Woche her, dass ich meine erste Audio Botschaft ins Internet geschickt haben.<br \/>\nSch\u00e4tzungen sind schwierig, aber ich gehe davon aus, dass sie in der Zwischenzeit mindestens 300 000 Menschen diese Botschaft geh\u00f6rt haben und es scheint sich etwas zu ver\u00e4ndern, ob das allerdings im Zusammenhang mit meiner Botschaft steht das m\u00f6gen andere beurteilen.<br \/>\nTatsache ist, dass z.B. dass auf Tagesschau.de ein 3 min\u00fctiger Beitrag eines SWR Kollegen zu finden ist, der gestern direkt von der Demonstration in Freiburg berichtet hat und das in einer f\u00fcr meine Begriffe neutralen und ausgewogenen Weise.<br \/>\nDanke daf\u00fcr \u2013 Auch die Badische Zeitungen hat gestern Abend in ihrem Newsletter einen Artikel \u00fcber die Demonstration in Freiburg vorab ver\u00f6ffentlicht auch sie schl\u00e4gt neue T\u00f6ne an.<br \/>\nWas die Ausgewogenheit und die Neutralit\u00e4t betrifft, sehe ich hier allerdings noch Luft nach oben und ich muss dazu sagen, dass ich in der letzten Zeit Ver\u00f6ffentlichungen in den sogenannten Leitmedien nur noch in Ausnahmef\u00e4llen zur Kenntnis genommen haben. Diese haben mir nur noch k\u00f6rperliche Schmerzen bereitet und dem wollte ich aus dem Weg gehen<\/p>\n<p>Ich m\u00f6chte ankn\u00fcpfen an das, was ich in meiner zweiten Botschaft am vergangenen Mittwoch gesagt habe:<br \/>\nIch hatte in dieser Botschaft gesagt, dass ich es f\u00fcr ganz wichtig halte, dass wir von Antipathie-Tr\u00e4gern zu Sympathie-Tr\u00e4gern werden.<br \/>\nMit anderen Worten \u2013 es muss uns gelingen, das sogenannte \u201eFraming\u201c zu ver\u00e4ndern und dazu m\u00f6chte ich erst noch mal ein wenig ausholen um auch denjenigen unter euch, die nicht so genau wissen, was mit \u201eFraming\u201c gemeint ist \u2013 verst\u00e4ndlich zu machen, worum es hier.<br \/>\nMassives \u201eFraming\u201c ist zum ersten Mal im Zusammenhang mit dem Brexit und mit der Wahl von Trump zum US-Pr\u00e4sidenten aufgetaucht, die ganze Vorgehensweise beruht im Grunde genommen auf einer relativ einfachen Erkenntnis aus der Psychologie.<br \/>\nDiese Erkentnis besagt \u2013 je \u00f6fter wir einen Satz h\u00f6ren, umso mehr sind wir geneigt zu denken, dass dieser Satz wahr ist das Ganze gelingt, um so leichter je mehr dieser Satz mit Gef\u00fchlen mit Emotionen verbunden ist und die lassen sich wiederum leicht mit Bildern und den entsprechenden Geschichten wecken.<br \/>\nDas k\u00f6nnen durchaus sch\u00f6ne und angenehme Gef\u00fchle sein, wie Freude und Urlaubsstimmung.<br \/>\nDas kann aber genauso gut so ein Gef\u00fchl wie Angst sein \u2013 durch die st\u00e4ndige Wiederholung, der immer gleichen Geschichten und Bildern, haben die Leitmedien in den vergangenen zwei Jahren diejenigen Menschen, die den Corona Ma\u00dfnahmen kritisch gegen\u00fcberstehen, in die N\u00e4he von Egoisten Staatsfeinden und Nazis ger\u00fcckt.<br \/>\nIch will hier gar nicht dar\u00fcber sprechen, wie das geschehen konnte. Die Hintergr\u00fcnde sind noch weitaus komplexer.<br \/>\nIch m\u00f6chte nur darauf hinweisen, dass das ein Faktum ist, dass wir akzeptieren m\u00fcssen und dass wir jetzt \u00e4ndern werden.<br \/>\n\u00c4ndern k\u00f6nnen wir uns nur selbst \u2013 andere Menschen k\u00f6nnen wir nicht \u00e4ndern!<\/p>\n<p>Was hei\u00dft das?<br \/>\nWenn wir nicht l\u00e4nger in einen Topf gesteckt werden wollen mit Nazis und Systemver\u00e4nderung, dann m\u00fcssen wir zun\u00e4chst einmal damit aufh\u00f6ren andere Menschen in Kategorien einzuordnen.<br \/>\nPlakate auf denen beispielsweise Polizisten mit Nazischergen verglichen werden haben auf unseren Demonstrationen nichts zu suchen.<br \/>\nDamit will ich nicht in Abrede stellen, dass es so etwas wie Polizeigewalt gibt und dass das ein Problem ist!<br \/>\nAber \u2026. diese Polizeigewalt hat es auch schon vor Corona gegeben und es handelt sich dabei nach meiner Einsch\u00e4tzung um eine sehr kleine Minderheit.<br \/>\nDie Mehrzahl aller Polizistinnen und Polizisten hat ihren Beruf ergriffen, um uns unsere Verfassung und unsere Demokratie zu sch\u00fctzen.<\/p>\n<p>Die Sympathie dieser Menschen gewinnen wir nicht, indem wir sie in den N\u00e4he von Schergen einer Diktatur r\u00fccken.<br \/>\nWenn diese Polizisten \u2013 die genauso Menschen sind wie wir \u2013 sich in so einen Topf eingeordnet sehen \u2013 somit auch einem \u201eFraming\u201c unterliegen dann werden Sie darauf mit dem gleichen Recht w\u00fctend, wie wir w\u00fctend werden, wenn man uns als Corona Leugner und Faschisten bezeichnet.<\/p>\n<p>Entsprechendes gilt selbstverst\u00e4ndlich auch f\u00fcr andere Berufsgruppen beispielsweise die Mediziner.<br \/>\nWenn ihr auf unseren Demonstrationen Teilnehmer mit derartigen Transparenten entdeckt, dann fordert sie auf diese Transparente herunter zu nehmen.<br \/>\nDie Zahl derjenigen unter uns die solche Schilder und Transparente tragen, scheint mir zwar ohnehin sehr gering zu sein, aber offensichtlich ist diesen Menschen nicht bewusst, was sie damit bewirken und deshalb ist es so wichtig, dass wir Sie bitten Ihre Banner herunter zu nehmen.<\/p>\n<p>Gleichzeitig nehmen wir den Medien auf diese Weise eine Gelegenheit uns weiterhin in schlechtes Licht zu r\u00fccken.<\/p>\n<p>Lasst uns stattdessen, das \u2013 was wir sind und das was wir wollen in S\u00e4tze gie\u00dfen, mit denen sich alle Menschen identifizieren k\u00f6nnen.<\/p>\n<p>Das k\u00f6nnen S\u00e4tze sein, wie \u201eWir sind das Leben\u201c oder \u201eWir gehen f\u00fcr die Freiheit\u201c eurer Kreativit\u00e4t sind hier keine Grenzen gesetzt viel Freude beim Erfinden.<\/p>\n<p>Quelle: Martin Ruthenberg \u2013 <a href=\"https:\/\/t.me\/SingingOnWire\">https:\/\/t.me\/SingingOnWire<\/a><br \/>\n&#8230; Alles vom 17.1.2022 bitte auch lesen auf<br \/>\n<a href=\"https:\/\/nichtohneuns-freiburg.de\/swr-sprecher-martin-ruthenberg-framing-der-podcast\/\">https:\/\/nichtohneuns-freiburg.de\/swr-sprecher-martin-ruthenberg-framing-der-podcast\/<\/a><br \/>\n.<br \/>\nHenning Winter, SWR, mit Eindr\u00fccken und Hintergrundinformationen \u00fcber die Proteste gegen Corona-Ma\u00dfnahmen in Freiburg, 15.1.2020: <a href=\"https:\/\/www.tagesschau.de\/multimedia\/video\/video-974157.html\">https:\/\/www.tagesschau.de\/multimedia\/video\/video-974157.html<\/a><br \/>\n<a href=\"https:\/\/twitter.com\/singingonwire\">https:\/\/twitter.com\/singingonwire<\/a><\/p>\n<p>.<\/p>\n<p><strong>2. Videobotschaft &#8222;Sympathie-Tr\u00e4ger statt Anipathie-Tr\u00e4ger&#8220; (12.1.2022)<\/strong><br \/>\n&#8222;Wir m\u00fcssen von Antipathie- zu Sympathie-Tr\u00e4gern werden und das Framing beenden&#8220;<\/p>\n","protected":false},"excerpt":{"rendered":"<p>Home\u00a0&gt;Engagement\u00a0&gt;Zukunft\u00a0&gt;Demokratie &gt;Demos-in-Freiburg &gt;Ruthenberg-Medien Listenauswahl eines Beitrags: Bitte\u00a0anklicken\u00a0oder runterscrollen Kontrafunk vier Jahre: Der alternative Mainstream (19.6.2026) Meine S\u00f6hne geb ich nicht: SWR\u00a0(21.10.2025) Petition f\u00fcr die vom NDR geschasste Julia Ruhs\u00a0(26.9.2025) Informiere Dich: Medien t\u00e4glich\u00a0(6.8.2025) Katharina Schmieder vom SWR als \u201eCritical_Cat\u201c zu &hellip; <a href=\"https:\/\/www.freiburg-schwarzwald.de\/blog\/kultur\/medien\/journalismus\/ruthenberg-medien\/\">Weiterlesen <span class=\"meta-nav\">&rarr;<\/span><\/a><\/p>\n","protected":false},"author":2,"featured_media":0,"parent":68087,"menu_order":0,"comment_status":"closed","ping_status":"closed","template":"","meta":{"footnotes":""},"class_list":["post-97528","page","type-page","status-publish","hentry"],"_links":{"self":[{"href":"https:\/\/www.freiburg-schwarzwald.de\/blog\/wp-json\/wp\/v2\/pages\/97528","targetHints":{"allow":["GET"]}}],"collection":[{"href":"https:\/\/www.freiburg-schwarzwald.de\/blog\/wp-json\/wp\/v2\/pages"}],"about":[{"href":"https:\/\/www.freiburg-schwarzwald.de\/blog\/wp-json\/wp\/v2\/types\/page"}],"author":[{"embeddable":true,"href":"https:\/\/www.freiburg-schwarzwald.de\/blog\/wp-json\/wp\/v2\/users\/2"}],"replies":[{"embeddable":true,"href":"https:\/\/www.freiburg-schwarzwald.de\/blog\/wp-json\/wp\/v2\/comments?post=97528"}],"version-history":[{"count":6,"href":"https:\/\/www.freiburg-schwarzwald.de\/blog\/wp-json\/wp\/v2\/pages\/97528\/revisions"}],"predecessor-version":[{"id":150580,"href":"https:\/\/www.freiburg-schwarzwald.de\/blog\/wp-json\/wp\/v2\/pages\/97528\/revisions\/150580"}],"up":[{"embeddable":true,"href":"https:\/\/www.freiburg-schwarzwald.de\/blog\/wp-json\/wp\/v2\/pages\/68087"}],"wp:attachment":[{"href":"https:\/\/www.freiburg-schwarzwald.de\/blog\/wp-json\/wp\/v2\/media?parent=97528"}],"curies":[{"name":"wp","href":"https:\/\/api.w.org\/{rel}","templated":true}]}}