{"id":97297,"date":"2022-01-09T16:08:04","date_gmt":"2022-01-09T15:08:04","guid":{"rendered":"https:\/\/www.freiburg-schwarzwald.de\/blog\/?page_id=97297"},"modified":"2022-01-19T12:26:12","modified_gmt":"2022-01-19T11:26:12","slug":"rosenkranzgebet","status":"publish","type":"page","link":"https:\/\/www.freiburg-schwarzwald.de\/blog\/religion\/katholisch\/rosenkranzgebet\/","title":{"rendered":"Rosenkranzgebet"},"content":{"rendered":"<p>Home &gt;<a title=\"Religion\" href=\"https:\/\/www.freiburg-schwarzwald.de\/blog\/religion\/\">Religion<\/a>\u00a0&gt;<a title=\"Kirchen\" href=\"https:\/\/www.freiburg-schwarzwald.de\/blog\/religion\/kirchen\/\">Kirchen<\/a> &gt;<a href=\"https:\/\/www.freiburg-schwarzwald.de\/blog\/religion\/katholisch\/\">Katholisch<\/a> &gt;Rosenkranzgebet<\/p>\n<div id=\"attachment_97312\" style=\"width: 640px\" class=\"wp-caption alignnone\"><a href=\"https:\/\/www.freiburg-schwarzwald.de\/blog\/wp-content\/uploads\/2022\/01\/Rote-Linie-freiburg-pan202201-1.jpg\"><img loading=\"lazy\" decoding=\"async\" aria-describedby=\"caption-attachment-97312\" class=\"size-full wp-image-97312\" src=\"https:\/\/www.freiburg-schwarzwald.de\/blog\/wp-content\/uploads\/2022\/01\/Rote-Linie-freiburg-pan202201-1.jpg\" alt=\"\" width=\"630\" height=\"317\" srcset=\"https:\/\/www.freiburg-schwarzwald.de\/blog\/wp-content\/uploads\/2022\/01\/Rote-Linie-freiburg-pan202201-1.jpg 630w, https:\/\/www.freiburg-schwarzwald.de\/blog\/wp-content\/uploads\/2022\/01\/Rote-Linie-freiburg-pan202201-1-180x91.jpg 180w\" sizes=\"auto, (max-width: 630px) 100vw, 630px\" \/><\/a><p id=\"caption-attachment-97312\" class=\"wp-caption-text\">Demo-Antwort zu &#8222;Es gibt keine roten Linien&#8220; von Olaf Scholz in Freiburg 1\/2022<\/p><\/div>\n<ul>\n<li>Christen beim Beten in FR eingekesselt: Angemessen ist das nicht (19.1.2022)<\/li>\n<li>Rosenkranzgebet in M\u00fcnchen 5.1.2022 aufgel\u00f6st (9.1.2022)<\/li>\n<li><a href=\"https:\/\/www.freiburg-schwarzwald.de\/blog\/versammlung-nur-2-personen\/\">Versammlung &#8211; nur 2 Personen<\/a> (4.1.2022)<\/li>\n<li>\u201eDeutschland betet\u201c ist ein Leuchtturm (16.12.2021)<\/li>\n<li>Initiative &#8222;Deutschland betet Rosenkranz&#8220; (1.10.2021)<\/li>\n<li><a href=\"https:\/\/www.freiburg-schwarzwald.de\/blog\/rosenkranzgebet-wird-untersagt\/\">Rosenkranzgebet wird untersagt<\/a>\u00a0(30.12.2021)<\/li>\n<\/ul>\n<ul>\n<li><a href=\"https:\/\/www.freiburg-schwarzwald.de\/blog\/kultur\/kunst\/satire\/allesdichtmachen\/\">AllesDichtmachen<\/a><\/li>\n<li><a href=\"https:\/\/www.freiburg-schwarzwald.de\/blog\/engagement\/zukunft\/demokratie\/denunziation\/ausgrenzung\/\">Ausgrenzung<\/a><\/li>\n<li><a href=\"https:\/\/www.freiburg-schwarzwald.de\/blog\/religion\/christen\/\">Christen<\/a><\/li>\n<li><a href=\"https:\/\/www.freiburg-schwarzwald.de\/blog\/business\/gesund\/corona-virus\/corona-demo\/\">Corona-Demo<\/a><\/li>\n<li><a href=\"https:\/\/www.freiburg-schwarzwald.de\/blog\/engagement\/buergerinitiativen\/demonstrationsrecht\/\">Demonstrationsrecht<\/a><\/li>\n<li><a href=\"https:\/\/www.freiburg-schwarzwald.de\/blog\/engagement\/buergerinitiativen\/grundrechte-demo\/\">Grundrechte-Demo<\/a><\/li>\n<li><a href=\"https:\/\/www.freiburg-schwarzwald.de\/blog\/kultur\/kunst\/kuenstler-proteste\/\">K\u00fcnstler-Proteste<\/a><\/li>\n<li><a href=\"https:\/\/www.freiburg-schwarzwald.de\/blog\/selbsthilfe\/soziales\/justiz\/polizei\/polizeigewalt\/\">Polizeigewalt<\/a><\/li>\n<li><a href=\"https:\/\/www.freiburg-schwarzwald.de\/blog\/engagement\/buergerinitiativen\/protest\/\">Protest<\/a><\/li>\n<li><a href=\"https:\/\/www.freiburg-schwarzwald.de\/blog\/engagement\/buergerinitiativen\/spaziergaenge\/\">Spazierg\u00e4nge<\/a><\/li>\n<li><a href=\"https:\/\/www.freiburg-schwarzwald.de\/blog\/engagement\/zukunft\/demokratie\/widerstand\/\">Widerstand<\/a><\/li>\n<\/ul>\n<p>&nbsp;<\/p>\n<p><strong>Christen beim Beten in FR eingekesselt: Angemessen ist das nicht<\/strong><br \/>\nMan kann zu diesen Ma\u00dfnahmen stehen, wie man will \u2013 angemessen ist das aus meiner Sicht nicht. Da werden Christen, die jedes Jahr ein Gebet abhalten, &#8222;eingekesselt&#8220; und &#8222;Montagsspazierg\u00e4nge&#8220; verboten.<\/p>\n<p>Ich jedenfalls w\u00fcnsche mir, dass Polizei und Stadtverwaltung nun endlich mit gleicher Leidenschaft und Strenge die Heroinh\u00e4ndler und sonstigen Kriminellen, die den St\u00fchlinger Kirchplatz, den Colombi-Park und viele andere Stellen der Stadt (Bahnhofsplatz und so weiter) f\u00fcr normale Menschen nahezu unbegehbar machen, t\u00e4glich &#8222;einkesseln&#8220; und die Personalien aufnehmen, um den Platz wieder sicher zu machen, so dass man in Freiburg wie vor 30 Jahren jeden Platz sicher begehen und sich wohlf\u00fchlen kann. Ich fordere die gleiche Nulltoleranz, denn diese Leute beziehungsweise Kriminellen gef\u00e4hrden die \u00f6ffentliche Sicherheit tats\u00e4chlich.<\/p>\n<p>Die &#8222;Montagsspazierg\u00e4nger&#8220; und Christen sind friedlich, bestehlen und bedrohen niemanden, verkaufen auch keine Drogen an unsere Kinder und stellen auch in keiner Weise die \u00f6ffentliche Sicherheit in Frage.<br \/>\n19.1.2022, Manfred Volk, Gutach<br \/>\n<a href=\"https:\/\/www.badische-zeitung.de\/angemessen-ist-das-aus-meiner-sicht-nicht--208094905.html\">https:\/\/www.badische-zeitung.de\/angemessen-ist-das-aus-meiner-sicht-nicht&#8211;208094905.html<\/a><\/p>\n<p>Zum Bericht &#8222;Gebetsaktion endet im Kessel&#8220; (BZ vom 13. Januar2022<br \/>\n<a href=\"https:\/\/www.badische-zeitung.de\/gebetsaktion-auf-freiburger-rathausplatz-endet-im-polizeikessel--207954742.html\">https:\/\/www.badische-zeitung.de\/gebetsaktion-auf-freiburger-rathausplatz-endet-im-polizeikessel&#8211;207954742.html<\/a><\/p>\n<p>&nbsp;<\/p>\n<p><strong>Rosenkranzgebet in M\u00fcnchen 5.1.2022 aufgel\u00f6st<\/strong><br \/>\n<strong>Gef\u00e4hrliche Gebete?<\/strong><br \/>\nEs war ein Bild, wie es die bayerische Landeshauptstadt selten gesehen hatte. \u201eMit Fahnen und Jubelrufen bereiteten die Menschen in M\u00fcnchen Papst Benedikt bei seiner Ankunft am 9. September 2006 einen begeisterten Empfang\u201c, erinnert die Erzdi\u00f6zese M\u00fcnchen auf ihrer Internetseite an das Ereignis. \u201eEs ist f\u00fcr mich tief bewegend, wieder auf diesem wundersch\u00f6nen Platz zu F\u00fc\u00dfen der Mariens\u00e4ule zu stehen\u201c, sagte der Heilige Vater auf dem Marienplatz, auf dem er sich im Februar 1982 als scheidender Erzbischof von M\u00fcnchen und Freising von seinem Erzbistum verabschiedet hatte. Das Rosenkranzgebet an der S\u00e4ule der Patrona Bavariae war einer der H\u00f6hepunkte von Benedikts Pastoralreise, die ihn weiter nach Regensburg, Alt\u00f6tting, Freising und seinen Geburtsort Marktl am Inn f\u00fchrte und unter dem Motto stand: \u201eWer glaubt, ist nie allein.\u201c<\/p>\n<p>Am Abend des 5. Januar 2022 bot sich am gleichen Ort ein anderes Bild. Wieder wollten Gl\u00e4ubige vor der S\u00e4ule der Gottesmutter den Rosenkranz beten. Doch diesmal war ihnen die Staatsmacht, die sich vor 16 Jahren noch im Glanze des ersten deutschen Papstes seit fast einem halben Jahrtausend ger\u00e4kelt hatte, nicht freundlich gesonnen. Dutzende schwer bewaffneter Polizisten versuchten, den Marienplatz abzuriegeln und jede \u00f6ffentliche Glaubens\u00e4u\u00dferung im Keim zu ersticken. \u201eDer Platz ist heute f\u00fcr sie tabu\u201c, herrschte ein nerv\u00f6ser Beamter die etwa hundert auf den Beginn des Gebets wartenden Menschen an.<br \/>\nUnsicherheit machte sich breit. Pl\u00f6tzlich hie\u00df es, das Gebet k\u00f6nne stattfinden, nur nicht vor der traditionslastigen S\u00e4ule in der Mitte des Platzes, sondern vor dem reichlich profanen Eingang des Kaufhauses Beck am Rathauseck. Mit dem Blick zur Mariens\u00e4ule gewandet, begann der Rosenkranz mit dem uralten Mantra: \u201cGegr\u00fc\u00dft seist Du Maria, voll der Gnade, der Herr ist mit Dir. Du bist gebenedeit unter den Frauen und gebenedeit ist die Frucht Deines Leibes, Jesus. Heilige Maria, Mutter Gottes, bitte f\u00fcr uns S\u00fcnder, jetzt und in der Stunde unseres Todes. Amen.\u201c Ein Gebet, das einmal selbstverst\u00e4ndliche \u00dcbung aller gl\u00e4ubigen Katholiken war und heute den meisten, wenn \u00fcberhaupt, nur noch in Form des etwas kitschigen \u201eAve Maria\u201c von Charles Gounod bekannt ist.<\/p>\n<p>Nur zehn Minuten sp\u00e4ter eine neue Ansage der in Kompaniest\u00e4rke anger\u00fcckten Ordnungsmacht. <em><strong>Die \u201eunangemeldete Versammlung\u201c sei f\u00fcr aufgel\u00f6st erkl\u00e4rt,<\/strong> <strong>Widerstand zwecklos.<\/strong><\/em> Mittlerweile donnerte \u00fcber den K\u00f6pfen der Betenden ein Polizeihubschrauber. Im unwirklichen Schein flackernden Blaulichts und begleitet von Sirenengeheul drohte eine martialische Polizeidurchsage jedem, der sich nicht sofort entferne, ein Ordnungsgeld von 3000 Euro an.<br \/>\nInmitten dieser unwirklichen Szenerie konnte sich das noch verbliebene H\u00e4uflein Gl\u00e4ubiger f\u00fchlen wie eine von r\u00f6mischen Legion\u00e4ren bedrohte Urchristen-Gemeinde im alten Rom. Mit dem Unterschied, dass man im Jahre 2022 zumindest nicht darauf gefasst sein muss, gekreuzigt oder im Zirkus den wilden Tieren zum Fra\u00df vorgeworfen zu werden.<br \/>\n&#8230;<br \/>\nDas halbst\u00fcndige Rosenkranzgebet auf dem M\u00fcnchner Marienplatz, Beginn jeden Mittwoch um 18.00 Uhr, ist Teil einer Bewegung, die sich Anfang Dezember unter dem Motto \u201eDeutschland betet Rosenkranz\u201c im Internet<br \/>\n<a href=\"https:\/\/www.deutschland-betet-rosenkranz.de\/\">https:\/\/www.deutschland-betet-rosenkranz.de\/<\/a><br \/>\nund auf dem Messengerdienst Telegramm formiert hatte und mittlerweile auf rund 500 Gebetsinitiativen in ganz Deutschland angewachsen ist.<br \/>\n&#8230; Alles vom 9.1.2022 von Georg Etscheit bitte lesen auf<br \/>\n<a href=\"https:\/\/www.achgut.com\/artikel\/gefaehrliche_gebete\">https:\/\/www.achgut.com\/artikel\/gefaehrliche_gebete<\/a><br \/>\n.<br \/>\nEinige Kommentare:<br \/>\n<strong>Real existierende Religionsfreiheit &#8230;<\/strong><br \/>\nVielleicht d\u00fcrfen bald nur noch Geimpfte und Genesene beten\u2026<br \/>\nWarum wundert man sich? Religionsfreiheit habe heute in Deutschland nur noch die Muslime!<br \/>\n9.1.2022, A.M.<\/p>\n<p><strong>Zwar bin ich nicht katholisch und bete deshalb nicht zu Maria<\/strong>,<br \/>\nsondern zu deren Sohn Jesus Christus, aber ich bin sehr f\u00fcr \u00f6ffentliche christliche Gebete! Evangelische Pfarrer wird man dabei wohl mit einer gro\u00dfen Lupe suchen m\u00fcssen, f\u00fcrchte ich. Aber Erzbischof Vigan\u00f2 macht sicher mit! Seien wir also subversiv und bitten Gott um gro\u00dfe Wellen seines Heiligen Geistes, damit es wieder heller wird in diesem finsteren Land\/Kontinent.<br \/>\n9.1.2022, I.G.<\/p>\n<p><strong>Es ist an der Zeit, Widerstand zu \u00fcben<\/strong><br \/>\nDie \u00f6ffentlichen Mariengebete sind tats\u00e4chlich so starke Zeichen gegen die Willk\u00fcr des Staates in der Corona-Zeit, eben weil sie so friedlich sind. Ich bin schon lange aus der katholischen Kirche ausgetreten. Aber den Glauben meiner Vorfahren habe ich nicht g\u00e4nzlich vergessen. Hoffentlich werden diese Gebete nicht durch Spitzel und Provokateure zersetzt. Allerdings haben die Betenden auf dem Marienplatz ein so unanfechtbares Beispiel gegen das absurde Katastrophen-Regime eines \u00fcbergriffigen Staates gefunden, das sich wie ein Lauffeuer ausbreiten k\u00f6nnte. Wenn die Menschen jetzt wieder \u00f6ffentlich beten, sind sie ernsthaft besorgt weil sie dem Staat nicht mehr trauen. Es tut sich was. Ich tue was, das ich schon lange nicht mehr getan habe: Beten. Vor der Mutter Gottes, wie meine Eltern und Gro\u00dfeltern. Hoffentlich kommen wir gut \u00fcber die n\u00e4chsten Monate. Und das bestimmt nicht nur durch die (vermeintlichen?) Seuche.<br \/>\n&#8218;9.1.2022, H.SCH<\/p>\n<p><strong>Fl\u00fcchtlinge erhalten Kirchenasyl, Rosenkranzbetende nicht<\/strong><br \/>\nDas Ganze k\u00f6nnte noch viel effektiver sein, wenn sich die Kirchen nicht inzwischen zum B\u00fcttel des Staates gemacht h\u00e4tten. \u201eFl\u00fcchtlinge\u201c durften seinerzeit auf Kirchenasyl hoffen &#8211; Ungeimpfte werden heute mit der Spritze empfangen.<br \/>\n9.1.2022, J.F.<\/p>\n<p><strong>&#8230; zu harmlosen Betenden den Hubschrauber und Truppe in Kampfmontur<\/strong><br \/>\nDiese noch vor 2 Jahren unvorstellbaren Entgleisungen der Staatsmacht haben den Vorteil dass bald ein Maa\u00df erreicht sein wird, das sich die breite gesetzestreue Bev\u00f6lkerung nicht mehr bieten l\u00e4sst und das die Politiker- und Medienl\u00fcgen schneller einst\u00fcrzen l\u00e4sst. Wenn dann noch herauskommen w\u00fcrde ob die im heutigen INDUBIO 195 ab Minute 8 ge\u00e4u\u00dferte mutma\u00dfliche Dunkelziffer von ann\u00e4hernd 40tausend Impftoten verdachtsm\u00e4\u00dfig stehen bliebe, w\u00e4re die Politik am Ende.<br \/>\nWarum sonst sollte man selbst zu harmlosen Betenden den Hubschrauber und die Truppe in Kampfmontur zu schicken? Mit dem was man die letzten 70 Jahre unter \u201cPolizei\u201d verstanden hat, hat das, was jetzt auf den Stra\u00dfen abgeht nichts mehr zu tun. In den Chef-Etagen der mRNA-Hersteller und den Regierungsb\u00fcros muss eine unbeschreibliche Angst vor dem Herauskommen der Tatsachen herrschen.<br \/>\n9.1.2022, G.D.<br \/>\nEnde Kommentare<\/p>\n<p>.<\/p>\n<p><strong>\u201eDeutschland betet\u201c ist ein Leuchtturm<\/strong><br \/>\nIn Zeiten der Verwirrung hebt sich die Initiative &#8222;Deutschland betet&#8220; wohltuend ab vom innerkatholischen Dauerstreit und der Angst vieler Christen vor einer neuen Weltordnung, in der Gott keine Rolle spielt.<br \/>\nDas Echo auf die j\u00fcngsten Initiativen zum \u00f6ffentlichen Rosenkranzgebet in Deutschland und \u00d6sterreich geht weit \u00fcber die Kreise frommer Katholiken hinaus. Seit einer Woche ist die Seite www.deutschland-betet-rosenkranz.de online und zieht inzwischen \u00f6kumenische Kreise. Insbesondere Freikirchler nehmen die Einladung an, ihre verunsicherten Zeitgenossen an die Chance des Gebets zu erinnern. In Zeiten der Verwirrung hebt sich die Initiative wohltuend ab vom innerkatholischen Dauerstreit und der Angst vieler Christen vor einer neuen Weltordnung, in der Gott keine Rolle spielt.<br \/>\n&#8230; Alles vom 16.12.2021 bitte lesen auf<br \/>\n<a href=\"https:\/\/www.die-tagespost.de\/kirche-aktuell\/aktuell\/deutschland-betet-ist-ein-leuchtturm-art-223791\">https:\/\/www.die-tagespost.de\/kirche-aktuell\/aktuell\/deutschland-betet-ist-ein-leuchtturm-art-223791<\/a><br \/>\n.<\/p>\n<p><strong>Initiative &#8222;Deutschland betet Rosenkranz&#8220;<\/strong><br \/>\nEine Gruppe von gl\u00e4ubigen, nicht in irgendeiner Weise organisierten freiwillig handelnden Christen, ohne jegliche Vorgaben au\u00dferhalb des Gebetszwecks, hat in ganz Deutschland damit begonnen \u00f6ffentlich den Rosenkranz zu beten. Dies geschieht unter einer einheitlichen Bezeichnung und m\u00f6glichst zur selben Zeit (Mittwochs 18:00 Uhr) unter dem Motto DEUTSCHLAND BETET ROSENKRANZ. Sie bitten bei all ihren Anliegen in dieser schweren Zeit in einer \u00fcblichen religi\u00f6sen Gebetsform, dem Rosenkranz als einzigem Gebetszweck, Gott und die Muttergottes um Hilfe.<br \/>\n&#8230;.<br \/>\nWichtiger Hinweis: Die Initiative \u201cDeutschland betet\u201d organisiert keinen \u00f6ffentlichen Rosenkranz bei Ihnen vor Ort. Starten Sie selbst ein Rosenkranzgebet oder schlie\u00dfen Sie sich einer bestehenden Gruppe an.<br \/>\nAktuelle Informationen auf unserem Telegramkanal: <a href=\"https:\/\/t.me\/deutschlandbetet\">https:\/\/t.me\/deutschlandbetet<\/a><br \/>\n<a href=\"https:\/\/www.deutschland-betet-rosenkranz.de\/\">https:\/\/www.deutschland-betet-rosenkranz.de\/<\/a><\/p>\n","protected":false},"excerpt":{"rendered":"<p>Home &gt;Religion\u00a0&gt;Kirchen &gt;Katholisch &gt;Rosenkranzgebet Christen beim Beten in FR eingekesselt: Angemessen ist das nicht (19.1.2022) Rosenkranzgebet in M\u00fcnchen 5.1.2022 aufgel\u00f6st (9.1.2022) Versammlung &#8211; nur 2 Personen (4.1.2022) \u201eDeutschland betet\u201c ist ein Leuchtturm (16.12.2021) Initiative &#8222;Deutschland betet Rosenkranz&#8220; (1.10.2021) Rosenkranzgebet wird &hellip; <a href=\"https:\/\/www.freiburg-schwarzwald.de\/blog\/religion\/katholisch\/rosenkranzgebet\/\">Weiterlesen <span class=\"meta-nav\">&rarr;<\/span><\/a><\/p>\n","protected":false},"author":2,"featured_media":0,"parent":5106,"menu_order":0,"comment_status":"closed","ping_status":"closed","template":"","meta":{"footnotes":""},"class_list":["post-97297","page","type-page","status-publish","hentry"],"_links":{"self":[{"href":"https:\/\/www.freiburg-schwarzwald.de\/blog\/wp-json\/wp\/v2\/pages\/97297","targetHints":{"allow":["GET"]}}],"collection":[{"href":"https:\/\/www.freiburg-schwarzwald.de\/blog\/wp-json\/wp\/v2\/pages"}],"about":[{"href":"https:\/\/www.freiburg-schwarzwald.de\/blog\/wp-json\/wp\/v2\/types\/page"}],"author":[{"embeddable":true,"href":"https:\/\/www.freiburg-schwarzwald.de\/blog\/wp-json\/wp\/v2\/users\/2"}],"replies":[{"embeddable":true,"href":"https:\/\/www.freiburg-schwarzwald.de\/blog\/wp-json\/wp\/v2\/comments?post=97297"}],"version-history":[{"count":5,"href":"https:\/\/www.freiburg-schwarzwald.de\/blog\/wp-json\/wp\/v2\/pages\/97297\/revisions"}],"predecessor-version":[{"id":97620,"href":"https:\/\/www.freiburg-schwarzwald.de\/blog\/wp-json\/wp\/v2\/pages\/97297\/revisions\/97620"}],"up":[{"embeddable":true,"href":"https:\/\/www.freiburg-schwarzwald.de\/blog\/wp-json\/wp\/v2\/pages\/5106"}],"wp:attachment":[{"href":"https:\/\/www.freiburg-schwarzwald.de\/blog\/wp-json\/wp\/v2\/media?parent=97297"}],"curies":[{"name":"wp","href":"https:\/\/api.w.org\/{rel}","templated":true}]}}