{"id":97271,"date":"2022-01-08T20:07:40","date_gmt":"2022-01-08T19:07:40","guid":{"rendered":"https:\/\/www.freiburg-schwarzwald.de\/blog\/?page_id=97271"},"modified":"2025-04-27T20:46:20","modified_gmt":"2025-04-27T18:46:20","slug":"luegen","status":"publish","type":"page","link":"https:\/\/www.freiburg-schwarzwald.de\/blog\/kultur\/kulturverlust\/luegen\/","title":{"rendered":"L\u00fcgen"},"content":{"rendered":"<p><a href=\"https:\/\/www.freiburg-schwarzwald.de\/blog\">Home<\/a>\u00a0&gt;<a title=\"Kultur\" href=\"https:\/\/www.freiburg-schwarzwald.de\/blog\/kultur\/\">Kultur<\/a>\u00a0&gt;<a href=\"https:\/\/www.freiburg-schwarzwald.de\/blog\/global\/deutschland\/deutsche-kultur\/\">Deutsche Kultur<\/a>\u00a0&gt;<a href=\"https:\/\/www.freiburg-schwarzwald.de\/blog\/kultur\/aufklaerung\/\">Aufkl\u00e4rung<\/a>\u00a0&gt;<a href=\"https:\/\/www.freiburg-schwarzwald.de\/blog\/kultur\/kulturrevolution\/\">Kulturrevolution<\/a> &gt;<a href=\"https:\/\/www.freiburg-schwarzwald.de\/blog\/kultur\/kulturverlust\/\">Kulturverlust<\/a> &gt;L\u00fcgen<\/p>\n<div id=\"attachment_95671\" style=\"width: 647px\" class=\"wp-caption alignnone\"><a href=\"https:\/\/www.freiburg-schwarzwald.de\/blog\/wp-content\/uploads\/2021\/10\/herbst-stare-weinberg211027-pan.jpg\"><img loading=\"lazy\" decoding=\"async\" aria-describedby=\"caption-attachment-95671\" class=\"size-full wp-image-95671\" src=\"https:\/\/www.freiburg-schwarzwald.de\/blog\/wp-content\/uploads\/2021\/10\/herbst-stare-weinberg211027-pan.jpg\" alt=\"\" width=\"637\" height=\"347\" srcset=\"https:\/\/www.freiburg-schwarzwald.de\/blog\/wp-content\/uploads\/2021\/10\/herbst-stare-weinberg211027-pan.jpg 637w, https:\/\/www.freiburg-schwarzwald.de\/blog\/wp-content\/uploads\/2021\/10\/herbst-stare-weinberg211027-pan-180x98.jpg 180w\" sizes=\"auto, (max-width: 637px) 100vw, 637px\" \/><\/a><p id=\"caption-attachment-95671\" class=\"wp-caption-text\">Stare vor dem Abflug \u00fcber dem Weinberg bei Freiburg Ende Oktober 2021<\/p><\/div>\n<ul>\n<li><em>Listenauswahl eines Beitrags (Artikel\/Datum, Seite\/Inhalt): <span style=\"text-decoration: underline;\">Klicken<\/span> oder scrollen<\/em><\/li>\n<li>Deutschland wird L\u00fcgenverbotszone: Die Regierung spricht dem Volk das Misstrauen aus (19.4.2025)<\/li>\n<li><a href=\"https:\/\/www.freiburg-schwarzwald.de\/blog\/global\/deutschland\/deutschland-hamas\/\">Der Westen schluckt noch immer die Hamas-Propaganda<\/a>\u00a0(7.4.2024)<\/li>\n<li><a href=\"https:\/\/www.freiburg-schwarzwald.de\/blog\/natur\/klima\/co2\/co2-klimaluege\/\">Der CO2-Betrug: Es ist alles gelogen<\/a>\u00a0(31.3.2025)<\/li>\n<li><a href=\"https:\/\/www.freiburg-schwarzwald.de\/blog\/kultur\/medien\/luegenpresse\/\">Kai Gniffke (ARD) und Giovanni di Lorenzo (Die Zeit) zur \u201eL\u00fcgenpresse\u201c<\/a>\u00a0(1.3.2023)<\/li>\n<li><a href=\"https:\/\/www.freiburg-schwarzwald.de\/blog\/global\/japan\/fukushima\/\">Fake-Nuss: von 18500 Fukushima-Toten in der ARD und anderen M\u00e4rchen<\/a>\u00a0(22.1.2023)<\/li>\n<li><a href=\"https:\/\/www.freiburg-schwarzwald.de\/blog\/engagement\/zukunft\/angst\/angstindustrie\/\">Die Angstmechanik: Corona und Klima<\/a>\u00a0(18.1.2023)<\/li>\n<li><a href=\"https:\/\/www.freiburg-schwarzwald.de\/blog\/spiegel-relotius-18-maria-22\/\">Spiegel: Relotius 18 \u2013 Maria 22<\/a>\u00a0(3.12.2022)<\/li>\n<li><a href=\"https:\/\/www.freiburg-schwarzwald.de\/blog\/engagement\/zukunft\/demokratie\/verfassung\/\">Ha\u00df und Hetze kommen jetzt direkt vom Amt<\/a>\u00a0(4.11.2022)<\/li>\n<li><a href=\"https:\/\/www.freiburg-schwarzwald.de\/blog\/energie-deutsche-doppelmoral\/\">Energie: Deutsche Doppelmoral<\/a>\u00a0(17.2.2022)<\/li>\n<li>Markus S\u00f6der: L\u00fcgendes System und L\u00fcgenpolitik (7.1.2022)<\/li>\n<li><\/li>\n<li><a href=\"https:\/\/www.freiburg-schwarzwald.de\/blog\/global\/deutschland\/moral2015\/doppelmoral\/\">Doppelmoral<\/a><\/li>\n<li><a href=\"https:\/\/www.freiburg-schwarzwald.de\/blog\/natur\/klima\/co2\/co2-klimaluege\/\">CO2-Klimal\u00fcge<\/a><\/li>\n<li><a href=\"https:\/\/www.freiburg-schwarzwald.de\/blog\/kultur\/medien\/luegenpresse\/\">L\u00fcgenpresse<\/a><\/li>\n<\/ul>\n<p>&nbsp;<\/p>\n<p><strong>Deutschland wird L\u00fcgenverbotszone: Die Regierung spricht dem Volk das Misstrauen aus<\/strong><br \/>\nDurchsuchungen unbescholtener U-Bahn-Passagiere und eine \u201estaatsferne Medienaufsicht\u201c, die bestimmt, was wahr ist. B\u00fcrger werden unter Generalverdacht gestellt. Ein Kommentar<br \/>\n19.4.<br \/>\n<a href=\"https:\/\/www.berliner-zeitung.de\/politik-gesellschaft\/deutschland-wird-luegenverbotszone-die-regierung-spricht-dem-volk-das-misstrauen-aus-li.2317847\">https:\/\/www.berliner-zeitung.de\/politik-gesellschaft\/deutschland-wird-luegenverbotszone-die-regierung-spricht-dem-volk-das-misstrauen-aus-li.2317847<\/a><br \/>\n.<br \/>\n<strong>Schwarz-Rot entwickelte \u201eL\u00fcgenverbot\u201c in Reaktion auf Rede von J.D. Vance in M\u00fcnchen<\/strong><br \/>\nDie kommende Regierung will mehr Kontrolle \u00fcber Online-Plattformen. Kritiker sehen darin einen Angriff auf die Meinungsfreiheit. Nun sagen Politiker von CDU und SPD, was sie vorhaben.<br \/>\n18.4.<br \/>\n<a href=\"https:\/\/www.berliner-zeitung.de\/politik-gesellschaft\/wie-kam-es-zum-luegenverbot-von-union-und-spd-absage-an-das-was-jd-vance-fordert-li.2316864\">https:\/\/www.berliner-zeitung.de\/politik-gesellschaft\/wie-kam-es-zum-luegenverbot-von-union-und-spd-absage-an-das-was-jd-vance-fordert-li.2316864<\/a><\/p>\n<p>&nbsp;<\/p>\n<p><strong>Markus S\u00f6der: L\u00fcgendes System und L\u00fcgenpolitik<\/strong><br \/>\n<strong>Impfung, L\u00fcge, Reaktion<\/strong><br \/>\nIm November 2021 lie\u00df der aktuelle bayerische M\u00f6chtegern-Strauss (Markus S\u00f6der) unter anderem \u00fcber seinen Twitter-Kanal erkl\u00e4ren:<br \/>\n<em>&#8222;Leider nehmen die Corona-Infektionen gerade bei Ungeimpften dramatisch zu. Es gibt einen direkten Zusammenhang von niedrigen Impfquoten und hohen Infektionsraten. Lassen Sie sich daher bitte impfen. Nur Impfen hilft. (@Markus_Soeder, 18.11.2021)&#8220;<\/em><br \/>\n<a href=\"https:\/\/twitter.com\/Markus_Soeder\/status\/1461362183636279309\">https:\/\/twitter.com\/Markus_Soeder\/status\/1461362183636279309<\/a><\/p>\n<p>Dazu wurde eine Grafik zur \u00bb7-Tage-Inzidenz\u00ab bei \u00bbgeimpften und ungeimpften Personen in Bayern\u00ab pr\u00e4sentiert. Nach dieser Grafik gab es 110 geimpfte Infizierte \u2013 und 1.469 Ungeimpfte!<br \/>\nEs sind dramatische Zahlen, und ihre Bedeutung w\u00e4re noch dramatischer, wenn die Zahlen wahr w\u00e4ren.<br \/>\nDie dramatische Zahl der ungeimpften Infizierten ergab sich (siehe dazu welt.de,<br \/>\n3.12.2021(\u20ac); <a href=\"https:\/\/www.welt.de\/politik\/deutschland\/plus235442252\/Fakten-zu-Inzidenzen-und-Patienten-Pandemie-der-Unwissenheit.html\">https:\/\/www.welt.de\/politik\/deutschland\/plus235442252\/Fakten-zu-Inzidenzen-und-Patienten-Pandemie-der-Unwissenheit.html<\/a><br \/>\nbild.de, 7.1.2022<br \/>\n<a href=\"https:\/\/m.bild.de\/regional\/muenchen\/muenchen-regional-politik-und-wirtschaft\/bayern-falsche-inzidenz-werte-fdp-fordert-personelle-konsequenzen-78450204.bildMobile.html###wt_ref=https%3A%2F%2Fwww.dushanwegner.com%2F&amp;wt_t=1641657380278\">https:\/\/m.bild.de\/regional\/muenchen\/muenchen-regional-politik-und-wirtschaft\/bayern-falsche-inzidenz-werte-fdp-fordert-personelle-konsequenzen-78450204.bildMobile.html###wt_ref=https%3A%2F%2Fwww.dushanwegner.com%2F&amp;wt_t=1641657380278<\/a> ) wohl schlicht daraus, dass alle Infizierten mit \u00bbunklarem\u00ab Impfstatus den Ungeimpften zugeschlagen wurden.<br \/>\n&#8230;<br \/>\nIm Text \u00bbDarf man \u00fcber L\u00fcgen reden\u00ab <a href=\"https:\/\/www.dushanwegner.com\/luegen\/\">https:\/\/www.dushanwegner.com\/luegen\/<\/a> habe ich schon 2018 das Argument vorgebracht, wonach ein System, das regelm\u00e4\u00dfig zielgerichtete Unwahrheiten produziert, durchaus als \u00bbl\u00fcgend\u00ab bezeichnet werden kann.<br \/>\nWir haben es wohl, so scheint es heute, bei der Corona-Panik-Politik mindestens in Teilen mit einem \u00bbl\u00fcgenden System\u00ab zu tun.<br \/>\nBei \u00bbl\u00fcgenden Redaktionen\u00ab passieren Fehler in politiknahen Redaktionen meist im Sinne der aktuellen Regierung und ihrer Absichten. Eine Politik wiederum, deren Fehler gr\u00f6\u00dftenteils in die Richtung eines Zieles passieren, lie\u00dfe sich demnach analog eine \u00bbL\u00fcgenpolitik\u00ab nennen.<br \/>\nEs scheint eine bew\u00e4hrte Praxis auch des deutschen Politik-Propaganda-Komplexes zu sein: Man erz\u00e4hlt eine Unwahrheit, man begr\u00fcndet einschneidende Ma\u00dfnahmen mit der Unwahrheit. Die Unwahrheit kommt heraus und wird kassiert \u2013 die Ma\u00dfnahmen aber bleiben Realit\u00e4t. Ach, wenn wir es \u00bbnur\u00ab mit L\u00fcgenpolitik zu tun h\u00e4tten. Exakt wie jeder Nicht-Doofe es doch erwartete, hat die Polizei begonnen, Daten aus Corona-Apps f\u00fcr andere Zwecke zu nutzen (bild.de, 8.1.2022).<br \/>\n&#8230; Alles vom 8.1.2022 bitte lesen auf<br \/>\n<a href=\"https:\/\/www.dushanwegner.com\/impfung-luege-reaktion\/\">https:\/\/www.dushanwegner.com\/impfung-luege-reaktion\/<\/a><\/p>\n","protected":false},"excerpt":{"rendered":"<p>Home\u00a0&gt;Kultur\u00a0&gt;Deutsche Kultur\u00a0&gt;Aufkl\u00e4rung\u00a0&gt;Kulturrevolution &gt;Kulturverlust &gt;L\u00fcgen Listenauswahl eines Beitrags (Artikel\/Datum, Seite\/Inhalt): Klicken oder scrollen Deutschland wird L\u00fcgenverbotszone: Die Regierung spricht dem Volk das Misstrauen aus (19.4.2025) Der Westen schluckt noch immer die Hamas-Propaganda\u00a0(7.4.2024) Der CO2-Betrug: Es ist alles gelogen\u00a0(31.3.2025) Kai Gniffke (ARD) &hellip; <a href=\"https:\/\/www.freiburg-schwarzwald.de\/blog\/kultur\/kulturverlust\/luegen\/\">Weiterlesen <span class=\"meta-nav\">&rarr;<\/span><\/a><\/p>\n","protected":false},"author":2,"featured_media":0,"parent":81438,"menu_order":0,"comment_status":"closed","ping_status":"closed","template":"","meta":{"footnotes":""},"class_list":["post-97271","page","type-page","status-publish","hentry"],"_links":{"self":[{"href":"https:\/\/www.freiburg-schwarzwald.de\/blog\/wp-json\/wp\/v2\/pages\/97271","targetHints":{"allow":["GET"]}}],"collection":[{"href":"https:\/\/www.freiburg-schwarzwald.de\/blog\/wp-json\/wp\/v2\/pages"}],"about":[{"href":"https:\/\/www.freiburg-schwarzwald.de\/blog\/wp-json\/wp\/v2\/types\/page"}],"author":[{"embeddable":true,"href":"https:\/\/www.freiburg-schwarzwald.de\/blog\/wp-json\/wp\/v2\/users\/2"}],"replies":[{"embeddable":true,"href":"https:\/\/www.freiburg-schwarzwald.de\/blog\/wp-json\/wp\/v2\/comments?post=97271"}],"version-history":[{"count":5,"href":"https:\/\/www.freiburg-schwarzwald.de\/blog\/wp-json\/wp\/v2\/pages\/97271\/revisions"}],"predecessor-version":[{"id":133301,"href":"https:\/\/www.freiburg-schwarzwald.de\/blog\/wp-json\/wp\/v2\/pages\/97271\/revisions\/133301"}],"up":[{"embeddable":true,"href":"https:\/\/www.freiburg-schwarzwald.de\/blog\/wp-json\/wp\/v2\/pages\/81438"}],"wp:attachment":[{"href":"https:\/\/www.freiburg-schwarzwald.de\/blog\/wp-json\/wp\/v2\/media?parent=97271"}],"curies":[{"name":"wp","href":"https:\/\/api.w.org\/{rel}","templated":true}]}}