{"id":9673,"date":"2012-08-22T12:20:19","date_gmt":"2012-08-22T10:20:19","guid":{"rendered":"https:\/\/www.freiburg-schwarzwald.de\/blog\/?page_id=9673"},"modified":"2025-09-21T20:34:20","modified_gmt":"2025-09-21T18:34:20","slug":"mais","status":"publish","type":"page","link":"https:\/\/www.freiburg-schwarzwald.de\/blog\/natur\/ernaehrung\/getreide\/mais\/","title":{"rendered":"Mais"},"content":{"rendered":"<p>Home &gt;<a title=\"Natur\" href=\"https:\/\/www.freiburg-schwarzwald.de\/blog\/natur\/\">Natur<\/a> &gt;<a title=\"Ernaehrung\" href=\"https:\/\/www.freiburg-schwarzwald.de\/blog\/natur\/ernaehrung\/\">Ernaehrung<\/a> &gt;<a title=\"Getreide\" href=\"https:\/\/www.freiburg-schwarzwald.de\/blog\/natur\/ernaehrung\/getreide\/\">Getreide<\/a> &gt;Mais<\/p>\n<div id=\"attachment_9678\" style=\"width: 612px\" class=\"wp-caption alignnone\"><a href=\"https:\/\/www.freiburg-schwarzwald.de\/blog\/natur\/ernaehrung\/getreide\/mais\/mais-ettenheimweiler-pan091026\/\" rel=\"attachment wp-att-9678\"><img loading=\"lazy\" decoding=\"async\" aria-describedby=\"caption-attachment-9678\" class=\"size-full wp-image-9678\" title=\"mais-ettenheimweiler-pan091026\" src=\"https:\/\/www.freiburg-schwarzwald.de\/blog\/wp-content\/uploads\/2012\/08\/mais-ettenheimweiler-pan091026.jpg\" alt=\"\" width=\"602\" height=\"195\" srcset=\"https:\/\/www.freiburg-schwarzwald.de\/blog\/wp-content\/uploads\/2012\/08\/mais-ettenheimweiler-pan091026.jpg 602w, https:\/\/www.freiburg-schwarzwald.de\/blog\/wp-content\/uploads\/2012\/08\/mais-ettenheimweiler-pan091026-180x58.jpg 180w\" sizes=\"auto, (max-width: 602px) 100vw, 602px\" \/><\/a><p id=\"caption-attachment-9678\" class=\"wp-caption-text\">Blick nach S\u00fcdwesten \u00fcber Maisfelder bei Ettenheimweiler am 26.10.2009 &#8211; rechts oben der Heubergturm<\/p><\/div>\n<p><strong>\u00a0Der Oberrhein ist die einzige Region in Deutschland, in der Maissaat w\u00e4chst<\/strong><\/p>\n<ul>\n<li><a href=\"https:\/\/www.freiburg-schwarzwald.de\/blog\/regio\/fluss\/rhein\/oberrhein\/\">Els\u00e4sser Gew\u00e4sserexperte: Grundwasser, Mais, Normalit\u00e4t<\/a>\u00a0(18.8.2022)<\/li>\n<li>Maispflanzen-W\u00fcste Oberrheingraben (3.8.2022)<\/li>\n<li><a href=\"https:\/\/www.freiburg-schwarzwald.de\/blog\/natur\/landwirt\/acker\/\">Arche-Noah-\u00c4cker und Emmer-\u00c4cker<\/a>\u00a0(7.7.2021)<\/li>\n<li>Maisanbau: Es handelt sich um zweifachen Missbrauch nat\u00fcrlicher Ressourcen (28.10.2020)<\/li>\n<li>Mais als Lebensmittel ist zu teuer (31.5.2015)<\/li>\n<li>Deutschland darf nicht zur Maisw\u00fcste verkommen (27.10.2014)<\/li>\n<li>Vermaisung &#8211; neues &#8222;Ver&#8220; (15.8.2014)<\/li>\n<li><a href=\"https:\/\/www.freiburg-schwarzwald.de\/blog\/genmais-1507-in-eu-zugelassen\/\">https:\/\/www.freiburg-schwarzwald.de\/blog\/genmais-1507-in-eu-zugelassen\/<\/a> (12.2.2014)<\/li>\n<li>Regionale Bundestagsabgeordnete zu Genmais 1507 (8.2.2014)<\/li>\n<li><a href=\"https:\/\/www.freiburg-schwarzwald.de\/blog\/bluetenvielfalt-statt-monokultur\/\">https:\/\/www.freiburg-schwarzwald.de\/blog\/bluetenvielfalt-statt-monokultur\/<\/a>\u00a0(26.5.2013)<\/li>\n<li><a href=\"https:\/\/www.freiburg-schwarzwald.de\/blog\/vatermais-in-biogasanlage-nutzen\/\">https:\/\/www.freiburg-schwarzwald.de\/blog\/vatermais-in-biogasanlage-nutzen\/<\/a>\u00a0(14.9.2012)<\/li>\n<li><a href=\"https:\/\/www.freiburg-schwarzwald.de\/drogen2.htm#Polizei findet Canabis-Plantagen in Maisfeldern bei Umweltfl\u00fcgen\">Polizei findet Canabis-Plantagen in Maisfeldern bei Umweltfl\u00fcgen<\/a> &gt;Drogen2 (3.9.2011)<\/li>\n<li><a href=\"https:\/\/www.freiburg-schwarzwald.de\/mais.htm#Biogas-Boom im Rheintal: Bund gegen weitere Mais- und Rapsfelder\">Biogas-Boom im Rheintal: Bund gegen weitere Mais- und Rapsfelder<\/a> &gt;Mais (16.2.2011)<\/li>\n<li><a href=\"https:\/\/www.freiburg-schwarzwald.de\/landeck.htm#Oh Graus, oh Graus, was wurde draus\">Rheintalebene: Oh Graus, oh Graus, was wurde draus?<\/a> &gt;Landeck (20.11.2010)<\/li>\n<li><a href=\"https:\/\/www.freiburg-schwarzwald.de\/mais.htm#Geh\u00e4ckselte Maispflanzen zu Ballen pressen\">Geh\u00e4ckselte Maispflanzen zu Ballen pressen<\/a> &gt;Mais (10.10.2010)<\/li>\n<li><a href=\"https:\/\/www.freiburg-schwarzwald.de\/soja.htm#Sofa und Tofu aus S\u00fcdbaden\">Sofa und Tofu aus S\u00fcdbaden<\/a> &gt;Soja (25.9.2010)<\/li>\n<li><a href=\"https:\/\/www.freiburg-schwarzwald.de\/mais.htm#Energiepflanze Mais boomt: Monokultur, Wildschweinplage, keine Lerchen\">Energiepflanze Mais boomt: Monokultur, Wildschweinplage, keine Lerchen<\/a> &gt;Mais (20.9.2010)<\/li>\n<li><a href=\"https:\/\/www.freiburg-schwarzwald.de\/mais.htm#Photovoltaik versus Biogas auf Maisbasis\">Photovoltaik versus Biogas auf Maisbasis<\/a>\u00a0 &gt;Mais (8.6.2010)<\/li>\n<li><a href=\"https:\/\/www.freiburg-schwarzwald.de\/biodiversitaet.htm#Artenvielfalt am Oberrhein: Gro\u00dfe Gef\u00e4hrdungen - kleine Chancen\">Artenvielfalt am Oberrhein: Gro\u00dfe Gef\u00e4hrdungen &#8211; kleine Chancen<\/a> &gt;Biodiversitaet (13.1.2010)<\/li>\n<li><a href=\"https:\/\/www.freiburg-schwarzwald.de\/weihnachten1.htm#R\u00fcckblick 2009 zu Umwelt-\/Naturschutzthemen, nicht nur im Dreyeckland\">R\u00fcckblick 2009 zu Umwelt-\/Naturschutzthemen, nicht nur im Dreyeckland<\/a> &gt;Weihn1 (16.12.09)<\/li>\n<li><a href=\"https:\/\/www.freiburg-schwarzwald.de\/mais.htm#Fruchtfolge beste L\u00f6sung gegen Maiswurzelbohrer\">Fruchtfolge beste L\u00f6sung gegen Maiswurzelbohrer<\/a> &gt;Mais (9.11.2009)<\/li>\n<li><a href=\"https:\/\/www.freiburg-schwarzwald.de\/mais.htm#Endlich: Maiswurzelbohrer wird mit Fruchtfolge bek\u00e4mpft\">Endlich: Maiswurzelbohrer wird mit Fruchtfolge bek\u00e4mpft<\/a> &gt;Mais (25.9.2009)<\/li>\n<li><a href=\"https:\/\/www.freiburg-schwarzwald.de\/mais.htm#Polizeieinsatz + Maiswurzelbohrer: Gef\u00e4hrliche Cannabis Ernte im Maisfeld\">Polizeieinsatz + Maiswurzelbohrer: Gef\u00e4hrliche &#8222;Cannabis Ernte&#8220; im Maisfeld<\/a> &gt;Mais (7.9.09)<\/li>\n<li><a href=\"https:\/\/www.freiburg-schwarzwald.de\/mais.htm#Maiswurzelbohrer mit Fadenw\u00fcrmern stoppen\">Maiswurzelbohrer mit Fadenw\u00fcrmern stoppen?<\/a> &gt;Mais (20.8.2009)<\/li>\n<li><a href=\"https:\/\/www.freiburg-schwarzwald.de\/mais.htm#S\u00fcdbaden und Elsass sind Maisland\">S\u00fcdbaden und Elsass sind Maisland<\/a> &gt;Mais (11.8.2009)<\/li>\n<li><a href=\"https:\/\/www.freiburg-schwarzwald.de\/saatgut.htm#Saatmais - Anbauspezialit\u00e4t in Breisgau und Ortenau\">Saatmais &#8211; Anbauspezialit\u00e4t in Breisgau und Ortenau<\/a> &gt;Saatgut (11.8.2009)<\/li>\n<li><a href=\"https:\/\/www.freiburg-schwarzwald.de\/gentechnik2.htm#Wenn die falsche Saat aufgeht\">Wenn die falsche Saat aufgeht<\/a> &gt;Gentechnik2 (19.7.2009)<\/li>\n<li><a href=\"https:\/\/www.freiburg-schwarzwald.de\/mais.htm#Maiswurzelbohrer: Minister Peter Hauk schlie\u00dft verpflichtende Fruchtfolge nicht aus\">Maiswurzelbohrer: Minister Peter Hauk schlie\u00dft verpflichtende Fruchtfolge nicht aus<\/a> (13.3.2009)<\/li>\n<li><a href=\"https:\/\/www.freiburg-schwarzwald.de\/gentechnik2.htm#Freiwillige Feldbefreiung: Tauschaktion Bantam gegen Genmais\">Freiwillige Feldbefreiung: Tauschaktion Bantam gegen Genmais<\/a> &gt;Gentechnik2 (3.12.2008)<\/li>\n<li><a href=\"https:\/\/www.freiburg-schwarzwald.de\/mais.htm#Maiswurzelbohrer, Bienen, Grundwasser: Pleiten, Pech und Umweltbelastung\">Maiswurzelbohrer, Bienen, Grundwasser: Pleiten, Pech und Umweltbelastung<\/a> &gt;Mais (5.6.08)<\/li>\n<li><a href=\"https:\/\/www.freiburg-schwarzwald.de\/energiepolitik3.htm#Agrotreibstoffe sind der falsche Weg\">Agrotreibstoffe sind der falsche Weg<\/a> &gt;Energiepolitik3 (30.11.2007)<\/li>\n<li><a href=\"https:\/\/www.freiburg-schwarzwald.de\/mais.htm#Umweltschonende Reihenfr\u00e4ssaat im Dreisamtal besser als Pfl\u00fcgen\">Umweltschonende Reihenfr\u00e4ssaat im Dreisamtal besser als Pfl\u00fcgen<\/a> (26.9.2007)<\/li>\n<li><a href=\"https:\/\/www.freiburg-schwarzwald.de\/getreidebau.htm#Mais - Einseitige Ausrichtung auf Monokultur immer sch\u00e4dlich\">Mais &#8211; Einseitige Ausrichtung auf Monokultur immer sch\u00e4dlich<\/a> &gt;Getreideanbau (21.9.2007)<\/li>\n<li><a href=\"https:\/\/www.freiburg-schwarzwald.de\/getreidebau.htm#Maiswurzelbohrer am Oberrhein - Gift oder Fruchtfolge\">Maiswurzelbohrer am Oberrhein &#8211; Gift oder Fruchtfolge?<\/a> &gt;Getreidebau (25.7.2007)<\/li>\n<li><a href=\"https:\/\/www.freiburg-schwarzwald.de\/getreidebau.htm#BVL verbietet genver\u00e4ndertes Mais-Saatgut Mon 810 nach Aussaat\">BVL verbietet genver\u00e4ndertes Mais-Saatgut Mon 810 nach Aussaat<\/a> &gt;Getreide (27.6.2007)<\/li>\n<li><a href=\"https:\/\/www.freiburg-schwarzwald.de\/gentechnik2.htm#Von 1998 bis 2000 in Buggingen gentechnisch ver\u00e4nderter Mais angebaut\">1998 bis 2000: in Buggingen gentechnisch ver\u00e4nderter Mais angebaut<\/a> &gt;Gentechnik2 (24.1.07)<\/li>\n<li><\/li>\n<li><a href=\"https:\/\/www.freiburg-schwarzwald.de\/blog\/natur\/landwirt\/acker\/\">Acker<\/a><\/li>\n<li><a href=\"https:\/\/www.freiburg-schwarzwald.de\/erdbeeren.htm\">Erdbeeren<\/a> &gt;Erdbeeren<\/li>\n<li>Fruchtfolgezwang bei Mais<\/li>\n<li><a href=\"https:\/\/www.freiburg-schwarzwald.de\/freiburgermuenstermarkt.htm\">Gem\u00fcse vom Markt<\/a> &gt;FreiburgerMuenstermarkt<\/li>\n<li>Maiswurzelbohrer<\/li>\n<li><a href=\"https:\/\/www.freiburg-schwarzwald.de\/obstbau.htm\">Obstbau, Obst<\/a> &gt;Obstbau<\/li>\n<li><a title=\"Silphie\" href=\"https:\/\/www.freiburg-schwarzwald.de\/blog\/natur\/landwirt\/silphie\/\">Silphie \u2013 Energiepflanze \u2013 Biogassubstrat \u2013 Maisersatz<\/a><\/li>\n<li><a href=\"https:\/\/www.freiburg-schwarzwald.de\/spargel.htm\">Spargelanbau<\/a> &gt;Spargel<\/li>\n<li><a href=\"https:\/\/www.freiburg-schwarzwald.de\/soja.htm\">Soja-Anbau<\/a> &gt;Soja<\/li>\n<\/ul>\n<div id=\"attachment_137710\" style=\"width: 649px\" class=\"wp-caption alignnone\"><a href=\"https:\/\/www.freiburg-schwarzwald.de\/blog\/wp-content\/uploads\/2025\/08\/mais-vermaisung-pan250809.jpg\"><img loading=\"lazy\" decoding=\"async\" aria-describedby=\"caption-attachment-137710\" class=\"size-full wp-image-137710\" src=\"https:\/\/www.freiburg-schwarzwald.de\/blog\/wp-content\/uploads\/2025\/08\/mais-vermaisung-pan250809.jpg\" alt=\"\" width=\"639\" height=\"383\" srcset=\"https:\/\/www.freiburg-schwarzwald.de\/blog\/wp-content\/uploads\/2025\/08\/mais-vermaisung-pan250809.jpg 639w, https:\/\/www.freiburg-schwarzwald.de\/blog\/wp-content\/uploads\/2025\/08\/mais-vermaisung-pan250809-180x108.jpg 180w\" sizes=\"auto, (max-width: 639px) 100vw, 639px\" \/><\/a><p id=\"caption-attachment-137710\" class=\"wp-caption-text\">Mais links, rechts und hinten im Dreisamtal bei Stegen 9.8.2025 &#8211; dank Subventionen<\/p><\/div>\n<p>.<\/p>\n<div id=\"attachment_139268\" style=\"width: 651px\" class=\"wp-caption alignnone\"><a href=\"https:\/\/www.freiburg-schwarzwald.de\/blog\/wp-content\/uploads\/2025\/09\/mais-vermaisung-ohne-pan250920.jpg\"><img loading=\"lazy\" decoding=\"async\" aria-describedby=\"caption-attachment-139268\" class=\"size-full wp-image-139268\" src=\"https:\/\/www.freiburg-schwarzwald.de\/blog\/wp-content\/uploads\/2025\/09\/mais-vermaisung-ohne-pan250920.jpg\" alt=\"\" width=\"641\" height=\"318\" srcset=\"https:\/\/www.freiburg-schwarzwald.de\/blog\/wp-content\/uploads\/2025\/09\/mais-vermaisung-ohne-pan250920.jpg 641w, https:\/\/www.freiburg-schwarzwald.de\/blog\/wp-content\/uploads\/2025\/09\/mais-vermaisung-ohne-pan250920-180x89.jpg 180w\" sizes=\"auto, (max-width: 641px) 100vw, 641px\" \/><\/a><p id=\"caption-attachment-139268\" class=\"wp-caption-text\">Abgeerntete Maisfelder im Dreisamtal bei Freiburg am 20.9.2025 &#8211; freier Blick<\/p><\/div>\n<p>&nbsp;<\/p>\n<p><strong>Maispflanzen-W\u00fcste Oberrheingraben<\/strong><br \/>\nDer Oberrheingraben ist mittlerweile nur noch eine einzige Maispflanzen-W\u00fcste. Und viel Mais landet nicht als Futter in Tierm\u00e4gen, sondern wird zu Biosprit. Was f\u00fcr ein haneb\u00fcchener Unsinn und riesige Verschwendung von Ressourcen. Warum ist die Politik in diesem Land nicht willens, ein echtes Fl\u00e4chenmanagement durchzusetzen. Die meisten Fl\u00e4chen sind gepachtet auf ein Jahr.<br \/>\nHier l\u00e4sst sich der Hebel zur Ver\u00e4nderung ansetzen. Neu verpachtet wird nur an Landwirte, die offen sind f\u00fcr echte Fruchtfolge mit der Erzeugung nach Demeter- oder Biolandrichtlinien. Noch besser w\u00e4re es, die auf den Fl\u00e4chen zu erzeugenden Feldfr\u00fcchte vorzuschreiben. Und endlich die Preise an das reale Leben anzupassen. Es gibt bestimmt genug Menschen, die sich daf\u00fcr begeistern und es m\u00fcssten nicht so viele Kleinbetriebe zugunsten gro\u00dfer, global agierender Agrarkonzerne aufgeben, nur weil der Preis f\u00fcr Kartoffeln aus Peru unter ihren Erzeugerkosten liegt.<br \/>\n3.8.2022, Martin Vogt, Lahr, BZ<\/p>\n<p>&nbsp;<\/p>\n<p>.<\/p>\n<p>&nbsp;<\/p>\n<p><strong>Maisanbau: Es handelt sich um zweifachen Missbrauch nat\u00fcrlicher Ressourcen<\/strong><br \/>\nAls Neub\u00fcrger in <a href=\"https:\/\/www.freiburg-schwarzwald.de\/blog\/regio\/orte\/badkrozingen\/\">Bad Krozingen<\/a> seit April dieses Jahres mit hohen Erwartungen an das Erleben einer wunderbaren Landschaft in Deutschland habe ich mich \u00fcberwiegend mit dem Fahrrad auf Erkundungstouren begeben und viel Erlebenswertes in der unmittelbaren Umgebung gesehen und genossen.<br \/>\nLeider war mein Blick in die <a href=\"https:\/\/www.freiburg-schwarzwald.de\/blog\/regio\/markgraeflerland\/\">wundersch\u00f6ne Landschaft<\/a> fast st\u00e4ndig gehindert durch Maisfelder bis zu zweieinhalb Metern H\u00f6he. Diese aus meiner Sicht ausgeuferte monokulturelle Landwirtschaft in einer so fruchtbaren Gegend hat mich geradezu entsetzt. Ich erachte dies nach n\u00e4herem Hinsehen als zweifachen Missbrauch nat\u00fcrlicher Ressourcen: n\u00e4mlich, erstens, extremer Auslaugung des Bodens mit nachfolgend hohem Stickstoffd\u00fcngereinsatz und, zweitens, durch \u00fcberm\u00e4\u00dfigen Verbrauch von Wasser aus Europas gr\u00f6\u00dftem Grundwasserreservoir mit umfangreichen Beregnungsanlagen und deren Betrieb auch bei Sonneneinstrahlung mit \u00fcber 35 Grad im Schatten.<br \/>\n.<br \/>\nLandwirte, mit denen ich das Gespr\u00e4ch gesucht habe, finden, wohl ihre Existenz im Auge, da verst\u00e4ndlicherweise eigene Begr\u00fcndungen im Vergleich mit dem alternativen Anbau anderer Kulturen. Leider findet das Fruchtfolgegebot zum Schutz des Bodens dabei nur untergeordnet Beachtung. Ich sehe mich, den Maisanbau betreffend, da in \u00dcbereinstimmung mit einem Beitrag vom 17. M\u00e4rz 2019 des BUND Regionalverband S\u00fcdlicher Oberrhein \u2013 &#8222;Oberrhein, Elsass, Baden: Fl\u00e4chenverbrauch &amp; die Verscheu\u00dflichung der Landschaft&#8220;.<br \/>\nEs bleibt jetzt zu hoffen, dass im Zuge der \u00f6kologischen Umstrukturierung der Landwirtschaft und der Klimaschutzaktivit\u00e4ten, wor\u00fcber im Gemeinderat Bad Krozingen am 5. Oktober berichtet und beraten wurde, das wichtige Thema Maisanbau bald dann auch \u00f6kologisch gel\u00f6st wird.<br \/>\n28.10.2020, Ernst Repp, Bad Krozingen, BZ<br \/>\n.<\/p>\n<p>&nbsp;<\/p>\n<p><strong>Mais als Lebensmittel ist zu teuer<\/strong><br \/>\nEs ist Wahnsinn, wenn die Spekulation an den Aktienb\u00f6rsen weltweit den Preis von Mais so hochtreibt, dass in Afrika Mais als Lebensmittel f\u00fcr die Bev\u00f6lkerung und Mais als Saatgut f\u00fcr die Landwirte unerschwinglich teuer wird. Hunger und Versteppung sind die Folge.<br \/>\nDer Mais, das Hauptnahrungsmittel im S\u00fcden Kenias ist viel zu teuer geworden, weshalb sich ihn nur noch ganz Wenige leisten k\u00f6nnen. Wie ist das m\u00f6glich, da sich die Turbopflanze Mais doch rasant auf dem Globus ausbreitet?Mais bedeckt inzwischen mehr Anbaufl\u00e4che als jedes andere Agrarprodukt. Es ist die &#8222;Industriepflanze&#8220; des 21. Jahrhunderts, bestens erforscht, von Konzernen vermarktet, perfekt zu verwerten.\u00a0Die Nachfrage ist riesig: Bei uns in D wird der Mais zu Biogas und Strom, die USA verspritten ihn zu Ethanol. Und weltweit f\u00fcttert Mais Milliarden von H\u00fchnern und Schweinen. Der Maispreis ist explodiert. Er richtet sich nach den Kosten f\u00fcrs \u00d6l, nach dem Fleischhunger auf dem Globus und den Interessen der Agrarkonzerne. Der Markt, der eigentlich die Menschen auf der Welt versorgen sollte, spielt verr\u00fcckt. Er macht die einen reich und l\u00e4sst die anderen hungern.<br \/>\nMehr zu &#8222;Der Mais-Wahn&#8220; am 1.6.2015 auf Phoenix:<br \/>\n<a href=\"https:\/\/www.phoenix.de\/content\/phoenix\/tv_programm\/der_mais_wahn\/888915\u00a0\">https:\/\/www.phoenix.de\/content\/phoenix\/tv_programm\/der_mais_wahn\/888915\u00a0<\/a><\/p>\n<p>&nbsp;<\/p>\n<p><!-- RSPEAK_STOP --><\/p>\n<p><!-- RSPEAK_START --><\/p>\n<p>&nbsp;<\/p>\n<p><strong>Deutschland darf nicht zur Maisw\u00fcste verkommen<\/strong><br \/>\nDer Verlust von Lebensraum sei mit ein Hauptgrund daf\u00fcr, dass sich die Zahl von V\u00f6geln, S\u00e4ugetieren, Reptilien und Fischen in 40 Jahren halbiert habe, berichtete die Badische Zeitung. Zu all den durch \u00fcberm\u00e4\u00dfigen Pestizid- und D\u00fcngemitteleinsatz verursachten Sch\u00e4den kommt in den letzten f\u00fcnf Jahren eine geradezu dramatische Ver\u00e4nderung unserer Agrarlandschaft durch teilweise fl\u00e4chendeckende Maisfelder, wie man sie inzwischen in Deutschland von der Ostsee bis hin zum Hochrhein leider konstatieren muss.<br \/>\nEine immer noch zu lukrative Subventionierung der &#8222;Bio&#8220;-Sprit-Produktion und der geringere Arbeitsaufwand f\u00fcr den Maisanbau sind offenbar nicht nur f\u00fcr rein gewinnorientierte Agrar-Fonds-Gesellschaften lohnender Anreiz, durch Maismonokulturen die Beseitigung von Kleintieren, Insekten und V\u00f6geln bedenkenlos in Kauf zu nehmen. Leider missachten dazu offenbar selbst die durchaus fachlich ausgebildeten Landwirte wissentlich sogar die Qualit\u00e4t ihrer eigenen B\u00f6den.<br \/>\nEin Maisanbauer \u2013 auf seine landwirtschaftlichen Fachkenntnisse angesprochen \u2013 antwortete locker, er sei ja schlie\u00dflich nicht Landwirt, sondern &#8222;Energiewirt&#8220;. Wenn eine solche Mentalit\u00e4t in der Landwirtschaft des 21. Jahrhunderts vorherrscht, verkommt das deutsche Landschaftsbild endg\u00fcltig zur Maisw\u00fcste, und die Tierwelt au\u00dferhalb von W\u00e4ldern und G\u00e4rten verschwindet \u2013 mit Ausnahme der Wildschweine.<br \/>\nWelcher Landesbauernverband oder welche Dorfgemeinschaft ergreift hier endlich als erste die Initiative und r\u00fcttelt die eigenen Berufskollegen auf, ihre \u00fcberzogene ruin\u00f6se Anbauentscheidung f\u00fcr Mais aus fachlicher Einsicht zur\u00fcckzufahren, auch wenn dann der erzielte Gewinn m\u00f6glicherweise ein wenig geringer ausf\u00e4llt?<br \/>\n27.10.2014, Dieter Schwarz, Freiburg<\/p>\n<p>&nbsp;<\/p>\n<p><strong>Vermaisung &#8211; neues &#8222;Ver&#8220;<br \/>\n<\/strong>In unserer Gesellschaft ist die Vorsilbe &#8222;Ver&#8220; zurecht gef\u00fcrchtet. Verelendung, Verletzung, Verleumdung, Verarmung, Verlust &#8230;. Die negativ besetzte Kette lie\u00dfe sich locker bis ins Unendliche fortsetzen. Doch nun soll es ein neues &#8222;Ver&#8220; in der Liste der Weltuntergangsvorboten geben \u2212 noch schlimmer und schonungsloser als alles, was die Menschheit bisher zu erwarten wagte: die Vermaisung. &#8230;. Alles vom 15.8.2014 bitte lesen auf<br \/>\n<span style=\"color: #000000;\"><a href=\"https:\/\/www.badische-zeitung.de\/uebrigens-neuer-alter-feind\">https:\/\/www.badische-zeitung.de\/uebrigens-neuer-alter-feind<\/a><\/span><\/p>\n<p>&nbsp;<\/p>\n<p><strong>Vermaisung &#8211; Diskussion ist notwendig<\/strong><\/p>\n<p>&#8211; Mais erobert Wiesenstandorte<br \/>\nMais vertr\u00e4gt mehr Feuchtigkeit als die traditionellen Getreidearten der Alten Welt. Darum erobern Mais\u00e4cker Standorte, die traditionell als Wiesen genutzt wurden, z.B. in Flu\u00dfauen &#8211; mit katatstophalen Folgen f\u00fcr Klima (Kohlenstofffreisetzung nach Gr\u00fcnlandumbruch), Artenvielfalt und Grundwasser (D\u00fcnger, Herbizide)<\/p>\n<p>&#8211; Mais bedeutet Herbizideinsatz<br \/>\nWeil er sehr sp\u00e4t aufl\u00e4uft, muss Mais sich gegen Beikr\u00e4uter, die fr\u00fcher dran sind, durchsetzen. Dazu braucht er Unterst\u00fctzung, und die bekommt er (au\u00dfer im Bio-Anbau, wo mechanisch gearbeitet wird) durch Boden-Herbizide. Das haupts\u00e4chlich im Maisanbau eingesetzte und seit \u00fcber 20 Jahren verbotene Atrazin ist immer noch im Grundwasser nachweisbar. Auch modernere Herbizide werden h\u00e4ufig im Grund- und Trinkwasser nachgewiesen<\/p>\n<p>&#8211; Mais bedeutet hohe Stickstoffd\u00fcngung<br \/>\nMais produziert in kurzer Zeit sehr viel Biomasse und braucht daf\u00fcr sehr viel Stickstoff &#8211; mineralisch oder als G\u00fclle. Obwohl Mais viel Stickstoff aufnehmen kann, geht bei der D\u00fcngung viel daneben. Die Nitrat-Berichte des Landwirtschaftsministeriums zeigen, dass Mais zu den Kulturen mit den h\u00f6chsten Nitratgehalten im Boden\/Grundwasser geh\u00f6rt.<\/p>\n<p>&#8211; Mais auf Mais f\u00f6rdert Sch\u00e4dlinge und provoziert Insektizideinsatz<br \/>\nEnge Fruchtfolgen mit h\u00e4ufigem Maisanbau, insbesondere der jahrelange Anbau von Mais nach Mais, f\u00f6rdert Schadinsekten wie Maisz\u00fcnsler und Fritfliege, in j\u00fcngster Zeit auch den eingef\u00fchrten Maiswurzelbohrer. Die Folge ist der Einsatz von Insektiziden (als Spritz- oder Beizmittel) mit teilweise katatstrophalen Folgen f\u00fcr die Begleitfauna.<\/p>\n<p>-Ein extremes Beispiel war das massive Bienensterben im Jahr 2008, ausgel\u00f6st durch die Bek\u00e4mpfung des Maiswurzelbohrers mit der Saatgutbeize Poncho. Rund 11.500 Bienenv\u00f6lker waren betroffen, das hei\u00dft, sie wurden durch das falsch angewendete Pflanzenschutzgift des Herstellers Bayer CropScience entweder dezimiert oder ganz vernichtet.<br \/>\nWenn ein &#8222;Streit&#8220; um den Begriff der Vermaisung notwendige Debatten ausl\u00f6st, dann ist das gut so.<\/p>\n<p>17.8.2014, Axel Mayer, Kreisrat<br \/>\n<a href=\"https:\/\/www.mitwelt.org\/mais.html\" target=\"_blank\" rel=\"noopener noreferrer\">https:\/\/www.mitwelt.org\/mais.html<\/a><br \/>\n<a href=\"https:\/\/www.mitwelt.org\/mais-fruchtfolge-maiswurzelbohrer.html\" target=\"_blank\" rel=\"noopener noreferrer\">https:\/\/www.mitwelt.org\/mais-fruchtfolge-maiswurzelbohrer.html<\/a><\/p>\n<p>&nbsp;<\/p>\n<p>&nbsp;<\/p>\n<p><strong>Regionale Bundestagsabgeordnete zu Genmais 1507<\/strong><\/p>\n<p>Die Haltung wird schwammiger: Regionale Bundestagsabgeordnete stimmen im Bundestag gegen einen Antrag, dem Genmais 1507 die Zulassung zu verweigern. &#8230;.<br \/>\nAlles vom 8.2.2014 bitte lesen auf<br \/>\n<a href=\"https:\/\/www.badische-zeitung.de\/loerrach\/die-klare-haltung-wird-schwammiger--80483964.html\">https:\/\/www.badische-zeitung.de\/loerrach\/die-klare-haltung-wird-schwammiger&#8211;80483964.html<br \/>\n<\/a><br \/>\n<strong>Nachteile f\u00fcr die Insektenwelt<\/strong><br \/>\nDas \u00fcbliche, erb\u00e4rmliche Geseier und Gewinde kreuzloser Parteiknechte jeglicher Couleur, die ihr Gewissen und ihren Verstand gegen das Parteibuch eingetauscht haben. Wie kann man auf Basis derart fadenscheiniger Begr\u00fcndungen eine solch weitreichende Entscheidung treffen und einer Technik T\u00fcr und Tor \u00f6ffnen, die mehrheitlich niemand will? Vielleicht k\u00f6nnen mir die Herrschaften erkl\u00e4ren, wieso man den Anbau einer Pflanze zulassen will, die resistent gegen ein Herbizid ist, dass wegen embryonensch\u00e4digender Wirkung eigentlich \u00fcberhaupt nicht ausgebracht werden sollte?<br \/>\nDie Nachteile f\u00fcr die Insektenwelt liegen zun\u00e4chst einmal auf der Hand. Angemerkt werden sollte allerdings auch, dass die Schadinsekten gegen die Giftstoffe, die von der Bakterienart Bacillus thuringiensis (deshalb BT-Mais) die man hinein gebastelt hat, mittelfristig Resistenzen entwickeln und entwickelt haben, wie Studien aus den USA belegen. Zur Sch\u00e4dlingsbek\u00e4mpfung m\u00fcssen dann noch mehr Pestizide ausgebracht werden statt weniger. Keine Sorge, \u00fcber die Nahrungskette landet mittelfristig alles auf unserem Teller, ob mit oder ohne Deklaration.\u00a0Abgesehen davon graut mir als Imker jetzt schon vor der Zukunft, wenn im Honig gentechnisch ver\u00e4nderter Pollen nachgewiesen und dieser dann als Nahrungsmittel nicht mehr verkauft werden kann. Als ob die Bienen nicht schon Probleme genug h\u00e4tten.\u00a0Mein Respekt gilt Herr Matern von Marschall, der nun aber wohl das Ende seiner Karriere in diesem Verein eingel\u00e4utet hat.<br \/>\n8.2.2014, Markus Ihringer<\/p>\n<p>.<\/p>\n<p><strong>Genmais 1507<\/strong><br \/>\nDie Debatte um den Genmais 1507 begann 2001; damals beantrage die Firma Pioneer Hi-Bred, ein Tochterunternehmen des US-amerikanischen Chemiemultis DuPont, die Zulassung in der EU. 2010 verklagte das Unternehmen schlie\u00dflich die EU-Kommission, da sie den Antrag nicht fristgerecht bearbeitet habe. Dieser Klage gab das Gericht der Europ\u00e4ischen Union im September 2013 Recht. Biologisch zeichnet sich die gentechnisch ver\u00e4nderte Maissorte vor allem durch zwei Eigenschaften aus: Zum einen ist sie immun gegen den in Unkrautvernichtungsmitteln (Herbiziden) verwendeten Wirkstoff Glufosinat; dessen Anwendung wiederum ist in der EU strengen beschr\u00e4nkt, da ihn die Wissenschaft als Embryo-sch\u00e4digend einstuft. Zus\u00e4tzlich produziert die Sorte ein Gift, das sch\u00e4dliche Schmetterlingsarten wie den Maisz\u00fcnsler bek\u00e4mpfen soll. Laut der Gr\u00fcnen belegen Studien indes auch, dass diese Sorte noch giftiger ist als der Genmais MON810. Das EU-Parlament hatte sich am 23. Januar noch mit breiter Mehrheit gegen eine Zulassung f\u00fcr Mais 1507 ausgesprochen, auch weil diese grundlegende Bedeutung hat. Denn neben diesem Mais stehen Zulassungen f\u00fcr mindestens f\u00fcnf weitere gentechnisch ver\u00e4nderte Pflanzen an, deren Verfahren \u00e4hnlich fortgeschritten sind.<\/p>\n<p>&nbsp;<\/p>\n<p>&nbsp;<\/p>\n<p>&nbsp;<\/p>\n<p><strong>Fruchtfolgen &#8211; Fruchtfolgezwang bei Mais<\/strong><\/p>\n<p>Der Fruchtfolgezwang beim Mais muss bleiben, denn nur so l\u00e4sst sich ohne Chemie der urspr\u00fcnglich aus Italien eingeschleppte\u00a0\u00a0Maiswurzelbohrer in Schach halten. Bei den <a title=\"Imker\" href=\"https:\/\/www.freiburg-schwarzwald.de\/blog\/business\/handwerk\/imker\/\">Imkern<\/a> unvergessen ist das Bienensterben im Sommer 2008, das\u00a0durch den Einsatz von Pestiziden auf den Maisfeldern entstand. 12 000 Bienenv\u00f6lker waren damals von dem inzwischen verbotenen Beizmittel Clothianidin betroffen. Die EU hatte daraufhin im Jahr 2009 strenge Fruchtfolgeregelungen erlassen: &#8222;In drei aufeinanderfolgenden Jahren nur zweimal Mais auf der gleichen Fl\u00e4che anbauen&#8220;.<\/p>\n<p>Fruchtfolgen werden von der EU angeordnet &#8230; Seit Jahrtausenden wei\u00df die Menschheit, dass es sinnvoll ist, Fruchfolgen zu beachten, um die B\u00f6den fruchtbar zu halten und langfristig Ernteertr\u00e4ge zu sichern.\u00a0Aber wir modernen Menschen in den Industriel\u00e4ndern glauben ja, dass wir uns dar\u00fcber hinwegsetzen k\u00f6nnen und das alles mit moderner Technik \/ Chemie im Griff haben. Wenn nicht, dann geht es eben wenigstens darum kurzfristig die Ums\u00e4tze bzw. Gewinnw zu sichern. Die Komplexit\u00e4t von \u00d6kosystemen \u00fcbersteigt unsere F\u00e4higkeiten es wirklich im Griff zu haben und das kurzfristige Gewinndenken wird uns mittel- und lagnfristig nicht weiterbringen &#8211; im Gegenteil<br \/>\n22.8.2012, Peter Schneiderhahn<\/p>\n<p>&nbsp;<\/p>\n<p><strong>Maiswurzelbohrer<\/strong><\/p>\n<p>Der Maiswurzelbohrer ist ein gef\u00fcrchteter Pflanzensch\u00e4dling und stammt aus Amerika. Er hat bereits Sch\u00e4den in Millionenh\u00f6he angerichtet. Die Larven der K\u00e4fer ern\u00e4hren sich von den Wurzeln der Maispflanzen und st\u00f6ren so die Wasseraufnahme. Die K\u00e4\u00e4fer fressen die Kolben von oben ab. Bei starkem Befall kann der Ernteverlust rund 80 Prozent betragen. Laut Maiswurzelbohrer-Bek\u00e4mpfungsverordnung des Bundes d\u00fcrfen Bauern in drei Jahren nur maximal zweimal Mais anbauen, um den K\u00e4fern die Lebensgrundlage zu entziehen. Im August 2012 berichtet das Ministerium BW\u00a0 von Unregelm\u00e4\u00dfigkeiten bei der Fruchtfolge bei etwa 100 Betrieben auf einer Gesamtfl\u00e4che von etwa 130 Hektar in den Kreisen Emmendingen und in der Ortenau &#8211; insgesamt w\u00fcrden in den beiden Landkreisen knapp 19.000 Hektar Mais angebaut.<\/p>\n<p>&nbsp;<\/p>\n<p><a href=\"https:\/\/www.freiburg-schwarzwald.de\/blog\/natur\/ernaehrung\/getreide\/mais\/mais1gottenheim121029\/\" rel=\"attachment wp-att-19240\"><img loading=\"lazy\" decoding=\"async\" class=\"alignnone size-thumbnail wp-image-19240\" title=\"mais1gottenheim121029\" src=\"https:\/\/www.freiburg-schwarzwald.de\/blog\/wp-content\/uploads\/2012\/08\/mais1gottenheim121029-180x135.jpg\" alt=\"\" width=\"180\" height=\"135\" srcset=\"https:\/\/www.freiburg-schwarzwald.de\/blog\/wp-content\/uploads\/2012\/08\/mais1gottenheim121029-180x135.jpg 180w, https:\/\/www.freiburg-schwarzwald.de\/blog\/wp-content\/uploads\/2012\/08\/mais1gottenheim121029.jpg 640w\" sizes=\"auto, (max-width: 180px) 100vw, 180px\" \/><\/a>\u00a0\u00a0\u00a0\u00a0\u00a0\u00a0\u00a0\u00a0\u00a0 <a href=\"https:\/\/www.freiburg-schwarzwald.de\/blog\/natur\/ernaehrung\/getreide\/mais\/mais2gottenheim121029\/\" rel=\"attachment wp-att-19241\"><img loading=\"lazy\" decoding=\"async\" class=\"alignnone size-thumbnail wp-image-19241\" title=\"mais2gottenheim121029\" src=\"https:\/\/www.freiburg-schwarzwald.de\/blog\/wp-content\/uploads\/2012\/08\/mais2gottenheim121029-180x135.jpg\" alt=\"\" width=\"180\" height=\"135\" srcset=\"https:\/\/www.freiburg-schwarzwald.de\/blog\/wp-content\/uploads\/2012\/08\/mais2gottenheim121029-180x135.jpg 180w, https:\/\/www.freiburg-schwarzwald.de\/blog\/wp-content\/uploads\/2012\/08\/mais2gottenheim121029.jpg 640w\" sizes=\"auto, (max-width: 180px) 100vw, 180px\" \/><\/a><br \/>\n(1) Maiskolben am 29.10.2012 in Gottenheim am Tuniberg<\/p>\n<p>&nbsp;<\/p>\n<p>&nbsp;<\/p>\n<h1><\/h1>\n","protected":false},"excerpt":{"rendered":"<p>Home &gt;Natur &gt;Ernaehrung &gt;Getreide &gt;Mais \u00a0Der Oberrhein ist die einzige Region in Deutschland, in der Maissaat w\u00e4chst Els\u00e4sser Gew\u00e4sserexperte: Grundwasser, Mais, Normalit\u00e4t\u00a0(18.8.2022) Maispflanzen-W\u00fcste Oberrheingraben (3.8.2022) Arche-Noah-\u00c4cker und Emmer-\u00c4cker\u00a0(7.7.2021) Maisanbau: Es handelt sich um zweifachen Missbrauch nat\u00fcrlicher Ressourcen (28.10.2020) Mais als &hellip; <a href=\"https:\/\/www.freiburg-schwarzwald.de\/blog\/natur\/ernaehrung\/getreide\/mais\/\">Weiterlesen <span class=\"meta-nav\">&rarr;<\/span><\/a><\/p>\n","protected":false},"author":4,"featured_media":0,"parent":9659,"menu_order":0,"comment_status":"closed","ping_status":"closed","template":"","meta":{"footnotes":""},"class_list":["post-9673","page","type-page","status-publish","hentry"],"_links":{"self":[{"href":"https:\/\/www.freiburg-schwarzwald.de\/blog\/wp-json\/wp\/v2\/pages\/9673","targetHints":{"allow":["GET"]}}],"collection":[{"href":"https:\/\/www.freiburg-schwarzwald.de\/blog\/wp-json\/wp\/v2\/pages"}],"about":[{"href":"https:\/\/www.freiburg-schwarzwald.de\/blog\/wp-json\/wp\/v2\/types\/page"}],"author":[{"embeddable":true,"href":"https:\/\/www.freiburg-schwarzwald.de\/blog\/wp-json\/wp\/v2\/users\/4"}],"replies":[{"embeddable":true,"href":"https:\/\/www.freiburg-schwarzwald.de\/blog\/wp-json\/wp\/v2\/comments?post=9673"}],"version-history":[{"count":5,"href":"https:\/\/www.freiburg-schwarzwald.de\/blog\/wp-json\/wp\/v2\/pages\/9673\/revisions"}],"predecessor-version":[{"id":139269,"href":"https:\/\/www.freiburg-schwarzwald.de\/blog\/wp-json\/wp\/v2\/pages\/9673\/revisions\/139269"}],"up":[{"embeddable":true,"href":"https:\/\/www.freiburg-schwarzwald.de\/blog\/wp-json\/wp\/v2\/pages\/9659"}],"wp:attachment":[{"href":"https:\/\/www.freiburg-schwarzwald.de\/blog\/wp-json\/wp\/v2\/media?parent=9673"}],"curies":[{"name":"wp","href":"https:\/\/api.w.org\/{rel}","templated":true}]}}