{"id":96533,"date":"2021-12-04T14:52:14","date_gmt":"2021-12-04T13:52:14","guid":{"rendered":"https:\/\/www.freiburg-schwarzwald.de\/blog\/?page_id=96533"},"modified":"2026-07-01T20:59:11","modified_gmt":"2026-07-01T18:59:11","slug":"gewaltenteilung","status":"publish","type":"page","link":"https:\/\/www.freiburg-schwarzwald.de\/blog\/engagement\/zukunft\/demokratie\/gewaltenteilung\/","title":{"rendered":"Gewaltenteilung"},"content":{"rendered":"<p><a href=\"https:\/\/www.freiburg-schwarzwald.de\/blog\">Home<\/a>\u00a0&gt;<a title=\"Engagement\" href=\"https:\/\/www.freiburg-schwarzwald.de\/blog\/engagement\/\">Engagement<\/a>\u00a0&gt;<a title=\"Zukunft\" href=\"https:\/\/www.freiburg-schwarzwald.de\/blog\/engagement\/zukunft\/\">Zukunft<\/a>\u00a0&gt;<a title=\"Demokratie\" href=\"https:\/\/www.freiburg-schwarzwald.de\/blog\/engagement\/zukunft\/demokratie\/\">Demokratie<\/a> &gt;<a href=\"https:\/\/www.freiburg-schwarzwald.de\/blog\/engagement\/zukunft\/demokratie\/grundgesetz\/\">Grundgesetz<\/a> &gt;Gewaltenteilung<\/p>\n<div id=\"attachment_96474\" style=\"width: 649px\" class=\"wp-caption alignnone\"><img loading=\"lazy\" decoding=\"async\" aria-describedby=\"caption-attachment-96474\" class=\"size-full wp-image-96474\" src=\"https:\/\/www.freiburg-schwarzwald.de\/blog\/wp-content\/uploads\/2021\/12\/nebel-dreisamtal-lindlehoeh20211124pan.jpg\" alt=\"\" width=\"639\" height=\"282\" srcset=\"https:\/\/www.freiburg-schwarzwald.de\/blog\/wp-content\/uploads\/2021\/12\/nebel-dreisamtal-lindlehoeh20211124pan.jpg 639w, https:\/\/www.freiburg-schwarzwald.de\/blog\/wp-content\/uploads\/2021\/12\/nebel-dreisamtal-lindlehoeh20211124pan-180x79.jpg 180w\" sizes=\"auto, (max-width: 639px) 100vw, 639px\" \/><p id=\"caption-attachment-96474\" class=\"wp-caption-text\">Von der Lindleh\u00f6h bei St.Peter \u00fcbers neblige Dreisamtal zum Schauinsland am 27.11.2021<\/p><\/div>\n<ul>\n<li><em>Listenauswahl eines Beitrags (Artikel\/Datum, Seite\/Inhalt): <span style=\"text-decoration: underline;\">Klicken<\/span> oder scrollen<\/em><\/li>\n<li><a href=\"https:\/\/www.freiburg-schwarzwald.de\/blog\/afd-parteitag-4-juli-erfurt-beten\/\">AfD-Parteitag 4.Juli Erfurt: Beten<\/a>\u00a0(1.7.2026)<\/li>\n<li><a href=\"https:\/\/www.freiburg-schwarzwald.de\/blog\/persoenliche-beleidigungen-nie\/\">Pers\u00f6nliche Beleidigungen: Nie!<\/a>\u00a0(8.6.2026)<\/li>\n<li><a href=\"https:\/\/www.freiburg-schwarzwald.de\/blog\/vereine\/ngo\/ngo-komplex\/\">Verbandsklagerecht: NGOs klagen, Gerichte entscheiden, Politik folgt<\/a>\u00a0(4.4.2026)<\/li>\n<li>Wegen AfD-Erfolgen: Richterbund will Weisungsgebundenheit der Staatsanwaltschaften abschaffen (30.12.2025)<\/li>\n<li>Roland Tichy: Gewaltenteilung gilt nicht f\u00fcr Parteibuchinhaber &#8211; Ludwigshafen (31.8.2025)<\/li>\n<li><a href=\"https:\/\/www.freiburg-schwarzwald.de\/blog\/engagement\/buerger\/buergerwehr\/\">Jugendgang terrorisiert Dorf: Einwohner gr\u00fcnden B\u00fcrgerwehr, weil es an Polizei fehlt<\/a>\u00a0(9.7.2025)<\/li>\n<li><a href=\"https:\/\/www.freiburg-schwarzwald.de\/blog\/selbsthilfe\/soziales\/justiz\/justiz-politik\/\">Die Kaperung des Bundesverfassungsgerichts n\u00e4hert sich dem Ziel<\/a>\u00a0(9.7.2025)<\/li>\n<li><a href=\"https:\/\/www.freiburg-schwarzwald.de\/blog\/engagement\/zukunft\/demokratie\/verfassung\/bundesverfassungsgericht\/\">Das K\u00f6nigreich der linken Richter: Frauke Brosius-Gersdorf (SPD)<\/a>\u00a0(6.7.2025)<\/li>\n<li><a href=\"https:\/\/www.freiburg-schwarzwald.de\/blog\/grenz-regierung-oder-gericht\/\">Grenze: Regierung oder Gericht<\/a>\u00a0(4..6.2025)<\/li>\n<li><a href=\"https:\/\/www.freiburg-schwarzwald.de\/blog\/selbsthilfe\/soziales\/justiz\/krista\/\">KRiStA-Symposion in Halle 16.11.2024: Meinungsfreiheit \u2013 ein Grundrecht in Gefahr<\/a> (15.10.2024)<\/li>\n<li><a href=\"https:\/\/www.freiburg-schwarzwald.de\/blog\/global\/deutschland\/deutsche-geschichte\/\">Joachim Fest: Aufkl\u00e4rung \u2013 Gewaltenteilung \u2013 Studienjahre in Freiburg<\/a>\u00a0(16.6.2024)<\/li>\n<li><a href=\"https:\/\/www.freiburg-schwarzwald.de\/blog\/judikative-muss-unabhaengig-sein\/\">Judikative mu\u00df unabh\u00e4ngig sein<\/a>\u00a0(14.5.2024)<\/li>\n<li><a href=\"https:\/\/www.freiburg-schwarzwald.de\/blog\/engagement\/zukunft\/demokratie\/verfassung\/verfassungsschutz\/\">Wie der Verfassungsschutz politisiert wird \u2013 Das ist ein wei\u00dfer Pudel<\/a>\u00a0(22.3.2024)<\/li>\n<li>Laschet: Keine Gewaltenteilung mehr (12.3.2024)<\/li>\n<li><a href=\"https:\/\/www.freiburg-schwarzwald.de\/blog\/selbsthilfe\/soziales\/justiz\/polizei\/polizei-hilflos\/\">Festnahme in Neuk\u00f6lln: Menschenmenge geht gegen Polizei vor<\/a>\u00a0(15.8.2023)<\/li>\n<li><a href=\"https:\/\/www.freiburg-schwarzwald.de\/blog\/selbsthilfe\/soziales\/justiz\/richter\/\">Berufsverbot: \u201eSensationsrichter\u201c von Weimar kaltgestellt<\/a>\u00a0(25.1.2023)<\/li>\n<li><a href=\"https:\/\/www.freiburg-schwarzwald.de\/blog\/direkte-demokratie-waehlerwille\/\">Direkte Demokratie: W\u00e4hlerwille<\/a>\u00a0(21.1.2023)<\/li>\n<li><a href=\"https:\/\/www.freiburg-schwarzwald.de\/blog\/gewaltmonopol-und-integration\/\">Gewaltmonopol und Integration<\/a>\u00a0(9.1.2023)<\/li>\n<li>Checks and Balances = Gewaltenteilung (16.12.2022)<\/li>\n<li><a href=\"https:\/\/www.freiburg-schwarzwald.de\/blog\/engagement\/zukunft\/demokratie\/opposition\/\">Die Opposition legitimiert die Demokratie, nicht die Regierung<\/a>\u00a0(14.12.2022)<\/li>\n<li><a href=\"https:\/\/www.freiburg-schwarzwald.de\/blog\/berlinwahl-285000-mal-irregulaer\/\">Berlinwahl 285000 mal irregul\u00e4r<\/a>\u00a0(26.9.2022)<\/li>\n<li><a href=\"https:\/\/www.freiburg-schwarzwald.de\/blog\/frei-bruederlich-und-gleich-in-d\/\">Frei, br\u00fcderlich und gleich in D<\/a>\u00a0(10.9.2022)<\/li>\n<li><a href=\"https:\/\/www.freiburg-schwarzwald.de\/blog\/42-regierungsbeauftragte\/\">42 Regierungsbeauftragte<\/a>\u00a0(6.8.2022)<\/li>\n<li><a href=\"https:\/\/www.freiburg-schwarzwald.de\/blog\/bverfg-merkel-vs-grundgesetz\/\">BVerfG: Merkel vs Grundgesetz<\/a>\u00a0(17.6.2022)<\/li>\n<li><a href=\"https:\/\/www.freiburg-schwarzwald.de\/blog\/kultur\/medien\/medien-politik\/\">Politik und Medien. Die Komplizen der emotionalen Erpressung<\/a>\u00a0(2.4.2022)<\/li>\n<li><a href=\"https:\/\/www.freiburg-schwarzwald.de\/blog\/kultur\/medien\/vierte-gewalt\/\">Jugend-Publizistik-Workshop mit Achgut.com und Hayek-Gesellschaft<\/a> (21.2.2022)<\/li>\n<li>Gewaltenteilung &#8211; Tisch mit drei und mehr F\u00fc\u00dfen (3.12.2021)<\/li>\n<\/ul>\n<ul>\n<li><a href=\"https:\/\/www.freiburg-schwarzwald.de\/blog\/engagement\/buerger\/buergerwehr\/\">Buergerwehr<\/a><\/li>\n<li><a href=\"https:\/\/www.freiburg-schwarzwald.de\/blog\/engagement\/zukunft\/demokratie\/verfassung\/bundesverfassungsgericht\/\">Bundesverfassungsgericht<\/a><\/li>\n<li><a title=\"Grundgesetz\" href=\"https:\/\/www.freiburg-schwarzwald.de\/blog\/engagement\/zukunft\/demokratie\/grundgesetz\/\">Grundgesetz<\/a><\/li>\n<li><a href=\"https:\/\/www.freiburg-schwarzwald.de\/blog\/engagement\/zukunft\/demokratie\/grundgesetz\/grundgesetz-neu\/\">Grundgesetz-neu<\/a><\/li>\n<li><a href=\"https:\/\/www.freiburg-schwarzwald.de\/blog\/engagement\/buergerinitiativen\/grundrechte-demo\/\">Grundrechte-Demo<\/a><\/li>\n<li><a title=\"Identitaet\" href=\"https:\/\/www.freiburg-schwarzwald.de\/blog\/engagement\/zukunft\/demokratie\/identitaet\/\">Identit\u00e4t<\/a><\/li>\n<li><a href=\"https:\/\/www.freiburg-schwarzwald.de\/blog\/engagement\/zukunft\/demokratie\/gewaltenteilung\/judikative\/\">Judikative<\/a><\/li>\n<li><a href=\"https:\/\/www.freiburg-schwarzwald.de\/blog\/selbsthilfe\/soziales\/justiz\/justiz-politik\/\">Justiz-Politik<\/a><\/li>\n<li><a href=\"https:\/\/www.freiburg-schwarzwald.de\/blog\/engagement\/zukunft\/demokratie\/grundgesetz\/grundgesetz-klima\/\">Klimaurteil \u2013 Grundgesetz-Gerichte<\/a><\/li>\n<li><a title=\"Konservativ\" href=\"https:\/\/www.freiburg-schwarzwald.de\/blog\/engagement\/zukunft\/demokratie\/konservativ\/\">Konservativ<\/a><\/li>\n<li><a title=\"Kontrollverlust\" href=\"https:\/\/www.freiburg-schwarzwald.de\/blog\/engagement\/zukunft\/demokratie\/kontrollverlust\/\">Kontrollverlust<\/a><\/li>\n<li>KRiStA<\/li>\n<li><a href=\"https:\/\/www.freiburg-schwarzwald.de\/blog\/kultur\/medien\/medien-politik\/\">Medien-Politik<\/a><\/li>\n<li><a href=\"https:\/\/www.freiburg-schwarzwald.de\/blog\/vereine\/ngo\/ngo-komplex\/\">NGO-Komplex<\/a><\/li>\n<li><a href=\"https:\/\/www.freiburg-schwarzwald.de\/blog\/selbsthilfe\/soziales\/justiz\/polizei\/polizei-hilflos\/\">Polizei-hilflos<\/a><\/li>\n<li><a title=\"Merkelismus\" href=\"https:\/\/www.freiburg-schwarzwald.de\/blog\/engagement\/zukunft\/demokratie\/merkelismus\/\">Merkelismus<\/a><\/li>\n<li><a title=\"Rechtsstaat\" href=\"https:\/\/www.freiburg-schwarzwald.de\/blog\/selbsthilfe\/soziales\/justiz\/rechtsstaat\/\">Rechtsstaat<\/a><\/li>\n<li><a href=\"https:\/\/www.freiburg-schwarzwald.de\/blog\/selbsthilfe\/soziales\/justiz\/richter\/\">Richter<\/a><\/li>\n<li><a title=\"Sicherheit\" href=\"https:\/\/www.freiburg-schwarzwald.de\/blog\/selbsthilfe\/soziales\/justiz\/sicherheit\/\">Sicherheit<\/a><\/li>\n<li><a title=\"Staatsbuergerschaft\" href=\"https:\/\/www.freiburg-schwarzwald.de\/blog\/engagement\/zukunft\/demokratie\/staatsbuergerschaft\/\">Staatsb\u00fcrgerschaft<\/a><\/li>\n<li><a title=\"Staatsversagen\" href=\"https:\/\/www.freiburg-schwarzwald.de\/blog\/engagement\/zukunft\/demokratie\/staatsversagen\/\">Staatsversagen<\/a><\/li>\n<li><a title=\"Verfassungsgericht\" href=\"https:\/\/www.freiburg-schwarzwald.de\/blog\/engagement\/zukunft\/demokratie\/verfassungsgericht\/\">Verfassungsgericht \u2013 BVerfG<\/a><\/li>\n<li><a href=\"https:\/\/www.freiburg-schwarzwald.de\/blog\/kultur\/medien\/vierte-gewalt\/\">Vierte-Gewalt<\/a><\/li>\n<\/ul>\n<p>&nbsp;<\/p>\n<p><strong>Gewalten urspr\u00fcnglich: 1. <a href=\"https:\/\/www.freiburg-schwarzwald.de\/blog\/engagement\/zukunft\/demokratie\/gewaltenteilung\/exekutive\/\">Exekutive<\/a>, 2. <a href=\"https:\/\/www.freiburg-schwarzwald.de\/blog\/legislative\/\">Legislative<\/a> und 3. <a href=\"https:\/\/www.freiburg-schwarzwald.de\/blog\/engagement\/zukunft\/demokratie\/gewaltenteilung\/judikative\/\">Judikative<\/a><br \/>\nund nun zus\u00e4tzlich: 4. <a href=\"https:\/\/www.freiburg-schwarzwald.de\/blog\/kultur\/medien\/mainstream\/\">Medien<\/a>, 5. <a href=\"https:\/\/www.freiburg-schwarzwald.de\/blog\/vereine\/ngo\/\">NGO&#8217;s<\/a>, &#8230;.<\/strong><\/p>\n<p>=========================================================<\/p>\n<p>&nbsp;<\/p>\n<p><strong>Wegen AfD-Erfolgen: Richterbund will Weisungsgebundenheit der Staatsanwaltschaften abschaffen<\/strong><br \/>\n<strong>Gewaltenteilung Judikative &#8211; Exekutive<\/strong><br \/>\nDer Bundesgesch\u00e4ftsf\u00fchrer des Deutschen Richterbundes (DRB) Sven Rebehn fordert laut Informationen der Welt, das Weisungsrecht der Justizministerien gegen\u00fcber den Staatsanwaltschaften f\u00fcr konkrete Strafverfahren sofort abzuschaffen. Hintergrund dieser Forderung sind demnach die \u201eGefahren f\u00fcr den Rechtsstaat durch antiliberale Kr\u00e4fte\u201c, die \u201eauch in Deutschland\u201c gegeben seien. Damit spielt Rebehn auf die hohen Umfragewerte der AfD an. Die Weisungsgebundenheit der Staatsanwaltschaften m\u00fcsse abgeschafft werden, \u201edamit die Strafverfolgung nicht parteipolitisch instrumentalisiert werden\u201c k\u00f6nne. \u201eEin politisches Weisungsrecht f\u00fcr Strafverfahren in den falschen H\u00e4nden w\u00e4re fatal\u201c, sagte er weiter. Rebehn legt damit nahe, dass ein Missbrauch des Weisungsrechts erst drohe, wenn die AfD in Regierungsverantwortung kommt. &#8230;<br \/>\nDeutschland gilt im europ\u00e4ischen Vergleich als Sonderfall, weil Staatsanwaltschaften hier der Fach- und Dienstaufsicht der Justizministerien unterstehen \u2013 und damit politischem Einfluss ausgesetzt sein k\u00f6nnen. Kritiker dr\u00e4ngen bereits seit Jahren auf Reformen, um den Einfluss der Exekutive strikt zu begrenzen.<br \/>\n&#8230; Alles vom 30.12.2025 bitte lesen auf<br \/>\n<a href=\"https:\/\/apollo-news.net\/wegen-afd-erfolgen-richterbund-will-weisungsgebundenheit-der-staatsanwaltschaften-abschaffen\/\">https:\/\/apollo-news.net\/wegen-afd-erfolgen-richterbund-will-weisungsgebundenheit-der-staatsanwaltschaften-abschaffen\/<\/a><\/p>\n<p>&nbsp;<\/p>\n<p><strong>Roland Tichy: Gewaltenteilung gilt nicht f\u00fcr Parteibuchinhaber &#8211; Ludwigshafen<\/strong><br \/>\n<a href=\"https:\/\/www.freiburg-schwarzwald.de\/blog\/minderheitsregierung-in-berlin\/\">Gesucht: Minderheitsregierung der Vern\u00fcnftigen ohne Parteien<\/a><br \/>\nUnd das geht so: Institutionelle Schranken werden \u00fcbersprungen, man kennt sich, man hilft sich. <a href=\"https:\/\/www.freiburg-schwarzwald.de\/blog\/ob-wahl-lu-kandidatur-verbot\/\">Der Fall Ludwigshafen<\/a> ist bemerkenswert. Dort lehnte der \u201eWahlausschuss\u201c die Kandidatur eines AfD-Mannes ab. Das Oberverwaltungsgericht Neustadt: \u201eMit Schreiben vom 29. Juli 2025 \u00fcbersandte die Abteilung Verfassungsschutz des Ministeriums des Inneren und f\u00fcr Sport der Oberb\u00fcrgermeisterin der Stadt Ludwigshafen am Rhein die aus dortiger Sicht relevanten offenen und gerichtsverwertbaren (!!!) Erkenntnisse zum Antragsteller.\u201c<br \/>\nDa stellen sich Fragen: Auf welcher Rechtsgrundlage fordert die fr\u00fchere SPD-B\u00fcrgermeisterin beim SPD-Minister ein Dossier an? Die Stadt Ludwigshafen und ihr OB haben kein Recht, etwas f\u00fcr den Wahlausschuss anzufordern. Das m\u00fcsste, wenn \u00fcberhaupt, der Wahlleiter f\u00fcr den Wahlausschuss tun. Und wieso entscheidet der Wahlausschuss und nicht ein Gericht \u00fcber \u201egerichtsverwertbare\u201c Angeblichkeiten? Denn im Wahlausschuss sitzen die Vertreter der dortigen Parteien, die also \u00fcber einen Konkurrenten befinden.<br \/>\nDer Wahlleiter informierte seine Kollegen im Wahlausschuss erst in der einzigen \u00f6ffentlichen Sitzung in dieser Sache; die Mitglieder fanden das Dossier vor und stimmten sofort ab. Es ging ja darum, den Konkurrenten zu beseitigen. Da ist man sich schnell einig. Und der Wahlleiter, was treibt den? Die Antwort ist frappierend: \u201eVorsitzender jedes Wahlausschusses ist der jeweilige ehrenamtliche Wahlleiter. Der wird nicht gew\u00e4hlt, sondern vom Landeswahlleiter ernannt. Der Landeswahlleiter wiederum wird vom Innenminister des betreffenden Landes ernannt.\u201c In Rheinland-Pfalz also durchgehend SPD, bis hinein in die Verwaltungsgerichte. M\u00f6glicherweise interessiert sich nicht jeder so intensiv f\u00fcr die Vorg\u00e4nge in der sozialdemokratisch beispielhaft herabgewirtschafteten Pleitestadt am Rhein, die fr\u00fcher dank Gewerbesteuer von BASF eine der reichsten Deutschlands war.<br \/>\n&#8230; Alles vom 31.8.2025 von Roland Tichy bitte lesen auf<br \/>\n<a href=\"https:\/\/www.tichyseinblick.de\/tichys-einblick\/gesucht-minderheitsregierung-der-vernuenftigen-ohne-parteien\/\">https:\/\/www.tichyseinblick.de\/tichys-einblick\/gesucht-minderheitsregierung-der-vernuenftigen-ohne-parteien\/<\/a><\/p>\n<p>&nbsp;<\/p>\n<p><strong>Laschet: Keine Gewaltenteilung mehr<\/strong><br \/>\nArmin Laschet im M\u00e4rz 2024: \u201eW\u00fcrde in einem ostdeutschen Land ein AfD-Politiker Ministerpr\u00e4sident werden, h\u00e4tte er Zugriff auf die Sicherheitsbeh\u00f6rden, auf die Ernennung der Polizeipr\u00e4sidenten, auf den Verfassungsschutz, die Medienaufsicht und die Staatsanwaltschaften einschlie\u00dflich der Ernennung der Richter.\u201c<br \/>\nMit diesem Angriff auf die AfD gibt Laschet unverbl\u00fcmt zu, da\u00df die Gewaltenteilung als Grundvoraussetzung eines demokratischen Rechtsstaates derzeit gar nicht mehr gew\u00e4hrleistet ist. Denn der Ministerpr\u00e4sident eines Bundeslandes (Exekutive) hat Zugriff auf die die Legislative und Judikative. Ein Skandal! Da mu\u00df sofort der Verfassungsschutz eingeschaltet werden. Aber das nutzt nichts, denn dieser steckt ja &#8211; laut Laschet &#8211; m\u00f6glicherweise unter einer Decke mit der Regierung bzw. Executive.<br \/>\n12.3.2024<br \/>\n.<br \/>\nEnde von Beitrag &#8222;Laschet: Keine Gewaltenteilung mehr&#8220;<br \/>\n==========================================================<br \/>\nBeginn von Anlagen (1) &#8211; (2)<br \/>\n.<\/p>\n<p><strong>(1) Fehlende Gewaltenteilung? Ernste Sorge um deutschen Rechtsstaat<\/strong><br \/>\nIn einem Gastbeitrag in der K\u00f6lnischen Rundschau warnt der Unions-Politiker Armin Laschet eindringlich vor einem schleichenden Ende der Demokratie. Anlass ist der wachsende Zuspruch f\u00fcr die AfD. Ohne es zu bemerken enth\u00fcllt Laschet bei dieser Gelegenheit allerdings Erschreckendes \u00fcber den Zustand des deutschen Rechtsstaats.<br \/>\nW\u00f6rtlich erkl\u00e4rte der ehemalige Gegenkandidat von Kanzler Olaf Scholz bei den vergangenen Bundestagswahlen: \u201eDie Demokratie wird nicht durch einen Putsch oder durch eine Revolution beendet. Dieser Prozess geht schleichend vor sich.\u201c Deshalb m\u00fcssten \u201edie Demokraten in unserem Land zusammenstehen\u201c und die AfD von politischer Verantwortung fernhalten. Zwar sei die rechte Oppositionspartei \u201ekeine NSDAP\u201c, jedoch d\u00fcrften \u201eExtremisten keine Verantwortung in unserem Staat erhalten\u201c.<br \/>\nHier erfolgt nun der h\u00f6chst bemerkenswerte und h\u00f6chst bedenkliche Satz. Armin Laschet berichtet: \u201eW\u00fcrde in einem ostdeutschen Land ein AfD-Politiker Ministerpr\u00e4sident werden, h\u00e4tte er Zugriff auf die Sicherheitsbeh\u00f6rden, auf die Ernennung der Polizeipr\u00e4sidenten, auf den Verfassungsschutz, die Medienaufsicht und die Staatsanwaltschaften einschlie\u00dflich der Ernennung der Richter.\u201c<br \/>\nWow! Das m\u00fcsste eigentlich die EU-Kommission sofort auf den Plan rufen. Was Laschet mit anderen Worten sagt: Jeder Landeschef in Deutschland\u2013 ob rot, schwarz, gr\u00fcn oder ganz weit links \u2013 hat bereits diesen Zugriff auf Polizei, Richter, Staatsanw\u00e4lte, Medienaufsicht und Verfassungsschutz.<br \/>\nDer ehemalige \u201ePresse\u201c-Chefredakteur Andreas Unterberger kommentiert in seinem Blog: \u201eDamit gibt Laschet \u2013 wie wenn es eine Selbstverst\u00e4ndlichkeit w\u00e4re \u2013 zu, dass Deutschland schon heute kein Rechtsstaat mehr ist, dass die Gewaltentrennung nicht funktioniert.\u201c Der Zugriff der Ministerpr\u00e4sidenten erinnere \u201ean totalit\u00e4re Staaten\u201c. Fazit: Laschets Warnung vor einem Ende der Demokratie muss man tats\u00e4chlich ernst nehmen \u2013 wenn auch aus anderen Gr\u00fcnden.<br \/>\n&#8230; Alles vom 2.3.2024 von Stean Breig bitte lesen auf<br \/>\n<a href=\"https:\/\/exxpress.at\/fehlende-gewaltenteilung-ernste-sorge-um-deutschen-rechtsstaat\/\">https:\/\/exxpress.at\/fehlende-gewaltenteilung-ernste-sorge-um-deutschen-rechtsstaat\/<\/a><br \/>\n.<br \/>\n.<br \/>\n<strong>(2) Laschet: gibt die gegenseitige Kontrolle der drei Kr\u00e4fte nicht mehr<\/strong><br \/>\nNoch nie war es so leicht, an Informationen zu kommen. Aber noch nie wurde so viel gelogen, verdreht, get\u00e4uscht, gef\u00e4lscht, vernebelt, vertuscht. Die freie Presse hat sich zum \u201eHaltungsjournalismus\u201c gewandelt. Nachrichten\u00fcbermittlung und wertfreie Einordnung war gestern. Heute wird den Medienkonsumenten serviert, was sie glauben sollen, das was die Journalisten von ihrem vermeintlich hehren Standpunkt aus f\u00fcr w\u00fcnschenswert halten. Von \u201eNarrativen\u201c ist die Rede, also Erz\u00e4hlungen, die man getrost M\u00e4rchen nennen sollte. Die Presse ist die selbsternannte vierte Gewalt im Lande.<br \/>\nLaut des franz\u00f6sischen Staatsdenkers Montesquieu lenken drei klassische Kr\u00e4fte das Gemeinwesen: Die gesetzgebende, die richterliche und die ausf\u00fchrende Gewalt, verk\u00f6rpert durch Parlamente, Gerichte und Regierung. Von Presse steht bei Montesquieu nichts. Die drei Gewalten sollten sich gegenseitig kontrollieren und in Schach halten. Davon sind wir im besten Deutschland aller Zeiten weit entfernt. Das hat der ehemalige Kanzlerkandidat der Union Armin Laschet in aller Naivit\u00e4t offenbart. Er habe Angst vor einer Macht\u00fcbernehme der AfD, denn dann h\u00e4tte die Partei \u201eZugriff auf die Sicherheitsbeh\u00f6rden, auf die Ernennung der Polizeipr\u00e4sidenten, auf den Verfassungsschutz, die Medienaufsicht und die Staatsanwaltschaften einschlie\u00dflich der Ernennung der Richter\u201c. Das \u201eschleichende Ende der Demokratie, das Laschet bef\u00fcrchtet, ist l\u00e4ngst Realit\u00e4t, denn es gibt die gegenseitige Kontrolle der drei Kr\u00e4fte nicht mehr, wenn die Politik alles in der Hand hat.<br \/>\n&#8230; Alles vom 10.3.2024 von Vera Lengsfeld bitte lesen auf<br \/>\n<a href=\"https:\/\/www.achgut.com\/artikel\/eine_schulung_im_denken\">https:\/\/www.achgut.com\/artikel\/eine_schulung_im_denken<\/a><\/p>\n<p>&nbsp;<\/p>\n<p><strong>Checks and Balances = Gewaltenteilung<\/strong><br \/>\n<strong>Klamroth &amp; Neubauer: Zeitgeist-Adel unter sich<\/strong><br \/>\nIn einer Demokratie, so hei\u00dft es, w\u00e4hlt das Volk seine Vertreter, die dann zum Wohle des Volkes regieren. Entsprechend sind gew\u00e4hlte Volksvertreter, Politiker genannt, nicht nur mit einer gro\u00dfen Anzahl von Privilegien, aber auch mit viel Verantwortung ausgestattet.<\/p>\n<p>Im Staat herrscht die Gewaltenteilung, sie ist Teil jenes Prinzips, f\u00fcr das es im Englischen den griffigen Ausdruck der \u201eChecks and Balances\u201c gibt, also der gegenseitigen Kontrolle und Balance der staatlichen Gewalten. Diese Gewaltenteilung, wie auch die W\u00e4hl- und (theoretische) Abw\u00e4hlbarkeit der Politiker, soll die B\u00fcrger des Staates vor Machtmissbrauch, Vetternwirtschaft, Korruption, Interessenverflechtung und vielem mehr sch\u00fctzen.<br \/>\n&#8230; Alles vom 16.12.2022 von David Boos bitte lesen auf<br \/>\n<a href=\"https:\/\/www.tichyseinblick.de\/meinungen\/klamroth-neubauer-zeitgeist-adel-unter-sich\/\">https:\/\/www.tichyseinblick.de\/meinungen\/klamroth-neubauer-zeitgeist-adel-unter-sich\/<\/a><\/p>\n<p>&nbsp;<\/p>\n<p><strong>Gewaltenteilung &#8211; Tisch mit drei und mehr F\u00fc\u00dfen<\/strong><br \/>\nDie 40er Jahre hatten Deutschlands Gro\u00dfst\u00e4dte in ein Tr\u00fcmmerfeld verwandelt. Es war tats\u00e4chlich ein Wunder, dass es schon wenige Jahre danach steil bergauf ging. Sp\u00e4ter wurde der Nierentisch, ein dreibeiniges Kleinm\u00f6bel, das in keinem Haushalt fehlte, zum Sinnbild einer Aufbruchsstimmung, mit der sich die am Boden liegende deutsche Gesellschaft wieder emsig hocharbeitete \u2013 trotz der Augenscheinlichkeit des gro\u00dfangelegten Scheiterns, das sich in zw\u00f6lf Jahren des Wahnsinns brachial entladen hatte, spuckte man in die H\u00e4nde und machte weiter, als sei nichts gewesen.<\/p>\n<p>In den 50er Jahren musste sich nahezu jede Familie privat und \u00f6konomisch neu erfinden. Alle Gewissheiten waren verpufft, man wollte weg von Feldherrnarchitektur, Eichenholzschwere und schmiedeeiserner Heldenpose einer in sich selbst verliebten monolithischen Volksgemeinschaft, an der man ein paar Jahre zuvor so sehr gehangen hatte. Nun kam das Neue einfach und funktional im Design daher, hatte nichts von Pathos, Blut und Opfer. Stattdessen musste alles bescheiden und leichtf\u00fc\u00dfig sein, um wenigstens stilistisch der Vergangenheit entkommen zu k\u00f6nnen. Die alte M\u00f6blierung des Reichs wurde einfach wegger\u00e4umt, \u00fcberdeckt und vergessen. Man schob die Bombentrichter \u00fcber den Blindg\u00e4ngern zu und verbrannte die letzten F\u00fchrerportr\u00e4ts im Kanonenofen. Nun gab\u2018s nur noch Schwarz, Rot, Gold.<\/p>\n<p>Jene prahlerisch-zynische Vergangenheit aus Volk und F\u00fchrer war so krachend und schandhaft gescheitert, dass die republikanische Abkehr in beiden geteilten Einflusszonen der Amerikaner und Russen nicht als Instandsetzung, sondern als Neubau gedacht war. Nur das Material, das physische, wie das geistige, musste man zwangsl\u00e4ufig den Tr\u00fcmmern entnehmen, freir\u00e4umen, abklopfen und passend wiedereinsetzen. So schuf man Geb\u00e4ude, Beh\u00f6rden und den Staatsapparat mit dem Material des Untergangs, eine Collage aus dem Schutt einer verlorenen Kulturnation und dem Erbe des Kaiserreichs und der Weimarer Republik.<\/p>\n<p>Manch mentales Kabuff, manch ideologischer Dachboden wurde jedoch als Refugium genutzt, um dort klammheimlich den Plunder der Diktatur aufzubewahren, um den Mief des Totalitarismus, den man als Flaschengeist eingefangen hatte, irgendwann einmal im passenden Moment herauszulassen. Die DDR trocknete vier Jahrzehnte lang ihre stockfleckige Bettw\u00e4sche in diesem Versteck, die Merkel-Republik hat die dunklen Abseiten vor ein paar Jahren wiederentdeckt und macht sich nun daran, den Tr\u00f6del aufzupolieren.<\/p>\n<p>Eigentlich hatten sich die Gr\u00fcnder der Bundesrepublik das anders gedacht. Man verpasste dem aufstrebenden jungen Staat das Konstruktionsprinzip des Nierentischs: drei schlanke Beine, holzsichtig klarlackiert, pastellfarbig laminierte Tischplatte, Aluminium-Abschlusskante, fertig. Das sah modern und industrie-gefertigt aus, war aber so niedrig und klein, dass schon jeder vierte Sektkelch mit der Knabber-Etagere kollidierte. Also kein Tisch f\u00fcr alle F\u00e4lle, aber f\u00fcrs Feiern im kleinen Rahmen. Die entsprechende dreibeinige Tischkonstruktion des demokratischen Nachkriegsdeutschlands nannte man der Idee des Philosophen Charles de Montesquieu folgend \u201eGewaltenteilung\u201c.<\/p>\n<p>Demnach sollten drei staatliche Kr\u00e4fte sich gegenseitig kontrollieren und in ihren Machtbefugnissen limitieren: Die gesetzgebende Gewalt, die rechtsprechende und die ausf\u00fchrende. Drei unentbehrliche Beine, von denen jedes einzelne die anderen beiden st\u00fctzt. Solange die Bonner Republik im Windschatten der Gro\u00dfm\u00e4chte ihren Handel treiben konnte, war der bescheidene Dreibeiner ausreichend und schuf einen sicheren Stand f\u00fcr ein kleines Land mit gebrochenem Selbstwertgef\u00fchl, aber gro\u00dfem Hunger nach Wachstum.<\/p>\n<p>Doch ein neuer Tisch musste bald her, denn das Land hatte sich wiedervereinigt und wollte nun weltpolitisch mitspielen. Also wurde ein gigantischer Konferenztisch angeschafft, an dem alle Platz haben konnten: das Kabinett, alle Ministerpr\u00e4sidenten, die Gerichtsbarkeit und Karlsruhe, die Exekutiv-B\u00fcrokratie und die resteverwaltende Armee, NGOs und alle anderen Lobbyisten, die gesamte Kulturszene und die Hofkomiker, deren geistreiche Leviten dem Volk besonders pr\u00e4sidial in Erinnerung bleiben.<\/p>\n<p>Die Pl\u00e4tze am gro\u00dfen Tisch sollten nie ausgehen, so dass der Regierungssprecher mit seiner Bundespressekonferenz, den Intendanten der \u00f6ffentlich-rechtlichen Medienanstalten, den Radio- und Fernsehsendern sowie allen regierungsfreundlichen Medien auch noch Platz nehmen konnten, nicht zu vergessen die Tech-Giganten der Social-Media-Sph\u00e4re. F\u00fcr diese Medien musste man schlie\u00dflich den Tisch unendlich ausziehen und ein viertes Bein ausklappen. Seitdem kippelt der Tisch der Bundesrepublik Deutschland merklich.<\/p>\n<p>So ist das mit vierbeinigen Tischen. Ist der Boden uneben, ist immer ein Bein zu kurz oder zu lang. Die Topografie passt einfach nicht zum vierten Bein und je gr\u00f6\u00dfer der Tisch ist, desto mehr wackelt das Ganze. Irgendwer muss ein paar Bierdeckel unterschieben. Aber auch im Post-Merkel-Universum will sich keiner unter den Tisch b\u00fccken m\u00fcssen wie ein Zwerg-Pony in Besoldungsgruppe A2 mit Erfahrungsstufe 1.<\/p>\n<p>Es ist ein Gedr\u00e4nge: Nahezu alle Organe des republikanischen Betriebs und seine Kostg\u00e4nger aus Kultur, Medien und \u201eZivilgesellschaft\u201c plus die \u00dcberhangmandate sitzen seit vielen Jahren fast regungslos an ein und demselben Tisch. Als viertes \u201eBein\u201c redet und agiert unentwegt die Mediengewalt. Anstatt aber \u2013 wie es ihr zust\u00fcnde \u2013 zu sagen, was ist, sagt sie, was zu sein hat. Man regiert lustvoll und intrigant mit.<\/p>\n<p>Diese vierte Gewalt hat das Gef\u00fcge empfindlich gest\u00f6rt, weil sie mit geh\u00e4ssiger Feder auf alle deutet, die dem engen Framing-Baukasten \u201eordentlicher Haltung\u201c widersprechen. Legislative, Judikative und Exekutive sind eine eingesch\u00fcchterte Knetmasse in den H\u00e4nden \u201esendungsbewusster\u201c Medien geworden, mit der gesellschaftliche und politische Relevanz jenseits der Verfassungsorgane erzeugt wird. Die erdr\u00fcckende, publizistische Vorherrschaft der Medien hat unter der \u00c4gide Merkels aus ehedem drei Gewalten ein einziges, wachsweiches Exekutiv-Organ geformt \u2013 erpressbar, weisungsergeben und Fingern\u00e4gel kauend sitzen deren Vertreter am gro\u00dfen Tisch. Sie haben sich ihrer Bedeutungslosigkeit und ihrem blanken Ausf\u00fchrungswillen ergeben. Ohne Not.<\/p>\n<p>Die Substanzlosigkeit und Leere der letzten 16 Jahre haben die Medien mit ideell-moralischem Schaum aufgef\u00fcllt. Nun ist der Schaum ausgeh\u00e4rtet, das System ist dicht und hat keinen Platz mehr f\u00fcr die urspr\u00fcngliche Idee Montesquieus.<\/p>\n<p>Auch die nachtr\u00e4gliche Legitimierung falscher Politik und die somit erfolgte Niedriggewichtung b\u00fcrgerlicher Freiheitsrechte durch das Bundesverfassungsgericht am vergangenen Dienstagmorgen ist eine fatale Botschaft an die letzten Verehrer der Gewaltenteilung und der demokratischen Ordnung. Wo die Verfassungsorgane zu Steigb\u00fcgelhaltern gelenkter Willensbildung verkommen, geht die Herrschaft nicht mehr vom Volk aus und es ist kein Staat mehr zu machen.<br \/>\nIhnen ein sch\u00f6nes Wochenende!<\/p>\n<p>&#8230; Alles vom 3.12.2021 von Fabian Nicolay bitte lesen im Achgut-Neswletter, <a href=\"https:\/\/www.achgut.com\">https:\/\/www.achgut.com<\/a><\/p>\n","protected":false},"excerpt":{"rendered":"<p>Home\u00a0&gt;Engagement\u00a0&gt;Zukunft\u00a0&gt;Demokratie &gt;Grundgesetz &gt;Gewaltenteilung Listenauswahl eines Beitrags (Artikel\/Datum, Seite\/Inhalt): Klicken oder scrollen AfD-Parteitag 4.Juli Erfurt: Beten\u00a0(1.7.2026) Pers\u00f6nliche Beleidigungen: Nie!\u00a0(8.6.2026) Verbandsklagerecht: NGOs klagen, Gerichte entscheiden, Politik folgt\u00a0(4.4.2026) Wegen AfD-Erfolgen: Richterbund will Weisungsgebundenheit der Staatsanwaltschaften abschaffen (30.12.2025) Roland Tichy: Gewaltenteilung gilt nicht f\u00fcr &hellip; <a href=\"https:\/\/www.freiburg-schwarzwald.de\/blog\/engagement\/zukunft\/demokratie\/gewaltenteilung\/\">Weiterlesen <span class=\"meta-nav\">&rarr;<\/span><\/a><\/p>\n","protected":false},"author":2,"featured_media":0,"parent":21084,"menu_order":0,"comment_status":"closed","ping_status":"closed","template":"","meta":{"footnotes":""},"class_list":["post-96533","page","type-page","status-publish","hentry"],"_links":{"self":[{"href":"https:\/\/www.freiburg-schwarzwald.de\/blog\/wp-json\/wp\/v2\/pages\/96533","targetHints":{"allow":["GET"]}}],"collection":[{"href":"https:\/\/www.freiburg-schwarzwald.de\/blog\/wp-json\/wp\/v2\/pages"}],"about":[{"href":"https:\/\/www.freiburg-schwarzwald.de\/blog\/wp-json\/wp\/v2\/types\/page"}],"author":[{"embeddable":true,"href":"https:\/\/www.freiburg-schwarzwald.de\/blog\/wp-json\/wp\/v2\/users\/2"}],"replies":[{"embeddable":true,"href":"https:\/\/www.freiburg-schwarzwald.de\/blog\/wp-json\/wp\/v2\/comments?post=96533"}],"version-history":[{"count":6,"href":"https:\/\/www.freiburg-schwarzwald.de\/blog\/wp-json\/wp\/v2\/pages\/96533\/revisions"}],"predecessor-version":[{"id":150996,"href":"https:\/\/www.freiburg-schwarzwald.de\/blog\/wp-json\/wp\/v2\/pages\/96533\/revisions\/150996"}],"up":[{"embeddable":true,"href":"https:\/\/www.freiburg-schwarzwald.de\/blog\/wp-json\/wp\/v2\/pages\/21084"}],"wp:attachment":[{"href":"https:\/\/www.freiburg-schwarzwald.de\/blog\/wp-json\/wp\/v2\/media?parent=96533"}],"curies":[{"name":"wp","href":"https:\/\/api.w.org\/{rel}","templated":true}]}}