{"id":96017,"date":"2021-11-11T15:58:56","date_gmt":"2021-11-11T14:58:56","guid":{"rendered":"https:\/\/www.freiburg-schwarzwald.de\/blog\/?page_id=96017"},"modified":"2023-11-14T14:30:56","modified_gmt":"2023-11-14T13:30:56","slug":"landarzt","status":"publish","type":"page","link":"https:\/\/www.freiburg-schwarzwald.de\/blog\/business\/gesund\/arzt\/landarzt\/","title":{"rendered":"Landarzt"},"content":{"rendered":"<p>Home &gt;<a title=\"Business\" href=\"https:\/\/www.freiburg-schwarzwald.de\/blog\/business\">Business<\/a>\u00a0&gt;<a title=\"Gesund\" href=\"https:\/\/www.freiburg-schwarzwald.de\/blog\/business\/gesund\/\">Gesund<\/a> &gt;<a href=\"https:\/\/www.freiburg-schwarzwald.de\/blog\/business\/gesund\/arzt\/\">Arzt<\/a> &gt;Landarzt<\/p>\n<div id=\"attachment_95833\" style=\"width: 650px\" class=\"wp-caption alignnone\"><a href=\"https:\/\/www.freiburg-schwarzwald.de\/blog\/wp-content\/uploads\/2021\/11\/kandel-herbst-buchen-alpen-pan21nov.jpg\"><img loading=\"lazy\" decoding=\"async\" aria-describedby=\"caption-attachment-95833\" class=\"size-full wp-image-95833\" src=\"https:\/\/www.freiburg-schwarzwald.de\/blog\/wp-content\/uploads\/2021\/11\/kandel-herbst-buchen-alpen-pan21nov.jpg\" alt=\"\" width=\"640\" height=\"326\" srcset=\"https:\/\/www.freiburg-schwarzwald.de\/blog\/wp-content\/uploads\/2021\/11\/kandel-herbst-buchen-alpen-pan21nov.jpg 640w, https:\/\/www.freiburg-schwarzwald.de\/blog\/wp-content\/uploads\/2021\/11\/kandel-herbst-buchen-alpen-pan21nov-180x92.jpg 180w\" sizes=\"auto, (max-width: 640px) 100vw, 640px\" \/><\/a><p id=\"caption-attachment-95833\" class=\"wp-caption-text\">Blick vom Kandel \u00fcber herbstliche Buchen zu den Alpen Ende Oktober 2021<\/p><\/div>\n<ul>\n<li>Hausarzt: Neben den zw\u00f6lfst\u00fcndigen Arbeitstagen noch in den Nacht-Notdienst zu gehen, \u00fcbersteigt die Kr\u00e4fte (14.11.2023)<\/li>\n<li>Auf dem Land gibt es noch ein Miteinander (5.9.2023)<\/li>\n<li><a href=\"https:\/\/www.freiburg-schwarzwald.de\/blog\/erfahrung-in-stadt-und-land\/\">Erfahrung in Stadt und Land<\/a>\u00a0(26.5.2022)<\/li>\n<li>Breitnau im Praxisverbund &#8222;Haus\u00e4rzte Schwarzwald&#8220; (10.11.2021)<\/li>\n<li><a href=\"https:\/\/www.freiburg-schwarzwald.de\/blog\/spaltung-stadt-und-landleben\/\">Spaltung: Stadt- und Landleben<\/a> (19.3.2020)<\/li>\n<li><a href=\"https:\/\/www.freiburg-schwarzwald.de\/blog\/landarzt-nach-st-peter-gesucht\/\">Landarzt nach St.Peter gesucht<\/a> (29.1.2014)<\/li>\n<li><\/li>\n<li><a href=\"https:\/\/www.freiburg-schwarzwald.de\/blog\/regio\/laendlicher-raum\/\">L\u00e4ndlicher Raum<\/a><\/li>\n<\/ul>\n<p>&nbsp;<\/p>\n<p><strong>Hausarzt: Neben den zw\u00f6lfst\u00fcndigen Arbeitstagen noch in den Nacht-Notdienst zu gehen, \u00fcbersteigt die Kr\u00e4fte<\/strong><br \/>\nDas mangelnde Verst\u00e4ndnis der Redaktion erschlie\u00dft sich mir nur sehr schwer. Sie berichten selbst in Ihrem Artikel, dass 900 Hausarztsitze in Baden-W\u00fcrttemberg nicht besetzt sind. Immer weniger \u00c4rzte sind f\u00fcr immer mehr Patienten da. Wir sind mit unseren Praxiszeiten schon mehr als am Anschlag. Im Durchschnitt bin ich deutlich \u00fcber 12 Stunden t\u00e4glich in der Praxis- und zus\u00e4tzlich viele Stunden am Wochenende. F\u00fcr einen Hausbesuch bekommen wir l\u00e4cherliche 24,36 Euro, f\u00fcr ein Belastungs-EKG l\u00e4cherliche 22,75 Euro. F\u00fcr Letzteres wird Personal und Raum f\u00fcr mindestens 30 Minuten gebunden. Das ist eigentlich betriebswirtschaftlicher Selbstmord. Wen wundert es denn, dass sich niemand mehr niederlassen m\u00f6chte? Ein Handwerker w\u00fcrde f\u00fcr diesen Hungerlohn noch nicht einmal das Telefon abnehmen. Neben den mindestens zw\u00f6lfst\u00fcndigen Arbeitstagen noch in den n\u00e4chtlichen Notdienst zu gehen, \u00fcbersteigt sicherlich die physischen und psychischen Kr\u00e4fte der meisten \u00c4rzte. Der sogenannte Versorgungsauftrag liegt zwar bei den niedergelassenen \u00c4rzten, dieser kann zu Nebenzeiten aufgrund der \u00dcberlastung in der eigenen Praxis aber nicht mehr geleistet werden, obwohl der Notdienst etwas besser bezahlt ist. Gelten Arbeitszeitgesetze nur f\u00fcr Angestellte? Und jetzt kommt noch hinzu, dass \u00fcber 36 Prozent der niedergelassenen \u00c4rzte \u00fcber 60 Jahre alt und daher auch wahrscheinlich nicht mehr so leistungsf\u00e4hig sind. Vielen von diesen wird der Zwang zum Notdienst sehr wahrscheinlich den baldigen Gang in den Ruhestand ebnen, was diese missliche Entwicklung noch beschleunigen wird. Damit werden es immer weniger \u00c4rzte, die zum Notdienst zur Verf\u00fcgung stehen. Diese ganzen Missst\u00e4nde fallen nicht in die Verantwortung der Kassen\u00e4rztlichen Vereinigung, sondern der gro\u00dfen Politik und der Krankenkassen, die das Geld \u00fcberall aus dem Fenster schmei\u00dfen, aber nicht f\u00fcr die Basisversorgung der eigenen Bev\u00f6lkerung bereitstellen und seit Jahrzehnten auf Kosten der Pflichtgef\u00fchle von uns niedergelassenen \u00c4rzten Missmanagement betreiben. Ich lade den Kommentator vom Tagesspiegel, Jens Schmitz, gerne dazu ein, mal einen Arbeitstag bei mir mit durchschnittlich 100 Praxis-Patienten-Kontakten zu erleben. Mit Sicherheit wird sein eigenes Urteil danach sein, dass diese Arbeitsdichte m\u00f6rderisch und eine darauf folgende Schicht im Notdienst undenkbar ist. Bis hierhin sind noch nicht einmal der Stress und die Sorge der Unternehmensf\u00fchrung mit Personalmangel etc. ber\u00fccksichtigt.<br \/>\n14.11.2023, Christian Rathmer, Freiburg<\/p>\n<p>zu: Medizinische Versorgung: Notbremse bei Notdiensten<br \/>\n25.10.2023, <a href=\"https:\/\/www.badische-zeitung.de\/patienten-in-baden-wuerttemberg-drohen-lange-wege-zu-notfallpraxen\">https:\/\/www.badische-zeitung.de\/patienten-in-baden-wuerttemberg-drohen-lange-wege-zu-notfallpraxen<\/a><\/p>\n<p>&nbsp;<\/p>\n<p><strong>Auf dem Land gibt es noch ein Miteinander<\/strong><br \/>\n<em>Zu: &#8222;Ein besonderes Miteinander&#8220;, Interview von Christoph Giese mit Ulrich Harteisen (BZ-Spezial, 12. August)<\/em><br \/>\nW\u00e4hrend ich Ihnen schreibe, h\u00f6re ich Woody Guthrie, eine kratzende CD mit einem Lied aus den 30ern, &#8222;This land is your land&#8220;. Ich bin Landarzt, und das seit wenig mehr als 40 Jahren. W\u00fcrden Sie fragen, ob ich heute wieder Medizin studieren und in die Praxis gehen w\u00fcrde, ich sage ja. Aktuell diskutiert die \u00c4rzteschaft \u00fcber die Zukunft der Land\u00e4rzte und die Zukunft der ungeliebten Notfall-Praxen in den Kliniken. \u00dcberlastete \u00c4rzt:innen, lange Wartezeiten, weite Wege, Vertr\u00f6stungen, MRT statt echter Untersuchung.<br \/>\nAber nur wenige Stunden, bevor ich Ihren Artikel las, besuchten zwei Medizinstudenten meine Praxis. Beide haben gesagt, sie wollten, so schnell wie es geht raus aus dem Krankenhaus und dann aufs Land, in eine Praxis wie diese. Ich glaube auch, dass die Inflation und die schlechter werdende Wirtschaft einen Teil dazu beitragen wird, dass die Anspr\u00fcche sich einem realen Ma\u00df anpassen werden.<br \/>\nUlrich Harteisen bewunderte das besondere Miteinander auf dem Land. Er hat recht! Die Dorfbewohner gehen sehr schonend mit ihrem Doktor um, so empfinde ich das. Umgekehrt m\u00fcssen sie nicht t\u00e4glich woanders hinfahren, wenn sie Hilfe brauchen. M\u00f6glicherweise bin ich nicht nur Nostalgiker, sondern sogar Schw\u00e4rmer. D\u00f6rfer, die relativ nah an der Stadt liegen, wachsen, sagt Harteisen. Wenn das kein Zeichen daf\u00fcr ist, dass mehr und mehr Menschen die St\u00e4dte verlassen. Und was fehlt denn auf dem Land?<br \/>\nWir haben nicht nur einen B\u00e4cker und einen Metzger, wir k\u00f6nnen auch Eier essen, die so frisch sind wie in keiner Stadt, Honig vom Imker beziehen und hie und da bringen &#8222;meine&#8220; Patient:innen mir auch selbstgemachte Marmelade.<br \/>\nDie Handwerker im Ort kennt man, das Handwerk lebt. Finden Sie in der Stadt noch einen Maurer oder Maler, den sie einfach auf der Stra\u00dfe ansprechen k\u00f6nnen? Und genauso geht es mir als handwerklich t\u00e4tigen Arzt. Es stimmt schon mit dem, was Harteisen ein besonderes Miteinander nennt. Und noch etwas, wenn irgendwann in naher Zukunft der Klimawandel dazu zwingt, die Autos abzuschaffen, hier auf dem Land reicht ein Fahrrad oder die eigenen F\u00fc\u00dfe. Wozu brauchen wir denn Autos? Um die \u00c4rzte in den St\u00e4dten aufzusuchen oder die Superm\u00e4rkte? Ich bin Nostalgiker und deswegen ein Gutteil Realist.<br \/>\n5.9.2023, Karlheinz Bayer, Bad Peterstal-Griesbach, BZ<\/p>\n<p>&nbsp;<\/p>\n<p><strong>Breitnau im Praxisverbund &#8222;Haus\u00e4rzte Schwarzwald&#8220;<\/strong><br \/>\nEine gesicherte haus\u00e4rztliche Versorgung ist in l\u00e4ndlichen Regionen keineswegs eine Selbstverst\u00e4ndlichkeit. Auch in <a href=\"https:\/\/www.freiburg-schwarzwald.de\/blog\/bauernhof\/breitehof\/\">Breitnau<\/a> war lange zu bef\u00fcrchten, dass sich kein Nachfolger f\u00fcr den langj\u00e4hrigen Landarzt Dr. med. Hans-Gerhard Hammerschmidt findet. Er schob seinen Ruhestand so lange hinaus, bis eine gute L\u00f6sung gefunden wurde. Das war im vergangenen Jahr, als er seinen 70. Geburtstags feierte. Mehrere Player Schlussendlich waren es mehrere Player, die gemeinsam ein tragf\u00e4higes Modell entwickelten. Da war zum einen die Gemeinde, die vorausschauend R\u00e4umlichkeiten in der Seniorenanlange Sonnenh\u00f6he f\u00fcr eine Arztpraxis angekauft hatte und damit Geld in die Hand nahm, um die haus\u00e4rztliche Versorgung Breitnaus Sicher zu stellen.<\/p>\n<p>Und da war zum anderen die Praxis Krimmel und Reisch mit Hauptsitz in Stegen. \u201eEinzelpraxen sind Auslaufmodelle\u201c, so <a href=\"https:\/\/www.freiburg-schwarzwald.de\/blog\/landarzt-nach-st-peter-gesucht\/\">Dr. Peter Krimmel<\/a>. Deshalb suchte er schon vor l\u00e4ngerer Zeit nach neuen Wegen und fand die L\u00f6sung in einem Praxisverbund. Seit einigen Jahren sammelt er mit diesem Modell positive Erfahrungen und erweiterte vor einem Jahr den bestehenden Verbund Stegen und St. Peter um den Sitz in Breitnau.<br \/>\nDie dritte Playerin ist Dr. med. Marina Straub. Sie ist seit dem 1. Oktober 2021 als Gesellschafterin in den Praxisverbund mit eingestiegen und dritte, gleichberechtigte Partnerin. Sie wird k\u00fcnftig diejenige sein, die die Breitnauer Patienten und Patientinnen \u00e4rztlich betreut.<br \/>\nDieser Praxisverbund hat viele Vorteile. So muss sich nicht jede Einzelpraxis um Verwaltung und Abrechnung k\u00fcmmern, da dies alles zentralisiert in Stegen stattfindet. Hinzu kommen verl\u00e4ssliche Dienstpl\u00e4ne f\u00fcr die Mitarbeitenden und eine garantierte \u00e4rztliche Betreuung vor Ort. Die Praxen sind das Jahr \u00fcber durchg\u00e4ngig ge\u00f6ffnet und m\u00fcssen nicht aufgrund von Urlaub, Krankheit oder \u2013 was zu Coronazeiten vorkommen kann \u2013 Quarant\u00e4negeschlossen werden. Das Praxisteam, bestehend aus drei voll approbierten \u00c4rzten und \u00c4rztinnen und zwei Weiterbildungsassistenten, kann flexibel reagieren und sich gegenseitige vertreten.<\/p>\n<p>Dr. med. Marina Straub bringt viel berufliche Erfahrung mit. Sie ist Internistin, Notfall- und Palliativmedizinerin und sammelte klinische Erfahrung im In- und Ausland. Das praktische Jahr absolvierte sie im Neurozentrum der Uniklinik Freiburg, am H\u00f4pital de Sion in der Schweiz und im University Hospital of Wales in Cardiff in der Chirurgie. Ein Stipendium erm\u00f6glichte ihr ein Studienjahr in Estland. Weitere Stationen waren die kardiologische Intensivstation des Herzzentrums Bad Krozingen, das Kreiskrankenhaus Emmendingen und das St. Josefskrankenhaus in Freiburg, wo sie im Bereich der Pneumologie arbeitete und zuletzt die schwer erkrankten Covid-19-Patienten schwerpunkm\u00e4\u00dfig betreute. Sie promovierte \u00fcber Infektiologie und verf\u00fcgt \u00fcber eine Weiterbildung f\u00fcr den zielgerichteten Antibiotika Einsatz bei Infektionen.<br \/>\nNach diesen langen Jahren in der Klinik suchte sie einen Perspektivwechsel. Wenn Menschen in die Klinik kommen, dann sind Krankheiten meist schon weit fortgeschritten und massive Interventionen n\u00f6tig. Oftmals h\u00e4tte aber ein ges\u00fcnderer Lebensstil das verhindern k\u00f6nnen.<br \/>\nAls Haus\u00e4rztin m\u00f6chte sie ihren Schwerpunkt auf die Pr\u00e4vention legen und ihren Patienten und Patientinnen vermitteln, dass ein ver\u00e4nderter, ges\u00fcnderer Lebensstil hilft, viele Krankheiten zu vermeiden. Auch f\u00fcr chronische Erkrankungen gilt, dass eine bewusstere Ern\u00e4hrung und mehr Bewegung den Krankheitsverlauf positiv beeinflussen k\u00f6nnen.<br \/>\nDie mit ihrem Mann und zwei Kindern in St. Peter lebende \u00c4rztin hat sich bewusst f\u00fcr das Leben und Arbeiten auf dem Land entschieden. Als Haus\u00e4rztin auf dem Land m\u00f6chte sie die Menschen im Lauf ihres Lebens begleiten, ihre Gesundheit f\u00f6rdern und sie bei der Bew\u00e4ltigung von Krankheiten unterst\u00fctzen. Deshalb liegt ihr daran, mit ihren Patienten und Patientinnen auf Augenh\u00f6he zu kommunizieren und ihr gesamtes Lebensumfeld mit einzubeziehen.<\/p>\n<p>Die Praxis \u201eHaus\u00e4rzte Schwarzwald\u201c befindet sich in der neu errichteten Seniorenwohnanlage Sonnenh\u00f6he. Die R\u00e4ume sind licht und hell und die Holzb\u00f6den strahlen eine angenehme W\u00e4rme aus. Die Praxis ist funktional und trotzdem heimelig, weil beim Innenausbau und dem Mobiliar hochwertige und naturbelassene H\u00f6lzer dominieren. Eine Besonderheit ist die Terrasse, die bei sch\u00f6nem Wetter als Wartezimmer genutzt werden kann. Die im Erdgeschoss liegende Praxis ist barrierefrei zug\u00e4nglich. Sie ist mit neusten technischen Ger\u00e4ten ausgestattet, so dass neben Ultraschall-Untersuchungen auch Lungenfunktionsmessungen und EKGs und Belastungs-EKGs m\u00f6glich sind. Die Praxis verf\u00fcgt \u00fcber einen abtrennbaren Infektionsraum mit separatem Zugang, der sich w\u00e4hrend der Corona-Pandemie als \u00fcberaus wichtig erwies.<br \/>\nUnterst\u00fctzt wird Dr. Straub von den medizinischen Fachangestellten Heike Riesterer, Anna L\u00f6ffler, Christine Birkenberger und der Auszubildenden Sofia Spiegelhalter, die zum Teil schon mit Dr. Hammerschmidt zusammenarbeiteten.<\/p>\n<p>Der Tag der offenen T\u00fcr war ein besonderes Event, das dank besten Wetters mit kleinem Sektempfang auf der Terrasse stattfinden konnte. B\u00fcrgermeister Josef Haberstroh freute sich, dass trotz gro\u00dfer H\u00fcrden und manchmal auch R\u00fcckschl\u00e4gen nun die haus\u00e4rztliche Versorgung in Breitnau gesichert ist. Er dankte Dr. Peter Krimmel, dass dieser immer an dieses Projekt glaubte und es zielstrebig vorangetrieben hatte.<br \/>\nMusikalisch umrahmt wurde der Tag der offenen T\u00fcr von der Band \u201edanjo\u201c, die nicht zuf\u00e4llig auftrat. Auch sie hat einen Bezug zur haus\u00e4rztlichen Versorgung Breitnaus, denn in der Band spielt der Sohn Dr. Hammerschmidts mit. Dr. Hammerschmidt wohnte der Er\u00f6ffnung ebenfalls bei und konnte sogar zu einem musikalischen Auftritt \u00fcberredet werden und mit in die Gitarrensaiten zu greifen!<br \/>\n&#8230; Alles vom 10.11.2021 von Dagmar Engesser bitte lesen auf <a href=\"https:\/\/www.dreisamtaeler.de\">https:\/\/www.dreisamtaeler.de<\/a>, Seite 4<\/p>\n<p><a href=\"https:\/\/www.haeuaerzte-schwarzwald.de\">https:\/\/www.haeuaerzte-schwarzwald.de<\/a><br \/>\n<a href=\"https:\/\/www.aerzte-dreisamtal.de\">https:\/\/www.aerzte-dreisamtal.de<\/a><\/p>\n<p><a href=\"https:\/\/www.st-raphael.de\">https:\/\/www.st-raphael.de<\/a><br \/>\n<a href=\"https:\/\/www.sonnenhoehe-breitnau.de\/\">https:\/\/www.sonnenhoehe-breitnau.de\/<\/a><\/p>\n","protected":false},"excerpt":{"rendered":"<p>Home &gt;Business\u00a0&gt;Gesund &gt;Arzt &gt;Landarzt Hausarzt: Neben den zw\u00f6lfst\u00fcndigen Arbeitstagen noch in den Nacht-Notdienst zu gehen, \u00fcbersteigt die Kr\u00e4fte (14.11.2023) Auf dem Land gibt es noch ein Miteinander (5.9.2023) Erfahrung in Stadt und Land\u00a0(26.5.2022) Breitnau im Praxisverbund &#8222;Haus\u00e4rzte Schwarzwald&#8220; (10.11.2021) Spaltung: &hellip; <a href=\"https:\/\/www.freiburg-schwarzwald.de\/blog\/business\/gesund\/arzt\/landarzt\/\">Weiterlesen <span class=\"meta-nav\">&rarr;<\/span><\/a><\/p>\n","protected":false},"author":2,"featured_media":0,"parent":11724,"menu_order":0,"comment_status":"closed","ping_status":"closed","template":"","meta":{"footnotes":""},"class_list":["post-96017","page","type-page","status-publish","hentry"],"_links":{"self":[{"href":"https:\/\/www.freiburg-schwarzwald.de\/blog\/wp-json\/wp\/v2\/pages\/96017","targetHints":{"allow":["GET"]}}],"collection":[{"href":"https:\/\/www.freiburg-schwarzwald.de\/blog\/wp-json\/wp\/v2\/pages"}],"about":[{"href":"https:\/\/www.freiburg-schwarzwald.de\/blog\/wp-json\/wp\/v2\/types\/page"}],"author":[{"embeddable":true,"href":"https:\/\/www.freiburg-schwarzwald.de\/blog\/wp-json\/wp\/v2\/users\/2"}],"replies":[{"embeddable":true,"href":"https:\/\/www.freiburg-schwarzwald.de\/blog\/wp-json\/wp\/v2\/comments?post=96017"}],"version-history":[{"count":5,"href":"https:\/\/www.freiburg-schwarzwald.de\/blog\/wp-json\/wp\/v2\/pages\/96017\/revisions"}],"predecessor-version":[{"id":117323,"href":"https:\/\/www.freiburg-schwarzwald.de\/blog\/wp-json\/wp\/v2\/pages\/96017\/revisions\/117323"}],"up":[{"embeddable":true,"href":"https:\/\/www.freiburg-schwarzwald.de\/blog\/wp-json\/wp\/v2\/pages\/11724"}],"wp:attachment":[{"href":"https:\/\/www.freiburg-schwarzwald.de\/blog\/wp-json\/wp\/v2\/media?parent=96017"}],"curies":[{"name":"wp","href":"https:\/\/api.w.org\/{rel}","templated":true}]}}