{"id":95711,"date":"2021-10-31T19:18:35","date_gmt":"2021-10-31T18:18:35","guid":{"rendered":"https:\/\/www.freiburg-schwarzwald.de\/blog\/?page_id=95711"},"modified":"2025-03-21T20:06:06","modified_gmt":"2025-03-21T19:06:06","slug":"religion-fanatismus","status":"publish","type":"page","link":"https:\/\/www.freiburg-schwarzwald.de\/blog\/religion\/religion-fanatismus\/","title":{"rendered":"Religion-Fanatismus"},"content":{"rendered":"<p>d<\/p>\n<div id=\"attachment_95671\" style=\"width: 647px\" class=\"wp-caption alignnone\"><a href=\"https:\/\/www.freiburg-schwarzwald.de\/blog\/wp-content\/uploads\/2021\/10\/herbst-stare-weinberg211027-pan.jpg\"><img loading=\"lazy\" decoding=\"async\" aria-describedby=\"caption-attachment-95671\" class=\"size-full wp-image-95671\" src=\"https:\/\/www.freiburg-schwarzwald.de\/blog\/wp-content\/uploads\/2021\/10\/herbst-stare-weinberg211027-pan.jpg\" alt=\"\" width=\"637\" height=\"347\" srcset=\"https:\/\/www.freiburg-schwarzwald.de\/blog\/wp-content\/uploads\/2021\/10\/herbst-stare-weinberg211027-pan.jpg 637w, https:\/\/www.freiburg-schwarzwald.de\/blog\/wp-content\/uploads\/2021\/10\/herbst-stare-weinberg211027-pan-180x98.jpg 180w\" sizes=\"auto, (max-width: 637px) 100vw, 637px\" \/><\/a><p id=\"caption-attachment-95671\" class=\"wp-caption-text\">Stare vor dem Abflug \u00fcber dem Weinberg bei Freiburg Ende Oktober 2021<\/p><\/div>\n<ul>\n<li><em>Listenauswahl eines Beitrags: Bitte anklicken oder runterscrollen<\/em><\/li>\n<li><a href=\"https:\/\/www.freiburg-schwarzwald.de\/blog\/religion\/oekologismus\/\">Der \u00d6kologismus. Die neue deutsche Wahnidee<\/a>\u00a0(20.3.2025)<\/li>\n<li><a href=\"https:\/\/www.freiburg-schwarzwald.de\/blog\/hamas-beginnt-krieg-mit-israel\/\">Hamas beginnt Krieg mit Israel<\/a>\u00a0(8.10.2023)<\/li>\n<li><a href=\"https:\/\/www.freiburg-schwarzwald.de\/blog\/religion\/\">\u201eReligi\u00f6se Ideologie\u201c statt Islam<\/a>\u00a0(23.2.2023)<\/li>\n<li><a href=\"https:\/\/www.freiburg-schwarzwald.de\/blog\/religion\/islam\/islam-terror\/\">Ayaan Hirsi Ali warnt vor Wokeismus und Islamismus<\/a>\u00a0(18.11.2022)<\/li>\n<li><a href=\"https:\/\/www.freiburg-schwarzwald.de\/blog\/finnland-christentum-und-lgbt\/\">Finnland: Christentum und LGBT<\/a>\u00a0(3.4.2022)<\/li>\n<li><a href=\"https:\/\/www.freiburg-schwarzwald.de\/blog\/drewermann-staat-macht-angst\/\">Drewermann: Der Staat macht Angst<\/a>\u00a0(25.2.2022)<\/li>\n<li>Fanatismus im Islam und im Christentum\u201c? (30.10.2021)<\/li>\n<li><a href=\"https:\/\/www.freiburg-schwarzwald.de\/blog\/natur\/klima\/klima-instrumentalisieren\/\">Neubauer: Es geht um Gesellschaftsver\u00e4nderung, nicht um Klimakrise<\/a>\u00a0(15.6.2021)<\/li>\n<li><\/li>\n<li><a href=\"https:\/\/www.freiburg-schwarzwald.de\/blog\/natur\/klima\/klima-religion\/\">Klima-Religion<\/a><\/li>\n<li><a href=\"https:\/\/www.freiburg-schwarzwald.de\/blog\/religion\/oekologismus\/\">\u00d6kologismus<\/a><\/li>\n<li><a href=\"https:\/\/www.freiburg-schwarzwald.de\/blog\/religion\/zivilreligion\/\">Zivilreligion<\/a><\/li>\n<\/ul>\n<p>&nbsp;<\/p>\n<p>&nbsp;<\/p>\n<p><strong>Fanatismus im Islam und im Christentum\u201c?<\/strong><br \/>\n<strong>Eine unzul\u00e4ssige Gleichsetzung durch Kardinal Dr. Reinhard Marx<\/strong><br \/>\nvon Reinhard Wenner<\/p>\n<p>Im Blog \u201ekatholisch.de\u201c<br \/>\n<a href=\"https:\/\/www.katholisch.de\/artikel\/31662-kardinal-marx-warnt-vor-missbrauch-der-religion-zur-abgrenzung\">https:\/\/www.katholisch.de\/artikel\/31662-kardinal-marx-warnt-vor-missbrauch-der-religion-zur-abgrenzung<\/a><br \/>\nwurde am 18. Oktober 2021 berichtet, Kardinal Reinhard Marx, Erzbischof von M\u00fcnchen und Freising, habe bei einer interreligi\u00f6sen Veranstaltung zum Monat der Weltmission in M\u00fcnchen gesagt: \u201eFanatismus gebe es im Islam und im Christentum\u201c und angemerkt, der Staat \u201em\u00fcsse \u2026 offen sein f\u00fcr alle Religionen, etwa auch in Form des islamischen Religionsunterrichts\u201c. Weiter habe er ge\u00e4u\u00dfert: Auf Pfarrei-Ebene gebe es beim \u201eDialog der Religionen \u2026 \u2019noch Luft nach oben\u2019.\u201c<\/p>\n<p>.<\/p>\n<p><em>Frage nach den Fakten<\/em><br \/>\nAuf Grund welcher Fakten der Kirchenmann im Blick auf \u201eFanatismus\u201c die Gleichsetzung von Islam und Christentum f\u00fcr richtig h\u00e4lt, ist nicht ersichtlich. Im Islam ist der Fanatismus im Koran grundgelegt, im Neuen Testament dagegen Fehlanzeige. Im Koran werden Juden und Christen und alle anderen Nichtmuslime diffamiert, n\u00e4mlich als verstandeslos (Suren 2,171; 2,18; 9,29; 9,127) und schlimmer als Tiere bezeichnet (Sure 8,55 f.). Der Allah des Korans selbst verflucht mehrmals Juden und Christen (Suren 4,52; 5,13; 33,64) und fordert seine Gl\u00e4ubigen zum Kampf gegen sie und alle anderen Ungl\u00e4ubigen auf (Suren 2,193; 2,216; 9,5; 8,12).<br \/>\nDer Allah des Korans teilt zudem mit, Menschen, die an den dreifaltigen Gott glauben, werde er in seine H\u00f6lle stecken (Suren 9,17; 98,6). Er will sogar eigens Menschen f\u00fcr die H\u00f6lle erschaffen haben (Sure 7,179).<br \/>\nMuslime, die f\u00fcr ihren Allah k\u00e4mpfen und dabei get\u00f6tet werden, gelten im Islam als M\u00e4rtyrer und sollen umgehend ins Allah-Paradies kommen (Sure 4,74) \u2013 eine Art Schlaraffenland, in dem auch f\u00fcr jeden muslimischen Attent\u00e4ter\/M\u00f6rder \u201egro\u00df\u00e4ugige Huris\u201c mit \u201eschwellenden Br\u00fcsten\u201c (Suren 56,22; 78,31 \u2013 34) bereitstehen. Solche \u201eVerhei\u00dfungen\u201c d\u00fcrften f\u00fcr einige Muslime Anlass sein, zum Selbstmord-Attent\u00e4ter zu werden.<br \/>\nWo aber wird im Neuen Testament \u00fcber die Nichtchristen \u00c4hnliches gesagt wie im Koran \u00fcber die Nichtmulime? Fordert etwa Jesus Christus zum T\u00f6ten von Nichtchristen auf, sodass zu Recht sagt werden kann: \u201eFanatismus gibt es im Islam und im Christentum\u201c?<\/p>\n<p><em>Christliche Terrororganisationen?<\/em><br \/>\nZwar gibt es hin und wieder auch fanatische Christen, aber auf welches neutestamentliche Wort k\u00f6nnen sich solche Christen f\u00fcr ihren Fanatismus sowie bei Gewalttaten gegen Nichtchristen berufen? Rufen solche Christen, wenn sie t\u00f6ten, laut zum Gott der Bibel? Wenn dagegen Muslime Terroranschl\u00e4ge begehen, sollen immer mal wieder \u201eAllahu akbar\u201c-Rufe zu h\u00f6ren sein.<br \/>\nIm Islam gibt es etliche Terror-Organisationen wie Al Nusra, Al Qaida, Al Shabaab, Boko Haram, Hamas, Hisbollah, Islamischer Staat, Muslim-Bruderschaft, Taliban \u2013 um einige zu nennen. Mir ist nicht bekannt, dass es vergleichbare Terror-Organisationen auch bei den Christen gegeben hat und gibt. Werden in der katholischen Kirche auch christliche Fanatiker, die Terroranschl\u00e4ge ver\u00fcben und dabei zu Tode kommen, als M\u00e4rtyrer verehrt?<br \/>\nMit den Worten \u201eFanatismus im Islam und im Christentum\u201c wird meines Erachtens in unzul\u00e4ssiger und unverantwortlicher Weise die Friedensbotschaft Jesu auf eine Ebene gestellt mit den Kampfaufrufen und Verfluchungen Allahs. Auch das Christentum wird dadurch diffamiert.<\/p>\n<p><em>Offenheit des Staates auch f\u00fcr schulischen Islamunterricht?<\/em><br \/>\nKardinal Marx hat nach der Mitteilung im Blog \u201ekatholisch.de\u201c gefordert, unser Staat \u201em\u00fcsse \u2026 offen sein f\u00fcr alle Religionen, etwa auch in Form des islamischen Religionsunterrichts\u201c.<br \/>\nJeder (demokratische) Staat, der gestattet, dass eine Religionsgemeinschaft darauf hinarbeiten kann, wesentliche Grundlagen der Verfassung wie die rechtliche Gleichheit von Mann und Frau, das Recht auf freie Wahl des Lebensstandes, des Ehepartners, der Religion abzuschaffen und sog. Ungl\u00e4ubige zu dhimmis (zu Menschen minderen Rechts) zu machen sowie Selbstjustiz zu \u00fcben (Sure 2,178), schaufelt sich selbst das Grab.<br \/>\nLehrpl\u00e4ne f\u00fcr den Islamunterricht lassen sich grundgesetzkonform formulieren. Wer aber garantiert, dass nicht unter der Hand all die menschenrechtsfeindlichen und grundgesetzwidrigen Lehren und Befehle des Koran-Allahs ebenfalls gelehrt und gelernt werden? Bekanntlich gestattet Allah takiyya (T\u00e4uschung, Verschleierung). Im Koran wird sogar Maria, die Mutter Jesu, zum Schummeln aufgefordert (Sure 19,26).<br \/>\nUnd was w\u00fcrde wohl Kardinal Marx sagen, wenn Kommunisten und Nationalsozialisten ihn ggf. b\u00e4ten, ihren Antrag zu unterst\u00fctzen, in den staatlichen Schulen ihre Weltanschauung zu lehren \u2013 nat\u00fcrlich aufgrund von Lehrb\u00fcchern, die grundgesetzkonform verfasst sind? Denn gem\u00e4\u00df Artikel 3 Abs. 3 GG darf z.B. niemand \u201ewegen \u2026 seiner \u2026 politischen Anschauungen benachteiligt \u2026 werden\u201c.<\/p>\n<p><em>Keine Verletzung der Menschenrechte im Name der Glaubensfreiheit<\/em><br \/>\nEin weiterer Aspekt: Bei den Azteken soll es immer wieder Menschenopfer gegeben haben. Neben dem Hauptgott Huitzilopochtli sollen weiteren 12 G\u00f6ttern Menschenopfer dargebracht worden sein. Was w\u00fcrde seine Eminenz wohl sagen, wenn der G\u00f6tterglaube der Azteken wieder Zulauf f\u00e4nde und Personen sich freiwillig (!) f\u00fcr eine Opferung an einen Azteken-Gott zur Verf\u00fcgung stellten? W\u00fcrden er so etwas auch als Teil der Glaubensfreiheit gem\u00e4\u00df Art. 4 GG ansehen und verteidigen und als Vertreter der r\u00f6misch-katholischen Kirche ggf. an solch einem \u201eMenschenopfer\u201c teilnehmen?<br \/>\nDas Bundesverfassungsgericht hat schon vor \u00fcber 60 Jahren mitgeteilt, dass die Glaubensfreiheit, die im Grundgesetz schrankenlos gew\u00e4hrleistet ist, dennoch Schranken unterworfen ist. Im Beschluss vom 8. 11. 1960 (BVerfGE 12,1 ff., hier S. 4) hei\u00dft es: \u201eJedenfalls kann sich auf die Glaubensfreiheit nicht berufen, wer die Schranken \u00fcber\u00adtritt, die die allgemeine Wertordnung des Grundgesetzes errichtet hat. Das Grundge\u00adsetz hat nicht irgendeine, wie auch immer geartete freie Bet\u00e4tigung des Glaubens sch\u00fctzen wollen, sondern nur diejenige, die sich bei den heutigen Kulturv\u00f6lkern auf dem Boden gewisser \u00fcbereinstimmender sittlicher Grundanschauungen im Laufe der geschichtlichen Entwicklung herausgebildet hat. \u2026 Aus dem Aufbau der grundrechtli\u00adchen Wertordnung, insbesondere der W\u00fcrde der Person, ergibt sich, dass Missbrauch namentlich dann vorliegt, wenn die W\u00fcrde der Person anderer verletzt wird.\u201c Demnach w\u00e4re es also m\u00f6glich, dem Islam, der sich als Religion versteht, religi\u00f6s gestattete oder religi\u00f6s sogar verlangte Verhaltensweisen zu verbieten. Wer eine Forderung f\u00fcr das Zusammenleben der Menschen (unterschiedlichen Glaubens) erhebt, sollte alle Konsequenzen bis zum Ende durchdenken.<\/p>\n<p><em>Dialog mit Muslimen?<\/em><br \/>\nKardinal Marx soll weiter gesagt haben, auf Pfarrei-Ebene seien mehr Dialoge zwischen Christen und Muslimen m\u00f6glich. Aber was k\u00f6nnte Muslime veranlassen, mit Christen Gespr\u00e4che zu f\u00fchren, die im Koran als L\u00fcgner bezeichnet werden (Sure 37,151), als unrein gelten (Sure 9,28), die ihr Allah verflucht hat, auf die er Satane gesandt haben will (Suren 19,83; 43,36) und die f\u00fcr die H\u00f6lle bestimmt sind?<\/p>\n<p>Muslime d\u00fcrften wohl nur so lange an Gespr\u00e4chen mit Christen interessiert sein, wie sie ihnen ihre Forderungskataloge pr\u00e4sentieren und sie zur Annahme des Islams auffordern k\u00f6nnen bzw. Christen ihnen als \u201eT\u00fcr\u00f6ffner\u201c dienen.<br \/>\nKardinal Marx erweckt den Eindruck, dass er den Koran nicht bzw. nicht sorgf\u00e4ltig gelesen hat und von der breiten Blutspur, die der Islam im Lauf der Geschichte verursacht hat und auch heutzutage verursacht, zu wenig wei\u00df. Dabei ist z.B. im Jahr 2014 der \u201eIslamische Staat\u201c im Irak gegen die Jesiden in so brutaler Weise vorgegangen, dass sogar von \u201eV\u00f6lkermord\u201c die Rede war. Die Christen sind ebenfalls nicht geschont geblieben.<br \/>\nDie \u00c4u\u00dferungen des Kardinals Marx zeigen, dass es auch im kirchlichen Bereich immer wieder an der Unterscheidung der Geister mangelt.<br \/>\n30.10.2021, Reinhard Wenner<br \/>\n<em>Der katholische Diplom-Theologe und Jurist Reinhard Wenner<\/em><br \/>\n<em>lebt in St. Augustin bei Bonn<\/em><br \/>\n.<br \/>\nEinige Kommentare:<br \/>\n<strong>Man sollte den Herrn Marx einfach mal fragen:<\/strong><br \/>\nWann wurde zuletzt einem Moslem oder einem Angeh\u00f6rigen einer anderen Religion von einem &#8222;fanatischen Christen&#8220; der Kopf abgeschnitten? Wann wurden zuletzt von &#8222;fanatischen Christen&#8220; Moscheen oder Synagogen gesch\u00e4ndet, angez\u00fcndet oder in die Luft gesprengt? Wann haben zuletzt tausende &#8222;fanatische Christen&#8220; ihre Glaubensbr\u00fcder im Internet zu solchen Taten begl\u00fcckw\u00fcnscht? Wann wurden zuletzt abtr\u00fcnnige Christen von ihren Glaubensbr\u00fcdern aufgeh\u00e4ngt, gest\u00fcrzt oder gesteinigt? &#8211; Dieser Marx ist f\u00fcr mich nichts anderes als die f\u00fcnfte Kolonne des Islam. Wenn es einen christlichen Gott gibt, sollte der ihn daf\u00fcr strafen!<br \/>\n30.10.2021, B.K.<\/p>\n<p>Fanatismus gibt oder gab es auch im Kommunismus, in Kulturrevolutionen, im Sozialismus und sogar bei Impfbef\u00fcrwortern gibt es diesen. Das hat einerseits etwas mit der Pers\u00f6nlichkeit, den Ideen und den Zielen zu tun, andererseits mit der kulturellen gesellschaftlichen Stimmung, die hervorgebracht wird durch &#8222;Einheizer&#8220;. Im Koran ist diese Stimmung immer gegenw\u00e4rtig, kann nat\u00fcrlich mal beiseite gelassen werden, aber immer wieder hervorgeholt und betont werden, insofern ist es richtig, dass es dort fundamental anders ist als im Christentum.<br \/>\nDieser gewollte Relativismus der Politkaste der jetzt merkw\u00fcrdigerweise selbst von den Kirchen gezeigt und ist eine Anbiederung an den Islam, vielleicht zun\u00e4chst aus Angst, dann gef\u00f6rdert wiederum durch die Beeinflusser der Gesellschaft und einem Druck der dadurch entsteht zu entsprechender Political Korrektheit, die ja auch bei vielen anderen Themen, die durchgedr\u00fcckt werden sollen, immer mehr zu beobachten sind. Und genauso ist es mit dem Islam, es werden Moslems hierher mit der aktuellen Politik quasi eingeladen und dann muss man aufgrund unserer Gesetze ihnen die Religionsfreiheit gew\u00e4hren egal wie das f\u00fcr uns ist und genau da hat sich die Kirche der Politik unterworfen, was mit dem &#8222;Fl\u00fcchtlingskonstrukt&#8220; begr\u00fcndet wurde und nun alles im Griff hat. Dass die Moslems \u00fcberall, wo sie die Mehrheit haben, ganz andere Seiten aufziehen, ist ihnen eher egal, solange sie hier nicht herrschen k\u00f6nnen. Dass es aber auch eine andere Wirkung auf das Land haben k\u00f6nnte, wird einfach ignoriert, solange es noch nicht sp\u00fcrbar ist.<br \/>\nDiese Politik, nur zu reagieren, wenn das Kind in den Brunnen gefallen ist, hat Merkel zur Perfektion gebracht. Der Staat muss eben nicht f\u00fcr alles offen sein, er hat die M\u00f6glichkeit \u00fcber das Parlament ( nicht aktuell) Gesetze zu \u00e4ndern und muss vor allem den Willen der Mehrheit der B\u00fcrger umsetzen, aber die werden ja nicht gefragt, nur wer am nettesten ist, z\u00e4hlt da nur. In den Zeitr\u00e4umen wie eine islamische Mehrheitsgesellschaft entstehen kann, denken die Politprofis sowieso nicht, das reicht immer nur bis zur n\u00e4chsten Wahl. Was <a href=\"https:\/\/www.freiburg-schwarzwald.de\/blog\/religion\/islam\/taquia\/\">Taqiyya<\/a> angeht, ist es eine der geschicktesten Waffen, die der Islam hat und kann bei jedem Kontakt und in den Medien bei Talks beobachtet werden (xxxc) Die Lage des Irrsinns wird auch hier gut beschrieben xxx ). Viel eher als die Azteken sind die vielen anderen Religionen, die hier inzwischen alle eingewandert sind gleich zu behandeln, dort aber ist tiefes Schweigen im Walde. Im \u00dcbrigen w\u00fcrde ich mich nicht auf solch weit zur\u00fcckliegende Geschichten berufen, Geschichtsf\u00e4lschung war auch schon immer ein probates Mittel von jeglicher Machtpolitik. Die Religionsfreiheit steht imzwischen h\u00f6her als die k\u00f6rperliche Unversehrtheit von Buben oder Tieren, auch da hat man das GG schon unterworfen. Leider muss man aber auch sagen, dass die katholische Kirche oder Teile von ihr schon seit langem von der Politik bzw der Macht haben kapern und instrumentalisieren lassen.<br \/>\n30.10.2021, H.S.<\/p>\n<p><strong>Man sollte den Herrn Karinal Marx einfach mal fragen:<\/strong><br \/>\nWann wurde zuletzt einem Moslem oder einem Angeh\u00f6rigen einer anderen Religion von einem &#8222;fanatischen Christen&#8220; der Kopf abgeschnitten? Wann wurden zuletzt von &#8222;fanatischen Christen&#8220; Moscheen oder Synagogen gesch\u00e4ndet, angez\u00fcndet oder in die Luft gesprengt? Wann haben zuletzt tausende &#8222;fanatische Christen&#8220; ihre Glaubensbr\u00fcder im Internet zu solchen Taten begl\u00fcckw\u00fcnscht? Wann wurden zuletzt abtr\u00fcnnige Christen von ihren Glaubensbr\u00fcdern aufgeh\u00e4ngt, gest\u00fcrzt oder gesteinigt? &#8211; Dieser Marx ist f\u00fcr mich nichts anderes als die f\u00fcnfte Kolonne des Islam. Wenn es einen christlichen Gott gibt, sollte der ihn daf\u00fcr strafen!<br \/>\n30.10.2021, B.k.<br \/>\nEnde Kommentare<\/p>\n","protected":false},"excerpt":{"rendered":"<p>d Listenauswahl eines Beitrags: Bitte anklicken oder runterscrollen Der \u00d6kologismus. Die neue deutsche Wahnidee\u00a0(20.3.2025) Hamas beginnt Krieg mit Israel\u00a0(8.10.2023) \u201eReligi\u00f6se Ideologie\u201c statt Islam\u00a0(23.2.2023) Ayaan Hirsi Ali warnt vor Wokeismus und Islamismus\u00a0(18.11.2022) Finnland: Christentum und LGBT\u00a0(3.4.2022) Drewermann: Der Staat macht Angst\u00a0(25.2.2022) &hellip; <a href=\"https:\/\/www.freiburg-schwarzwald.de\/blog\/religion\/religion-fanatismus\/\">Weiterlesen <span class=\"meta-nav\">&rarr;<\/span><\/a><\/p>\n","protected":false},"author":2,"featured_media":0,"parent":171,"menu_order":0,"comment_status":"closed","ping_status":"closed","template":"","meta":{"footnotes":""},"class_list":["post-95711","page","type-page","status-publish","hentry"],"_links":{"self":[{"href":"https:\/\/www.freiburg-schwarzwald.de\/blog\/wp-json\/wp\/v2\/pages\/95711","targetHints":{"allow":["GET"]}}],"collection":[{"href":"https:\/\/www.freiburg-schwarzwald.de\/blog\/wp-json\/wp\/v2\/pages"}],"about":[{"href":"https:\/\/www.freiburg-schwarzwald.de\/blog\/wp-json\/wp\/v2\/types\/page"}],"author":[{"embeddable":true,"href":"https:\/\/www.freiburg-schwarzwald.de\/blog\/wp-json\/wp\/v2\/users\/2"}],"replies":[{"embeddable":true,"href":"https:\/\/www.freiburg-schwarzwald.de\/blog\/wp-json\/wp\/v2\/comments?post=95711"}],"version-history":[{"count":6,"href":"https:\/\/www.freiburg-schwarzwald.de\/blog\/wp-json\/wp\/v2\/pages\/95711\/revisions"}],"predecessor-version":[{"id":132002,"href":"https:\/\/www.freiburg-schwarzwald.de\/blog\/wp-json\/wp\/v2\/pages\/95711\/revisions\/132002"}],"up":[{"embeddable":true,"href":"https:\/\/www.freiburg-schwarzwald.de\/blog\/wp-json\/wp\/v2\/pages\/171"}],"wp:attachment":[{"href":"https:\/\/www.freiburg-schwarzwald.de\/blog\/wp-json\/wp\/v2\/media?parent=95711"}],"curies":[{"name":"wp","href":"https:\/\/api.w.org\/{rel}","templated":true}]}}