{"id":95320,"date":"2021-10-16T19:32:06","date_gmt":"2021-10-16T17:32:06","guid":{"rendered":"https:\/\/www.freiburg-schwarzwald.de\/blog\/?page_id=95320"},"modified":"2025-08-11T13:01:33","modified_gmt":"2025-08-11T11:01:33","slug":"ampel","status":"publish","type":"page","link":"https:\/\/www.freiburg-schwarzwald.de\/blog\/engagement\/zukunft\/demokratie\/ampel\/","title":{"rendered":"Ampel"},"content":{"rendered":"<p>Home &gt;<a title=\"Engagement\" href=\"https:\/\/www.freiburg-schwarzwald.de\/blog\/engagement\/\">Engagement<\/a>\u00a0&gt;<a title=\"Zukunft\" href=\"https:\/\/www.freiburg-schwarzwald.de\/blog\/engagement\/zukunft\/\">Zukunft<\/a>\u00a0&gt;<a title=\"Demokratie\" href=\"https:\/\/www.freiburg-schwarzwald.de\/blog\/engagement\/zukunft\/demokratie\/\">Demokratie<\/a> &gt;<a href=\"https:\/\/www.freiburg-schwarzwald.de\/blog\/engagement\/zukunft\/demokratie\/groko\/\">GroKo<\/a> &gt;Ampel<\/p>\n<div id=\"attachment_94519\" style=\"width: 649px\" class=\"wp-caption alignnone\"><a href=\"https:\/\/www.freiburg-schwarzwald.de\/blog\/wp-content\/uploads\/2021\/09\/storch-schwarz-und-weiss-rieselfeld-pan2108.jpg\"><img loading=\"lazy\" decoding=\"async\" aria-describedby=\"caption-attachment-94519\" class=\"size-full wp-image-94519\" src=\"https:\/\/www.freiburg-schwarzwald.de\/blog\/wp-content\/uploads\/2021\/09\/storch-schwarz-und-weiss-rieselfeld-pan2108.jpg\" alt=\"\" width=\"639\" height=\"360\" srcset=\"https:\/\/www.freiburg-schwarzwald.de\/blog\/wp-content\/uploads\/2021\/09\/storch-schwarz-und-weiss-rieselfeld-pan2108.jpg 639w, https:\/\/www.freiburg-schwarzwald.de\/blog\/wp-content\/uploads\/2021\/09\/storch-schwarz-und-weiss-rieselfeld-pan2108-180x101.jpg 180w\" sizes=\"auto, (max-width: 639px) 100vw, 639px\" \/><\/a><p id=\"caption-attachment-94519\" class=\"wp-caption-text\">Ein schwarzer Storch beim Abflug im Rieselfeld bei Freiburg im August 2021<\/p><\/div>\n<p>&nbsp;<\/p>\n<div class=\"entry-content\">\n<p>&nbsp;<\/p>\n<div id=\"attachment_20902\" class=\"wp-caption alignnone\">\n<p><a href=\"https:\/\/www.freiburg-schwarzwald.de\/blog\/business\/handel\/kleiderladen\/seebuck34sessellift-pan130107-2\/\" rel=\"attachment wp-att-20902\"><img loading=\"lazy\" decoding=\"async\" class=\"size-full wp-image-20902\" title=\"seebuck34sessellift-pan130107\" src=\"https:\/\/www.freiburg-schwarzwald.de\/blog\/wp-content\/uploads\/2013\/01\/seebuck34sessellift-pan1301071.jpg\" sizes=\"auto, (max-width: 637px) 100vw, 637px\" srcset=\"https:\/\/www.freiburg-schwarzwald.de\/blog\/wp-content\/uploads\/2013\/01\/seebuck34sessellift-pan1301071.jpg 637w, https:\/\/www.freiburg-schwarzwald.de\/blog\/wp-content\/uploads\/2013\/01\/seebuck34sessellift-pan1301071-180x68.jpg 180w\" alt=\"\" width=\"637\" height=\"242\" aria-describedby=\"caption-attachment-20902\" \/><\/a><\/p>\n<p id=\"caption-attachment-20902\" class=\"wp-caption-text\">Feldberg ganz oben am 7.1.2013: Seebuck, Sonne, Lift, Ski, Nebel<\/p>\n<\/div>\n<p>&nbsp;<\/p>\n<ul>\n<li><em>Listenauswahl eines Beitrags: Bitte anklicken oder runterscrollen<\/em><\/li>\n<li><a href=\"https:\/\/www.freiburg-schwarzwald.de\/blog\/zentralrat-der-juden-gegen-merz\/\">Zentralrat der Juden gegen Merz<\/a>\u00a0(11.8.2025)<\/li>\n<li><a href=\"https:\/\/www.freiburg-schwarzwald.de\/blog\/engagement\/zukunft\/demokratie\/regierung2025\/\">Regierungskoalition CDU\/CSU-SPD seit 6.5.2025<\/a>\u00a0(6.5.2025)<\/li>\n<li><a href=\"https:\/\/www.freiburg-schwarzwald.de\/blog\/bildung\/infantil\/\">Der Siegestor: eine kurze Erfolgsgeschichte des Robert Habeck \u2013 Puerilismus<\/a>\u00a0(25.1.2025)<\/li>\n<li><a href=\"https:\/\/www.freiburg-schwarzwald.de\/blog\/kultur\/medien\/kritik\/\">Kritik und Majest\u00e4tsbeleidigung<\/a>\u00a0(7.1.2025)<\/li>\n<li><a href=\"https:\/\/www.freiburg-schwarzwald.de\/blog\/musk-und-die-meinungsfreiheit\/\">Musk und die Meinungsfreiheit<\/a>\u00a0(30.12.2024)<\/li>\n<li><a href=\"https:\/\/www.freiburg-schwarzwald.de\/blog\/weiter-so-statt-politikwechsel\/\">&#8222;Weiter so&#8220; statt Politikwechsel<\/a> (19.12.2024)<\/li>\n<li><a href=\"https:\/\/www.freiburg-schwarzwald.de\/blog\/global\/deutschland\/sinn\/\">Hans-Werner Sinn rechnet mit Scholz, Merkel und EU ab<\/a>\u00a0(2.12.2024)<\/li>\n<li><a href=\"https:\/\/www.freiburg-schwarzwald.de\/blog\/global\/deutschland\/deutschland-israel\/\">Haftbefehl gegen Netanjahu \u2013 Eine Schande f\u00fcr Deutschland<\/a>\u00a0(29.11.2024)<\/li>\n<li><a href=\"https:\/\/www.freiburg-schwarzwald.de\/blog\/staat-und-die-andersdenkenden\/\">Staat und die Andersdenkenden<\/a>\u00a0(24.11.2024)<\/li>\n<li><a href=\"https:\/\/www.freiburg-schwarzwald.de\/blog\/engagement\/zukunft\/ehrlichkeit\/\">Medien-Coach entlarvt Scholz: Freie Rede nur vorgegaukelt<\/a>\u00a0(13.11.2024)<\/li>\n<li><a href=\"https:\/\/www.freiburg-schwarzwald.de\/blog\/engagement\/zukunft\/demokratie\/politik\/zeitenwende\/\">Ampel, Trump, Bitcoin \u2013 Wenn sich das Blatt pl\u00f6tzlich wendet<\/a> (14.11.2024)<\/li>\n<li><a href=\"https:\/\/www.freiburg-schwarzwald.de\/blog\/engagement\/zukunft\/demokratie\/ampel\/ampel-ende\/\">Alice Weidel (AfD) am 13.11.2024 im Bundestag zum Ende der Ampel<\/a> (13.11.2024)<\/li>\n<li><a href=\"https:\/\/www.freiburg-schwarzwald.de\/blog\/vereine\/partei\/cdu\/brandmauer\/\">Peter Hahne aus den USA: Brandmauer-Fall jetzt! Heute!<\/a> (9.11.2024)<\/li>\n<li><a href=\"https:\/\/www.freiburg-schwarzwald.de\/blog\/ampel-als-minderheitsregierung\/\">Ampel als Minderheitsregierung<\/a> (7.11.2024)<\/li>\n<li><a href=\"https:\/\/www.freiburg-schwarzwald.de\/blog\/global\/ukraine\/ukraine-fanatismus\/\">Top-SPD-Au\u00dfenpolitiker: \u201eSind bereit, komplette Unterst\u00fctzung der Ukraine finanziell zu schultern\u201d<\/a>\u00a0(7.11.2024)<\/li>\n<li><a href=\"https:\/\/www.freiburg-schwarzwald.de\/blog\/6-11-24-trump-siegt-ampel-aus\/\">6.11.24: Trump siegt, Ampel aus<\/a>\u00a0(7.11.2024)<\/li>\n<li><a href=\"https:\/\/www.freiburg-schwarzwald.de\/blog\/habeck-gegen-meinungsfreiheit\/\">Habeck gegen Meinungsfreihei<\/a>t (30.10.2024)<\/li>\n<li><a href=\"https:\/\/www.freiburg-schwarzwald.de\/blog\/korrelation-afd-kausalitaet\/\">Korrelation &#8211; AfD &#8211; Kausalit\u00e4t<\/a> (21.10.2024)<\/li>\n<li><a href=\"https:\/\/www.freiburg-schwarzwald.de\/blog\/aufnahmekapazitaetn-erschoepft\/\">Aufnahmekapazit\u00e4ten ersch\u00f6pft<\/a>\u00a0(8.9.2024)<\/li>\n<li><a href=\"https:\/\/www.freiburg-schwarzwald.de\/blog\/frei\">Wir lassen uns von der Regierung nicht einsch\u00fcchtern! Wir w\u00e4hlen die Freiheit!<\/a> (20.8.2024)<\/li>\n<li><a href=\"https:\/\/www.freiburg-schwarzwald.de\/blog\/nordstream-sprengung-alles-ok\/\">Nordstream Sprengung: Alles ok<\/a>\u00a0(18.8.2024)<\/li>\n<li><a href=\"https:\/\/www.freiburg-schwarzwald.de\/blog\/engagement\/zukunft\/demokratie\/parlament\/abgeordnete\/\">Warum die politische Unf\u00e4higkeit siegt und was wir dagegen tun k\u00f6nnen<\/a>\u00a0(5.8.2024)<\/li>\n<li><a href=\"https:\/\/www.freiburg-schwarzwald.de\/blog\/energie\/wasserstoff\/\">Vahrenholt: Habecks Wasserstoff- und Energie-Fata-Morgana<\/a>\u00a0(6.8.2024)<\/li>\n<li><a href=\"https:\/\/www.freiburg-schwarzwald.de\/blog\/global\/deutschland\/deutschland-verrecke\/\">Leben im Irrenhaus (Deutschland unter der Ampel-Regierung)<\/a>\u00a0(22.7.2024)<\/li>\n<li><a href=\"https:\/\/www.freiburg-schwarzwald.de\/blog\/cum-ex\/\">Cum-Ex: Der Kanzler grinst zum gro\u00dfen Steuerraub<\/a>\u00a0(21.7.2024)<\/li>\n<li><a href=\"https:\/\/www.freiburg-schwarzwald.de\/blog\/engagement\/zukunft\/frieden\/friedensbewegung2-0\/\">Der \u201eKollateralnutzen\u201c oder: Eine neue Friedensbewegung<\/a>\u00a0(20.7.2024)<\/li>\n<li><a href=\"https:\/\/www.freiburg-schwarzwald.de\/blog\/pressefreiheit-compact-verbot\/\">Pressefreiheit \u2013 Compact-Verbot<\/a>\u00a0(16.7.2024)<\/li>\n<li><a href=\"https:\/\/www.freiburg-schwarzwald.de\/blog\/engagement\/zukunft\/demokratie\/politik\/aussenpolitik\/\">\u201ePal\u00e4stinenser k\u00f6nnen nur in Frieden leben, wenn Israelis gehen\u201c \u2013 Baerbock irritiert mit Versprecher bei CNN<\/a> (11.7.2024)<\/li>\n<li><a href=\"https:\/\/www.freiburg-schwarzwald.de\/blog\/wolfsgruss-oder-schweigefuchs\/\">Wolfsgru\u00df oder Schweigefuchs<\/a>\u00a0(7.7.2024)<\/li>\n<li><a href=\"https:\/\/www.freiburg-schwarzwald.de\/blog\/grundgesetz-und-widersprueche\/\">Grundgesetz und Widerspr\u00fcche<\/a>\u00a0(30.6.2024)<\/li>\n<li><a href=\"https:\/\/www.freiburg-schwarzwald.de\/blog\/global\/deutschland\/deutschland2024\/\">Juli Zeh: Dreiklang Apokalypse, Ausnahmezustand, Alternativlosigkeit<\/a>\u00a0(23.6.2024)<\/li>\n<li><a href=\"https:\/\/www.freiburg-schwarzwald.de\/blog\/sport\/sportlern\/fussball\/fussball-em2024\/\">Peinlicher EM-Tweet: G\u00f6ring-Eckardts rassistische Rhetorik entlarvt sich selbst<\/a> (20.6.2024)<\/li>\n<li><a href=\"https:\/\/www.freiburg-schwarzwald.de\/blog\/boerse-ceo-d-als-ramschladen\/\">B\u00f6rse-CEO: D als Ramschladen<\/a>\u00a0(9.6.2024)<\/li>\n<li><a href=\"https:\/\/www.freiburg-schwarzwald.de\/blog\/selbsthilfe\/soziales\/justiz\/polizei\/polizeibeamte\/\">Mannheim Messerangriff Video \u2013 katastrophaler Polizeieinsatz analysiert<\/a>\u00a0(5.6.2024)<\/li>\n<li><a href=\"https:\/\/www.freiburg-schwarzwald.de\/blog\/wann-kommt-der-aufschwung\/\">Wann kommt der Aufschwung?<\/a>\u00a0(7.5.2024)<\/li>\n<li><a href=\"https:\/\/www.freiburg-schwarzwald.de\/blog\/kant-300-jahre-aufklaerung\/\">Kant 300 Jahre \u2013 Aufkl\u00e4rung<\/a>\u00a0(1.5.2024)<\/li>\n<li><a href=\"https:\/\/www.freiburg-schwarzwald.de\/blog\/habeck-atomausstieg-getrickst\/\">Habeck: Atomausstieg\u00a0 getrickst<\/a>\u00a0(26.4.2024)<\/li>\n<li><a href=\"https:\/\/www.freiburg-schwarzwald.de\/blog\/engagement\/zukunft\/demokratie\/ampel\/\">Ampel bezahlt \u201eDemokratie leben!\u201c: Liste der NGO\u2019s<\/a>\u00a0(25.4.2024)<\/li>\n<li><a href=\"https:\/\/www.freiburg-schwarzwald.de\/blog\/kultur\/erinnerungskultur\/erinnerungspolitik\/\">Thorsten Hinz: \u201eRahmenkonzept Erinnerungskultur\u201c \u2013 Sch\u00f6nes neues Regenbogenland<\/a>\u00a0(19.4.2024)<\/li>\n<li><a href=\"https:\/\/www.freiburg-schwarzwald.de\/blog\/bverfg-regierungskritik-erlaubt\/\">BVerfG: Regierungskritik erlaubt<\/a>\u00a0(17.4.2024)<\/li>\n<li><a href=\"https:\/\/www.freiburg-schwarzwald.de\/blog\/engagement\/zukunft\/demokratie\/grundgesetz\/grundgesetz-klima\/\">Klima-Urteil BVerfG am 24.3.2021: Deutschland im Notstands-Modus<\/a>\u00a0(17.3.2024)<\/li>\n<li><a href=\"https:\/\/www.freiburg-schwarzwald.de\/blog\/engagement\/zukunft\/demokratie\/verfassung\/staatsfeinde\/\">Begriff der Staatsfeindlichkeit: Im 3.Reich und DDR ja. In BRD nein (noch?)<\/a> (19.3.2024)<\/li>\n<li><a href=\"https:\/\/www.freiburg-schwarzwald.de\/blog\/vereine\/ngo\/correctiv\/\">Scholz strickt die Gruselgeschichte von Correctiv weiter<\/a> (11.3.2024)<\/li>\n<li><a href=\"https:\/\/www.freiburg-schwarzwald.de\/blog\/engagement\/zukunft\/demokratie\/demokratiefoerderung\/\">Demokratief\u00f6rdergesetz dient den betreuten Denken<\/a>\u00a0(6.3.2024)<\/li>\n<li><a href=\"https:\/\/www.freiburg-schwarzwald.de\/blog\/bildung\/infantil\/\">Habeck: \u201eDer Wirtschaft geht es gut, aber die Zahlen sind schlecht\u201d<\/a>\u00a0(24.2.2024)<\/li>\n<li><a href=\"https:\/\/www.freiburg-schwarzwald.de\/blog\/engagement\/zukunft\/demokratie\/gegen-rechts\/delegitimierung\/\">Murswiek zu Faesers 13-Punkte-Plan: \u201eDen Rechtsstaat aufweichen\u201c<\/a>\u00a0(23.2.2024)<\/li>\n<li><a href=\"https:\/\/www.freiburg-schwarzwald.de\/blog\/engagement\/zukunft\/demokratie\/hanau19feb2020\/\">Das instrumentalisierte Gedenken: Bundeskanzler verschweigt 10. Opfer des Hanau-Attent\u00e4ters<\/a> (19.2.2024)<\/li>\n<li><a href=\"https:\/\/www.freiburg-schwarzwald.de\/blog\/gegen-armut-und-niedergang\/\">Gegen Armut und Niedergang helfen weder Nudging noch Repression<\/a>\u00a0(21.2.2024)<\/li>\n<li><a href=\"https:\/\/www.freiburg-schwarzwald.de\/blog\/muenchner-sicherheits-konferenz\/\">M\u00fcnchner Sicherheits Konferenz<\/a>\u00a0(19.2.202)<\/li>\n<li><a href=\"https:\/\/www.freiburg-schwarzwald.de\/blog\/ampel-lenkt-buerger-ab\/\">Ampel lenkt B\u00fcrger ab<\/a> (18.2.2024)<\/li>\n<li><a href=\"https:\/\/www.freiburg-schwarzwald.de\/blog\/engagement\/zukunft\/demokratie\/staatsapparat\/\">Die Ampel, nicht die AfD, besch\u00e4digt den Wirtschaftsstandort Deutschland<\/a> (16.2.2024)<\/li>\n<li><a href=\"https:\/\/www.freiburg-schwarzwald.de\/blog\/engagement\/zukunft\/demokratie\/gegen-rechts\/\">Vorwand \u201egegen rechts\u201c: Je mehr die Ampel scheitert, desto weniger Freiheit soll\u2019s geben<\/a>\u00a0(14.2.2024)<\/li>\n<li><a href=\"https:\/\/www.freiburg-schwarzwald.de\/blog\/bauernproteste-gegen-ampel\/\">Bauernproteste gegen Ampel<\/a>\u00a0(2.2.2024)<\/li>\n<li><a href=\"https:\/\/www.freiburg-schwarzwald.de\/blog\/engagement\/zukunft\/demokratie\/opposition\/opposition-verbot\/\">Konzertierter Angriff auf die Opposition: Die etablierten Parteien heizen den kalten B\u00fcrgerkrieg an<\/a>\u00a0(26.1.2024)<\/li>\n<li><a href=\"https:\/\/www.freiburg-schwarzwald.de\/blog\/business\/industrie\/mittelstand\/unternehmer\/\">Arbeitgeber-Chef Dulger rechnet mit Ampel ab<\/a>\u00a0(24.1.2024)<\/li>\n<li><a href=\"https:\/\/www.freiburg-schwarzwald.de\/blog\/demos-gegen-rechtsextremismus\/\">Demos gegen rechtsextrem<\/a>\u00a0(23.1.2024)<\/li>\n<li><a href=\"https:\/\/www.freiburg-schwarzwald.de\/blog\/engagement\/zukunft\/demokratie\/buerokratie\/\">\u00dcberb\u00fcrokratisierung \u2013 Das Augenma\u00df verloren<\/a>\u00a0(20.1.2024)<\/li>\n<li><a href=\"https:\/\/www.freiburg-schwarzwald.de\/blog\/migration-zerstoert-sozialsystem\/\">Migration zerst\u00f6rt Sozialsystem<\/a>\u00a0(13.1.2024)<\/li>\n<li><a href=\"https:\/\/www.freiburg-schwarzwald.de\/blog\/natur\/klima\/transformation\/\">Agora macht weiter \u2013 CO2-R\u00fcckgang aber nur wegen Rezession<\/a>\u00a0(12.1.2024)<\/li>\n<li><a href=\"https:\/\/www.freiburg-schwarzwald.de\/blog\/die-angst-vor-den-bauern\/\">Die Angst vor den Bauern<\/a>\u00a0(10.1.2024)<\/li>\n<li><a href=\"https:\/\/www.freiburg-schwarzwald.de\/blog\/realitaet-schlaegt-narrative\/\">Realit\u00e4t schl\u00e4gt Narrative<\/a>\u00a0(28.12.2023)<\/li>\n<li><a href=\"https:\/\/www.freiburg-schwarzwald.de\/blog\/bauern-aufstand-gegen-ampel\/\">Bauern-Aufstand gegen Ampel<\/a>\u00a0(18.12.2023)<\/li>\n<li><a href=\"https:\/\/www.freiburg-schwarzwald.de\/blog\/global\/deutschland\/deutschland2024\/\">Alice Weidel: In Deutschland wird Politik gegen das deutsche Volk gemacht<\/a>\u00a0(14.12.2023)<\/li>\n<li>Wenn die Ampel kaputt geht, dann nicht vor dem 8. Dezember 2023 (10.12.2023)<\/li>\n<li><a href=\"https:\/\/www.freiburg-schwarzwald.de\/blog\/8-erneuerbar-92-kohlegas\/\">8% Erneuerbar \u2013 92% Kohle+Gas\u201c<\/a>\u00a0(10.12.2023)<\/li>\n<li>Habeck erkl\u00e4rt in der ARD das ganze Dilemma der Gr\u00fcnen &#8211; in einem Satz (4.12.2023)<\/li>\n<li><a href=\"https:\/\/www.freiburg-schwarzwald.de\/blog\/die-ampel-ist-erloschen-dubai\/\">Die Ampel ist erloschen \u2013 Dubai<\/a>\u00a0(29.11.2023)<\/li>\n<li><a href=\"https:\/\/www.freiburg-schwarzwald.de\/blog\/engagement\/zukunft\/demokratie\/verfassung\/verfassungsbruch\/\">Die Ampel will Verfassungsbruch durch Verfassungsbruch heilen<\/a>\u00a0(28.11.2023)<\/li>\n<li><a href=\"https:\/\/www.freiburg-schwarzwald.de\/blog\/neue-partei-krall-und-maassen\/\">Markus Krall \u00fcbt scharfe Kritik an deutscher Ampel-Regierung<\/a> (28.11.2023)<\/li>\n<li><a href=\"https:\/\/www.freiburg-schwarzwald.de\/blog\/engagement\/zukunft\/demokratie\/staat\/staatshaushalt\/\">Haushaltskrise: Noch Staatstheater oder doch schon Staatsversagen?<\/a>\u00a0(27.11.2023)<\/li>\n<li><a href=\"https:\/\/www.freiburg-schwarzwald.de\/blog\/engagement\/zukunft\/demokratie\/notlage\/\">Notstand\/Notlage \u2013 die Regierung verursacht, ruft aus und rettet<\/a>\u00a0(26.11.2023)<\/li>\n<li><a href=\"https:\/\/www.freiburg-schwarzwald.de\/blog\/engagement\/zukunft\/demokratie\/parlament\/abgeordnete\/\">Ampel-Ende und Pensionserwartungen der Abgeordneten<\/a>\u00a0(21.11.2023)<\/li>\n<li><a href=\"https:\/\/www.freiburg-schwarzwald.de\/blog\/schulden-sind-sondervermoegen\/\">Schulden sind Sonderverm\u00f6gen<\/a>\u00a0(6.11.2023)<\/li>\n<li><a href=\"https:\/\/www.freiburg-schwarzwald.de\/blog\/corona-wissen-ignorieren\/\">Corona: Wissen ignorieren<\/a>\u00a0(15.11.2023)<\/li>\n<li><a href=\"https:\/\/www.freiburg-schwarzwald.de\/blog\/habecks-rede-lenkt-ab\/\">Habeck&#8217;s Rede lenkt ab<\/a> (4.11.2023)<\/li>\n<li>Wie der Mann im roten Pullover Olaf Scholz grillte (3.11.2023)<\/li>\n<li>F<a href=\"https:\/\/www.freiburg-schwarzwald.de\/blog\/engagement\/zukunft\/demokratie\/staatsbuergerschaft\/\">amilienministerin Paus: Kein Bekenntnis zu Israel als Einb\u00fcrgerungsvoraussetzung<\/a>\u00a0(30.10.2023)<\/li>\n<li><a href=\"https:\/\/www.freiburg-schwarzwald.de\/blog\/merz-sarrazin-hatte-doch-recht\/\">Merz: Sarrazin hatte doch Recht<\/a>\u00a0(27.10.2023)<\/li>\n<li><a href=\"https:\/\/www.freiburg-schwarzwald.de\/blog\/global\/deutschland\/deutschland2030\/\">Die deutsche Gesellschaft \u2013 ein Tr\u00fcmmerhaufen. \u2026 Und wie geht es weiter?<\/a> (17.10.2023)<\/li>\n<li><a href=\"https:\/\/www.freiburg-schwarzwald.de\/blog\/wir-schaffen-es-nicht-mehr\/\">Wir schaffen es nicht (mehr)<\/a>\u00a0(16.10.2023)<\/li>\n<li><a href=\"https:\/\/www.freiburg-schwarzwald.de\/blog\/3-10-feiertag-ohne-feierlaune\/\">3.10. \u2013 Feiertag ohne Feierlaune<\/a>\u00a0(4.10.2023)<\/li>\n<li><a href=\"https:\/\/www.freiburg-schwarzwald.de\/blog\/lampedusa-gesundheitssystem\/\">Lampedusa \u2013 Gesundheitssystem<\/a>\u00a0(30.9.2023)<\/li>\n<li><a href=\"https:\/\/www.freiburg-schwarzwald.de\/blog\/engagement\/zukunft\/demokratie\/konservatismus\/\">Zehn Behauptungen der Rechtspopulisten<\/a>\u00a0(25.9.2023)<\/li>\n<li><a href=\"https:\/\/www.freiburg-schwarzwald.de\/blog\/energie\/akw\/kernkraft\/\">Dual Fluid-Kernkraft: Olafs \u201etotes Pferd\u201c lebt jetzt in Ruanda<\/a> (12.9.2023)<\/li>\n<li><a href=\"https:\/\/www.freiburg-schwarzwald.de\/blog\/hinweisgeberschutzgesetz\/\">Hinweisgeberschutzgesetz<\/a>\u00a0(12.9.2023)<\/li>\n<li><a href=\"https:\/\/www.freiburg-schwarzwald.de\/blog\/energie\/energiepolitik\/\">Deutsche Energiepolitik ist voller Widerspr\u00fcche<\/a>\u00a0(5.9.2023)<\/li>\n<li><a href=\"https:\/\/www.freiburg-schwarzwald.de\/blog\/scholz-pazifisten-aus-der-hoelle\/\">Scholz: Pazifisten aus der H\u00f6lle<\/a>\u00a0(22.8.2023)<\/li>\n<li><a href=\"https:\/\/www.freiburg-schwarzwald.de\/blog\/business\/dienste\/immobilien\/eigentum\/\">Der Staat holt sich die H\u00e4user zur\u00fcck<\/a>\u00a0(7.8.2023)<\/li>\n<li><a href=\"https:\/\/www.freiburg-schwarzwald.de\/blog\/prof-sinn-erdoel-gas-verbote\/\">Prof Sinn: Erd\u00f6l-\/Gas-Verbote<\/a>\u00a0(1.8.2023)<\/li>\n<li><a href=\"https:\/\/www.freiburg-schwarzwald.de\/blog\/d-fuer-streubomben-in-ua\/\">D f\u00fcr Streubomben in UA<\/a>\u00a0(9.7.2023)<\/li>\n<li><a href=\"https:\/\/www.freiburg-schwarzwald.de\/blog\/innenpolitik-vs-aussenpolitik\/\">Innenpolitik vs Aussenpolitik<\/a>\u00a0(24.6.2023)<\/li>\n<li><a href=\"https:\/\/www.freiburg-schwarzwald.de\/blog\/engagement\/zukunft\/demokratie\/nationalfeiertag\/17-juni-1953\/\">17. Juni 2023 in der deutschen Erinnerungspolitik<\/a>\u00a0(18..6.2023)<\/li>\n<li><a href=\"https:\/\/www.freiburg-schwarzwald.de\/blog\/business\/dienste\/immobilien\/geg\/\">Habeck\u2019s Gr\u00f6\u00dfenwahn: Wenn D es nicht schafft<\/a>\u00a0(4.6.2023)<\/li>\n<li><a href=\"https:\/\/www.freiburg-schwarzwald.de\/blog\/agora-klima-blackrock-finanz\/\">Agora\/Klima \u2013 Blackrock\/Finanz<\/a>\u00a0(27.5.2023)<\/li>\n<li><a href=\"https:\/\/www.freiburg-schwarzwald.de\/blog\/buergerraete-demokratiestaerkung\/\">B\u00fcrgerr\u00e4te Demokratiest\u00e4rkung?<\/a>\u00a0(24.5.2023)<\/li>\n<li><a href=\"https:\/\/www.freiburg-schwarzwald.de\/blog\/juedische-jugend-buht-roth-aus\/\">J\u00fcdische Jugend buht Roth aus<\/a>\u00a0(22.5.2023)<\/li>\n<li><a href=\"https:\/\/www.freiburg-schwarzwald.de\/blog\/business\/dienste\/immobilien\/geg\/\">GEG: Ampel schafft eine existenzvernichtende Klimasteuer<\/a>\u00a0(12.5.2023)<\/li>\n<li><a href=\"https:\/\/www.freiburg-schwarzwald.de\/blog\/benin-bronzen-an-afrika-privat\/\">Benin-Bronzen an Afrika privat<\/a>\u00a0(7.5.2023)<\/li>\n<li><a href=\"https:\/\/www.freiburg-schwarzwald.de\/blog\/engagement\/zukunft\/korruption\/\">System Habeck-Graichen: Netzwerke und Filz<\/a> (3.5.2023)<\/li>\n<li><a href=\"https:\/\/www.freiburg-schwarzwald.de\/blog\/vereine\/partei\/cdu\/cdu-opposition\/\">Kretschmer: Die Politik der Gr\u00fcnen ist \u00f6kologischer Unsinn<\/a>\u00a0(23.4.2023)<\/li>\n<li><a href=\"https:\/\/www.freiburg-schwarzwald.de\/blog\/energie\/akw\/atomausstieg\/\">Habeck &amp; Lang zerst\u00f6ren Dinge, die heil sind: Atomkraftwerke und unsere Wirtschaft<\/a>\u00a0(19.4.2023)<\/li>\n<li><a href=\"https:\/\/www.freiburg-schwarzwald.de\/blog\/feindschaft-zu-china-nein\/\">Feindschaft zu China? Nein!<\/a>\u00a0(15.4.2023)<\/li>\n<li><a href=\"https:\/\/www.freiburg-schwarzwald.de\/blog\/ohne-akws-co2-versorgung\/\">Ohne AKWs: CO2? Versorgung?<\/a>\u00a0(14.4.2023)<\/li>\n<li><a href=\"https:\/\/www.freiburg-schwarzwald.de\/blog\/regierung-gegen-bevoelkerung\/\">Regierung gegen Bev\u00f6lkerung<\/a>\u00a0(12.4.2023)<\/li>\n<li><a href=\"https:\/\/www.freiburg-schwarzwald.de\/blog\/ostern-raetschen-brandbrief\/\">Ostern: R\u00e4tschen \u2013 Brandbrief<\/a>\u00a0(8.4.2023)<\/li>\n<li><a href=\"https:\/\/www.freiburg-schwarzwald.de\/blog\/energie\/heizung\/\">Ampel-Zynismus: 80-J\u00e4hrige d\u00fcrfen ihre \u00d6l-\/Gasheizung weiterbetreiben<\/a>\u00a0(3.4.2023)<\/li>\n<li><a href=\"https:\/\/www.freiburg-schwarzwald.de\/blog\/migration-es-geht-nicht-mehr\/\">Migration: \u201eEs geht nicht mehr!\u201c<\/a>\u00a0(1.4.2023)<\/li>\n<li><a href=\"https:\/\/www.freiburg-schwarzwald.de\/blog\/natur\/klima\/klima-angst\/\">Eine Politik der Angst f\u00fchrt aus der Freiheit in den Totalitarismus<\/a>\u00a0(24.3.2023)<\/li>\n<li><a href=\"https:\/\/www.freiburg-schwarzwald.de\/blog\/engagement\/zukunft\/demokratie\/demokratiefoerderung\/\">Demokratief\u00f6rdergesetz: keine Hilfe f\u00fcr die Demokratie<\/a> (24.3.2023)<\/li>\n<li><a href=\"https:\/\/www.freiburg-schwarzwald.de\/blog\/die-obrigkeit-der-scharlatane\/\">Die Obrigkeit der Scharlatane<\/a>\u00a0(23.3.2023)<\/li>\n<li><a href=\"https:\/\/www.freiburg-schwarzwald.de\/blog\/global\/ukraine\/ukrainekrieg\/\">Doppelmoral: Weltrettung hat Priorit\u00e4t vor Wirtschaft, aber nicht vor Krieg?<\/a>\u00a0(23.3.2023)<\/li>\n<li><a href=\"https:\/\/www.freiburg-schwarzwald.de\/blog\/engagement\/zukunft\/demokratie\/politik\/politik-infantil\/\">Habeck im Regenwald: \u201eIch bin so etwas wie euer H\u00e4uptling\u201c<\/a>\u00a0(18.3.2023)<\/li>\n<li><a href=\"https:\/\/www.freiburg-schwarzwald.de\/blog\/antje-vollmer-tot-eine-pazifistin\/\">Antje Vollmer tot: Eine Pazifistin<\/a>\u00a0(16.3.2023)<\/li>\n<li><a href=\"https:\/\/www.freiburg-schwarzwald.de\/blog\/regierung-bezahlt-journalisten\/\">Regierung bezahlt Journalisten<\/a>\u00a0(12.3.2023)<\/li>\n<li><a href=\"https:\/\/www.freiburg-schwarzwald.de\/blog\/business\/industrie\/mittelstand\/mittelstandsunternehmen\/\">Der Staat wirbt dem Mittelstand das Personal ab<\/a>\u00a0(3.3.2023)<\/li>\n<li><a href=\"https:\/\/www.freiburg-schwarzwald.de\/blog\/ihr-habt-euch-daran-gewoehnt\/\">Ihr habt Euch daran gew\u00f6hnt<\/a>\u00a0(27.2.2023)<\/li>\n<li><a href=\"http:\/\/karneval\">Karneval f\u00fcr Kriegstreiber? Orden \u201eWider den tierischen Ernst\u201c<\/a> (6.2.2023)<\/li>\n<li><a href=\"https:\/\/www.freiburg-schwarzwald.de\/blog\/ohne-mittelstand-kein-wohlstand\/\">Ohne Mittelstand kein Wohlstand<\/a>\u00a0(5.2.2023)<\/li>\n<li><a href=\"https:\/\/www.freiburg-schwarzwald.de\/blog\/vorkriegszeit\/\">Vorkriegszeit?<\/a>\u00a0(1.2.2023)<\/li>\n<li><a href=\"https:\/\/www.freiburg-schwarzwald.de\/blog\/global\/afrika\/\">Leopard-Spruch von Baerbock ver\u00e4rgert Afrika<\/a> (28.1.2023)<\/li>\n<li><a href=\"https:\/\/www.freiburg-schwarzwald.de\/blog\/engagement\/zukunft\/demokratie\/demokratieabbau\/\">Umbau von Gesellschaft und politischen Institutionen durch die Ampel-Regierung<\/a>\u00a0(13.1.2023)<\/li>\n<li><a href=\"https:\/\/www.freiburg-schwarzwald.de\/blog\/keine-marder-panzer-in-ukraine\/\">Keine Marder-Panzer in Ukraine<\/a>\u00a0(8.1.2023)<\/li>\n<li><a href=\"https:\/\/www.freiburg-schwarzwald.de\/blog\/global\/deutschland\/deutschland-usa\/\">Kanzler Scholz ist noch weniger souver\u00e4n als das Land, das er regiert<\/a> (2.1.2023)<\/li>\n<li><a href=\"https:\/\/www.freiburg-schwarzwald.de\/blog\/engagement\/zukunft\/demokratie\/ampel\/\">Ampel: Politik der Verarmung<\/a>\u00a0(1.1.2023)<\/li>\n<li><a href=\"https:\/\/www.freiburg-schwarzwald.de\/blog\/zwei-neujahrsansprachen-2023\/\">Zwei Neujahrsansprachen 2023<\/a>\u00a0(31.12.2022)<\/li>\n<li><a href=\"https:\/\/www.freiburg-schwarzwald.de\/blog\/engagement\/zukunft\/demokratie\/freiheit\/freiheit-fuer-geld\/\">Die Deutschen tauschten Freiheit f\u00fcr Geld<\/a>\u00a0(23.12.20022)<\/li>\n<li><a href=\"https:\/\/www.freiburg-schwarzwald.de\/blog\/global\/deutschland\/deutsche-geschichte\/\">Familie Bismarck kritisiert Au\u00dfenministerin Baerbock<\/a> (23.12.2022)<\/li>\n<li><a href=\"https:\/\/www.freiburg-schwarzwald.de\/blog\/religion\/kirchen\/weihnachten\/\">Weihnachten 2022 \u2013 Steinmeier<\/a>\u00a0(24.12.2022)<\/li>\n<li><a href=\"https:\/\/www.freiburg-schwarzwald.de\/blog\/bildung\/wissenschaft\/experten\/\">Experte als das wahre Unwort des Jahres 2022?<\/a> (23.12.2022)<\/li>\n<li><a href=\"https:\/\/www.freiburg-schwarzwald.de\/blog\/global\/kolonialismus\/\">Baerbock: Nigeria war einst deutsche Kolonie<\/a> (21.12.2022)<\/li>\n<li><a href=\"https:\/\/www.freiburg-schwarzwald.de\/blog\/engagement\/zukunft\/demokratie\/gruen-links\/politik-bullerbue\/\">Gr\u00fcne Zukunft: In Bullerb\u00fc gehen die Lichter aus<\/a>\u00a0(20.12.2022)<\/li>\n<li><a href=\"https:\/\/www.freiburg-schwarzwald.de\/blog\/4-mal-gegen-die-buergerfreiheit\/\">4 mal gegen die B\u00fcrgerfreiheit<\/a>\u00a0(19.12.2022)<\/li>\n<li><a href=\"https:\/\/www.freiburg-schwarzwald.de\/blog\/weihnachtsvorlesung-prof-sinn\/\">Weihnachtsvorlesung: Prof Sinn<\/a>\u00a0(16.12.2022)<\/li>\n<li><a href=\"https:\/\/www.freiburg-schwarzwald.de\/blog\/engagement\/zukunft\/demokratie\/opposition\/\">Die Opposition legitimiert die Demokratie, nicht die Regierung<\/a> (14.12.2022)<\/li>\n<li><a href=\"https:\/\/www.freiburg-schwarzwald.de\/blog\/selbstvernichtung-oder-sicherheit\/\">Selbstvernichtung oder gemeinsame Sicherheit?<\/a>\u00a0(10.12.2022)<\/li>\n<li><a href=\"https:\/\/www.freiburg-schwarzwald.de\/blog\/business\/volkswirtschaft\/niedergang\/\">Weltweit viertgr\u00f6\u00dfte Volkswirtschaft im Niedergang \u2013 selbstgemach<\/a>t (5.12.2022)<\/li>\n<li><a href=\"https:\/\/www.freiburg-schwarzwald.de\/blog\/sport\/sportlern\/fussball\/\">Fussball und Politik: beide haben mit dem Zu-Ende-Gehen zu tun<\/a> (5.12.2022)<\/li>\n<li><a href=\"https:\/\/www.freiburg-schwarzwald.de\/blog\/engagement\/zukunft\/demokratie\/diplomatie\/\">D in Katar: Weltmeister der Diplomatie?<\/a>\u00a0(29.11.2022)<\/li>\n<li><a href=\"https:\/\/www.freiburg-schwarzwald.de\/blog\/nebelkerzen-zwecks-ablenkung\/\">Nebelkerzen zwecks Ablenkung<\/a>\u00a0(30.11.2022)<\/li>\n<li><a href=\"https:\/\/www.freiburg-schwarzwald.de\/blog\/selbsthilfe\/krise\/krisenpolitik\/\">Fritz S\u00f6llner: Krise als Mittel zur Macht<\/a>\u00a0(25.11.2022)<\/li>\n<li><a href=\"https:\/\/www.freiburg-schwarzwald.de\/blog\/regierungskampagne-nudging\/\">Regierungskampagne: Nudging<\/a>\u00a0(21.11.2022)<\/li>\n<li><a href=\"https:\/\/www.freiburg-schwarzwald.de\/blog\/engagement\/zukunft\/demokratie\/staatsapparat\/\">Ampel l\u00e4\u00dft Bundesbeh\u00f6rden in Berlin weiter wachsen<\/a> (20.11.2022)<\/li>\n<li><a href=\"https:\/\/www.freiburg-schwarzwald.de\/blog\/ukraine-9-punkte-zum-frieden\/\">Ukraine: 9 Punkte zum Frieden<\/a>\u00a0(13.11.2022)<\/li>\n<li><a href=\"https:\/\/www.freiburg-schwarzwald.de\/blog\/ukrainekrieg-verhandlungen\/\">Ukrainekrieg: Verhandlungen!<\/a>\u00a0(10.11.2022)<\/li>\n<li><a href=\"https:\/\/www.freiburg-schwarzwald.de\/blog\/engagement\/zukunft\/demokratie\/politik\/politik-illusionen\/\">Thorsten Hinz: Hyperrealit\u00e4t \u2013 Wenn das Reale verschwindet<\/a>\u00a0(28.10.2022)<\/li>\n<li><a href=\"https:\/\/www.freiburg-schwarzwald.de\/blog\/vaterlandsliebe-nur-anderswo\/\">Vaterlandliebe nur anderswo<\/a>\u00a0(26.10.2022)<\/li>\n<li><a href=\"https:\/\/www.freiburg-schwarzwald.de\/blog\/kriegsrhetorik-incl-atomkrieg\/\">Kriegsrhetorik incl. Atomkrieg<\/a>\u00a0(24.10.2022)<\/li>\n<li><a href=\"https:\/\/www.freiburg-schwarzwald.de\/blog\/3-akws-laufen-kein-machtwort\/\">Drei AKWs laufen: Kein Machtwort<\/a>\u00a0(19.10.2022)<\/li>\n<li><a href=\"https:\/\/www.freiburg-schwarzwald.de\/blog\/nudging-3-regierungs-papiere\/\">Nudging: 3 Regierungs-Papiere<\/a>\u00a0(18.10.2022)<\/li>\n<li><a href=\"https:\/\/www.freiburg-schwarzwald.de\/blog\/mittelstand-wirtschaft-bergab\/\">Mittelstand \u2013 Wirtschaft bergab<\/a>\u00a0(15.10.2022)<\/li>\n<li><a href=\"https:\/\/www.freiburg-schwarzwald.de\/blog\/negotiations-or-armageddon\/\">Negotiations or Ukraine Armageddon<\/a>\u00a0(14.10.2022)<\/li>\n<li><a href=\"https:\/\/www.freiburg-schwarzwald.de\/blog\/global\/iran\/isfahan\/\">Baerbock: Kopftuch hat nichts mit Islam zu tun \u2013 beleidigend f\u00fcr Frauen<\/a>\u00a0(4.10.2022)<\/li>\n<li><a href=\"https:\/\/www.freiburg-schwarzwald.de\/blog\/deutsche-interessen-statt-moral\/\">Deutsche Interessen statt Moral<\/a>\u00a0(10.10.2022)<\/li>\n<li><a href=\"https:\/\/www.freiburg-schwarzwald.de\/blog\/d-beleidigt-mutige-iranerinnen\/\">D beleidigt mutige Iranerinnen<\/a>\u00a0(5.10.2022)<\/li>\n<li><a href=\"https:\/\/www.freiburg-schwarzwald.de\/blog\/global\/iran\/isfahan\/\">Baerbock: Kopftuch hat nichts mit Islam zu tun \u2013 beleidigend f\u00fcr Frauen<\/a>\u00a0(4.10.2022)<\/li>\n<li><a href=\"https:\/\/www.freiburg-schwarzwald.de\/blog\/eu-regiert-per-notverordnungen\/\">EU regiert per Notverordnungen<\/a>\u00a0(4.10.2022)<\/li>\n<li><a href=\"https:\/\/www.freiburg-schwarzwald.de\/blog\/global\/deutschland\/deutsche-interessen\/\">Nationale Interessen: Au\u00dfenministerin Annalena Baerbock betreibt vor allem Weltinnenpolitik<\/a> (30.09.2022<\/li>\n<li><a href=\"https:\/\/www.freiburg-schwarzwald.de\/blog\/deutschland-ist-ein-reiches-land\/\">Deutschland ist ein reiches Land<\/a>\u00a0(28.9.2022)<\/li>\n<li><a href=\"https:\/\/www.freiburg-schwarzwald.de\/blog\/energie\/energiekosten\/\">Eberhard Hamer: Energiekosten zur Verarmung<\/a>\u00a0(21.9.2022)<\/li>\n<li><a href=\"https:\/\/www.freiburg-schwarzwald.de\/blog\/wohlstand-commons-sinken\/\">Wohlstand + Commons sinken<\/a>\u00a0(24.9.2022)<\/li>\n<li><a href=\"https:\/\/www.freiburg-schwarzwald.de\/blog\/bill-gates-regiert-in-berlin-mit\/\">Bill Gates regiert in Berlin mit<\/a>\u00a0(21.9.2022)<\/li>\n<li><a href=\"https:\/\/www.freiburg-schwarzwald.de\/blog\/olympia-attentat-muenchen-50\/\">Olympia-Attentat M\u00fcnchen 50 Jahre<\/a>\u00a0(14.9.2022)<\/li>\n<li><a href=\"https:\/\/www.freiburg-schwarzwald.de\/blog\/diese-regierung-verdienen-wir\/\">Diese Regierung verdienen wir<\/a> (13.9.2022)<\/li>\n<li><a href=\"https:\/\/www.freiburg-schwarzwald.de\/blog\/engagement\/zukunft\/demokratie\/politik\/politik-illusionen\/\">Die 17 Dogmen politischer Illusionen<\/a>\u00a0(3.9.2022)<\/li>\n<li><a href=\"https:\/\/www.freiburg-schwarzwald.de\/blog\/religion\/islam\/untergang\/\">Deutschlands Untergang in drei S\u00e4tzen<\/a> (2.9.2022)<\/li>\n<li><a href=\"https:\/\/www.freiburg-schwarzwald.de\/blog\/egal-was-meine-waehler-denken\/\">Egal was meine W\u00e4hler denken<\/a>\u00a0(3.9.2022)<\/li>\n<li><a href=\"https:\/\/www.freiburg-schwarzwald.de\/blog\/business\/gesund\/corona-virus\/maske\/\">Ampel ohne Maske im Regierungsflugzeug nach Canada<\/a>\u00a0(26.8.2022)<\/li>\n<li><a href=\"https:\/\/www.freiburg-schwarzwald.de\/blog\/engagement\/zukunft\/demokratie\/politik\/zeitenwende\/\">Appell an Deutschland: Vier gescheiterte Politiken beenden<\/a> (22.8.2022)<\/li>\n<li><a href=\"https:\/\/www.freiburg-schwarzwald.de\/blog\/kanzler-richtlinienkompetenz\/\">Kanzler-Richtlinienkompetenz<\/a>\u00a0(19.8.2022)<\/li>\n<li><a href=\"https:\/\/www.freiburg-schwarzwald.de\/blog\/natur\/landwirt\/agrar\/\">Julian Reichelt: Landwirte \u2013 Feind der Gr\u00fcnen<\/a>\u00a0(17.8.2022)<\/li>\n<li><a href=\"https:\/\/www.freiburg-schwarzwald.de\/blog\/selbsthilfe\/soziales\/wohlstandsverlust\/\">Eberhard Hamer: Selbstgemachter Absturz<\/a>\u00a0(19.8.2022)<\/li>\n<li><a href=\"https:\/\/www.freiburg-schwarzwald.de\/blog\/bildung\/holocaust-education\/\">Der Pal\u00e4stinenserpr\u00e4sident Abbas wirft Israel \u00ab50 Holocausts\u00bb an seinem Volk vor \u2013 und der deutsche Kanzler schweigt<\/a> (17.8.2022)<\/li>\n<li><a href=\"https:\/\/www.freiburg-schwarzwald.de\/blog\/engagement\/gutmenschen\/wutwinter\/\">Politischer Wortschatz: \u201eWutwinter\u201c 2022\/23<\/a>\u00a0(12.8.2022)<\/li>\n<li><a href=\"https:\/\/www.freiburg-schwarzwald.de\/blog\/private-arme-staatliche-arme\/\">Private Arme \u2013 Staatliche Arme<\/a>\u00a0(9.8.2022)<\/li>\n<li><a href=\"https:\/\/www.freiburg-schwarzwald.de\/blog\/kritik-an-regierung-nicht-staat\/\">Kritik an Regierung, nicht Staat<\/a> (8.8.2022)<\/li>\n<li><a href=\"https:\/\/www.freiburg-schwarzwald.de\/blog\/42-regierungsbeauftragte\/\">42 Regierungsbeauftragte<\/a>\u00a0(6.8.2022)<\/li>\n<li><a href=\"https:\/\/www.freiburg-schwarzwald.de\/blog\/sozialkreditsystem-bei-uns\/\">Sozialkreditsystem \u2013 bei uns?<\/a>\u00a0(1.8.2022)<\/li>\n<li><a href=\"https:\/\/www.freiburg-schwarzwald.de\/blog\/business\/handwerk\/baecker\/\">B\u00e4cker Achim (55) kann das Gas nicht mehr bezahlen<\/a>\u00a0(31.7.2022)<\/li>\n<li><a href=\"https:\/\/www.freiburg-schwarzwald.de\/blog\/antirealistischer-schutzwall\/\">Antirealistischer Schutzwall<\/a>\u00a0(31.7.2022)<\/li>\n<li><a href=\"https:\/\/www.freiburg-schwarzwald.de\/blog\/regierung-warnt-vor-regierung\/\">Regierung warnt vor Regierung<\/a>\u00a0(23.7.2022)<\/li>\n<li><a href=\"https:\/\/www.freiburg-schwarzwald.de\/blog\/energie\/versorgungssicherheit\/\">Habeck: \u201eWir haben ein Gasproblem, kein Stromproblem\u201c<\/a>\u00a0(19.7.2022)<\/li>\n<li><a href=\"https:\/\/www.freiburg-schwarzwald.de\/blog\/gottesstaat-2-0-kann-alles-retten\/\">Gottesstaat 2.0 kann alles retten<\/a>\u00a0(10.7.2022)<\/li>\n<li><a href=\"https:\/\/www.freiburg-schwarzwald.de\/blog\/religion\/islam\/untergang\/\">Endlich Urlaub \u2013 David Engels zur Ruhe vor dem Sturm<\/a>\u00a0(8.7.2022)<\/li>\n<li><a href=\"https:\/\/www.freiburg-schwarzwald.de\/blog\/bergab-grips-medien-politik\/\">Bergab: Grips, Medien, Politik<\/a>\u00a0(4.7.2022)<\/li>\n<li><a href=\"https:\/\/www.freiburg-schwarzwald.de\/blog\/antidiskriminierungsbeauftragte\/\">Hamed Abdel-Samad: Mit der Berufung von Ataman zur Diskriminierungsbeauftragten betreibt die Scholz-Regierung ideologische Identit\u00e4tspolitik<\/a>\u00a0(4.7.2022)<\/li>\n<li><a href=\"https:\/\/www.freiburg-schwarzwald.de\/blog\/g7-treffen-in-elmau-minderheit\/\">G7-Treffen in Elmau: Minderheit<\/a>\u00a0(1.7.2022)<\/li>\n<li><a href=\"https:\/\/www.freiburg-schwarzwald.de\/blog\/engagement\/zukunft\/krieg\/bundeswehr\/\">Lambrecht naiv \u00fcber\u00a0 Panzer: \u201e\u2026 mit diesem Rohr in die Luft schie\u00dft\u201c<\/a>\u00a0(24.6.2022)<\/li>\n<li><a href=\"https:\/\/www.freiburg-schwarzwald.de\/blog\/engagement\/zukunft\/demokratie\/politik\/zeitenwende\/\">Der Trick mit der \u201eZeitenwende\u201c<\/a>\u00a0(14.6.2022)<\/li>\n<li><a href=\"https:\/\/www.freiburg-schwarzwald.de\/blog\/global\/usa\/us-geopolitik\/\">Guerot: Vier Kriege toben in der Ukraine<\/a>\u00a0(2.6.2022)<\/li>\n<li><a href=\"https:\/\/www.freiburg-schwarzwald.de\/blog\/zeitenwende-wieder-eine\/\">Zeitenwende \u2013 wieder eine?<\/a>\u00a0(28.5.2022)<\/li>\n<li><a href=\"https:\/\/www.freiburg-schwarzwald.de\/blog\/faeser-heimat-positiv-umdeuten\/\">Faeser: Heimat positiv umdeuten<\/a>\u00a0(22.5.2022)<\/li>\n<li>Ziele der Ampel: Konformismus und Ausgrenzung (20.5.2022)<\/li>\n<li><a href=\"https:\/\/www.freiburg-schwarzwald.de\/blog\/eigene-interessen-eines-staates\/\">Eigene Interessen eines Staates<\/a>\u00a0(18.5.2022)<\/li>\n<li><a href=\"https:\/\/www.freiburg-schwarzwald.de\/blog\/nrw-wahl-negative-signale\/\">NRW-Wahl \u2013 Negative Signale<\/a>\u00a0(16.5.2022)<\/li>\n<li><a href=\"https:\/\/www.freiburg-schwarzwald.de\/blog\/global\/deutschland\/deutschland-ukraine\/\">Wird Deutsche Politik in Ramstein gemacht statt in Berlin?<\/a>\u00a0(15.5.2022)<\/li>\n<li><a href=\"https:\/\/www.freiburg-schwarzwald.de\/blog\/scholz-zum-8-mai-manipulation\/\">Scholz zum 8.Mai: Manipulation<\/a>\u00a0(9.5.2022)<\/li>\n<li><a href=\"https:\/\/www.freiburg-schwarzwald.de\/blog\/diplomatie-anstelle-von-krieg\/\">Diplomatie anstelle von Krieg<\/a>\u00a0(4.5.2022)<\/li>\n<li><a href=\"https:\/\/www.freiburg-schwarzwald.de\/blog\/engagement\/zukunft\/krieg\/panzer\/\">Deutsche Panzer, die auf Russen schie\u00dfen \u2013 Diese Regierung f\u00fchrt uns an den Abgrund<\/a>\u00a0(27.4.2022)<\/li>\n<li><a href=\"https:\/\/www.freiburg-schwarzwald.de\/blog\/mit-oekologie-in-die-hungersnot\/\">Mit \u00d6kologie in die Hungersnot<\/a>\u00a0(23.4.2022)<\/li>\n<li><a href=\"https:\/\/www.freiburg-schwarzwald.de\/blog\/keine-schweren-waffen-liefern\/\">Keine schweren Waffen liefern<\/a>\u00a0(20.4.2022)<\/li>\n<li><a href=\"https:\/\/www.freiburg-schwarzwald.de\/blog\/faeser-ramadan-ja-ostern-nein\/\">Faeser: Ramadan ja, Ostern nein<\/a>\u00a0(19.4.2022)<\/li>\n<li>Scholz und der tiefe Riss in der Koalition (14.4.2022)<\/li>\n<li><a href=\"https:\/\/www.freiburg-schwarzwald.de\/blog\/friedens-statt-kriegsrhetorik\/\">Friedens- statt Kriegsrhetorik<\/a>\u00a0(7.4.2022)<\/li>\n<li><a href=\"https:\/\/www.freiburg-schwarzwald.de\/blog\/global\/waffen\/\">Wie anti-amerikanische\u00a0Pazifisten\u00a0pl\u00f6tzlich zu anti-russische Bellizisten wurden<\/a>\u00a0(3.4.2022)<\/li>\n<li><a href=\"https:\/\/www.freiburg-schwarzwald.de\/blog\/bahn-ohne-strom-erster-april\/\">Bahn ohne Strom? Erster April?<\/a>\u00a0(1.4.2022)<\/li>\n<li><a href=\"https:\/\/www.freiburg-schwarzwald.de\/blog\/kroeten-nur-fuer-die-kroeten\/\">Kr\u00f6ten nur f\u00fcr die Kr\u00f6ten \u2013 Abtreibungen<\/a>\u00a0(31.3.2022)<\/li>\n<li><a href=\"https:\/\/www.freiburg-schwarzwald.de\/blog\/sechs-lng-tankschiffe-pro-tag\/\">Sechs LNG-Tankschiffe pro Tag?<\/a>\u00a0(23.3.2022)<\/li>\n<li><a href=\"https:\/\/www.freiburg-schwarzwald.de\/blog\/selbsthilfe\/soziales\/wohlstandsverlust\/\">6-Punkte-Realpolitik statt gr\u00fcnsozialistische Illusionen<\/a>\u00a0(18.3.2022)<\/li>\n<li><a href=\"https:\/\/www.freiburg-schwarzwald.de\/blog\/global\/deutschland\/deutschland-ukraine\/\">Habeck-Interview: \u201eDeutschland muss dienend f\u00fchren\u201c<\/a> (12.3.2022)<\/li>\n<li><a href=\"https:\/\/www.freiburg-schwarzwald.de\/blog\/keine-waffen-in-kriegsgebiete\/\">Keine Waffen in Kriegsgebiete<\/a>\u00a0(28.2.2022)<\/li>\n<li><a href=\"https:\/\/www.freiburg-schwarzwald.de\/blog\/real-gegen-empoerungspolitik\/\">Realpolitik gegen Emp\u00f6rungspolitik<\/a>\u00a0(26.2.2022)<\/li>\n<li><a href=\"https:\/\/www.freiburg-schwarzwald.de\/blog\/engagement\/zukunft\/demokratie\/extremismus\/linksextremismus\/\">Nancy Faeser und der Linksextremismus<\/a>\u00a0(5.2.2022)<\/li>\n<li><a href=\"https:\/\/www.freiburg-schwarzwald.de\/blog\/8-impfdosen-je-einwohner\/\">8 Impfdosen je Einwohner<\/a>\u00a0(27.1.2022)<\/li>\n<li><a href=\"https:\/\/www.freiburg-schwarzwald.de\/blog\/global\/migration\/migrationspolitik\/\">Migrationspolitik: D\u00e4nemark versus Deutschland<\/a>\u00a0(24.1.2022)<\/li>\n<li><a href=\"https:\/\/www.freiburg-schwarzwald.de\/blog\/selbsthilfe\/familie\/familienrecht\/\">Familienrecht: Eine kalte Revolution<\/a> (21.1.2022)<\/li>\n<li><a href=\"https:\/\/www.freiburg-schwarzwald.de\/blog\/kultur\/kunst\/kuenstler-proteste\/\">Serdar Somuncu: Diese Regierung hat jetzt schon versagt<\/a> (19.1.2022)<\/li>\n<li><a href=\"https:\/\/www.freiburg-schwarzwald.de\/blog\/business\/gesund\/corona-virus\/impfzwang\/\">Lauterbach: Impfpflicht, bevor sie \u00fcberfl\u00fcssig wird<\/a> (8.1.2022)<\/li>\n<li><a href=\"https:\/\/www.freiburg-schwarzwald.de\/blog\/natur\/neujahr\/\">Neujahrsansprache einer B\u00fcrgerin an Kanzler Olaf Scholz<\/a> (1.1.2022)<\/li>\n<li><a href=\"https:\/\/www.freiburg-schwarzwald.de\/blog\/neues-jahr-2022-danser-encore\/\">Neues Jahr 2022: Danser encore<\/a>\u00a0(31.12.2021)<\/li>\n<li><a href=\"https:\/\/www.freiburg-schwarzwald.de\/blog\/hanfanbau-und-cannabis-neu\/\">Hanfanbau und Cannabis<\/a>\u00a0\u2013 neu (31.12.2021)<\/li>\n<li><a href=\"https:\/\/www.freiburg-schwarzwald.de\/blog\/weihnachten-keine-rote-linien\/\">Weihnachten: Keine roten Linien?<\/a> (26.12.2021)<\/li>\n<li><a href=\"https:\/\/www.freiburg-schwarzwald.de\/blog\/business\/gesund\/corona-virus\/omikron\/\">Omikron-Entdeckerin: Versetzen Sie die Menschen nicht in Panik<\/a>\u00a0(21.12.2021)<\/li>\n<li>Altkanzler Schr\u00f6der: Mit einer Au\u00dfenministerin Baerbock wird es schwer (20.12.2021)<\/li>\n<li><a href=\"https:\/\/www.freiburg-schwarzwald.de\/blog\/ein-kalter-winter-blackout\/\">Ein kalter Winter \u2013 Blackout?<\/a>\u00a0(13.12.2021)<\/li>\n<li><a href=\"https:\/\/www.freiburg-schwarzwald.de\/blog\/natur\/naturschutz\/naturzerstoerung\/\">Ampel: Naturzerst\u00f6rung im Namen des Klimaschutzes<\/a>\u00a0(11.12.2021)<\/li>\n<li>Die Transformationspl\u00e4ne der Ampelkoalition: kein Opfer zu gro\u00df (11.12.2021)<\/li>\n<li><a href=\"https:\/\/www.freiburg-schwarzwald.de\/blog\/selbsthilfe\/familie\/familienrecht\/\">Zerst\u00f6rung der Familie durch die Ampel<\/a>\u00a0(8.12.2021)<\/li>\n<li><a href=\"https:\/\/www.freiburg-schwarzwald.de\/blog\/business\/gesund\/klinik\/\">Karl Lauterbach\u2019s Hypothek: Fallpauschalensystem, Klinikschlie\u00dfungen<\/a> (6.12.2021)<\/li>\n<li>Das dreckige Spiel der CDU\/CSU gegen die Ampel (28.11.2021)<\/li>\n<li>Ampel: &#8222;Zusammenleben von Weidetieren und Wolf konfliktfrei&#8220; (28.11.2021)<\/li>\n<li><a href=\"https:\/\/www.freiburg-schwarzwald.de\/blog\/global\/waffen\/drohnen\/\">Schatten \u00fcber der Ampel: Kampfdrohnen drohen<\/a>\u00a0(1.11.2021)<\/li>\n<li><a href=\"https:\/\/www.freiburg-schwarzwald.de\/blog\/konservative-und-cdu-erneuern\/\">Konservative und CDU erneuern<\/a>\u00a0(1.11.2021)<\/li>\n<li><a href=\"https:\/\/www.freiburg-schwarzwald.de\/blog\/ich-habe-es-satt\/\">Ich habe es satt<\/a>\u00a0(19.10.2021)<\/li>\n<li>\u201cJetzt sind sie halt da\u201d: Ampel wird Deutschland leise, aber dramatisch ver\u00e4ndern (15.10.2021)<\/li>\n<li><a href=\"https:\/\/www.freiburg-schwarzwald.de\/blog\/selbsthilfe\/kinder\/kinderrechte\/\">Ampel: Der Staat greift nun total nach unseren Kindern<\/a> (15.10.2021)<\/li>\n<li>Bescherung: Energiekrise und Inflation &#8211; wie bestellt, so geliefert (15.10.2021)<\/li>\n<li><a href=\"https:\/\/www.freiburg-schwarzwald.de\/blog\/agamben-kontrollgesellschaft\/\">Agamben: Kontrollgesellschaft<\/a>\u00a0(15.10.2021)<\/li>\n<li><a href=\"https:\/\/www.freiburg-schwarzwald.de\/blog\/ampel-dahrendorf-demokratie\/\">Ampel: Dahrendorf Demokratie<\/a>\u00a0(4.10.2021)<\/li>\n<li><\/li>\n<li><a href=\"https:\/\/www.freiburg-schwarzwald.de\/blog\/engagement\/zukunft\/demokratie\/parlament\/abgeordnete\/\">Abgeordnete<\/a><\/li>\n<li><a href=\"https:\/\/www.freiburg-schwarzwald.de\/blog\/engagement\/zukunft\/demokratie\/ampel\/ampel-ende\/\">Ampel-Ende<\/a><\/li>\n<li><a href=\"https:\/\/www.freiburg-schwarzwald.de\/blog\/cum-ex\/\">Cum-Ex<\/a><\/li>\n<li><a href=\"https:\/\/www.freiburg-schwarzwald.de\/blog\/engagement\/zukunft\/demokratie\/gegen-rechts\/delegitimierung\/\">Delegitimierung<\/a><\/li>\n<li><a href=\"https:\/\/www.freiburg-schwarzwald.de\/blog\/global\/deutschland\/deutschland2024\/\">Deutschland2024<\/a><\/li>\n<li><a href=\"https:\/\/www.freiburg-schwarzwald.de\/blog\/engagement\/zukunft\/demokratie\/diplomatie\/\">Diplomatie<\/a><\/li>\n<li><a href=\"https:\/\/www.freiburg-schwarzwald.de\/blog\/global\/waffen\/drohnen\/\">Drohnen &#8211; Kampfdrohnen<\/a><\/li>\n<li><a href=\"https:\/\/www.freiburg-schwarzwald.de\/blog\/energie\/energiekosten\/\">Energiekosten<\/a><\/li>\n<li><a href=\"https:\/\/www.freiburg-schwarzwald.de\/blog\/kultur\/erinnerungskultur\/erinnerungspolitik\/\">Erinnerungspolitik<\/a><\/li>\n<li><a href=\"https:\/\/www.freiburg-schwarzwald.de\/blog\/engagement\/zukunft\/demokratie\/freiheit\/freiheit-fuer-geld\/\">Freiheit-fuer-Geld<\/a><\/li>\n<li><a href=\"https:\/\/www.freiburg-schwarzwald.de\/blog\/engagement\/zukunft\/frieden\/friedensbewegung2-0\/\">Friedensbewegung2-0<\/a><\/li>\n<li><a href=\"https:\/\/www.freiburg-schwarzwald.de\/blog\/business\/dienste\/immobilien\/geg\/\">GEG &#8211; Geb\u00e4udeenergiegesetz<\/a><\/li>\n<li><a href=\"https:\/\/www.freiburg-schwarzwald.de\/blog\/engagement\/zukunft\/demokratie\/gegen-rechts\/\">gegen-rechts<\/a><\/li>\n<li><a href=\"https:\/\/www.freiburg-schwarzwald.de\/blog\/selbsthilfe\/krise\/krisenpolitik\/\">Krisenpolitik<\/a><\/li>\n<li><a href=\"https:\/\/www.freiburg-schwarzwald.de\/blog\/engagement\/zukunft\/demokratie\/extremismus\/linksextremismus\/\">Linksextremismus<\/a><\/li>\n<li><a href=\"https:\/\/www.freiburg-schwarzwald.de\/blog\/business\/volkswirtschaft\/niedergang\/\">Niedergang<\/a><\/li>\n<li><a href=\"https:\/\/www.freiburg-schwarzwald.de\/blog\/engagement\/zukunft\/demokratie\/notlage\/\">Notlage<\/a><\/li>\n<li><a href=\"https:\/\/www.freiburg-schwarzwald.de\/blog\/global\/eu\/notverordnungen\/\">Notverordnungen<\/a><\/li>\n<li><a href=\"https:\/\/www.freiburg-schwarzwald.de\/blog\/business\/gesund\/corona-virus\/omikron\/\">Omikron<\/a><\/li>\n<li><a href=\"https:\/\/www.freiburg-schwarzwald.de\/blog\/engagement\/zukunft\/demokratie\/opposition\/opposition-verbot\/\">Opposition-Verbot<\/a><\/li>\n<li><a href=\"https:\/\/www.freiburg-schwarzwald.de\/blog\/engagement\/zukunft\/krieg\/panzer\/\">Panzer<\/a><\/li>\n<li><a href=\"https:\/\/www.freiburg-schwarzwald.de\/blog\/engagement\/zukunft\/demokratie\/gruen-links\/politik-bullerbue\/\">Politik-Bullerb\u00fc<\/a><\/li>\n<li><a href=\"https:\/\/www.freiburg-schwarzwald.de\/blog\/engagement\/zukunft\/demokratie\/politik\/politik-illusionen\/\">Politik-Illusionen<\/a><\/li>\n<li><a href=\"https:\/\/www.freiburg-schwarzwald.de\/blog\/engagement\/zukunft\/demokratie\/politik\/politik-infantil\/\">Politik-infantil<\/a><\/li>\n<li><a href=\"https:\/\/www.freiburg-schwarzwald.de\/blog\/engagement\/zukunft\/demokratie\/regierung2025\/\">Regierung2025<\/a><\/li>\n<li><a href=\"https:\/\/www.freiburg-schwarzwald.de\/blog\/global\/russland\/russland-china\/\">Russland-China<\/a><\/li>\n<li><a href=\"https:\/\/www.freiburg-schwarzwald.de\/blog\/business\/wirtschaft\/sanktionen\/\">Sanktionen<\/a><\/li>\n<li><a href=\"https:\/\/www.freiburg-schwarzwald.de\/blog\/engagement\/zukunft\/demokratie\/sozialismus\/sozialkreditsystem\/\">Sozialkreditsystem<\/a><\/li>\n<li><a href=\"https:\/\/www.freiburg-schwarzwald.de\/blog\/business\/volkswirtschaft\/verarmung\/\">Verarmung<\/a><\/li>\n<li><a href=\"https:\/\/www.freiburg-schwarzwald.de\/blog\/engagement\/zukunft\/demokratie\/verfassung\/verfassungsbruch\/\">Verfassungsbruch<\/a><\/li>\n<li><a href=\"https:\/\/www.freiburg-schwarzwald.de\/blog\/engagement\/gutmenschen\/wutwinter\/\">Wutwinter<\/a><\/li>\n<li><a href=\"https:\/\/www.freiburg-schwarzwald.de\/blog\/engagement\/zukunft\/demokratie\/politik\/zeitenwende\/\">Zeitenwende<\/a><\/li>\n<li><a href=\"https:\/\/www.freiburg-schwarzwald.de\/blog\/religion\/zivilreligion\/\">Zivilreligion<\/a><\/li>\n<\/ul>\n<p>&nbsp;<\/p>\n<p><strong>Habeck erkl\u00e4rt in der ARD das ganze Dilemma der Gr\u00fcnen &#8211; in einem Satz<\/strong><br \/>\nRobert Habeck sagte im letzten ARD-Talk von Anne Will einen bemerkenswerten Satz. Mit ihm hat der Minister das ganze Dilemma der Gr\u00fcnen perfekt zusammengefasst.<br \/>\nBei \u201eAnne Will\u201c sprach am Sonntagabend wohl der Philosoph Robert Habeck. Der stellte mit Blick auf all die Probleme in der Welt mit einem abgekl\u00e4rten Seufzer fest: <em><strong>\u201eWir sind umzingelt von Wirklichkeit.\u201c<\/strong><\/em><br \/>\n&#8230; Alles vom 4.12.2023 bitte lesen auf<br \/>\n<a href=\"https:\/\/www.focus.de\/kultur\/kino_tv\/kommentar-von-hugo-mueller-vogg-habeck-erklaert-in-der-ard-das-ganze-dilemma-der-gruenen-in-einem-satz_id_258356780.html\">https:\/\/www.focus.de\/kultur\/kino_tv\/kommentar-von-hugo-mueller-vogg-habeck-erklaert-in-der-ard-das-ganze-dilemma-der-gruenen-in-einem-satz_id_258356780.html<\/a><\/p>\n<p>&nbsp;<\/p>\n<p><strong>Wie der Mann im roten Pullover Olaf Scholz grillte<\/strong><br \/>\nEin ausgew\u00e4hltes Publikum stellt dem Bundeskanzler brav seine Fragen? Nicht so in Mannheim. Dort bringt ein \u00e4lterer Herr Olaf Scholz in Bedr\u00e4ngnis, als er von diesem klare Antworten zu Cum-Ex und zum Umgang mit den inkompetenten Ampelkollegen will. <a href=\"https:\/\/twitter.com\/i\/status\/1720424703355944969\">https:\/\/twitter.com\/i\/status\/1720424703355944969<\/a><br \/>\n&#8230;<br \/>\nGanz unwutb\u00fcrgerlich spricht er den Bundeskanzler an, dass er sich Sorgen mache, weil er im Cum-Ex-Ausschuss \u201esehr vergesslich\u201c sei. Im Ausland werde das schon kommentiert, man habe einen Kanzler der Vergesslichkeit.<br \/>\n&#8230;<br \/>\nScholz ist bereits beim ersten Teil genervt. Durch den Applaus spricht er durchs Mikro: \u201eZweite Frage?\u201c Doch jetzt erst l\u00e4uft der neue Publikumsliebling zur H\u00f6chstform auf \u2013 und bleibt immer noch entwaffnend ruhig. Mit einem rhetorischen Kniff beginnt er: Selbst die Kom\u00f6dianten meinten ja, Deutschland habe die \u201ed\u00fcmmste Regierung der Welt\u201c. Er glaube das nat\u00fcrlich nicht \u2013 nur, um dann umso deutlicher auszuholen: Im Kabinett gebe es so viele Mitglieder, die nichts k\u00f6nnten. Habeck w\u00fcsste nicht, was ein Konkurs sei, Baerbock redet von 360-Grad-Wenden und L\u00e4ndern, die hunderttausende Kilometer entfernt seien.<br \/>\n&#8230;<br \/>\nOlaf Scholz pariert. Also, er versucht es. Er weicht den Fragen aus, indem er sie zielgerichtet nicht beantwortet. Unter anderem sagt er, dass sich seine Minister immer \u201esehr bem\u00fcht\u201c zeigten. Haben sich also Habeck und Baerbock \u201estets bem\u00fcht\u201c? Vielleicht sind sich ja der Kanzler und der Herr aus dem Publikum mit ihren Ansichten doch viel n\u00e4her, als man meint. Wom\u00f6glich spricht der mutma\u00dfliche Rentner sogar Scholz aus ganzer Seele. Wie ist sonst zu erkl\u00e4ren, dass man keinen Hinweis auf diese Blamage beim Bundeskanzleramt findet? <a href=\"https:\/\/www.bundeskanzler.de\/bk-de\/aktuelles\/kanzlergespraech-in-mannheim-2234106\">https:\/\/www.bundeskanzler.de\/bk-de\/aktuelles\/kanzlergespraech-in-mannheim-2234106<\/a> Wer schweigt, stimmt bekanntlich zu.<br \/>\n&#8230; Alles vom 3.11.2023 von Marco Gallina bitte lesen auf<br \/>\n<a href=\"https:\/\/www.tichyseinblick.de\/daili-es-sentials\/scholz-kanzlergespraeche\/\">https:\/\/www.tichyseinblick.de\/daili-es-sentials\/scholz-kanzlergespraeche\/<\/a><\/p>\n<p>Ein Rentner sagt Scholz, was Millionen Deutsche denken: \u201eMan nennt Sie die d\u00fcmmste Regierung der Welt!\u201c 4.11.2023<br \/>\n<a href=\"https:\/\/www.nius.de\/Kommentar\/ein-rentner-sagt-scholz-was-millionen-deutsche-denken-man-nennt-sie-die-duemmste-regierung-der-welt\/bf58e140-0bff-4625-b03b-600fb0bf6f59\">https:\/\/www.nius.de\/Kommentar\/ein-rentner-sagt-scholz-was-millionen-deutsche-denken-man-nennt-sie-die-duemmste-regierung-der-welt\/bf58e140-0bff-4625-b03b-600fb0bf6f59<\/a><\/p>\n<p>B\u00fcrger-Dialog: Ganzes Publikum lacht Scholz aus!<br \/>\n<a href=\"https:\/\/youtu.be\/o7_0rqIa9lU\">https:\/\/youtu.be\/o7_0rqIa9lU<\/a><\/p>\n<p>&nbsp;<\/p>\n<p><strong>Wenn die Ampel kaputt geht, dann nicht vor dem 8. Dezember 2023<\/strong><br \/>\n&#8230; Ein wichtiger Grund daf\u00fcr ist die Ruhestandsregelung f\u00fcr die Ministerriege. Sie f\u00fchrt dazu, dass es im Interesse der meisten Regierungsmitglieder liegt, die Ampelkoalition noch \u00fcber den 8. Dezember hinaus zu retten. An diesem Tag n\u00e4mlich sind die allermeisten Ministerinnen und Minister zwei Jahre im Amt und haben damit ihre Pensionsanspr\u00fcche gesichert. Sie haben dann genug Amtstage hinter sich, um k\u00fcnftig monatlich knapp 4700 Euro Ruhegehalt ausgezahlt zu bekommen.<br \/>\n&#8230; Alle vom 24.11.2023 bitte lesen auf<br \/>\n<a href=\"https:\/\/www.focus.de\/politik\/deutschland\/minister-bangen-um-viel-geld-wenn-die-ampel-kaputt-geht-dann-auf-keinen-fall-vor-dem-8-dezember_id_251833339.html\">https:\/\/www.focus.de\/politik\/deutschland\/minister-bangen-um-viel-geld-wenn-die-ampel-kaputt-geht-dann-auf-keinen-fall-vor-dem-8-dezember_id_251833339.html<\/a><\/p>\n<p>&nbsp;<\/p>\n<p><strong>Ziele der Ampel: Konformismus und Ausgrenzung<\/strong><br \/>\n\u201eDer gesellschaftliche Umbau der Ampel hat zwei Ziele: Das Leben soll erstens zerfallen in eine Abfolge richtiger Entscheidungen, vom Kindergarten bis zum Sterbebett; so entsteht ein langer Flu\u00df der Bekenntnisse und damit der ideologischen Normenkontrolle. Zweitens bestimmt nicht mehr das Sein das Bewu\u00dftsein, sondern das Tun das Dasein. Wer nicht permanent mitmacht und mitzieht, der hat keinen Anteil an der Gemeinschaft der Engagierten. \u2018Unser Zusammenhalt\u2019 (Paus) gilt den Unpolitischen nicht, ja nicht einmal denen, die Heimat bereits heute f\u00fcr einen positiven Begriff halten. (&#8230;) Abermals feiert der Wille zur Willk\u00fcr Triumphe, selbst um den Preis, ins Absurde abzubiegen.\u201c<br \/>\nAlexander Kissler, Journalist, in der \u201eNeuen Z\u00fcrcher Zeitung\u201c am 20. Mai 2022<\/p>\n<p>&nbsp;<\/p>\n<p>&nbsp;<\/p>\n<p><strong>Scholz und der tiefe Riss in der Koalition<\/strong><br \/>\nEin derart offener Riss zwischen Koalitionspartnern zeigt sich sonst eher in der Schlussphase eines Regierungsb\u00fcndnisses. Dass ein Koalitionsvertreter schon im ersten halben Jahr einer gemeinsamen Regierung den Kanzler derart frontal angreift, spricht f\u00fcr eine tiefe Zerr\u00fcttung entlang einer deutlich erkennbaren Bruchlinie: hier die Gr\u00fcnen und FDP \u2013 dort Scholz mit seiner SPD, die eine Lieferung schwerer Waffen an die Ukraine mit immer neuen Argumenten ablehnt.<br \/>\n&#8230;<br \/>\nIn Berlin kursieren mehrere Versionen daf\u00fcr, warum sich die SPD so hartn\u00e4ckig weigert, der Ukraine wenigstens \u00e4ltere Leopard-Panzer und Marder-Sch\u00fctzenpanzer zu geben. Eine lautet: die alte, eher zu Russland und zu einem naiven Pazifismus neigende Truppe um Fraktionschef Rolf M\u00fctzenich glaubt, nur ein russischer Sieg in der Ost-Ukraine w\u00e4re gesichtswahrend f\u00fcr Putin. Er soll also indirekt durch die Berliner Zur\u00fcckhaltung erm\u00f6glicht werden.<br \/>\n&#8230; Alles vom 14.4.2022 bitte lesen auf<br \/>\n<a href=\"https:\/\/www.tichyseinblick.de\/daili-es-sentials\/scholz-und-der-tiefe-riss-in-der-koalition\/\">https:\/\/www.tichyseinblick.de\/daili-es-sentials\/scholz-und-der-tiefe-riss-in-der-koalition\/<\/a><\/p>\n<p>&nbsp;<\/p>\n<p><strong>Die Transformationspl\u00e4ne der Ampelkoalition: kein Opfer zu gro\u00df<\/strong><br \/>\n<strong>Grenzenlose Hybris<\/strong><br \/>\nDie FDP verabschiedet sich von B\u00fcrgerrechten, die Gr\u00fcnen trennen sich vom Naturschutz. Vielleicht r\u00e4umen die Sozialdemokraten den Rest ab? Die Ampel macht in den ersten Tagen ihrer Regierung klar: F\u00fcr die &#8222;gro\u00dfe Transformation&#8220; bleibt kein Stein auf dem anderen.<br \/>\n&#8230;.<br \/>\nKein Opfer zu gro\u00df, will man sagen, sieht man auf die Transformationspl\u00e4ne der Ampelkoalition. Sicherheit in der Gesundheit, \u201eFortschritt\u201c in der Gesellschaft \u2013 ob im Familienbild oder mit einem \u201emodernen\u201c Einwanderungsrecht, \u2013 oder eben Klimaschutz. Die Politik ordnet sich ohne R\u00fccksicht auf Verluste den Leitlinien unter. Rote Linien kennt das Kabinett Scholz wohl tats\u00e4chlich keine. Die neue \u00f6ko-soziale Marktwirtschaft ist nur ein Tarnname f\u00fcr den \u00d6ko-Sozialismus. Man w\u00fcrde der Ampel zu viel der Ehre antun, w\u00fcrde man es einen Bruch nennen. Es ist tats\u00e4chlich ein Fortschritt. Ein Fortschreiten, auf jahrelang eingetretenen Pfaden, denen Scholz nur nachgehen muss.<br \/>\n&#8230; Alles vom 11.12.2021 bitte lesen auf<br \/>\n<a href=\"https:\/\/www.tichyseinblick.de\/meinungen\/ampel-koalition-transformation\/\">https:\/\/www.tichyseinblick.de\/meinungen\/ampel-koalition-transformation\/<\/a><\/p>\n<p>Einige Kommentare:<br \/>\n<strong>Produktivit\u00e4tsvorsprung von ideologien-getriebenen Mehrausgaben gefressen<\/strong><br \/>\nIch stelle immer wieder auf Reisen fest, dass etwa in Lateinamerika bereits heute Wohlstand und Lebensqualit\u00e4t f\u00fcr die qualifizierte Bev\u00f6lkerung weit \u00fcber dem liegt, was ein deutscher Arbeitnehmer daheim zu erwarten hat.<br \/>\nProduktivit\u00e4tsvorsprung und h\u00f6here Geh\u00e4lter werden komplett von ideologien-getriebenen Mehrausgaben, vollkommen \u00fcberzogenen Immobilienpreisen (Stichwort EZB), Gutmenschentum (Weltsozial- und Weltgesundheitsamt Deutschland) sowie Energiepreiswahnsinn aufgefressen. Das ist auch der Grund, warum es so schwer ist, qualifizierte Arbeitnehmer aus diesen L\u00e4ndern f\u00fcr Jobs in Deutschland zu begeistern bzw Doktoranten etc.. zum Bleiben in D zu animieren.<br \/>\n11.12.2021, E.F.<\/p>\n<p><strong>Nach 4 Jahren von der gr\u00fcn-roten Ideologie geheilt?<\/strong><br \/>\nIch hoffe, dass die Mehrheit der deutschen Bev\u00f6lkerung nach den kommenden 4 Jahren von der gr\u00fcn-roten Ideologie geheilt ist. Allerdings wird die Heilung schmerzhaft:<br \/>\nVerarmung durch j\u00e4hrliche zweistellige Inflationsraten bei W\u00e4rme, Mobilit\u00e4t, Elektrizit\u00e4t, Rohstoffen und Lebensmitteln,<br \/>\nArbeitsplatzverlust durch Deindustrialisierung,<br \/>\nExplosion von Steuern und Abgaben auf allen staatlichen Ebenen,<br \/>\nregelm\u00e4ssige anhaltende Blackouts,<br \/>\nstarke Zunahme staatlicher \u00dcberb\u00fcrokratisierung,<br \/>\nfortschreitende Auswanderung Hochqualifizierter und ihrer Familien,<br \/>\nRuin aller Sozialsysteme durch Unfinanzierbarkeit, durch Migration aus der 3. Welt und durch Abwanderung der bisherigen Leistungstr\u00e4ger,<br \/>\nRuin der gesamten \u00f6ffentlichen Infrastruktur (Stra\u00dfe, Schiene, Stromnetze, Digitalnetze)<br \/>\nErosion der Inneren Sicherheit und starke Zunahme von NoGo-Areas<br \/>\nZerst\u00f6rung der Umwelt durch Fl\u00e4chenverbrauch wg. Zuwanderung, Wind- und Solarenergie,<br \/>\nausufernde weitere Staatsverschuldung<br \/>\npolitische Isolation Deutschlands in Europa und der Welt.<br \/>\nIch wei\u00df: Ich bin ein heilloser Optimist, was die Lernf\u00e4higkeit der deutschen Bev\u00f6lkerung anbelangt.<br \/>\n11.12.2021, IJ<br \/>\nEnde Kommentare<\/p>\n<p>.<\/p>\n<p>Altkanzler Schr\u00f6der: Mit einer Au\u00dfenministerin Baerbock wird es schwer<br \/>\nGegen\u00fcber der neuen Au\u00dfenministerin Annalena Baerbock (Gr\u00fcne) h\u00e4lt Ex-SPD-Bundeskanzler Gerhard Schr\u00f6der daran fest, dass man \u201evern\u00fcnftige Beziehungen zu Russland und China\u201c aufrechterhalten m\u00fcsse. Er betonte: \u201eDas wird ja nicht einfach, wenn man die Erkl\u00e4rungen der neuen Au\u00dfenministerin mal genau anschaut.\u201c &#8230;<br \/>\nZu Baerbock sagte er: \u201eIch habe mich bezogen auf \u00c4u\u00dferungen, die ich geh\u00f6rt habe, Das halte ich nicht f\u00fcr unproblematisch\u201c. Der Ex-Kanzler weiter: \u201eNaja, insbesondere das Verh\u00e4ltnis zu China, zu Russland. Aber auch die Bemerkungen, die gemacht worden sind zur Au\u00dfenpolitik insgesamt. Man kann ein Land wie China nicht isolieren. China ist st\u00e4ndiges Mitglied im Weltsicherheitsrat. Dasselbe gilt f\u00fcr Russland. Und Deutschland braucht auch aus \u00f6konomischen Gr\u00fcnden intakte Beziehungen. Das wird auch Sache der Au\u00dfenministerin sein, die aufrecht zu erhalten. Und nicht nach dem Motto vorzugehen: \u2018Am gr\u00fcnen Wesen soll die Welt genesen\u2019.\u201c<br \/>\n&#8230;Alles vom 20.12.2021 bitte lesen auf<br \/>\n<a href=\"https:\/\/www.theeuropean.de\/egidius-schwarz\/altkanzler-schroeder-eine-aussenministerin-baerbock-ist-nicht-unproblematisch\/\">https:\/\/www.theeuropean.de\/egidius-schwarz\/altkanzler-schroeder-eine-aussenministerin-baerbock-ist-nicht-unproblematisch\/<\/a><\/p>\n<p>&nbsp;<\/p>\n<p>&nbsp;<\/p>\n<p><strong>Das dreckige Spiel der CDU\/CSU gegen die Ampel<\/strong><br \/>\nEs sollte auch argloseren Gem\u00fctern schon aufgefallen sein, dass die aggressivsten Forderungen nach Impfzwang und die sch\u00e4rfsten Repressionsvorschl\u00e4ge gegen Gegner der experimentellen \u201eImpf\u201c-Stoffe aus den Reihen der Spitzenpolitiker von <a href=\"https:\/\/www.freiburg-schwarzwald.de\/blog\/vereine\/partei\/cdu\/\">CDU\/CSU<\/a> kommen. Das mindert oder entschuldigt entsprechende Auslassungen von Politikern der Parteien der neuen Ampel-Koalition in keiner Weise.<br \/>\nAber es sind die Merkel, Spahn, S\u00f6der, Braun, Merz, Brinkhaus und Spie\u00dfgesellen, die aus h\u00f6chst durchsichtigen parteitaktischen Motiven mit verachtenswertem Zynismus die Panikstimmung in Deutschland haupts\u00e4chlich anheizen. Das prim\u00e4re Motiv dabei ist die Absicht, die designierte neue Regierung als Corona-Schw\u00e4chlinge in die Ecke zu treiben.<br \/>\nDie Scholz-Koalition soll m\u00fcrbe gemacht werden, um schlie\u00dflich \u2013 mit allen unabsehbaren Folgewirkungen \u2013 eine Impfpflicht zu beschlie\u00dfen und zu verantworten, die die CDU\/CSU aus guten Gr\u00fcnden in ihrer Regierungszeit ausgeschlossen hat. Da kommt nat\u00fcrlich die angebliche \u201eEbola\u201c-Variante aus S\u00fcdafrika gerade richtig. Und selbstverst\u00e4ndlich wollen die skrupellosen Schreih\u00e4lse von CDU und CSU auch so perfekt wie nur m\u00f6glich verschleiern, welche politische Kraft unter welcher Kanzlerin Deutschland in das Corona-Desaster gef\u00fchrt und gest\u00fcrzt hat.<br \/>\nDieses dreckige Spiel der von Merkel und S\u00f6der ruinierten Union muss schon deshalb in seiner ganzen Abgefeimtheit angeprangert werden, um jeden Versuch zu vereiteln, CDU und CSU den Deutschen als Alternative zu dem Ampel-\u00dcbel zu pr\u00e4sentieren. Diese \u201eUnion\u201c hat fertig, ein f\u00fcr alle Mal \u2013 Punkt!<br \/>\n28.11.2021, Wolfgang H\u00fcbner, <a href=\"https:\/\/de-de.facebook.com\/wolfganghuebnerffm\">https:\/\/de-de.facebook.com\/wolfganghuebnerffm<\/a><\/p>\n<p>&nbsp;<\/p>\n<p><strong>Ampel: &#8222;Zusammenleben von Weidetieren und Wolf konfliktfrei&#8220;<\/strong><br \/>\n\u201eDas Zusammenleben von Weidetieren und Wolf\u201c konfliktarm gestalten, mit Hilfe eines \u201einstitutionalisierten Dialogs\u201c von \u201ebefassten Organisationen und Verba\u0308nden\u201c. Mehr muss \u00fcber diese Koalition eigentlich nicht gesagt werden.<br \/>\nJa, ich wei\u00df, eine Reduzierung des Koalitionsvertrag auf zwei S\u00e4tze ist polemisch. Aber diese Polemik ist Notwehr, wenn infantile Weltverbesserer aus besseren Familien die Schalthebel der Macht \u00fcbernehmen und ihr Realit\u00e4tssinn an die alte Aussage erinnert, der Strom komme doch aus der Steckdose.<br \/>\nSo wie diese Ideologen das \u201eZusammenleben von Weidetieren, Mensch und Wolf\u201c konfliktarm gestalten wollen, so wollen sie auch unsere Gesellschaft wie Knetmasse nach ihren politischen Vorstellungen von oben (um-)formen. Selbst das Klima soll sich ihren Vorgaben beugen.<br \/>\nRealit\u00e4tssinn war gestern. Gr\u00f6\u00dfenwahn gepaart mit Weltrettungs-Phantasien ist heute. Wir sehen irren Zeiten entgegen.<br \/>\n&#8230; Alles vom 28.11.2021 bitte lesen auf<br \/>\n<a href=\"https:\/\/reitschuster.de\/post\/zusammenleben-von-weidetieren-und-wolf-konfliktarm-gestalten\/\">https:\/\/reitschuster.de\/post\/zusammenleben-von-weidetieren-und-wolf-konfliktarm-gestalten\/<\/a><\/p>\n<p>&nbsp;<\/p>\n<p><strong>\u201cJetzt sind sie halt da\u201d: Ampel wird Deutschland leise, aber dramatisch ver\u00e4ndern<\/strong><br \/>\n<strong>Die Mehrheit will es so! &#8230;<\/strong><br \/>\nAlles, was jetzt passiert in Deutschland, ist der Wille der Mehrheit unserer Landsleute. Man muss das ab und zu in Erinnerung rufen, wenn man b\u00fcrgerlich-konservativ tickt wie ich und viele andere. Wir sind eine Minderheit, und wir schrumpfen weiter. Das ist die traurige Wahrheit. 8,4 Prozent hat die Union verloren, und deren W\u00e4hler sind nicht in Scharen zu FDP oder AfD gelaufen, sondern zur SPD und den Gr\u00fcnen. Und so wird nun in Berlin nur das geliefert, was vom W\u00e4hler bestellt worden ist.<br \/>\nDas \u201cErgebnispapier\u201d formuliert eine linke Politik, das ist nicht \u00fcberraschend, wenn vorher links gew\u00e4hlt wird. Mehr erneuerbare Energien, Rente stabil, Mindestlohn, Grundsicherung, mehr Gleichstellungsged\u00f6ns und Gender-Gaga \u2013 alles erwartbar, und es wird uns nicht umbringen. Das klare Bekenntnis zur Nato finde ich erfreulich. Die Dinge aber, die unter dem Radar passieren werden, die sind das Problem.<\/p>\n<p>In den n\u00e4chsten vier Jahren werden sie unermessliche Geldsummen in linke Netzwerke pumpen \u2013 Geld, das wir hart verdient haben und an rot-gr\u00fcne Umgestalter \u00fcberweisen m\u00fcssen. Ein Heer von systemisch vollkommen nutzlosen Gleichstellungsbeauftragten, Gender-Professuren, Friedens- und Klimaforschern, wackeren K\u00e4mpfern \u201cgegen Rechts\u201d k\u00f6nnen sich auf ein eintr\u00e4gliches und sorgenfreies Leben freuen.<br \/>\n&#8230; Alles vom 15.10.2021 von Klaus Kelle bitte lesen auf<br \/>\n<a href=\"https:\/\/denken-erwuenscht.com\/\">https:\/\/denken-erwuenscht.com\/<\/a><\/p>\n<p>&nbsp;<\/p>\n<p><strong>Bescherung: Energiekrise und Inflation &#8211; wie bestellt, so geliefert<\/strong><br \/>\n<em>Liebe deutsche W\u00e4hler. Ihr habt Euch von den Politikern, den Haltungsjournalisten und den selbsternannten Klimarettern hinter die Fichte f\u00fchren lassen. Wie bestellt, so geliefert. Umtausch ausgeschlossen.<\/em><\/p>\n<p>Die Energiepreise steigen, sodass Heizen und Autofahren f\u00fcr viele Normalverbraucher zum \u201eentweder \u2013 oder\u201c werden. Der Erdgaspreis hat sich verzehnfacht. Da kommen fette Heizkostennachzahlungen auf die Kunden zu. Und alles, in dem Energie vorkommt, wird auch teurer. Und zwar nicht so knapp.<br \/>\n\u201eGut so\u201c, meint das \u00f6ffentlich-rechtliche ARD-Sprachrohr der Regierung.<br \/>\n<a href=\"https:\/\/www.derwesten.de\/politik\/inflation-tagesthemen-ard-preissteigerung-sprit-oel-heizen-gas-wdr-shitstorm-energiekrise-zuschauer-tv-id233566433.html\">https:\/\/www.derwesten.de\/politik\/inflation-tagesthemen-ard-preissteigerung-sprit-oel-heizen-gas-wdr-shitstorm-energiekrise-zuschauer-tv-id233566433.html<\/a><br \/>\nDer Kommentator hat leicht kommentieren, liegt sein Einkommen doch \u00fcber 10.000 Euro, bezahlt durch Zwangsabgabe von den kleinen Leuten. Da machen zwei Euro pro Liter Diesel den Mann nicht arm, zumal sein Arbeitgeber das bezahlt.<\/p>\n<p>Katarina Barley, SPD-Europapolitikerin mit mehr als 10.000 Euro Einkommen, r\u00e4t armen Hartz4-Beziehern zum Stromsparen: \u201eDie Kilowattstunde, die ich nicht verbrauche, ist am billigsten.\u201c Und die Marie-Antoinette der SPD legte nach, dass der Einbau neuer Fenster und einer neuen Heizung ja Energie sparen w\u00fcrde. Schlie\u00dflich hat die Regierung den Hartz4-Satz um drei Euro erh\u00f6ht. Dann mal los, liebe Rentner, Flaschensammeln mit Barley f\u00fcr die neue \u00d6koheizung!<\/p>\n<p>VW-Top-Manager Herbert Diess \u2013 SPD-Mitglied, Monatseinkommen eine halbe Million ohne Boni und Rentenbeitr\u00e4ge \u2013 forderte letzte Woche eine Erh\u00f6hung des CO2-Preises von 25 auf 65 Euro. Das soll Elektroautos durch Verteuerung des Treibstoffs konkurrenzf\u00e4hig machen. Dass dabei der Strompreis auch f\u00fcr die E-Autos steigt, ficht einen Diess nicht an, wenn nur der Konzernumbau z\u00fcgig vorankommt. Diese Woche k\u00fcndigte er folgerichtig an, dass durch den Umbau des Konzerns auf Elektromobilit\u00e4t demn\u00e4chst 30.000 VW-Mitarbeiter abgebaut werden k\u00f6nnten. \u201eDrastischer Wachstumsr\u00fcckgang \u2013 Deutschland wird nach unten durchgereicht\u201c, befindet Die Welt aktuell. Die demn\u00e4chst Arbeitslosen d\u00fcrfen mit ihren Familien schon bald das Stromsparen \u00fcben.<\/p>\n<p><em>Die Welt retten, koste es so viele kleine Existenzen, wie es wolle<\/em><br \/>\nDie regierungstreuen Medien verbiegen die Wahrheit zur Unkenntlichkeit, damit die kleinen Leute nicht merken sollen, dass die irrsinnige Energiepolitik der letzten zehn Jahre sie in einen Schlamassel reitet, aus dem es im Guten kein Zur\u00fcck mehr gibt. Da ist eben der Putin schuld, da wurden die Erneuerbaren nur nicht schnell genug ausgebaut, da sind wie immer die kapitalistischen Spekulanten am sozialistischen Elend schuld. Kein Wort \u00fcber den politisch demolierten Kraftwerkspark, dessen Zerst\u00f6rung Abermilliarden kostet. Kein Wort \u00fcber das Subventionsgestr\u00fcpp, in dem die Zahnarzthelferin ihrem Chef das Solardach und das Elektro-Zweitauto finanziert. Kein Wort \u00fcber die Steuerabzocke bei Sprit und Strom. Kein Wort \u00fcber die neue CO2-Steuer, die j\u00e4hrlich steigt und deren Steigerung den Klimarettern viel zu langsam geht \u2013 180 Euro pro Tonne sollen es sein.<\/p>\n<p>Das sind nur einige Beispiele. Die gro\u00dfkopferten Klimaretter haben jede Scham verloren. Sie wollen die Welt retten, koste es so viele kleine Existenzen, wie es wolle. Sie wollen stramm vorreiten und gro\u00dfe Zeichen setzen. Das tut gut, auch wenn es nicht funktioniert. Dabei merken sie nicht, dass die Welt, statt ihnen hinterherzureiten, nur noch den Kopf \u00fcber sie sch\u00fcttelt. Eine ganze Reihe international bekannter gr\u00fcner Wissenschaftler schreibt einen offenen Brief: \u201eLiebes Deutschland, bitte lass die <a href=\"https:\/\/www.freiburg-schwarzwald.de\/blog\/energie\/akw\/kernkraft\/\">Kernkraftwerke<\/a> am Netz\u201c.<br \/>\n<a href=\"https:\/\/www.welt.de\/debatte\/kommentare\/article234364140\/Offener-Brief-Liebes-Deutschland-bitte-lass-die-Kernkraftwerke-am-Netz.html\">https:\/\/www.welt.de\/debatte\/kommentare\/article234364140\/Offener-Brief-Liebes-Deutschland-bitte-lass-die-Kernkraftwerke-am-Netz.html<\/a><br \/>\nDer franz\u00f6sische Merkelfreund Macron hat den deutschen Vorreitern gerade den Mittelfinger gezeigt und will eine Milliarde f\u00fcr die Forschung an neuen Reaktoren ausgeben. Er hat berechtigterweise die Hosen voll, dass die Franzosen im n\u00e4chsten Jahr jemanden anderes w\u00e4hlen als ihn. Und der Newsletter Steingarts Morning Briefing, sicher eher dem Mainstream verhaftet, schreibt heute: \u201eDie wom\u00f6glich gr\u00f6\u00dfte Fehlentscheidung der deutschen Politik war der Ausstieg aus der Atomenergie. Die Angst vor einem deutschen Tschernobyl und die nicht triviale Frage der atomaren Endlagerung f\u00fchrten im Juni 2011 zu einem abrupten Ausstiegsbeschluss des Deutschen Bundestages, der nun exekutiert wird.\u201c<\/p>\n<p>\u201eThis is the hard way to learn this world\u201c, sagte einmal ein Amerikaner zu mir, als ich am Kaffeautomaten verga\u00df, den Becher unterzustellen. So geht es den Deutschen jetzt mit dem Atomausstieg. Auf Achgut.com konnte man das seit \u00fcber zehn Jahren lesen, es l\u00e4sst sich aus den Beitr\u00e4gen eine ganze Bibliothek zusammenstellen. Jedenfalls kann keiner sagen, dass die Misere nicht vorausgesehen worden w\u00e4re.<\/p>\n<p>Womit wir beim Thema Wahlen w\u00e4ren. Liebe deutsche W\u00e4hler, was habt Ihr denn erwartet?<br \/>\nLiebe W\u00e4hler, IHR habt die SPD auf den Schild gehoben. Ich wage mal eine Hypothese: Jetzt bekommt Ihr Herrn Scholz \u2013 den mit den Erinnerungsl\u00fccken \u2013 als Kanzler. Ihr bekommt wom\u00f6glich Frau Esken (die war ja schon mal im Elternbeirat) als Bildungsministerin. Und als Sahneh\u00e4ubchen obendrauf bekommt Ihr Herrn Lauterbach als Gesundheitsminister \u2013 zum Zwecke des Dauerlockdowns und der ewigen Maskerade.<\/p>\n<p>Liebe W\u00e4hler, IHR habt die Gr\u00fcnen stark gemacht und bekommt daf\u00fcr wom\u00f6glich den Kinderbuchautor Habeck als Energieminister und stellvertretenden Kanzler. Und Ihr bekommt das kleine Plapperm\u00e4ulchen, das Euer Land als w\u00fcrdige Nachfolgerin f\u00fcr Herrn Heiko Maas im hohen internationalen Au\u00dfenamt repr\u00e4sentieren soll, Unterhaltungswert garantiert.<br \/>\nUnd liebe W\u00e4hler, wer schlau sein wollte und \u201estrategisch\u201c gew\u00e4hlt hat, bekommt nun neben dem ganzen Gruselkabinett den Herrn Lindner als Finanzminister serviert. Er wird f\u00fcr die Verlockung der Herrschaft die sich anbahnende Gespensterbahn von Bundeskabinett nicht verhindern. Und er kann, beim besten Willen, die europ\u00e4ische Schuldenunion nicht verhindern. Und \u2013 last but not least \u2013 er wird den irrsinnigen Green Deal von unserer Ursel nicht verhindern, er geh\u00f6rt n\u00e4mlich zu den Green Dealern. Er wird das rissige Make-up der neuen Regierung sein und ab und zu frech unter dem Tisch hervorgucken.<br \/>\nLiebe deutsche W\u00e4hler. Ihr habt Euch von den Politikern, den Haltungsjournalisten und den selbsternannten Klimarettern hinter die Fichte f\u00fchren lassen. Wie bestellt, so geliefert. Umtausch ausgeschlossen. Das werden unterhaltsame vier Jahre f\u00fcr Freunde der unfreiwilligen Satire und auch f\u00fcr Freunde von Horrorfilmen wie \u201eParanormal Activity\u201c.<\/p>\n<p>Zu guter Letzt eine Zur\u00fccknahme und Abbitte an die Achse-Leser: Mir ist klar, SIE waren es nicht. Aber Sie sind leider mitgefangen. Rette sich, wer kann.<br \/>\n&#8230; Alles vom 15.10.2021 von Manfred Haferburg bitte lesen auf<br \/>\n<a href=\"https:\/\/www.achgut.com\/artikel\/bescherung_energiekrise_und_inflation_wie_bestellt_so_geliefert\">https:\/\/www.achgut.com\/artikel\/bescherung_energiekrise_und_inflation_wie_bestellt_so_geliefert<\/a><\/p>\n<\/div>\n","protected":false},"excerpt":{"rendered":"<p>Home &gt;Engagement\u00a0&gt;Zukunft\u00a0&gt;Demokratie &gt;GroKo &gt;Ampel &nbsp; &nbsp; Feldberg ganz oben am 7.1.2013: Seebuck, Sonne, Lift, Ski, Nebel &nbsp; Listenauswahl eines Beitrags: Bitte anklicken oder runterscrollen Zentralrat der Juden gegen Merz\u00a0(11.8.2025) Regierungskoalition CDU\/CSU-SPD seit 6.5.2025\u00a0(6.5.2025) Der Siegestor: eine kurze Erfolgsgeschichte des Robert &hellip; <a href=\"https:\/\/www.freiburg-schwarzwald.de\/blog\/engagement\/zukunft\/demokratie\/ampel\/\">Weiterlesen <span class=\"meta-nav\">&rarr;<\/span><\/a><\/p>\n","protected":false},"author":2,"featured_media":0,"parent":21084,"menu_order":0,"comment_status":"closed","ping_status":"closed","template":"","meta":{"footnotes":""},"class_list":["post-95320","page","type-page","status-publish","hentry"],"_links":{"self":[{"href":"https:\/\/www.freiburg-schwarzwald.de\/blog\/wp-json\/wp\/v2\/pages\/95320","targetHints":{"allow":["GET"]}}],"collection":[{"href":"https:\/\/www.freiburg-schwarzwald.de\/blog\/wp-json\/wp\/v2\/pages"}],"about":[{"href":"https:\/\/www.freiburg-schwarzwald.de\/blog\/wp-json\/wp\/v2\/types\/page"}],"author":[{"embeddable":true,"href":"https:\/\/www.freiburg-schwarzwald.de\/blog\/wp-json\/wp\/v2\/users\/2"}],"replies":[{"embeddable":true,"href":"https:\/\/www.freiburg-schwarzwald.de\/blog\/wp-json\/wp\/v2\/comments?post=95320"}],"version-history":[{"count":6,"href":"https:\/\/www.freiburg-schwarzwald.de\/blog\/wp-json\/wp\/v2\/pages\/95320\/revisions"}],"predecessor-version":[{"id":137695,"href":"https:\/\/www.freiburg-schwarzwald.de\/blog\/wp-json\/wp\/v2\/pages\/95320\/revisions\/137695"}],"up":[{"embeddable":true,"href":"https:\/\/www.freiburg-schwarzwald.de\/blog\/wp-json\/wp\/v2\/pages\/21084"}],"wp:attachment":[{"href":"https:\/\/www.freiburg-schwarzwald.de\/blog\/wp-json\/wp\/v2\/media?parent=95320"}],"curies":[{"name":"wp","href":"https:\/\/api.w.org\/{rel}","templated":true}]}}