{"id":94141,"date":"2021-08-26T09:53:06","date_gmt":"2021-08-26T07:53:06","guid":{"rendered":"https:\/\/www.freiburg-schwarzwald.de\/blog\/?page_id=94141"},"modified":"2026-08-10T07:37:34","modified_gmt":"2026-08-10T05:37:34","slug":"demokratie-verteidigen","status":"publish","type":"page","link":"https:\/\/www.freiburg-schwarzwald.de\/blog\/engagement\/zukunft\/demokratie\/demokratie-verteidigen\/","title":{"rendered":"Demokratie-verteidigen"},"content":{"rendered":"<p><a href=\"https:\/\/www.freiburg-schwarzwald.de\/blog\">Home<\/a>\u00a0&gt;<a title=\"Engagement\" href=\"https:\/\/www.freiburg-schwarzwald.de\/blog\/engagement\/\">Engagement<\/a>\u00a0&gt;<a title=\"Zukunft\" href=\"https:\/\/www.freiburg-schwarzwald.de\/blog\/engagement\/zukunft\/\">Zukunft<\/a>\u00a0&gt;<a title=\"Demokratie\" href=\"https:\/\/www.freiburg-schwarzwald.de\/blog\/engagement\/zukunft\/demokratie\/\">Demokratie<\/a> &gt;Demokratie-verteidigen<\/p>\n<div id=\"attachment_93280\" style=\"width: 650px\" class=\"wp-caption alignnone\"><img loading=\"lazy\" decoding=\"async\" aria-describedby=\"caption-attachment-93280\" class=\"size-full wp-image-93280\" src=\"https:\/\/www.freiburg-schwarzwald.de\/blog\/wp-content\/uploads\/2021\/08\/berlin-demo-querdenker20210801pan.jpg\" alt=\"\" width=\"640\" height=\"356\" srcset=\"https:\/\/www.freiburg-schwarzwald.de\/blog\/wp-content\/uploads\/2021\/08\/berlin-demo-querdenker20210801pan.jpg 640w, https:\/\/www.freiburg-schwarzwald.de\/blog\/wp-content\/uploads\/2021\/08\/berlin-demo-querdenker20210801pan-180x100.jpg 180w\" sizes=\"auto, (max-width: 640px) 100vw, 640px\" \/><p id=\"caption-attachment-93280\" class=\"wp-caption-text\">Querdenker-Demo in Berlin am 1.8.2021: Verletzter Teilnehmer mit Handschellen<\/p><\/div>\n<p>&nbsp;<\/p>\n<ul>\n<li><em>Listenauswahl eines Beitrags (Artikel\/Datum, Seite\/Inhalt):\u00a0<span style=\"text-decoration: underline;\">Klicken<\/span>\u00a0oder scrollen<\/em><\/li>\n<li><a href=\"https:\/\/www.freiburg-schwarzwald.de\/blog\/engagement\/zukunft\/demokratie\/demokratierettung\/\">Norbert Bolz: Wie die Demokratie von ihren Rettern bedroht wird<\/a> (29.7.2026)<\/li>\n<li><a href=\"https:\/\/www.freiburg-schwarzwald.de\/blog\/engagement\/zukunft\/demokratie\/demokratierettung\/\">Wer sch\u00fctzt die Demokratie vor ihren Besch\u00fctzern?<\/a>\u00a0(9.4.2026)<\/li>\n<li><a href=\"https:\/\/www.freiburg-schwarzwald.de\/blog\/engagement\/zukunft\/demokratie\/demokratie-nation\/\">Baberowski: Am Volk vorbei \u2013 Zur Krise der liberalen Demokratie<\/a>\u00a0(6,4.2925)<\/li>\n<li><a href=\"https:\/\/www.freiburg-schwarzwald.de\/blog\/vereine\/partei\/team-freiheit\/\">Milei-Konferenz 2026. Sind libert\u00e4re Reformen auch in Deutschland umsetzbar?<\/a>\u00a0(9.2.2026)<\/li>\n<li><a href=\"https:\/\/www.freiburg-schwarzwald.de\/blog\/engagement\/zukunft\/demokratie\/patriotismus\/\">K\u00e4mpfen f\u00fcr Deutschland \u2013 Apollo edition<\/a> (31.8.2025)<\/li>\n<li><a href=\"https:\/\/www.freiburg-schwarzwald.de\/blog\/egal-religion-demokratie\/\">egal: Religion, Demokratie<\/a>\u00a0(18.8.2025)<\/li>\n<li>Would you fight for your own country?\u00a0 (11.8.2025)<\/li>\n<li><a href=\"https:\/\/www.freiburg-schwarzwald.de\/blog\/regio\/heimat\/dortu\/dortu2026\/\">Dortu 2026: Wunsch und Vision<\/a>\u00a0(6.8.2025<\/li>\n<li>Demokratie mit undemokratischen Mitteln verteidigen, f\u00fchrt in Diktatur (29.7.2025)<\/li>\n<li><a href=\"https:\/\/www.freiburg-schwarzwald.de\/blog\/20-juli-1944-mut-vor-81-jahren\/\">20. Juli 1944: Mit vor 81 Jahren<\/a>\u00a0(20.7.2025)<\/li>\n<li><a href=\"https:\/\/www.freiburg-schwarzwald.de\/blog\/dortu-31-7-25-freiheit-1948-49\/\">Dortu 31.7.25: Freiheit 1048\/49<\/a>\u00a0(11.7.2025)<\/li>\n<li><a href=\"https:\/\/www.freiburg-schwarzwald.de\/blog\/engagement\/zukunft\/demokratie\/unseredemokratie\/\">Regierungswechsel in USA, nicht aber in \u201eunsereDemokratie\u201c-D\u00a0<\/a>\u00a0(19.1.2025)<\/li>\n<li>NICHT OHNE UNS! \u2013 Friedens- und Demokratiebewegung (15.12.2024)<\/li>\n<li><a href=\"https:\/\/www.freiburg-schwarzwald.de\/blog\/religion\/islam\/islam-politik\/\">Pax Europa: Aufkl\u00e4rung \u00fcber den Politischen Islam und die Hamburger Justiz<\/a>\u00a0(11.12.2024)<\/li>\n<li><a href=\"https:\/\/www.freiburg-schwarzwald.de\/blog\/demokratie-lebt-von-opposition\/\">Demokratie lebt von Opposition<\/a>\u00a0(29.4.2024)<\/li>\n<li><a href=\"https:\/\/www.freiburg-schwarzwald.de\/blog\/engagement\/zukunft\/demokratie\/democracy-first\/\">\u201eDemocracy first!\u201c \u2013 keine Staatsform ist besser als die Demokratie<\/a>\u00a0(10.4.2024)<\/li>\n<li><a href=\"https:\/\/www.freiburg-schwarzwald.de\/blog\/engagement\/zukunft\/demokratie\/demokratiefoerderung\/\">Demokratief\u00f6rdergesetz dient den betreuten Denken<\/a>\u00a0(6.3.2024)<\/li>\n<li><a href=\"https:\/\/www.freiburg-schwarzwald.de\/blog\/engagement\/zukunft\/demokratie\/gegen-rechts\/\">Gegen rechts\u201c \u2013 Entt\u00e4uschung?<\/a>\u00a0(12.2.2024)<\/li>\n<li><a href=\"https:\/\/www.freiburg-schwarzwald.de\/blog\/geheimtreffen-correctiv-wannsee\/\">Geheimtreffen Correctiv Wannsee<\/a>\u00a0(21.1.2024)<\/li>\n<li><a href=\"https:\/\/www.freiburg-schwarzwald.de\/blog\/engagement\/zukunft\/demokratie\/widerstand\/fehler\/\">Milosz Matuschek: Auf welche Welt steuern wir zu?<\/a>\u00a0(30.12.2023)<\/li>\n<li><a href=\"https:\/\/www.freiburg-schwarzwald.de\/blog\/natur\/neujahr\/\">Egon W. Kreutzer: Ich liebe Deutschland \u2013 Gedanken zum Jahreswechsel 2023 \u2013 2024<\/a>\u00a0(21.12.2023)<\/li>\n<li><a href=\"https:\/\/www.freiburg-schwarzwald.de\/blog\/friedensbewegung-2-0-wann\/\">Friedensbewegung 2.0 \u2013 Wann?<\/a>\u00a0(4.12.2023)<\/li>\n<li><a href=\"https:\/\/www.freiburg-schwarzwald.de\/blog\/kultur\/medien\/medien-afd\/\">Bj\u00f6rn H\u00f6cke im AUF1-Interview: \u201eDas bin ich meinem Land schuldig\u201c<\/a>\u00a0(11.11.2023)<\/li>\n<li><a href=\"https:\/\/www.freiburg-schwarzwald.de\/blog\/wahlkampf-hass-bis-zur-gewalt\/\">Wahlkampf: Hass bis zur Gewalt<\/a>\u00a0(6.10.2023)<\/li>\n<li>Um die Demokratie in Deutschland ist es schlecht bestellt (5.9.2023)<\/li>\n<li>Atlas Initiative zur Verteidigung der freiheitlich-demokratischen Grundordnung (31.8.2023)<\/li>\n<li><a href=\"https:\/\/www.freiburg-schwarzwald.de\/blog\/engagement\/zukunft\/demokratie\/verfassung\/verfassungsschutz\/\">Ronen Steinke: Verfassungsschutz \u2013 Buchrezension von Ulrich Vosgerau<\/a> (25.8.202)<\/li>\n<li><a href=\"https:\/\/www.freiburg-schwarzwald.de\/blog\/engagement\/zukunft\/demokratie\/grundgesetz\/grundgesetz-neu\/\">Unsere Basis als B\u00fcrger: Grundrechte und Grundgesetz<\/a>\u00a0(13.8.2023)<\/li>\n<li><a href=\"https:\/\/www.freiburg-schwarzwald.de\/blog\/grundgesetz-75-jahre-staatsakt\/\">Grundgesetz 75 Jahre: Staatsakt<\/a>\u00a0(12.8.2023)<\/li>\n<li><a href=\"https:\/\/www.freiburg-schwarzwald.de\/blog\/zweiparteiensystem-in-d\/\">Zweiparteiensystem in D?<\/a>\u00a0(10.7.2023)<\/li>\n<li><a href=\"https:\/\/www.freiburg-schwarzwald.de\/blog\/engagement\/zukunft\/demokratie\/rechts\/sonneberg-afd\/\">Doch kein AfD-Wahlsieg? Th\u00fcringens Verwaltung spielt ein gef\u00e4hrliches Spiel<\/a> (28.6.2023)<\/li>\n<li><a href=\"https:\/\/www.freiburg-schwarzwald.de\/blog\/engagement\/zukunft\/demokratie\/parteienstaat\/\">Stichwortgeber f\u00fcr AfD-Verbot<\/a>\u00a0(22.6.2023)<\/li>\n<li><a href=\"https:\/\/www.freiburg-schwarzwald.de\/blog\/zweites-hambacher-fest-28-5-23\/\">Zweites Hambacher Fest 28.5.23<\/a>\u00a0(29.5.2023)<\/li>\n<li><a href=\"https:\/\/www.freiburg-schwarzwald.de\/blog\/regio\/heimat\/dortu\/\">Welche Lehren kann man aus der Badischen Revolution f\u00fcr die heutige Demokratie ziehen?<\/a> (19.4.2023)<\/li>\n<li><a href=\"https:\/\/www.freiburg-schwarzwald.de\/blog\/4-mal-gegen-die-buergerfreiheit\/\">4 mal gegen die B\u00fcrgerfreiheit<\/a>\u00a0(19.12.2022)<\/li>\n<li><a href=\"https:\/\/www.freiburg-schwarzwald.de\/blog\/ioannidis-rettet-die-demokratie\/\">Ioannidis: Rettet die Demokratie!<\/a>\u00a0(9.1.2022)<\/li>\n<li><a href=\"https:\/\/www.freiburg-schwarzwald.de\/blog\/engagement\/zukunft\/demokratie\/extremismus\/rechtsextremismus\/\">Razzia mit 3000 Polizisten gegen Reichsb\u00fcrger am 7.1.2022<\/a>\u00a0(9.12.2022)<\/li>\n<li><a href=\"https:\/\/www.freiburg-schwarzwald.de\/blog\/engagement\/zukunft\/demokratie\/demokratieabbau\/\">Reitschuster: \u201eIch f\u00fcrchte einen dramatischen politischen Zerfall\u201c<\/a>\u00a0(23.10.2022)<\/li>\n<li><a href=\"https:\/\/www.freiburg-schwarzwald.de\/blog\/engagement\/zukunft\/demokratie\/democracy\/\">Worum geht es bei Democracy bzw. der Democracy App?<\/a> (22.8.2022)<\/li>\n<li><a href=\"https:\/\/www.freiburg-schwarzwald.de\/blog\/engagement\/zukunft\/demokratie\/hambacher-fest\/\">Hambach: \u201eDemokratiefest\u201c unter Ausschluss der Bev\u00f6lkerung<\/a> (31.5.2022)<\/li>\n<li>Would you fight for your own country?\u00a0 (26.3.2022)<\/li>\n<li><a href=\"https:\/\/www.freiburg-schwarzwald.de\/blog\/engagement\/zukunft\/demokratie\/demokratie-nation\/\">Ukraine: Nation ja, Gender nein<\/a>\u00a0(19.3.2022)<\/li>\n<li><a href=\"https:\/\/www.freiburg-schwarzwald.de\/blog\/25-warnen-vor-diktatur-ggg\/\">25% warnen vor Diktatur \u2013 GGG<\/a>\u00a0(9.2.2022)<\/li>\n<li><a href=\"https:\/\/www.freiburg-schwarzwald.de\/blog\/business\/gesund\/corona-virus\/corona-abendland\/\">David Engels: Viel Zeit zur inneren Gesundung des Abendlandes bleibt nicht<\/a>\u00a0(2.2.2022)<\/li>\n<li><a href=\"https:\/\/www.freiburg-schwarzwald.de\/blog\/nur-20-vertrauen-den-parteien\/\">Nur 20 % vertrauen den Parteien<\/a> (15.1.2022)<\/li>\n<li><a href=\"https:\/\/www.freiburg-schwarzwald.de\/blog\/intolerante-minderheiten\/\">Intolerante MInderheiten gewinnen<\/a>\u00a0(29.12.2021)<\/li>\n<li><a href=\"https:\/\/www.freiburg-schwarzwald.de\/blog\/engagement\/zukunft\/demokratie\/toleranz\/\">Taleb: Die intolerante Minderheit gewinnt<\/a>\u00a0(27.12.2021)<\/li>\n<li><a href=\"https:\/\/www.freiburg-schwarzwald.de\/blog\/global\/deutschland\/merkel-deutschland\/\">16 Jahre Merkel \u2013 eine Bilanz von A bis Z im August 2021<\/a>\u00a0(29.8.2021)<\/li>\n<li><a href=\"https:\/\/www.freiburg-schwarzwald.de\/blog\/religion\/islam\/unterwerfung\/\">Houellebecq: Unsere Religion, Kultur bzw. Zivilisation verteidigen? Nein<\/a> (15.8.2021)<\/li>\n<li><\/li>\n<li><a href=\"https:\/\/www.freiburg-schwarzwald.de\/blog\/engagement\/zukunft\/demokratie\/democracy\/\">Democracy<\/a><\/li>\n<li><a href=\"https:\/\/www.freiburg-schwarzwald.de\/blog\/engagement\/zukunft\/demokratie\/democracy-first\/\">Democracy-first<\/a><\/li>\n<li><a href=\"https:\/\/www.freiburg-schwarzwald.de\/blog\/engagement\/zukunft\/demokratie\/demokratieabbau\/\">Demokratieabbau<\/a><\/li>\n<li><a href=\"https:\/\/www.freiburg-schwarzwald.de\/blog\/engagement\/zukunft\/demokratie\/demokratiefoerderung\/\">Demokratief\u00f6rderung<\/a><\/li>\n<li><a href=\"https:\/\/www.freiburg-schwarzwald.de\/blog\/engagement\/zukunft\/demokratie\/widerstand\/fehler\/\">Fehler eingestehen<\/a><\/li>\n<li><a href=\"https:\/\/www.freiburg-schwarzwald.de\/blog\/engagement\/zukunft\/demokratie\/extremismus\/linksextremismus\/\">Linksextremismus<\/a><\/li>\n<li><a href=\"https:\/\/www.freiburg-schwarzwald.de\/blog\/engagement\/zukunft\/demokratie\/extremismus\/rechtsextremismus\/\">Rechtsextremismus<\/a><\/li>\n<li><a href=\"https:\/\/www.freiburg-schwarzwald.de\/blog\/engagement\/zukunft\/demokratie\/rechts\/sonneberg-afd\/\">Sonneberg-AfD<\/a><\/li>\n<li><a href=\"https:\/\/www.freiburg-schwarzwald.de\/blog\/vereine\/partei\/team-freiheit\/\">Team Freiheit<\/a><\/li>\n<li><a href=\"https:\/\/www.freiburg-schwarzwald.de\/blog\/engagement\/zukunft\/demokratie\/unseredemokratie\/\">UnsereDemokratie<\/a><\/li>\n<\/ul>\n<p><strong>Rechts, rechtsradikal und rechtsextrem bitte auseinanderhalten:<\/strong><br \/>\nIm Gegensatz zu Rechten (Freunde der FDGO) und Rechtsradikalen (Gegner der FDGO) zielen Rechtsextremisten (Feinde der FDGO) auf die Zerst\u00f6rung der Freiheitlich-Demokratischen Grundordnung (FDGO) ab. Letztere sind vom wehrhaften\u00a0<a href=\"https:\/\/www.freiburg-schwarzwald.de\/blog\/engagement\/zukunft\/demokratie\/\">demokratischen<\/a>\u00a0<a href=\"https:\/\/www.freiburg-schwarzwald.de\/blog\/selbsthilfe\/soziales\/justiz\/rechtsstaat\/\">Rechtsstaat<\/a>\u00a0zu bek\u00e4mpfen.<br \/>\nDabei gilt f\u00fcr<a href=\"https:\/\/www.freiburg-schwarzwald.de\/blog\/engagement\/zukunft\/demokratie\/extremismus\/linksextremismus\/\">\u00a0links<\/a>\u00a0dasselbe wie auch f\u00fcr\u00a0<a href=\"https:\/\/www.freiburg-schwarzwald.de\/blog\/engagement\/zukunft\/demokratie\/rechts\">rechts<\/a>.<br \/>\nDenn: \u201eWo links ist, da ist auch rechts\u201c (<a href=\"https:\/\/www.freiburg-schwarzwald.de\/blog\/wo-links-ist-da-ist-auch-rechts\/\">R\u00fcdiger Safranski<\/a>)<br \/>\n.<br \/>\n<strong><a href=\"https:\/\/www.freiburg-schwarzwald.de\/blog\/engagement\/zukunft\/demokratie\/democracy-first\/\">Demokratie ist die beste Staatsform!<\/a><\/strong><br \/>\n===========================================================<br \/>\n.<br \/>\n.<\/p>\n<p><strong>Would you fight for your own country?\u00a0<\/strong><\/p>\n<p><a href=\"https:\/\/www.freiburg-schwarzwald.de\/blog\/wp-content\/uploads\/2022\/03\/verteidigen-land202203.jpg\"><img loading=\"lazy\" decoding=\"async\" class=\"alignnone size-full wp-image-99704\" src=\"https:\/\/www.freiburg-schwarzwald.de\/blog\/wp-content\/uploads\/2022\/03\/verteidigen-land202203.jpg\" alt=\"\" width=\"600\" height=\"597\" srcset=\"https:\/\/www.freiburg-schwarzwald.de\/blog\/wp-content\/uploads\/2022\/03\/verteidigen-land202203.jpg 600w, https:\/\/www.freiburg-schwarzwald.de\/blog\/wp-content\/uploads\/2022\/03\/verteidigen-land202203-180x180.jpg 180w\" sizes=\"auto, (max-width: 600px) 100vw, 600px\" \/><\/a><\/p>\n<p><strong>W\u00fcrdest Du Dein eigenes Land verteidigen?<\/strong><br \/>\nJA: Finnland 74% vor T\u00fcrkei 73% und Ukraine 62%<br \/>\nNEIN: Niederlande 15% vor Deutschland 18%<br \/>\n&#8230; aus <a href=\"https:\/\/www.freiburg-schwarzwald.de\/blog\/kultur\/kulturverlust\/woke\/\">woke<\/a>-deutscher Sicht: Nur (noch) 3% trennen uns vom Spitzenreiter bzw. Schlusslicht Niederlande!<br \/>\n.<br \/>\n.<\/p>\n<p><strong>Demokratie mit undemokratischen Mitteln verteidigen, f\u00fchrt in Diktatur<\/strong><br \/>\n<strong>Der Kampf \u201egegen rechts\u201c zerst\u00f6rt die Demokratie<\/strong><br \/>\nWas ist in Deutschland, das seine \u201eAufarbeitung\u201c der Nazivergangenheit immer stolz vor sich hertrug, schiefgelaufen? Daf\u00fcr gibt es eine Menge Gr\u00fcnde, die endlich einmal untersucht werden m\u00fcssen. Der Hauptgrund ist aber, dass bei der Aufarbeitung nie thematisiert wurde, dass man die Methoden der Nazis und aller anderen Totalit\u00e4ren niemals anwenden darf. Wer die Demokratie mit undemokratischen Mitteln verteidigen m\u00f6chte, landet unweigerlich in der Diktatur.<br \/>\n&#8230; Alles vom 29.7.2025 bitte lesen auf<br \/>\n<a href=\"https:\/\/vera-lengsfeld.de\/2025\/07\/29\/der-kampf-gegen-rechts-zerstoert-die-demokratie\/\">https:\/\/vera-lengsfeld.de\/2025\/07\/29\/der-kampf-gegen-rechts-zerstoert-die-demokratie\/<\/a><\/p>\n<p>&nbsp;<\/p>\n<p><strong>Um die Demokratie in Deutschland ist es schlecht bestellt<\/strong><br \/>\nSchon die \u00dcberschrift dieses Artikels enth\u00e4lt eine zugegebenerma\u00dfen provokante Aussage, die den Autor direkt ins Fadenkreuz des Bundesamts f\u00fcr Verfassungsschutz bringen kann; denn wie wir alle wissen, leben wir im besten, freisten und demokratischsten Deutschland, dass es jemals gegeben hat. Und weil wir alle das Gl\u00fcck haben, in diesem wunderbaren Land unter der besten Regierung aller Zeiten Leben zu d\u00fcrfen, ist bereits die Aussage, dass es um die Demokratie in Deutschland schlecht bestellt sein k\u00f6nnte, schon Grund genug f\u00fcr Herrn Haldenwang und seine Schlapph\u00fcte, hier eine Delegitimierung des Staates zu vermuten und entsprechende Ma\u00dfnahmen einzuleiten. Das ist weniger ein Scherz, \u2026als Sie nun vielleicht vermuten m\u00f6gen, doch dazu sp\u00e4ter mehr.<br \/>\nUm den Zustand unserer Demokratie zu analysieren, sehen wir uns doch einmal kurz die folgenden Themenbereiche an:<br \/>\nBeginnen wir mit der Abschaltung der letzten Atomkraftkraftwerke, die praktisch per Gesetz festgezurrte Gendersprache, die Waffenlieferungen und Hilfsgelder f\u00fcr die Ukraine, die Erosion der inneren Sicherheit, eine wertebasierte und feministische Au\u00dfenpolitik, der Niedergang der deutschen Wirtschaft, die Massenmigration in unsere Sozialsysteme, die v\u00f6llig \u00fcberzogenen Corona-Ma\u00dfnahmen, die sektenartige Klimapolitik oder den Verfall unserer Infrastruktur \u2013 all das geschah und geschieht nach wie vor, gegen den erkl\u00e4rten Willen und auch gegen die Interessen einer Mehrheit unserer Bev\u00f6lkerung.<br \/>\nUnd die rot-gelb-gr\u00fcne Regierung wei\u00df genau, dass sie gegen die Interessen und den Willen der eigenen Bev\u00f6lkerung agiert und regiert. Genau das ist auch der Grund, warum die Ampel um jeden Preis am Modell unserer \u201erepr\u00e4sentativen\u201d Demokratie festhalten m\u00f6chte. Dazu muss man wissen, dass die Bundesrepublik keine \u201erichtige\u201c Demokratie ist, sondern eine \u201erepr\u00e4sentative\u201c Demokratie. Diese Einschr\u00e4nkung ist sehr wichtig, denn in Deutschland d\u00fcrfen die B\u00fcrger die Demokratie nur indirekt aus\u00fcben, sprich, \u00fcber die Wahl eines Abgeordneten, der f\u00fcr sie dann Entscheidungen f\u00e4llen kann. Volksentscheide zu politischen Sachthemen sind in Deutschland hingegen nicht vorgesehen.<\/p>\n<p>Dieser Umstand erkl\u00e4rt, warum die Ampel die Ziele der Alternative f\u00fcr Deutschland, welche eine direkte Demokratie nach Schweizer Vorbild anstrebt, ebenso scheut, wie der Teufel das Weihwasser. Es geht in der Berliner Politik schon seit bald drei\u00dfig Jahren nicht mehr darum, auf die W\u00fcnsche und Bitten der B\u00fcrger zu reagieren oder gar den Interessen der eigenen B\u00fcrger zu dienen. Nein, die letzten Regierungen haben nicht dem deutschen Volk gedient und schon gar nicht seinen Interessen. Wessen Interessen sie stattdessen dienlich gewesen sind, ist eine interessante Frage, \u00fcber die ein jeder selbst einmal kurz nachdenken sollte.<br \/>\nHeute sucht die Politik nicht einmal mehr den Dialog mit den eigenen B\u00fcrgern, im Gegenteil \u2013 man h\u00e4lt zwar sogenannte \u201eB\u00fcrgerdialoge\u201c ab, doch sind dort in der Regel nur handverlesene Parteimitglieder der Ampel vorzufinden; den normalen Durchschnittsb\u00fcrger trifft man dort ebenso wenig an, wie in den Nachrichtensendungen, wo die Journalisten \u201eaus Versehen\u201c mal gerne die eigenen Mitarbeiter interviewen oder bei kritischen Fragen eben Vertreter der rot-gr\u00fcnen-Parteinomenklatura als \u201enormale\u201c B\u00fcrger ausgeben wollen.<\/p>\n<p>Die Ampel-Politiker verstehen sich nicht mehr als Diener und Vertreter der eigenen Bev\u00f6lkerung; sie sind zu einer neuen Aristokratie geworden, die den autokratischen Lehnsherren vergangener Jahrhunderte in erschreckender Art und Weise \u00e4hnelt. Den m\u00fcndigen B\u00fcrger nimmt diese Politiker-Kaste als solchen gar nicht mehr wahr, sondern bestenfalls noch als Leibeigenen, den es anzuleiten und zu erziehen gilt \u2013 notfalls mit Gewalt. Wenn die W\u00fcnsche, die Interessen oder die Grundrechte der B\u00fcrger daf\u00fcr eingeschr\u00e4nkt oder gar v\u00f6llig zertr\u00fcmmert werden m\u00fcssen, so ist das der Preis, den unsere Politiker zu zahlen bereit sind, denn es geht doch um ein ehrenwertes Ziel, schlie\u00dflich ist man bestrebt, das Klima, die Welt, ja, sogar das ganze Universum zu retten!<\/p>\n<p>Um dieses Ziel zu erreichen, ist den Ampel-Politikern kein Opfer zu hoch \u2013 denn sie sind ja nicht jene, die diese Opfer bringen m\u00fcssen. Dieser Teil der Gleichung, bleibt allein dem deutschen Volk \u00fcberlassen und dass schlie\u00dft ausdr\u00fccklich alle hier lebenden B\u00fcrger ein, unabh\u00e4ngig von Alter, Geschlecht, Religion oder Nationalit\u00e4t.<\/p>\n<p>Heute muss alles gleich geschaltet und gleich getaktet sein, nicht nur in Politik und Medien, sondern auch in der Wirtschaft und der Kultur; alles hat gef\u00e4lligst bunt, klimaneutral, vegan und vor allem gr\u00fcn zu sein.<\/p>\n<p>Willkommen in der neuen, woken und gegenderten Republik Buntland!<br \/>\nDiese Art der Politik kann jedoch nur solange funktionieren, wie ein gro\u00dfer Teil der Bev\u00f6lkerung dabei mitspielt und die letzten Monate und gewisse Wahlen zu Landr\u00e4ten oder B\u00fcrgermeistern haben aufgezeigt, dass die Schmerzgrenze der deutschen Bev\u00f6lkerung anscheinend erreicht ist. Immer mehr B\u00fcrger begehren gegen diese Art der Behandlung auf und die W\u00e4hler kehren der Ampel und auch der Schein-Opposition der CDU\/CSU in Scharen den R\u00fccken. Die Alternative f\u00fcr Deutschland profitiert davon und deswegen setzten sowohl die Altparteien, wie auch die mit ihnen verbundenen Medien, alles daran, um die einzig reale Opposition-Partei im Land nieder zu machen. Daf\u00fcr bedient man sich auch gerne des Verfassungsschutzes, der im Verlauf der letzten drei Jahre leider immer mehr zu einem Regierungsschutz geworden ist. Herr Haldenwang und seine Truppe sch\u00fctzen heute nicht mehr die Verfassung vor ihren Feinden \u2013 die es zweifellos gibt -, sondern die Regierung vor jenen Kritiker und Mahnern, die die Regierung als ihre Feinde ansieht. Das ist ein feiner, aber sehr bedeutender Unterschied und alleine dieser Umstand sollte jedem aufrechten Demokraten die Fu\u00dfn\u00e4gel aufrollen.<\/p>\n<p>Die Politik und die Medien in Deutschland beschw\u00f6ren inzwischen unisono die Gefahr herauf, dass angebliche \u201eFeinde des Grundgesetzes\u201c \u2013 die Rede ist hier nat\u00fcrlich mehr oder weniger offen von der AfD \u2013 eine Diktatur errichten wollen, eine Behauptung, die bei genauerer Untersuchung der Pr\u00fcfung nicht einmal ansatzweise standh\u00e4lt. Es war eben nicht die Alternative, die Ausgangssperren verh\u00e4ngt hat, die den B\u00fcrgern verboten hat, sich friedlich zu versammeln oder ihre Verwandten zu besuchen. Es war nicht die Alternative, die den Menschen im Land verboten hat, auf einer Parkbank ein Buch zu lesen. Es war auch nicht die Alternative, die eine Impfpflicht einf\u00fchren wollte, wobei diese bei der Bundeswehr nach wie vor gilt. Nein, das waren die Parteien, die sich selbst bei jeder Gelegenheit zwar als \u201edemokratisch\u201c bezeichnen, die jedoch alles andere als demokratisch handeln.<\/p>\n<p>Im Gegenteil, gerade jene, die sich immerzu \u201eDemokraten\u201c nennen, legen eindeutig totalit\u00e4re Z\u00fcge an den Tag. Zum Vergleich, die DDR hie\u00df Deutsche Demokratische Republik \u2013 und war doch eine totalit\u00e4re Diktatur.<\/p>\n<p>So weit sind wir in der Bundesrepublik im Jahre 2023 nat\u00fcrlich nicht, zumindest noch nicht \u2013 doch der Weg, auf dem wir uns befinden, f\u00fchrt zu einem absehbaren Ende, zumindest, wenn es uns nicht gelingt, den Kurs noch zu \u00e4ndern.<\/p>\n<p>Wenn man einmal die \u201eklassischen\u201c totalit\u00e4ren Systeme betrachtet \u2013 als Beispiele seien hier der deutsche Nationalsozialismus, der italienischer Faschismus, der sowjetische Stalinismus und der chinesische Maoismus genannt \u2013 so setzt dieser mit Hilfe von ausgekl\u00fcgelter Propaganda die Massen in Bewegung, um das bestehende politische System zu st\u00fcrzen. Medien, Wissenschaft, Forschung und Bildung werden dann nach der Machtergreifung auf Linie und \u201eunliebsame Personen\u201c auch mit Gewalt zum Schweigen gebracht.<\/p>\n<p>Diese Methoden hat man erheblich verfeinert. Die ausgekl\u00fcgelte Propaganda gibt es nach wie vor, doch sieht man davon ab, die Medien, die Wissenschaft, die Forschung und die Bildung mit Gewalt auf Linie zu pr\u00fcgeln; man benutzt stattdessen eine Kombination von staatlichen Auftr\u00e4gen, sowie finanzielle Anreize und die Aussicht, auf einen gut dotierten Posten in einer staatlichen Einrichtung, um sich der Loyalit\u00e4t jener Leute zu versichern. Man muss zugeben, dass dies eine viel clevere Methode ist, als wenn man einfach irgendwelche Schl\u00e4gertrupps losschickt und kann dennoch sicher sein, dass die betreffenden Leute \u201eauf Linie bleiben\u201c. Auf diese Art und Weise muss man nur selten direkt eingreifen und kann es einfach seinen Helfern \u00fcberlassen, die dann schon aus eigenem Interesse die Kritiker und Mahner schikanieren, diskreditieren und nach allen Kr\u00e4ften bek\u00e4mpfen. Und wenn dann doch einmal \u201eHandarbeit\u201c erforderlich ist, dann schickt man eben die bezahlten Schl\u00e4ger der Antifa los, die sich der politischen Opposition oder der f\u00fcr ihre Grundrechte demonstrierenden B\u00fcrgern annehmen \u2013 und die dabei von der politisch auf Linie gebrachten Polizei auch noch unterst\u00fctzt werden.<\/p>\n<p>Ein weiterer wunder Punkt unserer Demokratie ist die schwache Legislative. Die Hauptaufgabe des Parlaments scheint heute nur noch darin zu bestehen, Regierungsentscheidungen abzunicken. Die meisten Abgeordneten haben ihren Posten nicht durch eine direkte Wahl, sondern \u00fcber Listenpl\u00e4tze erhalten und sind somit nicht mehr ihren W\u00e4hlern, sondern alleine der Parteif\u00fchrung verpflichtet. Wie sich das auswirkt, konnte man sehr gut bei den Abstimmungen zu den Corona-Ma\u00dfnahmen beobachten. Wird in einer Partei hingegen nicht alles abgenickt, sondern eine lebhafte Debatte um strittige Punkte gef\u00fchrt, so gilt dies als \u201eundemokratisch\u201c, und wird in ein negatives Licht ger\u00fcckt. Die Regierung und die Ministerien folgen auch nicht mehr eigenen Erkenntnissen und Interessen, sondern Lobbyisten und Beratern. Man denke da nur an die Agora Energiewende und deren dubiose Finanzierung, den Einfluss der Gates Foundation und all ihrer Unterabteilungen auf Politiker in Berlin und Br\u00fcssel, aber auch an Frau von der Leyen und Herrn Lauterbach und ihre Beziehungen zur Pharma-Lobby.<br \/>\nIn der Judikative sieht es auch nicht besser aus. Die deutschen Gerichte orientieren sich heute erschreckend oft an den W\u00fcnschen der Regierung, die diese selbst nicht einmal mehr aussprechen muss \u2013 jeder Richter wei\u00df, was von ihm erwartet wird und viele ergehen sich in vorauseilendem Gehorsam. Die wenigen, die das nicht tun, werden ihres Amtes enthoben, bekommen eine Hausdurchsuchung, werden angeklagt und verurteilt, wie im Falle des Richters, der es gewagt hatte, die Maskenpflicht an zwei Schulen zu kippen.<\/p>\n<p>In diesem Zusammenhang muss man auch die Ernennung des CDU-Politikers Stefan Harbarth ins h\u00f6chste Richteramt erw\u00e4hnen; Herr Harbarth erhielt den Posten des obersten Verfassungsrichters aufgrund seiner N\u00e4he zur damaligen Kanzlerin Merkel, seine mangelhaften Qualifikation spielten dabei keine Rolle. Die Absetzung des unbequemen Verfassungsschutzchefs Hans-Georg Maa\u00dfen und die Ernennung des regierungstreuen Thomas Haldenwang f\u00e4llt in die gleiche Kategorie.<\/p>\n<p>Mit diesen Personalentscheidungen wurde gew\u00e4hrleistet, dass der Verfassungsschutz und das Verfassungsgericht nicht mehr die Verfassung, die Grundrechte oder die B\u00fcrger besch\u00fctzen, sondern in erster Linie die Regierung vor dem B\u00fcrger.<br \/>\nAuch die Vernetzung zwischen Regierung und Medien wird t\u00e4glich offensichtlicher \u2013 Journalisten lassen sich direkt von Politikern bezahlen und wechseln eifrig zwischen Medien und Politik hin und her \u2013 und niemand scheint sich gro\u00df daran zu st\u00f6ren. Die Medien werden staatlich beaufsichtigt, benutzt und politisch besetzt. Wir bezahlen mit unserer \u201eDemokratieabgabe\u201c die Indoktrination durch den \u00d6ffentlich-rechtlichen Rundfunk, in dessen Aufsichtsr\u00e4ten wiederum die Funktion\u00e4re der Altpartien sitzen. Die eigentliche Aufgabe der Medien \u2013 als vierte Gewalt zur Kontrolle der Regierung \u2013 wird traurigerweise nur noch von alternativen Medienplattformen erf\u00fcllt und diese sollen nun deshalb von Seiten der EU unter dem Vorwand der \u201eBek\u00e4mpfung von Desinformation\u201c zensiert werden.<\/p>\n<p>Was die Exekutive angeht, so sind die F\u00fchrungsebenen von Polizei und Milit\u00e4r inzwischen mit politisch verl\u00e4sslichen Personen besetzt worden, die \u00fcber das richtige Parteibuch und die richtige Gesinnung verf\u00fcgen, jedoch nicht \u00fcber das notwendige Fachwissen. Ob die Sicherheitsbeh\u00f6rden mit dieser F\u00fchrung ihrer eigentlichen Aufgabe \u00fcberhaupt noch nachkommen k\u00f6nnen, spielt bei diesen Personalentscheidungen nur eine untergeordnete Rolle. Deutschland, mit seiner v\u00f6llig heruntergewirtschafteten Bundeswehr und einer dramatisch einbrechenden inneren Sicherheit, ist in diesen Fragen international zu einer Lachnummer verkommen.<\/p>\n<p>Das tut der angeblichen moralischen \u00dcberlegenheit \u2013 b\u00f6se Zungen w\u00fcrde hier von Gr\u00f6\u00dfenwahn sprechen \u2013 unserer Regierung nat\u00fcrlich keinen Abbruch. Man fl\u00fcchtet sich hier in Wortsch\u00f6pfungen wie \u201ewertebasierte Weltordnung\u201c oder \u201efeministische Au\u00dfenpolitik\u201c, um die eigene, eklatante Schw\u00e4che zu verbergen.<\/p>\n<p>Allerdings ist durch diese fatale Agenda das ganze Staatsgebilde inzwischen so marode geworden, dass es kurz vor seinem Einsturz steht. Es ist eben v\u00f6llig unm\u00f6glich, dauerhaft gegen die W\u00fcnsche und Interessen der B\u00fcrger zu regieren, so, wie es die Gr\u00fcnen mit ihrer \u201eEnergiewende\u201c versuchen. Die links-gr\u00fcn-woke Ideologie ist krachend gescheitert und immer mehr Menschen erkennen das, denn wenn sie am Ende des Monats in ihre Geldb\u00f6rse blicken, sehen sie dort nichts mehr, w\u00e4hrend die Ampel buchst\u00e4blich Milliarden f\u00fcr sinnlose Projekte verpulvert oder ins Ausland verschiebt.<\/p>\n<p>Es ist so simpel, wie es Bertold Brecht formulierte: \u201eErst kommt das Fressen, dann kommt die Moral.\u201c<br \/>\nDas Problem, das die herrschende Politiker-Kaste in Deutschland hat, ist, dass mittlerweile mehr als 80 % der B\u00fcrger in Deutschland mit dem Zustand unserer Demokratie unzufrieden sind. Die Menschen wollen keine Diktatur, auch wenn Politik und Medien nicht m\u00fcde werden, etwas anderes behaupten. Nein, die B\u00fcrger fordern mehr Demokratie ein; sie wollen einfach an den gro\u00dfen politischen Entscheidungen beteiligt sein, sie wollen, dass ihre Stimme geh\u00f6rt wird und dass ihre Interessen vertreten werden.<br \/>\nDiejenigen, die die Bundesregierung und ihre Politik kritisieren, sind keine Gegner der Demokratie, der Freiheit oder des Grundgesetzes, sie wollen nicht weniger, sondern mehr Demokratie, sie wollen ein politisches Mitspracherecht. Wie zum Beispiel durch Volksabstimmungen, die die Alternative f\u00fcr Deutschland stets eingefordert hat.<br \/>\nDas jedoch wollen weder die Ampel-Regierung, noch die Scheinopposition der CDU\/CSU, weil sie dann zu recht bef\u00fcrchten m\u00fcssten, dass viele ihrer Entscheidungen von der Mehrheit der B\u00fcrger abgelehnt werden.<\/p>\n<p>Ist so ein Verhalten demokratisch?<br \/>\nWarum darf das Volk in Deutschland nicht selbst \u00fcber sein Schicksal entscheiden?<br \/>\nDie Politik und die Medien antworten auf diese Fragen jedoch nicht etwa, nein, sie beschimpfen alle, die diese oder \u00e4hnliche Forderungen stellen als \u201eAnti-Demokraten\u201c, \u201eFreiheitsfeinde\u201c und nat\u00fcrlich \u201eRechts\u201c. Schon alleine die Tatsache, dass ein Gr\u00fcner wie Herr Hofreiter, die Mitglieder der Alternative f\u00fcr Deutschland als \u201eLandesverr\u00e4ter\u201c tituliert, ist so absurd, dass man hier schon von satanischer Verdrehung sprechen kann.<br \/>\nWo wir gerade bei den Gr\u00fcnen sind: Robert Habeck, gelernter Kinderbuchautor und heute deutscher Wirtschaftsminister, sagte in einem TV-Interview: \u201eVaterlandsliebe fand ich stets zum Kotzen. Ich wusste mit Deutschland noch nie etwas anzufangen und wei\u00df es bis heute nicht.\u201c<br \/>\nMuss man sich wirklich wundern, wenn ein Mann, der offen zugibt, dass er mit seinem Heimatland noch nie etwas anfangen konnte, als Wirtschaftsminister alles daran setzt, der deutschen Wirtschaft und dem deutschen Volk enormen Schaden zuzuf\u00fcgen?<\/p>\n<p>Claudia Roth, vormalige Chefin der Gr\u00fcnen und \u00fcber Jahre Vizepr\u00e4sidentin des deutschen Bundestages, pflegt ebenfalls ein ganz spezielles Verh\u00e4ltnis zu Deutschland. 1990 demonstrierte sie unter dem Motto \u201eNie wieder Deutschland!\u201c in Frankfurt gegen die deutsche Wiedervereinigung, wovon man im Netz viele Fotos finden kann. 2015 marschierte Roth, damals Vizepr\u00e4sidentin des Deutschen Bundestages, bei einer Demonstration in Hannover hinter einem Block vermummter Linksradikaler mit, die Parolen wie \u201eDeutschland, du mieses St\u00fcck Schei\u00dfe\u201c und \u201eDeutschland verrecke\u201c zum Besten gaben.<br \/>\nUnd solche Leute stellen sich heute allen Ernstes vor die Kameras und fordern ein Verbot der Alternative f\u00fcr Deutschland, weil diese eine \u201eTruppe von Landesverr\u00e4tern\u201c sei, wie Herr Hofreiter verk\u00fcndete.<\/p>\n<p>Die \u00c4lteren von uns m\u00f6gen sich vielleicht noch an die deutsche Ostpolitik von Bundeskanzler Willy Brandt erinnern, die einen gro\u00dfen Anteil daran hatte, dass der Kalte Krieg friedlich zu Ende ging. Diese Politik setzte auf den Dialog, gerade dann, wenn man sich mit anderen Staaten in einem Konflikt befand. Und auf diese Politik war man in Deutschland partei\u00fcbergreifend und \u00fcber Jahrzehnte stolz.<br \/>\nWenn nun die Alternative f\u00fcr Deutschland, in der Tradition dieser Politik, Kontakte zu L\u00e4ndern unterh\u00e4lt, die man heute \u201eFeinde\u201c nennt, wird ihr vorgeworfen, aus Landesverr\u00e4tern zu bestehen. Das ist in etwa so, als h\u00e4tte man seinerzeit Bundeskanzler Brandt vorgeworfen, ein Linksextremist zu sein, nur weil er Kontakte zur Sowjetunion aufgebaut hatte.<br \/>\nDie Gr\u00fcnen, die w\u00e4hrend des Wahlkampfes 2021 gegen jede Waffenlieferungen waren, w\u00fcrden heute am liebsten die gesamte Bundeswehr an die Ukraine \u00fcbergeben \u2013 was unsere Soldaten mit einschlie\u00dft. Man sollte sich an dieser Stelle einmal die Frage stellen, wer hier eigentlich die Interessen seines Landes verr\u00e4t \u2026<\/p>\n<p>Doch kommen wir langsam zum Ende. Was immer auch die Ampel-Regierung und die Medien verk\u00fcnden m\u00f6gen, die Demokratie in unserem Land befindet sich in einem sehr schlechten Zustand.<br \/>\nUnd es ist nicht die Alternative f\u00fcr Deutschland, die f\u00fcr diese Zust\u00e4nden die Verantwortung tr\u00e4gt.<\/p>\n<p>Die Verantwortlichen daf\u00fcr sitzen in der aktuellen Bundesregierung und den Regierungen der letzten 30 Jahre. Und mittlerweile ist es sich gleich, ob man nun die CDU\/CSU, die SPD, die FDP oder die Gr\u00fcnen w\u00e4hlt, man erh\u00e4lt immer die gleiche Agenda. Wobei man sagen muss, wenn die Vertreter der \u201eAltparteien\u201c wirklich diese \u201eWerte\u201c aus eigener \u00dcberzeugung vertreten w\u00fcrden, dann k\u00f6nnte man sie ja daf\u00fcr zumindest noch respektieren \u2013 aber sie werden von ausl\u00e4ndischen Interessenvertretern, Multi-Milliard\u00e4ren aus den USA, Kanada und England, f\u00fcr diese \u201eAnsichten und Werte\u201c bezahlt, sei es nun direkt oder \u00fcber Stiftungen. Sie sind einfach nur gekaufte, sprich korrupte, Handpuppen der sogenannten \u201eElite\u201c, und f\u00fchren sich dabei immer so auf, als h\u00e4tten sie den Anstand und die Moral mit dem Schaufelbagger gefressen, wenn sie UNS ihre Vorhaltungen machen und UNS ermahnen, wie wir nach deren \u201eMeinung\u201c zu sein h\u00e4tten. Sprich, kein Auto, kein Fleisch, keine Wohnung, kein Haus, kein Besitz, nicht einmal mehr Kinder (!!!), und wenn Kinder da sind, dann sollen diese als \u201eSex-Spielzeug\u201c f\u00fcr den p\u00e4dophilen Teil dieser \u201eElite\u201c dienen d\u00fcrfen, ohne dass sich die Eltern dagegen wehren k\u00f6nnen.<\/p>\n<p>Es wird h\u00f6chste Zeit, dass wir diesem Parteienkartell und dieser Politiker-Kaste klar machen, dass wir nicht l\u00e4nger bereit sind, so mit uns umspringen zu lassen \u2013 friedlich und mit allen Mitteln unserer freiheitlich-demokratischen Grundordnung.<br \/>\nArchimedes sagte: \u201eGebt mir einen Hebel, der lang genug, und einen Angelpunkt, der stark genug ist, dann kann ich die Welt mit einer Hand bewegen.\u201c<br \/>\nDieser Punkt kann meiner pers\u00f6nlichen Ansicht nach nur die Alternative f\u00fcr Deutschland sein und der Hebel, dass ist das Volk, dass die Nase gestrichen voll davon hat, sich von diesen \u201eEliten\u201c bis in die intimsten Bereiche ihres Lebens hinein pfuschen zu lassen.<br \/>\nWenn wir alle geschlossen zusammenhalten, dann sind wir die eine Macht, die alles erreichen kann. Das wissen die da oben auch und sie f\u00fcrchten sich vor der Macht der eigenen Bev\u00f6lkerung. Das ist der Grund, warum wir alle in m\u00f6glichst kleine Schubladen gesteckt und gespalten werden sollen. Ein einzelner Finger kann nicht viel bewegen, eine ganze Hand schon erheblich mehr; zwei H\u00e4nde k\u00f6nnen ein Haus errichten, aber Millionen von H\u00e4nden \u2026 die k\u00f6nnen in der Tat eine Welt aus den Angeln heben.<br \/>\n&#8230; Alles vom 5.9.2023 von Sven Korte bitte lesen auf<br \/>\n<a href=\"https:\/\/philosophia-perennis.com\/2023\/09\/04\/um-die-demokratie-in-deutschland-ist-es-schlecht-bestellt\/\">https:\/\/philosophia-perennis.com\/2023\/09\/04\/um-die-demokratie-in-deutschland-ist-es-schlecht-bestellt\/<\/a><\/p>\n<p>.<\/p>\n<p>.<\/p>\n<p><strong>Atlas Initiative zur Verteidigung der freiheitlich-demokratischen Grundordnung<\/strong><br \/>\n<strong>100 Sanktionen, \u00fcber 4000 Mitglieder<\/strong><br \/>\nDemokratie beginnt und endet nicht mit parteipolitischem Engagement oder dem Setzen eines Kreuzes bei Landtags- bzw. Bundestagswahlen. Gelebtes, demokratisches Engagement bietet jedem von uns in vielf\u00e4ltiger Art und Weise die M\u00f6glichkeit, unserer Stimme als B\u00fcrgern Ausdruck zu verleihen und uns gesellschaftlich einzubringen. Die Atlas Initiative steht f\u00fcr gelebte Demokratie und versteht sich als Zusammenschluss eines wachen und m\u00fcndigen B\u00fcrgertums, das es als Privileg wie als Notwendigkeit erachtet, sich im Rahmen einer Vereinsstruktur gesellschaftspolitisch zu positionieren und zu \u00e4u\u00dfern. Unser Hauptaugenmerk liegt hierbei auf den Themenfeldern:<br \/>\nB\u00fcrgerliche Freiheit<br \/>\nRechtsstaatlichkeit<br \/>\nMarktwirtschaft<br \/>\nDie Atlas Initiative steht f\u00fcr die Pflege und das Aufrechterhalten demokratischer Prinzipien. Als Verein sind wir \u00fcberparteilich und unabh\u00e4ngig und m\u00f6chten Ihnen als Mitglied die M\u00f6glichkeit geben, sich einer Bewegung anzuschlie\u00dfen, in der wir gemeinsam st\u00e4rker sind als jeder Einzelne von uns.<\/p>\n<p>Vorstand: <a href=\"https:\/\/www.freiburg-schwarzwald.de\/blog\/neue-partei-krall-und-maassen\/\">Dr. Markus Krall<\/a> und Benjamin Mudlack<br \/>\nAtlas Initiative f\u00fcr Recht und Freiheit<br \/>\n<a href=\"https:\/\/www.atlas-initiative.de\/\">https:\/\/www.atlas-initiative.de\/<\/a><br \/>\n<a href=\"https:\/\/www.youtube.com\/@atlasinitiativefurrechtund7114\">https:\/\/www.youtube.com\/@atlasinitiativefurrechtund7114<\/a><br \/>\n31.8.2023<\/p>\n","protected":false},"excerpt":{"rendered":"<p>Home\u00a0&gt;Engagement\u00a0&gt;Zukunft\u00a0&gt;Demokratie &gt;Demokratie-verteidigen &nbsp; Listenauswahl eines Beitrags (Artikel\/Datum, Seite\/Inhalt):\u00a0Klicken\u00a0oder scrollen Norbert Bolz: Wie die Demokratie von ihren Rettern bedroht wird (29.7.2026) Wer sch\u00fctzt die Demokratie vor ihren Besch\u00fctzern?\u00a0(9.4.2026) Baberowski: Am Volk vorbei \u2013 Zur Krise der liberalen Demokratie\u00a0(6,4.2925) Milei-Konferenz 2026. Sind &hellip; <a href=\"https:\/\/www.freiburg-schwarzwald.de\/blog\/engagement\/zukunft\/demokratie\/demokratie-verteidigen\/\">Weiterlesen <span class=\"meta-nav\">&rarr;<\/span><\/a><\/p>\n","protected":false},"author":2,"featured_media":0,"parent":21084,"menu_order":0,"comment_status":"closed","ping_status":"closed","template":"","meta":{"footnotes":""},"class_list":["post-94141","page","type-page","status-publish","hentry"],"_links":{"self":[{"href":"https:\/\/www.freiburg-schwarzwald.de\/blog\/wp-json\/wp\/v2\/pages\/94141","targetHints":{"allow":["GET"]}}],"collection":[{"href":"https:\/\/www.freiburg-schwarzwald.de\/blog\/wp-json\/wp\/v2\/pages"}],"about":[{"href":"https:\/\/www.freiburg-schwarzwald.de\/blog\/wp-json\/wp\/v2\/types\/page"}],"author":[{"embeddable":true,"href":"https:\/\/www.freiburg-schwarzwald.de\/blog\/wp-json\/wp\/v2\/users\/2"}],"replies":[{"embeddable":true,"href":"https:\/\/www.freiburg-schwarzwald.de\/blog\/wp-json\/wp\/v2\/comments?post=94141"}],"version-history":[{"count":6,"href":"https:\/\/www.freiburg-schwarzwald.de\/blog\/wp-json\/wp\/v2\/pages\/94141\/revisions"}],"predecessor-version":[{"id":152492,"href":"https:\/\/www.freiburg-schwarzwald.de\/blog\/wp-json\/wp\/v2\/pages\/94141\/revisions\/152492"}],"up":[{"embeddable":true,"href":"https:\/\/www.freiburg-schwarzwald.de\/blog\/wp-json\/wp\/v2\/pages\/21084"}],"wp:attachment":[{"href":"https:\/\/www.freiburg-schwarzwald.de\/blog\/wp-json\/wp\/v2\/media?parent=94141"}],"curies":[{"name":"wp","href":"https:\/\/api.w.org\/{rel}","templated":true}]}}