{"id":939,"date":"2012-04-09T20:38:58","date_gmt":"2012-04-09T20:38:58","guid":{"rendered":"https:\/\/www.freiburg-schwarzwald.de\/blog\/?page_id=939"},"modified":"2025-09-11T09:43:07","modified_gmt":"2025-09-11T07:43:07","slug":"baeder","status":"publish","type":"page","link":"https:\/\/www.freiburg-schwarzwald.de\/blog\/sport\/baeder\/","title":{"rendered":"Baeder"},"content":{"rendered":"<p><a href=\"https:\/\/freiburg-schwarzwald.de\/blog\">\u00a0Home<\/a> &gt;<a title=\"Sport\" href=\"https:\/\/www.freiburg-schwarzwald.de\/blog\/sport\/\">Sport<\/a> &gt;Baeder<\/p>\n<div id=\"attachment_8119\" style=\"width: 643px\" class=\"wp-caption alignnone\"><a href=\"https:\/\/www.freiburg-schwarzwald.de\/blog\/sport\/baeder\/standbad29morgensonne-pan120722\/\" rel=\"attachment wp-att-8119\"><img loading=\"lazy\" decoding=\"async\" aria-describedby=\"caption-attachment-8119\" class=\"size-full wp-image-8119\" title=\"standbad29morgensonne-pan120722\" src=\"https:\/\/www.freiburg-schwarzwald.de\/blog\/wp-content\/uploads\/2012\/04\/standbad29morgensonne-pan120722.jpg\" alt=\"\" width=\"633\" height=\"242\" srcset=\"https:\/\/www.freiburg-schwarzwald.de\/blog\/wp-content\/uploads\/2012\/04\/standbad29morgensonne-pan120722.jpg 633w, https:\/\/www.freiburg-schwarzwald.de\/blog\/wp-content\/uploads\/2012\/04\/standbad29morgensonne-pan120722-180x68.jpg 180w\" sizes=\"auto, (max-width: 633px) 100vw, 633px\" \/><\/a><p id=\"caption-attachment-8119\" class=\"wp-caption-text\">Strandbad in Freiburg am 22.7.2012 &#8211; Morgensonne am Sonntagfr\u00fch<\/p><\/div>\n<p><strong>Schwimmbad, Freibad, Hallenbad, Freizeitbad<\/strong><\/p>\n<ul>\n<li><em>Listenauswahl eines Beitrags (Artikel\/Datum, Seite\/Inhalt): <span style=\"text-decoration: underline;\">Klicken<\/span> oder scrollen<\/em><\/li>\n<li><a href=\"https:\/\/www.freiburg-schwarzwald.de\/blog\/sport\/baeder\/westbad\/\">Strandbad und Westbad ab 15.9.2025 nur noch 12 bis 18 Uhr ge\u00f6ffnet<\/a>\u00a0(11.9.2025)<\/li>\n<li><a href=\"https:\/\/www.freiburg-schwarzwald.de\/blog\/sport\/baeder\/westbad\/\">Westbad seit 1969 \u2013 Wieder\u00f6ffnung 14.8.2025<\/a>\u00a0(13.8.2025)<\/li>\n<li><a href=\"https:\/\/www.freiburg-schwarzwald.de\/blog\/sport\/baeder\/strandbad\/\">Freiburger Freib\u00e4der z\u00e4hlen 2023 fast eine halbe Million Besucher<\/a> (12.9.2023)<\/li>\n<li><a href=\"https:\/\/www.freiburg-schwarzwald.de\/blog\/freibad-als-freiheitsraum-ade\/\">Freibad als Freiheitsraum \u2013 ade<\/a>\u00a0(14.7.2023)<\/li>\n<li>Eine\u00a0 Sauna ist keine Energieschleuder, sondern zu bestem Nutzen (19.11.2022)<\/li>\n<li><a href=\"https:\/\/www.freiburg-schwarzwald.de\/blog\/sport\/baeder\/strandbad\/\">Saisonbilanz 2022: Mehr als eine halbe Million Badeg\u00e4ste in Freiburgs Freib\u00e4dern<\/a> (21.9.2022)<\/li>\n<li><a href=\"https:\/\/www.freiburg-schwarzwald.de\/blog\/sport\/baeder\/freibad\/\">Massenschl\u00e4gerei mit Migranten im\u00a0 Columnbia-Freibad in Neuk\u00f6lln<\/a> (20.7.2022)<\/li>\n<li><a href=\"https:\/\/www.freiburg-schwarzwald.de\/blog\/regio\/see\/\">18 Badeseen mit ausgezeichneter Wasserqualit\u00e4t in der Region Freiburg<\/a>\u00a0(5.6.2021)<\/li>\n<li><a href=\"https:\/\/www.freiburg-schwarzwald.de\/blog\/kinder-als-corona-leidtragende\/\">Kinder als Corona-Leidtragende<\/a>\u00a0(21.5.2021)<\/li>\n<li><a href=\"https:\/\/www.freiburg-schwarzwald.de\/blog\/sport\/baeder\/strandbad\/\">Reservierung f\u00fcr Freib\u00e4der in Freiburg<\/a> (19.5.2021)<\/li>\n<li><a title=\"Keidel-Bad\" href=\"https:\/\/www.freiburg-schwarzwald.de\/blog\/sport\/baeder\/keidel-bad\/\">Strandbad und Keidel Therme ab 1.7.2020 offen<\/a> (1.7.2020)<\/li>\n<li><a title=\"Wald\" href=\"https:\/\/www.freiburg-schwarzwald.de\/blog\/natur\/wald\/\">Waldbadepfad in Bollschweil l\u00e4dt zur Entspannung ein<\/a>\u00a0(20.6.2020)<\/li>\n<li><a href=\"https:\/\/www.freiburg-schwarzwald.de\/blog\/strandbad-oeffnet-sonntag-14-4\/\">https:\/\/www.freiburg-schwarzwald.de\/blog\/strandbad-oeffnet-sonntag-14-4\/<\/a>\u00a0(13.4.2013)<\/li>\n<li><a href=\"https:\/\/www.freiburg-schwarzwald.de\/badenweiler.htm#Cassiopeia-Therme\">Badenweiler &#8211; Cassiopeia Therme<\/a> &gt;Badenweiler<\/li>\n<li><a href=\"https:\/\/www.freiburg-schwarzwald.de\/littenweiler\/baeder.htm#Badeseen in und um Freiburg\">Badeseen in und um Freiburg<\/a><\/li>\n<li><a href=\"https:\/\/www.freiburg-schwarzwald.de\/krozingen.htm#Vita Classica: Drei Wellness-B\u00e4der\">Bad Krozingen &#8211; Vita Classica<\/a> &gt;Krozingen<\/li>\n<li><a href=\"https:\/\/www.freiburg-schwarzwald.de\/bellingen.htm#Bad Bellingen\">Bad Bellingen<\/a> &gt;Bellingen<\/li>\n<li><a href=\"https:\/\/www.freiburg-schwarzwald.de\/saeckingen.htm#Aqualon Therme\">Bad S\u00e4ckingen &#8211; Aqualon Therme<\/a> &gt;Saeckingen<\/li>\n<li><a href=\"https:\/\/www.freiburg-schwarzwald.de\/sulzburg.htm#Bad Sulzburg - Waldhotel und Wanderparadies\">Bad Sulzburg &#8211; Waldhotel und Wanderparadies<\/a> &gt;Sulzburg<\/li>\n<li><a href=\"https:\/\/www.freiburg-schwarzwald.de\/uehlingen-birkendorf.htm#Naturena-Badesee in Birkendorf im Nabu-Reisef\u00fchrer\">Birkendorf &#8211; Naturena-Badesee im Nabu-Reisef\u00fchrer<\/a> &gt;Uehlingen-Birkendorf (14.7.2008)<\/li>\n<li><a href=\"https:\/\/www.freiburg-schwarzwald.de\/littenweiler\/baeder.htm#B\u00f6tzinger Freibad\">B\u00f6tzingen &#8211; Freibad<\/a><\/li>\n<li><a href=\"https:\/\/www.freiburg-schwarzwald.de\/littenweiler\/baeder.htm#Hallenbad Breitnau\">Breitnau &#8211; Hallenbad<\/a><\/li>\n<li><a href=\"https:\/\/www.freiburg-schwarzwald.de\/littenweiler\/baeder.htm#Feldberg - Hallenbad\">Feldberg &#8211; Hallenbad<\/a><\/li>\n<li><a href=\"https:\/\/www.freiburg-schwarzwald.de\/schluechtsee.htm\">Grafenhausen &#8211; Schl\u00fcchtsee Naturbadesee<\/a> &gt;Schluechtsee<\/li>\n<li><a href=\"https:\/\/www.freiburg-schwarzwald.de\/littenweiler\/baeder.htm#Denzlingen - Sportbad\">Denzlingen -Sportbad<\/a><\/li>\n<li><a href=\"https:\/\/www.freiburg-schwarzwald.de\/littenweiler\/baeder.htm#Dreisambad in Kirchzarten\">Dreisambad Kirchzarten<\/a><\/li>\n<li><a href=\"https:\/\/www.freiburg-schwarzwald.de\/littenweiler\/baeder.htm#Emmendingen - Freibad\">Emmendingen &#8211; Freibad<\/a><\/li>\n<li><a title=\"Keidel-Bad\" href=\"https:\/\/www.freiburg-schwarzwald.de\/blog\/sport\/baeder\/keidel-bad\/\">Freiburg &#8211; Eugen-Keidel-ThermalBad im Mooswald<\/a><\/li>\n<li><a href=\"https:\/\/www.freiburg-schwarzwald.de\/littenweiler\/baeder.htm#Freiburg - Hallenb\u00e4der: Faulerbad, Hallenbad Haslach\">Freiburg &#8211; Hallenb\u00e4der: Faulerbad, Hallenbad Haslach<\/a><\/li>\n<li><a href=\"https:\/\/www.freiburg-schwarzwald.de\/littenweiler\/baeder.htm#Freiburg: Waldsaunabad Busse\">Freiburg: Waldkurbad am M\u00f6slepark<\/a><\/li>\n<li><a href=\"https:\/\/www.freiburg-schwarzwald.de\/littenweiler\/herdern1.htm#Herderns \u00e4ltester Verein: Licht-, Luft- und Sportbad am Hebsack\">Freiburg-Herdern: Licht-, Luft- und Sportbad am Hebsack<\/a> &gt;Herdern1 (23.6.2008)<\/li>\n<li><a title=\"Damenbad\" href=\"https:\/\/www.freiburg-schwarzwald.de\/blog\/sport\/baeder\/damenbad\/\">Freiburg &#8211; Lorettobad &#8211; Damenbad in der Wiehre<\/a><\/li>\n<li><a title=\"Strandbad\" href=\"https:\/\/www.freiburg-schwarzwald.de\/blog\/sport\/baeder\/strandbad\/\">Freiburg &#8211; Strandbad<\/a><\/li>\n<li><a href=\"https:\/\/www.freiburg-schwarzwald.de\/littenweiler\/strandbad.htm\">Freiburg: Strandbad in Littenweiler &#8211;\u00a0Seite bis 4\/2012<\/a> &gt;Strandbad<\/li>\n<li><a href=\"https:\/\/www.freiburg-schwarzwald.de\/glottertal.htm#Freibad Glottertal\">Glottertal: Freibad Glottertal<\/a> &gt;Glottertal<\/li>\n<li><a href=\"https:\/\/www.freiburg-schwarzwald.de\/littenweiler\/baeder.htm#Kneippverein Kirchzarten\">Kirchzarten &#8211; Kneippverein Kirchzarten <\/a><\/li>\n<li><a href=\"https:\/\/www.freiburg-schwarzwald.de\/littenweiler\/baeder.htm#Dreisambad in Kirchzarten\">Kirchzarten &#8211; Dreisambad<\/a><\/li>\n<li><a href=\"https:\/\/www.freiburg-schwarzwald.de\/menzenschwand.htm#10 000. Badegast im Radon Revital Bad\">Menzenschwand &#8211; Radon Vital Bad<\/a> &gt;Menzenschwand<\/li>\n<li><a href=\"https:\/\/www.freiburg-schwarzwald.de\/littenweiler\/baeder.htm#Neustadt - Schwimmbad\">Neustadt &#8211; Schwimmbad<\/a><\/li>\n<li><a href=\"https:\/\/www.freiburg-schwarzwald.de\/littenweiler\/baeder.htm#Sauna in Stegen\">Stegen &#8211; Sauna <\/a><\/li>\n<li><a href=\"https:\/\/www.freiburg-schwarzwald.de\/littenweiler\/baeder.htm#Stone-Massage\">Stone-Massage<\/a> am Waldsee<\/li>\n<li><a href=\"https:\/\/www.freiburg-schwarzwald.de\/littenweiler\/baeder.htm#Freibad St. M\u00e4rgen\">St. M\u00e4rgen &#8211; Freibad<\/a><\/li>\n<li><a href=\"https:\/\/www.freiburg-schwarzwald.de\/littenweiler\/baeder.htm#Hallenbad St. Peter\">St. Peter &#8211; Hallenbad<\/a><\/li>\n<li><a href=\"https:\/\/www.freiburg-schwarzwald.de\/schluchsee.htm#Schluchsee - Aqua Fun Erlebnisbad\">Schluchsee &#8211; Spa\u00dfbad Aqua Fun <\/a>&gt;Schluchsee<\/li>\n<li><a href=\"https:\/\/www.freiburg-schwarzwald.de\/seebrugg.htm#Strandbad am Ostende vom Schluchsee\">Strandbad am Ostende vom Schluchsee<\/a> &gt;Seebrugg<\/li>\n<li><a title=\"Schluchsee-Baden\" href=\"https:\/\/www.freiburg-schwarzwald.de\/blog\/regio\/see\/schluchsee-baden\/\">Schluchsee &#8211; Baden und Schwimmen<\/a> &gt;Schluchsee-Baden<\/li>\n<li><a href=\"https:\/\/www.freiburg-schwarzwald.de\/hochrhein.htm#Schw\u00f6rstadt: Rheinschwimmbad\">Schw\u00f6rstadt: Rheinschwimmbad<\/a> &gt;Hochrhein<\/li>\n<li><a href=\"https:\/\/www.freiburg-schwarzwald.de\/staufen.htm#Alemannenbad\">Staufen &#8211; Alemannenbad<\/a> &gt;Staufen<\/li>\n<li><a href=\"https:\/\/www.freiburg-schwarzwald.de\/littenweiler\/baeder1.htm#Sulzburg: Naturschwimmbad im \u00e4ltesten St\u00e4dtchen\">Sulzburg: Naturschwimmbad<\/a> &gt;Baeder1 (3.8.2006)<\/li>\n<li><a title=\"Badeparadies\" href=\"https:\/\/www.freiburg-schwarzwald.de\/blog\/sport\/baeder\/badeparadies\/\">Titisee &#8211; Badeparadies Schwarzwald<\/a><\/li>\n<li>\n<p align=\"left\"><a href=\"https:\/\/www.freiburg-schwarzwald.de\/badeparadies.htm#Das Badeparadies nimmt allm\u00e4hlich Z\u00fcge an\">Titisee-Neustadt: Das &#8222;Badeparadies&#8220; nimmt allm\u00e4hlich Z\u00fcge an<\/a> &gt;Badeparadies (27.7.2007)<\/p>\n<\/li>\n<li><a href=\"https:\/\/www.freiburg-schwarzwald.de\/littenweiler\/touristik.htm#Boot fahren auf dem Titisee\">Titisee &#8211; Boot fahren<\/a> &gt;Touristik<\/li>\n<li><a href=\"https:\/\/www.freiburg-schwarzwald.de\/littenweiler\/baeder.htm#Titisee - Strandbad\">Titisee &#8211; Strandbad<\/a><\/li>\n<li><a href=\"https:\/\/www.freiburg-schwarzwald.de\/littenweiler\/baeder.htm#Todtnauberg - Deutschland h\u00f6chstgelegenes Freibad\">Todtnauberg &#8211; Deutschland h\u00f6chstgelegenes Freibad<\/a><\/li>\n<li><a href=\"https:\/\/www.freiburg-schwarzwald.de\/littenweiler\/baeder.htm#Windgf\u00e4llweiher\">Windgf\u00e4llweiher &#8211; Strandbad<\/a><\/li>\n<li><\/li>\n<li><a title=\"Badeparadies\" href=\"https:\/\/www.freiburg-schwarzwald.de\/blog\/sport\/baeder\/badeparadies\/\">Badeparadies Schwarzwald<\/a><\/li>\n<li><a href=\"https:\/\/www.freiburg-schwarzwald.de\/baggersee.htm\">Baggerseen im Rheintal<\/a> &gt;Baggersee<\/li>\n<li><a title=\"Damenbad\" href=\"https:\/\/www.freiburg-schwarzwald.de\/blog\/sport\/baeder\/damenbad\/\">Damenbad<\/a><\/li>\n<li><a href=\"https:\/\/www.freiburg-schwarzwald.de\/blog\/sport\/baeder\/freibad\/\">Freibad<\/a><\/li>\n<li><a href=\"https:\/\/www.freiburg-schwarzwald.de\/schwimmen.htm\">Schwimmen<\/a> &gt;Schwimmen<\/li>\n<li><a href=\"https:\/\/www.freiburg-schwarzwald.de\/see.htm\">Seen im Schwarzwald<\/a> &gt;See<\/li>\n<li><a href=\"https:\/\/www.freiburg-schwarzwald.de\/blog\/sport\/baeder\/westbad\/\">Westbad<\/a><\/li>\n<\/ul>\n<p>&nbsp;<\/p>\n<p><strong>Eine\u00a0 Sauna ist keine Energieschleuder, sondern zu bestem Nutzen<\/strong><br \/>\nDer Autor tut sich schwer, in den besuchten Thermen &#8222;deprimierte, \u00fcbelgelaunte Menschen&#8220; zu finden. Die Menschen gehen aus Lebensfreude in B\u00e4der, nicht um Verdruss zu kultivieren. Unseren V\u00e4tern, die im Stellungskrieg im Nordosten ab Ende 1941 k\u00e4mpften, war das Saunabaden das freudespendende \u00dcberlebenselixier, das als Mitbringsel den Saunaboom in Deutschland ausl\u00f6ste. Doch immer \u00f6fter kommt Saunabaden wegen der Energiekrise in Kritik. Aus Sicht der Gesundheitspflege ist es ein Gewinn, &#8222;70- oder 60-Grad-Saunen&#8220; zu schlie\u00dfen; denn Einrichtungen, die dies bedauern, sind per Definition des Heilbades Sauna kein Gesundheits-, sondern ein Spa\u00dfbad. Auch ist eine ordentlich zwischen 85 und etwa 100 Grad aufgeheizte Sauna, die von zig Personen genutzt wird, keine Energieschleuder, sondern das Gegenteil, und dazu mit bestem Nutzen f\u00fcr K\u00f6rper, Geist und Seele. Energieschleudern und Kostenbl\u00f6cke sind vielf\u00e4ltige Warm- und Hei\u00dfwasserangebote, nicht die kunstgerechte Sauna.<br \/>\n&#8230; Alles vom 19.11.2022 von <a href=\"https:\/\/www.freiburg-schwarzwald.de\/blog\/tourismus\/camping\/camping-moeslepark\/\">Paul Busse<\/a>, Freiburg, bitte lesen auf<br \/>\n<a href=\"https:\/\/www.badische-zeitung.de\/eine-ordentliche-sauna-ist-keine-energieschleuder-sondern-zu-bestem-nutzen--225405577.html\">https:\/\/www.badische-zeitung.de\/eine-ordentliche-sauna-ist-keine-energieschleuder-sondern-zu-bestem-nutzen&#8211;225405577.html<\/a><\/p>\n<p><strong>In den s\u00fcdbadischen Saunen ist die angespannte Weltlage nicht zu sp\u00fcren<\/strong><br \/>\nIn der Ukraine tobt Krieg, die Energiekrise belastet viele und die Thermen m\u00fcssen k\u00e4mpfen \u2013 in der Sauna sp\u00fcrt man nichts davon. Zwar wird auch hier gespart, aber es wird auch Wert auf die gesundheitsf\u00f6rdernde Wirkung gelegt. Ein Besuch.<br \/>\n&#8230;<br \/>\nUnd dennoch ist der russische Angriffskrieg in der Bad Bellinger Balinea Therme pr\u00e4sent: &#8222;Aufgrund der Energie-Alarmstufe und der dadurch notwendigen Energiesparma\u00dfnahmen bedauern wir, bis auf Weiteres die 70\u00b0C Au\u00dfensauna und die 60\u00b0C Innensauna schlie\u00dfen zu m\u00fcssen&#8220;, hei\u00dft es. Zwei von f\u00fcnf Saunen sind zu.<br \/>\n&#8230; Alles vom 5.11.2022 bitte lesen auf<br \/>\n<a href=\"https:\/\/www.badische-zeitung.de\/in-den-suedbadischen-saunen-ist-die-angespannte-weltlage-nicht-zu-spueren--222648315.html\">https:\/\/www.badische-zeitung.de\/in-den-suedbadischen-saunen-ist-die-angespannte-weltlage-nicht-zu-spueren&#8211;222648315.html<\/a><\/p>\n<p>Einige Kommentare<br \/>\nDummes Zeug Geschwafel; Deutschland, \u00d6sterreich und Europa haben keinen Krieg. Egal ob Saunen B\u00e4der oder Freizeit Centren alles sollte incl. Weihnachtsm\u00e4rkte normal ge\u00f6ffnet sein. Russland \/ Ukraine 22<br \/>\nHeute China heute gegen Hongkong, Morgen gegen Thailand 23\/24 \u00dcbermorgen USA gegen Mexico; der Politik Macho Schrotx hat doch nie ein Ende ! Diktatoren gibt es seit Jahrhunderten; heute Putin, Erdogan China XI\u00c4 PING und Morgen komme neue Voll Deppen 2030 ! Saunen und Europa \u00d6ffentliche Freizeit Centren haben damit nichts zu tun<br \/>\n5.11.2022, H..D.<\/p>\n<p>Wo er recht hat hat er recht. Wer nicht in die Sauna will, soll drau\u00dfen bleiben oder zuhause frieren, f\u00fcr den Frieden. Ob die PolitikerInnen tats\u00e4chlich frieren oder 3 Pullover tragen? Oder im hauseigenen Whirlpool planschen und danach in die Sauna gehen? Ist ja gesund. Ich will auch nicht st\u00e4ndig an den Krieg denken, egal wo er gerade stattfindet, in Israel gehen die Menschen im Meer schwimmen, Freunde von mir sind grad dort, d\u00fcrfen die das???<br \/>\n5.11.2022, B.J.<br \/>\nEnde Kommentare<\/p>\n<p>&nbsp;<\/p>\n","protected":false},"excerpt":{"rendered":"<p>\u00a0Home &gt;Sport &gt;Baeder Schwimmbad, Freibad, Hallenbad, Freizeitbad Listenauswahl eines Beitrags (Artikel\/Datum, Seite\/Inhalt): Klicken oder scrollen Strandbad und Westbad ab 15.9.2025 nur noch 12 bis 18 Uhr ge\u00f6ffnet\u00a0(11.9.2025) Westbad seit 1969 \u2013 Wieder\u00f6ffnung 14.8.2025\u00a0(13.8.2025) Freiburger Freib\u00e4der z\u00e4hlen 2023 fast eine halbe &hellip; <a href=\"https:\/\/www.freiburg-schwarzwald.de\/blog\/sport\/baeder\/\">Weiterlesen <span class=\"meta-nav\">&rarr;<\/span><\/a><\/p>\n","protected":false},"author":2,"featured_media":0,"parent":47,"menu_order":0,"comment_status":"open","ping_status":"closed","template":"","meta":{"footnotes":""},"class_list":["post-939","page","type-page","status-publish","hentry"],"_links":{"self":[{"href":"https:\/\/www.freiburg-schwarzwald.de\/blog\/wp-json\/wp\/v2\/pages\/939","targetHints":{"allow":["GET"]}}],"collection":[{"href":"https:\/\/www.freiburg-schwarzwald.de\/blog\/wp-json\/wp\/v2\/pages"}],"about":[{"href":"https:\/\/www.freiburg-schwarzwald.de\/blog\/wp-json\/wp\/v2\/types\/page"}],"author":[{"embeddable":true,"href":"https:\/\/www.freiburg-schwarzwald.de\/blog\/wp-json\/wp\/v2\/users\/2"}],"replies":[{"embeddable":true,"href":"https:\/\/www.freiburg-schwarzwald.de\/blog\/wp-json\/wp\/v2\/comments?post=939"}],"version-history":[{"count":5,"href":"https:\/\/www.freiburg-schwarzwald.de\/blog\/wp-json\/wp\/v2\/pages\/939\/revisions"}],"predecessor-version":[{"id":138945,"href":"https:\/\/www.freiburg-schwarzwald.de\/blog\/wp-json\/wp\/v2\/pages\/939\/revisions\/138945"}],"up":[{"embeddable":true,"href":"https:\/\/www.freiburg-schwarzwald.de\/blog\/wp-json\/wp\/v2\/pages\/47"}],"wp:attachment":[{"href":"https:\/\/www.freiburg-schwarzwald.de\/blog\/wp-json\/wp\/v2\/media?parent=939"}],"curies":[{"name":"wp","href":"https:\/\/api.w.org\/{rel}","templated":true}]}}