{"id":93278,"date":"2021-08-04T18:28:57","date_gmt":"2021-08-04T16:28:57","guid":{"rendered":"https:\/\/www.freiburg-schwarzwald.de\/blog\/?page_id=93278"},"modified":"2026-02-25T20:34:01","modified_gmt":"2026-02-25T19:34:01","slug":"corona-versoehnung","status":"publish","type":"page","link":"https:\/\/www.freiburg-schwarzwald.de\/blog\/business\/gesund\/corona-virus\/corona-versoehnung\/","title":{"rendered":"Corona-Versoehnung"},"content":{"rendered":"<p><a href=\"https:\/\/freiburg-schwarzwald.de\/blog\">Home<\/a> &gt;<a title=\"Zukunft\" href=\"https:\/\/www.freiburg-schwarzwald.de\/blog\/engagement\/zukunft\/\">Zukunft<\/a>\u00a0&gt;<a title=\"Demokratie\" href=\"https:\/\/www.freiburg-schwarzwald.de\/blog\/engagement\/zukunft\/demokratie\/\">Demokratie<\/a> &gt;<a title=\"Deutschland\" href=\"https:\/\/www.freiburg-schwarzwald.de\/blog\/global\/deutschland\/\">Deutschland<\/a> &gt;<a href=\"https:\/\/www.freiburg-schwarzwald.de\/blog\/global\/deutschland\/gesellschaft\/\">Gesellschaft<\/a> &gt;Corona-Versoehnung<\/p>\n<div id=\"attachment_93280\" style=\"width: 650px\" class=\"wp-caption alignnone\"><a href=\"https:\/\/www.freiburg-schwarzwald.de\/blog\/wp-content\/uploads\/2021\/08\/berlin-demo-querdenker20210801pan.jpg\"><img loading=\"lazy\" decoding=\"async\" aria-describedby=\"caption-attachment-93280\" class=\"size-full wp-image-93280\" src=\"https:\/\/www.freiburg-schwarzwald.de\/blog\/wp-content\/uploads\/2021\/08\/berlin-demo-querdenker20210801pan.jpg\" alt=\"\" width=\"640\" height=\"356\" srcset=\"https:\/\/www.freiburg-schwarzwald.de\/blog\/wp-content\/uploads\/2021\/08\/berlin-demo-querdenker20210801pan.jpg 640w, https:\/\/www.freiburg-schwarzwald.de\/blog\/wp-content\/uploads\/2021\/08\/berlin-demo-querdenker20210801pan-180x100.jpg 180w\" sizes=\"auto, (max-width: 640px) 100vw, 640px\" \/><\/a><p id=\"caption-attachment-93280\" class=\"wp-caption-text\">Querdenker-Demo in Berlin am 1.8.2021: Verletzter Teilnehmer mit Handschellen<\/p><\/div>\n<ul>\n<li><em>Listenauswahl eines Beitrags: Bitte <span style=\"text-decoration: underline;\">anklicken<\/span> oder runterscrollen<\/em><\/li>\n<li><a href=\"https:\/\/www.freiburg-schwarzwald.de\/blog\/aerztin-dr-witzschel-haft-kennedy\/\">\u00c4rztin Dr Witzschel Haft Kennedy<\/a>\u00a0(25.2.2026)<\/li>\n<li><a href=\"https:\/\/www.freiburg-schwarzwald.de\/blog\/corona-kennedy-gegen-warken\/\">Corona: Kennedy gegen Warken<\/a>\u00a0(13.1.2026)<\/li>\n<li><a href=\"https:\/\/www.freiburg-schwarzwald.de\/blog\/maedchen-15-17-angst-corona\/\">M\u00e4dchen 15-17: Angst Corona<\/a>\u00a0(11.12.2025)<\/li>\n<li><a href=\"https:\/\/www.freiburg-schwarzwald.de\/blog\/minister-amtseid-spahn-faeser\/\">Minister-Amtseid: Spahn Faeser<\/a>\u00a0(25.6.2025)<\/li>\n<li><a href=\"https:\/\/www.freiburg-schwarzwald.de\/blog\/usa-corona-labortheorie-real\/\">USA: Corona-Labortheorie real<\/a>\u00a0(4.12.2024)<\/li>\n<li><a href=\"https:\/\/www.freiburg-schwarzwald.de\/blog\/rki-files-veroeffentlicht-akteur\/\">RKI-Files ver\u00f6ffentlicht \u2013 Akteur?<\/a>\u00a0(25.3.2024)<\/li>\n<li><a href=\"https:\/\/www.freiburg-schwarzwald.de\/blog\/business\/gesund\/corona-virus\/corona-geschichte\/\">Mahnung: Rede von Karsten Hilse am 13.1.2022 von der Bundestagstrib\u00fcne\u00a0<\/a> (12.3.2024)<\/li>\n<li><a href=\"https:\/\/www.freiburg-schwarzwald.de\/blog\/natur\/neujahr\/\">Neujahrsgr\u00fc\u00dfe: \u201ewieder alle Fragen stellen d\u00fcrfen\u201c<\/a>\u00a0(1.1.2024)<\/li>\n<li><a href=\"https:\/\/www.freiburg-schwarzwald.de\/blog\/frieden-mit-pfarrer-michaelis\/\">Frieden mit Pfarrer Michaelis<\/a>\u00a0(23.12.2023)<\/li>\n<li><a href=\"https:\/\/www.freiburg-schwarzwald.de\/blog\/engagement\/wir\/\">\u201eWir\u201c? Nein \u2013 Ich nicht<\/a>\u00a0(14.11.2023)<\/li>\n<li><a href=\"https:\/\/www.freiburg-schwarzwald.de\/blog\/business\/gesund\/corona-virus\/corona-justiz\/\">Amtsgericht Freiburg 23.10.23: Ein Bericht<\/a>\u00a0(2.11.2023)<\/li>\n<li><a href=\"https:\/\/www.freiburg-schwarzwald.de\/blog\/corona-welten-von-bodo-kaiser\/\">Corona-Welten von Bodo Kaiser<\/a>\u00a0(24.9.2023)<\/li>\n<li><a href=\"https:\/\/www.freiburg-schwarzwald.de\/blog\/business\/gesund\/corona-virus\/corona-kirchen\/\">Philine Conrad: \u201eKirche und Kultur nach Corona\u201c \u2013 Er\u00f6ffnungspl\u00e4doyer<\/a>\u00a0(18.7.2023)<\/li>\n<li><a href=\"https:\/\/www.freiburg-schwarzwald.de\/blog\/engagement\/zukunft\/demokratie\/denunziation\/ausgrenzung\/\">Dr. P\u00fcrner: Ausgrenzung \u2013 eine grenzwertige Erfahrung<\/a>\u00a0(30.3.2023)<\/li>\n<li><a href=\"https:\/\/www.freiburg-schwarzwald.de\/blog\/business\/gesund\/corona-virus\/corona-regiment\/\">Dr. Gunter Frank: Das Staatsverbrechen<\/a>\u00a0(24.3.2023)<\/li>\n<li><a href=\"https:\/\/www.freiburg-schwarzwald.de\/blog\/corona-nachbetrachtung-20-23\/\">Corona-Nachbetrachtung 20-23<\/a>\u00a0(20.3.2023)<\/li>\n<li><a href=\"https:\/\/www.freiburg-schwarzwald.de\/blog\/business\/gesund\/corona-virus\/corona-aufarbeitung\/\">Corona-Pandemie-Aufarbeitung von unten: Peter Ganz<\/a>\u00a0(22.2.2022)<\/li>\n<li><a href=\"https:\/\/www.freiburg-schwarzwald.de\/blog\/covidnovelle-nichts-vergessen\/\">Covidnovelle \u2013 nichts vergessen<\/a>\u00a0(5.1.2023)<\/li>\n<li><a href=\"https:\/\/www.freiburg-schwarzwald.de\/blog\/business\/gesund\/corona-virus\/weihnachten-corona\/\">F\u00fcrchtet Euch nicht! Ein Wort zur Weihnacht<\/a>\u00a0(27.12.2022)<\/li>\n<li><a href=\"https:\/\/www.freiburg-schwarzwald.de\/blog\/business\/gesund\/corona-virus\/corona-aufarbeitung\/\">Julia Neigel: Ich werde nicht aufh\u00f6ren, die Aufarbeitung dieser Tyrannei voranzutreiben<\/a>\u00a0(20.12.2022)<\/li>\n<li><a href=\"https:\/\/www.freiburg-schwarzwald.de\/blog\/business\/gesund\/corona-virus\/corona-rechenschaft\/\">Wolfgang Kubicki: Warum eine Aufarbeitung der Corona-Jahre dringend n\u00f6tig ist<\/a> (10.12.2022)<\/li>\n<li><a href=\"https:\/\/www.freiburg-schwarzwald.de\/blog\/ioannidis-rettet-die-demokratie\/\">Ioannidis: Rettet die Demokratie!<\/a>\u00a0(9.1.2022)<\/li>\n<li><a href=\"https:\/\/www.freiburg-schwarzwald.de\/blog\/corona-ade-endlich-versoehnung\/\">Corona ade, endlich Vers\u00f6hnung<\/a> (7.12.2022)<\/li>\n<li><a href=\"https:\/\/www.freiburg-schwarzwald.de\/blog\/global\/kanada\/\">Neue Premierministerin von Alberta: Wir sind Menschen, keine QR-Codes<\/a> (26.11.2022)<\/li>\n<li><a href=\"https:\/\/www.freiburg-schwarzwald.de\/blog\/2-jahre-skeptiker-als-unmensch\/\">2 Jahre Skeptiker als Unmensch<\/a>\u00a0(19.11.2022)<\/li>\n<li><a href=\"https:\/\/www.freiburg-schwarzwald.de\/blog\/business\/gesund\/corona-virus\/corona-rechenschaft\/\">Kl\u00f6ckner\/Wernicke: Das Corona-Unrecht und seine T\u00e4ter<\/a> (7.11.2022)<\/li>\n<li><a href=\"https:\/\/www.freiburg-schwarzwald.de\/blog\/kanada-corona-entschuldigung\/\">Kanada Corona Entschuldigung<\/a>\u00a0(30.10.2022)<\/li>\n<li><a href=\"https:\/\/www.freiburg-schwarzwald.de\/blog\/pfizer-luege-zu-corona-impfung\/\">Pfizer-L\u00fcge zu Corona-Impfung<\/a>\u00a0(13.10.2022)<\/li>\n<li><a href=\"https:\/\/www.freiburg-schwarzwald.de\/blog\/business\/gesund\/arzt\/kuelken\/\">Dr. K\u00fclken: Die Hygiene als soziales Problem<\/a>\u00a0(11.10.2022)<\/li>\n<li><a href=\"https:\/\/www.freiburg-schwarzwald.de\/blog\/business\/gesund\/corona-virus\/corona-gastro\/\">Gastronomie und Tourismus: Verl\u00e4ssliche Tr\u00e4ger der Pandemie<\/a>\u00a0(30.9.2022)<\/li>\n<li>Deutschland vor dem dritten Corona-Herbst: Die illiberale Mehrheit sollte um Entschuldigung bitten (3.8.2022)<\/li>\n<li><a href=\"https:\/\/www.freiburg-schwarzwald.de\/blog\/business\/gesund\/corona-virus\/corona-rechenschaft\/\">Corona-Evaluierung: Verschw\u00f6rungstheorien bewahrheitet \u2013Kritiker\u00a0 rehabilitiert<\/a>\u00a0(14.7.20229<\/li>\n<li><a href=\"https:\/\/www.freiburg-schwarzwald.de\/blog\/ichhabemitgemacht-2020-2022\/\">IchHabeMitgemacht2020-2022<\/a>\u00a0(11.4.2022)<\/li>\n<li><a href=\"https:\/\/www.freiburg-schwarzwald.de\/blog\/business\/gesund\/corona-virus\/corona-rechenschaft\/\">Peter Hahne: Politiker zur Rechenschaft ziehen<\/a> (25.2.2022)<\/li>\n<li><a href=\"https:\/\/www.freiburg-schwarzwald.de\/blog\/fuenf-lehren-nach-corona-ende\/\">F\u00fcnf Lehren nach Corona-Ende<\/a>\u00a0(3.2.2022)<\/li>\n<li><a href=\"https:\/\/www.freiburg-schwarzwald.de\/blog\/business\/gesund\/who\/\">Bill Gates \u2013 Corona \u2013 Medien \u2013 WHO Interessenkonflikt<\/a>\u00a0(26.1.2022)<\/li>\n<li><a href=\"https:\/\/www.freiburg-schwarzwald.de\/blog\/der-zusammenhalt-in-d-sinkt\/\">Der Zusammenhalt in D sinkt<\/a>\u00a0(21.1.2022)<\/li>\n<li><a href=\"https:\/\/www.freiburg-schwarzwald.de\/blog\/kultur\/medien\/journalismus\/ruthenberg-medien\/\">3. Videobotschaft \u201eFramen wir uns positiv\u201c von Martin Ruthenberg<\/a>\u00a0(16.1.2022)<\/li>\n<li>Corona-Apokalypse: Uns stehen Tage heftiger Gewalt bevor (14.1.2022)<\/li>\n<li><a href=\"https:\/\/www.freiburg-schwarzwald.de\/blog\/kinder-gehoeren-in-die-schule\/\">Kinder geh\u00f6ren in die Schule<\/a>\u00a0(11.1.2022)<\/li>\n<li><a href=\"https:\/\/www.freiburg-schwarzwald.de\/blog\/business\/gesund\/corona-virus\/weihnachten-corona\/\">Indubio 191 mit Peter Hahne: \u201eDie Heidenangst der Christen\u201c<\/a>\u00a0(26.12.2021)<\/li>\n<li><a href=\"https:\/\/www.freiburg-schwarzwald.de\/blog\/business\/markt\/weihnachtsmarkt\/\">Ungeimpfte: Wir werden euch viel zu vergeben haben<\/a>\u00a0 (25.11.2021)<\/li>\n<li>Chefarzt Dr. Sarnes: Video &#8222;Denkt endlich selbst nach&#8220; (24.11.2021)<\/li>\n<li><a href=\"https:\/\/www.freiburg-schwarzwald.de\/blog\/das-leben-nach-corona-wie\/\">Das Leben nach Corona \u2013 wie?<\/a>\u00a0(18.11.2021)<\/li>\n<li><a href=\"https:\/\/www.freiburg-schwarzwald.de\/blog\/geimpfte-gleich-ungeimpfte\/\">Geimpfte gleich Ungeimpfte!<\/a>\u00a0(13.11.2021)<\/li>\n<li><a href=\"https:\/\/www.freiburg-schwarzwald.de\/blog\/eine-trompete-in-der-kajo\/\">Eine Trompete in der KaJo<\/a>\u00a0(18.9.2021)<\/li>\n<li><a href=\"https:\/\/www.freiburg-schwarzwald.de\/blog\/ioannidis-wissenschaft-cudos\/\">Ioannidis: Wsenschaft-CUDOS<\/a>\u00a0(15.9.2021)<\/li>\n<li><a href=\"https:\/\/www.freiburg-schwarzwald.de\/blog\/pandemie-in-den-rohdaten\/\">Pandemie in den Rohdaten<\/a>\u00a0(2.9.2021)<\/li>\n<li><a href=\"https:\/\/www.freiburg-schwarzwald.de\/blog\/gleichheit-herz-statt-spaltung\/\">Gleichheit + Herz statt Spaltung<\/a>\u00a0(26.8.2021)<\/li>\n<li><a href=\"https:\/\/www.freiburg-schwarzwald.de\/blog\/versoehnung-nach-corona-jetzt\/\">Vers\u00f6hnung nach Corona: Jetzt!<\/a> (11.8.2021)<\/li>\n<li><a href=\"https:\/\/www.freiburg-schwarzwald.de\/blog\/business\/gesund\/corona-virus\/corona-geschichte\/\">Gesund gilt als \u201esymptomlos infiziert\u201c<\/a>\u00a0(11.8.2021)<\/li>\n<li><a href=\"https:\/\/www.freiburg-schwarzwald.de\/blog\/wissen-ist-eine-holschuld\/\">Wissen ist eine Holschuld<\/a>\u00a0(5.8.2021)<\/li>\n<li>In Spaltung geeint &#8211; unvers\u00f6hnliche Gesellschaft (5.8.2021)<\/li>\n<li>Berlin, 1.8.2021: Ein Bild der Schande (4.8.2021)<\/li>\n<li>Sommer der Freiheit \u2013 Verboten! (4.8.2021)<\/li>\n<li>Wie ein B\u00fcrger von Th\u00fcringen die Anti-Corona-Demos in Berlin erlebt hat (4.8.2021)<\/li>\n<li><a href=\"https:\/\/www.freiburg-schwarzwald.de\/blog\/corona-versoehnung-statt-angst\/\">Corona. Vers\u00f6hnung statt Angst<\/a>\u00a0 (31.7.2021)<\/li>\n<li><a href=\"https:\/\/www.freiburg-schwarzwald.de\/blog\/corona-prof-ioannidis-hat-recht\/\">Corona: Prof Ioannidis hat Recht<\/a>\u00a0 (7.7.2021)<\/li>\n<li><\/li>\n<li><a href=\"https:\/\/www.freiburg-schwarzwald.de\/blog\/business\/gesund\/corona-virus\/corona-aufarbeitung\/\">Corona-Aufarbeitung<\/a><\/li>\n<li><a href=\"https:\/\/www.freiburg-schwarzwald.de\/blog\/business\/gesund\/corona-virus\/corona-gastro\/\">Corona-Gastro<\/a><\/li>\n<li><a href=\"https:\/\/www.freiburg-schwarzwald.de\/blog\/business\/gesund\/corona-virus\/corona-kirchen\/\">Corona-Kirchen<\/a><\/li>\n<li><a href=\"https:\/\/www.freiburg-schwarzwald.de\/blog\/business\/gesund\/corona-virus\/corona-rechenschaft\/\">Corona-Rechenschaft<\/a><\/li>\n<li><a href=\"https:\/\/www.freiburg-schwarzwald.de\/blog\/business\/gesund\/corona-virus\/corona-wissenschaft\/\">Corona-Wissenschaft<\/a><\/li>\n<li><a href=\"https:\/\/www.freiburg-schwarzwald.de\/blog\/kultur\/medien\/journalismus\/ruthenberg-medien\/\">Ruthenberg-Medien<\/a><\/li>\n<li><a href=\"https:\/\/www.freiburg-schwarzwald.de\/blog\/engagement\/wir\/\">wir<\/a><\/li>\n<\/ul>\n<h3><strong>Corona hat die Gesellschaft gespalten:<br \/>\nVers\u00f6hnung als zentrale Aufgabe<\/strong><\/h3>\n<p>=============================================<\/p>\n<p><strong>Deutschland vor dem dritten Corona-Herbst: Die illiberale Mehrheit sollte um Entschuldigung bitten<\/strong><br \/>\nBundeskanzler Olaf Scholz lag nicht nur ein bisschen, sondern komplett daneben, als er im vergangenen Winter versuchte, eine Spaltung der Gesellschaft zu negieren. Wahr ist: Die deutsche Pandemiepolitik hat die Gesellschaft gespalten. Die Gr\u00e4ben, die sich durch die Corona-Massnahmen auftaten, ziehen sich bis heute durch das \u00f6ffentliche Leben, durch Unternehmen, mitunter durch heimische Wohnzimmer. Und daf\u00fcr sind auch Politiker verantwortlich, die den Ungeimpften und Impfskeptikern nicht einfach nur widersprachen, sondern diese als S\u00fcndenb\u00f6cke und Schuldige brandmarkten.<br \/>\nEin paar Beispiele aus dem vergangenen Herbst: Die FDP-Politikerin Marie-Agnes Strack-Zimmermann warf der ungeimpften Minderheit vor, die Mehrheit zu \u00abterrorisieren\u00bb. Ungeimpfte sollten \u00abraus aus dem gesellschaftlichen Leben\u00bb, forderte der CDU-Politiker Tobias Hans (das war vor seiner Abwahl als Ministerpr\u00e4sident des Saarlandes). Und Friedrich Merz, inzwischen Chef der Christlichdemokraten, dachte laut \u00fcber 2 G am Arbeitsplatz nach \u2013 also einen Zugang nur f\u00fcr Geimpfte und Genesene. Damit w\u00e4re auch gesunden Menschen der Zutritt zur Arbeitsstelle verwehrt worden. Eine Grenz\u00fcberschreitung in einer freiheitlichen Gesellschaft.<br \/>\nAuch Medienvertreter machten munter mit. Man sollte \u00abmit dem Finger auf sie zeigen\u00bb, schrieb der RTL-Ressortleiter Nikolaus Blome. \u00abEine Diskriminierung von Ungeimpften ist ethisch gerechtfertigt\u00bb, lautete der Titel eines Gastbeitrags bei \u00abZeit Online\u00bb. In Kommentaren \u00f6ffentlichrechtlicher Medien regnete es Anschuldigungen. Der Tenor: Deutschlands Ungeimpfte und Impfskeptiker sind schuld an den Lockdowns und der Verbreitung des Virus.<br \/>\n&#8230;<br \/>\nDiejenigen, die mitgemacht haben und es heute besser wissen, sollten es ruhig zugeben: Wir haben ausgegrenzt, und das war falsch. Der dritte Corona-Herbst ist eine Chance, die Spaltung der Gesellschaft zumindest nicht weiter zu vertiefen. Das gilt f\u00fcr beide Seiten. Es gilt aufgrund der Kr\u00e4fteverh\u00e4ltnisse aber im Besonderen f\u00fcr die Mehrheit im Land und vor allem f\u00fcr diejenigen, die sich mit Regierungs\u00e4mtern am \u00f6ffentlichen Gespr\u00e4ch beteiligen.<br \/>\n.. Alles vom 3.8.2022 von Beatrice Achterber bitte lesen auf<br \/>\n<a href=\"https:\/\/www.nzz.ch\/meinung\/corona-herbst-politik-muss-sich-bei-ungeimpften-entschuldigen-ld.1696164\">https:\/\/www.nzz.ch\/meinung\/corona-herbst-politik-muss-sich-bei-ungeimpften-entschuldigen-ld.1696164<\/a><\/p>\n<p>Kommentare:<br \/>\n<strong>Und wie kann der B\u00fcrger vor Demonstrationen abgehalten werden?\u00a0<\/strong><br \/>\nDas im kommenden Winter h\u00f6chstwahrscheinlich eine riesengro\u00dfe Wirtschaftskrise auf Deutschland zukommen wird, damit kann gerechnet werden.<br \/>\nUnd wie kann der B\u00fcrger vor Demonstrationen abgehalten werden?<br \/>\nRichtig! Man f\u00fchrt ab September ein weiteres Infektionsschutzgesetz ein. Darin steht dann, dass wegen der hohen Infektionsgefahr keine Demonstrationen im \u00f6ffentlichen Raum mehr abgehalten werden d\u00fcrfen. Es ist der Trick 17 den sich die Regierenden ausgedacht haben um Menschen vor ihrem Grundrecht des Demonstrationsrechts fern zu halten.<br \/>\nMit Hilfe der absolut willf\u00e4hrigen Medien wird dann die Bev\u00f6lkerung wieder manipuliert.<br \/>\nIch nenne es die eingeschlichene Diktatur. Die Politklasse gegen 99% der B\u00fcrger. Ein Staat im Staate.<br \/>\nNach au\u00dfen ist Deutschland verteidigungsunf\u00e4hig. Aber gegen die B\u00fcrger im eigenen Land sind sie auf alles vorbereitet. Wie feige diese sind!<br \/>\n3.8.2022, W.R.<\/p>\n<p><strong>Danke an die Autorin f\u00fcr die erfrischend eindeutige Stellungnahme<br \/>\n<\/strong>Und insbesondere Dank, da\u00df sie die verblendeten Menschen um mich herum (und sowieso diejenigen, welche sich in den Medien als Rambos gegen \u201eAntivaxxer\u201c, \u201eCoronaleugner\u201c etc. etc. br\u00fcsteten) an ihre uns\u00e4gliche Dummheit, ihre an finstere Zeiten gemahnende Lust auf Denunziation ihrer N\u00e4chsten, ihr Anschleimertum und vor allem ihre uns\u00e4gliche Feigheit erinnert. Manche haben ja nach der vierten Spritze und der dritten nachfolgenden Ansteckung mit dem Virus etwas gemerkt und sich still und leise in irgendeinen Winkel verkrochen. Manche aber t\u00f6nen auch nach der zigsten \u201eAuffrischung\u201c und nachdem sie m\u00fchsam wieder aus dem Bett gekrochen sind &#8211; noch, wie toll ihr Impfabo gewirkt hat.<\/p>\n<p>Covid 19 ist eben nicht nur ein Charakter- sondern auch ein Intelligenztest. Ich &#8211; ungespritzt und nach einem Schnupfen, den mir eine Gruppe \u201eGeimpfter\u201c im Fr\u00fchjahr verpasst hatte, quicklebendig geblieben &#8211; bin an sich kein rachs\u00fcchtiger Mensch. Aber f\u00fcr diejenigen, die mich und meine Familie zwei Jahre lang beschimpft, bedroht und ausgegrenzt haben, habe ich ein Ged\u00e4chtnis wie ein Elefant. Ich vergesse keinen: Weder den Nachbarn, der uns pl\u00f6tzlich aus dem Weg ging, noch den \u201eFreund\u201c, der uns von der Geburtstagsfete auslud. Und Politiker vom Schlage eines S\u00f6ders, Lauterbach und Kretzschmann oder Medienlieblinge wie Udo Lindenberg oder G\u00fcnther Jauch, die am liebsten einen Zaun um uns \u201eAssoziale\u201c errichtet h\u00e4tten, schon gar nicht.<br \/>\n3.8.2022, R.M.<\/p>\n<p>W\u00e4hrend weltweit alle L\u00e4nder, ausser China, s\u00e4mtliche Massnahmen aufheben, plant Deutschland schon wieder mit Einschr\u00e4nkungen, Bevormundung und Verboten.<br \/>\nDa fragen sich viele, wovor diese Regierung wirklich Angst hat? Die Krankheit kann es nicht sein, da es f\u00fcr irgendwelche erneute Auflagen keinerlei evidenzbasierte Fakten gibt.<br \/>\nSomit ist die endg\u00fcltige Aufhebung aller Massnahmen die bessere Wahl. Alles andere kann man den Menschen in einem freiheitlichen Rechtsstaat nicht mehr zu vermitteln.<br \/>\n3.8.20222, U.H.<\/p>\n<p><strong>Sp\u00e4testens seit Corona ist D f\u00fcr mich ein &#8222;failed state&#8220;<\/strong><br \/>\nin Bezug auf Demokratie. Legislative haben ihre Macht missbraucht &#8211; die Judikative hat sich in Form des BVerfG verkauft. Die noch halbwegs normale Verwaltungsgerichtsbarkeit wurde umstrukturiert, wenn die Beschl\u00fcsse nicht regierungsgerecht waren. Unfassbare Vorg\u00e4nge, die mich bewogen haben, dem Land alsbald den R\u00fccken zu kehren.<br \/>\nDie weiteren Entwicklungen (Migrationspolitik, Ideologisierung der Sprache, Selbstbestimmungsgesetz, Energiepolitik &#8211; um nur einige zu nennen) erschweren mir meine Entscheidung nicht.<br \/>\nWer meint, anderswo sei es auch nicht besser: fr\u00fcher dachte ich auch so. Und ich dachte fr\u00fcher, dass man in D sehr gro\u00dfe Freiheiten (B\u00fcrgerrechte) genie\u00dft. Das sehe ich heute anders.<br \/>\n3.8.2022, C.SCh.<\/p>\n<p><strong>Menschen, die Beleidigungen erfahren haben, eine Stimme geben.<\/strong><br \/>\nVielen Lieben Dank Frau Achterberg f\u00fcr diesen hervorragenden Artikel und Danke NZZ, dass Sie den Mut haben, diesen Artikel in Deutschland herauszugeben. Das Schlimme daran ist, dass ich schreibe &#8222;&#8230;den Mut haben&#8230;&#8220;. Die Umsetzung des Pandemieplan\u00b4 s vom RKI hat Menschen eine mediale Plattform erm\u00f6glicht, die es unter normalem Umst\u00e4nden niemals gegeben h\u00e4tte. Diese Beleidigungen und Ausgrenzungen von Minderheiten hat es in der deutschen Geschichte schon oft gegeben. Derjenige, der von sich behauptet, er habe aus der Vergangenheit gelernt l\u00fcgt, denn derjenige war h\u00f6chstwahrscheinlich nicht dabei. Diejenigen, die den zweiten Weltkrieg noch erlebt haben und wissen, wie so etwas anf\u00e4ngt, waren und sind schockiert, was heute stattfindet.<br \/>\nIch hoffe, dass dieser Artikel eine &#8222;Zeitenwende&#8220; (Zitat O.S.) ist und mehr Redaktionen sich durch diesen Artikel ermutigt f\u00fchlen, den Menschen, die Beleidigungen und Ausgrenzungen erfahren haben, eine Stimme zu geben.<br \/>\n3.8.2022, M.W.<\/p>\n<p><strong>&#8230; der Ausgrenzung entkommen durch Wegfahren<\/strong><br \/>\nWissende ungeimpfte Erwachsene wie ich konnten der Ausgrenzung entkommen durch Wegfahren aus diesem Land. Im vergangenen Oktober\/November sp\u00fcrte ich bei meiner Ankunft in Spanien am K\u00f6rper, wie sich die deutschen Emigranten in den 30iger Jahren bei Ankunft im Ausland gef\u00fchlt haben m\u00fcssen. Ein Verbrechen ist aber an unseren Enkelkindern begangen worden. Meine siebenj\u00e4hrige Enkelin sagte heute Morgen zu mir: \u201eOma, wenn das mein ganzes Leben mit Corona so weitergeht, m\u00f6chte ich lieber gleich tot sein.\u201c Wo sind die Antworten der Politiker darauf?<br \/>\n3.8.2022, G.D.<\/p>\n<p>Das Corona hat klar aufgezeigt wie sehr Politik aber auch die Medien in Deutschland versagt haben. Man hat nicht objektiv berichtet und aufgekl\u00e4rt sondern politische Spielchen gespielt sowie versucht Meinungsbildung zu manipulieren. Dadurch wurden die Menschen in Deutschland immer mehr verunsichert und radikalisiert.<br \/>\nDas Gleiche erleben wir &#8222;leider&#8220; gerade (Ukraine) wieder, man will Meinungsbildung lenken und nicht objektiv und ehrlich aufkl\u00e4ren.<br \/>\n3.8.2022, K.K.<\/p>\n<p><strong>Ja, so war das. Die Pandemie war ein Test:<\/strong><br \/>\nEine f\u00fcr alle Staaten mehr oder weniger gleiche Belastung f\u00fchrt zu jeweils unterschiedlichen Ma\u00dfnahmen. Man kann an diesen erkennen, wie ein Land &#8222;tickt&#8220;. Ich finde es besonders verr\u00e4terisch, da\u00df in Deutschland bis heute keine Kriterien von der Regierung definiert worden sind, an denen man ablesen kann, dass die Pandemie zu Ende ist. Und alle Bedingungen, die man bisher f\u00fcr das Ende der Ma\u00dfnahmen nannte ( z.B. wenn jeder ein Impfangebot hatte ) wurden, als es so weit war, einfach ignoriert. Und &#8222;Impfangebot&#8220; ist ein Euphemismus par excellence, wenn man sich ansieht, was mit denen gemacht wurde, die das &#8222;Angebot&#8220; (&lt;- mit Mafiosi-Stimme auszusprechen) abgelehnt haben.<br \/>\n3.8.2022, T.B.<\/p>\n<p><strong>&#8230; der ausge\u00fcbte Druck auf Andersdenkende<\/strong><br \/>\nDer Artikel beschreibt sehr gut die durchlebten Coronaereignisse und zeigt res\u00fcmierend aber auch wie insbesondere wir Deutschen veranlagt sind. Vergleiche zu faschistischen Regierungsformen sind sehr wohl erlaubt, weil der ausge\u00fcbte Druck auf Andersdenkende genau der gleiche ist, lediglich die Konsequenzen f\u00fcr den \u00fcberf\u00fchrten Impfzwanggegner sind gewiss ertr\u00e4glicher. Der Gewaltenteilung sei Dank. Wenngleich sich seit Corona auch da konformistische Z\u00fcge erkennen lassen.<br \/>\nDas Demolieren von etwas Materiellem wird \u00fcberbewertet im Vergleich zu der w\u00e4hrend der Coronajahre -durch eine Politik f\u00fcr nur eine H\u00e4lfte der Gesellschaft- ausge\u00fcbten mentalen Gewalt auf die andere H\u00e4lfte der Gesellschaft. Mentale Gewalt wirkt unmittelbar auf den Menschen ein mit u. U. fatalen Folgen. Basis f\u00fcr die erlaubte Gewaltaus\u00fcbung waren Unwissenheit, Wissenschaftsopportunismus. Ignoranz bis hin zu L\u00fcgen. Keine gute Basis um B\u00fcrger mitzunehmen.<br \/>\nDas Gute aber ist: Wir beginnen nach 2 Jahren mal dar\u00fcber zu reden.<br \/>\nKonsequenzen daraus: Bisher 0.<br \/>\n3.8.2022, H.G.<\/p>\n<p><strong>Auswanderung &#8230;<\/strong><br \/>\nEine Entschuldigung als adequate Wiedergutmachung f\u00fcr jahrelange soziale Zwangsisolation (unter die Definition von wei\u00dfer Folter fallend) zu betrachten halte ich bestenfalls f\u00fcr makaber.<br \/>\nEin kleiner Einblick in die Folgen findet sich hier in der NZZ:<br \/>\n&#8222;Wir stellen am Kinderspital Z\u00fcrich einen starken Anstieg von Selbstmordversuchen bei Kindern und Jugendlichen fest. Letztes Jahr kamen 49 Kinder nach Suizidversuchen auf unsere Notfallstation, im Vorjahr waren es 22. Die Tendenz im ersten Quartal 2021 war weiterhin steigend. Wir verzeichnen dieses Jahr bereits wieder 21 F\u00e4lle, also etwa gleich viel wie im ganzen 2019.&#8220;<br \/>\nObwohl dies l\u00e4ngst nicht alles ist (psychosomatische Folgen) ist die Schweiz doch noch besser dran als Deutschland.<br \/>\nWem es als selbstbestimmtes Individuum nicht ansteht, wie hier von der Autorin vorgeschlagen unterw\u00fcrfig nach einer Entschuldigung zu hecheln, der wird von selbst einsehen in diesem Land keine Zukunft zu haben.<br \/>\nNachdem ich das Land vor einigen Monaten dauerhaft verlassen habe, ist meine einzige Reue diesen Schritt nicht schon fr\u00fcher vollzogen zu haben.<br \/>\n3.8.2022, T.M.<\/p>\n<p><strong>Wir haben ausgegrenzt, und das war falsch<\/strong><br \/>\nDer dritte Corona-Herbst ist eine Chance, die Spaltung der Gesellschaft zumindest nicht weiter zu vertiefen.<br \/>\nich war einer der Ausgegrenzten. selbst ich halte diesen Appell f\u00fcr naiv. da gibt es zu viele \u00fcbergeordnete Interessen, die da mitspielen. die Gier der Pharma, die Machtsicherung der Regierenden, \u00e4ngstliche Mitl\u00e4ufer\u2026<br \/>\nIm herbst beginnt die ganz schei\u2026e von neuem. wetten?<br \/>\n3.8.2022, B.S.<\/p>\n<p><strong>Das Soziale auf Dauer deformiert<\/strong><br \/>\nIch schaue nun heute auf die Tr\u00fcmmerhaufen meines Bekannten- und Freundeskreises. Es ist irreparabel besch\u00e4digt. Das Soziale auf Dauer deformiert. Dank der fragw\u00fcrdig gef\u00fchrten Diskussionen in Medien, \u00c4ngsten erkrankt zu werden, Verhaltenskodex Einschr\u00e4nkungen, und viel Info M\u00fchl in Allgemeinen. Die gesellschaftliche Spaltung dadurch ist vollzogen.<br \/>\n3.8.2022, E.G.<\/p>\n<p><strong>Ron DeSantis, Gouverneur von Florida<\/strong><br \/>\nhat im September 2020 in seinem Staat die Corona-Massnahmen weitgehend aufgehoben. Er hat sich f\u00fcr die Fehler bei seiner Bev\u00f6lkerung entschuldigt. Florida&#8217;s Bev\u00f6lkerung hat die Zeit der Pandemie gesundheitlich so gut \u00fcberstanden wie alle anderen Staaten in der USA mit strengeren Regeln, obwohl Florida als &#8222;Altersheim der USA&#8220; bezeichnet wird.<br \/>\nEs braucht ganz einfach Gr\u00f6sse und Verstand, einen Fehler zu sehen, einzugestehen und sich daf\u00fcr zu entschuldigen. Damit haben die Zust\u00e4ndigen hierzulande, wie auch weit um uns herum die gr\u00f6ssten Schwierigkeiten. Genau das ist n\u00e4mlich der Punkt!<br \/>\n3.8.2022, U.K.<br \/>\nEnde Kommentare<\/p>\n<p>&nbsp;<\/p>\n<p>.<\/p>\n<p>&nbsp;<\/p>\n<p><strong>Corona-Apokalypse: Uns stehen Tage heftiger Gewalt bevor<\/strong><br \/>\n<em>Der folgende Text unterscheidet sich von den anderen Artikeln dieses Blogs sehr deutlich, daher sei mir eine kurze Vorbemerkung gestattet: Im ersten christlichen Jahrhundert hat der Apostel und Evangelist Johannes auf der Insel Patmos, auf der er als Gefangener inhaftiert war, das vielleicht r\u00e4tselhafteste Buch der Bibel geschrieben: Die \u201eOffenbarung\u201c oder \u201eApokalypse\u201c. Im 6. Kapitel des letzten Buches der Bibel ist von vier apokalyptischen Reitern die Rede. Sie sind Zeichen f\u00fcr das Nahen des letzten Tages, der Apokalypse und des \u201eJ\u00fcngsten Gerichts\u201c.<\/em><br \/>\n<em>In schweren Krisenzeiten haben Gelehrte diese vier Reiter immer wieder auf die jeweils aktuellen Ereignisse hin gedeutet. Das tut auch unser Gastautor. Er tut dies aus der Perspektive des Gl\u00e4ubigen, jedoch so, dass sich auch Anders- und Nichtgl\u00e4ubige auf das spannende Gedankenexperiment einlassen k\u00f6nnen.<\/em><br \/>\n<em>Zumal vor dem Hintergrund, dass die ganze Corona-Hysterie inzwischen zu einer Art Ersatzreligion geworden ist, auf die \u2013 so will es mir scheinen \u2013 Atheisten (zumal die praktischen) besonders schnell hereingefallen sind: Glaube, dem die T\u00fcr verwehrt, kommt als Aberglaub\u2018 durchs Fenster \u2013 Wo die G\u00f6tter ihr verjagt, kommen die Gespenster.<\/em><br \/>\n*<\/p>\n<p>Was seit M\u00e4rz 2020 unter der Bezeichnung \u201eCorona\u201c \u00fcber die Welt kam, ist bis heute schwer zu begreifen. Wer sich durch Berge alternativer Informationen w\u00fchlt erkennt zumindest, dass das St\u00fcck auf der B\u00fchne dem P\u00f6bel gilt, w\u00e4hrend die Souffleure im Theatergraben den totalen Umbau der Welt dirigieren. Doch des Pudels Kern ist bekanntlich nicht das Geld, sondern Gretchens Frage nach der letzten Realit\u00e4t.<\/p>\n<p>Dieser Artikel geht von folgenden Pr\u00e4missen aus:<br \/>\n1. alle Analysen sind nur Wahrscheinlichkeiten; sie k\u00f6nnen uns nichts Endg\u00fcltiges mitteilen<br \/>\n2. allein die Bibel hat unver\u00e4nderbare Gewissheiten; sie ist kein M\u00e4rchenbuch und hochaktuell<br \/>\n3. sie enth\u00e4lt eine konkrete, verschl\u00fcsselte Beschreibung der gegenw\u00e4rtigen Ereignisse.<\/p>\n<p>Die Welt gewaltsam und durch Manipulation unterwerfen<br \/>\nBeginnen wir mit \u201eCorona\u201c. Das gesamte Ph\u00e4nomen \u201eCorona\u201c mit all seinen weltweiten Begleiterscheinungen ist etwas in dieser Art noch nie Dagewesenes. Hinter den Aussagen, dass \u201eeine R\u00fcckkehr zur alten Normalit\u00e4t unm\u00f6glich\u201c sei, steht eine Macht mit Jetzt-oder-nie-Anspruch, die sich die Welt gewaltsam und durch Manipulation unterwerfen will.<br \/>\nDiese Macht zeigt sich etwa im permanenten Gebrauch des Pronomens \u201ewir\u201c, welches alle im Munde f\u00fchren, die eine Position \u00fcber dem einfachen B\u00fcrger ergattert haben. Wer im Wir-Modus spricht, gibt zu erkennen, dass er einer bestimmten Gruppe angeh\u00f6rt. F\u00fcr diese Gruppe kann Schwarmintelligenz ausgeschlossen werden, denn zu viele offensichtlich Dumme \u00e4u\u00dfern sich im Wir-Modus. Demzufolge ist dieses \u201eWir\u201c ausf\u00fchrendes Organ einer das \u201eWir\u201c steuernden Macht. Worum aber handelt es sich dabei? Ist es der digital-finanzielle Komplex? China? Einzelpersonen?<br \/>\n&#8230; Alles vom 14.1.2022 von David Berger bitte lesen auf<br \/>\n<a href=\"https:\/\/philosophia-perennis.com\/2022\/01\/14\/corona-apokalypse-uns-stehen-tage-heftiger-gewalt-bevor\/\">https:\/\/philosophia-perennis.com\/2022\/01\/14\/corona-apokalypse-uns-stehen-tage-heftiger-gewalt-bevor\/<\/a><\/p>\n<p>&nbsp;<\/p>\n<p>&nbsp;<\/p>\n<p><strong>Chefarzt Dr. Sarnes: Video &#8222;Denkt endlich selbst nach&#8220;<\/strong><br \/>\nDr. med. Thomas Sarnes, ehem. Chefarzt der Oberhavel Kliniken, geb. 1954, pl\u00e4diert in einem eindr\u00fccklichen Video zu &#8222;Denkt endlich selbst nach!&#8220;.<\/p>\n<p><a href=\"https:\/\/www.youtube.com\/watch?v=zVi0DrDUP0A\">https:\/\/www.youtube.com\/watch?v=zVi0DrDUP0A<\/a><br \/>\nEinige Stichworte:<br \/>\nWHO-Chef r\u00e4t vom Boostern ab.<br \/>\nMinister Spahn hat f\u00fcr 2022 bereits 204 Mio Impfdosen geordert (jeder D 3 mal). Wozu?<br \/>\nWarum wird nicht bei Intensiv- wie Normalstationen ein kleines (x) f\u00fcr &#8222;geimpft\/ungeimpft&#8220; erfa\u00dft? Wozu dieses vors\u00e4tzliche Vertuschen von Tatsachen?<br \/>\nDie Impfung verspricht einen milderen Verlauf. Wo sind die Daten? Es gibt sie nicht.<br \/>\nNur Menschen mit Symptomen sind Kranke und nur Kranke sind ansteckend.<br \/>\nZu 3G: &#8222;Ungeimpfte kommen als negativ Getestete zu Geimpften und Genesenen und werden von diesen angesteckt&#8220; &#8211; denkt endlich selbst nach!<br \/>\n&#8222;Ungeimpften ist nur der Zugang zum Arbeitsplatz, zum Lebensmittelgesch\u00e4ft und zur Apotheke zu gestatten&#8220; &#8211; mit dieser Aussage hat Dr. Karl Lauterbach seine Berechtigung als Arzt verloren.<br \/>\n&#8222;Wie konnte so etwas ab 1933 passieren?&#8220; &#8211; Mein Vater (geb. 1922, gest 1996) wollte mir dies erkl\u00e4ren, ich habe es nie zugelassen. Heute mu\u00df ich sagen: &#8222;Vater, vergib mir, du hattest recht&#8220;.<br \/>\n&#8222;Da\u00df es jedes Jahr im Fr\u00fchjahr und im Herbst Corona-Wellen gibt, h\u00e4tte ich ihnen schon 1980 sagen k\u00f6nnen. Das ist medizinisches Fachwissen. Heute haben wir einen organisierten und kollektiven Wissensverlust.<br \/>\n&#8222;W\u00fcrde man aufh\u00f6ren zu testen, dann w\u00fcrde kein Mensch irgendeine Dramatik erleben, die schlimmer ist als jedes Jahr. Wachen sie endlich auf. Sie selbst sind der Grund, warum die vermeintliche Pandemie nie aufh\u00f6rt.&#8220;<br \/>\nDie Hoffnung auf die Anderen, das ist das Problem.<br \/>\nRechtsanw\u00e4lte klagen nicht, sie vertreten nur. Klagen m\u00fcssen sie selber.<br \/>\nEine Indianerweisheit: &#8222;Wenn du merkst, da\u00df du auf einem toten Pferd reitest, dann steige ab.&#8220; Mein Zusatz: Es ist weder ein Virologe, ein Talkmaster oder ein Dr. Lauterbach, der entscheidet, ob ein Pferd tot ist. Das sp\u00fcren sie schon selber.<br \/>\n24.11.2021<\/p>\n<p><a href=\"https:\/\/www.youtube.com\/watch?v=zVi0DrDUP0A\">https:\/\/www.youtube.com\/watch?v=zVi0DrDUP0A<\/a><br \/>\n<a href=\"https:\/\/www.youtube.com\/watch?v=6CUGBE4yCmI\">https:\/\/www.youtube.com\/watch?v=6CUGBE4yCmI<\/a><br \/>\n<a href=\"https:\/\/youtu.be\/1KwjiujTmEI\">https:\/\/youtu.be\/1KwjiujTmEI<\/a><\/p>\n<p><a href=\"https:\/\/www.youtube.com\/watch?v=5Du8tHq38Y8\">https:\/\/www.youtube.com\/watch?v=5Du8tHq38Y8<\/a><br \/>\nDr. med. Thomas Sarnes, ehem. Chefarzt der Oberhavel Kliniken: &#8222;Vater, vergib mir. Du hattest recht.&#8220;<\/p>\n<p>.<\/p>\n<p>.<\/p>\n<p>&nbsp;<\/p>\n<p><strong>In Spaltung geeint &#8211; unvers\u00f6hnliche Gesellschaft<\/strong><br \/>\n<em>Einander unvers\u00f6hnlich gegen\u00fcberstehende Teile der Gesellschaft werfen sich gegenseitig vor, faschistisch zu sein, und verharmlosen damit den echten Faschismus.<\/em><br \/>\n&#8230;<br \/>\nJeder ist des anderen <a href=\"https:\/\/www.freiburg-schwarzwald.de\/blog\/engagement\/zukunft\/demokratie\/faschismus\/\">Faschist<\/a>. Jedenfalls scheint es so, wenn man aktuellen, oft aggressiv gef\u00fchrten Auseinandersetzungen \u00fcber Corona lauscht. Der Begriff des Faschismus wird damit sinnentleert und letztlich unbrauchbar gemacht. Die wechselseitigen Diffamierungen und Abgrenzungsorgien f\u00f6rdern schwerwiegende analytische Fehler zutage, die die Definitionen von Begriffen wie \u201eDemokratie\u201c ,\u201eDiktatur\u201c oder \u201eFaschismus\u201c ab absurdum f\u00fchren. Beobachten l\u00e4sst sich dies bei Bewegungen und Parteien auf beiden Seiten des gesellschaftlichen Corona-Grabens.<\/p>\n<p>Mit einer Erkl\u00e4rung vom Fr\u00fchling 2021 \u201eFreiheit geht nur solidarisch. #unteilbar statt vereinzelt\u201c wenden sich zahlreiche Organisationen und Einzelpersonen, die sich als links verstehen gegen \u201eQuerdenken\u201c und andere \u201ePandemieleugnerIinnen\u201c (1)<br \/>\n<a href=\"https:\/\/www.unteilbar.org\/unteilbar-statement-zu-querdenken-freiheit-geht-nur-solidarisch\/\">https:\/\/www.unteilbar.org\/unteilbar-statement-zu-querdenken-freiheit-geht-nur-solidarisch\/<\/a><br \/>\nSie erkl\u00e4ren, ein \u201eStatement der solidarischen Gesellschaft\u201c abzugeben. Wer die Pandemie leugne, stelle sich au\u00dferhalb der \u201edemokratischen Debatte\u201c und wolle eine Gesellschaft, die Demokratie durch das Recht der St\u00e4rkeren ersetze und in der Egoismus und R\u00fccksichtslosigkeit anstelle des gesellschaftlichen Zusammenhalts tr\u00e4ten. In dieser Gesellschaft werde die Zusammenarbeit mit Faschisten zur Normalit\u00e4t. Die Wahrheit werde ersetzt durch antisemitisch konnotierte Verschw\u00f6rungsmythen.<\/p>\n<p>Die Erkl\u00e4rung teilt die jetzige Gesellschaft in zwei unvers\u00f6hnlich sich entgegenstehende Lager. Auf der einen Seite die Guten. Sie erkennen die eminente Gef\u00e4hrlichkeit der gesundheitlichen Bedrohung und halten dagegen solidarisch zusammen. Auf diesem Boden des solidarischen Zusammenhalts ist auch etwas Kritik an einzelnen Ma\u00dfnahmen von Regierung und Staat erlaubt.<\/p>\n<p>Die anderen sind die B\u00f6sen. Sie leugnen angeblich die Pandemie. Deren Kritik ist grunds\u00e4tzlich unerlaubt, weil unwissenschaftlich, antidemokratisch, faschistisch und antisemitisch, wobei besonders das Letzte den Begriff \u201eLeugner\u201c assoziativ in die N\u00e4he des Holocaust stellt und damit emotional zutiefst diskreditiert.<\/p>\n<p>Diese polarisierende Erkl\u00e4rung wurde unter anderem von der Partei Die Linke, von Attac mit vielen Verb\u00e4nden, der DKP mit Untergliederungen, Gliederungen der SPD, des DGB und anderer Gewerkschaften wie den Hauptvorst\u00e4nden von Ver.di und GEW unterschrieben. Dazu kommen die Naturfreunde, DIDF, die Humanistische Union, die Interventionistische Linke, das Komitee f\u00fcr Grundrechte und Demokratie, Medico International, Pro Asyl, Seebr\u00fccke sowie viele Lokalorganisationen, Antifagruppen und eine lange Liste von nahezu 700 Einzelpersonen.<br \/>\n&#8230; Alles vom 4.8.2021 bitte lesen auf<br \/>\n<a href=\"https:\/\/www.rubikon.news\/artikel\/in-spaltung-geeint\">https:\/\/www.rubikon.news\/artikel\/in-spaltung-geeint<\/a><\/p>\n<p>&nbsp;<\/p>\n<p><strong>Berlin, 1.8.2021: Ein Bild der Schande<\/strong><br \/>\nBilder von Menschen mit bandagierten K\u00f6pfen l\u00f6sen im kollektiven Ged\u00e4chtnis immer \u00c4ngste aus, politisch sind sie eine Chiffre f\u00fcr Gewalt und totalit\u00e4re Bedrohung. Eine Bildbeschreibung (Bild siehe auch ganz oben).<\/p>\n<div id=\"attachment_93280\" style=\"width: 190px\" class=\"wp-caption alignnone\"><a href=\"https:\/\/www.freiburg-schwarzwald.de\/blog\/wp-content\/uploads\/2021\/08\/berlin-demo-querdenker20210801pan.jpg\"><img loading=\"lazy\" decoding=\"async\" aria-describedby=\"caption-attachment-93280\" class=\"size-thumbnail wp-image-93280\" src=\"https:\/\/www.freiburg-schwarzwald.de\/blog\/wp-content\/uploads\/2021\/08\/berlin-demo-querdenker20210801pan-180x100.jpg\" alt=\"\" width=\"180\" height=\"100\" srcset=\"https:\/\/www.freiburg-schwarzwald.de\/blog\/wp-content\/uploads\/2021\/08\/berlin-demo-querdenker20210801pan-180x100.jpg 180w, https:\/\/www.freiburg-schwarzwald.de\/blog\/wp-content\/uploads\/2021\/08\/berlin-demo-querdenker20210801pan.jpg 640w\" sizes=\"auto, (max-width: 180px) 100vw, 180px\" \/><\/a><p id=\"caption-attachment-93280\" class=\"wp-caption-text\">Querdenker-Demo in Berlin am 1.8.2021: Verletzter Teilnehmer mit Handschellen<\/p><\/div>\n<p>Der schm\u00e4chtige Mann lehnt sitzend an einem Stahlpfosten. Die H\u00e4nde sind hinterm R\u00fccken verschr\u00e4nkt. Offenbar hat man ihn in Handschellen gelegt. Sein T-Shirt ist blutverschmiert. Der Kopf fast vollst\u00e4ndig bandagiert. Jemand hat ihm seine verbogene Brille aufgesetzt. Er wirkt desorientiert. Behelmte Polizisten in schwarzen Anz\u00fcgen stehen um ihn herum, merkw\u00fcrdig teilnahmslos. Einer tr\u00e4gt die Nummern BE 14315. Auf einem etwas gr\u00f6\u00dferen Bildausschnitt ist im Hintergrund ein Krankenwagen erkennbar. Der bandagierte Mann am Boden ruft im Betrachter vielf\u00e4ltige Assoziationen hervor.. &#8230;<br \/>\nBilder von Menschen mit bandagierten K\u00f6pfen l\u00f6sen im kollektiven Ged\u00e4chtnis immer \u00c4ngste aus, in politischen Zusammenh\u00e4ngen sind sie gleichsam eine Chiffre f\u00fcr totalit\u00e4re Bedrohung, egal wann und wo, egal ob in Vietnam oder Kambodscha, Abu Ghraib, Hongkong oder Teheran. Auf Berliner Stra\u00dfen h\u00e4tte man bislang eher einen Motorrad-Unfall vermutet.<br \/>\nDoch wer hat den Mann im Foto so maltr\u00e4tiert? Nach Zeugenaussagen sollen es Berliner Polizisten gewesen sein. Achgut.com berichtete gestern hier \u00fcber die Umst\u00e4nde. Der <a href=\"https:\/\/www.freiburg-schwarzwald.de\/blog\/engagement\/zukunft\/demokratie\/berlin-demo-querdenker1-8-2021\/\">Historiker J\u00f6rg Baberowski<\/a>, vor dessen Wohnung sich der Vorfall abgespielt hat, berichtet:<br \/>\n<em>\u201eEs war eine unfassbar rohe Szene, die selbst ich nicht f\u00fcr m\u00f6glich gehalten h\u00e4tte. Sie hat sich am Sonntag gegen 12 Uhr mittag vor meinem Haus zugetragen. Einen Ausschnitt habe ich gefilmt, leider erst nach der Pr\u00fcgelorgie, die mich so schockiert hat, dass ich erst danach auf den Ausl\u00f6ser gedr\u00fcckt habe. Die Schl\u00e4ger haben den Mann weiter fixiert, der bewusstlos war und haben sehr roh seinen Kopf bandagiert. Es war, als h\u00e4tte ich an einem russischen Polizeieinsatz teilgenommen.\u201c<\/em><br \/>\nDie Schock-Bilder aus Berlin entfalten aber jetzt schon eine Wirkung. Sie werden in den sozialen Medien hunderttausendfach geteilt, inzwischen auch im Ausland. Das friedfertige, stets moralische polierte Bild Deutschlands, bekommt deutliche Risse. 2015 verlangte die Bundeskanzlerin, dass es \u201ekeine \u00f6ffentlich schwer vermittelbaren Bilder vom Einsatz der Bundeswehr gegen Fl\u00fcchtlinge geben\u201c d\u00fcrfe. Sechs Jahre sp\u00e4ter sieht sie zu, wie B\u00fcrger, die ihre Grundrechte zur\u00fcck haben wollen, von Polizisten krankenhausreif geschlagen werden.<br \/>\n.<br \/>\nDer Mann auf dem Foto ist 40 Jahre alt, stammt dem Stand der Dinge nach aus Leipzig und war wohl nach Berlin gereist, um gegen die Einschr\u00e4nkungen der Grundrechte durch die sogenannten Corona-Ma\u00dfnahmen zu demonstrieren. Er berichtet:<br \/>\n<em>&#8222;Ich wurde von den Beamten mit Quarzhandschuhen geschlagen, obwohl ich wehrlos am Boden lag und mich \u00fcberhaupt nicht widersetzte. Ich hatte starke Schmerzen, an Kopf, H\u00fcfte und R\u00fccken. Ich habe zwei Platzwunden und eine Fast-Platzwunde oben am Sch\u00e4del, die Gott sei Dank nicht aufgegangen ist, denn die w\u00e4re dann zwanzig Zentimeter lang gewesen. Ich wurde in einer Notfallaufnahme von einer Unfallchirurgin gen\u00e4ht, eine Platzwunde an der rechten Schl\u00e4fe und eine hinter dem rechten Ohr mussten gen\u00e4ht werden. Im Krankenhaus hatte ich eine Bewachung von der Polizei dabei die ganze Zeit. Nach der Behandlung wurde ich dann freigelassen.&#8220;<br \/>\n<\/em><br \/>\nMit welcher <a href=\"https:\/\/www.freiburg-schwarzwald.de\/blog\/global\/deutschland\/moral2015\/moralismus\/\">moralischen<\/a> Autorit\u00e4t will die verantwortliche politische Klasse eigentlich \u00fcbergriffige Systeme in Europa und andernorts noch kritisieren? Und welche moralische Integrit\u00e4t besitzen jene Medien noch, die diese Bilder auf merkw\u00fcrdige Weise aussparen? Gar nicht zu reden von denjenigen, die zu den Szenen auch noch applaudieren, sie merken offensichtlich gar nicht, wie sehr sie das Bild des h\u00e4sslichen Deutschen wieder aufleben lassen.<br \/>\n&#8230; Alles vom 4.8.2021 von Dirk Maxenier bitte lesen auf<br \/>\n<a href=\"https:\/\/www.achgut.com\/artikel\/berlin_1.8.2021_ein_bild_der_schande\">https:\/\/www.achgut.com\/artikel\/berlin_1.8.2021_ein_bild_der_schande<\/a><\/p>\n<p>Einige Kommentare:<br \/>\n<strong>Sind Polizisten \u201cstrukturelle Schl\u00e4ger\u201d?<\/strong><br \/>\n95 % sch\u00e4men sich? 1. Das glaube ich nicht und 2. ist es mir egal. Die machen mit und schauen zu. Und wenn alle Weissen \u201cstrukturelle Rassisten\u201d sein sollen, dann sind eben alle Polizisten \u201cstrukturelle Schl\u00e4ger\u201d.<br \/>\n4.8.2021, O.W., TO<\/p>\n<p><strong>&#8230; alles ist toll!<\/strong><br \/>\nWir sollten aufh\u00f6ren, uns immer noch etwas vorzumachen.<br \/>\nDas gilt fuer weit ueberwiegend ganz tolle Polizei,<br \/>\nfuer die ganz tolle Justiz,<br \/>\nfuer den noch tolleren Bundestag,<br \/>\nfuer alle tollen Institutionen in diesem Land,<br \/>\nfuer das tolle Funktionieren des Flughafenbaues und des Katastrophenschutzes,<br \/>\nfuer die tollen Schulen und Universit\u00e4ten mit ihrem tollen Lehrpersonal,<br \/>\nfuer die tolle Bildung und It,<br \/>\neigentlich fuer Alles (zu etwa 95 %).<br \/>\nMit der Perception f\u00e4ngt es an und da beginnt auch schon das Problem. Aus einer \u201cfehlerhaften\u201d Perzeption kann man kaum zutreffende Erkenntnisse entwickelt, geschweige denn die noetigen (politischen) Konsequenzen. In diesem Land ist es umgekehrt. 95 % ist \u201cschlecht, 5 % gut. Das Regel\/Ausnahmeprinzip ist ungedreht. Eine Polizei mit 5 oder 10 % kriminellen Taetern ist insgesamt schlecht, unabh\u00e4ngig davon ob noch!! 90 % nur passiv danebenstehen. Auch in den noch finsteren Zeiten waren es eher Minderheiten, die handelten. Der Islam passt nicht hierher, unabh\u00e4ngig davon, dass nur ein kleiner Teil oeffentlich ! militant ist. Wir sollten mit Bewertungen und Beurteilungen von Organisationen, Institutionen und Ideologien vorsichtig sein. Dass es ueberall auch nur Mitl\u00e4ufer gibt, macht es als Ganzes nicht besser. Sich etwas vorzumachen hilft nur den Transformatoren.<br \/>\n4.8.2021, R.N.<\/p>\n<p><strong>Denken Sie an Chemnitz. Die gekaufte Mainstreampresse und die<\/strong> Bundeskanzlerin\/Propaganda-Sekret\u00e4rin aus dem Unrechtsstaat DDR emp\u00f6rten und echauffierten sich \u00fcber angeblich \u201eR\u00e4\u00e4chte\u201c in BIG gemanagter Werbekampagne \u00fcber \u00d6ffis und NGOs,- zur Stigmatiserung der Kritiker einer ungeregelten Migration. Eine filmisch von der Antifa inszenierte \u201eHetzjagd\u201c auf Migranten diente als \u201eBeweis\u201c und, wie wir jetzt wissen, illustriert doch nur staatliche Bereitschaft zu Lug und Trug. Damals flo\u00df kein einziger Tropfen Blut ! Jetzt pr\u00fcgelt ein Schl\u00e4gertrupp unverh\u00e4ltnism\u00e4\u00dfig BRUTAL mit politischer Ansage auf v\u00f6llig friedliche Demonstranten ein.<br \/>\nEin Toter und zahlreiche Verletzte sind zu beklagen, mit der Rechtfertigung eines Demonstrationsverbots, da\u00df damit begr\u00fcndet wurde, da\u00df eine Maske mit der Aufschrift DIKTATUR nicht sch\u00fctzt. Selbst Kinder wurden angegriffen, und dieses Video ist nicht GEFAKT!<br \/>\nEine Woche zuvor liefen 60 000 schw\u00fcle Lesben in Regenbogenfarben systemkonform OHNE MASKEN durch die gleiche Stadt. Hey, Ihr L\u00fcgner und Heuchler, das ist Volksver@rschung! Alle wichtigen Positionen sind mittlerweile von Speichelleckern, Feiglingen und Systemhofschranzen b e s e t z t. Wenn die B\u00fcrgerlichen nicht langsam ihre Mainstreamfesseln abstreifen und sich aufrecht gegen diesen politischen Umsturz positionieren sehe ich nur noch rot. Hoffentlich kein blutrot.<br \/>\n4.8.2021, S.SCH., TO<br \/>\n.<br \/>\n<strong>Das ist Rechtsbeugung durch Richter*innen<\/strong><br \/>\nDie Berliner Polizei verbreitet jetzt die Behauptung, es seien 90 Polizisten und nat\u00fcrlich Polizistinnen verletzt worden, einige schwer. Die Systemling*innenmedien melden das ungepr\u00fcft weiter, w\u00e4hrend sie die Bilder der von Polizeischl\u00e4gern verpr\u00fcgelten friedlichen Demonstranten weiterhin vollkommen unterschlagen und auch jede Nachricht dar\u00fcber.<br \/>\nJa, w\u00e4hrend man in London, Paris und anderswo selbstverst\u00e4ndlich zu Tausenden auf die Strassen gehen und gegen die Regierungspolitik demonstrieren kann, obwohl es dabei immer wieder auch zu Ausschreitungen kommt, wird in Berlin mit dem Segen einer gewissenlosen Verwaltungsgerichtsbarkeit eine vollkommen friedliche und ganz brav mit ausgefeiltem Hygienekonzept ausgestattete Demonstration f\u00fcr die vollst\u00e4ndige Wiederherstellung der Grundrechte einfach auf blosse selbstherrliche Prognose hin untersagt.<br \/>\nDas ist Rechtsbeugung durch Richter*innen der angeblich die Exekutive kontrollierenden Dritten Gewalt. Das gibt es im Westen nur in Deutschland.<br \/>\nNach den Erfahrungen mit der Naziherrschaft und der totalit\u00e4ren DDR, nach den kriminellen Ausw\u00fcchsen einer skrupellosen Gesinnungsjustiz auf deutschem Boden, ist das \u00fcberhaupt nicht mehr zu verstehen und mit nichts mehr zu entschuldigen. Und nun sch\u00e4me dich -mal wieder- Deutschland!<br \/>\n4.8.2021, S.L.<\/p>\n<p><strong>Das \u201cBild der Schande\u201d wird von den meisten B\u00fcrgern<\/strong><br \/>\nnicht als solches empfunden werden. Dass so ein Querdenker von der Polizei mal hart angefasst wurde, wird von der \u00fcberwiegenden Mehrheit in den sozialen Netzwerken regelrecht gefeiert. Auch von den meisten Journalisten. Niemand weint einem toten oder verletzten Anti-Corona-Demonstranten eine Tr\u00e4ne nach. \u201cGeschieht denen doch ganz recht\u201d, wird man sagen. Es ist leider so. Sie werden den Mann auf dem Foto ob seiner Machtlosigkeit eher noch mehr verachten.<br \/>\n4.8.2021, J.SCH<\/p>\n<p><strong>Vertrauen in \u201cDer Polizist Dein Freund und Helfer\u201d zerst\u00f6rt<\/strong><br \/>\nSehr geehrter Herr Maxeiner, zu: \u201cMan darf deshalb auch davon ausgehen, dass 95 Prozent der deutschen Polizisten sich f\u00fcr ihre ausf\u00e4llig gewordenen Kollegen sch\u00e4men. Sie werden au\u00dferdem am besten wissen, wer f\u00fcr das pl\u00f6tzlich so h\u00e4ssliche Gesicht Deutschlands politisch verantwortlich ist. \u201d Ihr Wort in Gottes Ohr! Ich glaube nicht, da\u00df die Zahl 95% der sich sch\u00e4menden Polizisten so hoch ist! Dar\u00fcber k\u00f6nnen wir nur spekulieren. Was viel schlimmer f\u00fcr die gesamte deutsche Polizei ist, da\u00df wahrscheinlich 95 Prozent aller B\u00fcrger im In- und Ausland, welche diese Bilder gesehen haben, ihre Meinung und grunds\u00e4tzliche Einstellung zur Polizei nachhaltig \u00e4ndern werden, auch wenn die Bilder in Vergessenheit geraten. In der Wirtschaft gilt der Spruch: \u201cKunden gewinnt man in Jahren (durch Vertrauen), verlieren kann man Kunden in Sekunden\u201d. Gleiches gilt auch hier: Aufgebautes Vertrauen der Bev\u00f6lkerung mit \u201cDer Polizist Dein Freund und Helfer\u201d wird innerhalb von Sekunden zerst\u00f6rt. Dieser politische Schaden wird durch den Vertrauensverlust sehr nachhaltig wirken!<br \/>\n4.8.2021, H.G.SCH<\/p>\n<p><strong>Keine Checks und Balances mehr<\/strong><br \/>\nDas ist erst der Anfang und wird sich weiter und weiter verdichten. Wer wollte sie aufhalten? Es gibt keine Checks und Balances mehr. Medien, Politik und Justiz sind in einem st\u00e4ndigen Wettbewerb, sich an Gleichschaltung zu \u00fcbertreffen. Und in furchtbarer Aggressivit\u00e4t \u00fcber Dissidenten herzufallen.<br \/>\n4.8.2021, H.U.<\/p>\n<p><strong>\u201cBleibt zuhause, dann passiert Euch auch nichts\u2026\u201d<\/strong><br \/>\nSie werden au\u00dferdem am besten wissen, wer f\u00fcr das pl\u00f6tzlich so h\u00e4ssliche Gesicht Deutschlands politisch verantwortlich ist.\u201d &#8211; Und daraus hoffentlich die entsprechenden Konsequenzen ziehen! Was hier passiert ist eindeutig: hier soll jeglicher friedliche Protest im Keim erstickt werden! Motto \u201cBleibt zuhause, dann passiert Euch auch nichts\u2026\u201d Das hat ganz das Niveau totalit\u00e4rer Staaten. Ich hoffe sehr, dass es noch Polizisten mit Anstand gibt, die sich dem widersetzen werden, nicht mehr mitmachen und sich stattdessen mit den B\u00fcrgern solidarisieren, wie es in anderen europ\u00e4ischen L\u00e4ndern bereits geschieht. Lasst Euch nicht von diesem System mi\u00dfbrauchen, dessen Endziel ganz offensichtlich eine totalit\u00e4re Struktur ist! So wollt ihr mit euren Familien n\u00e4mlich auch nicht leben &#8211; also helft, das ganze zu stoppen und dem 0.1% und deren Handlangern in Politik, Justiz und Medien das Handwerk zu legen! ES REICHT!<br \/>\n4.8.2021, E.A.<\/p>\n<p><strong>Das Bild ist der real gewordene Beweis von Mao:<\/strong><br \/>\n\u201cBestrafe einen, erziehe hundert\u201d.<br \/>\n4.8.2021. H.L.<\/p>\n<p><strong>R\u00e4ume der Gewalt, von J\u00f6rg Baberowski<\/strong><br \/>\nLiteraturempfehlung zum Thema: R\u00e4ume der Gewalt, von J\u00f6rg Baberowski. Sie d\u00fcrfen jetzt frei assoziieren warum ich diesen Titel empfehle.<br \/>\n4.8.2021, K.K.<\/p>\n<p><strong>Dieses harte brutale Vorgehen traut sich die Polizei nur bei deutschen Kartoffeln,<\/strong><br \/>\nam besten Frauen und Kinder. Bei Merkels geliebten Neub\u00fcrgern w\u00fcrden sie sich das nicht trauen, denn dann g\u00e4be es richtig was auf die Mappe. Kann man nicht Migranten aus bestimmten Kulturgruppen massenweise f\u00fcr diese Demos mobilisieren? Das g\u00e4be dann endlich das entsprechende Paroli und den Demos einen gewissen Anstrich von Aufstand. Denn Demos mit Luftballons, Trommeln, Regenb\u00f6gen, Klatschen und Musik &#8211; das ist von der Wirkung her ein Witz. Das nimmt doch keiner ernst. Wir Deutschen sind ein Land von Luschen und Schluffis (mich eingenommen).<br \/>\n4.8.2021, S.M.<\/p>\n<p>Was auf dem Bild nicht zu sehen ist. Die Zahl der Demonstranten insgesamt, die Zahl der Einsatzkr\u00e4fte, die Zahl der Eins\u00e4tze der Einsatzkr\u00e4fte in den letzten Tagen und Wochen. Ein Gericht sollte sich bei solchen Vorg\u00e4ngen immer auch die Frage nach dem Organisationverschulden stellen und nicht nur nach der Verantwortung eines einzelnen der in einer bestimmten Situation unangemessen handelt.<br \/>\nZum Bild selbst. Ein wacher, vermutlich bewusstseinsklarer Mann sitzt auf dem Boden. Zitat: Behelmte Polizisten in schwarzen Anz\u00fcgen stehen um ihn herum, merkw\u00fcrdig teilnahmslos. Wie die (An)teilnahme hier beurteilt werden kann, da man die Gesichter nicht sieht, entzieht sich meiner Kenntnis. Es stehen dort 7 Personen. Eindeutig als Polizist kann ich nur einen erkennen(Hose, Stiefel). 4 Personen tragen leichtes Schuhwerk und Jeans.1 Person geh\u00f6rt vermutlich zum Rettungsdienst. Von einer sieht man nur den Stiefel) W\u00e4ren die Einsatzkr\u00e4fte so teilnahms- und mitleidlos wie unterstellt, warum erfolgte dann der Transport in eine Klinik? &#8211; Jeder hat das Recht auf Einseitigkeit der Wahrnehmung.<br \/>\nMich w\u00fcrde interessieren warum sich niemand f\u00fcr die politisch verantwortlichen interessiert wenn die Polizei zunehmend \u00fcberfordert ist.<br \/>\nIn der psychiatrischen Klinik in der ich t\u00e4tig war ging man davon aus das man 6 Personen f\u00fcr eine Fixierung\/Fesselung ans Bett ben\u00f6tigt. Schon allein 4 zur Kontrolle von Armen und Beinen, einen f\u00fcr den Kopf und einen der die Gurte anlegt. Die Polizisten in Berlin versuchen das dem Anschein nach in Einzelarbeit. Woran liegt das?<br \/>\n4.8.2021, K.Ke<\/p>\n<p><strong>\u201cIn einer Aktion von 1976 hat Helnwein sich mit bandagiertem Kopf<\/strong><br \/>\nin Wien auf die Stra\u00dfe gelegt &#8211; die meisten schauten weg\u201d. Dieser Satz beschreibt die Medienreaktion zu den Vorf\u00e4llen in Berlin sehr anschaulich. &#8230;.<br \/>\nErreichen denn diese furchtbaren Bilder wirklich einen gro\u00dfen Teil der Bev\u00f6lkerung, da sie offensichtlich im Fernsehen nicht gezeigt wurden und &#8211; was die Zeitungen betrifft &#8211; wohl nur ansatzweise in der BILD?<br \/>\n4.8.2021, W.E.<\/p>\n<p><strong>Wenn es jemals berechtigt war, von Hetzjagden auf Menschen zu sprechen,<\/strong><br \/>\ndann gilt dies f\u00fcr die Vorg\u00e4nge bei der Demo durch die Berliner Polizei. Ich fasse einfach nicht, wie brutal, hemmungslos, ohne jeden erkennbaren Anla\u00df die Polizei hier in vielen Teilen eingeschritten ist. Der Bundesvorsitzende des BDK (Bund deutscher Kriminalbeamter) Fiedler, der Lauterbach der Polizei, will jetzt auch noch Eltern kriminalisieren, die ihre Kinder mit auf die Demo genommen haben oder evtl. zu der n\u00e4chsten Demo mitnehmen. Sie w\u00fcrden sich evtl. der fahrl\u00e4ssigen K\u00f6rperverletztung schuldig machen. Das halte ich f\u00fcr ein rechtlich doch sehr fragw\u00fcrdiges Argument. Dient aber dazu, weitere davon abzuhalten, ihren Protest auf die Stra\u00dfe zu bringen. Wenn ein Kind von einem Polizeibeamten ohne jede \u201cBei\u00dfhemmung\u201d einem Kind auf brutalste Art ins Gesicht geschlagen wird, wie es auf einem Video zu sehen war, dann liegt die Schuld hierf\u00fcr nicht beim Elternteil. Die Polizei ist auf dem besten Weg, in der Reihe der angesehensten Berufe schnurstracks nach unten durchgereicht zu werden. Da\u00df der \u00d6RR dies nicht berichtet, ist ein weiteres Armutszeugnis des heutigen Journalismus.<br \/>\n4.8.2021, J.G.<br \/>\nEnde Kommentare<\/p>\n<p>.<\/p>\n<p><strong>Sommer der Freiheit \u2013 Verboten!<\/strong><br \/>\nEs wird immer schwerer, in Deutschland Kritik an der Politik der Regierung auf der Stra\u00dfe kundzutun. Das haben die Ma\u00dfnahmenkritiker an diesem Wochenende schmerzlich erfahren m\u00fcssen. &#8230;<br \/>\nAuch Peter Nowak hat in seinem Beitrag f\u00fcr Telepolis seine Eindr\u00fccke zu den Querdenkerfragmenten zusammengefasst:<br \/>\n<em>\u201eDie Mehrheit der Teilnehmerinnen und Teilnehmer geh\u00f6rt nicht dem rechten Spektrum an. Gelegentlich hat man den Eindruck, dass man sich auf einer Demonstration der Friedensbewegung der fr\u00fchen 1980er Jahre bewegt. Verschiedene Generationen und Kulturen waren vertreten, Punks liefen neben Angeh\u00f6rigen irgendwelcher religi\u00f6sen Kleingruppen.&#8220;<\/em> &#8230;<br \/>\n&#8222;Schon am Samstag konnte man auf dem Nettelbeck-Platz in Berlin-Wedding die Koexistenz verschiedener Ideologiefragmente innerhalb der \u201cQuerdenken\u201d-Bewegung beobachten. Dort hatten verschiedene Gruppierungen aus dem Umfeld der Corona-Ma\u00dfnahmen-Kritiker ihre St\u00e4nde aufgebaut. W\u00e4hrend sich die \u201cFreie Linke\u201d sehr kapitalismuskritisch gab, beschworen andere das freie Unternehmertum. &#8220; (Telepolis vom 01. August 2021:<br \/>\n<a href=\"https:\/\/www.heise.de\/tp\/features\/Berlin-Gegner-von-Corona-Massnahmen-demonstrieren-trotz-Verbot-6152447.html\">https:\/\/www.heise.de\/tp\/features\/Berlin-Gegner-von-Corona-Massnahmen-demonstrieren-trotz-Verbot-6152447.html<\/a> )<\/p>\n<p>&#8222;Die Querdenken-Demonstrationen sind keine Anti-Corona-Demos, sondern Demos f\u00fcr die Wiederherstellung unserer Grundrechte, da wir die Ma\u00dfnahmen der Regierung unter wissenschaftlichen und rechtlichen Gesichtspunkten f\u00fcr vollkommen unangemessen halten.&#8220; (<a href=\"https:\/\/querdenken-711.de\/\">https:\/\/querdenken-711.de\/<\/a>)<br \/>\nEs gibt ganz offensichtlich mehr als das, was von Teilen der deutschen Linken (sichtbar) \u00fcbriggeblieben ist. W\u00fcrde dieser Teil der deutschen Linken auch gegen Leute vorgehen, die gegen Gesundheitspass und Impfpflicht zu Hunderttausenden auf die Stra\u00dfe gehen? W\u00fcrden sie auch in Paris an der Stra\u00dfe stehen und die Demonstranten als \u201eSchwurbler\u201c und \u201eVerschw\u00f6rungstheoretiker\u201c diffamieren?<br \/>\n&#8230; Alles vom 4.8.2021 von Wolf Wetzel bitte lesen auf<br \/>\n<a href=\"https:\/\/www.nachdenkseiten.de\/?p=74842\">https:\/\/www.nachdenkseiten.de\/?p=74842<\/a><br \/>\n.<br \/>\nKommentar zu \u201eSommer der Freiheit \u2013 Verboten!\u201c<br \/>\n<strong>Friedliche Demonstranten 1.8.2021\u00a0 am Berlin<\/strong><br \/>\nIch war am 1. August 2021 in Berlin. Es war meine erste Demo f\u00fcr die Wiederherstellung der Grundrechte.<br \/>\nMein politischer Background war immer links (Hausbesetzer Ende der Achtziger Jahre, Gr\u00fcn- W\u00e4hler bis zum NATO-Krieg im Kosovo, Nichtw\u00e4hler und schlie\u00dflich die Linke bis zu Corona (inzwischen ist die Linke unw\u00e4hlbar).<br \/>\nNach anf\u00e4nglicher Skepsis und bedingt durch dramatische negative Ver\u00e4nderungen in der Gesellschaft (drohende Impf Apartheid, autorit\u00e4r und repressiver \u00dcberwachungsstaat, Spaltung der Gesellschaft, den Berichten von Bekannten \u00fcber t\u00f6dliche und schwerwiegende Nebenwirkungen der Impfung, Impfdruck auf Eltern und Kinder) habe ich diesmal keine Sekunde \u00fcberlegt und bin nach Berlin gefahren.<\/p>\n<p>Mein Fazit:<br \/>\nDie Querdenker in die rechte, antisemitische Ecke zu stellen ist eine dreiste glatte L\u00fcge und entbehrt jeglicher Grundlage.<br \/>\nEs war bunt, es war total friedlich (von den Demonstranten), es war Party, es waren alle Altersgruppen und alle Kulturen anwesend, eine ganz tolle, herzliche Stimmung, es ist die Mitte der Gesellschaft.<br \/>\nJeder Journalist und jeder Linke und Gewerkschafter muss nur einmal zu so einer Demo hinfahren als Beobachter um sich seine eigene Meinung zu bilden.<br \/>\nDie Zahlen \u00fcber die Anzahl der Teilnehmer ist nicht ernst zu nehmen.<br \/>\nEs waren ganz sicher viele zehntausend Teilnehmer.<br \/>\nPolizeigewalt habe ich nicht mitbekommen. Die zahlreichen Videos belegen, das die Gewalt ausschliesslich von der Polizei ausging.<br \/>\nDie Demoteilnehmer wollten nur einfach laufen und keine Provokation.<\/p>\n<p>Damit komme ich zu Ihrem Artikel. In den zahlreichen Gespr\u00e4chen, die ich gef\u00fchrt habe, war das zentrale Anliegen die drohende Impf-Apartheid und der Gesundheitspass, also genau das, wogegen in Frankreich massenweise demonstriert wird. Die Einf\u00fchrung auch in Deutschland ist nur eine Frage der Zeit.<br \/>\nIch gehe nicht davon aus, das die Linke und die Gewerkschaften hierzulande (von einzelnen Ausnahmen abgesehen) noch einen Schwenk hinbekommen.<br \/>\nEs gab zahlreiche M\u00f6glichkeiten zur Abgrenzung von der Regierung.<br \/>\n&#8211; Das schwedische Modell mit Eigenverantwortung<br \/>\n&#8211; der aussagelose PCR Test<br \/>\n&#8211; die Intensivbetten L\u00fcge<br \/>\n&#8211; die Inzidenzzahlen ohne Ber\u00fccksichtigung der Tests<br \/>\n&#8211; der Impfdruck auf Genesene<br \/>\n&#8211; der Impfdruck auf Eltern und Kinder<br \/>\n&#8211; die Etablierung von Masken, Test und Impfung als Wirtschaftszweig, wo ganze Branchen profitieren und damit die Pandemie am Laufen halten.<br \/>\n&#8211; Die Wiedererlangung von Grundrechten durch eine experimentelle Impfung, f\u00fcr die es nur eine Notfallzulassung gibt.<br \/>\nWarum wird die Pandemie nicht beendet?<br \/>\nDie Risikogruppen sind seit Monaten gesch\u00fctzt, f\u00fcr Menschen bis 40 Jahren stellt Corona keine gef\u00e4hrliche Erkrankung da. Die Linke hat zu allem Ja und Amen gesagt (bis auf Sahra Wagenknecht).<\/p>\n<p>Es ist so erschreckend, dass die wenigen guten kritischen Kommentare abseits der alternativen Medien ausgerechnet aus der Bild Zeitung und der AFD gekommen sind.<br \/>\nIch kann mir nicht vorstellen das der Grossteil der politischen Linken in n\u00e4chster Zeit bei der angedrohten Zwei Klassen Gesellschaft an einer Seite mit den Leuten demonstrieren wird, die sie vorher so aggressiv diffamiert haben. Abspaltungen wie die freie Linke, deren Fahnen in Berlin zahlreich zu sehen waren, sind wohl eher die Ausnahme.<br \/>\n<a href=\"https:\/\/www.freie-linke.de\/mitteilungen-der-freien-linken\/aufruf-der-freien-linken\">https:\/\/www.freie-linke.de\/mitteilungen-der-freien-linken\/aufruf-der-freien-linken<\/a><br \/>\nDie Kontaktschuld ist bei den Linken wichtiger als Inhalte.<br \/>\nDie Linke hat sich wichtiger Themen beraubt. Sie wird sich f\u00fcr genderfreie Toiletten einsetzen und f\u00fcr eine korrekte Gendersprache, aber im Alltag bei sich anbahnenden unfassbaren Diskriminierungen wie die Impf Apartheid wird sie die Regierung unterst\u00fctzen und das auch noch als Kampf gegen Rechts verkaufen.<br \/>\nIch w\u00fcnsche mir sehr, das es anders kommt.<br \/>\n, 7.8.2021, L.M, Kommentar zu \u201eSommer der Freiheit \u2013 Verboten!\u201c (siehe oben)<\/p>\n<p>&nbsp;<\/p>\n<p><strong>Wie ein B\u00fcrger von Th\u00fcringen die Anti-Corona-Demos in Berlin erlebt hat<\/strong><br \/>\nDiesen Zwischenruf von Clarsen Ratz, Generalsekret\u00e4r der \u201eB\u00fcrger f\u00fcr Th\u00fcringen\u201c, habe ich auf Facebook gefunden und meine, dass er eine weite Verbreitung verdient!<br \/>\n\u201eIch habe gez\u00f6gert mich diesmal zu Wort zu melden, zu emotional sind meine Eindr\u00fccke vom Wochenende in Berlin. 3 Tage sp\u00e4ter fasse ich sie nun doch zusammen und m\u00f6chte die vielen Bilder, die gerade durchs Netz gehen, richtigstellen. Ich bin am 1. August 11 Kilometer durch Berlin gelaufen und knapp 100 Kilometer habe ich mit dem Auto absolviert. Wieder bin ich der Einladung der Anw\u00e4lte f\u00fcr Aufkl\u00e4rung gefolgt und habe mir das Geschehen live vor Ort angesehen. Mein eigenes Bild habe ich mir gemacht. Ich war an allen Brennpunkten auch im Kessel in der Reichsstra\u00dfe und ich wei\u00df, wovon ich jetzt schreiben werde.<br \/>\n98% aller Demo Teilnehmer waren vollkommen friedfertig, 95% aller Polizisten wollten auch nicht diese Gewalt. Die \u00f6ffentlichen Medien sind voll mit Bildern der Gewalt von Demonstranten, die sozialen Netzwerke sind voll mit Bildern der Gewalt von Polizisten. Ja, diese gab es! Das ist zu verurteilen!<br \/>\nMir fehlen die Bilder von den vielen friedlichen Demonstranten,<br \/>\nmir fehlen die Bilder Polizisten und Demonstranten, die in guten Gespr\u00e4chen waren, wo ein L\u00e4cheln von beiden Seiten erkennbar gewesen ist.<br \/>\nMir fehlen die vielen Bilder, wo die Menschen unterschiedlicher Standpunkte vern\u00fcnftig miteinander diskutierten.<br \/>\nEs fehlen auch die Bilder der ge\u00f6ffneten Fenster als die Demo Z\u00fcge vorbei gehen und der Applaus, der ihm entgegenkam.<br \/>\nEs fehlen die Bilder von Menschen in den Restaurants, die sich erhoben und applaudierten als an dem Umzug vorbeigekommen ist.<\/p>\n<p>Das was beide Seiten gerade machen, spaltet unser Land weiter und so bin ich einig mit den Anw\u00e4lten f\u00fcr Aufkl\u00e4rung <a href=\"https:\/\/www.aerztefueraufklaerung.de\">https:\/\/www.aerztefueraufklaerung.de<\/a>, wir brauchen einen runden Tisch. <em><strong>Lassen wir uns nicht weiter spalten und lassen wir Demonstrationen zu. Es darf in einem freiheitlichen Staat, in einer Demokratie keinen Unterschied geben f\u00fcr jene die ihre Meinung auf die Stra\u00dfe bringen wollen.<\/strong><\/em> Wenn unsere Politiker noch den Rest von Anstand haben, dann lernen sie wieder die Meinung des anderen zu respektieren!<br \/>\nIch werde weiter f\u00fcr Freiheit, Demokratie, unseren Rechtsstaat und das Grundgesetz auf den Stra\u00dfen und Pl\u00e4tzen dieser Republik zu finden sein.<br \/>\n4.8.2021, Clarsen Ratz, Generalsekret\u00e4r<br \/>\n<a href=\"https:\/\/vera-lengsfeld.de\/2021\/08\/04\/wie-ein-buerger-von-thueringen-die-anti-corona-demos-in-berlin-erlebt-hat\/#more-6103\">https:\/\/vera-lengsfeld.de\/2021\/08\/04\/wie-ein-buerger-von-thueringen-die-anti-corona-demos-in-berlin-erlebt-hat\/#more-6103<\/a><br \/>\n<a href=\"https:\/\/www.buerger-fuer-thueringen.de\/\">https:\/\/www.buerger-fuer-thueringen.de\/<\/a><\/p>\n<p>&nbsp;<\/p>\n<p>&nbsp;<\/p>\n<p>&nbsp;<\/p>\n","protected":false},"excerpt":{"rendered":"<p>Home &gt;Zukunft\u00a0&gt;Demokratie &gt;Deutschland &gt;Gesellschaft &gt;Corona-Versoehnung Listenauswahl eines Beitrags: Bitte anklicken oder runterscrollen \u00c4rztin Dr Witzschel Haft Kennedy\u00a0(25.2.2026) Corona: Kennedy gegen Warken\u00a0(13.1.2026) M\u00e4dchen 15-17: Angst Corona\u00a0(11.12.2025) Minister-Amtseid: Spahn Faeser\u00a0(25.6.2025) USA: Corona-Labortheorie real\u00a0(4.12.2024) RKI-Files ver\u00f6ffentlicht \u2013 Akteur?\u00a0(25.3.2024) Mahnung: Rede von Karsten Hilse &hellip; <a href=\"https:\/\/www.freiburg-schwarzwald.de\/blog\/business\/gesund\/corona-virus\/corona-versoehnung\/\">Weiterlesen <span class=\"meta-nav\">&rarr;<\/span><\/a><\/p>\n","protected":false},"author":2,"featured_media":0,"parent":79419,"menu_order":0,"comment_status":"closed","ping_status":"closed","template":"","meta":{"footnotes":""},"class_list":["post-93278","page","type-page","status-publish","hentry"],"_links":{"self":[{"href":"https:\/\/www.freiburg-schwarzwald.de\/blog\/wp-json\/wp\/v2\/pages\/93278","targetHints":{"allow":["GET"]}}],"collection":[{"href":"https:\/\/www.freiburg-schwarzwald.de\/blog\/wp-json\/wp\/v2\/pages"}],"about":[{"href":"https:\/\/www.freiburg-schwarzwald.de\/blog\/wp-json\/wp\/v2\/types\/page"}],"author":[{"embeddable":true,"href":"https:\/\/www.freiburg-schwarzwald.de\/blog\/wp-json\/wp\/v2\/users\/2"}],"replies":[{"embeddable":true,"href":"https:\/\/www.freiburg-schwarzwald.de\/blog\/wp-json\/wp\/v2\/comments?post=93278"}],"version-history":[{"count":6,"href":"https:\/\/www.freiburg-schwarzwald.de\/blog\/wp-json\/wp\/v2\/pages\/93278\/revisions"}],"predecessor-version":[{"id":146225,"href":"https:\/\/www.freiburg-schwarzwald.de\/blog\/wp-json\/wp\/v2\/pages\/93278\/revisions\/146225"}],"up":[{"embeddable":true,"href":"https:\/\/www.freiburg-schwarzwald.de\/blog\/wp-json\/wp\/v2\/pages\/79419"}],"wp:attachment":[{"href":"https:\/\/www.freiburg-schwarzwald.de\/blog\/wp-json\/wp\/v2\/media?parent=93278"}],"curies":[{"name":"wp","href":"https:\/\/api.w.org\/{rel}","templated":true}]}}