{"id":93219,"date":"2021-08-03T14:33:02","date_gmt":"2021-08-03T12:33:02","guid":{"rendered":"https:\/\/www.freiburg-schwarzwald.de\/blog\/?page_id=93219"},"modified":"2023-07-31T14:48:35","modified_gmt":"2023-07-31T12:48:35","slug":"berlin-demo-querdenker1-8-2021","status":"publish","type":"page","link":"https:\/\/www.freiburg-schwarzwald.de\/blog\/engagement\/zukunft\/demokratie\/berlin-demo-querdenker1-8-2021\/","title":{"rendered":"Berlin-Demo-Querdenker1-8-2021"},"content":{"rendered":"<p><a href=\"https:\/\/www.freburg-schwarzwald.de\/blog\">Home<\/a>\u00a0&gt;<a title=\"Engagement\" href=\"https:\/\/www.freiburg-schwarzwald.de\/blog\/engagement\/\">Engagement<\/a>\u00a0&gt;<a title=\"Zukunft\" href=\"https:\/\/www.freiburg-schwarzwald.de\/blog\/engagement\/zukunft\/\">Zukunft<\/a>\u00a0&gt;<a title=\"Demokratie\" href=\"https:\/\/www.freiburg-schwarzwald.de\/blog\/engagement\/zukunft\/demokratie\/\">Demokratie<\/a> &gt;<a href=\"https:\/\/www.freiburg-schwarzwald.de\/blog\/engagement\/buergerinitiativen\/grundrechte-demo\/\">Demo<\/a> &gt;Berlin-Demo-Querdenker1-8-2021<\/p>\n<div id=\"attachment_92644\" style=\"width: 647px\" class=\"wp-caption alignnone\"><a href=\"https:\/\/www.freiburg-schwarzwald.de\/blog\/wp-content\/uploads\/2021\/07\/csd-freiburg-stuehlinger210717pan.jpg\"><img loading=\"lazy\" decoding=\"async\" aria-describedby=\"caption-attachment-92644\" class=\"size-full wp-image-92644\" src=\"https:\/\/www.freiburg-schwarzwald.de\/blog\/wp-content\/uploads\/2021\/07\/csd-freiburg-stuehlinger210717pan.jpg\" alt=\"\" width=\"637\" height=\"293\" srcset=\"https:\/\/www.freiburg-schwarzwald.de\/blog\/wp-content\/uploads\/2021\/07\/csd-freiburg-stuehlinger210717pan.jpg 637w, https:\/\/www.freiburg-schwarzwald.de\/blog\/wp-content\/uploads\/2021\/07\/csd-freiburg-stuehlinger210717pan-180x83.jpg 180w\" sizes=\"auto, (max-width: 637px) 100vw, 637px\" \/><\/a><p id=\"caption-attachment-92644\" class=\"wp-caption-text\">CSD am 17.7.2021 in Freiburg St\u00fchlingerplatz &#8211; 5000 Besucher, da gute Demo!<\/p><\/div>\n<ul>\n<li><a href=\"https:\/\/www.freiburg-schwarzwald.de\/blog\/friedensdemo-5-8-2023-in-berlin\/\">Friedensdemo 5.8.2023 in Berlin<\/a> (31.7.2023)<\/li>\n<li><a href=\"https:\/\/www.freiburg-schwarzwald.de\/blog\/selbsthilfe\/soziales\/justiz\/polizei\/polizeigewalt\/\">Polizeigewalt gegen Vater, alte Frau und Rollstuhlfahrer<\/a>\u00a0(8.1.2022)<\/li>\n<li><a href=\"https:\/\/www.freiburg-schwarzwald.de\/blog\/engagement\/zukunft\/demokratie\/totalitarismus\/\">Die Stra\u00dfe in den Totalitarismus \u2013 von C.J. Hopkins<\/a> (6.8.2021)<\/li>\n<li>Demonstration unterm Damoklesschwert &#8211; Interview mit Ballweg (5.8.2021)<\/li>\n<li>Polizeigewalt in Berlin: UN-Sonderbeauftragter k\u00fcndigt Intervention an (5.8.2021)<\/li>\n<li>Polizei geht mit brutaler Gewalt gegen friedliche DemoteilnehmerInnen vor (4.8.2021)<\/li>\n<li><a href=\"https:\/\/www.freiburg-schwarzwald.de\/blog\/business\/gesund\/corona-virus\/corona-versoehnung\/\">Berlin, 1.8.2021: Ein Bild der Schande<\/a> (4.8.2021)<\/li>\n<li>Nach Querdenker-Demo: Kritik an Polizei\u00fcbergriffen w\u00e4chst (3.8.2021)<\/li>\n<li>Demo 1.8.2021 in Berlin: Wie Regierung und Medien Hass s\u00e4en (3.8.2021)<\/li>\n<li>Rechtsanwalt Markus Haintz im Interview zur Demo 1.8.2021<\/li>\n<li>Wie politisch war der Polizeieinsatz gegen Corona-Skeptiker? (2.8.2021)<\/li>\n<li>Dokumentierte Polizeigewalt &#8211; indiziert (2.8.2021)<\/li>\n<li>Demonstrationsrecht gilt f\u00fcr alle gleich (1.8.2021)<\/li>\n<li><a href=\"https:\/\/www.freiburg-schwarzwald.de\/blog\/demo-csd-ja-querdenker-nein\/\">Demo: CSD-ja Querdenker-nein<\/a>\u00a0(30.7.2021)<\/li>\n<li><a href=\"https:\/\/www.freiburg-schwarzwald.de\/blog\/demo-csd-ja-querdenker-nein\/\">Gegen Kritik: \u201eArbeitsteilung\u201c zwischen gro\u00dfen Medien und Politik<\/a>\u00a0(29.7.2021)<\/li>\n<li><a href=\"https:\/\/www.freiburg-schwarzwald.de\/blog\/engagement\/zukunft\/demokratie\/opposition\/querdenken\/\">Querdenker: Antiautorit\u00e4r, gebildet \u2013 und \u00fcberwiegend links<\/a>\u00a0(10.5.2021)<\/li>\n<\/ul>\n<p>&nbsp;<\/p>\n<ul>\n<li><a href=\"https:\/\/www.freiburg-schwarzwald.de\/blog\/engagement\/buergerinitiativen\/demo\/demo2022\/\">Medienmarsch Berlin am 1.8.2022 mit 10.000 Demonstranten<\/a>\u00a0(2.8.2022)<\/li>\n<li><a title=\"Berlin-Demo29-8-2020\" href=\"https:\/\/www.freiburg-schwarzwald.de\/blog\/engagement\/zukunft\/demokratie\/berlin-demo29-8-2020\/\">Berlin-Demo29-8-2020<\/a><\/li>\n<li><a title=\"Chemnitz-Messermord26-08-2018\" href=\"https:\/\/www.freiburg-schwarzwald.de\/blog\/engagement\/zukunft\/demokratie\/chemnitz-messermord26-08-2018\/\">Chemnitz-Messermord26-08-2018<\/a><\/li>\n<li><a title=\"Corona-Demo\" href=\"https:\/\/www.freiburg-schwarzwald.de\/blog\/business\/gesund\/corona-virus\/corona-demo\/\">Corona-Demo<\/a><\/li>\n<li><a href=\"https:\/\/www.freiburg-schwarzwald.de\/blog\/business\/gesund\/corona-virus\/corona-versoehnung\/\">Corona-Versoehnung<\/a><\/li>\n<li><a title=\"Cottbus\" href=\"https:\/\/www.freiburg-schwarzwald.de\/blog\/engagement\/zukunft\/demokratie\/cottbus\/\">Cottbus<\/a><\/li>\n<li><a title=\"Dagegen\" href=\"https:\/\/www.freiburg-schwarzwald.de\/blog\/engagement\/dagegen\/\">Dagegen \u2013 Dagegen-Sein<\/a><\/li>\n<li><a title=\"Demo\" href=\"https:\/\/www.freiburg-schwarzwald.de\/blog\/engagement\/buergerinitiativen\/demo\/\">Demonstration<\/a><\/li>\n<li><a title=\"Gelbwesten\" href=\"https:\/\/www.freiburg-schwarzwald.de\/blog\/global\/eu\/gelbwesten\/\">Gelbwesten<\/a><\/li>\n<li><a href=\"https:\/\/www.freiburg-schwarzwald.de\/blog\/engagement\/zukunft\/demokratie\/grundgesetz\/grundrechte\/\">Grundrechte<\/a><\/li>\n<li><a href=\"https:\/\/www.freiburg-schwarzwald.de\/blog\/engagement\/buergerinitiativen\/grundrechte-demo\/\">Grundrechte-Demo<\/a><\/li>\n<li><a title=\"Kampf-gegen-Rechts\" href=\"https:\/\/www.freiburg-schwarzwald.de\/blog\/kultur\/medien\/kampf-gegen-rechts\/\">Kampf-gegen-Rechts<\/a><\/li>\n<li><a href=\"https:\/\/www.freiburg-schwarzwald.de\/blog\/engagement\/zukunft\/demokratie\/leipzig-querdenken7-11-2020\/\">Leipzig-Querdenken7-11-2020<\/a><\/li>\n<li><a title=\"Merkel-muss-weg\" href=\"https:\/\/www.freiburg-schwarzwald.de\/blog\/engagement\/zukunft\/demokratie\/merkel-muss-weg\/\">Merkel-muss-weg<\/a><\/li>\n<li><a title=\"Polizei\" href=\"https:\/\/www.freiburg-schwarzwald.de\/blog\/selbsthilfe\/soziales\/justiz\/polizei\/\">Polizei<\/a><\/li>\n<li><a href=\"https:\/\/www.freiburg-schwarzwald.de\/blog\/selbsthilfe\/soziales\/justiz\/polizei\/polizeigewalt\/\">Polizeigewalt<\/a><\/li>\n<li><a href=\"https:\/\/www.freiburg-schwarzwald.de\/blog\/engagement\/buergerinitiativen\/protest\/\">Protest<\/a><\/li>\n<li><a href=\"https:\/\/www.freiburg-schwarzwald.de\/blog\/engagement\/zukunft\/demokratie\/opposition\/querdenken\/\">Querdenken<\/a><\/li>\n<li><a title=\"Schulstreik\" href=\"https:\/\/www.freiburg-schwarzwald.de\/blog\/bildung\/schulen\/schulstreik\/\">Schulstreik<\/a><\/li>\n<li><a title=\"Zivilcourage\" href=\"https:\/\/www.freiburg-schwarzwald.de\/blog\/engagement\/zivilcourage\/\">Zivilcourage<\/a><\/li>\n<\/ul>\n<p>&nbsp;<\/p>\n<p><strong>Demonstration unterm Damoklesschwert &#8211; Interview mit Ballweg<\/strong><br \/>\nGescheitert oder nicht gescheitert? Das ist die Frage, wenn es um die verbotene(n) Demo(s) in Berlin am 1. August 2021 geht. Michael Ballweg, der Initiator der polarisierenden Querdenken-Bewegung, sieht in den Demonstrationen einen Erfolg. Die Gegenstimmen zum dominierenden Corona-Narrativ lassen sich nicht wegverbieten, wie die Demo-M\u00e4rsche bewiesen.<br \/>\n<a href=\"https:\/\/www.bitchute.com\/video\/Iz95jPRwlQtK\/\">https:\/\/www.bitchute.com\/video\/Iz95jPRwlQtK\/<\/a><br \/>\n&#8230; Alles vom 5.8.2021 bitte lesen auf<br \/>\n<a href=\"https:\/\/www.rubikon.news\/artikel\/demonstration-unterm-damoklesschwert\">https:\/\/www.rubikon.news\/artikel\/demonstration-unterm-damoklesschwert<\/a><\/p>\n<p><strong>Polizeigewalt in Berlin: UN-Sonderbeauftragter k\u00fcndigt Intervention an<\/strong><br \/>\nDer Aufruf des UN-Sonderbeauftragten Nils Melzer hat zu mehr als hundert Hinweisen zu Polizeigewalt bei den Berliner Corona-Demonstrationen gef\u00fchrt, &#8230;.<br \/>\nMelzer \u00fcber die Demo in Berlin: \u201eVon den Bildern und Informationen, die uns bis jetzt vorliegen, haben wir den Eindruck, dass es sich bei den Protesten mehrheitlich nicht um gewaltbereite Randalierer gehandelt hat. Es waren Frauen, Kinder, Radfahrer, \u00e4ltere Leute.\u201c<br \/>\nMelzer: \u201eEs ist absolut inakzeptabel, wenn die Polizei wegen blo\u00dfer Ordnungswidrigkeiten oder zivilem Ungehorsam mit teilweise lebensgef\u00e4hrlicher Gewalt gegen wehrlose Demonstranten vorgeht.\u201c Melzer sieht ein weiteres Problem: \u201eDie Bilder von den Demonstrationen, wie sie sich jetzt viral verbreiten, haben f\u00fcr sich genommen bereits eine gewaltt\u00e4tige Wirkung.\u201c<br \/>\nMelzer: \u201eWenn die Polizei nicht klar kommuniziert, dass sie sich als Freund und Helfer versteht, sondern die eigene Bev\u00f6lkerung als Feind behandelt, dann ist eine gef\u00e4hrliche Spirale in Gang gesetzt: Dass n\u00e4mlich als n\u00e4chstes die Bev\u00f6lkerung die Polizei ebenfalls als Feind betrachtet und am Ende die Regierung.\u201c Es sei die Verantwortung jeder Regierung, eine solche Entwicklung durch klare, de-eskalierende Kommunikation zu verhindern. Melzer: \u201eEs ist dar\u00fcber hinaus widersinnig, eine Demonstration mit dem Hinweis auf den Gesundheitsschutz aufzul\u00f6sen, wenn dabei Demonstranten mit vollkommen willk\u00fcrlicher Brutalit\u00e4t zusammengetrieben und verletzt werden.\u201c<br \/>\nMelzer h\u00e4lt es f\u00fcr dringend notwendig, dass die Beh\u00f6rden und Polizei bew\u00e4hrte De-Eskalationsmethoden einsetze. Als vorbildliches Beispiel nennt er Stuttgart, wo Polizeichef Carsten H\u00f6fler im April bei Corona-Protesten erkl\u00e4rt habe, dass die Polizei niemals gegen friedliche Demonstranten Gewalt anwenden d\u00fcrfe. Stuttgart hatte im Fr\u00fchjahr 2021 darauf verzichtet, eine Demonstration gegen die Corona-Ma\u00dfnahmen gewaltsam aufzul\u00f6sen.<br \/>\n&#8230; Alles vom 5.8.2021 bitte lesen auf<br \/>\n<a href=\"https:\/\/www.berliner-zeitung.de\/politik-gesellschaft\/polizeigewalt-in-berlin-un-sonderbeauftragter-kuendigt-intervention-an-li.175271\">https:\/\/www.berliner-zeitung.de\/politik-gesellschaft\/polizeigewalt-in-berlin-un-sonderbeauftragter-kuendigt-intervention-an-li.175271<\/a><\/p>\n<p>&nbsp;<\/p>\n<p><strong>Polizei geht mit brutaler Gewalt gegen friedliche DemoteilnehmerInnen vor<\/strong><br \/>\nDass die Freunde und Helfer in Kampfmontur Demonstranten niedergepr\u00fcgelt, umgerissen und brutal am Boden \u201efixiert\u201d haben, konsequenter- und irgendwie auch praktischerweise Alte, Frauen und Minderj\u00e4hrige inclusive (Inklusion!), ist vielfach gefilmt<br \/>\n<a href=\"https:\/\/mobile.twitter.com\/prof_freedom\/status\/1421891979252846595\">https:\/\/mobile.twitter.com\/prof_freedom\/status\/1421891979252846595<\/a><br \/>\n1) Prof Freedom &#8211; Unvorstellbare gewalt von Polizisten:<br \/>\n<a href=\"https:\/\/twitter.com\/i\/status\/1421891979252846595\">https:\/\/twitter.com\/i\/status\/1421891979252846595<\/a><br \/>\n2) Polizeigewalt gegen friedliche B\u00fcrger:<br \/>\n<a href=\"https:\/\/twitter.com\/i\/status\/1421894484195938312\">https:\/\/twitter.com\/i\/status\/1421894484195938312<\/a><br \/>\n3) Polizei schl\u00e4gt brutal zu:<br \/>\n<a href=\"https:\/\/twitter.com\/i\/status\/1421904587871690753\">https:\/\/twitter.com\/i\/status\/1421904587871690753<\/a><br \/>\n4) Germany fighting Covid &#8211; Am Boden liegende mit F\u00e4usten traktieren<br \/>\n<a href=\"https:\/\/twitter.com\/i\/status\/1421907712380710912\">https:\/\/twitter.com\/i\/status\/1421907712380710912<\/a><br \/>\n5) Prof. Freedom: Kind auf den Boden geworfen: https:\/\/twitter.com\/i\/status\/1421947096220028936<br \/>\n6) Junger Mann r\u00fcckw\u00e4rs zu Boden gesto\u00dfen:<br \/>\n<a href=\"https:\/\/twitter.com\/i\/status\/1421957352580947969\">https:\/\/twitter.com\/i\/status\/1421957352580947969<\/a><br \/>\nund im Netz dokumentiert worden.<br \/>\n&#8230; Alles vom 4.8.2021 bitte lesen auf<br \/>\n<a href=\"https:\/\/www.klonovsky.de\/2021\/08\/4-august-2021\/\">https:\/\/www.klonovsky.de\/2021\/08\/4-august-2021\/<\/a><\/p>\n<p>.<\/p>\n<div id=\"attachment_93280\" style=\"width: 650px\" class=\"wp-caption alignnone\"><a href=\"https:\/\/www.freiburg-schwarzwald.de\/blog\/wp-content\/uploads\/2021\/08\/berlin-demo-querdenker20210801pan.jpg\"><img loading=\"lazy\" decoding=\"async\" aria-describedby=\"caption-attachment-93280\" class=\"size-full wp-image-93280\" src=\"https:\/\/www.freiburg-schwarzwald.de\/blog\/wp-content\/uploads\/2021\/08\/berlin-demo-querdenker20210801pan.jpg\" alt=\"\" width=\"640\" height=\"356\" srcset=\"https:\/\/www.freiburg-schwarzwald.de\/blog\/wp-content\/uploads\/2021\/08\/berlin-demo-querdenker20210801pan.jpg 640w, https:\/\/www.freiburg-schwarzwald.de\/blog\/wp-content\/uploads\/2021\/08\/berlin-demo-querdenker20210801pan-180x100.jpg 180w\" sizes=\"auto, (max-width: 640px) 100vw, 640px\" \/><\/a><p id=\"caption-attachment-93280\" class=\"wp-caption-text\">Querdenker-Demo in Berlin am 1.8.2021: Verletzter Teilnehmer mit Handschellen<\/p><\/div>\n<p>.\u00a0 \u00a0\u00a0<strong><br \/>\nNach Querdenker-Demo: Kritik an Polizei\u00fcbergriffen w\u00e4chst<br \/>\n<\/strong>Nach dem Vorgehen der Berliner Polizei gegen die Demonstration von Corona-Ma\u00dfnahmenkritikern und Impfgegnern in Berlin w\u00e4chst die Kritik an dem Einsatz massiver Gewalt gegen Demonstranten. Die Demonstration war untersagt worden; das Land Berlin bot 2.200 Polizisten gegen etwa 5.000 Menschen auf, die sich nicht an das Verbot halten wollten. Es kam zu 600 Festnahmen.<br \/>\nDer renommierte Historiker und Autor <a href=\"https:\/\/www.freiburg-schwarzwald.de\/blog\/bildung\/hochschulen\/wissenschaftsfreiheit\/\">J\u00f6rg Baberowski<\/a>, Professor an der Humboldtuniversit\u00e4t, der selbst nicht zu den Demonstranten geh\u00f6rte und der Querdenker-Bewegung auch nicht nahesteht, ver\u00f6ffentlichte auf Facebook in Bild und Text eine Schilderung eines Polizei\u00fcbergriffs, dessen Zeuge er zuf\u00e4llig geworden war. Baberowski schreibt:<br \/>\n<em>\u201eDieser junge Mann ist gestern vor meiner Haust\u00fcr von v\u00f6llig enthemmten Polizeibeamten ohne Anlass auf die Stra\u00dfe geworfen worden. Zwei Polizisten sa\u00dfen auf seinem R\u00fccken, ein dritter hat ihm ununterbrochen mit der Faust ins Gesicht geschlagen. Der Mann blutete stark, wurde dann von den brutalen Schl\u00e4gern sehr unsanft verbunden und mit Handschellen abgef\u00fchrt. Offenbar sollte er daran gehindert werden, mit anderen Demonstranten die Stra\u00dfe zu \u00fcberqueren.<br \/>\nIch habe die Szene gefilmt. Sollte jemand den jungen Mann kennen, oder sollte er diese Nachricht selbst lesen: ich bin bereit, eine Zeugenaussage zu machen, damit diese Schl\u00e4ger ihrer gerechten Strafe zugef\u00fchrt und aus dem Staatsdienst entlassen werden. In den Leitmedien erf\u00e4hrt man von solchen \u00dcbergriffen leider nichts. Was ich gesehen habe, ist besch\u00e4mend, roh und absto\u00dfend. Eines Rechtsstaats unw\u00fcrdig.\u201c<\/em><br \/>\n<a href=\"https:\/\/twitter.com\/chr_horst_hh\/status\/1422258357625364484\/photo\/1\">https:\/\/twitter.com\/chr_horst_hh\/status\/1422258357625364484\/photo\/1<\/a><br \/>\n&#8230;<br \/>\nDass es ohne das umstrittene Demonstrationsverbot nicht zu den Szenen gekommen w\u00e4re, thematisierten sie nicht.<br \/>\n&#8230; Alles vom 3.8.2021 bitte lesen auf<br \/>\n<a href=\"https:\/\/www.tichyseinblick.de\/daili-es-sentials\/nach-querdenker-demo-kritik-an-polizeiuebergriffen-waechst\/\">https:\/\/www.tichyseinblick.de\/daili-es-sentials\/nach-querdenker-demo-kritik-an-polizeiuebergriffen-waechst\/<\/a><br \/>\n.<br \/>\nAli Utlu @AliCologne<br \/>\nWelche Gefahr hat dieses KIND dargestellt, das es berechtigt war mit der Faust ins Gesicht zu schlagen @polizeiberlin<br \/>\n<a href=\"https:\/\/twitter.com\/i\/status\/1422315368597626882\">https:\/\/twitter.com\/i\/status\/1422315368597626882<\/a><\/p>\n<p>Einige Kommentare<br \/>\n<strong>Wo war die Polizei, als &#8230;?<\/strong><br \/>\nW\u00e4hrend die Polizei nun brutalstm\u00f6glich und mit erkennbarer Freude sogenannte \u201eCorona-Auflagen\u201c durchsetzt, stelle ich mir die Frage: Wo war die Polizei in den vergangenen Jahren, als die innere Sicherheit im Land implodierte? Wo war die Polizei, als arabische Clans ganze Stadtteile \u00fcbernahmen und dem Gewaltmonopol des Rechtsstaates ins Gesicht lachten? Wo war die Polizei bei den grundgesetzwidrigen Grenz\u00f6ffnungen seit 2015 und dem anhaltenden Kontrollverlust? Wo war die Polzei als nicht nur in W\u00fcrzburg Deutsche ermordet wurden, wo war die Polizei als so viele deutsche Frauen vergewaltigt wurden?<br \/>\nDie widerlichste Form des deutschen Sozialisten (diesmal rot-gr\u00fcn statt braun lackiert) kommt wieder zum Vorschein, auch diesmal wird die Ausrede sein, man habe ja nur Befehle befolgt. Gib ungebildeten Menschen Macht und sie werden ihren Job wohlergeben mit gro\u00dfer Begeisterung ohne R\u00fccksicht erledigen.<br \/>\n3.7.2021, Tob TO<\/p>\n<p><strong>Die freiheitlich demokratische Grundordnung ist hier l\u00e4ngst zuende!<\/strong><br \/>\nDie \u201ePolizei\u201c zeigt sich als S\u00f6ldnertruppe und wendet massive Gewalt gegen das Grundrecht der Versammlungsfreiheit an (das waren ja alles Spontandemos!), um die \u201eGesundheit\u201c zu sch\u00fctzen (wie es der SED-Geisel-G\u00e4ngster formulierte). Ich sehe keinen Unterschied mehr zu China. Beim CSD eine Woche zuvor war das alles kein Problem, da war \u201eGesundheit\u201c kein Thema!! Die Sache ist also eindeutig und dieser Staat l\u00fcgt nur noch, um den Schein zu wahren. In den Medien die Propaganda und die Mitl\u00e4ufer klatschen. An was erinnert uns das? Wenn nur ein Farbiger so massiv angegriffen worden w\u00e4re von der \u201ePolizei\u201c, dann w\u00e4re hier die H\u00f6lle los!<br \/>\n3.8.2021,F.S.<\/p>\n<p><strong>Zeugenbericht<\/strong><br \/>\nMeine Frau und ich sind am Sonntag w\u00e4hrend unseres \u00fcblichen Stadtspaziergangs ebenfalls Zeugen eines solchen \u00dcbergriffs geworden. Vor dem Brandenburger Tor wurde ein junger Mann, der gerade auf sein Handy sah, von einem glatzk\u00f6pfigen Beamten ohne jeglichen Anlass von hinten angegriffen und zu Boden gesto\u00dfen. Dabei ging auch das Handy des jungen Mannes zu Bruch.<br \/>\nAuf die Frage der Umstehenden, was diese Gewalt soll, wurde allen (und auch uns) mit Verhaftung gedroht. Unglaublich. Personen, die auf die Polizei zugingen und das Gespr\u00e4ch suchten, wurde brutal ins Gesicht geschlagen. Meine Frau hat dann den aggressiven Beamten fotografiert. Auch andere Personen haben diese \u00dcbergriffe der Polizei mit ihrem Handy dokumentiert. Man sollte einen Zeugenaufruf machen, wo sich alle Gesch\u00e4digten melden k\u00f6nnen. Wir w\u00fcrden das Vorgehen der Polizei auch vor Gericht bezeugen.<br \/>\n3.8.2021, J.L.<\/p>\n<p><strong>Ja. Kinder auf die Demos mitnehmen<\/strong><br \/>\nIch hoffe, da\u00df es massiv Klagen gegen diese Polizeigewalt gegen\u00fcber \u00fcberwiegend friedlichen Demonstranten hagelt. Es kann nicht sein, da\u00df man hinterr\u00fccks zu Boden gerissen und am Boden liegend von polizeilichen Faustschl\u00e4gen traktiert wird, wie in etlichen Szenen zu sehen. \u2013<br \/>\nJa, ich bin unbedingt daf\u00fcr, da\u00df auch Kinder mitgenommen werden. Wo sollen sie denn sonst praktischen Anschauungsunterricht \u00fcber die demokratischen Gepflogenheiten im besten Deutschland aller Zeiten bekommen? Wenn einem der Vater in Handschellen abgef\u00fchrt wird, das kann einem Kind kein Schulbuch ersetzten. Bei der n\u00e4chsten Exkursion sollten die Kinder dann die Polizei bei Eins\u00e4tzen gegen die zugewanderte Partyszene begleiten. Da k\u00f6nnen sie dann lernen, wie die Pozzelei, die gestern noch friedliche B\u00fcrger verm\u00f6belt hat, nun selbst von ernstzunehmenden Gegnern durch die Stra\u00dfen gejagt und verpr\u00fcgelt wird.<br \/>\n3.8.2021, Ger<\/p>\n<p><strong>Dieser Polizist hat ein Kind angegriffen und brutal auf den R\u00fccken geworfen<\/strong>. Nicht mehr mein Land, wenn diese Schandtat nicht geahndet wir<br \/>\n3.8.2021, Bab<\/p>\n<p><strong>Die Polizeibeamte \u2013 und es sind per Definition allesamt Beamte \u2013<\/strong><br \/>\nsind auf die Freiheitliche Demokratische Grundordnung und das Grundgesetz vereidigt worden; das strikte Einhalten dieser Rechtsordnung ist auch konstituierend f\u00fcr ihren Beamtenstatus und den Verbleib im Staatsdienst. Sie h\u00e4tten alle, jede\/r einzelne f\u00fcr sich, die formale Rechtslage, also die Demonstrationsverbote etc., gegen die Grundordnung und die legitimen Teile der Rechtsordnung pr\u00fcfen m\u00fcssen und erkennen m\u00fcssen, dass das Demonstrationsverbot sowie das Gebot, Masken in der \u00d6ffentlichkeit zu tragen, fundamental und unab\u00e4nderlich ein glatter Rechtsbruch ist. Dementsprechend h\u00e4tten sie das Durchsetzen dieser rechtsordnungsbrechenden und damit automatisch nichtigen Verbote ablehnen m\u00fcssen und stattdessen unmittelbar gegen die T\u00e4ter in den Parlamenten und Verwaltungen vorgehen m\u00fcssen, die Unrechtsbefehle erlassen haben.<br \/>\nDas ist es, wozu sie, jede\/r Einzelne, unmittelbar durch die Rechtsordnung zwingend verpflichtet gewesen waren und sind.<br \/>\n3.8.2021, Bha<\/p>\n<p><strong>Ist Berlin nicht die Stadt, die einen Sportplatz nach George Floyd<\/strong><br \/>\nbenannt hat und auch noch eine Stra\u00dfe nach ihm benennen will? Die Schilderung des Autors dokumentiert eine \u00e4hnliche Polizeigewalt gegen den jungen Mann in Berlin wie gegen George Floyd in den USA ausge\u00fcbt wurde. H\u00e4tte dieser junge Mann nicht beispielsweise eine Herzerkrankung haben k\u00f6nnen und auch an den Folgen der Polizeigewalt sterben k\u00f6nnen? Das heutige Berlin steht nur verbal f\u00fcr Weltoffenenheit und Toleranz, im Handeln allerdings f\u00fcr autorit\u00e4re Polizeigewalt gegen Regierungskritiker. Sch\u00e4men sollten sich alle Politiker Beamten und Journalisten, die diese Polizeigewalttaten unterst\u00fctzen.<br \/>\n3.8.2021, G.J.<\/p>\n<p><strong>In den Alten Zeiten der Bundesrepublik haben sich die 68\u2019er<\/strong><br \/>\n\u00fcber Polizeigewalt beschwert. Heute sich sie und ihre geistigen Nachfahren an den Schaltstellen der Macht und gehen mit noch brutaleren Methoden als damals gegen Demonstranten vor. Der ultimative Hohn ist die Polizei den Eltern vorwirft, ihre Kinder als Schutzschilde zu missbrauchen. Das ist sind genau die Methoden, die autokratische Systeme verwenden, um Kritik und Proteste zu unterdr\u00fccken. Aber wahrscheinlich braucht die Berliner Polizei als Gegner Antifa Gruppen, damit Waffengleichheit herrscht!<br \/>\n3.8.2021, HGV<br \/>\nEnde Kommentare<br \/>\n.<\/p>\n<p><strong>Demo 1.8.2021 in Berlin: Wie Regierung und Medien Hass s\u00e4en<\/strong><br \/>\nLiebe Leserinnen und Leser, der Sonntag hat mich aufgew\u00fchlt. Ich kam mit schlotternden Knien nach Hause, nach acht Stunden Berichterstattung von den verbotenen Corona-Demonstrationen in der Hauptstadt. Ein Mitarbeiter aus meinem Team hat aus meinen Aufnahmen aus dem Livestream und aus seinen eigenen zwei kurze Streifen zusammengeschnitten, die aufw\u00fchlen. Mehrere Kollegen und Freunde haben mich angerufen oder angeschrieben, nachdem sie die Szenen gesehen haben, und waren ihrerseits aufgew\u00fchlt. Ja schockiert. Einige schrieben mir, dass sie weinen mussten. Und dass sie danach lange nicht einschlafen konnten.<br \/>\n&#8230; Alles vom 3.8.2021 zum Wochenbriefing bitte lesen auf<br \/>\n<a href=\"https:\/\/www.reitschuster.de\">https:\/\/www.reitschuster.de<\/a><\/p>\n<p>Brutale Szenen: Wie Berliner Polizei bei der verbotenen &#8222;Corona-Demo&#8220; zugriff:<br \/>\n<a href=\"https:\/\/rumble.com\/vkma4p-brutale-szenen-wie-berliner-polizei-bei-der-verbotenen-corona-demo-zugriff.html\">https:\/\/rumble.com\/vkma4p-brutale-szenen-wie-berliner-polizei-bei-der-verbotenen-corona-demo-zugriff.html<\/a><br \/>\nInzwischen sorgen noch weitere Szenen von Polizeigewalt f\u00fcr Aufsehen in den sozialen Medien. Etwa dieses Kurz-Video mit folgendem Begleittext: \u201eBerlin, Polizist schl\u00e4gt einem kleinen Jungen auf den Kopf, weil er sich Sorgen um seine Mutter macht\u201c (auf Youtube wurde das Video sofort wieder indirekter Zensur unterworfen, indem es mit einer Altersbeschr\u00e4nkung auf 18 Jahre versehen wurde \u2013 damit k\u00f6nnen es nur Nutzer sehen, die sich ausgewiesen haben. Viele schreckt das ab. Wiederholt wurden zuletzt auch harmlose Interviews mit solchen Altersbeschr\u00e4nkungen versehen). Zensurfrei finden Sie das Video hier auf rumble,<br \/>\n<a href=\"https:\/\/rumble.com\/vko8dg-berliner-prgel-polizei-schlgt-sie-bei-demos-auch-kinder-von-youtube-via-18-.html\">https:\/\/rumble.com\/vko8dg-berliner-prgel-polizei-schlgt-sie-bei-demos-auch-kinder-von-youtube-via-18-.html<\/a><br \/>\nmit Altersbeschr\u00e4nkung auf YouTube hier.<br \/>\n<a href=\"https:\/\/www.youtube.com\/watch?v=QJnD60RoeYE\">https:\/\/www.youtube.com\/watch?v=QJnD60RoeYE<\/a><\/p>\n<p>Ein kleiner Junge wird auf den Boden gschlagen<br \/>\n<a href=\"https:\/\/twitter.com\/i\/status\/1421790015806377990\">https:\/\/twitter.com\/i\/status\/1421790015806377990<\/a><\/p>\n<p>Gewalt der Berliner Polizei jetzt im Fokus des UN-Folter-Sonderberichterstatters<br \/>\n&#8230;. Alles vom 3.8.2021 bitte lesen auf<br \/>\n<a href=\"https:\/\/reitschuster.de\/post\/gewalt-der-berliner-polizei-jetzt-im-fokus-des-un-folter-sonderberichterstatters\/\">https:\/\/reitschuster.de\/post\/gewalt-der-berliner-polizei-jetzt-im-fokus-des-un-folter-sonderberichterstatters\/<\/a><\/p>\n<p>.<\/p>\n<p><strong>Rechtsanwalt Markus Haintz im Interview zur Demo 1.8.2021<\/strong><br \/>\nAm 01.08. zogen tausende Demonstranten durch Berlin, um gegen die Corona-Ma\u00dfnahmen der Regierung zu protestieren und das trotz Verbot. Es gab vielerorts Absperrungen, mehr als 2000 Polizeikr\u00e4fte waren im Einsatz, es gab rund 500 Festnahmen, hie\u00df es am Abend&#8230;.<br \/>\n<a href=\"https:\/\/youtu.be\/kIB923WjZgY\">https:\/\/youtu.be\/kIB923WjZgY<\/a><br \/>\nNachdem sich am sp\u00e4ten Abend die Stra\u00dfen wieder geleert hatten, sprachen wir mit Rechtsanwalt und B\u00fcrgerrechtsaktivist Markus Haintz dar\u00fcber, wie er den Tag erlebt hat.<br \/>\n.. Alles vom 3.8.2021 bitte lesen auf<br \/>\n<a href=\"https:\/\/www.epochtimes.de\/politik\/deutschland\/rechtsanwalt-markus-haintz-nach-querdenken-demos-in-berlin-ich-wurde-noch-nie-so-oft-herumgeschubst-wie-heute-a3569868.html\">https:\/\/www.epochtimes.de\/politik\/deutschland\/rechtsanwalt-markus-haintz-nach-querdenken-demos-in-berlin-ich-wurde-noch-nie-so-oft-herumgeschubst-wie-heute-a3569868.html<\/a><\/p>\n<p>&nbsp;<\/p>\n<p><strong>Wie politisch war der Polizeieinsatz gegen Corona-Skeptiker?<\/strong><br \/>\nAm 24. Juli feierten in Berlin rund 65.000 Menschen dicht gedr\u00e4ngt den Christopher Street Day. Politik, Gerichte und die Polizei hatten damit kein Problem. Gestern demonstrierten rund 5000 Corona-Skeptiker auf Berliner Stra\u00dfen. Gerichte sprachen Verbote aus, und die Polizei ging hart gegen die Demonstranten vor.<br \/>\nWarum verhalten sich Gerichte und Polizei in dem einen Fall so, in dem anderen so? Wird das Demonstrationsrecht in der Hauptstadt politisch instrumentalisiert? Der Schluss liegt nahe, denn obwohl sich die Delta-Variante des Corona-Virus auch in Deutschland rasant ausbreitet, war der CSD mit 65.000 Menschen am 24. Juli f\u00fcr die Genehmigungsbeh\u00f6rden kein Problem. Im Gegenteil, Politiker begr\u00fc\u00dften den Aufmarsch, Berlins linker Kultursenator Klaus Lederer k\u00fcndigte an, er wolle Berlin zur \u201equeeren Freiheitszone\u201c machen.<br \/>\n&#8230;<br \/>\nManaf Hassan, @manaf12hassan 1. Aug.<br \/>\nWer das \u201egerechtfertigt\u201c, \u201everh\u00e4ltnism\u00e4\u00dfig\u201c oder \u201ebegr\u00fcndet\u201c findet, ist ein kranker Mensch, der sich &amp; seine Sichtweisen ganz dringend hinterfragen sollte. Generell sollten sich viele mal fragen, was in den letzten Monaten bei ihnen schief gelaufen ist. #b0108<br \/>\n<a href=\"https:\/\/twitter.com\/manaf12hassan\/status\/1421868165898833924\">https:\/\/twitter.com\/manaf12hassan\/status\/1421868165898833924<\/a><br \/>\n.<br \/>\nArtemi, Patriotin von Geburt, @artemi_ecrit<br \/>\nIch habe keine Worte mehr. Einfach keine Worte mehr \u2026<br \/>\n<a href=\"https:\/\/twitter.com\/i\/status\/1421845062212898823\">https:\/\/twitter.com\/i\/status\/1421845062212898823<\/a><br \/>\n&#8230;<br \/>\nEs f\u00e4llt schwer, hinter diesen so unterschiedlichen Einsatzstrategien der Polizei keinerlei politische Motive zu vermuten. Denn vom Charakter der Veranstaltungen her waren beim CSD und bei den Querdenker-Demonstrationen gleiche Ma\u00dfst\u00e4be anzulegen. Auch handelte es sich beide Male um Veranstaltungen im Freien mit einem entsprechend geringeren Ansteckungsrisiko. Und dennoch wurde bei Gericht mit zweierlei Ma\u00df gemessen, weil die eine Veranstaltung politisch genehm, die andere hingegen unangenehm war.<br \/>\nWenn aber politische Motive zur Grundlage gerichtlicher Entscheidungen \u00fcber das Demonstrationsrecht werden und die Polizei ihre Einsatztaktik an diesen Motiven ausrichtet, dann hat der Rechtsstaat ausgedient. So etwas spielt immer nur jenen in die H\u00e4nde, die mit Recht und Demokratie grunds\u00e4tzlich nichts am Hut haben.<br \/>\n&#8230; Alles vom 2.8.2021 von G\u00fcnther Lachmann bitte lesen au<br \/>\n<a href=\"https:\/\/twitter.com\/i\/status\/1421845062212898823\">https:\/\/www.geolitico.de\/2021\/08\/02\/politischer-polizeieinsatz-gegen-corona-skeptiker\/<\/a><br \/>\n.<br \/>\n<em>Der Publizist G\u00fcnther Lachmann befasst sich in seinen Beitr\u00e4gen unter anderem mit dem Wandel des demokratischen Kapitalismus. Er ver\u00f6ffentlichte mehrere B\u00fccher, darunter gemeinsam mit Ralf Georg Reuth die Biografie \u00fcber Angela Merkels Zeit in der DDR: &#8222;Das erste Leben der Angela M.&#8220;<br \/>\n<\/em>\u00a0.<br \/>\nEinige Kommentare:<br \/>\n<strong>Berlin &#8211; Belarus &#8211; Moskau<\/strong><br \/>\nSoll sich einer aus der Laienschauspielerschar in Bundes- und Landesregierungen nochmal \u00fcber Russland, Ungarn oder Polen und deren Rechtsstaatlichkeit echauffieren. Das Verhalten der Berliner Polizei \u00e4hnelt dem der Polizei bei Verbotenen Demos in Belarus oder Moskau. Der feiste Herr Geisel kann seine Wurzeln als SED Kader nicht verleugnen<br \/>\n2.8.2021, H.H.<\/p>\n<p><strong>Dieses absolut plump offensichtliche Messen mit zweierlei Ma\u00df<\/strong><br \/>\nist eine b\u00f6se, provozierende und gef\u00e4hrliche Angelegenheit. Vielleicht hat das sogar System, denn es mag Leute geben, die geradezu auf die Provokation abzielen, und zwar in der Hoffnung, dass die Kritiker der Corona-Politik dann irgendwann doch doch die Nerven verlieren und zur Gewalt greifen. Das wiederum k\u00e4me unseren heutigen staatlichen Amtstr\u00e4gern sehr gelegen, denn dann k\u00f6nnten sie den gro\u00dfen Kn\u00fcppel rausholen und die unbequeme au\u00dferparlamentarische Opposition endlich kriminalisieren.<br \/>\nGef\u00e4hrlich ist das Messen mit zweierlei Ma\u00df aber auch deshalb, weil ein Staat eben nur als Rechtsstaat Legitimation gewinnt.<br \/>\nBereits der Kirchenvater Augustinus hat im 5. Jahrhundert zu einem Staat, der sich selbst nicht an das Recht h\u00e4lt, jenen bekannten Satz gesagt: \u201cNimm das Recht weg \u2013 was ist dann ein Staat noch anderes als eine gro\u00dfe R\u00e4uberbande.\u201d<br \/>\n2.8.2021, W.W.<\/p>\n<p><strong>Der Artikel 5 des Grundgesetzes wei\u00df<\/strong><br \/>\nweder etwas von einer richtigen Gesinnung der Demonstranten noch etwas von einer Einsch\u00e4tzung \u00fcber das erwartbare Verhalten durch Beh\u00f6rden und Richter \u2026 \u2026<br \/>\n2.8.2021, Ger<br \/>\nEnde Kommentare<\/p>\n<p>.<\/p>\n<p>&nbsp;<\/p>\n<p><strong>Dokumentierte Polizeigewalt &#8211; indiziert<\/strong><br \/>\n<strong>Berlin: Demonstrant stirbt nach Festnahme durch die Polizei <\/strong><br \/>\n<strong>Von Reitschuster dokumentierte Polizei-\u00dcbergriffe landen auf Index<\/strong><br \/>\nEin 49-J\u00e4hriger stirbt nach Festnahme in Berlin an einem Herzinfarkt. Boris Reitschuster hat weitere Bilder der Polizei\u00fcbergriffe zusammengetragen. Dabei musste der Journalist sich mehr als einmal auch selbst lautstark Polizei\u00fcbergriffen erwehren (siehe hier). Reitschuster zeigt in Ausschnitten seines stundenlangen Live-Streams auch schonungslos ein teils renitentes Verhalten der Demonstranten gegen die Polizei \u2013 aber rein gar nichts rechtfertigt, was die Aufnahmen an \u00dcbergriffen des Staates gegen seine B\u00fcrger zeigen. Bilder, die potentielle Teilnehmer an weiteren Demos in Zukunft abschrecken sollen?<a href=\"https:\/\/www.youtube.com\/watch?v=cDkqlEZdazU\">https:\/\/www.youtube.com\/watch?v=cDkqlEZdazU<\/a><br \/>\n<a href=\"https:\/\/youtu.be\/cDkqlEZdazU\">https:\/\/youtu.be\/cDkqlEZdazU<\/a><br \/>\n&#8230;<br \/>\nInteressant ist, dass die Staatsmacht letztlich aber auf solche engagierten Filmer zu hoffen scheint, denn es gibt viele, die sich von solchen Szenen, wie sie Reitschuster und weitere Live-Streamer gemacht haben, wirklich abschrecken lassen, die zu Recht Angst bekommen und dann eben nicht mehr auf die Stra\u00dfe gehen, um ihr Grundrecht auf Demonstrationsfreiheit in Anspruch zu nehmen.<br \/>\nWir m\u00fcssen hier kaum mehr erw\u00e4hnen, dass noch wenige Tage zuvor in Berlin ein Christopher-Street-Day (CSD) genehmigt wurde mit zehntausenden Teilnehmern, aber eine regierungskritische Demonstration jetzt verboten wurde. Wobei man dem CSD seine politische Nuance gar nicht absprechen will, aber es ist die politische Dimension einer Konfetti-Kanone im Bundestag.<br \/>\nKommen wir zu diesen ikonografischen Bildern im Reitschuster-Video. Hier pr\u00e4gt sich ein Bild besonders ein: Ein etwa zehn, elf, vielleicht zw\u00f6lf Jahre alter Junge mit l\u00e4ngeren blonden Locken im roten T-Shirt, kurzer blauer Hose, und stabilen Lederschuhen hinter Polizisten in Kampfmontur herlaufend, die gerade den Vater des Jungen unter Einsatz mehrerer Beamten wegschleppen, ohne dass hier auch nur ansatzweise die Idee entstehen k\u00f6nnte, der Mann w\u00e4re gerade renitent gegen die Festnahme. Um den hinterherlaufenden Jungen k\u00fcmmert sich niemand, Boris Reitschuster gelingt es, den Kleinen anzusprechen, der best\u00e4tigt, was man sowieso sieht: sein Vater wird gerade abgef\u00fchrt.<br \/>\n&#8230;.<br \/>\nWas von den Protesten bleiben wird, sind m\u00e4chtige Bilder aus dem europ\u00e4ischen Ausland, vorwiegend aus Frankreich, wo nach Angaben des franz\u00f6sischen Innenministeriums am Samstag bei 180 Protestaktionen \u00fcber 200.000 Menschen ihrem Unmut gegen die Corona-Ma\u00dfnahmen und die sich anbahnenden Impfzw\u00e4nge bekundeten \u2013 auch hier \u00fcbrigens gegen teils massive Gewaltanwendung der Staatsmacht.<br \/>\nIn Deutschland ist es von 2020 auf 2021 offenbar gelungen, den Protest der Massen niederzuringen, die letzten F\u00fcnftausend werden jetzt noch h\u00e4rter behandelt, so dass damit auch bald Schluss ist. Und dieser Zustand \u2013 der Verlust eines gewichtigen Teils der B\u00fcrgerrechte \u2013 ist auch ma\u00dfgeblich in der Verantwortung der Medienmacher und des \u00f6ffentlich-rechtlichen Rundfunks in diesem Land.<br \/>\n&#8230; Alles von Alexander Wallasch vom 2.8.2021 bitte lesen auf<br \/>\n<a href=\"https:\/\/www.alexander-wallasch.de\/\">https:\/\/www.alexander-wallasch.de\/<\/a><\/p>\n<p>.<\/p>\n<p>&nbsp;<\/p>\n<p><strong>Demonstratonsrecht gilt f\u00fcr alle gleich<\/strong><br \/>\nAm 25.7.2021 demonstrierten ca 60.000 Menschen am Berliner Christopher-Street-Day (CSD) in Berlin, am 29.7.2021 wurde von der gleichen Berliner Beh\u00f6rde eine f\u00fcr den 1.8.2021 angemeldete Querdenker-Demo verboten. Zweierlei Recht, das hier von der Journalistin unerw\u00e4hnt bleibt.<br \/>\nUnabh\u00e4ngig davon, ob man CSD oder Querdenker sympathisch findet oder nicht, das Demonstrationsrecht mu\u00df f\u00fcr alle B\u00fcrger gleicherma\u00dfen gelten. Also entweder beide Demos verbieten oder beide zulassen. Gute und b\u00f6se Demos darf es im Rechtsstaat nicht geben, sondern nur in totalit\u00e4ren Systemen.<br \/>\nDas Demonstrationsrecht als hohes Gut der Demokratie vertr\u00e4gt keine doppelten Standards.<br \/>\n1.8.2021,<\/p>\n<p>&nbsp;<\/p>\n","protected":false},"excerpt":{"rendered":"<p>Home\u00a0&gt;Engagement\u00a0&gt;Zukunft\u00a0&gt;Demokratie &gt;Demo &gt;Berlin-Demo-Querdenker1-8-2021 Friedensdemo 5.8.2023 in Berlin (31.7.2023) Polizeigewalt gegen Vater, alte Frau und Rollstuhlfahrer\u00a0(8.1.2022) Die Stra\u00dfe in den Totalitarismus \u2013 von C.J. Hopkins (6.8.2021) Demonstration unterm Damoklesschwert &#8211; Interview mit Ballweg (5.8.2021) Polizeigewalt in Berlin: UN-Sonderbeauftragter k\u00fcndigt Intervention an &hellip; <a href=\"https:\/\/www.freiburg-schwarzwald.de\/blog\/engagement\/zukunft\/demokratie\/berlin-demo-querdenker1-8-2021\/\">Weiterlesen <span class=\"meta-nav\">&rarr;<\/span><\/a><\/p>\n","protected":false},"author":2,"featured_media":0,"parent":21084,"menu_order":0,"comment_status":"closed","ping_status":"closed","template":"","meta":{"footnotes":""},"class_list":["post-93219","page","type-page","status-publish","hentry"],"_links":{"self":[{"href":"https:\/\/www.freiburg-schwarzwald.de\/blog\/wp-json\/wp\/v2\/pages\/93219","targetHints":{"allow":["GET"]}}],"collection":[{"href":"https:\/\/www.freiburg-schwarzwald.de\/blog\/wp-json\/wp\/v2\/pages"}],"about":[{"href":"https:\/\/www.freiburg-schwarzwald.de\/blog\/wp-json\/wp\/v2\/types\/page"}],"author":[{"embeddable":true,"href":"https:\/\/www.freiburg-schwarzwald.de\/blog\/wp-json\/wp\/v2\/users\/2"}],"replies":[{"embeddable":true,"href":"https:\/\/www.freiburg-schwarzwald.de\/blog\/wp-json\/wp\/v2\/comments?post=93219"}],"version-history":[{"count":6,"href":"https:\/\/www.freiburg-schwarzwald.de\/blog\/wp-json\/wp\/v2\/pages\/93219\/revisions"}],"predecessor-version":[{"id":114178,"href":"https:\/\/www.freiburg-schwarzwald.de\/blog\/wp-json\/wp\/v2\/pages\/93219\/revisions\/114178"}],"up":[{"embeddable":true,"href":"https:\/\/www.freiburg-schwarzwald.de\/blog\/wp-json\/wp\/v2\/pages\/21084"}],"wp:attachment":[{"href":"https:\/\/www.freiburg-schwarzwald.de\/blog\/wp-json\/wp\/v2\/media?parent=93219"}],"curies":[{"name":"wp","href":"https:\/\/api.w.org\/{rel}","templated":true}]}}