{"id":92813,"date":"2021-07-23T13:10:04","date_gmt":"2021-07-23T11:10:04","guid":{"rendered":"https:\/\/www.freiburg-schwarzwald.de\/blog\/?page_id=92813"},"modified":"2022-04-01T12:38:58","modified_gmt":"2022-04-01T10:38:58","slug":"bauernladen","status":"publish","type":"page","link":"https:\/\/www.freiburg-schwarzwald.de\/blog\/business\/handel\/bauernladen\/","title":{"rendered":"Bauernladen"},"content":{"rendered":"<p>Home &gt;<a title=\"Business\" href=\"https:\/\/www.freiburg-schwarzwald.de\/blog\/business\/\">Business<\/a>\u00a0&gt;<a title=\"Handel\" href=\"https:\/\/www.freiburg-schwarzwald.de\/blog\/business\/handel\/\">Handel<\/a> &gt;<a href=\"https:\/\/www.freiburg-schwarzwald.de\/blog\/business\/handel\/laden\/\">Laden<\/a> &gt;<a href=\"https:\/\/www.freiburg-schwarzwald.de\/blog\/business\/handel\/hofladen\/\">Hofladen<\/a> &gt;Bauernladen<\/p>\n<div id=\"attachment_92751\" style=\"width: 649px\" class=\"wp-caption alignnone\"><a href=\"https:\/\/www.freiburg-schwarzwald.de\/blog\/wp-content\/uploads\/2021\/07\/kirchzarten-burg-birkenhof2107pan.jpg\"><img loading=\"lazy\" decoding=\"async\" aria-describedby=\"caption-attachment-92751\" class=\"size-full wp-image-92751\" src=\"https:\/\/www.freiburg-schwarzwald.de\/blog\/wp-content\/uploads\/2021\/07\/kirchzarten-burg-birkenhof2107pan.jpg\" alt=\"\" width=\"639\" height=\"325\" srcset=\"https:\/\/www.freiburg-schwarzwald.de\/blog\/wp-content\/uploads\/2021\/07\/kirchzarten-burg-birkenhof2107pan.jpg 639w, https:\/\/www.freiburg-schwarzwald.de\/blog\/wp-content\/uploads\/2021\/07\/kirchzarten-burg-birkenhof2107pan-180x92.jpg 180w\" sizes=\"auto, (max-width: 639px) 100vw, 639px\" \/><\/a><p id=\"caption-attachment-92751\" class=\"wp-caption-text\">Sonnenuntergang bei Freiburg im Juli 2021: Dreisamtal bei Kirchzerten Burg-Birkenhof<\/p><\/div>\n<ul>\n<li><a href=\"https:\/\/www.freiburg-schwarzwald.de\/blog\/cap-markt-laden-supermarkt\/\">CAP-Markt: Dorfladen \u2013 Supermarkt<\/a>\u00a0(25.3.2022)<\/li>\n<li>S&#8217;Bergbure in Hinterzarten-Windeck (21.7.2021)<\/li>\n<\/ul>\n<p>&nbsp;<\/p>\n<p><strong>S&#8217;Bergbure in Hinterzarten-Windeck<\/strong><br \/>\n<strong>S\u2019Bergbure Naturprodukte: Schafsmilchseifen und Zirbelholzkissen<\/strong><br \/>\nHinterzarten (de.) Als gelernte Dorfhelferein und lange Jahre im l\u00e4ndlichen Raum t\u00e4tig, hatte Barbara Winterhalter schon immer einen Bezug zu Heilmitteln aus der Natur. Im vergangenen Jahr stie\u00df sie auf das Zirbenholz, das mit seinem \u00e4therischen \u00d6l vielf\u00e4ltige Wirkungen entfaltet. Zirbenholz hat eine enorm beruhigende Wirkung und senkt nicht nur den Herzschlag, sondern auch den Blutdruck. Es sorgt f\u00fcr innere Ruhe und einen besseren Schlaf, wodurch die k\u00f6rperliche und mentale Belastbarkeit gesteigert wird. Dar\u00fcber hinaus l\u00e4sst uns Zirbenholz besser durchatmen und schafft Erleichterung bei Grippesymptomen wie Husten und Schnupfen. Hilfreich sind die Kissen auch bei Muskelverspannungen. Zirbenholzkissen<br \/>\nVon dieser Wirkung \u00fcberzeugt, verschenkte Barbara Winterhalter Freunden und Bekannten hin und wieder mit Zirbelholzsp\u00e4nen gef\u00fcllte Kissen, die gro\u00dfen Anklang fanden. \u00dcber Mund-zuMund-Propaganda begannen immer mehr Menschen bei ihr zu bestellen und schnell entstand die Idee, Zirbelholzkissen f\u00fcr den Verkauf zu produzieren. Seit Mai 2021 ist sie deshalb mit einem Stand auf dem Hinterzartener Wochenmarkt vertreten und verkauft dort ihre kleinen Kissen mit gro\u00dfer Wirkung. Die Kissen gibt es in drei Gr\u00f6\u00dfen &#8211; 15&#215;20, 30&#215;30 und 40&#215;40 cm \u2013 und mit unterschiedlichen Stoffmustern. Im Trend sind vor allem Schwarzwaldmotive. Beim N\u00e4hen wird sie von Jeanette Hofmaier-Kerler unterst\u00fctzt.<br \/>\nDas Holz gibt die \u00e4therischen \u00d6le bis zu einem Dreivierteljahr ab. Danach k\u00f6nnen es mit Zirbenholz\u00f6l wieder angereichert werden. Neben dem \u00d6l, das &#8211; auf die Haut aufgebracht &#8211; Zecken abhalten kann, hat Barbara Winterhalter auch Zirbenholzrosen, die die Raumluft verbessern und Motten vertreiben k\u00f6nnen, im Angebot. Naturseifen aus s\u2019Bergbure Schafsmilch<br \/>\nDie Winterhalters leben auf dem <a href=\"https:\/\/www.freiburg-schwarzwald.de\/blog\/regio\/orte\/hinterzarten\/\">Windeck<\/a> und halten Milchschafe, die dort als nat\u00fcrliche Rasenm\u00e4her die Gr\u00fcnfl\u00e4che freihalten. Ihre Milch ist die Grundlage ihrer Schafsmilch-Seifen. Zusammen mit Kokosfett und Shea-Butter entsteht daraus ein perfektes Pflegeprodukt.<br \/>\nHergestellt wird die Seife im Labor von Melanie G\u00f6ppert in der Ortenau. Von ihr bezieht Barbara Winterhalter weitere Seifen und kann deshalb den KundInnen K\u00f6rper-, Haar-, Gesichts- und Rasierseifen mit unterschiedlichen Rezepturen anbieten. Sie sind alle als kosmetische Produkte zertifiziert und auf ihre Hautvertr\u00e4glichkeit hin getestet. Interessant ist eine Kohleseife aus Schwarzw\u00e4lder Holzkohle, mit der aufgrund des sanften Scheuereffekts Waldarbeiter- oder Gartenarbeitsh\u00e4nde gut gereinigt werden k\u00f6nnen. Auch eine Sp\u00fclseife ist im Sortiment.<br \/>\nDie Seifen sind als handgefertigte Naturprodukte beliebt, dar\u00fcber hinaus sch\u00e4tzen die K\u00e4uferInnen, dass sie m\u00fcllfrei einkaufen k\u00f6nnen. Denn Seifen kommen ohne Plastiktuben aus. Reine Schafwolle und mehr \u2026 Schafe produzieren nicht nur Milch, sondern auch Wolle, die ebenfalls gekauft werden kann. Diese Rohwolle kann als Wasserspeicher auch im Gem\u00fcse- oder Blumengarten eingesetzt werden. Au\u00dferdem m\u00f6gen Schnecken den Wollgeruch nicht und k\u00f6nnen damit vertrieben werden.<\/p>\n<p>.<br \/>\nS\u2019Bergbure Produkte sind auf dem Hinterzartener Wochenmarkt oder \u00fcber den Online-Shop erh\u00e4ltlich. In naher Zukunft will Barbara Winterhalter aber ihren Traum eines Hofladens verwirklichen, so dass bei \u201eS\u2019Bergbure\u201c direkt eingekauft werden kann. Weitere Informationen: <a href=\"https:\/\/www.bergbure.de\">https:\/\/www.bergbure.de<\/a><\/p>\n<p>&#8230; Alles vom 21.7.2021 von Dagmar Engesser bitte lesen auf <a href=\"https:\/\/www.dreisamtaeler.de\">https:\/\/www.dreisamtaeler.de<\/a><\/p>\n<p>&nbsp;<\/p>\n","protected":false},"excerpt":{"rendered":"<p>Home &gt;Business\u00a0&gt;Handel &gt;Laden &gt;Hofladen &gt;Bauernladen CAP-Markt: Dorfladen \u2013 Supermarkt\u00a0(25.3.2022) S&#8217;Bergbure in Hinterzarten-Windeck (21.7.2021) &nbsp; S&#8217;Bergbure in Hinterzarten-Windeck S\u2019Bergbure Naturprodukte: Schafsmilchseifen und Zirbelholzkissen Hinterzarten (de.) Als gelernte Dorfhelferein und lange Jahre im l\u00e4ndlichen Raum t\u00e4tig, hatte Barbara Winterhalter schon immer einen &hellip; <a href=\"https:\/\/www.freiburg-schwarzwald.de\/blog\/business\/handel\/bauernladen\/\">Weiterlesen <span class=\"meta-nav\">&rarr;<\/span><\/a><\/p>\n","protected":false},"author":2,"featured_media":0,"parent":814,"menu_order":0,"comment_status":"closed","ping_status":"closed","template":"","meta":{"footnotes":""},"class_list":["post-92813","page","type-page","status-publish","hentry"],"_links":{"self":[{"href":"https:\/\/www.freiburg-schwarzwald.de\/blog\/wp-json\/wp\/v2\/pages\/92813","targetHints":{"allow":["GET"]}}],"collection":[{"href":"https:\/\/www.freiburg-schwarzwald.de\/blog\/wp-json\/wp\/v2\/pages"}],"about":[{"href":"https:\/\/www.freiburg-schwarzwald.de\/blog\/wp-json\/wp\/v2\/types\/page"}],"author":[{"embeddable":true,"href":"https:\/\/www.freiburg-schwarzwald.de\/blog\/wp-json\/wp\/v2\/users\/2"}],"replies":[{"embeddable":true,"href":"https:\/\/www.freiburg-schwarzwald.de\/blog\/wp-json\/wp\/v2\/comments?post=92813"}],"version-history":[{"count":4,"href":"https:\/\/www.freiburg-schwarzwald.de\/blog\/wp-json\/wp\/v2\/pages\/92813\/revisions"}],"predecessor-version":[{"id":99799,"href":"https:\/\/www.freiburg-schwarzwald.de\/blog\/wp-json\/wp\/v2\/pages\/92813\/revisions\/99799"}],"up":[{"embeddable":true,"href":"https:\/\/www.freiburg-schwarzwald.de\/blog\/wp-json\/wp\/v2\/pages\/814"}],"wp:attachment":[{"href":"https:\/\/www.freiburg-schwarzwald.de\/blog\/wp-json\/wp\/v2\/media?parent=92813"}],"curies":[{"name":"wp","href":"https:\/\/api.w.org\/{rel}","templated":true}]}}