{"id":92642,"date":"2021-07-19T18:02:05","date_gmt":"2021-07-19T16:02:05","guid":{"rendered":"https:\/\/www.freiburg-schwarzwald.de\/blog\/?page_id=92642"},"modified":"2026-04-29T13:19:26","modified_gmt":"2026-04-29T11:19:26","slug":"sexuell","status":"publish","type":"page","link":"https:\/\/www.freiburg-schwarzwald.de\/blog\/selbsthilfe\/frauen\/gender\/sexuell\/","title":{"rendered":"Sexuell"},"content":{"rendered":"<p>Home &gt;<a title=\"Selbsthilfe\" href=\"https:\/\/www.freiburg-schwarzwald.de\/blog\/selbsthilfe\/\">Selbsthilfe<\/a>\u00a0&gt;<a title=\"Frauen\" href=\"https:\/\/www.freiburg-schwarzwald.de\/blog\/selbsthilfe\/frauen\/\">Frauen<\/a>\u00a0&gt;<a title=\"Maenner\" href=\"https:\/\/www.freiburg-schwarzwald.de\/blog\/selbsthilfe\/maenner\/\">Maenner<\/a> &gt;<a href=\"https:\/\/www.freiburg-schwarzwald.de\/blog\/selbsthilfe\/frauen\/gender\/\">Gender<\/a> &gt;Sexuell<\/p>\n<div id=\"attachment_92644\" style=\"width: 647px\" class=\"wp-caption alignnone\"><a href=\"https:\/\/www.freiburg-schwarzwald.de\/blog\/wp-content\/uploads\/2021\/07\/csd-freiburg-stuehlinger210717pan.jpg\"><img loading=\"lazy\" decoding=\"async\" aria-describedby=\"caption-attachment-92644\" class=\"size-full wp-image-92644\" src=\"https:\/\/www.freiburg-schwarzwald.de\/blog\/wp-content\/uploads\/2021\/07\/csd-freiburg-stuehlinger210717pan.jpg\" alt=\"\" width=\"637\" height=\"293\" srcset=\"https:\/\/www.freiburg-schwarzwald.de\/blog\/wp-content\/uploads\/2021\/07\/csd-freiburg-stuehlinger210717pan.jpg 637w, https:\/\/www.freiburg-schwarzwald.de\/blog\/wp-content\/uploads\/2021\/07\/csd-freiburg-stuehlinger210717pan-180x83.jpg 180w\" sizes=\"auto, (max-width: 637px) 100vw, 637px\" \/><\/a><p id=\"caption-attachment-92644\" class=\"wp-caption-text\">CSD am 17.7.2021 in Freiburg St\u00fchlingerplatz &#8211; 5000 Besucher<\/p><\/div>\n<ul>\n<li><em>Listenauswahl eines Beitrags (Artikel\/Datum, Seite\/Inhalt):\u00a0<span style=\"text-decoration: underline;\">Klicken<\/span>\u00a0oder scrollen<\/em><\/li>\n<li><a href=\"https:\/\/www.freiburg-schwarzwald.de\/blog\/selbsthilfe\/frauen\/gender\/sexuell\/fruehsexualisierung\/\">Holzpenisse und Leckt\u00fccher: Sozialistischer Jugendverband \u201eFalken\u201c empfiehlt Sex-Spiele f\u00fcr Kinder ab sechs<\/a>\u00a0(28.4.2026)<\/li>\n<li><a href=\"https:\/\/www.freiburg-schwarzwald.de\/blog\/selbsthilfe\/frauen\/gender\/sexuell\/sexualpaedagogik\/\">P\u00e4dophile Sexualp\u00e4dagogik: \u201eWissenschaftlich\u201c gedecktes Grooming<\/a>\u00a0(10.4.2026)<\/li>\n<li><a href=\"https:\/\/www.freiburg-schwarzwald.de\/blog\/brigitte-bardot-mit-91-gestorben\/\">Brigitte Bardot mit 91 gestorben<\/a>\u00a0(29.12.2025)<\/li>\n<li><a href=\"https:\/\/www.freiburg-schwarzwald.de\/blog\/tatort-kita-fruehsexualisierung\/\">Tatort Kita: Fr\u00fchsexualisierung<\/a>\u00a0(16.11.2025)<\/li>\n<li><a href=\"https:\/\/www.freiburg-schwarzwald.de\/blog\/selbstbestimmungsgesetz-wozu\/\">Selbstbestimmungsgesetz wozu?<\/a>\u00a0(31.8.2025)<\/li>\n<li><a href=\"https:\/\/www.freiburg-schwarzwald.de\/blog\/selbsthilfe\/kinder\/kinder-indoktrinierung\/\">Indoktrination mit Zwangsgeb\u00fchren: Wie ARD und ZDF Kinder sexualisieren<\/a>\u00a0(13.6.2025)<\/li>\n<li><a href=\"https:\/\/www.freiburg-schwarzwald.de\/blog\/selbsthilfe\/frauen\/gender\/trans\/geschlechtsangleichung\/\">Rezension: Ahrbeck\/Felder \u201eWege und Irrwege der Sexualp\u00e4dagogik\u201c<\/a> (15.10.2024)<\/li>\n<li><a href=\"https:\/\/www.freiburg-schwarzwald.de\/blog\/selbsthilfe\/frauen\/gender\/trans\/selbstbestimmungsgesetz\/\">Der schrecklichste Paragraf im neuen Selbstbestimmungsgesetz<\/a>\u00a0(22.8.2023)<\/li>\n<li><a href=\"https:\/\/www.freiburg-schwarzwald.de\/blog\/selbsthilfe\/frauen\/gender\/trans\/geschlechtsangleichung\/\">Wer verdient am Trans-Hype? Pharma und Chirurgen<\/a>\u00a0(22.8.2023)<\/li>\n<li><a href=\"https:\/\/www.freiburg-schwarzwald.de\/blog\/selbsthilfe\/frauen\/gender\/trans\/\">Trans-Frau wegen Vergewaltigung verurteilt \u2013 Verteidigung argumentiert, das Opfer sei \u201etransphob\u201c<\/a>\u00a0(30.7.2023)<\/li>\n<li><a href=\"https:\/\/www.freiburg-schwarzwald.de\/blog\/selbstbestimmungsgesetz-krieg\/\">Selbstbestimmungsgesetz Krieg<\/a>\u00a0(30.4.2023)<\/li>\n<li><a href=\"https:\/\/www.freiburg-schwarzwald.de\/blog\/bildung\/intersektionale-bildung\/\">\u201eIntersektionale P\u00e4dagogik\u201c kommt \u00fcber die BpB in Kitas und Schulen<\/a>\u00a0(3.2.2023)<\/li>\n<li><a href=\"https:\/\/www.freiburg-schwarzwald.de\/blog\/tamponspender-im-maennerklo\/\">Tamponspender im M\u00e4nnderklo<\/a>\u00a0(22.10.2022)<\/li>\n<li><a href=\"https:\/\/www.freiburg-schwarzwald.de\/blog\/selbsthilfe\/kinder\/sexualisierung\/\">Sexualisierung der weiblichen Brust als Diskriminierung<\/a> (17.9.2022)<\/li>\n<li><a href=\"https:\/\/www.freiburg-schwarzwald.de\/blog\/kultur\/leitkultur\/multikulti\/vielfalt\/\">Sexuelle Vielfalt oder kulturelle Vielfalt \u2013 beides geht nicht<\/a>\u00a0(15.9.2022)<\/li>\n<li><a href=\"https:\/\/www.freiburg-schwarzwald.de\/blog\/selbsthilfe\/frauen\/gender\/male-studies\/\">Male Studies als Antwort auf Gender Studies<\/a>\u00a0(8.7.2022)<\/li>\n<li><a href=\"https:\/\/www.freiburg-schwarzwald.de\/blog\/engagement\/zukunft\/frieden\/regenbogen\/\">Regenbogen \u2013 Flagge und Kult<\/a>\u00a0(8.6.2022)<\/li>\n<li>Wie man einen Penis manipuliert &#8211; AGK Potsdam (10.5.2022)<\/li>\n<li>Diverse: nur 0,000959 Prozent der 72 Millionen Versicherten (11,3,2022)<\/li>\n<li><a href=\"https:\/\/www.freiburg-schwarzwald.de\/blog\/selbsthilfe\/frauen\/gender\/sexualbiologie\/\">Ulrich Kutschera: Strafsache Sexualbiologie<\/a> (28.1.2022)<\/li>\n<li><a href=\"https:\/\/www.freiburg-schwarzwald.de\/blog\/doppelmoral-bei-demos-spaltet\/\">Doppelmoral\u00a0 bei Demos spaltet<\/a>\u00a0(21.7.2021)<\/li>\n<li>5.000 Menschen feiern beim CSD in Freiburg (19.7.2021)<\/li>\n<\/ul>\n<ul>\n<li><a title=\"Biologie\" href=\"https:\/\/www.freiburg-schwarzwald.de\/blog\/bildung\/wissenschaft\/biologie\/\">Biologie<\/a><\/li>\n<li><a href=\"https:\/\/www.freiburg-schwarzwald.de\/blog\/selbsthilfe\/frauen\/gender\/\">Gender = soziokulturelles Geschlecht<\/a><\/li>\n<li><a title=\"Feminismus\" href=\"https:\/\/www.freiburg-schwarzwald.de\/blog\/selbsthilfe\/frauen\/feminismus\/\">Feminismus<\/a><\/li>\n<li><a title=\"Familie\" href=\"https:\/\/www.freiburg-schwarzwald.de\/blog\/selbsthilfe\/familie\/\">Familie<\/a><\/li>\n<li><a title=\"Frauenrechte\" href=\"https:\/\/www.freiburg-schwarzwald.de\/blog\/global\/integration\/frauenrechte\/\">Frauenrechte<\/a><\/li>\n<li><a href=\"https:\/\/www.freiburg-schwarzwald.de\/blog\/selbsthilfe\/frauen\/gender\/sexuell\/fruehsexualisierung\/\">Fr\u00fchsexualisierung<\/a><\/li>\n<li><a href=\"https:\/\/www.freiburg-schwarzwald.de\/blog\/selbsthilfe\/frauen\/gender\/gender-sprache\/\">Gender-Sprache<\/a><\/li>\n<li><a href=\"https:\/\/www.freiburg-schwarzwald.de\/blog\/selbsthilfe\/frauen\/gender\/trans\/geschlechtsangleichung\/\">Geschlechtsangleichung<\/a><\/li>\n<li><a href=\"https:\/\/www.freiburg-schwarzwald.de\/blog\/bildung\/intersektionale-bildung\/\">Intersektionale-Bildung<\/a><\/li>\n<li><a href=\"https:\/\/www.freiburg-schwarzwald.de\/blog\/religion\/islam\/islam-sexualitaet\/\">Islam-Sexualitaet<\/a><\/li>\n<li><a href=\"https:\/\/www.freiburg-schwarzwald.de\/blog\/selbsthilfe\/kinder\/kinderschutz\/\">Kinderschutz<\/a><\/li>\n<li><a href=\"https:\/\/www.freiburg-schwarzwald.de\/blog\/selbsthilfe\/kinder\/kinder-indoktrinierung\/\">Kinder-Indoktrinierung<\/a><\/li>\n<li><a href=\"https:\/\/www.freiburg-schwarzwald.de\/blog\/selbsthilfe\/frauen\/gender\/lgbtq\/\">LGBTQ<\/a><\/li>\n<li><a href=\"https:\/\/www.freiburg-schwarzwald.de\/blog\/selbsthilfe\/frauen\/gender\/male-studies\/\">Male-Studies<\/a><\/li>\n<li><a href=\"https:\/\/www.freiburg-schwarzwald.de\/blog\/engagement\/zukunft\/frieden\/regenbogen\/\">Regenbogen<\/a><\/li>\n<li><a href=\"https:\/\/www.freiburg-schwarzwald.de\/blog\/selbsthilfe\/frauen\/gender\/trans\/selbstbestimmungsgesetz\/\">Selbstbestimmungsgesetz<\/a><\/li>\n<li><a href=\"https:\/\/www.freiburg-schwarzwald.de\/blog\/selbsthilfe\/frauen\/gender\/sexualbiologie\/\">Sexualbiologie<\/a><\/li>\n<li><a href=\"https:\/\/www.freiburg-schwarzwald.de\/blog\/selbsthilfe\/kinder\/sexualisierung\/\">Sexualisierung<\/a><\/li>\n<li><a href=\"https:\/\/www.freiburg-schwarzwald.de\/blog\/selbsthilfe\/frauen\/gender\/sexuell\/sexualpaedagogik\/\">Sexualp\u00e4dagogik<\/a><\/li>\n<li><a href=\"https:\/\/www.freiburg-schwarzwald.de\/blog\/selbsthilfe\/krise\/sexuellermissbrauch\/\">SexuellerMissbrauch<\/a><\/li>\n<li><a title=\"Trans\" href=\"https:\/\/www.freiburg-schwarzwald.de\/blog\/selbsthilfe\/frauen\/gender\/trans\/\">Trans<\/a><\/li>\n<li><a href=\"https:\/\/www.freiburg-schwarzwald.de\/blog\/kultur\/leitkultur\/multikulti\/vielfalt\/\">Vielfalt<\/a><\/li>\n<\/ul>\n<p>&nbsp;<\/p>\n<p><strong>Wie man einen Penis manipuliert &#8211; AGK Potsdam<\/strong><br \/>\nDer Gr\u00fcnder und Rektor des Potsdamer Abraham Geiger Kollegs in Potsdam, Walter Homolka, ist von seinem Amt zur\u00fcckgetreten, nachdem Alan Posener in der WELT enth\u00fcllt hatte, dass Homolkas Ehemann und Privatsekret\u00e4r einem Studenten des AGK gegen\u00fcber sexuell \u00fcbergriffig geworden war \u2013 mit einem Video, \u201ein dem zu sehen ist, wie er seinen erigierten Penis manipuliert&#8220;, vulgo: er sich einen runterholt. Man muss daraus keinen Skandal machen. Wenn bei einem evangelischen Kirchentag ein Workshop zum \u201eVulven malen&#8220; angeboten wird,<br \/>\n<a href=\"https:\/\/www.stern.de\/neon\/wilde-welt\/gesellschaft\/-vulven-malen---ein-workshop-des-evangelischen-kirchentages-sorgt-fuer-kritik-8763530.html\">https:\/\/www.stern.de\/neon\/wilde-welt\/gesellschaft\/-vulven-malen&#8212;ein-workshop-des-evangelischen-kirchentages-sorgt-fuer-kritik-8763530.html<\/a><br \/>\ndann kann ein Institut, an dem liberale Rabbiner ausgebildet werden, auch eine Anleitung zur Selbstbefriedigung ins Programm aufnehmen. Man g\u00f6nnt sich ja sonst nichts, und auf ein Ehrenamt mehr oder weniger kommt es wirklich nicht an.<br \/>\n&#8230; Alles vom 10.5.2022 bitte lesen auf<br \/>\n<a href=\"https:\/\/www.achgut.com\/artikel\/fundstueck_wie_man_einen_penis_manipuliert\">https:\/\/www.achgut.com\/artikel\/fundstueck_wie_man_einen_penis_manipuliert<\/a><br \/>\n<a href=\"https:\/\/www.abraham-geiger-kolleg.de\/\">https:\/\/www.abraham-geiger-kolleg.de\/<\/a><\/p>\n<blockquote class=\"wp-embedded-content\" data-secret=\"LkYE6z5Q9w\"><p><a href=\"https:\/\/www.leo-baeck-foundation.org\/\">Home<\/a><\/p><\/blockquote>\n<p><iframe loading=\"lazy\" class=\"wp-embedded-content\" sandbox=\"allow-scripts\" security=\"restricted\" style=\"position: absolute; visibility: hidden;\" title=\"&#8222;Home&#8220; &#8211; Leo Baeck Foundation\" src=\"https:\/\/www.leo-baeck-foundation.org\/embed\/#?secret=tlog4yVZDV#?secret=LkYE6z5Q9w\" data-secret=\"LkYE6z5Q9w\" width=\"600\" height=\"338\" frameborder=\"0\" marginwidth=\"0\" marginheight=\"0\" scrolling=\"no\"><\/iframe><\/p>\n<p>.<\/p>\n<p><strong>Diverse: nur 0,000959 Prozent der 72 Millionen Versicherten<\/strong><br \/>\n<strong>Zahlen rund um das \u201edritte\u201c Geschlecht &#8211; Viel L\u00e4rm um nichts<\/strong><br \/>\nvon Birgit Kelle<\/p>\n<p>Ein \u201edrittes\u201c Geschlecht zu haben ist ja sehr modern. \u00dcberall h\u00f6rt man von Menschen, die sich jetzt \u201enon-bin\u00e4r\u201c verorten und sich dank Gedankenkraft von ihrem K\u00f6rper emanzipieren. Es hat ein bi\u00dfchen was von Gender-Voodoo f\u00fcr den Party-Smalltalk gelangweilter Gro\u00dfstadtkinder.<\/p>\n<p>Fakt ist: Der Massenansturm auf die Standes\u00e4mter, um die 2018 neu geschaffene Option, sich statt als Mann oder Frau jetzt als \u201edivers\u201c im Ausweis registrieren zu lassen, nutzen nicht einmal alle jene Intersexuellen, f\u00fcr die das doch angeblich alles getan wurde. Genaugenommen kann unsere Regierung bis heute keine konkreten Zahlen vorlegen. Seltsam bei einem angeblich so dringenden Problem.<\/p>\n<p>Zumindest die gesetzlichen Krankenversicherungen haben Fakten: 705 Menschen 2021, das sind immerhin 0,000959 Prozent der 72 Millionen Versicherten. Die Arbeitslosenstatistik registrierte einen Anteil von 0,0028 Prozent, das Ausl\u00e4nderzentralregister kommt auf 0,004 Prozent. Ganz sch\u00f6n viele Nullen hinter dem Komma, aber toll, wie tolerant wir pr\u00e4ventiv unsere Muttersprache entsorgen, um daf\u00fcr die Stottergrammatik einer Handvoll Ideologen einzuf\u00fchren.<\/p>\n<p>Die Debatten um ein \u201eselbstbestimmtes\u201c Geschlecht finden abseits der Fakten in einem medialen Paralleluniversum und in LGBTQ-Stuhlkreisen statt, aber nicht auf dem Boden der Tatsachen. Anders gesagt, wie immer in der Genderdebatte: Viel L\u00e4rm um nichts.<br \/>\n&#8230; Alles vom 11.3.2022 von Birgit Kelle bitte lesen in der JF 11\/22, Seite 2<\/p>\n<p>&nbsp;<\/p>\n<p><strong>5.000 Menschen feiern beim CSD in Freiburg im <a href=\"https:\/\/www.freiburg-schwarzwald.de\/blog\/regio\/freiburg\/stuehlinger\/\">St\u00fchlinger<\/a><\/strong><br \/>\nDa hat sich die queere Community in Freiburg keinen Gefallen getan. Das fr\u00f6hliche Selbstbewusstsein, das so ungemein hilft gegen Diskriminierung, hat am Samstag dazu gef\u00fchrt, die Corona-Verordnung zu missachten. Das st\u00f6\u00dft in weiten Teilen der Gesellschaft, die sich verantwortungsbewusst und solidarisch an die Regeln halten, zurecht auf Unverst\u00e4ndnis, wie etwa nach einigen Querdenker-Demos.<br \/>\nNun beweisen ausgerechnet aufgekl\u00e4rte, junge Menschen, unter denen die Impfquote mutma\u00dflich unterdurchschnittlich ist, Ignoranz in Zeiten steigender Inzidenz. Die Organisatoren des Christopher-Street-Days drangen mit ihren Aufforderungen, Maske zu tragen, nicht durch. Und angesichts von 5000 Teilnehmenden war es unrealistisch, polizeilich durchzugreifen.<br \/>\nNun, im Freien ist die Gefahr von Infektionen nicht allzu hoch. Aber dennoch m\u00fcssen sich alle verh\u00f6hnt vorkommen, die klaglos seltsame beh\u00f6rdliche Einschr\u00e4nkungen akzeptieren, sei es in der Kita ihrer Kinder, sei es f\u00fcr Veranstalter kleiner Feste.<br \/>\nDa war es keine gute Idee von Oberb\u00fcrgermeister Martin Horn, auf der B\u00fchne des CSD die Vielfalt zu w\u00fcrdigen und den offensichtlichen Corona-Versto\u00df zu \u00fcbersehen \u2013 noch ungeschickter war es, hinterher regenbogenfarbene Gr\u00fc\u00dfe mit Fotos von sich beim CSD zu posten, als sei nichts geschehen.<br \/>\n&#8230; Alles vom 19.7.2021 von Uwe Mauch bitte lesen auf<br \/>\n<a href=\"https:\/\/www.badische-zeitung.de\/dass-martin-horn-die-corona-regelverstoesse-beim-csd-ignorierte-ist-sehr-ungeschickt\">https:\/\/www.badische-zeitung.de\/dass-martin-horn-die-corona-regelverstoesse-beim-csd-ignorierte-ist-sehr-ungeschickt<\/a><\/p>\n<p><strong>Freiburgs Oberb\u00fcrgermeister Horn auf Instagram zum CSD<\/strong><br \/>\nFreiburg ist bunt und vielf\u00e4ltig. Heute auf dem Christopher Street Day wird das wieder ganz deutlich. Danke an alle, die sich heute und an jedem anderen Tag f\u00fcr eine offene und tolerante Gesellschaft einsetzen!<br \/>\nIn vielen L\u00e4ndern sind queere Menschen leider immer wieder Diskriminierungen ausgesetzt. Ich freue mich daher, dass die LSBTTIQ-Community durch die Fu\u00dfball-Europameisterschaft so viel R\u00fcckendeckung erhalten hat \u2013 vor allem durch das Eigentor der UEFA, das M\u00fcnchner Stadion nicht in Regenbogen-Farben erstrahlen zu lassen.<br \/>\nAngefangen mit Manuel Neuers Regenbogen-Kapit\u00e4nsbinde \u00fcber die vielen Solidarit\u00e4tsbekundungen bis hin zu einem ICE der Deutschen Bahn, der seit einer Woche mit Regenbogenstreifen durch Deutschland f\u00e4hrt: Viele Institutionen, Unternehmen, Vereine und Einzelpersonen setzen mit den Farben des Regenbogens in diesen Tagen deutliche Zeichen f\u00fcr eine offene und tolerante Gesellschaft.<br \/>\nDanke daf\u00fcr!<br \/>\nWeitermachen!<br \/>\nHappy Pride!<br \/>\n18.7.2021, martinhornfrbg auf Instagram:<br \/>\n<a href=\"https:\/\/www.instagram.com\/martinhornfrbg\/\">https:\/\/www.instagram.com\/martinhornfrbg\/<\/a><br \/>\n.<br \/>\nEinige Kommentare:<br \/>\n<strong>Wie gut, dass ich nicht mehr im St\u00fchlinger wohne<\/strong><br \/>\n&#8211; mit der Lautst\u00e4rke der CSD-Parties hatte ich schon immer so meine Probleme. Aber zu Corona-Zeiten kommen da noch andere Aspekte dazu, und dass unser junger OB so verantwortungslos handelt und noch nicht einmal auf der B\u00fchne zum Maskentragen aufruft, ist f\u00fcr mich absolut unverst\u00e4ndlich. Das ist wirklich blanker Hohn f\u00fcr alle, die seit vielen Monaten s\u00e4mtliche Ma\u00dfnahmen unkommentiert mittragen und somit wesentlich zur Eind\u00e4mmung des Virus beigetragen haben.<br \/>\n19.7.2021, B.K., BZO<\/p>\n<p><strong>Die wollen ja nur spielen.<\/strong><br \/>\nDas sind doch solche, wie die sich in Duisburg gegenseitig totgetrampelt haben, vor Euphorie, Drogenrausch und Massenpanik. Immer dr\u00e4ngeln und sich \u00fcber Absperrungen hinwegsetzen&#8230; &#8211; Und dann den OB daf\u00fcr verantwortlich machen, weil der die Veranstaltung zugelassen hat. H\u00e4tte er sie wegen Sicherheitsbedenken verboten, w\u00e4re er von den linksgr\u00fcnen \u00d6.R. Medien wegen Homophobie zum R\u00fccktritt gen\u00f6tigt worden.<br \/>\nDie wollen ja nur spielen.<br \/>\nNein, wegen der fehlenden Masken w\u00fcrde ich mir keine Gedanken machen.<br \/>\n19.7.2021, B.M.<\/p>\n<p><strong>Volksverdummung &#8211; ausser Party nichts anderes?<\/strong><br \/>\nkann sich vielleicht daran erinnern, dass ich schon vor Monaten zu einem \u00e4hnlich Thema geschrieben habe, dass die Volksverdummung nicht mehr aufzuhalten ist!<\/p>\n<p>F\u00fcr das feierw\u00fctige Volk gibt es halt ausser Party nichts anderes! Scheixx auf Corona, Scheixx auf M\u00fcll und L\u00e4rm&#8230; Hauptsache wir haben Spa\u00df, was k\u00fcmmern mich die anderen&#8230;<br \/>\nUnd beim Klima-Hochwasserschutz siehts nicht anders aus. Die einen warnen laut, es sei angesichts der Bilder aus den Katastrophengebieten bereits 5 nach 12, gibt es f\u00fcr viele Mitmenschen die Klimakrise nichteinmal, die reden auch heute noch von immer wieder mal auftauchenden Wetterph\u00e4nomenen.<br \/>\nUnd von dieser Verdummung ist nicht nur das gemeine Volk betroffen, auch unsere politisch Verantwortlichen. Auch und nicht nur in Freiburg, und das erst recht nicht nur im Falle Horn\/CSD (Corona)<br \/>\nWie k\u00e4me man sonst auf die Idee, in einem kartierten, ausgewiesenen \u00dcberschwemmungsgebiet Wohnraum f\u00fcr 16.000 Menschen zu schaffen?<br \/>\nEs g\u00e4be noch so viele Beispiele: Erdbeeren zu Weihnachten aus Neuseeland, schmutzige Kobaltgewinnung f\u00fcr die hochgelobte Emobilit\u00e4t durch Kindersklaven in der dritten Welt, nicht zu vergessen die Massentierhaltung zugunsten von Billig-Fleisch zum Kilopreis von EUR 4,49 im Discounter, das dann auf einem 700,00-EUR-Webergrill landet, incl. dem abholzen des Regenwaldes zugunsten des Futtermittelanbaues&#8230;<br \/>\nDie Verdummung der Menschheit ist nicht mehr aufzuhalten!<br \/>\nUnd, was mich noch mehr sorgt ist mittlerweile die Erkenntnis, dass die Erde sich dem Peiniger Mensch nach westlicher, feudaler Pr\u00e4gung schon bald entledigen wird. Denn die Geschichte zeigt uns, dass alle bisherigen Kulturen auf ihrem H\u00f6henpunkt verschwunden sind. Babylonier, \u00c4gypter, Mayas, Inkas, R\u00f6mer&#8230;<br \/>\njetzt sind die &#8222;aufgekl\u00e4rten&#8220; modernen Menschen in Europa und der westlichen Welt dran.<br \/>\nAlso lasst uns weiter Party feiern, solange es noch m\u00f6glich ist. Und wer sich \u00fcber den M\u00fcll und den Pissegeruch aufregt, dem sei Trost: Bald ist&#8217;s vorbei&#8230;<br \/>\n19.7.2021, M.R., BZO<br \/>\nEnde Kommentare<br \/>\n.<br \/>\n<strong>Wo wird im Breisgau mit der Regenbogenfahne ein Zeichen gesetzt?<\/strong><br \/>\nDie Gemeinde Denzlingen will ein Zeichen f\u00fcr Toleranz und gegen die Diskriminierung sexueller Minderheiten setzen. Zeitgleich zum Christopher-Street-Day in Freiburg hisst sie am heutigen Samstag eine Regenbogenfahne vor dem Rathaus. Der Aktion war eine kontroverse Debatte im Gemeinderat vorausgegangen. Auch Kirchen, Politiker und Sportvereine in der Region Freiburg setzen sich mit der Regenbogenfahne auseinander.<br \/>\n&#8230;<br \/>\n&#8230; Alles vom 17.7.2021 bitte lesen auf<br \/>\n<a href=\"https:\/\/www.badische-zeitung.de\/wo-die-regenbogenfahnen-wehen--203447006.html\">https:\/\/www.badische-zeitung.de\/wo-die-regenbogenfahnen-wehen&#8211;203447006.html<\/a><\/p>\n<p><strong>Wie war\u2019s beim diesj\u00e4hrigen CSD in Freiburg?<\/strong><br \/>\nAn diesem Samstag ist die Veranstaltung zum Christopher-Street-Day (CSD) vor allem eines: eine Gelegenheit des Wiedersehens nach mehreren Lockdowns. Die Teilnehmenden liegen sich in den Armen, es wird bis zum sp\u00e4ten Abend ausgelassen getanzt. Die Freude \u00fcber ein gemeinsames Feiern der eigenen Identit\u00e4t ist den ganzen Tag sp\u00fcrbar.<br \/>\n&#8230; Alles vom 18.7.2021 bitte lesen auf<br \/>\n<a href=\"https:\/\/www.badische-zeitung.de\/wie-war-s-beim-diesjaehrigen-csd-in-freiburg\">https:\/\/www.badische-zeitung.de\/wie-war-s-beim-diesjaehrigen-csd-in-freiburg<\/a><\/p>\n<p>Einige Kommentare:<br \/>\n<strong>Pandemiema\u00dfnahmen gelten f\u00fcr alle gleich<\/strong><br \/>\nIch stelle mir gerade vor es w\u00e4re eine Veranstaltung von Querdenkern oder der AFD gewesen. Der ideale Vorwand um die Veranstaltung aufzul\u00f6sen. Aber war ja eine Veranstaltung der Guten, da kann man schonmal dr\u00fcber weg sehen.<br \/>\n&#8230;<br \/>\nEs hat rein gar nichts damit zu tun wof\u00fcr oder wogegen demonstriert wird. Die Pandemiema\u00dfnahmen gelten f\u00fcr alle gleich oder zumindest sollten sie es.<br \/>\nPraktisch ist es leider so, dass bei Meinungen und Veranstaltungen die dem politischen und gesellschaftlichen Konsens entsprechen gerne mal beide Augen zugedr\u00fcckt werden, wohin gegen bei jenen die nicht dem Mainstream folgen wollen jeder Vorwand genutzt wird um deren Meinung zu unterbinden und Veranstaltungen zu beenden.<br \/>\nDas erinnert mich an Nachrichten die man aus autorit\u00e4ren Staaten h\u00f6rt die man daf\u00fcr auch allzu gern gen\u00fcsslich kritisiert. Ich f\u00fcr meinen Teil m\u00f6chte nicht in einem Staat leben in dem alle im Gleichschritt einer Galionsfigur, Partei oder Ideologie hinterher rennen und dann auch noch meinen es sei das einzig richtige.<br \/>\n19.7.2021, M.V.<\/p>\n<p><strong>Wenn der Auftrieb wenigstens noch wirklich Demo w\u00e4re.<\/strong><br \/>\nSein politischer Charakter ist ihm hierzulande fl\u00f6ten gegangen. F\u00fcr die Durchsetzung des Demonstrationsrechts bin ich allemal; aber so &#8230;<br \/>\nWenn dabei auch noch bewusst ist, dass am gleichen Tag fr\u00fch morgens die Polizei noch die Party im Wald von 200 Leuten aufgel\u00f6st hat.<br \/>\n<a href=\"http:\/\/www.badische-zeitung.de\/polizei-loest-rave-party-im-wald-auf\">http:\/\/www.badische-zeitung.de\/polizei-loest-rave-party-im-wald-auf<\/a><br \/>\nDa m\u00fcssen sich ja auch die PolizistInnen noch bl\u00f6d vorkommen.<br \/>\n19.7.2021, A.SCH, BZ<\/p>\n<p><strong>&#8230;. jeder Mensch vor dem Gesetz gleich<\/strong><br \/>\ninde die Diskussion jetzt wirklich sehr interessant. Bisher war ich der Ansicht, dass in unserem Land jeder Mensch vor dem Gesetz gleich ist. Es ist doch vollkommen egal, ob jetzt hier Linke, Rechte, CSD, Querdenker, H\u00fchnerz\u00fcchter oder Private f\u00fcr eine Veranstaltung verantwortlich sind. F\u00fcr alle gelten die gleichen Auflagen zum Schutze der Allgemeinheit &#8211; und diese wurden hier gr\u00f6blich verletzt. Der Virus macht keinen Unterschied, welche Ziele eine Veranstaltung hat.<br \/>\n18.7.2021, R.O.<\/p>\n<p>Also nur mal zur Erinnerung bei den BLM Demos mitten in der Krise war das auch schon so. Ein Problem wurde daraus nur bei bestimmten Gruppen gemacht. Die wurden dann auch gleich in die rechte Ecke gestellt. Manche sind eben gleicher als andere. Auch das ist in Freiburg schon l\u00e4nger so. Erhaltungssatzungen lassen gr\u00fc\u00dfen.<br \/>\n18.7.2021, M.S.<br \/>\nEnde Kommentare<\/p>\n","protected":false},"excerpt":{"rendered":"<p>Home &gt;Selbsthilfe\u00a0&gt;Frauen\u00a0&gt;Maenner &gt;Gender &gt;Sexuell Listenauswahl eines Beitrags (Artikel\/Datum, Seite\/Inhalt):\u00a0Klicken\u00a0oder scrollen Holzpenisse und Leckt\u00fccher: Sozialistischer Jugendverband \u201eFalken\u201c empfiehlt Sex-Spiele f\u00fcr Kinder ab sechs\u00a0(28.4.2026) P\u00e4dophile Sexualp\u00e4dagogik: \u201eWissenschaftlich\u201c gedecktes Grooming\u00a0(10.4.2026) Brigitte Bardot mit 91 gestorben\u00a0(29.12.2025) Tatort Kita: Fr\u00fchsexualisierung\u00a0(16.11.2025) Selbstbestimmungsgesetz wozu?\u00a0(31.8.2025) Indoktrination mit Zwangsgeb\u00fchren: &hellip; <a href=\"https:\/\/www.freiburg-schwarzwald.de\/blog\/selbsthilfe\/frauen\/gender\/sexuell\/\">Weiterlesen <span class=\"meta-nav\">&rarr;<\/span><\/a><\/p>\n","protected":false},"author":2,"featured_media":0,"parent":21194,"menu_order":0,"comment_status":"closed","ping_status":"closed","template":"","meta":{"footnotes":""},"class_list":["post-92642","page","type-page","status-publish","hentry"],"_links":{"self":[{"href":"https:\/\/www.freiburg-schwarzwald.de\/blog\/wp-json\/wp\/v2\/pages\/92642","targetHints":{"allow":["GET"]}}],"collection":[{"href":"https:\/\/www.freiburg-schwarzwald.de\/blog\/wp-json\/wp\/v2\/pages"}],"about":[{"href":"https:\/\/www.freiburg-schwarzwald.de\/blog\/wp-json\/wp\/v2\/types\/page"}],"author":[{"embeddable":true,"href":"https:\/\/www.freiburg-schwarzwald.de\/blog\/wp-json\/wp\/v2\/users\/2"}],"replies":[{"embeddable":true,"href":"https:\/\/www.freiburg-schwarzwald.de\/blog\/wp-json\/wp\/v2\/comments?post=92642"}],"version-history":[{"count":6,"href":"https:\/\/www.freiburg-schwarzwald.de\/blog\/wp-json\/wp\/v2\/pages\/92642\/revisions"}],"predecessor-version":[{"id":148479,"href":"https:\/\/www.freiburg-schwarzwald.de\/blog\/wp-json\/wp\/v2\/pages\/92642\/revisions\/148479"}],"up":[{"embeddable":true,"href":"https:\/\/www.freiburg-schwarzwald.de\/blog\/wp-json\/wp\/v2\/pages\/21194"}],"wp:attachment":[{"href":"https:\/\/www.freiburg-schwarzwald.de\/blog\/wp-json\/wp\/v2\/media?parent=92642"}],"curies":[{"name":"wp","href":"https:\/\/api.w.org\/{rel}","templated":true}]}}