{"id":92007,"date":"2021-06-30T07:34:50","date_gmt":"2021-06-30T05:34:50","guid":{"rendered":"https:\/\/www.freiburg-schwarzwald.de\/blog\/?page_id=92007"},"modified":"2026-05-21T21:46:04","modified_gmt":"2026-05-21T19:46:04","slug":"regenbogen","status":"publish","type":"page","link":"https:\/\/www.freiburg-schwarzwald.de\/blog\/engagement\/zukunft\/frieden\/regenbogen\/","title":{"rendered":"Regenbogen"},"content":{"rendered":"<p><a href=\"https:\/\/www.freiburg-schwarzwald.de\/blog\">Home<\/a>\u00a0&gt;<a title=\"Kultur\" href=\"https:\/\/www.freiburg-schwarzwald.de\/blog\/kultur\/\">Kultur<\/a> <a href=\"https:\/\/www.freiburg-schwarzwald.de\/blog\/kultur\/kulturverlust\/\">&gt; Kulturverlust<\/a>\u00a0&gt;<a href=\"https:\/\/www.freiburg-schwarzwald.de\/blog\/religion\/christen\/abendland\/\">Abendland<\/a>\u00a0&gt;<a href=\"https:\/\/www.freiburg-schwarzwald.de\/blog\/kultur\/kulturverlust\/cancelculture\/\">Cancel Culture<\/a> &gt;<a href=\"https:\/\/www.freiburg-schwarzwald.de\/blog\/kultur\/kulturverlust\/woke\/\">Woke<\/a> &gt;Regenbogen<\/p>\n<div id=\"attachment_90941\" style=\"width: 650px\" class=\"wp-caption alignnone\"><a href=\"https:\/\/www.freiburg-schwarzwald.de\/blog\/wp-content\/uploads\/2021\/05\/glottertal-regenbogen-pan210520.jpg\"><img loading=\"lazy\" decoding=\"async\" aria-describedby=\"caption-attachment-90941\" class=\"size-full wp-image-90941\" src=\"https:\/\/www.freiburg-schwarzwald.de\/blog\/wp-content\/uploads\/2021\/05\/glottertal-regenbogen-pan210520.jpg\" alt=\"\" width=\"640\" height=\"285\" srcset=\"https:\/\/www.freiburg-schwarzwald.de\/blog\/wp-content\/uploads\/2021\/05\/glottertal-regenbogen-pan210520.jpg 640w, https:\/\/www.freiburg-schwarzwald.de\/blog\/wp-content\/uploads\/2021\/05\/glottertal-regenbogen-pan210520-180x80.jpg 180w\" sizes=\"auto, (max-width: 640px) 100vw, 640px\" \/><\/a><p id=\"caption-attachment-90941\" class=\"wp-caption-text\">Regenbogen im Glottertal bei Freiburg im Mai 2021<\/p><\/div>\n<ul>\n<li><em>Listenauswahl eines Beitrags (Artikel\/Datum, Seite\/Inhalt):<span style=\"text-decoration: underline;\">\u00a0Klicken\u00a0<\/span>oder scrollen<\/em><\/li>\n<li>Kulturkampf: Wenn Pride-Day,\u00a0 dann auch Family-Day (22.5.2026)<\/li>\n<li><a href=\"https:\/\/www.freiburg-schwarzwald.de\/blog\/horrormensch-statt-christkind\/\">Horrormensch statt Christkind<\/a>\u00a0(27.12.2025)<\/li>\n<li><a href=\"https:\/\/www.freiburg-schwarzwald.de\/blog\/natur\/wasser\/trockenheit\/\">Fritz Vahrenholt: Temperaturen und Wolken \u2013 Temperaturr\u00fcckgang trotz Panik<\/a>\u00a0(10.7.2025)<\/li>\n<li><a href=\"https:\/\/www.freiburg-schwarzwald.de\/blog\/kultur\/kulturverlust\/woke\/regenbogen-zeitgeist\/\">Die Sprache des Regenbogens \u2013 Glossar<\/a> (14.8.2022)<\/li>\n<li>Regenbogen-Fussballspiel D &#8211; Ungarn in M\u00fcnchen 2021 (24.11.2022)<\/li>\n<li><a href=\"https:\/\/www.freiburg-schwarzwald.de\/blog\/engagement\/zukunft\/frieden\/regenbogen\/\">Regenbogen &#8211; Flagge und Kult<\/a> (8.6.2022)<\/li>\n<li><a href=\"https:\/\/www.freiburg-schwarzwald.de\/blog\/selbsthilfe\/soziales\/justiz\/ordnungsstaat\/\">Staatliches Recht verschwindet langsam \u2013\u00a0W\u00fcrzburg\u00a0zeigt es<\/a>\u00a0(2.7.2021)<\/li>\n<li>Kniefall und Regenbogenfarbe beim EM-Spiel England-Deutschland (29.6.2021)<\/li>\n<\/ul>\n<ul>\n<li><a title=\"Antirassismus\" href=\"https:\/\/www.freiburg-schwarzwald.de\/blog\/engagement\/rassismus\/antirassismus\/\">Antirassismus<\/a><\/li>\n<li><a title=\"CancelCulture\" href=\"https:\/\/www.freiburg-schwarzwald.de\/blog\/kultur\/kulturverlust\/cancelculture\/\">CancelCulture<\/a><\/li>\n<li><a href=\"https:\/\/www.freiburg-schwarzwald.de\/blog\/kultur\/medien\/diversity\/\">Diversity<\/a><\/li>\n<li><a href=\"https:\/\/www.freiburg-schwarzwald.de\/blog\/engagement\/zukunft\/frieden\/\">Frieden<\/a><\/li>\n<li><a href=\"https:\/\/www.freiburg-schwarzwald.de\/blog\/kultur\/medien\/hass\/\">Hass<\/a><\/li>\n<li><a href=\"https:\/\/www.freiburg-schwarzwald.de\/blog\/engagement\/zukunft\/demokratie\/links\/\">Links<\/a><\/li>\n<li><a href=\"https:\/\/www.freiburg-schwarzwald.de\/blog\/global\/globalisierung\/macht\/\">Macht<\/a><\/li>\n<li><a href=\"https:\/\/www.freiburg-schwarzwald.de\/blog\/global\/deutschland\/moral2015\/moralismus\/\">Moralismus<\/a><\/li>\n<li><a title=\"NWO\" href=\"https:\/\/www.freiburg-schwarzwald.de\/blog\/global\/globalisierung\/nwo\/\">NWO<\/a><\/li>\n<li><a title=\"One-World\" href=\"https:\/\/www.freiburg-schwarzwald.de\/blog\/global\/globalisierung\/one-world\/\">One-World<\/a><\/li>\n<li><a href=\"https:\/\/www.freiburg-schwarzwald.de\/blog\/engagement\/rassismus\/\">Rassismus<\/a><\/li>\n<li><a title=\"Selbsthass\" href=\"https:\/\/www.freiburg-schwarzwald.de\/blog\/engagement\/zukunft\/selbsthass\/\">Selbsthass<\/a><\/li>\n<li><a href=\"https:\/\/www.freiburg-schwarzwald.de\/blog\/global\/globalisierung\/sozialismusangst\/\">Sozialismusangst<\/a><\/li>\n<li><a href=\"https:\/\/www.freiburg-schwarzwald.de\/blog\/kultur\/kulturverlust\/sprachregime\/\">Sprachregime<\/a><\/li>\n<li><a href=\"https:\/\/www.freiburg-schwarzwald.de\/blog\/global\/globalisierung\/wef\/\">WEF<\/a><\/li>\n<\/ul>\n<p>&nbsp;<\/p>\n<p><strong>Kulturkampf: Wenn Pride-Day,\u00a0 dann auch Family-Day<\/strong><br \/>\n<strong>Hinter dem Regenbogen<\/strong><br \/>\nEnthusiastisch jubelt EU-Kommissions\u00adpr\u00e4sidentin Ursula von der Leyen auf ihrem X-Kanal: \u201ePride-Woche ist eine Feier von Liebe, Identit\u00e4t, Mut und Gemeinschaft.\u201c Dazu sieht man, wie vor dem Kommissionsgeb\u00e4ude in Br\u00fcssel die \u201ePride-Flag\u201c, eine ideologisch versch\u00e4rfte Form der Regenbogenflagge, in den Himmel gezogen wird. Die CDU-Politikerin weiter: \u201eUnd jeden Tag des Jahres arbeiten wir hart daran, Europa zu einem Raum zu machen, in dem jeder frei, offen und authentisch leben kann.\u201c Es gilt den \u201eIDAHOBIT\u201c, den Internationalen Tag gegen Homophobie, zu feiern.<br \/>\nAuch auf einem der vier T\u00fcrme des Reichstagsgeb\u00e4udes wird an diesem Tag die Regenbogenflagge gehisst. Seit ihrem Amtsantritt vor einem Jahr muss sich Julia Kl\u00f6ckner (CDU) rechtfertigen, weil sie entschieden hatte, die Flagge der Homosexuellenbewegung nur noch einmal im Jahr und nicht auch noch im \u201ePride-Month\u201c Juni zu hissen, wenn in der ganzen Republik Paraden zum Christopher-Street-Day stattfinden.<br \/>\nDie Regenbogenflagge ist zum Banner eines Kulturkampfes geworden, der auf die traditionelle Ordnung zielt.<br \/>\nDas Ende juristischer Diskriminierung Homosexueller und die Rehabilitation ihrer Opfer ist ein Fortschritt. Die penetrante Okkupation des \u00f6ffentlichen Raums und die exklusive Sonderw\u00fcrdigung an staatlichen Geb\u00e4uden ist indes nicht nur Bruch politischer Neutralit\u00e4t, sondern auch Symbol einer auf den Kopf gestellten Wertehierarchie.<br \/>\nAnfang Mai wurde die erneut gefallene Geburtenziffer in Deutschland bekannt. Die Statistiker ermittelten mit 654.000 Neugeborenen den niedrigsten Stand seit 1946. Gleichzeitig bleibt die Zahl der durch Abtreibung vorgeburtlich get\u00f6teten Kinder mit \u00fcber 100.000 auf einem erschreckend hohen Niveau.<\/p>\n<p>H\u00e4tten wir als Kollektiv noch unsere Sinne halbwegs beisammen, m\u00fcssten wir uns dauerhaft an allererster Stelle gesellschaftlich mit der elementaren Frage besch\u00e4ftigen, warum sich immer weniger Menschen f\u00fcr Ehe, Familie und die Weitergabe des Lebens entscheiden und wie wir diesen Trend wieder umkehren. Dabei handelt es sich um nichts weniger als die \u00dcberlebensfrage jeder Kultur, jeder Nation.<br \/>\nEin einfacher Gedanke: Gibt es einen Tag der Familie, an dem an \u00f6ffentlichen Geb\u00e4uden eine Familienflagge gehisst wird \u2013 um diejenigen zu feiern, die f\u00fcr die Weitergabe des Lebens sorgen? Gibt es einen Tag der Ehe? Gibt es einen Tag des ungeborenen Lebens, wo eine Lebensflagge gehisst wird?<br \/>\nWir haben vergessen, was ins Zentrum der Aufmerksamkeit geh\u00f6rt. Privat soll jeder Flaggen hissen, die er m\u00f6chte. An staatliche Geb\u00e4ude geh\u00f6ren allein die politisch neutralen Symbole des Bundes und der L\u00e4nder. Die Regenbogenflagge ist zum Banner eines linken Kulturkampfes geworden, der die traditionelle Ordnung aush\u00f6hlen und der die Neutralit\u00e4t des Staates zerst\u00f6ren soll.<br \/>\n&#8230; Alles vom 22.5.2026 von Dieter Stein bitte lesen in der JF 22\/26, Seite 1<br \/>\n<a href=\"https:\/\/www.junge-freiheit.de\">https:\/\/www.junge-freiheit.de <\/a><\/p>\n<p>&nbsp;<\/p>\n<p><strong>Regenbogen-Fussballspiel D &#8211; Ungarn in M\u00fcnchen 2021<\/strong><br \/>\nMaria Schmidt vom \u201eHaus des Terrors\u201c in <a href=\"https:\/\/www.freiburg-schwarzwald.de\/blog\/global\/eu\/ungarn\/\">Budapest<\/a> schrieb diese S\u00e4tze. Dem ist nichts hinzuzuf\u00fcgen:<br \/>\nSehr geehrter Herr Bundeskanzler, Herr Olaf Scholz,<br \/>\nHerr Bernd Neuendorf, Pr\u00e4sident des Fu\u00dfballverbandes,<br \/>\nsehr geehrter Herr Bundeshauptmann Hans-Dieter Flick.<br \/>\nVor anderthalb Jahren, im Juni 2021, war die bayerische Landeshauptstadt M\u00fcnchen w\u00e4hrend des Gruppenspiels zwischen der deutschen und der ungarischen Fu\u00dfballmannschaft bei der Europameisterschaft in Regenbogenfarben gekleidet und die Allianz-Arena war in den Farben des Regenbogens beleuchtet.<br \/>\nDie Trib\u00fcne war in einen Ring aus Regenbogenflaggen getaucht, und der deutsche Torwart Manuel Neuer trug eine regenbogenfarbene Kapit\u00e4nsbinde.<br \/>\nSie haben das ganze Spiel politisiert und das tausendj\u00e4hrige bayerisch-ungarische Verh\u00e4ltnis \u00fcberschrieben. Sie haben gezeigt, dass die angebliche Beleidigung der LGBTQ+-Gemeinschaft, die wir ihr durch das Verbot ihrer \u201esensibilisierenden\u201c Aktivit\u00e4ten in ungarischen Kinderkrippen, Kinderg\u00e4rten und Schulen zugef\u00fcgt haben, f\u00fcr Sie so wichtig ist, dass sie \u00fcber allem steht: Sportlichkeit, Freundschaft, B\u00fcndnisbeziehungen, Gastfreundschaft und H\u00f6flichkeit.<br \/>\nZu allem \u00dcberfluss rannte w\u00e4hrend der ungarischen Hymne, die von einem Pfiff begleitet wurde, ein Provokateur mit einer LGBTQ-Flagge auf das Spielfeld. Wir haben zur Kenntnis genommen, dass Ihre Fu\u00dfballmannschaft ihre Nationalfarben in Regenbogenfarben ge\u00e4ndert hat, weil dies ihr Engagement besser zum Ausdruck bringt und ihre Identit\u00e4t und Loyalit\u00e4t besser widerspiegelt.<br \/>\nJetzt ist es an der Zeit, Ihr besonderes Engagement f\u00fcr die Trans- und Homosexuellengemeinschaft auf die gleiche Weise bei der bevorstehenden Fu\u00dfballweltmeisterschaft in Katar zum Ausdruck zu bringen. Ihr Kapit\u00e4n und die gesamte Mannschaft sollten eine Armbinde in den Regenbogenfarben und ein Trikot tragen, das die Solidarit\u00e4t mit der verfolgten schwulen Gemeinschaft in Katar zum Ausdruck bringt. Fordern Sie, dass die Stadien in Regenbogenfarben beleuchtet werden und dass Regenbogenflaggen in der \u00d6ffentlichkeit gezeigt werden. Dies ist umso mehr ihre Pflicht, als sie nun aus Protest gegen die russische Diktatur \u00d6l von den Kataris kaufen wollen, die offenbar eine tadellose Demokratie f\u00fchren.<br \/>\nUnd da Sie offensichtlich auch dieses Mal auf moralischen Gr\u00fcnden stehen, wie Sie es in den letzten Jahren bei jeder Gelegenheit \u2013 zum Beispiel auf dem H\u00f6hepunkt der Migrationskrise \u2013 so ostentativ \u00fcber uns Ungarn gesagt haben, habe ich keinen Zweifel daran, dass Sie sich dieses Mal f\u00fcr die Rechte von LGBTQ+-Menschen einsetzen werden, die in Katar wirklich verfolgt werden.<br \/>\nWenn das nicht geschieht, beweist das, dass Sie feige und unm\u00e4nnlich sind und dass es bei Ihrer Demonstration im letzten Jahr nur darum ging, uns zu dem\u00fctigen.<br \/>\nAber ihr habt euch selbst gedem\u00fctigt. Nicht zum ersten Mal.<br \/>\nFeiglinge haben kein Land. Ihr Land, Deutschland, gibt es schon lange nicht mehr (\u00dcbersetzt mit www.DeepL.com\/Translator).<br \/>\n&#8230; Alles vom 24.11.2022 von <a href=\"https:\/\/www.freiburg-schwarzwald.de\/blog\/katar-mund-zu-oder-fussball\/\">Gunter Wei\u00dfgerber<\/a> bitte lesen auf<br \/>\n<a href=\"https:\/\/www.weissgerber-freiheit.de\/2022\/11\/24\/das-land-der-aufgehenden-sonne-schlug-das-land-der-ausgehenden-lichter\/\">https:\/\/www.weissgerber-freiheit.de\/2022\/11\/24\/das-land-der-aufgehenden-sonne-schlug-das-land-der-ausgehenden-lichter\/<\/a><\/p>\n<p><em>Gunter Wei\u00dfgerber war Montagsdemonstrant in Leipzig, Mit-Gr\u00fcnder der Ost-SPD und sa\u00df dann 19 Jahre f\u00fcr die SPD als Abgeordneter im Deutschen Bundestag. 2019 trat er aus der Partei aus. Der gelernte Bergbauingenieur ist heute Publizist und Herausgeber von GlobKult <a href=\"https:\/\/www.globkult.de\/\">https:\/\/www.globkult.de\/<\/a>.<\/em><\/p>\n<p>&nbsp;<\/p>\n<p><strong>Kniefall und Regenbogenfarbe beim EM-Spiel England-Deutschland<\/strong><br \/>\n<strong>Der DFB will Deutschland als woke Nation pr\u00e4sentieren<\/strong><\/p>\n<p>Wenn an diesem Dienstag im Achtelfinale der <a href=\"https:\/\/www.freiburg-schwarzwald.de\/blog\/sport\/sportlern\/fussball\/\">Fussball<\/a>-Europameisterschaft Deutschland und England aufeinander treffen, wollen beide Mannschaften vor dem Anpfiff auf die Knie gehen. Und die Spielf\u00fchrer der Teams, Manuel Neuer und Harry Kane, wollen eine Kapit\u00e4nsbinde in den Farben des <a href=\"https:\/\/www.freiburg-schwarzwald.de\/blog\/engagement\/zukunft\/krieg\/\">Regenbogens<\/a> tragen. Noch vor dem ersten Ballkontakt erreicht damit die Politisierung des Sports einen H\u00f6hepunkt, der eigentlich ein Tiefpunkt ist.<br \/>\nFussball war lange die sch\u00f6nste Nebensache der Welt. Seit er zur politischen Haupt- und Staatsaktion geworden ist, gibt er seine gr\u00f6sste Errungenschaft preis: Er vereint nicht mehr ein denkbar vielf\u00e4ltiges Publikum in der Freude am Spiel. Er doppelt und versch\u00e4rft die ausserhalb der Stadien herrschende gesellschaftliche Spaltung.<\/p>\n<p>Nat\u00fcrlich kann ein <a href=\"https:\/\/www.freiburg-schwarzwald.de\/blog\/sport\/sportlern\/\">Sport<\/a>, der Massen begeistert, nie ganz unpolitisch sein. Wo Aufmerksamkeitspreise vergeben werden, droht Instrumentalisierung. Popul\u00e4re Ereignisse k\u00f6nnen populistisch verzweckt werden. Kein Potentat liess je die Gelegenheit verstreichen, sich im geborgten Licht zu sonnen, das durch sportliche oder k\u00fcnstlerische Grosstaten auf ihn f\u00e4llt.<\/p>\n<p>Auch die Demokratie mit ihrem skeptischen Verh\u00e4ltnis zum Zeremoniell sch\u00e4tzt den symbolischen \u00dcberschwang. Nicht zuf\u00e4llig produzierte Angela Merkels Auftritt in der Kabine der deutschen Fussballweltmeister 2014 nach dem Finalsieg von Rio einige der meistverbreiteten Fotos ihrer Kanzlerschaft. An diesem Dienstag in London aber dreht das sportpolitische Symbolkarussell frei.<\/p>\n<p>Das Knien in der \u00d6ffentlichkeit ist die maximale Demutsgeste. Wer kniet, der ordnet sich freiwillig einem Gr\u00f6sseren unter \u2013 einem Gott, einer Majest\u00e4t, einer Gruppe. Der kniende Mensch gibt vor den Augen der anderen die eigene Unw\u00fcrdigkeit kund und k\u00fcrt gerade so den Empf\u00e4nger seiner Unterwerfung zum Souver\u00e4n. Wovor knien deutsche Nationalspieler? Letztlich vor sich selbst und einer moralischen Lauterkeit, die sie mit ein und derselben Geste behaupten und beglaubigen wollen. Auf dem Rasen von Wembley wird deutsche Selbstergriffenheit vorgef\u00fchrt.<br \/>\n&#8230;<br \/>\nDem Deutschen Fussball-Bund ist es offenbar ein Anliegen, Deutschland als <a href=\"https:\/\/www.freiburg-schwarzwald.de\/blog\/kultur\/kulturverlust\/woke\/\">woke Nation<\/a> zu pr\u00e4sentieren, politisch korrekt bis in die Waden. Dazu hat der mit Korruptionsvorw\u00fcrfen k\u00e4mpfende Verband aber weder die Legitimation noch das Mandat. Und wer meint, der Kampf gegen Rassismus werde leichter gewonnen, wenn kickende Million\u00e4re das Knie beugen, der hat vom Wesen der Menschenverachtung nichts begriffen. Der Kniefall von Wembley ist und bleibt: ein Knien vor der eigenen Ergriffenheit, ein absurdes Spektakel.<br \/>\n&#8230; Alles von Alexander Kissler vom 29.6.2021 bitte lesen auf <a href=\"https:\/\/www.nzz.ch\">https:\/\/www.nzz.ch<\/a><\/p>\n","protected":false},"excerpt":{"rendered":"<p>Home\u00a0&gt;Kultur &gt; Kulturverlust\u00a0&gt;Abendland\u00a0&gt;Cancel Culture &gt;Woke &gt;Regenbogen Listenauswahl eines Beitrags (Artikel\/Datum, Seite\/Inhalt):\u00a0Klicken\u00a0oder scrollen Kulturkampf: Wenn Pride-Day,\u00a0 dann auch Family-Day (22.5.2026) Horrormensch statt Christkind\u00a0(27.12.2025) Fritz Vahrenholt: Temperaturen und Wolken \u2013 Temperaturr\u00fcckgang trotz Panik\u00a0(10.7.2025) Die Sprache des Regenbogens \u2013 Glossar (14.8.2022) Regenbogen-Fussballspiel D &hellip; <a href=\"https:\/\/www.freiburg-schwarzwald.de\/blog\/engagement\/zukunft\/frieden\/regenbogen\/\">Weiterlesen <span class=\"meta-nav\">&rarr;<\/span><\/a><\/p>\n","protected":false},"author":2,"featured_media":0,"parent":31375,"menu_order":0,"comment_status":"closed","ping_status":"closed","template":"","meta":{"footnotes":""},"class_list":["post-92007","page","type-page","status-publish","hentry"],"_links":{"self":[{"href":"https:\/\/www.freiburg-schwarzwald.de\/blog\/wp-json\/wp\/v2\/pages\/92007","targetHints":{"allow":["GET"]}}],"collection":[{"href":"https:\/\/www.freiburg-schwarzwald.de\/blog\/wp-json\/wp\/v2\/pages"}],"about":[{"href":"https:\/\/www.freiburg-schwarzwald.de\/blog\/wp-json\/wp\/v2\/types\/page"}],"author":[{"embeddable":true,"href":"https:\/\/www.freiburg-schwarzwald.de\/blog\/wp-json\/wp\/v2\/users\/2"}],"replies":[{"embeddable":true,"href":"https:\/\/www.freiburg-schwarzwald.de\/blog\/wp-json\/wp\/v2\/comments?post=92007"}],"version-history":[{"count":5,"href":"https:\/\/www.freiburg-schwarzwald.de\/blog\/wp-json\/wp\/v2\/pages\/92007\/revisions"}],"predecessor-version":[{"id":149525,"href":"https:\/\/www.freiburg-schwarzwald.de\/blog\/wp-json\/wp\/v2\/pages\/92007\/revisions\/149525"}],"up":[{"embeddable":true,"href":"https:\/\/www.freiburg-schwarzwald.de\/blog\/wp-json\/wp\/v2\/pages\/31375"}],"wp:attachment":[{"href":"https:\/\/www.freiburg-schwarzwald.de\/blog\/wp-json\/wp\/v2\/media?parent=92007"}],"curies":[{"name":"wp","href":"https:\/\/api.w.org\/{rel}","templated":true}]}}