{"id":91929,"date":"2021-06-28T15:45:53","date_gmt":"2021-06-28T13:45:53","guid":{"rendered":"https:\/\/www.freiburg-schwarzwald.de\/blog\/?page_id=91929"},"modified":"2024-06-29T07:59:19","modified_gmt":"2024-06-29T05:59:19","slug":"wuerzburg2021messermorde","status":"publish","type":"page","link":"https:\/\/www.freiburg-schwarzwald.de\/blog\/selbsthilfe\/krise\/gewalt\/wuerzburg2021messermorde\/","title":{"rendered":"Wuerzburg2021Messermorde"},"content":{"rendered":"<p>d<\/p>\n<div id=\"attachment_91171\" style=\"width: 649px\" class=\"wp-caption alignnone\"><a href=\"https:\/\/www.freiburg-schwarzwald.de\/blog\/wp-content\/uploads\/2021\/06\/opfinger-see-pan210531.jpg\"><img loading=\"lazy\" decoding=\"async\" aria-describedby=\"caption-attachment-91171\" class=\"size-full wp-image-91171\" src=\"https:\/\/www.freiburg-schwarzwald.de\/blog\/wp-content\/uploads\/2021\/06\/opfinger-see-pan210531.jpg\" alt=\"\" width=\"639\" height=\"298\" srcset=\"https:\/\/www.freiburg-schwarzwald.de\/blog\/wp-content\/uploads\/2021\/06\/opfinger-see-pan210531.jpg 639w, https:\/\/www.freiburg-schwarzwald.de\/blog\/wp-content\/uploads\/2021\/06\/opfinger-see-pan210531-180x84.jpg 180w\" sizes=\"auto, (max-width: 639px) 100vw, 639px\" \/><\/a><p id=\"caption-attachment-91171\" class=\"wp-caption-text\">Opfinger See bei Freiburg &#8211; morgens um 10 Uhr am 31.5.2021 (Wasser 16 Grad)<\/p><\/div>\n<p>&nbsp;<\/p>\n<ul>\n<li>Drei Jahre W\u00fcrzburg (drei Messertote)\u2013 gegen das Vergessen (25.6.2024)<\/li>\n<li><a href=\"https:\/\/www.freiburg-schwarzwald.de\/blog\/terror-psychische-erkrankung\/\">Terror oder psychische Erkrankung?<\/a>\u00a0(2.11.2021)<\/li>\n<li><a href=\"https:\/\/www.freiburg-schwarzwald.de\/blog\/selbsthilfe\/psyche\/psychiatrie\/\">Die Krankheiten der Attent\u00e4ter von W\u00fcrzburg und Hanau<\/a>\u00a0(7.8.2021)<\/li>\n<li><a href=\"https:\/\/www.freiburg-schwarzwald.de\/blog\/zweierlei-opfer-hanau-wuerzburg\/\">Zweierlei Opfer: Hanau W\u00fcrzburg<\/a>\u00a0(14.7.2021)<\/li>\n<li><a href=\"https:\/\/www.freiburg-schwarzwald.de\/blog\/global\/integration\/fluechtlinge-kriminalitaet\/opfer\/\">W\u00fcrzburg darf keine Verbindung zu Migration und Islam haben<\/a>\u00a0(9.7.2021)<\/li>\n<li>Wie Messerattacken zu unserem Alltag gemacht werden &#8211; Spendenaufruf (11.7.2021)<\/li>\n<li><a href=\"https:\/\/www.freiburg-schwarzwald.de\/blog\/femizide-in-wuerzburg-und-wien\/\">Merkels Schweigen ist fatal \u2013 ganz anders \u00d6sterreichs Kanzler<\/a> Kurz (3.7.2021)<\/li>\n<li><a href=\"https:\/\/www.freiburg-schwarzwald.de\/blog\/selbsthilfe\/soziales\/justiz\/ordnungsstaat\/\">Staatliches Recht verschwindet langsam \u2013\u00a0W\u00fcrzburg\u00a0zeigt es<\/a> (2.7.2021)<\/li>\n<li><a href=\"https:\/\/www.freiburg-schwarzwald.de\/blog\/engagement\/zukunft\/demokratie\/repression\/\">W\u00fcrzburg: Die Zeichen stehen auf Repression \u2013 Der Terror von nebenan<\/a> (30.6.2021)<\/li>\n<li>W\u00fcrzburg: Die Namen, Gesichter und Geschichten der Opfer (29.6.2021)<\/li>\n<li><a href=\"https:\/\/www.freiburg-schwarzwald.de\/blog\/femizide-in-wuerzburg-und-wien\/\">Femizide in W\u00fcrzburg und Wien<\/a>\u00a0(29.6.2021)<\/li>\n<li>W\u00fcrzburg: Migrant sticht ausschlie\u00dflich auf Frauen ein &#8211; Femizid (29.6.2021)<\/li>\n<li>Eine 49-J\u00e4hrige warf sich sch\u00fctzend vor ihre elfj\u00e4hrige Tochter (28.6.2021)<\/li>\n<li>Warum in Deutschland nicht offen \u00fcber den T\u00e4ter-Hintergrund geredet wird (28.6.2021)<\/li>\n<li>Vorbereitet sein (Gedanken zu W\u00fcrzburg) (28.6.2021)<\/li>\n<li>Spindoctoren: Kampf um die Deutungshoheit der Messermorde des Somaliers (26.6.2021)<\/li>\n<li>Messerstecher &#8222;gehetzt&#8220; (Deutsche) bzw. &#8222;mutig aufgehalten&#8220; (Migranten) (26.6.2021)<\/li>\n<li><\/li>\n<li><a href=\"https:\/\/www.freiburg-schwarzwald.de\/blog\/selbsthilfe\/soziales\/justiz\/messerstecher\/\">Messerstecher<\/a><\/li>\n<li><a href=\"https:\/\/www.freiburg-schwarzwald.de\/blog\/global\/integration\/fluechtlinge-kriminalitaet\/opfer\/\">Opfer<\/a><\/li>\n<\/ul>\n<p>Am 25.6.2021 sticht ein 24j\u00e4hriger Somalier &#8222;allahu Akbar&#8220; rufend drei Frauen zu Tode und verletzt sieben Menschen mit einem 14 cm langen Messer schwer.<\/p>\n<p>Multiple victims after knife attack in W\u00fcrzburg, Germany; 25.6.2021<br \/>\n<a href=\"https:\/\/twitter.com\/BNONews\/status\/1408465789284323335\">https:\/\/twitter.com\/BNONews\/status\/1408465789284323335<\/a><\/p>\n<p>=========================================<\/p>\n<p>&nbsp;<\/p>\n<p><strong>Drei Jahre W\u00fcrzburg (drei Messertote) \u2013 gegen das Vergessen\u00a0<\/strong><br \/>\nVor genau drei Jahren richtete ein psychisch kranker, mutma\u00dflich islamistischer Somalier in der W\u00fcrzburger Innenstadt ein Blutbad an. Die Namen seiner Opfer sollten nicht in Vergessenheit geraten &#8211; genau wie die Tatsache, dass die Tat nur durch eklatantes Staatsversagen m\u00f6glich wurde.<br \/>\nGenau drei Jahre ist es nun her, dass die W\u00fcrzburger Innenstadt zum Schauplatz eines schrecklichen Blutbades wurde: Am 25. Juni 2021 ging der damals 24-j\u00e4hrige Somalier Jibril Abdurahman mit einem Messer auf Passanten los. Er verletzte sieben Menschen, darunter zwei Kinder, zum Teil lebensbedrohlich. F\u00fcr drei Frauen kam jede Hilfe zu sp\u00e4t: Christine, Johanna und Stefanie starben durch die Hand eines psychisch schwerst kranken, mutma\u00dflich islamistischen Mannes. Wir sollten ihre Namen nicht vergessen \u2013 genau wie die Tatsache, dass diese Tat nur durch dreifaches, eklatantes Staatsversagen m\u00f6glich wurde.<br \/>\nAbdurahman wurde 1997 in Mogadischu geboren und kam 2015 im Rahmen der Fl\u00fcchtlingskrise nach Deutschland. Der junge Mann lebte zun\u00e4chst in Sachsen, ab 2019 dann in einer W\u00fcrzburger Obdachlosenunterkunft. Sein Asylantrag wurde von den deutschen Beh\u00f6rden abgelehnt, doch der Somalier wurde trotzdem nicht abgeschoben \u2013 wegen seines subsidi\u00e4ren Schutzstatus.<br \/>\n&#8230; Alles vom 25.6.2024 von Pauline Schwarz bitte lesen auf<br \/>\n<a href=\"https:\/\/apollo-news.net\/drei-jahre-wuerzburg-gegen-das-vergessen\/\">https:\/\/apollo-news.net\/drei-jahre-wuerzburg-gegen-das-vergessen\/<\/a><\/p>\n<p>&nbsp;<\/p>\n<p><em>Alexander Kissler<\/em><br \/>\n<em>Heute vor drei Jahren hat ein\u00a0<a href=\"https:\/\/www.freiburg-schwarzwald.de\/blog\/selbsthilfe\/krise\/gewalt\/wuerzburg2021messermorde\/\">Somalier in #Wuerzburg drei Frauen ermordet<\/a>\u00a0und neun Personen verletzt, zum Teil schwer. Wurden daraus Lehren gezogen?<\/em><br \/>\n<em>26.6.2024,\u00a0<a href=\"https:\/\/x.com\/DrKissler\/status\/1805864196946497992\">https:\/\/x.com\/DrKissler\/status\/1805864196946497992<\/a><\/em><br \/>\n.<\/p>\n<p><strong>Wie Messerattacken zu unserem Alltag gemacht werden &#8211; Spendenaufruf<\/strong><br \/>\nDer brutale Frauenmord von W\u00fcrzburg ist f\u00fcr die Mainstreammedien bereits kein Thema mehr. Geht es nach den weltoffenen Toleranten unter uns, sollen die Opfer schnellstm\u00f6glich vergessen werden. Daf\u00fcr sind schon Tabus erfunden worden, deren strikte Einhaltung mit der Wucht von Moralkeulen gefordert wird. Du sollst Dir kein Bild machen, lautet ein Tabu.<br \/>\n&#8230;<br \/>\nIch habe Fotos von Leonie, Stefanie Wagner und Leo Stettins Grab gepostet. Leo ist der Junge, der mit seiner Mutter in Frankfurt von einem Migranten vor den einfahrenden ICE gesto\u00dfen wurde und dessen Name der \u00d6ffentlichkeit lange verborgen blieb. Stefanie Wagner ist eines der Opfer des W\u00fcrzburger Frauenm\u00f6rders.<br \/>\nSeit 2018 zahlt die Bundesregierung den Hinterbliebenen terroristischer Straftaten und extremistischer \u00dcbergriffe 30.000 Euro f\u00fcr den Verlust naher Angeh\u00f6riger. Auch Personen, die durch eine in Deutschland begangene terroristische Straftat verletzt wurden, k\u00f6nnen solche H\u00e4rteleistungen beantragen. Versucht man deshalb mit allem Mitteln von einem terroristischen Hintergrund abzulenken? &#8230;.<br \/>\nWie u.a. die Welt berichtete, k\u00f6nnen die Hinterbliebenen und Opfer des Angriffs von W\u00fcrzburg nicht auf Entsch\u00e4digungsleistungen der Bundesregierung hoffen: Die gibt es nur, wenn eine extremistische Motivation der Tat festgestellt wird. Aber weder der Allahu akbar-Ruf des M\u00f6rders, noch seine Einlassung gegen\u00fcber einem Polizisten, er sei ein Dschihadist, noch der Anschein, dass er nach der islamistischen Blaupause f\u00fcr Einzelt\u00e4ter gehandelt hat, sind f\u00fcr die Ermittler Beweis genug f\u00fcr eine islamistische Tat. Der M\u00f6rder soll lediglich psychisch gest\u00f6rt gewesen sein. Au\u00dferdem war der Arme durch seinen fr\u00fcheren Aufenthalt in Sachsen traumatisiert, weil er da zwar schon kriminell, aber angeblich nicht sicher war.<br \/>\nEin Opfer des Frauenm\u00f6rders war eine alleinerziehende Mutter. Die Tochter steht jetzt mittellos da. Auf staatliche Hilfe ist nicht zu rechnen. Deshalb haben B\u00fcrger ein Spendenkonto er\u00f6ffnet, um dem M\u00e4dchen eine Zukunft zu sichern. Leider wird ihr Name in diesem Zusammenhang nicht genannt. Hier kann gespendet werden:<\/p>\n<p>Empf\u00e4nger: Verein \u201eW\u00fcrzburg zeigt Herz\u201c \u2013 Kreditinstitut: Sparkasse Mainfranken<br \/>\nIBAN: DE37 7905 0000 0048 8375 20<br \/>\nBIC: BYLADEM1SWU<br \/>\nVerwendungszweck: \u201eEine Zukunft f\u00fcr A.\u201c<br \/>\nQuellen:<br \/>\n<a href=\"https:\/\/www.bild.de\/politik\/ausland\/politik-ausland\/linksextremisten-stuermen-bueros-von-oe24-wegen-frauenmord-berichte-77025172.bild.html\">https:\/\/www.bild.de\/politik\/ausland\/politik-ausland\/linksextremisten-stuermen-bueros-von-oe24-wegen-frauenmord-berichte-77025172.bild.html<\/a><\/p>\n<p><a href=\"https:\/\/www.welt.de\/vermischtes\/article232379049\/Messerattacke-von-Wuerzburg-Spendenaufruf-fuer-mittelloses-Maedchen.html?fbclid=IwAR3hmO2-RIUYIFkCEAtO11LFBzwwRJ_9JT7kmz3oOQG4-xblUt9KiAW9xXU\">https:\/\/www.welt.de\/vermischtes\/article232379049\/Messerattacke-von-Wuerzburg-Spendenaufruf-fuer-mittelloses-Maedchen.html?fbclid=IwAR3hmO2-RIUYIFkCEAtO11LFBzwwRJ_9JT7kmz3oOQG4-xblUt9KiAW9xXU<\/a><br \/>\n.<br \/>\n&#8230; Alles vom 11.7.2021 bitte lesen auf<br \/>\n<a href=\"https:\/\/vera-lengsfeld.de\/2021\/07\/11\/wie-messerattacken-zu-unserem-alltag-gemacht-werden\/#more-6067\">https:\/\/vera-lengsfeld.de\/2021\/07\/11\/wie-messerattacken-zu-unserem-alltag-gemacht-werden\/#more-6067<\/a><\/p>\n<p>.<\/p>\n<p><strong>W\u00fcrzburg: Die Namen, Gesichter und Geschichten der Opfer<\/strong><br \/>\n<strong>&#8222;Say their names&#8220; gilt auch hier<\/strong><br \/>\nW\u00e4hrend die ganze Welt nur kurz nach dem Tod von George Floyd sein Gesicht, seine Geschichte und seine Angeh\u00f6rigen kannte, ist vier Tage nach der schrecklichen Bluttat in W\u00fcrzburg noch immer relativ wenig \u00fcber die Opfer bekannt. Christiane H., Johanna H. und Stefanie W. wurden Opfer eines Anschlags des mutma\u00dflich islamistischen und geisteskranken Mannes Jibril Abdurahman \u2013 und damit auch die Opfer unserer fatalen Migrationspolitik und des Staatsversagens beim Umgang mit psychisch kranken und\/oder gewaltt\u00e4tigen Menschen. Ihr Tod h\u00e4tte verhindert werden k\u00f6nnen und m\u00fcssen. Wer waren die drei Frauen, die auf so grausame Weise ihr Leben lassen mussten? Deren Vornamen noch nicht mal auf der Trauerfeier in W\u00fcrzburg genannt wurden?<\/p>\n<p><a href=\"https:\/\/www.freiburg-schwarzwald.de\/blog\/wp-content\/uploads\/2021\/06\/wuersburg-christiane-stefanie210629.jpg\"><img loading=\"lazy\" decoding=\"async\" class=\"alignnone size-thumbnail wp-image-92039\" src=\"https:\/\/www.freiburg-schwarzwald.de\/blog\/wp-content\/uploads\/2021\/06\/wuersburg-christiane-stefanie210629-180x120.jpg\" alt=\"\" width=\"180\" height=\"120\" srcset=\"https:\/\/www.freiburg-schwarzwald.de\/blog\/wp-content\/uploads\/2021\/06\/wuersburg-christiane-stefanie210629-180x120.jpg 180w, https:\/\/www.freiburg-schwarzwald.de\/blog\/wp-content\/uploads\/2021\/06\/wuersburg-christiane-stefanie210629.jpg 620w\" sizes=\"auto, (max-width: 180px) 100vw, 180px\" \/><\/a><\/p>\n<p>Das erste Opfer des 24-j\u00e4hrigen Somaliers ist die 49-j\u00e4hrige Brasilianerin Christiane H., die bei dem Versuch starb, ihre Tochter vor dem Gewaltt\u00e4ter zu sch\u00fctzen. Die Lehrerin war erst Anfang des Jahres mit ihrer 11-j\u00e4hrigen Tochter Akines nach Deutschland gekommen \u2013 wer wei\u00df, vielleicht sogar, weil sie dachte, dass sie ihrer Tochter in Deutschland ein besseres, sichereres Leben bieten k\u00f6nnte. Am Freitag-Nachmittag waren Mutter und Tochter im Woolworth einkaufen, als Jibril A. unvermittelt Akines attackierte. Ihre Mutter warf sich sch\u00fctzend \u00fcber sie und starb, noch w\u00e4hrend der Mann immer wieder durch ihren K\u00f6rper hindurch stach und so auch die Tochter schwer verletzt haben soll.<br \/>\nDass das M\u00e4dchen nicht tot ist, ist neben dem selbstlosen Einsatz der Mutter nur der Seniorin Johanna H. zu verdanken. Die 82-j\u00e4hrige griff trotz ihrer offensichtlichen k\u00f6rperlichen Unterlegenheit in die Situation ein, um den \u201eAmokl\u00e4ufer\u201c von dem kleinen M\u00e4dchen abzulenken. Und es gelang ihr auch \u2013 Akina konnte schwer verletzt aus dem Laden fliehen, w\u00e4hrend sie verzweifelt \u201eich will noch nicht sterben!\u201c geschrien haben soll. Die 11-j\u00e4hrige, deren Vater in Brasilien ist, \u00fcberlebt den Angriff schwer verletzt und bleibt wohl f\u00fcr immer traumatisiert. Johanna H. hatte nicht so viel Gl\u00fcck. Sie starb an den zahlreichen Messerstichen.<br \/>\nAuch die 24-j\u00e4hrige \u201elebensfrohe\u201c Studentin Steffi W. aus dem Landkreis Main-Spessart verlor so ihr Leben. Sie war gerade in der Woolworth-Filiale einkaufen, um sich ein Kleid und ein Geschenk f\u00fcr die Hochzeit ihrer besten Freundin zu kaufen, bei der sie Trauzeugin sein sollte. Jibril A. stach immer wieder auf Stefanie ein. Sie st\u00fcrzte schwer verletzt aus dem Laden auf die Kaiserstra\u00dfe und brach dann auf den Tramgleisen zusammen. Stefanie starb mit nur 24 Jahren.<br \/>\n&#8230; Alles vom 29.6.2021 bitte lesen af<br \/>\n<a href=\"https:\/\/www.tichyseinblick.de\/meinungen\/opfer-von-wuerzburg\/\">https:\/\/www.tichyseinblick.de\/meinungen\/opfer-von-wuerzburg\/<\/a><br \/>\n.<br \/>\nKommentare:<br \/>\n<strong>Vielen Dank, dass Sie auf TE die M\u00f6glichkeit geben,<\/strong><br \/>\nder Mordopfer von W\u00fcrzburg w\u00fcrdevoll zu gedenken! Was f\u00fcr ein sinnloser Tod dieser Frauen, mein Beileid allen Angeh\u00f6rigen!<br \/>\nKein einziges Wort der Bundeskanzlerin, diesmal ein Aussitzen plus \u201eAusschweigen\u201c, wie erb\u00e4rmlich!<br \/>\nNach betreutem Denken m\u00fcssen wir jetzt nat\u00fcrlich auch \u201erichtig\u201c trauern, nicht zuviel, ein bisschen \u201edarf\u201c man.. Diese Opfer scheinen nicht so \u201ewichtig\u201c zu sein, blo\u00df nicht zuviel Aufmerksamkeit verbreiten, sonst k\u00f6nnte man ja noch auf die Idee kommen, einen Zusammenhang zwischen Merkels Fl\u00fcchtlingspolitik und den daraus verheerenden Auswirkungen herstellen! Gibt es \u201efalsche\u201c und \u201erichtige\u201c Opfer?<br \/>\nNicht mal die Nationalmannschaft schafft es mit Trauerflor zu spielen, stattdessen wieder dieses uns\u00e4gliche Niederknien mit viel Regenbogenfarben\u2026 also gibt es \u201efalsche\u201c und \u201erichtige\u201c Opfer!!!!<br \/>\nWenigstens sind sie endlich \u201edraussen\u201c, h\u00e4tten sie schon gegen Ungarn verdient!!! Eine Mannschaft, die sich so instrumentalisieren l\u00e4sst f\u00fcr die (vermeintlich) richtige Haltung, hat im Fussball bzw Sport nichts zu suchen!!!<br \/>\nAn dieser Stelle herzlichsten Dank an alle Autoren und alle Artikel, die sich mit dem Terrorakt auseinandersetzen und dar\u00fcber schreiben!!!<br \/>\nWir, hier in W\u00fcrzburg, sind noch nicht abgestumpft und noch viel zu verst\u00f6rt, sowohl \u00fcber die Tat an sich als auch \u00fcber die peinlichen Reaktionen und die kl\u00e4glichen Versuche unserer Politiker, Trauer und Mitgef\u00fchl zu heucheln!<br \/>\nWarum muss ich immer an Cersai von Game of Thrones denken, als sie durch die Stadt getrieben wird? Schande, Schande, Schande\u2026\u2026<br \/>\n29.6.2021, Lac<\/p>\n<p><strong>Vielen Dank Frau Schwarz f\u00fcr diesen Artikel und vielen Dank an TE,<\/strong><br \/>\ndass sie diesem ein Forum bieten. Erst durch die namentliche Nennung und die Beschreibung der Todesumst\u00e4nde wird die ganze Grausamkeit der Taten deutlich. Mein Respekt vor den Helden, besonders der Mutter und der alten Dame, die ihr Leben f\u00fcr die Rettung der n\u00e4chsten Generation geopfert haben. Es ist einfach so schrecklich, dass das alles passiert und die wahren Hintergr\u00fcnde in den \u00d6R-Medien nicht diskutiert werden. Ich w\u00fcnsche allen \u00dcberlebenden viel Kraft und liebe Menschen an ihrer Seite. Gott besch\u00fctze Sie!<br \/>\n29.6.2021, Fue<br \/>\nEnde Kommentare<\/p>\n<p>&nbsp;<\/p>\n<p><strong>W\u00fcrzburg: Migrant sticht ausschlie\u00dflich auf Frauen ein &#8211; Femizid<\/strong><br \/>\nIn der Sendung &#8222;Weltwoche-daily&#8220; vom 29.6.2021 setzt sich Roger K\u00f6ppel kritisch mit der Berichterstattung zum Messermord von W\u00fcrzburg durch einen Eritr\u00e4er auseinander:<br \/>\n1) &#8222;Es wurden ausschlie\u00dflich Frauen erstochen. Der von <a href=\"https:\/\/www.freiburg-schwarzwald.de\/blog\/selbsthilfe\/frauen\/feminismus\/\">Feministen<\/a> und <a href=\"https:\/\/www.freiburg-schwarzwald.de\/blog\/engagement\/zukunft\/demokratie\/links\/\">Linken<\/a> hierf\u00fcr passende Begriff ist der <a href=\"https:\/\/www.freiburg-schwarzwald.de\/blog\/selbsthilfe\/frauen\/femizid\/\">Femizid<\/a>. Doch diesen vernimmt man in den Medien nicht. Es darf kein Femizid sein, wenn der T\u00e4ter ein Migrant bzw. Muslim ist. Dies zeigt deutlich die Unernsthaftigkeit der Linken.&#8220;<br \/>\n2) &#8222;Es dauerte 2 Tage, bis der \u00d6R in Deutschland als Motiv des T\u00e4ters den <a href=\"https:\/\/www.freiburg-schwarzwald.de\/blog\/religion\/islam\/islamismus\/\">islamistischen Terror<\/a> benannte. nat\u00fcrlich war auch die Psyche im Spiel.&#8220;<br \/>\n3) &#8222;Wenn Migranten mal im Land sind, dann fehlt in Deutschland den Beh\u00f6rden der Wille zur Ausschaffung (auf deutsch: Ausweisung)&#8220;.<br \/>\n&#8230; Alles vom 29.6.2021 bitte lesen auf<br \/>\n<a href=\"https:\/\/www.weltwoche-daily.ch\/\">https:\/\/www.weltwoche-daily.ch\/<\/a><\/p>\n<p>&nbsp;<\/p>\n<p><strong>Zu W\u00fcrzburg und Frau Merkels G\u00e4sten: <\/strong><br \/>\n<strong>Wenn Sie deutliche Worte nicht m\u00f6gen, lesen Sie bitte nicht weiter!<\/strong><br \/>\nDrei Tage nach dem islamistischen Terroranschlag von W\u00fcrzburg, wo ein \u201cAllahu Akbar\u201d-Somalier (24) drei ihm v\u00f6llig unbekannte Frauen mit einem Messer kaltbl\u00fctig ermorderte und sechs weitere verletzte. Einfach so. Eine der Frauen, eine 49-J\u00e4hrige, warf sich sch\u00fctzend vor ihre elfj\u00e4hrige Tochter, als der feige Angriff begann, und rettete ihrem Kind damit das Leben, das sie selbst dabei verlor. Es ist so tragisch und es entfacht in mir ebenso wie in vielen von Ihnen einen Moment rasender Wut.<br \/>\nUnd dann gehen wir wieder ins Homeoffice oder zum Schnelltest f\u00fcr den anstehenden Friseurbesuch. Weil fast alle noch nicht begriffen haben, dass wir im Krieg sind, dass Huntingtons Clash of Civilizations l\u00e4ngst im Gange ist. Viele aus dem veganen Gr\u00fcntee-Milieu haben vor allem noch nicht begriffen, dass Sie diejenigen sind, die als erstes dran sein werden, wenn Allahs S\u00f6hne gewinnen. Die sind n\u00e4mlich weder woke noch trans, die haben Messer.<br \/>\n&#8230;<br \/>\n\u00abWo liegt der Sinn dahinter? Viele Menschen fragten nach dem Warum.\u00bb Die meisten B\u00fcrger fragen eher: F\u00fcr was werdet Ihr eigentlich bezahlt? Was tut Ihr, um diesen Irrsinn zu stoppen? Wann schmei\u00dft Ihr die bekannten \u201cislamistischen Gef\u00e4hrder\u201d, es sind Hunderte den Sicherheitsbeh\u00f6rden bekannte, aus diesem Land? Was ist mit den 260.000 abgelehnten und geduldeten Asylbewerbern? Wann werden die endlich abgeschoben? &#8230; Alles vom 28.6.2021 bitte lesen auf<br \/>\n<a href=\"https:\/\/denken-erwuenscht.com\/zu-wuerzburg-und-frau-merkels-gaesten-wenn-sie-deutliche-worte-nicht-moegen-lesen-sie-bitte-nicht-weiter\/\">https:\/\/denken-erwuenscht.com\/zu-wuerzburg-und-frau-merkels-gaesten-wenn-sie-deutliche-worte-nicht-moegen-lesen-sie-bitte-nicht-weiter\/<\/a><br \/>\n.<br \/>\nKommentare:<br \/>\n\u00abWo liegt der Sinn dahinter? Viele Menschen fragten nach dem Warum.\u00bb<br \/>\nDie meisten B\u00fcrger fragen eher: F\u00fcr was werdet Ihr eigentlich bezahlt? Was tut Ihr, um diesen Irrsinn zu stoppen? Wann schmei\u00dft Ihr die bekannten \u201cislamistischen Gef\u00e4hrder\u201d, es sind Hunderte den Sicherheitsbeh\u00f6rden bekannte, aus diesem Land? Was ist mit den 260.000 abgelehnten und geduldeten Asylbewerbern? Wann werden die endlich abgeschoben?<br \/>\n28.6.2021, A.D., KBO<br \/>\n.<br \/>\nDie Gleichg\u00fcltigkeit in diesem Lande ist schon bemerkenswert<br \/>\nIch wei\u00df ja nicht, warum man Schwerverbrecher mehr sch\u00fctzt als brave, ehrliche unschuldige Frauen und Kinder. Das grenzt f\u00fcr mich als Komplott gegen die eigene Bev\u00f6lkerung \u2013 nein er ist es.<br \/>\nBevor die Deutschen einen Aufstand starten, kaufen sie eine Bahnsteigkarte. So \u00e4hnlich dr\u00fcckte sich Lenin aus. Die Gleichg\u00fcltigkeit in diesem Lande ist schon bemerkenswert. Ich pers\u00f6nlich w\u00fcrde gerne an einem Putsch gegen dieses Regime mitwirken, anstatt auf eine Wahl zu warten, deren Ausgang jetzt schon feststeht. Danach wird sich nichts \u00e4ndern oder gar noch schlimmer werden. Ich bin mir bewusst, dass ich mich mit diesem Statement strafbar gemacht habe. Aber diejenigen, die da wegzuputschen w\u00e4ren, haben sich bereits zigtausendfach strafbar gemacht. V\u00f6lkerrechtsbruch, V\u00f6lkermord, Verrat, Hochverrat, internationalen Vertragsbruch, Volksverhetzung, Verfassungsbruch, Unterlassung gesetzlicher Pflichten der staatlichen wie zivilen Sicherheit, Diskriminierung \u2026 es handelt sich um eine kriminelle Vereinigung getarnt als gew\u00e4hlte Regierung.<br \/>\nAls n\u00e4chstes w\u00e4ren die Massenmedien dran: Vertragsbruch, Volksverhetzung, Verleumdung, Diskriminierung, Falschberichte (Fakenews) und Irref\u00fchrung \u2026 Propaganda f\u00fcr eine kriminelle Vereinigung. Keine Satire, sondern bitterb\u00f6ser Vorwurf! M\u00f6ge das zu etwas Besseren dienen.<br \/>\n28.6.2021, A.D.<br \/>\nEnde Kommentare<br \/>\n.<\/p>\n<p><strong>Warum in Deutschland nicht offen \u00fcber den T\u00e4ter-Hintergrund geredet wird<\/strong><br \/>\nEin Fl\u00fcchtling wird psychisch auff\u00e4llig, gewaltt\u00e4tig, kurze Zeit sp\u00e4ter mordet er. Diesmal in W\u00fcrzburg. Drei Frauen sind tot. Das Entsetzen ist gro\u00df, ebenso Trauer und Mitgef\u00fchl. Doch die Vergangenheit zeigt: Folgen haben wird die Tat kaum. Dabei zeigt die Polizei-Statistik: Deutschland hat ein massives Problem mit gewaltt\u00e4tigen Ausl\u00e4ndern:<br \/>\n\u25baGewaltkriminalit\u00e4t: von 168\u2005237 Tatverd\u00e4chtigen waren im Vorjahr 38 Prozent \u201enicht-deutsche Tatverd\u00e4chtige\u201c (64\u2005318) \u2013 darunter waren 22\u2005171 Zuwanderer (13 %).<br \/>\n\u25baMord, Totschlag: von 2672 Tatverd\u00e4chtigen waren 1085 Ausl\u00e4nder (41 %), 420 davon \u201eZuwanderer\u201c (16 %).<br \/>\n\u25baVergewaltigung und sexuelle N\u00f6tigungen: 37 Prozent der T\u00e4ter sind Ausl\u00e4nder, 14 Prozent davon Zuwanderer.<br \/>\n&#8230;<br \/>\n\u25ba\u2009Der deutsche Islamismus-Experte Ahmad Mansour (44): \u201eEs fehlt der Mut, Gewalttaten von Nichtdeutschen und Integrationsprobleme bestimmter Gruppen von muslimischen Zuwanderern knallhart zu benennen, zu analysieren.\u201c &#8230;<br \/>\nAls er auf die hilflosen Opfer einsticht, ruft er laut Zeugen den dschihadistischen Kampfruf \u201eAllahu akbar\u201c (Gott ist gro\u00df). Und: Nach seiner Festnahme spricht J. ganz offen vom \u201eHeiligen Krieg\u201c \u2013 die Tat sei sein \u201eDschihad\u201c! Sp\u00e4ter wird ISIS-Propaganda in seinem Wohnheim gefunden.<br \/>\n&#8230; Alles vom 28.6.2021 bitte lesen auf<br \/>\n<a href=\"https:\/\/www.bild.de\/politik\/inland\/politik-inland\/messertat-in-wuerzburg-warum-nicht-offen-ueber-den-taeter-hintergrund-geredet-wi-76901300.bild.html\">https:\/\/www.bild.de\/politik\/inland\/politik-inland\/messertat-in-wuerzburg-warum-nicht-offen-ueber-den-taeter-hintergrund-geredet-wi-76901300.bild.html<\/a><br \/>\n.<br \/>\n.<br \/>\n<strong>Vorbereitet sein (Gedanken zu W\u00fcrzburg)<\/strong><br \/>\nIm Essay vom 6.6.2021, \u00bbWir dummen Hunde\u00ab, schrieb ich zur neuesten Mordtat eines Islamisten in W\u00fcrzburg. https:\/\/www.dushanwegner.com\/wir-dummen-hunde\/ Ich schrieb, dass solcher Wahnsinn dank der Naivit\u00e4t und Gewissenlosigkeit von Frauen wie Merkel und diversen Bahnhofsklatscherinnen ins Land gekommen war \u2013 und dass die Gewalt dann von den heute so sehr gehassten M\u00e4nnern gestoppt werden muss. Ich schrieb \u00fcber die diskussionsw\u00fcrdige Tendenz, dass wir uns mit \u00bbimportierter M\u00e4nnlichkeit\u00ab gegen \u00bbimportierte Gewalt\u00ab verteidigen werden m\u00fcssen (was, wie wir inzwischen wissen, auch diesmal in W\u00fcrzburg wieder der Fall war).<br \/>\nDie, die den T\u00e4ter stoppten, waren zum guten Teil nicht nur M\u00e4nner, sondern selbst \u00bbAusl\u00e4nder\u00ab, und zwar die \u00bbguten\u00ab Ausl\u00e4nder \u2013 jedoch, in einem wichtigen Punkt waren meine ersten Beschreibungen unvollst\u00e4ndig.<br \/>\nT\u00e4ter und Opfer<br \/>\nDer gute Deutsche im Propagandastaat, abgestochen vom Messer des Islamisten, hat leise und anonym zu sterben. Wenn das Opfer einen Migrationshintergrund aufweist (also \u00bbden richtigen\u00ab, nicht aus dem Ostblock), dann wird an die Namen der Opfer noch Jahrzehnte sp\u00e4ter erinnert. Wenn die Opfer Deutsche sind, will die Propaganda sie unsichtbar machen, sie ohne Gesicht und Namen lassen. Im Propagandastaat haben sich auch Sterben und Trauer der Macht und ihrer Propaganda unterzuordnen.<br \/>\nWenn man sich die Informationen zu T\u00e4ter und Opfer m\u00fchsam aus Andeutungen und sozialen Medien zusammenkratzen muss, geht man als erfahrener B\u00fcrger des Propagandastaates davon aus, dass die Tat durch das politische Handeln der Merkelbande m\u00f6glich wurde \u2013 und dass die Tat alle gutmenschliche Ideologie und Propaganda unmittelbar L\u00fcgen straft.<br \/>\nWir kratzen uns die Informationen zusammen, dass der T\u00e4ter mit Vornamen \u00bbAbdirahman\u00ab hei\u00dft und 24 Jahre alt ist (bz-berlin.de, 27.6.2021). Er hatte sich das Messer zuvor in der Haushaltsabteilung des Woolworth von W\u00fcrzburg besorgt. Zu den Schwerverletzten geh\u00f6ren eine 11-J\u00e4hrige und ein 16-J\u00e4hriger. Die drei Toten sind drei Frauen im Alter von 24, 49 und 82 Jahren.<br \/>\nDer T\u00e4ter hielt sich seit 2015 \u00bblegal\u00ab in Deutschland auf (n-tv.de, 27.6.2021). Im Internet kursieren Video-Schnipsel des T\u00e4ters. Man h\u00f6rt, er sei auf Lampedusa gelandet. Ich wei\u00df nicht, ob er noch mit dem Teddyb\u00e4r schl\u00e4ft, den moralgeile Linksgr\u00fcninnen ihm am Bahnhof zur Begr\u00fc\u00dfung schenkten.<br \/>\nEine der Toten, die BILD gibt ihren Namen mit \u00bbChristiane F.\u00ab an, war eine 49-j\u00e4hrige Mutter, die sich sch\u00fctzend vor ihre 11-j\u00e4hrige Tochter warf (bild.de, 28.6.2021, Stand 7:55 Uhr (\u20ac)).<br \/>\n<a href=\"https:\/\/www.bild.de\/bild-plus\/news\/inland\/news-inland\/opfer-des-messer-killers-von-wuerzburg-christiane-h-starb-fuer-ihr-kind-76900406,view=conversionToLogin.bild.html\">https:\/\/www.bild.de\/bild-plus\/news\/inland\/news-inland\/opfer-des-messer-killers-von-wuerzburg-christiane-h-starb-fuer-ihr-kind-76900406,view=conversionToLogin.bild.html<\/a><br \/>\n(Randnotiz: Wir d\u00fcrfen der BILD unter ihrem Chef Julian Reichelt danken, dass die gegen die Gewohnheit im Propagandastaat auch deutschen Opfern ein Gesicht gibt. Vertun wir uns nicht: Es ist mutig<br \/>\n&#8230;.<br \/>\nAll die Entscheidungen, die f\u00fcr das Leben des Kindes anstanden. Alle Zukunftspl\u00e4ne. Alle Hoffnung, alle Freude \u2013 erstmal dahin. Die 11-j\u00e4hrige Tochter ist schwerverletzt. Ihre Mutter ist tot. Die Gutmenschen haben einander f\u00fcr ihre Menschlichkeit gelobt. Die Wohlfahrtskonzerne machen weiter fetten Profit. \u00c4hnlich auch die Schlepper: W\u00e4hrend in Deutschland die Propaganda darum k\u00e4mpft, das Blut der Mitschuld von den H\u00e4nden der \u00bbGuten\u00ab abzuwaschen, landen in Lampedusa weitere Schlepperkunden an (130 allein am 27.6.2021, so <a href=\"https:\/\/www.rainews.it\">https:\/\/www.rainews.it<\/a>, 27.6.2021)<br \/>\n&#8230;.<br \/>\nDie Gier mancher Menschen (Wohlfahrtskonzerne, Schlepper, gewisse Staaten, dubiose NGOs) ist weit gr\u00f6\u00dfer als deren Mitleid. Die Ideologen in Berlins Regierungsfluren und Redaktionen, sie sp\u00fcren nicht, was die Menschen sp\u00fcren; diese Gestalten denken in der schlichten Ebene von Macht und Gehorsam: Indem sie ihren jeweiligen Chefs gehorchen, und indem sie das Publikum zum Gehorsam bewegen, erringen sie f\u00fcr sich selbst etwas von dem, das sie Macht nennen. Eine Mutter, die sich sterbend vor und \u00fcber ihre Tochter wirft, das ist f\u00fcr Berliner Politiker und Journalisten nur Kollateralschaden, ein PR-Problemchen, das sich dank Propaganda-Milliarden leicht wegb\u00fcgeln l\u00e4sst.<br \/>\n&#8230; Alles vom 28.6.2021 von Dushan Wegner bitte lesen auf<br \/>\n<a href=\"https:\/\/www.dushanwegner.com\/vorbereitet-sein\/\">https:\/\/www.dushanwegner.com\/vorbereitet-sein\/<\/a><br \/>\n.<\/p>\n<p><strong>Spindoctoren: Kampf um die Deutungshoheit der Messermorde des Somaliers<\/strong><br \/>\nKaum hatte sich die Nachricht von den schrecklichen Ereignissen in W\u00fcrzburg herumgesprochen, formierten sich im Netz die Fraktionen zum Kampf um die Deutungshoheit. Doch der geht an der Sache vorbei. Es geht nicht mehr um Fakten, sondern um Symbole. So entsteht ein Klima, das T\u00e4tern wie dem von W\u00fcrzburg erst Raum gibt.<br \/>\nEin Spindoctor ist ein Journalist oder Kommunikationsberater, der Ereignissen den richtigen medialen \u201eSpin\u201c geben soll, also den richtigen politischen Dreh. Doch Spindoctoren gibt es heutzutage nicht nur im Profibereich und nach Wahlkampfdebatten: Wann immer sich in Deutschland etwa ein Amoklauf ereignet, Menschen auf offener Stra\u00dfe get\u00f6tet werden oder ein vergleichbares Verbrechen geschieht, greifen in Deutschland tausende selbsternannter Spindoctoren in die Tasten. Ihr Ziel: Der Berichterstattung \u00fcber die Tat die richtige Richtung zu geben. Am besten so, dass das eigene politische Lager von der Tat profitiert. Und zugleich dem jeweiligen politischen Gegner irgendwie eine Mitverantwortung f\u00fcr das Verbrechen in die Schuhe zu schieben. Das alles geschieht in der Regel im Brustton absoluter Emp\u00f6rung. Es ist ein widerliches Ritual.<br \/>\nAls am gestrigen fr\u00fchen Abend die ersten Meldungen \u00fcber einen Amoklauf in der W\u00fcrzburger Innenstadt die Runde machten und nach und nach deutlich wurde, dass ein 24-j\u00e4hriger Somalier drei Menschen get\u00f6tet und mehrere teils schwer verletzt hatte, gab es kein Halten. Unter dem Hashtag #W\u00fcrzburg formierten sich umgehend zwei Fraktionen:<br \/>\nAuf der einen Seite die routinierten Antifaschisten, die in jedem kritischen Kommentar Rassismus witterten, vor Spekulationen und Ger\u00fcchten warnten und davor, die Tat politisch zu instrumentalisieren.<br \/>\nAuf der anderen Seite jene, die sich \u00fcber die Berichterstattung der \u00f6ffentlichen Medien mokierten, Merkels Fl\u00fcchtlingspolitik f\u00fcr die Tat verantwortlich machten und Hohn und Spott \u00fcber die Migrationspolitik der letzten Jahre ausgossen.<br \/>\nDas alles war in seiner Absehbarkeit mehr als \u00f6de und man fragt sich, ob sich die Leute dabei nicht selbst langweilen. Tun sie aber nicht.<br \/>\n&#8230; Alles von Alexander Grau vom 26.6.2021 bitte lesen auf<br \/>\n<a href=\"https:\/\/www.cicero.de\/innenpolitik\/attentat-in-wurzburg-der-perfide-kampf-um-die-deutungshoheit\">https:\/\/www.cicero.de\/innenpolitik\/attentat-in-wurzburg-der-perfide-kampf-um-die-deutungshoheit<\/a><\/p>\n<p>Kommentare:<br \/>\n<strong>T\u00e4ter mit Migrationshintergrund: Psyche &#8211; sonst: Politik<\/strong><br \/>\n&#8220; &#8230; Umgang mancher Medien mit psychischen Erkrankungen. Bei T\u00e4tern mir Migrationshintergrund gelten sie schnell als die eigentliche Handlungsursache, was immer der T\u00e4ter an politischen und religi\u00f6sen Bekenntnissen ge\u00e4u\u00dfert haben mag. Attent\u00e4ter mit rechtsextremen Internetaktivit\u00e4ten und \u00c4u\u00dferungen werden hingegen konsequent als politische T\u00e4ter kategorisiert \u2013 unabh\u00e4ngig von ihrer Krankenakte.&#8220;<br \/>\nDas ist exakt meine Wahnehmung \u00fcber den Umgang der Leitmedien mit Gewalttaten, die einer bestimmten Agenda entweder f\u00f6rderlich sind oder nicht. Und dieser Umgang ist keine vertrauensbildende Ma\u00dfnahme, sondern als politisch motiviert zu erkennen.<br \/>\n26.6.2021, Ch.W., CO<br \/>\nSelbst in der Mainpost (Sitz W\u00dc) werden keine Fotos mit dem Farbigen<br \/>\nund seinem 40 cm Messer gezeigt &#8230; k\u00f6nnte die Leute ja verunsichern. Den &#8222;gest\u00f6rten Rechten&#8220; mit seinem Gewehr hinter dem Auto hingegen konnte man bei den \u00d6ffentlich-Rechtlichen den Leuten garnicht oft genug zeigen. Das nennt man NEUTRALEN Journalismus!!! Gottseidank konnte man sich im Netz sein eigenes Bild machen (&#8222;die da oben&#8220; arbeiten schon dran &#8230; )- also wie lange noch?<br \/>\n26.6.2021, J.K.<br \/>\n.<br \/>\n<strong>Messen mit zweierlei Ma\u00df &#8211; keine faktenbasierte Berichterstattung mehr<\/strong><br \/>\nGrunds\u00e4tzlich haben Sie recht, Herr Grau. Das Problem sehe ich darin, dass eine ehrliche und faktenbasierte Berichterstattung (was das Wort selbst schon sagt) zu noch mehr Fragen und Zorn f\u00fchren w\u00fcrde. Seehofer sagte 2015, die Flasche ist auf und wir bekommen sie nicht mehr zu- eines der wenigen Statements, die absolut ehrlich klangen. Was ist seither alles passiert? Frau reker empfahl \u201eeine Arml\u00e4nge Abstand\u201c, es gab den Berliner Weihnachtsmarkt, Silvester in K\u00f6ln, mehrere Morde an jungen Frauen (man wei\u00df sie schon gar nicht mehr alle), das Zugattentat von W\u00fcrzburg (K\u00fchnast:\u201cFraaaagen\u201c), das Messerattentat von Dresden, Macheten auf der Stra\u00dfe, Tote in Chemnitz, Cottbus, unz\u00e4hlige Vergewaltigungen\u2026was ist zu lesen: Einzelfall, psychisch krank, nicht instrumentalisieren\u2026Andersherum Hanau, ein schwer psychisch gest\u00f6rter Mann- rechtsextrem, das Attentat von M\u00fcnchen- im Nachhinein als rechtsextrem eingestuft, es ist das Messen mit zweierlei Ma\u00df, was mich so emp\u00f6rt und verzweifeln l\u00e4sst!!!<br \/>\n26.6.2021, C.K.<br \/>\n.<br \/>\n<strong>Sehr geehrter Herr Grau!<\/strong><br \/>\nIch habe viele ehrenwerte und intellektuell bestechende Kommentare von Ihnen gelesen. Mit dem vorliegendem vermag ich jedoch nicht einverstanden zu sein. Zu ihrem Urteil scheint man m. E. nur dann gelangen zu k\u00f6nnen, wenn man eine Art sub-specie-aeternitatis-Perspektive einzunehmen gedenkt. Nein, diese Morde sind ganz konkret im Hier und Heute geschehen, sind von ganz konkreten Menschen erlitten worden und lassen einem, egal auf welcher politischen Seite man steht, einfach nur die Haare zu Berge stehen.<br \/>\nMag sein, dass es sich hier um eine ausschlie\u00dflich paranoide Tat handelt, hunderte andere Taten waren eben nicht Ausgeburt einer psychischen Erkrankung, sondern kamen aus dem Humus einer Religion, die sehr wohl gewaltaffin ist. Da kann man nicht beiseite stehen und \u00e0 l\u00e1 Taschenrechner zu dem Ergebnis kommen, die sozialen Verwerfungen seien nun einmal die noch schlimmeren. Das ist zwar abstrakt richtig, relativiert aber nicht das Entsetzen und die Betroffenheit \u00fcber die aktuelle Tat.<br \/>\n26.6.2021, G.SCH<br \/>\n.<br \/>\n<strong>sehr konkrete Opferschicksale und ganz konkretes Entsetzen.<\/strong><br \/>\nVorkommnisse wie der Anschlag auf den Berliner Weihnachtsmarktin in Berlin oder eben auch dieses Messerattentat bedeuten sehr konkrete Opferschicksale und ganz konkretes Entsetzen.<br \/>\nHerr Grau schreibt zwar, man solle das nicht verharmlosen, verharmlost es dann aber irgendwie selbst mit einer nachfolgenden Relativierung gegen\u00fcber &#8222;langfristigen sozialen, \u00f6konomischen und kulturellen Ver\u00e4nderungen&#8220;, die das eigentliche Problem gegen\u00fcber &#8222;allem anderen&#8220; als vermeintlichen &#8222;rhetorischen Nebenkriegsschaupl\u00e4tzen&#8220; seien.<br \/>\nDie Thematisierung von drei ermordeten Menschen durch einen psychisch gest\u00f6rten Islamisten, der eigentlich nicht mehr im Land h\u00e4tte sein d\u00fcrfen (wenn Abschiebungen funktionieren w\u00fcrden) ist kein &#8222;rhetorischer Nebenkriegsschauplatz&#8220;. Ich hoffe, Herr Grau sieht ein, dass er sich hier ungl\u00fccklich ausgedr\u00fcckt hat. Ich denke nicht, dass er das so meint.<br \/>\n26.6.2021, C.N.<br \/>\n.<br \/>\n<strong>Warum nicht die ganze Wahrheit? Allahu Akbar<\/strong><br \/>\nWie schnell ist man dabei, dem islamistischen Wahnsinn eine psychiatrische Note zu verpassen. Dass dieser Islamist aus Somalia beim Morden all\u0101hu akbar gerufen hat, habe ich nicht ein Mal von den sogenannten \u00d6ffentlich Rechtlichen geh\u00f6rt. Es wurde absichtlich verschwiegen? Will man damit die (verfehlte) Fl\u00fcchtlingspolitik der Noch-Kanzlerin nicht besch\u00e4digen? Das wei\u00df doch inzwischen jeder denkende Mensch, dass ein papierloser Massen-Grenz\u00fcbertritt Folgen hat. Warum traut man dem Souver\u00e4n nicht die Tatsachen\/die Wirklichkeit zu? Noch einmal: das hat mit Demokratie nichts zu tun! Allein dem Souver\u00e4n &#8211; dem Volk &#8211; geh\u00f6rt die Macht! Dabei muss es bleiben!<br \/>\n26.6.2021, G.J.<br \/>\n.<br \/>\n<strong>Man traut dem Souver\u00e4n die volle Wahrheit nicht zu<\/strong><br \/>\n&#8222;Ihr Ziel: Der Berichterstattung \u00fcber die Tat die richtige Richtung zu geben. Am besten so, dass das eigene politische Lager von der Tat profitiert.&#8220; Inzwischen hat man den Ruf des M\u00f6rders bei seiner menschenverachtenden islamistischen Tat &#8211; all\u0101hu akbar &#8211; auch in den \u00d6R zugegeben. Aber man eiert immer noch wie die Katze um den hei\u00dfen Brei: k\u00f6nnte; eventuell; mutma\u00dflich; noch nicht erwiesen, anstatt dem Souver\u00e4n die volle Wahrheit zuzumuten bzw. zuzutrauen.<br \/>\nUnabh\u00e4ngige Berichterstattung ist das jedenfalls nicht. Und man traut den Menschen in unserem Land immer noch nicht zu, diese m\u00f6rderische Tat richtig ein zu ordnen: Ein Mehrfach-Mord mit islamistischen Hintergrund &#8211; Ein islamistischer Terrorakt. Und noch peinlicher: dieser T\u00e4ter ist zuvor schon (gewaltvoll)aufgefallen!<br \/>\n26.6.2021, A.N.<\/p>\n<p><strong>Staatsversagen: Warum nicht handeln wie D\u00e4nemark?<\/strong><br \/>\nK\u00f6nnen wir einfach mal folgendes festhalten: Merkels Willkommenspolitik und ihr fatales &#8222;Wir schaffen das!&#8220;, dazu das Versagen der Politik in der konsequenten Anwendung geltenden Rechts sind die Ursachen f\u00fcr die zahlreichen Opfer islamistischer Angriffe der letzten Jahre. Dabei sollte es belanglos sein, ob da etwa auch psychische St\u00f6rungen der T\u00e4ter eine Rolle gespielt haben. W\u00e4re ich Angeh\u00f6riger eines der Opfer, w\u00fcrde ich versuchen, die unverantwortlichen Politiker juristisch zur Verantwortung zu ziehen. Was muss eigentlich noch alles passieren, bis die links-gr\u00fcne Verharmloser-Truppe der Klima- und Weltretter begreift, was in diesem Lande alles schiefl\u00e4uft? Alimentierte Messerm\u00e4nner! Ja, die gibt es. Und die h\u00e4tten wir nicht, wenn wir endlich mal den Mut h\u00e4tten (gehabt h\u00e4tten), das zu tun, was z.B. D\u00e4nemark jetzt tut. Endlich die Konsequenzen aus den Fehlern der Vergangenheit ziehen. Statt Kritiker und warnende Stimmen pauschal in die rechte Schublade zu stecken.<br \/>\n26.6.2021, W.J.<\/p>\n<p><strong>Dieser T\u00e4ter h\u00e4tte gar nicht mehr im Lande sein d\u00fcrfen.<\/strong><br \/>\nEs ist eben dieser \u201easymmetrische Umgang\u201c, seitens der etablierten Medien, der zu diesem \u201ewiderlichen Ritual\u201c jeweiligen Ausschlachtens der vorgefallenen Dinge f\u00fchrt. Da haben Sie durchaus Recht, Herr Grau. In meinem leider nicht ver\u00f6ffentlichten Kommentar zum Erstbericht dieses Magazins (Messerattacke in W\u00fcrzburg) sprach ich von \u201eeinseitiger L\u00e4hmung\u201c. Aber die Tatsache, dass eine Seite, die des links \u2013 gr\u00fcnen Mainstreams, dem auch die Leitmedien folgen, klar dominiert, macht die Sache eben so kompliziert. Daher sollte man einfach bei den Fakten bleiben. Dieser T\u00e4ter h\u00e4tte gar nicht mehr im Lande sein d\u00fcrfen. Er h\u00e4tte gar nicht erst ins Land kommen d\u00fcrfen, bei genauer Anwendung von Art 16a GG. So wie viele Hunderttausende anderer auch. Und das kann und darf nicht einfach beiseite gewischt werden. Die langfristigen \u201esozialen, \u00f6konomischen und kulturellen Ver\u00e4nderungen\u201c stehen erst noch bevor. Gestern sah man eine h\u00e4ssliche Fratze davon, es gibt auch Gutes, keine Frage. Aber sp\u00e4testens bei Opfer 1 h\u00e4tte man innehalten sollen und nachdenken<br \/>\n26.6.2021, U.W.<br \/>\n.<br \/>\n<strong>Regierungssprecher: W\u00fcrzburg: kein Motiv &#8211; Chemnitz: Hetzjagden<\/strong><br \/>\nBILD beklagt zu Recht, dass es Herr Seibert in seiner Reaktion auf W\u00fcrzburg bewusst vermied, auf ein evtl. islamistisches Motiv hinzuweisen und nur von Amoklauf sprach. Aber im Fall Chemnitz vor Jahren wusste Herr Seibert sofort, das es sich um &#8222;Hetzjagden&#8220; gehandelt hat. Was f\u00fcr ein armseliger Diener seiner Herrin.<br \/>\n26.6.2021, W.P.<br \/>\nEnde Kommentare<\/p>\n<p>&nbsp;<\/p>\n<p><strong>Messerstecher &#8222;gehetzt&#8220; (Deutsche) bzw. &#8222;mutig aufgehalten&#8220; (Migranten)<\/strong><br \/>\nIn W\u00fcrzburg hat ein Somalier drei Menschen brutal erstochen und 17 weitere zum Teil schwer verletzt. Er ist laut aktueller Berichterstattung im Unrechtjahr 2015 nach Deutschland gelangt.<br \/>\n&#8230;<br \/>\nIn einem der Videos sehen wir den hageren Somalier, wie er auf dem Barbarossaplatz von W\u00fcrzburg umherl\u00e4uft und aggressiv mit einem langen Messer fuchtelt. Wir wissen, dass er mit eben diesem Messer zuvor t\u00f6tete und verletzte (welt.de, 26.6.2021, Stand 9:46 Uhr). Wir sehen aber auch noch eine weitere Person: Wir sehen einen jungen Mann, der mit einem Rucksack in der Hand versucht, den Somalier aufzuhalten. Sp\u00e4ter, so lesen wir, \u00fcberw\u00e4ltigt die Polizei den Somalier, indem sie ihm in den Oberschenkel schie\u00dft. Im Video aber sehen wir den jungen Mann, der z\u00e4h den T\u00e4ter aufzuhalten versucht.<\/p>\n<p>In anderen Videos sehen wir gleich mehrere B\u00fcrger \u2013 es sind M\u00e4nner \u2013 die mit Klappst\u00fchlen und anderen spontanen Behelfswaffen sich dem T\u00e4ter in den Weg stellen.<br \/>\nIch kenne den jungen Mann nicht. Er wird nicht gefeiert werden, denn er hat die \u00bbfalsch Hautfarbe\u00ab \u2013 er ist wei\u00df. Ich bewundere den Mut dieses Mannes. Er bringt sich in Gefahr, um das wirklich Gute zu tun. Er wei\u00df sehr wohl, dass er wahrscheinlich von linken Idiot:innen des Rassismus geziehen werden wird. Anders als viele junge Menschen etwa in Israel ist er wohl nicht im Nahkampf ausgebildet, und er tr\u00e4gt auch keine Waffe. Sein vorsichtiger Mut h\u00e4lt den T\u00e4ter auf, bis Verst\u00e4rkung kommt.<br \/>\nSie meinen, ich \u00fcbertreibe es mit der These, dass ein Held mit der \u00bbfalschen, n\u00e4mlich wei\u00dfen Hautfarbe\u00ab als Rassist gilt? Ich w\u00fcnschte, es w\u00e4re so. Bei merkur.de wurde noch am Morgen des Folgetages getitelt: \u00bbMesser-Angriff in W\u00fcrzburg: Passanten hetzen mutma\u00dflichen T\u00e4ter und werfen St\u00fchle \u2013 S\u00f6der reagiert\u00ab (merkur.de, 26.6.2021, Stand 6:14 Uhr, archiviert, https:\/\/archive.is\/RqNbT#selection-939.0-956.0 ). Vermutlich nachdem anhand der Video-Aufnahmen klar wurde, dass die M\u00e4nner, die sich mutig dem M\u00f6rder in den Weg gestellte hatten, gemischt \u00bbBio-Deutsche\u00ab und \u00bbNicht-Biodeutsche\u00ab waren, \u00e4nderte man in der Schlagzeile \u00bbhetzten\u00ab zu \u00bbstoppen\u00ab. Der Unterschied zwischen \u00bbHetzjagd\u00ab und \u00bbmutiges Aufhalten\u00ab liegt in deutschen Journalistengehirnen darin, ob man das Geschehen nutzen kann, um selbst gegen Deutsche zu hetzen.<\/p>\n<p>Ich will es wagen, ich will es sagen, und m\u00f6gen sie mich daf\u00fcr jagen: Es war der Heia-Popeia-Wahn von Gestalten wie Angela Merkel, Claudia Roth oder Katrin G\u00f6ring-Eckardt, welcher die Grenzen \u00f6ffnete (wenn auch mit reichlich Hilfe von r\u00fcckgratlosen M\u00e4nnern \u2013 wir kennen ja deren Fratzen und Namen). Es sind mutige \u00bbkleine\u00ab M\u00e4nner in den Stra\u00dfen, welchen es dann obliegt, die Konsequenzen in Schach zu halten, ihre eigenen Frauen zu verteidigen, bis andere M\u00e4nner den rettenden Schuss platzieren.<br \/>\n&#8230; Alles vom 26.6.2021 von Dushan Wegner bitte lesen auf<br \/>\n<a href=\"https:\/\/www.dushanwegner.com\/wir-dummen-hunde\/\">https:\/\/www.dushanwegner.com\/wir-dummen-hunde\/<\/a><\/p>\n<p>&nbsp;<\/p>\n","protected":false},"excerpt":{"rendered":"<p>d &nbsp; Drei Jahre W\u00fcrzburg (drei Messertote)\u2013 gegen das Vergessen (25.6.2024) Terror oder psychische Erkrankung?\u00a0(2.11.2021) Die Krankheiten der Attent\u00e4ter von W\u00fcrzburg und Hanau\u00a0(7.8.2021) Zweierlei Opfer: Hanau W\u00fcrzburg\u00a0(14.7.2021) W\u00fcrzburg darf keine Verbindung zu Migration und Islam haben\u00a0(9.7.2021) Wie Messerattacken zu unserem &hellip; <a href=\"https:\/\/www.freiburg-schwarzwald.de\/blog\/selbsthilfe\/krise\/gewalt\/wuerzburg2021messermorde\/\">Weiterlesen <span class=\"meta-nav\">&rarr;<\/span><\/a><\/p>\n","protected":false},"author":2,"featured_media":0,"parent":8837,"menu_order":0,"comment_status":"closed","ping_status":"closed","template":"","meta":{"footnotes":""},"class_list":["post-91929","page","type-page","status-publish","hentry"],"_links":{"self":[{"href":"https:\/\/www.freiburg-schwarzwald.de\/blog\/wp-json\/wp\/v2\/pages\/91929","targetHints":{"allow":["GET"]}}],"collection":[{"href":"https:\/\/www.freiburg-schwarzwald.de\/blog\/wp-json\/wp\/v2\/pages"}],"about":[{"href":"https:\/\/www.freiburg-schwarzwald.de\/blog\/wp-json\/wp\/v2\/types\/page"}],"author":[{"embeddable":true,"href":"https:\/\/www.freiburg-schwarzwald.de\/blog\/wp-json\/wp\/v2\/users\/2"}],"replies":[{"embeddable":true,"href":"https:\/\/www.freiburg-schwarzwald.de\/blog\/wp-json\/wp\/v2\/comments?post=91929"}],"version-history":[{"count":5,"href":"https:\/\/www.freiburg-schwarzwald.de\/blog\/wp-json\/wp\/v2\/pages\/91929\/revisions"}],"predecessor-version":[{"id":124924,"href":"https:\/\/www.freiburg-schwarzwald.de\/blog\/wp-json\/wp\/v2\/pages\/91929\/revisions\/124924"}],"up":[{"embeddable":true,"href":"https:\/\/www.freiburg-schwarzwald.de\/blog\/wp-json\/wp\/v2\/pages\/8837"}],"wp:attachment":[{"href":"https:\/\/www.freiburg-schwarzwald.de\/blog\/wp-json\/wp\/v2\/media?parent=91929"}],"curies":[{"name":"wp","href":"https:\/\/api.w.org\/{rel}","templated":true}]}}