{"id":9150,"date":"2012-08-12T22:58:53","date_gmt":"2012-08-12T20:58:53","guid":{"rendered":"https:\/\/www.freiburg-schwarzwald.de\/blog\/?page_id=9150"},"modified":"2026-04-26T08:31:39","modified_gmt":"2026-04-26T06:31:39","slug":"migration","status":"publish","type":"page","link":"https:\/\/www.freiburg-schwarzwald.de\/blog\/global\/migration\/","title":{"rendered":"Migration"},"content":{"rendered":"<p><a href=\"https:\/\/www.freiburg-schwarzwald.de\/blog\">Home<\/a> &gt;<a title=\"Global\" href=\"https:\/\/www.freiburg-schwarzwald.de\/blog\/global\/\">Global<\/a>\u00a0&gt;<a title=\"Integration\" href=\"https:\/\/www.freiburg-schwarzwald.de\/blog\/global\/integration\/\">Integration<\/a> &gt;Migration<\/p>\n<div id=\"attachment_8399\" style=\"width: 648px\" class=\"wp-caption alignnone\"><a href=\"https:\/\/www.freiburg-schwarzwald.de\/blog\/natur\/landwirt\/obstbau\/feige\/feigen8pan120801\/\" rel=\"attachment wp-att-8399\"><img loading=\"lazy\" decoding=\"async\" aria-describedby=\"caption-attachment-8399\" class=\"size-full wp-image-8399\" title=\"feigen8pan120801\" src=\"https:\/\/www.freiburg-schwarzwald.de\/blog\/wp-content\/uploads\/2012\/07\/feigen8pan120801.jpg\" alt=\"\" width=\"638\" height=\"228\" srcset=\"https:\/\/www.freiburg-schwarzwald.de\/blog\/wp-content\/uploads\/2012\/07\/feigen8pan120801.jpg 638w, https:\/\/www.freiburg-schwarzwald.de\/blog\/wp-content\/uploads\/2012\/07\/feigen8pan120801-180x64.jpg 180w\" sizes=\"auto, (max-width: 638px) 100vw, 638px\" \/><\/a><p id=\"caption-attachment-8399\" class=\"wp-caption-text\">Feigen in Freiburg am 1.8.2012<\/p><\/div>\n<ul>\n<li><em>Listenauswahl eines Beitrags: Bitte <span style=\"text-decoration: underline;\">anklicken<\/span> oder runterscrollen<\/em><\/li>\n<li><a href=\"https:\/\/www.freiburg-schwarzwald.de\/blog\/selbsthilfe\/familie\/ehe\/konsanguin\/\">Zugewanderte Erbkrankheiten durch muslimische Verwandtenehen<\/a> (3.4.2026)<\/li>\n<li><a href=\"https:\/\/www.freiburg-schwarzwald.de\/blog\/global\/migration\/migration-gesellschaft\/\">Migration seit 2015: Eine v\u00f6llig transformierte Gesellschaft<\/a>\u00a0(27.2.2026)<\/li>\n<li><a href=\"https:\/\/www.freiburg-schwarzwald.de\/blog\/business\/dienste\/immobilien\/wohnen\/wohnungsbau\/\">AfD: Ohne Zuwanderung br\u00e4uchten wir drei Millionen Wohnungen weniger<\/a>\u00a0(23.2.2026)<\/li>\n<li><a href=\"https:\/\/www.freiburg-schwarzwald.de\/blog\/global\/deutschland\/sieferle\/\">Sieferle \u201eEpochenwechsel\u201c: Universalismus (Migration) vs Partikularismus (Nationen)<\/a>\u00a0(7.1.2026)<\/li>\n<li><a href=\"https:\/\/www.freiburg-schwarzwald.de\/blog\/silvesternacht-2026-friedlich\/\">Silvesternacht 2026 \u201efriedlich\u201c?<\/a>\u00a0(2.1.2026)<\/li>\n<li><a href=\"https:\/\/www.freiburg-schwarzwald.de\/blog\/global\/integration\/asyl\/asylrecht\/\">Dr. Rupert Scholz: Asyl-Aufnahme widerspricht dem Grundgesetz<\/a>\u00a0(16.11.2025)<\/li>\n<li><a href=\"https:\/\/www.freiburg-schwarzwald.de\/blog\/global\/migration\/migration-menschenrechte\/\">Sebastin Ostritsch: Ethik der Migration<\/a> (3.10.2025)<\/li>\n<li><a href=\"https:\/\/www.freiburg-schwarzwald.de\/blog\/global\/integration\/integrierte-migranten\/\">Dieses Land ist fertig und ist dem Untergang geweiht<\/a>\u00a0(3.10.2025)<\/li>\n<li><a href=\"https:\/\/www.freiburg-schwarzwald.de\/blog\/vereine\/partei\/afd\/afd-migration\/\">Neue Umfrage: Viele Migranten w\u00e4hlen AfD<\/a>\u00a0(1.10.2025)<\/li>\n<li><a href=\"https:\/\/www.freiburg-schwarzwald.de\/blog\/global\/migration\/migration2015-2025-kriminalstatistik\/\">Thilo Sarrazin: Die Folgen von Merkels Grenz\u00f6ffnung werden weiter verharmlost<\/a>\u00a0(5.9.2025)<\/li>\n<li><a href=\"https:\/\/www.freiburg-schwarzwald.de\/blog\/global\/deutschland\/grenzoeffnung2015\/offene-grenzen-10-jahre\/\">\u201eWir schaffen das\u201c \u2013 eine verheerende Bilanz nach 10 Jahren<\/a>\u00a0(31.8.2025)<\/li>\n<li><a href=\"https:\/\/www.freiburg-schwarzwald.de\/blog\/global\/migration\/migration2015-2025-kriminalstatistik\/\">\u201eWir schaffen das\u201c \u2013 eine verheerende Bilanz nach 10 Jahren: Kriminalstatistik <\/a>(31.8.20215)<\/li>\n<li><a href=\"https:\/\/www.freiburg-schwarzwald.de\/blog\/global\/deutschland\/grenzoeffnung2015\/offene-grenzen-10-jahre\/\">Alexander Meschnig: 2015-2025 \u2013 Sozialrassismus gegen rechts<\/a>\u00a0(28.8.2025)<\/li>\n<li><a href=\"https:\/\/www.freiburg-schwarzwald.de\/blog\/global\/migration\/auswanderung\/\">Immer mehr Deutsche verlassen das Land<\/a> (15.8.2025)<\/li>\n<li><a href=\"https:\/\/www.freiburg-schwarzwald.de\/blog\/global\/integration\/integrieren\/\">Migranten klagen \u00fcber Migranten<\/a>\u00a0(9.8.2025)<\/li>\n<li><a href=\"https:\/\/www.freiburg-schwarzwald.de\/blog\/global\/migration\/migration-nein\/\">Die ewige (falsche) Leier: \u201eWir brauchen Zuwanderung\u201c<\/a>\u00a0(22.2.2025)<\/li>\n<li><a href=\"https:\/\/www.freiburg-schwarzwald.de\/blog\/global\/migration\/migrationspolitik\/\">Drei-Punkte-Regelung der Migration in die USA<\/a>\u00a0(10.11.2024)<\/li>\n<li><a href=\"https:\/\/www.freiburg-schwarzwald.de\/blog\/global\/integration\/asyl\/asylrecht\/\">Hamer: Asylrecht mu\u00df wieder Ausnahme-Individualrecht werden<\/a>\u00a0(18.10.2024)<\/li>\n<li><a href=\"https:\/\/www.freiburg-schwarzwald.de\/blog\/engagement\/zukunft\/demokratie\/parlament\/erklaerung2018\/\">Sechs Jahre \u201cGemeinsame Erkl\u00e4rung 2018\u201d<\/a>\u00a0(14.10.2024)<\/li>\n<li><a href=\"https:\/\/www.freiburg-schwarzwald.de\/blog\/global\/migration\/migranten-benehmen\/\">Gewalt im Krankenhaus durch Migranten<\/a>\u00a0(2.10.2024)<\/li>\n<li><a href=\"https:\/\/www.freiburg-schwarzwald.de\/blog\/oezdemir-maedchen-migranten\/\">\u00d6zdemir: M\u00e4dchen \u2013 Migranten<\/a>\u00a0(1.10.2024)<\/li>\n<li><a href=\"https:\/\/www.freiburg-schwarzwald.de\/blog\/global\/migration\/gastarbeiter\/\">Der Rassismus der Gutmenschen: \u201eMein kleiner T\u00fcrke\u201c<\/a> (25.9.2024)<\/li>\n<li><a href=\"https:\/\/www.freiburg-schwarzwald.de\/blog\/global\/migration\/talahon\/\">Talahon \u2013 Gangsta mit Gucci-Cap, Jogginghose und Lacoste Shirt<\/a>\u00a0(28.7.2024)<\/li>\n<li><a href=\"https:\/\/www.freiburg-schwarzwald.de\/blog\/global\/migration\/migration-messer\/\">Das Messer geh\u00f6rt zu Deutschland<\/a>\u00a0(22.7.2024)<\/li>\n<li><a href=\"https:\/\/www.freiburg-schwarzwald.de\/blog\/global\/integration\/obergrenze\/\">Deutschland weltweit Nr. 1: Wunsch nach Verringerung der Migration<\/a>\u00a0 (8.5.2024)<\/li>\n<li><a href=\"https:\/\/www.freiburg-schwarzwald.de\/blog\/kriminalitaet-413-migranten\/\">Kriminalit\u00e4t 41,3 % Migranten<\/a>\u00a0(9.4.2024)<\/li>\n<li><a href=\"https:\/\/www.freiburg-schwarzwald.de\/blog\/global\/integration\/abschiebung\/remigration\/\">Martin Sellner zum Begriff der Remigration<\/a>\u00a0(8.3.2024)<\/li>\n<li><a href=\"https:\/\/www.freiburg-schwarzwald.de\/blog\/global\/migration\/migration-kosten\/\">Zuwanderung kostet Deutschland langfristig etwa 5,8 Billionen Euro<\/a> (19.1.2024)<\/li>\n<li><a href=\"https:\/\/www.freiburg-schwarzwald.de\/blog\/global\/migration\/masseneinwanderung\/\">Massenmigration: Verliert \u201eRechts\u201c seinen Schrecken?<\/a>\u00a0(17.12.2023)<\/li>\n<li><a href=\"https:\/\/www.freiburg-schwarzwald.de\/blog\/religion\/christen\/abendland\/\">\u201eKampf der Kulturen\u201c: Islam, Masseneinwanderung &amp; Nahost-Konflikt<\/a>\u00a0(10.12.2023)<\/li>\n<li><a href=\"https:\/\/www.freiburg-schwarzwald.de\/blog\/global\/france\/crepol\/\">Das andere Frankreich steht auf: Nach Cr\u00e9pol dreht sich der Wind<\/a>\u00a0(4.12.2023)<\/li>\n<li><a href=\"https:\/\/www.freiburg-schwarzwald.de\/blog\/global\/integration\/abschiebung\/remigration\/\">Schweizer Unternehmen bietet an: Abschiebung f\u00fcr 50 Mrd Euro<\/a>\u00a0(22.11.2023)<\/li>\n<li><a href=\"https:\/\/www.freiburg-schwarzwald.de\/blog\/religion\/kirchen\/ekd\/\">Annette Kurschus (EKD): Selbstaufgabe als Migrationsobergrenze<\/a> (29.10.2023)<\/li>\n<li><a href=\"https:\/\/www.freiburg-schwarzwald.de\/blog\/massenzuwanderung-stoppen\/\">Massenzuwanderung stoppen<\/a>\u00a0(26.10.2023)<\/li>\n<li><a href=\"https:\/\/www.freiburg-schwarzwald.de\/blog\/global\/migration\/migrationspolitik\/\">Die gro\u00dfe Migration oder die Transformation Deutschlands<\/a>\u00a0(1.10.1012)<\/li>\n<li><a href=\"https:\/\/www.freiburg-schwarzwald.de\/blog\/euer-land-gehoert-euch-nicht\/\">Euer Land geh\u00f6rt euch nicht<\/a>\u00a0(1.9.2023)<\/li>\n<li><a href=\"https:\/\/www.freiburg-schwarzwald.de\/blog\/engagement\/zukunft\/demokratie\/chemnitz-messermord26-08-2018\/chemnitz2018-2023\/\">Staatsaff\u00e4re Chemnitz: Keine Hetzjagden vor f\u00fcnf Jahre<\/a>n (28.8.2023)<\/li>\n<li><a href=\"https:\/\/www.freiburg-schwarzwald.de\/blog\/bildung\/duale-bildung\/facharbeiter\/\">Welche Fachkraft w\u00e4re so doof, nach Deutschland zu kommen?<\/a>\u00a0(9.8.2023)<\/li>\n<li><a href=\"https:\/\/www.freiburg-schwarzwald.de\/blog\/jedem-sein-eigener-zentralrat\/\">Jedem sein eigener Zentralrat<\/a>\u00a0(14.7.2023)<\/li>\n<li><a href=\"https:\/\/www.freiburg-schwarzwald.de\/blog\/unruhen-in-f-unruhen-in-d\/\">Unruhen in F \u2013 Unruhen in D<\/a>\u00a0(4.7.2023)<\/li>\n<li><a href=\"https:\/\/www.freiburg-schwarzwald.de\/blog\/auswanderung-einwanderung\/\">Auswanderung \u2013 Einwanderung<\/a>\u00a0(1.7.2023)<\/li>\n<li><a href=\"https:\/\/www.freiburg-schwarzwald.de\/blog\/kultur\/medien\/vierte-gewalt\/\">Fl\u00fcchtlingskrise und Pandemie: Der Herdentrieb der Medien schadet ihrer Glaubw\u00fcrdigkeit<\/a>\u00a0(31.3.2023)<\/li>\n<li><a href=\"https:\/\/www.freiburg-schwarzwald.de\/blog\/kultur\/kulturkampf\/migranten-deutsche\/\">Gewalt zwischen Migranten und Deutschen<\/a> (24.3.2023)<\/li>\n<li><a href=\"https:\/\/www.freiburg-schwarzwald.de\/blog\/business\/industrie\/mittelstand\/unternehmer-ins-ausland\/\">Auswandern? Nur f\u00fcr die Oberschicht ratsam<\/a>\u00a0(16.3.2023)<\/li>\n<li><a href=\"https:\/\/www.freiburg-schwarzwald.de\/blog\/global\/migration\/migration-menschenrechte\/\">Menschenrechtsindustrie: Migranten vor Einheimischen<\/a> (8.3.2023)<\/li>\n<li><a href=\"https:\/\/www.freiburg-schwarzwald.de\/blog\/syrer-vergewaltigt-freier-mann\/\">Syrer vergewaltigt \u2013 freier Mann<\/a>\u00a0(3.3.2023)<\/li>\n<li><a href=\"https:\/\/www.freiburg-schwarzwald.de\/blog\/global\/migration\/migration2021\/\">Juli Zeh: Fl\u00fcchtlingspolitik des Jahres 2015 pr\u00e4gt Stimmung in D<\/a>\u00a0(21.1.2023)<\/li>\n<li><a href=\"https:\/\/www.freiburg-schwarzwald.de\/blog\/bildung\/schulen\/schulen-gewalt\/\">Ibbenb\u00fcren: Sinan ersticht seine Lehrerin<\/a> (15.1.2023)<\/li>\n<li><a href=\"https:\/\/www.freiburg-schwarzwald.de\/blog\/global\/migration\/migranten-gewalt\/\">Migranten morden: H\u00f6rt diese Gewalt nie wieder auf?<\/a>\u00a0(19.12.2022)<\/li>\n<li><a href=\"https:\/\/www.freiburg-schwarzwald.de\/blog\/global\/eritrea\/\">Eritrea \u2013 kaputtes Land\u00a0 zwischen Abessinien und Italien<\/a>\u00a0(8.12.2022)<\/li>\n<li><a href=\"https:\/\/www.freiburg-schwarzwald.de\/blog\/schuelerinnen-ulm-messermord\/\">Sch\u00fclerinnen Ulm \u2013 Messermord<\/a>\u00a0(6.12.2022)<\/li>\n<li><a href=\"https:\/\/www.freiburg-schwarzwald.de\/blog\/migrantenkrawallle-in-b-und-nl\/\">Migrantenkrawalle in B und NL<\/a>\u00a0(28.11.2022)<\/li>\n<li><a href=\"https:\/\/www.freiburg-schwarzwald.de\/blog\/buergergeld-45-fuer-migranten\/\">B\u00fcrgergeld \u2013 45 % f\u00fcr Migranten<\/a>\u00a0(17.11.2022)<\/li>\n<li><a href=\"https:\/\/www.freiburg-schwarzwald.de\/blog\/global\/migration\/auswanderung\/\">Auswandern aus Ukraine, Russland und Deutschland<\/a>\u00a0(28.10.2022)<\/li>\n<li><a href=\"https:\/\/www.freiburg-schwarzwald.de\/blog\/global\/migration\/sozialtourismus\/\">Neuer Gesch\u00e4ftsbereich \u201eSozialtourismus\u201c<\/a> (14.10.2022)<\/li>\n<li><a href=\"https:\/\/www.freiburg-schwarzwald.de\/blog\/global\/migration\/migrantenquote\/\">Migrantenquote nach der Frauenquote?<\/a> (11.9.2022)<\/li>\n<li><a href=\"https:\/\/www.freiburg-schwarzwald.de\/blog\/religion\/islam\/islam-sexualitaet\/\">Islam-Migration l\u00e4sst Homophobie-Gewalttaten ansteigen<\/a>\u00a0(14.9.2022)<\/li>\n<li><a href=\"https:\/\/www.freiburg-schwarzwald.de\/blog\/selbsthilfe\/krise\/gewalt\/kriminalstatistik\/\">33,5% Migrantengewalt bei nur 13,1% Bev\u00f6lkerungsanteil<\/a>\u00a0(7.8.2022)<\/li>\n<li><a href=\"https:\/\/www.freiburg-schwarzwald.de\/blog\/global\/integration\/abschiebung\/\">Gut integrierte Migranten abschieben \u2013 Totalversagen<\/a>\u00a0(29.8.2022)<\/li>\n<li><a href=\"https:\/\/www.freiburg-schwarzwald.de\/blog\/engagement\/zukunft\/demokratie\/widerstand\/\">Das Gesch\u00e4ftsmodell der Ferda Ataman \u2013 Widerstand leisten<\/a>\u00a0(24.6.2022)<\/li>\n<li><a href=\"https:\/\/www.freiburg-schwarzwald.de\/blog\/antidiskriminierungsbeauftragte\/\">Antidiskriminierungsbeauftragte<\/a>\u00a0(23.6.2022)<\/li>\n<li><a href=\"https:\/\/www.freiburg-schwarzwald.de\/blog\/bka-verschleiert-antisemitismus\/\">BKA verschleiert Antisemitismus<\/a>\u00a0(14.5.2022)<\/li>\n<li><a href=\"https:\/\/www.freiburg-schwarzwald.de\/blog\/schweden-zdf-desinformiert\/\">Schweden: ZDF desinformiert<\/a>\u00a0(20.4.2022)<\/li>\n<li><a href=\"https:\/\/www.freiburg-schwarzwald.de\/blog\/migranten-gesucht-arbeitsfaehigfaehig\/\">Migranten gesucht: aber arbeitsf\u00e4hig<\/a>\u00a0(6.4.2022)<\/li>\n<li><a href=\"https:\/\/www.freiburg-schwarzwald.de\/blog\/global\/migration\/migration-ukraine\/\">Am Berliner Hauptbahnhof zeigt sich das Schicksal der Ukrainer \u2013 und Nancy Faesers Kontrollverlust<\/a>\u00a0(17.3.2022)<\/li>\n<li><a href=\"https:\/\/www.freiburg-schwarzwald.de\/blog\/global\/migration\/kriegsfluechtlinge\/\">Arnold Vaatz: Junge Afrikaner und ukrainische M\u00fctter<\/a> (6.3.2022)<\/li>\n<li><a href=\"https:\/\/www.freiburg-schwarzwald.de\/blog\/kriegs-und-wirschaftsfluechtlinge\/\">Kriegs- und Wirtschaftsfl\u00fcchtlinge<\/a>\u00a0(3.3.2022)<\/li>\n<li><a href=\"https:\/\/www.freiburg-schwarzwald.de\/blog\/michel-houellebecq-vernichten\/\">Michel Houellebecq: Vernichten<\/a>\u00a0(27.1.2022)<\/li>\n<li><a href=\"https:\/\/www.freiburg-schwarzwald.de\/blog\/buch-lesen-bildung-migration\/\">Buch, Lesen, Bildung, Migration<\/a>\u00a0(21.12.2021)<\/li>\n<li><a href=\"https:\/\/www.freiburg-schwarzwald.de\/blog\/polens-deutsche-migrationskrise\/\">Polens deutsche Migrationskrise<\/a>\u00a0(20.12.2021)<\/li>\n<li><a href=\"https:\/\/www.freiburg-schwarzwald.de\/blog\/selbsthilfe\/frauen\/frauenmorde-migration\/\">Frauenmorde: Islamisten als T\u00e4ter oder nicht?<\/a>\u00a0(19.12.2021)<\/li>\n<li><a href=\"https:\/\/www.freiburg-schwarzwald.de\/blog\/global\/migration\/expats\/\">Expats in Basel \u2013 Nicht von hier<\/a>\u00a0(11.12.2021)<\/li>\n<li><a href=\"https:\/\/www.freiburg-schwarzwald.de\/blog\/rassismus-gegen-migranten\/\">Rassismus gegen Migranten?<\/a>\u00a0(22.11.2021)<\/li>\n<li><a href=\"https:\/\/www.freiburg-schwarzwald.de\/blog\/global\/eu\/grenzen\/grenze-belarus\/\">Ent-Grenzung \u2013 Zur Krise an der Grenze Polen-Belarus<\/a>\u00a0(16.11.2021)<\/li>\n<li><a href=\"https:\/\/www.freiburg-schwarzwald.de\/blog\/global\/integration\/integration-gescheitert\/\">Die Integrationssaga \u2013 negative Folgen der Zuwanderung<\/a>\u00a0(12.11.2021)<\/li>\n<li><a href=\"https:\/\/www.freiburg-schwarzwald.de\/blog\/global\/migration\/migration2021\/\">Migration: Die Schl\u00fcsselfrage des 21. Jahrhunderts<\/a>\u00a0(11.11.2021)<\/li>\n<li><a href=\"https:\/\/www.freiburg-schwarzwald.de\/blog\/asylrecht-lockt-migranten-an\/\">Asylrecht lockt Migranten an<\/a>\u00a0(10.11.2021)<\/li>\n<li><a href=\"https:\/\/www.freiburg-schwarzwald.de\/blog\/global\/integration\/asyl\/asylpolitik\/\">Deutsche Asylpolitik verletzt Moral und internationales Recht<\/a>\u00a0(30.10.2021)<\/li>\n<li><a href=\"https:\/\/www.freiburg-schwarzwald.de\/blog\/das-land-lieben-statt-hassen\/\">Das Land lieben statt hassen<\/a>\u00a0(25.10.2021)<\/li>\n<li><a href=\"https:\/\/www.freiburg-schwarzwald.de\/blog\/business\/dienste\/immobilien\/wohnen\/wohnungsmangel\/\">Bev\u00f6lkerungszuwachs macht Wohnungsmarkt zum Spekulanten-Eldorado<\/a>\u00a0(17.9.2021)<\/li>\n<li><a href=\"https:\/\/www.freiburg-schwarzwald.de\/blog\/global\/migration\/migrantifa\/\">Migrantifa: Weil die Antifa zu wei\u00df ist<\/a>\u00a0(8.9.2021)<\/li>\n<li><a href=\"https:\/\/www.freiburg-schwarzwald.de\/blog\/soehne-und-weltmacht-buch\/\">S\u00f6hne und Weltmacht \u2013 Buch von Gunnar Heinsohn<\/a>\u00a0(12.9.2021)<\/li>\n<li><a href=\"https:\/\/www.freiburg-schwarzwald.de\/blog\/wiederholt-sich-2015-in-2021\/\">Wiederholt sich 20215 im Jahr 2021?<\/a>\u00a0(6.9.2021)<\/li>\n<li><a href=\"https:\/\/www.freiburg-schwarzwald.de\/blog\/religion\/christen\/naechstenliebe\/\">Afghanistan und die N\u00e4chstenliebe<\/a>\u00a0(5.9.2021)<\/li>\n<li><a href=\"https:\/\/www.freiburg-schwarzwald.de\/blog\/ortskraefte-integration-clan\/\">Ortskr\u00e4fte \u2013 Integration \u2013 Clan<\/a>\u00a0(3.9.2021)<\/li>\n<li><a href=\"https:\/\/www.freiburg-schwarzwald.de\/blog\/engagement\/zukunft\/demografie\/minderheit\/\">Schulen: Nur noch knappe Mehrheit ohne Migrationshintergrund<\/a>\u00a0(27.8.2021)<\/li>\n<li><a href=\"https:\/\/www.freiburg-schwarzwald.de\/blog\/global\/integration\/fluechtlinge-rueckkehr\/\">Zum Heimaturlaub nach Syrien<\/a> (26.8.2021)<\/li>\n<li><a href=\"https:\/\/www.freiburg-schwarzwald.de\/blog\/global\/migration\/migration-afghanistan\/\">Halfen afghanische Ortskr\u00e4fte Deutschland oder ihrem Land?<\/a>\u00a0(18.8.2021)<\/li>\n<li><a href=\"https:\/\/www.freiburg-schwarzwald.de\/blog\/engagement\/zukunft\/demokratie\/quoten\/\">Frauenquote auch bei Migranten<\/a>\u00a0(10.8.2021)<\/li>\n<li><a href=\"https:\/\/www.freiburg-schwarzwald.de\/blog\/global\/integration\/fluechtlinge-kriminalitaet\/opfer\/\">W\u00fcrzburg darf keine Verbindung zu Migration und Islam haben<\/a>\u00a0(9.7.2021)<\/li>\n<li><a href=\"https:\/\/www.freiburg-schwarzwald.de\/blog\/global\/afghanistan\/\">Deutsche Kosten des Krieges in Afghanistan: 12 oder 47 Mrd Euro?<\/a>\u00a0(14.7.2021)<\/li>\n<li><a href=\"https:\/\/www.freiburg-schwarzwald.de\/blog\/engagement\/zukunft\/demokratie\/tabu\/\">Patriotismus, Identit\u00e4tspolitik, Migrationspolitik als Tabu-Themen<\/a>\u00a0(6.7.2021)<\/li>\n<li><a href=\"https:\/\/www.freiburg-schwarzwald.de\/blog\/global\/deutschland\/vertriebene\/\">\u201eDokumentationszentrum Flucht, Vertreibung, Vers\u00f6hnung\u201c er\u00f6ffnet<\/a>\u00a0(2.7.2021)<\/li>\n<li><a href=\"https:\/\/www.freiburg-schwarzwald.de\/blog\/selbsthilfe\/krise\/gewalt\/wuerzburg2021messermorde\/\">Wuerzburg2021: Messermorde eines Somaliers<\/a>\u00a0(28.6.2021)<\/li>\n<li><a href=\"https:\/\/www.freiburg-schwarzwald.de\/blog\/625-gegen-weitere-migranten\/\">62,5 % gegen weitere Migranten<\/a>\u00a0(23.6.2021)<\/li>\n<li><a href=\"https:\/\/www.freiburg-schwarzwald.de\/blog\/selbsthilfe\/krise\/gewalt\/kriminalstatistik\/\">Jeder zweite Sexualstraft\u00e4ter ist Ausl\u00e4nder<\/a>\u00a0(15.6.2021)<\/li>\n<li><a href=\"https:\/\/www.freiburg-schwarzwald.de\/blog\/engagement\/zukunft\/demografie\/bevoelkerungswachstum\/\">Massenmigration entscheidet: China oder der Westen<\/a>\u00a0(3.5.2021)<\/li>\n<li><a href=\"https:\/\/www.freiburg-schwarzwald.de\/blog\/global\/afrika\/afrika-exodus\/\">Liebe Afrikaner! Kommt nicht nach Europa!<\/a>\u00a0(2.5.2021)<\/li>\n<li><a href=\"https:\/\/www.freiburg-schwarzwald.de\/blog\/engagement\/zukunft\/demokratie\/tabu\/\">Tabu: Corona ist ein Migrationsproblem<\/a>\u00a0(18.4.2021)<\/li>\n<li><a href=\"https:\/\/www.freiburg-schwarzwald.de\/blog\/weltfrauentag-schweiz-freiheit\/\">Weltfrauentag: Schweiz Freiheit<\/a>\u00a0(9.3.2021)<\/li>\n<li><a href=\"https:\/\/www.freiburg-schwarzwald.de\/blog\/patienten-mit-kommunikationsbarriere\/\">Patienten mit Kommunikationsbarriere: Migration &#8211; Intensivstation<\/a>\u00a0(3.3.2021)<\/li>\n<li><a href=\"https:\/\/www.freiburg-schwarzwald.de\/blog\/global\/integration\/asyl\/asyl-ausweis\/\">H\u00e4lfte der Zuwanderer kommt ohne Pass<\/a>\u00a0(24.2.2021)<\/li>\n<li><a href=\"https:\/\/www.freiburg-schwarzwald.de\/blog\/quote-contra-buergergesellschaft\/\">Quote contra B\u00fcrgergesellschaft<\/a>\u00a0(27.1.2021)<\/li>\n<li><a href=\"https:\/\/www.freiburg-schwarzwald.de\/blog\/business\/gesund\/corona-virus\/corona-migration\/\">Trotz drei Lockdowns \u00fcber 100.000 neue Migranten in 2020<\/a> (18.1.2021)<\/li>\n<li><a href=\"https:\/\/www.freiburg-schwarzwald.de\/blog\/engagement\/zukunft\/demokratie\/quoten\/\">Berlin im Quotenwahn: Deutsche Hauptstadt wird zur St\u00e4ndegesellschaft<\/a>\u00a0(18.1.2021)<\/li>\n<li><a href=\"https:\/\/www.freiburg-schwarzwald.de\/blog\/religion\/gott\/\">Volker Kauder: \u201eJeder Fl\u00fcchtling ist Ebenbild Gottes\u201c<\/a>\u00a0(15.1.2021)<\/li>\n<li><a href=\"https:\/\/www.freiburg-schwarzwald.de\/blog\/global\/globalisierung\/macht\/\">Das kommende Machtmodell \u2013 Oligopoleigentum mit Linksideologie<\/a>\u00a0(30.12.2020)<\/li>\n<li><a href=\"https:\/\/www.freiburg-schwarzwald.de\/blog\/wettkampf-der-klugen\/\">Wettkampf der Klugen<\/a>\u00a0(29.12.2020)<\/li>\n<li><a href=\"https:\/\/www.freiburg-schwarzwald.de\/blog\/engagement\/zukunft\/angst\/\">Wir brauchen mehr Angst, damit \u2026<\/a>\u00a0(23.12.2020)<\/li>\n<li><a href=\"https:\/\/www.freiburg-schwarzwald.de\/blog\/bildung\/schulen\/brennpunktschulen\/\">Katha Strofe: Leaks aus dem Lehrerzimmer<\/a>\u00a0(27.11.2020)<\/li>\n<li><a href=\"https:\/\/www.freiburg-schwarzwald.de\/blog\/selbsthilfe\/frauen\/femizid\/\">Bek\u00e4mpfung von Gewalt gegen Frauen \u2013 Bundestag 19.11.2020<\/a>\u00a0(19.11.2020)<\/li>\n<li><a href=\"https:\/\/www.freiburg-schwarzwald.de\/blog\/bild-zu-paris-und-bild-zu-wien\/\">Bild zu Paris (bekannt) und Bild zu Wien (unbekannt)<\/a>\u00a0(13.11.2020)<\/li>\n<li><a href=\"https:\/\/www.freiburg-schwarzwald.de\/blog\/wien-gemeinsamer-feind\/\">Wien: Islamistischer Terror am 2.11.2020 \u2013 Gemeinsamer Feind<\/a>\u00a0(4.11.2020)<\/li>\n<li><a title=\"Asyl\" href=\"https:\/\/www.freiburg-schwarzwald.de\/blog\/global\/integration\/asyl\/\">Asyl-R\u00fccklage des Bundes 2020 (48,2 Mrd Euro) und Rassismus<\/a>\u00a0(24.9.2020)<\/li>\n<li><a title=\"Familie\" href=\"https:\/\/www.freiburg-schwarzwald.de\/blog\/selbsthilfe\/familie\/\">AfD will \u201cnachhaltigen Politikwechsel\u201d zu Migration und Familie<\/a>\u00a0(16.9.2020)<\/li>\n<li><a title=\"Migration2020\" href=\"https:\/\/www.freiburg-schwarzwald.de\/blog\/global\/migration\/migration2020\/\">Migration 2015-2020 kostete \u00fcber 200\u00a0Euro \u2013 Unsicherheit, die bleibt<\/a> (4.9.2020)<\/li>\n<li><a title=\"Moria2020 Budapest15 Medien\" href=\"https:\/\/www.freiburg-schwarzwald.de\/blog\/moria-2020-budapest-15-medien\/\">Moria2020 und Budapest2015 in den Medien<\/a>\u00a0(19.9.2020)<\/li>\n<li><a title=\"Fluechtlingsbetreuer\" href=\"https:\/\/www.freiburg-schwarzwald.de\/blog\/global\/integration\/fluechtlingsbetreuer\/\">Ev. Kirche: Zum Fl\u00fcchtling keinen Hund mitnehmen<\/a> (18.8.2020)<\/li>\n<li><a title=\"Frauenproteste\" href=\"https:\/\/www.freiburg-schwarzwald.de\/blog\/selbsthilfe\/frauen\/frauenproteste\/\">Umfrage von Plan verschleiert sexuelle Gewalt von Migranten gegen M\u00e4dchen und Frauen<\/a>\u00a0(13.8.2020)<\/li>\n<li><a title=\"Vertriebene\" href=\"https:\/\/www.freiburg-schwarzwald.de\/blog\/global\/deutschland\/vertriebene\/\">Vertriebene vor 70 Jahren am 5.8.1950: \u201eWir verzichten auf Rache und Vergeltung<\/a>\u201c (7.8.2020)<\/li>\n<li><a title=\"Strassenschlacht\" href=\"https:\/\/www.freiburg-schwarzwald.de\/blog\/selbsthilfe\/krise\/gewalt\/strassenschlacht\/\">Rainer Wendt: Die Krawalle von Frankfurt werden keine Einzelf\u00e4lle bleiben<\/a>\u00a0(20.7.2020)<\/li>\n<li><a title=\"Migration in St\u00e4dten in F und D\" href=\"https:\/\/www.freiburg-schwarzwald.de\/blog\/migration-in-staedten-in-f-und-d\/\">Migration in St\u00e4dten in Frankreich und Deutschland<\/a>\u00a0(18.7.2020)<\/li>\n<li><a title=\"Antirassismus\" href=\"https:\/\/www.freiburg-schwarzwald.de\/blog\/engagement\/rassismus\/antirassismus\/\">Die M\u00e4r des strukturellen Rassismus\u2018 bei der Polizei<\/a>\u00a0(30.6.2020)<\/li>\n<li><a title=\"Germany\" href=\"https:\/\/www.freiburg-schwarzwald.de\/blog\/global\/deutschland\/germany\/\">Ich, der privilegierte Italiener. Evviva la Germania!<\/a>\u00a0(29.6.2020)<\/li>\n<li><a title=\"Buergerkrieg\" href=\"https:\/\/www.freiburg-schwarzwald.de\/blog\/global\/deutschland\/buergerkrieg\/\">\u201cDas ist Krieg\u201d \u2013 Hilferuf eines Polizisten aus Stuttgart<\/a>\u00a0(22.6.2020)<\/li>\n<li><a title=\"Voelkerwanderung\" href=\"https:\/\/www.freiburg-schwarzwald.de\/blog\/global\/voelkerwanderung\/\">Migrationsgrund laut UNO: Geldtranfer nach Hause (60%) \u2013 nicht Flucht (14%)<\/a> (19.6.2020)<\/li>\n<li><a title=\"Migrantenkinder\" href=\"https:\/\/www.freiburg-schwarzwald.de\/blog\/global\/migration\/migrantenkinder\/\">Ismail Tipi: Jugend ohne Tugend<\/a>\u00a0(8.6.2020)<\/li>\n<li><a title=\"Corona-Angst\" href=\"https:\/\/www.freiburg-schwarzwald.de\/blog\/business\/gesund\/corona-virus\/corona-angst\/\">Corona: Zur Psychodynamik einer Pandemie<\/a>\u00a0(2.6.2020)<\/li>\n<li><a title=\"Consent-of-the-Governed\" href=\"https:\/\/www.freiburg-schwarzwald.de\/blog\/global\/deutschland\/consent-of-the-governed\/\">Peter Kuntze: Deutschland, die ethnisch fragmentierte Republik \u2013\u00a0Es wird noch bunter<\/a>\u00a0(29.5.2020)<\/li>\n<li><a title=\"Migrationspolitik\" href=\"https:\/\/www.freiburg-schwarzwald.de\/blog\/global\/migration\/migrationspolitik\/\">Fritz S\u00f6llner: Der H\u00f6hepunkt der (Migrations-)Krise kommt noch<\/a>\u00a0(20.5.2020)<\/li>\n<li><a title=\"Kuscheljustiz\" href=\"https:\/\/www.freiburg-schwarzwald.de\/blog\/selbsthilfe\/soziales\/justiz\/kuscheljustiz\/\">Syrischer Totpr\u00fcgler von Marcus Hempel erh\u00e4lt nur zwei Jahre auf Bew\u00e4hrung<\/a>\u00a0(27.3.2020)<\/li>\n<li><a title=\"Corona-Migration\" href=\"https:\/\/www.freiburg-schwarzwald.de\/blog\/business\/gesund\/corona-virus\/corona-migration\/\">S\u00fcdl\u00e4nder\u201c entrei\u00dft Asylmitarbeiter Mundschutz und bespuckt ihn<\/a> (25.3.2020)<\/li>\n<li><a title=\"Medien: Reichsb\u00fcrger ja \u2013 Suhl nein\" href=\"https:\/\/www.freiburg-schwarzwald.de\/blog\/medien-reichsbuerger-ja-suhl-nein\/\">Medien: Reichsb\u00fcrger ja \u2013 Suhl nein<\/a>\u00a0(21.3.2020)<\/li>\n<li><a title=\"Grenzschliessungen und Asyl\" href=\"https:\/\/www.freiburg-schwarzwald.de\/blog\/grenzschliessungen-und-asyl\/\">Grenzschliessungen und Asyl<\/a>\u00a0(16.3.2020)<\/li>\n<li><a title=\"Erstaufnahmeeinrichtung Virus\" href=\"https:\/\/www.freiburg-schwarzwald.de\/blog\/erstaufnahmeeinrichtung-virus\/\">Erstaufnahmeeinrichtung \u2013 Virus<\/a>\u00a0(14.3.2020)<\/li>\n<li><a title=\"Aufruf: Sturm auf Parlamente\" href=\"https:\/\/www.freiburg-schwarzwald.de\/blog\/aufruf-sturm-auf-parlamente\/\">Aufruf: Sturm auf Parlamente<\/a>\u00a0(9.3.2020)<\/li>\n<li><a title=\"Migration: WDR statt Rechtsstaat\" href=\"https:\/\/www.freiburg-schwarzwald.de\/blog\/migration-wdr-statt-rechtsstaat\/\">Migration: WDR statt Rechtsstaat<\/a> (3.2.2010)<\/li>\n<li><a title=\"Hamburg\" href=\"https:\/\/www.freiburg-schwarzwald.de\/blog\/global\/deutschland\/hamburg\/\">1,5 Milliarden Euro pro Jahr f\u00fcr \u201eFl\u00fcchtlinge\u201c in Hamburg<\/a>\u00a0(28.1.2020)<\/li>\n<li><a title=\"Buerger\" href=\"https:\/\/www.freiburg-schwarzwald.de\/blog\/engagement\/buerger\/\">Die Antwort auf Soros: Der kritisch denkende B\u00fcrger<\/a>\u00a0(24.1.2020)<\/li>\n<li><a title=\"Passdeutsche\" href=\"https:\/\/www.freiburg-schwarzwald.de\/blog\/global\/deutschland\/passdeutsche\/\">\u201cPassdeutscher\u201d \u2013 das n\u00e4chste b\u00f6se Wort?<\/a>\u00a0(16.1.2020)<\/li>\n<li><a title=\"Afrika-Zukunft\" href=\"https:\/\/www.freiburg-schwarzwald.de\/blog\/global\/afrika\/afrika-zukunft\/\">Volker Seitz: Wie Entwicklungshilfe Afrikas Talent vernichtet<\/a>\u00a0(10.1.2020)<\/li>\n<li><a title=\"Fluechtlingshelfer\" href=\"https:\/\/www.freiburg-schwarzwald.de\/blog\/global\/integration\/fluechtlingshelfer\/\">Basisinitiative Fl\u00fcchtlingshilfe \u2013 Rebecca Sommer<\/a>\u00a0(1.1.2020)<\/li>\n<li><a title=\"Hartz\" href=\"https:\/\/www.freiburg-schwarzwald.de\/blog\/selbsthilfe\/soziales\/arbeit\/hartz\/\">Hartz-IV-Ausgaben ins Ausland seit 2007 verdoppelt \u2013 2018 jetzt 12,6 Mrd Euro<\/a>\u00a0(27.12.2019)<\/li>\n<li><a title=\"TV-Talkshow: Maa\u00dfen bei Lanz\" href=\"https:\/\/www.freiburg-schwarzwald.de\/blog\/tv-talkshow-maassen-bei-lanz\/\">TV-Talkshow: Maa\u00dfen bei Lanz<\/a>\u00a0(19.12.2019)<\/li>\n<li><a title=\"Kriminalstatistik\" href=\"https:\/\/www.freiburg-schwarzwald.de\/blog\/selbsthilfe\/krise\/gewalt\/kriminalstatistik\/\">Migranten sind zehnmal \u00f6fter mordverd\u00e4chtig<\/a>\u00a0(17.12.2019)<\/li>\n<li><a title=\"Migration-Paradoxon\" href=\"https:\/\/www.freiburg-schwarzwald.de\/blog\/global\/migration\/migration-paradoxon\/\">Zusammenhang Sozialleistungen \u2013 Migration (Magnethypothese) nachgewiesen<\/a>\u00a0(13.12.2019)<\/li>\n<li><a title=\"Weihnachten\" href=\"https:\/\/www.freiburg-schwarzwald.de\/blog\/religion\/kirchen\/weihnachten\/\">Augsburger Christkindlesmarkt: 49-J\u00e4hriger totgeschlagen<\/a>\u00a0(8.12.2019)<\/li>\n<li><a title=\"Maedchen nicht davor warnen\" href=\"https:\/\/www.freiburg-schwarzwald.de\/blog\/maedchen-nicht-davor-warnen\/\">M\u00e4dchen nicht davor warnen<\/a>\u00a0(26.11.2019)<\/li>\n<li><a title=\"Islam-Deutschland\" href=\"https:\/\/www.freiburg-schwarzwald.de\/blog\/religion\/islam\/islam-deutschland\/\">Schr\u00f6ter: Islamisierung \u2013 der Druck von DITIB, IGMG und ZdM nimmt zu<\/a>\u00a0(17.11.2019)<\/li>\n<li><a title=\"Syrien\" href=\"https:\/\/www.freiburg-schwarzwald.de\/blog\/global\/syrien\/\">Syriens Mufti Hassun: \u201eGebt uns die Jugend zur\u00fcck\u201c\u00a0<\/a>(8.11.2019)<\/li>\n<li><a title=\"Gesellschaftsvertrag \u2013 Consent\" href=\"https:\/\/www.freiburg-schwarzwald.de\/blog\/gesellschaftsvertrag-consent\/\">Multikulti steht im Widerspruch zum \u201cConsent of the Governed\u201d<\/a>\u00a0(21.10.2019)<\/li>\n<li><a title=\"Fluchtursachen\" href=\"https:\/\/www.freiburg-schwarzwald.de\/blog\/global\/migration\/fluchtursachen\/\">\u201eFluchtursachen bek\u00e4mpfen\u201c: Die Zauberformel einer weitgehend infantilen Politik<\/a> (17.9.2019)<\/li>\n<li><a href=\"https:\/\/www.freiburg-schwarzwald.de\/blog\/frankfurt-hauptbahnhof-29juli\/\">https:\/\/www.freiburg-schwarzwald.de\/blog\/frankfurt-hauptbahnhof-29juli\/<\/a>\u00a0(29.7.2019)<\/li>\n<li><a title=\"Groessenwahn\" href=\"https:\/\/www.freiburg-schwarzwald.de\/blog\/engagement\/zukunft\/groessenwahn\/\">20.000 Migranten in jede deutsche Stadt?<\/a> (19.7.2019)<\/li>\n<li><a href=\"https:\/\/www.freiburg-schwarzwald.de\/blog\/freibad-gewalt-statt-baden\/\">https:\/\/www.freiburg-schwarzwald.de\/blog\/freibad-gewalt-statt-baden\/<\/a>\u00a0(1.7.2019)<\/li>\n<li><a href=\"https:\/\/www.freiburg-schwarzwald.de\/blog\/gauck-mahnt-zu-toleranz\/\">https:\/\/www.freiburg-schwarzwald.de\/blog\/gauck-mahnt-zu-toleranz\/<\/a>\u00a0(21.6.2019)<\/li>\n<li><a title=\"Grundgesetz\" href=\"https:\/\/www.freiburg-schwarzwald.de\/blog\/engagement\/zukunft\/demokratie\/grundgesetz\/\">Rupert Scholz: Die Verfassung wird gebrochen<\/a>\u00a0(19.6.2019)<\/li>\n<li><a title=\"SPD\" href=\"https:\/\/www.freiburg-schwarzwald.de\/blog\/vereine\/partei\/spd\/\">Ex-BND-Pr\u00e4sident Hanning: SPD hat nicht Klimathema, sondern Migration untersch\u00e4tzt<\/a>\u00a0(9.6.2019)<\/li>\n<li><a title=\"Europa-der-Vaterl\u00e4nder\" href=\"https:\/\/www.freiburg-schwarzwald.de\/blog\/global\/eu\/europa-der-vaterlaender\/\">Finkielkraut: Papst unterzeichnete den Tod Europas<\/a>\u00a0 (31.5.2019)<\/li>\n<li>Syrischer Arzt: Deutscher Wahnsinn &#8211; Gefl\u00fcchtete Extremisten (16.5.2019)<\/li>\n<li><a href=\"https:\/\/www.freiburg-schwarzwald.de\/blog\/deutschland-messerstecherland\/\">https:\/\/www.freiburg-schwarzwald.de\/blog\/deutschland-messerstecherland\/<\/a>\u00a0(13.5.2019)<\/li>\n<li><a title=\"Deutschland-Hoffnung\" href=\"https:\/\/www.freiburg-schwarzwald.de\/blog\/global\/deutschland\/deutschland-hoffnung\/\">Vahlefeld: Wie Deutschland mir die Hoffnung austreibt \u2013 eine Chronik<\/a>\u00a0(10.5.2019)<\/li>\n<li><a title=\"Fluechtlingsbetreuer\" href=\"https:\/\/www.freiburg-schwarzwald.de\/blog\/global\/integration\/fluechtlingsbetreuer\/\">Basisinitiative: Fl\u00fcchtlings-\/Migratiospolitik neu orientieren<\/a>\u00a0(17.4.2019)<\/li>\n<li><a href=\"https:\/\/www.freiburg-schwarzwald.de\/blog\/gewalt-an-grundschulen-in-fr\/\">https:\/\/www.freiburg-schwarzwald.de\/blog\/gewalt-an-grundschulen-in-fr\/<\/a>\u00a0(14.4.2019)<\/li>\n<li><a href=\"https:\/\/www.freiburg-schwarzwald.de\/blog\/kardinal-sarah-gegen-migration\/\">https:\/\/www.freiburg-schwarzwald.de\/blog\/kardinal-sarah-gegen-migration\/<\/a>\u00a0(3.4.2019)<\/li>\n<li><a title=\"Europa-der-Vaterl\u00e4nder\" href=\"https:\/\/www.freiburg-schwarzwald.de\/blog\/global\/eu\/europa-der-vaterlaender\/\">Migration ist Schicksalsfrage des 21. Jahrhunderts \u2013 Grundsatzrede von Viktor Orban<\/a>\u00a0(25.3.2019)<\/li>\n<li><a href=\"https:\/\/www.freiburg-schwarzwald.de\/blog\/no-fake-gcm-doch-verbindlich\/\">https:\/\/www.freiburg-schwarzwald.de\/blog\/no-fake-gcm-doch-verbindlich\/<\/a>\u00a0(21.3.2019)<\/li>\n<li><a title=\"One-World\" href=\"https:\/\/www.freiburg-schwarzwald.de\/blog\/global\/globalisierung\/one-world\/\">Linke Migrationskritik: Migration via One-World ist immer und f\u00fcr alle ein Verlustgesch\u00e4ft<\/a>\u00a0 (24.1.2019)<\/li>\n<li><a title=\"Schleuser\" href=\"https:\/\/www.freiburg-schwarzwald.de\/blog\/global\/eu\/schleuser\/\">Selbsternannte Seenotretter erleichtern das Gesch\u00e4ft der Schleuser<\/a>\u00a0(21.1.2019)<\/li>\n<li><a href=\"https:\/\/www.freiburg-schwarzwald.de\/blog\/fremd-im-eigenen-land\/\">https:\/\/www.freiburg-schwarzwald.de\/blog\/fremd-im-eigenen-land\/<\/a> (8.1.2019)<\/li>\n<li>Verdummung: Migrationsdebatte ohne den Experten Rolf Sieferle (4.1.2019)<\/li>\n<li><a href=\"https:\/\/www.freiburg-schwarzwald.de\/blog\/fake-news-18-hetzjagd-handy\/\">https:\/\/www.freiburg-schwarzwald.de\/blog\/fake-news-18-hetzjagd-handy\/<\/a>\u00a0(28.12.2018)<\/li>\n<li><a href=\"https:\/\/www.freiburg-schwarzwald.de\/blog\/gleiches-recht-alle-zuwanderer\/\">https:\/\/www.freiburg-schwarzwald.de\/blog\/gleiches-recht-alle-zuwanderer\/<\/a> (24.12.2018)<\/li>\n<li><a title=\"Gelbwesten\" href=\"https:\/\/www.freiburg-schwarzwald.de\/blog\/global\/eu\/gelbwesten\/\">Gelbwesten &#8211; Kampf gegen die Eliten<\/a> (13.12.2018)<\/li>\n<li>Strasbourg-Terror:\u00a0<a href=\"https:\/\/www.freiburg-schwarzwald.de\/blog\/relativieren-instrumentalisieren\/\">https:\/\/www.freiburg-schwarzwald.de\/blog\/relativieren-instrumentalisieren\/<\/a>\u00a0(13.12.2018)<\/li>\n<li><a title=\"Unsicher\" href=\"https:\/\/www.freiburg-schwarzwald.de\/blog\/selbsthilfe\/frauen\/unsicher\/\">Deutschland nach 2015: Die Frauen verlieren Sicherheit und Freiheit<\/a>\u00a0(28.11.2018)<\/li>\n<li><a title=\"Heidelberg\" href=\"https:\/\/www.freiburg-schwarzwald.de\/blog\/regio\/heidelberg\/\">Heidelberg leidet unter der Migration \u2013 Offener Brief einer B\u00fcrgers<\/a> (25.8.2018)<\/li>\n<li><strong><a title=\"Kriminalstatistik\" href=\"https:\/\/www.freiburg-schwarzwald.de\/blog\/selbsthilfe\/krise\/gewalt\/kriminalstatistik\/\">Wenig bekannte Fakten zur Ausl\u00e4nderkriminalit\u00e4t in Deutschland<\/a>\u00a0(4.7.2018)<\/strong><\/li>\n<li>Deutsche Sozialhilfe zieht Migranten an (15.4.2018)<\/li>\n<li>Sloterdijk: Migration bestimmt die Gegenwart\u00a0 (30.3.2018)<\/li>\n<li><a href=\"https:\/\/www.freiburg-schwarzwald.de\/blog\/weltoffenes-deutschland\/\">https:\/\/www.freiburg-schwarzwald.de\/blog\/weltoffenes-deutschland\/<\/a> (11.3.2018)<\/li>\n<li>Migrantenrevolution statt &#8222;Revolution des Denkens&#8220; (10.2.2018)<\/li>\n<li><a href=\"https:\/\/www.freiburg-schwarzwald.de\/blog\/familiennachzug-fuer-den-clan\/\">https:\/\/www.freiburg-schwarzwald.de\/blog\/familiennachzug-fuer-den-clan\/<\/a> (15.1.2018)<\/li>\n<li><a href=\"https:\/\/www.freiburg-schwarzwald.de\/blog\/religion\/juden\/juedisches-leben\/\">Karl Lagerfeld: Der Skandal, der keiner ist<\/a>\u00a0(16.11.2017)<\/li>\n<li><a title=\"Bundestagswahl2017\" href=\"https:\/\/www.freiburg-schwarzwald.de\/blog\/engagement\/zukunft\/demokratie\/bundestagswahl2017\/\">Budapest 9\/2015 ist der 11.September der EU<\/a>\u00a0(11.11.2017)<\/li>\n<li><a href=\"https:\/\/www.freiburg-schwarzwald.de\/blog\/afrika-retten-groessenwahn-d\/\">https:\/\/www.freiburg-schwarzwald.de\/blog\/afrika-retten-groessenwahn-d\/<\/a> (21.6.2017)<\/li>\n<li><a title=\"Neuansiedlung\" href=\"https:\/\/www.freiburg-schwarzwald.de\/blog\/global\/integration\/neuansiedlung\/\">Jedes Unrecht beginnt mit einer L\u00fcge \u2013 Integrations-L\u00fcge<\/a> \u00a0(29.12.2016)<\/li>\n<li><a title=\"Weihnachtsgeschenk \u2013 Sinn Tibi\" href=\"https:\/\/www.freiburg-schwarzwald.de\/blog\/weihnachtsgeschenk-sinn-tibi\/\">Was ist, wenn mit dem Scheitern von Bassam Tibi die Integration mi\u00dflingt?<\/a> (20.12.2016)<\/li>\n<li>Dreisam-Mord: Ein Einzelfall von immer mehr Einzelf\u00e4llen und alle haben Recht (3.12.2016)<\/li>\n<li><a href=\"https:\/\/www.freiburg-schwarzwald.de\/blog\/abschiebung-verantwortung\/\">https:\/\/www.freiburg-schwarzwald.de\/blog\/abschiebung-verantwortung\/<\/a> (11.9.2016)<\/li>\n<li><a title=\"Arbeitsmarkt\" href=\"https:\/\/www.freiburg-schwarzwald.de\/blog\/selbsthilfe\/soziales\/arbeit\/arbeitsmarkt\/\">Gigantische Belastung des Arbeitsmarkts durch Migration<\/a> (31.8.2016)<\/li>\n<li>Die meisten Fl\u00fcchtlinge kommen nach Deutschland, weil sie hier gut alimentiert werden (4.7.2016)<\/li>\n<li><strong>Dalai Lama: \u201eFl\u00fcchtlinge sollten nur vor\u00fcbergehend aufgenommen werden\u201c (31.6.2016)<\/strong><\/li>\n<li><a href=\"https:\/\/www.freiburg-schwarzwald.de\/blog\/voelkerwanderung-eu-migration\/\">https:\/\/www.freiburg-schwarzwald.de\/blog\/voelkerwanderung-eu-migration\/<\/a> (8.6.2016)<\/li>\n<li><a title=\"Integration Muslime in F und D\" href=\"https:\/\/www.freiburg-schwarzwald.de\/blog\/integration-muslime-in-f-und-d\/\">Integration der Muslime: In D schwieriger als in F?<\/a> (28.2.2016)<\/li>\n<li><a href=\"https:\/\/www.freiburg-schwarzwald.de\/blog\/fluechtlingspolitik-neu-denken\/\">https:\/\/www.freiburg-schwarzwald.de\/blog\/fluechtlingspolitik-neu-denken\/<\/a> (7.2.2016)<\/li>\n<li><a title=\"Merkelismus\" href=\"https:\/\/www.freiburg-schwarzwald.de\/blog\/engagement\/zukunft\/demokratie\/merkelismus\/\">Sloterdijk: Keine moralische Pflicht zur Selbstzerst\u00f6rung<\/a> &gt;Merkelismus (28.1.2016)<\/li>\n<li><a href=\"https:\/\/www.freiburg-schwarzwald.de\/blog\/diskussionskultur-nach-koeln\/\">ttp:\/\/www.freiburg-schwarzwald.de\/blog\/diskussionskultur-nach-koeln\/<\/a> (9.1.2016)<\/li>\n<li><a href=\"https:\/\/www.freiburg-schwarzwald.de\/blog\/frauenrechte-und-migration\/\">https:\/\/www.freiburg-schwarzwald.de\/blog\/frauenrechte-und-migration\/<\/a> (7.1.2016)<\/li>\n<li><a title=\"Migration-Maenner\" href=\"https:\/\/www.freiburg-schwarzwald.de\/blog\/global\/migration\/migration-maenner\/\">Massen\u00fcberfall auf Frauen durch junge Fl\u00fcchtlinge in K\u00f6ln<\/a> (4.1.2016)<\/li>\n<li><a href=\"https:\/\/www.freiburg-schwarzwald.de\/blog\/4-neue-haeuser-fuer-jesidinnen\/\">https:\/\/www.freiburg-schwarzwald.de\/blog\/4-neue-haeuser-fuer-jesidinnen\/<\/a> (6.11.2015)<\/li>\n<li><a href=\"https:\/\/www.freiburg-schwarzwald.de\/blog\/die-deutsche-umf-unehrlichkeit\/\">https:\/\/www.freiburg-schwarzwald.de\/blog\/die-deutsche-umf-unehrlichkeit\/ <\/a>(18.10.2015)<\/li>\n<li><a href=\"https:\/\/www.freiburg-schwarzwald.de\/blog\/ethik-migration-altruismus\">https:\/\/www.freiburg-schwarzwald.de\/blog\/ethik-migration-altruismus<\/a>\/ (4.8.2015)<\/li>\n<li><a href=\"https:\/\/www.freiburg-schwarzwald.de\/blog\/auslaenderkriminalitaet-2013\">https:\/\/www.freiburg-schwarzwald.de\/blog\/auslaenderkriminalitaet-2013<\/a>\/ (1.2.2015)<\/li>\n<li><a href=\"https:\/\/www.freiburg-schwarzwald.de\/blog\/frauenrechte-fuer-migrantinnen\/\">https:\/\/www.freiburg-schwarzwald.de\/blog\/frauenrechte-fuer-migrantinnen\/<\/a>\u00a0(20.8.2014)<\/li>\n<li>Warum betreiben wir keine geregelte Einwanderungspolitik? (1.8.2014)<\/li>\n<li><a href=\"https:\/\/www.freiburg-schwarzwald.de\/blog\/gewalt-jugendlicher-migranten\/\">https:\/\/www.freiburg-schwarzwald.de\/blog\/gewalt-jugendlicher-migranten\/<\/a>\u00a0(3.5.2014)<\/li>\n<li><a href=\"https:\/\/www.freiburg-schwarzwald.de\/blog\/unwort-2013-sozialtourismus\/\">https:\/\/www.freiburg-schwarzwald.de\/blog\/unwort-2013-sozialtourismus\/<\/a> (15.1.2014)<\/li>\n<li>EU-Arbeitsmarkt \u00f6ffnen ab Januar 2014 (31.12.2013)<\/li>\n<li>Migrationserfahrung l\u00e4\u00dft sich mit B\u00fccherlesen vergleichen (7.12.2013)<\/li>\n<li>In 2013 so viele Asylbewerber wie seit 10 Jahren nicht (16.8.2013)<\/li>\n<li><a href=\"https:\/\/www.freiburg-schwarzwald.de\/blog\/mikixx-hilft-migrantenkindern\/\">https:\/\/www.freiburg-schwarzwald.de\/blog\/mikixx-hilft-migrantenkindern\/<\/a>\u00a0(14.6.2013)<\/li>\n<li><a href=\"https:\/\/www.freiburg-schwarzwald.de\/blog\/doppelte-staatsbuergerschaft\/\">https:\/\/www.freiburg-schwarzwald.de\/blog\/doppelte-staatsbuergerschaft\/<\/a>\u00a0(10.3.2013)<\/li>\n<li><a href=\"https:\/\/www.freiburg-schwarzwald.de\/blog\/fluechtlingswohnheim-anwohner\/\">https:\/\/www.freiburg-schwarzwald.de\/blog\/fluechtlingswohnheim-anwohner\/<\/a>\u00a0(13.12.2012)<\/li>\n<li><a href=\"https:\/\/www.freiburg-schwarzwald.de\/blog\/und-vor-uns-die-niagarafaelle-vom-untergang-des-euro\/\">https:\/\/www.freiburg-schwarzwald.de\/blog\/und-vor-uns-die-niagarafaelle-vom-untergang-des-euro\/<\/a>\u00a0(5.8.2012)<\/li>\n<li><a href=\"https:\/\/www.freiburg-schwarzwald.de\/psyche2.htm#Drei Viertel und ein Viertel: In welchem Ma\u00df ist Intelligenz ererbt\">Drei Viertel und ein Viertel: In welchem Ma\u00df ist Intelligenz ererbt<\/a> &gt;Psyche2 (6.2.2012)<\/li>\n<li><a href=\"https:\/\/www.freiburg-schwarzwald.de\/littenweiler\/asyl-hammerschmiedstrasse.htm#14 Familien seit \u00fcber 11 Jahren in Sammelunterk\u00fcnften in FR\">14 Familien seit \u00fcber 11 Jahren in Sammelunterk\u00fcnften in FR<\/a> &gt;Asyl (16.12.2011)<\/li>\n<li><a href=\"https:\/\/www.freiburg-schwarzwald.de\/migration.htm#SPD und Gr\u00fcne schlagen Alarm: Fl\u00fcchtlingswelle in Freiburg\">SPD und Gr\u00fcne schlagen Alarm: Fl\u00fcchtlingswelle in Freiburg<\/a> &gt;Migration (12.12.2011)<\/li>\n<li><a href=\"https:\/\/www.freiburg-schwarzwald.de\/migration.htm#Freiburg neben Stuttgart und Pforzheim Hauptziel illegaler Fl\u00fcchtlinge\">Freiburg neben Stuttgart und Pforzheim Hauptziel illegaler Fl\u00fcchtlinge<\/a> &gt;Migration (6.12.11)<\/li>\n<li><a href=\"https:\/\/www.freiburg-schwarzwald.de\/littenweiler\/littenweiler12.htm#Dorf aktuell: Integration, FAIRBURG, Bahnhof, PH\">Dorf aktuell: Integration, FAIRBURG, Bahnhof, PH<\/a> &gt;Littenweiler12 (1.12.2011)<\/li>\n<li><a href=\"https:\/\/www.freiburg-schwarzwald.de\/integration2.htm#Zwangsehen-Studie: Opfer sind meist junge Muslime, 20% erst 15-16 Jahre alt\">Zwangsehen-Studie: Opfer sind meist junge Muslime, 20% erst 15-16 Jahre alt<\/a> &gt;Int2 (11.11.11)<\/li>\n<li><a href=\"https:\/\/www.freiburg-schwarzwald.de\/eu1.htm#Deutsche, Muslime und der 11. September: Ahmet Toprak im Interview\">Deutsche, Muslime und der 11. September: Ahmet Toprak im Interview<\/a> &gt;EU1 (8.9.2011)<\/li>\n<li><a href=\"https:\/\/www.freiburg-schwarzwald.de\/justiz1.htm#Richter ohne Gesetz. Islamische Paralleljustiz in Deutschland\">Richter ohne Gesetz. Islamische Paralleljustiz in Deutschland<\/a> &gt;Justiz1 (29.8.2011)<\/li>\n<li><a href=\"https:\/\/www.freiburg-schwarzwald.de\/migration.htm#Freiburger MPI-Forscher untersuchen Ehrenmorde im Auftrag des BKA\">Freiburger MPI-Forscher untersuchen Ehrenmorde im Auftrag des BKA<\/a> &gt;Migration (3.8.2011)<\/li>\n<li><a href=\"https:\/\/www.freiburg-schwarzwald.de\/littenweiler\/pflege3.htm#Pflegemigration von Ost nach West: KHF-Symposion der Caritas\">Pflegemigration von Ost nach West: KHF-Symposion der Caritas<\/a> &gt;Pflege3 (27.6.2011)<\/li>\n<li><a href=\"https:\/\/www.freiburg-schwarzwald.de\/migration.htm#D\u00e4nische Einwanderungspolitik: Wie viel kostet ein Ausl\u00e4nder\">D\u00e4nische Einwanderungspolitik: Wie viel kostet ein Ausl\u00e4nder?<\/a> &gt;Migration (28.4.2011)<\/li>\n<li><a href=\"https:\/\/www.freiburg-schwarzwald.de\/psychologe.htm#Psychotherapeut Peter Schr\u00f6der behandelt traumatisierte Fl\u00fcchtlinge in Freiburg\">Psychotherapeut Peter Schr\u00f6der behandelt traumatisierte Fl\u00fcchtlinge<\/a> &gt;Psychologie (27.4.2011)<\/li>\n<li><a href=\"https:\/\/www.freiburg-schwarzwald.de\/migration.htm#Ausstellung Man hat Arbeitskr\u00e4fte gerufen im Schwarzen Kloster\">Ausstellung &#8222;Man hat Arbeitskr\u00e4fte gerufen&#8220; im Schwarzen Kloster<\/a> &gt;Migration (1.12.2010)<\/li>\n<li><a href=\"https:\/\/www.freiburg-schwarzwald.de\/migration.htm#Abschiebung von Kosovo-Fl\u00fcchtlingen nach 18 Jahren: NS-Vergleich\">Abschiebung von Kosovo-Fl\u00fcchtlingen nach 18 Jahren: NS-Vergleich<\/a> &gt;Migration (11.12.2010)<\/li>\n<li><a href=\"https:\/\/www.freiburg-schwarzwald.de\/littenweiler\/ehrenamt5.htm#Engagement-Preise f\u00fcr Satis Shroff und Champions-Boxing Littenweiler\">Engagement-Preise f\u00fcr Satis Shroff und Champions-Boxing Littenweiler<\/a> &gt;Ehrenamt5 (9.12.2010)<\/li>\n<li><a href=\"https:\/\/www.freiburg-schwarzwald.de\/rhein1.htm#KABS macht gegen Schnaken mit Migrationshintergrund mobil\">KABS macht gegen Schnaken mit Migrationshintergrund mobil<\/a> &gt;Rhein1 (6.12.2010)<\/li>\n<li><a href=\"https:\/\/www.freiburg-schwarzwald.de\/littenweiler\/auferstehung3.htm#FrauenST\u00c4RKEN im Quartier: Migrantinnen-Treff dienstags 9-12 Uhr\">FrauenST\u00c4RKEN im Quartier: Migrantinnen-Treff dienstags 9-12 Uhr<\/a> &gt;Auferstehung3 (1.12.2010)<\/li>\n<li><a href=\"https:\/\/www.freiburg-schwarzwald.de\/migration#Was l\u00e4uft bei der Migration schief, Helmut Schmidt\">Was l\u00e4uft bei der Migration schief, Helmut Schmidt?<\/a> &gt;Migration (23.11.2010)<\/li>\n<li><a href=\"https:\/\/www.freiburg-schwarzwald.de\/armut1.htm#Ausl\u00e4nder beziehen mehr als doppelt so oft Hartz IV\">Ausl\u00e4nder beziehen mehr als doppelt so oft Hartz IV &#8211; Gr\u00fcnde?<\/a> &gt;Armut1 (23.11.2010)<\/li>\n<li><a href=\"https:\/\/www.freiburg-schwarzwald.de\/migration#D\u00e4nemark versch\u00e4rft Regeln zur Familienzusammenf\u00fchrung\">D\u00e4nemark versch\u00e4rft Regeln zur Familienzusammenf\u00fchrung<\/a> &gt;Migration (9.11.2010)<\/li>\n<li><a href=\"https:\/\/www.freiburg-schwarzwald.de\/frauen3.htm#Frauenrechtlerin G\u00fcner Balci: Zwangsverheiratung, Ehrenmorde sind Alltag\">Frauenrechtlerin G\u00fcner Balci: Zwangsverheiratung, Ehrenmorde sind Alltag<\/a> &gt;Frauen (28.10.10)<\/li>\n<li><a href=\"https:\/\/www.freiburg-schwarzwald.de\/integration1.htm#Freitod der Berliner Richterin Kirsten Heisig - Parallelgesellschaften\">Freitod der Berliner Richterin Kirsten Heisig &#8211; Parallelgesellschaften<\/a> &gt;Integration1 (13.10.2010)<\/li>\n<li><a href=\"https:\/\/www.freiburg-schwarzwald.de\/migration.htm#Thilo Sarrazin - Provokateur, ge\u00e4chteter SPD-ler oder Opfer eines Denkverbots\">Thilo Sarrazin &#8211; Provokateur, ge\u00e4chteter SPD-ler oder Opfer eines Denkverbots?<\/a> &gt;Migration (27.8.)<\/li>\n<li><a href=\"https:\/\/www.freiburg-schwarzwald.de\/integration1.htm#Einwandererelite: Hier aufgewachsene T\u00fcrken zieht es nach Istanbul\">Einwandererelite: Hier aufgewachsene T\u00fcrken zieht es nach Istanbul<\/a> &gt;Integration1 (13.8.10)<\/li>\n<li><strong><a title=\"Muslime\" href=\"https:\/\/www.freiburg-schwarzwald.de\/blog\/global\/integration\/muslime\/\">Wolffsohn: Gewalt gegen Juden geht ausschlie\u00dflich von Muslimen aus<\/a>\u00a0(27.2.2018)<\/strong><\/li>\n<li><a href=\"https:\/\/www.freiburg-schwarzwald.de\/tiengen.htm#Projekt Pro Eto des Bildungsinstituts Pro Phila: Interkultureller Dialog\">Projekt &#8222;Pro Eto&#8220; des Bildungsinstituts Pro Phila: Interkultureller Dialog<\/a>\u00a0 &gt;Tiengen (12.2.2010)<\/li>\n<li><a href=\"https:\/\/www.freiburg-schwarzwald.de\/trirhena1.htm#Einbrecher am Oberrhein arbeiten inzwischen trinational\">Einbrecher am Oberrhein arbeiten inzwischen trinational<\/a> &gt;triRhena1 (21.1.2010)<\/li>\n<li><a href=\"https:\/\/www.freiburg-schwarzwald.de\/migration#Arbeit des Integrationsfachdienstes des Caritasverbandes\">Arbeit des Integrationsfachdienstes des Caritasverbandes <\/a>&gt;Migration (30.12.2009)<\/li>\n<li><a href=\"https:\/\/www.freiburg-schwarzwald.de\/integration1.htm#Sarrazin als rassistischer Scharfmacher - integrationsunwillige Migranten\">Sarrazin als rassistischer Scharfmacher &#8211; integrationsunwillige Migranten<\/a> &gt;Integration1 (14.10.09)<\/li>\n<li><a href=\"https:\/\/www.freiburg-schwarzwald.de\/sexuellermissbrauch.htm#OLG-Urteil zum Ausreiseverbot f\u00fcr Schopfheimer M\u00e4dchen Dinah\">OLG-Urteil zum Ausreiseverbot f\u00fcr Schopfheimer M\u00e4dchen Dinah<\/a> &gt;SexuellerMissbrauch (17.7.09)<\/li>\n<li><a href=\"https:\/\/www.freiburg-schwarzwald.de\/integration1.htm#Ehegattennachzug: Sprachpr\u00fcfung, Sprachkurse im Download\">Ehegattennachzug: Sprachpr\u00fcfung, Sprachkurse im Download<\/a> &gt;Integration1 (8.5.2009)<\/li>\n<li><a href=\"https:\/\/www.freiburg-schwarzwald.de\/muellheim1.htm#T\u00fcrkische M\u00fctter: Gespr\u00e4che \u00fcber Kinder beim Tee\">T\u00fcrkische M\u00fctter: Gespr\u00e4che \u00fcber Kinder beim Tee<\/a> &gt;Muellheim1 (5.3.2009)<\/li>\n<li><a href=\"https:\/\/www.freiburg-schwarzwald.de\/littenweiler\/weingarten1.htm#Nachbarschaftswerk sucht Erwachsene, die Kinder unterst\u00fctzen\">Nachbarschaftswerk sucht Erwachsene, die Kinder unterst\u00fctzen<\/a> &gt;Weingarten1 (23.1.2009)<\/li>\n<li><a href=\"https:\/\/www.freiburg-schwarzwald.de\/migration.htm#Mixopolis: Neues interkulturelles Jugend-Portal ist online\">Mixopolis: Neues interkulturelles Jugend-Portal ist online<\/a> &gt;Migration (7.1.2009)<\/li>\n<li><a href=\"https:\/\/www.freiburg-schwarzwald.de\/deutsch.htm#Familiennachzug: Ehepartner scheitern an Sprachtest\">Familiennachzug: Ehepartner scheitern an Sprachtest<\/a> &gt;Deutsch (23.12.2008)<\/li>\n<li><a href=\"https:\/\/www.freiburg-schwarzwald.de\/migration.htm#Auf der Flucht drei ihrer sechs Kinder verloren\">Auf der Flucht drei ihrer sechs Kinder verloren<\/a> &gt;Migration (28.11.2008)<\/li>\n<li><a href=\"https:\/\/www.freiburg-schwarzwald.de\/drogen1.htm#Tilidin - die legale Modedroge macht schnell abh\u00e4ngig\">Tilidin &#8211; die legale Modedroge macht schnell abh\u00e4ngig<\/a> &gt;Drogen1 (20.9.2008)<\/li>\n<li><a href=\"https:\/\/www.freiburg-schwarzwald.de\/fussball.htm#Das Paradox des Nationalen bei der EM\">Das Paradox des Nationalen bei der EM<\/a> &gt;Fussball (17.7.2008)<\/li>\n<li><a href=\"https:\/\/www.freiburg-schwarzwald.de\/littenweiler\/kirchzarten7.htm#Sch\u00fclerpatenschaften Marie-Curie-Gymnasium - Caritas: gute Migrationsarbeit\">Sch\u00fclerpatenschaften Marie-Curie-Gym &#8211; Caritas: gute Migrationsarbeit<\/a> &gt;Kirchzarten1 (20.3.08)<\/li>\n<li><a href=\"https:\/\/www.freiburg-schwarzwald.de\/littenweiler\/bildung5.htm#Adolf-Reichwein-Schule: Leselernpaten, Sprachf\u00f6rderung\">Adolf-Reichwein-Schule: Leselernpaten, Sprachf\u00f6rderung, Vorlesenetz<\/a> &gt;Bildung5 (29.2.2008)<\/li>\n<li><a href=\"https:\/\/www.freiburg-schwarzwald.de\/migration#Kein Mensch ist illegal - Papierlose, Schattenmenschen\">Kein Mensch ist illegal &#8211; Papierlose, Schattenmenschen<\/a> &gt;Migration (14.1.2008)<\/li>\n<li><a href=\"https:\/\/www.freiburg-schwarzwald.de\/integration1.htm#Fast jeder zweite Zuwanderer ohne Berufsabschluss\">Fast jeder zweite Zuwanderer ohne Berufsabschluss<\/a> &gt;Integration1 (22.12.2007)<\/li>\n<li><a href=\"https:\/\/www.freiburg-schwarzwald.de\/migration.htm#Wir sollten uns alle um einen Migrationshintergrund bem\u00fchen\">Wir sollten uns alle um einen Migrationshintergrund bem\u00fchen<\/a> &gt;Migration (8.12.2007)<\/li>\n<li><a href=\"https:\/\/www.freiburg-schwarzwald.de\/migration#Hilfe f\u00fcr Sp\u00e4taussiedler, die zur\u00fcckwollen nach Russland\">Hilfe f\u00fcr Sp\u00e4taussiedler, die zur\u00fcckwollen nach Russland<\/a> &gt;Migration (27.11.2007)<\/li>\n<li><a href=\"https:\/\/www.freiburg-schwarzwald.de\/littenweiler\/polizei.htm#Tendenzi\u00f6se Berichterstattung zum Hundebiss-Fall\">Tendenzi\u00f6se Berichterstattung zum Hundebiss-Fall<\/a> &gt;Polizei (11.9.2007)<\/li>\n<li><a href=\"https:\/\/www.freiburg-schwarzwald.de\/frauen2.htm#Reise in die Zwangsehe - Schutz in Frauenh\u00e4usern\">Reise in die Zwangsehe &#8211; Schutz in Frauenh\u00e4usern<\/a> &gt;Frauen2 (21.8.2007)<\/li>\n<li><a href=\"https:\/\/www.freiburg-schwarzwald.de\/integration1.htm#Kirchzartener Helferkreis f\u00fcr Migranten seit 1989 - Ehrenamtliche gesucht\">Kirchzartener Helferkreis f\u00fcr Migranten seit 1989 &#8211; Ehrenamtliche gesucht<\/a> &gt;Integration1 (12.7.07)<\/li>\n<li><a href=\"https:\/\/www.freiburg-schwarzwald.de\/integration1.htm#Mini-Rasthaus unterst\u00fctzt Fl\u00fcchtlinge mit und ohne Papiere\">Mini-Rasthaus unterst\u00fctzt Fl\u00fcchtlinge mit und ohne Papiere<\/a> &gt;Integration1 (26.5.2007)<\/li>\n<li><a href=\"https:\/\/www.freiburg-schwarzwald.de\/migration#Einwanderung und Auswanderung in Deutschland\">Einwanderung und Auswanderung in Deutschland<\/a> (30.10.2006)<\/li>\n<li><a title=\"Hunger\" href=\"https:\/\/www.freiburg-schwarzwald.de\/blog\/global\/hunger\/\">Hoimar von Ditfurth: Die m\u00f6rderische Konsequenz des Mitleids<\/a>\u00a0(13.8.1984)<\/li>\n<li><a href=\"https:\/\/www.freiburg-schwarzwald.de\/migration#Freiburg hat 12.4 Prozent Ausl\u00e4nder, aber 28.8 Prozent Personen mit Migrationshintergrund\">Freiburg hat 12.4 Prozent Ausl\u00e4nder, aber 28.8 Prozent Personen mit Migrationshintergrund<\/a><\/li>\n<li><\/li>\n<li>Migration &#8211; Daten<\/li>\n<li>Migrationshintergrund<\/li>\n<li><strong><a href=\"https:\/\/www.freiburg-schwarzwald.de\/migration.htm\">www.freiburg-schwarzwald.de\/migration.htm<\/a> &gt;Archivseite Migration<\/strong><\/li>\n<li><\/li>\n<li><a title=\"Muslime-Anzahl\" href=\"https:\/\/www.freiburg-schwarzwald.de\/blog\/global\/integration\/muslime\/muslime-anzahl\/\">Anzahl der Migranten &#8211; Gr\u00f6\u00dfe &#8211; Mehrheit<\/a><\/li>\n<li><a title=\"Abschiebung\" href=\"https:\/\/www.freiburg-schwarzwald.de\/blog\/global\/integration\/abschiebung\/\">Abschiebung<\/a><\/li>\n<li><a href=\"https:\/\/www.freiburg-schwarzwald.de\/blog\/vereine\/partei\/afd\/afd-migration\/\">AfD-Migration<\/a><\/li>\n<li><a href=\"https:\/\/www.freiburg-schwarzwald.de\/blog\/global\/afghanistan\/\">Afghanistan<\/a><\/li>\n<li><a title=\"Afrika-Migration\" href=\"https:\/\/www.freiburg-schwarzwald.de\/blog\/global\/afrika\/afrika-migration\/\">Afrika-Migration<\/a><\/li>\n<li><a title=\"Afrika-Zukunft\" href=\"https:\/\/www.freiburg-schwarzwald.de\/blog\/global\/afrika\/afrika-zukunft\/\">Afrika-Zukunft<\/a><\/li>\n<li><a title=\"Arbeitsmigration\" href=\"https:\/\/www.freiburg-schwarzwald.de\/blog\/global\/migration\/arbeitsmigration\/\">Arbeitsmigration<\/a><\/li>\n<li><a title=\"Armutszuwanderung\" href=\"https:\/\/www.freiburg-schwarzwald.de\/blog\/global\/integration\/armutszuwanderung\/\">Armutszuwanderung<\/a><\/li>\n<li><a href=\"https:\/\/www.freiburg-schwarzwald.de\/blog\/global\/integration\/asyl\/asylrecht\/\">Asylrecht<\/a><\/li>\n<li><a title=\"Asyl\" href=\"https:\/\/www.freiburg-schwarzwald.de\/blog\/global\/integration\/asyl\/\">Asyl &#8211; Asylrecht<\/a><\/li>\n<li><a href=\"https:\/\/www.freiburg-schwarzwald.de\/blog\/global\/integration\/asyl\/asyl-ausweis\/\">Asyl-Ausweis<\/a><\/li>\n<li><a href=\"https:\/\/www.freiburg-schwarzwald.de\/blog\/global\/integration\/asyl\/asylpolitik\/\">Asylpolitik<\/a><\/li>\n<li><a href=\"https:\/\/www.freiburg-schwarzwald.de\/littenweiler\/asyl-hammerschmiedstrasse.htm\">Asylantenunterkunft Oberwiehre<\/a> &gt;Asyl-Hammerschmiedstrasse<\/li>\n<li><a title=\"Augsburg071219tod-nach-sturz\" href=\"https:\/\/www.freiburg-schwarzwald.de\/blog\/global\/migration\/augsburg071219tod-nach-sturz\/\">Augsburg07-12-2019Tod-nach-Sturz<\/a><\/li>\n<li><a title=\"Russlanddeutsche\" href=\"https:\/\/www.freiburg-schwarzwald.de\/blog\/global\/migration\/russlanddeutsche\/\">Aussiedle<\/a>r<\/li>\n<li><a title=\"Auswanderung\" href=\"https:\/\/www.freiburg-schwarzwald.de\/blog\/global\/migration\/auswanderung\/\">Auswanderung<\/a><\/li>\n<li><a title=\"Balkan\" href=\"https:\/\/www.freiburg-schwarzwald.de\/blog\/global\/balkan\/\">Balkan<\/a><\/li>\n<li><a title=\"Bevoelkerungsaustausch\" href=\"https:\/\/www.freiburg-schwarzwald.de\/blog\/engagement\/zukunft\/demografie\/bevoelkerungsaustausch\/\">Bev\u00f6lkerungsaustausch<\/a><\/li>\n<li><a href=\"https:\/\/www.freiburg-schwarzwald.de\/migration.htm#Bleiberecht - Projektverbund Caritas, VHS, HWK, Stadt FR\">Bleiberecht &#8211; Projektverbund Caritas, VHS, HWK, Stadt FR<\/a> &gt;Migration<\/li>\n<li><a href=\"https:\/\/www.freiburg-schwarzwald.de\/blog\/bildung\/schulen\/brennpunktschulen\/\">Brennpunktschulen<\/a><\/li>\n<li><a title=\"Buchmesse\" href=\"https:\/\/www.freiburg-schwarzwald.de\/blog\/kultur\/dichter\/literatur\/buchmesse\/\">Buchmesse<\/a><\/li>\n<li><a title=\"Budapest-Dublin2015\" href=\"https:\/\/www.freiburg-schwarzwald.de\/blog\/global\/eu\/budapest-dublin2015\/\">Budapest-Dublin2015<\/a><\/li>\n<li><a title=\"Buerger\" href=\"https:\/\/www.freiburg-schwarzwald.de\/blog\/engagement\/buerger\/\">Buerger<\/a><\/li>\n<li><a title=\"Buschkowsky\" href=\"https:\/\/www.freiburg-schwarzwald.de\/blog\/global\/integration\/parallelgesellschaft\/buschkowsky\/\">Buschkowsky<\/a><\/li>\n<li><a href=\"https:\/\/www.freiburg-schwarzwald.de\/blog\/engagement\/zukunft\/demokratie\/chemnitz-messermord26-08-2018\/chemnitz2018-2023\/\">Chemnitz2018-2023<\/a><\/li>\n<li><a title=\"Corona-Angst\" href=\"https:\/\/www.freiburg-schwarzwald.de\/blog\/business\/gesund\/corona-virus\/corona-angst\/\">Corona-Angst<\/a><\/li>\n<li><a title=\"Daenemark\" href=\"https:\/\/www.freiburg-schwarzwald.de\/blog\/global\/daenemark\/\">Daenemark &#8211; Restriktive Migrationspolitik<\/a><\/li>\n<li><a title=\"Deutschland2030\" href=\"https:\/\/www.freiburg-schwarzwald.de\/blog\/global\/deutschland\/deutschland2030\/\">Deutschland2030<\/a><\/li>\n<li><a title=\"Deutschland-Hoffnung\" href=\"https:\/\/www.freiburg-schwarzwald.de\/blog\/global\/deutschland\/deutschland-hoffnung\/\">Deutschland-Hoffnung<\/a><\/li>\n<li><a href=\"https:\/\/www.freiburg-schwarzwald.de\/blog\/religion\/islam\/ehrenmord\/\">Ehrenmord<\/a><\/li>\n<li><a href=\"https:\/\/www.freiburg-schwarzwald.de\/blog\/engagement\/zukunft\/demokratie\/volk\/einheimische\/\">Einheimische<\/a><\/li>\n<li><a title=\"Entwurzelung\" href=\"https:\/\/www.freiburg-schwarzwald.de\/blog\/global\/migration\/entwurzelung\/\">Entwurzelung<\/a><\/li>\n<li><a href=\"https:\/\/www.freiburg-schwarzwald.de\/blog\/global\/eritrea\/\">Eritrea<\/a><\/li>\n<li><a title=\"Erklaerung2018\" href=\"https:\/\/www.freiburg-schwarzwald.de\/blog\/engagement\/zukunft\/demokratie\/parlament\/erklaerung2018\/\">Erklaerung2018<\/a><\/li>\n<li><a title=\"Erziehung\" href=\"https:\/\/www.freiburg-schwarzwald.de\/blog\/religion\/islam\/erziehung\/\">Erziehung der Kinder<\/a><\/li>\n<li><a title=\"EU-Migration\" href=\"https:\/\/www.freiburg-schwarzwald.de\/blog\/global\/eu\/eu-migration\/\">EU-Migration<\/a><\/li>\n<li><a title=\"Europa\" href=\"https:\/\/www.freiburg-schwarzwald.de\/blog\/global\/eu\/europa\/\">Europa &#8211; Selbstmord<\/a><\/li>\n<li><a href=\"https:\/\/www.freiburg-schwarzwald.de\/blog\/global\/migration\/expats\/\">Expats<\/a><\/li>\n<li><a href=\"https:\/\/www.freiburg-schwarzwald.de\/caritas.htm#Fachdienst Migration\">Fachdienst Migration<\/a> &gt;Caritas<\/li>\n<li><a href=\"https:\/\/www.freiburg-schwarzwald.de\/littenweiler\/haus197.htm#FAIRBURG - interkultureller Verein\">FAIRBURG &#8211; interkultureller Verein<\/a> &gt;Haus157<\/li>\n<li><a title=\"Familiennachzug\" href=\"https:\/\/www.freiburg-schwarzwald.de\/blog\/global\/migration\/familiennachzug\/\">Familiennachzug &#8211; Fl\u00fcchtlinge<\/a><\/li>\n<li><a title=\"Familienplanung\" href=\"https:\/\/www.freiburg-schwarzwald.de\/blog\/global\/afrika\/familienplanung\/\">Familienplanung &#8211; Afrika<\/a><\/li>\n<li><a href=\"https:\/\/www.freiburg-schwarzwald.de\/blog\/selbsthilfe\/frauen\/femizid\/\">Femizid<\/a><\/li>\n<li><a title=\"Fluchtursachen\" href=\"https:\/\/www.freiburg-schwarzwald.de\/blog\/global\/migration\/fluchtursachen\/\">Fluchtursachen<\/a><\/li>\n<li><a title=\"Fluechtlinge\" href=\"https:\/\/www.freiburg-schwarzwald.de\/blog\/global\/integration\/fluechtlinge\/\">Fl\u00fcchtlinge<\/a><\/li>\n<li><a title=\"Fluechtlinge2016\" href=\"https:\/\/www.freiburg-schwarzwald.de\/blog\/global\/integration\/fluechtlinge2016\/\">Fl\u00fcchtlinge2016<\/a><\/li>\n<li><a title=\"Fluechtlinge-Chance\" href=\"https:\/\/www.freiburg-schwarzwald.de\/blog\/global\/integration\/fluechtlinge-chance\/\">Fl\u00fcchtlinge &#8211; Chance<\/a><\/li>\n<li><a title=\"Fluechtlinge-Islam\" href=\"https:\/\/www.freiburg-schwarzwald.de\/blog\/global\/integration\/fluechtlinge-islam\/\">Fluechtlinge-Islam<\/a><\/li>\n<li><a title=\"Fluechtlinge-Kriminalitaet\" href=\"https:\/\/www.freiburg-schwarzwald.de\/blog\/global\/integration\/fluechtlinge-kriminalitaet\/\">Fluechtlinge-Kriminalitaet<\/a><\/li>\n<li><a title=\"Fluechtlinge-Paten\" href=\"https:\/\/www.freiburg-schwarzwald.de\/blog\/global\/integration\/fluechtlinge-paten\/\">Fluechtlinge-Paten<\/a><\/li>\n<li><a title=\"Fluechtlinge-Pflichten\" href=\"https:\/\/www.freiburg-schwarzwald.de\/blog\/global\/integration\/fluechtlinge-pflichten\/\">Fluechtlinge-Pflichten<\/a><\/li>\n<li><a title=\"Fluechtlinge-Rueckkehr\" href=\"https:\/\/www.freiburg-schwarzwald.de\/blog\/global\/integration\/fluechtlinge-rueckkehr\/\">Fluechtlinge-Rueckkehr<\/a><\/li>\n<li><a href=\"https:\/\/www.freiburg-schwarzwald.de\/migration.htm#Fl\u00fcchtlinge: R\u00fcckkehr- und Perspektivberatung in Freiburg\">Fl\u00fcchtlinge: R\u00fcckkehr- und Perspektivberatung f\u00fcr Fl\u00fcchtlinge<\/a><\/li>\n<li><a title=\"Fluechtlingslager\" href=\"https:\/\/www.freiburg-schwarzwald.de\/blog\/global\/migration\/fluechtlingslager\/\">Fl\u00fcchtlingslager<\/a><\/li>\n<li><a title=\"Fluechtlingsaktivisten\" href=\"https:\/\/www.freiburg-schwarzwald.de\/blog\/global\/migration\/fluechtlingsaktivisten\/\">Fluechtlingsaktivisten\u00a0<\/a><\/li>\n<li><a title=\"Fluechtlingsbetreuer\" href=\"https:\/\/www.freiburg-schwarzwald.de\/blog\/global\/integration\/fluechtlingsbetreuer\/\">Fluechtlingsbetreuer<\/a><\/li>\n<li><a title=\"Frauenproteste\" href=\"https:\/\/www.freiburg-schwarzwald.de\/blog\/selbsthilfe\/frauen\/frauenproteste\/\">Frauenproteste<\/a><\/li>\n<li><a href=\"https:\/\/www.freiburg-schwarzwald.de\/blog\/global\/migration\/gastarbeiter\/\">Gastarbeiter<\/a><\/li>\n<li><a title=\"Gelbwesten\" href=\"https:\/\/www.freiburg-schwarzwald.de\/blog\/global\/eu\/gelbwesten\/\">Gelbwesten<\/a><\/li>\n<li><a title=\"Germany\" href=\"https:\/\/www.freiburg-schwarzwald.de\/blog\/global\/deutschland\/germany\/\">Germany<\/a><\/li>\n<li><a title=\"Ghetto\" href=\"https:\/\/www.freiburg-schwarzwald.de\/blog\/global\/integration\/ghetto\/\">Ghetto<\/a><\/li>\n<li><a title=\"Global-Migration\" href=\"https:\/\/www.freiburg-schwarzwald.de\/blog\/global\/globalisierung\/global-migration\/\">Globalpakt f\u00fcr Migration<\/a><\/li>\n<li><a href=\"https:\/\/www.freiburg-schwarzwald.de\/blog\/global\/eu\/grenzen\/grenze-belarus\/\">Grenze-Belarus<\/a><\/li>\n<li><a title=\"Grenz\u00f6ffnung2015\" href=\"https:\/\/www.freiburg-schwarzwald.de\/blog\/global\/deutschland\/grenzoeffnung2015\/\">Grenz\u00f6ffnung2015<\/a><\/li>\n<li><a title=\"Groessenwahn\" href=\"https:\/\/www.freiburg-schwarzwald.de\/blog\/engagement\/zukunft\/groessenwahn\/\">Gr\u00f6\u00dfenwahn<\/a><\/li>\n<li><a href=\"https:\/\/www.freiburg-schwarzwald.de\/migration#Heimatgarten - R\u00fcckkehr in die Heimat\">Heimatgarten &#8211; R\u00fcckkehr in die Heimat<\/a><\/li>\n<li><a href=\"https:\/\/www.freiburg-schwarzwald.de\/blog\/global\/migration\/herkunft\/\">Herkunft<\/a><\/li>\n<li><a title=\"Heroes\" href=\"https:\/\/www.freiburg-schwarzwald.de\/blog\/religion\/islam\/heroes\/\">Heroes &#8211; junge M\u00e4nner aus Ehrenkulturen<\/a><\/li>\n<li><a href=\"https:\/\/www.freiburg-schwarzwald.de\/blog\/engagement\/zukunft\/demokratie\/chemnitz-messermord26-08-2018\/chemnitz2018-2023\/\">Hetzjagden<\/a><\/li>\n<li><a href=\"https:\/\/www.freiburg-schwarzwald.de\/blog\/kultur\/dichter\/houellebecq\/\">Houellebecq<\/a><\/li>\n<li><a title=\"Indomeni\" href=\"https:\/\/www.freiburg-schwarzwald.de\/blog\/global\/migration\/idomeni\/\">Idomeni<\/a><\/li>\n<li><a title=\"Immigration\" href=\"https:\/\/www.freiburg-schwarzwald.de\/blog\/global\/integration\/immigration\/\">Immigration<\/a><\/li>\n<li><a title=\"Integration\" href=\"https:\/\/www.freiburg-schwarzwald.de\/blog\/global\/integration\/\">Integration &#8211; Infos<\/a><\/li>\n<li><a title=\"Integration-Islam\" href=\"https:\/\/www.freiburg-schwarzwald.de\/blog\/global\/integration\/integration-islam\/\">Integration-Islam<\/a><\/li>\n<li><a title=\"Integrieren\" href=\"https:\/\/www.freiburg-schwarzwald.de\/blog\/global\/integration\/integrieren\/\">Integrieren<\/a><\/li>\n<li><a href=\"https:\/\/www.freiburg-schwarzwald.de\/blog\/global\/integration\/integrierte-migranten\/\">Integrierte-Migranten<\/a><\/li>\n<li><a title=\"Islam\" href=\"https:\/\/www.freiburg-schwarzwald.de\/blog\/religion\/islam\/\">Islam<\/a><\/li>\n<li><a title=\"Italienroute\" href=\"https:\/\/www.freiburg-schwarzwald.de\/blog\/global\/migration\/italienroute\/\">Italienroute<\/a><\/li>\n<li><a title=\"Koeln-Silvester2015\" href=\"https:\/\/www.freiburg-schwarzwald.de\/blog\/global\/integration\/koeln-silvester2015\/\">K\u00f6ln-Silvester2015<\/a><\/li>\n<li><a title=\"Koeln-Silvester2015\" href=\"https:\/\/www.freiburg-schwarzwald.de\/blog\/global\/integration\/koeln-silvester2015\/\">K\u00f6ln Silvester 2016<\/a><\/li>\n<li><a title=\"Kompetenz\" href=\"https:\/\/www.freiburg-schwarzwald.de\/blog\/global\/integration\/kompetenz\/\">Kompetenz<\/a><\/li>\n<li><a href=\"https:\/\/www.freiburg-schwarzwald.de\/blog\/selbsthilfe\/familie\/ehe\/konsanguin\/\">konsanguin<\/a><\/li>\n<li><a title=\"Kontrollierte-Grenzen\" href=\"https:\/\/www.freiburg-schwarzwald.de\/blog\/global\/migration\/kontrollierte-grenzen\/\">Kontrollierte-Grenzen<\/a><\/li>\n<li><a title=\"Kontrollverlust\" href=\"https:\/\/www.freiburg-schwarzwald.de\/blog\/engagement\/zukunft\/demokratie\/kontrollverlust\/\">Kontrollverlust des deutschen Staates<\/a><\/li>\n<li><a href=\"https:\/\/www.freiburg-schwarzwald.de\/blog\/global\/migration\/kriegsfluechtlinge\/\">Kriegsfl\u00fcchtlinge<\/a><\/li>\n<li><a title=\"Kriminalstatistik\" href=\"https:\/\/www.freiburg-schwarzwald.de\/blog\/selbsthilfe\/krise\/gewalt\/kriminalstatistik\/\">Kriminalstatistik<\/a><\/li>\n<li><a href=\"https:\/\/www.freiburg-schwarzwald.de\/blog\/global\/migration\/masseneinwanderung\/\">Masseneinwanderung<\/a><\/li>\n<li><a title=\"Migrationspolitik\" href=\"https:\/\/www.freiburg-schwarzwald.de\/blog\/global\/migration\/migrationspolitik\/\">Migrationspolitik ab 2020<\/a><\/li>\n<li><a title=\"Migranten-Armee\" href=\"https:\/\/www.freiburg-schwarzwald.de\/blog\/global\/migration\/migranten-armee\/\">Migranten-Armee<\/a><\/li>\n<li><a title=\"Migranten-Benehmen\" href=\"https:\/\/www.freiburg-schwarzwald.de\/blog\/global\/migration\/migranten-benehmen\/\">Migranten-Benehmen<\/a><\/li>\n<li><a href=\"https:\/\/www.freiburg-schwarzwald.de\/blog\/kultur\/kulturkampf\/migranten-deutsche\/\">Migranten-Deutsche<\/a><\/li>\n<li><a title=\"Migranten-Fluechtlinge\" href=\"https:\/\/www.freiburg-schwarzwald.de\/blog\/global\/migration\/migranten-fluechtlinge\/\">Migranten-Fluechtlinge<\/a><\/li>\n<li><a href=\"https:\/\/www.freiburg-schwarzwald.de\/blog\/global\/migration\/migration-gesellschaft\/\">Migration-Gesellschaft<\/a><\/li>\n<li><a href=\"https:\/\/www.freiburg-schwarzwald.de\/blog\/global\/migration\/migranten-gewalt\/\">Migranten-Gewalt<\/a><\/li>\n<li><a href=\"https:\/\/www.freiburg-schwarzwald.de\/blog\/global\/migration\/migrantenkinder\/\">Migrantenkinder<\/a><\/li>\n<li><a href=\"https:\/\/www.freiburg-schwarzwald.de\/blog\/global\/migration\/migrantenquote\/\">Migrantenquote<\/a><\/li>\n<li><a href=\"https:\/\/www.freiburg-schwarzwald.de\/blog\/global\/migration\/migrantifa\/\">Migrantifa<\/a><\/li>\n<li><a href=\"https:\/\/www.freiburg-schwarzwald.de\/blog\/global\/migration\/migration2015-2025-kriminalstatistik\/\">Migration2015-2025-Kriminalstatistik<\/a><\/li>\n<li><a title=\"Migration2020\" href=\"https:\/\/www.freiburg-schwarzwald.de\/blog\/global\/migration\/migration2020\/\">Migration2020<\/a><\/li>\n<li><a href=\"https:\/\/www.freiburg-schwarzwald.de\/blog\/global\/migration\/migration2021\/\">Migration2021<\/a><\/li>\n<li><a href=\"https:\/\/www.freiburg-schwarzwald.de\/blog\/global\/migration\/migration-afghanistan\/\">Migration-Afghanistan<\/a><\/li>\n<li><a title=\"Migration-Flugzeug\" href=\"https:\/\/www.freiburg-schwarzwald.de\/blog\/global\/migration\/migration-flugzeug\/\">Migration-Flugzeug<\/a><\/li>\n<li><a title=\"Migration-erzwungen\" href=\"https:\/\/www.freiburg-schwarzwald.de\/blog\/global\/migration\/migration-erzwungen\/\">Migration-erzwungen<\/a><\/li>\n<li><a title=\"Migration-Internet\" href=\"https:\/\/www.freiburg-schwarzwald.de\/blog\/global\/migration\/migration-internet\/\">Migration-Internet<\/a><\/li>\n<li><a title=\"Migration-Kosten\" href=\"https:\/\/www.freiburg-schwarzwald.de\/blog\/global\/migration\/migration-kosten\/\">Migration-Kosten<\/a><\/li>\n<li><a href=\"https:\/\/www.freiburg-schwarzwald.de\/blog\/global\/migration\/migration-kriminalitaet\/\">Migration-Kriminalitaet<\/a><\/li>\n<li><a title=\"Migration-Maenner\" href=\"https:\/\/www.freiburg-schwarzwald.de\/blog\/global\/migration\/migration-maenner\/\">Migration-Maenner<\/a><\/li>\n<li><a href=\"https:\/\/www.freiburg-schwarzwald.de\/blog\/global\/migration\/migration-menschenrechte\/\">Migration-Menschenrechte<\/a><\/li>\n<li><a href=\"https:\/\/www.freiburg-schwarzwald.de\/blog\/global\/migration\/migration-messer\/\">Migration-Messer<\/a><\/li>\n<li><a href=\"https:\/\/www.freiburg-schwarzwald.de\/blog\/global\/migration\/migration-nein\/\">Migration &#8211; nein<\/a><\/li>\n<li><a title=\"Migration-Paradoxon\" href=\"https:\/\/www.freiburg-schwarzwald.de\/blog\/global\/migration\/migration-paradoxon\/\">Migration-Paradoxon<\/a><\/li>\n<li><a href=\"https:\/\/www.freiburg-schwarzwald.de\/blog\/global\/migration\/migration-ukraine\/\">Migration-Ukraine<\/a><\/li>\n<li><a title=\"Migration-Wohnen\" href=\"https:\/\/www.freiburg-schwarzwald.de\/blog\/global\/migration\/migration-wohnen\/\">Migration-Wohnen<\/a><\/li>\n<li><a title=\"Migration-Zahlen\" href=\"https:\/\/www.freiburg-schwarzwald.de\/blog\/global\/migration\/migration-zahlen\/\">Migration-Zahlen<\/a><\/li>\n<li><a title=\"Migrationshintergrund\" href=\"https:\/\/www.freiburg-schwarzwald.de\/blog\/global\/migration\/migrationshintergrund\/\">Migrationshintergrund<\/a><\/li>\n<li><a title=\"Migrationsindustrie\" href=\"https:\/\/www.freiburg-schwarzwald.de\/blog\/global\/integration\/migrationsindustrie\/\">Migrationsindustrie<\/a><\/li>\n<li><a href=\"https:\/\/www.freiburg-schwarzwald.de\/blog\/global\/migration\/migrationspolitik\/\">Migrationspolitik<\/a><\/li>\n<li><a href=\"https:\/\/www.freiburg-schwarzwald.de\/migration#Migrazentrum Freiburg\">Migrazentrum Freiburg<\/a><\/li>\n<li><a href=\"https:\/\/www.freiburg-schwarzwald.de\/blog\/engagement\/zukunft\/demografie\/minderheit\/\">Minderheit<\/a><\/li>\n<li><a title=\"Muslime-Anzahl\" href=\"https:\/\/www.freiburg-schwarzwald.de\/blog\/global\/integration\/muslime\/muslime-anzahl\/\">Muslime-Anzahl<\/a><\/li>\n<li><a href=\"https:\/\/www.freiburg-schwarzwald.de\/blog\/religion\/christen\/naechstenliebe\/\">N\u00e4chstenliebe<\/a><\/li>\n<li><a title=\"Neuansiedlung\" href=\"https:\/\/www.freiburg-schwarzwald.de\/blog\/global\/integration\/neuansiedlung\/\">Neuansiedlung<\/a><\/li>\n<li><a title=\"Neuwahlen\" href=\"https:\/\/www.freiburg-schwarzwald.de\/blog\/engagement\/zukunft\/demokratie\/neuwahlen\/\">Neuwahlen<\/a><\/li>\n<li><a title=\"Niklas2016Jugendterror\" href=\"https:\/\/www.freiburg-schwarzwald.de\/blog\/selbsthilfe\/krise\/gewalt\/niklas2016jugendterror\/\">Niklas2016Jugendterror<\/a><\/li>\n<li><a title=\"Obergrenze\" href=\"https:\/\/www.freiburg-schwarzwald.de\/blog\/global\/integration\/obergrenze\/\">Obergrenze der EInwanderung<\/a><\/li>\n<li><a href=\"https:\/\/www.freiburg-schwarzwald.de\/blog\/global\/deutschland\/grenzoeffnung2015\/offene-grenzen-10-jahre\/\">Offene-Granzen-10-Jahre<\/a><\/li>\n<li>One World<\/li>\n<li><a href=\"https:\/\/www.freiburg-schwarzwald.de\/blog\/global\/integration\/fluechtlinge-kriminalitaet\/opfer\/\">Opfer<\/a><\/li>\n<li><a title=\"Passdeutsche\" href=\"https:\/\/www.freiburg-schwarzwald.de\/blog\/global\/deutschland\/passdeutsche\/\">Passdeutsche<\/a><\/li>\n<li><a title=\"Pegida\" href=\"https:\/\/www.freiburg-schwarzwald.de\/blog\/global\/integration\/pegida\/\">Pegida<\/a><\/li>\n<li><a href=\"https:\/\/www.freiburg-schwarzwald.de\/migration#Pro Eto - Projekt von Pro Phila\">Pro Eto &#8211; Projekt von Pro Phila<\/a> &gt;Migration<\/li>\n<li><a href=\"https:\/\/www.freiburg-schwarzwald.de\/blog\/engagement\/zukunft\/demokratie\/quoten\/\">Quoten<\/a><\/li>\n<li><a title=\"Roma\" href=\"https:\/\/www.freiburg-schwarzwald.de\/blog\/global\/roma\/\">Roma und SInti<\/a><\/li>\n<li><a href=\"https:\/\/www.freiburg-schwarzwald.de\/blog\/global\/integration\/abschiebung\/remigration\/\">Remigration<\/a><\/li>\n<li><a href=\"https:\/\/www.freiburg-schwarzwald.de\/blog\/bildung\/schulen\/schulen-gewalt\/\">Schulen-Gewalt<\/a><\/li>\n<li><a title=\"Segregation\" href=\"https:\/\/www.freiburg-schwarzwald.de\/blog\/global\/integration\/segregation\/\">Segregation<\/a><\/li>\n<li><a title=\"Sieferle\" href=\"https:\/\/www.freiburg-schwarzwald.de\/blog\/global\/deutschland\/sieferle\/\">Sieferle<\/a><\/li>\n<li><a href=\"https:\/\/www.freiburg-schwarzwald.de\/blog\/global\/migration\/sozialtourismus\/\">Sozialtourismus<\/a><\/li>\n<li><a title=\"Russlanddeutsche\" href=\"https:\/\/www.freiburg-schwarzwald.de\/blog\/global\/migration\/russlanddeutsche\/\">Spaetaussiedler &#8211; Russlanddeutsche<\/a><\/li>\n<li><a title=\"Strassenschlacht\" href=\"https:\/\/www.freiburg-schwarzwald.de\/blog\/selbsthilfe\/krise\/gewalt\/strassenschlacht\/\">Strassenschlacht<\/a><\/li>\n<li><a title=\"Suedwind-Freiburg\" href=\"https:\/\/www.freiburg-schwarzwald.de\/blog\/vereine\/hilfe\/suedwind-freiburg\/\">S\u00fcdwind Freiburg<\/a><\/li>\n<li><a href=\"https:\/\/www.freiburg-schwarzwald.de\/blog\/global\/migration\/talahon\/\">Talahon<\/a><\/li>\n<li><a title=\"Tibi\" href=\"https:\/\/www.freiburg-schwarzwald.de\/blog\/global\/deutschland\/tibi\/\">Tibi<\/a><\/li>\n<li><a title=\"Global-Migration\" href=\"https:\/\/www.freiburg-schwarzwald.de\/blog\/global\/globalisierung\/global-migration\/\">UN-Migrationspakt<\/a><\/li>\n<li><a href=\"https:\/\/www.freiburg-schwarzwald.de\/migration#ufuq.de - Jugendkultur in der Einwanderungsgesellschaft\">ufuq.de &#8211; Jugendkultur in der Einwanderungsgesellschaft<\/a>\u00a0 &gt;Migration<\/li>\n<li><a title=\"UMA-Hussein\" href=\"https:\/\/www.freiburg-schwarzwald.de\/blog\/global\/integration\/uma-hussein\/\">UMA-Hussein<\/a><\/li>\n<li><a title=\"UMF\" href=\"https:\/\/www.freiburg-schwarzwald.de\/blog\/global\/integration\/umf\/\">UMF<\/a><\/li>\n<li><a title=\"Unsicher\" href=\"https:\/\/www.freiburg-schwarzwald.de\/blog\/selbsthilfe\/frauen\/unsicher\/\">Unsicher<\/a><\/li>\n<li><a href=\"https:\/\/www.freiburg-schwarzwald.de\/blog\/business\/industrie\/mittelstand\/unternehmer-ins-ausland\/\">Unternehmer-ins-ausland<\/a><\/li>\n<li><a title=\"Versorgungsmigration\" href=\"https:\/\/www.freiburg-schwarzwald.de\/blog\/global\/migration\/versorgungsmigration\/\">Versorgungsmigration<\/a><\/li>\n<li><a title=\"Vertriebene\" href=\"https:\/\/www.freiburg-schwarzwald.de\/blog\/global\/deutschland\/vertriebene\/\">Vertriebene<\/a><\/li>\n<li><a title=\"Voelkerwanderung\" href=\"https:\/\/www.freiburg-schwarzwald.de\/blog\/global\/voelkerwanderung\/\">Voelkerwanderung<\/a><\/li>\n<li><a title=\"Werte\" href=\"https:\/\/www.freiburg-schwarzwald.de\/blog\/global\/integration\/werte\/\">Werte &#8211; Integration<\/a><\/li>\n<li><a href=\"https:\/\/www.freiburg-schwarzwald.de\/blog\/business\/dienste\/immobilien\/wohnen\/wohnungsmangel\/\">Wohnungsmangel<\/a><\/li>\n<li><a title=\"Wuerzburg2016Axt\" href=\"https:\/\/www.freiburg-schwarzwald.de\/blog\/selbsthilfe\/krise\/gewalt\/wuerzburg2016axt\/\">Wuerzburg2016Axt<\/a><\/li>\n<li><a href=\"https:\/\/www.freiburg-schwarzwald.de\/blog\/selbsthilfe\/krise\/gewalt\/wuerzburg2021messermorde\/\">Wuerzburg2021Messermorde<\/a><\/li>\n<li><a title=\"Zuwanderer\" href=\"https:\/\/www.freiburg-schwarzwald.de\/blog\/global\/migration\/zuwanderer\/\">Zuwanderer<\/a><\/li>\n<li><a href=\"https:\/\/www.freiburg-schwarzwald.de\/migration#Links\">Links<\/a><\/li>\n<\/ul>\n<p><strong>Migration &#8211; die Mehrheit<\/strong><br \/>\nDie \u00fcbergro\u00dfe Mehrzahl von Migranten leben und arbeiten hier wie die anderen B\u00fcrger aus &#8211; und sie wertsch\u00e4tzen und erhalten <a href=\"https:\/\/www.freiburg-schwarzwald.de\/blog\/engagement\/zukunft\/demokratie\/freiheit\/freiheitlicher-staat\/\">die Freiheit<\/a> und den <a href=\"https:\/\/www.freiburg-schwarzwald.de\/blog\/selbsthilfe\/soziales\/justiz\/rechtsstaat\/\">Rechtsstaat<\/a> in Deutschland.<br \/>\n.<br \/>\n<strong>Migration &#8211; Die drei Basics<\/strong><br \/>\n(1) Migranten, die in Deutschland weilen, m\u00fcssen gut versorgt werden (Integration).<br \/>\n(2) Sozialstaat oder offene Grenzen: \u201cYou can have a welfare state or you can have open borders. But you can\u2019t have both\u201d (Milton Friedman, Nobelpreistr\u00e4ger)<br \/>\n(3) Deutschland braucht kontrollierte Grenzen, solange die EU keine hat<br \/>\n.<br \/>\n<strong>Migration: Integration bleibt das Ziel<\/strong><br \/>\nKeine Toleranz dem islam-motivierten Extremismus (Islamismus, politischer Islam)<br \/>\nDamit die Mehrheit der Migranten hier weiter friedlich leben kann<br \/>\n.<br \/>\n<strong>Migration &#8211; gr\u00f6\u00dftes Problem<br \/>\n<\/strong>83 Prozent der Bundesb\u00fcrger sehen im Herbst 2018 die Zuwanderung als gr\u00f6\u00dftes Problem der Republik an.<br \/>\nIn 2015 waren es &#8222;nur&#8220; 35 Prozent.<br \/>\n.<br \/>\n<strong>Integrationsbem\u00fchungen<\/strong><br \/>\nWenn wir schon vornehmlich junge muslimische Single-Migranten unkontrolliert ins Land lassen, dann ist Deutschland zu besonders aufw\u00e4ndigen und sorgf\u00e4ltigen Integrationsma\u00dfnahmen verpflichtet, um die Sozialisationsdefizite der jungen M\u00e4nner hinsichtlich Bildung, Frauen, Sexualit\u00e4t, Gewalt und Andersgl\u00e4ubigen aufzuarbeiten. Dies trifft umso mehr bei\u00a0<a title=\"UMF\" href=\"https:\/\/www.freiburg-schwarzwald.de\/blog\/global\/integration\/umf\/\">UMF<\/a>\u00a0bzw. UMA zu.<br \/>\n.<\/p>\n<p><strong>&#8222;Ich bin mir einig mit Seehofer,<br \/>\nwenn er von der Migration als der gegenw\u00e4rtigen Mutter aller Probleme spricht&#8220;<\/strong><br \/>\nBoris Palmer (Gr\u00fcne) am\u00a0 25.11.2018 bei Phoenix-T<\/p>\n<p><a href=\"https:\/\/www.freiburg-schwarzwald.de\/blog\/global\/afrika\/afrika-d-us-cn-ind\/\" rel=\"attachment wp-att-68933\"><img loading=\"lazy\" decoding=\"async\" class=\"alignnone size-thumbnail wp-image-68933\" src=\"https:\/\/www.freiburg-schwarzwald.de\/blog\/wp-content\/uploads\/2013\/05\/afrika-D-US-CN-IND-141x180.jpg\" alt=\"afrika-D--US-CN-IND\" width=\"141\" height=\"180\" srcset=\"https:\/\/www.freiburg-schwarzwald.de\/blog\/wp-content\/uploads\/2013\/05\/afrika-D-US-CN-IND-141x180.jpg 141w, https:\/\/www.freiburg-schwarzwald.de\/blog\/wp-content\/uploads\/2013\/05\/afrika-D-US-CN-IND.jpg 498w\" sizes=\"auto, (max-width: 141px) 100vw, 141px\" \/><\/a><br \/>\nGegen\u00fcber dem kleinen, aber\u00a0<a title=\"Groessenwahn\" href=\"https:\/\/www.freiburg-schwarzwald.de\/blog\/engagement\/zukunft\/groessenwahn\/\">gr\u00f6\u00dfenwahnsinnigen<\/a>\u00a0<a title=\"Deutschland\" href=\"https:\/\/www.freiburg-schwarzwald.de\/blog\/global\/deutschland\/\">Deutschland<\/a> (oben blau) ist <a title=\"Afrika\" href=\"https:\/\/www.freiburg-schwarzwald.de\/blog\/global\/afrika\/\">Afrika<\/a> gro\u00df:<br \/>\nDie <a title=\"USA\" href=\"https:\/\/www.freiburg-schwarzwald.de\/blog\/global\/usa\/\">USA<\/a> (gr\u00fcn), Indien (orange) und <a title=\"China\" href=\"https:\/\/www.freiburg-schwarzwald.de\/blog\/global\/china\/\">China<\/a> (gelb) passen rein und auch dann bleibt noch viel Platz<br \/>\n\u00fcbrig.<br \/>\nDies ist kein Fake, sondern wahr: Schauen Sie nach unter\u00a0<a href=\"https:\/\/www.thetruesize.com\/\">https:\/\/www.thetruesize.com<\/a><br \/>\n.<\/p>\n<p><strong>Migration &#8211; Daten<\/strong><\/p>\n<p>0,6 % der Weltbev\u00f6lkerung sind als Migranten unterwegs &#8211; viel oder doch erstaunlich wenig?<br \/>\nIn 2015 sind 60 Mio Menschen auf der Flucht.<\/p>\n<p>In Freiburg leben 57000 B\u00fcrgerInnen, die bzw. deren Eltern im Ausland zur Welt kamen, das sind 27% der Freiburger Bev\u00f6lkerung. Also: ungef\u00e4hr ein Drittel der Freiburger Bobbele sind Migranten.<br \/>\n171 Nationen (der 200 eigenst\u00e4ndigen Nationen weltweit) sind in Freiburg vertreten.<br \/>\n\u00dcber 80 Migrantenorganisationen engagieren sich in Freiburg.<br \/>\nFreiburg ist mit 27% weitaus\u00a0internationaler als die meisten Orte weltweit: Nur 3% der Weltbev\u00f6lkerung lebt ausserhalb ihres Landes, in dem sie geboren wurden, das sind 215 Mio Menschen.<\/p>\n<p>Es ist bekannt, da\u00df seit 1970 in Deutschland ca 2\/3 der Migranten in die Sozialsysteme einwandert\u00a0 sind.<br \/>\nIn Berlin liegt der Anteil noch h\u00f6her. &#8222;26000 Importbr\u00e4ute kommen j\u00e4hrlich aus der T\u00fcrkei nach Deutschland, und mit jeder Importbraut entsteht wieder ein Integrationsproblem der 1. Generation.&#8220;, so\u00a0Necla Kelek<\/p>\n<p>Von knapp 12000 Medizinstudenten, die pro Jahr ihr Studium beginnen, arbeiten am Ende weniger als 7000 in Klinken oder Praxen &#8211; von ihnen wiederum verl\u00e4\u00dft laut Marburger Bund knapp die H\u00e4lfte Deutschland und emigriert ins Ausland. &#8230;<br \/>\nInzwischen ist es schon f\u00fcr mehr als die H\u00e4lfte der deutschen Studenten laut einer Umfrage vorstellbar,<br \/>\nsich im Ausland eine Existenz aufzubauen. Spiegel, 44\/2006, S. 110<\/p>\n<p>Die Einwanderung in die Sozialsysteme bzw. Belastung der Sozialsysteme nimmt zu:<br \/>\n1971: 3 Mio Ausl\u00e4nder &#8211; davon 2 Mio Erwerbst\u00e4tige<br \/>\n2010: 7 Mio Ausl\u00e4nder &#8211; davon 2 Mio Erwerbst\u00e4tige<br \/>\nQuelle: Statistisches Bundesamt, Integrationsbericht<br \/>\nEmigranten\u00fcberschu\u00df D &#8211; TR in 2009: ca 40.000 Auswanderer in die T\u00fcrkei &#8211; \u00fcberwiegend gut Ausgebildete,<br \/>\nExistenzgr\u00fcnder ca 30.000 Einwanderer aus der T\u00fcrkei &#8211; \u00fcberwiegend auf Unterst\u00fctzung angewiesen.<\/p>\n<p>Wohin soll man Migranten integrieren in einem Deutschland,<br \/>\ndessen Bewohner die eigene Kultur nicht akzeptieren und eine Deutsche <a title=\"Leitkultur\" href=\"https:\/\/www.freiburg-schwarzwald.de\/blog\/kultur\/leitkultur\/\">Leitkultur <\/a>bek\u00e4mpfen?<\/p>\n<p><strong>\u201c300.000 Obdachlose sollen\u00a0nach Syrien auswandern,<\/strong><br \/>\n<strong>um dann als <a title=\"Fluechtlinge\" href=\"https:\/\/www.freiburg-schwarzwald.de\/blog\/global\/integration\/fluechtlinge\/\">Fl\u00fcchtlinge<\/a> hierher zu kommen,<\/strong><br \/>\n<strong>damit sie in Deutschland endlich Obdach bekommen.\u201d<\/strong><br \/>\nDie Matthias-Riechling-Show am 27.12.2015<\/p>\n<p><strong>Verbringt nicht Eure freie Zeit mit Sport, Musik, Brauchtum, Ehrenamt, Kultur, &#8230;,<\/strong><br \/>\n<strong>sondern k\u00fcmmert Euch um die Integration der \u00fcber 1,2 Mio in 2015 zugewanderten Muslime.<\/strong><br \/>\n3.1.2015, Ein verzweifelter B\u00fcrgermeister (der nicht genannt werden will)<\/p>\n<p><em>Warum werden in Deutschland nur die eine\u00a0Million Fl\u00fcchtllingen von 2015 versorgt, nicht aber die hunderte Millionen, die in \u00e4hnlichen Verh\u00e4ltnissen im arabischen Raum, Afrika, Afghanistan) leben m\u00fcssen?<br \/>\nWarum zieht man daraus nicht den Schlu\u00df, dass nicht Aufnahme im fernen Deutschland, sondern Versorgung vor Ort bzw. nahe dem Krisengebiet effektiver (f\u00fcr die Migranten) und billiger (f\u00fcr das Aufnahmeland) ist?<\/em><\/p>\n<p><strong>Migrationshintergrund<\/strong><br \/>\nDefinition <a title=\"Migrationshintergrund\" href=\"https:\/\/www.freiburg-schwarzwald.de\/blog\/global\/migration\/migrationshintergrund\/\">Migrationshintergrund<\/a> des statistischen Bundesamtes: &#8222;Eine Person hat einen Migrationshintergrund, wenn sie selbst oder mindestens ein Elternteil nicht mit deutscher Staatsangeh\u00f6rigkeit geboren wurde. Im Einzelnen umfasst diese Definition zugewanderte und nicht zugewanderte Ausl\u00e4nder, zugewanderte und nicht zugewanderte Eingeb\u00fcrgerte, (Sp\u00e4t-)Aussiedler sowie die als Deutsche geborenen Nachkommen dieser Gruppen.&#8220;<br \/>\nBericht 12\/2016: <a href=\"https:\/\/www.bundesregierung.de\/Content\/DE\/Artikel\/IB\/Anlagen\/2016-12-09-11-lagebericht.pdf?__blob=publicationFile&amp;v=2\">https:\/\/www.bundesregierung.de\/Content\/DE\/Artikel\/IB\/Anlagen\/2016-12-09-11-lagebericht.pdf?__blob=publicationFile&amp;v=2<\/a><\/p>\n<p><a href=\"https:\/\/www.freiburg-schwarzwald.de\/blog\/global\/integration\/migrationsindustrie\/finanzamt-steuer-mwst180909\/\" rel=\"attachment wp-att-68388\"><img loading=\"lazy\" decoding=\"async\" class=\"alignnone size-thumbnail wp-image-68388\" src=\"https:\/\/www.freiburg-schwarzwald.de\/blog\/wp-content\/uploads\/2015\/12\/finanzamt-steuer-mwst180909-112x180.jpg\" alt=\"finanzamt-steuer-mwst180909\" width=\"112\" height=\"180\" srcset=\"https:\/\/www.freiburg-schwarzwald.de\/blog\/wp-content\/uploads\/2015\/12\/finanzamt-steuer-mwst180909-112x180.jpg 112w, https:\/\/www.freiburg-schwarzwald.de\/blog\/wp-content\/uploads\/2015\/12\/finanzamt-steuer-mwst180909.jpg 401w\" sizes=\"auto, (max-width: 112px) 100vw, 112px\" \/><\/a>\u00a0 \u00a0 \u00a0\u00a0Steuern f\u00fcr S21, BER, EU-Bankenrettung und Fl\u00fcchtlingshilfe<br \/>\n============================================================<\/p>\n<p>.<\/p>\n<p>.<br \/>\n<strong>Syrischer Arzt: Deutscher Wahnsinn &#8211; Gefl\u00fcchtete Extremisten<\/strong><br \/>\nEin Bekannter von mir, deutscher Arzt syrischer Herkunft, hatte 2015 ehrenamtlich begonnen, sich um syrische Fl\u00fcchtlinge zu k\u00fcmmern. Nach wenigen Wochen gab er sein Ehrenamt (\u00dcbersetzungen etc.) wieder auf: er war einfach zu entsetzt \u00fcber den Islamismus und Extremismus dieser Fl\u00fcchtlinge; er meinte, die Deutschen seien schlicht wahnsinnig, sich derlei Unterschicht ins Land zu holen.<br \/>\nDa waren dann die deutschen Helfer wieder unter sich. Der Bekannte f\u00e4hrt \u00fcbrigens auch jedes Jahr im Urlaub nach Syrien, um seine Verwandten zu besuchen. In weiten Teilen des Landes ist Frieden, auch wenn man das hier nicht wahrhaben will.<br \/>\n16.5.2019, Monica Mayer, Erlangen, <a href=\"https:\/\/www.junge-freiheit.de\">https:\/\/www.junge-freiheit.de<\/a><\/p>\n<p>&nbsp;<\/p>\n<p>.<br \/>\n<strong>Verdummung: Migrationsdebatte ohne den Experten Rolf Sieferle<\/strong><br \/>\nDer Historiker Rolf Peter Sieferle hatte in seinem Buch \u201eDas Migrationproblem\u201c den Zusammenhang zwischen National- und Sozialstaat herausgearbeitet. Seitdem sind in den etablierten Medien zahlreiche Beitr\u00e4ge \u00fcber Sieferle erschienen, aber keiner wagte sich an den zentralen Punkt, von dem aus Merkels Politik als glatter Irrsinn erscheint. Das \u201eMigrationproblem\u201c wurde fast g\u00e4nzlich ignoriert. Stattdessen widmeten die Kritiker sich dem aphoristisch konzipierten Nebenwerk \u201eFinis Germania\u201c, weil sich darin S\u00e4tze fanden, die \u2013 aus dem Kontext gerissen \u2013 sich zur Skandalisierung eigneten. Es ging darum, den Autor als Person zu diskreditieren. Das l\u00fcgnerische Fazit in der FAZ lautete: \u201eDas sp\u00e4te Denken dieses alten, kranken Mannes (&#8230;) war durch und durch antifreiheitlich und ressentimenterf\u00fcllt. Es wurzelt in Ideen der v\u00f6lkischen Rechten, die dem Nationalsozialismus vorangingen.\u201c<br \/>\nDer Journalist Simon Strau\u00df hat recht, wenn er sich in selbiger FAZ \u00fcber Leute echauffiert, die \u201enicht mehr bereit sind, die \u00dcberlegenheit anderer anzuerkennen\u201c und meinen, jedwede Autorit\u00e4t verwerfen zu d\u00fcrfen. \u201eEs gibt minderwertige Meinungen, es gibt eine absch\u00e4tzbare Hierarchie der Wahrheiten.\u201c Zweifellos steht Sieferle in der Hierarchie weit oben: ein Berg, gegen den sich der Schlamm erhob und vor\u00fcbergehend unter sich begrub. Leider hat Strau\u00df es ganz anders gemeint und sich in die Phalanx der arroganten und windschnittigenMedien-B\u00fcrschchen eingereiht (\u201eDas Fu\u00dfvolk zum Schweigen ermahnt\u201c, JF 49\/18). Er verteidigt n\u00e4mlich die alten, pharis\u00e4ischen Autorit\u00e4ten der \u201eKirchen, Parteien, Gewerkschaften und Zeitungen\u201c und attackiert alle, die die Weisheit von \u201e Gerichten, K\u00fcnstlern und Klimaforschern\u201c anzweifeln.<br \/>\n&#8230; Alles von Thorsten Hinz zu &#8222;Lieber \u00fcber Blutwurst diskutieren &#8211; Die \u00f6ffentliche Debatte ist fest mit politischen Machtstrukturen verwoben&#8220;<br \/>\nbitte lesen auf Junge Freiheit,4.1.2018, Seite 14, <a href=\"https:\/\/www.jungeFreiheit.de\">https:\/\/www.jungeFreiheit.de <\/a><\/p>\n<p>&nbsp;<\/p>\n<p><strong>Deutsche Sozialhilfe zieht Migranten an<\/strong><br \/>\nAuch f\u00fcr dieses Buch f\u00fchrte ich zahlreiche Interviews nicht nur mit Migranten, sondern auch mit Fl\u00fcchtlingen aus dem Irak und aus Syrien. Da sie aus Polizeistaaten kommen, in denen die Menschen st\u00e4ndig von den Geheimdiensten beobachtet werden, hatten viele von ihnen Angst, dass ihre Aussagen Einfluss auf ihr Asylverfahren haben k\u00f6nnten. Deshalb begannen sie unsere Gespr\u00e4che oft mit einer Lobeshymne auf Deutschland, die Kanzlerin und die gro\u00dfen Errungenschaften der Demokratie und der Freiheit. Erst als ihnen klar wurde, dass sie keine Repressalien zu bef\u00fcrchten haben und ich ihre \u00c4u\u00dferungen nur f\u00fcr mein Buch verwenden w\u00fcrde, wurden sie mutiger und erz\u00e4hlten offener von ihren Schwierigkeiten und ihren Einstellungen. Auch hier gab es eine Entwicklung von Gespr\u00e4ch zu Gespr\u00e4ch. Einer, der im ersten Interview sagte, er sei einzig wegen der Demokratie nach Deutschland gekommen, sagte einige Wochen sp\u00e4ter im Gruppengespr\u00e4ch: \u201eEhrlich gesagt, wenn es f\u00fcr mich in Deutschland keine Sozialhilfe gibt, werde ich schon morgen nach Aleppo zur\u00fcckkehren.\u201c &#8230;<br \/>\nAlles von Hamed Abdel-Samad vom 15.4.2018 bitte lesen auf<br \/>\n<a href=\"https:\/\/www.achgut.com\/artikel\/wie_realistisch_sind_studien_zur_integration\">https:\/\/www.achgut.com\/artikel\/wie_realistisch_sind_studien_zur_integration<\/a><br \/>\n<a href=\"https:\/\/www.achgut.com\/artikel\/wie_realistisch_sind_studien_zur_intergration_2\">https:\/\/www.achgut.com\/artikel\/wie_realistisch_sind_studien_zur_intergration_2<\/a><\/p>\n<p>Auszug aus dem Buch:<br \/>\nHamed Abdel-Samad: Integration. Ein Protokoll des Scheiterns<br \/>\nDroemer Verlag, M\u00fcnchen 2018, 272 Seiten, 19,99 Euro.<\/p>\n<p><em><a title=\"Abdel-Samad\" href=\"https:\/\/www.freiburg-schwarzwald.de\/blog\/religion\/islam\/abdel-samad\/\">Hamed Abdel-Samad<\/a>, geboren 1972 bei Kairo, studierte Englisch, Franz\u00f6sisch, Japanisch und Politik. Er arbeitete f\u00fcr die UNESCO, am Lehrstuhl f\u00fcr Islamwissenschaft der Universit\u00e4t Erfurt und am Institut f\u00fcr J\u00fcdische Geschichte und Kultur der Universit\u00e4t M\u00fcnchen. Abdel-Samad ist Mitglied der Deutschen Islam Konferenz und z\u00e4hlt zu den profiliertesten islamischen Intellektuellen im deutschsprachigen Raum.<\/em><\/p>\n<p>&nbsp;<\/p>\n<p><strong>Sloterdijk: Migration bestimmt die Gegenwart\u00a0<\/strong><br \/>\nSolange die Personenbeweglichkeit im Modus von Tourismus abgewickelt wird, scheinen die Menschen Freude daran (an der Migration) zu empfinden \u2013 auf beiden Seiten des touristischen Kontrakts. Man weiss: Jeder, der wegf\u00e4hrt, kommt wieder, und jeder, der kommt, f\u00e4hrt bald weg. Anders verh\u00e4lt es sich mit der Einweg-Mobilit\u00e4t, die wir Migration oder Einwanderung im engeren Sinn nennen. Sie z\u00e4hlt, aufgrund ihres Masseneffekts, zu den st\u00e4rksten Merkmalen des 20. Jahrhunderts und wird im 21. Jahrhundert eine noch gr\u00f6ssere Rolle spielen.<br \/>\nHier ist wichtig zu beachten, dass die Bewegung nicht nur von S\u00fcden nach Norden verl\u00e4uft, wie viele Europ\u00e4er anzunehmen geneigt sind, sondern viel grundlegender: von l\u00e4ndlichen Gebieten hin zu den urbanen und suburbanen Agglomerationen.<br \/>\nDoug Saunders hat in \u00abArrival City\u00bb eindrucksvoll gezeigt, dass wir Zeugen der gr\u00f6ssten Wanderungsbewegung sind \u2013 zwei Milliarden Menschen werden in den n\u00e4chsten f\u00fcnfzig Jahren in Ankunftsst\u00e4dte abwandern, innerhalb eines Landes oder Kontinents oder \u00fcber L\u00e4nder- und Kontinentgrenzen hinweg. Diese riesenhaften Bewegungen sind nur die letzte Stufe des allgemeinen beschleunigten Gleitens.<br \/>\n&#8230; Alles vom 30.3.2018 von Peter Sloterdijk bitte lesen auf<br \/>\n<a href=\"https:\/\/www.nzz.ch\/feuilleton\/wir-erleben-ein-grosses-gleiten-ld.1370201\">https:\/\/www.nzz.ch\/feuilleton\/wir-erleben-ein-grosses-gleiten-ld.1370201<\/a><\/p>\n<p>&nbsp;<\/p>\n<p>.<br \/>\n<strong>Migrantenrevolution statt &#8222;Revolution des Denkens&#8220;<\/strong><br \/>\nMit dem Ende von DDR und Kaltem Krieg in 1989 verk\u00fcndete Francis Fukuyama das Ende der ideologischen Konflikte, da die liberale Demokratie und damit die &#8222;Revolution des Denkens&#8220; gesiegt habe. &#8222;Der Staat, der am Ende der Geschichte steht, ist liberal, insofern der durch ein Rechtssystem das universelle Menschenrecht auf Freiheit anerkennt und sch\u00fctzt, und er istdemokratisch, insofern er nur aufgrund der Zistimmung der Regierten existiert.&#8220; F\u00fcr Fukuama wandert der Begriff der &#8222;Revolution&#8220; von der Politik in Technologie und Markt &#8211; er prognostiziert einen globalen Markt mit freiem Austausch von G\u00fctern, Kapital und Ideen.<br \/>\nDoch er irrte: &#8222;Statt Ideen, in denen Fukuyama den zukunftspr\u00e4genden Motor des Fortschritts erblickte, werden nun die Millionen legal oder illegal in die europ\u00e4ische Union kommenden Migranten die errop\u00e4ische Geschichte des 21. Jahrhunderts bestimmen. Oder anders gesagt, Migranten sind die geschichtlichen Akteure, die \u00fcber das Schicksal des europ\u00e4ischen Liberalismus entscheiden werden.&#8220;<br \/>\n(Ivan Krastev, Europad\u00e4mmerung, Suhrkamp, 2.Aufl., 2017, Seite 28).<br \/>\nNach Budapest 9\/2015 ist die Migrantenrevolution in vollem Gange.<\/p>\n<p>&nbsp;<\/p>\n<p>.<br \/>\n<strong>Dreisam-Mord: Ein Einzelfall von immer mehr Einzelf\u00e4llen und alle haben Recht<\/strong><br \/>\nDer Freiburger Oberb\u00fcrgermeister Salomon beschwor in einer Pressekonferenz (zum <a title=\"Dreisam-Mord\" href=\"https:\/\/www.freiburg-schwarzwald.de\/blog\/global\/integration\/dreisam-mord\/\">Dreisam-Mord<\/a>) durch einen <a title=\"UMF\" href=\"https:\/\/www.freiburg-schwarzwald.de\/blog\/global\/integration\/umf\/\">UMF <\/a>die B\u00fcrger seiner Stadt zu ber\u00fccksichtigen, dass es sich <a title=\"Pauschalisierung und Einzelfall\" href=\"https:\/\/www.freiburg-schwarzwald.de\/blog\/pauschalisierung-und-einzelfall\/\">um einen Einzelfall handelt<\/a>. <strong>Er hat recht.<\/strong><br \/>\nDie Taten Einzelner d\u00fcrfen nicht zu einer pauschalen Verurteilung der \u00fcberwiegenden Mehrheit der Unbescholtenen f\u00fchren, sagen die Bef\u00fcrworter der Willkommenskultur. <strong>Sie haben recht.<\/strong><br \/>\nW\u00e4ren die Grenzen im September 2015 geschlossen geblieben, w\u00fcrde die Medizinstudentin aus Freiburg noch leben, sagen die Kritiker der Willkommenspolitik. <strong>Sie haben recht.<\/strong><br \/>\nDer Mord von Freiburg ist ein Einzelfall, ja. Und dennoch kann niemand frei auf diesen Einzelfall blicken, ohne einen Zusammenhang zum Fl\u00fcchtlingsstrom herzustellen, der im letzten Jahr bei uns angekommen ist.<br \/>\nEin Strom, in dessen Mitte auch Gefahr f\u00fcr unser Land mitschwamm, ein Strom, in dem sich auch der T\u00e4ter befand. Die \u00d6ffentlichkeit blickt gebannt auf diese Einzelf\u00e4lle. <strong>Es ist ihr gutes Recht.<\/strong> &#8230;<br \/>\n<a href=\"https:\/\/www.welt.de\/debatte\/kommentare\/article159970734\/Die-Tragik-in-diesem-Fall-kann-groesser-nicht-sein.html\">https:\/\/www.welt.de\/debatte\/kommentare\/article159970734\/Die-Tragik-in-diesem-Fall-kann-groesser-nicht-sein.html<\/a><\/p>\n<p>&nbsp;<\/p>\n<p><strong>Die meisten Fl\u00fcchtlinge kommen nach Deutschland, weil sie hier gut alimentiert werden<\/strong><br \/>\nIch kenne eine somalische Familie, die schon im amerikanischen Ohio gelebt hatte. Der Vater beklagte sich, dass man in Amerika arbeiten m\u00fcsse und wenig verdiene. Er hat es geschafft, aus Amerika nach Deutschland zu kommen und zu suggerieren, er w\u00e4re gerade aus Somalia geflohen. Amerika hat ihm nicht gefallen. Also hat er gelogen. Nun hat er eine Wohnung und die vier Kinder bringen ihm insgesamt so viel Geld ein, wie ich als pensionierter Professor beziehe. Er ist schon drei Jahre hier und spricht kein Wort Deutsch. Das wird er auch nicht lernen. Man muss \u00fcber solche F\u00e4lle reden d\u00fcrfen! &#8230;<br \/>\nAlles von Prof. Bassam Tibi vom 4.7.2016 bitte lesen auf<br \/>\n<a href=\"https:\/\/www.welt.de\/debatte\/article156781355\/Heute-sieht-Goettingen-aus-wie-ein-Fluechtlingslager.html\">https:\/\/www.welt.de\/debatte\/article156781355\/Heute-sieht-Goettingen-aus-wie-ein-Fluechtlingslager.html<\/a><br \/>\n.<br \/>\n<em><a title=\"Islam-Reformen\" href=\"https:\/\/www.freiburg-schwarzwald.de\/blog\/religion\/islam\/islam-reformen\/\">Bassam Tibi<\/a> kam 1962 als 18-J\u00e4hriger aus einer der 17 f\u00fchrenden sunnitischen Failien von Damaskus nach Deutschland und bem\u00fchte sich hier um einen Reform-Islam was aufgrund des Widerstands der reaktion\u00e4ren deutschen Islam-Verb\u00e4nde mi\u00dflang.<\/em><br \/>\n.<\/p>\n<p>&nbsp;<\/p>\n<p><strong>Dalai Lama: \u201eFl\u00fcchtlinge sollten nur vor\u00fcbergehend aufgenommen werden\u201c<\/strong><br \/>\n31.6.2016<br \/>\n<a href=\"https:\/\/www.faz.net\/aktuell\/politik\/dalai-lama-tenzin-gyatso-im-interview-zur-fluechtlingskrise-14260431.html\">https:\/\/www.faz.net\/aktuell\/politik\/dalai-lama-tenzin-gyatso-im-interview-zur-fluechtlingskrise-14260431.html<\/a><\/p>\n<p><a href=\"https:\/\/www.freiburg-schwarzwald.de\/blog\/wp-content\/uploads\/2020\/12\/dalai-lama-fluechtlinge2016.jpg\"><img loading=\"lazy\" decoding=\"async\" class=\"alignnone size-full wp-image-85444\" src=\"https:\/\/www.freiburg-schwarzwald.de\/blog\/wp-content\/uploads\/2020\/12\/dalai-lama-fluechtlinge2016.jpg\" alt=\"\" width=\"733\" height=\"516\" srcset=\"https:\/\/www.freiburg-schwarzwald.de\/blog\/wp-content\/uploads\/2020\/12\/dalai-lama-fluechtlinge2016.jpg 733w, https:\/\/www.freiburg-schwarzwald.de\/blog\/wp-content\/uploads\/2020\/12\/dalai-lama-fluechtlinge2016-640x451.jpg 640w, https:\/\/www.freiburg-schwarzwald.de\/blog\/wp-content\/uploads\/2020\/12\/dalai-lama-fluechtlinge2016-180x127.jpg 180w\" sizes=\"auto, (max-width: 733px) 100vw, 733px\" \/><\/a><\/p>\n<p>.<\/p>\n<p>&nbsp;<\/p>\n<p><strong>Einwanderungsgesetz statt unkontrollierte Zuwanderung &#8211; Eine vielf\u00e4ltige Gesellschaft braucht klare Regeln<\/strong><br \/>\n&#8222;Eine unkontrollierte Einwanderung ist nie nur ein Gewinn. Es gibt unter Migranten mehr Arbeitslose als im Durchschnitt der Bev\u00f6lkerung und unter Ausl\u00e4ndern mehr jugendliche Kriminelle, was oft soziale Ursachen hat. &#8230;<br \/>\nJe vielf\u00e4ltiger eine Gesellschaft, desto klarer m\u00fcssen die Regeln sein, in diesem Falle der Wille zur Integration, der Lebensunterhalt von eigener H\u00e4nde Arbeit, die Einhaltung von Recht und Gesetz&#8220;, so Giovanni di Lorenzo am 17.12.2014 in &#8222;Wer sind wir denn? Eine ehrliche Debatte \u00fcber Chancen und Probleme der Zuwanderung bringt mehr als das Schimpfen auf Pegida&#8220; in <a href=\"https:\/\/www.zeit.de\">www.zeit.de<\/a>, S. 1.<br \/>\n17.12.2014<\/p>\n<p>&nbsp;<\/p>\n<p><strong>Warum betreiben wir keine geregelte Einwanderungspolitik?<\/strong><br \/>\nFl\u00fcchtlingspolitik nach Albert Scherr und der Organisation &#8222;Pro Asyl&#8220; w\u00fcrde bedeuten, in Europa und speziell in Deutschland, wo die meisten Fl\u00fcchtlinge hinwollen, zig Millionen arme Menschen aufzunehmen und zu versorgen. In wenigen Jahren w\u00e4re unser Land bankrott, und es w\u00fcrden Zust\u00e4nde wie heute in Afrika herrschen.<\/p>\n<p>Warum nur betreiben wir nicht eine geregelte Einwanderungspolitik mit Quoten nach Herkunftsl\u00e4ndern und einem Bewerbungsverfahren? Die Aufnahme von 100 000 oder 200 000 Menschen aus \u00e4rmeren L\u00e4ndern pro Jahr w\u00fcrde uns zum Ausgleich des Geburtendefizits gut tun.<br \/>\nJunge verheiratete Paare mit Kindern und einem Mindestbildungsstand k\u00f6nnten unser derzeitiges Durchschnittsalter auf Weltrekordniveau wirksam senken, unser Land vielf\u00e4ltiger und die k\u00fcnftigen Renten sicherer machen. Sie m\u00fcssten nicht unter Lebensgefahr auf von menschenverachtenden Schlepperbanden organisierten klapprigen Booten \u00fcbers Mittelmeer tuckern, sondern w\u00fcrden in ihrem Heimatland per Flugzeug abgeholt.<br \/>\nDie jetzige illegale Einwanderung von \u00fcberwiegend j\u00fcngeren M\u00e4nnern mit Hilfe von Schlepperbanden in das Asylverfahren m\u00fcsste dabei nat\u00fcrlich gleichzeitig wirksam auf ein Minimum reduziert werden.<br \/>\n1.8.2014, Dr. Bernhard Bernauer, Freiburg<\/p>\n<p><strong>Kreativ werden und Antworten entwickeln<br \/>\n<\/strong>Zu: &#8222;Die Praxis der Abschiebung bleibt unsichtbar&#8220;, BZ-Interview mit dem Freiburger Migrationsforscher Albert Scherr von Florian Kech (Land und Region, 23. Juli):<br \/>\nDer Migrationsforscher Professor Albert Scherr hat ja recht: Mehr Fl\u00fcchtlinge werden nach Europa kommen. Viele werden einen berechtigten Asylantrag stellen. Ihr Asyl wird von der gro\u00dfen Mehrheit in Europa denn auch nicht in Frage gestellt. Probleme machen aber die, die zwar nachvollziehbare Motive haben, zu uns zu kommen (Perspektivlosigkeit, unzureichende medizinische Versorgung), die damit aber keinen Anspruch auf Asyl erwirken k\u00f6nnen. Hier erwartet die gro\u00dfe Mehrheit, dass eine Abschiebungsentscheidung auch eine Abschiebung zur Folge hat. Eine Minderheit, h\u00e4ufig Gutmenschen genannt, sieht das anders. Sie hindert den Staat in oft kreativer Weise (Kirchenasyl et cetera) daran, das Recht durchzusetzen. Sie stellt grunds\u00e4tzlich in Frage, dass das Bleiberecht auf diejenigen beschr\u00e4nkt ist, die in ihrer Heimat von staatlichen Organen verfolgt werden. So verstehe ich auch Herrn Scherr im Interview in der BZ. Er kontert Einw\u00e4nde des Journalisten hinsichtlich der begrenzten Aufnahmekapazit\u00e4t der Kommunen mit einer Plattit\u00fcde: n\u00e4mlich dass Migration in den n\u00e4chsten Jahrzehnten zur Realit\u00e4t geh\u00f6ren wird, auf die man die richtigen Antworten haben muss.<\/p>\n<p>Das reicht nicht f\u00fcr einen Migrationsforscher und Professor der Soziologie. Warum nicht auch hier kreativ werden und Antworten entwickeln \u2013 und das auch abseits der Political Correctness?<br \/>\nWie kann denen, die bleiben wollen, und der Gesellschaft geholfen werden?<br \/>\nKann der Staat eine Abschiebung anordnen, vorerst aussetzen und dann aufheben, wenn innerhalb einer angemessenen Frist der Erwerb der deutschen Sprache oder ein deutscher Schul- oder Ausbildungsabschluss nachgewiesen werden?<br \/>\nKann w\u00e4hrend der Aussetzung der Abschiebung ein Pate den Fortschritt des Bleibewilligen begleiten und der Asylbeh\u00f6rde gegen\u00fcber berichtspflichtig sein?<br \/>\nWir werden uns auf wachsende Fl\u00fcchtlingsstr\u00f6me einstellen m\u00fcssen. Erfolgreiches Integrieren wird zu einer Schl\u00fcsselkompetenz f\u00fcr eine funktionierende Gesellschaft. Die Antworten von gestern werden den Fragen von heute nicht mehr gerecht.<br \/>\n1.8.2014, Dr. Hermann Greve, CH-Riehen<\/p>\n<p><a href=\"https:\/\/www.badische-zeitung.de\/nachrichten\/suedwest\/baden-wuerttemberg\/die-praxis-der-abschiebung-bleibt-unsichtbar--87833188.html\">https:\/\/www.badische-zeitung.de\/nachrichten\/suedwest\/baden-wuerttemberg\/die-praxis-der-abschiebung-bleibt-unsichtbar&#8211;87833188.html<\/a><\/p>\n<p>&nbsp;<\/p>\n<p><strong>EU-Arbeitsmarkt \u00f6ffnen ab Januar 2014<\/strong><br \/>\nF\u00fcr deutsche Geringqualifizierte entsteht keine Konkurrenz: Wir haben im Breisgau osteurop\u00e4ische Saisonarbeiter, die Spargel stechen, Feldsalat ernten,\u00a0Erdbeeren pfl\u00fccken, Trauben lesen und Obst ernten &#8211; Arbeiten, die deutschen Arbeitslosen unzumutbar sind. Freiburgs gro\u00dfe Neubauten werden im Rohbau zu 90% von\u00a0Rum\u00e4nen hochgezogen, die Arbeitsmarkts\u00f6ffnung k\u00f6nnte diese von\u00a0windigen Subunternehmen bzw. Schwarzarbeit in ordentliche Vertr\u00e4ge \u00fcberf\u00fchren.<br \/>\nBei hochqualifizierten Einwanderern aus Rum\u00e4nien und Bulgarien stellt sich ein ganz anderes Problem: Mit welchem Recht nehmen wir diesen L\u00e4ndern die dringend ben\u00f6tigten \u00c4rzte, Ingenieure und Facharbeiter weg &#8211; nur weil wir mehr bezahlen k\u00f6nnen?<br \/>\n31.1.2013<\/p>\n<p><strong>Zuwanderung st\u00e4rkt unsere Sozialsysteme<\/strong><br \/>\nDie Regelung zur Arbeitnehmerfreiz\u00fcgigkeit ab dem 1. Januar ist allerdings daf\u00fcr gedacht, die Mobilit\u00e4t von Arbeitskr\u00e4ften innerhalb der EU zu erleichtern \u2013 nicht von Personen, die keine Arbeit suchen oder keine finden k\u00f6nnen. Wenn es dann zu einem Missbrauch der Regelung kommt, muss die EU daf\u00fcr sorgen, dass eine reine Armutszuwanderung beschr\u00e4nkt wird. Das w\u00e4re m\u00f6glich, indem man die Kosten f\u00fcr die soziale Absicherung von nicht Erwerbst\u00e4tigen in den Herkunftsl\u00e4ndern bel\u00e4sst, also den Zugang zu Sozialleistungen im Zielland beschr\u00e4nkt. &#8230;. Ales vom 31.12.2013 bitte lesen auf<br \/>\n<a href=\"https:\/\/www.badische-zeitung.de\/forscher-zuwanderung-staerkt-unsere-sozialsysteme\">https:\/\/www.badische-zeitung.de\/forscher-zuwanderung-staerkt-unsere-sozialsysteme<\/a><br \/>\nReiner Klingholz,\u00a0Chemikerund Molekularbiologe, leitet das Berlin-Institut f\u00fcr Bev\u00f6lkerung und Entwicklung<\/p>\n<p><strong>Migrationserfahrung l\u00e4\u00dft sich mit B\u00fccherlesen vergleichen<\/strong><\/p>\n<p>Die Migration ist in unserer Zeit einer der modernsten Tr\u00e4ger der Fremdheit \u00fcberhaupt, die zugleich immer eine Chance bedeutet, sowohl f\u00fcr den Migranten selbst aus auch f\u00fcr sein Gegen\u00fcber.<br \/>\nMigrationserfahrung l\u00e4\u00dft sich gut mit B\u00fccherlesen vergleichen.<br \/>\nEin noch nicht gelesenes Buch ist zuerst auch ein Tr\u00e4ger des Fremden, mit in sich verborgenem Wissen, Biographien, Geschichten, &#8230; Die Verantwortung kommt hier ins Spiel, ob das Buch gelesen wird und wie; was daraus gemacht wird, h\u00e4ngt immer von diesem Gegen\u00fcber ab.<br \/>\nSo haben wir es bei Migranten mit beweglichen Bibliotheken zu tun, wenn wir uns darauf einlassen. Sehen wir es als eine Chance, mit einer gesunden Neugier das Thema Migration aufzubl\u00e4ttern;das w\u00fcrde den Tr\u00e4gern des so genannten Fremden (den Migranten) ein echtes Gegen\u00fcber bieten, das den Zauber eines neuen Zusammenlebens m\u00f6glich macht.<br \/>\n7.12.2013, Seminur \u00d6zdemir, Mitglied des Migrantinnen- und Migrantenbeirats, in:<br \/>\nInZeitung 11, Winter 2013\/14, S. 5,<br \/>\nUhlandstrasse 4, 79102 Freiburg, <a href=\"mailto:inzeitung@googlemail.com\">inzeitung@googlemail.com<\/a><\/p>\n<p>&nbsp;<\/p>\n<p>&nbsp;<\/p>\n<p><strong>Einwanderung in die USA &#8211; Einwanderung nach Deutschland<br \/>\n<\/strong><br \/>\n<em>Eine Fiktion kommt selten allein, wei\u00df Henryk M. Broder. Eine besagt, Einwanderung w\u00fcrde &#8222;bereichern&#8220;, nun h\u00f6ren wir, die Kollektivierung der Schulden w\u00fcrde den Geberl\u00e4ndern zugutekommen &#8230;.\u00a0<\/em><br \/>\nWer in die USA einwandert, kommt in eine Gesellschaft, die den Migranten nur minimal f\u00f6rdert, daf\u00fcr aber maximal fordert. Er ist praktisch von Anfang an auf sich angewiesen, kurzfristige Hilfe bekommt er nur von karitativen Organisationen oder von &#8222;Landsleuten&#8220;, die vor ihm eingewandert sind. In Europa ist es genau umgekehrt. Der Einwanderer macht sich zuerst einmal mit der Wundert\u00fcte des Sozialstaates vertraut. Er wird maximal gef\u00f6rdert und nur minimal gefordert. Allein dass ihm abverlangt wird, Deutsch zu lernen, wird schon als &#8222;Zwangsgermanisierung&#8220; kritisiert. &#8230;.. Alles vom\u00a0Henryk M. Broder vom 4.8.2012 bitte lesen auf<br \/>\n<a href=\"https:\/\/www.welt.de\/print\/wams\/debatte\/article108481873\/Und-vor-uns-die-Niagarafaelle.html\">https:\/\/www.welt.de\/print\/wams\/debatte\/article108481873\/Und-vor-uns-die-Niagarafaelle.html<\/a><\/p>\n<p><strong>Asylverfahren verk\u00fcrzen &#8211; das gro\u00dfe Problem<\/strong><br \/>\nEs gibt in Deutschland keinen Asylgrund &#8222;wirtschaftliche Not&#8220;, d.h. Asyl erh\u00e4lt nur, wer tats\u00e4chlich politisch oder religi\u00f6s verfolgt ist. Daneben bekommen noch Kriegsfl\u00fcchtlinge ein Aufenthaltsrecht, bis die Kriegswirren in ihrem Heimatland abgeflaut sind. Das Problem ist die lange Asyl-Verfahrensdauer. L\u00f6sung: Einspruchsfristen verk\u00fcrzen und bei aussichtslosen F\u00e4llen ein gerichtliches Schnellverfahren ohne Berufungsm\u00f6glichkeit einf\u00fchren.<\/p>\n<p>&nbsp;<\/p>\n<p><strong>Freiburg neben Stuttgart und Pforzheim Hauptziel illegaler Fl\u00fcchtlinge<br \/>\n<\/strong>Freiburg hat 800 Fl\u00fcchtlinge, 650 davon kamen illegal. Da wird Wohnen und Integration schwierig. Und das kostet Geld: F\u00fcr die unerlaubt Eingereisten zahlt die Stadt etwa 3 Millionen Euro im Jahr. W\u00e4hrend sie <a href=\"https:\/\/www.freiburg-schwarzwald.de\/littenweiler\/asyl-hammerschmiedstrasse.htm\">Notunterk\u00fcnfte<\/a> bereitstellen muss, haben andere Kreise Leerstand. Dieses Jahr kommen 106 illegale Einwanderer auf 107 zugeteilte Asylbewerber, f\u00fcr die das Land zahlt. Schon vergangenes Jahr hatte die Stadt um eine gerechtere Verteilung gerungen, nachdem die Zahl der Roma-Fl\u00fcchtlinge aus Ex-Jugoslawien stark gestiegen war.<br \/>\nAlles vom 6.12.2011 bitte lesen auf<br \/>\n<a href=\"https:\/\/www.badische-zeitung.de\/freiburger-ob-fordert-eine-gerechtere-verteilung-von-illegalen-fluechtlingen\">https:\/\/www.badische-zeitung.de\/freiburger-ob-fordert-eine-gerechtere-verteilung-von-illegalen-fluechtlingen<\/a><br \/>\n<strong>SPD und Gr\u00fcne schlagen Alarm: Fl\u00fcchtlingswelle in Freiburg<br \/>\n<\/strong>Freiburg ist beliebt. Nicht nur bei Touristen, sondern auch bei Fl\u00fcchtlingen. So beliebt, dass sogar Politiker der Gr\u00fcnen und der SPD jetzt Alarm schlagen und das Land um Hilfe bitten. Derzeit sind nach Auskunft von Sozialb\u00fcrgermeister Ulrich von Kirchbach lediglich noch zehn bis zw\u00f6lf der 825 Pl\u00e4tze in den Freiburger Unterk\u00fcnften frei. Und die Tendenz der Fl\u00fcchtlingszahlen ist steigend \u2013 stark steigend. Die Fl\u00fcchtlinge, die nach Freiburg kommen, werden zum einen vom Land zugewiesen. Asylbewerber werden in Deutschland nach einem bestimmten Schl\u00fcssel auf die Bundesl\u00e4nder verteilt, die wiederum auf die St\u00e4dte und Gemeinden verteilen. Etwas mehr als 100 Menschen sind zuletzt auf diesem Weg nach Freiburg gekommen. Von den insgesamt derzeit 800 Fl\u00fcchtlingen geh\u00f6rt indes die gro\u00dfe Mehrheit von 650 Personen zu den illegal eingereisten. Drei Millionen Euro gibt die Stadt jedes Jahr f\u00fcr deren Versorgung aus. Da im n\u00e4chsten Jahr die Visa-Pflicht f\u00fcr Albanien und Bosnien-Herzegowina wegf\u00e4llt, rechnet das Bundesamt f\u00fcr Migration mit 60.000 Neuank\u00f6mmlingen. \u201eWir k\u00f6nnen das Problem nur gemeinsam l\u00f6sen\u201c, sagt von Kirchbach. OB Dieter Salomon hat daher einen Brief an Ministerpr\u00e4sident Winfried Kretschmann geschrieben mit der Bitte um Hilfe. Der Petitionsausschuss des Landtages will sich baldm\u00f6glichst die Lage im Kosovo mit eigenen Augen anschauen. Gabi Rolland, Freiburger SPD-Landtagsabgeordnete, wird mitfahren. Zusammen mit den Stadtr\u00e4ten Walter Kr\u00f6gner und Birgit Woelki fordert sie f\u00fcr die unerlaubt Eingereisten eine landesinterne Verteilungsregelung nach dem Vorbild von Hessen und Nordrhein- Westfalen. Von den legalen Fl\u00fcchtlingen muss Baden-W\u00fcrttemberg 12,2 Prozent aufnehmen, 2,2 Prozent werden nach Freiburg geschickt. Aus dem Jahre 2006 existiert ein Beschluss des Gemeinderates zur Aufnahme illegaler Fl\u00fcchtlinge in Freiburg, der andernorts als naiv bezeichnet worden war. Bereits im letzten Jahr hatte die Stadt zu viele Fl\u00fcchtlinge beklagt. Nur in Stuttgart und Pforzheim ist die Situation derzeit \u00e4hnlich. Als Sofortma\u00dfnahme werden an der Hermann-Mitsch-Stra\u00dfe auf dem bisherigen Bolzplatz Unterk\u00fcnfte f\u00fcr weitere 65 Fl\u00fcchtlinge errichtet. F\u00fcr diese Ma\u00dfnahme sind 1,5 Millionen Euro vorgesehen. Am n\u00e4chsten Dienstag, 13. Dezember, wird sich der Gemeinderat zu dem Thema beraten.<br \/>\n12.12.2011, Nils Kickert, <a href=\"https:\/\/www.stadtkurier.de\/\">www.stadtkurier.de<\/a><\/p>\n<p>&nbsp;<\/p>\n<p>&nbsp;<\/p>\n<p><strong>Zunahme der Anzahl der Asylbewerber im Herbst 2012<br \/>\n<\/strong>Wer in Pakistan, in Nordafrika oder Syrien die Chance hat, nach Deutschland zu kommen und seine Lage zu verbessern, w\u00e4re dumm, wenn er daheim bliebe. Andererseits kann Deutschland nicht alle Elenden der Welt aufnehmen &#8211; wobei die, die am Schlimmsten dran sind, die Flucht ja gar nicht bezahlen k\u00f6nnen. Hier liegt ein Interessenkonflikt vor, der von deutschen Asyl-Politikern in deutschem Interesse zu l\u00f6sen ist.<br \/>\nIn Pakistan u.B. k\u00f6nnen sich nur diejenigen\u00a0auf den Weg nach Europa machen, die jung oder rubust sind und Ersparnisse haben, um die Fluchthelfer zu bezahlen. Die Aller\u00e4rmsten leben von der Hand in den Mund und k\u00f6nnen h\u00f6chstens weg, wenn sie sich verdingen &#8211; das hei\u00dft, Vertr\u00e4ge mit Schleu\u00dfern eingehen, Kredite bekommen und zur\u00fcckzahlen, wenn sie in Europa Einkommen haben.<br \/>\nDurch die Abwanderung\u00a0oft gerade der Vitalsten ist weder ihren L\u00e4ndern gedient noch Deutschland, das bereits genug Probleme mit seinen Parallelgesellschaften hat. Eine z\u00fcgige Abschiebung der Wirtschaftsfl\u00fcchtlinge und ein schneller, aber zeitbegr\u00e4nzter Schutz der Verfolgten w\u00e4re die humanste L\u00f6sung f\u00fcr alle Beteiligten &#8211; auch die Deutschen. So denken fast alle rechtsdenkenden B\u00fcrger und auch viele Linke bis tief in die Sozialdemokratie hinein, denken Sie etwa an Sarrazin und Buschkowsky&#8220;. Der Begriff der politischen Rechten ist in der Wikipedia\u00a0gut definiert: <a href=\"https:\/\/de.wikipedia.org\/wiki\/Politische_Rechte_%28Politik%29\" target=\"_blank\" rel=\"noopener noreferrer\">https:\/\/de.wikipedia.org\/wiki\/Politische_Rechte_%28Politik%29<\/a><br \/>\nEs hat den Anschein, dass sich viele Kreisgemeinden\u00a0wenig solidarisch gegen\u00fcber dem Kreis verhalten, der Asylanten \u00fanterbringen bzw. zuweisen &#8211; dieser Anschein\u00a0k\u00f6nnte\u00a0tiefere Ursachen haben:<br \/>\n1. Viele B\u00fcrger und B\u00fcrgermeister sind nicht davon \u00fcberzeugt, dass sie Leben retten, wenn sie Asylbewerber aufnehmen.<br \/>\n2. Je besser die Verteilung flutscht, desto weniger Anlass haben die Damen und Herren in den H\u00f6hen der Politik, den Zuzug in unseren Sozialstaat zu begrenzen. Es ist zu bef\u00fcrchten: Ein gl\u00e4nzender Empfang in den Gemeinden h\u00e4tte eine weitere Zunahme des Asylbewerber-Zustroms zur Folge.<br \/>\nDie konsequente R\u00fcckschickung anerkannter Asylbewerber, sobald der Asylgrund entf\u00e4llt, w\u00fcrde die Lage tats\u00e4chlich entsch\u00e4rfen. So wurden w\u00e4hrend des Balkankriegs gro\u00dfe Fl\u00fcchtlingskontingente aufgenommen, rasch und unb\u00fcrokratisch geholfen, mit der Absicht, diese nach der Beruhigung der Lage wieder zur\u00fcckzusenden. Als es dann soweit war, k\u00e4mpften Betroffene und deutsche Asylhelfer gegen die R\u00fcckf\u00fchrung und bem\u00fchten &#8211; anstatt f\u00fcr die paar Jahre der Hilfe dankbar zu sein &#8211; die Nazikeule . Durch die Verz\u00f6gerung der R\u00fcckf\u00fchrung (oder der Abschiebung durch endlose Verfahren) entsteht dann tats\u00e4chlich die Situation, dass nach 10 oder mehr Jahren eine R\u00fcckf\u00fchrung inhuman erscheint &#8211; von den Interessengruppen wahrscheinlich so gewollt.<br \/>\n14.10.2012<\/p>\n<p>&nbsp;<\/p>\n<p><strong>In 2013 so viele Asylbewerber wie seit 10 Jahren nicht<br \/>\n<\/strong>Der Zustrom von Asylbewerbern nach Deutschland ist so hoch wie seit mehr als zehn Jahren nicht mehr. Im Juli haben 9516 Menschen Asyl beantragt, mehr als doppelt so viele wie im Vorjahresmonat.\u00a0Im Vergleich zum Juni dieses Jahres stieg die Zahl der Bewerber im Juli um 13 Prozent. Insgesamt haben 2013 bisher 52 754 Menschen erstmalig Asyl beantragt. Das sind 90 Prozent mehr als in den ersten sieben Monaten des Vorjahres. &#8230;.<br \/>\nAlles vom 16.8.2013 bitte lesen auf<br \/>\n<a href=\"https:\/\/www.badische-zeitung.de\/so-viele-asylbewerber-wie-lange-nicht\">https:\/\/www.badische-zeitung.de\/so-viele-asylbewerber-wie-lange-nicht<\/a><\/p>\n<p><strong>Man darf Wirtschaftsfl\u00fcchtlingen keine niedrigen Beweggr\u00fcnde unterstellen<\/strong><br \/>\nWir haben eine globale Verantwortung \u00fcbernommen, seit wir die Allgemeine Erkl\u00e4rung der Menschenrechte anerkannt haben. Dort findet sich n\u00e4mlich auch das Menschenrecht auf Asyl f\u00fcr politisch Verfolgte. Ich finde nicht, dass Wirtschaftsfl\u00fcchtlinge niedere Beweggr\u00fcnde in unser Land treibt. Es ist ein menschliches Grundbed\u00fcrfnis, dass wir nach Verbesserungen unseres Wohlstands streben. Wenn diese Verbesserungen im eigenen Land nicht umsetzbar sind, fl\u00fcchten wir schon seit Urzeiten in andere Regionen. So wurde Europa besiedelt. Ein Wirtschaftsfl\u00fcchtling verh\u00e4lt sich daher nicht unanst\u00e4ndiger als unsere Vorfahren. Die Frage ist daher nur, ob wir, die wir vor den heutigen Wirtschaftsfl\u00fcchtlingen nach Europa kamen, aus Eigennutz die Zuwanderung nicht auf jene beschr\u00e4nken sollten, die in unserem Land in der Lage sind, auf eigenen F\u00fc\u00dfen zu stehen, und ohne fremde Hilfe ihr Leben zu meistern. Soweit es tats\u00e4chlich wirtschaftliche Gr\u00fcnde sind, weshalb Menschen in unser Land kommen, halte ich solch eigenn\u00fctzige \u00dcberlegungen f\u00fcr legitim. Denn auch die Fl\u00fcchtlinge kommen aus egoistischen Motiven.<br \/>\nWer vor staatlichem Terror oder gar Folter flieht, dem m\u00fcssen unsere T\u00fcren aber uneingeschr\u00e4nkt offen stehen.<br \/>\n&#8230;.<br \/>\nDer Faschismus ist in keinem Land entstanden, weil ihn die Menschen herbei sehnten. Er hat immer nur dann die Macht \u00fcbernehmen k\u00f6nnen, wenn die Demokraten bei der L\u00f6sung von Problemen schwer versagt haben.<br \/>\n&#8230;.<br \/>\nIch kann an dieser Position nichts erkennen, was in irgendeiner Weise mit unserer freiheitlich-demokratischen Grundordnung unvereinbar w\u00e4re. Lediglich den L\u00f6sungsvorschlag sehe ich kritisch. Dann k\u00f6nnten n\u00e4mlich auch deutsche Hartz IV Bezieher an die billige bulgarische K\u00fcste ziehen, und mit unseren Sozialleistungen dort leben wie die K\u00f6nige. Aber ich will Sie nat\u00fcrlich nicht von der Forderung abhalten, dass wir alle Sinti und Roma des Balkans in Deutschland aufnehmen sollen. Nur sollten Sie dann bitte sch\u00f6n mitteilen, wo wir diese Menschen unterbringen sollen, und ob wir die staatlichen Zusch\u00fcsse f\u00fcr die Renten k\u00fcrzen sollen, damit wir all diesen Menschen eine ad\u00e4quate Existenz garantieren k\u00f6nnen. Wieviel Rentenk\u00fcrzung sind Sie pers\u00f6nlich bereit zu tragen, damit wir die Sozialleistungen f\u00fcr die Zuwanderer finanzieren k\u00f6nnen? Bitte nicht nur wohlfeile an der Oberfl\u00e4che bleibende Forderungen aufstellen, sondern auch die L\u00f6sung und die Einschr\u00e4nkungen erl\u00e4utern, welche die hier bereits lebenden Menschen f\u00fcr Ihre Vorschl\u00e4ge schultern m\u00fcssen. Oder meinen Sie etwa, dass es ok ist, wenn wir den Sinti und Roma erlauben, ihre Kinder zum betteln auf die Stra\u00dfe zu schicken, statt ihnen Hartz IV auf Kosten der hier bereits lebenden Menschen zu bezahlen?<br \/>\nRainer Brombach, 16.8.2013<\/p>\n<p>&nbsp;<\/p>\n","protected":false},"excerpt":{"rendered":"<p>Home &gt;Global\u00a0&gt;Integration &gt;Migration Listenauswahl eines Beitrags: Bitte anklicken oder runterscrollen Zugewanderte Erbkrankheiten durch muslimische Verwandtenehen (3.4.2026) Migration seit 2015: Eine v\u00f6llig transformierte Gesellschaft\u00a0(27.2.2026) AfD: Ohne Zuwanderung br\u00e4uchten wir drei Millionen Wohnungen weniger\u00a0(23.2.2026) Sieferle \u201eEpochenwechsel\u201c: Universalismus (Migration) vs Partikularismus (Nationen)\u00a0(7.1.2026) Silvesternacht &hellip; <a href=\"https:\/\/www.freiburg-schwarzwald.de\/blog\/global\/migration\/\">Weiterlesen <span class=\"meta-nav\">&rarr;<\/span><\/a><\/p>\n","protected":false},"author":4,"featured_media":0,"parent":27,"menu_order":0,"comment_status":"closed","ping_status":"closed","template":"","meta":{"footnotes":""},"class_list":["post-9150","page","type-page","status-publish","hentry"],"_links":{"self":[{"href":"https:\/\/www.freiburg-schwarzwald.de\/blog\/wp-json\/wp\/v2\/pages\/9150","targetHints":{"allow":["GET"]}}],"collection":[{"href":"https:\/\/www.freiburg-schwarzwald.de\/blog\/wp-json\/wp\/v2\/pages"}],"about":[{"href":"https:\/\/www.freiburg-schwarzwald.de\/blog\/wp-json\/wp\/v2\/types\/page"}],"author":[{"embeddable":true,"href":"https:\/\/www.freiburg-schwarzwald.de\/blog\/wp-json\/wp\/v2\/users\/4"}],"replies":[{"embeddable":true,"href":"https:\/\/www.freiburg-schwarzwald.de\/blog\/wp-json\/wp\/v2\/comments?post=9150"}],"version-history":[{"count":6,"href":"https:\/\/www.freiburg-schwarzwald.de\/blog\/wp-json\/wp\/v2\/pages\/9150\/revisions"}],"predecessor-version":[{"id":148302,"href":"https:\/\/www.freiburg-schwarzwald.de\/blog\/wp-json\/wp\/v2\/pages\/9150\/revisions\/148302"}],"up":[{"embeddable":true,"href":"https:\/\/www.freiburg-schwarzwald.de\/blog\/wp-json\/wp\/v2\/pages\/27"}],"wp:attachment":[{"href":"https:\/\/www.freiburg-schwarzwald.de\/blog\/wp-json\/wp\/v2\/media?parent=9150"}],"curies":[{"name":"wp","href":"https:\/\/api.w.org\/{rel}","templated":true}]}}