{"id":91289,"date":"2021-06-05T13:33:04","date_gmt":"2021-06-05T11:33:04","guid":{"rendered":"https:\/\/www.freiburg-schwarzwald.de\/blog\/?page_id=91289"},"modified":"2026-02-09T18:40:02","modified_gmt":"2026-02-09T17:40:02","slug":"dekadenz","status":"publish","type":"page","link":"https:\/\/www.freiburg-schwarzwald.de\/blog\/kultur\/kulturverlust\/dekadenz\/","title":{"rendered":"Dekadenz"},"content":{"rendered":"<p><a href=\"https:\/\/freiburg-schwarzwald.de\/blog\">Home<\/a>\u00a0&gt;<a title=\"Engagement\" href=\"https:\/\/www.freiburg-schwarzwald.de\/blog\/engagement\/\">Engagement<\/a>\u00a0&gt;<a title=\"Zukunft\" href=\"https:\/\/www.freiburg-schwarzwald.de\/blog\/engagement\/zukunft\/\">Zukunft<\/a>\u00a0&gt;<a title=\"Demokratie\" href=\"https:\/\/www.freiburg-schwarzwald.de\/blog\/engagement\/zukunft\/demokratie\/\">Demokratie<\/a>\u00a0&gt;<a title=\"Deutschland\" href=\"https:\/\/www.freiburg-schwarzwald.de\/blog\/global\/deutschland\/\">Deutschland<\/a>\u00a0&gt;<a title=\"Gesellschaft\" href=\"https:\/\/www.freiburg-schwarzwald.de\/blog\/global\/deutschland\/gesellschaft\/\">Gesellschaft\u00a0<\/a> &gt;Dekadenz<\/p>\n<div id=\"attachment_74790\" style=\"width: 610px\" class=\"wp-caption alignnone\"><a href=\"https:\/\/www.freiburg-schwarzwald.de\/blog\/wp-content\/uploads\/2019\/09\/fridays20190920pan_105730.jpg\"><img loading=\"lazy\" decoding=\"async\" aria-describedby=\"caption-attachment-74790\" class=\"size-full wp-image-74790\" src=\"https:\/\/www.freiburg-schwarzwald.de\/blog\/wp-content\/uploads\/2019\/09\/fridays20190920pan_105730.jpg\" alt=\"\" width=\"600\" height=\"264\" srcset=\"https:\/\/www.freiburg-schwarzwald.de\/blog\/wp-content\/uploads\/2019\/09\/fridays20190920pan_105730.jpg 600w, https:\/\/www.freiburg-schwarzwald.de\/blog\/wp-content\/uploads\/2019\/09\/fridays20190920pan_105730-180x79.jpg 180w\" sizes=\"auto, (max-width: 600px) 100vw, 600px\" \/><\/a><p id=\"caption-attachment-74790\" class=\"wp-caption-text\">Fridays for Future-Demo in Freiburg am 20.9.2019<\/p><\/div>\n<ul>\n<li><em>Listenauswahl eines Beitrags: Bitte anklicken oder runterscrollen<\/em><\/li>\n<li><a href=\"https:\/\/www.freiburg-schwarzwald.de\/blog\/epstein-deepstate-wertewesten\/\">Epstein DeepState Wertewesten<\/a>\u00a0(9.2.2026)<\/li>\n<li><a href=\"https:\/\/www.freiburg-schwarzwald.de\/blog\/horrormensch-statt-christkind\/\">Horrormensch statt Christkind<\/a>\u00a0(27.12.2025)<\/li>\n<li><a href=\"https:\/\/www.freiburg-schwarzwald.de\/blog\/engagement\/zukunft\/demokratie\/politik\/politik-infantil\/\">EVP-Chef Weber ruft zur Sabotage der Moskauer U-Bahn auf<\/a>\u00a0(30.9.2025)<\/li>\n<li><a href=\"https:\/\/www.freiburg-schwarzwald.de\/blog\/global\/deutschland\/verwahrlosung\/\">Friedrich Pohlmann: Wie unsere Gesellschaft aussieht \u2013 vulg\u00e4rdekadent, \u00fcberfremdet, verwahrlost<\/a>\u00a0(17.11.2024)<\/li>\n<li><a href=\"https:\/\/www.freiburg-schwarzwald.de\/blog\/kultur\/dichter\/literatur\/buch\/rezensionen\/\">Josef Kraus: Im Rausch der Dekadenz<\/a>\u00a0(3.11.2024)<\/li>\n<li><a href=\"https:\/\/www.freiburg-schwarzwald.de\/blog\/olympia-24-blamable-eroeffnung\/\">Olympia 24: Blamable Er\u00f6ffnung<\/a>\u00a0(27.7.2024)<\/li>\n<li>Oper Sancta Susanna: Frau &#8211; Sex &#8211; Katholische Kirche &#8211; Dekadenz (16.6.2024)<\/li>\n<li><a href=\"https:\/\/www.freiburg-schwarzwald.de\/blog\/natur\/klima\/klimawandel-glaube\/\">Baby als Klimakiller \u2013 sch\u00e4mt Euch!<\/a>\u00a0(2.1.2024)<\/li>\n<li><a href=\"https:\/\/www.freiburg-schwarzwald.de\/blog\/einfach-deutsche-ueber-70-toeten\/\">Einfach Deutsche \u00fcber 70 t\u00f6ten<\/a>\u00a0(20.11.2023)<\/li>\n<li><a href=\"https:\/\/www.freiburg-schwarzwald.de\/blog\/religion\/christen\/abendland\/\">Das Ende der r\u00f6mischen Republik \u2013 eine Analogie zu unserer Gegenwart?<\/a>\u00a0(14.1.2023)<\/li>\n<li><a href=\"https:\/\/www.freiburg-schwarzwald.de\/blog\/business\/industrie\/deindustrialisierung\/\">21. Jahrhundert der Deindustrialisierung und Dekadenz<\/a> (25.9.2022)<\/li>\n<li><a href=\"https:\/\/www.freiburg-schwarzwald.de\/blog\/krankenschwesterin\/\">Krankenschwesterin<\/a>\u00a0(14.8.2022)<\/li>\n<li><a href=\"https:\/\/www.freiburg-schwarzwald.de\/blog\/religion\/islam\/untergang\/\">Endlich Urlaub \u2013 David Engels zur Ruhe vor dem Sturm<\/a>\u00a0(8.7.2022)<\/li>\n<li><a href=\"https:\/\/www.freiburg-schwarzwald.de\/blog\/selbsthilfe\/frauen\/gender\/trans\/\">Wenn \u201eTrans-Frauen\u201c f\u00fcr ihr Recht auf Abtreibung demonstrieren<\/a> (27.6.2022)<\/li>\n<li><a href=\"https:\/\/www.freiburg-schwarzwald.de\/blog\/engagement\/zukunft\/demokratie\/naivitaet\/infantilisierung\/\">Die Infantilisierung der Politik<\/a>\u00a0(17.6.2022)<\/li>\n<li><a href=\"https:\/\/www.freiburg-schwarzwald.de\/blog\/kultur\/kulturkampf\/\">Woke Allianz mit Big Data und Big Money<\/a> (16.3.2022)<\/li>\n<li><a href=\"https:\/\/www.freiburg-schwarzwald.de\/blog\/business\/gesund\/corona-virus\/corona-abendland\/\">David Engels: Viel Zeit zur inneren Gesundung des Abendlandes bleibt nicht<\/a>\u00a0(2.2.2022)<\/li>\n<li><a href=\"https:\/\/www.freiburg-schwarzwald.de\/blog\/global\/deutschland\/zerfall\/\">Selbstzerst\u00f6rungsgesellschaft \u2013 Wann gehen wir kaputt?<\/a>\u00a0(30.1.2022)<\/li>\n<li><a href=\"https:\/\/www.freiburg-schwarzwald.de\/blog\/religion\/islam\/untergang\/\">\u201cDekadenz \u2013 Jubelnd in den Untergang\u201c \u2013 Film von Imad Karim<\/a>\u00a0(25.9.2021)<\/li>\n<li><a href=\"https:\/\/www.freiburg-schwarzwald.de\/blog\/kultur\/kulturverlust\/\">Kollektive Verantwortungslosigkeit- Indiz f\u00fcr stagnierende Gesellschaft<\/a>\u00a0(18.9.2021)<\/li>\n<li><a href=\"https:\/\/www.freiburg-schwarzwald.de\/blog\/luxuskinder-auch-luxuseltern\/\">Luxuskinder \u2013 auch Luxuseltern?<\/a>\u00a0(9.9.2021)<\/li>\n<li><a href=\"https:\/\/www.freiburg-schwarzwald.de\/blog\/eigenverantwortung-fuer-alle\/\">Eigenverantwortung f\u00fcr Alle \u2013 f\u00fcr B\u00fcrger wie Migranten<\/a>\u00a0(7.9.2021)<\/li>\n<li><a href=\"https:\/\/www.freiburg-schwarzwald.de\/blog\/dante-divina-commedia-2021\/\">Dante \u2013 Divina Commedia 2021<\/a>\u00a0(22.8.2021)<\/li>\n<li><a href=\"https:\/\/www.freiburg-schwarzwald.de\/blog\/uni-forschung-und-lehre-frei\/\">Uni: Forschung und Lehre \u2013 frei?<\/a>\u00a0(16.8.2021)<\/li>\n<li><a href=\"https:\/\/www.freiburg-schwarzwald.de\/blog\/kultur\/kulturkampf\/\">Frank Furedi: \u201eDer Kulturkampf ist real\u201c<\/a>\u00a0(1.6.2021)<\/li>\n<li><a href=\"https:\/\/www.freiburg-schwarzwald.de\/blog\/loretta-und-die-cancel-culture\/\">Loretta und die Cancel Culture<\/a>\u00a0(20.6.2021)<\/li>\n<li>Motorradl\u00e4rm in M\u00fcnstertal: Wochenende-Fahrverbot 88.6.2021)<\/li>\n<li><a href=\"https:\/\/www.freiburg-schwarzwald.de\/blog\/selbsthilfe\/soziales\/wohlfahrt\/\">Der Wohlfahrtsstaat ist eine tragische Figur<\/a> (8.6.2021)<\/li>\n<li><a href=\"https:\/\/www.freiburg-schwarzwald.de\/blog\/d-im-abstieg-hilfe-von-links\/\">D im Abstieg \u2013 Hilfe von Links?<\/a>\u00a0(3.6.2021)<\/li>\n<li>\u00dcber die Unf\u00e4higkeit menschlicher Gesellschaften, mit Wohlstand umgehen zu k\u00f6nnen (31.5.2021)<\/li>\n<li><a href=\"https:\/\/www.freiburg-schwarzwald.de\/blog\/dekadenz-film-von-imad-karim\/\">Dekadenz: Film von Imad Karim<\/a> (28.4.2021)<\/li>\n<li><a href=\"https:\/\/www.freiburg-schwarzwald.de\/blog\/selbsthilfe\/soziales\/wohlstand\/freizeitpark\/\">Linker Ideologie-Fun-Park vor der Pleite<\/a>\u00a0(10.12.2020)<\/li>\n<li><\/li>\n<li><a title=\"Abendland\" href=\"https:\/\/www.freiburg-schwarzwald.de\/blog\/religion\/christen\/abendland\/\">Abendland<\/a><\/li>\n<\/ul>\n<ul>\n<li><a title=\"CancelCulture\" href=\"https:\/\/www.freiburg-schwarzwald.de\/blog\/kultur\/kulturverlust\/cancelculture\/\">CancelCulture<\/a><\/li>\n<li><a title=\"Commons\" href=\"https:\/\/www.freiburg-schwarzwald.de\/blog\/kultur\/commons\/\">Commons<\/a><\/li>\n<li><a href=\"https:\/\/www.freiburg-schwarzwald.de\/blog\/business\/gesund\/corona-virus\/corona-abendland\/\">Corona-Abendland<\/a><\/li>\n<li><a title=\"Deutsche-Kultur\" href=\"https:\/\/www.freiburg-schwarzwald.de\/blog\/global\/deutschland\/deutsche-kultur\/\">Deutsche-Kultur<\/a><\/li>\n<li><a href=\"https:\/\/www.freiburg-schwarzwald.de\/blog\/kultur\/medien\/diversity\/\">Diversity<\/a><\/li>\n<li><a title=\"Europa-Leitkultur\" href=\"https:\/\/www.freiburg-schwarzwald.de\/blog\/kultur\/europa-leitkultur\/\">Europa-Leitkultur<\/a><\/li>\n<li><a title=\"Gesellschaft\" href=\"https:\/\/www.freiburg-schwarzwald.de\/blog\/global\/deutschland\/gesellschaft\/\">Gesellschaft<\/a><\/li>\n<li><a title=\"Heimat\" href=\"https:\/\/www.freiburg-schwarzwald.de\/blog\/regio\/heimat\/\">Heima<\/a>t<\/li>\n<li><a title=\"Identitaet\" href=\"https:\/\/www.freiburg-schwarzwald.de\/blog\/engagement\/zukunft\/demokratie\/identitaet\/\">identitaet<\/a><\/li>\n<li><a href=\"https:\/\/www.freiburg-schwarzwald.de\/blog\/engagement\/zukunft\/demokratie\/naivitaet\/infantilisierung\/\">Infantilisierung<\/a><\/li>\n<li><a title=\"Integration\" href=\"https:\/\/www.freiburg-schwarzwald.de\/blog\/global\/integration\/\">Integration<\/a><\/li>\n<li><a title=\"Interkulturelle-Oeffnung\" href=\"https:\/\/www.freiburg-schwarzwald.de\/blog\/global\/integration\/interkulturelle-oeffnung\/\">Interkulturelle \u00d6ffnung<\/a><\/li>\n<li><a href=\"https:\/\/www.freiburg-schwarzwald.de\/blog\/kultur\/kulturkampf\/\">Kulturkampf<\/a><\/li>\n<li><a title=\"Kant\" href=\"https:\/\/www.freiburg-schwarzwald.de\/blog\/kultur\/aufklaerung\/kant\/\">Kant<\/a><\/li>\n<li><a title=\"Kulturverlust\" href=\"https:\/\/www.freiburg-schwarzwald.de\/blog\/kultur\/kulturverlust\/\">Kulturverlust<\/a><\/li>\n<li><a title=\"Kunstfreiheit\" href=\"https:\/\/www.freiburg-schwarzwald.de\/blog\/kultur\/kunst\/kunstfreiheit\/\">Kunstfreiheit<\/a><\/li>\n<li><a title=\"Mainstream\" href=\"https:\/\/www.freiburg-schwarzwald.de\/blog\/kultur\/medien\/mainstream\/\">Mainstream<\/a><\/li>\n<li><a title=\"Multikulti\" href=\"https:\/\/www.freiburg-schwarzwald.de\/blog\/kultur\/leitkultur\/multikulti\/\">Multikulti<\/a><\/li>\n<li><a href=\"https:\/\/www.freiburg-schwarzwald.de\/blog\/business\/volkswirtschaft\/niedergang\/\">Niedergang<\/a><\/li>\n<li><a title=\"Parallelgesellschaft\" href=\"https:\/\/www.freiburg-schwarzwald.de\/blog\/global\/integration\/parallelgesellschaft\/\">Parallelgesellschaft<\/a><\/li>\n<li><a title=\"Parallelkultur\" href=\"https:\/\/www.freiburg-schwarzwald.de\/blog\/global\/integration\/parallelkultur\/\">Parallelkulturen<\/a><\/li>\n<li><a title=\"Patriotismus\" href=\"https:\/\/www.freiburg-schwarzwald.de\/blog\/engagement\/zukunft\/demokratie\/patriotismus\/\">Patriotismus<\/a><\/li>\n<li><a title=\"Pegida\" href=\"https:\/\/www.freiburg-schwarzwald.de\/blog\/global\/integration\/pegida\/\">Pegida<\/a><\/li>\n<li><a title=\"Sch\u00f6nheit\" href=\"https:\/\/www.freiburg-schwarzwald.de\/blog\/kultur\/kunst\/schoenheit\/\">Sch\u00f6nheit<\/a><\/li>\n<li><a title=\"Selbsthass\" href=\"https:\/\/www.freiburg-schwarzwald.de\/blog\/engagement\/zukunft\/selbsthass\/\">Selbsthass<\/a><\/li>\n<li><a title=\"Immigration\" href=\"https:\/\/www.freiburg-schwarzwald.de\/blog\/global\/integration\/immigration\/\">Immigration<\/a><\/li>\n<li><a title=\"Untergang\" href=\"https:\/\/www.freiburg-schwarzwald.de\/blog\/religion\/islam\/untergang\/\">Untergang Europas<\/a><\/li>\n<li><a href=\"https:\/\/www.freiburg-schwarzwald.de\/blog\/global\/deutschland\/verwahrlosung\/\">Verwahrlosung<\/a><\/li>\n<li><a title=\"Werte\" href=\"https:\/\/www.freiburg-schwarzwald.de\/blog\/global\/integration\/werte\/\">Werte<\/a><\/li>\n<li><a title=\"Willkommenskultur\" href=\"https:\/\/www.freiburg-schwarzwald.de\/blog\/global\/integration\/willkommenskultur\/\">Willkommenskultur<\/a><\/li>\n<li><a href=\"https:\/\/www.freiburg-schwarzwald.de\/blog\/selbsthilfe\/soziales\/wohlfahrt\/\">Wohlfahrt<\/a><\/li>\n<li><a href=\"https:\/\/www.freiburg-schwarzwald.de\/blog\/selbsthilfe\/soziales\/wohlstand\/\">Wohlstand<\/a><\/li>\n<li><a href=\"https:\/\/www.freiburg-schwarzwald.de\/blog\/kultur\/kulturverlust\/woke\/\">Woke<\/a><\/li>\n<li><a href=\"https:\/\/www.freiburg-schwarzwald.de\/blog\/global\/deutschland\/zerfall\/\">Zerfall<\/a><\/li>\n<\/ul>\n<p>&nbsp;<\/p>\n<p><strong>Oper Sancta Susanna: Frau &#8211; Sex &#8211; Katholische Kirche &#8211; Dekadenz<\/strong><br \/>\nDie Liebe des Progressisten zu Beschmutzung, Hexensabbat, Blasphemie, Obsz\u00f6nit\u00e4t, diesmal in Gestalt einer von anderen kulturell impotenten Kretins \u201evielfach preisgekr\u00f6nten Performancek\u00fcnstlerin und Choreografin\u201d namens Florentina Holzinger.<br \/>\n&#8230;<br \/>\n\u201eSancta Susanna\u201c \u2013 wie denn sonst? \u2013 nennt sich die Fotzengala.<br \/>\n<a href=\"https:\/\/www.ardmediathek.de\/video\/ndr-info\/umstrittene-opern-performance-feiert-premiere-in-schwerin\/ndr\/Y3JpZDovL25kci5kZS85YmRkMjY3OS02YjUxLTRkM2YtYjg1NS0wMzNkN2ViYTJlZDg\">https:\/\/www.ardmediathek.de\/video\/ndr-info\/umstrittene-opern-performance-feiert-premiere-in-schwerin\/ndr\/Y3JpZDovL25kci5kZS85YmRkMjY3OS02YjUxLTRkM2YtYjg1NS0wMzNkN2ViYTJlZDg<\/a><br \/>\nDiese Wichtel \u2013 \u00e4sthetisch frigide, in der Regel kinderlos, unausgelebt, daseinssinnver\u00f6det, aussterbebereit \u2013 kommen sich wunder wie freigeistig, kritisch, emanzipiert und couragiert vor, dabei wagen sie sich nur an das Ungef\u00e4hrliche, Wehrlose, l\u00e4ngst im Sturm des Zeitgeistes Zerknickte, w\u00e4hrend ihnen zugleich die Angst vor einem falschen Wort \u00fcber die andere Religion aus s\u00e4mtlichen K\u00f6rper\u00f6ffnungen mieft.<br \/>\n&#8230; Alles vom 16.6.2024 bitte lesen auf<br \/>\n<a href=\"https:\/\/www.klonovsky.de\/2024\/06\/16-juni-2024\/\">https:\/\/www.klonovsky.de\/2024\/06\/16-juni-2024\/<\/a><br \/>\n.<br \/>\nSex am Kreuz und Kannibalismus: Performance-K\u00fcnstlerin rechnet in Schwerin mit katholischer Kirche ab<br \/>\n<a href=\"https:\/\/www.welt.de\/newsticker\/dpa_nt\/infoline_nt\/boulevard_nt\/article251790418\/Opernperformance-Sancta-von-Holzinger-in-Schwerin-gefeiert.html\">https:\/\/www.nordkurier.de\/kultur\/sorgt-hindemiths-skandal-oper-in-schwerin-fuer-einen-theater-skandal-2491863#google_vignette<\/a><br \/>\n.<br \/>\n<strong>Opernperformance \u00abSancta\u00bb von Holzinger in Schwerin gefeiert<\/strong><br \/>\nDie Auff\u00fchrung beginnt mit Paul Hindemiths Opern-Einakter \u00abSancta Susanna\u00bb. Das etwa 20-min\u00fctige Singspiel um eine junge Nonne, die sich, beseelt vom Liebesgefl\u00fcster eines P\u00e4rchens jenseits der Klostermauern, schlie\u00dflich der gekreuzigten Jesusfigur hingibt, war bei der Entstehung vor gut 100 Jahre skandalumwittert. Nach massiven Blasphemievorw\u00fcrfen und Protesten musste die Premiere von Stuttgart nach Frankfurt\/Main verlegt werden.<br \/>\nDoch w\u00e4hrend Hindemith das Erwachen der Lust in Susanna, die Partie gespielt und gesungen von der Schweriner Sopranistin Cornelia Zink, weitgehend der Fantasie des Publikums \u00fcberl\u00e4sst, f\u00fchrt es Holzinger drastisch vor Augen: Zwei nackte Darstellerinnen geben sich auf der B\u00fchne ungez\u00fcgelt ihrer Leidenschaft hin und f\u00fchren das Liebesspiel an einem riesigen Kreuz fort, bis Susanna schlie\u00dflich von ihren Mitschwestern ob ihrer Obsession in Bann geschlagen wird.<br \/>\nDie Kurzoper geht mit einem markersch\u00fctternden Befreiungsschrei der weiblichen Lust nahtlos in eine als Spektakel gestaltete feministische kirchliche Messe \u00fcber. Dabei agieren die Darstellerinnen zu liturgischen Ges\u00e4ngen des Schweriner Theaterchors wie Kyrie aus Bachs H-Moll-Messe, zu Popsongs wie It&#8217;s Raining Men, harten Metal-Kl\u00e4ngen oder extra komponierten Titeln.<br \/>\nRollschuhfahrerinnen rauschen nackt durch eine Halfpipe, andere Darstellerinnen zerst\u00f6ren an einer riesigen Kletterwand symbolisch das ikonische Fresko Michelangelos von Gott und Adam. Christus kommt in Gestalt eines bekifften Weltverbessers mit Sonnenbrille und Pl\u00fcschlamm \u00fcber der Schulter, womit Holzinger ihrem Hang auch zu Klamauk fr\u00f6nt. Das Heilige Abendmahl wird zum Rave. Eine kleinw\u00fcchsige Frau schl\u00fcpft zur eigenen Freude in die Rolle des Papstes.<br \/>\nDer Heilige Geist wird zur personifizierten Zauberin, die Weinflaschen vermehrt und die Rippe zur Erschaffung Evas besorgt. Ein vor den Augen des Publikums entnommener menschlicher Hautfetzen wird zur gottgeweihten Reliquie, kurz darauf zur Abendmahl-Hostie. Der Parforceritt durch die biblische Geschichte, in dem christliche Rituale hinterfragt, fortw\u00e4hrende m\u00e4nnliche Dominanz und sexuelle Unterdr\u00fcckung der Frau angeprangert werden, ist deutbar als provokante Blasphemie und zugleich als Pl\u00e4doyer f\u00fcr grundlegende Reformen in der Kirche.<br \/>\n&#8230; Alles vom 31.5.2024 bitte lesen auf<br \/>\n<a href=\"https:\/\/www.welt.de\/newsticker\/dpa_nt\/infoline_nt\/boulevard_nt\/article251790418\/Opernperformance-Sancta-von-Holzinger-in-Schwerin-gefeiert.html\">https:\/\/www.welt.de\/newsticker\/dpa_nt\/infoline_nt\/boulevard_nt\/article251790418\/Opernperformance-Sancta-von-Holzinger-in-Schwerin-gefeiert.html<\/a><\/p>\n<p>&nbsp;<\/p>\n<p>&nbsp;<\/p>\n<p><strong>\u00dcber die Unf\u00e4higkeit menschlicher Gesellschaften, mit Wohlstand umgehen zu k\u00f6nnen<\/strong><br \/>\nPolitische Kritiken wie die vorliegende von Herrn Asch leiden meiner Meinung nach stets daran, dass sie sich zu sehr auf das Naheliegende (hier: Niedergang der Union, Aufstieg der Gr\u00fcnen, Linksdrift der Mehrheitspolitik) kaprizieren. Das alles ist wahr und richtig, doch der Ursprung liegt weder in Angela Merkel noch der Gschaftlhuberei von \u00e4mtergeilen CDU-Funktion\u00e4ren, sie \u2013 selbstverst\u00e4ndlich \u2013 zum Erhalt ihrer Pfr\u00fcnde und Posten auch mit der Linkspartei koalierten, informell geschieht dies schon mannigfaltig. Nicht einmal die Kr\u00e4fte des linken Sektors sind \u201eschuld\u201c.<\/p>\n<p>Das unterliegende Problem ist die gar nicht einmal f\u00fcr Deutschland besondere Unf\u00e4higkeit menschlicher Gesellschaften, mit Wohlstand umgehen zu k\u00f6nnen. Historisch haben alle Gesellschaften, die einen innerlich und \u00e4u\u00dferlich unbedrohten Wohlstand \u00fcber das Ma\u00df elementarer Bed\u00fcrfnisbefriedigung hinaus erreicht haben, stets nach einer kurzen kumulativen Phase (im Falles Europas: Die Jahre von 1890 bis zum 1. Weltkrieg und dann noch einmal die 1950er Jahre) einen unvermeidlichen Niedergang erlebt.<br \/>\nAm Ende stand stets eine Mischung aus Dekadenz, Pazifismus, Feminismus (bzw. eher die Ablehnung von M\u00e4nnlichkeit und Wehrhaftigkeit) und Geb\u00e4rverweigerung.<\/p>\n<p>Ob nun \u201eder Westen\u201c (also auch Deutschland) im 21. Jahrhundert oder das R\u00f6mische Reich ab dem Ende des 4. Jahrhunderts, davor andere Reiche wie das 2. des alten \u00c4gyptens oder das der Sassaniden, oder auch das China vor der Ming-Dynastie \u2013 <em><strong>stets war diese Entwicklung, trotz vielf\u00e4ltiger innerer Reformversuche, nicht umkehrbar.<\/strong> <\/em>Das Schicksal Europas und Nordamerikas zum Ende dieses Jahrhundert wird das gleiche sein wie vor 1.500 Jahren: Sie werden von kulturell unterlegenen, aber hochfertilen und den Mann in den Vordergrund stellende V\u00f6lkern \u00fcberrannt, \u00fcbernommen und dann durch Bev\u00f6lkerungsaustausch ethnisch assimiliert. Ein Kultursturz folgt, der sehr resilient sein wird.<\/p>\n<p>Das Problem liegt darin, dass eine dekadente Lebensweise angenehm ist und \u201eSpa\u00df macht\u201c \u2013 nicht umsonst galt das Streben und Sinnen vorherige Generationen verbissen genau dem Ziel, eine solche Gesellschaft anzustreben. Auch kein Querdenker oder AfD-W\u00e4hler, geschweige denn wirklich ein Gr\u00fcnlinker oder Klimagl\u00e4ubiger will zur\u00fcck zu einem Lebensstandard, wie es ihn hierzulande zuletzt Mitte des 19. Jahrhunderts gab, und vielleicht noch im Hungerwinter 1946. <em><strong>Das aber w\u00e4re notwendig,<\/strong><\/em> um in der deutschen Gesellschaft wieder jene Kr\u00e4fte, jenen Ehrgeiz, jenes Lebensgef\u00fchl und Bewu\u00dftsein zu wecken, dass \u00fcber die Erfindung von 23 Geschlechtern oder den blo\u00dfen Erwerbs eines in China gefertigten Kleincomputers zum Schreiben von Whatsapp hinausgeht. Wie gesagt: Es ist kein b\u00f6ser Wille.<\/p>\n<p>Links und gr\u00fcn zu sein im heutigen Sinne ist eine bestenfalls opportunistisch zu nennende Anpassungsleistung, keine \u201eGesinnung\u201c oder tats\u00e4chliche Ideologie.<\/p>\n<p>Der Mensch, so wie er sich in der afrikanischen Savanne vor 100.000 Jahren entwickelte, ist mental, genetisch und behavioristisch f\u00fcr ein entbehrungsreiches Leben unter st\u00e4ndiger Gefahr ausgelegt \u2013 wie \u00fcbrigens s\u00e4mtliche Lebewesen auf der Erde. Mit Gefahrlosigkeit, \u00dcberfluss und Sattheit kann er nicht umgehen \u2013 er wird fett, faul, dekadent und tr\u00e4ge. Nicht nur Menschen! Nicht umsonst kennen wir das Ph\u00e4nomen der \u201eVerhaustierung\u201c \u2013 f\u00fcttere deine Hauskatze nur mit Leckerli den ganzen Tag, sie wird dick und rund, liegt den ganzen Tag nur noch auf dem B\u00fccherregal und betrachtet bestenfalls halbinteressiert, aber ohne erkennbare Aktivit\u00e4t einen Vogel drau\u00dfen vor dem Fenster. Ein ferner Instinkt in ihr sagt ihre zwar, dass das Futter sei, sie ihn jagen m\u00fcsse, weil sie sonst verhungern k\u00f6nnte \u2013 und schon steht wieder der Napf mit Whiskas vor ihr. Der Vogel kann sie mal.<br \/>\nMensch oder Tier \u2013 wird es dem Esel zu wohl, so geht er aufs Eis, sagt der Volksmund.<br \/>\nDurch diese evolution\u00e4r angelegten Mechanismen ist es uns heute unm\u00f6glich, der dekadenten Gesellschaft zu entkommen. Der Abstieg, der sich derzeit eben in Klima-, Gender- und sonstigen gr\u00fcnlinken Wahnen \u00e4u\u00dfert, er ist unausweichlich. Andere stehen auch l\u00e4ngst ungeduldig bereit, zu \u00fcbernehmen \u2013 und sie werden es tun. Wie lange sie dann in einem \u201edunklen\u201c Zeitalter leben werden, wann sie den Zustand dekadentem Abstiegs erreichen werden, wer wei\u00df.<\/p>\n<p>Ihr K\u00d6NNTET anders. Aber \u2013 wer will es wirklich, wenn er sieht, welche Konsequenz es h\u00e4tte? Glaubt mir, mit ein bisschen mehr Grenzschutz oder weniger Steuern erreicht Ihr nichts. Denn das Problem seid ja Ihr selbst. Kleine Aufgabe zu Beginn: Duscht ab sofort, also ab morgen fr\u00fch, grunds\u00e4tzlich nur noch kalt. Und dann nur einmal die Woche. Im Winter wird nur noch ein Zimmer in der Wohnung geheizt, auf maximal 15 Grad. Der Rest bleibt kalt.<br \/>\nSo war es \u201evor der Dekadenz\u201c. Wer schafft das? Wer will das?<br \/>\nEben.<br \/>\n&#8230; Alles vom 31.5.2021 von Thomas Hellerberger bitte lesen auf<br \/>\n<a href=\"https:\/\/www.tichyseinblick.de\/meinungen\/dekadenz-ist-unumkehrbarueber-die-unfaehigkeit-menschlicher-gesellschaften-mit-wohlstand-umgehen-zu-koennen\/\">https:\/\/www.tichyseinblick.de\/meinungen\/dekadenz-ist-unumkehrbarueber-die-unfaehigkeit-menschlicher-gesellschaften-mit-wohlstand-umgehen-zu-koennen\/<\/a><br \/>\n.<br \/>\nEinige Kommentare:<br \/>\n<strong>Untergang leider nicht so langsam wie der Aufstieg<\/strong><br \/>\n\u201eEs w\u00e4re ein Trost f\u00fcr die Schw\u00e4che unseres Selbst und unserer Werke, wenn alle Dinge so langsam untergehen w\u00fcrden, wie sie entstehen; aber so wie es ist, wachsen die Zuw\u00e4chse nur schleppend, aber der Weg zum Ruin ist schnell.\u201c Zugeschrieben Lucius Annaeus Seneca, Briefe an Lucilius, n. 91, 64 n. Chr? (Zitat von Google aus dem Englischen ins Deutsche \u00fcbersetzt) Danach wurde in j\u00fcngerer Zeit die Seneca- Kurve (auch Seneca- Effekt oder Seneca- Klippe) benannt.<br \/>\n31.5.2021, M.Q. TO<\/p>\n<p><strong>Wohlstand und Freiheit sind mit Anstrengung untrennbar verbunden\u00a0<\/strong><br \/>\nEin weiteres Problem ist die Unf\u00e4higkeit einer Gesellschaft das Wissen beizubehalten, dass Wohlstand und Freiheit mit Anstrengung untrennbar miteinander verbunden sind.<br \/>\nMomentan leben wir praktisch in einer hedonistischen Demenz. Alles soll toll, spa\u00dfig und angenehm sein und zwar ununterbrochen. Dummerweise sorgt diese Haltung daf\u00fcr, dass eines Tages nichts mehr toll, spa\u00dfig und angenehm sein kann, weil die Menschen unbemerkt die Grundlage daf\u00fcr zerst\u00f6ren.<br \/>\nMan sieht es zb. gut bei dem Abiturdesaster, wobei jedes Mal aufs neue geheult wird, dass die Aufgaben \u201efurchtbar schwer\u201c seien und bitte leichter wird. Dass das Abitur nicht ohne Grund ein gewisses Niveau abverlangt, scheint niemand zu rallen. Also sorgen sie daf\u00fcr, dass jede neue Abitur Generation immer weniger kann und k\u00f6nnen muss bis das Abiturniveau praktisch nonexistent und somit das Bildungsniveau insgesamt im Land absinkt.<br \/>\nDer Vergleich mit der Hauskatze kommt gut hin. Wer dauernd satt, zufrieden und sicher ist, hat kein Antrieb die eigene Situation zu verbessern, geschweige denn es aufrechtzuerhalten.<br \/>\nSchlimmer noch: Die Leute kriegen in ihrem Hedonismus den Hals nicht voll. Wenn tats\u00e4chlich ein bedingungsloses Grundeinkommen wird, ist Ende\u2026 Die Leute werden nur noch Sch**** im Kopf haben und obendrein wie Kinder endlos abh\u00e4ngig sein.<br \/>\n31.5.2021, Pol<\/p>\n<p><strong>Eigenes Tun mu\u00df unmittelbare Konsequenzen haben<\/strong><br \/>\nIch denke, dass die grosse Not des Westens der Relativismus ist. Wer erleben muss, das falsche Entscheidungen (etwa eine zu fr\u00fche Aussaat, eine vers\u00e4umte Ausbildung oder Unzuverl\u00e4ssigkeit im Beruf) unmittelbare Konsequenzen haben (bis hin zu Hunger und K\u00e4lte), der erkennt ganz praktisch den Unterschied zwischen \u201ewahr\u201c und \u201efalsch\u201c.<br \/>\nWenn man jedoch v\u00f6llig am Arbeitsmarkt vorbeistudiert, seine Jugend verbummelt oder das Klimageschehen falsch einsch\u00e4tzt, ohne dass dies den Lebensstandard negativ beeinflusst, dann braucht man sich \u00fcber eine allgemeine Wurschtigkeit nicht zu wundern.<br \/>\n3.5.2021, Est<br \/>\nEs mangelt unheimlich an kritisch denkenden Leistungstr\u00e4gern<br \/>\nmit ausreichend Lebenserfahrung. Die Masse der Nicht-Leistungstr\u00e4ger steigt immer weiter: junge \u201eAbiturienten\u201c mit der Sehnsucht nach einer Karriere beim Staat und junge Rentner mit dem Ausblick auf 25+ Jahre Staatsversorgung stellen heute die Mehrheit. Leistungstr\u00e4ger, die wirklich was leisten, gibt es noch einige. Aber die sind bei uns so naiv und gehirngewaschen.<br \/>\n31.5.2021, Ego<\/p>\n<p><strong>Es mu\u00df schlecht gehen, dass wir uns aus der Dekadenz erheben<\/strong><br \/>\nWenn es stimmt, was Sie sagen, werden wir wohl alle noch einmal davonkommen, wenn wir alle die Gr\u00fcnen oder eine andere gr\u00fcn angehauchte Partei (d. h., alle Parteien au\u00dfer der AfD) w\u00e4hlen. Dann wird es uns so schlecht gehen, dass wir uns aus der Dekadenz noch einmal erheben. Stichwort: Energiewende, illegale Massenimmigration von zum gro\u00dfen Teil Minderleistern und dem Westen gegen\u00fcber feindlich Gesinnten, Schulden f\u00fcr die \u201eEuropa\u201c genannte EU, die Folgen der Corona-Krise usw. usf.<br \/>\nIch hatte immer gedacht, dass Merkel und ihr Hofstaat in der Regierung und dem Parlament Deutschland zerst\u00f6ren wollen oder die Zerst\u00f6rung zumindest billigend in Kauf nehmen, so lange sie nur ihre Macht erhalten k\u00f6nnen. Irrtum: Sie bescheren ohne Not eine Vielzahl von schwerwiegenden Problemen, um uns aus dem Sumpf der Dekadenz zu retten. So habe ich das noch nie gesehen. Danke, Merkel!<br \/>\n31.5.2021, Fra<br \/>\nIch sag dazu nix, aber so kann man seine Jugend auch (k\u00fcnstlich) verbl\u00f6den: <a href=\"https:\/\/www.welt.de\/politik\/deutschland\/article231484643\/Mecklenburg-Vorpommern-Noten-im-Mathe-Abi-werden-angehoben.html\">https:\/\/www.welt.de\/politik\/deutschland\/article231484643\/Mecklenburg-Vorpommern-Noten-im-Mathe-Abi-werden-angehoben.html<\/a><br \/>\n31.5.2021, Ruh<\/p>\n<p><strong>Wohlstand selbst erarbeitet worden- oder leistungslos konsumiert?<\/strong><br \/>\nIch kann mich diesen Gedanken anschlie\u00dfen. Jedoch m\u00f6chte ich in einem Punkt differenzieren, es kommt darauf an wie dieser Wohlstand entstanden ist. Ist dieser Wohlstand selbst erarbeitet worden, mit einer produktiven Leistung, einer \u00dcbernahme von Verantwortung f\u00fcr die eigene Leistung. Oder wird dieser Wohlstand ohne eigene Wertsch\u00f6pfung einfach leistungslos konsumiert. Ich denke ein System kippt, wenn das Verh\u00e4ltnis zwischen der produktiven Wertsch\u00f6pfung und den leistungslosen \u201eWohlstandsbeziehern\u201c nicht mehr stimmt. Dazu kommt dann, dass genau diese Menschen welche sich nie wirklich an der produktiven Wertsch\u00f6pfung in der Gesellschaft beteiligt haben, in politische \u00c4mter streben und die Deutungshoheit beanspruchen. Die Ausbildung von Frau Baerbock ist das Eine, ihr beruflicher Werdegang nach der Ausbildung das Andere. Was hat sie geleistet? Das Gleiche gilt z.B. f\u00fcr die Parteivorsitzende der Linken, 11 Jahre Studium der Politikwissenschaften!!! Dazu 4 Jahre Teilzeitbesch\u00e4ftigung in einem Baumarkt und 2 Jahre Mitarbeit in einem Wahlkreisb\u00fcro. Das war\u2019s dann. Wohlstand JA, aber er sollte prim\u00e4r selbst erarbeitet sein. Otto von Bismarck soll es mal ungef\u00e4hr so beschrieben haben, \u201edie erste Generation schafft Verm\u00f6gen, die zweite Generation verwaltet das Verm\u00f6gen, die dritte Generation studiert Kunstgeschichte und die Vierte verkommt.\u201c Vielleicht sollten die produktiven Wertsch\u00f6pfer einfach mal 2 G\u00e4nge zur\u00fcck schalten. Wer braucht eigentlich wen?<br \/>\n31.5.2021, Jac<\/p>\n<p><strong>\u201eGeneration App\u201c braucht bei jedem Problem eine App<\/strong><br \/>\nEs gibt da eine Serie \u201eWege in die Wildnis\u201c, spielt in den USA am Ende des 19. Jahrhunderts, mit einer exemplarischen Szene: zwei M\u00e4dchen, vielleicht 14 Jahre und 12 Jahre alt, stehen vor der Farm wo sie mit ihrer Mutter leben und die \u00e4ltere ruft ihrer Mutter zu: \u201ees kommt Besuch, soll ich ein Huhn schlachten?\u201c. Das ist der maximale Kontrast von (\u00fcber)leben lernen zu unseren h\u00fcpfenden Klimakindern. Die Generation Schneefl\u00f6ckchen mit ihrer Hypermoral bei gleichzeitiger Unf\u00e4higkeit die elementarsten Dinge des Lebens selbst zu meistern, hat keine \u00dcberlebensperspektive mehr. Eine \u201eGeneration App\u201c die bei jedem Problem zu dem es keine App gibt wie der sprichw\u00f6rtliche Ochse vor dem Berg steht\u2026.<br \/>\n31.5.2021, GP<\/p>\n<p><strong>Die erste Generation baut\u2019s auf, die zweite erh\u00e4lt\u2019s und die dritte rei\u00dft\u2019s ab<\/strong><br \/>\nAber warum k\u00f6nnen sich die \u201everhausschweinten\u201c Menschen nicht vergegenw\u00e4rtigen, welcher Leistung sie es zu verdanken haben, dass es ihnen so gut geht und dass dieser Wohlstand kein Selbstl\u00e4ufer ist? Offensichtlich ist der Mensch nicht dazu in der Lage, Zusammenh\u00e4nge herzustellen und die entsprechenden Schlussfolgerungen daraus zu ziehen. Unter dieser Voraussetzung setzt dann die Wohlstandsverwahrlosung ein \u2013 im Kleinen wie im Gro\u00dfen. Man sagt ja nicht umsonst: Die erste Generation baut\u2019s auf, die zweite erh\u00e4lt\u2019s und die dritte rei\u00dft\u2019s ab.<br \/>\n31.5.2021, StB<\/p>\n<p><strong>Mensch und Katze sind mental nicht weit auseinander<\/strong><br \/>\nDem Menschen macht Hartz4 und die Tafeln den K\u00fchlschrank voll, Bier, Kaffee und Zigaretten vernebeln das Hirn, und die Spielekonsole entspannt es wieder. Und genau da liegen die Reserven. Leute verwahrlosen, schmarotzen sich durchs Leben, w\u00e4hrend die Linke nach immer mehr Gerechtigkeit und Umverteilung schreit. Es ist eine Abw\u00e4rtsspirale, die den Mittelstand schrumpfen, und immer weitere Schichten verarmen l\u00e4sst. Das kann man aber \u00e4ndern, nur fehlt hier der politische Wille, weil auch die F\u00fchrungsschicht verwahrlost ist.<br \/>\n31.5.2021, Iso<\/p>\n<p><strong>Rationales Argumentieren (Gro\u00dfhirnrinde)<br \/>\nund Emotionalisieren (Limbisches System)<\/strong><br \/>\nIn jedem Fall richtig ist, dass die links-gr\u00fcne Attit\u00fcde nicht Ergebnis eines kognitiven Irrtums ist, sondern dass sie sich aus den emotionalen Tiefen der Seele speist. Die links-gr\u00fcne Oberschicht, die das Land steuert, ist nicht links-gr\u00fcn, weil sie davon \u00fcberzeugt ist (Gro\u00dfhirnrinde), sondern weil es sich so richtig und gut anf\u00fchlt (Limbisches System).<br \/>\nRationales Argumentieren (Gro\u00dfhirnrinde) hilft da nicht, weil es nicht an der Ursache (Limbisches System) ansetzt. Was w\u00fcrde helfen? Ich wei\u00df es nicht.<br \/>\n31.5.2021, M.S.<\/p>\n<p><strong>&#8230; f\u00fchrt Wohlstand zur Tr\u00e4gheit oder Perspektivlosigkeit?<\/strong><br \/>\nEin sehr interessanter Beitrag, Herr Hellenberger! Ich vermute aber, es ist nicht in erster Linie der Wohlstand vieler Menschen, der zur Tr\u00e4gheit f\u00fchrt, sondern eine Art von Perspektivlosigkeit. Es fehlen die Ziele. Der Mensch will sich f\u00fcr etwas einsetzen, etwas wagen. In fr\u00fcheren Zeiten konnten Menschen lossegeln, um \u2013 trotz vieler Gefahren und Verluste- neue Kontinente zu entdecken. Menschen sind immer in innerer und \u00e4u\u00dferer Bewegung, wollen Neues entdecken. Das ist f\u00fcr viele von uns scheinbar heute nicht m\u00f6glich und blockiert. Wir brauchen Ziele, die uns fordern, aber auch beleben. ( Damit meine ich weder veganes Essen und Yoga\u00fcbungen, noch die Ideen der selbsternannten Weltretter).<br \/>\n&#8230;<br \/>\nIch bleibe dabei, Menschen wollen etwas leisten, wenn sie nur ein Ziel erkennen k\u00f6nnen. Woher kommt die Begeisterung f\u00fcr die Fantasiewelten, oder die Spiele im Internet. Da k\u00f6nnen sich scheinbar viele, insbesondere junge Menschen entfalten, die das im realen Leben nicht schaffen. Warum?<br \/>\n31.5.2021, Hof<\/p>\n<p><strong>Ist doch sch\u00f6n das \u201eleistungslose (!) Grundeinkommen;<\/strong><br \/>\noder noch besser das gute Gef\u00fchl Weltsozialamt zu spielen; oder obergeil gleich die ganze Welt samt Klima zu retten!<br \/>\nNein im Ernst, nat\u00fcrlich hat er recht, und neu ist die Theorie von den \u201eunverbrauchten Randv\u00f6lkern\u201c, die widerstandslos von au\u00dfen einstr\u00f6men und dem dekadenten Pack den Garaus machen auch nicht. Aber was ist schon Geschichte. Die schreibt bekanntlich der Sieger und der ist heutzutage linksgr\u00fcn und hat die Geschichte im Unterreicht gleich ganz abgeschafft \u2013 sicher ist sicher. W\u00e4re ja nicht auszudenken, wenn da noch ein paar Ewiggestrige sich dem \u201eDeutschland Europa verrecke\u201c in den Weg stellen wollten!<br \/>\n31.5.2021, Her<\/p>\n<p><strong>Schweiz: kein Abstieg trotz Wohlstand &#8211; warum?<\/strong><br \/>\nEine naheliegende These, als w\u00e4re da etwas in der Natur der Menschen verankert. Nur w\u00e4re ich mit Blick auf die reiche und prosperierende Schweiz, auch wenn sich sich manchmal schwer dem dekadenten Einfluss des n\u00f6rdlichen Nachbarn entziehen kann, nicht auf diese These gekommen. Vielleicht gibt es auch andere Faktoren.<br \/>\nDie Beispiele untergegangener Reiche haben beispielsweise gemeinsam, durch Kriege gro\u00df geworden, von Bauern zu Raubrittern geworden zu sein. Der Reichtum wurde durch Ausbeutung Schw\u00e4cherer erreicht. Bis sie innerlich erodierten.<br \/>\nDeutschland hatte nach dem Krieg auf diese Option nicht, hat sich aber durch den schnellen Aufbau und Mangel an heimischen Arbeitskr\u00e4ften am gro\u00dfen Potential meist ungelernter Europ\u00e4ischer und sp\u00e4ter asiatischer Arbeitskr\u00e4fte bedient. Die Zulieferteile und die billige Kleidung werden nicht mehr im Land hergestellt. Die innere Erosion kommt daher, dass wir keine Bremse daf\u00fcr haben, dass sich mehr und mehr Deutsche in unproduktive, vom Staat finanzierte Bereiche einnisten k\u00f6nnen. Anstatt dass Claudia Roth die Erdbeeren pfl\u00fcckt, macht das eine Frau aus Rum\u00e4nien. Es sind die Unproduktiven ohne Bezug zur Lebensrealit\u00e4t, deren Wirken kaum Widerstand geboten wird. Dort sitzt der Keim der Dekadenz.<br \/>\nUnd ich denke, da ist eine Schweiz im Vorteil. Die M\u00f6glichkeit, Geld umzuverteilen durch eine zentrale Regierung ist begrenzter, muss mit den Kantonen geteilt werden, wo W\u00e4hler und Gew\u00e4hlte sich nicht allzu weit entkoppeln k\u00f6nnen.<br \/>\nNat\u00fcrlich darf aber auch nicht der Einfluss von au\u00dfen vergessen werden. Wer viel Geld hat, ob fremde Regierungen oder Oligarchen, kann an sich stabile Gesellschaften, die keine solchen Mittel haben, manipulieren, und dort gezielt Menschen f\u00f6rdern und in ihrem Sinn an Schl\u00fcsselpositionen bringen.<br \/>\n31.5.2021 , MES<\/p>\n<p><strong>&#8230; eine Schicht von Zivilversagern im Kampf gegen die Gesellschaft<\/strong><br \/>\nDa ist sie wieder einmal, die deutsche Faszination am \u201eunausweichlichen Untergang\u201c \u2013 mir offengesagt zu schlicht. So wie das r\u00f6mische Reich nicht daran zugrundegegangen ist, dass jedes Grenzkastell und jeder Gutshof \u00fcber eine raffinierte Badeanlage verf\u00fchrte, sind es gewiss nicht die technischen Annehmlichkeite, die uns \u201ezwingen\u201c, unser Land dem Niedergang preiszugeben. Millionen von Deutschen legen sich nach wie vor f\u00fcr Schule, Berufsausbildung, Studium, betriebliche Weiterbildung ins Zeug und halten den Laden am Laufen. Die meisten haben Familie, kasteien sich lustvoll beim Sport oder im Garten, sind in Vereinen und Initativen aktiv, die ihnen am Herzen liegen.<br \/>\nJedenfalls ist das meine Wahrnehmung und da bin ich noch nicht bei Unternehmern, die keine sechs Wochen Jahresurlaub kennen, sondern mit oft gro\u00dfen pers\u00f6nlichen Opfern das tun, was sie begeistert und anderen Arbeit gibt. Ich kenne pers\u00f6nlich niemanden, der sich \u00fcberwiegend auf die faule Haut legt und vom Geld anderer lebt.<br \/>\nIch sehe aber, dass sich eine Schicht von Zivilversagern herausgebildet hat, die sich den Kampf gegen die b\u00fcrgerliche Gesellschaft auf die Fahnen geschrieben hat, die Medien, Bildungseinrichtungen, Kirchen und Politik unterwandert hat und dort ihren in Neid begr\u00fcndeten Krieg gegen alles auslebt, was aus eigener Kraft funktioniert. Das ist unser Problem, nicht dass wir uns nicht mehr wie die Karnickel vermehren oder das ganze Leben lang auf dem Acker schuften. Dass sich die Mehrheit der Flei\u00dfigen nicht gegen die \u00dcbernahme durch einen neuen Raubritteradel wehrt, das gilt es zu analysieren \u2013 auch, inwieweit die Unterminierung der kulturellen Basis Europas durch Masseneinwanderung arabischer und afrikanischer Menschen beabsichtigt ist und wem sie n\u00fctzt. Da muss man aber schon etwas sch\u00e4rfer nachdenken. Die kalte Dusche am Morgen ist \u00fcbrigens nicht so abschreckend wie der Autor glaubt \u2013 eher die Besch\u00e4ftigung mit den Absichten unserer \u201eFreunde\u201c in den letzten Jahrzehnten<br \/>\n31.5.2021, L.d.G.<\/p>\n<p><strong>Steuerfinanzierte Zwangsrundfunk und Zwangsrundfunkt: Verbl\u00f6dung<\/strong><br \/>\nEs ist viel Wahres dabei. Die Erziehung des Nachwuchses den Eltern wegzunehmen und bis zum 10 Lebensjahr fast ausschlie\u00dflich in weibliche H\u00e4nde zu geben sowie sp\u00e4tere m\u00e4nnliche P\u00e4dagogen als Eunuchen auftreten zu lassen, ist ein Kardinalfehler. Das allergr\u00f6\u00dfte Problem allerdings ist der steuerfinanzierte Zwangsrundfunk. Er f\u00fchrt durch gegenseitiges \u00dcberbieten in selbstvergessener Gutheit zu Massenverbl\u00f6dung.<br \/>\nAbgehobene hoch steuerfinanzierte Rechtssprechung ohne jeglichen Kontakt zum allt\u00e4glichen Leben der steuererwirtschaftenden Kleinb\u00fcrger tun das Ihrige.<br \/>\nF\u00fcr keines der Themen ist Besserung in Aussicht. Gute Nacht, Deutschland.<br \/>\n31.5.2021, Fra<\/p>\n<p><strong>Zuwanderung aus dem S\u00fcden<\/strong><br \/>\n\u201eDas Schicksal Europas und Nordamerikas zum Ende dieses Jahrhundert wird das gleiche sein wie vor 1.500 Jahren: Sie werden von kulturell unterlegenen, aber hochfertilen und den Mann in den Vordergrund stellende V\u00f6lkern \u00fcberrannt, \u00fcbernommen und dann durch Bev\u00f6lkerungsaustausch ethnisch assimiliert.\u201c<br \/>\nAufgrund der sinkenden Geburtenrate jenseits des Bosporus werden diese V\u00f6lker ausnahmesweise mal nicht aus dem Osten kommend in Europa einfallen (Hunnen, Mongolen, Osmanen zw. 400 -1700 n. Chr.) sondern aus dem S\u00fcden: Out-of-Africa Teil IV. Ggf. noch aus den weiter stark wachsenden islamischen Staaten Irak, Afghanistan, Pakistan.<br \/>\nF\u00fcr die Regime in Br\u00fcssel, Berlin, Paris ist das Mittelmeer ist nicht Grenze sondern Br\u00fccke. Dass Br\u00fcsseler Funktion\u00e4re und Auguren noch nich auf die Idee kamen, eine solche \u00fcber die Stra\u00dfe von Gibraltar zu bauen?<br \/>\nNordamerika hat zwar einen geographischen Vorteil. Schlepperbanden die zehn- und hundertausende Afrikaner \u00fcber den Atlantik schippern ist aus heutiger Sicht schwer vorstellbar. Aber das wird dann auch wenig helfen. Die USA hatten eine lange Tradition \u2013 wenn auch unter anderen Vorzeichen udn Absichten \u2013 der Verbringung von Afrikanern in die USA (1619 \u2013 1860). K\u00fcnftige farbige US-Pr\u00e4sidenten:innen und eine immer mehr dominierendes PoC-Regiment in den USA werden die Wege per Schiff oder Flieger zu organisieren wissen.<br \/>\nIn 30 Jahren wird Afrika 2,5 Milliarden Einwohner haben. 2,5 mal so viel wie Nordamerika und Europa zusammen (einschl. der bereits dort lebenden Afrikast\u00e4mmigen).<br \/>\nIn gerade mal 70 Jahren leben Afrika rund 4 Milliarden Menschen. Fast 5 mal so viel wie Nordamerika und Europa zusammen (einschl. der bereits dort lebenden Afrikast\u00e4mmigen).<br \/>\nNigerias Menschenmassen steigen innerhalb der kommenden 70, 80 Jahre auf \u00fcber 700 Mio., Rep. Kongo auf fast 400 Mio., Tansania und \u00c4thiopien jeweils fast 300 Mio. Jung, dynamisch, die Welt \u201eerkunden\u201c wollend.<br \/>\nDie nat\u00fcrlichen Lebensgrundlagen und Ressourcen Afrikas d\u00fcrften bei 2, 3, 4 Milliarden Energieverbrauchern und Konsumenten sukzessive zusammenbrechen. Die Afrikaner zerst\u00f6ren ihren eigenen Kontinent durch nachhaltig hohe Vermehrungsraten \u2013 und das unfassbare dabei ist: Sie wissen das bereits heute ganz genau und machen dennoch weiter.<br \/>\nZum Vergleich: Im Jahr 1900 hatte Afrika so viele Einwohner wie es Deutsche und Franzosen in Europa gab: Ca. 120 Mio. (Verh\u00e4ltnis 1:1).<br \/>\n2050: Afrika ca. 2.500 Mio. und Deutsche\/Franzosen ca. 85 Mio. Hinzu kommen in Deutschland und Frankreich in 2050 noch mal ca. 55-60 Mio. Bewohner mit Migrationshintergrund. (Verh\u00e4ltnis 30:1). Die 30 Afrikaner sind durchschnittlch 25 Jahre jung, der\/die eine \u00fcbrige Deutsche\/Franzose\/in ist 50 Jahre alt.<br \/>\nAlso, lasst uns \u201elinks\u201c und \u201egr\u00fcn\u201c sein und jubeln (\u201eWELCOME\u201c) zu dem was \u00fcber uns und unsere Kinder kommen mag.<br \/>\nOder lasst uns richtig w\u00e4hlen. Die Sachsen-Anhaltiner k\u00f6nnen bereits n\u00e4chsten Sonntag zeigen, was sie wollen. Im Grunde geht es \u2013 wie es im Leserkommentar auch unmissverst\u00e4ndlich angedeutet wird \u2013 um unser \u00dcberleben, um Sein oder Nichtsein Deutschlands\/Europas in diesem 21. Jahrhundert.<br \/>\n31.5.2021, Kon<\/p>\n<p><strong>Was ist dekadent?<\/strong><br \/>\nEin Million\u00e4rskind beklagt vor der UNO, dass ihm (ihr) die Kindheit und die Zukunft \u201egestohlen\u201c wurde\/wird und die korrupten Regierungsvertreter aus der \u201eDritten Welt\u201c, in deren Verantwortungsbereich die Kinder ohne Bildung, barfuss und hungrig durchs Leben laufen, und unsere dummen Medien applaudieren. Kann man eine Gesellschaft, die diesen Irrsinn nicht kritisiert, noch nicht einmal bemerkt, retten? Ich glaube, der Autor hat Recht, der Niedergang ist unvermeidlich.<br \/>\nDer Hauptunterschied zwischen Ost-Deutschland (-Europa) und West-Deutschland (-Europa) ist, dass die Einen erst eine Generation im Wohlstand leben und die Anderen bereits mindesten drei.<br \/>\n31.5.2021, M.St<\/p>\n<p><strong>Soziale Naivit\u00e4t<\/strong><br \/>\nAlso grunds\u00e4tzlich stimme ich zu. Allerdings finde ich den Schlu\u00df nicht richtig. Wohlstand macht nicht automatisch tr\u00e4ge. Ich zum Beispiel bin auch so ein Wohlstandsb\u00fcrger. Was mich von den anderen unterscheidet, ist eine Kindheit unter den Menschen, die man als sozial schwach bezeichnet, obwohl meine Familie selbst nie sozial schwach war. Ich kenne also beide Seiten. Und als Folge dessen habe ich ein au\u00dferordentlich gutes Gesp\u00fcr f\u00fcr Menschen und Situationen entwickelt. Und ich glaube, das ist es, was den meisten Menschen fehlt. Insofern ist Wohlstand an sich also nicht das Problem, sondern das, was aus ihm folgt, n\u00e4mlich die Wohlstandsblase, in der man den Bezug zum Leben verliert. Also eine Art soziale Naivit\u00e4t, die sich bei sovielen Gr\u00fcnen und Linken W\u00e4hlern findet.<br \/>\nDieser Automatismus des Wohlstandes mag unumkehrbar sein, aber umkehren wollen wir ihn ja auch nicht, denn das w\u00e4re Stagnation und reaktion\u00e4r. Vielmehr sollte unser Ziel sein, den Vorgang steuerbar zu machen. Zum Beispiel durch eine strukturierte Migration anstatt einer Massenmigration. Migration stellt n\u00e4mlich \u2013 in Ma\u00dfen \u2013 einen guten Weg dar, eine Gesellschaft aufzuwerten. Und ich denke, an der Steuerbarkeit hat es all den genannten gro\u00dfen Reichen gemangelt.<br \/>\nDas es daf\u00fcr recht sp\u00e4t ist, liegt daran, dass Deutschland zu lange auf die immer gleichen Narrative (Erbschuld, Brandmauer nach Rechts, etc) eingedroschen hat. In welchem Fahrwasser wir uns befinden, d\u00e4mmert zwar inzwischen einigen, aber zur\u00fcckrudern wird schwer. Wir haben uns unsere Schw\u00e4che (vorbehaltlose Toleranz) zu lange als St\u00e4rke verkaufen lassen, von ein paar dahergelaufenen Besserwissern.<br \/>\nWir sollten all unsere Energie darauf verwenden, diese Mauer der Ignoranz und Intoleranz gegen\u00fcber konservativen Werten einzurei\u00dfen. Je mehr Menschen erkennen, was hier gerade passiert, desto besser.<br \/>\n31.5.2021, Tob<\/p>\n<p><strong>Dennoch ist mir Ihre Beschreibung des Abstiegs zu fatalistisch<\/strong><br \/>\nWas die langfristige Entwicklung angeht, haben Sie, Herr Hellerberger, vermutlich recht. Gesellschaften entwickeln sich, bl\u00fchen auf \u2013 und vergehen. Sie weichen Urw\u00fcchsigerem, Kr\u00e4ftigerem. Neues entsteht, wird gro\u00df \u2013 und verschwindet auch irgendwann wieder. Geschichte ist so ein Auf und Ab. Dennoch ist mir Ihre Beschreibung zu fatalistisch. Denn innerhalb des langfristigen Trends kommt es ebenfalls zu Auf- und Abschw\u00fcngen. Gerade Ihr Beispiel vom R\u00f6mischen Reich zeigt es.<br \/>\nUm 260 nach Christus war das eigentlich schon am Ende. Der Kaiser in dem\u00fctigender persischer Gefangenschaft, sein Sohn mit Aufst\u00e4nden und Sezessionen \u00fcberall im Reich konfrontiert, schien es bis zum endg\u00fcltigen Kollaps nur noch eine Frage der Zeit. Und dennoch hat sich das Reich ein letztes Mal aufgerappelt und stabilisiert. Starke F\u00fchrungspers\u00f6nlichkeiten, gl\u00fcckliche F\u00fcgungen, Streit bei den Widersachern des Imperiums und Beharrungskr\u00e4fte, die sich reaktivieren lie\u00dfen, haben ein neues Aufbl\u00fchen m\u00f6glich gemacht und die Lebenszeit des Reiches um \u00fcber hundert weitere Jahre verl\u00e4ngert. So sehe ich zwar wie Sie die westliche Kultur in einer Existenzkrise, aber nicht zwangsl\u00e4ufig jetzt schon an ihrem Ende. Alles ist m\u00f6glich.<br \/>\n31.5.2021, E.B.H.<\/p>\n<p><strong>Etwas zu erhalten bedarf der gleichen Energie, wie etwas aufzubauen<\/strong><br \/>\nEs mangelt erheblich am erhalten-wollen und am sinnvollen Umgang mit den Ressourcen, die uns zur Verf\u00fcgung stehen. Die Liste der unn\u00fctzen Gegenst\u00e4nde, die nur noch ihrer selbst Willen produziert und gekauft werden, w\u00e4re unendlich lang. Es ist sicherlich nicht verwerflich, sich einen genehmen Lebensstandart zu g\u00f6nnen, wenn denn damit bewusst umgegangen werden w\u00fcrde! Aber genau daran hapert es gewaltig, wenn man sich die M\u00fcllberge ansieht!<br \/>\n31.5.2021, F.P.<\/p>\n<p><strong>Die Zukunft ist offen, es gibt keine historischen Gesetze.<\/strong><br \/>\nMit gesundem Menschenverstand und Pragmatismus w\u00e4re Rettung m\u00f6glich. Die offensichtliche Verbl\u00f6dung ist umkehrbar. Man muss nur Mut haben, die Linken und Gruenen anzugreifen.<br \/>\n31.5.2021, B.S.<br \/>\nEnde Kommentare<\/p>\n","protected":false},"excerpt":{"rendered":"<p>Home\u00a0&gt;Engagement\u00a0&gt;Zukunft\u00a0&gt;Demokratie\u00a0&gt;Deutschland\u00a0&gt;Gesellschaft\u00a0 &gt;Dekadenz Listenauswahl eines Beitrags: Bitte anklicken oder runterscrollen Epstein DeepState Wertewesten\u00a0(9.2.2026) Horrormensch statt Christkind\u00a0(27.12.2025) EVP-Chef Weber ruft zur Sabotage der Moskauer U-Bahn auf\u00a0(30.9.2025) Friedrich Pohlmann: Wie unsere Gesellschaft aussieht \u2013 vulg\u00e4rdekadent, \u00fcberfremdet, verwahrlost\u00a0(17.11.2024) Josef Kraus: Im Rausch der Dekadenz\u00a0(3.11.2024) &hellip; <a href=\"https:\/\/www.freiburg-schwarzwald.de\/blog\/kultur\/kulturverlust\/dekadenz\/\">Weiterlesen <span class=\"meta-nav\">&rarr;<\/span><\/a><\/p>\n","protected":false},"author":2,"featured_media":0,"parent":81438,"menu_order":0,"comment_status":"closed","ping_status":"closed","template":"","meta":{"footnotes":""},"class_list":["post-91289","page","type-page","status-publish","hentry"],"_links":{"self":[{"href":"https:\/\/www.freiburg-schwarzwald.de\/blog\/wp-json\/wp\/v2\/pages\/91289","targetHints":{"allow":["GET"]}}],"collection":[{"href":"https:\/\/www.freiburg-schwarzwald.de\/blog\/wp-json\/wp\/v2\/pages"}],"about":[{"href":"https:\/\/www.freiburg-schwarzwald.de\/blog\/wp-json\/wp\/v2\/types\/page"}],"author":[{"embeddable":true,"href":"https:\/\/www.freiburg-schwarzwald.de\/blog\/wp-json\/wp\/v2\/users\/2"}],"replies":[{"embeddable":true,"href":"https:\/\/www.freiburg-schwarzwald.de\/blog\/wp-json\/wp\/v2\/comments?post=91289"}],"version-history":[{"count":6,"href":"https:\/\/www.freiburg-schwarzwald.de\/blog\/wp-json\/wp\/v2\/pages\/91289\/revisions"}],"predecessor-version":[{"id":145494,"href":"https:\/\/www.freiburg-schwarzwald.de\/blog\/wp-json\/wp\/v2\/pages\/91289\/revisions\/145494"}],"up":[{"embeddable":true,"href":"https:\/\/www.freiburg-schwarzwald.de\/blog\/wp-json\/wp\/v2\/pages\/81438"}],"wp:attachment":[{"href":"https:\/\/www.freiburg-schwarzwald.de\/blog\/wp-json\/wp\/v2\/media?parent=91289"}],"curies":[{"name":"wp","href":"https:\/\/api.w.org\/{rel}","templated":true}]}}