{"id":91147,"date":"2021-05-31T21:34:04","date_gmt":"2021-05-31T19:34:04","guid":{"rendered":"https:\/\/www.freiburg-schwarzwald.de\/blog\/?page_id=91147"},"modified":"2023-03-21T09:20:37","modified_gmt":"2023-03-21T08:20:37","slug":"pv","status":"publish","type":"page","link":"https:\/\/www.freiburg-schwarzwald.de\/blog\/energie\/pv\/","title":{"rendered":"PV"},"content":{"rendered":"<p>Home &gt;<a title=\"Energie\" href=\"https:\/\/www.freiburg-schwarzwald.de\/blog\/energie\/\">Energie<\/a> &gt;<a href=\"https:\/\/www.freiburg-schwarzwald.de\/blog\/energie\/solar\/\">Solar<\/a> &gt;PV Photovoltaik<\/p>\n<div id=\"attachment_90941\" style=\"width: 650px\" class=\"wp-caption alignnone\"><a href=\"https:\/\/www.freiburg-schwarzwald.de\/blog\/wp-content\/uploads\/2021\/05\/glottertal-regenbogen-pan210520.jpg\"><img loading=\"lazy\" decoding=\"async\" aria-describedby=\"caption-attachment-90941\" class=\"size-full wp-image-90941\" src=\"https:\/\/www.freiburg-schwarzwald.de\/blog\/wp-content\/uploads\/2021\/05\/glottertal-regenbogen-pan210520.jpg\" alt=\"\" width=\"640\" height=\"285\" srcset=\"https:\/\/www.freiburg-schwarzwald.de\/blog\/wp-content\/uploads\/2021\/05\/glottertal-regenbogen-pan210520.jpg 640w, https:\/\/www.freiburg-schwarzwald.de\/blog\/wp-content\/uploads\/2021\/05\/glottertal-regenbogen-pan210520-180x80.jpg 180w\" sizes=\"auto, (max-width: 640px) 100vw, 640px\" \/><\/a><p id=\"caption-attachment-90941\" class=\"wp-caption-text\">Regenbogen im Glottertal bei Freiburg im Mai 2021<\/p><\/div>\n<ul>\n<li><a href=\"https:\/\/www.freiburg-schwarzwald.de\/blog\/energie\/solar\/\">SolarGeno Freiburg: PV auf Dach- wie Bodenfl\u00e4chen<\/a>\u00a0(21.3.2023)<\/li>\n<li><a href=\"https:\/\/www.freiburg-schwarzwald.de\/blog\/energie\/energiepolitik\/nahwaermenetz\/\">Nahw\u00e4rmenetz Kirchzarten<\/a>\u00a0(23.2.2023)<\/li>\n<li>Photovoltaik \u00fcber Parkfl\u00e4chen &#8211; Vorschl\u00e4ge Klimab\u00fcrgerInnenrat (14.11.2022)<\/li>\n<li><a href=\"https:\/\/www.freiburg-schwarzwald.de\/blog\/energie\/pv\/pv-littenweiler\/\">PV-Anlage auf Erdwall am Bahnhof FR-Littenweiler<\/a> (5.4.2022)<\/li>\n<li><a href=\"https:\/\/www.freiburg-schwarzwald.de\/blog\/natur\/landwirt\/agri-pv\/\">Widerst\u00e4nde gegen innovative Agri-PV<\/a>\u00a0(20.7.2022)<\/li>\n<li><a href=\"https:\/\/www.freiburg-schwarzwald.de\/blog\/business\/industrie\/mikrosystemtechnik\/\">Baden-W\u00fcrttemberg ist Weltmarktf\u00fchrer f\u00fcr Mikrosystemtechnik<\/a>\u00a0(18.5.2022)<\/li>\n<li>Freiburger Forscher wollen Strom \u00fcber Stra\u00dfen erzeugen (29.5.2021)<\/li>\n<li><a href=\"https:\/\/www.freiburg-schwarzwald.de\/blog\/energie\/pv\/pv-littenweiler\/\">PV-Anlage auf Erdwall am Bahnhof FR-Littenweiler<\/a> (5.4.2022)<\/li>\n<li><\/li>\n<li><a href=\"https:\/\/www.freiburg-schwarzwald.de\/blog\/natur\/landwirt\/agri-pv\/\">Agri-PV<\/a><\/li>\n<li><a href=\"https:\/\/www.freiburg-schwarzwald.de\/littenweiler\/solarb31.htm\">Freiburg Solar B31<\/a>\u00a0&gt;SolarB31<\/li>\n<li><a href=\"https:\/\/www.freiburg-schwarzwald.de\/blog\/regio\/freiburg\/freiburg-idee\/\">Freiburg-Idee<\/a><\/li>\n<li><a href=\"https:\/\/www.freiburg-schwarzwald.de\/blog\/business\/industrie\/mikrosystemtechnik\/\">Mikrosystemtechnik<\/a><\/li>\n<li><a href=\"https:\/\/www.freiburg-schwarzwald.de\/blog\/energie\/pv\/pv-littenweiler\/\">PV-Littenweiler<\/a><\/li>\n<li><a href=\"https:\/\/www.freiburg-schwarzwald.de\/blog\/energie\/solar\/solarthermie\/\">Solarthermie<\/a><\/li>\n<\/ul>\n<p><strong>PV &#8211; Photovoltaik<\/strong><\/p>\n<p>==========================================<\/p>\n<p><strong>Photovoltaik \u00fcber Parkfl\u00e4chen &#8211; Vorschl\u00e4ge Klimab\u00fcrgerInnenrat<\/strong><br \/>\n<strong>Ersch\u00fcttert \u00fcber die arrogante Antwort der Stadt<\/strong><br \/>\nIch bedanke mich f\u00fcr die engagierte Arbeit des Klimab\u00fcrgerInnenrats. Gleichzeitig bin ich ersch\u00fcttert \u00fcber die arrogante Antwort unserer Stadtverwaltung von &#8222;Green City&#8220;. Insbesondere was das Thema Photovoltaik \u00fcber versiegelten Fl\u00e4chen angeht. Wir k\u00e4mpfen um jedes Windrad in der Region \u00fcber Jahre. Gleichzeitig haben wir tausende von Quadratmetern baumloser Parkpl\u00e4tze, \u00f6ffentlicher wie privater f\u00fcr die Photovoltaik. Die Messe, das Stadion, die vielen Beh\u00f6rden, Gewerbebetriebe wie M\u00f6bel-, Bau- und Superm\u00e4rkte: Gibt es irgendeine Studie \u00fcber dieses Potenzial photovoltaischer Nutzung, \u00fcber die Kosten\/Nutzenrelation, auf die sich unsere B\u00fcrgermeisterin Buchheit und der Umweltamtschef von Zahn in ihrer lapidaren Abfuhr berufen? Gibt es Studien \u00fcber die Reduzierung von innerst\u00e4dtischer Hitze im Sommer mithilfe solcher Bedachung der Riesenparkpl\u00e4tze und ihrer kommunalen Umsetzungschancen? W\u00e4re es leichter, solche Projekte \u00fcber eine st\u00e4dtische Satzung, \u00fcber Ausschreibungen etc. kosteng\u00fcnstig und zeitnah umzusetzen? Gibt es eine Fraktion im Rat, die unserer Verwaltung solche Fragen stellt? Bei Interesse k\u00f6nnten die Verantwortlichen mal nach Colmar oder nach Montbeliard fahren, wo riesige Parkpl\u00e4tze solar\u00fcberdacht sind, effizient in der Konzentration, der technischen Anbindung und Wartung, besser zum Beispiel als bei der vieldiskutierten Agrovoltaik im Kaiserstuhl, und das mit dem angenehmen Nebeneffekt, der K\u00fchle. F\u00fcr die Kfz, die nicht ihre Klimaanlagen laufen lassen m\u00fcssen und f\u00fcr das Stadtklima. Aber vielleicht sind solche Fahrten zu weit.<br \/>\n14.11.2022, Eckhard Engert, Freiburg<\/p>\n<p><strong>Die Stadt Freiburg reagiert k\u00fchl auf Ideen ihres &#8222;Klimab\u00fcrgerInnenrats&#8220;<\/strong><br \/>\n91 zuf\u00e4llig ausgew\u00e4hlte B\u00fcrgerinnen und B\u00fcrger aus 15 Umlandgemeinden und aus der Stadt Freiburg haben in den vergangenen Monaten 48 Handlungsempfehlungen erarbeitet. Diese sind nicht unbedingt neu, aber durchaus weitreichend: Zum Beispiel wollen die Teilnehmer, dass sofort auf allen geeigneten Fl\u00e4chen in der Region Windr\u00e4der gebaut werden, dass versiegelte Freifl\u00e4chen mit Photovoltaik (PV) best\u00fcckt werden<br \/>\n&#8230;<br \/>\nAktuell werden die Ergebnisse des B\u00fcrgerrats in den politischen Gremien diskutiert. Im Informationspapier der Stadtverwaltung f\u00e4llt das Fazit eher ern\u00fcchternd aus. Die &#8222;meisten der genannten Vorschl\u00e4ge&#8220; w\u00fcrden in Freiburg &#8222;bereits inhaltlich bearbeitet und umgesetzt, andere sind in Planung, wenige sind nicht realisierbar&#8220;, hei\u00dft es dort.<br \/>\n&#8230; Alles vom 8.11.2022 bitte lesen auf<br \/>\n<a href=\"https:\/\/www.badische-zeitung.de\/die-stadt-freiburg-reagiert-kuehl-auf-ideen-ihres-klimabuergerinnenrats--223451888.html\">https:\/\/www.badische-zeitung.de\/die-stadt-freiburg-reagiert-kuehl-auf-ideen-ihres-klimabuergerinnenrats&#8211;223451888.html<\/a><\/p>\n<p>Einige Kommentare:<br \/>\n100.000 Euro daf\u00fcr, dass letztendlich nicht wirklich was dabei rausgekommen ist. H\u00e4tte man f\u00fcr soviel Geld lieber mal ein paar Dachfl\u00e4chen mit Solartechnik best\u00fcckt, dann h\u00e4tte man nun etwas, das zumindest zu einem Viertel der Zeit etwas bringt&#8230;.<br \/>\n8.11.2022, J.M.<\/p>\n<p>&#8230; Unterm Strich<br \/>\nSpannend ist der Freiburger Beteiligungsverein mit der EU-Adresse allemal,<br \/>\n<a href=\"https:\/\/www.allwedo.eu\/post\/klima-b%C3%BCrger-innen-rat-region-freiburg\">https:\/\/www.allwedo.eu\/post\/klima-b%C3%BCrger-innen-rat-region-freiburg<\/a><br \/>\nauch wenn die Vision, Modelle f\u00fcr B\u00fcrgerbeteiligung in ganz Europa zu schaffen, noch etwas \u00fcbertrieben erscheint. Wenn die Badische Zeitung es schaffen w\u00fcrde, \u00fcber dieses &#8222;interkommunale&#8220; Projekt auch &#8222;interredaktionell&#8220; zu berichten, gerne im gesamten Einzugsgebiet, dann w\u00e4re schon einiges gewonnen. Ich erwarte also einen weiteren BZ-Artikel, der nicht nur die Freiburger Kommunalpolitik zu Wort kommen l\u00e4\u00dft.<br \/>\nDie F\u00f6rderung dieses Vereins stammt \u00fcbrigens nicht nur aus dem Beteiligungshaushalt des Freiburger Rats. Soweit ich das verstanden habe, <a href=\"http:\/\/www.allwedo.eu\/basic-01\">http:\/\/www.allwedo.eu\/basic-01<\/a><br \/>\nwurde der &#8222;Klima B\u00fcrger:innenrat Region Freiburg&#8220; mit finanziert vom F\u00f6rderprogramm &#8222;Mitwirken 2021-2022&#8220; der gemeinn\u00fctzigen Hertie-Stiftung<br \/>\n<a href=\"http:\/\/www.jetzt-mitwirken.de\/unsere-demokratieprojekte-1\">http:\/\/www.jetzt-mitwirken.de\/unsere-demokratieprojekte-1<\/a><br \/>\n&#8230;<br \/>\n8.11.2022, W.R.<\/p>\n<p><strong>Klimab\u00fcrgerinnenrat Freiburg:<\/strong><br \/>\n<a href=\"https:\/\/www.allwedo.eu\/post\/klima-b%C3%BCrger-innen-rat-region-freiburg\">https:\/\/www.allwedo.eu\/post\/klima-b%C3%BCrger-innen-rat-region-freiburg<\/a><br \/>\nTel 01609-2570639<\/p>\n<p>Allianz f\u00fcr WERTEorientierte Demokratie (AllWeDo) e.V.<br \/>\nEllen-Gottlieb-Str. 7<br \/>\n79106 Freiburg im Breisgau<br \/>\ninfo@allwedo.eu<br \/>\n<a href=\"https:\/\/www.allwedo.eu\">https:\/\/www.allwedo.eu<\/a><\/p>\n<p>&nbsp;<\/p>\n<p>&nbsp;<\/p>\n<p><strong>Freiburger Forscher wollen Strom \u00fcber Stra\u00dfen erzeugen<\/strong><br \/>\nStromerzeugung \u00fcber dem Verkehr: Das Freiburger <a href=\"https:\/\/www.freiburg-schwarzwald.de\/blog\/ise-freiburg-solar-weltrekord\/\">Fraunhofer-Institut<\/a> erforscht Stra\u00dfen\u00fcberdachungen mit Photovoltaik-Anlagen. Politiker w\u00fcnschen sich ein Modellprojekt \u00fcber der <a href=\"https:\/\/www.freiburg-schwarzwald.de\/blog\/regio\/verkehr\/b31\/\">B31<\/a> im <a href=\"https:\/\/www.freiburg-schwarzwald.de\/blog\/regio\/orte\/kirchzarten\/buergerenergie-dreisamtal\/\">Dreisamtal<\/a>.<br \/>\n&#8230;<br \/>\nAuf den ersten Blick, so erkl\u00e4rte der stellvertretende Vorsitzende der SPD-Dreisamtal, Bernd Engesser, klinge es &#8222;erstmal verr\u00fcckt&#8220;, Stra\u00dfen zu \u00fcberdachen und mit PV-Modulen zu best\u00fccken. &#8222;Aber es ist eine Notwendigkeit, wenn man den Klimawandel stoppen will.&#8220; Engesser sprach sich daf\u00fcr aus, m\u00f6glichst schnell ein solches Modellprojekt umzusetzen. Der Arbeitskreis Mobilit\u00e4t der SPD-Freiburg verfolgt die Idee ebenfalls.<br \/>\n&#8230; Alles vom 29.5.2021 bitte lesen auf<br \/>\n<a href=\"https:\/\/www.badische-zeitung.de\/freiburger-forscher-wollen-strom-ueber-strassen-erzeugen--201597329.html\">https:\/\/www.badische-zeitung.de\/freiburger-forscher-wollen-strom-ueber-strassen-erzeugen&#8211;201597329.html<\/a><br \/>\n.<br \/>\nKommentare:<strong><br \/>\nPV auf Strassen oder D\u00e4chern? Speicherung!<\/strong><br \/>\nJetzt bin ich am \u00fcberlegen, welche Lobby wohl da dahintersteckt, statt einfach m\u00f6glichst viele halbwegs s\u00fcdw\u00e4rts gerichtete D\u00e4cher mit PV zu best\u00fccken so etwas Aufw\u00e4ndiges zu machen. Oder ist es einfach Technikverliebtheit nach dem Motto: Warum eine einfache L\u00f6sung, wenn man es technisch hochwertig machen kann? Und nebenbei: Der Regen schwemmt die vielen problematischen Feinst\u00e4ube weg ( Abrieb von Bremsen, Reifen, Stra\u00dfenbelag, ggf. auch Abgase von Kfz, die chemisch mit anderen Stoffen in der luft zu St\u00e4uben reagiert haben ). Sie werden im Abwasserstrom stark verd\u00fcnnt und weniger problematisch. In einem Tunnel oder in einer regengesch\u00fctzte Galerie bleibt der Staub.<br \/>\nStrom zu erzeugen aus dem Sonnenlicht ist nicht so sehr das Problem ( abgesehen davon, m\u00f6glichst effektive Module zu erfinden ), wichtig w\u00e4ren L\u00f6sungen zur Speicherung bzw. zur \u00dcberwindung der Kluft von Energieanlieferung und Energieverbrauch<br \/>\n29.4.2021, W.B.<\/p>\n<p><strong>Falkensteig retten<\/strong><br \/>\nKeine ganz neue aber immer noch gute Idee. Am besten w\u00e4re es, Falkensteig zu retten indem man die Stra\u00dfe komplett ummauerte und das Dach dann begr\u00fcnt und Solaranlagen drauf machte. 2 Fliegen mit einer Klappe, weniger L\u00e4rm f\u00fcr die Anwohner und ein bi\u00dfchen Strom, der dem Ort zugute kommen sollte. Mir tun die Anwohner jedes mal leid, wenn ich Richtung Donaueschingen fahre&#8230;<br \/>\n29.4.2021, R.S.<\/p>\n<p><strong>PV auf Hausdach sowie Strasse<\/strong><br \/>\nWie immer, schlie\u00dft ja das eine das andere nicht aus. Nat\u00fcrlich sollten m\u00f6glichst alle geeigneten D\u00e4cher mit PV ausgestattet werden. Und vom Gesetzgeber sollte dies auch unterst\u00fctzt und vorangetrieben werden. Einen bundesweiten Wettbewerb findet man unter https:\/\/wattbewerb.de, bei dem St\u00e4dte m\u00f6glichst viel PV auf die D\u00e4cher bringen.<br \/>\nAber auch alle anderen m\u00f6glichen Fl\u00e4chen sollten auf ihre Eignung untersucht werden. So hat auch die AgriPV gro\u00dfe Fortschritte bei den Installationsverfahren ohne Beton gemacht (bisher ein gro\u00dfer Kritikpunkt). Auch m\u00f6glichst viele Parkpl\u00e4tze, beispielsweise die der Superm\u00e4rkte auf der gr\u00fcnen Wiese sollten &#8211; hier sogar per Gesetz &#8211; mit PV \u00fcberdacht werden.<br \/>\nPV \u00fcber Autobahnen? Zumindest abschnittsweise sicherlich interessant. Vielleicht sollte aber noch mehr daran gearbeitet werden, den Verkehr von der Stra\u00dfe auf die Schiene zu kriegen. Das w\u00fcrde den Landschaftsverbrauch und gleichzeitig die CO2-Emissionen stark verminden.<br \/>\n29.4.2021, R.H.<br \/>\n<strong>&#8222;Schutz vor Regen und Sonne f\u00fcr Radfahrer&#8220;<\/strong><br \/>\nDer Artikel preist die innovative Idee, Solarzellen \u00fcber Stra\u00dfen zu montieren. Auch fr\u00fchere Fehlversuche im Dreisamtal werden benannt. Bei genauer Betrachtung stellt sich das Ganze als gar nicht so neu dar. In S\u00fcdkorea zum Beispiel wurde ein Radweg zwischen zwei Autobahntrassen auf 30 Kilometer \u00fcberdacht \u2013 nicht die Stra\u00dfe. Machen die Abgase der Autos unter einem Solardach Probleme, k\u00f6nnen Radfahrer bei der Konstruktion auf Schutz vor Regen und Sonne bauen. Ein doppelter Effekt, wenn Emissionen durch das Radfahren gespart werden und alternativer Strom durch die Solarzellen produziert wird. Das w\u00e4re in der Green City f\u00fcr die Radvorrangrouten gerade auch bis ins Umland h\u00f6chst interessant und f\u00fcr die Forscher vom Fraunhofer eine echte Alternative. Wir sollten weltweit Ideen aufgreifen, um das Klima zu retten.<br \/>\n31.5.2021, Stefan Dalm\u00fchle, Freiburg<\/p>\n<p><strong>&#8222;Ohne B\u00fcrgerprojekte keine Energiewende&#8220;<\/strong><br \/>\nDer lesenswerte Artikel \u00fcber die Online-Diskussion von Klima-Interessierten, SPD und ISE ben\u00f6tigt eine Richtigstellung. Die Zeiten haben sich gewandelt, und selbst die CDU ben\u00f6tigt derzeit Klimaprojekte im Dreisamtal. Der sogenannte Investor damals war die B\u00fcrger Energie Genossenschaft Dreisamtal eG (BEG-Dreisamtal), die 2020 liquidiert wurde. Die Projekte PV-Schallschutzmauer, Nahw\u00e4rme oder Biogasanlage waren und sind auch heute noch alle wirtschaftlich. Wegen mangelnder Wirtschaftlichkeit wurde nicht das Handtuch geworfen, sondern wegen erheblicher Widerst\u00e4nde in Politik und Verwaltung. Der Gemeinderat Kirchzarten gab keineswegs gr\u00fcnes Licht, sondern stimmte lediglich der Anfrage f\u00fcr eine Nutzungsplan\u00e4nderung zu.<br \/>\nDanach gingen die urspr\u00fcnglichen Kosten f\u00fcr diese Verwaltungsaktion \u00fcber Nacht von 10 000 auf 40 000 Euro hoch. Das Risiko eines negativen Bescheides und m\u00f6glicher Anwohnereinspr\u00fcche aus der Birkenhofsiedlung h\u00e4tte die BEG-Dreisamtal eG tragen m\u00fcssen.<br \/>\nMit der B-31-\u00dcberdachung als strategisches Innovationsprojekt k\u00f6nnten die Pl\u00e4ne wieder aus der Schublade geholt werden, als Bausteine einer integrierten Gesamtl\u00f6sung der Sektoren-Kopplung. Der Juniorpartner CDU im Land k\u00f6nnte es sich diesmal nicht leisten, dagegen zu sein. Und auch die Mehrheit im Gemeinderat Kirchzarten hat sich drastisch verschoben. Mit oder ohne F\u00f6rdermittel rechnet sich der PV-Schallschutz.<br \/>\nRot-Gr\u00fcn-Sozial k\u00f6nnten wohl die EWK beauftragen, an diesen Innovationsprojekten teilzunehmen. Der Klimamanager Dreisamtal \u00fcbernimmt das Projektmanagement, wenn es denn diesen g\u00e4be. Hobby-Planer werden wohl kaum EU- oder Konjunktur-F\u00f6rdermittel beschaffen k\u00f6nnen. Meine Prognose: Es wird eine Renaissance f\u00fcr PV-Projekte an Balkon-, Garagen-, Parkplatz- und Schallschutzw\u00e4nden geben, f\u00fcr all die E-Bikes und -Cars. Ohne B\u00fcrgerprojekte keine Energiewende.<br \/>\n31.5.2021, Goetz Mosig-Baumeister, Stegen<\/p>\n<p>Ende Komentare<\/p>\n","protected":false},"excerpt":{"rendered":"<p>Home &gt;Energie &gt;Solar &gt;PV Photovoltaik SolarGeno Freiburg: PV auf Dach- wie Bodenfl\u00e4chen\u00a0(21.3.2023) Nahw\u00e4rmenetz Kirchzarten\u00a0(23.2.2023) Photovoltaik \u00fcber Parkfl\u00e4chen &#8211; Vorschl\u00e4ge Klimab\u00fcrgerInnenrat (14.11.2022) PV-Anlage auf Erdwall am Bahnhof FR-Littenweiler (5.4.2022) Widerst\u00e4nde gegen innovative Agri-PV\u00a0(20.7.2022) Baden-W\u00fcrttemberg ist Weltmarktf\u00fchrer f\u00fcr Mikrosystemtechnik\u00a0(18.5.2022) Freiburger Forscher wollen &hellip; <a href=\"https:\/\/www.freiburg-schwarzwald.de\/blog\/energie\/pv\/\">Weiterlesen <span class=\"meta-nav\">&rarr;<\/span><\/a><\/p>\n","protected":false},"author":2,"featured_media":0,"parent":15,"menu_order":0,"comment_status":"closed","ping_status":"closed","template":"","meta":{"footnotes":""},"class_list":["post-91147","page","type-page","status-publish","hentry"],"_links":{"self":[{"href":"https:\/\/www.freiburg-schwarzwald.de\/blog\/wp-json\/wp\/v2\/pages\/91147","targetHints":{"allow":["GET"]}}],"collection":[{"href":"https:\/\/www.freiburg-schwarzwald.de\/blog\/wp-json\/wp\/v2\/pages"}],"about":[{"href":"https:\/\/www.freiburg-schwarzwald.de\/blog\/wp-json\/wp\/v2\/types\/page"}],"author":[{"embeddable":true,"href":"https:\/\/www.freiburg-schwarzwald.de\/blog\/wp-json\/wp\/v2\/users\/2"}],"replies":[{"embeddable":true,"href":"https:\/\/www.freiburg-schwarzwald.de\/blog\/wp-json\/wp\/v2\/comments?post=91147"}],"version-history":[{"count":5,"href":"https:\/\/www.freiburg-schwarzwald.de\/blog\/wp-json\/wp\/v2\/pages\/91147\/revisions"}],"predecessor-version":[{"id":110905,"href":"https:\/\/www.freiburg-schwarzwald.de\/blog\/wp-json\/wp\/v2\/pages\/91147\/revisions\/110905"}],"up":[{"embeddable":true,"href":"https:\/\/www.freiburg-schwarzwald.de\/blog\/wp-json\/wp\/v2\/pages\/15"}],"wp:attachment":[{"href":"https:\/\/www.freiburg-schwarzwald.de\/blog\/wp-json\/wp\/v2\/media?parent=91147"}],"curies":[{"name":"wp","href":"https:\/\/api.w.org\/{rel}","templated":true}]}}