{"id":91004,"date":"2021-05-24T21:58:39","date_gmt":"2021-05-24T19:58:39","guid":{"rendered":"https:\/\/www.freiburg-schwarzwald.de\/blog\/?page_id=91004"},"modified":"2026-05-29T09:45:16","modified_gmt":"2026-05-29T07:45:16","slug":"pfingsten","status":"publish","type":"page","link":"https:\/\/www.freiburg-schwarzwald.de\/blog\/religion\/kirchen\/pfingsten\/","title":{"rendered":"Pfingsten"},"content":{"rendered":"<p><a href=\"https:\/\/www.freiburg-schwarzwald.de\/blog\">Home<\/a>\u00a0&gt;<a title=\"Religion\" href=\"https:\/\/www.freiburg-schwarzwald.de\/blog\/religion\/\">Religion<\/a>\u00a0&gt;<a title=\"Ostern\" href=\"https:\/\/www.freiburg-schwarzwald.de\/blog\/religion\/kirchen\/ostern\/\">Kirchen<\/a> &gt;<a href=\"https:\/\/www.freiburg-schwarzwald.de\/blog\/religion\/kirchen\/ostern\/\">Ostern<\/a> &gt;Pfingsten<\/p>\n<div id=\"attachment_106157\" style=\"width: 650px\" class=\"wp-caption alignnone\"><a href=\"https:\/\/www.freiburg-schwarzwald.de\/blog\/wp-content\/uploads\/2022\/11\/staufen-burg-wegekreuz-pan202211.jpg\"><img loading=\"lazy\" decoding=\"async\" aria-describedby=\"caption-attachment-106157\" class=\"size-full wp-image-106157\" src=\"https:\/\/www.freiburg-schwarzwald.de\/blog\/wp-content\/uploads\/2022\/11\/staufen-burg-wegekreuz-pan202211.jpg\" alt=\"\" width=\"640\" height=\"338\" srcset=\"https:\/\/www.freiburg-schwarzwald.de\/blog\/wp-content\/uploads\/2022\/11\/staufen-burg-wegekreuz-pan202211.jpg 640w, https:\/\/www.freiburg-schwarzwald.de\/blog\/wp-content\/uploads\/2022\/11\/staufen-burg-wegekreuz-pan202211-180x95.jpg 180w\" sizes=\"auto, (max-width: 640px) 100vw, 640px\" \/><\/a><p id=\"caption-attachment-106157\" class=\"wp-caption-text\">Staufener Burg im Markgr\u00e4fler Land &#8211; Wegekreuz November 2022<\/p><\/div>\n<p>&nbsp;<\/p>\n<ul>\n<li><em>Listenauswahl eines Beitrags (Artikel\/Datum, Seite\/Inhalt): <span style=\"text-decoration: underline;\">Klicken<\/span> oder scrollen<\/em><\/li>\n<li>Stefan Felber: Rechte Christen oder (r)echter Glaube? (25.5.2026)<\/li>\n<li>Pfingsten \u2013 eine liebevolle Provokation (25.5.2026)<\/li>\n<li><a href=\"https:\/\/www.freiburg-schwarzwald.de\/blog\/in-haft-dr-med-bianca-witzschela-witzschel\/\">In Haft: Dr med Bianca Witzschel<\/a>\u00a0(23.5.2026)<\/li>\n<li><a href=\"https:\/\/www.freiburg-schwarzwald.de\/blog\/christen-ostern-bis-pfingsten\/\">Christen: Ostern bis Pfingsten<\/a>\u00a0(2.4.2026)<\/li>\n<li><a href=\"https:\/\/www.freiburg-schwarzwald.de\/blog\/pfingsten-wunsch-mehr-geist\/\">Pfingsten-Wunsch: Mehr Geist<\/a> (5.6.2025)<\/li>\n<li><a href=\"https:\/\/www.freiburg-schwarzwald.de\/blog\/pfingsten-trost-den-menschen\/\">Pfingsten: Trost den Menschen<\/a> (28.5.2023)<\/li>\n<li>Pfingsten-Realsatire: Wetter, Essen, Israel-Gaza, Heilige (24.5.2021)<\/li>\n<li><a href=\"https:\/\/www.freiburg-schwarzwald.de\/blog\/pfingsten-christl-abendland\/\"> Pfingsten \u2013 Christliches Abendland<\/a> (1.6.2020)<\/li>\n<li><a href=\"https:\/\/www.freiburg-schwarzwald.de\/blog\/pfingsten-und-der-heilige-geist\/\">Pfingsten und der heilige Geist<\/a> (9.6.2019)<\/li>\n<li><a href=\"https:\/\/www.freiburg-schwarzwald.de\/blog\/pfingsten-oekumene-migration\/\">Pfingsten \u00d6kumene Migration<\/a> (15.5.2016)<\/li>\n<li><a href=\"https:\/\/www.freiburg-schwarzwald.de\/blog\/pfingsten-keine-ahnung\/\">Pfingsten \u2013 keine Ahnung<\/a> (24.5.2015)<\/li>\n<\/ul>\n<ul>\n<li><a href=\"https:\/\/www.freiburg-schwarzwald.de\/blog\/religion\/kirchen\/ekd\/\">EKD<\/a><\/li>\n<li><a href=\"https:\/\/www.freiburg-schwarzwald.de\/blog\/religion\/gott\/ewigkeit\/\">Ewigkeit<\/a><\/li>\n<li><a title=\"Fluechtlinge-Christen\" href=\"https:\/\/www.freiburg-schwarzwald.de\/blog\/global\/integration\/fluechtlinge-christen\/\">Fluechtlinge-Christen<\/a><\/li>\n<li><a href=\"https:\/\/www.freiburg-schwarzwald.de\/littenweiler\/oekumene.htm#Forum%20f%C3%BCr%20interreligi%C3%B6se%20Zusammenarbeit%20(FIZ)%20Freiburg\">Forum f\u00fcr interreligi\u00f6se Zusammenarbeit (FIZ) Freiburg<\/a>\u00a0&gt;Oekumene<\/li>\n<li><a href=\"https:\/\/www.freiburg-schwarzwald.de\/fronleichnam.htm\">Fronleichnamsprozessionen<\/a>\u00a0&gt;Fronleichnam<\/li>\n<li><a title=\"Gott\" href=\"https:\/\/www.freiburg-schwarzwald.de\/blog\/religion\/gott\/\">Gott<\/a><\/li>\n<li><a href=\"https:\/\/www.freiburg-schwarzwald.de\/jerusalem\/index.htm\">Jerusalem \u2013 ev Kirche<\/a>\u00a0&gt;Jerusalem<\/li>\n<li><a title=\"Katholisch\" href=\"https:\/\/www.freiburg-schwarzwald.de\/blog\/religion\/katholisch\/\">Katholisch<\/a><\/li>\n<li><a href=\"https:\/\/www.freiburg-schwarzwald.de\/taize.htm\">Taize \u2013 Communaut\u00e9 im Burgund<\/a>\u00a0&gt;Taize (7.9.2005)<\/li>\n<li><a href=\"https:\/\/www.freiburg-schwarzwald.de\/blog\/religion\/kirche-reform\/\">Kirche-Reform<\/a><\/li>\n<li><a title=\"Kirche-Politik\" href=\"https:\/\/www.freiburg-schwarzwald.de\/blog\/religion\/kirche-politik\/\">Kirche-Politik<\/a><\/li>\n<li><a title=\"Kirche-Staat\" href=\"https:\/\/www.freiburg-schwarzwald.de\/blog\/religion\/kirche-staat\/\">Kirche \u2013 Staat (Trennung von Kirche und Staat)<\/a><\/li>\n<li><a href=\"https:\/\/www.freiburg-schwarzwald.de\/blog\/religion\/kirchen\/kirchenschaendung\/\">Kirchensch\u00e4ndungen<\/a><\/li>\n<li><a href=\"https:\/\/www.freiburg-schwarzwald.de\/blog\/religion\/kirchen\/kirchenschliessungen\/\">Kirchenschliessungen<\/a><\/li>\n<li><a title=\"Kirchentag\" href=\"https:\/\/www.freiburg-schwarzwald.de\/blog\/religion\/kirchen\/kirchentag\/\">Kirchentag<\/a><\/li>\n<li><a href=\"https:\/\/www.freiburg-schwarzwald.de\/kloster.htm\">Klosteranlagen<\/a>\u00a0&gt;Kloster<\/li>\n<li><a href=\"https:\/\/www.freiburg-schwarzwald.de\/littenweiler\/kapellen.htm\">Kleine Kirchen<\/a>\u00a0&gt;Kapellen<\/li>\n<li><a href=\"https:\/\/www.freiburg-schwarzwald.de\/kirchen.htm\">Kirchen im Hochschwarzwald<\/a>\u00a0&gt;frsw.de\/kirchen<\/li>\n<li><a href=\"https:\/\/www.freiburg-schwarzwald.de\/sozialstation.htm\">Kirchliche Sozialstationen<\/a>\u00a0&gt;Sozialstation<\/li>\n<li><a href=\"https:\/\/www.freiburg-schwarzwald.de\/blog\/religion\/kirchen\/kloster\/\">Kloster<\/a><\/li>\n<li><a title=\"Kolpingwerk\" href=\"https:\/\/www.freiburg-schwarzwald.de\/blog\/selbsthilfe\/soziales\/kolpingwerk\/\">Kolping<\/a>\u00a0&gt;Kolpingwerk<\/li>\n<li><a title=\"Konfessionslosigkeit\" href=\"https:\/\/www.freiburg-schwarzwald.de\/blog\/religion\/konfessionslosigkeit\/\">Konfessionslosigkeit<\/a><\/li>\n<li><a title=\"Kreuze\" href=\"https:\/\/www.freiburg-schwarzwald.de\/blog\/religion\/kreuze\/\">Kreuze<\/a><\/li>\n<li><a href=\"https:\/\/www.freiburg-schwarzwald.de\/blog\/religion\/katholisch\/leo\/\">LeoXIV<\/a><\/li>\n<\/ul>\n<p><strong>Die drei gro\u00dfen Festtage der Christen: Weihnachten, Ostern und Pfingsten<br \/>\n.<br \/>\n<\/strong><strong>Pfingsten &#8222;Geburtstag der Kirche&#8220; in der Bibel, Apostelgeschichte 2:<\/strong><br \/>\n<em>50 Tage nach dem Kreuzestod von Jesu kamen seine J\u00fcnger zusammen, als ein Sturm aufkam und der Heilige Geist sich in Form von Feuerzungen auf die \u00fcberraschten J\u00fcnger senkte. Sie konnten pl\u00f6tzlich alle fremden Sprachen verstehen und sprechen. Und sie machten sich daran, allen Menschen vom Frieden und der Liebe zu erz\u00e4hlen. Der Heilige Geist flie\u00dft an Pfingsten von Gott zu den Menschen und str\u00f6mt auch zwischen den Menschen.\u00a0<\/em><br \/>\nPfingsten ist der Festtag von Frieden und Liebe &#8211; von Friedensbewegung und Pazifismus.<br \/>\n.<br \/>\n&#8222;Das Pfingstfest steht irgendwie unter dem Motto &#8222;Herr, lass Hirn regnen!&#8220;&#8220; (<a href=\"https:\/\/www.freiburg-schwarzwald.de\/blog\/kultur\/dichter\/klonovsky\/\">Michael Klonovsky<\/a>, 8.6.2025)<br \/>\n.<br \/>\n&#8222;Pfingsten sind die Geschenke am geringsten, w\u00e4hrend Geburtstag, Ostern und Weihnachten etwas einbrachten&#8220; (Brecht, Kinderalphabet)<br \/>\n.<\/p>\n<div id=\"attachment_149597\" style=\"width: 651px\" class=\"wp-caption alignnone\"><a href=\"https:\/\/www.freiburg-schwarzwald.de\/blog\/wp-content\/uploads\/2026\/05\/witzschel-biance-corona-260517pan.jpg\"><img loading=\"lazy\" decoding=\"async\" aria-describedby=\"caption-attachment-149597\" class=\"size-full wp-image-149597\" src=\"https:\/\/www.freiburg-schwarzwald.de\/blog\/wp-content\/uploads\/2026\/05\/witzschel-biance-corona-260517pan.jpg\" alt=\"Corona-\u00c4rztin Dr. Bianca Witzschel im Gef\u00e4ngnis Chemnitz an Pfingsten 2026 - sch\u00e4mt euch!\" width=\"641\" height=\"398\" srcset=\"https:\/\/www.freiburg-schwarzwald.de\/blog\/wp-content\/uploads\/2026\/05\/witzschel-biance-corona-260517pan.jpg 641w, https:\/\/www.freiburg-schwarzwald.de\/blog\/wp-content\/uploads\/2026\/05\/witzschel-biance-corona-260517pan-180x112.jpg 180w\" sizes=\"auto, (max-width: 641px) 100vw, 641px\" \/><\/a><p id=\"caption-attachment-149597\" class=\"wp-caption-text\">Corona-\u00c4rztin Dr. Bianca Witzschel im Gef\u00e4ngnis Chemnitz an Pfingsten 2026 &#8211; sch\u00e4mt euch!<\/p><\/div>\n<p>==============================================================<\/p>\n<p><a href=\"https:\/\/www.freiburg-schwarzwald.de\/blog\/wp-content\/uploads\/2025\/02\/kontrafunk-klein.jpg\"><img loading=\"lazy\" decoding=\"async\" class=\"alignnone size-full wp-image-130778\" src=\"https:\/\/www.freiburg-schwarzwald.de\/blog\/wp-content\/uploads\/2025\/02\/kontrafunk-klein.jpg\" alt=\"\" width=\"150\" height=\"105\" \/><\/a><\/p>\n<p><strong>Stefan Felber: Rechte Christen oder (r)echter Glaube?<\/strong><br \/>\nWas geschah an Pfingsten um das Jahr 30 nach Christus? Wie von Jesus und schon im Alten Testament angek\u00fcndigt: Der Heilige Geist wird ausgegossen. Die Folge: Der Apostel Petrus predigt von dem auferstandenen Jesus Christus aus dem Alten Testament, und Menschen mit verschiedenen Sprachen k\u00f6nnen es verstehen. In Jerusalem hielten sich damals nach Sch\u00e4tzungen zwischen 100 und 200.000 Menschen auf, zum gro\u00dfen Teil Pilger wegen eines wichtigen j\u00fcdischen Festes. Aufgrund der kraftvollen Predigt des Petrus aus dem Alten Testament lie\u00dfen sich 3000 Menschen taufen. Diese Minderheit bildete den Beginn der christlichen Kirche, die bald von den j\u00fcdischen und r\u00f6mischen Beh\u00f6rden verfolgt werden w\u00fcrde. Wir halten fest: Der Heilige Geist \u00f6ffnete die Augen f\u00fcr das Zeugnis der Heiligen Schrift. Jesus ist der Messias des Alten Testaments. F\u00fcr diesen Glauben nahmen die Getauften bald erhebliche Nachteile in Kauf.<\/p>\n<p>Pfingsten im Jahr 2026. Die Ratsvorsitzende der Evangelischen Kirche in Deutschland spricht in einer Videobotschaft: Der Heilige Geist \u201eweht und wirbelt und mischt die Welt auf. Und pl\u00f6tzlich, ja pl\u00f6tzlich verstehen sie sich alle. Universal l\u00f6sen sich die Grenzen zwischen L\u00e4ndern und den Menschen buchst\u00e4blich in Luft auf. Im Geistwind. V\u00f6lkerverst\u00e4ndigung in Windeseile und Liebessturm statt Hassw\u00fcten. Ein Verst\u00e4ndigungsort vom Feinsten. Gro\u00dfartig. Pfingsten h\u00e4lt also gegen. Ist Aufstand gegen die Angst damals und gegen die Angst heute in dieser komplexen, schnellen und oft gewaltvollen Welt. Pfingsten h\u00e4lt gegen. Gegen die im Geist begrenzten Spalter dieser Welt\u201c.<\/p>\n<p>Dass Pfingsten etwas mit dem Glauben an den Messias des Alten Testaments zu tun hat, ist verschwunden. Die Botschaft von Jesus ist ersetzt durch die d\u00fcnne Wassersuppe aus menschlicher Gemeinschaft. Die Bereitschaft, f\u00fcr den Glauben mit Leib und Leben einzustehen, ist verdr\u00e4ngt: Nur ja keine Spaltung in der Gesellschaft riskieren! Das Problem ist: Unsere Politiker predigen weithin genau die gleiche Botschaft. Wozu also brauchen wir noch den kirchlichen Apparat? Kein Wunder, dass die Landeskirchen schrumpfen. Aber ihre Leiter wollen noch einmal trumpfen. Sie leisten zwar nicht, was ihnen die Heilige Schrift vorgibt. Aber leisten k\u00f6nnen sie sich immer noch einiges. Im \u201eKampf gegen rechts\u201c verbrauchen sie die letzten Reserven. Seit etwa f\u00fcnfzehn Jahren pumpen die Kirchen\u00e4mter einen breiten Strom an Stellungnahmen, Faltbl\u00e4ttern, B\u00fcchern und Tagungen ins Meer der \u00d6ffentlichkeit: Gewarnt wird vor konservativen Christen als Spaltern und Gef\u00e4hrdern \u201eunserer Demokratie\u201c. Um die n\u00f6tigen Euros zusammenzukratzen, brauchen die Kirchen\u00e4mter auch das Geld der Nichtkirchensteuerzahler. In mehreren Landeskirchen werden Faltbl\u00e4tter gegen sogenannte rechte Christen verteilt. In diesen werden Christen, die sich beim \u201eMarsch f\u00fcr das Leben\u201c beteiligen, die die \u201eEhe f\u00fcr alle\u201c ablehnen oder vor Islamisierung warnen, mit totalit\u00e4ren Positionen vermischt oder als Gefahr f\u00fcr die Demokratie \u201eeingeordnet\u201c.<\/p>\n<p>Derlei Propaganda lassen sich die Kirchen teilweise vom Staat mitfinanzieren, etwa von der \u201eMobilen Beratung gegen Rechtsextremismus f\u00fcr Demokratie Niedersachsen\u201c, finanziert aus dem \u201eBundesprogramm Demokratie leben\u201c des Familienministeriums. \u00c4hnlich agieren die Leitungen der evangelischen und der katholischen Kirchentage: Alles ist m\u00f6glich, was aber einmal als rechts \u201eeingeordnet\u201c, geframt wurde, ist unm\u00f6glich. Dass damit vielfach die klassischen biblischen Positionen \u00fcber Bord geworfen werden, st\u00f6rt vermutlich so lange nicht, wie gen\u00fcgend Kirchensteuern eingehen. Der \u201eKampf gegen rechts\u201c wirkt wie das letzte Gefecht einer untergehenden Kirche. Da und dort jedoch regt sich Widerstand. In einer neuen Brosch\u00fcre mit dem Titel \u201e\u201aRechte ChristInnen\u2018 oder rechter Glaube?\u201c \u2013 das Binnen-I ist als Zitat zu verstehen \u2013 wehren sich zehn christliche Vereinigungen gemeinsam gegen die Ersetzung theologischer Argumente durch parteipolitische Zuordnungen.<\/p>\n<p>Weitere zw\u00f6lf namhafte Professoren und Pastoren haben mitunterzeichnet. Sie lehnen die Wiederkehr der Propaganda ab, die die Menschen im sozialistischen Ostblock allzu lange ertragen mussten: Wo die Staatsmedien damals \u201eDemokratie\u201c sagten, meinten sie in Wirklichkeit oft \u201eSozialismus\u201c. Was sich Demokratie nennt, sollte auch Demokratie sein: Rechtsstaat und Freiheit. Wo Kirche draufsteht, sollte auch Kirche drin sein: Jesus Christus, Heilige Schrift und bibelorientierte Verk\u00fcndigung. Was Pfingsten genannt wird, sollte erst recht dem Geist der Wahrheit entsprechen: Durch das Bibelwort stellt uns der Heilige Geist Jesus als Erl\u00f6ser vor Augen. Ohne den Glauben an Jesus aber verlieren wir auch die Gemeinschaft, die er stiftet. Und wo, wenn nicht bei den Kirchen, sollte das biblische Argument mehr wiegen als das Rechts-links-Schema? Wo, wenn nicht bei den Kirchen, sollten Menschen bereit sein, f\u00fcr den Bu\u00dfruf Jesu Christi zur Minderheit zu geh\u00f6ren?<br \/>\n&#8230; Alles vom 25.5.2026 von Stefan Felber bitte lesen auf<br \/>\n<a href=\"https:\/\/kontrafunk.radio\/de\/sendung-nachhoeren\/politik-und-zeitgeschehen\/kontrafunk-aktuell\/kontrafunk-aktuell-vom-25-mai-2026\">https:\/\/kontrafunk.radio\/de\/sendung-nachhoeren\/politik-und-zeitgeschehen\/kontrafunk-aktuell\/kontrafunk-aktuell-vom-25-mai-2026<\/a><\/p>\n<p>&nbsp;<\/p>\n<p><strong>Pfingsten \u2013 eine liebevolle Provokation<\/strong><br \/>\nVon den gro\u00dfen christlichen Festen ist Pfingsten das unbekannteste. Dabei ist es ungleich provokanter als Weihnachten oder Ostern, sein Inhalt schlechthin mysteri\u00f6s. Und es fordert uns heraus.<br \/>\n&#8230; Alles vom 28.5.2023 von Anna Diouf bitte lesen auf<br \/>\n<a href=\"https:\/\/www.corrigenda.online\/kultur\/pfingsten-eine-liebevolle-provokation\">https:\/\/www.corrigenda.online\/kultur\/pfingsten-eine-liebevolle-provokation<\/a><\/p>\n<p>&nbsp;<\/p>\n<p><strong>Pfingsten-Realsatire: Wetter, Essen, Israel-Gaza, Heilige<\/strong><\/p>\n<p>Pfingsten 2021: Ich stehe auf und torkle wie jeden Tag zum Briefkasten die Zeitung holen. Als ich sie aufschlage freue ich mich \u00fcber den Wetterbericht. Seit Tagen regnet es, aber f\u00fcr heute ist Null Niederschlag gemeldet. Ich bin das Gegenteil von niedergeschlagen, doch die Freude h\u00e4lt nur kurz an, denn der Blick aus dem Fenster verr\u00e4t mir Regen. Wer kann nun besser l\u00fcgen, die Wetterfr\u00f6sche der Zeitung oder Petrus \u2013 wof\u00fcr will der uns strafen? Da erinnere ich mich an eine Meldung der letzten Tage. Die Wetterberichte seien nicht mehr so zuverl\u00e4ssig wie fr\u00fcher, weil weniger Flugzeuge am Himmel unterwegs sind. Das ist doch gut, sagen die von FFF. Im Prinzip ja, meldet Radio Eriwan, aber keine Flieger k\u00f6nnen auch keine Wetterdaten mehr funken. Ja, alles hat zwei Seiten. Ich hoffe nun, dass die politischen Wetterpropheten ebenfalls irren, wonach eine Annalena B. die neue (Ab)Kanzlerin wird.<\/p>\n<p>Als n\u00e4chstes f\u00e4llt mir auf, dass da etwas blinkt. Ich schaue auf die Fehleranzeige, was das soll: Ein n\u00e4chtlicher Stromausfall. Das kann ja heiter werden, denke ich und siehe da, jetzt drang ein Sonnenstrahl durch die Wolken. Hoppla, bin ich Gott, der sprach \u201eEs werde Licht\u201c \u2013 nur weil ich dachte, das kann ja heiter werden? Hatte mir der Stromlieferant badenova noch abschlie\u00dfend einen Streich gespielt, weil ich den Vertrag gek\u00fcndigt habe. Ich hatte mich ge\u00e4rgert, weil badenova die Ahmadiyya Muslim Jamaat, eine muslimische Sekte, mit einer ansehnlichen Spende unterst\u00fctzt hatte. Obwohl diese kein gutes Klima verbreitet. Sie k\u00f6nnten ja an ihre Minarette Windfl\u00fcgel schrauben.<\/p>\n<p>Dann schalte ich das Radio ein und h\u00f6re eine gute Nachricht: Deutschland landete beim Grand Prix d\u2018Eurovision nicht auf dem allerletzten Platz. Von wegen, wir seien \u00fcberall das Schlusslicht. Dann aber noch eine schlechte, die Hamas h\u00e4tte doch noch einige Raketen gehabt; die \u00c4gypter erreichten trotzdem den Waffenstillstand. Schon einmal war ein \u00c4gypter der Neuzeit ein gro\u00dfer Feldherr, der drittgr\u00f6\u00dfte der Geschichte. Der Zar von Russland war ein gro\u00dfer, der Napoleon in einem russischen Winter aus dem Land warf. Dasselbe tat Stalin, der auch den russischen Winter abwartete und Hitlers Armee oder was davon \u00fcbrig war wieder vertrieb. Dieselbe Taktik verfolgte auch Gamal Abdel Nasser. Er lie\u00df die Israelis 1967 ins Land (nachdem er diese zuvor angegriffen hatte), und wartete auf den russischen Winter \u2013 allerdings vergeblich bis zu seinem Tod.<\/p>\n<p>Nach dem Fr\u00fchst\u00fcck war es Zeit f\u00fcr den <a href=\"https:\/\/www.freiburg-schwarzwald.de\/blog\/religion\/kirchen\/\">Kirchgang<\/a>. Aber es wurde eine Autofahrt, weil es schon wieder goss \u2013 lieber gar kein Wetter als so eines! Mein Gesangbuch durfte nicht nass werden, welches man immer noch mitnehmen muss, weil in der Kirche keine mehr sind \u2013 obwohl sich der Irrglaube, man stecke sich damit an, nicht bewahrheitete. Dann die schriftliche Anmeldung am Kirchenportal, obwohl in der Bibel steht, der Herr kennt die Seinen beim Namen. Das Weihwasser wurde auch entfernt, obwohl Wasser keine Infektion \u00fcbertragen kann. Dann hoch auf die Empore, denn ich vertrat den Tenor im nur vierk\u00f6pfigen Chor. Die Maultasche (Mund-Nasen-Schutz) habe ich beim Treppensteigen verweigert, und beim Singen sowieso.<\/p>\n<p>Doch meine Vorfreude wurde entt\u00e4uscht, beim Singen endlich wieder von den Kirchenbesuchern unterst\u00fctzt zu werden. Der Gemeindegesang w\u00e4re bei uns eigentlich wieder erlaubt, nachdem die Inzidenz mit 26 schon seit Wochen unter 100 liegt. Doch die Kirchenoberen glauben eher an ihre <a href=\"https:\/\/www.freiburg-schwarzwald.de\/blog\/religion\/katholisch\/\">\u201eheilige\u201c Kirche<\/a> als an sinkenden Coronazahlen. Die 50 reservierten Pl\u00e4tze waren an diesem dritth\u00f6chsten Kirchenfest Pfingsten wieder nicht voll. Schade, denn unser Aushilfspater aus Indien predigte \u00fcber die Bedeutung von Pfingsten, auch dass dieses Fest f\u00fcr die Juden das drittwichtigste sei. Im Gegensatz zu anderen Predigern kein Wort \u00fcber \u201eFl\u00fcchtlinge\u201c und Corona, nicht einmal aus seiner indischen Heimat, wo die Situation (wahrheitswidrig) noch schlimmer sei. Die besch\u00e4mend geringe Zahl der Gottesdienstbesucher schmerzte richtig, weil vor der Moschee im nahen Lahr anl\u00e4sslich der Freitags-\u201eGebete\u201c w\u00e4hrend des Ramadan meist 80 Autos standen und weitere Muslime per Pedes da waren. Doch der Mensch lebt nicht vom Wort allein \u2026<\/p>\n<p>Zu diesem Pfingstfest freute ich mich auf eine so vielf\u00e4ltige Speisekarte, wie die Apostel damals sprechen konnten bzw. wie sie verstanden wurden. Ich reservierte zuvor einen Tisch in einem Restaurant, weil in Deutschland einfach-so-Essengehen nicht mehr geht. An Festtagen gehen wir mit den beiden Familien meiner Geschwister immer gemeinsam essen. Und ich bin der einzige noch nicht Geimpfte, also h\u00e4tten weder die anderen mich noch ich sie anstecken k\u00f6nnen. Und zu Hause h\u00e4tten wir uns ja auch treffen d\u00fcrfen. Doch die Wirtin hatte Angst vor der nicht geheimen Staatspolizei. Aber den vorgeschriebenen Test konnte ich nicht beibringen, weil dieser nicht \u00e4lter als 48 Stunden sein durfte und die Testtermine vor Pfingsten alle schon vergeben waren. Uns entging die Pfingstfreude des wieder ersten Essens in der \u00d6ffentlichkeit und der Gastst\u00e4tte der Umsatz von 250-300 EUR. Ob das der Staat immer noch erstattet?<\/p>\n<p>Nach dieser Entt\u00e4uschung hie\u00df es, noch etwas f\u00fcr die Gesundheit zu tun. Es regnete gerade nicht, deshalb schnell aufs Fahrrad. Aber oh Schreck, wo blieb die Luft, platt? Konnte nicht sein, ich hatte f\u00fcr den Sommer neue Bereifung aufgezogen. Die Ursache war: Ich hatte das letzte Mal bei 30 Grad in der Sonne gepumpt und jetzt im winterlichen Mai betrug die Temperatur ganze 10 Grad. Nach den Gesetzen von Gay-Lussac sank der Reifendruck. Ich wei\u00df das vom Tauchen, wenn ich mit einer neugef\u00fcllten hei\u00dfen Tauchflasche ins kalte Wasser steige. Also nur etwas nachpumpen, nicht flicken m\u00fcssen. Ich wei\u00df nicht, wen ich mehr verfluchen soll, diesen Gay-Lussac, oder die FFF-Gr\u00fcnen, die Petrus wegen ihres Gejammers um die Erderhitzung so ge\u00e4rgert haben, dass er es uns mit winterlichen Temperaturen heimzahlt.<\/p>\n<p>Heimgekehrt warf ich noch einmal den Blick in die Zeitung. Diese Woche wurde ein syrischer \u201eFl\u00fcchtling\u201c zu 15 Jahren Haft verurteilt. Er kam 2015 mit dem Tross von Hunderttausenden ins gelobte Land. 2017 flog er wegen Propaganda f\u00fcr den IS auf, wurde 2018 zu einer Jugendstrafe verurteilt, aber im September 2020 wieder laufen gelassen. F\u00fcnf Tage sp\u00e4ter stach er zwei M\u00e4nner nieder, von denen einer starb. Er hatte gesehen, wie sie sich an den H\u00e4nden hielten. Ich verstehe diesen Mord nicht, obwohl ich denen, die den Koran zu intensiv lesen, alles zutraue. Fr\u00fcher bereiste ich arabische L\u00e4nder und sah oft, wie junge M\u00e4nner Hand in Hand spazieren gingen und umarmt auf B\u00e4nken sa\u00dfen. Warum so ein Islamist bei uns Amok l\u00e4uft und sich nicht daheim austobt? Nun ja, Allah ist gro\u00df und ER wei\u00df alles, verr\u00e4t der Koran hundertfach.<\/p>\n<p>Wegen Pfingsten noch ein theologischer Blick auf den (heiligen) Geist durch einen \u201eLaien\u201c wie mich. Dem Neuen Testament zufolge bef\u00e4higte er die Apostel, die frohe Botschaft in die Welt hinaus zu tragen. Und noch heute scheint der Heilige Geist \u00fcber uns zu wehen; \u00fcber dem einen mehr, \u00fcber anderen weniger.<br \/>\nBesonders wenig muss Muhammad abbekommen zu haben, der bestritt, dass sein Allah auch einen heiligen Geist habe. Und ein \u201eSohn\u201c sei er selbst nicht, auch Jesus Christus sei es nicht gewesen. Wenn aber Jesus nicht als Gottessohn akzeptiert wird, w\u00e4ren wir erst recht keine \u201eKinder Gottes\u201c. Muhammads Gefolgsleute vielleicht nicht. Wie sonst k\u00f6nnten diese noch 1 400 Jahre nach dem Tode ihres Lehrmeisters in dessen Namen Mord und Totschlag begehen.<br \/>\n24.5.2021, Albrecht K\u00fcnstle, Herbolzheim kuenstle.a \u00e4t gmx<\/p>\n","protected":false},"excerpt":{"rendered":"<p>Home\u00a0&gt;Religion\u00a0&gt;Kirchen &gt;Ostern &gt;Pfingsten &nbsp; Listenauswahl eines Beitrags (Artikel\/Datum, Seite\/Inhalt): Klicken oder scrollen Stefan Felber: Rechte Christen oder (r)echter Glaube? (25.5.2026) Pfingsten \u2013 eine liebevolle Provokation (25.5.2026) In Haft: Dr med Bianca Witzschel\u00a0(23.5.2026) Christen: Ostern bis Pfingsten\u00a0(2.4.2026) Pfingsten-Wunsch: Mehr Geist (5.6.2025) &hellip; <a href=\"https:\/\/www.freiburg-schwarzwald.de\/blog\/religion\/kirchen\/pfingsten\/\">Weiterlesen <span class=\"meta-nav\">&rarr;<\/span><\/a><\/p>\n","protected":false},"author":2,"featured_media":0,"parent":459,"menu_order":0,"comment_status":"closed","ping_status":"closed","template":"","meta":{"footnotes":""},"class_list":["post-91004","page","type-page","status-publish","hentry"],"_links":{"self":[{"href":"https:\/\/www.freiburg-schwarzwald.de\/blog\/wp-json\/wp\/v2\/pages\/91004","targetHints":{"allow":["GET"]}}],"collection":[{"href":"https:\/\/www.freiburg-schwarzwald.de\/blog\/wp-json\/wp\/v2\/pages"}],"about":[{"href":"https:\/\/www.freiburg-schwarzwald.de\/blog\/wp-json\/wp\/v2\/types\/page"}],"author":[{"embeddable":true,"href":"https:\/\/www.freiburg-schwarzwald.de\/blog\/wp-json\/wp\/v2\/users\/2"}],"replies":[{"embeddable":true,"href":"https:\/\/www.freiburg-schwarzwald.de\/blog\/wp-json\/wp\/v2\/comments?post=91004"}],"version-history":[{"count":5,"href":"https:\/\/www.freiburg-schwarzwald.de\/blog\/wp-json\/wp\/v2\/pages\/91004\/revisions"}],"predecessor-version":[{"id":149752,"href":"https:\/\/www.freiburg-schwarzwald.de\/blog\/wp-json\/wp\/v2\/pages\/91004\/revisions\/149752"}],"up":[{"embeddable":true,"href":"https:\/\/www.freiburg-schwarzwald.de\/blog\/wp-json\/wp\/v2\/pages\/459"}],"wp:attachment":[{"href":"https:\/\/www.freiburg-schwarzwald.de\/blog\/wp-json\/wp\/v2\/media?parent=91004"}],"curies":[{"name":"wp","href":"https:\/\/api.w.org\/{rel}","templated":true}]}}