{"id":90800,"date":"2021-05-17T21:55:04","date_gmt":"2021-05-17T19:55:04","guid":{"rendered":"https:\/\/www.freiburg-schwarzwald.de\/blog\/?page_id=90800"},"modified":"2026-03-11T11:49:02","modified_gmt":"2026-03-11T10:49:02","slug":"gaza","status":"publish","type":"page","link":"https:\/\/www.freiburg-schwarzwald.de\/blog\/global\/israel\/gaza\/","title":{"rendered":"Gaza"},"content":{"rendered":"<p><a href=\"https:\/\/www.freiburg-schwarzwald.de\/blog\">Home<\/a>\u00a0&gt;<a title=\"Global\" href=\"https:\/\/www.freiburg-schwarzwald.de\/blog\/global\/\">Globa<\/a>l\u00a0&gt;<a title=\"Israel\" href=\"https:\/\/www.freiburg-schwarzwald.de\/blog\/global\/israel\/\">Israel<\/a> &gt;<a href=\"https:\/\/www.freiburg-schwarzwald.de\/blog\/global\/israel\/palaestina\/\">Palaestina<\/a> &gt;Gaza<\/p>\n<div id=\"attachment_39825\" style=\"width: 649px\" class=\"wp-caption alignnone\"><a href=\"https:\/\/www.freiburg-schwarzwald.de\/blog\/wp-content\/uploads\/2013\/11\/viadolorosa7oesterreich-pan131026.jpg\"><img loading=\"lazy\" decoding=\"async\" aria-describedby=\"caption-attachment-39825\" class=\"size-full wp-image-39825\" src=\"https:\/\/www.freiburg-schwarzwald.de\/blog\/wp-content\/uploads\/2013\/11\/viadolorosa7oesterreich-pan131026.jpg\" alt=\"\" width=\"639\" height=\"243\" srcset=\"https:\/\/www.freiburg-schwarzwald.de\/blog\/wp-content\/uploads\/2013\/11\/viadolorosa7oesterreich-pan131026.jpg 639w, https:\/\/www.freiburg-schwarzwald.de\/blog\/wp-content\/uploads\/2013\/11\/viadolorosa7oesterreich-pan131026-180x68.jpg 180w\" sizes=\"auto, (max-width: 639px) 100vw, 639px\" \/><\/a><p id=\"caption-attachment-39825\" class=\"wp-caption-text\">Blick von der Dachterrasse des \u00d6sterreichischen Palais nach S\u00fcdwesten zum goldenen Felsendom am 26.10.2013<\/p><\/div>\n<p>&nbsp;<\/p>\n<ul>\n<li><em>Listenauswahl eines Beitrags (Artikel\/Datum, Seite\/Inhalt):\u00a0<span style=\"text-decoration: underline;\">Klicken<\/span>\u00a0oder scrollen<\/em><\/li>\n<li><a href=\"https:\/\/www.freiburg-schwarzwald.de\/blog\/israel-vernichtung-umzug-krieg\/\">Israel: Vernichtung Umzug Krieg<\/a>\u00a0(11.3.2026)<\/li>\n<li><a href=\"https:\/\/www.freiburg-schwarzwald.de\/blog\/global\/israel\/israel7-10-2023\/\">Pogrom(s) \u2013 Ein Dokumentarfilm, der die Wahrheit \u00fcber den 7. Oktober 2023 festh\u00e4lt<\/a>\u00a0(19.11.2025)<\/li>\n<li><a href=\"https:\/\/www.freiburg-schwarzwald.de\/blog\/global\/israel\/israel-deutschland\/\">Arye Sharuz Shalicar: Der \u00dcberlebenskampf dauert an<\/a>\u00a0(20.11.2025)<\/li>\n<li><a href=\"https:\/\/www.freiburg-schwarzwald.de\/blog\/engagement\/zukunft\/frieden\/friedenstuechtig\/\">Fabian Scheidler: Friedenst\u00fcchtig<\/a>\u00a0(17.11.2025)<\/li>\n<li><a href=\"https:\/\/www.freiburg-schwarzwald.de\/blog\/geiselaustausch-laut-zdf-nein\/\">Geiselaustausch laut ZDF: Nein!<\/a>\u00a0(13.10.2025)<\/li>\n<li>Undercover nach Gaza (9.10.2025)<\/li>\n<li><a href=\"https:\/\/www.freiburg-schwarzwald.de\/blog\/wolffsohn-frieden-in-nahost\/\">Wolffsohn: Frieden in Nahost<\/a>\u00a0(8.10.2025)<\/li>\n<li>Das Geschw\u00e4tz vom V\u00f6lkermord in Gaza (4.10.2025)<\/li>\n<li><a href=\"https:\/\/www.freiburg-schwarzwald.de\/blog\/zentralrat-der-juden-gegen-merz\/\">Zentralrat der Juden gegen Merz<\/a>\u00a0(11.8.2025)<\/li>\n<li><a href=\"https:\/\/www.freiburg-schwarzwald.de\/blog\/global\/israel\/israel7-10-2023\/\">Gaza \u2013 die teuflische Macht der Bilder<\/a> (7.8.2025)<\/li>\n<li><a href=\"https:\/\/www.freiburg-schwarzwald.de\/blog\/gratismut-und-feigheit-zu-gaza\/\">Gratismut und Feigheit zu Gaza<\/a> (3.8.2025)<\/li>\n<li>Wie der Westen sich aufgibt und die Seinen verr\u00e4t: Gaza, GBR (29.7.2025)<\/li>\n<li><a href=\"https:\/\/www.freiburg-schwarzwald.de\/blog\/global\/france\/frankreich-islam\/\">Macron unterwirft sich der islamistischen Stra\u00dfe \u2013 Pal\u00e4stina<\/a>\u00a0(27.7.2025)<\/li>\n<li><a href=\"https:\/\/www.freiburg-schwarzwald.de\/blog\/humanitaere-hilfe-usaid-unrwa\/\">Humanit\u00e4re Hilfe USAid UNRWA<\/a>\u00a0(1.7.2025)<\/li>\n<li><a href=\"https:\/\/www.freiburg-schwarzwald.de\/blog\/global\/israel\/israel-iran\/\">Naher Osten \u2013 Iran: Wie lange werden die Friedenstauben fliegen<\/a>? (22.6.2025)<\/li>\n<li><a href=\"https:\/\/www.freiburg-schwarzwald.de\/blog\/pfingsten-wunsch-mehr-geist\/\">Israels Kampf gegen den Terror und die Lage in Gaza<\/a>\u00a0(5.6.2025)<\/li>\n<li><a href=\"https:\/\/www.freiburg-schwarzwald.de\/blog\/global\/israel\/anti-israel\/\">Michael Wolffsohn: Israelkritik vs Kritik an Israelpolitik<\/a>\u00a0(27.5.2025)<\/li>\n<li><a href=\"https:\/\/www.freiburg-schwarzwald.de\/blog\/global\/israel\/palaestina\/hamas\/\">Gaza: Mit dieser Gesellschaft ist kein Frieden m\u00f6glich<\/a> (21.2.2025)<\/li>\n<li>UNRWA und Hamas (3.3.2025)<\/li>\n<li>UNRWA: Binnen zwei Jahren fast eine Milliarde deutsche Euros f\u00fcr Pal\u00e4stinenser (20.2.2025)<\/li>\n<li><a href=\"https:\/\/www.freiburg-schwarzwald.de\/blog\/global\/israel\/israel7-10-2023\/\">Die Welt sieht weg: Der Mord an der Familie Bibas und das Schweigen des Westens<\/a>\u00a0(20.2.2025)<\/li>\n<li><a href=\"https:\/\/www.freiburg-schwarzwald.de\/blog\/global\/israel\/anti-israel\/\">Giuiseppe Gracia: Wenn Israel f\u00e4llt, f\u00e4llt auch der Westen<\/a>\u00a0(30.1.2025)<\/li>\n<li><a href=\"https:\/\/www.freiburg-schwarzwald.de\/blog\/global\/israel\/israel7-10-2023\/\">Shirel Golans Suizid \u2013 schafft sie es in die Tagesschau?<\/a>\u00a0(22.10.2024)<\/li>\n<li>Hamas-Chef arbeitete als Lehrer bei UNRWA (18.10.2024)<\/li>\n<li><a href=\"https:\/\/www.freiburg-schwarzwald.de\/blog\/global\/israel\/israel7-10-2023\/\">Norbert Bolz: Der Todeskult und die Humanit\u00e4t im Krieg<\/a>\u00a0(27.9.2024)<\/li>\n<li><a href=\"https:\/\/www.freiburg-schwarzwald.de\/blog\/global\/deutschland\/deutschland-hamas\/\">Der Westen schluckt noch immer die Hamas-Propaganda<\/a>\u00a0(7.4.2024)<\/li>\n<li><a href=\"https:\/\/www.freiburg-schwarzwald.de\/blog\/muenchner-sicherheits-konferenz\/\">M\u00fcnchner Sicherheits Konferenz<\/a>\u00a0(19.2.202)<\/li>\n<li>Die enge Verflechtung zwischen UNRWA und Hamas (8.2.2024)<\/li>\n<li>Immer mehr Geld f\u00fcr Gaza unter Merkel (6.1.2024)<\/li>\n<li><a href=\"https:\/\/www.freiburg-schwarzwald.de\/blog\/global\/deutschland\/deutschland-hamas\/\">Ein Linker kann nie ein Hamas-Unterst\u00fctzer sein<\/a>\u00a0(28.12.2023)<\/li>\n<li>Hamas-Terrortunnel in von Deutschland finanzierter Schule in Gaza entdeckt (2.12.2023)<\/li>\n<li><a href=\"https:\/\/www.freiburg-schwarzwald.de\/blog\/gaza-bildung-youthbulges-gas\/\">Gaza: Bildung, YouthBulges, Gas<\/a>\u00a0(14.11.2023)<\/li>\n<li>UNRWA-Lehrkr\u00e4fte verherrlichen Hamas-Massaker im Schulunterricht (6.11.2023)<\/li>\n<li>UNWRA-Zahlungen: Sadistischer Mord, belohnt von Europa (23.10.2023)<\/li>\n<li><a href=\"https:\/\/www.freiburg-schwarzwald.de\/blog\/global\/deutschland\/deutschland-israel\/\">Michael L\u00fcders: Krieg im Nahen Osten \u2013 Wie geht es weiter?<\/a>\u00a0(20.10.2023)<\/li>\n<li>Hamas: \u201eDie Terroristen a\u00dfen, als sie Kinder folterten\u201c (19.10.2023)<\/li>\n<li><a href=\"https:\/\/www.freiburg-schwarzwald.de\/blog\/falschmeldung-im-dlf-wozu\/\">Falschmeldung im DLF \u2013 wozu?<\/a>\u00a0(19.10.2023)<\/li>\n<li><a href=\"https:\/\/www.freiburg-schwarzwald.de\/blog\/global\/deutschland\/deutschland-israel\/\">Martin E. Renner: Israel steht f\u00fcr uns alle<\/a>\u00a0(14.10.2023)<\/li>\n<li>Ein Flugblatt f\u00fcr Gaza \u2013 Bitte vervielf\u00e4ltigen und weitersenden (10.10.2023)<\/li>\n<li>Nationale Sicherheit: \u00c4gypten schliesst die Grenze zu Gaza f\u00fcr Pal\u00e4stinenser (16.10.2023)<\/li>\n<li><a href=\"https:\/\/www.freiburg-schwarzwald.de\/blog\/global\/israel\/israel7oktober2023\/\">Auge um Auge in den Dritten Weltkrieg?<\/a>\u00a0(14.10.2023)<\/li>\n<li><a href=\"https:\/\/www.freiburg-schwarzwald.de\/blog\/die-grenzen-schliessen\/\">Die Grenzen schliessen<\/a>\u00a0(14.10.2023)<\/li>\n<li>\u201eZweistaatenl\u00f6sung\u201c und dann kehrt Frieden ein? (14.10.2023)<\/li>\n<li><a href=\"https:\/\/www.freiburg-schwarzwald.de\/blog\/land-fuer-frieden\/\">Land f\u00fcr Frieden<\/a>\u00a0(12.10.2023)<\/li>\n<li><a href=\"https:\/\/www.freiburg-schwarzwald.de\/blog\/hamas-beginnt-krieg-mit-israel\/\">Hamas beginnt Krieg mit Israel<\/a>\u00a0(8.10.2023)<\/li>\n<li>Pal\u00e4stinenser nicht links, sondern rechts (31.5.2021)<\/li>\n<li><a href=\"https:\/\/www.freiburg-schwarzwald.de\/blog\/eine-unendliche-geschichte\/\">Eine unendliche Geschichte<\/a> (26.5.2021)<\/li>\n<li><a href=\"https:\/\/www.freiburg-schwarzwald.de\/blog\/religion\/kirchen\/pfingsten\/\">Pfingsten-Realsatire: Wetter, Essen, Israel-Gaza, Heilige<\/a>\u00a0(24.5.2021)<\/li>\n<li>Waffenstillstand Gaza-Israel durch \u00c4gypten (21.5.2021)<\/li>\n<li>Gaza ist immer noch besetzt &#8211; von der Hamas (20.5.2021)<\/li>\n<li><a href=\"https:\/\/www.freiburg-schwarzwald.de\/blog\/antisemitismus-islam-und-links\/\">Antisemitismus: Islam und links<\/a>\u00a0(20.5.2021)<\/li>\n<li><a href=\"https:\/\/www.freiburg-schwarzwald.de\/blog\/israel-die-einsame-demokratie\/\">Israel \u2013 die einsame Demokratie<\/a>\u00a0(18.5.2021)<\/li>\n<li>Hamas-Terror gegen Israel &#8211; Major Arye Shalicar im Interview (17.5.2021)<\/li>\n<li><a href=\"https:\/\/www.freiburg-schwarzwald.de\/blog\/global\/israel\/90800-2\/\">Die unendliche Geschichte Hamas-Israel<\/a>\u00a0(17.5.2021)<\/li>\n<li><a href=\"https:\/\/www.freiburg-schwarzwald.de\/blog\/global\/israel\/antijudaismus\/\">Peter Hahne: Juden-Hass und Islam-Verharmlosung auf Demos<\/a>\u00a0(16.5.2021)<\/li>\n<li><a href=\"https:\/\/www.freiburg-schwarzwald.de\/blog\/religion\/juden\/judenhass2021\/\">Seit Jahren wird muslimischer Antisemitismus in D geduldet<\/a> (16.5.2021)<\/li>\n<li><a href=\"https:\/\/www.freiburg-schwarzwald.de\/blog\/israel-staatsraison-nur-verbal\/\">Israel Staatsraison \u2013 nur verbal<\/a>\u00a0(15.5.2021)<\/li>\n<li><a href=\"https:\/\/www.freiburg-schwarzwald.de\/blog\/synagogen-angegriffen-angst\/\">Synagogen angegriffen \u2013 Angst<\/a>\u00a0(13.5.2021)<\/li>\n<li><a href=\"https:\/\/www.freiburg-schwarzwald.de\/blog\/global\/israel\/palaestina\/\">Kriegsindex von Gaza<\/a> (20.7.2014)<\/li>\n<li><a href=\"https:\/\/www.freiburg-schwarzwald.de\/blog\/global\/israel\/palaestina\/\">Ferien vom Krieg: Pal\u00e4stinenser und Israelis<\/a> (1.11.2014)<\/li>\n<li><a href=\"https:\/\/www.freiburg-schwarzwald.de\/blog\/global\/israel\/palaestina\/\">Die Milliarden f\u00fcr Gaza wirken wie Brandbeschleuniger<\/a> (24.10.2014)<\/li>\n<li><a href=\"https:\/\/www.freiburg-schwarzwald.de\/blog\/gaza-demos-exportieren-frieden\/\">Gaza-Demos exportieren Frieden<\/a> (22.7.2014)<\/li>\n<li><\/li>\n<li><a href=\"https:\/\/www.freiburg-schwarzwald.de\/blog\/religion\/juden\/judenhass2021\/\">Judenhass2021<\/a><\/li>\n<li><a href=\"https:\/\/www.freiburg-schwarzwald.de\/blog\/global\/israel\/palaestina\/\">UNWRA.org<\/a><\/li>\n<li><\/li>\n<li><a title=\"Antisemitismus\" href=\"https:\/\/www.freiburg-schwarzwald.de\/blog\/religion\/juden\/antisemitismus\/\">Antisemitismus<\/a><\/li>\n<li><a title=\"Arabien-Israel\" href=\"https:\/\/www.freiburg-schwarzwald.de\/blog\/global\/arabien-israel\/\">Arabien-Israel<\/a><\/li>\n<li><a title=\"Auschwitz1945-2020\" href=\"https:\/\/www.freiburg-schwarzwald.de\/blog\/kultur\/erinnerungskultur\/auschwitz1945-2020\/\">Auschwitz1945-2020<\/a><\/li>\n<li><a href=\"https:\/\/www.freiburg-schwarzwald.de\/blog\/global\/deutschland\/deutschland-hamas\/\">Deutschland-Hamas<\/a><\/li>\n<li><a href=\"https:\/\/www.freiburg-schwarzwald.de\/blog\/global\/deutschland\/deutschland-islam\/\">Deutschland-Islam<\/a><\/li>\n<li><a href=\"https:\/\/www.freiburg-schwarzwald.de\/blog\/engagement\/zukunft\/frieden\/friedenstuechtig\/\">friedenst\u00fcchtig<\/a><\/li>\n<li><a href=\"https:\/\/www.freiburg-schwarzwald.de\/blog\/global\/israel\/palaestina\/hamas\/\">Hamas<\/a><\/li>\n<li><a title=\"Iran\" href=\"https:\/\/www.freiburg-schwarzwald.de\/blog\/global\/iran\/\">Iran<\/a><\/li>\n<li><a title=\"Israel\" href=\"https:\/\/www.freiburg-schwarzwald.de\/blog\/global\/israel\/\">Israel<\/a><\/li>\n<li><a title=\"Israel2013\" href=\"https:\/\/www.freiburg-schwarzwald.de\/blog\/global\/israel\/israel2013\/\">Israel2013<\/a><\/li>\n<li><a title=\"Israel2019\" href=\"https:\/\/www.freiburg-schwarzwald.de\/blog\/global\/israel\/israel2019\/\">Israel2019<\/a><\/li>\n<li><a href=\"https:\/\/www.freiburg-schwarzwald.de\/blog\/global\/israel\/israel7-10-2023\/\">Israel7-10-2023<\/a><\/li>\n<li><a href=\"https:\/\/www.freiburg-schwarzwald.de\/blog\/global\/israel\/israel-hamas\/\">Israel-Hamas<\/a><\/li>\n<li><a title=\"Jerusalem\" href=\"https:\/\/www.freiburg-schwarzwald.de\/blog\/religion\/jerusalem\/\">Jerusalem<\/a><\/li>\n<li><a title=\"Juden\" href=\"https:\/\/www.freiburg-schwarzwald.de\/blog\/religion\/juden\/\">Juden<\/a><\/li>\n<li><a href=\"https:\/\/www.freiburg-schwarzwald.de\/blog\/religion\/juden\/judenhass2021\/\">Judenhass2021<\/a><\/li>\n<li><a title=\"J\u00fcdisches-Leben\" href=\"https:\/\/www.freiburg-schwarzwald.de\/blog\/religion\/juden\/juedisches-leben\/\">J\u00fcdisches-Leben<\/a><\/li>\n<li><a title=\"Palaestina\" href=\"https:\/\/www.freiburg-schwarzwald.de\/blog\/global\/israel\/palaestina\/\">Palaestina<\/a><\/li>\n<li><a title=\"Profanierung\" href=\"https:\/\/www.freiburg-schwarzwald.de\/blog\/kultur\/erinnerungskultur\/profanierung\/\">Profanierung<\/a><\/li>\n<li><a title=\"TelAviv\" href=\"https:\/\/www.freiburg-schwarzwald.de\/blog\/global\/twintowns\/telaviv\/\">Tel Aviv<\/a><\/li>\n<\/ul>\n<p><strong>Gaza-Streifen am Mittelmeer zwischen Israel und \u00c4gypten<\/strong>:<br \/>\n40 km lang (von nordost nach s\u00fcdwest) entlang des Meeres und 9 km breit<br \/>\n2,2 Mio Einwohner auf 360 qkm (Bremen 0,5 Mio Einwohner auf 318 qkm, Berlin 3,8 Mio Einwohner auf 891 qkm).<br \/>\nDer Gaza-Streifen ist seit 2005 ein unabh\u00e4ngiger Stadtstaat ohne Juden bzw. israelische Soldaten. Mit dem R\u00fcckzug der Israelis verbunden war die Hoffnung, Gaza k\u00f6nnte sich zu einem nah\u00f6stlichen Singapur entwickeln.<br \/>\nAber Gaza zu einer terroristischen Festung zu machen, ist allein die Entscheidung islamischen Hamas. Die Hamas hat die \u00fcppig flie\u00dfenden Finanzmittel vornehmlich f\u00fcr Milit\u00e4reinrichtungen und Korruption verwendet.<\/p>\n<p>\u00bbDas erste Opfer eines jeden Krieges ist die Wahrheit\u00ab (Hiram Johnson zugeschrieben, streitig)<br \/>\n&#8222;Der erste Gewinner eines Krieges ist die Waffenindustrie&#8220; (Volker Svoboda)<br \/>\n17.5.2021, V.S.<br \/>\n.<br \/>\nDie Frankfurter Islamexpertin Prof. Susanne Schr\u00f6ter stellt auf \u201eX\u201c die berechtigte Frage: \u201eWie bewertet man die Tatsache, dass 57 Prozent der Menschen in Gaza und 82 Prozent im Westjordanland das Massaker der Hamas vom 7.10.2023 bef\u00fcrworteten?\u201c<br \/>\n=========================================================<br \/>\n.<\/p>\n<p><strong>Undercover nach Gaza<\/strong><br \/>\nBesser Undercover als Unterwasser. Ein Leser fragt an, ob das stimmt:<br \/>\n.<br \/>\n<em>Emrah Erken @AtticusJazz<\/em><br \/>\n<em>Eine Frau hat verdeckt bei der Aktion der pro-dschihadistischen Gaza-Sumud-Flotilla mitgewirkt \u2013 sie hat alles aufgezeichnet und die gesamte Organisation entlarvt. Die Aktivisten geben vor laufender Kamera zu, dass es sich dabei nur um PR handelt und dass sie von der Hamas und der islamofaschistischen Muslimbruderschaft finanziert werden.<\/em><br \/>\n<em>\u201eDouble Agent\u201c ist ein Dokumentarfilm in Zusammenarbeit mit der Watchdog-Gruppe Ad Kan. Die Serie begleitet \u201eR\u201c, eine schwedische pro-pal\u00e4stinensische Aktivistin, die w\u00e4hrend ihres Aufenthalts in Israel von Ad Kan rekrutiert und heimlich operiert wurde. In 3.000 Stunden verstecktem Filmmaterial infiltriert R pal\u00e4stinensische Menschenrechtsgruppen und trifft Hamas-Funktion\u00e4re. Sie deckt auf, wie Fundraising-Netzwerke und europ\u00e4ische Menschenrechtsorganisationen mit der Hamas und der Muslimbruderschaft verbunden sind. Ihre Aufnahmen zeigen Aktivisten, die \u00fcber Massenterroranschl\u00e4ge gegen Israel diskutieren und sich dabei selbst als \u201eFriedensaktivisten\u201c bezeichnen. Sie geben zu, Kinder dazu ermutigt zu haben, Steine \u200b\u200bauf israelische Autofahrer zu werfen \u2013 und betonen gleichzeitig, dass solche Taten geheim gehalten werden m\u00fcssen, um das pal\u00e4stinensische Narrativ zu sch\u00fctzen. <\/em><br \/>\n<em>Die Serie wirft einen Blick hinter die Kulissen und zeigt, wie \u201eMenschenrechtskampagnen\u201c als psychologische Kriegsf\u00fchrung gegen Israel gef\u00fchrt werden. <\/em><br \/>\n<em>3.10.2025, <a href=\"https:\/\/x.com\/AtticusJazz\/status\/1973912854618386733\">https:\/\/x.com\/AtticusJazz\/status\/1973912854618386733<\/a><\/em><br \/>\n.<br \/>\nWei\u00df ich nicht, aber ich habe schon mal irgendwo davon gelesen. Demnach sie die ganze Greta-Fahrt eine inszenierte PR-Kampagne gewesen und Greta als Mietmaul gecastet und eingekauft worden.<br \/>\n&#8230; Alles vom 9.10.2025 bitte lesen auf<br \/>\n<a href=\"https:\/\/www.danisch.de\/blog\/2025\/10\/09\/undercover-nach-gaza\/\">https:\/\/www.danisch.de\/blog\/2025\/10\/09\/undercover-nach-gaza\/<\/a><\/p>\n<p>&nbsp;<\/p>\n<p><strong>Das Geschw\u00e4tz vom V\u00f6lkermord in Gaza<\/strong><br \/>\nGerade wird wieder enorm laut get\u00f6bert, dass Israel einen \u201eV\u00f6lkermord\u201c an den Pal\u00e4stinensern ver\u00fcbe. Eine Zeit lang war auch die Rede vom \u201eGenozid\u201c. Ich hatte schon beschrieben, dass man das T\u00f6ten von Menschen f\u00fcr Mord und Verbrechen halten kann, aber nicht f\u00fcr V\u00f6lkermord oder <a href=\"https:\/\/www.freiburg-schwarzwald.de\/blog\/kultur\/aufklaerung\/genozid\/\">Genozid<\/a>, weil man an Pal\u00e4stinensern weder V\u00f6lkermord noch Genozid begehen kann. Weil sie qualitativ weder Volk noch genetische Gruppe sind, sondern ein bunt zusammengew\u00fcrfelter Haufen aus Staatenlosen, &#8230;, denen man aus politischen Gr\u00fcnden vor ein paar Jahren eine Bezeichnung gegeben hat.<br \/>\nDas interessiert aber niemanden, weil wir im Zeitalter der sprachlichen Eskalation leben, weil es keine inhaltlichen Erkl\u00e4rungen mehr gibt, sondern immer gleich die Eskalationsvokabel gebraucht wird. So, wie man beim ersten abweichenden Gedanken gleich \u201erechtsextrem\u201c ist, drunter machen sie es nicht. Und wenn der Begriff des \u00c4u\u00dfersten inflation\u00e4r ausgeleiert ist, setzen sie \u201erechtsextremistisch\u201c drauf.<br \/>\nWir leben in einer Twitter-Welt. Die Aufmerksamkeitsspanne reicht kaum bis zum n\u00e4chsten Satzzeichen. Nebens\u00e4tze verstehen die meisten schon nicht mehr, und beim zweiten Satz ist die Aufmerksamkeit l\u00e4ngst beendet. Deshalb muss immer gleich die gr\u00f6\u00dfte verbale Keule ausgepackt werden. V\u00f6lkermord. Drunter machen sie es nicht mehr.<br \/>\n&#8230;.<br \/>\nIsrael hat also fast so viele Pal\u00e4stinenser (1,8 Mio) als eigene Staatsb\u00fcrger \u2013 Tendenz und Anteil steigend \u2013 wie im Gaza-Streifen (2 Mio) leben. Eine ethnische Zerst\u00f6rungsabsicht wird man ihnen da nicht unterstellen k\u00f6nnen.<br \/>\nEs ist schwer von der Hand zu weisen, dass Israel da versucht, eine terroristische Gesellschaft aufzubrechen.<br \/>\nDas kann man sicherlich auch kritisch sehen. Aber: Politische und terroristische Gruppen fallen nun einmal nicht unter den Begriff des V\u00f6lkermordes.<br \/>\nMir geht diese sprachliche Eskalation, immer gleich mit der gr\u00f6\u00dften Keule zu kommen, ziemlich auf die Nerven.<\/p>\n<p>Und vor allem wieder mal die doppelten Ma\u00dfst\u00e4be. Denn bei Hamas, Hisbollah und \u00e4hnlichen Gruppen haben nicht wenige erkl\u00e4rterma\u00dfen die v\u00f6llige Vernichtung Israels zum Ziel. Und das fiele durchaus unter V\u00f6lkermord. Das erw\u00e4hnt aber niemand.<br \/>\n&#8230; Alles vom 4.10.2025 bitte lesen auf<br \/>\n<a href=\"https:\/\/www.danisch.de\/blog\/2025\/10\/04\/das-geschwaetz-vom-voelkermord\/\">https:\/\/www.danisch.de\/blog\/2025\/10\/04\/das-geschwaetz-vom-voelkermord\/<\/a><\/p>\n<p>&nbsp;<\/p>\n<p><strong>Wie der Westen sich aufgibt und die Seinen verr\u00e4t: Gaza, GBR<\/strong><br \/>\n&#8230;. Der Verrat am Eigenen zeigt sich auch im Verh\u00e4ltnis zu Israel. Der Propaganda der Hamas, die Israeli seien \u201eKinderm\u00f6rder\u201c, wird offenbar mehr Glauben geschenkt, als der verbrieften Tatsache, dass Israel der Zivilbev\u00f6lkerung des Gegners mannigfache Unterst\u00fctzung zuteilwerden l\u00e4sst. Wann gab es das schon mal in einer kriegerischen Auseinandersetzung?<br \/>\nDie deutsche Bundesregierung verf\u00fcgt \u00fcber Berater, der Bundestag \u00fcber den wissenschaftlichen Dienst, Instanzen also, die aufkl\u00e4ren k\u00f6nnten, was es mit den Bildern auf sich hat, die den Hungertod von Kindern im Gazastreifen belegen sollen: zwei dieser Bilder zeigen schwer erkrankte, nicht verhungernde Kinder.<br \/>\nDass es im Gazastreifen Hunger gibt, ist sicher nicht zu bezweifeln, und das liegt an der Hamas, die sich noch immer mit gestohlenen Hilfsg\u00fctern finanziert, wie jetzt auch w\u00e4hrend der von den USA durchgesetzten taktischen Pause Israels.<br \/>\nDoch diese Bilder, eingesetzt auch von CNN, BBC, New York Times, werden zu Propagandazwecken missbraucht. \u201eSo sieht Hunger aus\u201c, titelt die Zeit <a href=\"https:\/\/www.zeit.de\/kultur\/2025-07\/hungersnot-gaza-bilder-kinder-berichterstattung-israel\">https:\/\/www.zeit.de\/kultur\/2025-07\/hungersnot-gaza-bilder-kinder-berichterstattung-israel<\/a> .<br \/>\nNein, eben nicht. Kein Foto verl\u00e4sst den Gazastreifen ohne Freigabe durch die Hamas. Es gibt keine unabh\u00e4ngigen Reporter in Gaza https:\/\/david-collier.com\/. Und dass Hilfsg\u00fcter nicht ausgeliefert werden, verantworten die UN, nicht Israel.<br \/>\n(\u00dcbrigens: die Kinder, die im Jemen an Unterern\u00e4hrung gestorben sind, sind keine Meldung wert.)<br \/>\n&#8230; Alles vom 29.7.2025 von Cora Stephan bitte lesen auf<br \/>\n<a href=\"https:\/\/www.tichyseinblick.de\/kolumnen\/stephans-spitzen\/wie-der-westen-sich-aufgibt-und-die-seinen-verraet\/\">https:\/\/www.tichyseinblick.de\/kolumnen\/stephans-spitzen\/wie-der-westen-sich-aufgibt-und-die-seinen-verraet\/<\/a><\/p>\n<p>&nbsp;<\/p>\n<p><strong>UNRWA und Hamas<\/strong><br \/>\nDas Pal\u00e4stinenserfl\u00fcchtlingshilfswerk UNRWA (United Nations Relief and Works Agency for Palestine Refugees) ist eine Organisation der Vereinten Nationen und besteht seit 1949. Sie ist das Pendant zum internationalen Fl\u00fcchtlingshilfswerk UNHCR. Der Unterschied: UNRWA ist ausschlie\u00dflich f\u00fcr Pal\u00e4stinenserinnen und Pal\u00e4stinenser zust\u00e4ndig. Es versorgt in Fl\u00fcchtlingslagern Menschen in Not und betreibt unter anderem Schulen und Krankenh\u00e4user.<br \/>\nSeit einigen Jahren steht UNRWA in der Kritik, unter anderem weil die Hamas UNRWA kontrolliert und Hilfslieferungen f\u00fcr Hamas-K\u00e4mpfer abzweigt, und weil antisemitische Inhalte in UNRWA-Schulen verbreitet worden waren. &#8222;UNRWA ist komplett von der Hamas durchseucht&#8220; &#8211; so Dirk Niebel (FDP), Ex-Entwicklungshilfeminister. mehr<br \/>\n3.3.2025<\/p>\n<p>.<\/p>\n<p><strong>UNRWA: Binnen zwei Jahren fast eine Milliarde deutsche Euros f\u00fcr Pal\u00e4stinenser<\/strong><br \/>\n&#8230;<br \/>\nDie UNRWA ist eine wenig bekannte, gleichwohl mit viel Geld ausgestattete UN-Organisation. UNRWA hei\u00dft: United Nations Relief and Works Agency for Palestine Refugees in the Near East. Kurz: Die UNRWA ist das Pal\u00e4stinenserhilfswerk der Vereinten Nationen. Es hatte im Jahr 2022 ein Planungsbudget von 1,74 Milliarden US-Dollar (also rund 1,67 Mrd. Euro). 2022 trugen laut Statista am meisten bei: die USA 344 Mio. US-Dollar, Deutschland 202 Millionen, die EU 114 Millionen.<br \/>\nUS-Pr\u00e4sident Trump \u00fcbrigens hatte unmittelbar nach Amtsantritt im Januar 2025 angek\u00fcndigt, dass sich die USA unter anderem aus der UNRWA-Finanzierung zur\u00fcckziehen werden.<br \/>\nDie FDP-Bundestagsabgeordnete Claudia Raffelh\u00fcschen wollte es genauer wissen. Sie fragte bei der Bundesregierung nach: \u201eIn welchem Umfang wurden die Pal\u00e4stinensischen Autonomiegebiete und das Hilfswerk der Vereinten Nationen f\u00fcr Pal\u00e4stina-Fl\u00fcchtlinge im Nahen Osten (UNRWA) in den Jahren 2023 und 2024 jeweils aus dem Bundeshaushalt direkt oder indirekt (z. B. durch Zahlungen an Hilfsorganisationen, Vereine oder \u00e4hnliche) unterst\u00fctzt (Zahlungen oder Zahlungszusagen) und jeweils aus welchen Einzelpl\u00e4nen\/Titeln (bitte die gr\u00f6\u00dften 14 Posten benennen)?\u201c<br \/>\nAm 7. Februar 2025 kam die Antwort aus dem Ausw\u00e4rtigen Amt, namentlich von der (beamteten) Staatssekret\u00e4rin Susanne Baumann. Siehe Antwort der Bundesregierung auf eine Anfrage der FDP-Abgeordneten Claudia Raffelh\u00fcschen; dort auf den Seiten 57 und 58.<br \/>\n<a href=\"https:\/\/dserver.bundestag.de\/btd\/20\/148\/2014894.pdf\">https:\/\/dserver.bundestag.de\/btd\/20\/148\/2014894.pdf<\/a> Danach belief sich die Gesamtf\u00f6rderung Deutschlands f\u00fcr UNRWA bzw. das Pal\u00e4stinensergebiet im Jahr 2023 auf mehr als 473 Millionen Euro und im Jahr 2024 auf gut 440 Millionen Euro. In der Summe der beiden Jahre also 917 Millionen. Nicht mitgerechnet sind Gelder aus dem von Svenja Schulze (SPD) gef\u00fchrten Entwicklungshilfeministerium, Gelder aus privaten Spenden sowie Gelder der Deutschen Gesellschaft f\u00fcr Internationale Zusammenarbeit (GIZ) und der Kreditanstalt f\u00fcr Wiederaufbau (KfW). Das bed\u00fcrfte einer eigenen, umfassenden Recherche. ..<br \/>\n&#8230; Alles vom 20.2.2025 von Josef Kraus bitte lesen auf<br \/>\n<a href=\"https:\/\/www.tichyseinblick.de\/meinungen\/deutschland-binnen-zwei-jahren-fast-eine-milliarde-euro-unrwa\/\">https:\/\/www.tichyseinblick.de\/meinungen\/deutschland-binnen-zwei-jahren-fast-eine-milliarde-euro-unrwa\/<\/a><\/p>\n<p>&nbsp;<\/p>\n<p><strong>Hamas-Chef arbeitete als Lehrer bei UNRWA<\/strong><br \/>\n<strong>Israel, die b\u00fcrgerliche Gesellschaft und Frau Baerbock<\/strong><br \/>\nDie Enttarnung eines von den UN finanzierten Agenten der Hamas und die ausweichende Reaktion der deutschen Regierung offenbaren, wer die Freiheit des Westens verteidigt und wer nicht.<br \/>\nVor Tagen wurde bei einem Angriff der Israelis im S\u00fcdlibanon auch ein bis dahin Unbekannter namens Fateh al-Sharif get\u00f6tet. Er war der Chef des libanesischen Ablegers der Hamas. Als Lehrer getarnt, arbeitete er f\u00fcr das von den UN finanzierte Hilfswerk der Vereinten Nationen f\u00fcr Pal\u00e4stina-Fl\u00fcchtlinge (UNRWA). Noch einmal: <em><strong>Die UN, finanziert auch von deutschen Steuergeldern, bezahlen einen Topterroristen im Kampf gegen Israel.<\/strong><\/em> Und das, obwohl Beweise daf\u00fcr vorliegen, dass bezahlte Mitarbeiter der UNRWA am Massaker von 7. Oktober 2023 beteiligt waren. Die Hamas \u201enarrt die Weltgemeinschaft\u201c, schrieb Ulrich Reitz daraufhin im FOCUS. Ein politischer Skandal ohnegleichen, \u00fcbertroffen nur noch von dem Schweigen, mit dem die deutsche Regierung den peinlichen Fall zu vertuschen versuchte.<br \/>\n&#8230;<br \/>\nDie Geschichte der Juden bewahrt die Israelis davor, den \u201eBefreiungsbewegungen\u201c auf den Leim zu gehen. Weil sie sich aufgrund der Geschichte ihres Volkes noch vorzustellen verm\u00f6gen, was der Verlust der b\u00fcrgerlichen Freiheit, des kapitalistisch gesicherten Wohlstands bedeuten w\u00fcrde, verteidigen sie die b\u00fcrgerliche Gesellschaft beherzt und \u00fcberlegt.<br \/>\nDie Europ\u00e4er dagegen, inzwischen auch Teil der amerikanischen Gesellschaft, haben im \u00dcberdruss des Wohlstands das Interesse an der Verteidigung freiheitlicher Zust\u00e4nde verloren. Von dem, was im Zuge der Aufkl\u00e4rung entstehen konnte \u2013 Gemeinwesen, in denen die Freiheit des Einzelnen \u00fcber allem steht \u2013 wenden sich die B\u00fcrger gelangweilt ab, am auff\u00e4lligsten in Deutschland. Sie m\u00f6gen nicht l\u00e4nger f\u00fcr sich selbst einstehen, Verantwortung f\u00fcr sich und das gro\u00dfe Ganze \u00fcbernehmen, laufen stattdessen Ideologen nach, die ihnen das Blaue vom Himmel herunter versprechen, anstrengungslosen M\u00fc\u00dfiggang hier und Jungfrauen im Jenseits.<br \/>\n&#8230; Alles vom 17.10.2024 von Thomas Rietzschel bitte lesen auf<br \/>\n<a href=\"https:\/\/www.achgut.com\/artikel\/israel_dier_buergerliche_gesellschaft_und_frau_baerbock\">https:\/\/www.achgut.com\/artikel\/israel_dier_buergerliche_gesellschaft_und_frau_baerbock<\/a><br \/>\n.<br \/>\n<em>Dr. phil. Thomas Rietzschel, geboren 1951 bei Dresden, verlie\u00df die DDR mit einer Einladung der Deutschen Akademie f\u00fcr Sprache und Dichtung in Darmstadt. Er war Kulturkorrespondent der Frankfurter Allgemeinen Zeitung FAZ und lebt heute wieder als freier Autor in der N\u00e4he von Frankfurt. Verst\u00f6rend f\u00fcr den Zeitgeist wirkte sein 2012 erschienenes Buch \u201eDie Stunde der Dilettanten\u201c. Henryk M. Broder schrieb damals: \u201eThomas Rietzschel ist ein renitenter Einzelg\u00e4nger, dem Gleichstrom der Republik um einige Nasenl\u00e4ngen voraus.\u201c Die Fortsetzung der Verst\u00f6rung folgte 2014 mit dem Buch \u201eGepl\u00fcnderte Demokratie &#8211; Die Gesch\u00e4fte des politischen Kartells, <\/em><br \/>\n<em>12,99 Euro, 24.2.2024, ISBN 978-3-552-05686-2.<\/em><\/p>\n<p>&nbsp;<\/p>\n<p>&nbsp;<\/p>\n<p><strong>Die enge Verflechtung zwischen UNRWA und Hamas<br \/>\nDas Nie-wieder-Deutschland und seine Millionen f\u00fcr Judenhasser<\/strong><br \/>\nW\u00e4hrend Demonstranten auf \u2018gegen rechts\u2019-Kundgebungen Schilder mit der Parole \u00abNie wieder ist jetzt\u00bb tragen, beendet die Bundesregierung ihre Zahlungen an die UNRWA nicht, trotz der Verwicklungen des angeblichen Hilfswerks in den Hamas-Terror. Sie stoppt die \u00dcberweisungen nur \u00abtempor\u00e4r\u00bb<\/p>\n<p>In Deutschland geschieht vieles, was in die Rubrik \u2018kognitive Dissonanz\u2019 f\u00e4llt. Zehntausende beteiligen sich an Kundgebungen \u2018gegen den Faschismus\u2019, (zu denen in vielen St\u00e4dten \u00fcbrigens auch Demonstranten mit Pal\u00e4stina-Flaggen erscheinen). Gleichzeit pr\u00fcgelt in Berlin ein Student der FU einen j\u00fcdischen Kommilitonen wegen dessen Pro-Israel-Haltung krankenhausreif \u2013 und muss nach der Tat noch nicht einmal die Hochschule verlassen.<br \/>\nDie zust\u00e4ndige Wissenschaftssenatorin erkl\u00e4rte, sie lehne \u00abExmatrikulationen aus politischen Gr\u00fcnden\u00bb grunds\u00e4tzlich ab. Bei antisemitischer Gewalt handelt es sich ihrer Meinung nach also um eine politische Meinungs\u00e4u\u00dferung.<br \/>\n.<br \/>\nW\u00e4hrend Demonstranten Schilder mit der Aufschrift \u00abNie wieder ist jetzt\u00bb durch die Stra\u00dfen tragen und Politiker sich zum Holocaust-Gedenktag mit \u00abwe remember\u00bb-Schriftzug ablichten lassen, interessiert sich das gleiche Bekenntnismilieu wenig daf\u00fcr, wof\u00fcr genau deutsche Steuergelder flie\u00dfen, die das Bundeskabinett als \u00abPal\u00e4stina-Hilfe\u00bb deklariert.<br \/>\n&#8230;..<br \/>\nDie enge Verflechtung zwischen UNRWA und Hamas kann niemanden ernsthaft \u00fcberraschen. Der damalige UNRWA-Generalkommissar Peter Hansen meinte schon im Oktober 2004 in einem Interview mit dem Sender CBC: \u00abOh, ich bin sicher, dass es Hamas-Mitglieder gibt, die auf der Gehaltsliste des UNRWA stehen. Und ich betrachte das nicht als Verbrechen.\u00bb<br \/>\nBisher folgt die deutsche Finanzierungspolitik f\u00fcr islamistische Kr\u00e4fte einem immergleichen Muster: Nach der Macht\u00fcbernahme der Taliban in Afghanistan verk\u00fcndete der damalige Au\u00dfenminister Heiko Maas, die neuen Machthaber w\u00fcrden k\u00fcnftig keinen Euro mehr aus Deutschland sehen. Dann floss das Geld weiter mit der Versicherung, es gehe aber nur an staatsunabh\u00e4ngige Organisationen \u2013 als w\u00e4re das m\u00f6glich in einem Land, das die Taliban diktatorisch beherrschen. Nach den Massakern des 7. Oktober legte die EU die haupts\u00e4chlich von Deutschland finanzierten Zahlungen f\u00fcr den Gazastreifen, wie es hie\u00df, \u00abauf Eis\u00bb \u2013 um sie dann wieder aufzunehmen und sogar zu steigern. Fast alles spricht daf\u00fcr, dass auch der Zahlungsstopp an die UNRWA nur so lange anh\u00e4lt, bis ein Vertreter der Organisation versichert, ab sofort g\u00e4be es keine Kontakte zur Hamas mehr. Dann k\u00f6nnen die Millionen flie\u00dfen wie gehabt. Und auch 2025 posten Annalena Baerbock und Svenja Schulze wieder ihre \u00abwe remember\u00bb-Bekenntnisfotos im Netz.<br \/>\n&#8230; Alles vom 8.2.2024 von Emrah Erken bitte lesen auf<br \/>\n<a href=\"https:\/\/www.publicomag.com\/2024\/02\/das-nie-wieder-deutschland-und-seine-millionen-fuer-judenhasser\/\">https:\/\/www.publicomag.com\/2024\/02\/das-nie-wieder-deutschland-und-seine-millionen-fuer-judenhasser\/<\/a><br \/>\n.<br \/>\n<em>Emrah Erken ist Schweizer Rechtsanwalt. Er befasst sich au\u00dferdem mit gesellschaftspolitischen Themen, Geschichte, Kunst und Jazz aus den Zwanzigerjahren. Auf X (vormals Twitter) postet er unter @AtticusJazz zu Zeitgeschehen und Musik.<\/em><\/p>\n<p>&nbsp;<\/p>\n<p><strong>Immer mehr Geld f\u00fcr Gaza unter Merkel<\/strong><br \/>\n<strong>Deutschlands Pakt mit dem Terror<\/strong><br \/>\nSoweit die deutschen Zahlungen an Mahmoud Abbas\u2018 Autonomie-Beh\u00f6rde in der Westbank \u2013 wie verh\u00e4lt es sich nun mit den Geldern \u201ef\u00fcr die Pal\u00e4stinenser in Gaza\u201c? Das Herzst\u00fcck der deutschen (und anderen westlichen) Spenden ist die United Nations Relief and Works Agency for Palestine Refugees in the Near East, UNRWA (deutsch: Hilfswerk der Vereinten Nationen f\u00fcr Pal\u00e4stina-Fl\u00fcchtlinge im Nahen Osten), gegr\u00fcndet 1949. Dieses eigentlich tempor\u00e4r geplante Hilfswerk ist eine in ihrer Art einzigartige Organisation der UN, da sie ausschlie\u00dflich \u201ePal\u00e4stinenser\u201c betreut, also betont kein internationales Anliegen verfolgt, wie es Aufgabe der UN-Hilfswerke w\u00e4re.<br \/>\nUnter \u201ePal\u00e4stinensern\u201c versteht die UNRWA \u201ePersonen, deren st\u00e4ndiger Wohnsitz zwischen 1946 und 1948 im Britischen Mandatsgebiet Pal\u00e4stina lag und die diesen Wohnsitz und ihre Lebensgrundlage durch den Arabisch-Israelischen Krieg von 1948 verloren haben\u201c. Inzwischen finanziert sie jedoch, da die eigentlichen \u201ePal\u00e4stina-Fl\u00fcchtlinge\u201c zumeist verstorben sind, deren millionenfache Nachkommen. Dies die erste Absurdit\u00e4t des Hilfswerks: die \u201ePal\u00e4stina-Fl\u00fcchtlinge\u201c wurden durch Pseudo-Fl\u00fcchtlinge ersetzt, die nach 75 Jahren immer noch Bed\u00fcrftigkeit geltend machen, als w\u00e4ren sie gestern vertrieben worden.<br \/>\nDer Fl\u00fcchtlings-Status wird k\u00fcnstlich verl\u00e4ngert, ja verewigt. Die UNRWA unterh\u00e4lt Einrichtungen in Jordanien, Syrien, Libanon, dem Gazastreifen und dem Westjordanland, denn \u00fcberall dort leben auf ihrem Fl\u00fcchtlingsstatus beharrende Pal\u00e4stinenser. Das regul\u00e4re Budget der UNRWA belief sich im Jahr 2023 auf etwa 1,6 Milliarden US-Dollar (gegen\u00fcber ca. 1,2 Milliarden 2013). Davon tr\u00e4gt Deutschland, obwohl nur einer von 193 UN-Mitgliedsstaaten, \u00fcber zehn Prozent (\u201eGermany is the second largest donor to UNRWA with an overall contribution of more than EUR 190 million in 2022.\u201c Quelle: Deutsches Ausw\u00e4rtiges Amt, Pressemitteilung des Vertretungsb\u00fcros Ramallah, 28.7.2023). Unter der Kanzlerschaft Angela Merkels wurden diese Zahlungen drastisch erh\u00f6ht: \u201eDie j\u00e4hrlichen Zahlungen Deutschlands an das UN-Hilfswerk f\u00fcr Pal\u00e4stinafl\u00fcchtlinge (UNRWA) sind seit 2005 um \u00fcber 2600 Prozent gestiegen.\u201c (Antwort der Bundesregierung auf eine Anfrage der Bundestagsabgeordneten Beatrix von Storch, 7.3.2018)<br \/>\n&#8230;<br \/>\nAngeblich gehen 58 Prozent des 1,6-Milliarden-Budgets der UNRWA in Schulen, im Grunde wird das gesamte Schulsystem in Gaza und Westbank \u00fcber die UN-Fonds von anderen L\u00e4ndern bezahlt, auch hier Deutschland voran. Was wird an diesen Schulen unterrichtet? Sicher alles m\u00f6gliche, auch Sinnvolles wie Mathematik und arabische Grammatik, aber der Hass auf den Westen, auf Europa, die USA, vor allem aber auf die Juden und ihren Staat Israel steht fest im Programm. Seit Jahrzehnten. Die bestialische Gewalt junger Hamas-K\u00e4mpfer gegen Juden am 7. Oktober hat gezeigt, dass in diesen Schulen systematisch zum Judenhass erzogen wird. Die deutsche Regierung und die UN-Hilfswerke sind daher zweifellos, durch ihre unkritische und ungepr\u00fcfte Unterst\u00fctzung dieses Schulsystems, mitschuldig am zunehmenden Judenhass unserer Tage.<br \/>\n.<br \/>\nDie Hilfsgelder landeln in Tunneln \u2013 und die Geber wissen das<br \/>\nWie die Hamas in Gaza mit gro\u00dfer Ausdauer, viel Flei\u00df und viel europ\u00e4ischem Geld ein System betonierter Tunnel erbaut hat (zum Schmuggeln von Waffen und Raketen, als Versteck ihrer F\u00fchrer und Gef\u00e4ngnis f\u00fcr Geiseln), so werden auch die Hilfsgelder durch ein System von \u201eTunneln\u201c, verdeckten Kan\u00e4len, Scheinorganisationen jeder fremden Einsicht entzogen. Behauptungen der deutschen Au\u00dfenministerin oder anderer Verantwortlicher, sie w\u00fcssten, dass die f\u00fcr \u201ehumanit\u00e4re Hilfe\u201c oder \u201eEntwicklung\u201c bestimmten Gelder tats\u00e4chlich den Hilfsbed\u00fcrftigen bzw. zu entwickelnden Projekten zugutekommen, entbehren jeder Grundlage. Sie sind reine Rhetorik zur Beruhigung ihrer eigenen Bev\u00f6lkerung, die diese Mittel seit Jahrzehnten aufbringen muss.<br \/>\nDagegen verraten \u00c4u\u00dferungen deutscher Medien, vor allem in den letzten Wochen, unter dem Schock der von der Hamas begangenen Grausamkeiten in Israel und der immer aggressiver auftretenden Muslime in Deutschland selbst, ihre gute Kenntnis der hier skizzierten korrupten Zust\u00e4nde. Auch ein Kenner der Verh\u00e4ltnisse wie Scheich Ja\u2019abari betonte im Interview mehrmals die Mitwisserschaft der europ\u00e4ischen Geldgeber: \u201eThey know everything.\u201c Hiervon ausgehend, zudem in Anbetracht dessen, dass die weitere, sogar noch wachsende Bezahlung von Einrichtungen wie der PA oder UNRWA Deutschland de facto keinen Nutzen bringt und an der Masse der \u201ePal\u00e4stinenser\u201c vorbei geht, muss man sich die Frage stellen: Warum zahlt Deutschland weiter? (Andere Staaten wie die Schweiz, Belgien, die Niederlande oder Neuseeland haben nach den Enth\u00fcllungen \u00fcber das korrupte Wesen der UNRWA 2019 ihre Unterst\u00fctzung f\u00fcr das \u201eHilfswerk\u201c ausgesetzt.)<br \/>\nHandelt es sich \u00fcberhaupt noch um \u201eEntwicklungshilfe\u201c oder \u2013 wie es zumindest viele \u201ePal\u00e4stinenser\u201c empfinden \u2013 um Tribut- und Schutzgeldzahlungen? In der \u201eislamischen Welt\u201c werden solche Geldgaben nicht als Zeichen g\u00f6nnerhafter St\u00e4rke, weit eher als Zeichen der Schw\u00e4che verstanden: der Gebende hat es n\u00f6tig. Aus ihrer Sicht ist Deutschland ein reiches, aber innerlich wankendes, konfuses, weitgehend wehrloses Land, reif zur \u00dcbernahme, das jene, die es bedenkenlos herbeigerufen und eingelassen hat, bei Laune halten muss \u2013 sie sind derzeit das mit Abstand gr\u00f6\u00dfte Potenzial innenpolitischer Gefahr und Bedrohung.<br \/>\nDieser Text erschien zuerst, leicht gek\u00fcrzt, in der Zeitschrift CATO, Heft 1\/2024<br \/>\n&#8230; Alles vom 7.4.2024 bitte lesen auf<br \/>\n<a href=\"https:\/\/www.achgut.com\/artikel\/deutschlands_pakt_mit_dem_terror\">https:\/\/www.achgut.com\/artikel\/deutschlands_pakt_mit_dem_terror<\/a><\/p>\n<p><em>Chaim Noll wurde 1954 unter dem Namen Hans Noll in Ostberlin geboren. Seit 1995 lebt er in Israel, in der W\u00fcste Negev. Chaim Noll unterrichtet neben seiner schriftstellerischen T\u00e4tigkeit an der Universit\u00e4t Be\u2019er Sheva und reist regelm\u00e4\u00dfig zu Lesungen und Vortr\u00e4gen nach Deutschland. In der Achgut-Edition ist von ihm erschienen \u201eDer Rufer aus der W\u00fcste \u2013 Wie 16 Merkel-Jahre Deutschland ramponiert haben. Eine Ansage aus dem Exil in Israel\u201c.<\/em><\/p>\n<p>&nbsp;<\/p>\n<p>&nbsp;<\/p>\n<p><strong>Hamas-Terrortunnel in von Deutschland finanzierter Schule in Gaza entdeckt<\/strong><br \/>\nEine von der israelischen Armee eroberte Schule im Norden des Gaza-Streifens diente der Hamas als Basis f\u00fcr Terror-Operationen &#8211; sie wurde von der Bundesregierung \u00fcber die KfW finanziert. Es ist nicht der erste Beweis f\u00fcr die indirekte Finanzierung der Hamas durch Deutschland.<br \/>\nDeutschland geh\u00f6rt zu den wichtigsten Finanziers des Gaza-Streifens \u2013 immer wieder betont Annalena Baerbock, dass die Zahlungen dabei nicht an die Hamas gehen w\u00fcrden, sondern ausschlie\u00dflich an die pal\u00e4stinensische Zivilbev\u00f6lkerung. Ein weiterer Beweis offenbart nun das Gegenteil: Videoaufnahmen der 551. Reserve Brigade der israelischen Armee<br \/>\n<a href=\"https:\/\/videoidf.azureedge.net\/3194e030-e06b-4f4b-8ac9-3cc07015c778\">https:\/\/videoidf.azureedge.net\/3194e030-e06b-4f4b-8ac9-3cc07015c778<\/a><br \/>\nzeigen die eroberte Jabbal al Mukkabir-Sekundarschule am Rande der Stadt Dschabaliya im Norden des Gaza-Streifens. Auf dem Hof der Schule, nur ca. 15 Meter vom Hauptgeb\u00e4ude entfernt, befindet sich ein dutzende Meter tiefer Terror-Tunnel der Hamas.<br \/>\n&#8230; Alles vom 3.12.2023 bitte lesn auf<br \/>\n<a href=\"https:\/\/apollo-news.net\/hamas-terrortunnel-in-von-deutschland-finanzierter-schule-in-gaza-entdeckt\/\">https:\/\/apollo-news.net\/hamas-terrortunnel-in-von-deutschland-finanzierter-schule-in-gaza-entdeckt\/<\/a><\/p>\n<p>&nbsp;<\/p>\n<p><strong>Ein Flugblatt f\u00fcr Gaza \u2013 Bitte vervielf\u00e4ltigen und weitersenden<\/strong><br \/>\n<strong>Geschwister Scholl-Flugblatt: Widerstand gegen Nazi &#8211; Widerstand gegen Hamas<\/strong><br \/>\n&#8230;<br \/>\nDer 7. Oktober 2023 hat gezeigt, der Hass auf Juden muss ernst genommen werden. Ein gro\u00dfer Teil der Araber hasste Juden heute so wie damals ein gro\u00dfer Teil der Deutschen Juden hasste. Damals stellten sich nur wenige Aufrichtige dem Hass der Nazis entgegen. Die Geschwister Scholl geh\u00f6rten dazu. Sie schrieben in ihrem dritten Flugblatt:<\/p>\n<p>\u201eUnser heutiger \u201eStaat\u201c aber ist die Diktatur des B\u00f6sen. \u201eDas wissen wir schon lange\u201c, h\u00f6re ich Dich einwenden, \u201eund wir haben es nicht n\u00f6tig, dass uns dies hier noch einmal vorgehalten wird.\u201c Aber, frage ich Dich, wenn Ihr das wisst, warum regt Ihr Euch nicht, warum duldet Ihr, dass diese Gewalthaber Schritt f\u00fcr Schritt offen und im verborgenen eine Dom\u00e4ne Eures Rechts nach der anderen rauben, bis eines Tages nichts, aber auch gar nichts \u00fcbrigbleiben wird als ein mechanisiertes Staatsgetriebe, kommandiert von Verbrechern? Ist Euer Geist schon so sehr der Vergewaltigung unterlegen, dass Ihr vergesst, dass es nicht nur Euer Recht, sondern Eure sittliche Pflicht ist, dieses System zu beseitigen?<br \/>\nWenn aber ein Mensch nicht mehr die Kraft aufbringt, sein Recht zu fordern, dann muss er mit absoluter Notwendigkeit untergehen. Wir w\u00fcrden es verdienen, in alle Welt verstreut zu werden, wie der Staub vor dem Winde, wenn wir uns in dieser zw\u00f6lften Stunde nicht aufrafften und endlich den Mut aufbr\u00e4chten, der uns seither gefehlt hat. Verbergt nicht Eure Feigheit unter dem Mantel der Klugheit. Denn mit jedem Tag, da Ihr noch z\u00f6gert, da Ihr dieser Ausgeburt der H\u00f6lle nicht widersteht, w\u00e4chst Eure Schuld gleich einer parabolischen Kurve h\u00f6her und immer h\u00f6her.\u201c<br \/>\nDie Geschwister Scholl waren klar in ihrer Ansage: Ein deutsches Volk, das sich nicht selbstst\u00e4ndig von den Nazis befreien kann, verdient es, unterzugehen und wie Staub zerstreut zu werden. Es liegt heute ganz in den H\u00e4nden des Volkes von Gaza. Wenn sich die Menschen in Gaza nicht selbstst\u00e4ndig von den Barbaren, Schl\u00e4chtern und M\u00f6rdern, die sich selbst stolz in die Tradition der Nazis stellen, befreien k\u00f6nnen, kann es f\u00fcr Gaza irgendwann nur noch die Antwort geben, die es f\u00fcr die Nazis in Deutschland gab. Im ersten Flugblatt der Geschwister Scholl hei\u00dft es:<br \/>\n\u201eVergesst nicht, dass ein jedes Volk diejenige Regierung verdient, die es ertr\u00e4gt!\u201c<br \/>\n&#8230;<br \/>\n&#8230; Alles vom 10.10.2022 von Gert Buurmann bitte lesen auf<br \/>\n<a href=\"https:\/\/tapferimnirgendwo.com\/2023\/10\/10\/ein-flugblatt-fuer-gaza-bitte-vervielfaeltigen-und-weitersenden\/\">https:\/\/tapferimnirgendwo.com\/2023\/10\/10\/ein-flugblatt-fuer-gaza-bitte-vervielfaeltigen-und-weitersenden\/<\/a><\/p>\n<p>&nbsp;<\/p>\n<p><strong>UNRWA-Lehrkr\u00e4fte verherrlichen Hamas-Massaker im Schulunterricht<\/strong><br \/>\nEinem Bericht1 des Institute for Monitoring Peace and Cultural Tolerance in School Education (IMPACT-se) zufolge haben Lehrer an Schulen des UN-Fl\u00fcchtlingshilfswerks (UNRWA) das Massaker der als Terrororganisation eingestuften Hamas vom 7. Oktober, bei dem israelische Zivilisten ums Leben kamen, gutgehei\u00dfen.<br \/>\n&#8230;<br \/>\nSchulb\u00fccher beinhalten bereits die Verherrlichung des Dschihads<br \/>\nNach dem Anschlag vom 7. Oktober wurde auf dem K\u00f6rper eines beteiligten Hamas-Terroristen eine Notiz gefunden, die zu Gewalt gegen Israelis aufruft. Die Notiz zitiert Khalid ibn al-Walid, einen historischen arabischen Milit\u00e4rf\u00fchrer, und ruft dazu auf, Juden und Israelis anzugreifen. In einer Lese\u00fcbung f\u00fcr F\u00fcnftkl\u00e4ssler in UNRWA-Schulen wird al-Walid als Dschihad-Held gefeiert, ebenso wie Izz ad-Din al-Qassam, der Namenspatron des milit\u00e4rischen Arms der Hamas, und andere Personen, die Krieg und Gewalt propagierten. Diese Lektionen motivieren Kinder dazu, diese Figuren als Vorbilder zu sehen und \u201emit Ruhm\u201c zu sterben.3 Die Liste der \u201eHelden\u201c, die den pal\u00e4stinensischen Sch\u00fclern pr\u00e4sentiert wird, umfasst keine Pers\u00f6nlichkeiten aus Wissenschaft, Medizin, Ingenieurwesen oder Sport. F\u00fcr einen Bildungsbereich, der frei von politischer Einflussnahme sein sollte, offenbart sich ein verst\u00f6rendes Bild<br \/>\n&#8230;<br \/>\nIn pal\u00e4stinensischen Schulen sorgt ein Lehrerleitfaden im Kontext des Krieges von 1948 f\u00fcr Aufsehen, indem er Lehrkr\u00e4fte anweist, Sch\u00fcler zu fragen: \u201eWarum ver\u00fcben die Juden Massaker?\u201c Diese Formulierung und die Verwendung des Pr\u00e4sens suggerieren, dass Massaker eine fortw\u00e4hrende Handlung und Charakteristik aller Juden als Gesamtgruppe seien, so die Organisation IMPACT-se.<br \/>\n<a href=\"https:\/\/www.impact-se.org\/wp-content\/uploads\/UNRWA-Education-Textbooks-and-Terror-Nov-2023.pdf\">https:\/\/www.impact-se.org\/wp-content\/uploads\/UNRWA-Education-Textbooks-and-Terror-Nov-2023.pdf<\/a><\/p>\n<p>&#8230; Alles vom 6.11.2023 bitte lesen auf<br \/>\n<a href=\"https:\/\/obiaushv.de\/bericht-enthuellt-unrwa-lehrkraefte-verherrlichen-hamas-massaker-im-schulunterricht\/\">https:\/\/obiaushv.de\/bericht-enthuellt-unrwa-lehrkraefte-verherrlichen-hamas-massaker-im-schulunterricht\/<\/a><\/p>\n<p>&nbsp;<\/p>\n<p><strong>UNWRA-Zahlungen: Sadistischer Mord, belohnt von Europa<\/strong><br \/>\nDie Pal\u00e4stinensische Autonomiebeh\u00f6rde wird allein in diesem Monat \u00fcber zwei Millionen Euro als Belohnung an die Terroristen f\u00fcr die Beteiligung an den Morden israelischer Zivilisten und den \u00dcberfall auf Israel aussch\u00fctten.<br \/>\n&#8230;<br \/>\nM\u00f6glichst viele Angeh\u00f6rige einer Nation, einer Hautfarbe oder einer Religionsgemeinschaft zu ermorden, ist kein Terrorismus mehr, sondern V\u00f6lkermord. Dieser Genozid begann nicht erst am vergangenen 7. Oktober. Das Neue ist nicht das Motiv der Tat, n\u00e4mlich der Wunsch, so viele Juden wie m\u00f6glich zu t\u00f6ten, sondern die Gelegenheit.<br \/>\nDer 7. Oktober <a href=\"https:\/\/www.mena-watch.com\/ziel-der-hamas-zivilisten-massakrieren\/\">https:\/\/www.mena-watch.com\/ziel-der-hamas-zivilisten-massakrieren\/<\/a> hat der Welt vor Augen gef\u00fchrt \u2013 und auf der Website www.hamas-massacre.com l\u00e4sst es sich noch einmal in Fotos und Videos nachvollziehen \u2013 dass Hamas &amp; Co. immer so viele Juden t\u00f6ten werden, wie sie eben k\u00f6nnen (wenn sie nicht durch Polizisten, Soldaten, Z\u00e4une oder Mauern davon abgehalten werden). Stets wird das Ermorden von Juden als ein heiliger, gottgef\u00e4lliger Akt zelebriert, der er in den Augen der T\u00e4ter ist. In der Charta der Hamas <a href=\"https:\/\/embassies.gov.il\/berlin\/AboutIsrael\/the-middle-east\/naherostendokumente\/Die%20radikalislamische%20Terrororganisation%20Hamas.pdf\">https:\/\/embassies.gov.il\/berlin\/AboutIsrael\/the-middle-east\/naherostendokumente\/Die%20radikalislamische%20Terrororganisation%20Hamas.pdf<\/a> hei\u00dft es: \u201eDas J\u00fcngste Gericht wird nicht kommen, solange Muslime nicht die Juden bek\u00e4mpfen und sie t\u00f6ten. Dann aber werden sich die Juden hinter Steinen und B\u00e4umen verstecken, und die Steine und B\u00e4ume werden rufen: ,Oh Moslem, ein Jude versteckt sich hinter mir, komm und t\u00f6te ihn\u2018.\u201c (Artikel 7)<br \/>\n&#8230;<br \/>\nDie Pal\u00e4stinensische Autonomiebeh\u00f6rde werde in diesem Monat mindestens 2,7 Millionen Euro als Belohnung f\u00fcr die Beteiligung an den Morden und Gr\u00e4ueltaten gegen israelische Zivilisten in der vergangenen Woche aussch\u00fctten, &#8230;<br \/>\n&#8230; Alles vom 23.10.2023 von Stefan Frank bitte lesen auf<br \/>\n<a href=\"https:\/\/www.achgut.com\/artikel\/sadistischer_mord_belohnt_von_europa\">https:\/\/www.achgut.com\/artikel\/sadistischer_mord_belohnt_von_europa<\/a><\/p>\n<p>&nbsp;<\/p>\n<p><strong>Hamas: \u201eDie Terroristen a\u00dfen, als sie Kinder folterten\u201c<\/strong><br \/>\nWas jetzt ein Freiwilliger der Hilfsorganisation \u201eZaka\u201c \u00fcber die Ermordung einer vierk\u00f6pfigen Familie in einer Pressekonferenz schildert, erreicht die h\u00f6chste Stufe der Barbarei.<br \/>\nTatort: der Kibbuz Be\u2019eri unweit des Gaza-Streifens<br \/>\nUnter Tr\u00e4nen schildert der Mann, wie er am Montag ein Haus erreichte: \u201eWir sahen ein Paar, Vater und Mutter, kniend auf dem Boden. Den Kopf unten, auf dem R\u00fccken gefesselt. Auf der anderen Seite des Esszimmers war ein siebenj\u00e4hriger Junge. Daneben ein M\u00e4dchen, ungef\u00e4hr sechs Jahre alt.\u201c Die Kinder seien in der gleichen Position auf der anderen Seite des Raumes gefesselt gewesen. \u201eDie K\u00f6rper waren gefoltert\u201c so der Mann, der sich dann fragte, wer wohl zuerst gequ\u00e4lt wurde und wer ansehen musste, dass seine Liebsten misshandelt werden. \u201eDie Eltern oder die Kinder?\u201c<br \/>\nWas dann folgt, ist kaum zu ertragen. \u201eWenn ich von Folter spreche, meine ich fehlende K\u00f6rperteile. Ein Auge, Finger &#8230;\u201c Im Klartext: Die Terroristen rissen einer Person ein Auge aus, schnitten Finger ab! In der Mitte des Raumes habe ein Esstisch gestanden, schildert der Freiwillige der Hilfsorganisation: \u201eDie Terroristen sa\u00dfen dort und a\u00dfen die Samstagsmahlzeit, die f\u00fcr die Familie zubereitet war. Sie haben gegessen, w\u00e4hrend sie die Kinder der Familie folterten.\u201c<br \/>\n\u201eZaka\u201c ist eine Organisation, deren Mitglieder vor allem orthodoxe Juden sind. Sie r\u00e4umen nach Unf\u00e4llen und Selbstmordattentaten freiwillig Leichenteile weg.<br \/>\n&#8230; Alles vom 19.10.2023 bitte lesen auf<br \/>\n<a href=\"https:\/\/www.bild.de\/politik\/ausland\/politik-inland\/grausige-details-ueber-hamas-die-terroristen-assen-als-sie-kinder-folterten-85802656.bild.html\">https:\/\/www.bild.de\/politik\/ausland\/politik-inland\/grausige-details-ueber-hamas-die-terroristen-assen-als-sie-kinder-folterten-85802656.bild.html<\/a><br \/>\n.<br \/>\n<strong>Kinder werden erzogen, den Dschihad und den Kampf gegen den Feind zu lieben<\/strong><br \/>\nDie Anf\u00fchrerin der #Hamas-Frauenbewegung beschreibt die Bedeutung der Frauen in der dschihadistischen Terrororganisation und sagt, dass pal\u00e4stinensische #Kinder von Kindesbeinen an zu Terroristen erzogen werden.<br \/>\n&#8222;Die meisten Kinderg\u00e4rten in #Gaza geh\u00f6ren unseren Schwestern bei der Hamas. Von klein auf werden dort die Kinder dazu erzogen, den #Dschihad und den Kampf gegen den Feind zu lieben.&#8220;<br \/>\n24.10.2023, <a href=\"https:\/\/twitter.com\/AtticusJazz\/status\/1716892575498489895\">https:\/\/twitter.com\/AtticusJazz\/status\/1716892575498489895<\/a><\/p>\n<p>.<\/p>\n<p><strong>Nationale Sicherheit: \u00c4gypten schliesst die Grenze zu Gaza f\u00fcr Pal\u00e4stinenser<\/strong><br \/>\nDer ARD-Korrespondent erkl\u00e4rt <a href=\"https:\/\/www.tagesschau.de\/multimedia\/sendung\/tagesthemen\/video-1260094.htm\">https:\/\/www.tagesschau.de\/multimedia\/sendung\/tagesthemen\/video-1260094.htm<\/a>l , warum die \u00c4gypter zwar Hilfsg\u00fcter nach Gaza passieren lassen, aber die Grenze gegen Fl\u00fcchtlinge aus Gaza dicht machen: \u201eDas ist eine Frage der nationalen Sicherheit. Man will nicht, dass Terroristen ins Land kommen.\u201d Die Rotgr\u00fcnen werden gewiss vorschlagen, sie nach Deutschland zu holen. In den Worten einer Klassikerin formuliert, k\u00f6nnte es dann hei\u00dfen: Ist mir egal, ob ich schuld daran bin, dass die Hamas ihre Zentrale nach Berlin verlegt hat; nun isse halt da.<br \/>\n\u201eDer Gegenvorschlag ist die Zerschlagung der Hamas und die Installierung eines s\u00e4kularen autokratischen Regimes in Gaza. Wenn das in einem riesigen Land wie \u00c4gypten funktioniert, dann funktioniert es in Gaza erst recht, zumindest sofern die Europ\u00e4er nicht weiter Unsummen da reinpumpen.\u201d<br \/>\n&#8230; Alles vom 16.10.023 bitte lesen auf<br \/>\n<a href=\"https:\/\/www.klonovsky.de\/2023\/10\/16-oktober-2023\/\">https:\/\/www.klonovsky.de\/2023\/10\/16-oktober-2023\/<\/a><\/p>\n<p>&nbsp;<\/p>\n<p><strong>\u201eZweistaatenl\u00f6sung\u201c und dann kehrt Frieden ein?<\/strong><br \/>\nNicht Israel will etwas von Gaza, sondern die Hamas will alles<br \/>\n\u2013 Polen wurde nach Westen verschoben, Deutschland verkleinert<br \/>\n\u2013 Warum wird der Gazastreifen nicht nach S\u00fcdwesten vergr\u00f6\u00dfert?<br \/>\n&#8230;<br \/>\nNeuzeit. Im Jahr 2005 beendete der \u201eradikale\u201c Ariel Scharon die Pr\u00e4senz von Juden im Gazastreifen. 8000 Siedler in 21 Siedlungen im Gazastreifen mussten innerhalb 48 Stunden den Gazastreifen verlassen \u2013 weniger als jetzt den Bewohner des n\u00f6rdlichen Gazastreifens an Zeit einger\u00e4umt wurde. Das israelische Milit\u00e4r zerst\u00f6rte die H\u00e4user der Siedler, das Land geh\u00f6rte nun den Pal\u00e4stinensern alleine. Nur die Synagogen zu sprengen, brachten die Soldaten nicht \u00fcbers Herz. Die Synagogen wurden dann von den Pal\u00e4stinensern angez\u00fcndet \u2013 wie es ihre Vorbilder, die deutschen Faschisten 1938 vorgemacht hatten. Damit endete nach 38 Jahren die Pr\u00e4senz der Israelis im Gazastreifen. Aber das war den Pal\u00e4stinensern nicht genug, sie wollen auch Israel.<br \/>\nWas kann und sollte nun mit dem Gazastreifen geschehen? W\u00e4re es nicht eine \u00dcberlegung wert, zumindest die H\u00e4lfte des Gebietes, das den Bewohnern des Gazastreifens von der UN einst zugesprochen wurde, nun seitens \u00c4gyptens den Gaza-Bewohnern und Br\u00fcdern im Glauben zu schenken \u2013 nicht der Hamas. Hier ein Blick in die Satellitenkarte.<br \/>\nhttps:\/\/www.google.de\/maps\/@31.3191373,34.2537855,55768m\/data=!3m1!1e3?entry=ttu<br \/>\nDie Bev\u00f6lkerungsdichte w\u00fcrde durch die Gebietserweiterung halbiert. Und so wie die israelischen Juden die W\u00fcste lebendig machten, k\u00f6nnten das auch die Pal\u00e4stinenser tun: \u201eSchwerter zu Pflugscharen!\u201c Bis es soweit ist:<br \/>\n&#8230; Alles vom 14.10.2023 von Albrecht K\u00fcnstle bitte lesen auf<br \/>\n<a href=\"https:\/\/die-andere-sicht.de\/2023\/10\/14\/kuenstles-sicht-zweistaatenloesung-und-dann-kehrt-frieden-ein\/\">https:\/\/die-andere-sicht.de\/2023\/10\/14\/kuenstles-sicht-zweistaatenloesung-und-dann-kehrt-frieden-ein\/<\/a><\/p>\n<p>&nbsp;<\/p>\n<p><strong>Pal\u00e4stinenser nicht links, sondern rechts<\/strong><br \/>\n\u201eDie Sache der Pal\u00e4stinenser bis heute f\u00fcr \u2018links\u2019 (im Sinne von antiimperialistisch) zu deklarieren, verkennt den Charakter zumindest gro\u00dfer Teile der pal\u00e4stinensischen K\u00e4mpfer und die Verbreitung von Antisemitismus in den Reihen des pal\u00e4stinensischen Volkes und in der gesamten arabisch-islamischen Welt v\u00f6llig. Da\u00df \u2018Antizionisten\u2019 den Hitlergru\u00df \u00fcben, sagt alles. Diese Gemeinsamkeiten zeigen, da\u00df man sich bei der Einordnung der politischen Familien nicht an deren Selbstetikettierungen orientieren darf.\u201c<br \/>\nClaus Leggewie, Politikprofessor an der Universit\u00e4t Gie\u00dfen,<br \/>\nim \u201eTagesspiegel\u201c vom 31. Mai 2021<\/p>\n<p>&nbsp;<\/p>\n<p><strong>Waffenstillstand Gaza-Israel durch \u00c4gypten<\/strong><br \/>\nAu\u00dfenminister Heiko Maas kam genau zur richtigen Zeit in Israel an, den insbesondere von \u00c4gypten vermittelte Waffenstillstand erleben zu d\u00fcrfen. Es sei ihm wirklich geg\u00f6nnt. Die Menschen in Israel freuen sich noch mehr \u00fcber die Verschnaufpause. Der Waffenstillstand d\u00fcrfte m\u00f6glich geworden sein, weil das Raketenarsenal im Libanon und Gaza am Boden zerst\u00f6rt und fast aufgebraucht war; der Iran schickte Drohnen. Auch die israelischen Abwehrraketen d\u00fcrften zur Neige gegangen sein, nachdem zuvor das Abwehrsystem \u00fcberlastet war. Ende gut, alles gut? Nicht ganz.<\/p>\n<p>Pal\u00e4stinensische Terror-Organisationen terrorisierten Israels Menschen tagelang mit Raketen. Vor Jahren waren es noch einfache Kassam-Raketen, jetzt Fortentwicklungen, die sie nicht nur aus dem <a href=\"https:\/\/www.freiburg-schwarzwald.de\/blog\/global\/iran\/\">Iran<\/a> bekommen, sondern sie nun auch selbst herstellen k\u00f6nnen. Wer Atombomben bauen lassen kann wie die Mullahs das anstreben, der kann seinen Geisteskindern noch einfacher Anleitungen zum Bau von Kleinraketen liefern und sie im Iran anlernen. \u00dcber 4\u00a0000 dieser Raketen wurden abgefeuert und forderten viele Menschenleben in Israel \u2013 auch in Gaza selbst, weil einige Geschosse auf eigenem Gebiet explodierten.<\/p>\n<p>Die Pal\u00e4stinenser gelten eigentlich als die \u201eJuden der Araber\u201c, sie wurden von ihnen nie besonders gemocht. Wenn sie es \u00fcbertrieben haben, wurden Pal\u00e4stinenser auch mal von den Arabern zum Teufel gejagt, aus deren L\u00e4ndern ausgewiesen. Macht aber nichts, wenn es um Juden und Israel geht, sind sie sich einig. So scheint es jetzt gerade wieder zu sein. Ihre Hauptf\u00f6rderer sind aber die iranischen Schiiten, und Iraner sind keine Araber. Die iranische Unterst\u00fctzung gilt Gaza und der Hisbollah im Libanon, die Israel von Norden her in Angst und Schrecken versetzen.<\/p>\n<p>Riskante Unterst\u00fctzung auch aus Deutschland. &#8230; Es kamen hunderttausende Araber und Pal\u00e4stinenser aus dem Nahen Osten, die eines vereint: Den koranisch gepr\u00e4gten Judenhass (und auf Christen). Hass auch auf Israel, in welchem \u00fcberwiegend Juden leben, die in den Augen ihres Religionserfinders Muhammad als Schweine gelten (wir Christen gottlob nur als Affen), die man t\u00f6ten solle. Aber die Mustersch\u00fcler des Propheten sind noch islamischer als Muhammad selbst war; sie t\u00f6ten sich auch untereinander, Schiiten Sunniten und umgekehrt.<\/p>\n<p>Allesamt sind sie geborene islamische Antisemiten, die gegen Juden und ihrem Israel sind. Ihnen ist es im fernen Deutschland auch egal, wer mit dem Raketenfeuer angefangen hat. Sie attackieren jetzt Synagogen und w\u00fcrden auch wie einst die Nazis anz\u00fcnden, lie\u00dfe man sie gew\u00e4hren. Langsam merken viele bisher gutgl\u00e4ubige Politiker, was sie sich da aufgeladen haben. Und sogar eine Zeitung wie die Badische r\u00e4umt nun \u201edie zugewanderte Judenfeindlichkeit der muslimischen Migranten\u201c ein. Und gottseidank sagen das nun auch die Politiker, nachdem der Tenor der Medien lautet \u201eDas mit den Attacken auf Juden und Synagogen k\u00f6nnen wir nicht dulden\u201c. Aber \u2026<\/p>\n<p>Jetzt hei\u00dft deren Parole: Liebe Muslime, heizt Israel vor deren Botschaften ein! Gegen die Politik Israels d\u00fcrfe man sein, ja m\u00fcsse man sogar sein, wurde von h\u00f6chster Stelle aufgestachelt. Ich vernahm die letzten Tage mehrere solcher und \u00e4hnlicher Aussagen. Regierungssprecher Seibert \u00e4u\u00dferte ebenfalls, vor Israels Vertretungen darf demonstriert werden. Ich musste lernen, Quellen und Namen zu verdr\u00e4ngen, damit ich nicht das gro\u00dfe Kotzen bekomme, wenn ich deren Visagen sehe. Solchen Typen w\u00fcnsche ich, Opfer derer zu werden, die es bisher haupts\u00e4chlich auf Juden abgesehen haben. Haben Israel und deren Botschafter wirklich verdient, an den Pranger gestellt zu werden? Und das von deutschen Regierungssprechern und Meinungsmachern?<\/p>\n<p>Nein, Israel macht von seinem Verteidigungsrecht Gebrauch, wie es die Juden nach 1938 h\u00e4tten tun sollen. Es h\u00e4tte ihnen zwar nichts genutzt, sie w\u00e4ren nur ehrenvoller gestorben. Daraus haben die Juden in Israel gelernt: Lieber gar nicht sterben, weder \u201eehrenvoll\u201c noch als L\u00e4mmer, die von den W\u00f6lfen rings um ihr Land gerissen werden. Selbstverteidigung wird Israel zwar zugestanden, aber Versuche verurteilt, die Waffenlager der Terroristen und diese selbst auszuschalten. Als ich mit einer Delegation bei meinem vorletzten Israelbesuch mit einem ranghohen Vertreter des Verteidigungsministeriums (oder der IDF?) in Jaffa zusammensa\u00df, musste dieser sichtlich um Fassung ringen, weil dies seinen Soldaten eben leider nicht immer und dauerhaft gelang. Auch jetzt r\u00e4umte die IDF ein, dass es ihr nicht gelungen sei, das Angriffspotenzial v\u00f6llig zu zerst\u00f6ren, ohne noch mehr Zivilisten zu gef\u00e4hrden.<\/p>\n<p>Zu hiesigen Aufrufen, H\u00e4nde weg von unseren Juden \u2013 tobt euch an Israel aus: Wie w\u00e4re es, jeden der in Deutschland Israelfahnen zerrei\u00dft oder verbrennt und israelfeindliche Parolen skandiert, ans Mittelmeer zu fahren, in ein Boot ohne R\u00fcckw\u00e4rtsgang zu setzen &#8230;<\/p>\n<p>Und diejenigen, die solche Typen auffordern, vor Israels (13) Vertretungen zu ziehen: Sie haben es nicht verdient, noch einmal gew\u00e4hlt zu werden. Weder sie selbst noch ihre Parteien. Und wenn sie sich sogar unter die Sympathisanten der islamischen Terrorbanden in Deutschland mischen, sollten sie sich wegen Antisemitismus vor deutschen Gerichten verantworten m\u00fcssen, Immunit\u00e4t hin oder her. Ihnen sollte gen\u00fcgen, gegen Corona immun zu sind, nicht aber gegen verdiente Strafverfolgung.<\/p>\n<p>Die Herzen des Bundespr\u00e4sidenten und von Au\u00dfenminister Maas schlagen auch f\u00fcr die pal\u00e4stinensische Sache: Immer wieder geben sie daf\u00fcr hunderte Millionen Euro aus, die leider von der korrupten Hamas und anderen Terrororganisationen wie der Islamische Jihad abgezweigt oder f\u00fcr gro\u00dfz\u00fcgige Renten an M\u00e4rtyrer-Witwen verwendet werden. Aber die Terrororganisationen scheinen das nicht zu w\u00fcrdigen, denn Maas\u2018 Landung in Israel wurde durch pal\u00e4stinensischen Raketenbeschuss verz\u00f6gert. Mal sehen, mit welcher Einsicht Heiko Maas zur\u00fcckkommt?<\/p>\n<p>Vielleicht l\u00e4sst auch Berlin (wie \u00d6sterreich und Tschechien) die Israelische Flagge hissen \u2013 auf Halbmast, wenn Israel die Angriffe aus der unmittelbaren Nachbarschaft, oder sp\u00e4ter mit gr\u00f6\u00dferem Kaliber aus dem Iran, nicht mehr \u00fcberlebt? Sarkasmus beiseite: Heiko Maas denkt an eine Neuauflage der Zweistaaten-L\u00f6sung. Hierzu gibt aber Michael Wolffsohn zu bedenken, \u201ewohin dann mit den 600\u00a0000 Juden im Westjordanland?\u201c Ins israelische Kernland? Und sollten dann die zwei Millionen israelischen Araber in die Westbank umsiedeln? Oder nach Deutschland, weil die arabische Verwandtschaft schon hier ist?<\/p>\n<p>Abschlie\u00dfend eine Stimme zu Israel, die von den Medien regelm\u00e4\u00dfig unterschlagen wird: \u201e\u2026 Bundesau\u00dfenminister Maas angesichts dieser Situation gleichwohl \u201abeide Seiten\u2018 zur M\u00e4\u00dfigung aufruft, zeigt, dass f\u00fcr ihn Merkels Bekenntnis aus dem Jahr 2008, wonach die Sicherheit Israels f\u00fcr sie als Bundeskanzlerin niemals verhandelbar sei, wenig bedeutet. Denn Sicherheit kann es f\u00fcr ein Land nur geben, wenn es sich vor Terror sch\u00fctzen und laufende Angriffe schnellstm\u00f6glich beenden kann. Die Bundesregierung muss sich deshalb eindeutig hinter Israel und seine Bem\u00fchungen stellen, die eigene Bev\u00f6lkerung vor terroristischen Angriffen zu sch\u00fctzen. Eine Relativierung ist hier nicht angebracht\u201c (Zitat von J\u00f6rg Meuthen). Kommt der nicht von jener Partei der nachgesagt wird, sie sei antisemitisch?<br \/>\n21.5.2021, Albrecht K\u00fcnstle, kuenstle.a \u00e4t gmx.de<\/p>\n<p>&nbsp;<\/p>\n<p><strong>Gaza ist immer noch besetzt &#8211; von der Hama<\/strong>s<br \/>\nIch hatte beruflich mit Sicherheitskr\u00e4ften am Flughafen Tel Aviv zu tun. Seien Sie sich sicher, diese Menschen sind keine Rassisten, sie arbeiten nur risikobasiert. Und Israel ist nicht nur von Irren bedroht, sondern durch Staatsterrorismus. Israel ist willens, seine Technologie in den Bereichen Landwirtschaft, Meeresentsalzung und vielem anderen zu teilen. Israel stellt Gaza, Westbank und Jordanien seine H\u00e4fen zur Verf\u00fcgung, hat sogar eine Bahn von Bagdad bis zum Meer vorgeschlagen. Gaza k\u00f6nnte vom Frieden nur profitieren, allerdings zulasten der Hardliner. Gaza ist immer noch besetzt, aber nicht von Israel, sondern von der Hamas.<br \/>\nWestbank plus Gaza sind gross genug, um unabh\u00e4ngig von Siedlungen mit den Milliarden aus dem Westen einen erfolgreichen Staat zu f\u00fchren. Allein, es fehlt der Wille.<br \/>\nDer Koran enth\u00e4lt manches Gute, aber auch viel B\u00f6ses. Es gilt, das Buch im Kontext zu lesen, wer dieses als Gottgegeben und Unver\u00e4nderlich betrachtet, hat in Europa als Faschist und Nazi nichts zu suchen.<br \/>\nPS: der Autor ist kein Jude, hat aber viele j\u00fcdische Freunde und manche habe Angst.<br \/>\n20.5.2021, P.B.<\/p>\n<p>&nbsp;<\/p>\n<p><strong>Hamas-Terror gegen Israel &#8211; Major Arye Shalicar im Interview<\/strong><br \/>\nDer Beschuss der Hamas setzt sich weiter fort, seit mittlerweile acht Tagen m\u00fcssen israelische Zivilisten in gro\u00dfen Teilen des Landes t\u00e4glich zum Heulen der Sirenen in Luftschutzbunker fl\u00fcchten. Die israelische Armee verh\u00e4lt sich indes bemerkenswert passiv, man setzt auf die Wunderwaffe \u201eIron Dome\u201c. Doch die kann nie 100 Prozent der Terroraketen abfangen, ein paar gehen immer durch und treffen im Zweifel Wohngegenden und t\u00f6ten Zivilisten. H\u00f6rt der Terror nicht auf, wird man andere L\u00f6sungen suchen m\u00fcssen.<br \/>\nWir sprachen mit Arye Sharuz Shalicar, den wir direkt im Hauptquartier der israelischen Armee erreichten und dessen Lebensweg in jeder Hinsicht bemerkenswert ist. Aufgewachsen als Sohn iranischer Juden im Berliner Problemviertel Wedding, schloss er sich zun\u00e4chst t\u00fcrkischen und kurdischen Jugendgangs an, doch wegen antisemitischer Erlebnisse wanderte er nach Israel aus, um \u201eein Leben der Zugeh\u00f6rigkeit zu f\u00fchren, ein Leben ohne schiefe Blicke, ein Leben als Jude\u201c. Nach seinem Wehrdienst bei einer Unterst\u00fctzungseinheit der Fallschirmj\u00e4ger bei der israelischen Armee (IDF) und einem Studium der Politikwissenschaft, wurde er Sprecher der israelischen Armee, mittlerweile im Rang eines Majors.<\/p>\n<p><em>TE: Israel befindet sich seit \u00fcber einer Woche unter Raketenbeschuss \u2013 wie ist die aktuelle Lage, wie ist die Stimmung in der Bev\u00f6lkerung?<\/em><br \/>\nArye Sharuz Shalicar: Wir sind mittlerweile im achten Tag der Kampfhandlungen. Bisher wurden \u00fcber 3.200 Raketen von den zwei Terrororganisationen aus dem Gaza-Streifen \u2013 dem pal\u00e4stinensischen-islamischen Dschihad und der Hamas \u2013 auf Israel abgefeuert. Viele der Raketen wurden vom Iron Dome abgefangen, aber es gab auch dutzende, die in H\u00e4usern, gestern sogar in einer Synagoge, eingeschlagen sind,<br \/>\n&#8230;.<br \/>\n<em>TE: Welches Verhalten w\u00fcrde sich Israel von seinen Verb\u00fcndeten in Europa und im Westen w\u00fcnschen?<\/em><br \/>\n<em><strong>Deutschland, wie alle anderen L\u00e4nder, die frei und demokratisch sind, sollten Israel den R\u00fccken in diesem Krieg frei halten. Nicht gegen die Pal\u00e4stinenser, sondern gegen die pal\u00e4stinensisch-islamistischen Terrorgruppen, die mittlerweile zu Terrorarmeen angewachsen sind.<\/strong><\/em><br \/>\nUnd solange wir diese Terrorarmeen machen lassen, was sie wollen, wird in erster Linie nicht Israel darunter leiden, sondern Pal\u00e4stina selbst.<br \/>\n&#8230; Alles vom 17.5.2021 bitte lesen auf<br \/>\n<a href=\"https:\/\/www.tichyseinblick.de\/daili-es-sentials\/terror-gegen-israel-major-arye-shalicar-im-interview\/\">https:\/\/www.tichyseinblick.de\/daili-es-sentials\/terror-gegen-israel-major-arye-shalicar-im-interview\/<\/a><\/p>\n<p>&nbsp;<\/p>\n<p><strong>Die unendliche Geschichte Hamas-Israel<\/strong><br \/>\nHamas zerst\u00f6rt (Israel reagiert nat\u00fcrlich) und wir (also die Weltgemeinschaft) zahlen wieder f\u00fcr den Aufbau und so geht es immer weiter, die unendliche Geschichte.<br \/>\nDW:<br \/>\n&#8222;Die radikale Pal\u00e4stinenserorganisation Hamas hatte in der Nacht zu Sonntag nach Angaben des israelischen Milit\u00e4rs weitere Raketen auf Israel abgefeuert. Ein &#8222;schwerer Hagel von Raketen&#8220; sei vom Gazastreifen aus auf die Mitte und den S\u00fcden Israels abgeschossen worden, twitterte die Armee. M\u00e4nner, Frauen, Kinder und \u00e4ltere Menschen bef\u00e4nden sich in Bunkern. In Tel Aviv und Umgebung warnten die Sirenen vor neuem Raketenbeschuss.&#8220;<br \/>\n<a href=\"http:\/\/www.dw.com\/de\/un-generalsekret%C3%A4r-guterres-gewalt-muss-enden\/a-57544370\">http:\/\/www.dw.com\/de\/un-generalsekret%C3%A4r-guterres-gewalt-muss-enden\/a-57544370<\/a> 17. Mai 2021 &#8211; 11:15 Uhr<br \/>\n17.5.2021, H.G.<br \/>\n.<br \/>\n<strong>Die EU \u00fcberweist Jahr f\u00fcr Jahr eine Milliarde Euro<\/strong><br \/>\nan die pal\u00e4stinensische Autonomiebeh\u00f6rde. Um den Menschen zu helfen? Oder Um das Regime zu festigen?<br \/>\nDie Hamas ist eine radikalislamische Pal\u00e4stinenserorganisation. Diese Terroristenorganisation wurde 1987 als Zweig der Muslimbruderschaft gegr\u00fcndet. Astreine Terroristen f\u00fcr die eigene Bev\u00f6lkerung und f\u00fcr Israel. Diesen Konflikt haben Sie ganz bewu\u00dft gew\u00e4hlt, um den schwindenden R\u00fcckhalt in der eigenen Bev\u00f6lkerung umzukehren&#8230; Das Ziel haben sie erreicht!<br \/>\n17.5.2021, H.M.<\/p>\n<p>&#8222;Seit Montagabend haben militante Hamas-Anh\u00e4nger nach Angaben des israelischen Milit\u00e4rs mehr als 2000 Raketen auf Israel abgefeuert. Das Raketenabfangsystem &#8222;Iron Dome&#8220; fing davon nahezu 1000 ab. &#8220;<br \/>\n<a href=\"http:\/\/www.dw.com\/de\/hamas-feuert-weiter-raketen-auf-israel\/a-57538608\">http:\/\/www.dw.com\/de\/hamas-feuert-weiter-raketen-auf-israel\/a-57538608<\/a><br \/>\n&#8222;Wenige Minuten nach Verstreichen des Ultimatums begann ein Beschuss Israels durch die Hamas und den Islamischen Dschihad, die bis zum 14. Mai nach Angaben des israelischen Milit\u00e4rs mindestens 1800 Raketen abfeuerten. Das israelische Abfangsystem Iron Dome konnte etwa 90 Prozent der Raketen abfangen.[17] Dennoch gab es in Israel (Stand: 15. Mai) acht Tote, darunter ein Soldat und ein Kind.[22] Bei den Vergeltungsangriffen starben 119 Pal\u00e4stinenser, darunter 31 Kinder&#8220;<br \/>\n<a href=\"https:\/\/de.wikipedia.org\/wiki\/Israel-Gaza-Konflikt_2021\">https:\/\/de.wikipedia.org\/wiki\/Israel-Gaza-Konflikt_2021<\/a><\/p>\n<p>&nbsp;<\/p>\n","protected":false},"excerpt":{"rendered":"<p>Home\u00a0&gt;Global\u00a0&gt;Israel &gt;Palaestina &gt;Gaza &nbsp; Listenauswahl eines Beitrags (Artikel\/Datum, Seite\/Inhalt):\u00a0Klicken\u00a0oder scrollen Israel: Vernichtung Umzug Krieg\u00a0(11.3.2026) Pogrom(s) \u2013 Ein Dokumentarfilm, der die Wahrheit \u00fcber den 7. Oktober 2023 festh\u00e4lt\u00a0(19.11.2025) Arye Sharuz Shalicar: Der \u00dcberlebenskampf dauert an\u00a0(20.11.2025) Fabian Scheidler: Friedenst\u00fcchtig\u00a0(17.11.2025) Geiselaustausch laut ZDF: &hellip; <a href=\"https:\/\/www.freiburg-schwarzwald.de\/blog\/global\/israel\/gaza\/\">Weiterlesen <span class=\"meta-nav\">&rarr;<\/span><\/a><\/p>\n","protected":false},"author":2,"featured_media":0,"parent":17167,"menu_order":0,"comment_status":"closed","ping_status":"closed","template":"","meta":{"footnotes":""},"class_list":["post-90800","page","type-page","status-publish","hentry"],"_links":{"self":[{"href":"https:\/\/www.freiburg-schwarzwald.de\/blog\/wp-json\/wp\/v2\/pages\/90800","targetHints":{"allow":["GET"]}}],"collection":[{"href":"https:\/\/www.freiburg-schwarzwald.de\/blog\/wp-json\/wp\/v2\/pages"}],"about":[{"href":"https:\/\/www.freiburg-schwarzwald.de\/blog\/wp-json\/wp\/v2\/types\/page"}],"author":[{"embeddable":true,"href":"https:\/\/www.freiburg-schwarzwald.de\/blog\/wp-json\/wp\/v2\/users\/2"}],"replies":[{"embeddable":true,"href":"https:\/\/www.freiburg-schwarzwald.de\/blog\/wp-json\/wp\/v2\/comments?post=90800"}],"version-history":[{"count":6,"href":"https:\/\/www.freiburg-schwarzwald.de\/blog\/wp-json\/wp\/v2\/pages\/90800\/revisions"}],"predecessor-version":[{"id":146624,"href":"https:\/\/www.freiburg-schwarzwald.de\/blog\/wp-json\/wp\/v2\/pages\/90800\/revisions\/146624"}],"up":[{"embeddable":true,"href":"https:\/\/www.freiburg-schwarzwald.de\/blog\/wp-json\/wp\/v2\/pages\/17167"}],"wp:attachment":[{"href":"https:\/\/www.freiburg-schwarzwald.de\/blog\/wp-json\/wp\/v2\/media?parent=90800"}],"curies":[{"name":"wp","href":"https:\/\/api.w.org\/{rel}","templated":true}]}}