{"id":89916,"date":"2021-04-19T19:00:18","date_gmt":"2021-04-19T17:00:18","guid":{"rendered":"https:\/\/www.freiburg-schwarzwald.de\/blog\/?page_id=89916"},"modified":"2022-09-21T20:52:26","modified_gmt":"2022-09-21T18:52:26","slug":"naturfreunde-baden","status":"publish","type":"page","link":"https:\/\/www.freiburg-schwarzwald.de\/blog\/natur\/naturfreunde-baden\/","title":{"rendered":"Naturfreunde-Baden"},"content":{"rendered":"<p>Home &gt;<a href=\"https:\/\/www.freiburg-schwarzwald.de\/blog\/natur\/landwirt\/\">Landwirt<\/a> &gt;<a href=\"https:\/\/www.freiburg-schwarzwald.de\/blog\/natur\/klima\/nachhaltigkeit\/\">Nachhaltig<\/a> &gt;<a title=\"Natur\" href=\"https:\/\/www.freiburg-schwarzwald.de\/blog\/natur\/\">Natur<\/a> &gt;<a href=\"https:\/\/www.freiburg-schwarzwald.de\/blog\/natur\/naturschutz\/\">Naturschutz<\/a> &gt;Naturfreunde-Baden<\/p>\n<div id=\"attachment_89918\" style=\"width: 519px\" class=\"wp-caption alignnone\"><a href=\"https:\/\/www.freiburg-schwarzwald.de\/blog\/wp-content\/uploads\/2021\/04\/naturfreundehaus-bodensee-pan.jpg\"><img loading=\"lazy\" decoding=\"async\" aria-describedby=\"caption-attachment-89918\" class=\"size-full wp-image-89918\" src=\"https:\/\/www.freiburg-schwarzwald.de\/blog\/wp-content\/uploads\/2021\/04\/naturfreundehaus-bodensee-pan.jpg\" alt=\"\" width=\"509\" height=\"231\" srcset=\"https:\/\/www.freiburg-schwarzwald.de\/blog\/wp-content\/uploads\/2021\/04\/naturfreundehaus-bodensee-pan.jpg 509w, https:\/\/www.freiburg-schwarzwald.de\/blog\/wp-content\/uploads\/2021\/04\/naturfreundehaus-bodensee-pan-180x82.jpg 180w\" sizes=\"auto, (max-width: 509px) 100vw, 509px\" \/><\/a><p id=\"caption-attachment-89918\" class=\"wp-caption-text\">Naturfreundehaus bei Radolfzell-Markelfingen am Bodensee<\/p><\/div>\n<ul>\n<li>Naturfreunde Baden &#8211; Sitz in Karlsruhe<\/li>\n<li>Naturfreundejugend Baden<\/li>\n<li>Naturfreunde Internationale &#8211; Amis de la Nature &#8211; Naturefriends<\/li>\n<li>Naturfreundehaus Bodensee in Radolfzell-Markelfingen<\/li>\n<li>Naturfreunde im Bereich Freiburg\/Hochschwarzwald<\/li>\n<\/ul>\n<p>&nbsp;<\/p>\n<ul>\n<li><a href=\"https:\/\/www.freiburg-schwarzwald.de\/blog\/regio\/orte\/breitnau\/\">Naturfreundehaus in Breitnau mit neuem Spielplatz<\/a> (21.9.2022)<\/li>\n<li><a href=\"https:\/\/www.freiburg-schwarzwald.de\/blog\/naturfreunde-freiburg-projekte\/\">Naturfreunde Freiburg &#8211; Projekte<\/a> (16.9.2021)<\/li>\n<li><a href=\"https:\/\/www.freiburg-schwarzwald.de\/blog\/frieden-in-bewegung-konstanz\/\">Frieden in Bewegung: Konstanz 4.7.2021<\/a> (1.7.2021)<\/li>\n<li><a href=\"https:\/\/www.freiburg-schwarzwald.de\/blog\/global\/waffen\/\">J\u00fcrgen Gr\u00e4sslin (im Naturfreundehaus Breitnau): Fluchtgrund Waffenhandel<\/a> (26.6.2021)<\/li>\n<li><a href=\"https:\/\/www.freiburg-schwarzwald.de\/blog\/schwarzwaldverein-wege-gut\/\">Schwarzwaldverein: Wege gut? Alles gut!<\/a>\u00a0(16.6.2021)<\/li>\n<li><a href=\"https:\/\/www.freiburg-schwarzwald.de\/blog\/naturfreunde-friedenswanderung\/\">Naturfreunde Friedenswanderung<\/a> (6.6.2021)<\/li>\n<li><a href=\"https:\/\/www.freiburg-schwarzwald.de\/blog\/wandern-und-biken-mit-einkehr\/\">Wandern und Biken mit Einkehr<\/a>\u00a0(23.4.2021)<\/li>\n<li><a href=\"https:\/\/www.freiburg-schwarzwald.de\/blog\/vereine\/wandervereine\/schwarzwaldverein-dreisamtal-kirchzarten\/\">Den Schwarzwald liebenswert und \u201ewanderbar\u201c erhalten<\/a> (21.1.2021)<\/li>\n<li><a href=\"https:\/\/www.freiburg-schwarzwald.de\/blog\/auch-das-vereinsleben-leidet\/\">Auch das Vereinsleben leidet \u2013 Beispiel Schwarzwaldverein<\/a>\u00a0(9.12.2020)<\/li>\n<li><a href=\"https:\/\/www.freiburg-schwarzwald.de\/blog\/giersberg-liegebank-vom-swv\/\">https:\/\/www.freiburg-schwarzwald.de\/blog\/giersberg-liegebank-vom-swv\/<\/a>\u00a0(15.4.2016)<\/li>\n<li><a href=\"https:\/\/www.freiburg-schwarzwald.de\/blog\/schwarzwaldverein-kirchzarten\/\">https:\/\/www.freiburg-schwarzwald.de\/blog\/schwarzwaldverein-kirchzarten\/<\/a>\u00a0(12.3.2014)<\/li>\n<li><a href=\"https:\/\/www.swv-dreisamtal.de\/\">www.swv-dreisamtal.de<\/a>\u00a0\u2013 Offizielle Homepage seit 1.10.2018<\/li>\n<\/ul>\n<p>&nbsp;<\/p>\n<ul>\n<li><a title=\"Baum\" href=\"https:\/\/www.freiburg-schwarzwald.de\/blog\/natur\/wald\/baum\/\">Baum<\/a><\/li>\n<li><a title=\"Bergwerk\" href=\"https:\/\/www.freiburg-schwarzwald.de\/blog\/natur\/bergwerk\/\">Bergwerk \u2013 Bergbau<\/a><\/li>\n<li><a title=\"Biodiversitaet\" href=\"https:\/\/www.freiburg-schwarzwald.de\/blog\/natur\/biodiversitaet\/\">Biodiversitaet<\/a><\/li>\n<li><a title=\"Boden\" href=\"https:\/\/www.freiburg-schwarzwald.de\/blog\/natur\/boden\/\">Boden<\/a><\/li>\n<li><a href=\"https:\/\/www.freiburg-schwarzwald.de\/blog\/regio\/bodensee\/\">Bodensee<\/a><\/li>\n<li><a title=\"Ernaehrung\" href=\"https:\/\/www.freiburg-schwarzwald.de\/blog\/natur\/ernaehrung\/\">Ern\u00e4hrung<\/a><\/li>\n<li><a href=\"https:\/\/www.freiburg-schwarzwald.de\/blog\/regio\/orte\/feldberg\/\">Feldberg<\/a><\/li>\n<li><a title=\"Flora\" href=\"https:\/\/www.freiburg-schwarzwald.de\/blog\/natur\/flora\/\">Flora<\/a><\/li>\n<li><a title=\"Forst\" href=\"https:\/\/www.freiburg-schwarzwald.de\/blog\/natur\/wald\/forst\/\">Forst<\/a>\u00b4<\/li>\n<li><a title=\"FridaysForFuture\" href=\"https:\/\/www.freiburg-schwarzwald.de\/blog\/natur\/klima\/fridaysforfuture\/\">Fridays For Future<\/a><\/li>\n<li><a title=\"Fruehling\" href=\"https:\/\/www.freiburg-schwarzwald.de\/blog\/natur\/fruehling\/\">Fruehling<\/a><\/li>\n<li><a title=\"Garten\" href=\"https:\/\/www.freiburg-schwarzwald.de\/blog\/natur\/garten\/\">Garten<\/a><\/li>\n<li><a title=\"Gentechnik\" href=\"https:\/\/www.freiburg-schwarzwald.de\/blog\/natur\/gentechnik\/\">Gentechnik<\/a><\/li>\n<li><a title=\"Heilkraeuter\" href=\"https:\/\/www.freiburg-schwarzwald.de\/blog\/business\/gesund\/heilkraeuter\/\">Heilkr\u00e4uter<\/a><\/li>\n<li><a href=\"https:\/\/www.freiburg-schwarzwald.de\/blog\/regio\/orte\/hinterzarten\/\">Hinterzarten<\/a><\/li>\n<li><a title=\"Herbst\" href=\"https:\/\/www.freiburg-schwarzwald.de\/blog\/natur\/herbst\/\">Herbst<\/a><\/li>\n<li><a title=\"Klima\" href=\"https:\/\/www.freiburg-schwarzwald.de\/blog\/natur\/klima\/\">Klima<\/a><\/li>\n<li><a title=\"Klimawandel\" href=\"https:\/\/www.freiburg-schwarzwald.de\/blog\/natur\/klima\/klimawandel\/\">Klimawandel<\/a><\/li>\n<li><a title=\"Landschaft\" href=\"https:\/\/www.freiburg-schwarzwald.de\/blog\/natur\/landschaft\/\">Landschaft<\/a><\/li>\n<li><a title=\"Landwirt\" href=\"https:\/\/www.freiburg-schwarzwald.de\/blog\/natur\/landwirt\/\">Landwirtschaft<\/a><\/li>\n<li><a title=\"Lehrpfad\" href=\"https:\/\/www.freiburg-schwarzwald.de\/blog\/sport\/wandern\/lehrpfad\/\">Lehrpfade<\/a><\/li>\n<li><a title=\"Nano\" href=\"https:\/\/www.freiburg-schwarzwald.de\/blog\/natur\/nano\/\">Nano<\/a><\/li>\n<li><a title=\"Nebel\" href=\"https:\/\/www.freiburg-schwarzwald.de\/blog\/natur\/nebel\/\">Nebel<\/a><\/li>\n<li><a title=\"Nabu\" href=\"https:\/\/www.freiburg-schwarzwald.de\/blog\/vereine\/nabu\/\">Nabu<\/a><\/li>\n<li><a title=\"Nationalpark\" href=\"https:\/\/www.freiburg-schwarzwald.de\/blog\/regio\/nationalpark\/\">Nationalpark<\/a><\/li>\n<li><a href=\"https:\/\/www.freiburg-schwarzwald.de\/blog\/natur\/naturfreunde-baden\/\">Naturfreunde Baden<\/a><\/li>\n<li><a title=\"Naturschutz\" href=\"https:\/\/www.freiburg-schwarzwald.de\/blog\/natur\/naturschutz\/\">Naturschutz<\/a><\/li>\n<li><a title=\"Oeko\" href=\"https:\/\/www.freiburg-schwarzwald.de\/blog\/natur\/landwirt\/oeko\/\">Oekologie<\/a><\/li>\n<li><a href=\"https:\/\/www.freiburg-schwarzwald.de\/blog\/regio\/bodensee\/reichenau\/\">Reichenau<\/a><\/li>\n<li><a title=\"Sommer\" href=\"https:\/\/www.freiburg-schwarzwald.de\/blog\/natur\/sommer\/\">Sommer<\/a><\/li>\n<li><a title=\"Tiere\" href=\"https:\/\/www.freiburg-schwarzwald.de\/blog\/natur\/tiere\/\">Tiere<\/a><\/li>\n<li><a title=\"Umwelt\" href=\"https:\/\/www.freiburg-schwarzwald.de\/blog\/natur\/umwelt\/\">Umwelt<\/a><\/li>\n<li><a href=\"https:\/\/www.freiburg-schwarzwald.de\/blog\/natur\/umwelt\/umweltschutz\/\">Umweltschutz<\/a><\/li>\n<li><a title=\"Wald\" href=\"https:\/\/www.freiburg-schwarzwald.de\/blog\/natur\/wald\/\">Wald<\/a><\/li>\n<li><a title=\"Wandern\" href=\"https:\/\/www.freiburg-schwarzwald.de\/blog\/sport\/wandern\/\">Wandern<\/a><\/li>\n<li><a title=\"Wasser\" href=\"https:\/\/www.freiburg-schwarzwald.de\/blog\/natur\/wasser\/\">Wasser ist Lebensmittel<\/a><\/li>\n<li><a title=\"Wasserkraft\" href=\"https:\/\/www.freiburg-schwarzwald.de\/blog\/energie\/wasserkraft\/\">Wasserkraft erzeugt Energie<\/a><\/li>\n<li><a title=\"Wiese\" href=\"https:\/\/www.freiburg-schwarzwald.de\/blog\/natur\/landwirt\/wiese\/\">Wiese<\/a><\/li>\n<li><a title=\"Winter\" href=\"https:\/\/www.freiburg-schwarzwald.de\/blog\/natur\/winter\/\">Winter<\/a><\/li>\n<\/ul>\n<p>&nbsp;<\/p>\n<p><strong>Naturfreunde Baden &#8211; Sitz in Karlsruhe<\/strong><br \/>\nDie NaturFreunde wurden bereits 1895 in Wien gegr\u00fcndet. Sie gingen aus der damaligen Arbeiterbewegung hervor, mit dem Ziel, auch der arbeitenden Bev\u00f6lkerung die Natur- und Bergwelt zu erschlie\u00dfen. Heute sind die NaturFreunde eine internationale Vereinigung mit mehr als 500.000 Mitgliedern in 20 L\u00e4ndern.<br \/>\nDie NaturFreunde Bewegung in Deutschland z\u00e4hlt 90.000 Mitglieder. Sie sind aktiv in der Na\u00adtur und f\u00fcr die Natur. Sie setzen sich f\u00fcr eine friedliche und offene Welt mit sozialer Gerechtigkeit, f\u00fcr Demokratie in allen gesellschaftlichen Bereichen und f\u00fcr eine nachhaltige \u00f6kologische Produktions- und Lebensweise ein.<br \/>\nIn Baden gibt es 68 NaturFreunde H\u00e4user. Das Haus Feldberg (Nordhang, am Rinken bzw. Baldenweger Buck) wurde bereits im Jahr 1926 eingeweiht.<\/p>\n<p>NaturFreunde Deutschlands, Landesverband Baden e.V.<br \/>\nAlte Weingartener Stra\u00dfe 37, 76227 Karlsruhe<br \/>\nTel 0721 \/ 40 50 96 , <a href=\"https:\/\/www.naturfreunde-baden.de\">https:\/\/www.naturfreunde-baden.de<\/a><\/p>\n<p>Archivseite:<br \/>\n<a href=\"https:\/\/www.freiburg-schwarzwald.de\/wandervereine.htm#Naturfreunde%20Baden\">https:\/\/www.freiburg-schwarzwald.de\/wandervereine.htm#Naturfreunde%20Baden<\/a><\/p>\n<p>&nbsp;<\/p>\n<p><strong>Naturfreundejugend Baden<\/strong><br \/>\nDie Naturfreundejugend Deutschlands ist 1926 als Jugendorganisation der Naturfreunde entstanden. Aus ihrer sozialistischen Tradition und als Verband der Arbeiter*innenbewegung f\u00fchlt sie sich den Werten Freiheit, Gerechtigkeit und Solidarit\u00e4t verpflichtet.<br \/>\n&#8222;Den arbeitenden Menschen aus grauen St\u00e4dten den Zugang zur Natur zu erschlie\u00dfen&#8220;, war das Ziel der Gr\u00fcndergeneration der Naturfreunde-Bewegung.<\/p>\n<p>Naturfreundejugend Baden<br \/>\nAlte Weingartener Stra\u00dfe 37, 76227 Karlsruhe, Tel: 07 21 &#8211; 40 50 97<br \/>\n<a href=\"https:\/\/www.naturfreundejugend-baden.de\">https:\/\/www.naturfreundejugend-baden.de<\/a><br \/>\nZu den Ortsgruppen:<br \/>\n<a href=\"https:\/\/www.naturfreundejugend-baden.de\/ueber_uns\/vor_ort\/-\/\">https:\/\/www.naturfreundejugend-baden.de\/ueber_uns\/vor_ort\/-\/<\/a><\/p>\n<p>&nbsp;<\/p>\n<p><strong>Naturfreunde Internationale &#8211; Amis de la Nature &#8211; Naturefriends<\/strong><br \/>\nDie Naturfreunde Internationale (NFI) ist der Dachverband \u00fcber rund 45 nationale Mitgliedsorganisationen und Mitglied der Green 10, einer Plattform der zehn gr\u00f6\u00dften europ\u00e4ischen Umwelt-NGOs.<br \/>\nInternational, \u00f6kologisch und sozial!<br \/>\nDie 1895 gegr\u00fcndete Naturfreundebewegung z\u00e4hlt mit 500.000 Mitgliedern zu den gr\u00f6\u00dften Nichtregierungsorganisationen weltweit. Unsere Mitglieder sind in Ortsgruppen\/Sektionen aktiv und werden durch Regional-, Landes- und Bundesverb\u00e4nde vertreten.<br \/>\nDie Naturfreunde sind eine demokratisch organisierte Bewegung, die sich f\u00fcr \u00f6kologische und sozialpolitische Themen einsetzt. Ziel unserer Aktivit\u00e4ten ist eine nachhaltige Entwicklung von Umwelt und Gesellschaft auf regionaler, nationaler und globaler Ebene.<br \/>\n<a href=\"https:\/\/www.nf-int.org\/\">https:\/\/www.nf-int.org\/<\/a><\/p>\n<div id=\"attachment_91166\" style=\"width: 649px\" class=\"wp-caption alignnone\"><a href=\"https:\/\/www.freiburg-schwarzwald.de\/blog\/wp-content\/uploads\/2021\/06\/bodensee-naturfeunde-pan210531.jpg\"><img loading=\"lazy\" decoding=\"async\" aria-describedby=\"caption-attachment-91166\" class=\"size-full wp-image-91166\" src=\"https:\/\/www.freiburg-schwarzwald.de\/blog\/wp-content\/uploads\/2021\/06\/bodensee-naturfeunde-pan210531.jpg\" alt=\"\" width=\"639\" height=\"334\" srcset=\"https:\/\/www.freiburg-schwarzwald.de\/blog\/wp-content\/uploads\/2021\/06\/bodensee-naturfeunde-pan210531.jpg 639w, https:\/\/www.freiburg-schwarzwald.de\/blog\/wp-content\/uploads\/2021\/06\/bodensee-naturfeunde-pan210531-180x94.jpg 180w\" sizes=\"auto, (max-width: 639px) 100vw, 639px\" \/><\/a><p id=\"caption-attachment-91166\" class=\"wp-caption-text\">Naturfreundehaus am Bodensee &#8211; Blick nach Westen am 28.5.2021<\/p><\/div>\n<p><strong>Naturfreundehaus Bodensee in Radolfzell-Markelfingen<\/strong><br \/>\nDas Naturfreundehaus Bodensee in Markelfingen, 1928 zum ersten Mal ge\u00f6ffnet hatte, ist seit neun Jahrzehnten ein Haus der Geselligkeit, der Kulinarik, der Entspannung, aber auch der angeregten Debatten, der Bewegung und der Erholung in der Natur. 2018 feierte das Naturfreundehaus seinen 90. Geburtstag.<br \/>\n.<br \/>\nNaturfreundehaus Bodensee<br \/>\nRadolfzeller Str. 1<br \/>\n78315 Radolfzell &#8211; Markelfingen<br \/>\nTel 07732\/823770<br \/>\n<a href=\"https:\/\/www.naturfreundehaus-bodensee.de\">https:\/\/www.naturfreundehaus-bodensee.de<\/a><\/p>\n<p><a href=\"https:\/\/www.freiburg-schwarzwald.de\/blog\/wp-content\/uploads\/2021\/06\/bodensee-naturfeunde210531.jpg\"><img loading=\"lazy\" decoding=\"async\" class=\"alignnone size-thumbnail wp-image-91165\" src=\"https:\/\/www.freiburg-schwarzwald.de\/blog\/wp-content\/uploads\/2021\/06\/bodensee-naturfeunde210531-180x135.jpg\" alt=\"\" width=\"180\" height=\"135\" srcset=\"https:\/\/www.freiburg-schwarzwald.de\/blog\/wp-content\/uploads\/2021\/06\/bodensee-naturfeunde210531-180x135.jpg 180w, https:\/\/www.freiburg-schwarzwald.de\/blog\/wp-content\/uploads\/2021\/06\/bodensee-naturfeunde210531.jpg 640w\" sizes=\"auto, (max-width: 180px) 100vw, 180px\" \/><\/a>\u00a0 \u00a0 Naturfreundehaus Markelfingen am 28.5.2021<\/p>\n<p>.<\/p>\n<p><strong>Naturfreundehaus Feldberg<\/strong><br \/>\nDas NaturFreundehaus Feldberg liegt in einem Naturschutzgebiet auf 1350 m und ist im typischen Schwarzw\u00e4lder Stil erbaut. Durch sanften Tourismus bringen wir Natur und Kultur der Region unseren G\u00e4sten nahe. Wir bieten Schlafgelegenheiten f\u00fcr bis zu 50 Personen in Mehrbettzimmern. Neben dem gem\u00fctlichen Aufenthaltsraum besitzt unser Haus einen Seminarraum f\u00fcr 30 Personen.<\/p>\n<p>Das Haus ist Mitglied im \u201eVerband Deutscher Schullandheime\u201c und bietet Planungshilfen zur Gestaltung von Klassenaufenthalten.<\/p>\n<p><a href=\"https:\/\/www.freiburg-schwarzwald.de\/blog\/wp-content\/uploads\/2021\/04\/naturfr-feldberg1-070806.jpg\"><img loading=\"lazy\" decoding=\"async\" class=\"alignnone size-thumbnail wp-image-89942\" src=\"https:\/\/www.freiburg-schwarzwald.de\/blog\/wp-content\/uploads\/2021\/04\/naturfr-feldberg1-070806-180x135.jpg\" alt=\"\" width=\"180\" height=\"135\" srcset=\"https:\/\/www.freiburg-schwarzwald.de\/blog\/wp-content\/uploads\/2021\/04\/naturfr-feldberg1-070806-180x135.jpg 180w, https:\/\/www.freiburg-schwarzwald.de\/blog\/wp-content\/uploads\/2021\/04\/naturfr-feldberg1-070806.jpg 640w\" sizes=\"auto, (max-width: 180px) 100vw, 180px\" \/><\/a>\u00a0 \u00a0 \u00a0 Blick nach Westen \u00fcbers Naturfreundehaus am 16.8.2007<\/p>\n<p>Zufahrt mit dem Pkw \u00fcber Hinterzarten, Alpersbach zum Rinken.<br \/>\nH\u00fcttenwirt Rasmus Englisch<br \/>\nAm Baldenweger Buck<br \/>\n79868 Feldberg<br \/>\nTel 07676\/336<br \/>\n<a href=\"http:\/\/www.nNaturfreundehaus-feldberg.de\">http:\/\/www.Naturfreundehaus-feldberg.de\u00a0<\/a><br \/>\n<a href=\"https:\/\/www.facebook.com\/naturfreundehausfeldberg\">https:\/\/www.facebook.com\/naturfreundehausfeldberg<\/a><\/p>\n<p>Archiv:<br \/>\n<a href=\"https:\/\/www.freiburg-schwarzwald.de\/wanderheime.htm#Naturfreundehaus%20beim%20Baldenweger%20Buck\">https:\/\/www.freiburg-schwarzwald.de\/wanderheime.htm#Naturfreundehaus%20beim%20Baldenweger%20Buck<\/a><\/p>\n<p><a href=\"https:\/\/www.freiburg-schwarzwald.de\/feldberg2.htm#NaturFreundehaus%20Feldberg:%C2%A0%20Der%20ideale%20Standort%20im%20NSG\">https:\/\/www.freiburg-schwarzwald.de\/feldberg2.htm#NaturFreundehaus%20Feldberg:%C2%A0%20Der%20ideale%20Standort%20im%20NSG<\/a><\/p>\n<p>&nbsp;<\/p>\n<p><strong>Naturfreunde im Bereich Freiburg\/Hochschwarzwald<\/strong><br \/>\nNaturfreunde &#8211; Ortsgruppe Freiburg<br \/>\nAm Bischofskreuz 3, 79114 Freiburg<br \/>\nTel 0761\/404519, <a href=\"mailto:freiburg@naturfreunde.de\">freiburg@naturfreunde.de<\/a><br \/>\n<a href=\"http:\/\/www.naturfreunde-freiburg.de\">http:\/\/www.naturfreunde-freiburg.de<\/a><\/p>\n<p>NaturFreunde Neustadt e.V.<br \/>\n<a href=\"http:\/\/www.naturfreunde-titisee-neustadt.de\">http:\/\/www.naturfreunde-titisee-neustadt.de<\/a><br \/>\nMaiwiese 5, 79822 Titisee-Neustadt<br \/>\nTelefon: +49 7651 6400, Leopold Winterhalder,<\/p>\n<p>Naturfreundehaus Naturkolleg Hirzwald<br \/>\nIm Hirzwald, 78112 St Georgen im Schwarzwald<br \/>\n<a href=\"http:\/\/www.naturkolleg.de\">http:\/\/www.naturkolleg.de<\/a><br \/>\n07724\/ 6471, <a href=\"mailto:naturkolleg.hirzwald@web.de\">naturkolleg.hirzwald@web.de<\/a><\/p>\n<p>NaturFreunde , Ortsgruppe Donaueschingen<br \/>\nTel 0771\/72 32<\/p>\n<p>Naturfreundehaus Breitnau \u00bbWanderh\u00fctte am Fahrenberg\u00ab<br \/>\nFahrenberg 1, 79874 Breitnau<br \/>\nHausleitung: Nadja Benitz, Tel 07652\/3 02<br \/>\n<a href=\"mailto:info@naturfreundehaus-breitnau.de\">info@naturfreundehaus-breitnau.de<\/a><br \/>\n<a href=\"http:\/\/www.naturfreundehaus-breitnau.de\">http:\/\/www.naturfreundehaus-breitnau.de<\/a><\/p>\n","protected":false},"excerpt":{"rendered":"<p>Home &gt;Landwirt &gt;Nachhaltig &gt;Natur &gt;Naturschutz &gt;Naturfreunde-Baden Naturfreunde Baden &#8211; Sitz in Karlsruhe Naturfreundejugend Baden Naturfreunde Internationale &#8211; Amis de la Nature &#8211; Naturefriends Naturfreundehaus Bodensee in Radolfzell-Markelfingen Naturfreunde im Bereich Freiburg\/Hochschwarzwald &nbsp; Naturfreundehaus in Breitnau mit neuem Spielplatz (21.9.2022) Naturfreunde &hellip; <a href=\"https:\/\/www.freiburg-schwarzwald.de\/blog\/natur\/naturfreunde-baden\/\">Weiterlesen <span class=\"meta-nav\">&rarr;<\/span><\/a><\/p>\n","protected":false},"author":2,"featured_media":0,"parent":23,"menu_order":0,"comment_status":"closed","ping_status":"closed","template":"","meta":{"footnotes":""},"class_list":["post-89916","page","type-page","status-publish","hentry"],"_links":{"self":[{"href":"https:\/\/www.freiburg-schwarzwald.de\/blog\/wp-json\/wp\/v2\/pages\/89916","targetHints":{"allow":["GET"]}}],"collection":[{"href":"https:\/\/www.freiburg-schwarzwald.de\/blog\/wp-json\/wp\/v2\/pages"}],"about":[{"href":"https:\/\/www.freiburg-schwarzwald.de\/blog\/wp-json\/wp\/v2\/types\/page"}],"author":[{"embeddable":true,"href":"https:\/\/www.freiburg-schwarzwald.de\/blog\/wp-json\/wp\/v2\/users\/2"}],"replies":[{"embeddable":true,"href":"https:\/\/www.freiburg-schwarzwald.de\/blog\/wp-json\/wp\/v2\/comments?post=89916"}],"version-history":[{"count":6,"href":"https:\/\/www.freiburg-schwarzwald.de\/blog\/wp-json\/wp\/v2\/pages\/89916\/revisions"}],"predecessor-version":[{"id":104574,"href":"https:\/\/www.freiburg-schwarzwald.de\/blog\/wp-json\/wp\/v2\/pages\/89916\/revisions\/104574"}],"up":[{"embeddable":true,"href":"https:\/\/www.freiburg-schwarzwald.de\/blog\/wp-json\/wp\/v2\/pages\/23"}],"wp:attachment":[{"href":"https:\/\/www.freiburg-schwarzwald.de\/blog\/wp-json\/wp\/v2\/media?parent=89916"}],"curies":[{"name":"wp","href":"https:\/\/api.w.org\/{rel}","templated":true}]}}