{"id":89766,"date":"2021-04-14T13:14:57","date_gmt":"2021-04-14T11:14:57","guid":{"rendered":"https:\/\/www.freiburg-schwarzwald.de\/blog\/?page_id=89766"},"modified":"2026-08-20T20:47:56","modified_gmt":"2026-08-20T18:47:56","slug":"akademikerschwemme","status":"publish","type":"page","link":"https:\/\/www.freiburg-schwarzwald.de\/blog\/global\/deutschland\/akademikerschwemme\/","title":{"rendered":"Akademikerschwemme"},"content":{"rendered":"<p><a href=\"https:\/\/freiburg-schwarzwald.de\/blog\">Home<\/a>\u00a0&gt;<a title=\"Engagement\" href=\"https:\/\/www.freiburg-schwarzwald.de\/blog\/engagement\/\">Engagement<\/a>\u00a0&gt;<a title=\"Zukunft\" href=\"https:\/\/www.freiburg-schwarzwald.de\/blog\/engagement\/zukunft\/\">Zukunft<\/a>\u00a0&gt;<a title=\"Demokratie\" href=\"https:\/\/www.freiburg-schwarzwald.de\/blog\/engagement\/zukunft\/demokratie\/\">Demokratie<\/a>\u00a0&gt;<a title=\"Global\" href=\"https:\/\/www.freiburg-schwarzwald.de\/blog\/global\/\">Global<\/a>\u00a0&gt;<a title=\"Deutschland\" href=\"https:\/\/www.freiburg-schwarzwald.de\/blog\/global\/deutschland\/\">Deutschland<\/a>\u00a0&gt;Steuerzahler<\/p>\n<div id=\"attachment_85941\" style=\"width: 648px\" class=\"wp-caption alignnone\"><a href=\"https:\/\/www.freiburg-schwarzwald.de\/blog\/wp-content\/uploads\/2020\/12\/schauinsland-wetterbuchen202012-pan.jpg\"><img loading=\"lazy\" decoding=\"async\" aria-describedby=\"caption-attachment-85941\" class=\"size-full wp-image-85941\" src=\"https:\/\/www.freiburg-schwarzwald.de\/blog\/wp-content\/uploads\/2020\/12\/schauinsland-wetterbuchen202012-pan.jpg\" alt=\"\" width=\"638\" height=\"298\" srcset=\"https:\/\/www.freiburg-schwarzwald.de\/blog\/wp-content\/uploads\/2020\/12\/schauinsland-wetterbuchen202012-pan.jpg 638w, https:\/\/www.freiburg-schwarzwald.de\/blog\/wp-content\/uploads\/2020\/12\/schauinsland-wetterbuchen202012-pan-180x84.jpg 180w\" sizes=\"auto, (max-width: 638px) 100vw, 638px\" \/><\/a><p id=\"caption-attachment-85941\" class=\"wp-caption-text\">Wetterbuchen vom Rosshang in Hofsgrund am Schauinsland am 10.12.2020: Schnee &#8211; Buchen &#8211; Nebel &#8211; Sonne<\/p><\/div>\n<p>&nbsp;<\/p>\n<ul>\n<li><em>Listenauswahl eines Beitrags (Artikel\/Datum, Seite\/Inhalt): <span style=\"text-decoration: underline;\">Klicken<\/span> oder scrollen<\/em><\/li>\n<li><a href=\"https:\/\/www.freiburg-schwarzwald.de\/blog\/bildung-azubi-out-student-in\/\">Bildung: Azubi OUT \u2013 Student IN<\/a>\u00a0(20.8.2026)<\/li>\n<li><a href=\"https:\/\/www.freiburg-schwarzwald.de\/blog\/eliteaspiranten-job-spaltung\/\">Eliteaspiranten \u2013 Job \u2013 Spaltung<\/a>\u00a0(7.8.2026)<\/li>\n<li>Bachelor ohne Job: Das Drama der arbeitslosen Jungakademiker (21.11.2025)<\/li>\n<li><a href=\"https:\/\/www.freiburg-schwarzwald.de\/blog\/natur\/klima\/nachhaltigkeit\/\">Traumberuf Nachhaltigkeitsmanagerin \u2013 die neue gr\u00fcne Bourgeoisie<\/a>\u00a0(25.4.2024)<\/li>\n<li><a href=\"https:\/\/www.freiburg-schwarzwald.de\/blog\/bildung\/hochschulen\/\">Die Fr\u00fcchte der akademischen Dummheit<\/a>\u00a0(4.3.2024)<\/li>\n<li>Politologie-Lehrst\u00fchle als Geldwachanlagen? (30.11.2023)<\/li>\n<li><a href=\"https:\/\/www.freiburg-schwarzwald.de\/blog\/bildung\/hochschulen\/universitaet\/bildungskrieg\/\">Meyen: Wie ich meine Uni verlor: Drei\u00dfig Jahre Bildungskrieg<\/a>\u00a0(30.8.2023)<\/li>\n<li><a href=\"https:\/\/www.freiburg-schwarzwald.de\/blog\/bildung\/duale-bildung\/\">Wir brauchen Master und Meister<\/a>\u00a0(30.8.2023)<\/li>\n<li><a href=\"https:\/\/www.freiburg-schwarzwald.de\/blog\/selbsthilfe\/soziales\/arbeit\/schein-arbeit\/\">Entwertung der Fachlichkeit durch F\u00f6rderung von Schein-Arbeit<\/a>\u00a0(17.7.2023)<\/li>\n<li><a href=\"https:\/\/www.freiburg-schwarzwald.de\/blog\/private-arme-staatliche-arme\/\">Private Arme \u2013 Staatliche Arme<\/a>\u00a0(9.8.2022)<\/li>\n<li><a href=\"https:\/\/www.freiburg-schwarzwald.de\/blog\/fuer-diesen-staat-arbeiten-nein\/\">F\u00fcr diesen Staat arbeiten? Nein!<\/a>\u00a0(18.7.2022)<\/li>\n<li><a href=\"https:\/\/www.freiburg-schwarzwald.de\/blog\/eigene-wohnung-eigene-arbeit\/\">Eigene Wohnung \u2013 eigene Arbeit<\/a>\u00a0(9.5.2022)<\/li>\n<li><a href=\"https:\/\/www.freiburg-schwarzwald.de\/blog\/engagement\/zukunft\/demokratie\/politik\/politiker\/\">Anne Spiegel (Gr\u00fcne): Abgehobenheit einer Berufsgruppe<\/a>\u00a0(25.4.2022)<\/li>\n<li>Eliten-Schwemme: Heer von \u00dcberfl\u00fcssigen tyrannisiert die Gesellschaft (16.2.2022)<\/li>\n<li>Die Gesellschaftsselbstvergiftung durch den Terror der \u00dcberakademisierung (13.2.2022)<\/li>\n<li><a href=\"https:\/\/www.freiburg-schwarzwald.de\/blog\/bildung\/duale-bildung\/erfahrung\/\">Erfahrungswissen und seine Diskriminierung<\/a>\u00a0(3.12.2021)<\/li>\n<li><a href=\"https:\/\/www.freiburg-schwarzwald.de\/blog\/bildung\/hochschulen\/geisteswissenschaften\/\">Zur Genese und Diagnostik der \u201eLaberwissenschaften\u201c<\/a>\u00a0(10.8.2021)<\/li>\n<li>Mehr Nachwuchsforscher verlassen die akademische Laufbahn (6.8.2021)<\/li>\n<li><a href=\"https:\/\/www.freiburg-schwarzwald.de\/blog\/bildung\/duale-bildung\/ihk\/\">IHK-Pr\u00e4sident Steffen Auer zu Ausbildung, Studium<\/a>\u00a0(20.7.2021)<\/li>\n<li><a href=\"https:\/\/www.freiburg-schwarzwald.de\/blog\/selbsthilfe\/soziales\/wohlstandsverlust\/\">Von der Aufbau- zur Zerst\u00f6rergeneration unserer Wirtschaft<\/a>\u00a0(16.7.2021)<\/li>\n<li><a href=\"https:\/\/www.freiburg-schwarzwald.de\/blog\/global\/ostasien\/\">Gunnar Heinsohn: Kompetente L\u00e4nder kommen besser durch Coronakrise<\/a>\u00a0(5.7.2021)<\/li>\n<li><a href=\"https:\/\/www.freiburg-schwarzwald.de\/blog\/ichbinhanna-bildungsprekariat\/\">IchBinHanna \u2013 Bildungsprekariat<\/a>\u00a0(1.7.2021)<\/li>\n<li><a href=\"https:\/\/www.freiburg-schwarzwald.de\/blog\/kultur\/kunst\/loretta\/\">Studierte Kunstkritiker arrogant gegen\u00fcber dem nicht-studierten K\u00fcnstler<\/a>\u00a0 (25.6.2021)<\/li>\n<li><a href=\"https:\/\/www.freiburg-schwarzwald.de\/blog\/bildung\/duale-bildung\/facharbeiter\/\">Elektro Schneider&amp;L\u00e4mmlin schlie\u00dft: Facharbeitermangel<\/a> (24.6.2021)<\/li>\n<li><a href=\"https:\/\/www.freiburg-schwarzwald.de\/blog\/bildung\/duale-bildung\/facharbeiter\/\">Facharbeitermangel \u2013 Das leise Sterben dieses Landes<\/a> (17.6.2021)<\/li>\n<li><a href=\"https:\/\/www.freiburg-schwarzwald.de\/blog\/wissenschaftsmarkt-freiburg\/\">Wissenschaftsmarkt Freiburg<\/a>\u00a0(31.5.2021)<\/li>\n<li>Linke, Liberale, Rechte werden gebraucht \u2013 eine neue Sorte f\u00e4llt raus (5.4.2021)<\/li>\n<li><\/li>\n<li><a title=\"Arroganz\" href=\"https:\/\/www.freiburg-schwarzwald.de\/blog\/engagement\/arroganz\/\">Arroganz<\/a><\/li>\n<li><a href=\"https:\/\/www.freiburg-schwarzwald.de\/blog\/bildung\/hochschulen\/universitaet\/bildungskrieg\/\">Bildungskrieg<\/a><\/li>\n<li><a href=\"https:\/\/www.freiburg-schwarzwald.de\/blog\/bildung\/bildungsmisere\/\">Bildungsmisere<\/a><\/li>\n<li><a href=\"https:\/\/www.freiburg-schwarzwald.de\/blog\/bildung\/bildungsprekariat\/\">Bildungsprekariat<\/a><\/li>\n<li><a title=\"Consent-of-the-Governed\" href=\"https:\/\/www.freiburg-schwarzwald.de\/blog\/global\/deutschland\/consent-of-the-governed\/\">Consent of th Governed<\/a><\/li>\n<li><a title=\"Denunziation\" href=\"https:\/\/www.freiburg-schwarzwald.de\/blog\/engagement\/zukunft\/demokratie\/69724-2\/\">Denunziation<\/a><\/li>\n<li><a title=\"Eliten\" href=\"https:\/\/www.freiburg-schwarzwald.de\/blog\/engagement\/zukunft\/demokratie\/eliten\/\">Eliten<\/a><\/li>\n<li><a href=\"https:\/\/www.freiburg-schwarzwald.de\/blog\/bildung\/duale-bildung\/erfahrung\/\">Erfahrung(swissen)<\/a><\/li>\n<li><a title=\"Establishment\" href=\"https:\/\/www.freiburg-schwarzwald.de\/blog\/global\/deutschland\/gesellschaft\/establishment\/\">Establishment<\/a><\/li>\n<li><a href=\"https:\/\/www.freiburg-schwarzwald.de\/blog\/kultur\/medien\/faktencheck\/\">Faktencheck<\/a><\/li>\n<li><a href=\"https:\/\/www.freiburg-schwarzwald.de\/blog\/bildung\/hochschulen\/geisteswissenschaften\/\">Geisteswissenschaften<\/a><\/li>\n<li><a title=\"Gelbwesten\" href=\"https:\/\/www.freiburg-schwarzwald.de\/blog\/global\/eu\/gelbwesten\/\">Gelbwesten<\/a><\/li>\n<li><a title=\"Global-Migration\" href=\"https:\/\/www.freiburg-schwarzwald.de\/blog\/global\/globalisierung\/global-migration\/\">Globaler Pakt zur Migration<\/a><\/li>\n<li><a title=\"Hanau19Feb2020\" href=\"https:\/\/www.freiburg-schwarzwald.de\/blog\/engagement\/zukunft\/demokratie\/hanau19feb2020\/\">Hanau19Feb2020<\/a><\/li>\n<li><a href=\"https:\/\/www.freiburg-schwarzwald.de\/blog\/bildung\/duale-bildung\/ihk\/\">IHK<\/a><\/li>\n<li><a title=\"Intellektuelle\" href=\"https:\/\/www.freiburg-schwarzwald.de\/blog\/global\/deutschland\/gesellschaft\/intellektuelle\/\">Intellektuelle<\/a><\/li>\n<li><a href=\"https:\/\/www.freiburg-schwarzwald.de\/blog\/kultur\/medien\/kampf-gegen-rechts\/\">Kampf-gegen-rechts<\/a><\/li>\n<li><a href=\"https:\/\/www.freiburg-schwarzwald.de\/blog\/bildung\/wissenschaft\/mathematik\/\">Mathematik<\/a><\/li>\n<li><a title=\"Nation\" href=\"https:\/\/www.freiburg-schwarzwald.de\/blog\/engagement\/zukunft\/demokratie\/nation\/\">Nation<\/a><\/li>\n<li><a title=\"Moral2015\" href=\"https:\/\/www.freiburg-schwarzwald.de\/blog\/global\/deutschland\/moral2015\/\">Moral2015<\/a><\/li>\n<li><a title=\"One-World\" href=\"https:\/\/www.freiburg-schwarzwald.de\/blog\/global\/globalisierung\/one-world\/\">One-World<\/a><\/li>\n<li><a href=\"https:\/\/www.freiburg-schwarzwald.de\/blog\/global\/ostasien\/\">Ostasien<\/a><\/li>\n<li><a href=\"https:\/\/www.freiburg-schwarzwald.de\/blog\/engagement\/zukunft\/demokratie\/politik\/politiker\/\">Politiker<\/a><\/li>\n<li><a title=\"Repression\" href=\"https:\/\/www.freiburg-schwarzwald.de\/blog\/engagement\/zukunft\/demokratie\/repression\/\">Repression<\/a><\/li>\n<li><a href=\"https:\/\/www.freiburg-schwarzwald.de\/blog\/selbsthilfe\/soziales\/arbeit\/schein-arbeit\/\">Schein-Arbeit<\/a><\/li>\n<li><a title=\"Spaltung\" href=\"https:\/\/www.freiburg-schwarzwald.de\/blog\/global\/deutschland\/spaltung\/\">Spaltung<\/a><\/li>\n<li><a href=\"https:\/\/www.freiburg-schwarzwald.de\/blog\/engagement\/zukunft\/demokratie\/staatsquote\/\">Staatsquote<\/a><\/li>\n<li><a title=\"Stadt\" href=\"https:\/\/www.freiburg-schwarzwald.de\/blog\/business\/dienste\/immobilien\/stadt\/\">Stadt<\/a><\/li>\n<li><a href=\"https:\/\/www.freiburg-schwarzwald.de\/blog\/selbsthilfe\/soziales\/wohlstandsverlust\/\">Wohlstandsverlust<\/a><\/li>\n<\/ul>\n<p>&nbsp;<\/p>\n<p><strong>Da ist was dran &#8230;:<\/strong><br \/>\nAkademikerschwemme: Geisteswissenschaften, links, Staatsdienst und staatsnahen NGO&#8217;s<br \/>\nAkademikermangel: Natur-\/Ingenieurwissenschaften und Mathematik, &#8230;.<br \/>\n.<br \/>\n<strong>Fr\u00fcher: Tue Gutes \u2013 und sprich dar\u00fcber.<\/strong><br \/>\n<strong>Heute: Rede Gutes \u2013 und sprich dar\u00fcber.<\/strong><br \/>\nEs war noch nie so einfach, ein\u00a0<a href=\"https:\/\/www.freiburg-schwarzwald.de\/blog\/engagement\/gutmenschen\/\">guter Mensch<\/a>\u00a0zu sein:<br \/>\nBei Links-gr\u00fcn lautstark mitschwimmen und die anderen daf\u00fcr arbeiten lassen.<\/p>\n<p>============================================================<\/p>\n<p><strong>Bachelor ohne Job: Das Drama der arbeitslosen Jungakademiker<\/strong><br \/>\n&#8222;In Deutschland hat die Zahl der jungen Akademiker ohne Arbeit einen alarmierenden H\u00f6chststand erreicht. Dabei werden zugleich \u00fcberall Fachleute gesucht. Es kommt eben auf ein bestimmtes Kriterium an. (&#8230; )\u00a0nun schreckt die Bundesagentur f\u00fcr Arbeit mit der Nachricht auf, dass es in Deutschland einen H\u00f6chststand von 46.000 arbeitslosen Akademikern unter 30 Jahren gibt. Berufsanf\u00e4nger mit frischem Bachelor finden keinen Job. Das ist noch keine Massenarbeitslosigkeit, aber trotzdem alarmierend.<\/p>\n<p>Die Arbeitslosenrate bei Akademikern hat zwar \u00fcberdurchschnittlich zugenommen, von 2,4 auf 2,9 Prozent. Aber trotz des Anstiegs gilt eine Quote unter drei Prozent als Vollbesch\u00e4ftigung. So gesehen ist ein Studium immer noch eine sichere Bank. Doch junge Menschen, die nach ihrem ersten Abschluss problemlos einen Job zu finden glaubten, werden heute h\u00e4ufiger entt\u00e4uscht als zu Beginn der Corona-Krise. (&#8230;)<\/p>\n<p>Der Anstieg bei Akademikern trifft auch junge Bewerber, die schon Praktika gemacht, als Werkstudenten gearbeitet oder ein duales Studium durchgezogen haben. Die gr\u00f6\u00dfte Frustration l\u00f6st bei den Jobsuchenden aus, dass man ihre Bewerbungen \u201eghosted\u201c, dass sie also nicht einmal beantwortet werden. Ob das auch bei uns wie in den USA an Bots liegt, die mechanisch aussortieren, was nicht in ihr Schema passt? Dort schreiben die Bewerber bereits KI-generierte Bewerbungen, die auf einen Roboter-Rekrutierer passend zugeschnitten sind. Vielleicht treffen sie bei der zwanzigsten Online-Bewerbung dann doch auf eine menschliche Stimme. Willkommen in der nicht so sch\u00f6nen, neuen KI-Welt. (&#8230;)<\/p>\n<p>Was l\u00e4uft falsch? Ist es die F\u00e4cherwahl, die Vorbereitung, sind es die \u00fcberzogenen Vorstellungen von der Life-Work-Balance? Oder ist es die Krise, in der Amazon Tausende Stellen streicht, w\u00e4hrend die KI immer mehr Jobs zu vernichten droht? Junge Leute berichten von Absagen mit der Begr\u00fcndung mangelnder Erfahrung. Woher sollen Studenten diese Erfahrung aus dem H\u00f6rsaal mitbringen? Fr\u00fcher wurde der Anf\u00e4nger im Erstjob angeleitet, wo seine theoretischen Kenntnisse an der Wirklichkeit gemessen wurden. Heute werden oft nicht einmal die Trainees \u00fcbernommen. Solche Stellen f\u00fchrten einst zuverl\u00e4ssig in die Festanstellung. (&#8230;)<\/p>\n<p>Seit drei Jahren schw\u00e4chelt die Konjunktur. Allein in der Autoindustrie gingen in den letzten zw\u00f6lf Monaten mehr als 50.000 Jobs verloren. Dazu kommt die wachsende Abwanderung von Unternehmen. Solche Faktoren jenseits der besten Ausbildung erkl\u00e4ren, warum Firmen z\u00f6gerlicher einstellen als noch vor ein, zwei Jahren. Ein Paradox: Ausgerechnet IT-Berufe leiden. Programmieren, Datenanalyse, Systemadministration \u2013 gestern noch zukunftsfest \u2013 werden heute durch KI ersetzt. (&#8230;)<br \/>\nGibt es Trost f\u00fcr die jungen Arbeitssuchenden? Hochqualifizierte bleiben nicht sehr lange arbeitslos. \u00dcber 60 Prozent sind meistens nach einem halben Jahr in Lohn und Brot. Da der Jungakademiker dann aber h\u00e4ufig nimmt, was er kriegen kann, ist er oft bald entt\u00e4uscht \u2013 und wieder drau\u00dfen. Er f\u00fchlt sich unter- oder \u00fcberfordert. Oder er ist frustriert, weil die richtige Work-Life-Balance fehlt, die dieser Generation so wichtig ist. Das Problem zu vieler falsch qualifizierter Studenten bleibt. Darauf haben Schulen und Universit\u00e4ten noch keine Antwort gefunden. &#8230;&#8220;<\/p>\n<p>&#8230; Alles vom 21.11.2025 bitte lesen auf <a href=\"https:\/\/www.welt.de\/debatte\/plus691c6fd9073d0eb6833e3f05\/bachelor-ohne-job-das-drama-der-arbeitslosen-jungakademiker.html\">https:\/\/www.welt.de\/debatte\/plus691c6fd9073d0eb6833e3f05\/bachelor-ohne-job-das-drama-der-arbeitslosen-jungakademiker.html<\/a><\/p>\n<p>&nbsp;<\/p>\n<p><strong>Politologie-Lehrst\u00fchle als Geldwachanlagen?<\/strong><br \/>\n\u201eIch halte diese Lehrst\u00fchle\/Fakult\u00e4ten f\u00fcr Politologie deutlich \u00fcberwiegend f\u00fcr Geldwaschanlagen, in denen die Parteien ihren Marxistennachwuchs mit \u00f6ffentlichen Geldern versorgen. Und dazu w\u00fcrde da schon passen, dass man denen den Geldhahn abdreht, die nicht spuren.<br \/>\nDamit man dann hinterher sagen kann, es gebe einen \u201awissenschaftlichen Konsens\u2019. Weil jeder aufs Maul bekommt, der nicht mitmacht. Follow the science.\u201d (Hadmut Danisch)<br \/>\n30.11.2023, <a href=\"https:\/\/www.danisch.de\">https:\/\/www.danisch.de<\/a><\/p>\n<p>&nbsp;<\/p>\n<p><strong>Eliten-Schwemme: Heer von \u00dcberfl\u00fcssigen tyrannisiert die Gesellschaft<\/strong><br \/>\nDanisch (&#8222;Die Gesellschaftsvergiftung &#8230; &#8222;, siehe weiter unten) zitiert auf seiner Webseite einen amerikanischen Anthropologen, der f\u00fcr all den kulturrevolution\u00e4ren Zerst\u00f6rungsfuror, der die westlichen Gesellschaften durchl\u00e4rmt, eine \u201eEliten-Schwemme\u201d \u2013 ein Oxymoron sui generis \u2013 verantwortlich macht, also eine \u00dcberproduktion von (geisteswissenschaftlichen) Akademikern, f\u00fcr die es nicht gen\u00fcgend oder nur schlecht bezahlte Jobs gibt, und die ihren frustierten Neid nun u.a. als Twittermob ausleben, wobei sie nat\u00fcrlich den Weg des geringsten Widerstands w\u00e4hlen und auf Bef\u00f6rderung hoffend den ohnehin herrschenden Zeitgeist zu \u00fcbertreffen suchen.<br \/>\n&#8230;<br \/>\nEine mittlere Stufe dieser Degeneration bildete die Frankfurter Schule. In seinem Essay \u201eSankt J\u00fcrgen und der triumphierende Drache\u201d erkl\u00e4rte G\u00fcnter Maschke, er ruhe (und rauche!) in Frieden, den Erfolg der praxisuntauglichen Kommunikationstheologie des J\u00fcrgen Habermas aus gerade ihrer Wirklichkeitsferne. Habermas sei der f\u00fchrende Intellektuelle einer sich seit den 1960er Jahren herausbildenden Schicht, \u201edie zwar st\u00e4ndig an Umfang zunimmt, der aber keine wirkliche gesellschaftliche Funktion zukommt: der geisteswissenschaftlichen Intelligenz der heutigen Massenuniversit\u00e4t und des aus ihr sich rekrutierenden Personals der \u201aBelehrung, Betreuung, Beplanung\u2019 (nach Schelsky \u2013 M.K.). Da die politische Macht dieser Gruppe gering bleibt, strebt sie nach der Alleinherrschaft im \u00dcberbau, dessen Kontrolle sie zu ihrer Tr\u00f6stung ben\u00f6tigt.\u201d<br \/>\nDort bes\u00e4\u00dfen die lauen Erben des Marxismus zwar keinen Zugang zur Macht mehr wie im Realsozialismus, sie f\u00e4nden aber eine gewisse Stillung ihrer Machtgel\u00fcste in der \u201emoralhypertrophen \u00dcberwachung des politisch-sozialen Geschehens\u201d. Aber wie sehr sich auch als moralisch-intellektuelle Avantgarde s\u00e4hen, \u201esie ver\u00e4ndern die Herrschaftsverh\u00e4ltnisse nicht. Sei es, weil ihnen der konkrete Adressat fehlt, sei es, weil sie die Melodie der versteinerten Verh\u00e4ltnisse nicht kennen und diese folglich den Verh\u00e4ltnissen nicht vorpfeifen k\u00f6nnen, sei es schlie\u00dflich, weil diese Gesellschaft immun wurde gegen\u00fcber der Idee.\u201d<br \/>\nDa Habermas und seine Getreuen \u201edie Perspektive der Revolution wie die einer sozialistischen Strukturreform entschwunden ist\u201d, so Maschke, \u201eebnet ihnen der selbstauferlegte Zwang zum Diskurs den Weg in die Affirmation: sie verwandeln sich in kritisch-zur\u00fcckhaltende Verteidiger des status quo der sozialstaatlichen Massendemokratien.\u201d<\/p>\n<p>Dieses Milieu w\u00e4chst und w\u00e4chst, gewinnt an Mentalit\u00e4tsmacht, wird mit Staats\u2011, Stiftungs- und Soroskohle gesponsert (Soros hier nur als Pars pro toto genannt), aber es sind einfach zu viele, als dass sich ihre mehrheitliche Lumpenproletarisierung verhindern lie\u00dfe. Da dieses Soziotop insgesamt alles andere als wohlhabend ist, entfaltet es seine Bindekraft \u00fcber die gemeinsame \u201ekulturelle Verachtung\u201d (Alexander Wendt) jener sogenannten einfachen Leute, die seine Weltsicht nicht teilen. Es ist das \u201eAnywhere\u201d versus \u201eSomewhere\u201d-Ph\u00e4nomen, und in den immer h\u00e4ufiger aus den Wahrheitsmedien zu h\u00f6renden Klagen pauperisierter Akademiker sehe ich eine Best\u00e4tigung meiner Bemerkung, dass diejenigen Somewheres, die sich f\u00fcr <a href=\"https:\/\/www.freiburg-schwarzwald.de\/blog\/global\/deutschland\/gesellschaft\/anywheres\/\">Anywheres<\/a> halten, die gro\u00dfen Verlierer der Zukunft sein werden.<br \/>\n&#8230; Alles vom 16.2.2022 bitte lesen auf<br \/>\n<a href=\"https:\/\/www.klonovsky.de\/2022\/02\/16-februar-2022\/\">https:\/\/www.klonovsky.de\/2022\/02\/16-februar-2022\/<\/a><\/p>\n<p>.<\/p>\n<p><strong>Die Gesellschaftsselbstvergiftung durch den Terror der \u00dcberakademisierung<\/strong><br \/>\nWir haben Fachkr\u00e4fte- und Handwerkermangel, produzieren aber gleichzeitig enorme Mengen von Akademikern, vor allem Geisteswissenschaftlern, die einfach zu gar nichts gut sind und nichts k\u00f6nnen, was man zu irgendwas brauchen k\u00f6nnte. Umschulf\u00e4hig sind die auch nicht mehr. &#8230;.<br \/>\nFaktisch sind der Genderm\u00fcll und das ganze linke Gehopse und dieser Gerechtigkeitsterror nichts anderes, als dass die Gesellschaft von einem Heer von \u00dcberfl\u00fcssigen tyrannisiert wird, die nichts vern\u00fcnftiges k\u00f6nnen und im Sinn haben. Sieht man ja auch daran, dass die Parteien und Parlamente voll von Gesellschaftsschrott, Studienabbrechnern, Berufslosen sind. Das passt ja auch dazu, dass man von Linken, Feministen, Geisteswissenschaftlern immer wieder h\u00f6rt, dass nicht sie etwas leisten m\u00fcssten, was von Nutzen ist, sondern es Aufgabe der Gesellschaft sei, ihnen einen Arbeitsplatz zu bieten, egal wie unn\u00fctz und bl\u00f6dsinnig die Sackgasse ist, in die sie sich studiert haben. Und dass die vielen Stellen f\u00fcr Gender- und Frauenbeauftragte geschaffen werden mussten, weil man reihenweise Deppinnen und Psychowracks produziert und dann nicht wei\u00df, wohin mit ihnen, hatte ich ja auch schon geschrieben. &#8230;<br \/>\nMan k\u00f6nnte sich also die Frage stellen, ob wir diesen ganzen Gender- und Gerechtigkeitsterror ertragen m\u00fcssen, weil wir einen Haufen nutzloser Gerechtigkeitsretter ins Dumme akademisiert haben, und die nun Krisenf\u00e4lle synthetisieren, wo keine sind, um sich als Retter aufzuspielen. Den Effekt hatte ich ja auch schon aus etwas anderer Sicht beschrieben, n\u00e4mlich wenn sich irgendwelche Gender-Tussis als F\u00fcrsprecher irgendeiner Minderheitengruppe aufspielen, ohne von denen mandatiert zu sein, und deren Probleme l\u00f6sen zu wollen, die sie nicht haben oder von denen sie noch nichts wussten.<br \/>\n&#8230; Alles vom 13.2.2022 bitte lesen auf<br \/>\n<a href=\"https:\/\/www.danisch.de\/blog\/2022\/02\/13\/die-gesellschaftsselbstvergiftung-durch-den-terror-der-ueberakademisierung\/\">https:\/\/www.danisch.de\/blog\/2022\/02\/13\/die-gesellschaftsselbstvergiftung-durch-den-terror-der-ueberakademisierung\/<\/a><\/p>\n<p>.<\/p>\n<p><strong>Mehr Nachwuchsforscher verlassen die akademische Laufbahn<\/strong><br \/>\n<strong>Wirtschaft schl\u00e4gt Wissenschaft<\/strong><br \/>\nEine aktuelle gemeinsame Studie des Stifterverbands f\u00fcr die deutsche Wissenschaft und dem Deutschen Zentrum f\u00fcr Hochschul- und Wissenschaftsforschung k\u00fcndet von der nachlassenden Attraktivit\u00e4t universit\u00e4rer Karrieren. Immer mehr Nachwuchsforscher sehen ihre berufliche Zukunft nicht an der Hochschule.<br \/>\nNur 45 Prozent der befragten Doktoranden sehen sich in zehn Jahren noch in der Wissenschaft arbeiten (Forschung &amp; Lehre, 6\/2021). Die Mehrheit m\u00f6chte hingegen anwendungsorientierter in der Wirtschaft forschen oder sogar ganz andere Berufe jenseits von Forschung und Lehre aus\u00fcben. Dabei gibt es zwischen den einzelnen Fachrichtungen gro\u00dfe Unterschiede.<br \/>\nSo streben 79 Prozent der Absolventen ingenieurwissenschaftlicher F\u00e4cher in die Wirtschaft, wohin es auch die Mehrheit der Mathematiker und Naturwissenschaftler (57) sowie der Rechts- und Sozialwissenschaftler (55) zieht.<\/p>\n<p><em><strong>Da es f\u00fcr Geisteswissenschaftler keinen entsprechenden \u201eMarkt der M\u00f6glichkeiten\u201c gibt, mu\u00df es fast drei Viertel von ihnen alternativlos vorziehen, an der Hochschule zu bleiben.<\/strong><\/em> Interessant sei, wie Mathias Winde vom Stifterverband bemerkt, da\u00df die H\u00e4lfte zu Beginn ihrer T\u00e4tigkeit entschlossen gewesen seien, wegen der \u201eh\u00f6heren Besch\u00e4ftigungssicherheit au\u00dferhalb der akademischen Wissenschaft\u201c kein langfristiges Engagement eingehen zu wollen.<br \/>\n&#8230; Alles vom 6.8.2021 bitte lesen auf JF 32\/21, S. 19, <a href=\"https:\/\/www.junge-freiheit.de\">https:\/\/www.junge-freiheit.de<\/a><\/p>\n<p>&nbsp;<\/p>\n<p><strong>Linke, Liberale, Rechte werden gebraucht \u2013 eine neue Sorte f\u00e4llt raus<\/strong><br \/>\nPolitische Gegner nehmen es sich einander derzeit allzu \u00fcbel, dass sie anders denken, aber sie vergessen: Keiner von ihnen ist eine Bedrohung f\u00fcr die Demokratie \u2013 sie haben andere Meinungen, wollen aber keinen grunds\u00e4tzlich anderen Staat. Gef\u00e4hrlich ist jemand anderes. Die Bedrohung von rechts ist \u00fcberwiegend eine Konstruktion von denen, die glauben, sie w\u00e4ren Links.<br \/>\nDoch nicht Rechts, Liberal und Links sind politisch eine Bedrohung, sondern eine dritte Kategorie, die in dem Routine gewordenen Diskurs noch keinen pr\u00e4genden Namen bekommen hat.<br \/>\nWas uns gef\u00e4hrdet, ist das ideologisch veralternativloste Verlangen nach der \u201emenschenw\u00fcrdigen\u201c Gestaltung des Gemeinwesens. Das machen nicht die Rechten und nicht die Linken und nicht die Liberalen, sondern eine Gruppe, die vom Gemeinwesen getragen wird, ohne dazu beizutragen.<\/p>\n<p>Es gibt von Liberalen, Konservativen und Rechten keine staatsgef\u00e4hrdende Bedrohung \u2013 das sind \u00fcberwiegend Menschen, die durch die Forderung nach Selbstverantwortlichkeit zum Staatswohl beitragen, weil sie dies eben nicht zur Aufgabe der Allgemeinheit erkl\u00e4ren. Sie f\u00fchlen sich selbst verantwortlich daf\u00fcr. Damit k\u00f6nnen sie es gewiss egozentrisch \u00fcbertreiben, aber nicht verw\u00fcsten. Es gibt auch keine Staatsgef\u00e4hrdung von dem, was urspr\u00fcnglich links war. Das war ein Aufstiegsversprechen f\u00fcr diejenigen, die zum Wohlstand des Staates durch Arbeit wesentlich beitragen, aber unterrepr\u00e4sentiert in Anerkennung und Bezahlung waren. Und es war auch ein Versprechen f\u00fcr einen sozialen Aufstieg der Nachfolgenden. Menschen mit einem ausgepr\u00e4gten Sinn f\u00fcr Gerechtigkeit, die darin ebenso egozentrisch werden k\u00f6nnen wie die Liberalen und Rechten.<\/p>\n<p>Es gibt heute eine kulturelle Gef\u00e4hrdung \u2013 und die geht nicht von Leistungstr\u00e4gern aus, sondern von Leistungsempf\u00e4ngern.<br \/>\nVon wem kommen die volksp\u00e4dagogischen Eingriffe in die Sprache durch die Genderideologie?<br \/>\nVon wem kommt mit der Cancel Culture die Kunst-Zensur?<br \/>\nVon wem kommt mit der Identit\u00e4tspolitik, die Spaltung der Gesellschaft zugunsten von Partikularinteressen?<br \/>\nWer bedroht die akademische Rede- und Forschungsfreiheit?<br \/>\nEs kommt von einem akademischen Prekariat, das in Beschwerde und Betroffenheit von der M\u00fchsal der Lebensf\u00fchrung so ersch\u00f6pft wie \u00fcberfordert ist, dass es sich ein Recht einbildet, auf den Schultern der 15 Millionen \u00fcbrigen deutschen Nettosteuerzahler zu reiten. Zwerge auf den Schultern von Riesen, die sich diesen Platz anma\u00dfen, weil sie behaupten, weiter sehen zu k\u00f6nnen.<br \/>\n&#8230;<br \/>\nDer Feind des Gemeinwesens ist nicht der ausgearbeitete Verstand, der sich links, liberal oder konservativ einordnet. Viele finden in allen drei Teilgebieten gute Thesen, denen sie zustimmen k\u00f6nnen, ohne sich einer Richtung ganzheitlich zuzuordnen. <em><strong>Der Feind des Gemeinwesens ist der unfertige Geist und die Verweigerung der Reife und Verantwortung,<\/strong><\/em> der stattdessen weitreichende Entscheidungen auf Grundlage von Gef\u00fchlen und nicht aus Kalk\u00fcl der Staatsraison trifft.<br \/>\n&#8230; Alles vom 5.4.2021 bitte lesen von<br \/>\n<a href=\"https:\/\/www.achgut.com\/artikel\/linke_liberale_rechte_werden_gebraucht_eine_neue_sorte_faellt_raus\">https:\/\/www.achgut.com\/artikel\/linke_liberale_rechte_werden_gebraucht_eine_neue_sorte_faellt_raus<\/a><br \/>\n.<br \/>\n<em>Aljoscha Harmsen studierte Geschichte, Sprach- und Literaturwissenschaften und arbeitet als Redakteur und als freier Autor, u.a. f\u00fcr die Neue Z\u00fcrcher Zeitung.<br \/>\n<\/em>\u00a0.<br \/>\nEinige Kommentare:<br \/>\n<strong>&#8230; eine selbsternannte Elite verachtet die anderen<\/strong><br \/>\nAn dem Artikel st was dran. W\u00e4re da nicht eine selbsternannte Elite, die es sich zur Aufgabe gemacht hat, die B\u00fcrger auseinander zu dividieren. Zu trennen zwischen jenen, denen man (nur ein Beispiel unter vielen) Menschlichkeit zubilligt, um zun\u00e4chst Fl\u00fcchtlinge zu schaffen und diese sodann herzuschaffen und jenen, die dahinter befindliche Absichten erkennen und daher als Auss\u00e4tzige, Nazis gebrandmarkt in ihrer m\u00f6glichen Wirkung ausgeschaltet werden. Das hat mit demokratischem Diskurs nichts zu tun. Es verdient tiefste Verachtung. Auch wenn dies vielleicht nicht durchweg Linke sein m\u00f6gen, ein Bier mit denen trinken zu wollen, dazu sind die inzwischen geschaffenen Fakten zu weit vorangetrieben, bereits irreversibel, dazu ist die Verfolgung jedes als abweichendes Denken stigmatisierte zu intensiv, die einseitig agierende Politik zu feindlich. Dazu ist es einfach zu sp\u00e4t.<br \/>\n5.4.2021, E.E., AO<\/p>\n<p><strong>Es gibt zu viele Karriereversprechen an Akademiker<\/strong><br \/>\nEin wirklich interessanter Artikel, der einen auf neue Gedanken bringt. Dabei finde ich die Frage, ob die Menschen, die das freiheitliche, demokratische Gemeinwesen bedrohen, als die Linken bezeichnet werden k\u00f6nnen, f\u00fcr eher unbedeutend. Wichtiger ist die Charakterisierung. Menschen, denen ein Aufstiegs- und Karriereversprechen gemacht wurde, das aber angesichts zu vieler Abiturienten, dann zu vieler Studenten mit zu geringem Talent und zu wenig Leistungsbereitschaft, nicht eingehalten werden kann. Die Gesellschaft kann nicht &#8211; vielleicht auch aufgrund gesellschaftlichen Wandels \u2013 die vielen Karrierem\u00f6glichkeiten zur Verf\u00fcgung stellen. Mit der Situation der wirtschaftlichen Unsicherheit, in die die um ihre Karriere gebrachten Akademiker geraten, geben sie sich nicht zufrieden. Sie engagieren sich f\u00fcr identit\u00e4tspolitische Ziel, f\u00fcr Genderideologie, f\u00fcr eine Cancel-Culture-Mentalit\u00e4t etc. Sie spalten die Gesellschaft mit ihren \u00fcberbetonten partikul\u00e4ren Interessen und bedrohen das freiheitliche, leistungsorientierter System insgesamt. O.K. Manche sagen jetzt, das haben sie schon immer gewusst. F\u00fcr mich sind diese Gedankeng\u00e4nge neu, weil ich die Menschen, von denen Gefahr f\u00fcr die Gesellschaft ausgeht, dort verortet habe, wo sie schon immer waren. Sollte ich den Artikel richtig verstanden haben, w\u00e4re es sch\u00f6n gewesen, die zentralen Aussagen deutlicher herauszustellen, anstatt sich damit zu besch\u00e4ftigen, wer mit wem noch ein Bier trinken gehen kann.<br \/>\n5.4.2021, J.N.<br \/>\n.<br \/>\n<strong>Parasiten gegen Wertsch\u00f6pfer<\/strong><br \/>\nEs handelt sich nat\u00fcrlich weder um Rechts gegen Links noch um Arm gegen Reich. Es sind ganz einfach Parasiten gegen Wertsch\u00f6pfer. Joe Biden wurde zum gro\u00dfen Teil von Sozialhilfeempf\u00e4ngern UND von Superreichen gew\u00e4hlt.<br \/>\n5.4.2021, B.K.<\/p>\n<p><strong>Vermeintliches Recht Aller auf Studienplatz und fettes Einkommen<\/strong><br \/>\nEin \u201cakademisches Pr\u00e4kariat\u201d entsteht, wenn man noch dem letzten Deppen das Abi in den Allerwertesten bl\u00e4st, der noch vor 30-40 Jahren mit M\u00fch und Not die mittlere Reife geschafft h\u00e4tte. Aus der Chancengleichheit, entsprechend den eigenen F\u00e4higkeiten eine h\u00f6here Schulbildung erwerben zu k\u00f6nnen, ist ein vermeintliches Recht Aller auf einen Studienplatz und ein fettes Einkommen geworden, selbst wenn sie zu bl\u00f6d sind ein Loch in den Schnee zu pinkeln.<br \/>\nDiese Leute mit abgebrochenem Studium tummeln sich zuhauf als Wortf\u00fchrer in Parteien, deren Mitglieder nicht in der Lage sind, zu erkennen, dass ihre Vorturner nicht \u201czum Wohle des Volkes\u201d agieren, sondern nur ihrer eigenen Macht- und Karrieregeilheit fr\u00f6hnen. Und sie sind nicht allein in der Politik zu finden &#8230;<br \/>\n5.4.2021, P.G.<\/p>\n<p><strong>Clique von vom Leben \u00fcberforderten Versagern<\/strong><br \/>\nWas f\u00fcr eine brillante Analyse. Sie haben den Kern des Problems offengelegt, Herr Harmsen. An unseren westlichen Unis tummeln sich mehr und mehr Menschen, die dort mangels Intellekt und Leistungsbereitschaft gar nichts zu suchen haben. Und weil die Political Correctness ihnen eine T\u00fcr ge\u00f6ffnet hat, um mittels penetranter Quengelei den eigenen Mangel an Intellekt und Leistungsbereitschaft Im Notenschnitt zu kompensieren, nutzen sie das nat\u00fcrlich bis zum totalen Exzess aus.<br \/>\nWie ein verw\u00f6hnter Haufen von Kleinkindern, die ihren Eltern so lange auf die Nerven gehen, bis diese sich endlich erbarmen, ihren ungezogenen B\u00e4lgern das teure Spielzeug doch noch zu kaufen, anstatt auch mal nein zu sagen. Bei genauer Betrachtung ist der ganze degenerierte Gender- und Quotenwahn und das penetrante Gepl\u00e4rre von einem angeblichen \u201csystemischen Rassismus\u201d nichts anders, als ein Gesch\u00e4ftsmodell einer nicht erwachsen werden wollenden Clique von vom Leben \u00fcberforderten Versagern, denen eine v\u00f6llig falsche Bildungspolitik einen Bildungsweg er\u00f6ffnet hat, auf dem sie ohne andauerndes Fordern einer Sonderbehandlung wegen einer angeblicher Benachteiligung durch Dritte unweigerlich versagen m\u00fcssen.<br \/>\nEs wird Zeit, unter dieses Treiben endlich einen Schlussstrich zu ziehen. Denn wenn diese Leute mit ihren absurden Vorw\u00fcrfen gegen die sie in Wirklichkeit protegierende(!) Gesellschaft auch noch \u00fcberaus gef\u00e4hrliche gesellschaftliche Verwerfungen herbeif\u00fchren, man denke dabei an den offenen Rassismus der \u201cCritical Race Theory\u201d oder die Versaubeutelung kleiner Kinder bzgl. einer angeblichen freien Wahl des Geschlechtes, dann h\u00f6rt der Spa\u00df auf. Aber komplett.<br \/>\nUns fehlen mehr und mehr die Azubis, weil man den Sch\u00fclern ihr Abi mittlerweile nachwirft und diese deshalb nat\u00fcrlich lieber studieren, als sich die H\u00e4nde dreckig zu machen. Und zwar auch dann, wenn sie daf\u00fcr viel zu wenig Grips in der Birne haben. Was dann zu den im Artikel genannten Ausw\u00fcchsen f\u00fchrt.<br \/>\n5.4.2021, R.P.<\/p>\n<p><strong>Neue Menschen schaffen, die alten sind zu langweilig<\/strong><br \/>\nDer Artikel trifft ins Schwarze. Intellektuelle Gr\u00fcbler und Enthusiasten wollen eine neue Welt und einen neuen Menschen schaffen. Ihnen ist die alte Welt und der alte Mensch zu langweilig, zu konservativ, und zu bodenst\u00e4ndig. Vor lauter Unterfordertsein, Langeweile, und Lebens\u00fcberdruss hocken diese intellektuellen Menschen in ihren Blasen, und \u00fcberlegen, wie sie diese langweilige und \u00f6de Welt endlich mal so richtig aufmischen und auf den Kopf stellen k\u00f6nnen. Gibt es denn keine anst\u00e4ndigen und vern\u00fcnftigen Berufe mehr f\u00fcr diese intellektuell mit sich und der \u00fcbrigen Welt nichts mehr anfangen k\u00f6nnenden Leute?<br \/>\n5.4.2021, P.W.<\/p>\n<p><strong>Ich bin weder Woke noch ANTIFA, sehe mich aber immer noch als Linker<\/strong><br \/>\nIch bin bereit mit jedem Demokraten ein Bier zu trinken und zu diskutieren \u00fcber den \u201crichtigen Weg\u201d, denn das ist das Kernwesen der Demokratie: miteinander reden! Ich finde es unertr\u00e4glich, wie mit der AFD umgegangen wird. Die Verweigerung des demokratischen Disputs ist schlicht und einfach undemokratisch. Und genau diesen Weg sollten die werten Achgut Leser nicht gehen. Geht und diskutiert, miteinander, gegeneinander, usw. sucht den Diskurs. Es muss eine Mehrheit jenseits von Merkel gesucht werden und da hilft es nicht, wenn man dem Beispiel der Altparteien folgt und die Diskussion verweigert.<br \/>\n5.4.2021, R.v.B.<\/p>\n<p><strong>Schmarotzer fabulieren immer von gro\u00dfen Idealen,<\/strong><br \/>\nlassen andere in die H\u00e4nde spucken, leben von harter Arbeit Anderer, hassen alles, was andere aufbauen und hetzen gerne gegen die Meinung der Anderen. &#8230;&#8230;&#8230;<br \/>\nSchmarotzer besch\u00e4ftigen sich mit dem Unproduktiven, dem Nebens\u00e4chlichen, machen ihr unn\u00fctzes Tun zum Wichtigen f\u00fcr alle, weil sie sonst nichts zustande bringen, au\u00dfer Schaden f\u00fcr alle anzurichten\u2026&#8230;&#8230;..<br \/>\nSchmarotzer m\u00f6gen andere Schmarotzer, m\u00f6gen Quoten, m\u00f6gen Gleichmacherei, m\u00f6gen das Destruktive, m\u00f6gen Macht, m\u00f6gen Tyrannei, m\u00f6gen Besserwisserei, m\u00f6gen Bevormundung\u2026&#8230;.<br \/>\nDer Aufstieg der Unf\u00e4higen ist auch immer der Aufstieg der Schmarotzer! Schmarotzer und Unf\u00e4hige stellen sich gerne ein moralisch integres Zertifikat als Legitimation f\u00fcr ihr Handeln aus\u2026&#8230;&#8230;&#8230;.<br \/>\nUnd beide brauchen ein funktionierendes System, dass sie zerst\u00f6ren k\u00f6nnen. Je erfolgreicher dieses System, desto gr\u00f6\u00dfer ist seine Angriffsfl\u00e4che, die es f\u00fcr das Narrativ der selbsternannten Guten bietet, auch weil erfolgreiche Systeme eine innere Verteidigungstr\u00e4gheit entwickeln. Am Ende des Narrativ steht immer die Dystopie\u2026.. Hass auf die eigene Kultur, Gesellschaft, Identit\u00e4t und das eigene Land sind die Krankheit des heutigen humorlosen Zeitgeistes\u2026<br \/>\n5.4.2021,H.M.<\/p>\n<p><strong>Sp\u00e4testens beim ersten mehrt\u00e4gigen Blackout<\/strong><br \/>\nwird sich in 2+ Jahren die Spreu vom Weizen trennen. Sobald sich dann die Frage nach Ursachen und Verursachern stellt werden die heute so lautstark wissenden Gefolgsmenschen der Dunning-Kruger-Sekten jeglicher Couleur still und leise in der Versenkung abtauchen. Oder nackt mit Fackeln und Mistgabeln durch die Stra\u00dfen komplimentiert\u2026 Keine w\u00fcnschenswerten Szenarien &#8211; aber wohl unvermeidlich.<br \/>\n5.4.2021, G.v.D.<\/p>\n<p><strong>Volksdemokratie und Raeterepublik ohne politische Freiheit des Einzelnen<\/strong><br \/>\nDieser zutreffend soziologische Befund einer Gruppe, im Wesentlichen der aktuellen Elite, bedarf einer kleinen Praezisierung, Differenzierung und Erg\u00e4nzung. Diese Gruppe waere nahezu bedeutungslos, eine Ansammlung von Typen, denen man leicht den Stecker ziehen koennte, wenn sie sich nicht der \u201cBeliebtheit \u201d der (linkskapitalistischen) Transformatoren des Systems erfreuen duerften.<br \/>\nMerkel und ihre Helfer sind, wenn ueberhaupt, nur partiell Teil dieser Gruppe, sie verfolgen eine klare politideologische Wende, deren Richtung voellig klar ist. Die Elite unterst\u00fctzt diese Transformation, weil sie sich davon einen pers\u00f6nlichen (Belohnungs) nutzen verspricht.<br \/>\nDer Autor meint mit \u201d Linke\u201d offenbar den Typ, der dem \u201calten\u201d Sozialdemokraten vergleichbar, das System der Republik verteidigte, \u201clediglich\u201d mehr Teilhabe oder \u201cGerechtigkeit\u201d einfordert, wobei die ma\u00dfgebliche Grenze schon immer zwischen Chance und Gleichstellung verlief. Letztere bedeutet automatisch (auch) einen Systemwechsel.<br \/>\nDie heutige neomarxistische Linke, die es als Marxisten schon immer gab und die richtigerweise Kommunisten genannt werden, will ein voellig anderes System, sie will keine Demokratie ieS, sondern eine Art Volksdemokratie und Raeterepublik ohne politische Freiheit des Einzelnen.<br \/>\nMan kann ihre Existenz als Teil der grundgesetzlichen Freiheit verteidigen, sollte aber die Grenze der politischen Gemeinsamkeit erkennen. Eine Machtergreifung der Linkskapitalisten, wie sie aktuell laeuft, kann jedenfalls von einem \u201cechten\u201d Demokraten nie akzeptiert werden, was auf der rechten Seite erst beim Rechtsextremismus begaenne. Der Linke ist per se totalitaerer Ideologe, der Rechte erst als Extremist. Man muss keineswegs mit der neuen Rechten \u00fcbereinstimmen, systemgefaehrdend oder gar abschaffend ist sie nicht, die Linke immer. Insoweit ist der politische Diskurs zwar mit rechts, nicht aber mit links moeglich. Ich empfehle diesen Versuch, Aufrichtigkeit der Linken unterstellt. Viel Vergn\u00fcgen.<br \/>\n5.4.2021, R.N.<\/p>\n<p><strong>\u201cDas hast Du aber toll gemacht, Sirius!\u201d &#8211; seit fr\u00fchester Kindheit<\/strong><br \/>\nEs handelt sich um eine Sorte Mensch, die seit fr\u00fchester Kindheit, bei allen anzunehmenden Kollateralsch\u00e4den, nie etwas anderes geh\u00f6rt hat, als: \u201cDas hast Du aber toll gemacht, Sirius!\u201d (und meist ist in dergleichen F\u00e4llen [prae-]nomen mehr als omen, n\u00e4mlich Diagnose)\u2014doch erst, seitdem die Hochschulreife gezielt auf Drittweltniveau abgesenkt wurde und, damit nicht genug, Hochschulen einen Gutteil ihrer Mittel nach der Quantit\u00e4t durchgewunkener, und nicht etwa der Qualit\u00e4t ausgesiebter \u201cStudienf\u00e4lle\u201d angewiesen bekommen, konnte daraus die durchverbl\u00f6dete Schicht werden, die, zumindest eine Zeitlang prek\u00e4r in der \u201cWissenschaft\u201d besch\u00e4ftigt, \u00fcberall so lautstark wie inhaltsarm den Ton angibt\u2014in den Sozialen Medien, Wikihausen, den Qualit\u00e4tsmedien und ansonsten: immer in der Meinung, die eigenen Chancen auf eine Entprekarisierung durch immer noch radikalere \u2018Gerechtigkeits\u2019-Forderungen im Kontext der deutschen Schuldindustrie zu erh\u00f6hen\u2014auch um den Preis, dass die Themen immer irrer werden, und die sprichw\u00f6rtliche durchs Dorf getriebene Sau l\u00e4ngst schon jedes beliebige Meerschweinderl sein kann, so dass der Einsturz des Kartenhauses eigentlich l\u00e4ngst \u00fcberf\u00e4llig ist.\u2014\u2014In nicht allzu ferner Zukunft wird alles zusammenkommen; da braucht dann irgendwo nur der Strom auszufallen\u2026<br \/>\n5.4.2021, A.SCH<\/p>\n<p><strong>Pseudo-Akademiker streben den bequemen, risikolosen Staatsdienst an<\/strong><br \/>\nBei der Charakterisierung des linken akademischen Prekariats fehlt ein wichtiger Aspekt: Der Bauch, der das scheinheilige Bewusstsein bestimmt. Wo kommen sie her und wo wollen sie hin? Die linken Pseudo-Akademiker sind das Resultat einer \u00dcberproduktion durch aufgebl\u00e4hte, ineffiziente und sehr oft miserable Bildungsbeh\u00f6rden, wie Schulen, Unis, Institute, Forschungseinrichtungen, &#8230; .<br \/>\nEs ist nicht \u00fcberraschend, dass das Ziel dieser nutzlosen Pseudo-Akademiker der bequeme, risikolose Staatsdienst ist. Wenn es zum \u00d6D nicht reicht, dann doch bitte als Mitarbeiter in einer steuerfinanzierten NGO oder im staatlich subventionierten privaten Medienbetrieb. Und sie propagieren nat\u00fcrlich den totalen sozialistischen \u201cStaat\u201d, denn der sichert scheinbar ihre Existenz. ++ Ausbildung ist ein volkswirtschaftliches Gut, dessen \u201cProduktion\u201d Ressourcen kostet &#8211; genauso wie bei allen anderen G\u00fctern. Die Ressourcen zur \u201cProduktion\u201d dieses Guts sollten durch einen marktwirtschaftlichen Mechanismus gesteuert werden, um Fehlallokationen zu vermeiden. Eine radikale Reform und Verschlankung des parasit\u00e4ren Bildungsbetriebs in Richtung Eigenverantwortung, Leistungsprinzip und Disziplin w\u00e4re dringend geboten. Der Beamtenstatus geh\u00f6rt sowieso abgeschafft, aber auf jeden Fall in dem lebenswichtigen Bereich der Ausbildung: Deutschland ist lebensnotwendig auf seine technischen und industrielle Kompetenz angewiesen. ++ Ich finde es ist absurd, dass Lehrlinge und Arbeiter die oft sinnlose und miserable akademische Ausbildung ihrer Altersgenossen mit ihren Steuern subventionieren m\u00fcssen.<br \/>\n5.4.2021, TH.B.<\/p>\n<p><strong>Verweichlichtes, aber tyrannisches akademisches Prekariat<\/strong><br \/>\nEin sehr guter Artikel, der f\u00fcr dieses vordergr\u00fcndig verweichlichte, aber in gro\u00dfen Teilen tyrannische akademische Prekariat, da\u00df in seiner narrzistischen Selbstbespiegelung merkt, da\u00df es nichts zu bieten hat, nichts kann, auch wenn es sich vehement dagegen wehrt. Keine Wertsch\u00f6pfung au\u00dfer das Bohren von Brettern an der d\u00fcnnsten Stelle. Das Aufnehmen von fundierten Wissen ist auch zu anstrengend und so bleibt den Kindern dieser Generation nur das Umsichschlagen wie ein unerzogenes G\u00f6r, das daran gew\u00f6hnt ist, seine W\u00fcnsche w\u00fcrden immer erf\u00fcllt. Umgeben sind sie von Helikopter-Eltern und von Professoren und Dozenten, die sich dem Druck der armseligen Tyrannen ergeben. Damit liefern sie den Stoff, ohne es zu wissen, den knallharten Ideologen und Gesellschaftsspaltern. Und die wirkliche brauchbare Theorie daf\u00fcr findet eine ganz kleine Intellektuelle Minderheit und nicht diese Geschichts-Analphabeten unter den Dekonstruktivisten wie Michel Foucault oder Jacques Derrida u. a. Verbraucht f\u00fcr die Spaltung und Parzellierung einer Gesellschaft, die als \u00fcberwiegend \u00fcberwunden galt.<br \/>\n5.4.2021, M.R.<\/p>\n<p><strong>Eine Ursache f\u00fcr die missliche Lage ist das Parteiensystem.<\/strong><br \/>\nEs ist nicht der W\u00e4hler, der unf\u00e4hige, unerw\u00fcnschte Soziologie-\/Gender-\/und andere \u00fcberfl\u00fcssige Studienabschl\u00fcssler-\/Abbrecher und berufslose Dummk\u00f6pfe in die Parlamente schickt, es sind die Parteien, die solche Leute \u00fcber die Parteimandate auf die Menschheit loslassen.<br \/>\n5.4.2021, J.R.<\/p>\n<p><strong>Sehr geehrter Herr Harmes, sie haben einen bedenkenswertens Aufsatz beigesteuert,<\/strong><br \/>\nderen Tendenz ich unterst\u00fctzen m\u00f6chte. Als \u2018R\u00e4chtz-Konservativer\u2019 mu\u00df man heute in diesem Staat eine ehrenhafte (fr\u00fchere) Linke gegen LUMPEN verteidigen, die (in diesem Land) den Begriff \u2018Linke\u2019 f\u00fcr sich in frevelhafter Weise okkupiert und vor allem leider monopolisiert haben! Vergessen wir nicht: \u2018Es gibt auch nette, vern\u00fcnfige, normale Linke. Ich bin so einer! &#8230;\u2019 (Henryk Broder vor der AfD-Fraktion).<br \/>\nEs gab eine Zeit, in der manche politischen Forderungen von \u2018vern\u00fcnftigen Linken\u2019 ihre absolute Berechtigung hatten: (Beispiel: \u2018Mann der Arbeit, aufgewacht\u2019 &#8211; Bundeslied der preu\u00dfischen \u2018Lassallelaner\u2019 von Herwegh; vertont von B\u00fclow). Lassalle, Herwegh, der Franzose Jaures &#8230; usw. hatten und haben mit der Niedertracht und der Verkommenheit von heutigen angema\u00dft \u2018linken Aktivisten\u2019 nichts gemein! Und diese Fakten mu\u00df man dem Pack unter die Nase reiben.<br \/>\nDeshalb bin ich f\u00fcr klare Ansage und klare Aussprache. Es sind KEINE LINKEN, sondern WOHLSTANDS-VERWAHRLOSTE Schmarotzer, Parasiten, Berufsfaulpelze, Arbeitsscheue, Studienabbrecher, Jacobiner und destruktive Quatschk\u00f6pfe &#8211; denen die Erfahrung eines ehrlichen Arbeitslebens einfach fehlt. Was diese Leute brauchen, ist der Entzug von Privilegien, Stipendien, F\u00f6rdermitteln und sonstigen finanziellen Unterst\u00fctzungen und die Zuweisung einer ehrlichen und m\u00f6glichst schweren Arbeit. Und dort sollten sie von 1. Tage an demselben Leistungsdruck unterworfen sein, wie die \u201815 Millionen Nettosteuerzahler\u2019 auch. Es gibt nur ein einziges Problem, da\u00df diese Leute in Wirklichkeit haben: es geht ihnen nicht nur gut, nicht nur sehr gut &#8211; es geht ihnen zu gut. Und DAS m\u00fcssen wir unbedingt \u00e4ndern; gerne schock-artig. Leute wie Neubauer und K\u00fchnert geh\u00f6ren nicht in die Politik &#8211; sie geh\u00f6ren z.B. in eine Waschk\u00fcche bzw. auf den Bau &#8211; zu den dort \u00fcblichen Niedrigl\u00f6hnen!<br \/>\n5.4.2021,W.D.<\/p>\n<p>Ich finde es \u00e4u\u00dferst bemerkenswert, da\u00df der Autor zu seinen Erkenntnissen gelangt ist, obwohl auch er Geschichte, Sprach- und Literaturwissenschaften studiert hat und damit eigentlich zum neuen Akademischen Proletariat geh\u00f6rt!<br \/>\nEs scheint so, als ob die ausufernde Aufstiegsf\u00f6rderung, die nicht nur durchschnittlich, sondern auch unterdurchschnittlich Begabte zun\u00e4chst zum Abitur gef\u00fchrt, und dann sogar in die Universit\u00e4ten gesp\u00fclt hat, sich bitter r\u00e4cht. Diese Leute haben nichts gelernt, was f\u00fcr irgendjemanden von Nutzen sein k\u00f6nnte, leiden unter ihrer Nutzlosigkeit, f\u00fchlen sich als gebildet und sind erbost, da\u00df die vermeintlich dem Akademiker zukommende Bezahlung f\u00fcr ihre D\u00fcnnbrettstudien niemand zahlen will. Ganze Studieng\u00e4nge wurden geschaffen (Genderstudies!), um die so betrogenen mit Professuren ruhigzustellen, mit dem vorhersehbaren Effekt, da\u00df noch mehr nutzlose laut fordernde Schw\u00e4tzer produziert werden.<br \/>\nEinfache Fragen: wer kann einen Soziologen gebrauchen?<br \/>\nWer hat Bedarf an einer Genderista?<br \/>\nWer will von Politologen regiert werden?<br \/>\nWieviele Literaturwissenschaftler, Anthropologen, Arch\u00e4ologen, Philosophen ( oder solche, die sich daf\u00fcr halten!) usw. ben\u00f6tigt eine produktive Gesellschaft?<br \/>\nSehr, sehr wenige. Und wie viele werden ausgebildet? Sehr, sehr viele. Eine Verschwendung menschlicher Arbeit, die viele entt\u00e4uscht zur\u00fcckl\u00e4\u00dft, die dann die Schuld bei den Verh\u00e4ltnissen suchen und Neid auf die entwickeln, die intelligenter sind und das richtige studiert, oder eine Lehre gemacht haben, und mit Flei\u00df und Risikobereitschaft einen Handwerksbetrieb f\u00fchren und damit gutes Geld verdienen.<br \/>\nDie gelten denen jetzt als Rechte, weil es ihnen besser geht und weil sie nicht mit den Nutzlosen teilen wollen. So werden allerlei vermeintliche Anspr\u00fcche aus den verschiedensten Gr\u00fcnden konstruiert, die alle eines gemeinsam haben: sie treffen auf die Rechten nicht zu. Denen ist die Rolle zugedacht, die Forderungen zu erf\u00fcllen! Aber dalli!<br \/>\n5.4.2021, A.P.<br \/>\n.<br \/>\n<strong>Der globale, Neuen-Feudal-Absolutismus<\/strong><br \/>\nNat\u00fcrlich kann der \u201cunfertige Geist\u201d &#8211; eine treffende Beschreibung heutiger Aktivisten, Journalisten und Politiker &#8211; nicht begreifen, an welcher Stelle der heutigen Machtmechanik, sie ihr Dasein als n\u00fctzliche Idioten treiben. &#8211; &#8211; &#8211; Das \u201cKalk\u00fcl der Staatsraison\u201d wird in dieser Gegenwart einzig von der CCP in Beijing exekutiert. Von den Machthabern in Nordamerika und Westeuropa, wurde es kurzerhand umgedreht. Ein Vorgang von epochaler Gewaltt\u00e4tigkeit, den wir Heutigen, in seiner zynischen Monstrosit\u00e4t, nicht fassen k\u00f6nnen. &#8211; &#8211; &#8211; Aljoscha Harmsen ahnt, da\u00df etwas mit der hergebrachten, politischen Ges\u00e4\u00dfgeografie nicht mehr stimmt. Es gibt auch einige Linke, in denen diese Ahnung w\u00e4chst. In 20 Jahren werden sie beginnen zu verstehen, was es war. F\u00fcr wen sie gearbeitet haben. N\u00e4mlich die reaktion\u00e4rste Herrschaftsform, zu der Menschen f\u00e4hig sind: Den globalen, Neuen-Feudal-Absolutismus, der sich zur Tarnung, ab Mitte der 00er Jahre, mit linker Sprache und marxistischer Methodik kost\u00fcmierte.<br \/>\n5.4.2021, H.U.<\/p>\n<p><strong>Die Gr\u00fcnen<\/strong><br \/>\n\u201c&#8230;.. der Feind des Gemeinwesens ist der unfertige ( infantile ) Geist und die Verweigerung der Reife und Verantwortung &#8230;.. \u201c = Perfekte Beschreibung der Gr\u00fcnen Partei samt Anh\u00e4ngern !<br \/>\n5.4.2021, S.E.<\/p>\n<p><strong>\u201cGruppe, die vom Gemeinwesen getragen wird, ohne dazu beizutragen.\u201d<\/strong><br \/>\nDas trifft den Nagel auf den Kopf. Der entscheidende Punkt ist, dass diese Leute \u00fcberwiegend ihr Einkommen aus dem Staat beziehen, ohne produktiv dazu beizutragen im Sinne von Leistungen produzieren, die andere Leute brauchen. Ein paar Semester Soziologiestudium&#8230;<br \/>\n5.4.2021, F.K.<br \/>\nEnde Kommentare<\/p>\n","protected":false},"excerpt":{"rendered":"<p>Home\u00a0&gt;Engagement\u00a0&gt;Zukunft\u00a0&gt;Demokratie\u00a0&gt;Global\u00a0&gt;Deutschland\u00a0&gt;Steuerzahler &nbsp; Listenauswahl eines Beitrags (Artikel\/Datum, Seite\/Inhalt): Klicken oder scrollen Bildung: Azubi OUT \u2013 Student IN\u00a0(20.8.2026) Eliteaspiranten \u2013 Job \u2013 Spaltung\u00a0(7.8.2026) Bachelor ohne Job: Das Drama der arbeitslosen Jungakademiker (21.11.2025) Traumberuf Nachhaltigkeitsmanagerin \u2013 die neue gr\u00fcne Bourgeoisie\u00a0(25.4.2024) Die Fr\u00fcchte der &hellip; <a href=\"https:\/\/www.freiburg-schwarzwald.de\/blog\/global\/deutschland\/akademikerschwemme\/\">Weiterlesen <span class=\"meta-nav\">&rarr;<\/span><\/a><\/p>\n","protected":false},"author":2,"featured_media":0,"parent":62490,"menu_order":0,"comment_status":"closed","ping_status":"closed","template":"","meta":{"footnotes":""},"class_list":["post-89766","page","type-page","status-publish","hentry"],"_links":{"self":[{"href":"https:\/\/www.freiburg-schwarzwald.de\/blog\/wp-json\/wp\/v2\/pages\/89766","targetHints":{"allow":["GET"]}}],"collection":[{"href":"https:\/\/www.freiburg-schwarzwald.de\/blog\/wp-json\/wp\/v2\/pages"}],"about":[{"href":"https:\/\/www.freiburg-schwarzwald.de\/blog\/wp-json\/wp\/v2\/types\/page"}],"author":[{"embeddable":true,"href":"https:\/\/www.freiburg-schwarzwald.de\/blog\/wp-json\/wp\/v2\/users\/2"}],"replies":[{"embeddable":true,"href":"https:\/\/www.freiburg-schwarzwald.de\/blog\/wp-json\/wp\/v2\/comments?post=89766"}],"version-history":[{"count":5,"href":"https:\/\/www.freiburg-schwarzwald.de\/blog\/wp-json\/wp\/v2\/pages\/89766\/revisions"}],"predecessor-version":[{"id":152930,"href":"https:\/\/www.freiburg-schwarzwald.de\/blog\/wp-json\/wp\/v2\/pages\/89766\/revisions\/152930"}],"up":[{"embeddable":true,"href":"https:\/\/www.freiburg-schwarzwald.de\/blog\/wp-json\/wp\/v2\/pages\/62490"}],"wp:attachment":[{"href":"https:\/\/www.freiburg-schwarzwald.de\/blog\/wp-json\/wp\/v2\/media?parent=89766"}],"curies":[{"name":"wp","href":"https:\/\/api.w.org\/{rel}","templated":true}]}}