{"id":89516,"date":"2021-04-09T11:31:23","date_gmt":"2021-04-09T09:31:23","guid":{"rendered":"https:\/\/www.freiburg-schwarzwald.de\/blog\/?page_id=89516"},"modified":"2026-02-14T16:03:08","modified_gmt":"2026-02-14T15:03:08","slug":"eu-aussenpolitik","status":"publish","type":"page","link":"https:\/\/www.freiburg-schwarzwald.de\/blog\/global\/eu\/eu-aussenpolitik\/","title":{"rendered":"EU-Aussenpolitik"},"content":{"rendered":"<p><a href=\"https:\/\/www.freiburg-schwarzwald.de\/blog\">Home<\/a>\u00a0&gt;<a title=\"Global\" href=\"https:\/\/www.freiburg-schwarzwald.de\/blog\/global\/\">Global<\/a>\u00a0&gt;<a title=\"EU\" href=\"https:\/\/www.freiburg-schwarzwald.de\/blog\/global\/eu\/\">EU<\/a>\u00a0&gt;<a title=\"Finanzsystem\" href=\"https:\/\/www.freiburg-schwarzwald.de\/blog\/global\/finanzsystem\/\">Finanzsystem<\/a>\u00a0&gt;<a href=\"https:\/\/www.freiburg-schwarzwald.de\/blog\/global\/eu\/eu-zentralstaat\/\">EU-Zentralstaat<\/a> &gt;EU-Aussenpolitik<\/p>\n<div id=\"attachment_89517\" style=\"width: 649px\" class=\"wp-caption alignnone\"><a href=\"https:\/\/www.freiburg-schwarzwald.de\/blog\/wp-content\/uploads\/2021\/04\/erdogan-leyen20210406pan.jpg\"><img loading=\"lazy\" decoding=\"async\" aria-describedby=\"caption-attachment-89517\" class=\"size-full wp-image-89517\" src=\"https:\/\/www.freiburg-schwarzwald.de\/blog\/wp-content\/uploads\/2021\/04\/erdogan-leyen20210406pan.jpg\" alt=\"\" width=\"639\" height=\"319\" srcset=\"https:\/\/www.freiburg-schwarzwald.de\/blog\/wp-content\/uploads\/2021\/04\/erdogan-leyen20210406pan.jpg 639w, https:\/\/www.freiburg-schwarzwald.de\/blog\/wp-content\/uploads\/2021\/04\/erdogan-leyen20210406pan-180x90.jpg 180w\" sizes=\"auto, (max-width: 639px) 100vw, 639px\" \/><\/a><p id=\"caption-attachment-89517\" class=\"wp-caption-text\">EU-Aussenpolitik &#8211; vom Islam lernen: M\u00e4nner oben und Frauen (mit Maske) unten<\/p><\/div>\n<p>&nbsp;<\/p>\n<ul>\n<li><em>Listenauswahl eines Beitrags: Bitte anklicken oder runterscrollen<\/em><\/li>\n<li><a href=\"https:\/\/www.freiburg-schwarzwald.de\/blog\/global\/globalisierung\/sicherheitskonferenz\/\">US-Aussenminister Marco Rubio m 14.2.2026 auf der M\u00fcnchner Sicherheitskonferenz \u2013 Redetext<\/a>\u00a0 (14.2.2026)<\/li>\n<li>Wird die EU-Mitgliedschaft der Ukraine Russlands gr\u00f6\u00dfte Niederlage? (29.1.2026)<\/li>\n<li><a href=\"https:\/\/www.freiburg-schwarzwald.de\/blog\/global\/groenland\/\">Gr\u00f6nland in multipolarer Welt<\/a>\u00a0(19.1.2026)<\/li>\n<li><a href=\"https:\/\/www.freiburg-schwarzwald.de\/blog\/engagement\/zukunft\/demokratie\/politik\/politik-infantil\/\">EVP-Chef Weber ruft zur Sabotage der Moskauer U-Bahn auf<\/a>\u00a0(30.9.2025)<\/li>\n<li><a href=\"https:\/\/www.freiburg-schwarzwald.de\/blog\/global\/eu\/eu-krieg\/\">EU auf dem Abstellgleis: Aufr\u00fcstung statt Frieden, Papiergeld statt Bitcoin<\/a>\u00a0(3.3.2025)<\/li>\n<li><a href=\"https:\/\/www.freiburg-schwarzwald.de\/blog\/global\/eu\/europa\">Europa und die USA: Ohne Einigkeit und eigene St\u00e4rke bleibt der alte Kontinent handlungsunf\u00e4hig<\/a>\u00a0(17.1.2025)<\/li>\n<li><a href=\"https:\/\/www.freiburg-schwarzwald.de\/blog\/engagement\/zukunft\/frieden\/friedensbewegung2-0\/\">Die neue deutsche Friedensbewegung: Gro\u00dfes Comeback von Petr Bystron<\/a>\u00a0(26.11.2024)<\/li>\n<li><a href=\"https:\/\/www.freiburg-schwarzwald.de\/blog\/global\/multipolar\/\">Macron: EU ist der multipolaren Weltordnung nicht gewachsen<\/a>\u00a0(15.1.2024)<\/li>\n<li><a href=\"https:\/\/www.freiburg-schwarzwald.de\/blog\/global\/eu\/eu-kommission\/\">Raffaele Fitto (Fratelli d\u2019Italia): EU-Kommissar f\u00fcr regional-\/Sozialfonds<\/a> (27.9.2024)<\/li>\n<li><a href=\"https:\/\/www.freiburg-schwarzwald.de\/blog\/guerot-endspiel-europa\/\">Gu\u00e9rot: Endspiel Europa<\/a>\u00a0(30.12.2022)<\/li>\n<li><a href=\"https:\/\/www.freiburg-schwarzwald.de\/blog\/global\/eu\/ngeu\/\">Karlsruher Nikolaus-Urteil: NGEU-Fonds , Eurobonds<\/a>\u00a0(25.11.2022)<\/li>\n<li><a href=\"https:\/\/www.freiburg-schwarzwald.de\/blog\/global\/ukraine\/ukraine-frieden\/\">J\u00fcrgen Todenh\u00f6fer: Dieser Krieg l\u00e4uft anders als erwartet<\/a>\u00a0(24.3.2022)<\/li>\n<li><a href=\"https:\/\/www.freiburg-schwarzwald.de\/blog\/global\/russland\/russland-china\/\">USA und D treiben Russland in die Arme von China<\/a>\u00a0(17.3.2022)<\/li>\n<li><a href=\"https:\/\/www.freiburg-schwarzwald.de\/blog\/global\/ukraine\/donbass\/\">Heinsohn: Putin will siegen, aber nicht k\u00e4mpfen<\/a>\u00a0(22.2.2022)<\/li>\n<li><a href=\"https:\/\/www.freiburg-schwarzwald.de\/blog\/global\/osteuropa\/\">Solidarit\u00e4t mit Polen \u2013 ein Appell an die Deutschen!<\/a>\u00a0(18.11.2021)<\/li>\n<li><a href=\"https:\/\/www.freiburg-schwarzwald.de\/blog\/global\/eu\/grenzen\/grenzenlos\/\">Grenzen \u2013 Ausgrenzung \u2013 grenzenlose Welt \u2013 offene Grenzen<\/a>\u00a0(25.8.2021)<\/li>\n<li><a href=\"https:\/\/www.freiburg-schwarzwald.de\/blog\/migranten-als-waffe-einsetzen\/\">Migranten als Waffe einsetzen<\/a> (20.8.2021)<\/li>\n<li><a href=\"https:\/\/www.freiburg-schwarzwald.de\/blog\/d-verhoehnt-eu-nationalhymnen\/\">D verh\u00f6hnt EU-Nationalhymnen \u2013 Schaden der Diplomatie<\/a>\u00a0(26.6.2021)<\/li>\n<li>Vom Islam lernen: Frauen mit Maske unten &#8211; M\u00e4nner oben (8.4.2021)<\/li>\n<li><\/li>\n<li><a href=\"https:\/\/www.freiburg-schwarzwald.de\/blog\/global\/ukraine\/donbass\/\">Donbass Ukraine-Russland<\/a><\/li>\n<li><a href=\"https:\/\/www.freiburg-schwarzwald.de\/blog\/global\/eu\/eu-kommission\/\">EU-Kommission<\/a><\/li>\n<li><a href=\"https:\/\/www.freiburg-schwarzwald.de\/blog\/global\/eu\/eu-krieg\/\">EU-Krieg<\/a><\/li>\n<li><a href=\"https:\/\/www.freiburg-schwarzwald.de\/blog\/global\/eu\/grenzen\/grenzenlos\/\">grenzenlos<\/a><\/li>\n<li><a href=\"https:\/\/www.freiburg-schwarzwald.de\/blog\/global\/globalisierung\/sicherheitskonferenz\/\">Sicherheitskonferenz M\u00fcnchen MSC<\/a><\/li>\n<\/ul>\n<p><strong>Sie geh\u00f6ren zusammen:\u00a0<a href=\"https:\/\/www.freiburg-schwarzwald.de\/blog\/engagement\/zukunft\/demokratie\/entspannungspolitik\/\">Entspannungspolitik<\/a>\u00a0(Willy Brandt) und\u00a0<a href=\"https:\/\/www.freiburg-schwarzwald.de\/blog\/engagement\/zukunft\/frieden\/friedensbewegung\/\">Friedensbewegung<\/a>\u00a0(von Erhard Eppler bis\u00a0<\/strong><strong><a href=\"https:\/\/www.freiburg-schwarzwald.de\/blog\/religion\/katholisch\/drewermann\/\">Eugen Drewermann<\/a>)<br \/>\n<\/strong>==========================================================<br \/>\n.<\/p>\n<p><strong>Wird die EU-Mitgliedschaft der Ukraine Russlands gr\u00f6\u00dfte Niederlage?<\/strong><br \/>\n<strong>Die Ukrainisierung Europas statt Ukraine in EU?<\/strong><br \/>\nIst die angestrebte Mitgliedschaft der Ukraine in der EU in Wahrheit eine \u201eNATO durch die Hintert\u00fcr\u201c? Angesichts der milit\u00e4rischen Neuausrichtung Br\u00fcssels warnt der ungarische Diplomat und Botschafter a. D. Gy\u00f6rgy Varga vor einer massiven Fehlkalkulation Putins, der die EU-Mitgliedschaft Kiews bislang als zweitrangig einstufte. In einer \u00c4ra, in der sich die USA finanziell zur\u00fcckziehen, droht Russland laut dem langj\u00e4hrigen Experten f\u00fcr den postsowjetischen Raum die dauerhafte politische und wirtschaftliche Isolation durch ein militarisiertes Europa.<br \/>\n&#8230;<br \/>\n<strong>Fazit: Die Ukrainisierung Europas<\/strong><br \/>\nDie ukrainische EU-Mitgliedschaft bedeutet, dass Russland zwar milit\u00e4risch gegen eine Koalition von \u00fcber 40 L\u00e4ndern besteht, aber die politische und wirtschaftliche Dimension des Sieges verliert. Ein gegen\u00fcber Russland milit\u00e4risch unterlegener globaler Westen wird schon aus Trotz nach demonstrativen Ergebnissen in der Ukraine streben.<br \/>\nDas EU-Budget wird nicht f\u00fcr Innovationen der europ\u00e4ischen Wirtschaft, sondern f\u00fcr die Umwandlung der Ukraine in einen Musterstaat und deren Wiederbewaffnung aufgewendet werden (gesch\u00e4tzter Bedarf: 1.500 Milliarden Euro in zehn Jahren). Die ukrainische politische Elite wird mit etwa 50 Sitzen im Europ\u00e4ischen Parlament strategische Entscheidungen als Instrument der globalen Finanzelite beeinflussen.<br \/>\nPr\u00e4sident Putin kalkuliert auch dann falsch, wenn er auf die Krise der EU hofft. Eine Aufnahme der Ukraine ab 2027 w\u00fcrde Russland sofortige Nachteile bringen, w\u00e4hrend die EU-Abw\u00e4rtsfahrt in Jahrzehnten zu messen ist. Kiew bek\u00e4me die ewige Chance zur niemals endenden Sanktionierung Russlands \u00fcber das Vetorecht \u2013 jederzeit, wenn seine Sponsoren es w\u00fcnschen. Am Ende wird nicht die EU die Ukraine europ\u00e4isch machen, sondern die Ukraine wird Europa ukrainisieren.<\/p>\n<p>&#8230; Alles vom 29.1.2026 von Gyorgy Varga bitte lesen auf<br \/>\n<a href=\"https:\/\/www.nachdenkseiten.de\/?p=145515\">https:\/\/www.nachdenkseiten.de\/?p=145515<\/a><br \/>\n.<br \/>\n<em>Dr. Gy\u00f6rgy Varga ist Diplomat mit Spezialisierung auf den postsowjetischen Raum. Er hat in Theorie der internationalen Beziehungen promoviert und als Universit\u00e4tsdozent strategische Planung, Sicherheitspolitik und Theorie der internationalen Beziehungen gelehrt. Als Diplomat vertrat er Ungarn in der Ukraine, in Moskau, er war Botschafter in Moldawien und von 2017 bis 2021 Leiter der Beobachtermission der Organisation f\u00fcr Sicherheit und Zusammenarbeit in Europa (OSZE) in Russland. In dieser Funktion verbrachte er die vier Jahre vor dem Krieg im Namen der 57-L\u00e4nder-Organisation in einem Teil Russlands und Gebiet des Donbass, das nicht von der ukrainischen Regierung kontrolliert wird. Er leitete eine ununterbrochene internationale \u00dcberwachung, die zur L\u00f6sung des Konflikts beitragen sollte. Varga ist Mitglied der Ungarischen Akademie der Wissenschaften (MTA).<\/em><\/p>\n<p>&nbsp;<\/p>\n<p>.<br \/>\n<strong>Vom Islam lernen: Frauen mit Maske unten &#8211; M\u00e4nner oben<\/strong><br \/>\nBeim EU-T\u00fcrkei-Treffen in Ankara am 6.4.2021 wurde EU-Kommissionschefin von der Leyen nicht auf Augenh\u00f6he mit T\u00fcrkei&#8217;s Pr\u00e4sident Erdogan und EU-Ratspr\u00e4sident Michel platziert.<br \/>\n&#8230;<br \/>\nVon der Leyens Sprecher betonte, dass sich Vorf\u00e4lle wie der im Pr\u00e4sidentenpalast in Ankara nicht wiederholen sollten. Daf\u00fcr werde man nun Vorkehrungen treffen. In der Kommission wurde zudem darauf verwiesen, dass von der Leyen das Treffen mit Erdogan genutzt habe, um mit ihm eine lange und sehr offene Diskussion \u00fcber Frauenrechte und den R\u00fcckzug der T\u00fcrkei aus der Istanbul-Konvention zum Schutz von Frauen und Kinder vor Gewalt zu f\u00fchren.<br \/>\n&#8230; Alles vom 8.4.2021 bitte lesen auf<br \/>\n<a href=\"https:\/\/www.badische-zeitung.de\/praesidentin-auf-dem-sofa-erdogans-sitzplan-sorgt-fuer-eklat--201111172.html\">https:\/\/www.badische-zeitung.de\/praesidentin-auf-dem-sofa-erdogans-sitzplan-sorgt-fuer-eklat&#8211;201111172.html<\/a><\/p>\n<p><strong>So geh\u00f6rt es sich:<\/strong><br \/>\nDie kleine Frau Dr. von der Leyen sitzt untert\u00e4nig im tiefen Sofa, um mit Maske (alias Nikab?) mit dem gro\u00dfen Herrn Erdogan zu reden &#8211; \u00fcber Frauenprobleme, denn da kennt sich der Pr\u00e4sident aus. Das Bild sagt mehr als tausend Worte zum Zustand der EU-Aussenpolitik, \u00fcber die die ganze Welt lacht. Dabei ist EU-Kommissionschefin Ursula von der Leyen ist doppelt gehandicapt &#8211; als Ungl\u00e4ubige und als Frau.<br \/>\n8.4.2021, A.B.<\/p>\n<p>&nbsp;<\/p>\n","protected":false},"excerpt":{"rendered":"<p>Home\u00a0&gt;Global\u00a0&gt;EU\u00a0&gt;Finanzsystem\u00a0&gt;EU-Zentralstaat &gt;EU-Aussenpolitik &nbsp; Listenauswahl eines Beitrags: Bitte anklicken oder runterscrollen US-Aussenminister Marco Rubio m 14.2.2026 auf der M\u00fcnchner Sicherheitskonferenz \u2013 Redetext\u00a0 (14.2.2026) Wird die EU-Mitgliedschaft der Ukraine Russlands gr\u00f6\u00dfte Niederlage? (29.1.2026) Gr\u00f6nland in multipolarer Welt\u00a0(19.1.2026) EVP-Chef Weber ruft zur Sabotage &hellip; <a href=\"https:\/\/www.freiburg-schwarzwald.de\/blog\/global\/eu\/eu-aussenpolitik\/\">Weiterlesen <span class=\"meta-nav\">&rarr;<\/span><\/a><\/p>\n","protected":false},"author":2,"featured_media":0,"parent":2859,"menu_order":0,"comment_status":"closed","ping_status":"closed","template":"","meta":{"footnotes":""},"class_list":["post-89516","page","type-page","status-publish","hentry"],"_links":{"self":[{"href":"https:\/\/www.freiburg-schwarzwald.de\/blog\/wp-json\/wp\/v2\/pages\/89516","targetHints":{"allow":["GET"]}}],"collection":[{"href":"https:\/\/www.freiburg-schwarzwald.de\/blog\/wp-json\/wp\/v2\/pages"}],"about":[{"href":"https:\/\/www.freiburg-schwarzwald.de\/blog\/wp-json\/wp\/v2\/types\/page"}],"author":[{"embeddable":true,"href":"https:\/\/www.freiburg-schwarzwald.de\/blog\/wp-json\/wp\/v2\/users\/2"}],"replies":[{"embeddable":true,"href":"https:\/\/www.freiburg-schwarzwald.de\/blog\/wp-json\/wp\/v2\/comments?post=89516"}],"version-history":[{"count":5,"href":"https:\/\/www.freiburg-schwarzwald.de\/blog\/wp-json\/wp\/v2\/pages\/89516\/revisions"}],"predecessor-version":[{"id":145734,"href":"https:\/\/www.freiburg-schwarzwald.de\/blog\/wp-json\/wp\/v2\/pages\/89516\/revisions\/145734"}],"up":[{"embeddable":true,"href":"https:\/\/www.freiburg-schwarzwald.de\/blog\/wp-json\/wp\/v2\/pages\/2859"}],"wp:attachment":[{"href":"https:\/\/www.freiburg-schwarzwald.de\/blog\/wp-json\/wp\/v2\/media?parent=89516"}],"curies":[{"name":"wp","href":"https:\/\/api.w.org\/{rel}","templated":true}]}}