{"id":89180,"date":"2021-03-27T19:16:33","date_gmt":"2021-03-27T18:16:33","guid":{"rendered":"https:\/\/www.freiburg-schwarzwald.de\/blog\/?page_id=89180"},"modified":"2024-12-14T09:16:02","modified_gmt":"2024-12-14T08:16:02","slug":"reisefreiheit","status":"publish","type":"page","link":"https:\/\/www.freiburg-schwarzwald.de\/blog\/tourismus\/reisefreiheit\/","title":{"rendered":"Reisefreiheit"},"content":{"rendered":"<p>d<\/p>\n<div id=\"attachment_88296\" style=\"width: 650px\" class=\"wp-caption alignnone\"><a href=\"https:\/\/www.freiburg-schwarzwald.de\/blog\/wp-content\/uploads\/2021\/02\/feldberg-totemann-pan20210222.jpg\"><img loading=\"lazy\" decoding=\"async\" aria-describedby=\"caption-attachment-88296\" class=\"size-full wp-image-88296\" src=\"https:\/\/www.freiburg-schwarzwald.de\/blog\/wp-content\/uploads\/2021\/02\/feldberg-totemann-pan20210222.jpg\" alt=\"\" width=\"640\" height=\"342\" srcset=\"https:\/\/www.freiburg-schwarzwald.de\/blog\/wp-content\/uploads\/2021\/02\/feldberg-totemann-pan20210222.jpg 640w, https:\/\/www.freiburg-schwarzwald.de\/blog\/wp-content\/uploads\/2021\/02\/feldberg-totemann-pan20210222-180x96.jpg 180w\" sizes=\"auto, (max-width: 640px) 100vw, 640px\" \/><\/a><p id=\"caption-attachment-88296\" class=\"wp-caption-text\">Feldberg und Tote Mann mit Schnee im Hochschwarzwald am 18.2.2021<\/p><\/div>\n<p>&nbsp;<\/p>\n<ul>\n<li><em>Listenauswahl eines Beitrags: Bitte anklicken oder runterscrollen<\/em><\/li>\n<li><a href=\"https:\/\/www.freiburg-schwarzwald.de\/blog\/global\/integration\/abschiebung\/remigration\/\">Weshalb Remigration ein historischer Normalzustand ist<\/a>\u00a0(12.12.2024)<\/li>\n<li>Kein Reiseverbot \u2013 Merkels Angriff auf die Freiheit gescheitert (31.3.2021)<\/li>\n<li>Lockdowns zerst\u00f6ren Reisefreiheit und EU &#8211; Beispiel Sizilien (30.3.2021)<\/li>\n<li>Nicht Schutz, sondern Schikane: Wie uns das Reisen abgew\u00f6hnt werden soll (27.3.2021)<\/li>\n<li>Republikfl\u00fcchtlinge II: Feindbild Urlauber (26.3.2021)<\/li>\n<\/ul>\n<p>&nbsp;<\/p>\n<p><strong>Kein Reiseverbot \u2013 Merkels Angriff auf die Freiheit gescheitert<\/strong><br \/>\nErinnern wir uns. Auf der letzten Ministerpr\u00e4sidentenkonferenz hat Kanzlerin Merkel ausgesprochen, wie es in ihr denkt. Es k\u00f6nne doch nicht sein, dass man nicht in der Lage sei zu verhindern, dass Menschen nach Mallorca fliegen, aber in Flensburg ein 15-Kilometer-Bewegungsradius durchgesetzt werden k\u00f6nne.<br \/>\nUmgehend wurden die zust\u00e4ndigen Ressorts beauftragt, die juristischen M\u00f6glichkeiten f\u00fcr ein totales Reiseverbot zu pr\u00fcfen. Offensichtlich ist Merkel mit dieser Attacke auf unsere grundgesetzlichen Freiheiten gescheitert. Am Dienstag, dem 31. M\u00e4rz wurde der \u201ePr\u00fcfauftrag\u201c abgeschlossen. Die Pr\u00fcfer hielten so ein Reiseverbot mit Recht und Gesetz nicht vereinbar.<br \/>\nWieder schweigen die Medien weitgehend zu dieser totalit\u00e4ren Anma\u00dfung und der folgenden Niederlage Merkels, oder umschrieben sie sanft. Keine deutlichen Fragen an die herrschs\u00fcchtige Regierungschefin!<br \/>\nUrlaubsreisen ins Ausland w\u00fcrden trotz der Corona-Pandemie auch weiterhin grunds\u00e4tzlich m\u00f6glich sein, teilte ein Regierungssprecher schmallippig mit. Auf die Anfrage der Deutschen Presse-Agentur nach den geltenden Bestimmungen f\u00fcr Reisende lautete die Antwort: \u201eEine dar\u00fcber hinausgehende rechtliche Regelung ist zum jetzigen Zeitpunkt nicht geplant\u201c.<br \/>\nDieser Vorgang macht wieder deutlich, dass Merkel nur noch an der Macht ist, weil die Medien sie sch\u00fctzen, indem sie keine kritischen Fragen stellen. &#8230;<br \/>\n&#8230; Alles vom 31.3.3021 bitte lesen auf<br \/>\n<a href=\"https:\/\/vera-lengsfeld.de\/2021\/03\/31\/kein-reiseverbot-merkels-angriff-auf-die-freiheit-gescheitert\">https:\/\/vera-lengsfeld.de\/2021\/03\/31\/kein-reiseverbot-merkels-angriff-auf-die-freiheit-gescheitert<\/a><\/p>\n<p><strong>Lockdowns zerst\u00f6ren Reisefreiheit und EU &#8211; Beispiel Sizilien<\/strong><br \/>\n<em>Nicht die Regierungen, nicht die Gr\u00fcnen, nicht die Mainstreammedien sind Europa. Sie alle haben sich sp\u00e4testens 2020 von Europa \u201eabgeh\u00e4ngt\u201c. \u2013 Europa, das sind wir, die wir seit Monaten versuchen, weiterhin frei in Europa zu leben und unsere Nationen zu verbinden \u2013 w\u00e4hrend die EU uns alle mit immer abstruseren Verordnungen trennt. <\/em><br \/>\n<em>Von Dr. Wulf D. Wagner<\/em><\/p>\n<p>Der Europa-Gedanke von Freiheit, offenen Grenzen und einem gemeinsamen Leben ist \u00fcber Bord geworfen \u2013 von den EU-Gl\u00e4ubigen selbst: Eigentlich brauchen die Fotos aus Palermo keinen Kommentar, um das Elend zu offenbaren, das auch die vermeintlich sozial eingestellten Linken und Gr\u00fcnen mit ihrer unkritischen Bef\u00fcrwortung von Lockdowns in Deutschland oder Zona Rossa in Italien mit vergr\u00f6\u00dfern. Aber da diese sich \u2013 postfaktisch wie sie sich gerne geben \u2013 schon lange den klaren Blick verschleiern und ungern selbstkritisch die Wirklichkeit wahrnehmen, will ich den Bildern erkl\u00e4rende Worte beif\u00fcgen, zumal ich sie mit folgender Behauptung verbinde:<\/p>\n<p>CDU\/CSU\/SPD-Regierung, Gr\u00fcne und ihre Staatsmedien haben sich von Europa \u201eabgeh\u00e4ngt\u201c<br \/>\nSchon lange haben sich die Genannten von den Nationen, den V\u00f6lker, den Kulturen \u201eabgeh\u00e4ngt\u201c. Solche \u201eb\u00f6sen\u201c Begriffe m\u00f6gen sie gar nicht, sind ihnen reines \u201eKonstrukt\u201c, und so w\u00fcrden sie wohl an dieser Stelle mit der ihnen eigenen Selbstgef\u00e4lligkeit zustimmend nicken, l\u00e4sen sie denn mit. Doch 2020\/21 haben sie sich zugleich von ihrem so oft beschworenen Europa-Gedanken, ja ihrem vorgegaukelten Weltb\u00fcrgertum \u201eabgeh\u00e4ngt\u201c. Hier w\u00fcrden sie nat\u00fcrlich wild verneinend den Kopf sch\u00fctteln. Allein die Beweise mehren sich von Tag zu Tag.<\/p>\n<p>Linke wie Gr\u00fcne akzeptieren in ihrer denkfaulen Garten- oder Homeoffice-Begeisterung seit \u00fcber einem Jahr (!) ohne Einspruch alle Regierungs\u00adma\u00dfnahmen, die unsere Grundrechte einschr\u00e4nken. Sie nehmen die damit einhergehende Verleugnung der gerade von ihnen \u00fcber Jahrzehnte gepriesenen \u201ewestlichen Werte\u201c \u2013 darunter Selbstbestimmung, Freiheit und Parlamentarismus (zur Erinnerung d. h. \u00d6ffentlichkeit und Diskussion!) \u2013 unhinterfragt hin, ja verbieten sich selbst jeden Zweifel am nun einj\u00e4hrig unver\u00e4nderten Pandemie-Narrativ.<\/p>\n<p>Ob tats\u00e4chlich in Corona-Angst versetzt oder nicht, weigern sie sich \u2013 untert\u00e4nig und lieber sich selbst und ihren Kindern durch die Befolgung immer abstruserer Ma\u00dfnahmen schadend \u2013, jegliche Kritik oder abweichende Meinung zur amtlich befohlenen Linie zur Kenntnis zu nehmen. In ihrer selbst-gew\u00e4hlten \u201eQuarant\u00e4ne\u201c \u2013 das Wort im doppelten Sinne \u2013 vermeiden sie, \u00fcber ihre Prenzlauer-Berg-Wohnung hinauszudenken und damit z. B. die Folgen eines Lockdowns in Deutschland f\u00fcr andere europ\u00e4ische L\u00e4nder und ihre Menschen mitzudenken. Gr\u00f6\u00dfere Zusammenh\u00e4nge? Fehlanzeige!<\/p>\n<p>Den Gipfel dieser Abgeh\u00e4ngtheit von der Lebenswirklichkeit in Europa erklimmt in diesen Tagen der Gr\u00fcnen liebste CDU-Kanzlerin Angela Merkel mit der Idee, uns Deutschen in diesem Jahr \u2013 sprich einem weiteren Jahr! \u2013 das Reisen verbieten zu wollen.<\/p>\n<p>Als seien Reisen stets ein reines Privatvergn\u00fcgen, auf das der B\u00fcrger ja wohl verzichten k\u00f6nne, vergessen die Verantwortlich-Unverantwortlichen, was sie seit Jahrzehnten predigen: Um nicht \u201eabgeh\u00e4ngt\u201c zu sein, m\u00fcsse man \u00fcberall im grenzenlosen Europa leben \u2013 unter London oder Barcelona ging es doch eigentlich gar nicht als hipper Weltmensch. Und so sitzen nun Millionen von B\u00fcrgern, die der Idee vom geeinten Europa glaubten und sich ein Leben an zwei Orten in ebendiesem Europa aufgebaut haben, von Finnland bis Spanien, von Irland bis Ungarn, von Stuttgart bis Neapel und nicht zu vergessen von Ankara bis Berlin da, ohne zu wissen, wie es weitergehen soll.<\/p>\n<p>Europas menschliche Beziehungen werden zerrissen,<br \/>\nin der Fremde Aufgebautes zerst\u00f6rt<br \/>\nDa sind zun\u00e4chst die Millionen, die ihr eigenes Land ganz oder teilweise verlie\u00dfen, etwa weil sie mit Jobangeboten \u00fcber die Grenzen gelockt wurden, und die jetzt abgeschnitten sind von ihren Heimatl\u00e4ndern. Fragt jemand von den Gr\u00fcnen, was das f\u00fcr all die Ausl\u00e4nder in der Bundesrepublik bedeutet?<\/p>\n<p>Dann sind da jene, die aus Liebe zur Kultur des anderen Landes sich dort mit eigenen Ideen engagieren, z. B. jene Engl\u00e4nder und Holl\u00e4nder, die in Italien oder S\u00fcdfrankreich Ferienh\u00e4user aufbauten, vor allem jene liebevoll restaurierten, einst verlassenen Bauernh\u00e4user, die nun einen bedeutenden Teil des Tourismus ausmachen und bisher (!) f\u00fcr Arbeit auf dem Land gesorgt haben.<\/p>\n<p>Schlie\u00dflich sind da jene \u00e4lteren Nordeurop\u00e4er, die sich auf den spanischen Inseln ihren Lebensabend einrichteten und denen die Regierenden seit einem Jahr den Besuch ihrer Angeh\u00f6rigen beschr\u00e4nken oder verbieten.<\/p>\n<p>Auch sind da die von der EU-Politik bis in Werbungen der Gro\u00dfkonzerne hinein so gesch\u00e4tzten multikulturellen Liebesbeziehungen, die vielen \u00fcber die Grenzen hinweg geschlossenen Ehen, doch fragt sich jemand der Lockdown-Versch\u00e4rfer, wie viele \u00fcber Monate auf das Wiedersehen mit dem Partner, der Partnerin oder den je eigenen Eltern und Verwandten warten?<\/p>\n<p>Nicht zuletzt wurden Studieng\u00e4nge oder Projektmitarbeiten im Ausland begonnen, denn alles andere w\u00e4re ja voll \u201eDunkeldeutschland-abgeh\u00e4ngt\u201c, \u2013 150 \u20ac durfte eine gesunde Studentin in M\u00fcnchen f\u00fcr einen Corona-Test zahlen, der dann doch nicht am Flughafen in Palermo gepr\u00fcft wurde. Sollen das die Voraussetzungen zum Reisen werden? Und wer verdient daran?<\/p>\n<p>Und so kann jeder Leser Beispiele grenz\u00fcbergreifenden europ\u00e4ischen Lebens hinzuf\u00fcgen. Viele im Ausland Lebende fragen sich derzeit aufgrund der von der Politik gesch\u00fcrten Unsicherheiten und sich st\u00e4ndig wandelnder Bestimmungen, wann sie sich wieder normal zwischen ihren L\u00e4ndern bewegen k\u00f6nnen, oder ob es nicht besser w\u00e4re, Zimmer oder Besitz im \u201eAusland\u201c aufzul\u00f6sen, die eigenen Sachen \u201eheim\u201c zu senden, ob man seine Arbeit bzw. seine Projekte \u00fcberhaupt fortsetzen kann, ja ob man Vertr\u00e4ge und Freundschaften nicht lieber aufgeben sollte?<\/p>\n<p>Nein, wir d\u00fcrfen nicht weichen! Stattdessen m\u00fcssen die monatelangen Grenzschlie\u00dfungen nicht nur zwischen unseren Nationen, sondern auch zwischen Regionen ebenso sofort beendet werden wie die st\u00e4ndigen Reisebehinderungen mit immer wirreren Verordnungen. \u00dcbrigens \u2013 und das nur nebenbei gesagt \u2013 ist die europ\u00e4ische S\u00fcdgrenze weiterhin auf, damit NGO-Schlepper ungehindert Afrikaner nach Sizilien schiffen k\u00f6nnen.<\/p>\n<p>Lockdown in Berlin hei\u00dft Existenzzerst\u00f6rung auch auf Sizilien<br \/>\nVon diesen vielschichtigen Zusammenh\u00e4ngen scheint die Politik von Berlin bis Br\u00fcssel nichts mehr wissen zu wollen, ebenso wenig wie sie sich f\u00fcr all jene interessiert, die sich, in ihrem Heimatland bleibend, ein europ\u00e4isches Netzwerk formten und von diesen Verbindungen beruflich abh\u00e4ngig sind, die also pers\u00f6nlich all das friedlich gestalten, was die EU meint, sich als ihr Verdienst anrechnen zu d\u00fcrfen.<\/p>\n<p>H\u00f6rte jemand, dass sich wenigstens einer aus dem Kreis der Regierungsparteien nebst ihrer gr\u00fcnen und \u201eQualit\u00e4tsmedien\u201c-Gefolgschaft den klitzekleinsten Gedanken dar\u00fcber macht, was ein Lockdown in Berlin und M\u00fcnchen gerade auch f\u00fcr S\u00fcdeuropa bedeutet? Begreift irgendeine von diesen, dass z. B. jedes in Deutschland geschlossene Hotel und Restaurant nicht nur den m\u00f6glichen Verlust einer deutschen Existenz bedeutet, sondern gleichzeitig bereits jetzt Lebensentw\u00fcrfe und Arbeitspl\u00e4tze in Italien, Spanien, Griechenland zerst\u00f6rt?<\/p>\n<p>Beispiel? Eine Freundin hier in Palermo, alleinerziehende Mutter, produziert biologisches Oliven\u00f6l. Sie hat \u2013 selten genug in Sizilien \u2013 ihre afrikanischen Arbeiter mit korrekten Vertr\u00e4gen versehen. Sie ist \u00f6kologisch und sozial engagiert. Ihr Versand nach Nordeuropa ist zusammengebrochen! Giovannas Worte: \u201eEs ist das erste Mal in meinem Leben, dass ich keine Zukunft sehe. Nicht f\u00fcr mich, nicht f\u00fcr meine Kinder. In einem solchen Land will ich nicht leben, in einer solchen Welt will ich nicht sein!\u201c<\/p>\n<p>Zur Zukunft Siziliens und vieler anderer Regionen Europas geh\u00f6rt auch der Tourismus. Wenn hierher keine Urlauber mehr kommen \u2013 und das scheint ja der gegen Europa gerichtete Wunsch Kanzlerin Merkels zu sein \u2013, dann werden hier \u2013 dies f\u00fcr die mitlesenden Gr\u00fcnen-W\u00e4hler*innen geschrieben \u2013 auch junge, linke, \u00f6kologisch-denkende, migranten-verherrlichende Lebensentw\u00fcrfe zerst\u00f6rt.<\/p>\n<p>Im letzten Sommer konnte Palermo noch durch einen gef\u00f6rderten inneritalienischen Tourismus \u00fcberleben, doch wie ich h\u00f6re, gelang das dem bei Deutschen beliebten St\u00e4dtchen Cefal\u00f9 schon kaum noch. Ein weiterer besucherloser Sommer f\u00fcr Italien, ist es das, was der neue Ministerpr\u00e4sident Mario Draghi als Idee seiner Freundin Kanzlerin Merkel protestlos mitverantworten wird?<\/p>\n<p>Und so sollen Fotos aus Palermo, aufgenommen seit November 2020, besonders den sich noch immer zu gut f\u00fchlenden Linken und Gr\u00fcnen, die uns seit einem Jahr mit ihrem Merkel-Kadavergehorsam aus ihrer passiven Homeoffice-Blase das Loblied der \u201eEntschleunigung\u201c singen, eine andere Lebensrealit\u00e4t entgegenstellen: Es handelt sich um \u00e4rmlichste Wohnsituationen von Familien mit Kindern, Alten, auch Afrikanern \u2013 dies als Hinweis f\u00fcr die NGOs \u2013 oder etwa transsexuelle Prostituierte. Es handelt sich bei den Fotos bewusst nicht um die verm\u00fcllten Vororte mit ihren Wohnhochh\u00e4usern und auch nicht um elendige Gassen im Borgo Vecchio, sondern um H\u00e4user im Centro Storico. Neben all diesen feuchten Erdgeschossl\u00f6chern ohne Fenster, neben all den Wohnungen in halbverfallenen H\u00e4usern stehen sch\u00f6ne Palazzi, barocke Kirchen, elegante B&amp;B und Bars \u2013 wie lange noch, wenn keine G\u00e4ste kommen? \u2013 oder schick restaurierte Wohnungen mit Dachterrassen. Und doch stellen diese Bilder keine Ausnahmen dar, sondern zeigen die Lebensverh\u00e4ltnisse eines gro\u00dfen Teils der Bev\u00f6lkerung Siziliens, nicht nur in Palermo.<\/p>\n<p>Selbstverst\u00e4ndlich sind diese elendigen Situationen schon vor 2020 so gewesen, sizilianischer Politik geschuldet, doch jetzt fallen genau diesen so lebenden Menschen all die Kleinjobs weg: Putzen im B&amp;B, K\u00fcchenpersonal in Restaurants und Bars, Nebenarbeiten in der Landwirtschaft, Aushilfen hier und dort. Auf den Stra\u00dfenm\u00e4rkten fallen erste L\u00fccken auf. Trotz \u00d6ffnungserlaubnis sind \u00fcberall Gesch\u00e4fte und Restaurants, darunter die ber\u00fchmte, einst der Mafia Widerstand leistende Antica Focacceria San Francesco, seit Monaten zu. Massenhaft leben nicht nur die Jugendlichen mehr denn je von dem, was la Mamma oder la Nonna zusteckt. Was f\u00fcr Menschen in solchen Wohnverh\u00e4ltnissen Ausgangssperre, fehlender Schulunterricht, weitere Arbeitsbehinderungsverordnungen bedeuten \u2013 vielleicht denkt der satte linksgr\u00fcne Denunziant einmal dar\u00fcber nach, bevor er wieder am Rande einer f\u00fcr unser aller Freiheit eintretenden Demonstration \u201eMaske auf \u2013 Nazis raus!\u201c gr\u00f6lt?<\/p>\n<p>Und so k\u00f6nnte nicht nur ich, sondern sicherlich viele der Leser aus Deutschland und anderen L\u00e4ndern zahlreiche Beispiele verlorener Arbeit, der Zerst\u00f6rung von flei\u00dfig Aufgebautem und zunehmender Armut anf\u00fcgen, verursacht durch eine nicht mehr auf Fakten basierte Panikmache-Politik und leider einer Bev\u00f6lkerung, die geduldig der Medien-Corona-Dauerschleife glaubend, nicht f\u00fcr ihr selbstbestimmtes Leben eintritt.<\/p>\n<p>Wir werden uns Europa nicht zerst\u00f6ren lassen!<br \/>\nWenn die Regierungen, die Gr\u00fcnen und ihre staatsfinanzierten Medienmacher ein freies Europa, Selbstbestimmung und unsere im Grundgesetz wie der Constituzione verankerten Grundrechte, wozu auch die Reisefreiheit z\u00e4hlt, nicht mehr haben wollen \u2013 aufgrund welcher Ideologien zwischen Digitalisierung, Great Reset oder Weltklimarettung auch immer \u2013, dann sollen sie das den Menschen ehrlich sagen, damit wir dar\u00fcber in der einem demokratischen Rechtsstaat \u00fcblichen Form entscheiden k\u00f6nnen. Auch deshalb: Lassen wir bis zur Bundestagswahl nicht zu, dass Regierungsparteien und Gr\u00fcne so tun, als w\u00fcrden sie sich f\u00fcr Europa einsetzen. Wir wissen es besser, sie haben sich \u201eabgeh\u00e4ngt\u201c.<\/p>\n<p>Das lebendige Europa wird derzeit von denen aufrechterhalten, die trotz aller politischen Schikane \u201ewagen\u201c, in mehreren L\u00e4ndern zu leben oder auch einfach zu reisen. Nur so bleiben wahre Verbindungen zwischen unseren Nationen und Menschen, allein so k\u00f6nnen wir zugewandt den anderen verstehen lernen und tiefer in seine Kultur, Mentalit\u00e4t und Lebenswirklichkeit mit all den Schwierigkeiten und auch der anderen Politik eintauchen und uns gegenseitig pers\u00f6nlich helfen. War es nicht das, was die Europ\u00e4ische Gemeinschaft sein wollte? Sind all ihre Ideal und \u201eWerte\u201c aufgegeben?<\/p>\n<p>Fordern wir also endlich fakten- und vernunftbasierte Antworten und L\u00f6sungen, aufbauend auf wissenschaftlicher Transparenz, der unserem europ\u00e4ischen Denken eigenen geistigen Tiefe und offener Debatte! Ewige Maskerade, teure Dauertesterei, chinesische Selbsttest, einschr\u00e4nkender Green Pass, durch die Hintert\u00fcr eingef\u00fchrte Zwangsimpfungen, Isolation gesunder Menschen sind \u2013 nach allem, was wir seit einem Jahr an Absurdit\u00e4ten erlebt haben und durch freie Medien und freie Wissenschaftler wissen \u2013 nicht hinnehmbar. Auch die sprichw\u00f6rtliche Pazienza der Sizilianer w\u00e4hrt nicht ewig.<br \/>\n&#8230; Alles vom 30.3.3021<br \/>\nDr. Wulf D. Wagner lebt als Historiker in Palermo und Berlin.<br \/>\n.<br \/>\n<em>Demokratisch gew\u00e4hlte Regierungen st\u00fcrzen Menschen in die Verzweiflung<\/em><br \/>\n\u201eVon diesen vielschichtigen Zusammenh\u00e4ngen Giovannas Worte:<br \/>\n&#8218;Es ist das erste Mal in meinem Leben, dass ich keine Zukunft sehe. Nicht f\u00fcr mich, nicht f\u00fcr meine Kinder. In einem solchen Land will ich nicht leben, in einer solchen Welt will ich nicht sein!&#8217;\u201c<br \/>\nNicht anders geht es mir und immer mehr Menschen. Einige begehen Suizid aus Verzweiflung. Es sind wieder einmal demokratisch gew\u00e4hlte Regierungen, die Menschen in die Verzweiflung st\u00fcrzen. Wie oft soll sich das noch wiederholen?<br \/>\n30.3.2021, Ern<\/p>\n<p>&nbsp;<\/p>\n<p><strong>Nicht Schutz, sondern Schikane: Wie uns das Reisen abgew\u00f6hnt werden soll<\/strong><br \/>\nNach der Panne mit der <a href=\"https:\/\/www.freiburg-schwarzwald.de\/blog\/ruhetage-fuer-merkel-und-cdu\/\">\u201eOsterruhe\u201c<\/a>, f\u00fcr die sich Kanzlerin Merkel entschuldigen musste, um den Proteststurm zu stoppen, kam kurz darauf die Ank\u00fcndigung von Merkel, dass sie \u201eHimmel und H\u00f6lle in Bewegung setzen wolle\u201c um Urlaubsreisen ins Ausland zu verhindern.<br \/>\n&#8230;<br \/>\nDass <a href=\"https:\/\/www.freiburg-schwarzwald.de\/blog\/business\/gesund\/corona-virus\/corona-grundrechte\/\">coronafreie Menschen<\/a> so drangsaliert werden, hat mit Gesundheitsschutz nichts mehr zu tun.<br \/>\nSeit einem Jahr gibt es weder die prognostizierten 1 Million Toten, noch gab es je eine Intensivbettenkrise. Die steigenden \u201eInfektionszahlen\u201c h\u00e4ngen mit den rapide steigenden Testungen zusammen.<br \/>\nDie so genannten Inzidenzen, die von der Politik als Entscheidungsgrundlage genommen werden, sind willk\u00fcrlich und bilden das Infektions- oder Krankheitsgeschehen nicht ab. Eine Ausf\u00fchrliche Analyse dazu finden sie hier:<br \/>\n<a href=\"https:\/\/www.nachdenkseiten.de\/?p=71008&amp;fbclid=IwAR0wDWjazUea2YG8x-Io6SClnrkBK-jcgGd5hM6G-eRKQHTRYQYb9QRNe_c\">https:\/\/www.nachdenkseiten.de\/?p=71008&amp;fbclid=IwAR0wDWjazUea2YG8x-Io6SClnrkBK-jcgGd5hM6G-eRKQHTRYQYb9QRNe_c<\/a><\/p>\n<p>Die Zahl der Todesf\u00e4lle ist in den letzten Wochen, trotz Fehlern bei der Impfkampagne merklich zur\u00fcckgegangen. Die zerst\u00f6rerischen Ma\u00dfnahmen, die von der Politik verh\u00e4ngt werden, haben also nichts mit der Pandemie zu tun, die sich mit jedem Tag mehr als Schim\u00e4re erweist.<br \/>\n&#8230; Alles vom 27.3.2021 bitte lesen auf<br \/>\n<a href=\"https:\/\/vera-lengsfeld.de\/2021\/03\/27\/nicht-schutz-sondern-schikane-wie-uns-das-reisen-abgewoehnt-werden-soll\/\">https:\/\/vera-lengsfeld.de\/2021\/03\/27\/nicht-schutz-sondern-schikane-wie-uns-das-reisen-abgewoehnt-werden-soll\/<\/a><br \/>\n.<\/p>\n<p><strong>Republikfl\u00fcchtlinge II: Feindbild Urlauber<\/strong><br \/>\nDer Eifer, mit dem <a href=\"https:\/\/www.freiburg-schwarzwald.de\/blog\/kultur\/medien\/journalismus\/haltungsjournalismus\/\">Hauptstromjournalisten<\/a> heute Mallorca-Urlauber oder Auslandsreisende insgesamt als Egoisten und Seuchentreiber diffamieren, erinnert fatal an Tiraden der <a href=\"https:\/\/www.freiburg-schwarzwald.de\/blog\/global\/deutschland\/ddr-stasi\/\">SED-Medien<\/a> gegen \u201eRepublikfl\u00fcchtige\u201c, die das treusorgende sozialistische Heimatland \u201everrieten\u201c.<br \/>\nUnd nicht erst seit heute f\u00e4llt wohl nicht nur mir auf, wie sehr die Protagonisten von heute ihren staats- und parteitreuen Vorg\u00e4ngern \u00e4hneln.<br \/>\n.<br \/>\nDas Traurige daran ist einmal mehr, dass relevante Teile der Bev\u00f6lkerung das S\u00fcndenbock-Spiel der politisch-medialen Kaste nicht durchschauen, denn in der heutigen Neidgesellschaft ist jeder vermeintlich Privilegierte verd\u00e4chtig.<br \/>\nAuf die eigentlich naheliegende Idee, dass nicht die Mallorca-Reisenden unser Gemeinwesen gef\u00e4hrden, sondern die Kombination aus politisch-fachlichem Versagen und Dauerlockdown, kommen noch immer die Wenigsten. Lieber schimpft man auf jene, die der orchestrierten Panikmache wenigstens f\u00fcr ein paar Tage entfliehen m\u00f6chten, und wartet bei strahlendem Fr\u00fchlingswetter vor Mutanten zitternd in der abgedunkelten Wohnung auf die n\u00e4chste Lauterbach-Talkshow.<br \/>\nDer Homo bundesrepublicanus hat mehrheitlich nicht nur das eigene Denken eingestellt, sondern auch das Leben.<\/p>\n<p>Ver\u00f6ffentlichungen zum Thema:<br \/>\n<a href=\"https:\/\/www.rtl.de\/cms\/noch-vor-ostern-merkel-prueft-offenbar-verbot-von-auslandsreisen-4678954.html\">https:\/\/www.rtl.de\/cms\/noch-vor-ostern-merkel-prueft-offenbar-verbot-von-auslandsreisen-4678954.html<\/a><br \/>\n<a href=\"https:\/\/www.stuttgarter-zeitung.de\/inhalt.coronavirus-in-deutschland-scholz-kritisiert-mallorca-reisen.e78c3e84-9df3-4e62-8976-e972132bb1ed.html\">https:\/\/www.stuttgarter-zeitung.de\/inhalt.coronavirus-in-deutschland-scholz-kritisiert-mallorca-reisen.e78c3e84-9df3-4e62-8976-e972132bb1ed.html<\/a><br \/>\n<a href=\"https:\/\/www.welt.de\/regionales\/thueringen\/article229055307\/Ramelow-spricht-von-Vertrauensverlust-wegen-Mallorca-Fluegen.html\">https:\/\/www.welt.de\/regionales\/thueringen\/article229055307\/Ramelow-spricht-von-Vertrauensverlust-wegen-Mallorca-Fluegen.html<\/a><br \/>\n<a href=\"https:\/\/www.focus.de\/gesundheit\/coronavirus\/nach-dem-corona-gipfel-soeder-ist-enttaeuscht-vom-bund-mallorca-war-schlechtes-kommunikationsmanagement_id_13120557.html\">https:\/\/www.focus.de\/gesundheit\/coronavirus\/nach-dem-corona-gipfel-soeder-ist-enttaeuscht-vom-bund-mallorca-war-schlechtes-kommunikationsmanagement_id_13120557.html<\/a><br \/>\n<a href=\"https:\/\/reitschuster.de\/post\/mallorca-mallorca-und-noch-mal-mallorca-was-journalisten-umtreibt\/\">https:\/\/reitschuster.de\/post\/mallorca-mallorca-und-noch-mal-mallorca-was-journalisten-umtreibt\/<\/a><br \/>\n.<br \/>\n&#8230; Alles vom 26.3.2021 von Frank W. Haubold bitte lesen auf<br \/>\n<a href=\"https:\/\/www.achgut.com\/artikel\/republikfluechtlinge_ii_feindbild_urlauber\">https:\/\/www.achgut.com\/artikel\/republikfluechtlinge_ii_feindbild_urlauber<\/a><br \/>\n.<br \/>\nKommentare:<br \/>\n<strong>Reisen nur noch Elite und Politiker &#8211; Hinflug Migranten<\/strong><br \/>\nMan darf noch nicht mal innerhalb von Deutschland in eine Ferienwohnung und oder als Selbstversorgerin reisen. Und Flugreisen sollen nach dem Willen der Stasi-Funktion\u00e4rin auch aus dem kollektiven Ged\u00e4chtnis der Durchschnittsdeutschen gecancelt werden. Die Reiselust der Deutschen soll entweder ganz gestrichen oder extrem erschwert werden, wenn es nach dem Willen der Diktatorin aus der ehemaligen DDR gehen solle. Das hei\u00dft im Klartext. Reisen darf nur noch die Elite und die Politiker. Und m\u00f6glichst so, dass der P\u00f6bel es nicht mitkriegt. Ist ja jetzt aufgefallen, als eine CDU-Abgeordnete mal eben auf Staatskosten nach Kuba geflogen ist und nicht ahnen konnte, dass das eine Reise ins Jenseits werden w\u00fcrde. Fragt man sich, was wollte die in Kuba? Vielleicht den Sozialismus studieren! Dabei brauchte sie nur die Ma\u00dfnahmen ihrer Chefin betrachten, dann h\u00e4tte sie gewusst was Sozialismus bedeutet. Ach so, gewisse Gruppen von Menschen mit anderen Kultureigenschaften, d\u00fcrfen doch noch Flugreisen buchen, aber nur den Hinflug. Und der geht nach Germony und ist gratis. Ins Land wo Milch und Honig flie\u00dft. Aber nicht f\u00fcr die autochthonen Bev\u00f6lkerungsanteile. Die sollen sch\u00f6n zu Hause bleiben und flei\u00dfig Steuern erwirtschaften, um den Neuank\u00f6mmlingen und denen die schon hier sind, ein sch\u00f6nes arbeitsfreies Leben zu erm\u00f6glichen. Ja und sonst wird schnell noch ein 750 EUR Milliarden-Paket f\u00fcr die EU geschn\u00fcrt, damit die S\u00fcdl\u00e4nder mit 54 J. in den wohlverdienten Ruhestand eintreten und daf\u00fcr die Deutschen demn\u00e4chst bis 70 J. buckeln d\u00fcrfen. Aber der Deutsche m\u00f6chte es ja so. Und dazu, Reisen ade, tut dem Deutschen nicht weh!<br \/>\n2.3.2021, Karola S., AO<br \/>\n.<br \/>\n<strong>Merkel hat verk\u00fcndet sie will \u201cHimmel und H\u00f6lle\u201d in Bewegung setzen<\/strong><br \/>\num Auslandsreisen zu unterbinden.<br \/>\nFolgende Situation ist ja gegenw\u00e4rtig unvorstellbar: Zwei gesunde Menschen fliegen Ostern 2021 nach Mallorca. Machen Urlaub und kommen gesund und erholter nach Hause.\/\/ So einfach ist das. Alles andere ist Hysterie!<br \/>\n26.3.2021, St.A.<br \/>\n.<br \/>\n<strong>Da bricht sie sich Bahn, die h\u00e4ssliche Fratze des Neid-B\u00fcrgers.<\/strong><br \/>\nGanz leicht entlockt man dem Neid-B\u00fcrger seine niedrigen Instinkte. Wie leicht l\u00e4sst sich unsere Gesellschaft spalten. Wir leicht lassen sich die Menschen aufeinander hetzen. Du darfst nicht d\u00fcrfen, was ich mir untersage. Schlecht wird er geredet, der Mallorca-Urlauber. Als dumpfer Saufbruder wird er dargestellt. Und wider besseren Wissens (oder etwa nicht?) l\u00e4sst sich der Deutsche darauf ein. Schon beschimpft er seinen Nachbarn, r\u00fcmpft die Spie\u00dfer-Nase und wei\u00df es besser. Wie einfach ist es, den gemeinen Spie\u00dfer in uns zu wecken. Und w\u00e4hrenddessen ist die unf\u00e4hige Politikergilde fein raus. Mir wird angst und bange.<br \/>\n26.3.2021, W.A.<br \/>\n.<br \/>\n<strong>Fakten sind ja unerw\u00fcnscht, wie Sie richtig sagen.<\/strong><br \/>\nFakt ist au\u00dferdem, dass Mallorca zu gerade eben f\u00fcnf Prozent gebucht (Aussage Chef der TUI) und somit g\u00e4hnend leer ist. Gezielt werden Bilder von jungen Menschen in Umlauf gebracht, die sich im Freien bei einem Strandspaziergang freuen. Baden kann man noch nicht.<br \/>\nDie fr\u00fcheste Mittelmeerinsel zum Baden ist Zypern, dann folgt Kreta so ab Ende April. Man geniert sich nicht, gegen den B\u00fcrger zu hetzen, der etwas Entspannung und Freude sucht, bzw. Neidreflexe zu sch\u00fcren. In Wirklichkeit hat man Angst vor T\u00fcrkeiheimkehrern Ostern und am Ramadan. Ich sage: Alles aufmachen. \u00dcber 75J\u00e4hrige d\u00fcrften geimpft sein, der Rest kann auf sich selbst achten. R\u00fcckholung im Krankheitsfall juristisch ausschlie\u00dfen, ansonsten Laufen lassen. Und die Impfung f\u00fcr alle in die Praxen. Was abl\u00e4uft, ist Schikane gegen\u00fcber dem Durchschnittsb\u00fcrger und dem Mittelstand. Dass man sich als Politiker damit wohlf\u00fchlt, ist nicht zu fassen. Sind das keine Menschen? Falls doch, bitte raus aus der Zwangsjacke! Auch Fluglinien haben sich vom Wahn infizieren lassen, obwohl sich kaum jemand infiziert aufgrund ausreichender L\u00fcftung (im Gegensatz zu manchen Schulen).<br \/>\n26.3.2021, F.J.<br \/>\n.<br \/>\n<strong>N\u00f6, Einschr\u00e4nkungen der Freiheitsrechte standen &#8222;Haltungsjournalisten\u201d<\/strong><br \/>\nnur dann kritisch gegen\u00fcber, wenn es um das andere politische Lager, den konservativen \u2018Polizeistaat BRD\u2019 ging. Bei der DDR war dasselbe nat\u00fcrlich total dufte. &amp; da es hier gerade um das linke Lager geht, finden dieselben Journalisten nat\u00fcrlich Einschr\u00e4nkungen der Freiheitsrechte super. Merke: Es geht nie um das Thema an sich, immer nur um die Lagerzugeh\u00f6rigkeit.<br \/>\n26.3.2021, M.K.<br \/>\nEnde Kommentare<\/p>\n","protected":false},"excerpt":{"rendered":"<p>d &nbsp; Listenauswahl eines Beitrags: Bitte anklicken oder runterscrollen Weshalb Remigration ein historischer Normalzustand ist\u00a0(12.12.2024) Kein Reiseverbot \u2013 Merkels Angriff auf die Freiheit gescheitert (31.3.2021) Lockdowns zerst\u00f6ren Reisefreiheit und EU &#8211; Beispiel Sizilien (30.3.2021) Nicht Schutz, sondern Schikane: Wie uns &hellip; <a href=\"https:\/\/www.freiburg-schwarzwald.de\/blog\/tourismus\/reisefreiheit\/\">Weiterlesen <span class=\"meta-nav\">&rarr;<\/span><\/a><\/p>\n","protected":false},"author":2,"featured_media":0,"parent":44,"menu_order":0,"comment_status":"closed","ping_status":"closed","template":"","meta":{"footnotes":""},"class_list":["post-89180","page","type-page","status-publish","hentry"],"_links":{"self":[{"href":"https:\/\/www.freiburg-schwarzwald.de\/blog\/wp-json\/wp\/v2\/pages\/89180","targetHints":{"allow":["GET"]}}],"collection":[{"href":"https:\/\/www.freiburg-schwarzwald.de\/blog\/wp-json\/wp\/v2\/pages"}],"about":[{"href":"https:\/\/www.freiburg-schwarzwald.de\/blog\/wp-json\/wp\/v2\/types\/page"}],"author":[{"embeddable":true,"href":"https:\/\/www.freiburg-schwarzwald.de\/blog\/wp-json\/wp\/v2\/users\/2"}],"replies":[{"embeddable":true,"href":"https:\/\/www.freiburg-schwarzwald.de\/blog\/wp-json\/wp\/v2\/comments?post=89180"}],"version-history":[{"count":5,"href":"https:\/\/www.freiburg-schwarzwald.de\/blog\/wp-json\/wp\/v2\/pages\/89180\/revisions"}],"predecessor-version":[{"id":129187,"href":"https:\/\/www.freiburg-schwarzwald.de\/blog\/wp-json\/wp\/v2\/pages\/89180\/revisions\/129187"}],"up":[{"embeddable":true,"href":"https:\/\/www.freiburg-schwarzwald.de\/blog\/wp-json\/wp\/v2\/pages\/44"}],"wp:attachment":[{"href":"https:\/\/www.freiburg-schwarzwald.de\/blog\/wp-json\/wp\/v2\/media?parent=89180"}],"curies":[{"name":"wp","href":"https:\/\/api.w.org\/{rel}","templated":true}]}}