{"id":89170,"date":"2021-03-27T14:11:46","date_gmt":"2021-03-27T13:11:46","guid":{"rendered":"https:\/\/www.freiburg-schwarzwald.de\/blog\/?page_id=89170"},"modified":"2026-05-10T08:12:08","modified_gmt":"2026-05-10T06:12:08","slug":"gruene2021","status":"publish","type":"page","link":"https:\/\/www.freiburg-schwarzwald.de\/blog\/vereine\/partei\/gruene\/gruene2021\/","title":{"rendered":"Gruene2021"},"content":{"rendered":"<p><a href=\"https:\/\/www.freiburg-schwarzwald.de\/blog\">Home<\/a>\u00a0&gt;<a title=\"Vereine\" href=\"https:\/\/www.freiburg-schwarzwald.de\/blog\/vereine\/\">Vereine<\/a>\u00a0&gt;<a title=\"Engagement\" href=\"https:\/\/www.freiburg-schwarzwald.de\/blog\/engagement\/\">Engagement<\/a>\u00a0&gt;<a title=\"Partei\" href=\"https:\/\/www.freiburg-schwarzwald.de\/blog\/vereine\/partei\/\">Partei<\/a> &gt;<a href=\"https:\/\/www.freiburg-schwarzwald.de\/blog\/vereine\/partei\/gruene\/\">Gruene<\/a> &gt;Gruene2021<\/p>\n<div id=\"attachment_88376\" style=\"width: 651px\" class=\"wp-caption alignnone\"><a href=\"https:\/\/www.freiburg-schwarzwald.de\/blog\/wp-content\/uploads\/2021\/03\/dreisam-eistrompeten-pan20210222.jpg\"><img loading=\"lazy\" decoding=\"async\" aria-describedby=\"caption-attachment-88376\" class=\"size-full wp-image-88376\" src=\"https:\/\/www.freiburg-schwarzwald.de\/blog\/wp-content\/uploads\/2021\/03\/dreisam-eistrompeten-pan20210222.jpg\" alt=\"\" width=\"641\" height=\"226\" srcset=\"https:\/\/www.freiburg-schwarzwald.de\/blog\/wp-content\/uploads\/2021\/03\/dreisam-eistrompeten-pan20210222.jpg 641w, https:\/\/www.freiburg-schwarzwald.de\/blog\/wp-content\/uploads\/2021\/03\/dreisam-eistrompeten-pan20210222-180x63.jpg 180w\" sizes=\"auto, (max-width: 641px) 100vw, 641px\" \/><\/a><p id=\"caption-attachment-88376\" class=\"wp-caption-text\">Winter an der Dreisam zwischen Freiburg und Schwarzwald: Eistrompeten bei -10 Grad<\/p><\/div>\n<p>&nbsp;<\/p>\n<ul>\n<li style=\"list-style-type: none;\">\n<ul>\n<li><em>Listenauswahl eines Beitrags (Artikel\/Datum, Seite\/Inhalt):\u00a0<span style=\"text-decoration: underline;\">Klicken<\/span>\u00a0oder scrollen<\/em><\/li>\n<li><a href=\"https:\/\/www.freiburg-schwarzwald.de\/blog\/bw-gruene-cdu-mit-brandmauer\/\">BW: Gr\u00fcne-CDU mit Brandmauer<\/a>\u00a0(9.5.2026)<\/li>\n<li>Precht: Wenn eine Partei Nazi ist, dann die GR\u00dcNEN (4.8.2025)<\/li>\n<li>Alexander Wendt: Die Partei der L\u00fcge &#8211; Die Gr\u00fcnen (6.7.2025)<\/li>\n<li><a href=\"https:\/\/www.freiburg-schwarzwald.de\/blog\/selbsthilfe\/soziales\/justiz\/polizei\/polizeibeamte\/\">Gr\u00fcne Jugend Jette Nietzard nicht mehr tragbar: ACAB<\/a> (28.5.2025)<\/li>\n<li>Gr\u00fcner Widerspruch &#8222;Klima ruinieren und dann retten&#8220; (18.3.2025)<\/li>\n<li><a href=\"https:\/\/www.freiburg-schwarzwald.de\/blog\/vereine\/partei\/cduspdgruene\/\">CDUSPDGr\u00fcne: \u201eSterben f\u00fcr Regenbogenflagge und Fl\u00fcchtlinge?\u201c<\/a>\u00a0(17.3.2025)<\/li>\n<li><a href=\"https:\/\/www.freiburg-schwarzwald.de\/blog\/bildung\/infantil\/\">Der Siegestor: eine kurze Erfolgsgeschichte des Robert Habeck \u2013 Puerilismus<\/a> (25.1.2025)<\/li>\n<li>Habeck stellte Strafantrag gegen den Rentner, der Schwachkopf-Meme retweetete (15.11.2024)<\/li>\n<li><a href=\"https:\/\/www.freiburg-schwarzwald.de\/blog\/natur\/klima\/fridaysforfuture\/\">Luisa Neubauer: Warum Gr\u00fcne am meisten fliegen<\/a> (16.10.2024)<\/li>\n<li>Gr\u00fcne Polizisten verlangen Boykott der Neuen Z\u00fcrcher Zeitung (17.10.2024)<\/li>\n<li><a href=\"https:\/\/www.freiburg-schwarzwald.de\/blog\/natur\/klima\/greta\/\">G\u00f6tzend\u00e4mmerung bei den Gr\u00fcnen oder: Who the fuck is Greta?<\/a>\u00a0(11.10.2024)<\/li>\n<li><a href=\"https:\/\/www.freiburg-schwarzwald.de\/blog\/kultur\/medien\/freie-medien\/\">Julian Reichelt: Gr\u00fcne contra Meinungsfreiheit in den Medien<\/a> (17.8.2024)<\/li>\n<li><a href=\"https:\/\/www.freiburg-schwarzwald.de\/blog\/vereine\/partei\/cdu\/cdu-ende\/\">Die Gr\u00fcnen sind nicht unser Problem \u2013 Die Abrissbirne an Deutschland ist die CDU<\/a> (11.8.2024)<\/li>\n<li><a href=\"https:\/\/www.freiburg-schwarzwald.de\/blog\/vereine\/partei\/afd\/afd-opposition\/\">Wir werden sie jagen: Zuerst Volmer, dann Gauland<\/a>\u00a0(14.5.2024)<\/li>\n<li><a href=\"https:\/\/www.freiburg-schwarzwald.de\/blog\/global\/migration\/migrationspolitik\/\">Gr\u00fcne gegen Bezahlkarte f\u00fcr Migranten \u2013 trotz 7 Mrd 2022 in Heimatl\u00e4nder<\/a> (21.2.2024)<\/li>\n<li><a href=\"https:\/\/www.freiburg-schwarzwald.de\/blog\/engagement\/zukunft\/demokratie\/ampel\/\">Habeck erkl\u00e4rt in der ARD das ganze Dilemma der Gr\u00fcnen \u2013 in einem Satz<\/a> (4.12.2023)<\/li>\n<li><a href=\"https:\/\/www.freiburg-schwarzwald.de\/blog\/global\/bayern\/\">Gr\u00fcn regiert \u2013 trotz Wahl-Niederlage in Bayern und Hessen<\/a>\u00a0(10.10.2023)<\/li>\n<li><a href=\"https:\/\/www.freiburg-schwarzwald.de\/blog\/keine-corona-aufarbeitung\/\">Keine Corona-Aufarbeitung?<\/a>\u00a0(12.9.2023)<\/li>\n<li><a href=\"https:\/\/www.freiburg-schwarzwald.de\/blog\/kultur\/medien\/fake-news\/\">KGE: Fakenews zur W\u00fcste Brandenburg zwecks Angstmachen<\/a>\u00a0(18.6.2023)<\/li>\n<li>Tanz uns den Totalitarismus von Katharina Schulze (31.5.2023)<\/li>\n<li><a href=\"https:\/\/www.freiburg-schwarzwald.de\/blog\/agora-klima-blackrock-finanz\/\">Agora\/Klima \u2013 Blackrock\/Finanz<\/a>\u00a0(27.5.2023)<\/li>\n<li><a href=\"https:\/\/www.freiburg-schwarzwald.de\/blog\/engagement\/zukunft\/demokratie\/entspannungspolitik\/\">Ukrainekrieg. Warum Europa eine neue Entspannungspolitik braucht\u00ab<\/a> (2.5.2023)<\/li>\n<li><a href=\"https:\/\/www.freiburg-schwarzwald.de\/blog\/palmer-n-wort-und-nazi-etikett\/\">Palmer: N-Wort und Nazi-Etikett<\/a>\u00a0(3.5.2023)<\/li>\n<li>70 % der Migranten k\u00f6nnen nicht lesen und schreiben &#8211; Gr\u00fcne Arithmetik (30.4.2023)<\/li>\n<li><a href=\"https:\/\/www.freiburg-schwarzwald.de\/blog\/der-karfreitag-und-das-klima\/\">Der Karfreitag und das Klima<\/a>\u00a0(8.4.2023)<\/li>\n<li><a href=\"https:\/\/www.freiburg-schwarzwald.de\/blog\/antje-vollmer-tot-eine-pazifistin\/\">Antje Vollmer tot: Eine Pazifistin<\/a>\u00a0(16.3.2023)<\/li>\n<li><a href=\"https:\/\/www.freiburg-schwarzwald.de\/blog\/engagement\/zukunft\/frieden\/pazifismus\/\">Antje Vollmers Verm\u00e4chtnis einer Pazifistin: \u201eWas ich noch zu sagen h\u00e4tte\u201c<\/a> (23.2.2023)<\/li>\n<li><a href=\"https:\/\/www.freiburg-schwarzwald.de\/blog\/vert-realos-migrationspolitik\/\">Vert Realos: Migrationspolitik<\/a> (22.2.2023)<\/li>\n<li><a href=\"https:\/\/www.freiburg-schwarzwald.de\/blog\/energie\/kohle\/\">L\u00fctzerath als Symbol<\/a>\u00a0(18.1.2023)<\/li>\n<li><a href=\"https:\/\/www.freiburg-schwarzwald.de\/blog\/business\/volkswirtschaft\/gruene-oekonomie\/\">Gr\u00fcne \u00d6konomie- Wieder ein Paradies?<\/a> (5.1.2023)<\/li>\n<li><a href=\"https:\/\/www.freiburg-schwarzwald.de\/blog\/engagement\/zukunft\/demokratie\/gruen-links\/\">Sahra Wagenknecht und die Gr\u00fcnen<\/a>\u00a0(21.10.2022)<\/li>\n<li>Achtung, Reichelt! Baerbock-Satz entlarvt, wie die Gr\u00fcnen wirklich ticken (6.9.2022)<\/li>\n<li><a href=\"https:\/\/www.freiburg-schwarzwald.de\/blog\/business\/dienste\/banken\/inflation\/\">Gr\u00fcne Freude \u00fcber Inflation im \u00d6RR<\/a>\u00a0(1.9.2022)<\/li>\n<li>Bleibt die Atomkraft, droht den Gr\u00fcnen die Kernschmelze (20.8.2022)<\/li>\n<li><a href=\"https:\/\/www.freiburg-schwarzwald.de\/blog\/private-arme-staatliche-arme\/\">Private Arme \u2013 Staatliche Arme<\/a>\u00a0(9.8.2022)<\/li>\n<li>Fester: Fl\u00fcchtlinge per Schiff abholen und einb\u00fcrgern (29.7.2022)<\/li>\n<li>Frieden schaffen mit mehr Waffen &#8211; Gr\u00fcne im Ukrainekrieg (27.5.2022)<\/li>\n<li><a href=\"https:\/\/www.freiburg-schwarzwald.de\/blog\/zeitenwende-wieder-eine\/\">Zeitenwende \u2013 wieder eine?<\/a>\u00a0(28.5.2022)<\/li>\n<li><a href=\"https:\/\/www.freiburg-schwarzwald.de\/blog\/engagement\/zukunft\/krieg\/bellizismus\/\">Verliebt in die Moral: Der neue Bellizismus der Gr\u00fcnen<\/a> (29.4.2022)<\/li>\n<li><a href=\"https:\/\/www.freiburg-schwarzwald.de\/blog\/engagement\/zukunft\/demokratie\/politik\/politiker\/\">Anne Spiegel (Gr\u00fcne): Abgehobenheit einer Berufsgruppe<\/a>\u00a0(25.4.2022)<\/li>\n<li><a href=\"https:\/\/www.freiburg-schwarzwald.de\/blog\/gruene-und-fdp-fuer-kriegseintritt\/\">Gr\u00fcne und FDP f\u00fcr Kriegseintritt<\/a> (26.4.2022)<\/li>\n<li><a href=\"https:\/\/www.freiburg-schwarzwald.de\/blog\/mit-oekologie-in-die-hungersnot\/\">Mit \u00d6kologie in die Hungersnot<\/a>\u00a0(23.4.2022)<\/li>\n<li><a href=\"https:\/\/www.freiburg-schwarzwald.de\/blog\/parteipolitik-statt-kompetenz\/\">Parteipolitik statt Kompetenz &#8211; Anne Spiegel<\/a>\u00a0(13.4.2022)<\/li>\n<li><a href=\"https:\/\/www.freiburg-schwarzwald.de\/blog\/bundestagsrede-emilia-fester\/\">Bundestagsrede Emilia Fester<\/a>\u00a0(21.3.2022)<\/li>\n<li><a href=\"https:\/\/www.freiburg-schwarzwald.de\/blog\/neu-bundestag-ohne-debatten\/\">Neu: Bundestag ohne Debatten<\/a>\u00a0(22.2.2022)<\/li>\n<li>Der Fall Sarah-Lee Heinrich \u2013 wie Linke wegschauen, wenn es um ihren radikalen Fl\u00fcgel geht (11.10.20219<\/li>\n<li>Annalena Baerbock: Das Drama des unbegabten Kindes (10.6.2021)<\/li>\n<li>Warum die Gr\u00fcnen alles M\u00f6gliche sind, aber nicht liberal (29.3.2021)<\/li>\n<li>Zum Wahlprogramm 2021 der Gr\u00fcnen (23.3.2021)<\/li>\n<li>Der Gr\u00fcnen Plan von der Abschaffung Deutschlands (21.3.2021)<\/li>\n<li><\/li>\n<li><a href=\"https:\/\/www.freiburg-schwarzwald.de\/blog\/engagement\/zukunft\/krieg\/bellizismus\/\">Bellizismus<\/a><\/li>\n<li><a href=\"https:\/\/www.freiburg-schwarzwald.de\/blog\/vereine\/partei\/cduspdgruene\/\">CDUSPDGr\u00fcne<\/a><\/li>\n<li><a href=\"https:\/\/www.freiburg-schwarzwald.de\/blog\/business\/volkswirtschaft\/gruene-oekonomie\/\">Gruene-Oekonomie<\/a><\/li>\n<li><a href=\"https:\/\/www.freiburg-schwarzwald.de\/blog\/engagement\/zukunft\/demokratie\/politik\/politiker\/\">Politiker<\/a><\/li>\n<\/ul>\n<\/li>\n<\/ul>\n<p><a href=\"https:\/\/www.freiburg-schwarzwald.de\/blog\/wp-content\/uploads\/2022\/08\/gruen-waehler220809.jpg\"><img loading=\"lazy\" decoding=\"async\" class=\"alignnone size-full wp-image-103374\" src=\"https:\/\/www.freiburg-schwarzwald.de\/blog\/wp-content\/uploads\/2022\/08\/gruen-waehler220809.jpg\" alt=\"\" width=\"267\" height=\"226\" srcset=\"https:\/\/www.freiburg-schwarzwald.de\/blog\/wp-content\/uploads\/2022\/08\/gruen-waehler220809.jpg 267w, https:\/\/www.freiburg-schwarzwald.de\/blog\/wp-content\/uploads\/2022\/08\/gruen-waehler220809-180x152.jpg 180w\" sizes=\"auto, (max-width: 267px) 100vw, 267px\" \/><\/a>\u00a0 \u00a0 Gr\u00fcnw\u00e4hler &#8211; oben, Mitte wie unten<\/p>\n<p><strong>Die gr\u00f6\u00dften Wendehals-Aktion der deutschen Nachkriegspolitik:<\/strong><br \/>\nDie <a href=\"https:\/\/www.freiburg-schwarzwald.de\/blog\/vereine\/partei\/gruene\/gruene2021\/\">Gr\u00fcnen<\/a> wenden sich nach dem 24.2.2022 vom <a href=\"https:\/\/www.freiburg-schwarzwald.de\/blog\/engagement\/zukunft\/frieden\/pazifismus\/\">Pazifismus<\/a> ab<br \/>\nund zum Bellizismus hin<br \/>\n.<br \/>\nBaerbock-Mathematik der 360-GrandWende: &#8222;Jeder f\u00fcnfte W\u00e4hlende w\u00e4hlt jetzt die AfD. Wir m\u00fcssen daf\u00fcr sorgen, da\u00df das <a href=\"https:\/\/www.freiburg-schwarzwald.de\/blog\/engagement\/zukunft\/demokratie\/rechts\/rechtsruck\/\">nur jeder Dritte<\/a> ist&#8220;.<br \/>\n.<br \/>\nWiderspruch am 18.3.2025<br \/>\nDie Gr\u00fcnen stimmen einem <a href=\"https:\/\/www.freiburg-schwarzwald.de\/blog\/schulden-klima-im-grundgesetz\/\">Verschuldungspaket<\/a> zu, das vorsieht, das Klima zuerst mit 400 Milliarden f\u00fcr R\u00fcstung komplett zu ruinieren, um es dann mit weiteren 100 Milliarden zu &#8222;retten&#8220;?<br \/>\n============================================================<\/p>\n<p><strong>Precht: Wenn eine Partei Nazi ist, dann die GR\u00dcNEN<\/strong><br \/>\nPrecht: Wenn hier einer rechts ist, dann sind es die Gr\u00fcnen, die rechte Denkmuster wiederbeleben<br \/>\n&#8222;Der Philosoph Richard David Precht kritisiert die Gr\u00fcnen und beobachtet er eine offensichtliche Wandlung: Was sich als fortschrittlich ausgibt, ist in Wahrheit die Wiederbelebung rechter Denkmuster.<br \/>\nWenn eine Partei <a href=\"https:\/\/www.freiburg-schwarzwald.de\/blog\/religion\/juden\/nazi\/\">Nazi<\/a> ist, dann die GR\u00dcNEN<br \/>\nDie Fixierung auf Hautfarbe und Geschlecht war einst das Markenzeichen der Rechten, nicht der Linken. Genauso wie der Glaube, dass Waffen und milit\u00e4rische St\u00e4rke die einzige Antwort auf Konflikte sind. &#8230;&#8220;<br \/>\n4.8.2025, <a href=\"https:\/\/t.me\/EvaHermanOffiziell\/200455\">https:\/\/t.me\/EvaHermanOffiziell\/200455<\/a><\/p>\n<p>&nbsp;<\/p>\n<p><strong>Alexander Wendt: Die Partei der L\u00fcge &#8211; Die Gr\u00fcnen<\/strong><br \/>\nStellvertretend f\u00fcr viele andere behauptet Katrin G\u00f6ring-Eckardt, es gebe gar keine Angriffe auf die Meinungsfreiheit. Wer das behaupte, k\u00f6nne nur nicht mit Widerspruch umgehen. Genau das gilt f\u00fcr ihr eigenes Milieu der Mundtotmacher, das sich vor einem Zeitenwechsel f\u00fcrchtet. Und zwar zu Recht<br \/>\n&#8230; Alles vom 6.7.2025 von Alexander Wendt bitte lesen auf<br \/>\n<a href=\"https:\/\/www.publicomag.com\/2025\/07\/die-partei-der-luege\/\">https:\/\/www.publicomag.com\/2025\/07\/die-partei-der-luege\/<\/a><\/p>\n<p>&nbsp;<\/p>\n<p><strong>Gr\u00fcner -Widerspruch &#8222;Klima ruinieren und dann retten&#8220;<\/strong><br \/>\nDie Gr\u00fcnen stimmen am 18.3.2025 einem <a href=\"https:\/\/www.freiburg-schwarzwald.de\/blog\/schulden-klima-im-grundgesetz\/\">Verschuldungspaket<\/a> zu, das vorsieht, das Klima zuerst mit 400 Milliarden f\u00fcr R\u00fcstung komplett zu ruinieren, um es dann mit weiteren 100 Milliarden zu &#8222;retten&#8220;?<br \/>\n18.3.2025<\/p>\n<p>.<\/p>\n<p><strong>Habeck stellte Strafantrag gegen den Rentner, der Schwachkopf-Meme retweetete<\/strong><br \/>\nSo unglaublich es klingt, Bundeswirtschaftsminister und Vizekanzler Robert Habeck, der Kanzlerkandidat der Gr\u00fcnen, hat tats\u00e4chlich selbst Strafantrag gegen den Rentner gestellt, der dieses Habeck-Bild mit der Unterschrift \u201eSchwachkopf\u201c retweetet hat. Bei dem Mann und seiner Familie wurde dann morgens um 06:15 Uhr eine Hausdurchsuchung durchgef\u00fchrt.<br \/>\n&#8230;<br \/>\nUnd die Bundesinnenministerin Nancy Faeser (SPD) verkauft der Bev\u00f6lkerung diese Hausdurchsuchung bei der Familie Niehoff unter der \u00dcberschrift \u201ePolizei-Ma\u00dfnahmen gegen Judenhass\u201c. Von der Polizei wird das Retweeten des Habeck-Schwachkopf-Memes als \u201ePolitisch motivierte Kriminalit\u00e4t rechts\u201c rubriziert.<br \/>\n&#8230;<br \/>\nStefan Niehoff hat NIUS gegen\u00fcber erkl\u00e4rt, er habe das Schwachkopf-Meme, anders als im Durchsuchungsbeschluss behauptet, sogar nicht einmal selbst hochgeladen, sondern lediglich retweetet \u2013 also den Tweet eines anderen weiterverbreitet. Deswegen wird er nun strafrechtlich verfolgt, weil Habeck das explizit so will.<br \/>\n&#8230; Alles vom 15.11.2024 bitte lesen auf<br \/>\n<a href=\"https:\/\/juergenfritz.com\/2024\/11\/15\/habeck-stellte-tatsachlich-strafantrag-gegen-den-rentner-der-das-schwachkopf-meme-retweetete\/\">https:\/\/juergenfritz.com\/2024\/11\/15\/habeck-stellte-tatsachlich-strafantrag-gegen-den-rentner-der-das-schwachkopf-meme-retweetete\/<\/a><br \/>\n.<br \/>\nEinige Kommentare:<br \/>\nProf. Dr. Jan Claas Behrends, Historiker: \u00bbWenn Robert Habeck wirklich Typen anzeigt und verfolgt, die ihn im Netz als \u201aSchwachkopf\u2018 bezeichnen, dann kann er nicht Kanzler werden. Da fehlt dann doch Format, da fehlt Souver\u00e4nit\u00e4t und da fehlt Augenma\u00df\u2026\u00ab<\/p>\n<p>Birgit Kelle, Autorin: \u00bbHabeck hat pers\u00f6nlich (!) Strafantrag wegen #Schwachkopf gegen diesen alten Mann gestellt. Ein Vizekanzler ist beleidigt, eine Staatsanwaltschaft ermittelt wegen Volksverhetzung, die Polizei r\u00fcckt morgens zur Hausdurchsuchung an. So beginnen totalit\u00e4re Systeme.\u00ab<\/p>\n<p>Prof. Dr. Key Pousttchi, Wirtschaftsinformatiker, Professor f\u00fcr Digitalisierung: \u00bb\u201eWenn es morgens um 6 an meiner T\u00fcr l\u00e4utet und ich kann sicher sein, da\u00df es der Milchmann ist, dann wei\u00df ich, da\u00df ich in einer Demokratie lebe\u201c (Winston Churchill) \u2013 In der Mathematik gibt man in solchen F\u00e4llen den Hinweis: Die Umkehrung gilt. #Schwachkopf\u00ab<br \/>\nEnde Kommentare<\/p>\n<p>&nbsp;<\/p>\n<p><strong>Gr\u00fcne Polizisten verlangen Boykott der Neuen Z\u00fcrcher Zeitung<\/strong><br \/>\n\u201eMan gibt der NZZ kein Interview\u201c: Das schreibt der Vorstand des gr\u00fcnen Berufsverbands \u201ePolizeiGr\u00fcn e. V.\u201c auf X-fr\u00fcher-Twitter.<\/p>\n<p><em>Alexander Kissler<\/em><br \/>\n<em>Gr\u00fcne Interessenvertretung ruft zum Boykott einer Auslandszeitung auf, die seit 1780 existiert und bei einer internationalen Umfrage zur zweitrenommiertesten Zeitung der Welt gek\u00fcrt wurde. Mehr muss man \u00fcber die Intoleranz und das Bildungsniveau von @PolizeiGruen nicht wissen.<\/em><br \/>\n<em>15.10.024, <a href=\"https:\/\/x.com\/DrKissler\/status\/1846491561950892165\">https:\/\/x.com\/DrKissler\/status\/1846491561950892165<\/a><\/em><\/p>\n<p>Es ist die Reaktion der Organisation auf ein Gespr\u00e4ch der NZZ mit Heiko Teggatz, dem stellvertretenden Vorsitzenden der Deutschen Polizeigewerkschaft (DPolG). Er sagt in dem Interview, dass junge nichtdeutsche Menschen mehr zu Gewalt gegen Ordnungskr\u00e4fte neigen als Deutsche.<\/p>\n<p>&#8230; Alles vom 17.10.2024 bitte lesen auf<br \/>\n<a href=\"https:\/\/www.tichyseinblick.de\/daili-es-sentials\/gewalt-durch-migranten-harris-abschiebung-polizisten-boykottieren-nzz-ostseebruecke\/\">https:\/\/www.tichyseinblick.de\/daili-es-sentials\/gewalt-durch-migranten-harris-abschiebung-polizisten-boykottieren-nzz-ostseebruecke\/<\/a><\/p>\n<p>&nbsp;<\/p>\n<p><strong>Tanz uns den Totalitarismus von Katharina Schulze<\/strong><br \/>\n(Fraktionsvorsitzende der Gr\u00fcnen im Bayerischen Landtag).<\/p>\n<p>Wir wollen, da\u00df der Handel endlich f\u00fcr Ungeimpfte geschlossen wird:<br \/>\n<a href=\"https:\/\/twitter.com\/tomdabassman\/status\/1662776456492056578?t=0QZaazuxEpnET9C4g_kElw&amp;s=19\">https:\/\/twitter.com\/tomdabassman\/status\/1662776456492056578?t=0QZaazuxEpnET9C4g_kElw&amp;s=19<\/a><br \/>\n<a href=\"https:\/\/twitter.com\/i\/status\/1662022258351644672\">https:\/\/twitter.com\/i\/status\/1662022258351644672<\/a><br \/>\n.<br \/>\nEs gibt auch W\u00e4rmepumpen, da musst du erst mal nicht d\u00e4mmen:<br \/>\n<a href=\"https:\/\/twitter.com\/i\/status\/1662777914989871114\">https:\/\/twitter.com\/i\/status\/1662777914989871114<\/a><br \/>\n.<br \/>\nIslamistischer Terror mu\u00df nat\u00fcrlich bek\u00e4mpft werden:<br \/>\n<a href=\"https:\/\/twitter.com\/i\/status\/1662915009066803202\">https:\/\/twitter.com\/i\/status\/1662915009066803202<\/a><br \/>\n31.5.2023<\/p>\n<p>&nbsp;<\/p>\n<p><strong>70 % der Migranten k\u00f6nnen nicht lesen und schreiben &#8211; Gr\u00fcne Arithmetik<\/strong><br \/>\n7 von 10 Aslberechtigten sind Analphabeten. &#8230;<br \/>\n<em><strong>Wenn nur jeder dritte lesen und schreiben kann, <\/strong><\/em><br \/>\n<em><strong>muss man halt dreimal so viele reinholen,<\/strong><\/em><br \/>\nganz einfache Rechnung.<br \/>\n&#8230; Alles vom 30.4.2023 bitte lesen auf<br \/>\n<a href=\"https:\/\/www.klonovsky.de\/2023\/04\/30-april-2023\/\">https:\/\/www.klonovsky.de\/2023\/04\/30-april-2023\/<\/a><\/p>\n<p>&nbsp;<\/p>\n<p><strong>Achtung, Reichelt! Baerbock-Satz entlarvt, wie die Gr\u00fcnen wirklich ticken<\/strong><br \/>\n<strong>\u201eegal, was meine W\u00e4hler denken\u201c.<\/strong><br \/>\nIn der Geschichte der Bundesrepublik haben wir noch nie von einem Minister der Bundesregierung den Satz geh\u00f6rt, ihm sei egal, was seine W\u00e4hler denken.<br \/>\n<a href=\"https:\/\/youtu.be\/iCvSYLi1SZs\">https:\/\/youtu.be\/iCvSYLi1SZs<\/a><br \/>\nDas hat einen einfachen Grund. Es ist ein sehr, sehr dummer Satz, f\u00fcr den die W\u00e4hler sehr, sehr wenig Verst\u00e4ndnis haben. Was W\u00e4hler denken und wollen, m\u00fcssen gew\u00e4hlte Politiker nicht immer befolgen, aber sie sollten es ber\u00fccksichtigen. Es sollte ihnen nicht egal sein. Annalena Baerbock hat genau diesen Satz gesagt. Ihr sei \u201eegal, was meine W\u00e4hler denken\u201c. Mit diesem Satz entlarvt die als Kanzlerkandidatin gescheiterte und jetzt amtierende Au\u00dfenministerin Baerbock, wie ihre Partei wirklich tickt.<br \/>\n6.9.2022, <a href=\"https:\/\/youtu.be\/iCvSYLi1SZs\">https:\/\/youtu.be\/iCvSYLi1SZs<\/a><\/p>\n<p>&nbsp;<\/p>\n<p><strong>Bleibt die Atomkraft, droht den Gr\u00fcnen die Kernschmelze<\/strong><br \/>\nDen Realit\u00e4ten einer sich gewandelten Welt l\u00e4sst sich mit reaktion\u00e4rer Achtziger-Jahre-Ideologie nicht mehr begegnen. Die bei den Gr\u00fcnen \u00fcber Jahrzehnte angesammelte naturwissenschaftlich-technische Unkenntnis, Ergebnis der Weigerung, Technologieentwicklung wahrzunehmen und zu verstehen, macht es heute umso schwerer, den Kurs sinnvoll zu korrigieren.<br \/>\n&#8230;<br \/>\nNachdem die Gr\u00fcnen ihre Rollen als Umweltschutz- und Friedenspartei ablegten, bleibt die Klima\u00f6koplanwirtschaft das Ziel, durchsetzt mit Verboten, Anweisungen und zugestandener Wohlfahrt auf gleichem klimagerecht niedrigem Niveau. Der Leistungsgedanke spielt keine Rolle mehr, es geht um die Verteilung von weniger statt mehr in einer postindustriellen Gesellschaft. \u00dcber eine \u201eWeltinnenpolitik\u201c wollen sie sich in die souver\u00e4nen Entscheidungen anderer Staaten einmischen und die Schellnhubersche Gro\u00dfe Transformation global umsetzen. Der Kampf gegen die Gentechnik wurde schweigend aufgegeben, als es darum ging, Inl\u00e4ndern in einer Pandemie mit genbehandelten Vakzinen das alternde Ges\u00e4\u00df zu retten. Die werden noch zur Stimmenbeschaffung gebraucht.<br \/>\n&#8230;<br \/>\nDer komplette Gesichtsverlust droht allerdings mit einem m\u00f6glichen Nichtausstieg aus der Kernkraft Ende 2022. Wenig Spa\u00df auf diese der selbstverursachten Krise geschuldeten Option haben die den K-Gruppen entstammenden altgr\u00fcnen Fundamentalisten wie Trittin und Kretschmann. Sie sehen ihr Lebenswerk ruiniert, wenn das heutige gr\u00fcnflexible Spitzenpersonal vielleicht noch den Atomausstieg aufweicht.<br \/>\n&#8230;<br \/>\nDen Realit\u00e4ten einer sich gewandelten Welt l\u00e4sst sich mit reaktion\u00e4rer Achtziger-Jahre-Ideologie nicht mehr begegnen. Die bei den Gr\u00fcnen \u00fcber Jahrzehnte angesammelte naturwissenschaftlich-technische Unkenntnis, Ergebnis der Weigerung, Technologieentwicklung wahrzunehmen und zu verstehen, macht es heute umso schwerer, den Kurs sinnvoll zu korrigieren.<br \/>\n&#8230; Alles vom 20.8.2022 von Frank Hennig bitte lesen auf<br \/>\n<a href=\"https:\/\/www.tichyseinblick.de\/kolumnen\/klima-durchblick\/atomkraft-gruene-streckbetrieb-teil-1\/\">https:\/\/www.tichyseinblick.de\/kolumnen\/klima-durchblick\/atomkraft-gruene-streckbetrieb-teil-1\/<\/a><\/p>\n<p>.<\/p>\n<p><strong>Fester: Fl\u00fcchtlinge per Schiff abholen und einb\u00fcrgern<\/strong><br \/>\nHamburg. Die Bundestagsabgeordnete Emilia Fester (Gr\u00fcne) pl\u00e4diert daf\u00fcr, <a href=\"https:\/\/www.freiburg-schwarzwald.de\/blog\/global\/migration\/migration2021\/\">Fl\u00fcchtlinge<\/a>, die es w\u00fcnschen, nach Europa zu holen. W\u00f6rtlich sagte die 23j\u00e4hrige in einer Diskussion im Rahmen der \u201eLangen Nacht der Zeit 2022\u201c im Hamburger Mojo-Club, der globale Norden solle \u201eallen Menschen, die sich wegen unseres assigen (asozialen) Verhaltens auf die Flucht begeben m\u00fcssen, einen \u2018Shelter\u2019 (Schutz) geben\u201c und sie \u201ehier einb\u00fcrgern\u201c. Dazu \u201em\u00fc\u00dften wir Boote schicken und sagen: \u2018Hey kommt mit, ihr seid hier nicht mehr sicher, wir besch\u00fctzen euch!\u2019\u201c<br \/>\nSchon vor wenigen Wochen schlug Fester in einem Internetvideo vor, in Eu\u00adropa \u201e200 Millionen Fl\u00fcchtlinge aufzunehmen\u201c, wegen der \u201eKlimafolgesch\u00e4den, die wir angerichtet haben &#8230; sowie wegen der kolonialen Kontinuit\u00e4ten\u201c.<\/p>\n<p>Im M\u00e4rz hatte die j\u00fcngste Abgeordnete gleich mit ihrer ersten Bundestagsrede heftige Kritik in sozialen Medien provoziert, als sie Ungeimpfte f\u00fcr die Corona-Freiheitseinschr\u00e4nkungen verantwortlich machte und sie bezichtigte, ihr pers\u00f6nlich die Freiheit zu nehmen sowie das Land \u201ein Geiselhaft\u201c zu halten. Erneute Kritik gab es im Juni, als Fester von einer B\u00fcrgerfahrt nach Berlin M\u00e4nner und \u00e4ltere Frauen von der Teilnahme ausnahm.<br \/>\n&#8230; Alles vom 29.7.2022 bitte lesen in der JF 30\/22 , Seite<\/p>\n<p>&nbsp;<\/p>\n<p>&nbsp;<\/p>\n<p><strong>Frieden schaffen mit mehr Waffen &#8211; Gr\u00fcne im Ukrainekrieg<\/strong><br \/>\nDie Gr\u00fcnen, die einstige Par\u00adtei der Dr\u00fcckeberger, sind zu einem Hort der Wehrhaftigkeit mutiert. Doch den Bekenntnissen m\u00fcssen im Ernstfall auch Taten folgen. &#8230;.<br \/>\nAm entschiedensten sind die Anh\u00e4nger der Gr\u00fcnen der Ansicht, dass man bereit sein muss, sein Land und die Freiheit mit allen Mitteln zu verteidigen.<br \/>\n&#8230; Alles vom 27.5.2022 bitte lesen auf<br \/>\n<a href=\"https:\/\/www.faz.net\/aktuell\/politik\/inland\/ukraine-krieg-frieden-schaffen-mit-mehr-waffen-18061015.html\">https:\/\/www.faz.net\/aktuell\/politik\/inland\/ukraine-krieg-frieden-schaffen-mit-mehr-waffen-18061015.html<\/a><\/p>\n<p>&nbsp;<\/p>\n<p><strong>Der Fall Sarah-Lee Heinrich \u2013 wie Linke wegschauen, wenn es um ihren radikalen Fl\u00fcgel geht<\/strong><br \/>\nDie neue <a href=\"https:\/\/www.freiburg-schwarzwald.de\/blog\/kultur\/deutsch\/sprache\/\">Vorsitzende der Gr\u00fcnen Jugend in Deutschland<\/a> hat als Teenager <a href=\"https:\/\/www.freiburg-schwarzwald.de\/blog\/das-land-lieben-statt-hassen\/\">extreme Beleidigungen<\/a> gepostet. Problematischer als die Verirrungen einer 14-J\u00e4hrigen sind jedoch die Reaktionen aus ihrer Partei: Die <a href=\"https:\/\/www.freiburg-schwarzwald.de\/blog\/vereine\/partei\/gruene\/\">Gr\u00fcnen<\/a> messen mit zweierlei Mass.<br \/>\n&#8230; Alles vom 11.10.202 bitte lesen auf<br \/>\n<a href=\"https:\/\/www.nzz.ch\/meinung\/der-andere-blick\/der-fall-heinrich-lehrstueck-gruener-doppelmoral-ld.1649871?reduced=true\">https:\/\/www.nzz.ch\/meinung\/der-andere-blick\/der-fall-heinrich-lehrstueck-gruener-doppelmoral-ld.1649871?reduced=true<\/a><br \/>\n.<br \/>\nEinige Kommentare:<br \/>\n<strong>Kein Recht auf Vergessen im Internet<\/strong><br \/>\nWie hat der Kommentator in der Stuttgarter Zeitung heute geschrieben &#8211; es ist dringend notwendig, dass das Recht auf Vergessen im Internet durchgesetzt wird. Das sehe ich komplett anders. Es ist gut, dass es das Internet gibt &#8211; sonst besteht noch die Gefahr, dass man \u00fcbersieht, wie Personen wie Sarah-Lee Heinrich tats\u00e4chlich ticken. Es gibt viele pubertierende Jugendliche, aber ich will doch eher nicht hoffen, dass Mordphantasien gerade zum \u00fcblichen Repertoire von Jugendlichen geh\u00f6ren. Eine junge Frau, farbig und mit einem gewissen Sendungsbewusstsein ausgestattet &#8211; Anna-Lena hat eine neue Partnerin im Geiste. In der Politik haben beide nichts zu suchen, die eine wegen bewiesener Unf\u00e4higkeit, die andere, weil das Internet nichts vergisst &#8211; und das ist gut so.<br \/>\n11.1.2021, k.S.<\/p>\n<p><strong>&#8230; das mittelalterliche Menschenbild der Gr\u00fcnen<\/strong><br \/>\nDie Gr\u00fcnen zeigen einmal mehr, dass sie &#8211; wie alle linkskonservativen Kr\u00e4fte &#8211; ein mittelalterliches Menschenbild haben. Die subjektive Identit\u00e4t des Menschen bestimmt, was von seinem Handeln zu halten ist. Die objektive Wirklichkeit ist eine quantit\u00e9 n\u00e9gligeable. Das ist mehr, als es das flapsige &#8222;wenn zwei das Gleiche tun, ist es noch lange nicht dasselbe&#8220;. Es ist das Menschenbild, dass die Inquisition bei ihren Ermittlungen zugrunde legte, welches nur die Verfeinerung der subjektbezogenen Rechtsvorstellung des Mittelalters war: Der Charakter und die Identit\u00e4t &#8211; im Mittelalter: die soziale Zugeh\u00f6rigkeit &#8211; machen den Menschen zum Verbrecher oder zum Ketzer. Die Ermittlung weiss das ex ante und hat ein Gest\u00e4ndnis zu erbringen, weil die Schuld bereits feststeht. Sie hat nicht die Wahrheit zu erweisen. Und dagegen, ein Verbrecher oder ein Ketzer zu sein, weil sein Charakter und seine Identit\u00e4t ihn dazu gemacht haben, kann der Mensch sich nicht wehren. Deshalb muss er auch bestraft werden, um ihn vor k\u00fcnftiger Ketzerei oder Kriminalit\u00e4t, die der Charakter unweigerlich ausl\u00f6sen wird, zu bewahren. Ebenso kann Frau Heinrich nie rassistisch sein, weil ihre Identit\u00e4t sie als Opfer von Rassismus ausweist, gleich was sie und andere tats\u00e4chlich sagen, verschweigen, tun oder lassen.<br \/>\n11.10.2021, w.s.<\/p>\n<p><strong>Eine rassistische, ha\u00dferf\u00fcllte Frau als Vorsitzende<\/strong><br \/>\nder Nachwuchsorganisation der Gr\u00fcnen \u00abEs zeigt, wie lange die vermeintlich antirassistische Indoktrination junger Menschen in radikalen, teilweise auch parteinahen Kreisen bereits andauert.\u201c L\u00e4\u00dft man das \u201evermeintlich\u201c und das \u201eanti\u201c vor \u201erassistisch\u201c weg, ist dieser Satz die Erkl\u00e4rung daf\u00fcr, weshalb eine rassistische, ha\u00dferf\u00fcllte Frau zur Vorsitzenden der Nachwuchsorganisation der Gr\u00fcnen gew\u00e4hlt wurde: Weil genau sie perfekt Ideologie und Menschenbild dieser Partei verk\u00f6rpert: Selektierung der Menschen in wei\u00df und nichtwei\u00df, in M\u00e4nner und Frauen (und sonstige \u201ediverse\u201c mehr oder weniger liebsame Wesen), in jung und alt, in arm und \u201ereich\u201c (\u201ekapitalistisch\u201c) usw. usw. Die Quintessenz dieser gr\u00fcnen Apartheid ist ihr Leitbild vom \u201etoxischen alten wei\u00dfen Mann\u201c. Dreimal Rassismus in einem Begriff. Und Menschen, welche mit solch einem Bild ihrer Mitmenschen aufwachsen und es in Schulen, Universit\u00e4ten, Parteien, NGO und hnen gewogenen Medien verbreiten, wollen f\u00fcr \u201eFortschritt\u201c, eine \u201egerechtere, menschlichere\u201c Gesellschaft stehen? Ich bin der feschen Wei\u00dfenhasserin und den VerteidigerInnen in ihrer Partei dankbar: Vielleicht \u00f6ffnet dies so mancher Dame und ihrem gutverdienenden Ehegatten in der Gro\u00dfstadtschickeria endlich die Augen, was in den K\u00f6pfen ihrer auch so menschlichen, toleranten und weltoffenen IdolInnen wirklich vorgeht.<br \/>\n11.10.2021, R.M.<\/p>\n<p><strong>Die gew\u00e4hlte Sprecherin der Nachfolgeorganisation der Gr\u00fcnen<\/strong><br \/>\nverk\u00f6rpert nachgerade idealtypisch diejenigen Werte, welche die Gr\u00fcnen zu bek\u00e4mpfen vorgeben und welche sie stattdessen selbst verk\u00f6rpern: Ausgrenzung, Intoleranz, Rassismus und Ha\u00df gegen\u00fcber Menschen, welche nicht ihr eigenes Weltbild teilen.<br \/>\nSie spalten die Gesellschaft und wiegeln Menschen gegeneinander auf: Wei\u00dfe gegen Nichtwei\u00dfe, M\u00e4nner gegen Frauen, Hetero- gegen Homosexuelle, Alte gegen Junge. F\u00fcr mich der Gipfelpunkt ist das von Feministen, denen sich die meisten Gr\u00fcnInnen ja zurechnen, vertretene Feindbild des \u201etoxischen, alten wei\u00dfen Mannes\u201c. Mehr an Rassismus und Feindseligkeit in vier Worten geht nicht. Und mehr mu\u00df man nicht wissen, um zu sehen, wie es mit der Weltoffenheit, der Toleranz und der Fortschrittlichkeit der gr\u00fcnen Weltverbesserer tats\u00e4chlich bestellt ist.<br \/>\n110.10.2021, Dr.M.<br \/>\n.<br \/>\n<strong>Wer im Alter von 14 J. verquerten Quatsch von sich gibt,<\/strong><br \/>\nden nimmt man nicht ernst als Erwachsener. Aber wer mit 20 immer noch, an politischer Stelle, solche wahrlich rassistische Unversch\u00e4mtheiten schreibt und v\u00f6llig undifferenzierten Ansichten anh\u00e4ngt, offenbart seine Denkstrukturen und hat in der Politik nichts zu suchen. Er ist nicht f\u00e4hig, das Schicksal eines Volkes mitzubestimmen. Aber das genau passt zu den Gr\u00fcnen mit ihren verlogenen und ideologisch verkorksten Kadern, die wei\u00dfe M\u00e4nner und den dt. Staat an sich &#8222;zum Kotzen&#8220; finden, die das Wahlalter auf &#8222;0&#8220; heruntersetzen wollen. Die Politik der Gr\u00fcnen besteht aus unlogischen, unversch\u00e4mten und ma\u00dflos dummen Anspr\u00fcchen, Vorhaben und Handlungen, gleich, ob das die Energie betrifft, das Klima, die Wirtschaft, die Einwanderung, die Freiheit, die Wissenschaft, die Demokratie &#8230;! In allen Feldern geben sie unreflektierte Dummheiten von sich, wollen mit dem Kopf durch die Wand, ihre Spinnereien mit totalit\u00e4rem Verhalten, der Abschaffung der Demokratie, der Freiheit, der Bildung, der sinnvollen Strukturen, durchsetzen.<br \/>\nEin Volk, das solche Leute w\u00e4hlt und an die Regierung l\u00e4sst, ist selbst in peinlich gro\u00dfen Teilen ein h\u00f6chst kindisches Volk.<br \/>\nSich als wei\u00dfer Mann &#8211; oder Frau -, mit respektabler Ausbildung und Berufsarbeit von solchen Kindern sagen zu lassen, wie man zu leben hat, was Wahrheit und was &#8222;wei\u00dfe L\u00fcge&#8220; ist, kann man sich nicht bieten lassen. Wer kann, wird und soll fliehen aus dem Land.<br \/>\n11.10.2021, B.W.<\/p>\n<p><strong>War es nicht u.a. die Gr\u00fcne Jugend, die G\u00fcnther Grass,<\/strong><br \/>\nwegen seiner Mitgliedschaft in der Waffen SS, damals als 17 J\u00e4hrigem, als NAZI diffamierte? Jetzt f\u00e4llt den Obermoralisten bei &#8222;RG&#8220; das auf die F\u00fc\u00dfe und reagiert beleidigt. Neurowissenschaftler haben nachgewiesen, dass sich das Areal im HIrn, wo sich &#8222;Verantwortung&#8220; ausbildet, dies erst mit der Pubert\u00e4t zu etablieren beginnt. Nicht umsonst, beginnt die Strafm\u00fcndigkeit erst mit Vierzehn. Frau Heinrich hatte mit 15 eben noch sowenig Anstand, dass sie Hetz- und Hasstweets absetzt. Dass Cem \u00d6zdemir das klein redet, offenbart Verantwortungslosigkeit. Rot-Gr\u00fcne Wokeness ist der Eingang zu Ha\u00df und Intoleranz.<br \/>\n11.10.2021, R.O.<\/p>\n<p><strong>Reiche erschiessen und Gulagphantasien<\/strong><br \/>\nsind scheinbar noch nicht einmal der Gipfel. Derart widerw\u00e4rtige Gewaltphantasien haben normale Jugendliche definitiv nicht. Bei den Gr\u00fcnen und Linken scheint das anders zu sein. Reiche erschiessen und Gulagphantasien sind scheinbar noch nicht einmal der Gipfel. Gegen solche Leute gehen die Taliban als Humanisten durch. Bei einer normalen Partei w\u00fcrde das f\u00fcr drei Ausschlussverfahren reichen.<br \/>\n11.10.2021, G.S.<\/p>\n<p><strong>\u201eHeil\u201c unter einen Post mit Hakenkreuz gesetzt<\/strong><br \/>\nMag sein, dass Sarah-Lee Heinrich noch sehr jung war, als sie \u201eHeil\u201c unter einen Post mit Hakenkreuz gesetzt hat. Mag sein, dass sie \u201eschwul\u201c, \u201eTunte\u201c und \u201ebehindert\u201c irgendwie anders gemeint hat. Aber als sie von \u201eekliger wei\u00dfer Mehrheitsgesellschaft\u201c oder \u201eJudenzeug\u201c spricht oder von Wei\u00dfen, die sie aus Afrika rausfegen will, ist sie nicht mehr 13 oder 14 Jahre alt.<\/p>\n<p>Nun k\u00f6nnte man von umgekehrtem Rassismus reden, geht aber nicht, diskriminieren kann nur wer die Macht hat und die haben schwarze Menschen in Deutschland nicht. Bleibt ein schwerer Fall von mangelnder Einsicht, totaler Geschmacklosigkeit und v\u00f6lliger Unreife \u00fcbrig. Gl\u00fcckwunsch an die Nachwuchskader der Gr\u00fcnen ob solcher unterirdischer Qualit\u00e4ten. &#8222;Wie die Alten sungen, so zwitschern auch die Jungen&#8220; Wahlalter mit 16 , um Gottes Willen. Frau Voss, guter Kommentar !<br \/>\n11.10.2021, Th.S.<\/p>\n<p><strong>&#8222;Heinrich spricht darin von einer \u00abekligen weissen Mehrheitsgesellschaft\u00bb,<\/strong><br \/>\ndie \u00abrassistisch durchzogen\u00bb sei. Kurz darauf entschuldigte sie sich f\u00fcr ihre Wortwahl, inhaltlich aber stehe sie zu ihrer Haltung.&#8220; Warum sollte sie sich auch entschuldigen, f\u00fcr etwas, was sie genauso meint und womit sie bei den Gr\u00fcnen bis an die Jugendspitze gekommen ist?! Der Fehler ist strukturell begr\u00fcndet, so dass die Gr\u00fcnen anti-wei\u00dfen Rassisten wie ihr den Aufstieg erm\u00f6glichen.<br \/>\n11.10.2021,T.R.<br \/>\nEnde Komentare<\/p>\n<p>.<\/p>\n<p><strong>Annalena Baerbock: Das Drama des unbegabten Kindes<\/strong><br \/>\n<strong>oder was die Gr\u00fcnen zum Geifern bringt<br \/>\n<\/strong>Interessanter als der Punkt, ob Annalena Baerbock Kanzlerin wird, ist die Frage: Warum findet sie \u00fcberhaupt W\u00e4hler? Weil sie einen bestimmten Typus verk\u00f6rpert. Und zwar v\u00f6llig makellos.<br \/>\n&#8230;<br \/>\nAnnalena Baerbock erfand in ihrem mittlerweile legend\u00e4ren Deutschlandfunk-Interview (21.1.2018) das Speichernetz: \u201eAn Tagen wie diesen, wo es grau ist, da haben wir nat\u00fcrlich viel weniger erneuerbare Energien. Deswegen haben wir Speicher. Deswegen fungiert das Netz als Speicher. Und das ist alles ausgerechnet.\u201c<br \/>\n<a href=\"https:\/\/www.deutschlandfunk.de\/kandidatin-fuer-den-parteivorsitz-der-gruenen-ich-bin.868.de.html?dram%3Aarticle_id=408793\">https:\/\/www.deutschlandfunk.de\/kandidatin-fuer-den-parteivorsitz-der-gruenen-ich-bin.868.de.html?dram%3Aarticle_id=408793<\/a><br \/>\n&#8230;<br \/>\nDie Gr\u00fcnen sind kollektiv das verzogene Blag der wohlmeinenden Medien in Deutschland.<br \/>\nUnd das f\u00fchrt uns in Zentrum der Frage, wie es \u00fcberhaupt passieren konnte, dass eine 40j\u00e4hrige Frau mit etwas merkw\u00fcrdiger Bildungskarriere, ohne b\u00fcrgerlichen Beruf und ohne Erfahrung in einem \u00f6ffentlichen Amt, eine Politikerin, die sich st\u00e4ndig verhaspelt, unangenehm narzisstisch wirkt (\u201eich V\u00f6lkerrechtlerin, du Schweinebauer\u201c), und die, zur\u00fcckhaltend gesagt, Schwierigkeiten mit der Realit\u00e4tseinsch\u00e4tzung zu haben scheint, dass eine solche Politikerin als aussichtsreiche Kanzlerkandidatin durch die Medien\u00f6ffentlichkeit zieht. Baerbocks Position wirkt ein bisschen, als st\u00fcnde Sammi aus \u201eCurb Your Enthusiasm\u201c vor 15.000 Menschen in der Hollywood Bowl, um einen Gesangsabend zu geben.<br \/>\n.<br \/>\nUm jemand dahinzubringen, m\u00fcssen sich mehrere Handlungsstr\u00e4nge miteinander verbinden. Annalena Baerbock st\u00fcnde nicht dort, wo sie jetzt kippelnd steht, wenn sie nicht ein wichtiges und hinreichend gro\u00dfes Milieu in Deutschland verk\u00f6rpern w\u00fcrde, und das nicht nur gut, sondern nahezu perfekt. Sie stellt den Idealtyp der h\u00f6heren T\u00f6chter und S\u00f6hne dar, die nie in ihrem Leben ernsthafte Konflikte durchzustehen hatten und sich sozial nie nach oben hangeln mussten, weil sie famili\u00e4r schon ein gehobenes Wohlstandsniveau mitbekommen, denen sich nie ernsthafte Widerst\u00e4nde in den Lebensweg stellten, weswegen sie sich nie wirklich anstrengen mussten, um irgendwo unterzukommen.<\/p>\n<p>Die Kinder dieses Milieus werden von Anfang an mit einem Zaubertrank gro\u00dfgezogen, der tats\u00e4chlich ein bisschen wirkt und viele trotz m\u00e4\u00dfiger Begabung erstaunlich weit tr\u00e4gt, n\u00e4mlich Lob, Lob und noch einmal Lob. Die Praxis, Kinder schon f\u00fcr ihre Anwesenheit zu loben, zuhause, sp\u00e4ter in der Schule, und selbst einen Kr\u00e4chzgesang h\u00f6flichst zu beklatschen, das gilt unausgesprochen als Merkmal dieser besseren Kreise, in denen Scheitern gar nicht vorgesehen ist. In diesen gepflegten Vorstadtsiedlungen kann es durchaus vorkommen, dass jedes dritte Kind nach Meinung seiner Eltern hochbegabt ist. Wer dagegenh\u00e4lt, dass das nur f\u00fcr zwei Prozent eines Jahrgangs gilt, n\u00e4mlich f\u00fcr die mit einem IQ von \u00fcber 130, der macht sich \u00e4hnlich unbeliebt wie Larry auf der Dinnerparty, der die talentierte Tochter abw\u00fcrgt.<br \/>\nDie f\u00fchrenden Politiker der Gr\u00fcnen stammen meiste aus diesen besseren Kreisen, ein gro\u00dfer Teil ihrer W\u00e4hlerschaft auch. Vertreter dieses Milieus finden sich auch noch in zwei anderen Bereichen \u00fcberdurchschnittlich oft: in den Medien und in den NGOs. Die Wirkung dieses Ph\u00e4nomens potenziert sich dadurch, dass sich hier der gleiche latent narzisstische Typus in einem Selbstbest\u00e4tigungszirkel aus Partei, Fernsehstudio und Aktivistenorganisation unentwegt selbst begegnet. In diesem Zirkel behandeln die wohlmeinenden Medien die Partei der Gr\u00fcnen insgesamt exakt wie die Eltern aus diesem Milieu ihre Kinder: sie loben, loben und loben nochmals.<br \/>\nSie bestaunen die L\u00f6cher in den Socken des Parteivorsitzenden, wuscheln ihm freundschaftlich durchs Haar, wenn er Unsinn \u00fcber die Pendlerpauschale und die BaFin erz\u00e4hlt, sie unterbrechen die Kanzlerkandidatin nicht, wenn sie etwas \u00fcber einen beinahe gew\u00e4hlten Faschisten in Th\u00fcringen und andere kontrafaktische Dinge erz\u00e4hlt, und vor allem gilt die stillschweigende Verabredung, jede Grundsatzkritik an der Partei als Ganzes zu vermeiden. Die Gr\u00fcnen \u00e4hneln folglich einem verzogenen Blag, das sich eigentlich alles erlauben kann, auch und gerade Dissonanzen, an denen Parteien weiter rechts zerbrechen w\u00fcrden.<br \/>\n&#8230;<br \/>\nZu dem Narzissmus des mittelm\u00e4\u00dfigen B\u00fcrgerkinds kommt bei den Gr\u00fcnen noch ein zweites Prinzip, das in diesem Milieu auch \u00fcber tiefe Wurzeln verf\u00fcgt, und dem der Soziologe Helmut Schelsky schon in den Siebzigern einen Namen gegeben hatte: Die Arbeit tun die anderen. Wenn es so etwas wie eine Die-Arbeit-tun-die anderen-Partei gibt, dann die Gr\u00fcnen. Das gilt zum einen ganz unmittelbar: Warum, wird man sich gedacht haben, teure Wahlkampfberater und Fehlersucher engagieren, wenn die Partei allein mit den \u00f6ffentlich-rechtlichen Sendern \u00fcber eine Agentur mit acht Milliarden Euro Budget verf\u00fcgt? Wozu Fehlersuche im eigenen Team, wenn schon gekl\u00e4rt ist, dass Kritik beispielsweise am Lebenslauf nur von rechten Einzelm\u00e4nnern stammen kann?<br \/>\n&#8230; Alles vom 10.6.2021 von Alexander Wendt bitte lesen auf<br \/>\n<a href=\"https:\/\/www.publicomag.com\/2021\/06\/das-drama-des-unbegabten-kindes\/\">https:\/\/www.publicomag.com\/2021\/06\/das-drama-des-unbegabten-kindes\/<\/a><br \/>\noder<br \/>\n<a href=\"https:\/\/www.tichyseinblick.de\/daili-es-sentials\/das-drama-des-unbegabten-kindes\/\">https:\/\/www.tichyseinblick.de\/daili-es-sentials\/das-drama-des-unbegabten-kindes\/<\/a><br \/>\n.<br \/>\nKommentare:<br \/>\n<strong>Herr Wendt! Einfach gro\u00dfartig: sprachlich, journalistisch,<\/strong><br \/>\nin der ganzen Perspektive, mit souver\u00e4nen Einsprenkseln investigativer Arbeit. Ein intellektueller Genu\u00df. Mit diesem Artikel haben Sie sich selbst \u00fcbertroffen. Ein preisverd\u00e4chtiges St\u00fcck Arbeit \u2013 leider werden Preise nur noch an die Hofschranzen des Establishments verliehen. Nun, das wissen Sie ja selbst \u2026<br \/>\nDanke!<br \/>\n10.6.2021, P.SCH<br \/>\n.<br \/>\n<strong>Immerhin wird Annalena schon besungen, sch\u00f6ner Song,<\/strong><br \/>\nbitte Link drinnen lassen, auch die anderen Lieder von Ihm lohnen sich, k\u00f6nnten Sommerhits werden, wenn wir etwas helfen:<br \/>\n<a href=\"https:\/\/www.youtube.com\/watch?v=N8vdGVimiFA\">https:\/\/www.youtube.com\/watch?v=N8vdGVimiFA<\/a><br \/>\nSong von Esteban Cortez, https:\/\/www.cortezity.com<br \/>\n10.6.2021, W.N.<br \/>\n.<br \/>\n<strong>Kritik an Baerbock sei keine Kritik, sondern \u201emisogyner Frauenhass\u201c<\/strong><br \/>\nMit den Augen der Soziologie betrachtet, ist das Ph\u00e4nomen \u201eMedienreaktionen auf die Kritik an Baerbock\u201c ja sehr erhellend: Es sind vor allem linksliberale Journalistinnen aus der (oberen) Mittelschicht, die nun die ganz gro\u00dfen Gesch\u00fctze auffahren \u2013 Kritik an Baerbock sei keine Kritik, sondern \u201emisogyner Frauenhass\u201c (k\u00fcrzlich eine Schreiberin der \u201eS\u00fcddeutschen\u201c). So wird Kritik an Baerbock zum \u201eHass\u201c auf die eigene Kaste der linksliberalen Frauen aus der besagten oberen Mittelschicht mit Uni-Einschreibung (oft nicht zu Ende studiert) herbeihalluziniert. Diese Kaste besteht aus \u00fcberprivilegierten Frauen, die letzten 20, 25 Jahren den Feminismus thematisch und rhetorisch usurpiert haben und ihn seit geraumer Zeit als Lobbygruppe und Karriere-Vehikel missbrauchen. Da ist nat\u00fcrlich klar, dass sie die Nerven verlieren.<br \/>\n10.6.2021, Dis<br \/>\nSo, nun habe ich mir das gesamte NDR Interview von 2018 mit Baerbock (das mit dem Netz als Speicher) durchgelesen, Wendt verlinkt das auf seiner eigenen Seite. Was diese Frau da so von sich gibt ist UNTERIRDISCH und NAIV! Bitte durchlesen!<\/p>\n<p>link!!!<br \/>\n10.6.2021, doz<br \/>\n.<br \/>\n<strong>Sch\u00f6ner Artikel, Herr Wendt! \u201eDie Arbeit tun die anderen\u201c<\/strong><br \/>\nbeschreibt das gr\u00fcne Milieu der Revoluzzer mit Pensionsberechtigung ganz gut. Dass sich die Trennung der Lebenswelten der gehobenen St\u00e4nde und der Normalos bei ihren Kindern fortsetzt, zeigt sich auch in der \u201eJugendwertestudie 2021\u201c des \u00f6sterr. Institut f\u00fcr Jugendkulturforschung, die unter der Leitung von Prof. Bernhard Heinzlmaier mit jeweils 1000 \u00f6sterreichischen und deutschen Jugendlichen durchgef\u00fchrt wurde. Z.B., sprachen sich die aus einkommensgesicherten \u201eh\u00f6heren Bildungsschichten\u201c stammenden, f\u00fcr h\u00e4rtere und rigorose Einschr\u00e4nkungen im Zusammenhang mit Corona aus, die aus einkommensschwachen Familien stammenden Jugendlichen nicht, da ihre Eltern angesichts von Kurzarbeit und Entlassungen deutlich mehr Zukunftsangst hatten. Eine gute Zusammenfassung der Studie und ein Interview mit Prof. Heinzlmaier findet sich hier: https:\/\/www.clubderklarenworte.de\/jugendwertestudie-2021\/<br \/>\nP.S. Prof. Heinzlmaier ist nach eigenen Angaben Sozialdemokrat<br \/>\n10.6.2021, f.H.<br \/>\n.<br \/>\n\u2013 Hier, Buch von 1982, steht schon alles drin, was heute ist.<br \/>\nHelmut Schelsky: Funktion\u00e4re \u2013 Gef\u00e4hrden sie das Gemeinwohl ?<br \/>\n\u2013 Die Gr\u00fcnen : Bereits 1895 wies der franz\u00f6sische Psychologe Gustave Le Bon in seinem Grundlagenwerk \u201ePsychologie der Massen\u201c empirisch nach, dass die \u00dcberzeugungen der Massen stets religi\u00f6se Z\u00fcge annehmen. Die Masse wird nicht von Vernunft geleitet, sondern ist von Bildern und Suggestionen leicht zu beeinflussen. Und: \u201eGanz gleich, wof\u00fcr die Massen sich begeistern, die Begeisterung nimmt immer Kennzeichen einer religi\u00f6sen Haltung an: Sie ist mit blinder Unterwerfung, unkritischem Denken, \u00fcbertriebener Hingabe und Fanatismus verbun<br \/>\n10.6.2021, Koe<br \/>\nDer beste Artikel des Jahres, bisher. Danke Alexander Wendt! Nur Don Alphonso kann da noch mithalten.<br \/>\n10.6.2021, M.SCH<\/p>\n<p>.<\/p>\n<p><strong>Warum die Gr\u00fcnen alles M\u00f6gliche sind, aber nicht liberal<\/strong><br \/>\n<strong>Mit Quoten und Verboten in ein neues Deutschland<\/strong><br \/>\nDie Partei Robert Habecks und Annalena Baerbocks profitiert bis jetzt am meisten von der Schw\u00e4che der Union. Sie gilt als b\u00fcrgerlich, doch das ist ein Trugschluss. Der Blick ins Programm zeigt: In einer gr\u00fcnen Republik n\u00e4hme der Staat seine B\u00fcrger unabl\u00e4ssig bei der Hand.<br \/>\n&#8230;.<br \/>\n\u201eEs w\u00e4re eine quotierte Republik mit einem fordernden und zuteilenden Staat, der nahezu alle Bereiche durchdringt. Das vermeintlich Gute w\u00e4re das umfassend geregelte Leben.\u201c<br \/>\nEr zitiert das bis dato durch Habeck noch unperforierte Baerbockherzchen wie folgt: \u201eWir wollen die Breite der Gesellschaft erreichen, und die erreicht man nicht, indem man nur in seiner eigenen Blase herumturnt, sondern indem man hinausgeht ins Land, indem man pragmatisch L\u00f6sungen findet.\u201c (Habeck)<br \/>\n\u201eGr\u00fcne Politik ist einem klimapolitischen Imperativ untergeordnet. Selbst die gr\u00fcne Kandidatin f\u00fcr das Amt des Berliner B\u00fcrgermeisters, Bettina Jarasch, sagt, angesprochen auf ihre Pl\u00e4ne f\u00fcr die Stadt: \u00abDas Hauptthema ist, dass wir die Klimakatastrophe stoppen m\u00fcssen\u00bb \u2013 in Berlin, wohlgemerkt.\u201c<br \/>\n\u201eAnno 2020\/21 beginnt f\u00fcr die Gr\u00fcnen das entscheidende Jahrzehnt\u201e,<br \/>\n\u201eDie Gr\u00fcnen sehen sich unmittelbar beauftragt vom Klima. &#8230;Das Klima ist der wahre Souver\u00e4n, von ihm beziehen die Gr\u00fcnen ihr Mandat. Aufgabe der W\u00e4hler kann es nur sein, zuzustimmen und mitzumachen. In der gr\u00fcnen Republik g\u00e4be es ausschliesslich engagierte Menschen, von Kindesbeinen an, und alle teilten das gleiche Engagement: Sie wollen die Klimakrise besiegen. &#8220;<\/p>\n<p>\u201eSelbst wenn Habeck oder Baerbock den Weg ins Kanzleramt finden, h\u00e4tte eine grosse Mehrheit der B\u00fcrger nicht die aktuell auf 23 Prozent taxierten Gr\u00fcnen gew\u00e4hlt. Wie geht man mit denen um? Wie macht man aus skeptischen Privatleuten gr\u00fcn engagierte B\u00fcrger? Durch Geld und Gesetze. Der gr\u00fcne Staat ist ein Umverteilungsstaat. Er sitzt auf einem Berg von Geld und teilt es den Richtigen zu. Die Gr\u00fcnen wollen laut Wahlprogramm einf\u00fchren: ein Klimawohngeld, eine Mobilit\u00e4tspr\u00e4mie, eine Kindergrundsicherung mit \u00abGarantie-Plus-Beitrag\u00bb und eine allgemeine Garantiesicherung, ausserdem eine \u00abKinderZeit Plus\u00bb. Nahverkehr und Volksbildung und \u00abDiversity\u00bb sollen \u00fcppig subventioniert werden.\u201c<br \/>\n&#8230; Alles vom 29.3.2021 von Alexander Kissler bitte lesen auf<br \/>\n<a href=\"https:\/\/www.nzz.ch\/international\/das-gruene-wahlprogramm-will-mit-quoten-und-verboten-ein-neues-deutschland-ld.1608504\">https:\/\/www.nzz.ch\/international\/das-gruene-wahlprogramm-will-mit-quoten-und-verboten-ein-neues-deutschland-ld.1608504<\/a><\/p>\n<p>Einige Kommentare:<br \/>\n<strong>Gr\u00fcn w\u00e4hlen hei\u00dft, &#8222;Gr\u00fcnismus&#8220; bzw. Sozialismus bekommen<\/strong><br \/>\nDie Gr\u00fcnen sind durchtr\u00e4nkt von einer aufgeschlossenen Haltung gegen\u00fcber der sozialistischen Utopie, die sie, in einer Zeit ohne wirtschaftliche N\u00f6te hinter dem Deckm\u00e4ntelchen der \u00d6kologie kultivieren konnten. Die verh\u00e4tschelten Generationen hielten die \u00dcberwindung von Krieg und Hunger in Deutschland f\u00fcr etwas Selbstverst\u00e4ndliches und ihr Sorgenhorizont bezog sich fortan auf \u00d6kologie. Hier haben es die Konservativen vers\u00e4umt, zu verhindern, da\u00df eine Konnotation von Links und \u00d6kologie stattfinden hatte k\u00f6nnen. Zu sicher f\u00fchlten sie sich in dem Gedanken, die nie dagewesene Prosperit\u00e4t der sozialen Marktwirtschaft spr\u00e4che f\u00fcr sich selbst.<br \/>\nWir sollten uns jedoch nichts vormachen lassen!<br \/>\nGr\u00fcn w\u00e4hlen hei\u00dft, &#8222;Gr\u00fcnismus&#8220; bzw. Sozialismus bekommen. Und zwar inclusive aller Schattenseiten. Kulakenmord h\u00e4tte auch keiner vorhergesehen, wo doch Inklusion und Teilhabe aller auf dem Programm stand.<br \/>\nDiejenigen, welche in den Gr\u00fcnen das Heil der Welt vermuten und ihnen Deutschland und die Demokratie hinterherwerfen wollen sei ein Blick in die Geschichte empfohlen. Auch den anderen Sozialisten von der NSDAP ist man jubelnd hinterhergelaufen und sp\u00e4ter wollte es keiner ahnen h\u00e4tten k\u00f6nnen.<br \/>\nWer Sozialismus will, m\u00f6chte, da\u00df Menschen denunziert, \u00fcberwacht, ruiniert oder get\u00f6tet werden, so wie 50 Mio Russen und Chinesen. Und wenn er es nicht m\u00f6chte, wird es trotzdem wieder so kommen.<br \/>\n30.3.2021, W.W., NZZO<br \/>\n.<br \/>\n<strong>Partei mit starken links autorit\u00e4ren Positionen und Str\u00f6mungen<\/strong><br \/>\nIch meine wir sollten die Dinge beim Namen nennen: Bei den Gr\u00fcnen handelt es sich um ein Partei mit starken links autorit\u00e4ren Positionen und Str\u00f6mungen. Aus der vermeintlichen Rettung des Planeten heraus wird die eigene Position \u00fcberh\u00f6ht und daraus das autorit\u00e4re Recht abgleitet, anderen Menschen sein Position, sein Weltbild aufzudr\u00fccken. Das geht sogar soweit, dass inhumane Aussagen, wie das Bedauern, dass ein Rennfahrer nicht bei einem Unfall verbrannt ist, in dieser Partei m\u00f6glich sind. Zwar gibt es auch einen anderen b\u00fcrgerlicheren Fl\u00fcgel; die Geschichte lehrt leider, dass sich bei Machterhalt meist radikale Positionen durchsetzen. Ein links autorit\u00e4r gepr\u00e4gtes Deutschland droht, wenn man an eine links-links-gr\u00fcn linke Regierung denkt.<br \/>\n30.3.2021, J.G.S.<br \/>\n.<br \/>\n<strong>Es gibt ja hier im Forum einige idealistische Schw\u00e4rmer.<\/strong><br \/>\nDiesen sei empfohlen, sich zB stellvertretend mit dem \u201eLangen Marsch\u201c und der \u201eKulturrevolution\u201c in China auseinanderzusetzen. An diesen Beispielen kann man sehen, wo die Utopie des gesellschaftlichen Umbaus hinf\u00fchrt.<br \/>\nDas Schlimme dabei ist, dass die Radikalit\u00e4t bei solchen Experimenten zunimmt, weil die Erfolge nat\u00fcrlich ausbleiben und die Protagonisten dann meinen, man m\u00fcsste die Z\u00fcgel dann noch h\u00e4rter anziehen.<br \/>\n30.3.2021, M.M.<br \/>\n.<br \/>\n<strong>Wie in Venezuela &#8230;.<\/strong><br \/>\nAlles ist m\u00f6glich. Es ist sogar m\u00f6glich, dass ein reiches, freies Land mit besten Entwicklungsm\u00f6glichkeiten durch eine demokratisch gew\u00e4hlte Regierung binnen 10 Jahren in bittere Armut gelenkt wird. Das geht sogar mit weniger Repressionen als die im gr\u00fcnen Programm vorgesehenen. Man muss nur fest an die eigene Ideologie glauben.<br \/>\nIch habe in Venezuela gearbeitet bevor Chavez zum Pr\u00e4sidenten gew\u00e4hlt wurde. Ich war von Venezuela begeistert und hatte dem Land eine phantastische Zukunft vorausgesagt. Dann \u00fcbernahm eine geistig extrem begrenzte und auf ein Ziel fixierte Ideologie das Land. Es kam wie es kommen musste.<br \/>\nDie ideologische Fixierung (Atomausstieg, Klima, Diversity durch Quoten etc&#8230;), jeglicher Widerspruch ist rechte Hetze, sehe ich schon lange. Mein Abschied aus Deutschland ist deshalb schon sorgsam geplant und abgesichert.<br \/>\n30.3.2021, B.B.<br \/>\n.<br \/>\n<strong>Habecks Buch: Ehrlich, aber naiv<\/strong><br \/>\nIch habe gerade Habecks politisches Bekenntnisbuch &#8222;Wer wir sein k\u00f6nnten&#8220; gelesen. Habeck ist &#8211; da bin ich mir sicher &#8211; ein zutiefst ehrlicher Mensch. Anders als andere Promis hat er sich das Buch nicht schreiben lassen, sondern es ist sein ureigenster Text. Und dieser gruselt mich. Denn es gibt dort nur die Gutmeinenden, die Weltoffenen, die Seenotretter im Mittelmeer und die Klimaretter weltweit einerseits und finstere menschenfeindliche M\u00e4chte mit b\u00f6s-raffinierter Sprache andererseits, denen man nicht anheimfallen darf, und wogegen Habeck mit seiner leutseligen Art antritt. In dieser gesinnungsethischen, leicht naiven Art ist wohl auch das gr\u00fcne Programm gestrickt. Aber dabei die Kellert\u00fcr f\u00fcr eine weitere Million Migranten weit offen haltend. Sieht ja keiner bei der &#8222;achtsamen&#8220; Fassade<br \/>\n30.3.2021, R.W.<br \/>\n.<br \/>\n<strong>Uns droht eine gr\u00fcner DDR-Sozialismus.<\/strong><br \/>\nDanke an die NZZ f\u00fcr den erhellenden Einblick in das Wahlprogramm der Gr\u00fcnen. Ich gebe zu, ich geh\u00f6re zu denen, die die Wahlprogramme der Parteien nicht lesen, ich schaue immer in den Wahlomat rein. Aber das Ergebnis des Autors \u00fcberrascht mich nicht, eher ist es bei den Gr\u00fcnen noch Schlimmer geworden als zu Zeiten Joschka Fischers. Ich dachte bisher das Habeck ein Realo ist, aber durch den Umzug von Kiel nach Berlin ist er von den Jamaikafarben zu tiefrot gewechselt und tr\u00e4umt nun auch von der Enteignung von Wohnungsgesellschaften. Uns droht eine gr\u00fcner DDR-Sozialismus.<br \/>\n30.3.2021, J.M.<br \/>\n.<br \/>\n<strong>Deutschland hat ein Problem: Inkompetenz<\/strong><br \/>\nDeutschland hat tats\u00e4chlich ein Problem. Man kann zu den Gr\u00fcnen stehen wie man will. Jedenfalls strotzt die gesamte politische Landschaft von links nach rechts vor geradezu erschreckender Inkompetenz. Was bleibt dem W\u00e4hler? CDU? Demontiert in 16 Jahren durch willf\u00e4hrige Speichellecker, die nie den Mumm zum Widerspruch aufbrachten. SPD? Demontiert durch gnadenlose Inkompetenz. Und jetzt mit Esken und Bohrjans da angekommen, wo es tats\u00e4chlich nicht mehr weiter runter geht. Die R\u00e4nder? Ohne Worte&#8230; Vielleicht fl\u00fcchtet deshalb die Gesellschaft in die Heilsversprechen der Mannschaft um Baerbock und Habeck. Deutschland hat ein Problem!<br \/>\n30.3.2021, J.F.<br \/>\n.<br \/>\n<strong>Gr\u00fcner Totalitarismus: Neuen Menschen formen<\/strong><br \/>\nIch lese bei Wikipedia: &#8222;Totalitarismus bezeichnet in der Politikwissenschaft eine Form von Herrschaft, die im Unterschied zu einer autorit\u00e4ren Diktatur in alle sozialen Verh\u00e4ltnisse hineinzuwirken strebt, oft verbunden mit dem Anspruch, einen \u201eneuen Menschen\u201c gem\u00e4\u00df einer bestimmten Ideologie zu formen. W\u00e4hrend eine autorit\u00e4re Diktatur den Status quo aufrechtzuerhalten sucht, fordert eine totalit\u00e4re Diktatur von den Beherrschten eine \u00e4u\u00dferst aktive Beteiligung am Staatsleben sowie dessen Weiterentwicklung in eine Richtung, die durch die jeweilige Ideologie angewiesen wird.&#8220;<br \/>\nWenn ich da so die gr\u00fcnen Ziele und Ansichten dagegensetze: Verbot der Kernkraftwerke, Verbot der Kohlekraftwerke, Verbot des Verbrennungsmotors, Verbot des Fleischkonsums (Veggie-Day). Umbau des Staates zum Weltsozialamt&#8230; Au\u00dferdem laut NZZ-Artikel: &#8222;Wertstoffgesetz, ein Rettet-die-Lebensmittel-Gesetz, ein Bundesqualit\u00e4tsgesetz f\u00fcr Kitas, ein Demokratief\u00f6rdergesetz, ein Einwanderungsgesetz, ein Gesetz f\u00fcr digitalen Gewaltschutz, ein Barrierefreiheitsgesetz, ein Entgeltgleichheitsgesetz, ein Bundesantidiskriminierungsgesetz und ein Bundesinklusionsgesetz, \u00abB\u00fcrger*innenr\u00e4te\u00bb, eine erweiterte Bundesstiftung Gleichstellung, einen Partizipationsrat, einen Antirassismusbeauftragten, einen Rechtsanspruch auf Weiterbildung, ein Recht auf Wohnen&#8230;&#8220;<br \/>\nDas Bestreben, in alle sozialen Verh\u00e4ltnisse hineinzuwirken, ist un\u00fcbersehbar, der Anspruch, einen \u201eneuen Menschen\u201c zu formen, ebenfalls.<br \/>\n30.3.2021, H.M.<br \/>\n.<br \/>\n<strong>Also mit drei Verben gesagt: g\u00e4ngeln, verbieten, bevormunden.<\/strong><br \/>\nIn dem Artikel fehlen noch einige Kleinigkeiten: n\u00e4mlich zum einen die Steuerpl\u00e4ne der Gr\u00fcnen. Da sie anscheinend mit einer Flucht der Leistungstr\u00e4ger rechnen, wollen sie eine Besteuerung nach Nationalit\u00e4t weltweit durchsetzen. Damit ist dann der Deutsche zum Arbeitssklaven f\u00fcr Funktion\u00e4re, NGOs, Siftungen und alle die, die sich nur durch Geschw\u00e4tz, aber nicht durch Leistung auszeichnen, degeneriert. Zum anderen die Europabesoffenheit, die zum Verschwinden des Staates Deutschland f\u00fchren soll.<br \/>\n30.3.2021, M.TH<br \/>\n.<br \/>\n<strong>Deutschland wie Schweden?<\/strong><br \/>\nWahrscheinlich &#8222;braucht&#8220; Deutschland in den n\u00e4chsten vier Jahren eine gr\u00fcn dominierte Regierung. Danach d\u00fcrfte das Pegel in die andere Richtung ausschlagen. Man sieht in Schweden ganz aktuell, wohin jahrelanges mit Scheuklappen ausgestattetes Gutmenschentum gef\u00fchrt hat, und es ist jetzt schon absehbar, wie die Reaktion bei den n\u00e4chsten Wahlen sein wird.<br \/>\n30.3.2021, W.M.<br \/>\n.<br \/>\n<strong>&#8230; Erinnerungen an 3.Reich und DDR?<\/strong><br \/>\n&#8222;In der gr\u00fcnen Republik g\u00e4be es ausschliesslich engagierte Menschen, von Kindesbeinen an, und alle teilten das gleiche Engagement: &#8230;&#8220;<br \/>\nHmm, woran erinnert einen das? Richtig, an die beiden totalit\u00e4ren Regime auf deutschem Boden.<br \/>\n30.3.2021, R.H.<\/p>\n<p><strong>Das die Gr\u00fcnen nicht 1 Meter weit denken k\u00f6nnen,<\/strong><br \/>\nzeigt alleine schon der Umstand, das sie zwar die Umwelt sch\u00fctzen und CO2 reduzieren wollen, gleichzeitig aber Migration f\u00f6rdern und Menschen nach Deutschland holen, die hier ein mehrfaches an CO2 erzeugen, als in ihrer Heimat. Auch Fluchtgr\u00fcnde beseitigen sehe ich nicht auf ihrer Agenda, so scheint z. B. das \u00fcberfischen der EU Fangflotte vor afrikanischen K\u00fcsten ihnen auch v\u00f6llig egal zu sein.<br \/>\n30.3.2021, P.B.<br \/>\nEnde Kommentare<br \/>\n.<\/p>\n<p><strong>Zum Wahlprogramm 2021 der Gr\u00fcnen<\/strong><br \/>\nNun haben die Gr\u00fcnen ihr Programm f\u00fcr die Bundestagswahl vorgelegt. Es ist ein erstaunliches Dokument des nach Macht gierenden Zynismus im Gewande sozialreligi\u00f6ser Sinnstiftung. Man k\u00f6nnte dieses Programm als den Schlusstein \u00fcber dem Tor eines geistigen Gef\u00e4ngnisses namens Bundesrepublik Deutschland bezeichnen, dessen Errichtung die 68er nach den Baupl\u00e4nen der Frankfurter Schule in Angriff nahmen (es ist noch gr\u00f6\u00dfer und besser geworden, als die Architekten ahnten).<br \/>\n.<br \/>\nDie Heraufkunft einer neuen Sozialreligion samt ihrer Priester, Exegeten und Verk\u00fcnder hatte der gro\u00dfe deutsche Soziologe Helmut Schelsky anno 1975 in seinem Buch <em>\u201eDie Arbeit tun die anderen\u201d<\/em> eher diagnostiziert als vorhergesagt, welches ich gerade lese, um mein Vorurteil zu n\u00e4hren, dass sachlich vorgetragene zutreffende Warnungen wahrscheinlich wertloser sind als gekreischte falsche.<br \/>\nEs handelt sich um eine <em>\u201eHerrschaft durch Sinngebung\u201d<\/em> (Schelsky) oder auch \u201eHeilsherrschaft\u201d, die durch \u201e<em>Theologisierung des Denkens\u201d<\/em> und \u201eGlaubenspropaganda\u201d \u2013 Miserabilisierung der Gegenwart bei Verhei\u00dfung des Gerettetwerdens durch k\u00fcnftiges Wohlverhalten \u2013 durchgesetzt werde.<br \/>\nNotwendigerweise tritt diese Form der Machtaus\u00fcbung als \u201epsychischer Zwang\u201d auf: Wenn du kein Rassist, kein Klimas\u00fcnder, kein Sexist sein willst, musst du Tribut zahlen oder die Richtigen w\u00e4hlen oder die Falschen verfolgen \u2013 oder am besten alles zusammen. Lange Zeit vollzog sich diese Einflussnahme auf die Gesellschaft indirekt, \u00fcber Medien, Universit\u00e4ten, Kirchen, die Kulturszene; nun, eine Generation sp\u00e4ter, ist der Sieg der neuen Religion nahezu total, was sich allein an den t\u00e4glich multimedial verbreiteten Steckbriefen \u00fcberf\u00fchrter Ketzer ablesen l\u00e4sst.<br \/>\nDass die linksgr\u00fcne Priester- und Sinnstifterkaste direkt nach der politischen Macht greift, ist der logische letzte Schritt. Als ultimativen Hebel, um die b\u00fcrgerliche Gesellschaft zu beseitigen, hat sie jetzt \u201edie Klimakrise als wahre Menschheitskrise\u201d in die Pr\u00e4ambel des gr\u00fcnen Wahlprogramms integriert, und wir sind gehalten zu glauben, dass uns Annalena und Robert gemeinsam mit Claudia, Katrin, Cem und Anton in einen \u201eAufschwung\u201d f\u00fchren, \u201eder \u00fcber das rein \u00d6konomische hinausgeht\u201d; dergleichen Aufschw\u00fcnge und \u2011br\u00fcche kenne ich aus dem untergangenen Zukunftsland, aus dem ich komme.<br \/>\n&#8230;<br \/>\nEigentlich sollte jeder Deutsche, speziell jeder zeitgeschichtlich und propagandasprachlich Interessierte dieses Programm lesen. Jede Kapitel\u00fcberschrift beginnt mit einem \u201eWir\u201d, der politischen Geiselnehmervokabel Nummer eins, sobald sie dem Munde eines Linken entschl\u00fcpft, gefolgt von einem positiv besetzten Verb \u2013 \u201eWir schaffen, wir f\u00f6rdern, wir sch\u00fctzen, wir sorgen, wir st\u00e4rken, wir verbessern, wir finanzieren, wir garatieren, wir haushalten\u201d \u2013, an welches sich ein Euphemismus schlie\u00dft, der die Bevormundungs\u2011, Enteignungs\u2011, Abschaffungs- und Umverteilungspl\u00e4ne dieser Spitzbubentruppe themenspezifisch sch\u00f6nf\u00e4rbt.<br \/>\n\u201eF\u00fcr das, was die Gr\u00fcnen schick \u201aGemeinwohl\u2019 nennen, existiert ein alter Name: Kommunismus. Die freie Marktwirtschaft wird schrittweise abgeschafft, denn das Ziel der Gr\u00fcnen besteht in einer \u2019sozial-\u00f6kologischen Neubegr\u00fcndung unserer Marktwirtschaft\u2019. Es geht ihnen darum, alles zu regeln und f\u00fcr alle \u201aMenschen\u2019 zu bestimmen, was das beste f\u00fcr die neuen Gemeinwohluntertanen ist\u201d, schreibt Klaus-R\u00fcdiger Mai, der bei TE eine gute Zusammenfassung des Gr\u00fcnen-Programms ver\u00f6ffentlicht hat \u2013 weshalb ich es mir hier sparen kann. Die Gr\u00fcnen wollen, dass Deutschland als Nationalstaat und Wirtschaftsstandort verschwindet, der Bundestag ein Kommunalparlament wird, der Wohnraum soll teilverstaatlicht und die Innenst\u00e4dte sollen m\u00f6glichst autofrei werden, die wei\u00dfen m\u00e4nnlichen Herkunftsdeutschen zu einer Art Helotenbestand absinken, der nicht nur die Klimakirchenkleriker und ihre \u201azivilgesellschaftliche\u2019 Coterie, sondern auch die durch Quoten, umfassende Zensur, staatlich bestallte Aufpasser und eine diskriminierende Antidiskriminierungsgesetzgebung gef\u00f6rderten \u201eGefl\u00fcchteten\u201d zu versorgen hat, w\u00e4hrend sich das Weltklima erholt. Au\u00dfer Steurerh\u00f6hungen, Neuverschuldung und der Schaffung immer neue Gremien, Beh\u00f6rden und Kommitees haben diese Edlen keine Ideen, wie sich die ganze Choose bewerkstelligen lassen und wer sie bezahlen soll.<br \/>\n&#8230;<br \/>\nEigentlich sollte jeder Deutsche, speziell jeder zeitgeschichtlich und propagandasprachlich Interessierte dieses Programm lesen.<br \/>\n<a href=\"https:\/\/cms.gruene.de\/uploads\/documents\/2021_Wahlprogrammentwurf.pdf\">https:\/\/cms.gruene.de\/uploads\/documents\/2021_Wahlprogrammentwurf.pdf<\/a><br \/>\nJede Kapitel\u00fcberschrift beginnt mit einem \u201eWir\u201d, der politischen Geiselnehmervokabel Nummer eins, sobald sie dem Munde eines Linken entschl\u00fcpft, gefolgt von einem positiv besetzten Verb \u2013 \u201eWir schaffen, wir f\u00f6rdern, wir sch\u00fctzen, wir sorgen, wir st\u00e4rken, wir verbessern, wir finanzieren, wir garatieren, wir haushalten\u201d \u2013, an welches sich ein Euphemismus schlie\u00dft, der die Bevormundungs\u2011, Enteignungs\u2011, Abschaffungs- und Umverteilungspl\u00e4ne dieser Spitzbubentruppe themenspezifisch sch\u00f6nf\u00e4rbt.<br \/>\n\u201eF\u00fcr das, was die Gr\u00fcnen schick \u201aGemeinwohl\u2019 nennen, existiert ein alter Name: Kommunismus.<br \/>\nDie freie Marktwirtschaft wird schrittweise abgeschafft, denn das Ziel der Gr\u00fcnen besteht in einer \u2019sozial-\u00f6kologischen Neubegr\u00fcndung unserer Marktwirtschaft\u2019. Es geht ihnen darum, alles zu regeln und f\u00fcr alle \u201aMenschen\u2019 zu bestimmen, was das beste f\u00fcr die neuen Gemeinwohluntertanen ist\u201d, schreibt Klaus-R\u00fcdiger Mai, der bei TE eine gute Zusammenfassung des Gr\u00fcnen-Programms ver\u00f6ffentlicht hat \u2013 weshalb ich es mir hier sparen kann.<br \/>\n<em><strong>Die Gr\u00fcnen wollen, dass Deutschland als Nationalstaat und Wirtschaftsstandort verschwindet,<\/strong><\/em> der Bundestag ein Kommunalparlament wird, der Wohnraum soll teilverstaatlicht und die Innenst\u00e4dte sollen m\u00f6glichst autofrei werden, die wei\u00dfen m\u00e4nnlichen Herkunftsdeutschen zu einer Art Helotenbestand absinken, der nicht nur die Klimakirchenkleriker und ihre \u201azivilgesellschaftliche\u2019 Coterie, sondern auch die durch Quoten, umfassende Zensur, staatlich bestallte Aufpasser und eine diskriminierende Antidiskriminierungsgesetzgebung gef\u00f6rderten \u201eGefl\u00fcchteten\u201d zu versorgen hat, w\u00e4hrend sich das Weltklima erholt. Au\u00dfer Steurerh\u00f6hungen, Neuverschuldung und der Schaffung immer neue Gremien, Beh\u00f6rden und Kommitees haben diese Edlen keine Ideen, wie sich die ganze Choose bewerkstelligen lassen und wer sie bezahlen soll.<br \/>\n&#8230;<br \/>\n<em>\u201eEin Freiheitsbegriff wie der des modernen Rechtsstaates und der pluralistischen Institutionen, der die Freiheit des Menschen gerade darin anerkennt, da\u00df dieser niemals mehr als \u201aganzer Mensch\u2019 f\u00fcr Staats- und Gesellschaftszwecke in Anspruch genommen werden darf, ist der strikte Gegensatz zu jeder Art von Heilsvergemeinschaftung\u201d<\/em> (letztmals Schelsky). Und deswegen ist dieses durchaus verfassungsfeindliche Programm gegen den modernen Rechtsstaat und die pluralistsichen Institutionen gedacht und formuliert worden.<br \/>\n&#8230; Alles vom 23.3.2021 bitte lesen auf<br \/>\n<a href=\"https:\/\/www.klonovsky.de\/2021\/03\/23-maerz-2021\/\">https:\/\/www.klonovsky.de\/2021\/03\/23-maerz-2021\/<\/a><br \/>\n.<br \/>\n.<br \/>\n<strong>Der Gr\u00fcnen Plan von der Abschaffung Deutschlands<\/strong><br \/>\nDie Freiheit ist die gro\u00dfe Abwesende des Wahlprogramms. Positive Diskriminierung ihr wichtigstes Mittel zum Umbau der Gesellschaft. S\u00f6hne, die heterosexuell sind und keinen Migrationshintergrund besitzen, werden im gr\u00fcnen Deutschland keine Zukunft mehr haben. Die gr\u00fcne Klassengesellschaft wird nach Herkunft, Ethnie, Geschlecht und sexuelle Orientierung geordnet. S\u00f6hne, die heterosexuell sind und keinen Migrationshintergrund besitzen, sind die Verlierer des gr\u00fcnen Wahlprogramms, das auf den Ausbau \u201eideologischer Staatsapparate\u201c, wie es Althusser nannte, setzt.<br \/>\nWachstum wird bei den NGOs, den Diversit\u00e4ts- und Antidiskriminierungsbeauftragten generiert. Auch in der Wissenschaft, denn hier will man vor allem \u201edie Forschung zu Diskriminierung und Rassismus ausbauen, insbesondere Antidiskriminierungs- und Gleichstellungsdaten erheben und unabh\u00e4ngige wissenschaftliche Studien in Bezug auf staatliche Institutionen durchf\u00fchren.\u201c<br \/>\nDie weltanschauliche Neutralit\u00e4t der Schulen, die ohnehin bereits ausgeh\u00f6hlt ist, wird durch Indoktrination ersetzt: \u201eAntirassismus, Antidiskriminierung und Postkolonialismus wollen wir in Lehrpl\u00e4nen verankern.\u201c Bedenkt man, dass die weltanschauliche Neutralit\u00e4t der Universit\u00e4ten, Hochschulen und Schulen Konsequenz aus der Erfahrung der Diktatur war, wei\u00df man, was der Abschied von ihr bedeutet.<br \/>\n&#8230;.<br \/>\nAus Mangel an Argumenten wird stets und st\u00e4ndig mit dem Untergang, mit den \u201eglobalen Krisen dieser Zeit \u2013 zuallererst die Klimakrise als wahre Menschheitskrise\u201c gedroht. Die einzigen, die noch die Menschheit vor der planetarischen Katastrophe bewahren k\u00f6nnen, sind die deutschen Gr\u00fcnen unter der weisen F\u00fchrung Annalena Baerbocks und Robert Habecks. Das Programm selbst tr\u00e4gt die Handschrift der westdeutschen, utopistischen Linken, die endlich auch die krudesten Tr\u00e4ume der 68er zu realisieren die Chance f\u00fcr gekommen sieht. Von einer demokratischen Bewegung wie B\u00fcndnis 90 ist nichts, aber auch gar nichts \u00fcbriggeblieben.<br \/>\n&#8230;<br \/>\nDie Gr\u00fcnen planen ein eigenes Ministerium f\u00fcr Migranten und f\u00fcr <a href=\"https:\/\/www.freiburg-schwarzwald.de\/blog\/global\/migration\/migrationshintergrund\/\">Deutsche mit Migrationshintergrund<\/a> \u2013 auch so kann man die Gesellschaft spalten. Die Deutschen ohne Migrationshintergrund, empfiehlt derweil ein Artikel, den die ZEIT am 12. M\u00e4rz 2021 publizierte, sollten sich k\u00fcnftig selbst als <a href=\"https:\/\/www.freiburg-schwarzwald.de\/blog\/religion\/juden\/nazi\/nazi-hass\/\">\u201eMensch mit Nazihintergrund\u201c<\/a> bezeichnen, schlie\u00dflich sei es nicht normal, deutsch zu sein.<br \/>\nDer K\u00f6nigsweg zur positiven Diskriminierung f\u00fchrt \u00fcber die Quote, so hei\u00dft es im Wahlprogramm der Gr\u00fcnen bspw. \u00fcber den \u00f6ffentlichen Dienst: \u201eWir werden verbindliche Zielvorgaben zur Erh\u00f6hung des Anteils von Menschen mit Migrationshintergrund einf\u00fchren. Das \u201eDiversity-Budgeting\u201c, also den Einsatz und die Evaluierung von Haushaltsmitteln in einer Vielfalt besonders f\u00f6rdernden Weise, wollen wir voranbringen.\u201c Welche Rechte oder Zukunftsaussichten haben eigentlich junge \u201eMenschen mit Nazihintergrund\u201c (ZEIT)?<br \/>\n&#8230; Alles vom 21.3.2021 von Klaus-R\u00fcdiger Mai bitte lesen auf<br \/>\n<a href=\"https:\/\/www.tichyseinblick.de\/daili-es-sentials\/gruenen-wahlprogramm-2021\/\">https:\/\/www.tichyseinblick.de\/daili-es-sentials\/gruenen-wahlprogramm-2021\/<\/a><\/p>\n","protected":false},"excerpt":{"rendered":"<p>Home\u00a0&gt;Vereine\u00a0&gt;Engagement\u00a0&gt;Partei &gt;Gruene &gt;Gruene2021 &nbsp; Listenauswahl eines Beitrags (Artikel\/Datum, Seite\/Inhalt):\u00a0Klicken\u00a0oder scrollen BW: Gr\u00fcne-CDU mit Brandmauer\u00a0(9.5.2026) Precht: Wenn eine Partei Nazi ist, dann die GR\u00dcNEN (4.8.2025) Alexander Wendt: Die Partei der L\u00fcge &#8211; Die Gr\u00fcnen (6.7.2025) Gr\u00fcne Jugend Jette Nietzard nicht mehr &hellip; <a href=\"https:\/\/www.freiburg-schwarzwald.de\/blog\/vereine\/partei\/gruene\/gruene2021\/\">Weiterlesen <span class=\"meta-nav\">&rarr;<\/span><\/a><\/p>\n","protected":false},"author":2,"featured_media":0,"parent":58270,"menu_order":0,"comment_status":"closed","ping_status":"closed","template":"","meta":{"footnotes":""},"class_list":["post-89170","page","type-page","status-publish","hentry"],"_links":{"self":[{"href":"https:\/\/www.freiburg-schwarzwald.de\/blog\/wp-json\/wp\/v2\/pages\/89170","targetHints":{"allow":["GET"]}}],"collection":[{"href":"https:\/\/www.freiburg-schwarzwald.de\/blog\/wp-json\/wp\/v2\/pages"}],"about":[{"href":"https:\/\/www.freiburg-schwarzwald.de\/blog\/wp-json\/wp\/v2\/types\/page"}],"author":[{"embeddable":true,"href":"https:\/\/www.freiburg-schwarzwald.de\/blog\/wp-json\/wp\/v2\/users\/2"}],"replies":[{"embeddable":true,"href":"https:\/\/www.freiburg-schwarzwald.de\/blog\/wp-json\/wp\/v2\/comments?post=89170"}],"version-history":[{"count":5,"href":"https:\/\/www.freiburg-schwarzwald.de\/blog\/wp-json\/wp\/v2\/pages\/89170\/revisions"}],"predecessor-version":[{"id":148945,"href":"https:\/\/www.freiburg-schwarzwald.de\/blog\/wp-json\/wp\/v2\/pages\/89170\/revisions\/148945"}],"up":[{"embeddable":true,"href":"https:\/\/www.freiburg-schwarzwald.de\/blog\/wp-json\/wp\/v2\/pages\/58270"}],"wp:attachment":[{"href":"https:\/\/www.freiburg-schwarzwald.de\/blog\/wp-json\/wp\/v2\/media?parent=89170"}],"curies":[{"name":"wp","href":"https:\/\/api.w.org\/{rel}","templated":true}]}}