{"id":88949,"date":"2021-03-19T17:20:51","date_gmt":"2021-03-19T16:20:51","guid":{"rendered":"https:\/\/www.freiburg-schwarzwald.de\/blog\/?page_id=88949"},"modified":"2026-01-23T16:51:21","modified_gmt":"2026-01-23T15:51:21","slug":"diversity","status":"publish","type":"page","link":"https:\/\/www.freiburg-schwarzwald.de\/blog\/kultur\/medien\/diversity\/","title":{"rendered":"Diversity"},"content":{"rendered":"<p><a href=\"https:\/\/www.freiburg-schwarzwald.de\/blog\">Home<\/a>\u00a0&gt;<a title=\"Kultur\" href=\"https:\/\/www.freiburg-schwarzwald.de\/blog\/kultur\/\">Kultur<\/a>\u00a0&gt;<a title=\"Medien\" href=\"https:\/\/www.freiburg-schwarzwald.de\/blog\/kultur\/medien\/\">Medien<\/a>\u00a0&gt;<a title=\"Meinungsfreiheit\" href=\"https:\/\/www.freiburg-schwarzwald.de\/blog\/kultur\/medien\/meinungsfreiheit\/\">Meinungsfreiheit<\/a> &gt;<a href=\"https:\/\/www.freiburg-schwarzwald.de\/blog\/kultur\/medien\/medienvielfalt\/\">Medienvielfalt<\/a> &gt;Diversity<\/p>\n<div id=\"attachment_88034\" style=\"width: 650px\" class=\"wp-caption alignnone\"><a href=\"https:\/\/www.freiburg-schwarzwald.de\/blog\/wp-content\/uploads\/2021\/02\/schwarzwald-schnee-zweisamkeit2021feb13pan.jpg\"><img loading=\"lazy\" decoding=\"async\" aria-describedby=\"caption-attachment-88034\" class=\"size-full wp-image-88034\" src=\"https:\/\/www.freiburg-schwarzwald.de\/blog\/wp-content\/uploads\/2021\/02\/schwarzwald-schnee-zweisamkeit2021feb13pan.jpg\" alt=\"\" width=\"640\" height=\"309\" srcset=\"https:\/\/www.freiburg-schwarzwald.de\/blog\/wp-content\/uploads\/2021\/02\/schwarzwald-schnee-zweisamkeit2021feb13pan.jpg 640w, https:\/\/www.freiburg-schwarzwald.de\/blog\/wp-content\/uploads\/2021\/02\/schwarzwald-schnee-zweisamkeit2021feb13pan-180x87.jpg 180w\" sizes=\"auto, (max-width: 640px) 100vw, 640px\" \/><\/a><p id=\"caption-attachment-88034\" class=\"wp-caption-text\">Sonnenuntergang im Hochschwarzwald bei Schnee &#8211; Zweisamkeit im Februar 2021<\/p><\/div>\n<ul>\n<li><em>Listenauswahl eines Beitrags (Artikel\/Datum, Seite\/Inhalt):\u00a0<span style=\"text-decoration: underline;\">Klicken<\/span>\u00a0oder scrollen<\/em><\/li>\n<li><a href=\"https:\/\/www.freiburg-schwarzwald.de\/blog\/selbsthilfe\/krise\/gewalt\/jugendgewalt\/\">Diversit\u00e4t am praktischen Beispiel: Montenegriner Gambier Pakistani Syrer Serbe<\/a> (23,1,2026)<\/li>\n<li>Wie viel gesellschaftliche Heterogenit\u00e4t vertragen wir? (4.11.2025)<\/li>\n<li><a href=\"https:\/\/www.freiburg-schwarzwald.de\/blog\/kultur\/leitkultur\/multikulti\/bunt\/\">Klonovsky: Alles f\u00fcr Buntland \u2013 Acta Diurna 2022-2023<\/a> (5.6.2025)<\/li>\n<li>Neue Daten: Nur 0,001 Prozent der Bev\u00f6lkerung identifizieren sich als \u201edivers\u201c (12.7.2024)<\/li>\n<li><a href=\"https:\/\/www.freiburg-schwarzwald.de\/blog\/kultur\/leitkultur\/multikulti\/vielfalt\/\">Diversit\u00e4t ist kein Wert an sich<\/a> (14.10.2023)<\/li>\n<li>Nur 0,0016 % der Hamburger mit Geschlechtseintag &#8222;divers&#8220; (2.5.2023)<\/li>\n<li>Der woke Imperialismus: Diversity Identit\u00e4tspolitik (12.2.2023)<\/li>\n<li><a href=\"https:\/\/www.freiburg-schwarzwald.de\/blog\/polens-deutsche-migrationskrise\/\">Polens deutsche Migrationskrise<\/a>\u00a0(20.12.2021)<\/li>\n<li>Handbuch f\u00fcr Diversity: Verrat am Qualit\u00e4tsjournalismus (18.3.2021)<\/li>\n<li>Neue Deutsche Medienmacher fordern Diversit\u00e4t, aber f\u00f6rdern Einfalt (18.3.2021)<\/li>\n<\/ul>\n<ul>\n<li><a href=\"https:\/\/www.freiburg-schwarzwald.de\/blog\/kultur\/leitkultur\/multikulti\/bunt\/\">bunt<\/a><\/li>\n<li><a title=\"Debatte\" href=\"https:\/\/www.freiburg-schwarzwald.de\/blog\/engagement\/zukunft\/demokratie\/debatte\/\">Debatte<\/a><\/li>\n<li><a href=\"https:\/\/www.freiburg-schwarzwald.de\/blog\/kultur\/medien\/deplatforming\/\">Deplatforming<\/a><\/li>\n<li><a title=\"Diskussionskultur\" href=\"https:\/\/www.freiburg-schwarzwald.de\/blog\/kultur\/medien\/diskussionskultur\/\">Diskussionskultur<\/a><\/li>\n<li><a href=\"https:\/\/www.freiburg-schwarzwald.de\/blog\/kultur\/medien\/diversity\/\">Diversity<\/a><\/li>\n<li><a title=\"Fake-News\" href=\"https:\/\/www.freiburg-schwarzwald.de\/blog\/kultur\/medien\/fake-news\/\">Fake-News<\/a><\/li>\n<li><a title=\"Freie-Medien\" href=\"https:\/\/www.freiburg-schwarzwald.de\/blog\/kultur\/medien\/freie-medien\/\">Freie Medien<\/a><\/li>\n<li><a title=\"GEZ-Medien\" href=\"https:\/\/www.freiburg-schwarzwald.de\/blog\/kultur\/medien\/gez-medien\/\">GEZ-Medien<\/a><\/li>\n<li><a href=\"https:\/\/www.freiburg-schwarzwald.de\/blog\/kultur\/medien\/medienleute\/\">Medienleute<\/a><\/li>\n<li><a title=\"Meinungsfreiheit\" href=\"https:\/\/www.freiburg-schwarzwald.de\/blog\/kultur\/medien\/meinungsfreiheit\/\">Meinungsfreiheit<\/a><\/li>\n<li><a title=\"Meinungsterror\" href=\"https:\/\/www.freiburg-schwarzwald.de\/blog\/kultur\/medien\/meinungsterror\/\">Meinungsterror<\/a><\/li>\n<li><a title=\"Multikulti\" href=\"https:\/\/www.freiburg-schwarzwald.de\/blog\/kultur\/leitkultur\/multikulti\/\">Multikulti<\/a><\/li>\n<li><a title=\"Freie-Medien\" href=\"https:\/\/www.freiburg-schwarzwald.de\/blog\/kultur\/medien\/freie-medien\/\">Neue-Medien<\/a><\/li>\n<li><a title=\"Parallelkultur\" href=\"https:\/\/www.freiburg-schwarzwald.de\/blog\/global\/integration\/parallelkultur\/\">Parallelkulturen<\/a><\/li>\n<li><a title=\"Youtube\" href=\"https:\/\/www.freiburg-schwarzwald.de\/blog\/kultur\/medien\/youtube\/\">Youtube<\/a><\/li>\n<li><a href=\"https:\/\/www.freiburg-schwarzwald.de\/blog\/kultur\/leitkultur\/multikulti\/vielfalt\/\">Vielfalt<\/a><\/li>\n<li><a title=\"Wahrheit\" href=\"https:\/\/www.freiburg-schwarzwald.de\/blog\/engagement\/zukunft\/wahrheit\/\">Wahrheit<\/a><\/li>\n<li><a title=\"WDR\" href=\"https:\/\/www.freiburg-schwarzwald.de\/blog\/kultur\/medien\/wdr\/\">WDR<\/a><\/li>\n<li><a href=\"https:\/\/www.freiburg-schwarzwald.de\/blog\/kultur\/kulturverlust\/woke\/\">Woke<\/a><\/li>\n<\/ul>\n<p>&nbsp;<\/p>\n<p><strong>Aliasbegriffe von \u201eDiversit\u00e4t\u201d<\/strong><br \/>\nVerschiedenartigkeit, Ungleichheit, Wettstreit, Konkurrenzkampf, freies Spiel der Kr\u00e4fte.<br \/>\n<a href=\"https:\/\/www.freiburg-schwarzwald.de\/blog\/engagement\/zukunft\/demokratie\/sozialismus\/\">Sozialismus<\/a>, <a href=\"https:\/\/www.freiburg-schwarzwald.de\/blog\/kultur\/kulturverlust\/woke\/\">Wokism<\/a> und <a href=\"https:\/\/www.freiburg-schwarzwald.de\/blog\/engagement\/zukunft\/demokratie\/identitaetspolitik\/\">Identity politics<\/a> sind das genaue Gegenteil davon.<\/p>\n<p>Eine Gesellschaft darf sich erst dann als wirklich diversifiziert betrachten, wenn sie den t\u00e4glichen <a href=\"https:\/\/www.freiburg-schwarzwald.de\/blog\/selbsthilfe\/soziales\/justiz\/messerstecher\/\">Messermord<\/a> mit einem Achselzucken hinnimmt.<br \/>\n27.1.2023, <a href=\"https:\/\/www.klonovsky.de\/2023\/01\/26-januar-2023\/\">https:\/\/www.klonovsky.de\/2023\/01\/26-januar-2023\/<\/a><\/p>\n<p>=============================================================<\/p>\n<p><strong>Wie viel gesellschaftliche Heterogenit\u00e4t vertragen wir?<br \/>\n\u201eWider die heiligen K\u00fche\u201c: Die Berliner Zeitung nimmt Tabus auseinander<\/strong><br \/>\n<em>Der Reformstau ist \u00fcberm\u00e4chtig, die demokratische Mitte droht daran zu scheitern. Mit dem Projekt \u201eWider die heiligen K\u00fche\u201c r\u00fctteln wir an den Tabus. Eine Einf\u00fchrung.<\/em><br \/>\n&#8230;<br \/>\nWie viel gesellschaftliche Heterogenit\u00e4t vertragen wir?<br \/>\nNoch eine heilige Kuh ist die Vielfalt. Das r\u00fchrt an neuralgische Themen: Zuwanderung, Verm\u00f6gens- und Einkommensgef\u00e4lle, Parallelgesellschaften. Wann bricht eine Gesellschaft auseinander, wann haben ihre Teile sich nichts mehr zu sagen? \u201eJe gr\u00f6\u00dfer die sozio\u00f6konomische und die ethnisch-religi\u00f6se Ungleichheit, umso geringer das wechselseitige Vertrauen der B\u00fcrger untereinander\u201c, schreibt der AfD-unverd\u00e4chtige Politikwissenschaftler Wolfgang Merkel. <a href=\"https:\/\/wzb.eu\/de\/news\/homogene-gesellschaften-sind-leichter-zu-regieren\">https:\/\/wzb.eu\/de\/news\/homogene-gesellschaften-sind-leichter-zu-regieren<\/a><\/p>\n<p>H\u00f6chste Zeit, das Thema Diversit\u00e4t nicht l\u00e4nger im blumigen Kontext der Pride-Paraden zu tabuisieren. An der F\u00fclle sexueller Lebensentw\u00fcrfe zerbricht die Gesellschaft nicht; der Wandel ist zu verkraften. Bei wirtschaftlichen und ethnisch-religi\u00f6sen Differenzen sieht es schon anders aus. Die Frage, wie viel gesellschaftliche Homogenit\u00e4t wir der Vielfalt zu opfern bereit sind, geh\u00f6rt dringend diskutiert.<br \/>\n\u201eWider die heiligen K\u00fche\u201c ist ein Projekt der Berliner Zeitung, das uns begleiten wird. Einige wurden angerissen, doch es gibt so viel mehr. Zu allen existieren unterschiedlichste Positionen, die in der \u00f6ffentlichen Debatte der \u201eLeitmedien\u201c, der ARD und des ZDF, nur amputiert zur Sprache kommen. Das zu korrigieren, ist unser Ziel.<br \/>\n&#8230; Alles vom 4.11.2025 von Thomas Fasbender bitte lesen auf<br \/>\n<a href=\"https:\/\/www.berliner-zeitung.de\/politik-gesellschaft\/wider-die-heiligen-kuehe-die-berliner-zeitung-nimmt-die-tabus-auseinander-li.10003588\">https:\/\/www.berliner-zeitung.de\/politik-gesellschaft\/wider-die-heiligen-kuehe-die-berliner-zeitung-nimmt-die-tabus-auseinander-li.10003588<\/a><\/p>\n<p>&nbsp;<\/p>\n<p><strong>Neue Daten: Nur 0,001 Prozent der Bev\u00f6lkerung identifizieren sich als \u201edivers\u201c<\/strong><br \/>\n82.717.312 Menschen leben in Deutschland. Gerade einmal 2.228 von ihnen identifizieren sich weder als Mann noch als Frau. Das berichtet die taz und beruft sich dabei auf Daten des Zensus vom Mai 2022. Von diesen 2.228 Personen machten 1.259 keine n\u00e4heren Angaben zu ihrem Geschlecht. Lediglich 969 Personen in ganz Deutschland bezeichneten sich als \u201edivers\u201c.<br \/>\nNur 0,001522 Prozent der Gesamtbev\u00f6lkerung haben dementsprechend keine Angabe zu ihrem Geschlecht gemacht. Weitere 0,001171 Prozent der Bev\u00f6lkerung bezeichnen sich als divers. Zusammengerechnet identifizieren sich also 0,002693 Prozent der in Deutschland lebenden Menschen weder als Mann noch als Frau.<br \/>\n&#8230; Alles vom 12.7.2024 bitte lesen auf<br \/>\n<a href=\"https:\/\/apollo-news.net\/neue-daten-0001171-prozent-der-bevoelkerung-identifizieren-sich-als-divers\/\">https:\/\/apollo-news.net\/neue-daten-0001171-prozent-der-bevoelkerung-identifizieren-sich-als-divers\/<\/a><\/p>\n<p>&nbsp;<\/p>\n<p><strong>Nur 0,0016 % der Hamburger mit Geschlechtseintag &#8222;divers&#8220;<\/strong><br \/>\nVon 1.945.532 Hamburgern zum 31.12.2022 sind nur 31 diverse Personen (2021 waren es nur 14 Personen). Der prozentuale Anteil der Menschen mit dem Geschlechtseintrag \u201edivers\u201c liegt also bei 0,0016 Prozent.<br \/>\nF\u00fcr diese werden gro\u00dfe Finanzmittel ausgegeben f\u00fcr Verordnungen, Umgestaltung von Vordrucken, Umbau von Toiletten, usw.<br \/>\n&#8230; Alles vom 2.5.2023 bitte lesen auf<br \/>\n<a href=\"https:\/\/www.buergerschaft-hh.de\/parldok\/dokument\/74521\/geschlechterverteilung_in_hamburg_2020.pdf\">https:\/\/www.buergerschaft-hh.de\/parldok\/dokument\/74521\/geschlechterverteilung_in_hamburg_2020.pdf<\/a><\/p>\n<p><a href=\"https:\/\/afd-fraktion-hamburg.de\/wp-content\/uploads\/2023\/05\/22-11652.pdf\">https:\/\/afd-fraktion-hamburg.de\/wp-content\/uploads\/2023\/05\/22-11652.pdf<\/a><\/p>\n<p>&nbsp;<\/p>\n<p><strong>Der woke Imperialismus: Diversity Identit\u00e4tspolitik<\/strong><br \/>\nF\u00fcr Pulitzerpreistr\u00e4ger Chris Hedges ist Diversit\u00e4t, wie sie derzeit insbesondere in den USA auf den Schild gehoben wird, kein Schritt Richtung Emanzipation benachteiligter Gruppen. Im Gegenteil: Einzelne Protagonisten diverser Herkunft m\u00f6gen zwar Aufnahme in alle m\u00f6glichen Institutionen der Gesellschaft finden \u2013 die zutiefst ungerechten Strukturen bleiben aber bestehen, bekommen nur einen netten \u201ebunten\u201c Anstrich. Hedges<br \/>\n<a href=\"https:\/\/www.youtube.com\/watch?v=Vi2ydgTx7DU\">https:\/\/consortiumnews.com\/2023\/02\/06\/chris-hedges-woke-imperialism\/<\/a><br \/>\nist \u00fcberzeugt: Um das zu \u00e4ndern, braucht Diversit\u00e4t eine politische Agenda. \u00dcbersetzung: Susanne Hofmann.<br \/>\nDer brutale Mord an Tyre Nichols durch f\u00fcnf schwarze Polizisten in Memphis, Tennessee, sollte ausreichen, um das Hirngespinst zu zerst\u00e4uben, dass Identit\u00e4tspolitik und Diversit\u00e4t den sozialen, wirtschaftlichen und politischen Verfall der USA aufhalten k\u00f6nnten. Nicht nur, dass die genannten Polizeibeamten schwarz sind. An der Spitze des Polizeikommissariats steht Cerelyn Davis, eine schwarze Frau. All das hat Nichols nicht gerettet, er ist ein weiteres Lynch-Opfer der Polizei.<br \/>\nDie Militaristen, Anh\u00e4nger der Konzernmacht, Oligarchen, Politiker, Akademiker und Medienkonglomerate engagieren sich f\u00fcr Identit\u00e4tspolitik und Diversit\u00e4t, weil sie nichts dazu beitragen, die systemischen Ungerechtigkeiten oder die Gei\u00dfel des permanenten Krieges aus der Welt zu schaffen. Diversit\u00e4t ist ein Werbegag, eine Marke zur Vertuschung der wachsenden sozialen Ungleichheit und imperialen Dummheit. Sie h\u00e4lt die Liberalen und Gebildeten mit einem Pseudoaktivismus in Atem, der nicht nur ineffektiv ist, sondern die Kluft zwischen den Privilegierten und der notleidenden Arbeiterklasse versch\u00e4rft. Die Besitzenden tadeln die Besitzlosen wegen ihrer schlechten Manieren, Rassismus, sprachlicher Insensibilit\u00e4t und Plumpheit und blicken dabei \u00fcber die Wurzeln ihres wirtschaftlichen Elends hinweg. Die Oligarchen reiben sich die H\u00e4nde.<br \/>\n&#8230;<br \/>\nWir leben in einer Art Unternehmenskolonialismus. Die Kr\u00e4fte wei\u00dfer Vorherrschaft, welche die Formen institutionellen und \u00f6konomischen Rassismus geschaffen haben, der daf\u00fcr sorgt, dass die Armen arm bleiben, verbergen sich hinter attraktiven politischen Pers\u00f6nlichkeiten wie Barack Obama, den Cornel West \u201eein schwarzes Maskottchen der Wallstreet\u201c nannte. Diese Gesichter der Diversit\u00e4t werden von der herrschenden Klasse durchleuchtet und ausgew\u00e4hlt. Obama wurde von der Chicago Polizeimaschine, einer der schmutzigsten und korruptesten im Land, herangezogen und gef\u00f6rdert.<br \/>\n&#8230;<br \/>\nIdentit\u00e4tspolitik und Diversit\u00e4t erlauben den Liberalen, sich in s\u00fc\u00dflicher moralischer \u00dcberlegenheit <a href=\"https:\/\/www.youtube.com\/watch?v=Vi2ydgTx7DU\">https:\/\/www.youtube.com\/watch?v=Vi2ydgTx7DU<\/a> zu suhlen, wenn sie jene, die sich nicht an die politisch korrekte Sprache halten, gei\u00dfeln, zensieren und entm\u00fcndigen. Sie sind die neuen Jakobiner. Dieses Spiel verschleiert ihre Passivit\u00e4t angesichts der Ausbeutung durch Konzerne, des Neoliberalismus, des andauernden Krieges und der Beschneidung von B\u00fcrgerrechten. Sie konfrontieren die Institutionen nicht, welche die soziale und \u00f6konomische Ungerechtigkeit orchestrieren. Sie versuchen lediglich, die herrschende Klasse ansprechender aussehen zu lassen.<br \/>\nMit Unterst\u00fctzung der Demokratischen Partei d\u00e4monisieren die liberale Presse, akademische Kreise und die Plattformen der sozialen Medien in Silicon Valley die Opfer des Unternehmer-Staatsstreichs <a href=\"https:\/\/www.youtube.com\/watch?v=e6Cmz9LLTqk\">https:\/\/www.youtube.com\/watch?v=e6Cmz9LLTqk<\/a> und der Deindustrialisierung. Sie schmieden zuvorderst mit jenen politische B\u00fcndnisse, die sich Identit\u00e4tspolitik auf die Fahnen schreiben \u2013 ob es nun die Wallstreet oder das Pentagon ist. Sie sind die n\u00fctzlichen Idioten der Milliard\u00e4rsklasse, moralische Kreuzfahrer, die die Spaltung der Gesellschaft vertiefen, welche die herrschenden Oligarchen bef\u00f6rdern, um die Kontrolle zu behalten.<br \/>\nDiversit\u00e4t ist wichtig. Aber Diversit\u00e4t ohne politische Agenda, die den Unterdr\u00fccker im Namen der Unterdr\u00fcckten bek\u00e4mpft, ist Augenwischerei.<br \/>\n&#8230; Alles vom 12.2.2023 von Chris Hedges bitte lesen auf<br \/>\n<a href=\"https:\/\/www.nachdenkseiten.de\/?p=93651\">https:\/\/www.nachdenkseiten.de\/?p=93651<\/a><\/p>\n<p>&nbsp;<\/p>\n<p><strong>Handbuch f\u00fcr Diversity: Verrat am Qualit\u00e4tsjournalismus<\/strong><br \/>\n<em>Die Identit\u00e4tspolitik rast \u00fcber unser Land. Sie attackiert die Werte einer freien, aufgekl\u00e4rten Gesellschaft, greift mit dem Furor der Ideologie die Bastionen der Wissenschaft und Kultur, der Sprache und der Pressefreiheit an. Nun geht es um Deutschlands Medien. Sie sollen \u201ediverser\u201c werden.<\/em><br \/>\n&#8230;<br \/>\nAm Mittwoch legte der staatlich hoch subventionierte Verein \u201eNeue deutschen Medienmacher*innen\u201c (NDM), <a href=\"https:\/\/neuemedienmacher.de\/\">https:\/\/neuemedienmacher.de\/<\/a>, der sich als Interessenvertretung von \u201eJournalist:innen of Color und Medienschaffende mit Einwanderungsgeschichte\u201c versteht, ein \u201eHandbuch f\u00fcr Diversity\u201c vor. Beklagt wird, dass nur f\u00fcnf bis zehn Prozent der Journalisten in deutschen Medien \u201eeine internationale Familiengeschichte haben\u201c. In manchen Redaktionen seien Wei\u00dfe \u201enoch ganz unter sich\u201c. Die Medienh\u00e4user sollten endlich \u201eDiversity-Daten\u201c erheben, wie es derzeit nur der WDR und die Nachrichtenagentur Reuters t\u00e4ten.<br \/>\n&#8230;<br \/>\nIn der guten alten Zeit der b\u00fcrgerlichen Gesellschaft waren Verleger und Chefredaktionen stolz darauf, dass sie Journalisten gem\u00e4\u00df ihrer Qualifikation und Leistungen einstellten, ungeachtet ihres Geschlechts, ihrer Herkunft, ihres sozialen Hintergrunds, ihrer Religion, Hautfarbe oder Rasse. Heute sollen Medienh\u00e4user sich r\u00fchmen, so die implizite Botschaft des Diversity-Handbuchs, wenn sie Personalentscheidungen nach Hautfarbe, Herkunft und Religion treffen \u2013 das Geschlecht und die sexuelle Orientierung sollen bei der Personalauswahl auch nicht vergessen werden, wird ausdr\u00fccklich betont. Das Elend dieser modernen Ma\u00dfst\u00e4be dominiert schon seit l\u00e4ngerem den politischen und gesellschaftlichen Raum: Politiker werben kaum noch mit den besten Ideen und Programmen, nicht mit den kl\u00fcgsten K\u00f6pfen und qualifiziertesten Teams. Nein, vor allem sind sie stolz, wenn sie Frauen oder Angeh\u00f6rige irgendeiner ethnischen oder sexuellen Minderheit in Spitzenpositionen hieven.<br \/>\n&#8230;.<br \/>\nDie Apologeten der Identit\u00e4tspolitik und die K\u00e4mpfer gegen den \u201estrukturellen Rassismus\u201c definieren von vornherein, dass Wissenschaftler, K\u00fcnstler oder Journalisten gar kein akkurates Bild von Welten liefern k\u00f6nnen, denen sie nicht entstammen. Also k\u00f6nne kein Wei\u00dfer angemessen \u00fcber \u201epeople of color\u201c berichten, kein englischer Wissenschaftler objektiv \u00fcber die Kolonialgeschichte forschen, keine wei\u00dfe Autorin Texte einer schwarzen Dichterin \u00fcbersetzen. Man muss \u201ebetroffen sein\u201c,<br \/>\n<a href=\"https:\/\/www.welt.de\/politik\/deutschland\/plus207044985\/Journalistin-Ferda-Ataman-Antirassismus-als-Geschaeftsmodell.html\">https:\/\/www.welt.de\/politik\/deutschland\/plus207044985\/Journalistin-Ferda-Ataman-Antirassismus-als-Geschaeftsmodell.html<\/a> , um sich \u00e4u\u00dfern zu d\u00fcrfen.<br \/>\n&#8230;.<br \/>\nDie Diversity-Vorstellungen der NDM bedeuten einen doppelten Verrat an den Grunds\u00e4tzen des guten Journalismus, der in erster Linie dem Ideal verpflichtet ist, ein m\u00f6glichst objektives Bild der Welt zu vermitteln. Diese Ideologie bestreitet von Vorneherein, dass ein umfassend gebildeter, journalistisch gut ausgebildeter, kritischer und selbstkritischer Kopf \u00fcberhaupt in der Lage ist, \u00fcber seinen ethnischen, religi\u00f6sen oder kulturellen Tellerrand hinweg zu blicken. Kurz: es gibt keinen guten Journalismus. Identit\u00e4t definiert die Arbeit.<br \/>\nDie NDM-Journalistin Hadija Haruna-Oelker glaubt, dass eine diverse Zusammensetzung in den Medienh\u00e4usern einen \u201eanderen Blick auf die Themen- oder G\u00e4steauswahl\u201c mit sich bringe. Dies h\u00e4nge \u201emit der Sozialisation von Menschen mit Diversit\u00e4tsmerkmalen zusammen\u201c. Dieses deterministische, sehr schlichte Denken f\u00fchrt zum einen zu einem entsprechenden Verhalten eines jungen Journalisten, der glaubt, v\u00f6llig zu Recht Sichtweisen und Interessen vertreten zu d\u00fcrfen; andererseits gibt es in den Redaktionen die Erwartung, dass die Betroffenen am besten \u00fcber ihr Milieu berichten k\u00f6nnen.<br \/>\nDabei ist eher das Gegenteil der Fall: die beste Grundlage f\u00fcr eine gute Berichterstattung ist Distanz und eben nicht pers\u00f6nliche Betroffenheit. Es ist fatal, wenn beispielsweise eine Nachrichtenagentur, die auf ihre Unabh\u00e4ngigkeit gr\u00f6\u00dften Wert legt, einer Frau mit pal\u00e4stinensischen Wurzeln Verantwortung f\u00fcr die Nahost- und Israel-Berichterstattung gibt.<br \/>\n&#8230;<br \/>\nDer neue NDM-Angriff auf die Unabh\u00e4ngigkeit des Journalismus f\u00fcgt sich in der Tat nahtlos ein in die Besch\u00e4digung der Demokratie und den Abbau von Freiheitsrechten durch \u201eCancel Culture\u201c, \u201egendergerechte Sprache\u201c und Zensurma\u00dfnahmen im Netz, die mit dem Kampf gegen Hassrede und Rechtsradikalismus begr\u00fcndet werden.<br \/>\n&#8230; Alles vom 18.3.2021 bitte lesen auf<br \/>\n<a href=\"https:\/\/www.tichyseinblick.de\/meinungen\/mehr-diversitaet-in-den-medien-ein-verrat-am-qualitaetsjournalismus\/\">https:\/\/www.tichyseinblick.de\/meinungen\/mehr-diversitaet-in-den-medien-ein-verrat-am-qualitaetsjournalismus\/<\/a><br \/>\n.<br \/>\nEinige Kommentare:<br \/>\n<strong>Mal logisch gedacht: wenn jetzt mehr Ausl\u00e4nder in die Redaktionsstuben<\/strong><br \/>\nhinein sollen, aber die Zahl der Redaktionen bleibt gleich oder sinkt gar, wer muss denn dann die Redaktionen verlassen? Und das soll kein Rassismus sein?<br \/>\n19.3.2021, Kun,TO<\/p>\n<p><strong>Wenn das mal alles und \u00fcberall durchgequotelt wird,<\/strong><br \/>\ndann werden die Gruppen die zuerst nach Quoten geschrien haben, ganz schnell die Gekniffenen sein und vom Futtertrog verdr\u00e4ngt werden, bevor sie rangekommen sind. Aber ich bin mal gespannt, ob auch wirklich durchgequotelt wird und die jungen Frauen die besseren Quotenjobs auch wirklich mit Hassan und Aischa teilen wollen. W\u00e4r ja voll rassistisch, wenn nicht.<br \/>\n19.3.2021,W.M.<\/p>\n<p><strong>Wann steht der \u201enormale\u201c Journalist auf<\/strong><br \/>\nund geht f\u00fcr seine Rechte auf die Barrikaden? Wenn sie weggegenderd, weggequotet sind, wird es zu sp\u00e4t sein. Genau wie bei den RRG Frauen, die die Methoden des Islams so gut finden, erst wenn denen aus religi\u00f6sen Gr\u00fcnden der Mund und nicht nur das verboten wird, werden sie merken, es ist zu sp\u00e4t um noch etwas zu \u00e4ndern.<br \/>\n19.3.2021, Wyd<\/p>\n<p><strong>H\u00f6ren Sie sich einmal Hannah Arendts Aussagen an zu Akademikern<\/strong><br \/>\nim Nationalsozialismus. Gerade (!) die Gebildeten sind in der Lage, sich die Wahrheit der irrsten geistigen Konstrukte einzureden. Otto Normalb\u00fcrger vertraut auf sein Stammhirn, und das sagt ihm grob, was funktioniert und was nicht.<br \/>\n19.3.2021,J.B.<\/p>\n<p><strong>&#8230; von den Medien gef\u00f6rderter Unterwanderung dieser Gesellschaft<\/strong><br \/>\nAlle die hier aufgezeigten Fakten f\u00fchren bewusst und konkret zu einer von der Politik aber auch den Medien gef\u00f6rderten Unterwanderung dieser Gesellschaft, die eindeutig zum Ziel hat, diese ehemalige Wertegemeinschaft f\u00fcr immer zu ver\u00e4ndern, nein das reicht, diese zu zerst\u00f6ren. Dieses Zerst\u00f6rungswerk auch an dieser Front hat l\u00e4ngst, f\u00fcr die meisten Deutschen eher unbemerkt, begonnen. Ein Zur\u00fcckdr\u00e4ngen dieser Entwicklung w\u00e4re eine Aufgabe aller Deutschen, wird es aber definitiv nicht geben. Die Deutschen haben sich und dieses Land l\u00e4ngst aufgegeben!<br \/>\n18.3.2021, Bis<br \/>\n.<br \/>\n<strong>90% der T\u00fcrken lesen immer noch die Sabah oder T\u00fcrkiye<\/strong><br \/>\nDa w\u00e4re zun\u00e4chst mal die Frage, welcher \u201eNeu Hinzugekommene\u201c liest \u00fcberhaupt unsere Qualit\u00e4tsmedien, die SZ, Zeit, Spiegel etc. etc. Ich w\u00fcrde sagen, 90% der schon sehr viel l\u00e4nger hier lebenden T\u00fcrken lesen immer noch die Sabah oder T\u00fcrkiye. Ob sich deren Redaktionen um irgendwelche diversen Themen k\u00fcmmern, da bin ich mir nicht so sicher. Im \u00dcbrigen sollte sich eine Zeitung danach richten, welche Leserschaft ihre Zeitung liest. Und wenn sich herausstellt, dass eine bestimmte Gruppe eine bestimmte Zeitschrift verst\u00e4rkt liest, dann wird sich diese Zeitschrift auch ohne staatliches Anschubsen Redakteure sichern, die diese Klientel bedienen k\u00f6nnen. z.B. wird eine Zeitschrift f\u00fcr PoC \u00fcberwiegend farbige Redakteure einstellen und wird sich in keinster Weise an irgendeine Quote halten, die sich an der prozentualen Verteilung der Bev\u00f6lkerung orientiert. Und eine Motorsport-Zeitung wird halt haupts\u00e4chlich von M\u00e4nnern f\u00fcr M\u00e4nner gemacht. Ja, ich weiss, es gibt auch motorsportbegeisterte Frauen; Allein diese wenigen Beispiele zeigen den realit\u00e4tsfernen Irrsinn dieser uns\u00e4glichen Politik.<br \/>\n18.3.2021,W.G.<br \/>\n.<br \/>\n<strong>Das geschriebene, gesprochene Wort verliert zunehmend an Bedeutung\u2026<\/strong><br \/>\ndie Tatsachen sprechen daf\u00fcr immer lauter f\u00fcr sich selbst. Ich kenne niemanden, der sich aus den \u00d6R informiert oder den Qualit\u00e4tsmedien irgendetwas glaubt, au\u00dfer den Wetterbericht \u2013 und oft noch nicht mal den.<br \/>\n18.3.2021, Dal<\/p>\n<p><strong>Das Sch\u00f6ne an dieser \u201eVision\u201c ist, da\u00df es dann endlich die Richtigen trifft,<\/strong> wenn der biodeutsche Gutmensch seinen Arbeitsplatz r\u00e4umen mu\u00df oder keinen erh\u00e4lt, weil die identit\u00e4tspolitisch richtigen Anw\u00e4rter an ihm vorbeiziehen. Seine linksgr\u00fcne Diversity-Propaganda darf er dann rein ehrenamtlich verbreiten. Und kluge B\u00fcrger werden sich den ideologischen Hervorbringungen ohnehin entziehen.<br \/>\n18.3.2021, ima<\/p>\n<p><strong>Warum wollen alle nach D?<\/strong><br \/>\nIch frage mich st\u00e4ndig, aus welchem Grund D nach wie vor Top-Destination f\u00fcr Migranten jeglicher Herkunft (meist ohne Nutzen f\u00fcr D) ist. Angeblich ist hier doch alles Nazi und doof und die Herkunftskulturen sind doch soooooo wundervoll.<br \/>\n18.3.2021, Auc<\/p>\n<p><strong>Diversity: Quote GEGEN Meinungsvielfalt<\/strong><br \/>\nDas Einzige, von dem unsere Vielfaltspinsel gar nichts halten, ist die Meinungsvielfalt. Die Bestrebungen auch noch der kleinsten Minderheit einen bevorzugten Platz in unserer Gesellschaft zu reservieren, kollidiert zwangsl\u00e4ufig mit dem Demokratieprinzip. Der Schutz von Minderheiten ist vornehmste Aufgabe jedes freiheitlich demokratischen Rechtsstaates. Aber darum geht es hier schon lange nicht mehr. Hier sollen Minderheiten nicht gesch\u00fctzt sondern privilegiert werden. Die so genannten \u201eNormalen\u201c, die sich zweifelsohne immer noch in der Mehrheit befinden, werden pauschal als \u201eKartoffeln\u201c geschm\u00e4ht. Jeder, der nicht \u00fcber die Daseinsveredelung eines Migrationshintergrundes verf\u00fcgt, wird sehr bald in vielen Bereichen ins Hintertreffen geraten. Leistungsprinzip war gestern, heute gilt die Quote.<br \/>\nSo werden Ressentiments gesch\u00fcrt und wenn sie dann vermehrt bei den schon l\u00e4nger hier Lebenden auftreten, hat man ja die Best\u00e4tigung f\u00fcr die angeblichen Vorurteile gegen\u00fcber den Minderheiten. Die Mehrheitsgesellschaft, die weder in den Medien noch in irgendwelchen Partieprogrammen noch vorkommt, wird zur vernachl\u00e4ssigbaren Minderheit erkl\u00e4rt. Man wird sehen, ob das dauerhaft gut geht. Die SPD, die ja immer noch dem Aberglauben anh\u00e4ngt, dass die Summe aller Minderheiten eine Mehrheit ergibt, ist die erste der Altparteien, die einen Preis f\u00fcr ihre verfehlte Politik bezahlen muss. Andere, vor allem die CDU, werden folgen. Ob die Diversity-Wellenreiter von den Gr\u00fcnen dauerhaft auf dem Wellenkamm weitersurfen werden, wird sich<br \/>\n18.3.2021, J.SCH.,TO<br \/>\n.<br \/>\n<strong>Der einzige Bereich, in dem mehr Diversit\u00e4t n\u00f6tig w\u00e4re,<\/strong><br \/>\nist das Meinungsspektrum.<br \/>\nEine Quotierung der Mitarbeiter (*innen) nach irgendeiner festgelegten Gruppenzugeh\u00f6rigkeit endet in einer Mischung aus barockem St\u00e4ndestaat und indischem Kastenwesen.<br \/>\n18.3.2021, V.C.<\/p>\n<p><strong>Es dauerte Jahrhunderte, bis bei uns nicht mehr die Macht,<br \/>\n<\/strong>die Privilegien und der D\u00fcnkel des Adels, der Kirchen und der St\u00e4nde das Schicksal jedes einzelnen je nach Geburt bestimmten, sondern einzig und allein seine F\u00e4higkeiten und seine Leistungen.\u201c \u2013&gt; Das Leistungsprinzip ist der gr\u00f6\u00dfte Feind der Linksgr\u00fcnen. Ginge es n\u00e4mlich danach, w\u00fcrden die meisten von ihnen bestenfalls Hartz IV kassieren. Mit ihre L\u00fcgenm\u00e4rchen (= Narrativen) von \u201estrukturellem Rassismus\u201c etc. wollen sich die woken Nichtleister die Gesellschaft gew\u00f6hnlichen Verbrechern gleich erpressen, um nicht verdiente \u201eTeilhabe\u201c f\u00fcr sich zu erzwingen. Diese Leute sind ordin\u00e4re Asoziale, die nichts gebacken bekommen, was ihnen andere freiwillig abkaufen. Deshalb wollen sie parasit\u00e4r auf Kosten der anderen \u201egleich\u201c leben. Das ist ihr einziger Antrieb.<br \/>\n\u201eUm die hehren Ziele der Emanzipation durchzusetzen, ignorierten selbst liberale und konservative Frauenverb\u00e4nde, dass daf\u00fcr sowohl die Leistungsf\u00e4higkeit als auch der individuelle Wille notwendig sind \u2013 sonst drohen leistungsschwache, wenig engagierte Personen, wichtige \u00c4mter zu besetzen.\u201c \u2013&gt; Ein Blinder mit Kr\u00fcckstock kann sehen, wo der Emanzipationsexzess hingef\u00fchrt hat. Allenthalben verstopfen ideologisch verbelndete Weiber, die die Welt verbessern wollen, das System an den entscheidenden Stellen. Auch die vielen, vielen Frauen, die mit diesen Emanzen nichts gemein haben und t\u00e4glich ganz normal \u201eihre Frau stehen\u201c, leiden darunter. Es ist h\u00f6chste Zeit f\u00fcr ein Gro\u00dfreinemachen. Ich sage dazu nur: der Staatbankrott wird\u2019s richten.<br \/>\n18.3.2021, ST.B.<\/p>\n<p><strong>\u201eElite als Kombination aus Quote und Peter-Prinzip<\/strong><br \/>\nBei den deutschen Medien kommt es doch nun wirklich nicht mehr auf solche Dinge an. Ob die nun mit 30% Migrantenanteil unleserliche Propaganda machen oder nicht, ist doch egal. Letztlich ist das nur ein Mosaiksteinchen mehr auf dem Weg nach unten. Die verweiblichten Gesellschaften sollen ruhig noch ein paar Jahre meinen, da\u00df sie ganz doll viel erreicht h\u00e4tten.<br \/>\nDann wird f\u00fcr die der Schock umso heftiger, denn lange wird das nicht andauern. Eine \u201eElite\u201c, die durch eine Kombination aus Quote und Peter-Prinzip entstanden ist, wird den Abstieg noch stark beschleunigen. Das ist der Schubs auf der seifigen Rutschbahn.<br \/>\n18.3.2021,Mon<br \/>\nEndeKommentare<br \/>\n.<br \/>\n.<br \/>\n<strong>Neue Deutsche Medienmacher fordern Diversit\u00e4t, aber f\u00f6rdern Einfalt<\/strong><br \/>\nVon wegen Vielalt<br \/>\nMit einem \u00abDiversity-Guide\u00bb will der Verein Neue Deutsche Medienmacher den Medien erkl\u00e4ren, was sie zum \u00dcberleben brauchen. Dabei geht es keineswegs um die Vielfalt der Meinungen: Die Fixierung auf Hautfarbe, Herkunft und Geschlecht beschneidet vielmehr die Freiheit, die Demokratie und die Unabh\u00e4ngigkeit des Journalismus.<br \/>\n\u00abEs ist eine Weltpremiere\u00bb, sagt die Journalistin Ferda Ataman, als sie an diesem Mittwoch den \u00abDiversity-Guide\u00bb ihres Vereins vorstellt. Die Neuen Deutschen Medienmacher wollen deutschen Medienh\u00e4usern mit Anleitungen und Checklisten unter die Arme greifen.<br \/>\nSchliesslich steige der Anteil von Menschen mit Migrationshintergrund in der Gesellschaft, im Journalismus werde dies allerdings noch nicht hinreichend abgebildet. \u00abUnser Vorschlag: eine 30-Prozent-Quote f\u00fcr Journalist:innen aus Einwandererfamilien, f\u00fcr Schwarze Journalist:innen und Medienschaffende of Color\u00bb, ist in den Presseunterlagen zum Handbuch zu lesen.<br \/>\n&#8230; Alles vom 18.3.2021 von Anna Schneider bitte lesen auf<br \/>\n<a href=\"https:\/\/www.nzz.ch\/international\/wie-die-neuen-deutschen-medienmacher-einfalt-foerdern-ld.1607156\">https:\/\/www.nzz.ch\/international\/wie-die-neuen-deutschen-medienmacher-einfalt-foerdern-ld.1607156<\/a><\/p>\n<p>&nbsp;<\/p>\n<p>&nbsp;<\/p>\n","protected":false},"excerpt":{"rendered":"<p>Home\u00a0&gt;Kultur\u00a0&gt;Medien\u00a0&gt;Meinungsfreiheit &gt;Medienvielfalt &gt;Diversity Listenauswahl eines Beitrags (Artikel\/Datum, Seite\/Inhalt):\u00a0Klicken\u00a0oder scrollen Diversit\u00e4t am praktischen Beispiel: Montenegriner Gambier Pakistani Syrer Serbe (23,1,2026) Wie viel gesellschaftliche Heterogenit\u00e4t vertragen wir? (4.11.2025) Klonovsky: Alles f\u00fcr Buntland \u2013 Acta Diurna 2022-2023 (5.6.2025) Neue Daten: Nur 0,001 Prozent &hellip; <a href=\"https:\/\/www.freiburg-schwarzwald.de\/blog\/kultur\/medien\/diversity\/\">Weiterlesen <span class=\"meta-nav\">&rarr;<\/span><\/a><\/p>\n","protected":false},"author":2,"featured_media":0,"parent":678,"menu_order":0,"comment_status":"closed","ping_status":"closed","template":"","meta":{"footnotes":""},"class_list":["post-88949","page","type-page","status-publish","hentry"],"_links":{"self":[{"href":"https:\/\/www.freiburg-schwarzwald.de\/blog\/wp-json\/wp\/v2\/pages\/88949","targetHints":{"allow":["GET"]}}],"collection":[{"href":"https:\/\/www.freiburg-schwarzwald.de\/blog\/wp-json\/wp\/v2\/pages"}],"about":[{"href":"https:\/\/www.freiburg-schwarzwald.de\/blog\/wp-json\/wp\/v2\/types\/page"}],"author":[{"embeddable":true,"href":"https:\/\/www.freiburg-schwarzwald.de\/blog\/wp-json\/wp\/v2\/users\/2"}],"replies":[{"embeddable":true,"href":"https:\/\/www.freiburg-schwarzwald.de\/blog\/wp-json\/wp\/v2\/comments?post=88949"}],"version-history":[{"count":5,"href":"https:\/\/www.freiburg-schwarzwald.de\/blog\/wp-json\/wp\/v2\/pages\/88949\/revisions"}],"predecessor-version":[{"id":144695,"href":"https:\/\/www.freiburg-schwarzwald.de\/blog\/wp-json\/wp\/v2\/pages\/88949\/revisions\/144695"}],"up":[{"embeddable":true,"href":"https:\/\/www.freiburg-schwarzwald.de\/blog\/wp-json\/wp\/v2\/pages\/678"}],"wp:attachment":[{"href":"https:\/\/www.freiburg-schwarzwald.de\/blog\/wp-json\/wp\/v2\/media?parent=88949"}],"curies":[{"name":"wp","href":"https:\/\/api.w.org\/{rel}","templated":true}]}}