{"id":88910,"date":"2021-03-19T12:10:03","date_gmt":"2021-03-19T11:10:03","guid":{"rendered":"https:\/\/www.freiburg-schwarzwald.de\/blog\/?page_id=88910"},"modified":"2025-10-17T13:44:27","modified_gmt":"2025-10-17T11:44:27","slug":"holzhaus","status":"publish","type":"page","link":"https:\/\/www.freiburg-schwarzwald.de\/blog\/business\/dienste\/immobilien\/holzhaus\/","title":{"rendered":"Holzhaus"},"content":{"rendered":"<p>Home &gt;<a title=\"Soziales\" href=\"https:\/\/www.freiburg-schwarzwald.de\/blog\/selbsthilfe\/soziales\/\">Soziales<\/a>\u00a0&gt;<a title=\"Dienste\" href=\"https:\/\/www.freiburg-schwarzwald.de\/blog\/business\/dienste\/\">Dienste<\/a>\u00a0&gt;<a title=\"Immobilien\" href=\"https:\/\/www.freiburg-schwarzwald.de\/blog\/business\/dienste\/immobilien\/\">Immobilien<\/a> &gt;<a href=\"https:\/\/www.freiburg-schwarzwald.de\/blog\/business\/dienste\/immobilien\/passivhochhaus\/\">Passivhochhaus<\/a> &gt;Holzhaus<\/p>\n<div id=\"attachment_57009\" style=\"width: 649px\" class=\"wp-caption alignnone\"><a href=\"https:\/\/www.freiburg-schwarzwald.de\/blog\/wp-content\/uploads\/2014\/12\/kartaus-bauernhof-pan151021.jpg\"><img loading=\"lazy\" decoding=\"async\" aria-describedby=\"caption-attachment-57009\" class=\"size-full wp-image-57009\" src=\"https:\/\/www.freiburg-schwarzwald.de\/blog\/wp-content\/uploads\/2014\/12\/kartaus-bauernhof-pan151021.jpg\" alt=\"\" width=\"639\" height=\"251\" srcset=\"https:\/\/www.freiburg-schwarzwald.de\/blog\/wp-content\/uploads\/2014\/12\/kartaus-bauernhof-pan151021.jpg 639w, https:\/\/www.freiburg-schwarzwald.de\/blog\/wp-content\/uploads\/2014\/12\/kartaus-bauernhof-pan151021-180x70.jpg 180w\" sizes=\"auto, (max-width: 639px) 100vw, 639px\" \/><\/a><p id=\"caption-attachment-57009\" class=\"wp-caption-text\"><a href=\"https:\/\/www.freiburg-schwarzwald.de\/blog\/sanierung-meierhof-kartaus\/\">Bauernhof<\/a> an der Kartaus in Freiburg am 21.10.2015<\/p><\/div>\n<ul>\n<li><em>Listenauswahl eines Beitrags (Artikel\/Datum, Seite\/Inhalt):\u00a0<span style=\"text-decoration: underline;\">Klicken<\/span>\u00a0oder scrollen<\/em><\/li>\n<li><a href=\"https:\/\/www.freiburg-schwarzwald.de\/blog\/agrikulturfestival-freiburg-2025\/\">Agrikulturfestival 2025 im Eschholzpark<\/a>\u00a0(6.7.2025)<\/li>\n<li><a href=\"https:\/\/www.freiburg-schwarzwald.de\/blog\/energie\/solar\/photovoltaik\/\">PV-Anlage auf vorgebauter Schr\u00e4gwand \u2013 Elektro Ritter<\/a>\u00a0(24.2.2024)<\/li>\n<li><a href=\"https:\/\/www.freiburg-schwarzwald.de\/blog\/kita-zarten-12-eckiger-holzbau\/\">Kita Zarten 12-eckiger Holzbau<\/a>\u00a0(4.2.2024)<\/li>\n<li><a href=\"https:\/\/www.freiburg-schwarzwald.de\/blog\/engagement\/vorschriften\/\">Vorschriften verhindern pers\u00f6nliches Engagement<\/a>\u00a0(22.2.2023)<\/li>\n<li><a href=\"https:\/\/www.freiburg-schwarzwald.de\/blog\/bruggaa-gasthaus-aus-holz-pur\/\">Bruggaa: Gasthaus aus Holz pur<\/a>\u00a0(14.12.2022)<\/li>\n<li><a href=\"https:\/\/www.freiburg-schwarzwald.de\/blog\/natur\/flora\/hanf\/\">Schallstadter G\u00e4rtnerei Urban plant Neubau aus Hanfkalk in Wyhl<\/a>\u00a0(30.5.2022)<\/li>\n<li><a href=\"https:\/\/www.freiburg-schwarzwald.de\/blog\/business\/handwerk\/holzbau\/\">Holz-Fertighaus als Doppelhaus stellen<\/a> (23.1.2022)<\/li>\n<li><a href=\"https:\/\/www.freiburg-schwarzwald.de\/blog\/business\/dienste\/immobilien\/hausbegruenung\/\">Vertiko \u2013 Unternehmen f\u00fcr Vertikalbegr\u00fcnungskonzepte im Dreisamtal<\/a>\u00a0(12.1.2022)<\/li>\n<li><a href=\"https:\/\/www.freiburg-schwarzwald.de\/blog\/business\/dienste\/immobilien\/holzhaus\/tiny-house\/\">Minimalismus \u2013 Tiny Houses von Johannes Mager in Kirchzarten<\/a> (16.9.2021)<\/li>\n<li><a href=\"https:\/\/www.freiburg-schwarzwald.de\/blog\/business\/handwerk\/holzbau\/\">K\u00e4ferholz als preiswerte Alternative im Hausbau<\/a>\u00a0(13.7.2021)<\/li>\n<li>Buggi52 &#8211; Achtgeschossiges Wohnhaus aus Holz in FR-Weingarten (19.3.2021)<\/li>\n<li>Staufenwohnen: Bezahlbar dank innovativem Holzbau (17.3.2021)<\/li>\n<li><a href=\"https:\/\/www.freiburg-schwarzwald.de\/blog\/bauwerk-schwarzwaldhof\/\">Bauwerk Schwarzwaldhof<\/a>\u00a0(21.8.2019)<\/li>\n<li><\/li>\n<li><a href=\"https:\/\/www.freiburg-schwarzwald.de\/littenweiler\/bau.htm\">Bau, Bauunternehmen<\/a>\u00a0&gt;Bau<\/li>\n<\/ul>\n<ul>\n<li><a href=\"https:\/\/www.freiburg-schwarzwald.de\/littenweiler\/dachausbau.htm\">Dachausbau \u2013 Energetische Sanierung<\/a>\u00a0&gt;Dachausbau<\/li>\n<li><a title=\"Dachsanierung\" href=\"https:\/\/www.freiburg-schwarzwald.de\/blog\/business\/handwerk\/dachsanierung\/\">Dachsanierung<\/a><\/li>\n<li><a href=\"https:\/\/www.freiburg-schwarzwald.de\/forst.htm\">Forstbetriebe, Waldarbeiten<\/a>\u00a0&gt;Forst<\/li>\n<li><a title=\"Gutleutmatten\" href=\"https:\/\/www.freiburg-schwarzwald.de\/blog\/regio\/freiburg\/haslach\/gutleutmatten\/\">Gutleutmatten Reihenh\u00e4user Holzbau<\/a><\/li>\n<li><a href=\"https:\/\/www.freiburg-schwarzwald.de\/blog\/business\/dienste\/immobilien\/hausbegruenung\/\">Hausbegr\u00fcnung<\/a><\/li>\n<li><a title=\"Holz\" href=\"https:\/\/www.freiburg-schwarzwald.de\/blog\/energie\/biomasse\/holz\/\">Holz<\/a><\/li>\n<li><a href=\"https:\/\/www.freiburg-schwarzwald.de\/blog\/business\/handwerk\/holzbau\/\">Holzbau<\/a><\/li>\n<li><a href=\"https:\/\/www.freiburg-schwarzwald.de\/blog\/business\/dienste\/immobilien\/passivhochhaus\/\">Passivhochhaus<\/a><\/li>\n<li><a href=\"https:\/\/www.freiburg-schwarzwald.de\/sagewerke.htm\">S\u00e4gen und S\u00e4gewerke<\/a>\u00a0&gt;Saegewerke<\/li>\n<li><a title=\"Schreiner\" href=\"https:\/\/www.freiburg-schwarzwald.de\/blog\/business\/handwerk\/schreiner\/\">zur \u201eSchreiner\u201c-Seite<\/a>\u00a0&gt;Schreiner<\/li>\n<li><a title=\"Sutter3KG\" href=\"https:\/\/www.freiburg-schwarzwald.de\/blog\/business\/dienste\/immobilien\/sutter3kg\/\">Sutter3KG<\/a><\/li>\n<li><a href=\"https:\/\/www.freiburg-schwarzwald.de\/blog\/business\/dienste\/immobilien\/holzhaus\/tiny-house\/\">Tiny Houses<\/a><\/li>\n<li><a href=\"https:\/\/www.freiburg-schwarzwald.de\/blog\/engagement\/vorschriften\/\">Vorschriften<\/a><\/li>\n<li><a title=\"Walmdach\" href=\"https:\/\/www.freiburg-schwarzwald.de\/blog\/business\/handwerk\/walmdach\/\">Walmdach energetisch sanieren<\/a><\/li>\n<li><a href=\"https:\/\/www.freiburg-schwarzwald.de\/schwarzwald.htm#Weisstanne%20-%20Forum%20Weisstanne\">Weisstanne \u2013 Forum Weisstanne<\/a>\u00a0&gt;Schwarzwald<\/li>\n<li><a title=\"Zimmerei\" href=\"https:\/\/www.freiburg-schwarzwald.de\/blog\/business\/handwerk\/zimmerei\/\">Zimmerei<\/a>\u00a0&gt;Zimmerei<\/li>\n<\/ul>\n<p>&nbsp;<\/p>\n<p>&nbsp;<\/p>\n<p><strong>Buggi25 &#8211; Achtgeschossiges Wohnhaus aus Holz in FR-Weingarten<\/strong><br \/>\nNaturpark S\u00fcdschwarzwald wirbt f\u00fcr das Bauen mit Holz. Es gibt einzelne Vorzeigeprojekte und die Klimadebatte spricht f\u00fcr das Holz, aber richtig voran geht es nach Einsch\u00e4tzung von Experten nicht.<br \/>\nEigentlich m\u00fcsste der Bau von H\u00e4usern aus Holz boomen. Denn nicht nur im Schwarzwald wartet wegen der Borkenk\u00e4ferplage viel Holz auf eine nachhaltige Verwertung. Doch auch wenn es einzelne Vorzeigeprojekte gibt und die aktuelle Klimadebatte f\u00fcr dieses Baumaterial spricht &#8211; so richtig geht es nach Einsch\u00e4tzung von Experten nicht voran. Die Gr\u00fcnde: Den Bauherren fehle es oft an Mut, den Baubeh\u00f6rden an Wissen &#8211; und derzeit auch an Holz.<br \/>\n&#8222;Von einem Durchbruch sind wir noch weit entfernt&#8220;, sagt Roland Sch\u00f6ttle, Gesch\u00e4ftsf\u00fchrer des Naturparks S\u00fcdschwarzwald, mit Blick auf Mehrfamilienh\u00e4user in Holz. Seine Organisation hat sich die Hebung der regionalen Baukultur auf die Fahnen geschrieben und mit &#8222;Bauwerk Schwarzwald&#8220; eine Organisation auf die Beine gestellt, die unter anderem f\u00fcr das Bauen mit Holz werben soll. Daf\u00fcr, so Sch\u00f6ttle, &#8222;brauchen wir gerade im Mehrgeschossbau die Sichtbarkeit erfolgreicher Vorhaben&#8220;.<br \/>\n.<br \/>\nDerzeit entsteht ein solches sehr sichtbares Geb\u00e4ude \u2013 freilich in Freiburg: Im Stadtteil Weingarten reckt sich bald ein achtgeschossiges Wohnhaus, liebevoll <a href=\"https:\/\/www.freiburg-schwarzwald.de\/blog\/business\/dienste\/immobilien\/passivhochhaus\/\">&#8222;Buggi 52&#8220;<\/a> genannt, in die H\u00f6he, in dem selbst der Aufzugschacht aus Holz ist. Normalerweise ist dieser Schacht zusammen mit dem Nottreppenhaus das angeblich unentbehrliche Minimum an Beton, was in einem Holzgeb\u00e4ude wegen der Feuersicherheit von Bau\u00e4mtern f\u00fcr n\u00f6tig erachtet wird.<br \/>\n&#8222;Buggi 52&#8220; soll deshalb als bautechnisches Vorzeigeprojekt auch andere kommunale Bau\u00e4mter davon \u00fcberzeugen, was trotz aller Bedenken wegen Brandgefahr oder schlechter Akustik mit dem Baustoff Holz m\u00f6glich ist. &#8222;Mehr Mut&#8220;, das brauche es bei den Beh\u00f6rden, sagt auch Diana Wiedemann, Architektin in Freiburg und Sprecherin von &#8222;Bauwerk Schwarzwald&#8220;.<br \/>\nBei Einfamilienh\u00e4usern aus Holz gibt es da zumeist keinerlei Bedenken mehr: Gut 40 Prozent der neuen Eigenheime entstehen inzwischen im Schwarzwald aus dem heimischen Baumaterial, im Landkreis Waldshut sind es sogar 60 Prozent. Dass man diesen hohen Anteil in Siedlungen nicht gleich sieht, liegt an der gro\u00dfen Zahl von Fertigh\u00e4usern: Deren Bauteile sind zwar aus Holz, aber das verschwindet hinter der Putzfassade. Daran sto\u00dfen sich nur echte Holzarchitekturliebhaber, nicht aber Klima- und Umweltsch\u00fctzer. Stefan Kudermann von der in Bernau ans\u00e4ssigen Firma Bruno Kaiser, die auch &#8222;Buggi 52&#8220; aus Holzmodulen errichtet, nennt den Grund: &#8222;Holzh\u00e4user verbrauchen weniger Baumaterial und Energie als konventionelle H\u00e4user.&#8220;<\/p>\n<p>Doch bei mehrgeschossigen Bauten geben sich die Genehmigungsbeh\u00f6rden oft z\u00f6gerlich und bremsen die Planer. Denn es gibt noch nicht in ausreichender Zahl einschl\u00e4gige, als bew\u00e4hrt geltende Sicherheitsnormen, die man hinsichtlich Brandschutz gleichsam blind anwenden k\u00f6nnte \u2013 obwohl Holz einem Feuer l\u00e4nger Widerstand leisten kann als etwa Stahl. So w\u00e4re wissenschaftliche Forschung und Unterst\u00fctzung n\u00f6tig, um in Brandversuchen die Feuerwehr von der ausreichend langen Standsicherheit einer Holzkonstruktion zu \u00fcberzeugen und entsprechende Schulungen der Bauamtsmitarbeiter anzubieten, um ihnen die richtigen Kriterien zur Beurteilung solcher Geb\u00e4ude an die Hand zu geben.<br \/>\nDoch die Holzbauindustrie ist mittelst\u00e4ndisch organisiert \u2013 mit ihren 120 Mitarbeitern geh\u00f6rt etwa die Firma Bruno Kaiser schon zu den Gro\u00dfen in dieser Branche: Deshalb hat sie es auch im Schwarzwald schwer, f\u00fcr ihre etwas gr\u00f6\u00dferen Projekte zu argumentieren. Auch die Trittschall\u00fcbertragung, in \u00e4lteren Holzbauten oft ein St\u00f6rfaktor, l\u00e4sst sich heute mit vorgefertigten Akustikholzdecken in den Griff bekommen.<br \/>\nNun ist es freilich nicht so, dass es keine Erfahrung und kein Anschauungsmaterial in Sachen Holzbau in der Region g\u00e4be. Eine Publikation aus dem Jahr 2020 f\u00fchrt allein 100 Projekte auf &#8211; ausgew\u00e4hlt aus 300 in S\u00fcdbaden. Und es gibt, das sagt auch Sch\u00f6ttle, schon eine ganze Reihe von &#8222;Leuchtturmprojekten&#8220;, allerdings noch eher im Hotel- und Gewerbebau. Gro\u00dfe Wohnbauten wie das viergeschossige Seniorenwohnheim in Breitnau sind dagegen noch die Ausnahme.<br \/>\n.<br \/>\nDas alles hat seine Ursachen auch in anderen Bereichen: Obwohl wegen des Borkenk\u00e4fers viel Holz im Schwarzwald anf\u00e4llt, sind die Preise dennoch hoch, weil, so Kudermann, viel in die USA verkauft wird. Zumal die deutschen S\u00e4gewerke \u00fcberlastet sind, nachdem die Verarbeitungskapazit\u00e4ten in der Vergangenheit in einem starken Konzentrationsprozess geschrumpft sind. Dabei ist ein Ausbau der gesamten holzverarbeitenden Industrie n\u00f6tig: Kudermann sieht eine gl\u00e4nzende Zukunft f\u00fcr den Holzbau, wenn geplante Neubausiedlungen in deutschen Gro\u00dfst\u00e4dten, darunter auch Freiburgs Dietenbach, wie versprochen vorwiegend in diesem Baumaterial errichtet werden.&#8216;<br \/>\n.<br \/>\nDass aber dort wirklich erkennbar Holzh\u00e4user entstehen, also mit einer entsprechenden Fassade, ist wohl eher zweifelhaft. Genau das aber w\u00fcnscht man sich im &#8222;Bauwerk Schwarzwald&#8220; f\u00fcr das von ihm betreute Gebiet. Dahinter steht als Grundidee die vielgelobte Architekturlandschaft des Vorarlbergs, l\u00e4ngst wegen ihrer modernen Bauten aus Holz, Beton und Stahl ein touristisches Ziel geworden. Diana Wiedemann denkt f\u00fcr die klassische Holzbauregion Schwarzwald an eine Bauweise in traditionellen, aber ins Moderne \u00fcbertragenen Formen. Also keine krachende architektonische Avantgarde, sondern wirklich regionale Architektur ohne stilistische T\u00fcmelei. Beispielhafte Bauten in diesem Sinne werden thematisch geordnete &#8222;Architekturrouten&#8220; durch den Schwarzwald bieten, um deren Einrichtung sich &#8222;Bauwerk Schwarzwald&#8220; derzeit k\u00fcmmert.<br \/>\n&#8230; Alles vom 19. M\u00e4rz 2021 von Wulf R\u00fcskamp bitte lesen auf<br \/>\n<a href=\"https:\/\/www.badische-zeitung.de\/grosse-holzbauten-noch-die-ausnahme\">https:\/\/www.badische-zeitung.de\/grosse-holzbauten-noch-die-ausnahme<\/a><\/p>\n<p><a href=\"https:\/\/www.die-holzbauingenieure.de\/referenzen\/buggi-52\/\">https:\/\/www.die-holzbauingenieure.de\/referenzen\/buggi-52\/<\/a><br \/>\n<a href=\"https:\/\/www.holzbau-bruno-kaiser.de\/de\/aktuelles\/projekte.php\">https:\/\/www.holzbau-bruno-kaiser.de\/de\/aktuelles\/projekte.php<\/a><br \/>\n<a href=\"https:\/\/www.mikado-online.de\/news\/startschuss-fuer-buggi-52\">https:\/\/www.mikado-online.de\/news\/startschuss-fuer-buggi-52<\/a>\/<\/p>\n<p>&nbsp;<\/p>\n<p>&nbsp;<\/p>\n<p>.<br \/>\n<strong>Staufenwohnen: Bezahlbar dank innovativem Holzbau<\/strong><br \/>\n<em>In Staufen entsteht in einem Modellprojekt erschwinglicher und nachhaltiger Wohnraum \/ Erste Wohnungen dieses Jahr fertig.<\/em><br \/>\nEine der dr\u00e4ngendsten Fragen der Zeit ist neben der Energiewende nach wie vor der Bau bezahlbarer Wohnungen. Eine Antwort auf beide Fragen gelingt in Staufen. Dort errichtet die StaufenWohnen GmbH &amp; Co. KG eine Anlage mit 54 Wohneinheiten in \u00f6kokogischer Bauweise. Das Projekt wurde bereits HIP-pr\u00e4miert: HIP steht f\u00fcr das baden-w\u00fcrttembergische Holz Innovativ Programm, das vom Europ\u00e4ischen Fonds f\u00fcr regionale Entwicklung (EFRE) unterst\u00fctzt wird.<br \/>\nWie ein Puzzleteil passt das energiebewusste Projekt in die Staufener Klimapolitik. Die Stadt will 2050 klimaneutral sein, auf ihrer Agenda steht etwa der Ausbau der Solarenergie und einer zukunftsf\u00e4higen Mobilit\u00e4t. Die vier dreigeschossigen Bauk\u00f6rper, die jetzt im Gebiet Gaisgraben-S\u00fcd entstehen, sind als KFW-Effizienzhaus 40 Plus in serieller Holzbauweise konzipiert. Die Reduktion von CO2 begann mit der Planung: Die am Bau beteiligten Unternehmen und der Gro\u00dfteil der Baumaterialien stammen aus der Region, die Transportwege sind dadurch sehr kurz. Der prim\u00e4re Baustoff ist Holz.<\/p>\n<p>Holz toppt Beton<br \/>\nEs gibt riesige Unterschiede in der Energiebilanz von Baustoffen. Produziert man eine Tonne Zement, gelangen rund 590 Kilo CO2 in die Atmosph\u00e4re. Dagegen speichert ein Kubikmeter gewachsenes und verbautes Holz etwa eine Tonne CO2. Dazu kommt, dass Sand weltweit immer knapper wird, w\u00e4hrend die Ressource Holz nachw\u00e4chst. Die Baubranche verf\u00fcgt damit \u00fcber ein enormes Potential, den CO2-Aussto\u00df zu reduzieren und das Klima aktiv zu sch\u00fctzen. &#8222;Und dieses Potential nutzen wir&#8220;, sagt Raphael Riesterer, Gesch\u00e4ftsf\u00fchrer der mit dem Holzbau beauftragten Zimmerei Steiger &amp; Riesterer, die gerade als Handwerksunternehmen des Jahres ausgezeichnet wurde (BZ vom 13. M\u00e4rz).<br \/>\n&#8222;Die Holzmassivbauweise wenden wir in allen Geb\u00e4udeteilen an, selbst in den sechs Treppenh\u00e4usern und Aufzugsch\u00e4chten. Insgesamt verbauen wir etwa 2070 Kubikmeter Holz.&#8220; Der konsequente Einsatz von Holz reicht bis in die Innengestaltung: Decken werden als Holzsichtdecken, Bodenbel\u00e4ge in Parkett und Fensterrahmen in Fichtenholz ausgef\u00fchrt. Um die Geb\u00e4udeh\u00fclle zu d\u00e4mmen, greift man auch auf Holz zur\u00fcck, und zwar auf Holzfaser-D\u00e4mmplatten, die mit einer Holzschalung bekleidet werden.<\/p>\n<p>Energiekonzept entlastet Mieter<br \/>\nAuch hier lohnt ein Blick auf die \u00d6kobilanz. Chemisch-synthetische D\u00e4mmstoffe werden unter hohem Energieaufwand hergestellt, um irgendwann auf einer Deponie zu enden \u2013 was wiederum mit Kosten verbunden ist. Mit weniger Energie produziert und \u00f6kologisch unbedenklich sind dagegen D\u00e4mmstoffe aus nachwachsenden Rohstoffen. &#8222;W\u00e4hrend des Wachstums bindet ein Kilo Biomasse mehr als 1,8 Kilo CO2&#8220;, betont Raphael Riesterer und z\u00e4hlt auf, was noch f\u00fcr die Holzfaser-D\u00e4mmung spricht: &#8222;Sie wird aus \u00fcberwiegend regional anfallenden Holzresten sozusagen vor der Haust\u00fcr gefertigt. Sie wirkt feuchteregulierend und bietet optimalen K\u00e4lte- und Hitzeschutz.&#8220;<\/p>\n<p>Im kommenden Fr\u00fchjahr soll die Bauphase abgeschlossen sein, dann \u00fcbernimmt es modernste Haustechnik, CO2 weiter zu reduzieren: Die Energieversorgung der 54 Wohnungen erfolgt \u00fcber ein eigenes Blockheizkraftwerk. Betrieben wird es mit Biogas aus Rest- und Abfallstoffen, um auch die W\u00e4rme- und Stromerzeugung ressourcenschonend und klimafreundlich zu gestalten. Der Strom l\u00e4sst sich \u00fcber mehrere Batterien \u2013 jede etwa so gro\u00df wie ein K\u00fchlschrank \u2013 zwischenspeichern und per Mieterstrom-Modell an die Nutzer weitergeben. In den Geb\u00e4uden werden L\u00fcftungsanlagen mit W\u00e4rmer\u00fcckgewinnung installiert, geplant sind auch Photovoltaikanlagen auf den D\u00e4chern und an Balkonbr\u00fcstungen.<br \/>\nWas das Klima sch\u00fctzt, soll auch k\u00fcnftigen Mietern n\u00fctzen: Sie k\u00f6nnen mit niedrigen Nebenkosten rechnen \u2013 und mit fairen Mieten. Das Konzept von StaufenWohnen sieht n\u00e4mlich vor, dass auch Menschen mit geringerem Einkommen in den innovativen Holzh\u00e4usern im Staufener S\u00fcden wohnen werden.<\/p>\n<p>Stadt und Kirche helfen<br \/>\nMitgeholfen bei der Realisierung hatten die katholische Pfarrpfr\u00fcndestiftung, der das Grundst\u00fcck geh\u00f6rt, das in Erbbaupacht zur Verf\u00fcgung gestellt wird sowie die Stadt Staufen und der Gemeinderat, die durch ein rasches Bebauungsplanverfahren Wohnbebauung an dieser Stelle zwischen Gewerbegebiet Gaisgraben und Neubaugebiet Rundacker erst erm\u00f6glichten (BZ vom 17. Oktober 2019) und dem Projekt von Anfang an wohlwollend gegen\u00fcberstanden. Die ersten Wohnungen sollen noch Ende 2021 bezugsfertig sein, der Rest dann im Fr\u00fchjahr 2022.<br \/>\n17.3.2021, StaufenWohnen<br \/>\n<a href=\"mailto:staufenwohnen@sw-kg.de\">staufenwohnen@sw-kg.de<\/a><br \/>\n<a href=\"http:\/\/www.staufenwohnen.de\">http:\/\/www.staufenwohnen.de<\/a><\/p>\n<p>&nbsp;<\/p>\n<p>&nbsp;<\/p>\n","protected":false},"excerpt":{"rendered":"<p>Home &gt;Soziales\u00a0&gt;Dienste\u00a0&gt;Immobilien &gt;Passivhochhaus &gt;Holzhaus Listenauswahl eines Beitrags (Artikel\/Datum, Seite\/Inhalt):\u00a0Klicken\u00a0oder scrollen Agrikulturfestival 2025 im Eschholzpark\u00a0(6.7.2025) PV-Anlage auf vorgebauter Schr\u00e4gwand \u2013 Elektro Ritter\u00a0(24.2.2024) Kita Zarten 12-eckiger Holzbau\u00a0(4.2.2024) Vorschriften verhindern pers\u00f6nliches Engagement\u00a0(22.2.2023) Bruggaa: Gasthaus aus Holz pur\u00a0(14.12.2022) Schallstadter G\u00e4rtnerei Urban plant Neubau aus &hellip; <a href=\"https:\/\/www.freiburg-schwarzwald.de\/blog\/business\/dienste\/immobilien\/holzhaus\/\">Weiterlesen <span class=\"meta-nav\">&rarr;<\/span><\/a><\/p>\n","protected":false},"author":2,"featured_media":0,"parent":957,"menu_order":0,"comment_status":"closed","ping_status":"closed","template":"","meta":{"footnotes":""},"class_list":["post-88910","page","type-page","status-publish","hentry"],"_links":{"self":[{"href":"https:\/\/www.freiburg-schwarzwald.de\/blog\/wp-json\/wp\/v2\/pages\/88910","targetHints":{"allow":["GET"]}}],"collection":[{"href":"https:\/\/www.freiburg-schwarzwald.de\/blog\/wp-json\/wp\/v2\/pages"}],"about":[{"href":"https:\/\/www.freiburg-schwarzwald.de\/blog\/wp-json\/wp\/v2\/types\/page"}],"author":[{"embeddable":true,"href":"https:\/\/www.freiburg-schwarzwald.de\/blog\/wp-json\/wp\/v2\/users\/2"}],"replies":[{"embeddable":true,"href":"https:\/\/www.freiburg-schwarzwald.de\/blog\/wp-json\/wp\/v2\/comments?post=88910"}],"version-history":[{"count":6,"href":"https:\/\/www.freiburg-schwarzwald.de\/blog\/wp-json\/wp\/v2\/pages\/88910\/revisions"}],"predecessor-version":[{"id":140224,"href":"https:\/\/www.freiburg-schwarzwald.de\/blog\/wp-json\/wp\/v2\/pages\/88910\/revisions\/140224"}],"up":[{"embeddable":true,"href":"https:\/\/www.freiburg-schwarzwald.de\/blog\/wp-json\/wp\/v2\/pages\/957"}],"wp:attachment":[{"href":"https:\/\/www.freiburg-schwarzwald.de\/blog\/wp-json\/wp\/v2\/media?parent=88910"}],"curies":[{"name":"wp","href":"https:\/\/api.w.org\/{rel}","templated":true}]}}