{"id":887,"date":"2012-04-09T18:50:24","date_gmt":"2012-04-09T18:50:24","guid":{"rendered":"https:\/\/www.freiburg-schwarzwald.de\/blog\/?page_id=887"},"modified":"2026-05-18T21:16:36","modified_gmt":"2026-05-18T19:16:36","slug":"nachhaltigkeit","status":"publish","type":"page","link":"https:\/\/www.freiburg-schwarzwald.de\/blog\/natur\/klima\/nachhaltigkeit\/","title":{"rendered":"Nachhaltigkeit"},"content":{"rendered":"<p>Home &gt;<a title=\"Natur\" href=\"https:\/\/www.freiburg-schwarzwald.de\/blog\/natur\/\">Natur<\/a> &gt;<a title=\"Klima\" href=\"https:\/\/www.freiburg-schwarzwald.de\/blog\/natur\/klima\/\">Klima<\/a> &gt;Nachhaltigkeit<br \/>\n<a name=\"top\"><\/a><\/p>\n<div id=\"attachment_891\" style=\"width: 609px\" class=\"wp-caption alignnone\"><a href=\"https:\/\/www.freiburg-schwarzwald.de\/blog\/natur\/klima\/nachhaltigkeit\/giersberg1pan-090501\/\" rel=\"attachment wp-att-891\"><img loading=\"lazy\" decoding=\"async\" aria-describedby=\"caption-attachment-891\" class=\"size-full wp-image-891\" title=\"giersberg1pan-090501\" src=\"https:\/\/www.freiburg-schwarzwald.de\/blog\/wp-content\/uploads\/2012\/04\/giersberg1pan-090501.jpg\" alt=\"\" width=\"599\" height=\"184\" srcset=\"https:\/\/www.freiburg-schwarzwald.de\/blog\/wp-content\/uploads\/2012\/04\/giersberg1pan-090501.jpg 599w, https:\/\/www.freiburg-schwarzwald.de\/blog\/wp-content\/uploads\/2012\/04\/giersberg1pan-090501-180x55.jpg 180w\" sizes=\"auto, (max-width: 599px) 100vw, 599px\" \/><\/a><p id=\"caption-attachment-891\" class=\"wp-caption-text\">Im Dreisamtal: Blick nach S\u00fcden zum Giersberg \u00f6stlich Freiburg am 1. Mai 2009 &#8211; Fr\u00fchling liegt in der Luft<\/p><\/div>\n<ul>\n<li style=\"list-style-type: none;\">\n<ul>\n<li>Traumberuf Nachhaltigkeitsmanagerin \u2013 die neue gr\u00fcne Bourgeoisie (25.4.2024)<\/li>\n<li><a href=\"https:\/\/www.freiburg-schwarzwald.de\/blog\/energie\/energiewende\/energie-kurskorrektur\/\">Energiewende \u2013 ist der Point of no Return \u00fcberschritten?<\/a>\u00a0(29.9.2025)<\/li>\n<li><a href=\"https:\/\/www.freiburg-schwarzwald.de\/blog\/atomausstieg-aufheben-petition\/\">Atomausstieg aufheben: Petition<\/a>\u00a0(15.9.2022)<\/li>\n<li><strong><a href=\"https:\/\/www.freiburg-schwarzwald.de\/blog\/energie\/erneuerbare\/\">Offener Brief an Minister Robert Habeck zur Energiemangelwirtschaft<\/a>\u00a0(19.5.2022)<\/strong><\/li>\n<li><a href=\"https:\/\/www.freiburg-schwarzwald.de\/blog\/business\/dienste\/immobilien\/hausbegruenung\/\">Vertiko \u2013 Unternehmen f\u00fcr Vertikalbegr\u00fcnungskonzepte im Dreisamtal<\/a> (12.1.2022)<\/li>\n<li><a href=\"https:\/\/www.freiburg-schwarzwald.de\/blog\/wasserkraftwerk-zweribach-tot\/\">Wasserkraftwerk Zweribach: tot<\/a>\u00a0(13.8.2021)<\/li>\n<li><a title=\"Klimaclub weltweit \u2013 Nordhaus\" href=\"https:\/\/www.freiburg-schwarzwald.de\/blog\/klimaclub-weltweit-nordhaus\/\">Klimaclub weltweit \u2013 Nordhaus<\/a>\u00a0(15.12.2019)<\/li>\n<li><a title=\"Blackout\" href=\"https:\/\/www.freiburg-schwarzwald.de\/blog\/energie\/strom\/blackout\/\">Alternative Klimakonferenz in M\u00fcnchen \u2013 Blackout droht<\/a>\u00a0(27.11.2019)<\/li>\n<li><a title=\"Energie CO2 Dekarbonisierung\" href=\"https:\/\/www.freiburg-schwarzwald.de\/blog\/energie-co2-dekarbonisierung\/\">Manfred Haferburg: Energie CO2 Dekarbonisierung<\/a>\u00a0(6.11.2019)<\/li>\n<li><a title=\"Energiewende\" href=\"https:\/\/www.freiburg-schwarzwald.de\/blog\/energie\/energiewende\/\">Gau im Illusions-Reaktor (1): Der politische Aspekt der Energiewende<\/a>\u00a0(28.10.2019)<\/li>\n<li><a href=\"https:\/\/www.freiburg-schwarzwald.de\/blog\/kohle-akw-ade-sozialstaat-ade\/\">https:\/\/www.freiburg-schwarzwald.de\/blog\/kohle-akw-ade-sozialstaat-ade\/<\/a>\u00a0(1.4.2019)<\/li>\n<li><a title=\"Energiepolitik\" href=\"https:\/\/www.freiburg-schwarzwald.de\/blog\/energie\/energiepolitik\/\">World\u2019s Dumbest Energy Policy<\/a>\u00a0(29.1.2019)<\/li>\n<li>Die Grenzen des Wachstums und Nachhaltigkeit (29.4.2017)<\/li>\n<li>17\u00a0UN-Nachhaltigkeitsziele (26.9.2015)<\/li>\n<li><a href=\"https:\/\/www.freiburg-schwarzwald.de\/blog\/2014-wird-ein-gutes-jahr\/\">https:\/\/www.freiburg-schwarzwald.de\/blog\/2014-wird-ein-gutes-jahr\/<\/a>\u00a0(4.1.2014)<\/li>\n<li><a href=\"https:\/\/www.freiburg-schwarzwald.de\/blog\/stadtumbau-theater-oekosozial\/\">https:\/\/www.freiburg-schwarzwald.de\/blog\/stadtumbau-theater-oekosozial\/<\/a>\u00a0(3.12.2013)<\/li>\n<li><a href=\"https:\/\/www.freiburg-schwarzwald.de\/blog\/berglandwirtschaft-nachhaltigkeit\/\">https:\/\/www.freiburg-schwarzwald.de\/blog\/berglandwirtschaft-nachhaltigkeit\/<\/a>\u00a0(21.11.2013)<\/li>\n<li><a href=\"https:\/\/www.freiburg-schwarzwald.de\/blog\/factory-nachhaltig-wirtschaften\/\">https:\/\/www.freiburg-schwarzwald.de\/blog\/factory-nachhaltig-wirtschaften\/<\/a>\u00a0(7.6.2013)<\/li>\n<li><a href=\"https:\/\/www.freiburg-schwarzwald.de\/blog\/energiewende-korrekte-info\/\">https:\/\/www.freiburg-schwarzwald.de\/blog\/energiewende-korrekte-info\/<\/a>\u00a0(17.4.2013)<\/li>\n<li><a href=\"https:\/\/www.freiburg-schwarzwald.de\/blog\/europ-environment-foundation\/\">https:\/\/www.freiburg-schwarzwald.de\/blog\/europ-environment-foundation\/<\/a>\u00a0(14.3.2013)<\/li>\n<li><a href=\"https:\/\/www.freiburg-schwarzwald.de\/blog\/nachhaltigkeitspreis-fuer-fr\/\">https:\/\/www.freiburg-schwarzwald.de\/blog\/nachhaltigkeitspreis-fuer-fr\/<\/a>\u00a0(5.12.2012)<\/li>\n<li><a href=\"https:\/\/www.freiburg-schwarzwald.de\/blog\/nachhaltigkeit-enkeltauglichkeit\/\">https:\/\/www.freiburg-schwarzwald.de\/blog\/nachhaltigkeit-enkeltauglichkeit\/<\/a>\u00a0(4.12.2012)<\/li>\n<li><a href=\"https:\/\/www.freiburg-schwarzwald.de\/blog\/nachhaltige-statt-okodiktatorische-entwicklung-in-der-landwirtschaft\/\">https:\/\/www.freiburg-schwarzwald.de\/blog\/nachhaltige-statt-okodiktatorische-entwicklung-in-der-landwirtschaft\/<\/a>\u00a0(10.5.2012)<\/li>\n<li><a href=\"https:\/\/www.freiburg-schwarzwald.de\/blog\/nachhaltigkeitstage-20-22-4-am-kunzenhof-in-fr-littenweiler\/\">https:\/\/www.freiburg-schwarzwald.de\/blog\/nachhaltigkeitstage-20-22-4-am-kunzenhof-in-fr-littenweiler\/<\/a>\u00a0(16.4.2012)<\/li>\n<li><a href=\"#NachhaltigkeitsTage Freiburg 2012\">NachhaltigkeitsTage Freiburg 2012 &#8211; Tag der Erde 2012 vom 20. bis 22.4.2012<\/a><\/li>\n<li><a href=\"https:\/\/www.freiburg-schwarzwald.de\/nachhaltigkeit.htm#10 Leitgedanken zur Hoffnung auf nachhaltige Lebensqualit\u00e4t\">10 Leitgedanken zur Hoffnung auf nachhaltige Lebensqualit\u00e4t<\/a>&gt;Nachhaltigkeit (13.3.2012)<\/li>\n<li><a href=\"https:\/\/www.freiburg-schwarzwald.de\/nachhaltigkeit.htm#Kunzenhof FR-Littenweiler: Naturp\u00e4dagogischer Lernort als Unesco-Projekt\">Kunzenhof FR-Littenweiler: Naturp\u00e4dagogischer Lernort als Unesco-Projekt<\/a>&gt;Nachhaltigkeit (7.2.)<\/li>\n<li><a href=\"https:\/\/www.freiburg-schwarzwald.de\/immobilien2.htm#Nachhaltigkeitszertifikate f\u00fcr Geb\u00e4ude\">Nachhaltigkeitszertifikate f\u00fcr Geb\u00e4ude<\/a>\u00a0 &gt;Immobilien2 (31.1.2012)<\/li>\n<li><a href=\"https:\/\/www.freiburg-schwarzwald.de\/littenweiler\/universitaet2.htm#Nachhaltigkeit: Abriss der Freiburger Universit\u00e4tsbibliothek\">Nachhaltigkeit: Abriss der Freiburger Universit\u00e4tsbibliothek<\/a>&gt;Universitaet2 (25.1.2012)<\/li>\n<li><a href=\"https:\/\/www.freiburg-schwarzwald.de\/holz.htm#Zielkonflikt Biodiversit\u00e4t\/Naturschutz - Holzwirtschaft\">Zielkonflikt Biodiversit\u00e4t\/Naturschutz &#8211; Holzwirtschaft<\/a>&gt;Holz (13.1.2012)<\/li>\n<li><a href=\"https:\/\/www.freiburg-schwarzwald.de\/littenweiler\/architektur-null.htm#Unibibliothek-Abriss nach 33 Jahren, Neubau 44 Mio Euro: Nachhaltigkeit null\">Unibibliothek-Abriss nach 33 Jahren, Neubau 44 Mio Euro: Nachhaltigkeit null<\/a> &gt;Architekt (3.1.12)<\/li>\n<li><a href=\"https:\/\/www.freiburg-schwarzwald.de\/littenweiler\/fahrrad1.htm#Eine halbe Million zus\u00e4tzliche und seniorengesteuerte E-Bikes in 2014\">Eine halbe Million zus\u00e4tzliche und seniorengesteuerte E-Bikes in 2014<\/a> &gt;Fahrrad1 (30.7.2011)<\/li>\n<li><a href=\"https:\/\/www.freiburg-schwarzwald.de\/klima3.htm#Geld f\u00fcr Ecuador, damit es im Regenwald kein \u00d6l f\u00f6rdert\">Geld f\u00fcr Ecuador, damit es im Regenwald kein \u00d6l f\u00f6rdert<\/a>\u00a0 &gt;Klima3 (30.7.2011)<\/li>\n<li><a href=\"https:\/\/www.freiburg-schwarzwald.de\/holz.htm#M\u00fcnstertals Wald w\u00e4chst t\u00e4glich um 4 Festmeter - Weltkulturerbe entdecken\">M\u00fcnstertals Wald w\u00e4chst t\u00e4glich um 4 Festmeter &#8211; Weltkulturerbe entdecken<\/a>&gt;Holz (9.7.11)<\/li>\n<li><a href=\"https:\/\/www.freiburg-schwarzwald.de\/agrotreibstoffe.htm#Nachhaltigkeitskriterien f\u00fcr Biodiesel in der EU \u00e4ndern\">Nachhaltigkeitskriterien f\u00fcr Biodiesel in der EU \u00e4ndern<\/a> &gt;Agrotreibstoffe (29.6.2011)<\/li>\n<li>Was bedeutet Nachhaltigkeit? (1.6.2011)<\/li>\n<li>Nachhaltigkeit = Sustainable Development als Begriff (1.6.2011)<\/li>\n<li>Nachhaltigkeit in \u00f6kologischer und sozialer Hinsicht (1.6.2011)<\/li>\n<li>Forum f\u00fcr Verantwortung &#8211; Stiftung f\u00fcr Nachhaltigkeit (1.6.2011)<\/li>\n<li>NaWis &#8211; Nachhaltige Wissenschaft (1.6.2011)<\/li>\n<li><a href=\"https:\/\/www.freiburg-schwarzwald.de\/nachhaltigkeit.htm#Nachhaltigkeitsrat Freiburg mit neuer Leiterin Steffi Kamp\">Nachhaltigkeitsrat Freiburg mit neuer Leiterin Steffi Kamp<\/a>&gt;Nachhaltigkeit (27.5.2011)<\/li>\n<li><strong>Dirk Maxeiner: Nachhaltigkeit ist nicht die Formel zur Welterl\u00f6sung (13.5.2011)<\/strong><\/li>\n<li><a href=\"https:\/\/www.freiburg-schwarzwald.de\/nachhaltigkeit.htm#Georg-Salvamoser-Preis f\u00fcr Erneuerbare - bis 30.6.2011 bewerben\">Georg-Salvamoser-Preis f\u00fcr Erneuerbare &#8211; bis 30.6.2011 bewerben<\/a> &gt;Nachhaltigkeit (8.4.2011)<\/li>\n<li><a href=\"https:\/\/www.freiburg-schwarzwald.de\/nachhaltigkeit.htm#D Mensche h\u00e4tte sell Atom nit derfe frei losse\">Nimmi normal: D Mensche h\u00e4tte sell Atom nit derfe frei losse<\/a>&gt;Nachhaltigkeit (16.3.2011)<\/li>\n<li><a href=\"https:\/\/www.freiburg-schwarzwald.de\/littenweiler\/dreisamtal3.htm#Franz Alt: Endlich solaren Reichtum mobilisieren - Gottes Sch\u00f6pfung\">Franz Alt: Endlich solaren Reichtum mobilisieren &#8211; Gottes Sch\u00f6pfung<\/a>&gt;Dreisamtal3 (4.3.2011)<\/li>\n<li><a href=\"https:\/\/www.freiburg-schwarzwald.de\/nachhaltigkeit.htm#Eichst\u00e4tter Gespr\u00e4che: Systemwechsel in der Landwirtschaft\">Eichst\u00e4tter Gespr\u00e4che: Systemwechsel in der Landwirtschaft<\/a>&gt;Nachhaltigkeit (16.2.2011)<\/li>\n<li><a href=\"https:\/\/www.freiburg-schwarzwald.de\/nachhaltigkeit.htm#Wachstum muss nicht m\u00f6glichst hoch, sondern m\u00f6glichst nachhaltig sein\">Wachstum muss nicht m\u00f6glichst hoch, sondern m\u00f6glichst nachhaltig sein<\/a>\u00a0&gt;Nachhaltig (2.1.11)<\/li>\n<li><a href=\"https:\/\/www.freiburg-schwarzwald.de\/industrie4.htm#DSM will in Grenzach Stellen streichen und den CO2-Fu\u00dfabdruck senken\">DSM will in Grenzach Stellen streichen und den CO2-Fu\u00dfabdruck senken<\/a>&gt;Industrie4 (21.12)<\/li>\n<li><a href=\"https:\/\/www.freiburg-schwarzwald.de\/trirhena2.htm#Metropolregion Oberrhein: Nachhaltig regional-europ\u00e4ische Vision fehlt\">Metropolregion Oberrhein: Nachhaltig regional-europ\u00e4ische Visionen fehlen<\/a> &gt;TriRhena2 (6.12.10)<\/li>\n<li><a href=\"https:\/\/www.freiburg-schwarzwald.de\/eichstetten1.htm#Eichstetter Gespr\u00e4che zur Nachhaltigkeit\">Eichstetter Gespr\u00e4che zur Nachhaltigkeit<\/a>&gt;Eichstetten1 (9.11.2010)<\/li>\n<li><a href=\"https:\/\/www.freiburg-schwarzwald.de\/nachhaltigkeit.htm#Irena - der verdienstvolle Gr\u00fcnder Herrmann Scheer\">Irena &#8211; der verdienstvolle Gr\u00fcnder Herrmann Scheer<\/a>&gt;Nachhaltigkeit (6.11.2010)<\/li>\n<li><a href=\"https:\/\/www.freiburg-schwarzwald.de\/jung3.htm#KLJB in St.Ulrich: Spiritualit\u00e4t und umweltschonender Lebensstil\">KLJB in St.Ulrich: Spiritualit\u00e4t und umweltschonender Lebensstil<\/a>&gt;Jung3 (27.10.2010)<\/li>\n<li><a href=\"https:\/\/www.freiburg-schwarzwald.de\/nahrungsmittelverschwendung.htm#Containern - nachhaltig\">Containern &#8211; nachhaltig?<\/a>&gt;Lebensmittelverschwendung (23.10.2010)<\/li>\n<li><a href=\"https:\/\/www.freiburg-schwarzwald.de\/nachhaltigkeit.htm#Nachhaltigkeit als Lebenskunst: Workshop Kath. Akademie Freiburg\">Nachhaltigkeit als Lebenskunst: Workshop Kath. Akademie Freiburg<\/a>&gt;Nachhaltigkeit (14.9.10)<\/li>\n<li><a href=\"https:\/\/www.freiburg-schwarzwald.de\/jung3.htm#Deutscher Gr\u00fcnderpreis f\u00fcr Sch\u00fcler 2020 in F\u00f6rberhofm\u00fchle\">Deutscher Gr\u00fcnderpreis f\u00fcr Sch\u00fcler 2020 in F\u00f6rberhofm\u00fchle<\/a> &gt;Jung3 (21.76.2010)<\/li>\n<li><a href=\"https:\/\/www.freiburg-schwarzwald.de\/nachhaltigkeit.htm#3. BBE-Symposium f\u00fcr Bioenergie und Nachhaltigkeit 9.6.2010 Stuttgart\">3. BBE-Symposium f\u00fcr Bioenergie und Nachhaltigkeit 9.6.2010 Stuttgart<\/a> &gt;Nachhaltigkeit (1.6.)<\/li>\n<li><a href=\"https:\/\/www.freiburg-schwarzwald.de\/nachhaltigkeit.htm#Die Entdeckung der Nachhaltigkeit: Buch von Ulrich Grober\">Die Entdeckung der Nachhaltigkeit: Buch von Ulrich Grober<\/a> &gt;Nachhaltigkeit (26.5.2010)<\/li>\n<li><a href=\"https:\/\/www.freiburg-schwarzwald.de\/elsass3.htm#Elsass wirbt mit M\u00fchlrad mit Solarantrieb in Shanghai\">Elsass wirbt mit M\u00fchlrad mit Solarantrieb in Shanghai<\/a> &gt;Elsass3 (29.4.2010)<\/li>\n<li><a href=\"https:\/\/www.freiburg-schwarzwald.de\/littenweiler\/architekt1.htm#11-Familien-Niedrigenergie-Holzhaus per Webcam auf Expo Shanghai\">11-Familien-Niedrigenergie-Holzhaus per Webcam auf Expo Shanghai<\/a> &gt;Architekt1 (10.4.2010)<\/li>\n<li><a href=\"https:\/\/www.freiburg-schwarzwald.de\/kapitalanlage.htm#Bauminvest ? Das Geld w\u00e4chst aus der Wurzel\">Bauminvest \u2013 Das Geld w\u00e4chst aus der Wurzel<\/a> &gt;Kapitalanlage (8.4.2010)<\/li>\n<li><a href=\"https:\/\/www.freiburg-schwarzwald.de\/biomasse.htm#Energiehunger im Norden schafft Ern\u00e4hrungsprobleme im S\u00fcden\">Energiehunger im Norden schafft Ern\u00e4hrungsprobleme im S\u00fcden<\/a> &gt;Biomasse (10.3.2010)<\/li>\n<li><a href=\"https:\/\/www.freiburg-schwarzwald.de\/littenweiler\/vauban1.htm#State-of-the-World-Bericht 2010 Worldwatch-Institut: Vauban als Vorbild\">State-of-the-World-Bericht 2010 Worldwatch-Institut: Vauban als Vorbild<\/a> &gt;Vauban1 (14.1.2010)<\/li>\n<li><a href=\"https:\/\/www.freiburg-schwarzwald.de\/zukunft4.htm#Wachstum des Sozialprodukts nein, der Alternativen Energien ja\">Wachstum des Sozialprodukts nein, der Alternativen Energien ja<\/a> &gt;Zukunft4 (11.11.2009)<\/li>\n<li><a href=\"https:\/\/www.freiburg-schwarzwald.de\/nachhaltigkeit.htm#Nachhaltigkeitspreis f\u00fcr Christian Hi\u00df und Regionalwert AG\">Nachhaltigkeitspreis f\u00fcr Christian Hi\u00df und Regionalwert AG<\/a> &gt;Nachhaltigkeit (7.1.2009)<\/li>\n<li><a href=\"https:\/\/www.freiburg-schwarzwald.de\/wind2.htm#Ebneter Kultursommer: Wanderung zur Windkraftanlage am Ro\u00dfkopf\">Ebneter Kultursommer: Wanderung zur Windkraftanlage am Ro\u00dfkopf<\/a> &gt;Wind2 (11.7.2009)<\/li>\n<li><a href=\"https:\/\/www.freiburg-schwarzwald.de\/nachhaltigkeit.htm#Projekt KiNa ? Kindergarten und Nachhaltigkeit\">Projekt KiNa \u2013 Kindergarten und Nachhaltigkeit<\/a> &gt;Nachhaltigkeit (8.6.2009)<\/li>\n<li><a href=\"https:\/\/www.freiburg-schwarzwald.de\/nachhaltigkeit.htm#Deutschlands nachhaltigste Unternehmen, Produkte, Marken gesucht\">Deutschlands nachhaltigste Unternehmen, Produkte, Marken gesucht<\/a> &gt;Nachhaltigkeit (15.5.)<\/li>\n<li><a href=\"https:\/\/www.freiburg-schwarzwald.de\/littenweiler\/kinder3.htm#Nachhaltigkeit als Lebenskunst: Generationen-Zyklus ab 8.5.2009\">Nachhaltigkeit als Lebenskunst: Generationen-Zyklus ab 8.5.2009<\/a> &gt;Kinder3 (30.4.2009)<\/li>\n<li><a href=\"https:\/\/www.freiburg-schwarzwald.de\/zukunft4.htm#Finanzkrise und \u00d6kologie - Krise eines nicht nachhaltigen Systems\">Finanzkrise und \u00d6kologie &#8211; Krise eines nicht nachhaltigen Systems<\/a> &gt;Zukunft4 (3.11.2008)<\/li>\n<li><a href=\"https:\/\/www.freiburg-schwarzwald.de\/klima2.htm#Finanzkrise und Klima: Eine Demonstration von Lernunf\u00e4higkeit\">Finanzkrise und Klima: Eine Demonstration von Lernunf\u00e4higkeit<\/a> &gt;Klima2 (28.10.2008)<\/li>\n<li><a href=\"https:\/\/www.freiburg-schwarzwald.de\/energiepolitik4.htm#125 kWh Energie pro Tag als Durchschnittsverbrauch-Richtgr\u00f6\u00dfe\">125 kWh Energie pro Tag als Durchschnittsverbrauch-Richtgr\u00f6\u00dfe<\/a> &gt;Energiepolitik4 (21.7.2008)<\/li>\n<li><a href=\"https:\/\/www.freiburg-schwarzwald.de\/littenweiler\/wiehre1.htm#Zu den Quellen: Waldwanderung ab Sternwaldeck\">Zu den Quellen: Waldwanderung ab Sternwaldeck<\/a> &gt;Wiehre1 (5.4.2008)<\/li>\n<li><\/li>\n<li><strong>Nachhaltigkeit Archivseite: <a href=\"https:\/\/www.freiburg-schwarzwald.de\/nachhaltigkeit.htm\">https:\/\/www.freiburg-schwarzwald.de\/nachhaltigkeit.htm<\/a><\/strong><\/li>\n<li><a href=\"https:\/\/www.freiburg-schwarzwald.de\/bauerngarten.htm#Bauerngarten- und Wildkr\u00e4uterland Baden\">Bauerngarten- und Wildkr\u00e4uterland Baden<\/a> &gt;Bauerngarten<\/li>\n<li><a title=\"Blackout\" href=\"https:\/\/www.freiburg-schwarzwald.de\/blog\/energie\/strom\/blackout\/\">Blackout<\/a><\/li>\n<li><a title=\"Effizienz\" href=\"https:\/\/www.freiburg-schwarzwald.de\/blog\/engagement\/zukunft\/effizienz\/\">Effizienz<\/a><\/li>\n<li><a href=\"https:\/\/www.freiburg-schwarzwald.de\/blog\/energie\/energiewende\/energie-kurskorrektur\/\">Energie-Kurskorrektur<\/a><\/li>\n<li><a href=\"https:\/\/www.freiburg-schwarzwald.de\/blog\/energie\/erneuerbare\/\">Erneuerbare Energien<\/a><\/li>\n<li>GIZ &#8211; Deutsche Gesellschaft f\u00fcr Internationale Zusammenarbeit<\/li>\n<li><a href=\"https:\/\/www.freiburg-schwarzwald.de\/blog\/business\/dienste\/immobilien\/hausbegruenung\/\">Hausbegr\u00fcnung<\/a><\/li>\n<li><a title=\"NGO\" href=\"https:\/\/www.freiburg-schwarzwald.de\/blog\/vereine\/ngo\/\">ICLEI in Freiburg <\/a>&gt;NGO<\/li>\n<li><a title=\"Klimagerechtigkeit\" href=\"https:\/\/www.freiburg-schwarzwald.de\/blog\/natur\/klima\/klimagerechtigkeit\/\">Klimagerechtigkeit<\/a><\/li>\n<li><a href=\"https:\/\/www.freiburg-schwarzwald.de\/energiepolitik.htm#IRENA - Internationale Regenerative-Energien-Agentur\">IRENA &#8211; Internationale Regenerative-Energien-Agentur<\/a>\u00a0 &gt;Energiepolitik<\/li>\n<li><a href=\"https:\/\/www.freiburg-schwarzwald.de\/littenweiler\/stadtfreiburg.htm#Nachhaltigkeit als Lebenskunst\">Nachhaltigkeit als Lebenskunst<\/a> &gt;StadtFreiburg<\/li>\n<li><a href=\"https:\/\/www.freiburg-schwarzwald.de\/energie\/index.htm#100 Prozent GmbH - Wirtschaftsverband in Freiburg\">100 Prozent GmbH &#8211; Wirtschaftsverband in Freiburg<\/a> &gt;Energie<\/li>\n<li><a href=\"https:\/\/www.freiburg-schwarzwald.de\/schweiz.htm#sanu - Nachhaltigkeitsbildung\">sanu &#8211; Nachhaltigkeitsbildung<\/a> &gt;Schweiz<\/li>\n<li><a title=\"Suffizienz\" href=\"https:\/\/www.freiburg-schwarzwald.de\/blog\/engagement\/zukunft\/suffizienz\/\">Suffizienz\u00a0<\/a><\/li>\n<li><a title=\"Windkraft\" href=\"https:\/\/www.freiburg-schwarzwald.de\/blog\/energie\/wind\/windkraft\/\">Windkraft<\/a><\/li>\n<li><a title=\"Zukunft\" href=\"https:\/\/www.freiburg-schwarzwald.de\/blog\/engagement\/zukunft\/\">WBGU 2011 &#8211; Die grosse Transformation <\/a>&gt;Zukunft<\/li>\n<\/ul>\n<\/li>\n<\/ul>\n<p><strong>Nachhaltigkeit &#8211; Sustainability:<br \/>\n&#8222;Nicht mehr viel Holz schlagen als nachwachsen kann&#8220;<br \/>\n&#8211; als Urprinzip der Landwirte zum Erhalt der Natur OK<\/strong><br \/>\n<strong>&#8211; als Mi\u00dfbrauch zur linken Transformation der One-World nicht OK<br \/>\n<\/strong><br \/>\n1) Nachhaltigkeit als linke Formel zur Welterrettung: Club of Rome 1972<br \/>\n2) Nachhaltigkeit als Idee einer global gesteuerten Ressourcenbewirtschaftung ist utopisch\/ideologisch und im Kern totalit\u00e4r.<br \/>\n3) Nachhaltigkeit als Modebegriff ist abgelutscht: Auch der viermalige Flug nach Mallorca ist nachhaltig.<br \/>\nMehr dazu bitte ganz unten lesen bei:<br \/>\nDirk Maxeiner: Nachhaltigkeit ist nicht die Formel zur Welterl\u00f6sung (13.5.2011)<br \/>\n==============================================================<\/p>\n<p>&nbsp;<\/p>\n<p>&nbsp;<\/p>\n<p>&nbsp;<\/p>\n<p><strong>Traumberuf Nachhaltigkeitsmanagerin \u2013 die neue gr\u00fcne Bourgeoisie<\/strong><br \/>\nMorgens im Homeoffice der Vier-Tage-Woche ein paar neue Klimavorgaben entwerfen, abends teuer essen gehen. So berichtet eine Nachhaltigkeitsmanagerin im \u00f6ffentlichen Dienst der Zeit von ihrem Lebensstil bei 3.600 Netto in Teilzeit \u2013 und gibt sich als bescheidenes Arbeiterkind. <a href=\"https:\/\/www.youtube.com\/watch?v=tMSbhoH7C0Y&amp;t=1s\">https:\/\/www.youtube.com\/watch?v=tMSbhoH7C0Y&amp;t=1s<\/a><br \/>\n&#8230; Alles vom 25.4.2024 von Larissa Fu\u00dfer bitte lesen auf<br \/>\n<a href=\"https:\/\/apollo-news.net\/traumberuf-nachhaltigkeitsmanagerin-die-neue-gruene-bourgeoisie\/\">https:\/\/apollo-news.net\/traumberuf-nachhaltigkeitsmanagerin-die-neue-gruene-bourgeoisie\/<\/a><br \/>\n.<br \/>\nEinige Kommentare:<br \/>\nPolitiker, die Steuergelder zweckentfremdet haben. Und das sind viele. ..<br \/>\n522 000 Euro zum \u201eKapazit\u00e4tsaufbau und Gender-Training\u201c f\u00fcr Sozialarbeiter in China bereit.<br \/>\nBis 2028 sind insgesamt 21 Millionen Euro f\u00fcr \u201egendertransformative Ans\u00e4tze\u201c zur St\u00e4rkung der Zivilgesellschaft in Kamerun verplant.<br \/>\nVier Millionen Euro gibt es f\u00fcr \u201eweibliches Unternehmertum in der gr\u00fcnen Wirtschaft in Algerien\u201c.<br \/>\nMit 53,6 Millionen Euro f\u00f6rdern die deutschen Steuerzahler bis 2026 \u201eklimafreundliche Kochtechnologien\u201c in Kenia und Senegal. Har<br \/>\nEnde KOmmentare<\/p>\n<p>&nbsp;<\/p>\n<p><strong>Die Grenzen des Wachstums und Nachhaltigkeit<\/strong><br \/>\nAls 1972 der Club of Rome seine Studie zu den Grenzen des Wachstums vorlegte, f\u00fchrte das in der Folge zu einem Umdenken in den westlichen Gesellschaften. Thema war das Hochrechnen der damaligen Situation von Faktoren wie Rohstoffverbrauch, Bev\u00f6lkerungswachstum, Nahrungsmittelproduktion und weiteren Parametern mit Hilfe eines Gro\u00dfcomputers. Die berechneten Modelle f\u00fchrten nach einer exponentiell steigenden Wachstumskurve in allen Varianten zu einem dramatischen Zusammenbruch der Weltwirtschaft. Je sp\u00e4ter dieser Zusammenbruch kam, desto mehr Menschen gab es zu diesem Zeitpunkt.<br \/>\nDie L\u00f6sung dieser Katastrophe bestand darin, das Konzept der Nachhaltigkeit fest in unserer Gesellschaft zu verankern. Dieses sieht vor, dass man der Natur nur so viel entnimmt, wie man zur\u00fcckgeben kann. Also werden so viele B\u00e4ume gef\u00e4llt, wie man nachpflanzen kann, aber fossile Brennstoffe sollen nach einer \u00dcbergangszeit gar nicht mehr verbraucht werden. Ich halte eine Politik der Nachhaltigkeit f\u00fcr notwendig und erwarte, dass Entscheidungstr\u00e4ger stets im Hinterkopf haben, was sie der Nachwelt hinterlassen. Unter dieser Pr\u00e4misse m\u00f6chte ich die aktuelle Politik auf die n\u00e4chsten Generationen hochrechnen.<br \/>\n&#8230;<br \/>\nAlles zu &#8222;Ein Blick auf die n\u00e4chsten 50 bis 100 Jahre Deutschland&#8220; von Dr. Jochen Heitermann vom 29.4.2017 bitte lesen auf<br \/>\n<a href=\"https:\/\/www.tichyseinblick.de\/gastbeitrag\/ein-blick-auf-die-naechsten-50-bis-100-jahre-deutschland\/\">https:\/\/www.tichyseinblick.de\/gastbeitrag\/ein-blick-auf-die-naechsten-50-bis-100-jahre-deutschland\/<\/a><br \/>\n.<br \/>\nVor 2010 stand jede Entscheidung der Politik hinsichtlich ihrer Folgen auf dem Pr\u00fcfstand, insbesondere welchen Nutzen und Schaden sie f\u00fcr die Bev\u00f6lkerung haben w\u00fcrde. Dieses ungeschriebene Gesetz wurde nie abgeschafft, doch es gilt nicht mehr.<br \/>\n<em>Dr. Jochen Heistermann hat in theoretischer Informatik promoviert. Er war dann selbstst\u00e4ndig und lebt nun als Privatier am Bodensee.<br \/>\n<\/em>\u00a0.<br \/>\n<strong>\u00a017\u00a0UN-Nachhaltigkeitsziele<br \/>\n<\/strong><em>Diese 17\u00a0UN-Nachhaltigkeitsziele wurden im September 2015 in New York beschlossen und sollen bis 2030 umgesetzt werden.<\/em><\/p>\n<p>1.\u2002Armut in jeglicher Form beenden.<\/p>\n<p>2.\u2002Hunger beenden, Ern\u00e4hrungssicherheit gew\u00e4hrleisten, eine bessere Ern\u00e4hrung erreichen und eine nachhaltige Landwirtschaft f\u00f6rdern.<\/p>\n<p>3.\u2002Ein gesundes Leben f\u00fcr alle Menschen gew\u00e4hrleisten, egal welchen Alters, und ihr Wohlergehen f\u00f6rdern.<\/p>\n<p><span class=\"ngBold\">4.<\/span> Inklusive und hochwertige Bildung sicherstellen und M\u00f6glichkeiten f\u00fcr ein lebenslanges Lernen f\u00f6rdern.<\/p>\n<p><span class=\"ngBold\">5.<\/span> Geschlechtergerechtigkeit und Selbstbestimmung f\u00fcr alle Frauen und M\u00e4dchen erreichen.<\/p>\n<p><span class=\"ngBold\">6.<\/span> Verf\u00fcgbarkeit und nachhaltige Bewirtschaftung von Wasser sowie Sanit\u00e4rversorgung f\u00fcr alle gew\u00e4hrleisten.<\/p>\n<p><span class=\"ngBold\">7.<\/span> Zugang zu bezahlbarer und zeitgem\u00e4\u00dfer, nachhaltiger Energie sichern.<\/p>\n<div class=\"boxOhne breakerAd\">\n<div id=\"zoneAdserverMrec\" class=\"top20\">\n<div id=\"helperAdserverMrec\">\n<div id=\"beacon_c4d8dd1604\"><span class=\"ngBold\">8.<\/span> Inklusives und nachhaltiges Wirtschaftswachstum, produktive Vollbesch\u00e4ftigung und menschenw\u00fcrdige Arbeitsbedingungen f\u00fcr alle f\u00f6rdern.<\/div>\n<\/div>\n<\/div>\n<\/div>\n<p><span class=\"ngBold\">9.<\/span> Eine belastbare Infrastruktur aufbauen, nachhaltige Industrialisierung f\u00f6rdern und Innovationen unterst\u00fctzen.<\/p>\n<p><span class=\"ngBold\">10.<\/span> Soziale Ungleichheit innerhalb von Staaten und zwischen L\u00e4ndern verringern.<\/p>\n<p><span class=\"ngBold\">11.<\/span> St\u00e4dte und Siedlungen sicher und nachhaltig machen.<\/p>\n<p><span class=\"ngBold\">12.<\/span> Sicherung von nachhaltigen Konsum- und Produktionsmustern.<\/p>\n<p><span class=\"ngBold\">13.<\/span> Sofortige Ma\u00dfnahmen ergreifen, um den Klimawandel und seine Auswirkungen zu bek\u00e4mpfen.<\/p>\n<p><span class=\"ngBold\">14.<\/span> Ozeane, Meere und Meeresressourcen im Sinne einer nachhaltigen Entwicklung erhalten.<\/p>\n<p><span class=\"ngBold\">15.<\/span> Land\u00f6kosysteme sch\u00fctzen, wiederherstellen und ihre nachhaltige Nutzung f\u00f6rdern; W\u00e4lder nachhaltig bewirtschaften, W\u00fcstenbildung bek\u00e4mpfen, Bodenverschlechterung stoppen und den Biodiversit\u00e4tsverlust beenden.<\/p>\n<p><span class=\"ngBold\">16.<\/span> Friedliche und inklusive Gesellschaften im Sinne einer nachhaltigen Entwicklung f\u00f6rdern, allen Menschen Zugang zur Justiz erm\u00f6glichen und effektive Institutionen etablieren.<\/p>\n<p><span class=\"ngBold\">17.<\/span> Umsetzungsmittel st\u00e4rken und die globale Partnerschaft f\u00fcr nachhaltige Entwicklung wiederbelebe<\/p>\n<p>.<\/p>\n<p>&nbsp;<\/p>\n<p><strong>\u00a0Was bedeutet Nachhaltigkeit &#8211; Sustainability (Club of Rome)?<\/strong><\/p>\n<table border=\"1\" width=\"100%\" cellspacing=\"0\" cellpadding=\"0\" bgcolor=\"#c0c0c0\">\n<tbody>\n<tr>\n<td width=\"100%\"><span style=\"font-size: xx-small;\"><span style=\"font-size: xx-small;\"><span style=\"font-size: xx-small;\"><br \/>\n<\/span><\/span><\/span><\/p>\n<p align=\"center\">Was bedeutet Nachhaltigkeit?<br \/>\nDer Begriff der Nachhaltigkeit stammt aus der Forstwirtschaft und das Prinzip meint, nicht mehr Holz zu schlagen, als nachwachsen kann.\u00a0Nachhaltigkeit hat also zu tun mit Geduld, Verantwortung, Auseinandersetzung, Augenma\u00df, Beharrlichkeit. Dieses Prinzip gilt nicht nur in der Forstwirtschaft, sondern in allen Lebensbereichen, wie z.B. beim Verkehr, in der Landwirtschaft, in der Verwaltung, \u00d6konomie und in Rahmen der politischen Entscheidungsfindung. Das englische Wort ,sustainable\u2018 ger\u00e4t 1972 durch den Club of Rome auf die globale Tagesordnung. Der von der UNO in Auftrag gegebene Brundtland-Bericht (1987) formuliert: &#8222;Nachhaltige Entwicklung ist Entwicklung, die den Erfordernissen der gegenw\u00e4rtigen Generation gerecht wird, ohne die F\u00e4higkeit zuk\u00fcnftiger Generationen zu gef\u00e4hrden, ihren eigenen Erfordernissen zu begegnen.&#8220; Damit wird ein Prinzip ausgesprochen, das &#8211; so allgemein es gehalten ist &#8211; bereits eine Revolution bedeutete, wenn sie befolgt w\u00fcrde.<\/p>\n<p>Drei Nachhaltigkeitsstrategien: Effizienz, Konsistenz und Suffizienz<\/td>\n<\/tr>\n<\/tbody>\n<\/table>\n<p>1.6.2011<\/p>\n<p><a href=\"https:\/\/www.freiburg-schwarzwald.de\/blog\/natur\/klima\/nachhaltigkeit\/#top\" target=\"_self\" rel=\"noopener\"><img loading=\"lazy\" decoding=\"async\" src=\"https:\/\/www.freiburg-schwarzwald.de\/blog\/wp-content\/uploads\/2012\/04\/1top.gif\" alt=\"\" width=\"33\" height=\"18\" border=\"0\" \/><\/a><\/p>\n<p><strong>Nachhaltigkeit = Sustainable Development als Begriff<br \/>\n<\/strong>Das Wort Nachhaltigkeit bzw. Sustainable Development hat weltweit Karriere gemacht: &#8222;Sustainability is the key to human survival&#8220;, so der Internationale Gerichtshof in Den Haag.<br \/>\nSolange fr\u00fcher die Gesellschaft ohne \u00dcbernutzung ihrer Resourcen lebten und wirtschafteten, war der Begriff der Nachhaltigkeit unbekannt:<br \/>\nDie Reisterrassen in China sind seit ein paar tausend Jahren permanent fruchtbar, ohne BASF-D\u00fcnger.<br \/>\nAfrikanische B\u00e4uerinnen haben ihr Saatgut nicht vermahlen, um dann bei Monsanto einzukaufen.<br \/>\nErst seit Hans Carl von Carlowitz (1645 &#8211; 1714) den Begriff der Nachhaltigkeit pr\u00e4gte, schien etwas aus dem Lot geraten zu sein: Mit seiner\u00a0&#8222;nachhaltenden Nutzung der W\u00e4lder&#8220; forderte er das &#8222;Nachhalten&#8220; bei der &#8222;Nutzung&#8220; ein, also das Austarieren der Polarit\u00e4t von \u00d6kologie (Nachwachsen) und \u00d6konomie (Nutzen) &#8211; in der Sprache der UN\u00a0 &#8222;sustain&#8220; und &#8222;development&#8220;.<br \/>\nEs geht um die Vers\u00f6hnung von Natur = \u00d6kologie und Markt = \u00d6konomie. Heute besteht die gro\u00dfe Aufgabe der Transformation darin, die \u00d6konomie in die Biosph\u00e4re als ein umfassenderes System wieder einzubetten. Und diese Aufgabe\u00a0mu\u00df gel\u00f6st werden. Denn schon Carlowitz sagte: Der Gegenbegriff zu Nachhaltigkeit ist Kollaps &#8211; weltweit.<\/p>\n<p>In seinem Buch schl\u00e4gt Ulrich Grober\u00a0einen Test auf Nachhaltigkeit mit drei Fragen vor:<br \/>\n1. Reduziert sich der \u00f6kologische Fu\u00dfabdruck?<br \/>\n2. Steigt &#8211; f\u00fcr jeden frei zug\u00e4nglich &#8211; die Lebensqualit\u00e4t?<br \/>\n3. Wird die Teilhaber aller an den Entscheidungsprozessen gef\u00f6rdert?<\/p>\n<p>Ulrich Grober: Die Entdeckung der Nachhaltigkeit<br \/>\nKunstmann Verlag<br \/>\n1.6.2011<\/p>\n<p>&nbsp;<\/p>\n<p><strong>Nachhaltigkeit in \u00f6kologischer und sozialer Hinsicht<br \/>\n<\/strong><br \/>\n<em>\u00d6kologische Nachhaltigkeit:<\/em> Im Bericht der Weltkommission f\u00fcr Umwelt und Entwicklung 1987 unter Leitung der norwegischen Politikerin Gro Harlem Brundtland gewann der Begriff &#8222;\u00d6kologische Nachhaltigkeit&#8220; seine heutige Bedeutung:\u00a0Die Menschen sollen ihre Bed\u00fcrfnisse so befriedigen, dass sie die M\u00f6glichkeiten anderer B\u00fcrger, dasselbe zu tun, nicht einschr\u00e4nken. Wer den Begriff Nachhaltigkeit in dieser Weise ernst nimmt, muss viele Verst\u00f6\u00dfe feststellen, von Privat, Firmen wie Staaten,\u00a0zum Beispiel:<br \/>\n&#8211; Privathaushalte, die Atom- und Kohlestrom beziehen.<br \/>\n&#8211;\u00a0Das CO2 aus den Kohlekraftwerken des Vattenfall-Konzerns beg\u00fcnstigt den Anstieg des Meeresspiegels,<br \/>\nwodurch\u00a0bald\u00a0Millionen K\u00fcstenbewohner ihre Heimat verlieren, etwa in Bangladesh.<br \/>\n&#8211;\u00a0Staaten bzw. Regierungen\u00a0lassen das Leerfischen\u00a0der Weltmeere zu<\/p>\n<p><em>Soziale Nachhaltigkeit:<\/em> Im Gegensatz zur \u00f6kologischen ist die soziale Dimension der Nachhaltigkeit nicht allgemein anerkannt definiert. Zwei Beispiele:<br \/>\n&#8211; Ist der Erhalt von Arbeitspl\u00e4tzen bereits nachhaltig, wie Gewerkschaften zuweilen vertreten?<br \/>\n&#8211;\u00a0Weltweit sollte einen Zustand sozialer Gerechtigkeit vorliegen, wie ihn\u00a0die Mehrheit der Menschen akzeptiert; damit<br \/>\nw\u00fcrde Chancengleichheit Aller sowie generelle\u00a0 Ausrottung der Armut zu fordern sein &#8211; leider utopische Ziele.<br \/>\nDa\u00a0sich die soziale Nachhaltigkeit positiv so schwer definieren l\u00e4\u00dft, versucht man es\u00a0negativ, also \u00fcber das zul\u00e4ssige Ma\u00df sozialer Ungerechtigkeit. Beispiele:<br \/>\n&#8211; Ist ein Existenzminimum von 800 Euro in Deutschland angemessen?<br \/>\n&#8211; Welchen Mindestlohn haben Firmen wie Ikea,\u00a0 oder Apple\u00a0in ihren globalen Zulieferfabriken zu bezahlen?<br \/>\n1.6.2011<\/p>\n<p><a href=\"https:\/\/www.freiburg-schwarzwald.de\/blog\/natur\/klima\/nachhaltigkeit\/#top\" target=\"_self\" rel=\"noopener\"><img loading=\"lazy\" decoding=\"async\" src=\"https:\/\/www.freiburg-schwarzwald.de\/blog\/wp-content\/uploads\/2012\/04\/1top.gif\" alt=\"\" width=\"33\" height=\"18\" border=\"0\" \/><\/a><\/p>\n<p>&nbsp;<\/p>\n<p><strong>NachhaltigkeitsTage Freiburg 2012 &#8211; Tag der Erde 2012 vom 20. bis 22.4.2012\/<br \/>\n<\/strong>\u201eVon Rio nach Freiburg\u201c und die Zukunftsf\u00e4higkeit Freiburgs, das ist der Rahmen f\u00fcr die \u201eNachhaltigkeitsTage Freiburg 2012 mit Tag der Erde 2012\u201c vom 20. bis 22. April. Veranstalter des vielf\u00e4ltigen Programms f\u00fcr die B\u00fcrgerschaft ist ein gro\u00dfes Aktionsb\u00fcndnis mehrerer Netzwerke Frei\u00adburger Vereine und weiterer Gruppen sowie Einrichtungen in Zusammenarbeit mit dem Agenda 21 B\u00fcro Freiburg. Hauptanlass dieser gro\u00dfen Gemeinschaftsaktion sind 20 Jahre Agenda 21, ein Ergebnis des UN-Weltgipfels f\u00fcr Umwelt und Entwicklung in Rio de Janeiro 1992. Dort wurde als Teil der Agenda 21 die Lokale Agenda 21 verabschiedet, in der die Kommunen aufgefordert werden, gemeinsam mit den B\u00fcrgerinnen und B\u00fcrgern Wege f\u00fcr eine zukunftsf\u00e4hige Entwicklung zu erarbeiten und in der die Zusammenarbeit vor Ort in den Kommunen als entscheidend f\u00fcr die weitere Entwicklung benannt wird. \u201eGlobal denken, lokal handeln\u201c ist seitdem wegweisendes Motto auch f\u00fcr Freiburg. Nun folgt im Juni 2012 die neue UN-Weltkonferenz zu nachhaltiger Entwicklung \u201eRio+20\u201c. Auch in Freiburg gibt es entsprechend viele M\u00f6glichkeiten und Notwendigkeiten, die Zukunftsf\u00e4higkeit der Stadt gemeinsam mit ihren B\u00fcrgerinnen und B\u00fcrgern zu erarbeiten.<\/p>\n<p>Aktionsb\u00fcndnis NachhaltigkeitsTage Freiburg 2012 \/ Tag der Erde 2012:<br \/>\nDr. Georg L\u00f6ser, ECOtrinova e.V. Vorsitzender, Leiter Samstags-Forum Regio Freiburg<br \/>\nJaime Timoteo-Gonzalez, f\u00fcr das Klimab\u00fcndnis Freiburg<br \/>\nDr. Susann Reiner, Eine Welt Forum Freiburg, Regenwald-Institut e.V.<br \/>\nWalther Moser, BUND Ortsgruppe Freiburg<br \/>\nMaria-Luisa Werne, f\u00fcr mehrere mitwirkende Energiewende-Vereine<br \/>\nAndreas Andrick, Netzwerke Gemeinwohl-\u00d6konomie Freiburg und Freiburg im Wandel<br \/>\nEva Georg, Planetenkinder e.V., Vorsitzende<br \/>\nDietrich Limberger, Leiter Agenda 21 B\u00fcro Freiburg<\/p>\n<p>Infos: <a href=\"mailto:ecotrinova@web.de\">ecotrinova@web.de<\/a> und <a href=\"mailto:freiburger-agenda21@freenet.de\">freiburger-agenda21@freenet.de<\/a><\/p>\n<p><a href=\"#top\" target=\"_self\" rel=\"noopener\"><img loading=\"lazy\" decoding=\"async\" src=\"https:\/\/www.freiburg-schwarzwald.de\/blog\/wp-content\/uploads\/2012\/04\/1top.gif\" alt=\"\" width=\"33\" height=\"18\" border=\"0\" \/><\/a><\/p>\n<p>&nbsp;<\/p>\n<p><strong>Forum f\u00fcr Verantwortung &#8211; Stiftung f\u00fcr Nachhaltigkeit<br \/>\n<\/strong>Die Stiftung Forum f\u00fcr Verantwortung m\u00f6chte den Zivilgesellschaften die wissenschaftlichen Hintergr\u00fcnde und Zusammenh\u00e4nge einer erstrebenswerten nachhaltigen Entwicklung verst\u00e4ndlich machen. Klaus Wiegandt hat daher mit seiner Stiftung die Bildungsinitiative \u201eMut zur Nachhaltigkeit\u201c im Jahre 2006 ins Leben gerufen. Das Konzept besteht aus drei Teilen:<br \/>\nBuchreihe zu 13 zentralen Zukunftsthemen<br \/>\nEntwicklung umfangreicher Bildungsmaterialien aus den Inhalten der 13 B\u00fccher<br \/>\nAngebot eines umfassenden Seminar- und Bildungsprogramms zum Thema \u201eNachhaltige Entwicklung\u201c in der Europ\u00e4ischen Akademie Otzenhausen (Saarland)<\/p>\n<p><a href=\"https:\/\/www.forum-fuer-verantwortung.de\/\">https:\/\/www.forum-fuer-verantwortung.de\/<\/a><\/p>\n<p><a href=\"https:\/\/www.forum-europa.lu\">www.forum-europa.lu<\/a><br \/>\n<a href=\"https:\/\/www.asko-europa-stiftung.de\/index.php?lang=de\">https:\/\/www.asko-europa-stiftung.de\/index.php?lang=de<\/a><br \/>\n<a href=\"https:\/\/www.eao-otzenhausen.de\/\">https:\/\/www.eao-otzenhausen.de\/<\/a><br \/>\n<a href=\"https:\/\/www.europrofession.de\/\">https:\/\/www.europrofession.de\/<\/a><br \/>\n<a href=\"https:\/\/www.stiftung-ekb.de\/\">https:\/\/www.stiftung-ekb.de\/<\/a><br \/>\n1.6.2011<\/p>\n<p><a href=\"https:\/\/www.freiburg-schwarzwald.de\/blog\/natur\/klima\/nachhaltigkeit\/#top\" target=\"_self\" rel=\"noopener\"><img loading=\"lazy\" decoding=\"async\" src=\"https:\/\/www.freiburg-schwarzwald.de\/blog\/wp-content\/uploads\/2012\/04\/1top.gif\" alt=\"\" width=\"33\" height=\"18\" border=\"0\" \/><\/a><\/p>\n<p>&nbsp;<\/p>\n<p><strong>GIZ &#8211; Deutsche Gesellschaft f\u00fcr Internationale Zusammenarbeit<br \/>\n<\/strong>Ma\u00dfgeschneiderte L\u00f6sungen f\u00fcr herausfordernde Fragestellungen entwickeln: Das bietet die GIZ ihren Auftraggebern. Als kompetenter Dienstleister unterst\u00fctzt die GIZ die Bundesregierung bei der Erreichung ihrer Ziele in der internationalen Zusammenarbeit. Wir bieten nachfrageorientierte, ma\u00dfgeschneiderte und wirksame Dienstleistungen f\u00fcr nachhaltige Entwicklung an.<br \/>\n<a href=\"https:\/\/www.giz.de\">www.giz.de<\/a><br \/>\n1.6.2011<\/p>\n<p>&nbsp;<\/p>\n<p><strong>NaWis &#8211; Nachhaltige Wissenschaft<br \/>\n<\/strong>Klima- und Umweltherausforderungen sprengen Disziplinengrenzen. Sie erfordern eine enge Zusammenarbeit zwischen Natur- und Technik- mit Sozial- und Kulturwissenschaften. Nur so lassen sich \u00dcberg\u00e4nge zu einer nachhaltigen Gesellschaft gestalten. Die Herausforderungen sind dabei nicht nur wissenschaftstheoretischer und methodologischer Art; sie umfassen auch umfassende institutionelle Weiterentwicklungen im Wissenschaftssystem:<\/p>\n<div id=\"blog-desc\">\n<p>(1) die strategische Weiterentwicklung von Universit\u00e4ten und Forschungseinrichtungen,<br \/>\n(2) die Schaffung von spezifischen Karriere- und Qualifizierungspfaden und<br \/>\n(3) den Aufbau neuer Qualit\u00e4tssicherungssysteme transdisziplin\u00e4rer Wissenschaft. Diese institutionelle Dimension ist in der wissenschaftspolitischen Debatte bisher wenig beleuchtet.<br \/>\nHier setzen zwei Netzwerke von Pioniereinrichtungen im deutschen Wissenschaftssystem an:<br \/>\n(1) die von den Universit\u00e4ten Kassel und L\u00fcneburg sowie vom Wuppertal Institut f\u00fcr Klima, Umwelt und Energie und dem Institute for Advanced Sustainability Studies (IASS) getragene \u201eNaWis\u201c-Runde, sowie<br \/>\n(2) das &#8222;Ecological Research Network&#8220; (Ecornet, <a href=\"https:\/\/www.ecornet.eu\">www.ecornet.eu<\/a>) als Netzwerk von Pionierinstituten einer transdisziplin\u00e4ren Nachhaltigkeitsforschung, bestehend aus<br \/>\ndem Ecologic Institut,<br \/>\ndem Institut f\u00fcr Energie- und Umweltforschung Heidelberg (ifeu),<br \/>\ndem Institut f\u00fcr sozial-\u00f6kologische Forschung (ISOE),<br \/>\ndem Institut f\u00fcr \u00f6kologische Wirtschaftsforschung (I\u00d6W),<br \/>\ndem <a title=\"Oeko-Institut\" href=\"https:\/\/www.freiburg-schwarzwald.de\/blog\/natur\/umwelt\/oeko-institut\/\">\u00d6ko-Institut<\/a>,<br \/>\ndem Unabh\u00e4ngigen Institut f\u00fcr Umweltfragen (UfU) sowie<br \/>\ndem Wuppertal Institut f\u00fcr Klima, Umwelt, Energie. <a href=\"https:\/\/www.wupperinst.org\">www.wupperinst.org<\/a><br \/>\nDer vorliegende Blog gibt einen \u00dcberblick \u00fcber die Aktivit\u00e4ten beider Netzwerke sowie \u00fcber Initiativen und Projekte zu einer nachhaltigen Wissenschaft auf nationaler und internationaler Ebene.<a href=\"https:\/\/nachhaltigewissenschaft.blog.de\/\">https:\/\/nachhaltigewissenschaft.blog.de<\/a><br \/>\n1.6.2011<br \/>\n.<br \/>\n.<br \/>\n<strong>Dirk Maxeiner: Nachhaltigkeit ist nicht die Formel zur Welterl\u00f6sung<\/strong><br \/>\nAlle Welt redet von Nachhaltigkeit. Aber was soll das \u00fcberhaupt bedeuten? Die Idee einer global gesteuerten Ressourcenbewirtschaftung ist utopisch und im Kern totalit\u00e4r.<br \/>\n&#8230;<br \/>\nDie bekannteste Definition (von Nachhaltigkeit) stammt von der Weltkommission f\u00fcr Umwelt und Entwicklung (\u201eBrundtland-Kommission\u201c) der Vereinten Nationen aus dem Jahre 1987. Danach ist eine Entwicklung nachhaltig, wenn sie \u201edie Bed\u00fcrfnisse der gegenw\u00e4rtig lebenden Menschen befriedigt, ohne die F\u00e4higkeit k\u00fcnftiger Generationen infrage zu stellen, ihre eigenen Bed\u00fcrfnisse zu befriedigen\u201c. Nachhaltigkeit ist demnach eine Art Welterl\u00f6sungsformel.<br \/>\nProblematisch wird es erst, wenn der Kellner die Rechnung bringt: Welche Bed\u00fcrfnisse d\u00fcrfen es denn noch konkret sein? Eine vollwertige Mahlzeit pro Tag? Oder drei? Darf es auch eine Wohnung sein, Altbau oder Platte? Steht uns ein Urlaub zu, wom\u00f6glich gar mit dem Flugzeug? Und wer entscheidet das? Vielleicht der Wissenschaftliche Beirat Globale Umweltver\u00e4nderungen?<\/p>\n<p><strong>Entm\u00fcndigung und Anma\u00dfung<\/strong><br \/>\nNachdem die Arbeiterschaft und die Dritte Welt sich selbstst\u00e4ndig gemacht haben und als M\u00fcndel ausfallen, verschafft die Nachhaltigkeit Weltbegl\u00fcckern die Chance, sich zum Sprecher des Klimas zu machen oder noch besser k\u00fcnftiger Generationen. \u201eEs findet gleichzeitig eine Entm\u00fcndigung und Anma\u00dfung statt\u201c, schreibt der \u00d6konom Oliver Marc Hartwich. Entm\u00fcndigt wird die heutige Generation, denn ihr wird eine eigene Entscheidung, ihr Leben selbstverantwortlich zu f\u00fchren, abgenommen. Au\u00dferdem ma\u00dft sich derjenige, der im angeblichen Interesse k\u00fcnftiger Generationen Forderungen erhebt, an, f\u00fcr ebenjene Generationen sprechen zu k\u00f6nnen.<br \/>\n&#8230; Alles vom 13.5.2011 von Dirk Maxeiner bitte lesen auf<br \/>\nhttps:\/\/www.welt.de\/debatte\/kommentare\/article13369876\/Umweltschutz-Nachhaltigkeit-ist-nicht-die-Formel-zur-Welterloesung.html<br \/>\nund darauf aufbauend am 14.5.2026 auf<br \/>\n<a href=\"https:\/\/www.achgut.com\/artikel\/ausbruch_aus_sdem_klima_knast\">https:\/\/www.achgut.com\/artikel\/ausbruch_aus_sdem_klima_knast<\/a><\/p>\n<\/div>\n","protected":false},"excerpt":{"rendered":"<p>Home &gt;Natur &gt;Klima &gt;Nachhaltigkeit Traumberuf Nachhaltigkeitsmanagerin \u2013 die neue gr\u00fcne Bourgeoisie (25.4.2024) Energiewende \u2013 ist der Point of no Return \u00fcberschritten?\u00a0(29.9.2025) Atomausstieg aufheben: Petition\u00a0(15.9.2022) Offener Brief an Minister Robert Habeck zur Energiemangelwirtschaft\u00a0(19.5.2022) Vertiko \u2013 Unternehmen f\u00fcr Vertikalbegr\u00fcnungskonzepte im Dreisamtal (12.1.2022) &hellip; <a href=\"https:\/\/www.freiburg-schwarzwald.de\/blog\/natur\/klima\/nachhaltigkeit\/\">Weiterlesen <span class=\"meta-nav\">&rarr;<\/span><\/a><\/p>\n","protected":false},"author":2,"featured_media":0,"parent":503,"menu_order":0,"comment_status":"open","ping_status":"closed","template":"","meta":{"footnotes":""},"class_list":["post-887","page","type-page","status-publish","hentry"],"_links":{"self":[{"href":"https:\/\/www.freiburg-schwarzwald.de\/blog\/wp-json\/wp\/v2\/pages\/887","targetHints":{"allow":["GET"]}}],"collection":[{"href":"https:\/\/www.freiburg-schwarzwald.de\/blog\/wp-json\/wp\/v2\/pages"}],"about":[{"href":"https:\/\/www.freiburg-schwarzwald.de\/blog\/wp-json\/wp\/v2\/types\/page"}],"author":[{"embeddable":true,"href":"https:\/\/www.freiburg-schwarzwald.de\/blog\/wp-json\/wp\/v2\/users\/2"}],"replies":[{"embeddable":true,"href":"https:\/\/www.freiburg-schwarzwald.de\/blog\/wp-json\/wp\/v2\/comments?post=887"}],"version-history":[{"count":5,"href":"https:\/\/www.freiburg-schwarzwald.de\/blog\/wp-json\/wp\/v2\/pages\/887\/revisions"}],"predecessor-version":[{"id":149269,"href":"https:\/\/www.freiburg-schwarzwald.de\/blog\/wp-json\/wp\/v2\/pages\/887\/revisions\/149269"}],"up":[{"embeddable":true,"href":"https:\/\/www.freiburg-schwarzwald.de\/blog\/wp-json\/wp\/v2\/pages\/503"}],"wp:attachment":[{"href":"https:\/\/www.freiburg-schwarzwald.de\/blog\/wp-json\/wp\/v2\/media?parent=887"}],"curies":[{"name":"wp","href":"https:\/\/api.w.org\/{rel}","templated":true}]}}