{"id":88452,"date":"2021-03-04T07:58:17","date_gmt":"2021-03-04T06:58:17","guid":{"rendered":"https:\/\/www.freiburg-schwarzwald.de\/blog\/?page_id=88452"},"modified":"2026-01-15T17:17:26","modified_gmt":"2026-01-15T16:17:26","slug":"tabu","status":"publish","type":"page","link":"https:\/\/www.freiburg-schwarzwald.de\/blog\/engagement\/zukunft\/demokratie\/tabu\/","title":{"rendered":"Tabu"},"content":{"rendered":"<p><a href=\"https:\/\/www.freiburg-schwarzwald.de\/blog\">Home<\/a>\u00a0&gt;<a title=\"Kultur\" href=\"https:\/\/www.freiburg-schwarzwald.de\/blog\/kultur\/\">Kultur<\/a>\u00a0&gt;<a title=\"Medien\" href=\"https:\/\/www.freiburg-schwarzwald.de\/blog\/kultur\/medien\/\">Medien<\/a> &gt;<a href=\"https:\/\/www.freiburg-schwarzwald.de\/blog\/kultur\/medien\/diskussionskultur\/\">Diskussionskultur<\/a> &gt;Tabu<\/p>\n<div id=\"attachment_88296\" style=\"width: 650px\" class=\"wp-caption alignnone\"><a href=\"https:\/\/www.freiburg-schwarzwald.de\/blog\/wp-content\/uploads\/2021\/02\/feldberg-totemann-pan20210222.jpg\"><img loading=\"lazy\" decoding=\"async\" aria-describedby=\"caption-attachment-88296\" class=\"size-full wp-image-88296\" src=\"https:\/\/www.freiburg-schwarzwald.de\/blog\/wp-content\/uploads\/2021\/02\/feldberg-totemann-pan20210222.jpg\" alt=\"\" width=\"640\" height=\"342\" srcset=\"https:\/\/www.freiburg-schwarzwald.de\/blog\/wp-content\/uploads\/2021\/02\/feldberg-totemann-pan20210222.jpg 640w, https:\/\/www.freiburg-schwarzwald.de\/blog\/wp-content\/uploads\/2021\/02\/feldberg-totemann-pan20210222-180x96.jpg 180w\" sizes=\"auto, (max-width: 640px) 100vw, 640px\" \/><\/a><p id=\"caption-attachment-88296\" class=\"wp-caption-text\">Feldberg und Tote Mann mit Schnee im Hochschwarzwald am 18.2.2021<\/p><\/div>\n<ul>\n<li><em>Listenauswahl eines Beitrags: Bitte\u00a0<span style=\"text-decoration: underline;\">anklicken<\/span>\u00a0oder runterscrollen<\/em><\/li>\n<li><a href=\"https:\/\/www.freiburg-schwarzwald.de\/blog\/free-iran-ein-deutsches-tabu\/\">\u201eFree Iran\u201c \u2013 ein deutsches Tabu<\/a>\u00a0(15.1.2026)<\/li>\n<li><a href=\"https:\/\/www.freiburg-schwarzwald.de\/blog\/engagement\/rassismus\/\">Rassismus: Floyd \u2013 Iryna \u2013 Liana<\/a>\u00a0(9.9.2025)<\/li>\n<li><a href=\"https:\/\/www.freiburg-schwarzwald.de\/blog\/ard-didi-und-miosga\/\">ARD: Didi und Miosga<\/a>\u00a0(8.4.2025)<\/li>\n<li><a href=\"https:\/\/www.freiburg-schwarzwald.de\/blog\/magdeburg-terror-vergessen\/\">Magdeburg Terror \u2013 Vergessen<\/a>\u00a0(13.1.2025)<\/li>\n<li><a href=\"https:\/\/www.freiburg-schwarzwald.de\/blog\/kultur\/medien\/film\/\">Imad Karim: \u201ePl\u00f6tzlich Staatsfeind\u201c<\/a>\u00a0(25.11.2024)<\/li>\n<li><a href=\"https:\/\/www.freiburg-schwarzwald.de\/blog\/global\/migration\/migration2020\/\">Verbotene Fragen \u2026 zur Migration<\/a> (24.9.2024)<\/li>\n<li><a href=\"https:\/\/www.freiburg-schwarzwald.de\/blog\/kultur\/medien\/diskussionskultur\/diskussionskultur2023\/\">\u00dcber die Probleme reden? Lieber nicht<\/a>\u00a0(8.6.2024)<\/li>\n<li><a href=\"https:\/\/www.freiburg-schwarzwald.de\/blog\/freiheitsindex-2023-nur-40-frei\/\">Freiheitsindex 2023: nur 40% frei<\/a> (5.1.2024)<\/li>\n<li><a href=\"https:\/\/www.freiburg-schwarzwald.de\/blog\/merz-sarrazin-hatte-doch-recht\/\">Merz: Sarrazin hatte doch Recht<\/a>\u00a0(27.10.2023)<\/li>\n<li><a href=\"https:\/\/www.freiburg-schwarzwald.de\/blog\/global\/migration\/migration2021\/\">Juli Zeh: Fl\u00fcchtlingspolitik des Jahres 2015 pr\u00e4gt Stimmung in D<\/a>\u00a0(21.1.2023)<\/li>\n<li><a href=\"https:\/\/www.freiburg-schwarzwald.de\/blog\/global\/ethnien\/\">\u00dcber die ethnische Herkunft von Migranten<\/a>\u00a0(9.1.2023)<\/li>\n<li><a href=\"https:\/\/www.freiburg-schwarzwald.de\/blog\/woher-kommen-sie\/\">Woher kommen Sie<\/a> (2.1.2023)<\/li>\n<li>Tabuisierung der Homophobie muslimischer Migranten bef\u00f6rdert diese nur (24.11.2022)<\/li>\n<li><a href=\"https:\/\/www.freiburg-schwarzwald.de\/blog\/buergergeld-45-fuer-migranten\/\">B\u00fcrgergeld \u2013 45 % f\u00fcr Migranten<\/a>\u00a0(17.11.2022)<\/li>\n<li><a href=\"https:\/\/www.freiburg-schwarzwald.de\/blog\/business\/gesund\/corona-virus\/corona-regiment\/\">NDR verschweigt Kritik an Coronama\u00dfnahmen<\/a>\u00a0(3.4.2022)<\/li>\n<li><a href=\"https:\/\/www.freiburg-schwarzwald.de\/blog\/kroeten-nur-fuer-die-kroeten\/\">Kr\u00f6ten nur f\u00fcr die Kr\u00f6ten \u2013 Abtreibungen<\/a>\u00a0(31.3.2022)<\/li>\n<li><a href=\"https:\/\/www.freiburg-schwarzwald.de\/blog\/engagement\/zukunft\/demokratie\/tabu\/alternativlos\/\">Wenn Opposition zum Tabu wird \u2013 Alternativlosigkeit<\/a>\u00a0(14.2.2022)<\/li>\n<li><a href=\"https:\/\/www.freiburg-schwarzwald.de\/blog\/ausgrenzung-ungeimpfter-tabu\/\">Ausgrenzung Ungeimpfter: Tabu<\/a>\u00a0(5.2.2022)<\/li>\n<li><a href=\"https:\/\/www.freiburg-schwarzwald.de\/blog\/regio\/orte\/stuttgart\/\">Stuttgarter Innenstadt an Wochenenden: \u201emigrantisch gepr\u00e4gt \u2026 wie im Affenzirkus\u201c<\/a>\u00a0(26.1.2022)<\/li>\n<li><a href=\"https:\/\/www.freiburg-schwarzwald.de\/blog\/stromkrise-framing-kernkraft\/\">Stromkrise, Framing, Kernkraft<\/a>\u00a0(27.9.2021)<\/li>\n<li><a href=\"https:\/\/www.freiburg-schwarzwald.de\/blog\/soehne-und-weltmacht-buch\/\">S\u00f6hne und Weltmacht \u2013 Buch von Gunnar Heinsohn<\/a>\u00a0(12.9.2021)<\/li>\n<li>Vornehmlich ungeimpfte Migranten auf Intensivstation? (9.9.2021)<\/li>\n<li>Patriotismus, Identit\u00e4tspolitik, Migrationspolitik als Tabu-Themen (6.7.2021)<\/li>\n<li><a href=\"https:\/\/www.freiburg-schwarzwald.de\/blog\/selbsthilfe\/soziales\/justiz\/ordnungsstaat\/\">Staatliches Recht verschwindet langsam \u2013\u00a0W\u00fcrzburg\u00a0zeigt es<\/a>\u00a0(2.7.2021)<\/li>\n<li><a href=\"https:\/\/www.freiburg-schwarzwald.de\/blog\/engagement\/zukunft\/demokratie\/repression\/\">W\u00fcrzburg: Die Zeichen stehen auf Repression \u2013 Der Terror von nebenan<\/a>\u00a0(30.6.2021)<\/li>\n<li><a href=\"https:\/\/www.freiburg-schwarzwald.de\/blog\/business\/gesund\/corona-virus\/corona-tod\/\">Film Prof Haditsch: \u201eCorona \u2013 auf der Suche nach der Wahrheit\u201c<\/a>\u00a0(5.5.2021)<\/li>\n<li>Tabu: Corona ist ein Migrationsproblem (18.4.2021)<\/li>\n<li><a href=\"https:\/\/www.freiburg-schwarzwald.de\/blog\/ein-jahr-corona-aktuelle-zahlen\/\">Ein Jahr Corona: aktuelle Zahlen<\/a>\u00a0(23.3.2021)<\/li>\n<li><a href=\"https:\/\/www.freiburg-schwarzwald.de\/blog\/reproduktive-gerechtigkeit\/\">Reproduktive Gerechtigkeit<\/a>\u00a0(11.3.2021)<\/li>\n<li>Tabu: Migranten auf Corona-Intensivstationen \u00fcberrepr\u00e4sentiert (4.3.2021)<\/li>\n<li><a href=\"https:\/\/www.freiburg-schwarzwald.de\/blog\/patienten-mit-kommunikationsbarriere\/\">Patienten mit Kommunikationsbarriere: Migration \u2013 Intensivstation<\/a>\u00a0(3.3.2021)<\/li>\n<li>Politische Korrektheit ist das neue Stammestabu (10.22.2020)<\/li>\n<li><a title=\"Afrika: Tabu zwingt zu Polemik\" href=\"https:\/\/www.freiburg-schwarzwald.de\/blog\/afrika-tabu-zwingt-zu-polemik\/\">Afrika: Tabu zwingt zu Polemik<\/a>\u00a0(8.8.2019)<\/li>\n<li><a href=\"https:\/\/www.freiburg-schwarzwald.de\/blog\/sozialisation-bei-migranten-tabu\/\" rel=\"bookmark\">Sozialisation bei Migranten tabu<\/a> (9.2.2017)<\/li>\n<li><a href=\"https:\/\/www.freiburg-schwarzwald.de\/blog\/kultur\/medien\/meinungsfreiheit\/\">Meinungsfreiheit und Medien: 58% f\u00fcr \u201eVorsicht bei \u201eheiklen Themen\u201c<\/a>\u00a0(28.11.2020)<\/li>\n<li><a href=\"https:\/\/www.freiburg-schwarzwald.de\/blog\/global\/deutschland\/schweigen\/\">Das dr\u00f6hnende Schweigen der \u201eEliten\u201c, wenn Gewalt von Linken oder Migranten kommt<\/a> (19.1.2020)<\/li>\n<li><a title=\"Schweigen zu Augsburg: Nein\" href=\"https:\/\/www.freiburg-schwarzwald.de\/blog\/schweigen-zu-augsburg-nein\/\">Schweigen zu Augsburg: Nein<\/a>\u00a0(12.12.2019)<\/li>\n<li><a title=\"Schweigen der Mitte \u2013 vornehm\" href=\"https:\/\/www.freiburg-schwarzwald.de\/blog\/schweigen-der-mitte-vornehm\/\">Schweigen der Mitte \u2013 vornehm<\/a>\u00a0(3.12.2019)<\/li>\n<li><a title=\"Parlamentarismus\" href=\"https:\/\/www.freiburg-schwarzwald.de\/blog\/engagement\/zukunft\/demokratie\/parlament\/parlamentarismus\/\">Alexis de Tocqueville \u2013\u00a0Der Widersacher wird zum Feind<\/a>\u00a0(28.11.2019)<\/li>\n<li><a title=\"Aufklaerung statt Ideologie\" href=\"https:\/\/www.freiburg-schwarzwald.de\/blog\/aufklaerung-statt-ideologie\/\">Auflkl\u00e4rung statt Ideologie<\/a>\u00a0(19.7.2019)<\/li>\n<li><a href=\"https:\/\/www.freiburg-schwarzwald.de\/blog\/global\/deutschland\/schweigen\/\">Wir schweigenden L\u00e4mmer \u2013 es gibt keine abweichenden Meinungen mehr<\/a> (6.7.2019)<\/li>\n<li><a href=\"https:\/\/www.freiburg-schwarzwald.de\/blog\/freier-demokratischer-diskurs\/\">https:\/\/www.freiburg-schwarzwald.de\/blog\/freier-demokratischer-diskurs\/<\/a>\u00a0(8.7.2019)<\/li>\n<li><a title=\"Debatte\" href=\"https:\/\/www.freiburg-schwarzwald.de\/blog\/engagement\/zukunft\/demokratie\/debatte\/\">Murray: Debatte in D europaweit am st\u00e4rksten eingeschr\u00e4nkt<\/a>\u00a0(23.5.2019)<\/li>\n<li><a title=\"Verschwoerungstheorien\" href=\"https:\/\/www.freiburg-schwarzwald.de\/blog\/kultur\/medien\/verschwoerungstheorien\/\">Ausstellung \u201cVerschw\u00f6rungstheorien\u201d \u2013 Rede von Frank-Walter Steinmeier \u2013 OFFENER BRIEF<\/a>\u00a0(17.5.2019)<\/li>\n<li><a title=\"Medien\" href=\"https:\/\/www.freiburg-schwarzwald.de\/blog\/kultur\/medien\/\">Springer-CEO D\u00f6pfner: Gegen den intentionalen\u00a0Relotius-Journalismus<\/a>\u00a0 (10.2.2019)<\/li>\n<li><a href=\"https:\/\/www.freiburg-schwarzwald.de\/blog\/meinungsvielfalt-medienvielfalt\/\">https:\/\/www.freiburg-schwarzwald.de\/blog\/meinungsvielfalt-medienvielfalt\/<\/a>\u00a0(29.11.2018)<\/li>\n<li><a title=\"Journalismus\" href=\"https:\/\/www.freiburg-schwarzwald.de\/blog\/kultur\/medien\/journalismus\/\">Hamed Abdel-Samad, Constantin Schreiber, Ahmad Mansour: Keine Meinungsfreiheit an DJS<\/a>\u00a0(27.11.2018)<\/li>\n<li><a title=\"Bundestag\" href=\"https:\/\/www.freiburg-schwarzwald.de\/blog\/engagement\/zukunft\/demokratie\/bundestag\/\">Bundestag: Geistige Bequemlichkeit dank Anti-AfD-Reflex<\/a>\u00a0(25.11.2018)<\/li>\n<li><a href=\"https:\/\/www.freiburg-schwarzwald.de\/blog\/schweigespirale-zur-migration\/\">https:\/\/www.freiburg-schwarzwald.de\/blog\/schweigespirale-zur-migration\/<\/a>\u00a0(16.7.2017)<\/li>\n<li><\/li>\n<li><a href=\"https:\/\/www.freiburg-schwarzwald.de\/blog\/engagement\/zukunft\/demokratie\/tabu\/alternativlos\/\">alternativlos<\/a><\/li>\n<li><a title=\"Bevormundung\" href=\"https:\/\/www.freiburg-schwarzwald.de\/blog\/engagement\/zukunft\/demokratie\/bevormundung\/\">Bevormundung<\/a><\/li>\n<li><a title=\"Debatte\" href=\"https:\/\/www.freiburg-schwarzwald.de\/blog\/engagement\/zukunft\/demokratie\/debatte\/\">Debatte<\/a><\/li>\n<li><a title=\"Diskussionskultur\" href=\"https:\/\/www.freiburg-schwarzwald.de\/blog\/kultur\/medien\/diskussionskultur\/\">Diskussionskultur<\/a><\/li>\n<li><a title=\"Einsch\u00fcchterung\" href=\"https:\/\/www.freiburg-schwarzwald.de\/blog\/kultur\/medien\/einschuechterung\/\">Einsch\u00fcchterung<\/a><\/li>\n<li><a title=\"Fake-News\" href=\"https:\/\/www.freiburg-schwarzwald.de\/blog\/kultur\/medien\/fake-news\/\">Fake-News<\/a><\/li>\n<li><a title=\"Freie-Medien\" href=\"https:\/\/www.freiburg-schwarzwald.de\/blog\/kultur\/medien\/freie-medien\/\">Freie Medien<\/a><\/li>\n<li><a title=\"Gesinnungsdiktatur\" href=\"https:\/\/www.freiburg-schwarzwald.de\/blog\/kultur\/medien\/gesinnungsdiktatur\/\">Gesinnungsdiktatur<\/a><\/li>\n<li><a title=\"GEZ-Medien\" href=\"https:\/\/www.freiburg-schwarzwald.de\/blog\/kultur\/medien\/gez-medien\/\">GEZ-Medien<\/a><\/li>\n<li><a title=\"Integration\" href=\"https:\/\/www.freiburg-schwarzwald.de\/blog\/global\/integration\/\">Integration<\/a><\/li>\n<li><a title=\"Kampf-gegen-Rechts\" href=\"https:\/\/www.freiburg-schwarzwald.de\/blog\/kultur\/medien\/kampf-gegen-rechts\/\">Kampf-gegen-Rechts<\/a><\/li>\n<li><a href=\"https:\/\/www.freiburg-schwarzwald.de\/blog\/kultur\/medien\/kritik\/\">Kritik<\/a><\/li>\n<li><a title=\"Luegenpresse\" href=\"https:\/\/www.freiburg-schwarzwald.de\/blog\/kultur\/medien\/luegenpresse\/\">L\u00fcgenpresse<\/a><\/li>\n<li><a title=\"Meinungsfreiheit\" href=\"https:\/\/www.freiburg-schwarzwald.de\/blog\/kultur\/medien\/meinungsfreiheit\/\">Meinungsfreiheit<\/a><\/li>\n<li><a title=\"Missverstehen\" href=\"https:\/\/www.freiburg-schwarzwald.de\/blog\/kultur\/medien\/missverstehen\/\">Missverstehen mit Absicht<\/a><\/li>\n<li><a title=\"Moral2015\" href=\"https:\/\/www.freiburg-schwarzwald.de\/blog\/global\/deutschland\/moral2015\/\">Moral2015<\/a><\/li>\n<li><a title=\"Freie-Medien\" href=\"https:\/\/www.freiburg-schwarzwald.de\/blog\/kultur\/medien\/freie-medien\/\">Neue-Medien<\/a><\/li>\n<li><a title=\"Parallelkultur\" href=\"https:\/\/www.freiburg-schwarzwald.de\/blog\/global\/integration\/parallelkultur\/\">Parallelkulturen<\/a><\/li>\n<li><a href=\"https:\/\/www.freiburg-schwarzwald.de\/blog\/kultur\/medien\/political-correctness\/\">Political Correctness<\/a><\/li>\n<li><a href=\"https:\/\/www.freiburg-schwarzwald.de\/blog\/engagement\/resignation-der-mitte\/\">Resignation-der-Mitte<\/a><\/li>\n<li><a title=\"Talkshow\" href=\"https:\/\/www.freiburg-schwarzwald.de\/blog\/kultur\/medien\/talkshow\/\">Talkshow<\/a><\/li>\n<li><a title=\"Verschwoerungstheorien\" href=\"https:\/\/www.freiburg-schwarzwald.de\/blog\/kultur\/medien\/verschwoerungstheorien\/\">Verschw\u00f6rungstheorien<\/a><\/li>\n<li><a title=\"Youtube\" href=\"https:\/\/www.freiburg-schwarzwald.de\/blog\/kultur\/medien\/youtube\/\">Youtube<\/a><\/li>\n<li><a title=\"Willkommenskultur\" href=\"https:\/\/www.freiburg-schwarzwald.de\/blog\/global\/integration\/willkommenskultur\/\">Willkommenskultur<\/a><\/li>\n<li><a title=\"Zeitgeist\" href=\"https:\/\/www.freiburg-schwarzwald.de\/blog\/engagement\/zeitgeist\/\">Zeitgeist<\/a><\/li>\n<\/ul>\n<p>St\u00e4ndig referiert irgendwer in diesem Land \u00fcber die sozialen Ursachen ethnisch-kultureller Konflikte. Nie aber referiert jemand \u00fcber die ethnisch-kulturellen Ursachen sozialer Probleme.<br \/>\n9.1.2023,\u00a0<a href=\"https:\/\/www.klonovsky.de\/2023\/01\/9-januar-2023\/\">https:\/\/www.klonovsky.de\/2023\/01\/9-januar-2023\/<\/a><br \/>\n============================================================<br \/>\n.<\/p>\n<p><strong>Tabuisierung der Homophobie muslimischer Migranten bef\u00f6rdert diese nur<\/strong><br \/>\nIch halte es f\u00fcr einen besonderen Auswuchs von Scheinheiligkeit und Absurdit\u00e4t, dass ausgerechnet die Seiten des Islams, die man im Zusammenhang mit Einwanderung nicht ansprechen darf, ohne als Nazi diffamiert zu werden, nun <a href=\"https:\/\/www.freiburg-schwarzwald.de\/blog\/katar-mund-zu-oder-fussball\/\">bei der WM<\/a> ins Zentrum des medialen und politischen Sturms geraten sind. Der <a href=\"https:\/\/www.freiburg-schwarzwald.de\/blog\/religion\/islam\/islam-sexualitaet\/\">islamische Kulturraum<\/a> neigt zur Homophobie. Ebenso wie \u2013 wenn auch weniger militant \u2013 etwa der russische.<\/p>\n<p>Ich stelle jetzt einmal eine sehr steile, aber in meinen Augen berechtigte These auf, auch wenn sie die hier mitlesenden Glaubensw\u00e4rter des rotgr\u00fcnen Zeitgeists zum Hyperventilieren bringen wird: Die Auswirkungen massenhafter Zuwanderung aus homophoben Kulturr\u00e4umen zu tabuisieren, wie es die Kultur-Revolution\u00e4re des dunkelrot-gr\u00fcnen Zeitgeists tun, ist nichts anderes als eine Bef\u00f6rderung ebendieser Homophobie. Punkt.<br \/>\nUnd insofern ist die Aufregung dieser Ideologen \u00fcber die WM in Katar an Scheinheiligkeit und <a href=\"https:\/\/www.freiburg-schwarzwald.de\/blog\/global\/deutschland\/moral2015\/doppelmoral\/\">Doppelmoral<\/a> nur schwer zu \u00fcberbieten \u2013 sorry, falsche Redewendung, denn sie \u00fcberbieten st\u00e4ndig alles. Dass man in der arabischen Welt anders mit Homosexualit\u00e4t umgeht als bei uns, war schon vor der Vergabe der WM nach Katar bekannt. Und auch Europa war bis vor gar nicht allzu langer Zeit noch sehr homophob.<br \/>\n&#8230; Alles vom 24.11.2022 von Boris Reitschuster bitte lesen im Newsletter zu<br \/>\n<a href=\"https:\/\/www.reitschuster.de\">https:\/\/www.reitschuster.de<\/a><\/p>\n<p>&nbsp;<\/p>\n<p><strong>Vornehmlich ungeimpfte Migranten auf Intensivstation?<\/strong><br \/>\n<em>&#8222;In der <a href=\"https:\/\/www.freiburg-schwarzwald.de\/blog\/business\/gesund\/uniklinik\/\">Uniklinik Freiburg<\/a>, die seit Anbeginn der Pandemie den Gro\u00dfteil der Patientinnen und Patienten behandelt, sind von 25 Menschen bis auf einen alle ungeimpft, wie Kliniksprecherin Heidrun Wulf-Frick mitteilt. Die Altersspanne liegen zwischen 24 und 67 Jahren. Zehn Menschen werden dort beatmet und liegen demnach auf der Intensivstation.&#8220;<\/em><\/p>\n<p>Leider fehlt in dieser Meldung zu &#8222;Covid-19-Patienten in der Region Freiburg sind fast alle ungeimpft&#8220; der BZ (s.u.) &#8211; bewu\u00dft aus Gr\u00fcnden der <a href=\"https:\/\/www.freiburg-schwarzwald.de\/blog\/kultur\/medien\/political-correctness\/\">Political Correctness<\/a> oder unbewu\u00dft in Folge <a href=\"https:\/\/www.freiburg-schwarzwald.de\/blog\/kultur\/medien\/journalismus\/haltungsjournalismus\/\">journalistischer Schlamperei<\/a> -, da\u00df von den 10 Patienten auf der Intensivstation wahrscheinlich mindestens 6 Migranten sind. Dies jedenfalls l\u00e4\u00dft sich aus dem Statement des Pr\u00e4sidenten des Robert Koch-Instituts (RKI), Prof Lothar Wieler laut Bild am 3.3.2021 schlie\u00dfen: <em>&#8222;Diese Gruppe (der Migranten) besteht aus vier Millionen Menschen in Deutschland. Das entspricht einem Anteil von 4,8 Prozent. Auf den Intensivstationen liegen aber deutlich \u00fcber 50 Prozent aus dieser Gruppe.\u201c<\/em><br \/>\n<a href=\"https:\/\/www.freiburg-schwarzwald.de\/blog\/demokratie-und-intensivstation\/\">https:\/\/www.freiburg-schwarzwald.de\/blog\/demokratie-und-intensivstation\/<\/a> (20.4.2021)<\/p>\n<p>Damit lie\u00dfe sich folgendes Resum\u00e9e aus dem BZ-Artikel ziehen:<br \/>\n1) Die bisherige Hochrisikogruppe, die Alten, sind inzwischen gut versorgt.<br \/>\n2) Impfen wirkt.<br \/>\n3) Die Impfbem\u00fchungen sind vorrangig f\u00fcr Migranten zu verst\u00e4rken (Fl\u00fcchtlingswohnheime, Unterk\u00fcnfte, Stra\u00dfe).<\/p>\n<p>Warum wird dieser extrem <a href=\"https:\/\/www.freiburg-schwarzwald.de\/blog\/business\/gesund\/corona-virus\/corona-migration\/\">hohe Anteil von Migranten<\/a> auf Intenivstationen verheimlicht? Ein Tabu? Es geht doch prim\u00e4r darum, die Pandemie in den Griff zu bekommen.<br \/>\nAls man im Fr\u00fchjahr\/Sommer 2020 feststellen mu\u00dfte, da\u00df die meisten Corona-Patienten auf Intensivstationen alte Menschen sind, hat man die Senioren als Hochrisikogruppe benannt, um gezielt Abhilfe zu schaffen. Das war gut so. Damit wurden die Senioren als Gruppe doch nicht etwa <a href=\"https:\/\/www.freiburg-schwarzwald.de\/blog\/kultur\/medien\/diskriminierung\/\">diskriminiert<\/a>, sondern ihnen wurde geholfen.<br \/>\nWarum sollen jetzt Migranten als Gruppe diskriminiert werden, wenn erwiesen ist, da\u00df diese \u00fcberproportional die Intensiv-Krankenhauspl\u00e4tze belegen? Gebietet die Angst vor dem Islam dieses Tabu? Ist die <a href=\"https:\/\/www.freiburg-schwarzwald.de\/blog\/kultur\/medien\/political-correctness\/\">Political Correctness<\/a> wichtiger als die Bek\u00e4mpfung der <a href=\"https:\/\/www.freiburg-schwarzwald.de\/blog\/business\/gesund\/corona-virus\/\">Corona-Pandemie<\/a>?<\/p>\n<p>Erinnert sei hierzu an das ehrliche Statement von Ali Ertan Toprak (CDU), Pr\u00e4sident der Bundesarbeitsgemeinschaft der Migrantenverb\u00e4nde, der sich am 4.3.2021 zu dem \u00fcbergro\u00dfen Anteil muslimischer Migranten an den Intensiv-Patienten klar ge\u00e4u\u00dfert hat: <em>\u201eOh Gott, wenn wir jetzt zugeben, mehrheitlich sind das Migranten, mehrheitlich sogar noch muslimische Migranten, k\u00f6nnten wir als Rassisten dastehen. Aber daf\u00fcr sind auch die Medien mitverantwortlich, die schnell aus allem eine Rassismus-Debatte machen. Wenn das zutrifft, was der Chefarzt und der Chef des Robert-Koch-Institutes gesagt haben, dass man sehenden Auges Menschen sterben l\u00e4sst in den Intensivstationen, wo man m\u00f6glicherweise viel fr\u00fcher h\u00e4tte vorbeugend aktiv werden m\u00fcssen, das ist dann rassistisch. \u2026.<br \/>\nProbleme muss man klar benennen. Das ist nicht rassistisch. Rassistisch ist eher, zu tabuisieren und zuzulassen, dass Menschen sterben. Es ist demnach nicht nur ein Vergehen an der deutsche Herkunftsbev\u00f6lkerung, sondern auch an dem Teil der Bev\u00f6lkerung mit Migrationshintergrund und an Migranten.\u201c<br \/>\n<\/em>Toprak wagt es, da selbst Migrant, das Tabu der Political Correctness-Vernebelten anzusprechen: Unser Verschweigen des Migrationshintergrundes (bei T\u00e4terschaft wie Erkrankung) aus Gr\u00fcnden der Vermeidung von Diskriminierung f\u00fchrt in Wahrheit zu Ausgrenzung, Benachteiligung von Migranten bis hin zur Islamophobie.<em><br \/>\n<\/em>\u00a0.<br \/>\nEinerseits lassen wir zu, da\u00df sich ein gro\u00dfer Anteil von Migranten bzw. B\u00fcrger mit Migrationshintergrund aus Gr\u00fcnden von Unwissen, Religion oder Nachl\u00e4ssigkeit nicht <a href=\"https:\/\/www.freiburg-schwarzwald.de\/blog\/business\/gesund\/corona-virus\/impfung\/\">impfen<\/a> l\u00e4sst.<br \/>\nAndererseits wendet sich unsere Coronapolitik in ihrer Hilfslosigkeit jetzt sogar dem Impfen von Jugendlichen und kleinen <a href=\"https:\/\/www.freiburg-schwarzwald.de\/blog\/business\/gesund\/corona-virus\/corona-kinder\/\">Kindern<\/a> zu.<br \/>\n9.9.2021<br \/>\n.<\/p>\n<p><strong>Covid-19-Patienten in der Region Freiburg sind fast alle ungeimpft<\/strong><br \/>\nDie Zahl der Menschen, die wegen einer Corona-Infektion in den Krankenh\u00e4usern der Region Freiburg behandelt werden, nimmt im Vergleich zur Vorwoche weiter zu. Fast keiner der Patienten ist geimpft.<br \/>\n&#8230; Alles vom 9.9.2021 bitte lesen auf<br \/>\n<a href=\"https:\/\/www.badische-zeitung.de\/covid-19-patienten-in-der-region-freiburg-sind-fast-alle-ungeimpft\">https:\/\/www.badische-zeitung.de\/covid-19-patienten-in-der-region-freiburg-sind-fast-alle-ungeimpft<\/a><\/p>\n<p>.<\/p>\n<p>&nbsp;<\/p>\n<p><strong>Patriotismus, Identit\u00e4tspolitik, Migrationspolitik als Tabu-Themen<\/strong><br \/>\n<strong>Die Angst vor der Intoleranz: \u201eEin Faktor sind die Medien\u201c<\/strong><br \/>\nEine Studie des Instituts f\u00fcr Demoskopie Allensbach sorgt f\u00fcr Aufregung: Die Mehrheit der Deutschen sieht die Meinungsfreiheit in Gefahr. Ein Interview mit dem Instituts-Mitarbeiter Thomas Petersen.<br \/>\nHerr Petersen, nur noch 45 Prozent der Deutschen haben nach Ihrer Umfrage das Gef\u00fchl, ihre politische Meinung frei \u00e4u\u00dfern zu k\u00f6nnen. Das ist der niedrigste Wert bei einer solchen Umfrage Ihres Institutes seit 1953. &#8230;<\/p>\n<p>Sebastian Sasse: Herr Petersen, nur noch 45 Prozent der Deutschen haben nach Ihrer Umfrage das Gef\u00fchl, ihre politische Meinung frei \u00e4u\u00dfern zu k\u00f6nnen. Das ist der niedrigste Wert bei einer solchen Umfrage Ihres Institutes seit 1953. Hat Sie dieses Ergebnis \u00fcberrascht?<br \/>\nThomas Petersen: Es hat mich \u00fcberrascht, wie stark das Ergebnis ausgefallen ist. Die Tendenz, dass die Zahl derer zur\u00fcckgeht, die keine Einschr\u00e4nkung der Meinungsfreiheit sehen, ist schon l\u00e4nger erkennbar. Aber der Anteil derjenigen, die keine Einschr\u00e4nkung wahrgenommen haben, lag in der Regel bei mehr als 60 Prozent. Vor zwei Jahrzehnten war er sogar noch h\u00f6her, da umfasste er etwa Dreiviertel der Bev\u00f6lkerung.<br \/>\nSind bestimmte politische Themenfelder besonders betroffen \u2013 Patriotismus, Fragen der Identit\u00e4tspolitik, Migrationspolitik, religi\u00f6se Einstellungen?<br \/>\nJa, die Migrationspolitik und auch die Debatte \u00fcber Patriotismus geh\u00f6ren zu diesen Feldern. Es sind die Themen besonders heikel, die im weitesten Sinne mit dem \u201eDritten Reich\u201c oder Rassismus zu tun haben. \u00c4hnlich ist es auch mit Fragen, die man unter dem neuen Modewort der Identit\u00e4tspolitik zusammenfassen kann. Religion spielt allerdings keine Rolle.<br \/>\n&#8230;. Alles vom 6. 7.2021 bitte lesen auf<br \/>\n<a href=\"https:\/\/www.die-tagespost.de\/politik\/aktuell\/meinungsfreiheit-ein-faktor-sind-die-medien;art315,219093\">https:\/\/www.die-tagespost.de\/politik\/aktuell\/meinungsfreiheit-ein-faktor-sind-die-medien;art315,219093<\/a><br \/>\n<a href=\"https:\/\/www.tichyseinblick.de\/interviews\/allensbach-thomas-petersen-meinungsfreiheit\/\">https:\/\/www.tichyseinblick.de\/interviews\/allensbach-thomas-petersen-meinungsfreiheit\/<\/a><\/p>\n<p><em>Thomas Petersen, Jahrgang 1968, ist seit 1993 Wissenschaftlicher Mitarbeiter beim Institut f\u00fcr Demoskopie Allensbach.<\/em><\/p>\n<p>Kommentar:<br \/>\nEs wird ja so getan, als k\u00f6nne man \u00fcber dieses Umfrageergebnis diskutieren. Aber Tatsache ist, dass genau dieses Ergebnis von der aktuell herrschenden Eltie ja gew\u00fcnscht ist. Und man eigentlich noch mehr in diese Richtung will. Es kommt ja immer \u00f6fter der Ausspruch, dass die DDR nur schlecht gemacht war, nicht schlecht gedacht war! Es sagt doch alles, wenn diese S\u00e4tze aus der Politik kommen und dort auch unwidersprochen bleiben!<br \/>\n6.7.2021, Kam, CO<\/p>\n<p>&nbsp;<\/p>\n<p>&nbsp;<\/p>\n<p><strong>Tabu: Corona ist ein Migrationsproblem<\/strong><br \/>\nSollte es zutreffen, da\u00df weit \u00fcber die H\u00e4lfte aller <a href=\"https:\/\/www.freiburg-schwarzwald.de\/blog\/migration-intensivstation\/\">Corona-Intensivpl\u00e4tze von Migranten belegt<\/a> sind, dann mu\u00df umgehend ein Programm zur Aufkl\u00e4rung dieser Gruppe \u00fcber die Regeln im Umgang mit der Pandemie aufgelegt werden.<br \/>\nSollte wahr sein, da\u00df unter den <a href=\"https:\/\/www.freiburg-schwarzwald.de\/blog\/business\/gesund\/corona-virus\/corona-migration\/\">Coronapatienten in Krankenh\u00e4usern<\/a> die Anzahl derer, die sich nur mithilfe eines Dolmetschers verst\u00e4ndigen k\u00f6nnen, \u00fcberproportional gro\u00df ist, dann sind in deren Milieu verpflichtende Spachkurse einzurichten: Sprache als erste Voraussetzung f\u00fcr Integration.<br \/>\nWenn es zutrifft, da\u00df Corona mit schweren Verl\u00e4ufen \u00fcberwiegend ein Problem von Menschen mit <a href=\"https:\/\/www.freiburg-schwarzwald.de\/blog\/global\/migration\/migration2020\/\">Migrationshintergrund<\/a> ist, dann mu\u00df dieses Problem offen und ehrlich angesprochen werden.<br \/>\nWenn die Intensivmedizin an die Kapazit\u00e4tsgrenze ankommt, weil die meisten Betten von Migranten (darunter immer mehr <a href=\"https:\/\/www.freiburg-schwarzwald.de\/blog\/global\/migration\/migration-maenner\/\">junge M\u00e4nner<\/a> mit l\u00e4ngerer 3-4w\u00f6chiger Verweildauer) okkupiert sind, dann hilft es nicht, einen neuen Lockdown auszurufen. \u00dcberspitzt formuliert:<br \/>\nWenn wir Kinder von der Schule aussperren, nimmt doch die Zahl der freien Intensivbetten nicht zu.<br \/>\n<em><strong>Wenn wir inhabergef\u00fchrte Gesch\u00e4fte schlie\u00dfen, kommen doch nicht weniger corona-infizierte Migranten in die Krankenh\u00e4user.<br \/>\n<\/strong><\/em><br \/>\nBem\u00fchungen, Migranten aus ihrer Segregation, <a href=\"https:\/\/www.freiburg-schwarzwald.de\/blog\/global\/integration\/parallelkultur\/\">Parallelkultur<\/a> bzw. Ghettoisierung zwecks <a href=\"https:\/\/www.freiburg-schwarzwald.de\/blog\/global\/integration\/integration-bringschuld\/\">Integration<\/a> herauszuholen, d\u00fcrfen doch nicht an einem der Political-Correctness geschuldeten Vorwurf der Fremdenfeindlichkeit bzw. Tabuisierung des Wortes &#8222;Migration&#8220; scheitern.<br \/>\nWir holen Migranten ins Land und tun dann alles, um diese in separaten Quartieren abzusondern zu isolieren. Wodurch tun wir dies? Durch leere Versprechungen, durch \u00dcberh\u00e4ufung mit Geld, durch Ausnutzung als billige Arbeitskr\u00e4fte, indem wir ihnen keine Verpflichtungen abverlangen, indem wir ihnen keine klaren und strengen Regeln vorgeben. Wenn wir Migration zulassen und beg\u00fcnstigen, dann m\u00fcssen wir den Migranten auch helfend beistehen.<br \/>\nWenn es stimmt, da\u00df <strong>drei Viertel der Coronapatienten mit schweren Verl\u00e4ufen einen Migrantionshintergrund<\/strong> haben, dann mu\u00df diesem Personenkreis direkt und gezielt geholfen werden. Dann mu\u00df &#8222;Corona als Migrationsproblem&#8220; als solches benannt werden &#8211; ein weiteres Verschweigen dieses Problems l\u00e4\u00dft dem Kampf gegen das Virus scheitern.<br \/>\n17.4.2021<br \/>\n.<\/p>\n<p><strong>\u201eAnhaltende Panikmache unserer \u00c4rzte<br \/>\nist unverh\u00e4ltnism\u00e4\u00dfig und verantwortungslos\u201c<\/strong><br \/>\nPolitisch inkorrekte Einblicke in eine deutsche Intensivstation<br \/>\n&#8230; Die meisten Covidf\u00e4lle werden auf den beiden medizinischen Intensivstationen behandelt, aber auch die An\u00e4sthesiologische Intensivstation (AIT) versorgt dauerhaft zwischen 4 und 5 Covid-Patienten. Auf diese Patientenakten habe ich Zugriff und ich lese seit Anfang Oktober jeden Befund sehr genau durch.<br \/>\nSo kann ich auch best\u00e4tigen, dass die Mehrheit der Corona-Patienten einen Migrationshintergrund haben. Zudem kann ich best\u00e4tigen, dass die Patienten j\u00fcnger werden (zwischen 42 und 69 Jahren), jedoch alle an mindestens zwei Risikofaktoren leiden\/litten. Hervorzuheben ist hier die Adipositas.<br \/>\n&#8230;. Alles vom 15.4.2021 bitte lesen auf<br \/>\n<a href=\"https:\/\/reitschuster.de\/post\/anhaltende-panikmache-unserer-aerzte-ist-unverhaeltnismaessig-und-verantwortungslos\/\">https:\/\/reitschuster.de\/post\/anhaltende-panikmache-unserer-aerzte-ist-unverhaeltnismaessig-und-verantwortungslos\/<\/a><br \/>\n.<br \/>\n<strong>Treibt Migration die Infektionen?<\/strong><br \/>\nPandemie &#8211; Einige Mediziner warnen, dass auffallend viele Menschen aus Zuwandererfamilien an Corona erkranken<br \/>\nWelche Rolle spielt also der Faktor Migration in der Pandemie? Medienberichte und eigene Recherchen zeigen zumindest, dass Personal in Kliniken und auf Intensivstationen durchaus wahrnimmt, dass viele Menschen aus Familien schwer erkranken, in denen etwa T\u00fcrkisch oder Arabisch gesprochen werde. Auch Studien und Statistiken helfen bei der Spurensuche.<br \/>\nThomas B. ist Labormediziner in Berlin, wertet t\u00e4glich 700 bis 800 PCR-Tests aus, die aus verschiedenen Arztpraxen an das Labor \u00fcbersandt werden. Dabei fiel ihm auf, dass Tests von Patienten mit arabisch und t\u00fcrkisch klingenden Namen \u00fcberdurchschnittlich h\u00e4ufig positiv sind, Patienten mit asiatisch klingenden Namen seien im Vergleich dazu seltener positiv. B., der beruflich lange Zeit in Asien gearbeitet hat, vermutet daf\u00fcr verschiedene m\u00f6gliche Ursachen: \u201eIm asiatischen Raum ist die Akzeptanz von Regeln eine ganz andere. Das hat etwas mit der Kultur zu tun.\u201c M\u00f6glicherweise liege es aber auch daran, dass viele Asiaten in Berlin Gesch\u00e4ftsleute oder Studenten seien, die ohnehin sehr regelkonform lebten.<br \/>\nBei t\u00fcrkisch und arabisch st\u00e4mmigen Migranten k\u00f6nnte zum einen eine andere Kultur der Gemeinschaft, aber bei einem Teil auch die Wohnsituation eine Rolle spielen: Wenn viele Personen auf engem Raum lebten, verbreite sich eine Infektion leichter. \u201eSolche Zusammenh\u00e4nge m\u00fcssten besser erforscht werden\u201c, sagt B.: \u201eSo k\u00f6nnte man Risikosituationen besser identifizieren.\u201c<br \/>\nF\u00fcr Deutschland fehlen offizielle Zahlen zum \u201eFaktor Migration\u201c in der Pandemie. Weder die Vereinigung der Kassen\u00e4rzte noch das RKI oder der Verband der Intensivmediziner sammelt Daten \u00fcber die Auswirkungen der Pandemie bei zugewanderten Menschen und deren Familien. Mehrere Krankenh\u00e4user k\u00f6nnen auf Nachfrage ebenfalls keine Auskunft zur Belegung der Intensivstationen mit Migranten geben. Das ist ein Zustand, den gerade auch die Deutsche Arbeitsgemeinschaft Statistik in einem Positionspapier bem\u00e4ngelt. Man brauche eine \u201eeine nationale Strategie und systematische Sammlung von Daten\u201c.<br \/>\n&#8230; Alels vom 31.3.3021 bitte lesen auf<br \/>\n<a href=\"https:\/\/www.mannheimer-morgen.de\/politik_artikel,-politik-treibt-migration-die-infektionen-_arid,1777624.html\">https:\/\/www.mannheimer-morgen.de\/politik_artikel,-politik-treibt-migration-die-infektionen-_arid,1777624.html<\/a><\/p>\n<p><strong>Die Skandalisierungsfalle: Migranten und Corona<\/strong><br \/>\nWer Zusammenh\u00e4nge zwischen Herkunft und Covid-19 vermutet, setzt sich Rassismus-Vorw\u00fcrfen aus. Dabei w\u00e4re es dringend notwendig, die soziale Herkunft des Patienten zu kennen.<br \/>\n&#8230; Alle vom 14.3.2021 bitte lesen auf<br \/>\n<a href=\"https:\/\/www.wormser-zeitung.de\/panorama\/aus-aller-welt\/die-skandalisierungsfalle-migranten-und-corona_23317941\">https:\/\/www.wormser-zeitung.de\/panorama\/aus-aller-welt\/die-skandalisierungsfalle-migranten-und-corona_23317941<\/a><\/p>\n<p>&nbsp;<\/p>\n<p>&nbsp;<\/p>\n<p><strong>Tabu: Migranten auf Corona-Intensivstationen \u00fcberrepr\u00e4sentiert<\/strong><br \/>\n<strong>\u201eViele trauen sich nicht, problematische Punkte zu benennen\u201c<\/strong><br \/>\n<em>Ali Ertan Toprak, Pr\u00e4sident der Bundesarbeitsgemeinschaft der Migrantenverb\u00e4nde, spricht dar\u00fcber, warum Migranten unter Corona-Intensivpatienten \u00fcberrepr\u00e4sentiert sind. F\u00fcr die Tabuisierung seien &#8222;die Medien mitverantwortlich, die schnell aus allem eine Rassismus-Debatte machen&#8220;.<\/em><br \/>\n&#8230;.<br \/>\n<em>Wallasch: Es sind ja nicht nur Menschen mit Migrationshintergrund, sondern genauer solche mit muslimischen Hintergrund gemeint. Was auch daran liegt, dass diese Gruppe einen so gro\u00dfen Anteil an Migration in Deutschland hat. Klartext: Ist die muslimisch-kulturelle Ausrichtung die Ursache f\u00fcr diese vermehrten Ansteckungen \u2013 also auch f\u00fcr die schweren Corona-Verl\u00e4ufe \u2013 oder liegt es viel mehr an den prek\u00e4ren wirtschaftlichen Verh\u00e4ltnissen von Zuwanderung? Und weiter: Haben wir als Deutsche vielleicht sogar historisch spezielle Hemmnisse, solche Sachen beim Namen zu nennen? Sind wir deshalb so vorsichtig, wenn es um Zuweisungen an bestimmte Gruppen geht im Zusammenhang mit epidemischen Krankheiten?<\/em><br \/>\nToprak: Ich will da gar nichts relativieren. Es ist aber nicht die Herkunft allein, es ist auch ein bestimmtes kulturelles Verst\u00e4ndnis, mit solchen Krisen umzugehen, und vor allem eine soziale Frage. Viele Menschen mit Migrationshintergrund leben in sozialen Verh\u00e4ltnissen, welche die Ausbreitung von Covid beg\u00fcnstigen.<br \/>\n.<br \/>\n<em>Wallasch: Das w\u00fcrde das deutschst\u00e4mmige Pr\u00e4kariat mit einschlie\u00dfen, die sind aber nicht so stark betroffen offensichtlich. Die leben auch weniger oft in Familienverb\u00e4nden.<\/em><br \/>\nKollektive Gesellschaften mit Migrationshintergrund sind nicht so vereinsamt wie die Deutschen, die in \u00e4hnlichen sozialen Verh\u00e4ltnissen leben. Bei Migranten mit muslimischem Glauben sind es eher kollektive Gruppen nicht nur mit der Familie, sondern noch dar\u00fcber hinaus mit der Umgebung, mit der Nachbarschaft und gegebenenfalls noch mit der religi\u00f6sen Gemeinschaft.<br \/>\n&#8230;.<br \/>\nIch glaube, durch die Rassismus-Debatten der letzten Jahre sind auch viele aus Politik und Medien eingesch\u00fcchtert, trauen sich nicht, problematische Punkte zu benennen. Deutsche Mainstreampolitik k\u00f6nnte vielleicht denken: Oh Gott, wenn wir jetzt zugeben, mehrheitlich sind das Migranten, mehrheitlich sogar noch muslimische Migranten, k\u00f6nnten wir als Rassisten dastehen. Aber daf\u00fcr sind auch die Medien mitverantwortlich, die schnell aus allem eine Rassismus-Debatte machen.<br \/>\n.<br \/>\n<em>Wallasch: Ein etablierter Politiker muss doch nur mal couragiert etwas fordern, die Medien berichten das schon.<\/em><br \/>\nDas wird ja gemacht, das negative Echo der Medien ist dann nur vernichtend. F\u00fcr mich ist es aber nicht rassistisch, Probleme zu benennen, f\u00fcr mich ist es rassistisch, die Menschen sterben zu lassen. Wenn das zutrifft, was der Chefarzt und der Chef des Robert-Koch-Institutes gesagt haben, dass man sehenden Auges Menschen sterben l\u00e4sst in den Intensivstationen, wo man m\u00f6glicherweise viel fr\u00fcher h\u00e4tte vorbeugend aktiv werden m\u00fcssen, das ist dann rassistisch.<br \/>\n&#8230;<br \/>\n<em>Wallasch: Wenn wir aber alles immer so sehr und mit Vorbehalt im Detail betrachten sollen, dann werden wir unverst\u00e4ndlich. Wir haben auch die Pflicht zum besseren Verst\u00e4ndnis gelegentlich zu pauschalisieren, stereotyp zu denken, zu verallgemeinern.<\/em><br \/>\nDa bin ich doch bis zu einem gewissen Grad bei Ihnen. Ich sagte ja: Probleme muss man klar benennen. Das ist nicht rassistisch. Rassistisch ist eher, zu tabuisieren und zuzulassen, dass Menschen sterben. Es ist demnach nicht nur ein Vergehen an der deutsche Herkunftsbev\u00f6lkerung, sondern auch an dem Teil der Bev\u00f6lkerung mit Migrationshintergrund und an Migranten. Deswegen bin ich ja gegen diese Identit\u00e4tspolitik und gegen diese Cancel-Culture, die seit geraumer Zeit die Wissenschaft und Medien kritiklos \u00fcbernehmen \u2026<\/p>\n<p><em>Wallasch: Sagen Sie bitte den TE-Lesern, was Sie konkret mit Identit\u00e4tspolitik meinen<\/em><br \/>\nIdentit\u00e4tspolitik hei\u00dft, dass nach Interessenlage hier nur bestimmte Identit\u00e4ten in den Vordergrund ger\u00fcckt werden und ihnen gleichzeitig dadurch eine Art Opferstatus verliehen wird. Die Menschen werden nur zu Opfern gemacht aufgrund ihrer Identit\u00e4t. Das sind alles uns\u00e4gliche Begrifflichkeiten, die aus Amerika kommend auch hier an den Universit\u00e4ten usw. eingef\u00fchrt werden. Da hei\u00dft es dann zum Beispiel, die Deutschen d\u00fcrften beim Thema Rassismus nicht mitdiskutieren, weil sie keine Rassismuserfahrung h\u00e4tten usw.<br \/>\n&#8230;.<br \/>\n<em>Wallasch: Wenn die Muslime so zahlreich auf den Intensivstationen sind, warum werden die dann nicht von sich aus vorsichtiger? Das ist doch unverst\u00e4ndlich.<\/em><br \/>\nDa muss man eben Migrantenorganisationen, Soziologen, Psychologen und Psychiater immer auch mit einbeziehen, genau das herauszufinden.<br \/>\n<em>Wallasch: Aber warum dauert das schon \u00fcber ein Jahr?<\/em><br \/>\nDas frage ich mich allerdings auch. Ich habe schon im M\u00e4rz\/April 2020 beim Gesundheitsministerium vorgesprochen. Aber da hatte man offensichtlich keinen Kopf f\u00fcr diese Problematik. Sie waren einfach mit der Krise \u00fcberlastet. Es lag nicht daran, dass sie das Thema ablehnen. Man hat erst einmal nur Infomaterial \u00fcbersetzt, was eindeutig zu wenig war. Keiner dieser Leute geht auf die Infoseiten des Gesundheitsministeriums im Internet.<br \/>\n.<br \/>\n<em>Wallasch: In Afrika gab es Kampagnen, wo bestimmte Afrikanerinnen mit Kondomen \u00fcber die D\u00f6rfer gezogen sind, um Verh\u00fctung zu erkl\u00e4ren. M\u00fcssen jetzt hierzulande Frauen in die Parallelgesellschaften gehen und die Corona-Abwehrma\u00dfnahmen praktisch erkl\u00e4ren? Zeigen, wie man H\u00e4nde w\u00e4scht, Abstand h\u00e4lt und Maske tr\u00e4gt? Muss man hier quasi mitten in Deutschland eine Art Entwicklungshilfe leisten?<\/em><br \/>\nEs gibt ja schon zig Projekte in anderen Integrationsbereichen wo beispielsweise Stadtteilm\u00fctter in Bildungsfragen oder beim Empowerment von Frauen aktiv sind. Es gibt also Vorbilder, die man nur \u00fcbertragen muss. Denn das nur in die Hand von Imamen zu legen, wird jedenfalls bei Weitem nicht ausreichen. Aber die Migranten-Communities sind komplexer und sehr heterogen.<br \/>\nVielen Dank f\u00fcr das Gespr\u00e4ch.<br \/>\n&#8230; Alles vom 4.3.2021 von Alexander Wallasch bitte lesen auf<br \/>\n<a href=\"https:\/\/www.tichyseinblick.de\/kolumnen\/alexander-wallasch-heute\/ali-ertan-toprak-migranten-corona\/\">https:\/\/www.tichyseinblick.de\/kolumnen\/alexander-wallasch-heute\/ali-ertan-toprak-migranten-corona\/<\/a><br \/>\n.<br \/>\nAli Ertan Toprak ist u.a. Pr\u00e4sident der Bundesarbeitsgemeinschaft der Migrantenverb\u00e4nde. Erst war er Mitglied der Gr\u00fcnen, dann trat er 2014 der CDU bei.Heute ist er Beauftragter der CDU f\u00fcr Vielfalt, Integration und gesellschaftlichen Zusammenhalt in Hamburg.<br \/>\n.<br \/>\nEinige Kommentare:<br \/>\n<strong>Integration: keine Bringschuld der Deutschen, aber Holschuld der Muslime<\/strong><br \/>\n\u201e dass man sehenden Auges Menschen sterben l\u00e4sst in den Intensivstationen, wo man m\u00f6glicherweise viel fr\u00fcher h\u00e4tte vorbeugend aktiv werden m\u00fcssen, das ist dann rassistisch.\u201c<br \/>\nLiegen die Patienten nicht gerade deswegen auf den Intensivstationen , weil man versucht ihr Leben zu retten? Oder \u00fcbersetzt: weder der Chefarzt, noch Wieler lassen Menschen sehenden Auges sterben. Was f\u00fcr eine Verdrehung von Tatsachen schon wieder.<br \/>\nWas f\u00fcr eine Anspruchshaltung schon wieder: \u201ees reicht nicht, einfach dieses Infomaterial zu Covid in unterschiedliche Sprachen zu \u00fcbersetzen. Man muss wirklich gezielt in die Communities rein gehen mit Sozialarbeitern. \u201c und ein paar Abs\u00e4tze sp\u00e4ter sagt er die Wahrheit: \u201eManche nehmen das auf die leichte Schulter, nehmen das nicht ernst.\u201c flankiert mit einem gekonnten Seitenhieb auf die Coronaleugner etc. Es sollen also Sozialarbeiter, meist sind es ja Frauen, in die Hotspots, in die Problemviertel und versuchen die Leute zu pampern. Damit die das nicht ernst nehmen?<br \/>\nSorry, aber Integration ist nicht alleine eine Bringschuld der aufnehmenden Bev\u00f6lkerung, Integration ist in erster Linie eine Holschuld.<br \/>\nUnd genau das muss man auch einmal aussprechen d\u00fcrfen. Darf man aber nicht mehr in unserem Land.<br \/>\n\u201eNiemand muss pauschal vor Migranten Angst haben. \u201c stimmt, nur es steht den Menschen nicht auf die Stirn geschrieben, ob es besser ist Angst zu haben. Aufgrund pers\u00f6nlicher, negativer Erfahrungen 2016 und 2017 meide ich in der Tat den Kontakt zu Migranten aus anderen Kulturen. Das war nicht immer so. Ich habe noch immer gute Freunde t\u00fcrkischer Abstammung.<br \/>\n4.3.2021, Ell<br \/>\n.<br \/>\n<strong>Corona-Infos haben kaum Wirkung bei Migranten<\/strong><br \/>\nFrau Merkel merkt inzwischen auch, dass ihre Worte in Sachen Corona keine lenkende Wirkung mehr aus\u00fcben, weil sie sich lediglich an Menschen wenden, die hiesige Normen und Disziplin verinnerlichen. Das alles bleibt aber nutzlos, wenn dieser autochthonen Gruppe eine massiv wachsende Gruppe mit kulturell vollkommen anderen Werten (bzw. Nicht-Werten) gegen\u00fcbersteht, die schon dann abschaltet, wenn eine Frau zu ihnen spricht.<br \/>\n4.3.2021, E.F.<br \/>\n.<br \/>\n<strong>Lockdown bis 12.4. (Ramadan) oder dar\u00fcberhinaus?<\/strong><br \/>\nWenn dem so sein sollte , m\u00fcssten Lockdown und Kontaktverbote dringend \u00fcber den 12.4. ( Beginn Ramadan) hinaus verl\u00e4ngert werden. Der allabendliche Grossfamilienschmaus nach Sonnenuntergang ( Vier Wochen lang ) w\u00e4re ja dann ein unkalkulierbares Risiko f\u00fcr die Intensivstationen und damit f\u00fcr unser Gesundheitssystem!<br \/>\nPustekuchen, genau das Gegenteil wird geschehen , wetten dass! Lockdown und Kontaktverbote werden rechtzeitig vor dem 12.4 . aufgehoben, weil die Polizei die Einhaltung der Ma\u00dfnahmen \u00fcberwachen und kontrollieren m\u00fcsste ( abgesehen davon , w\u00fcrden sie sich \u00fcberhaupt trauen , die Familientreffen zu unterbrechen ? eher nein ) und dann keine Zeit oder zu wenig Personal h\u00e4tte , um die friedlichen Demonstranten , spielende Kinder , Omas und Opas die keine Masken tragen zu jagen und mit Handschellen abzuf\u00fchren , die Geschwindigkeit beim \u00c4pfel essen oder Kaffeetrinken zu \u00dcberwachen usw.<br \/>\nMan kann also davon ausgehen , dass WIR ALLE ab 12.4. f\u00fcr VIER WOCHEN unsere Grundrechte zur\u00fcck bekommen , die S I E uns gar nicht h\u00e4tten nehmen d\u00fcrfen. Danach?<br \/>\n4.3.2021, Ird<br \/>\n.<br \/>\n<strong>Integration gescheitert!<\/strong><br \/>\nDiese gesamte Situation zeigt doch vor allem wie miserabel diese Personen in der Mehrheitsgesellschaft integriert sind. Die nehmen nicht einmal mehr Warnungen die Hygiene Regeln einzuhalten war, weil sie die normalen Nachrichtenkan\u00e4le nicht nutzen, die Sprache schlecht oder gar nicht sprechen und zudem ganz offensichtlich kaum oder keinen Umgang mit Einheimischen haben. Zudem kommt da wohl noch der Makel hinzu, sich ganz bewusst \u00fcber Regeln f\u00fcr all die anderen hinweg zu setzen. Jetzt ist das Maleur passiert und wer soll wieder schuld sein? Wir werden diesen Leuten nie gen\u00fcgend entgegenkommen k\u00f6nnen, selbst wenn wir anfangen Arabisch\/T\u00fcrkisch\/Kasachisch oder WOLOF zu sprechen.<br \/>\n4.3.2021, mis<br \/>\n.<br \/>\n<strong>Betreutes Leben f\u00fcr Muslime?<\/strong><br \/>\n\u201eWenn die Muslime so zahlreich auf den Intensivstationen sind, warum werden die dann nicht von sich aus vorsichtiger?&#8220;<br \/>\n&#8222;Da muss man eben Migrantenorganisationen, Soziologen, Psychologen und Psychiater immer auch mit einbeziehen, genau das herauszufinden.\u201c<br \/>\nDie Antwort ist ja wohl eine absolute Frechheit! Bei anderen Communitys (Bsp. Japaner etc.) funktioniert es doch, nur bei den \u201eMuslimen\u201c nicht. Soll jetzt auch noch das betreute Leben in Deutschland f\u00fcr sie eingef\u00fchrt werden?<br \/>\n4.3.2021, Aut<br \/>\n.<br \/>\n<strong>\u201eWenn die Muslime so zahlreich auf den Intensivstationen sind,<\/strong><br \/>\nwarum werden die dann nicht von sich aus vorsichtiger?\u201c<br \/>\nGanz einfach, f\u00fcr die wahrhaft Gl\u00e4ubigen gilt das Motto: Inschallah, so Allah will. Wenn Allah will, dass ich (an Corona) sterbe, dann ist das eben so. Und es w\u00e4re eine S\u00fcnde, sich dem Willen Allahs zu widersetzen.<br \/>\nSo hat mir das ein muslimischer Arbeitskollege, in einem anderen Zusammenhang, schon vor l\u00e4ngerer Zeit mal erkl\u00e4rt. Und genau deswegen bezweifle ich, dass es mit der Impfbereitschaft der Muslime besonders gut bestellt ist. Denn man pfuscht Allah nicht ins Handwerk.<br \/>\n4.3.2021, Pet<br \/>\n.<br \/>\n<strong>vorauseilende Willkommenskultur bzw. Vorintegration<\/strong><br \/>\nDie L\u00f6sung naht: \u201eDas deutsche Goethe-Institut hat nun einen neuen Begriff erfunden: die vorauseilende Willkommenskultur. Zum 1. April (kein Scherz) sucht man einen \u00abKoordinator f\u00fcr das Projekt Vorintegration\u00bb mit Sitz im Libanon. Der erfolgreiche Bewerber soll Migranten \u00abschon im Vorfeld \u00fcber die Herausforderungen\u00bb eines Umzugs (Man merke: Er z\u00fcgelt, er fl\u00fcchtet nicht) nach Deutschland informieren und sie \u00abmit Angeboten\u00bb auf das Leben in Deutschland vorbereiten.\u201c<br \/>\nhttps:\/\/www.weltwoche-daily.ch\/beitrag\/west-oestlicher-diwan-das-goethe-institut-erleichtert-migranten-den-umzug\/<br \/>\nSpinnen die jetzt?<br \/>\n4.3.2021, D.M.<\/p>\n<p><strong>Und wir werden in Lockdown-Sippenhaft genommen<\/strong>,<br \/>\nwenn sich CoViD in Parallelgesellschaften ausbreitet. Vielen Dank auch!<br \/>\n4.3.2021, Ch<br \/>\n.<br \/>\n<strong>Biodeutsche Rassisten hehmen aus Solidarit\u00e4t brutalen Lockdown hin<\/strong><br \/>\nToprak: \u201eIch glaube, durch die Rassismus-Debatten der letzten Jahre sind auch viele aus Politik und Medien eingesch\u00fcchtert, trauen sich nicht, problematische Punkte zu benennen.\u201c<br \/>\n\u2013&gt; Da liegt der Herr aber v\u00f6llig daneben. Politik und Medien sind nicht eingesch\u00fcchtert, sondern sch\u00fcchtern Andersdenkende mit der Rassismuskeule ein. Und genau deshalb haben wir diese heftige Corona-Situation in der muslimischen Parallel- und Gegengesellschaft. Die biodeutschen \u201eRassisten\u201c m\u00fcssen derweil \u201eSolidarit\u00e4t\u201c in Form von brutalen Freiheitseinschr\u00e4nkungen hinnehmen, die mit Blick nur auf ihre Gruppe nicht mal im Ansatz gerechtfertigt sind.<br \/>\nEs wird immer klarer, warum das Merkel-Unrechtsregime die Folgen des Coronavirus nicht detailliert untersuchen l\u00e4sst. Es k\u00e4men samt und sonders politisch unkorrekte Ergebnisse dabei heraus. Genau deshalb hat Merkel ihre \u201eGrundhaltung\u201c, die sie sich jeden Tag aufs Neue von ihren Haus- und Hofvirologen best\u00e4tigen l\u00e4sst.<br \/>\n4.3.2021, St.B.i<br \/>\n.<br \/>\n<strong>&#8230; deutsche Disziplin-Gesellschaft ist an ihrem Ende<\/strong><br \/>\nDas in bestimmten Kliniken ein Migrantenanteil von 90% existiert, verwundert kaum. Ein Blick ins K\u00f6lner Nachtleben reicht um zu erkennen, dass es sinnlos bleibt, wenn die arbeitende Bev\u00f6lkerung sich systematisch wegsperrt und Hunderte von Milliarden Euro sinnlos als Pr\u00e4vention ausgibt, w\u00e4hrend einige, mittlerweile gro\u00dfe gesellschaftliche Gruppen scheinbar immun gegen\u00fcber Polizeikontrollen und politischen Eingriffen (Thema Gro\u00dfhochzeiten) bleibt.<br \/>\nDie deutsche Disziplin-Gesellschaft ist an ihrem Ende \u2013 an ihre Stelle treten offenbar neue Gruppen mit Verhaltensweisen, die kausal f\u00fcr die Armut in ihren Heimatll\u00e4ndern sind und Migration erst bedingt. Oder mit den Worten von Peter Scholl-Latour: \u201eWer halb Kalkutta aufnimmt, hilft nicht etwa Kalkutta, sondern wird selbst zu Kalkutta!&#8220;.<br \/>\n4.3.2021, E.F.<br \/>\n<span style=\"color: #000000;\"><b>\u00a0<\/b><\/span><br \/>\n<strong>Kommunikationsprobleme nur bei Covid19, nicht aber bei HartzIV?<\/strong><br \/>\nIch habe den Eindruck, Herr Toprak dribbelt und versucht mit Schlagworten, wie Migrantenorganisationen, Soziologen, Psychiatern und Psychologen ,die herausfinden ,die in die Communities hinein sollen, weshalb gerade Muslime sich nicht von sich aus vorsichtiger verhalten ,an der Kernfrage vorbeizukommen. Der vermeintlich schlechten Erreichbarkeit steht entgegen, dass es beim Bezug von Sozialleistungen oder Klagen anscheinend weitaus weniger Kommunikationsprobleme zu geben scheint.Ausserdem bin ich davon ausgegangen, dass es in DE keine geschlossenen Gesellschaften, Parallelgesellschaften gibt. Jetzt spricht Herr Toprak hier vom Gegenteil. Wenn ich in den USA oder dem europ\u00e4ischen Ausland lebe ,sind zun\u00e4chst die lokalen Informationen zu den Corona-Massnahmen massgebend und nicht die aus Deutschland . Gut, Kartoffelmedien ertrage ich auch schwer, weshalb ich beinahe schon wieder Verst\u00e4ndnis aufbringen kann ,wenn sich die Communities \u00fcber die Corona-Regeln in der T\u00fcrkei oder sonst wo informieren.<br \/>\n4.3.2021, Mug<br \/>\n.<br \/>\n<strong>Warum mu\u00df man denn nicht die deutsche Sprache lernen?<\/strong><br \/>\nWeshalb nicht angesprochen wird, dass die Gekommenen dringenst selbstst\u00e4ndig die Landessprache wenigstens so weit zu lernen haben, dass sie Merkels w\u00f6chentliche Podcasts verstehen k\u00f6nnen, ist mir ein R\u00e4tsel.<br \/>\nWie Sie schreiben gelingt es allen ja auch, das, was ihnen zusteht und vom Steuerzahler monatlich an Alimenten bereit gestellt werden muss, f\u00fcr sich fortlauend in Anspruch zu nehmen. Da ihnen das bei nunmehr seit 12 Monaten geschlossenen Jobcentern gelingt muss ich davon ausgehen, dass die Information \u00fcber Corona wie auch das wenig angepasste Verhalten an die \u201ePandemie\u201c schon alleine aus R\u00fccksichtnahme auf ihre Gastgeber von wenig Anstand zeugt.<br \/>\n4.3.2021, Kas<br \/>\n.<br \/>\n<strong>Liebe Deutsche: Ihr werdet regiert, wie ihr gew\u00e4hlt habt!<\/strong><br \/>\nLiebe Westmitdeutsche, ihr habt euch in der \u00f6r-Kuschelecke eingerichtet und euch wohlgef\u00fchlt. Ihr habt euch einlullen lassen und zum Klatschhasen degradieren lassen.. Als Entschuldigung la\u00df ich euch die mangelnde Erfahrung mit staatlicher Desinformation durchgehen, denn ihr seit jahrezehntelang einigerma\u00dfen ordentlich informiert worden. Ihr habt euer Denken auslagern lassen und alles abgenickt wie ein Wackeldackel.<br \/>\nLiebe Ostdeutsche, ihr hattet 40 Jahre Erfahrung mit staatlicher Desinformation. Ihr kontet zwischen den Zeilen lesen. Aber nach 30 Jahren, habt ihr da alles vergessen? Oder warum stellt ihr euch so d\u00e4mlich an wie die Westdeutschen? Tr\u00e4gheit? Faulheit\u00df Oder was?<br \/>\nAlle Mitdeutschen, egal ob Ost oder West, ihr habt gew\u00e4hlt und das bekommen, was ihr gew\u00e4hlt habt. Und wenn ihr es nicht schafft eure Gehirne wieder einzuschalten, dann habt ihr nach der n\u00e4chsten Wahl die gleichen Murker an der Macht wie vorher. Aber dann beschwert euch auch nicht. Denn es gilt: Regiert wie gew\u00e4hlt<br \/>\n4.3.2021, Jop<br \/>\n.<br \/>\n<strong>Ja, so sieht das durch die Migrantenverbandfunktion\u00e4rsbrille wohl aus;<\/strong><br \/>\ndie klare Schuldzuweisung an die Bundesregierung rundet ein gekonntes St\u00fcck Lobbyarbeit vorhersehbar ab: denn daf\u00fcr ist der Mann ja gew\u00e4hlt worden.<br \/>\nF\u00fcr die Perspektive der Gegenseite d\u00fcrfte wohl der Bericht eines Krankenpflegers stehen (<a href=\"https:\/\/19vierundachtzig.com\/2021\/03\/03\/mitarbeiter-packt-aus-so-laeuft-laeuft-es-wirklich-mit-den-migranten-in-deutschen-krankenhaeusern\/\">https:\/\/19vierundachtzig.com\/2021\/03\/03\/mitarbeiter-packt-aus-so-laeuft-laeuft-es-wirklich-mit-den-migranten-in-deutschen-krankenhaeusern\/<\/a>), der schildert, wie das neue Normal einer Notaufnahme in Coronazeiten aussieht, wenn Gro\u00dffamilien vorsprechen und auf ihr \u201eRecht\u201c pochen: wer aus dem \u00fcberforderten Krankenhauspersonal wollte sich da noch zus\u00e4tzlich dem Rassismus-Vorwurf aussetzen?<br \/>\nIm \u00dcbrigen wird die Wahrheit (wie immer) irgendwo in der Mitte liegen\u2026<br \/>\n4,3,2.2021, A.SCH<br \/>\n.<br \/>\n<strong>Sowohl Medien als auch Politik handeln rassistisch<\/strong><br \/>\nSo stelle ich mir \u00fcbrigens Interviews vor. Aggressiv, aber respektvoll, investigativ und bestimmend.<br \/>\nAuch wenn Herr Toprak sich hier viel zu vorsichtig ge\u00e4ussert hat, es war die richtige Richtung. Sowohl Medien als auch Politik handeln rassistisch, wenn Probleme nicht angesprochen werden d\u00fcrfen. Ich gehe sogar noch weiter, durch ein solches Handeln wird wahrscheinlich gar Rassismus generiert.<br \/>\nAllerdings, die Schwelle, was Rassismus ist und was nicht, leidet ja schon seit Jahren. Heutzutage, ist man ja schon Rechtsextremist, wenn man die nicht hinnehmbare Wirtschaftsmigration anspricht. (Bertelsmann-Stiftung)<br \/>\n4.3.2021, Tak<br \/>\n.<br \/>\n<strong>Migranten nicht wie kleine Kinder behandeln<\/strong><br \/>\nEin mutiges lnterview mit einer klaren Botschaft: \u201eProbleme muss man klar benennen. Das ist nicht rassistisch. Rassistisch ist eher, zu tabuisieren\u2026\u201c Das sollten sich die Mainstreammedien an den Spiegel heften.<br \/>\nTrotzdem: wir m\u00fcssen die Migranten nicht wie kleine Kinder behandeln. Auch im t\u00fcrkischen TV wird \u00fcber Corona berichtet. Und wenn ich in Australien in einem tr\u00fcben T\u00fcmpel bade, darf ich mich \u00fcber das Interesse eines Krokodils<br \/>\n4.3.2021, Kue<br \/>\n.<br \/>\n<strong>Verstehe ich das richtig: die muslimische Gesellschaft ist gerne unter sich,<\/strong> engagiert sich ausserhalb erst gar nicht, ist politisch uninteressiert und h\u00f6rt nur auf das was im Heimatland usus ist, interessiert sich nicht f\u00fcr Regeln und Gesetze im Gastland, hat keinen Bezug zur Sprache, Bildung und Zustand des gastgebenden Staates, nimmt aber die Vorteile gerne in Kauf? Die muslimische Gesellschaft ist im Grunde archaisch, &#8230;<br \/>\n4.3.2021, Dan<br \/>\nEnde Kommentare<\/p>\n<p>&nbsp;<\/p>\n<p>&nbsp;<\/p>\n<p><strong>Politische Korrektheit ist das neue Stammestabu<\/strong><br \/>\n&#8211; Das Lob der politischen Unkorrektheit \u2013<br \/>\nPolitische Korrektheit ist die moderne Version des Tabus. Tabus haben die Funktion sozialen Zusammenhalt zu garantieren und die Zugeh\u00f6rigkeit zu einer Gruppe zu definieren.Das kann man sch\u00f6n daran erkennen, dass sogar manche Affen soziale Rituale entwickeln \u2013 als Vorl\u00e4ufer von Tabus \u2013 die keine andere Funktion haben als die Zugeh\u00f6rigkeit zu einer Gruppe zu definieren, bei Affen etwa das Essen einer Ameisenart, ein Verhalten, das schmerzhaft ist und keine Nahrungsfunktion hat. Sp\u00e4ter haben menschliche Gruppen Tabus weiterentwickelt, um den sozialen Zusammenhalt zu st\u00e4rken. Cannon beschreibt F\u00e4lle bei den australischen Aborigines, wo Tabu-Brecher mit dem sog. \u201ebone-pointing\u201c, dem Weisen mit einem Knochen, vom Schamanen verflucht wurden und dann starben.<br \/>\nHeute machen wir das etwas eleganter, aber es gibt immer noch die Funktion des Tabus, n\u00e4mlich das Tabu als \u201epolitical correctness \u2013 politische Korrektheit\u201c, pc<br \/>\n&#8230;<br \/>\nPC wirkt auch heute noch wie ein Tabu. Wer sie verletzt, hat mit virtuellem Rauswurf aus der sch\u00fctzenden Kommunit\u00e4t zu rechnen. Daher sollten wir PC immer wieder bewusst und aktiv verletzen, um auf diesen Mechanismus aufmerksam zu machen. Denn nur das sch\u00fctzt uns davor in unseren Denkschneckenh\u00e4usern gefangen zu bleiben. Wir sollten denen, die unter dem Tabubruch leiden Zuflucht geben. Aber uns auch davor h\u00fcten, sie zu neuen Helden zu stilisieren. Denn auch das ist eine neue From von PC.<br \/>\nDie Verletzung von PC ist, bei Licht betrachtet, eine aufkl\u00e4rerische Tat: sie ist der Finger desjenigen, der sich traut, auf die fehlenden Kleider des Kaisers hinzuweisen, wo alle zwar das gleiche sehen und denken, aber sich nichts zu sagen trauen. Daher sollten wir sie willkommen heissen und f\u00fcr diejenigen dankbar sein, die diese Aufgabe f\u00fcr uns \u00fcbernehmen.<br \/>\n&#8230; Alles vom bitte lesen auf<br \/>\n<a href=\"https:\/\/chs-institute.org\/news\/35-das-lob-der-politischen-unkorrektheit-politische-korrektheit-ist-das-neue-stammestabu.html\">https:\/\/chs-institute.org\/news\/35-das-lob-der-politischen-unkorrektheit-politische-korrektheit-ist-das-neue-stammestabu.html<\/a><\/p>\n","protected":false},"excerpt":{"rendered":"<p>Home\u00a0&gt;Kultur\u00a0&gt;Medien &gt;Diskussionskultur &gt;Tabu Listenauswahl eines Beitrags: Bitte\u00a0anklicken\u00a0oder runterscrollen \u201eFree Iran\u201c \u2013 ein deutsches Tabu\u00a0(15.1.2026) Rassismus: Floyd \u2013 Iryna \u2013 Liana\u00a0(9.9.2025) ARD: Didi und Miosga\u00a0(8.4.2025) Magdeburg Terror \u2013 Vergessen\u00a0(13.1.2025) Imad Karim: \u201ePl\u00f6tzlich Staatsfeind\u201c\u00a0(25.11.2024) Verbotene Fragen \u2026 zur Migration (24.9.2024) \u00dcber die &hellip; <a href=\"https:\/\/www.freiburg-schwarzwald.de\/blog\/engagement\/zukunft\/demokratie\/tabu\/\">Weiterlesen <span class=\"meta-nav\">&rarr;<\/span><\/a><\/p>\n","protected":false},"author":2,"featured_media":0,"parent":21084,"menu_order":0,"comment_status":"closed","ping_status":"closed","template":"","meta":{"footnotes":""},"class_list":["post-88452","page","type-page","status-publish","hentry"],"_links":{"self":[{"href":"https:\/\/www.freiburg-schwarzwald.de\/blog\/wp-json\/wp\/v2\/pages\/88452","targetHints":{"allow":["GET"]}}],"collection":[{"href":"https:\/\/www.freiburg-schwarzwald.de\/blog\/wp-json\/wp\/v2\/pages"}],"about":[{"href":"https:\/\/www.freiburg-schwarzwald.de\/blog\/wp-json\/wp\/v2\/types\/page"}],"author":[{"embeddable":true,"href":"https:\/\/www.freiburg-schwarzwald.de\/blog\/wp-json\/wp\/v2\/users\/2"}],"replies":[{"embeddable":true,"href":"https:\/\/www.freiburg-schwarzwald.de\/blog\/wp-json\/wp\/v2\/comments?post=88452"}],"version-history":[{"count":6,"href":"https:\/\/www.freiburg-schwarzwald.de\/blog\/wp-json\/wp\/v2\/pages\/88452\/revisions"}],"predecessor-version":[{"id":144192,"href":"https:\/\/www.freiburg-schwarzwald.de\/blog\/wp-json\/wp\/v2\/pages\/88452\/revisions\/144192"}],"up":[{"embeddable":true,"href":"https:\/\/www.freiburg-schwarzwald.de\/blog\/wp-json\/wp\/v2\/pages\/21084"}],"wp:attachment":[{"href":"https:\/\/www.freiburg-schwarzwald.de\/blog\/wp-json\/wp\/v2\/media?parent=88452"}],"curies":[{"name":"wp","href":"https:\/\/api.w.org\/{rel}","templated":true}]}}