{"id":88295,"date":"2021-02-25T18:23:08","date_gmt":"2021-02-25T17:23:08","guid":{"rendered":"https:\/\/www.freiburg-schwarzwald.de\/blog\/?page_id=88295"},"modified":"2025-08-19T17:49:41","modified_gmt":"2025-08-19T15:49:41","slug":"asyl-ausweis","status":"publish","type":"page","link":"https:\/\/www.freiburg-schwarzwald.de\/blog\/global\/integration\/asyl\/asyl-ausweis\/","title":{"rendered":"Asyl-Ausweis"},"content":{"rendered":"<p><a href=\"https:\/\/www.freiburg-schwarzwald.de\/blog\">Home<\/a>\u00a0&gt;<a title=\"Global\" href=\"https:\/\/www.freiburg-schwarzwald.de\/blog\/global\/\">Global<\/a>\u00a0&gt;<a title=\"Integration\" href=\"https:\/\/www.freiburg-schwarzwald.de\/blog\/global\/integration\/\">Integration<\/a>\u00a0&gt;<a href=\"https:\/\/www.freiburg-schwarzwald.de\/blog\/global\/integration\/asyl\/\">Asyl<\/a> &gt;<a href=\"https:\/\/www.freiburg-schwarzwald.de\/blog\/global\/integration\/asyl\/asylpolitik\/\">Asylpolitik<\/a> &gt;Asyl-Ausweis<\/p>\n<div id=\"attachment_88296\" style=\"width: 650px\" class=\"wp-caption alignnone\"><a href=\"https:\/\/www.freiburg-schwarzwald.de\/blog\/wp-content\/uploads\/2021\/02\/feldberg-totemann-pan20210222.jpg\"><img loading=\"lazy\" decoding=\"async\" aria-describedby=\"caption-attachment-88296\" class=\"size-full wp-image-88296\" src=\"https:\/\/www.freiburg-schwarzwald.de\/blog\/wp-content\/uploads\/2021\/02\/feldberg-totemann-pan20210222.jpg\" alt=\"\" width=\"640\" height=\"342\" srcset=\"https:\/\/www.freiburg-schwarzwald.de\/blog\/wp-content\/uploads\/2021\/02\/feldberg-totemann-pan20210222.jpg 640w, https:\/\/www.freiburg-schwarzwald.de\/blog\/wp-content\/uploads\/2021\/02\/feldberg-totemann-pan20210222-180x96.jpg 180w\" sizes=\"auto, (max-width: 640px) 100vw, 640px\" \/><\/a><p id=\"caption-attachment-88296\" class=\"wp-caption-text\">Feldberg und Tote Mann mit Schnee im Hochschwarzwald am 18.2.2021<\/p><\/div>\n<p>&nbsp;<\/p>\n<ul>\n<li><em>Listenauswahl eines Beitrags (Artikel\/Datum, Seite\/Inhalt): <span style=\"text-decoration: underline;\">Klicken<\/span> oder scrollen<\/em><\/li>\n<li><a href=\"https:\/\/www.freiburg-schwarzwald.de\/blog\/engagement\/zukunft\/demokratie\/staatsbuergerschaft\/\">770.000 Deutsche Reisep\u00e4sse f\u00fcr Asylbewerber ausgestellt<\/a> (22.3.2024)<\/li>\n<li><a href=\"https:\/\/www.freiburg-schwarzwald.de\/blog\/ohne-pass-keine-abschiebung\/\">Ohne Pass keine Abschiebung<\/a>\u00a0(28.10.2023)<\/li>\n<li>Ruud Koopmans: Kontingente und ausgelagerte Asylverfahren (20.4.2023)<\/li>\n<li><a href=\"https:\/\/www.freiburg-schwarzwald.de\/blog\/global\/integration\/asyl\/asylpolitik\/\">Ruud Koopmans: Die Asyl-Lotterie<\/a>\u00a0(24.3.2023)<\/li>\n<li><a href=\"https:\/\/www.freiburg-schwarzwald.de\/blog\/migration-75-ohne-ausweis\/\">Migration: 75% kommen ohne Ausweis<\/a> (26.2.2021)<\/li>\n<li>H\u00e4lfte der Zuwanderer ohne Pass (24.2.2021)<\/li>\n<li>Jeder zweite Asylsuchende kommt ohne Papiere nach Deutschland (23.2.2021)<\/li>\n<li><a href=\"https:\/\/www.freiburg-schwarzwald.de\/blog\/global\/integration\/asyl\/\">Warum so viele Migranten am 1. Januar \u201eGeburtstag\u201c haben<\/a> (13.5.2020)<\/li>\n<li><a title=\"Grundgesetz\" href=\"https:\/\/www.freiburg-schwarzwald.de\/blog\/engagement\/zukunft\/demokratie\/grundgesetz\/\">Rupert Scholz: Die Verfassung wird gebrochen<\/a>\u00a0(19.6.2019)<\/li>\n<li><a title=\"Grenzen\" href=\"https:\/\/www.freiburg-schwarzwald.de\/blog\/global\/eu\/grenzen\/\">Ohne Grenzen \u2013 sinnhafte Orientierung geht verloren<\/a>\u00a0(11.5.2019)<\/li>\n<li><a href=\"https:\/\/www.freiburg-schwarzwald.de\/blog\/global\/integration\/asyl\/\">Klaus Miehling: Trotz Gewaltenteilung: Verfassungsbeschwerde Asyl abgewiesen<\/a> (22.11.2018)<\/li>\n<li><a title=\"Grundgesetz\" href=\"https:\/\/www.freiburg-schwarzwald.de\/blog\/engagement\/zukunft\/demokratie\/grundgesetz\/\">Staatsrechtler fordert Grundgesetz\u00e4nderung: Asyl kein einklagbares Grundrecht<\/a>\u00a0(26.2.2018)<\/li>\n<li><a href=\"https:\/\/www.freiburg-schwarzwald.de\/blog\/global\/integration\/asyl\/\">Bassam Tibi: Recht auf Asyl ist individuell<\/a> (23.10.2016)<\/li>\n<li><a href=\"https:\/\/www.freiburg-schwarzwald.de\/blog\/global\/integration\/asyl\/\">Asylrecht und Genfer Fl\u00fcchtlingskonvention<\/a> (3.3.2016)<\/li>\n<li><a href=\"https:\/\/www.freiburg-schwarzwald.de\/blog\/asyl-kein-individualgrundrecht\/\">https:\/\/www.freiburg-schwarzwald.de\/blog\/asyl-kein-individualgrundrecht\/<\/a>\u00a0(3.11.2015)<\/li>\n<li><\/li>\n<li><a title=\"Armutszuwanderung\" href=\"https:\/\/www.freiburg-schwarzwald.de\/blog\/global\/integration\/armutszuwanderung\/\">Armutszuwanderung<\/a><\/li>\n<li><a title=\"Asylanten\" href=\"https:\/\/www.freiburg-schwarzwald.de\/blog\/global\/integration\/asylanten\/\">Asylanten im Raum Freiburg<\/a><\/li>\n<li><a title=\"Einwanderungsgesetz\" href=\"https:\/\/www.freiburg-schwarzwald.de\/blog\/global\/integration\/einwanderungsgesetz\/\">Einwanderungsgesetz<\/a><\/li>\n<li><a title=\"Fluechtlinge\" href=\"https:\/\/www.freiburg-schwarzwald.de\/blog\/global\/integration\/fluechtlinge\/\">Fl\u00fcchtlinge<\/a><\/li>\n<li><a title=\"Fluechtlingshelfer\" href=\"https:\/\/www.freiburg-schwarzwald.de\/blog\/global\/integration\/fluechtlingshelfer\/\">Fluechtlingshelfer\u00a0<\/a><\/li>\n<li><a title=\"Integration\" href=\"https:\/\/www.freiburg-schwarzwald.de\/blog\/global\/integration\/\">Integration<\/a><\/li>\n<li><a title=\"Kontrollierte-Grenzen\" href=\"https:\/\/www.freiburg-schwarzwald.de\/blog\/global\/migration\/kontrollierte-grenzen\/\">Kontrollierte-Grenzen<\/a><\/li>\n<li><a title=\"Opposition\" href=\"https:\/\/www.freiburg-schwarzwald.de\/blog\/engagement\/zukunft\/demokratie\/opposition\/\">Opposition<\/a><\/li>\n<li><a title=\"Rechtsstaat\" href=\"https:\/\/www.freiburg-schwarzwald.de\/blog\/selbsthilfe\/soziales\/justiz\/rechtsstaat\/\">Rechtsstaat<\/a><\/li>\n<li><a title=\"Zuwanderer\" href=\"https:\/\/www.freiburg-schwarzwald.de\/blog\/global\/migration\/zuwanderer\/\">Zuwanderer<\/a><\/li>\n<\/ul>\n<p>&nbsp;<\/p>\n<p><strong>Ruud Koopmans: Kontingente und ausgelagerte Asylverfahren<\/strong><br \/>\n<strong>Migration &#8211; &#8222;Wir helfen nicht den Schutzbed\u00fcrftigsten&#8220;<\/strong><br \/>\nDie Zahl der Asylbewerber steigt, die der Toten im Mittelmeer auch. Wie sieht eine menschenw\u00fcrdige Asylpolitik aus? Mit dieser Frage besch\u00e4ftigt sich der niederl\u00e4ndische Migrationsforscher Ruud Koopmans.<br \/>\nBZ: Herr Koopmans, Sie haben k\u00fcrzlich gesagt: &#8222;Die europ\u00e4ische Fl\u00fcchtlingspolitik ist bankrott.&#8220; Wie meinen Sie das?<br \/>\nKoopmans: Allein im Mittelmeer sind in den vergangenen zehn Jahren mehr als 20.000 Menschen auf der Flucht gestorben. Europa hat das t\u00f6dlichste Migrationssystem der Welt. Die Internationale Organisation f\u00fcr Migration hat ausgerechnet, dass etwa 70 Prozent der Menschen, die auf der Flucht sterben, auf dem Weg nach Europa waren \u2013 obwohl weltweit nur ein kleiner Anteil der Migration auf den Kontinent entf\u00e4llt. Das Ziel einer Asylpolitik sollte sein, Menschen zu retten. Aktuell ist das Gegenteil der Fall.<br \/>\nBZ: Wie k\u00f6nnte man das \u00e4ndern?<br \/>\nKoopmans: Wir m\u00fcssen Migration besser kontrollieren \u2013 und gleichzeitig ausweiten. Andere L\u00e4nder wie Australien oder Kanada nehmen jedes Jahr eine bestimmte Anzahl von Fl\u00fcchtlingen auf, in sogenannten Kontingenten. Das k\u00f6nnte die EU auch machen. Funktionieren kann das nur, wenn wir gleichzeitig alle anderen erstmal konsequent abweisen. Ich schlage vor, Asylverfahren in verschiedene Drittl\u00e4nder wie Marokko, Senegal oder Albanien auszulagern.<br \/>\n&#8230;.<br \/>\nBZ: F\u00fcr wie realistisch halten Sie es, dass die EU Ihren Vorschlag umsetzt?<br \/>\nKoopmans: Man br\u00e4uchte daf\u00fcr nicht mal die ganze EU. Wichtig ist, dass die drei Mittelmeeranrainerstaaten mitziehen. Dann braucht man noch die wichtigsten Ziell\u00e4nder: Schweden, Niederlande, Deutschland, das w\u00fcrde reichen. Mein Vorschlag birgt die Chance f\u00fcr einen Kompromiss, weil er zwei ganz unterschiedliche Elemente kombiniert: <em><strong>die Kontingente und die ausgelagerten Asylverfahren<\/strong><\/em>. Beide Seiten gewinnen etwas.<br \/>\nBZ: Wie meinen Sie das?<br \/>\nKoopmans: <em><strong>Die einen bekommen die Kontrolle an den Au\u00dfengrenzen, die sie immer verlangt haben. Das w\u00e4re f\u00fcr die andere Seite vertretbar, wenn man gleichzeitig \u00fcber Kontingente eine gro\u00dfe Anzahl von Menschen aufnimmt \u2013 wom\u00f6glich sogar mehr als jetzt.<\/strong><\/em> Was aber das Wichtigste ist: Niemand m\u00fcsste mehr sein Leben riskieren, um Schutz zu bekommen. Solange das Sterben im Mittelmeer nicht beendet wird, bleibt das System moralisch bankrott.<br \/>\n&#8230; Alles vom 19.4.2023 bitte lesen auf<br \/>\n<a href=\"https:\/\/www.badische-zeitung.de\/wir-helfen-nicht-den-schutzbeduerftigsten--255693719.html\">https:\/\/www.badische-zeitung.de\/wir-helfen-nicht-den-schutzbeduerftigsten&#8211;255693719.html<\/a><\/p>\n<p><em>Ruud Koopmans (62) ist Professor f\u00fcr Soziologie und Migrationsforschung an der Humboldt-Universit\u00e4t Berlin. Er ist Autor des Buchs &#8222;Die Asyl-Lotterie&#8220;.<\/em><\/p>\n<p>&nbsp;<\/p>\n<p>&nbsp;<\/p>\n<p><strong>H\u00e4lfte der Zuwanderer ohne Pass<\/strong><br \/>\n<em>Das Bundesinnenministerium sagt, dass mehr als die H\u00e4lfte der Asylzuwanderer keinen Ausweis vorlegt. Seit Jahren ist das Problem bekannt. Wom\u00f6glich hat das auch damit zu tun, dass in Deutschland die Entschlossenheit fehlt, die Identit\u00e4ten wirklich festzustellen.<\/em><br \/>\n&#8230;<br \/>\nNun kommt noch eine weitere \u00fcberraschende Wendung hinzu. Und die verdankt TE mehreren Gespr\u00e4chsrunden mit Ulf K\u00fcch, dem Ex-Polizeichef von Braunschweig, der genau mit diesem Problemfeld der Identit\u00e4tsfindung \u00f6fter in seiner Dienstzeit konfrontiert war. K\u00fcch n\u00e4mlich erz\u00e4hlt TE, die vielen jungen Leute h\u00e4tten durchaus Papiere, da sie ja von ihren Familien auf die Reise geschickt wurden. Und um diese schnellstm\u00f6glich im Rahmen des Familiennachzuges nachzuholen, w\u00e4re der korrekte Identit\u00e4tsnachweis wenigstens hier unabdingbar. Des weiteren wei\u00df K\u00fcch um den vielfachen telefonischen Kontakt der Asylsuchenden in ihre Heimatl\u00e4nder. Allerdings war es schon fr\u00fch politisch nicht gew\u00fcnscht, diese Telefonate auszuwerten.<br \/>\nK\u00fcch erinnert auch daran, dass es aus p\u00e4dagogischen Gr\u00fcnden bei Minderj\u00e4hrigen und bei M\u00fcttern mit Kindern gar nicht gestattet war, da auch nur ansatzweise ermittelnd nachzufassen, also wurde es gleich gar nicht gemacht. Warum die Debatte dar\u00fcber nicht oder nur schleppend in Gang kommt, wei\u00df K\u00fcch ebenfalls aus eigener Erfahrung. Er erinnert dabei auch an den j\u00fcngsten Fall des entlassenen G\u00f6ttinger Polizeipr\u00e4sidenten Uwe L\u00fchrig, der \u00fcber eine Kritik der Impfstrategie stolperte: \u201eDas Problem ist doch, dass man in diesem Land keine Kritik mehr anbringen kann. Oder man muss sie so anbringen, dass sie sich noch so in einem Rahmen bewegt, ohne dass der Kritiker da gro\u00dfen Schaden erf\u00e4hrt.\u201c<br \/>\nIm Interview hatten wir den ehemaligen Polizeichef gefragt, ob diese P\u00e4sse wirklich verschwunden seien. K\u00fcch kann das nicht ganz glauben. Aus seiner langj\u00e4hrigen Erfahrung heraus sieht es dann eher so aus:<br \/>\n\u201eEs hie\u00df ja immer, die haben keine P\u00e4sse, aber das ist Quatsch. Man wusste ziemlich genau, wo die Menschen herkamen. Gerade die Marokkaner und die Algerier \u2013 insbesondere Algerien hat sich ja ziemlich angestellt. Man muss wissen, dass in Algerien \u2013 ich wei\u00df nicht, ob es heute noch so ist, zumindest war es damals so \u2013 dass die da eine relativ diktatorische F\u00fchrung haben. Jeder B\u00fcrger ist dort registriert worden mit Bild und Fingerabdruck. Also es w\u00e4re f\u00fcr Algerien eine Kleinigkeit gewesen, festzustellen, wer das ist. Aber da konnte sich die deutsche Politik nicht durchsetzen.\u201c<br \/>\nUnd weiter: \u201e\u2026 die haben ihre Papiere versteckt \u2013 nicht weggeschmissen. Niemand auf der Welt \u2013 das ist meine langj\u00e4hrige Erfahrung \u2013 niemand bis auf ein paar vollkommen Losgel\u00f6ste, vernichtet seine Personaldokumente. Er k\u00f6nnte ja in irgendeine Situation geraten, wo er m\u00f6glicherweise wieder nach Hause kommt. Die haben ihre Papiere irgendwo versteckt oder Schlepperbanden haben die Dokumente zur\u00fcckgehalten. Doch \u2013 wenn man es wirklich gewollt h\u00e4tte, dann h\u00e4tte man sehr schnell feststellen k\u00f6nnen, aus welchem Bereich jemand kommt. Ich wei\u00df es ja von unseren Dolmetschern, die dann da waren und beispielweise erz\u00e4hlten: Ne, ne, der kommt nicht aus Marokko, der ist aus Tunesien.\u201c<br \/>\n&#8230; Alles vom 24.2.2021 von Alexander Wallasch bitte lesen auf<br \/>\n<a href=\"https:\/\/www.tichyseinblick.de\/kolumnen\/alexander-wallasch-heute\/haelfte-der-zuwanderer-ohne-pass\/\">https:\/\/www.tichyseinblick.de\/kolumnen\/alexander-wallasch-heute\/haelfte-der-zuwanderer-ohne-pass\/<\/a><br \/>\n.<br \/>\nEinige Kommentare:<br \/>\n<strong>Rechts-Links Schema passt nicht bei Masseneinwanderung<\/strong><br \/>\nEs ist ein fundamentaler Irrtum, die Verhinderung der Masseneinwanderung nach Deutschland (insb. in unser \u201eSozialsystem\u201c) in das Rechts-Links Schema zu fassen! W\u00fcrden die sogenannten \u201eLinken\u201c \u2013 v.a. die Sozialdemokraten und Gewerkschaften \u2013 die Interessen der Arbeitnehmer vertreten, m\u00fcssten sie in der ersten Reihe der Bek\u00e4mpfung der Illegalen Einwanderung stehen, \u201elinke\u201c Journalisten in den Hofberichterstatter und Propagandamedien m\u00fcssten auf die Barrikaden gehen, wenn \u201eCancelCulture\u201c und Zensur die freie Meinung erstickt, die ehemals konservativen und jetzt linksgewendeten Kirchen m\u00fcssten an vorderster Front die Islamisierung Deutschlands bek\u00e4mpfen und die Menschenrechts-NGO\u00b4s und die Feministinnen gegen den Einzug des Mittelalters in Deutschland durch kulturlose und religi\u00f6s fanatisierte M\u00e4nnerhorden aufstehen.<br \/>\nAber, diese vorgeblich \u201eGuten\u201c sind zu nichts anderem als zu gleichgeschalteten, gr\u00fcnlackierten Duckm\u00e4usern und Verr\u00e4tern der Ideale geworden, f\u00fcr die Ihre angeblichen Vorbilder zuhauf gestorben sind \u2026!<br \/>\n24.2.2021, M.R.<br \/>\n.<br \/>\n<strong>Warum Menschen ohne Ausweis einreisen lassen?<\/strong><br \/>\nSehr geehrter Herr Wallasch, mir fehlt in Ihrem Artikel der Hinweis bzw. die Frage, warum man die Menschen ohne Ausweis einreisen lies. Im November 2015 bis April 2016 arbeitete ich als Dozent in einem Fl\u00fcchtlingsauffanglager. Von den 30 zu betreuenden Personen hatte kein einziger ein Ausweisdokument aus seinem Heimatland dabei. Sie haben alle eine neue Identit\u00e4t \u201eB\u00fcMA\u201c von der Bundespolizei ausgestellt bekommen. Hier hat sich meiner Meinung nach jeder beteiligte Bundespolizist strafbar gemacht, denn sie folgten einer m\u00fcndlichen Weisung, die gegen das GG und auch gegen das Asylrecht versto\u00dft.<br \/>\nDazu pers\u00f6nlich erlebtes.<br \/>\nDer Bildungstr\u00e4ger, welcher die Ma\u00dfnahme bei den Fl\u00fcchtlingen durchf\u00fchrte, bat mich um eine neue Kopie der B\u00fcMA des Herrn Hallo. Hallo war als Familienname auf diesem Dokument aufgef\u00fchrt. Als ich in der Fl\u00fcchtlingsrunde nach dem Herrn Hallo fragte, stellte sich heraus, das der Asylanw\u00e4rter mit dem zutiefst arabische Familienname \u201eHallo\u201c nicht anwesend war. Anhand des Fotos auf der B\u00fcMA sagten mir die anwesenden Fl\u00fcchtlinge das dieser Herr nicht Hallo hei\u00dft und auch schon l\u00e4ngst nicht mehr vor Ort ist.<br \/>\nDas Deutsche Rote Kreuz hatte in dem Fl\u00fcchtlingslager einen Aushang, in dem es anbot, die Dokumente der Fl\u00fcchtlinge zu \u00fcbersetzen. Ich rief daraufhin dort an und wies des DRK darauf hin, das die Dokumente erst von der zust\u00e4ndigen Botschaft beglaubigt werden m\u00fcssen und dann von einem vereidigten \u00dcbersetzer in die deutsche Sprache \u00fcbersetzt werden kann. Das DRK sagte mir, das dies richtig sei, aber der \u201eBefehl\u201c kam von oben.<br \/>\nAls ich den Fl\u00fcchtlingen am n\u00e4chsten Tag erkl\u00e4rte, das sie zur syrischen Botschaft gehen m\u00fcssen, um ihre Papiere beglaubigen zu lassen, bekam ich als Erstes die Antwort, es g\u00e4be keine syrische Botschaft. Allerdings hatte ich im Laptop schon die Internetseite der syrischen Botschaft Berlin ge\u00f6ffnet und dort stand auf Arabisch, Englisch und sogar Deutsch, wie die Verfahrensweise zur Beglaubigung ist und die Kosten hierf\u00fcr.<br \/>\nDie Antwort der Fl\u00fcchtlinge war, das ich etwas falsch verstanden habe, denn sie sind alle illegal in der BRD.<br \/>\nAber ich m\u00f6chte nochmal auf das warum zur\u00fcckkommen.<br \/>\n1. Im November 2015 \u00e4u\u00dferte sich de Maizere \u00f6ffentlich dar\u00fcber, dass ein ausl\u00e4ndischer Geheimdienst dem Innenministerium mitteilte, das islamische K\u00e4mpfer mit dem Fl\u00fcchtlingsstrom eingesickert seien. Anfang 2016 gab de Maizere zu, das islamische Terroristen im Lande sind. Die Terroristen wurden dann rhetorisch als Gef\u00e4hrder verniedlicht.<br \/>\n2. Wohin wollen Sie den Herrn Hallo abschieben? Wer will \u00fcberhaupt abschieben. Hat nicht Merkel gesagt \u201eaus illegalen Legale machen\u201c und \u201ejetzt sind sie halt da\u201c usw.<br \/>\n3. Stellen wir die Frage etwas anders, n\u00e4mlich so. Was w\u00e4re, wenn die ca. 2 \u2013 3 Millionen Verbraucher ok Fl\u00fcchtlinge nicht in die BRD gekommen w\u00e4ren. Ich gebe hier folgenden Denkansto\u00df. Die \u201eSozialwirtschaft\u201c w\u00fcrde keine solchen Gewinne machen wie im Moment. Die gesamte Wirtschaft h\u00e4tte keine neuen Konsumenten, die alle Wohnungen brauchen, M\u00f6bel und nat\u00fcrlich Essen. Wie schnell hat doch Wiesenhof die Produktionsst\u00e4tte auf Hallal umgestellt und sogar ein Imam \u00fcberwacht die Schlachtung.<br \/>\nSeit \u00fcber 50 Jahren verlangen die BRD Konzerne j\u00e4hrliche Zuwanderung in H\u00f6he von 150 000. Was bedeutet das jedes Jahr 150 000 neue Konsumenten zum Wohle der Gro\u00dfkonzerne in dieses Land eingeladen werden. Ob der gr\u00f6\u00dfte Teil durch Hartz 4 zus\u00e4tzlich oder g\u00e4nzlich unterst\u00fctzt wird, d\u00fcrfte z. B., Wiesenhof egal sein. Der Umsatz und somit steigt der Gewinn und das ist doch alles, was z\u00e4hlt.<br \/>\nHeute habe ich immer noch mit Ausl\u00e4ndern zu tun und ich erkl\u00e4re ihnen allen, dass sie nicht hier sind, weil \u201eMutti\u201c so humanit\u00e4re Z\u00fcge hat, sondern das sie hier sind, um a, als billige Arbeiter und b, als Konsumenten hier zu sein.<br \/>\nNicht umsonst gibt es die Aussage einer roten Socke \u201ewertvoller als Gold\u201c. Das haben die Sklavenhalter von damals mit den Sklavenhalter, Konzerne von heute als Gemeinsamkeit.<br \/>\n24.2.2021, M.SCH.<br \/>\n.<br \/>\n<strong>Wir haben es mit Dummheit zu tun<\/strong><br \/>\nEs ist bekannt, welche Einstellung Gr\u00fcne, die SPD und Linke zur Einwanderung haben. Genau diese werden wieder gew\u00e4hlt! Wir haben es also mit Dummheit zu tun! Ich habe mich schon mit den unterschiedlichsten Menschen \u00fcber das Thema unterhalten, tats\u00e4chlich sind etliche immer noch der Meinung, dass Deutschland helfen muss (\u201ereiches Land\u201c, \u201eschlimme Vergangenheit\u201c), die anderen getrauen sich nicht, den Mund aufzumachen (\u00e4hnlich wie bei den Streitpunkten zum Corona-Lockdown) \u2013 und den meisten ist es egal, weil sie meinen, dass man eh nichts machen kann. Die politischen \u00dcbelt\u00e4ter sind da, aber ebenso viele B\u00fcrger, die aus Dummheit und Tr\u00e4gheit nicht handeln. Und die Zensur wir ebenfalls immer drastischer. Die Gr\u00fcnen und Linken mit ihren Lauf durch die Institutionen haben doch die jungen Generationen l\u00e4ngst zu Gr\u00fcn-Linken in Schulen und Unis erzogen!<br \/>\n24.2.2021, Dag<br \/>\n.<br \/>\n<strong>Einwanderung als Waffe<\/strong><br \/>\n\u201eDie angeblichen \u201eFl\u00fcchtlinge\u201c aus dem libanesischen B\u00fcrgerkrieg, die die StaSi zwecks Destabilisierung erst in die DDR (Berlin\/Ost) einreisen lie\u00df, um sie ungehindert nach Berlin\/West weiter zu transferieren, z\u00e4hlten anfangs \u201elediglich\u201c einige Tausend. Mittlerweile rechnet das BKA ca. 200.000 Personen dem Umfeld krimineller arabisch-t\u00fcrkisch-kurdischer Clans zu. Tendenz rasch steigend \u2026\u201c<br \/>\nDie unkontrollierte Einwanderung des \u201eLumpenproletariats\u201c ( Karl Marx ) wurde bereits in Russland von den Lenin als erfolgreiche Waffe ( \u201eRevolutionsbeschleuniger ) benutzt, um das damalige Zarenreich zu destabilisieren und den Zar zu st\u00fcrzen.<br \/>\nSo funktionierte es im Iran, in den Millionen junger, arabischer M\u00e4nner einmarschierten, den Schah st\u00fcrzten und die Revolution ausriefen.<br \/>\nSo lieft es im Irak und schlie\u00dflich auch in Syrien.<br \/>\n24.2.2021, Chr<br \/>\n.<br \/>\n<strong>Deutschland ist eben fest im linksgr\u00fcnen Schwitzkasten.<\/strong><br \/>\nIch habe ein gewisses Verst\u00e4ndnis daf\u00fcr, dass Beh\u00f6rdenleiter im Bereich Asyl irgendwann einfach resignieren. Der Versuch, geltendes Recht um- und durchzusetzen, ist doch ein Kampf gegen Windm\u00fchlen. Von Vorgesetzten kommt keine R\u00fcckendeckung, weil auf den \u00fcbergeordneten Politik-Ebenen kein Interesse an einer \u00c4nderung der Zust\u00e4nde besteht. Ein Teil der Politik will die ungeordnete Zuwanderung ausdr\u00fccklich, der andere Teil hat sich dem Druck der Medien ergeben. Beh\u00f6rdenleiter, die durchgreifen (wollen), riskieren noch, an den Pranger der Unmenschlichkeit und des Rechtsseins gestellt zu werden. Deutschland ist eben fest im linksgr\u00fcnen Schwitzkasten.<br \/>\n24.2.2021, Lot<br \/>\n.<br \/>\n<strong>Zuwanderung zwecks Zerst\u00f6rung des Nationalstaates<\/strong><br \/>\nDiese ganze Diskussion ist mehr als m\u00fc\u00dfig. Es sollte mittlerweile jedem halbwegs denkenden Menschen klar sein, dass diese Zuwanderung aus einem ganz bestimmten Grund passiert: Um die Zerst\u00f6rung des Nationalstaates zu erreichen, muss seine Homogenit\u00e4t aufgebrochen werden. Das geschieht durch 1. stetige Zuwanderung aus m\u00f6glichst kulturfremden Gegenden (Nord\/Afrika, Naher Osten, Asien) und 2. Spaltung der Autochonen durch Corona, Klimawandel etc. Am Ende steht _vorerst_ das Endziel, der EU-Staat.<br \/>\n24.2.2021, Gum<br \/>\n.<br \/>\n<strong>&#8230; b\u00fcrgerkriegs\u00e4hnliche Zust\u00e4nde<\/strong><br \/>\nDas einzige was ich f\u00fcr die Zukunft sehe, wenn es nicht gelingt diese Masseneinwanderung r\u00fcckg\u00e4ngig zu machen, ist eine Zusammenrottung der Moslems in den europ\u00e4ischen L\u00e4ndern mit Aufst\u00e4nden, b\u00fcrgerkriegs\u00e4hnliche Zust\u00e4nde. Ich kann es nur zum tausendsten Mal wiederholen. Schauen Sie sich einfach die Geschichte an, dort wird Ihnen alles erkl\u00e4rt. Egal ob es jemals irgendeinen Plan gegeben hat seitens der m\u00e4chtigen oder der Politik oder ob alle Handlungen nur der hilflosen Verschleierung der eigenen Untaten gedient haben. So oder so Europa einige L\u00e4nder mehr andere weniger, wird als Drecksloch enden.<br \/>\n24.2.2021, Schw<br \/>\nEnde der Kommentare<br \/>\n.<\/p>\n<p><strong>Jeder zweite Asylsuchende kommt ohne Papiere nach Deutschland<\/strong><br \/>\n&#8230;<br \/>\nGut die H\u00e4lfte der erwachsenen Asylsuchenden hat im vergangenen Jahr keine Dokumente vorgelegt, die Herkunft, Namen und Geburtsdatum zweifelsfrei belegen. \u201eIm Jahr 2020 lag der Anteil der Asylerstantragstellenden ab 18 Jahren ohne Identit\u00e4tspapiere bei 51,8 Prozent\u201c, hei\u00dft es in einer Antwort des Bundesinnenministeriums auf eine schriftliche Frage der FDP-Innenpolitikerin Linda Teuteberg.<br \/>\n<a href=\"https:\/\/www.welt.de\/politik\/deutschland\/article224923055\/Zahl-der-linksextremistischen-Gewalttaten-nimmt-deutlich-zu.html\">https:\/\/www.welt.de\/politik\/deutschland\/article224923055\/Zahl-der-linksextremistischen-Gewalttaten-nimmt-deutlich-zu.html<\/a><br \/>\n.<br \/>\nIm Jahr zuvor waren rund 49 Prozent der erwachsenen Antragsteller ohne Papiere beim Bundesamt f\u00fcr Migration und Fl\u00fcchtlinge (BAMF) vorstellig geworden. Im Jahr 2017 \u2013 dem ersten, f\u00fcr das im BAMF eine Statistik zur Vorlage von Identit\u00e4tspapieren erstellt wurde \u2013 hatten knapp 61 Prozent aller Asylsuchenden im Alter ab 18 Jahren keine Dokumente dabeigehabt.<br \/>\n&#8230;<br \/>\nWas man allerdings wei\u00df: Eine ungekl\u00e4rte Identit\u00e4t erh\u00f6ht die Bleibechance enorm. Die Abschiebung eines abgelehnten Asylbewerbers ist nur m\u00f6glich, wenn sein Herkunftsstaat ihn als eigenen Staatsb\u00fcrger anerkennt. Solange der Herkunftsstaat dies bezweifelt \u2013 sei es, weil er ihn nicht zur\u00fccknehmen m\u00f6chte oder weil er ihn tats\u00e4chlich nicht kennt, wenn der Asylsuchende get\u00e4uscht hat \u2013, erh\u00e4lt der abgelehnte Asylbewerber (oder aus anderen Gr\u00fcnden ausreisepflichtige Ausl\u00e4nder) in der Regel eine Duldung.<br \/>\nAm h\u00e4ufigsten kommen Afrikaner ohne Pass, Passersatzpapier oder sonstiges Identit\u00e4tsdokument hier an, unter den vollj\u00e4hrigen Asylerstantragstellern 2019 aus Nigeria und Somalia waren es laut einer Liste des Bundesinnenministeriums rund 95 Prozent, Gambier waren zu 98 Prozent ohne jedes Papier. Ebenfalls meist ohne Pass unterwegs: Pakistaner (81 Prozent) und Afghanen (78 Prozent).<br \/>\nBemerkenswert ist, dass auch 21 Prozent der vollj\u00e4hrigen t\u00fcrkischen Antragsteller 2019 keinerlei Dokument bei sich hatten. Selbst bei einem solchen Nato-Mitgliedsland und EU-Beitrittskandidaten bereitet die Identifizierung und Beschaffung der Papiere erhebliche Probleme.<br \/>\n&#8230;.<br \/>\nDiese Zahlen beziehen sich nur auf erwachsene Asylsuchende \u2013 so kommt man zu dem Ergebnis, dass nur etwas mehr als die H\u00e4lfte ohne Dokumente einreiste. Nicht enthalten sind darin neben Kindern auch die als sogenannte unbegleitete Minderj\u00e4hrige einreisenden Asylbewerber, die fast nie ein Identit\u00e4tsdokument vorzeigen.<br \/>\n<em><strong>Bezieht man auch Jugendliche und Kinder mit ein,<br \/>\nreiste in den letzten Jahren durchg\u00e4ngig eine deutliche Mehrheit<br \/>\nbis zu drei Vierteln aller Asylsuchenden ohne Identit\u00e4tsdokument ein.<br \/>\n<\/strong><\/em>\u00a0.<br \/>\n&#8230; Alles vom 23.2.2021 bitte lesen auf<br \/>\n<a href=\"https:\/\/www.welt.de\/politik\/deutschland\/article226900563\/Jeder-zweite-Asylsuchende-kommt-ohne-Papiere-nach-Deutschland.html\">https:\/\/www.welt.de\/politik\/deutschland\/article226900563\/Jeder-zweite-Asylsuchende-kommt-ohne-Papiere-nach-Deutschland.html<\/a><br \/>\n.<br \/>\nEinige Kommentare:<br \/>\n<strong>Dabei w\u00e4re es \u00fcberhaupt kein Problem. Wer ohne Papiere kommt,<\/strong><br \/>\nkann keinen Asylantrag stellen. Er wird in einem Aufnahmelager aufgenommen, wo er bis zur Kl\u00e4rung bleibt. Gemeinsame Verpflegung, kein Taschengeld. Ich wette das Hilft, die Anzahl der Einreisenden ohne Papiere drastisch zu verkleinern.<br \/>\n23.2.2021,L.S., WO<br \/>\n.<br \/>\n<strong>&#8230; mit erfundener Identit\u00e4t eine Komfortzone<\/strong><br \/>\nWenn all die Menschen, die jeden Tag hier ankommen, eines wissen, ist es das, Ausweispapiere verhindern ein sorgenfreies Leben in Deutschland! Und mit ihrer erfundenen Identit\u00e4t haben sie sich gleich eine Komfortzone geschaffen, die auf jeden Fall kein deutscher Staatsangeh\u00f6riger hat. Kein Wunder das alle Wirtschaftsfl\u00fcchtkinge (ANspruch auf Asyl nach GGA 16a hat keiner von denen) jeden Deutschen f\u00fcr nen Trottel h\u00e4lt. Gelobtes Land.<br \/>\n23.2.2021, D.E.<br \/>\n.<br \/>\n<strong>Wenn man selber in diesem Bereich gearbeitet hat<\/strong><br \/>\nund dabei mitbekam, wie tagt\u00e4glich mit unglaublicher Unverfrorenheit dieser Personenkreis falsche Angaben zur Identit\u00e4t macht, dann kann man schon an diesem Staat sehr zweifeln. Denn seit vielen Jahren wird hier ganz offen gelogen und der Staatsapparat l\u00e4cherlich gemacht. Das ist seit vielen Jahren sehr gut bekannt, aber nichts wird von den verantwortlichen Politikern dagegen unternommen. Ohne Pass kein Zutritt nach Deutschland und kein Asylantrag. So einfach ist das!<br \/>\n23.2.2021, Rho<br \/>\n.<br \/>\n<strong>Das Asylrecht wird erbarmungslos missbraucht, der Rechtsstaat vorgef\u00fchrt.<\/strong><br \/>\nUnter Duldung der Regierung.<br \/>\nDie eigene Bev\u00f6lkerung wird mit mittelalterlichen Methoden in den Lockdown geschickt.<br \/>\nDas sollte endlich ein Ende haben.<br \/>\n23.2.2021, Lan<br \/>\n.<br \/>\n<strong>Fragen, wieviele P\u00e4sse vom Zoll und Bundespolizei &#8230;<\/strong><br \/>\nB\u00f6dsinn: &#8222;H\u00e4ufig d\u00fcrfte dahinter aber Absicht stecken \u2013 das nehmen zumindest viele Fachleute an, mit denen WELT in den vergangenen Jahren \u00fcber das Problem sprach. Beweisen l\u00e4sst sich das allerdings selten, weil die Indizienlage sehr schwierig ist.&#8220;<br \/>\nGrund der Indizienlage: Die Journalisten sollten die Bundesregierung mal fragen, wieviele P\u00e4sse vom Zoll und Bundespolizei an allen Flugh\u00e4fen im Bundesgebiet NUR bei STICHPROBEN in einem Jahr und Anzahl der Stichproben gefunden werden?<br \/>\nMan stelle sich vor, es w\u00fcrde gezielt und mit mehr Personal danach gesucht werden wollen. Weiterhin alle Passagierlisten der EU, f\u00fcr 6 Monate, in einer Datenbank bei EUROPOL hinterlegt zur Recherche der Ausl\u00e4nder\u00e4mter und BAMF. Hintergrund: Die neuen postalischen Passinhaber reisen nie von Deutschland in die Heimat, sondern z.B. aus dem benachbarten Ausland Shipol. Weitere Frage: Warum d\u00fcrfen Ausl\u00e4nder\u00e4mter sich nicht mit dem Sozialamt der eigenen Gemeinde\/Stadt austauschen? Denn dann w\u00fcrde der Ein- und Ausreisestempel zeigen, wer wann wohin, \u00fcber welchen Airport ausgereist ist und m\u00fcsste sich die Frage gefallen lassen, woher, als aus dem AsylbLG stamme das Geld f\u00fcr die Tickets der Heimat bzw. der Transit-Urlaub in einen Nachbarstaat, um dann letztlich \u00fcber Land in die Heimat der Verfolgten einzureisen? (Ich denke, Verwischen der Spur) Einwand: x + 2 oder mehr Aliaspersonalien bei Asylsuchenden respektive politisch Verfolgten\/Wirtschaftsfl\u00fcchtlinge? Jeder Pass bei der Grenzkontrolle, in die Herkunfts und Transitflugh\u00e4fen, werden erfasst und mit der Gesichtserkennung abgeglichen und dann erfolgt ein Abgleich mit dem AZR des BVA. Wieviele echte Personalien wohl dann zu einer Duldung passen? Die Journalisten m\u00fcssen nur die richtigen Fragen stellen, um Licht und mehr als nur Indizien ans Licht zu bringen. Interessant ist auch die Frage, wer stemmt sich dagegen bzw. welcher fadenscheinige Grund verhindert dieses Procedere? Denn die anderen aufnehmenden L\u00e4nder der EU, lassen sich auch ungern..<br \/>\n23.2.2021, W.D.<br \/>\n.<br \/>\n<strong>Werde ich als Deutscher in Deutschland diskriminiert?<\/strong><br \/>\nEigenartig, wenn ich mich als Deutscher auf einem deutschen Amt nicht ausweisen kann, habe ich Anspruch auf &#8211; nix!<br \/>\nKann es sein, dass ich als Deutscher in Deutschland diskriminiert werde?! Kann es sein, dass das rassistischer Hass auf die deutsche Kartoffel ist?!<br \/>\nIch fordere gleiche Rechte &#8211; auch f\u00fcr Deutsche und Deutschinnen (oder wie immer auch das hei\u00dft) in Deutschland.<br \/>\n23.2.2021, P.M<br \/>\n.<br \/>\n<strong>&#8230;. mehr Rechte als die deutsche Kartoffel<\/strong><br \/>\nDie einen brauchen keinen Ausweis und die anderen m\u00fcssen demn\u00e4chst neben dem Personalausweis oder Reisepass den Impfausweis oder Impfnachweis vorlegen, verr\u00fcckte Welt. Man kommt in diesem Land aus dem Staunen nicht raus.<br \/>\nUnd h\u00f6chstwahrscheinlich werden diese Personen noch vor ihnen geimpft und haben dann auch gleich mehr Rechte als die deutsche Kartoffel. (Was sie teilweise jetzt ja auch schon haben).<br \/>\n23.2.2021, Ro<br \/>\nEnde Kommentare<\/p>\n<p>&nbsp;<\/p>\n","protected":false},"excerpt":{"rendered":"<p>Home\u00a0&gt;Global\u00a0&gt;Integration\u00a0&gt;Asyl &gt;Asylpolitik &gt;Asyl-Ausweis &nbsp; Listenauswahl eines Beitrags (Artikel\/Datum, Seite\/Inhalt): Klicken oder scrollen 770.000 Deutsche Reisep\u00e4sse f\u00fcr Asylbewerber ausgestellt (22.3.2024) Ohne Pass keine Abschiebung\u00a0(28.10.2023) Ruud Koopmans: Kontingente und ausgelagerte Asylverfahren (20.4.2023) Ruud Koopmans: Die Asyl-Lotterie\u00a0(24.3.2023) Migration: 75% kommen ohne Ausweis (26.2.2021) &hellip; <a href=\"https:\/\/www.freiburg-schwarzwald.de\/blog\/global\/integration\/asyl\/asyl-ausweis\/\">Weiterlesen <span class=\"meta-nav\">&rarr;<\/span><\/a><\/p>\n","protected":false},"author":2,"featured_media":0,"parent":50770,"menu_order":0,"comment_status":"closed","ping_status":"closed","template":"","meta":{"footnotes":""},"class_list":["post-88295","page","type-page","status-publish","hentry"],"_links":{"self":[{"href":"https:\/\/www.freiburg-schwarzwald.de\/blog\/wp-json\/wp\/v2\/pages\/88295","targetHints":{"allow":["GET"]}}],"collection":[{"href":"https:\/\/www.freiburg-schwarzwald.de\/blog\/wp-json\/wp\/v2\/pages"}],"about":[{"href":"https:\/\/www.freiburg-schwarzwald.de\/blog\/wp-json\/wp\/v2\/types\/page"}],"author":[{"embeddable":true,"href":"https:\/\/www.freiburg-schwarzwald.de\/blog\/wp-json\/wp\/v2\/users\/2"}],"replies":[{"embeddable":true,"href":"https:\/\/www.freiburg-schwarzwald.de\/blog\/wp-json\/wp\/v2\/comments?post=88295"}],"version-history":[{"count":5,"href":"https:\/\/www.freiburg-schwarzwald.de\/blog\/wp-json\/wp\/v2\/pages\/88295\/revisions"}],"predecessor-version":[{"id":138041,"href":"https:\/\/www.freiburg-schwarzwald.de\/blog\/wp-json\/wp\/v2\/pages\/88295\/revisions\/138041"}],"up":[{"embeddable":true,"href":"https:\/\/www.freiburg-schwarzwald.de\/blog\/wp-json\/wp\/v2\/pages\/50770"}],"wp:attachment":[{"href":"https:\/\/www.freiburg-schwarzwald.de\/blog\/wp-json\/wp\/v2\/media?parent=88295"}],"curies":[{"name":"wp","href":"https:\/\/api.w.org\/{rel}","templated":true}]}}