{"id":88198,"date":"2021-02-22T20:55:04","date_gmt":"2021-02-22T19:55:04","guid":{"rendered":"https:\/\/www.freiburg-schwarzwald.de\/blog\/?page_id=88198"},"modified":"2024-10-10T20:16:55","modified_gmt":"2024-10-10T18:16:55","slug":"sozialismusangst","status":"publish","type":"page","link":"https:\/\/www.freiburg-schwarzwald.de\/blog\/global\/globalisierung\/sozialismusangst\/","title":{"rendered":"Sozialismusangst"},"content":{"rendered":"<p><a href=\"https:\/\/freiburg-schwarzwald.de\/blog\">Home<\/a>\u00a0&gt;<a title=\"Engagement\" href=\"https:\/\/www.freiburg-schwarzwald.de\/blog\/engagement\/\">Engagement<\/a> &gt;<a title=\"Demokratie\" href=\"https:\/\/www.freiburg-schwarzwald.de\/blog\/engagement\/zukunft\/demokratie\/\">Demokratie<\/a> &gt;<a title=\"Deutschland\" href=\"https:\/\/www.freiburg-schwarzwald.de\/blog\/global\/deutschland\/\">Deutschland<\/a>\u00a0&gt;<a title=\"Gesellschaft\" href=\"https:\/\/www.freiburg-schwarzwald.de\/blog\/global\/deutschland\/gesellschaft\/\">Gesellschaft\u00a0<\/a> &gt;Sozialismusangst<\/p>\n<p><a style=\"font-weight: bold; background-color: #f1f1f1; font-size: 12px; text-align: center;\" href=\"https:\/\/www.freiburg-schwarzwald.de\/blog\/wp-content\/uploads\/2021\/02\/schwarzwald-schnee-zweisamkeit2021feb13pan.jpg\"><img loading=\"lazy\" decoding=\"async\" class=\"size-full wp-image-88034\" src=\"https:\/\/www.freiburg-schwarzwald.de\/blog\/wp-content\/uploads\/2021\/02\/schwarzwald-schnee-zweisamkeit2021feb13pan.jpg\" alt=\"\" width=\"640\" height=\"309\" srcset=\"https:\/\/www.freiburg-schwarzwald.de\/blog\/wp-content\/uploads\/2021\/02\/schwarzwald-schnee-zweisamkeit2021feb13pan.jpg 640w, https:\/\/www.freiburg-schwarzwald.de\/blog\/wp-content\/uploads\/2021\/02\/schwarzwald-schnee-zweisamkeit2021feb13pan-180x87.jpg 180w\" sizes=\"auto, (max-width: 640px) 100vw, 640px\" \/><\/a><\/p>\n<p>Sonnenuntergang im Hochschwarzwald bei Schnee &#8211; Zweisamkeit im Februar 2021<\/p>\n<h3><strong><br \/>\nAngst vor dem Sozialismus?<\/strong><\/h3>\n<ul>\n<li><a href=\"https:\/\/www.freiburg-schwarzwald.de\/blog\/engagement\/zukunft\/demokratie\/sozialismus\/milliardaerssozialismus\/\">Sozialismus mit drei Merkmalen<\/a>\u00a0(6.10.2024)<\/li>\n<li><a href=\"https:\/\/www.freiburg-schwarzwald.de\/blog\/quartett-der-global-player\/\">Quartett der Global Player<\/a>\u00a0(8.6.2023)<\/li>\n<li><a href=\"https:\/\/www.freiburg-schwarzwald.de\/blog\/engagement\/zukunft\/demokratie\/sozialismus\/milliardaerssozialismus\/\">Klonovsky: Milliard\u00e4rssozialismus \u2013 Globalismus \u2013 Woke<\/a>\u00a0(10.3.2023)<\/li>\n<li><a href=\"https:\/\/www.freiburg-schwarzwald.de\/blog\/kultur\/kulturverlust\/verbote\/\">Linker Staat: Verbote und Verzichte<\/a>\u00a0(23.9.2022)<\/li>\n<li><a href=\"https:\/\/www.freiburg-schwarzwald.de\/blog\/global\/eu\/eu-planwirtschaft\/\">Haltungs-\u00d6konomie statt freie Marktwirtschaft<\/a>\u00a0(16.9.2022)<\/li>\n<li><a href=\"https:\/\/www.freiburg-schwarzwald.de\/blog\/sozialkreditsystem-bei-uns\/\">Sozialkreditsystem \u2013 bei uns?<\/a>\u00a0(1.8.2022)<\/li>\n<li><a href=\"https:\/\/www.freiburg-schwarzwald.de\/blog\/engagement\/zukunft\/demokratie\/staatsquote\/\">Staatsquote steigt \u2013 Wirtschaft geht bergab<\/a>\u00a0(19.4.2022)<\/li>\n<li><a href=\"https:\/\/www.freiburg-schwarzwald.de\/blog\/global\/globalisierung\/soros\/\">George Soros: Der Mann hinter dem Vorhang<\/a>\u00a0(1.4.2022)<\/li>\n<li><a href=\"https:\/\/www.freiburg-schwarzwald.de\/blog\/rot-gruen-in-der-nahen-zukunft\/\">Rot-Gr\u00fcn in der nahen Zukunft<\/a>\u00a0(1.9.2021)<\/li>\n<li><a href=\"https:\/\/www.freiburg-schwarzwald.de\/blog\/global\/deutschland\/moral2015\/moralismus\/\">Die m\u00e4chtigen G\u00f6tter: Moral und Angst<\/a>\u00a0(3.8.2021)<\/li>\n<li>Markus Krall im Interview: \u201eKommt das Sozialkreditsystem f\u00fcr Deutschland?\u201c (26.7.2021)<\/li>\n<li><a href=\"https:\/\/www.freiburg-schwarzwald.de\/blog\/ein-wort-an-die-jugend\/\">Ein Wort an die Jugend<\/a>\u00a0(23.7.2021)<\/li>\n<li><a href=\"https:\/\/www.freiburg-schwarzwald.de\/blog\/selbsthilfe\/psyche\/wahn\/\">Die Herrschaft der Angst \u2013 und wie sie gebrochen werden kann<\/a>\u00a0(9.5.2021)<\/li>\n<li><a href=\"https:\/\/www.freiburg-schwarzwald.de\/blog\/millionaers-sozialismus\/\">Million\u00e4rs-Sozialismus<\/a>\u00a0(8.5.2021)<\/li>\n<li><a href=\"https:\/\/www.freiburg-schwarzwald.de\/blog\/global\/globalisierung\/bigtech\/\">Elon Musk\/Tesla als Beispiel zur Allianz \u201eBig Tech mit Lifestyle-Linken\u201c<\/a>\u00a0(6.5.2021)<\/li>\n<li>Smart City: Sozialistische Zivilgesellschaft statt B\u00fcrgergesellschaft (2.5.2021)<\/li>\n<li>Sozialismus und Gedankenkontrolle &#8211; Visionen vom neuen Menschen (20.2.2021)<\/li>\n<li><a href=\"https:\/\/www.freiburg-schwarzwald.de\/blog\/global\/deutschland\/gesellschaft\/normalitaet\/\">Die neue Normalit\u00e4t: The New Normal requires a NEW Response<\/a> (12.2.2021)<\/li>\n<li><a href=\"https:\/\/www.freiburg-schwarzwald.de\/blog\/engagement\/zukunft\/demokratie\/liberalismus\/\">Liberalismus: Wie mit Verschw\u00f6rungstheorien umgehen?<\/a>\u00a0(23.12.2020)<\/li>\n<li>Roland Baader: Deutschland im 80%-Sozialismus, nicht im Kapitalismus (12.1.2016)<\/li>\n<li><\/li>\n<li><a title=\"Aktivisten\" href=\"https:\/\/www.freiburg-schwarzwald.de\/blog\/vereine\/ngo\/aktivisten\/\">Aktivisten<\/a><\/li>\n<\/ul>\n<ul>\n<li><a title=\"Anywheres\" href=\"https:\/\/www.freiburg-schwarzwald.de\/blog\/global\/deutschland\/gesellschaft\/anywheres\/\">Anywheres<\/a><\/li>\n<li><a title=\"Bevoelkerungswachstum\" href=\"https:\/\/www.freiburg-schwarzwald.de\/blog\/engagement\/zukunft\/demografie\/bevoelkerungswachstum\/\">Bevoelkerungswachstum<\/a><\/li>\n<li><a href=\"https:\/\/www.freiburg-schwarzwald.de\/blog\/global\/globalisierung\/bigtech\/\">BigTech<\/a><\/li>\n<li><a href=\"https:\/\/www.freiburg-schwarzwald.de\/globalisierung#Bildung-weltweit.de%20-%20Tor%20zu%20Bildungsinformationen%20aus%20aller%20Welt\">Bildung-weltweit.de \u2013 Tor zu Bildungsinformationen aus aller Welt<\/a>\u00a0&gt;Globalisierung<\/li>\n<li><a title=\"Buerger\" href=\"https:\/\/www.freiburg-schwarzwald.de\/blog\/engagement\/buerger\/\">Buerger<\/a><\/li>\n<li><a href=\"https:\/\/www.freiburg-schwarzwald.de\/klima.htm#CO2-Fu%C3%9Fabdruck\">CO2-Fu\u00dfabdruck \u2013 Carbon Footprint CF<\/a>\u00a0&gt;Klima<\/li>\n<li><a href=\"https:\/\/www.freiburg-schwarzwald.de\/blog\/business\/gesund\/corona-virus\/corona-grundrechte\/\">Corona-Grundrechte<\/a><\/li>\n<li><a href=\"https:\/\/www.freiburg-schwarzwald.de\/blog\/business\/rezession\/corona-sozialismus\/\">Corona-Sozialismus<\/a><\/li>\n<li><a href=\"https:\/\/www.freiburg-schwarzwald.de\/blog\/kultur\/medien\/deplatforming\/\">Deplatforming<\/a><\/li>\n<li><a href=\"https:\/\/www.freiburg-schwarzwald.de\/blog\/global\/eu\/eu-planwirtschaft\/\">EU-Planwirtschaft<\/a><\/li>\n<li><a href=\"https:\/\/www.freiburg-schwarzwald.de\/zukunft.htm#Frieden%20-%20Friedensforschung\">Frieden \u2013 Friedensforschung<\/a>\u00a0&gt;Zukunft<\/li>\n<li><a title=\"Gleichheit\" href=\"https:\/\/www.freiburg-schwarzwald.de\/blog\/engagement\/zukunft\/demokratie\/gleichheit\/\">Gleichheit<\/a><\/li>\n<li><a href=\"https:\/\/www.freiburg-schwarzwald.de\/globalisierung#Global%20Compact\">Global Compact<\/a><\/li>\n<li><a title=\"Global-Migration\" href=\"https:\/\/www.freiburg-schwarzwald.de\/blog\/global\/globalisierung\/global-migration\/\">Global-Migration Pakt<\/a><\/li>\n<li><a href=\"https:\/\/www.freiburg-schwarzwald.de\/blog\/global\/globalisierung\/great-reset\/\">Great Reset<\/a><\/li>\n<li><a href=\"https:\/\/www.freiburg-schwarzwald.de\/blog\/global\/globalisierung\/macht\/\">Macht \u2013 Machtmodelle weltweit<\/a><\/li>\n<li><a title=\"Migration\" href=\"https:\/\/www.freiburg-schwarzwald.de\/blog\/global\/migration\/\">Migration<\/a><\/li>\n<li><a href=\"https:\/\/www.freiburg-schwarzwald.de\/blog\/engagement\/zukunft\/demokratie\/sozialismus\/milliardaerssozialismus\/\">Milliard\u00e4rssozialismus<\/a><\/li>\n<li><a href=\"https:\/\/www.freiburg-schwarzwald.de\/blog\/global\/deutschland\/moral2015\/moralismus\/\">Moralismus<\/a><\/li>\n<li><a title=\"Neo-Feudalismus\" href=\"https:\/\/www.freiburg-schwarzwald.de\/blog\/global\/globalisierung\/neo-feudalismus\/\">Neo-Feudalismus<\/a><\/li>\n<li><a href=\"https:\/\/www.freiburg-schwarzwald.de\/blog\/global\/globalisierung\/nwo\/\">NWO \u2013 Neue Weltordnung<\/a><\/li>\n<li><a href=\"https:\/\/www.freiburg-schwarzwald.de\/blog\/global\/globalisierung\/one-world\/\">One World<\/a><\/li>\n<li><a href=\"https:\/\/www.freiburg-schwarzwald.de\/blog\/global\/globalisierung\/soros\/\">Soros &#8211; OSF<\/a><\/li>\n<li><a href=\"https:\/\/www.freiburg-schwarzwald.de\/blog\/engagement\/zukunft\/pessimismus\/\">Pessimismus<\/a><\/li>\n<li><a href=\"https:\/\/www.freiburg-schwarzwald.de\/blog\/engagement\/zukunft\/demokratie\/sozialismus\/\">Sozialismus<\/a><\/li>\n<li><a title=\"Global-Migration\" href=\"https:\/\/www.freiburg-schwarzwald.de\/blog\/global\/globalisierung\/global-migration\/\">UN-Migrationspakt \u2013 Global Compact of Migration GCM<\/a><\/li>\n<li><a href=\"https:\/\/www.freiburg-schwarzwald.de\/blog\/kultur\/kulturverlust\/verbote\/\">Verbote<\/a><\/li>\n<li><a title=\"Weltwirtschaft\" href=\"https:\/\/www.freiburg-schwarzwald.de\/blog\/global\/weltwirtschaft\/\">Weltwirtschaft<\/a><\/li>\n<li><a href=\"https:\/\/www.freiburg-schwarzwald.de\/blog\/kultur\/kulturverlust\/woke\/\">Woke<\/a><\/li>\n<\/ul>\n<p>&nbsp;<\/p>\n<p><strong>Markus Krall im Interview: \u201eKommt das Sozialkreditsystem f\u00fcr Deutschland?\u201c<\/strong><br \/>\nDas Bundesministerium f\u00fcr Bildung und Forschung gab vor geraumer Zeit eine Studie in Auftrag, wie die Zukunft Deutschlands aussehen k\u00f6nnte. Das Ergebnis sind sechs verschiedene Zuk\u00fcnfte; die Vorlagen sollen nun helfen, sich mit unterschiedlichen denkbaren Welten auseinanderzusetzen und zu pr\u00fcfen: Wollen wir so leben? Was bedeuten diese Konstellationen f\u00fcr uns? Insgesamt einigten sich die Autoren auf sechs Szenarien:<br \/>\nder \u201eEurop\u00e4ische Weg\u201c,<br \/>\nder \u201eWettbewerbsmodus\u201c,<br \/>\ndie \u201eR\u00fcckkehr der Bl\u00f6cke\u201c,<br \/>\n\u201eTempounterschiede\u201c,<br \/>\ndas \u201eBonus-System\u201c (Sozialbonussystem, chines. Sozialkreditsystem)<br \/>\nund die \u201e\u00d6kologische Regionalisierung\u201c.<\/p>\n<p>Insbesondere das \u201eBonus-System\u201c sorgt f\u00fcr negative Presse. In einem Satz durch die Autoren zusammengefasst lautet es: \u201eNeue Zahlenfixierung: In den 2030er Jahren \u00fcbernimmt ein digitales, partizipativ ausverhandeltes Punktesystem eine zentrale politisch-gesellschaftliche Steuerungsfunktion.\u201c<br \/>\nIn den 2030er-Jahren k\u00f6nnte demnach ein staatliches Punktesystem \u2013 nach dem Vorbild des als erfolgreich angesehenen Sozialkreditsystems Chinas \u2013 auch in Deutschland das Verhalten der B\u00fcrger steuern. In der Corona-Krise habe sich in China schlie\u00dflich gezeigt, wie effizient ein auf Big Data beruhender Autoritarismus sei, um die Bewegungen und Verhaltensweisen der Bev\u00f6lkerung zu steuern, lautet eine der Thesen von Ivan Krastev, welche die Studie als Signal f\u00fcr ein m\u00f6gliches Eintreffen auff\u00fchrt.<br \/>\nKommt das Sozialkreditsystem f\u00fcr Deutschland? Wir fragten unter anderem den \u00d6konomen Dr. Markus Krall danach.<\/p>\n<p>ET: Sie kennen das chinesische Sozialkreditsystem. Ist das debattierte Bonus-System damit vergleichbar?<br \/>\nDr. Markus Krall: Das, was die kommunistische Partei Chinas gewaltsam umgesetzt hat und kontinuierlich auf neue H\u00f6hen treibt, um die eiserne Kontrolle \u00fcber das Volk zu erhalten, wird mit einem Bonus-System auf leisen Sohlen, auf Samtpfoten angesteuert.<\/p>\n<p>Diese Studie ist nicht die einzige lobende Erw\u00e4hnung eigentlich totalit\u00e4ren Gedankenguts durch die Bundesregierung. So wird in der \u201e<a href=\"https:\/\/www.freiburg-schwarzwald.de\/blog\/engagement\/zukunft\/digitalisierung\/smart-city\/\">Smart City Charta<\/a>\u201c des Ministeriums f\u00fcr Umwelt- und Naturschutz, Bau- und Reaktorsicherheit freim\u00fctig \u00fcber eine \u201epost-choice\u201c, \u201epost-ownership\u201c und \u201epost-voting\u201c-Gesellschaft schwadroniert. Unsere die Freiheit definierenden Rechte, unsere Pr\u00e4ferenzen beim Kauf von G\u00fctern, beim Eigentum und bei Wahlen Ausdruck zu verleihen wird nonchalant zur Disposition gestellt.<\/p>\n<p>Die Idee des Sozialbonussystems, die nichts anderes ist als ein zwangsweises soziales Rating jeder Person zur Erzwingung von Konformit\u00e4t und Integration in die anonyme, beherrschbare Masse ist der logische Puzzlestein, der diese Ideen erg\u00e4nzt. Damit es beim Lesen nicht sofort auff\u00e4llt, dass es hier um nicht weniger geht, als das Design eines techno-diktatorischen Zwangsstaates, der f\u00fcr 95 Prozent seiner B\u00fcrger Nudging und Framing als im Vergleich zur Gewalt kosteng\u00fcnstigeres Steuerungssystem etablieren will, verteilt man diese als \u201eTrend\u201c verkleidete Programmatik \u00fcber verschiedene \u201eStudien\u201c bei unterschiedlichen Ministerien.<br \/>\nIhr nahtloses Ineinandergreifen, ihre komplement\u00e4re Mechanik verdeutlicht aber, dass sie Teile eines gr\u00f6\u00dferen sozialistisch orientierten Gesellschaftsdesigns sind. Und was die 5 Prozent Unbotm\u00e4\u00dfigen betrifft, die sich dem propagandistischen Dauerfeuer und Nudging nicht unterordnen wollen, so t\u00e4usche man sich nicht: Am Ende der Anreizkette steht die Gewalt.<br \/>\nDas soziale Bonus-System dehnt diese Mechanik auf alle Bereiche unseres Lebens aus. Wenn wir das ablehnen, m\u00fcssen wir uns jetzt wehren und das nicht zu zaghaft.<br \/>\n&#8230; Alles vom 26.Juli 2021 bitte lesen auf<br \/>\n<a href=\"https:\/\/www.epochtimes.de\/politik\/deutschland\/markus-krall-im-interview-kommt-das-sozialkreditsystem-fuer-deutschland-a3564117.html\">https:\/\/www.epochtimes.de\/politik\/deutschland\/markus-krall-im-interview-kommt-das-sozialkreditsystem-fuer-deutschland-a3564117.html<\/a><\/p>\n<p>&nbsp;<\/p>\n<p>&nbsp;<\/p>\n<p>&nbsp;<\/p>\n<p><strong>Smart City: Sozialistische Zivilgesellschaft statt B\u00fcrgergesellschaft<\/strong><br \/>\nDeutlich wird formuliert, dass die <a href=\"https:\/\/www.freiburg-schwarzwald.de\/blog\/engagement\/zukunft\/digitalisierung\/smart-city\/\">\u201eSmart City Charta\u201c<\/a> sich \u201ean Akteure aus Forschung, Wirtschaft und Zivilgesellschaft\u201c richtet, also an Funktion\u00e4re. Zivilgesellschaft bezeichnet eben nicht die B\u00fcrgergesellschaft, sondern im Gegenteil, sie stellt lediglich eine Weiterentwicklung der Idee des italienischen Kommunisten Antonio Gramsci dar, das smart klingende Lable f\u00fcr die Gesamtheit und Vernetzung der Vielzahl der NGOs. Gramsci verstand n\u00e4mlich unter der Zivilgesellschaft die \u00dcberwinderin der b\u00fcrgerlichen Gesellschaft:<br \/>\n\u201eEine Klasse, die sich selbst als geeignet setzt, die ganze Gesellschaft zu assimilieren, und die zugleich wirklich f\u00e4hig ist, diesen Prozess hervorzubringen, f\u00fchrt diese Auffassung vom Staat und vom Recht zur Vollendung, bis sie schlie\u00dflich das Ende des Staates und Rechts konzipiert, insofern sie \u00fcberfl\u00fcssig geworden sind, weil sie ihre Aufgabe erf\u00fcllt haben und von der Zivilgesellschaft aufgesogen worden sind.\u201c<br \/>\nDer \u00dcbergang vom Recht der b\u00fcrgerlichen Gesellschaft zum Urteil der Zivilgesellschaft erfolgt \u00fcber die Moralisierung des Politischen.<br \/>\n&#8230;<br \/>\nAuf diese Idee kann man eigentlich nur kommen, wenn man die Marktwirtschaft abschaffen will, wenn man die Markteilnehmer, den Wettbewerb auszuschalten gedenkt, in den M\u00e4rkte nur noch \u201eInformationssysteme, die Ressourcen zuteilen\u201c sieht. Es geht also um \u201eZuteilung\u201c und dadurch um die Herrschaft der Zuteiler. Damit jedoch die Herrschaft der Zuteiler, der neuen Feudalherren, nicht ersch\u00fcttert werden kann, werden Wahlen, wird die Demokratie abgeschafft, denn die Zuteiler \u201ewissen, was Leute tun und m\u00f6chten\u201c Und weil die allwissenden Zuteiler, die Herr*Innen von Big Data Brother wissen, was die Leute zu m\u00f6chten haben, \u201egibt es weniger Bedarf an Wahlen, Mehrheitsfindungen oder Abstimmungen. Verhaltensbezogene Daten k\u00f6nnen Demokratie als das gesellschaftliche Feedbacksystem ersetzen.\u201c Wenn Demokratie in der Tat nur ein System des feedbacks ist, durch das herrschende Politiker sich zuweilen ein update von denen da unten holen, dann ist es in der Tat durch Big Data Brother ersetzbar \u2013 und es sagt alles \u00fcber die Vorstellung dar\u00fcber aus, was Demokratie ist, die im Ministerium der Sozialdemokratin Schulze herrscht, wenn Demokratie nicht als grundlegendes politisches System, das auf den Prinzipien der Freiheit und der Repr\u00e4sentation der B\u00fcrger und des B\u00fcrgerwillens beruht, verstanden wird, sondern als eine Feedbackm\u00f6glichkeit der M\u00e4chtigen, die viel besser wissen, was ihre neuen Untertanen zu w\u00fcnschen haben, als diese.<br \/>\nDie Genossin Schulze (Bundesministerin f\u00fcr Umwelt, Naturschutz, Bau und Reaktorsicherheit, Svenja Schulze) hat ein <a href=\"https:\/\/www.freiburg-schwarzwald.de\/blog\/smart-city-gegen-demokratie\/\">Strategiepapier<\/a> mit der Vision vorgelegt, die Demokratie abzuschaffen, weil die Demokratie durch ein Feedbacksystem ersetzt werden soll. Die Wahlen in der DDR stellten \u00fcbrigens ein perfektes \u201eFeedbacksystem\u201c dar.<br \/>\n&#8230;. Alles vom 2.5.2021 von Klaus-R\u00fcdiger Mai bitte lesen auf<br \/>\n<a href=\"https:\/\/www.tichyseinblick.de\/daili-es-sentials\/die-ersetzung-der-demokratie-durch-ein-feedbacksystem-der-verwaltete-mensch\/\">https:\/\/www.tichyseinblick.de\/daili-es-sentials\/die-ersetzung-der-demokratie-durch-ein-feedbacksystem-der-verwaltete-mensch\/<\/a><\/p>\n<p>&nbsp;<\/p>\n<p><strong>Sozialismus und Gedankenkontrolle haben Konjunktur<\/strong><br \/>\n<strong>Verst\u00f6rende Visionen vom Neuen Menschen<\/strong><br \/>\nvon Klaus Kelle<br \/>\n<em>Ist es m\u00f6glich, die freiheitlich-demokratische Grundordnung unseres Staates oder \u2013 global gesehen \u2013 die Demokratie als bisher beste bekannte Staatsform zu ersetzen durch eine\u2026sagen wir\u2026\u201dwissenschaftliche Diktatur\u201d?<\/em><br \/>\nDen Begriff h\u00f6rt ich vor kurzem wieder, als ich ein Interview mit dem britischen Schriftsteller Aldous Huxley anschaute, der bereits 1963 verstarb, der aber mit seinem dystopischen Roman \u201cBrave New World\u201d ein Werk geschaffen hat, das \u2013 neben \u201c1984\u201d von George Orwell \u2013 wirklich jeder Mensch gelesen haben sollte, der wahrnimmt, was sich um ihn herum entwickelt.<\/p>\n<p>Gerade in dieser Zeit, in der in weiten Teilen der Welt mit der Begr\u00fcndung \u2013 manche sagen unter dem Vorwand \u2013 der Eind\u00e4mmung einer lebensbedrohlichen Pandemie die Grundrechte massiv eingeschr\u00e4nkt werden, sollten wir uns Gedanken machen, wohin die Reise f\u00fcr uns alle gehen kann. Zu diesem Themenkomplex geh\u00f6rt auch der \u201cGreat Reset\u201d, eine Idee, geboren beim allj\u00e4hrlichen Weltwirtschaftsforum (WEF), ein globaler Plan, die \u00f6konomischen und soziale Grundstrukturen auf der Welt nachhaltig zu ver\u00e4ndern, angeblich um \u201cNachhaltigkeit\u201d zum Wohle der Menschheit zu erreichen. WEF-Gr\u00fcnder Klaus Schwab behauptet in seiner inzwischen ber\u00fchmten Rede dort, nach der Pandemie werde der Kapitalismus als weltpr\u00e4gendes System nicht mehr existieren k\u00f6nnen, weil eine massive Umverteilung von den Reichen zu den Armen und vom Kapital zu Arbeit stattfinden werde.<\/p>\n<p>F\u00fcr das geneigte Publikum, das ohnehin schon lange gruseligem Schauer auf dem R\u00fccken versp\u00fcrt angesichts all der finsteren M\u00e4chte im Hintergrund, all der Bilderberger, den Rothschilds und nat\u00fcrlich nicht zu vergessen George Soros, klingt der \u201cGreat Reset\u201d wie die Best\u00e4tigung ihrer Albtr\u00e4ume von einer neue Weltordnung. Alle Staaten, besonders nat\u00fcrlich die Gro\u00dfm\u00e4chte USA und China m\u00fcssten ihren Gesellschaften einer grunds\u00e4tzliche Erneuerung unterziehen, denn die Covid-19-Krise beweise, dass die bestehenden Systeme nicht zukunftstauglich sind. Und w\u00fcrde man keinen \u201cGreat Reset\u201d durchziehen, sei die Ver\u00e4nderung der Strukturen und Systeme mit Gewalt zwingende Konsequenz daraus.<\/p>\n<p>Harter Stoff, oder? Ich bin ein einfacher Junge vom Land, und wie meine Stammleser wissen, alles andere als begeistert von Verschw\u00f6rungstheorien und Weltuntergangsphantasien. F\u00fcr mich ist das, was da als \u201cGreat Reset\u201d daher kommt, nichts Neues, sondern der alte, vielfach krachend gescheiterte, Traum vom sozialistischen Paradies auf Erden. Den Menschen so machen, wie man ihn gern h\u00e4tte, damit ein gl\u00fcckseeligmachendes System auf Erden entstehen kann. Nicht die Systeme so gestalten, das sie dem Menschen dienen, sondern den Menschen neu machen, damit er im System funktioniert. Uniformes Denken, funktionieren und wer hartn\u00e4ckig nicht mitmachen will, muss raus. Ganz raus.<\/p>\n<p>Werfen wir einen Blick zur\u00fcck auf den kommunistischen Revolution\u00e4r Wladimir Iljitsch Lenin, der den Traum von einer Gesellschaft propagierte, in der jeder Mensch freiwillig alles f\u00fcr die Gemeinschaft gibt, was er zu leisten vermag. Und gleichzeitig nur das aus der Gemeinschaft nimmt, was er braucht. F\u00fcr viele Menschen auch heute noch eine strahlende Zukunftsvision. F\u00fcr mich der blanke Horror. Denn die Menschen sind nicht so, und sie sind gut beraten, wenn sie sich gegen jeden Versuch, ein solches System zu etablieren, massiv zur Wehr setzen. Denn solche Systeme sind niemals mit Freiheit und Demokratie kompatibel. Sie enden immer und immer und immer in Gewalt.<\/p>\n<p>Aldous Huxley sagte in diesem Interview, das ich eingangs erw\u00e4hnte, dass die Diktaturen der Zukunft die Kontrolle \u00fcber die Massen ohne Gewalt erlangen w\u00fcrden. Der Terror werde in Zukunft ohne Gewalt auskommen, weil der Terror \u201crelativ wirkungslos ist\u201d, und ich empfehle Ihnen, sich mal drei Minuten Zeit zu nehmen, und dem Schriftsteller zuzuh\u00f6ren hier<\/p>\n<p>Huxleys Meisterwerk \u201cBrave New World\u201d erschien 1932 und beschreibt eine Gesellschaft, in der der Staat totale Kontrolle \u00fcber seine B\u00fcrger aus\u00fcbt, ihnen Vorbilder \u2013 sogenannte \u201cAlpha-Plus-Menschen\u201d \u2013 herausstellt und ihnen billige Vergn\u00fcgungen, Konsum, Sex und Drogen bietet. Und alle funktionieren und spielen brav mit.<\/p>\n<p>Gruselig oder? Kaum verwunderlich, dass Huxleys Roman 1933 in Deutschland von den neuen Nazi-Machthabern sofort verboten wurde. Aber ist all das mit heute, mit dem Jahr 2021, kompatibel? Sind wir auf dem Weg dahin? Oder ist das alles eine Verschw\u00f6rungstheorie, \u00fcber die sich halbwegs gebildete Menschen keine Gedanken machen sollten?<br \/>\nIch bin der Meinung, wir sollten das alles zumindest ernst nehmen, denn die globale Sehnsucht Hunderter Millionen Menschen nach dem sozialistischen Paradies f\u00fcr alle, ist verst\u00f6rend. Noch nie hat das irgendwo funktioniert. Es hat die Lebensverh\u00e4ltnisse der Menschen nie verbessert, es artete immer in Gewaltexzesse aus, in Lagerhaft, Existenzvernichtung, Stacheldraht und Tod. Und dennoch wollen so viele Menschen daran glauben, dass es doch irgendwie funktionieren muss \u2013 koste es was es wollen. Das ist f\u00fcr mich nur mit einer neuen Art von Stockholm-Syndrom erkl\u00e4rbar.<\/p>\n<p>\u00dcberhaupt nicht erkl\u00e4rbar ist es aber, wenn bekennende Kapitalisten wie WEF-Gr\u00fcnder Klaus Schwab diesen Traum propagieren, wenn eine globale Elite und ihre Stiftungen heute einer eigenen Agenda folgt, derern eigene pers\u00f6nliche Lebens- und Erfolgswege dem diametral widersprechen, was sie heute propagieren.<\/p>\n<p>Wir leben in einer Demokratie und einem Rechtsstaat \u2013 auch heute noch. Aber die Einschl\u00e4ge kommen n\u00e4her, viele einflussreiche Menschen arbeiten begleitetet von ideologisierten jungen Menschen am gro\u00dfen Ziel der besseren Welt. Und wer sollte etwas dagegen haben? Die Umwelt und die Wale sch\u00fctzen, das Klima und damit den Planeten retten, Menschenleben bewahren vor bakteriellen und virologischen Gefahren, kein Rassismus mehr und keine Diskriminierung von Minderheiten, bunte Vielfalt\u2026wer k\u00f6nnte das nicht wollen?<\/p>\n<p>Aber was, wenn der Preis f\u00fcr all das zu hoch ist? Wenn das Denken gelenkt wird, wenn Individuen nicht mehr z\u00e4hlen vor dem gro\u00dfen alles \u00fcberstrahlendem Ziel? Wenn Gegenmeinungen und ihre Protagonisten ausgemerzt werden? Wenn Menschen mit widerborstigen Meinungen an den Rand gedr\u00e4ngt werden, wenn die Massenmedien ihrer wichtigsten Aufgabe nicht mehr nachkommen, unabh\u00e4ngig einfach die Realit\u00e4t abzubilden und alle Seiten eines Diskurses zu Wort kommen zu lassen? Wenn gro\u00dfe Fernsehanstalten eine einseitge Dauerberieselung der Bev\u00f6lkerung betreiben, mit der in Nachrichten und Unterhaltung alles dem gro\u00dfen Ziel der Volksbegl\u00fcckung untergeordnet wird? Und wo die gew\u00e4hlte Volksvertretung, das frei gew\u00e4hlte Parlament, einfach ausgeschaltet und aus wichtigen Entscheidungen komplett herausgenommen wird.<\/p>\n<p>So eine Entwicklung ist m\u00f6glich, so eine Gefahr ist real. Und wenn Sie meinen, irgendwas davon in unserer Zeit erkannt zu haben, dann haben wir etwas gemeinsam. Deutschland und die ganze westliche Welt sind auf einem beunruhigenden Weg ins Nirwana. Schauen Sie nach China, und Sie erkennen Aldous Huxley und seine \u201csch\u00f6ne neue Welt\u201d ganz deutlich.<\/p>\n<p>Aber es geh\u00f6ren immer Zwei zu einem Scheitern, das ist wie in einer Ehe. Es gibt immer zwei Seiten, die eine, die handelt, und die andere, die einen solchen Prozess tatenlos geschehen l\u00e4sst. So ist das auch in der Politik und beim Kampf um die Bewahrung unserer Freiheit. Wie viele Freunde h\u00f6re ich jeden Tag, die davon sprechen, endlich wieder mal in ein Restaurant gehen oder im Sommer verreisen zu wollen? Und das will ich auch, mit meinen Freunde und meiner Familie. Wir haben immer noch Hoffnung, im Sommer nach S\u00fcdfrankreich fahren und im Oktober die Schwarmintelligenz erleben zu k\u00f6nnen. Beides nicht ausgeschlossen.<\/p>\n<p>Aber, liebe Leserinnen und Leser, wir befinden uns in einer Epoche, in der es um viel mehr geht. Um nichts weniger als den Erhalt unserer individuellen Freiheit und die Abwehr eines neuen Gro\u00dfangriffs des so dramatisch gescheiterten Sozialismus-Menschenexperiments. Wie die neunk\u00f6pfige Schlange Hydra in der griechischen Mythologie, der Herakles Kopf um Kopf abschlug, und jedesmal wuchsen aus den H\u00e4lsen zwei neue K\u00f6pfe. So taucht der Sozialismus immer wieder auf in neuem Gewand aber mit einem einzigen Ziel: Den Menschen im Sinne des vermeintlich Guten so zu formen und zu lenken, dass er danach ins Gesellschaftsexperiment passt. Das ist die gro\u00dfe Gefahr unserer Zeit.<\/p>\n<p>Neben Huxley habe ich vorhin auch einen podcast mit einem Interview der Linken-Politikerin Sarah Wagenknecht geh\u00f6rt, eine umwerfende und scharfsinnige Politikerin, die leider genau aus dem sozialistischen Denken kommt. Sie sagt: Das Ziel einer Gesellschaft m\u00fcsse vorrangig sein, dass seine Menschen in ihr gut leben k\u00f6nnen.<br \/>\nNehmen wir Sarah in diesem Fall beim Wort!<br \/>\n&#8230; Alles vom 20.2.2021 von Klaus Kelle bitte lesen auf<br \/>\n<a href=\"https:\/\/denken-erwuenscht.com\/verstoerende-visionen-vom-neuen-menschen-sozialismus-und-gedankenkontrolle-haben-konjunktur\/\">https:\/\/denken-erwuenscht.com\/verstoerende-visionen-vom-neuen-menschen-sozialismus-und-gedankenkontrolle-haben-konjunktur\/<\/a><br \/>\n&#8211;<br \/>\n<a href=\"https:\/\/reitschuster.de\/post\/sozialismus-und-gedankenkontrolle-haben-konjunktur\/\">https:\/\/reitschuster.de\/post\/sozialismus-und-gedankenkontrolle-haben-konjunktur\/<\/a><br \/>\n.<\/p>\n<p><em>Klaus Kelle, Jahrgang 1959, geh\u00f6rt laut Focus-online zu den \u201emeinungsst\u00e4rksten Konservativen in Deutschland\u201c. Der gelernte Journalist ist jedoch kein Freund von Schubladen, sieht sich in manchen Themen eher als in der Wolle gef\u00e4rbten Liberalen, dem vor allem die Unantastbarkeit der freien Meinungs\u00e4u\u00dferung und ein Zur\u00fcckdr\u00e4ngen des Staates aus dem Alltag der Deutschen am Herzen liegt.<\/em><br \/>\n,<br \/>\nEinige Kommentare:<br \/>\n<strong>80 soz.\/kommunistische Versuche sind gescheitert<\/strong><br \/>\nEs gab im letzten Jahrhundert etwa 80 Versuche, eine sozialistische\/kommunistische Gesellschaft aufzubauen, auf 4 Kontinenten in unterschiedlichen \u00f6konomischen und kulturellen Voraussetzungen: alle sind gescheitert. Warum sollte es diesmal anders werden? Es ist eine wesentliche Triebfeder f\u00fcr die menschliche Leistung, ein besseres Leben zu erreichen: besser als die Nachbarn, eine bessere Zukunft f\u00fcr die eigene Familie. W\u00fcrden Sie jeden Morgen fr\u00fch aufstehen und volle Leistung geben, wenn am Ende kein besseres Ergebnis f\u00fcr Sie herauskommt als bei Ihrem alkohols\u00fcchtigen Nachbarn, der noch keinen Tag gearbeitet hat? Am Ende f\u00fchrt Ergebnisgleichheit immer zu verminderter Produktivit\u00e4t und Armut f\u00fcr alle. Sozialismus ist wider die menschliche Natur.<br \/>\n21.2.2021, C.H.<br \/>\nWEF will Top-down-Regime: Menschen f\u00fcr Eliten da<br \/>\nMan kann es einfacher halten (wie es auch Klaus Schwab tut): top-down vs. bottom-up, auf deutsch: von oben nach unten bzw. von unten nach oben. Also: Sind die Menschen f\u00fcr die &#8222;Elite&#8220; da oder geht es prim\u00e4r um die Menschen (also alle!), und alle Leitungs-\/F\u00fchrungsstrukturen (und die beteiligten Menschen) haben der ALgemeinheit zu dienen, sind ihr rechenschaftspflichtig. Das WEF pl\u00e4diert selbstverst\u00e4ndlich f\u00fcr ein straffes &#8222;Top-Down-Regime&#8220;, da nur dieses effizient sei (ja, denn denen geht es ja nur um die &#8222;Elite&#8220;). &#8212; Leider sind die Begriffe nicht sind kurz und knapp wie &#8222;rechts&#8220; und &#8222;links&#8220;. Aber es wird h\u00f6chste Zeit, klare Worte zu finden. Sonst reden wir auf immer aneinander vorbei. (Was dem WEF &amp; Co. nur recht w\u00e4re&#8230;)<br \/>\n21.2.2021, A.A.<br \/>\n.<br \/>\n<strong>Nur der Kapitalismus kann Werte schaffen; eine Win-Win-Situation<\/strong><br \/>\nDer Kommunismus hingegen ist eine Erfindung der Faulen, um die Flei\u00dfigen auszubeuten. Weil es mangels Effizienz allen zusammen schlechter geht als im Kapitalismus, ist es eine Lose-Lose-Situation. \u2013 Freilich wird es immer wieder eine Kaste geben, die sich zum Arbeiten zu gut ist. Heute sind das die woken Weibchen. Wahrhaft revolution\u00e4r w\u00e4re es, die Schmarotzer zu entmachten. Aber das hat schon Augias versucht; die \u00c4lteren werden sich erinnern.<br \/>\n21.2.2021, Xan<br \/>\n.<br \/>\n<strong>WEF-Great-Reset als Staatsmonopolkapitalismus StaMoKap?<\/strong><br \/>\nVorsicht bei W\u00f6rtern, die jeder anders versteht, und deren Bedeutung immer flie\u00dfend ist. Selbst unser Staatsb\u00fcrgerkundelehrer (DDR Mitte 1970er) meinte, man k\u00f6nnte den Sozialismus im Ostblock durchaus auch als staatsmonopolistischen Kapitalismus verstehen, und wenn nun im Westen die Monopolisierung und der Sozialstaat weiter fortschritten, k\u00e4me dort \u00e4hnliches heraus. Das ist so etwa die &#8222;StaMoKap&#8220;-Theorie, die einst auch im Westen von einigen vertreten wurde &#8211; und die jetzt perfekt auf die WEF-Great-Reset-Agenda pa\u00dft: Kapitalismus und Sozialismus zugleich. &#8212; Ich denke, wir brauche dringend eindeutigere Begriffe f\u00fcr das, was wir wirklich meinen. Wie k\u00f6nnte man z.B. einen mittelstandsbetonten Kapitalismus k\u00fcrzer bezeichnen?<br \/>\n21.2.2021, A.A.<br \/>\n.<br \/>\n<strong>Die Wahnidee des \u201cGreat Reset\u201d ist aus der Not heraus geboren<\/strong>,<br \/>\ndie 193 UN Mitgliedsstaaten sind mit insgesamt ca. 300 Billionen US Dollar expliziter Staatsschulden komplett bankrott, doch dies ist nur die Spitze des Eisberges, die impliziten Staatsschulden sind mehr als 3 mal so hoch als die expliziten Schulden, faktisch ist der \u201cfreiheitlich, demokratische Kapitalismus\u201d am Ende der Fahnenstange angekommen, denn die schon seit vielen Jahren betriebene Insolvenzverschleppung kann nicht weiter verschleiert werden, die Nullzinspolitik, bei der die kleinen Sparer j\u00e4hrlich um Milliarden Dollar und Euro geprellt werden war das erste Anzeichen, mit dem das proletarische \u201cStimm- und Steuernutzvieh\u201d darauf hingewiesen wurde, dass es von krankhaft macht- und geldgierigen Polit- und Finanzeliten mit Lug und Betrug gnadenlos abgezockt wurde und wird.<br \/>\nAktuell wird weltweit ein gigantisches Chaos produziert, in dem die bombastischen Staatsverschuldungen sang- und klanglos untergehen sollen, ohne dass die unteren Schichten der Weltbev\u00f6lkerung \u00fcberhaupt bemerken, dass es die Verschuldung gegeben hat, das beste Beispiel daf\u00fcr ist Deutschland, der Gro\u00dfteil der deutschen Bev\u00f6lkerung w\u00e4hlt die etablierten Parteien, weil der Finanzminister auch heute noch dar\u00fcber fabuliert, dass Deutschland angeblich ein reiches Land sei, wenn er der Bev\u00f6lkerung erz\u00e4hlten w\u00fcrde, dass Deutschland mit ca. 15 Billionen Euro expliziter und impliziter Schulden kein reiches Land, sondern \u201cpleitiger\u201d als pleite ist, w\u00fcrde die AfD bei der n\u00e4chsten Bundestagswahl 98% der W\u00e4hlerstimmen bekommen. Bereits im ersten Koalitionsvertrag der \u201cGroKo\u201d wurde vereinbart, dass w\u00e4hrend ihrer Legislaturperiode kein Cent zwecks Verringerung der Staatsschulden ausgegeben wird, sondern nur die Zinsen gezahlt werden, damit man Deutschland weiter verschulden kann und daran hat sich bis heute auch nichts ge\u00e4ndert.<\/p>\n<p>Der \u201cGreat-Reset\u201d ist meines Erachtens eine nicht realisierbare \u201cBeruhigungspille\u201d f\u00fcr 99% der Weltbev\u00f6lkerung, weil sich das Weltverm\u00f6gen von ca. 360 Billionen US Dollar in den H\u00e4nden von 1% der Weltbev\u00f6lkerung befindet und die Finanzeliten ihr Verm\u00f6gen nicht nur behalten, sondern weiter steigern wollen und dies ist nach Meinung von Schwab, Soros und Co nur m\u00f6glich, wenn man die Weltbev\u00f6lkerung zun\u00e4chst einmal versklavt und die Weltwirtschaft ruiniert, bei ihren \u00dcberlegungen gehen die Mitglieder der Polit- und Finanzsyndikate, die fast ausschlie\u00dflich aus \u201czerzivilisierten\u201d L\u00e4ndern stammen davon aus, dass man kadavergehorsame und \u00fcberwiegend stockperverse Bev\u00f6lkerungen erheblich besser versklaven kann als die Angeh\u00f6rigen von Naturv\u00f6lkern,<br \/>\n&#8230;<br \/>\nDas kommunistische Wohlf\u00fchlparadies namens \u201cGreat-Reset\u201d wird es nicht geben, daf\u00fcr allerdings weltweite B\u00fcrgerkriege, in denen die Angeh\u00f6rigen der Naturv\u00f6lker die S\u00f6ldner der Politsyndikate besiegen werden und danach gibt es wieder einen (allerdings schuldenfreien) \u201cfreiheitlich, demokratischen Kapitalismus\u201d, weil die Polit- und Finanzeliten keine Bev\u00f6lkerung ausbeuten k\u00f6nnen, die nichts besitzt.<br \/>\n20.2.2021, D.Z.<br \/>\n.<br \/>\n<strong>Ich glaube, ich habe Angst.<\/strong><br \/>\nIch frage mich seit einiger Zeit, wie ich dieses beklemmende, bedr\u00fcckende Gef\u00fchl beschreiben kann, das immer h\u00e4ufiger von mir Besitz ergreift.<br \/>\nEIGENTLICH komme ich mit der Situation bisher ja klar. Ich bin gesund und kann vom Typus her recht gut alleine sein. Die langen Winterabende vertreibe ich mir gerne mit dem Buch, das ich gerade schreibe und das im Sommer fertig sein soll. Ich habe Freunde in der N\u00e4he, die mir mir zusammen \u00fcber den Masken-Wahn lachen, die Reitschuster lesen und mit denen man Spazierg\u00e4nge machen und sch\u00f6n gem\u00fctlich gemeinsam kochen kann. Eine sehr gute Freundin wohnt an einem anderen Ort, aber obwohl sie im Hinblick auf die C-Geschichte \u00e4ngstlich ist (ich bin es nicht), wollte auch sie zu jeder Zeit den pers\u00f6nlichen Kontakt halten, d.h. wir treffen uns.<br \/>\nIch war im Laufe der letzten 12 Monate zwar nicht in Urlaub, aber oft mit der Bahn unterwegs in Deutschland \u2013 im umwerfend sch\u00f6nen Hamburg, im unsagbar h\u00e4sslichen K\u00f6ln, im l\u00e4ndlichen Nordhessen, in Kassel, Saarbr\u00fccken und in Freiburg im Breisgau. Und doch schleicht es sich immer \u00f6fter an \u2013 dieses Gef\u00fchl, das ich nicht recht benennen kann.<br \/>\nIm Laufe eines Jahres musste ich begreifen lernen, dass essentielle Entscheidungen nicht mehr meinem freien Willen als erwachsener Mensch unterliegen. Es ist mir nicht mehr freigestellt, ins Gesch\u00e4ft zu gehen und \u2013 sagen wir \u2013 ein Paar neue Schuhe zu kaufen, wenn ich Geld und Lust dazu habe. Es ist mir nicht mehr freigestellt, im Caf\u00e9 zu sitzen und die Leute zu beobachten. Ich habe keine Ahnung, was sich diese eine, diese spezielle Gruppe von Politikern und von ihnen ausgew\u00e4hlten Wissenschaftlern morgen f\u00fcr mich ausdenkt. Ich wei\u00df nur, dass sie mich theoretisch zwingen k\u00f6nnen, beim Spaziergang im Wald eine FFP2-Maske zu tragen, meinen Supermarkt-Einkauf in exakt 11,5 Minuten zu erledigen oder als Zeichen der Solidarit\u00e4t gegen die angebliche Todesseuche eine rote W\u00e4scheklammer am Ohr zu tragen.<br \/>\nIch habe keine Vertretung, die mir Stimme gibt. Das Parlament hat sich entmachtet und die von mir ins Parlament gew\u00e4hlten Volksvertreter d\u00fcrfen nicht einmal in Talkshows sprechen (jedenfalls nicht oft und nicht unter fairen Bedingungen). Ich habe das sichere Gef\u00fchl, dass mit einem medial gehypten sog. SPD-Gesundheitsexperten etwas ganz Fundamentales nicht stimmt und verstehe nicht, warum er st\u00e4ndig auf allen Kan\u00e4len ist.<br \/>\nIm Herbst habe ich einen schrecklichen Streit mit meinem Bruder gehabt, von dem ich mich bisher seelisch noch gar nicht wieder erholt habe. Und ich glaube, es ist umgekehrt genauso.<br \/>\nNachdem ich mir monatelang die Vortr\u00e4ge des wunderbaren Raphael Bonelli \u00fcber das Deeskalieren in der Corona-Krise angeh\u00f6rt habe, bin ich schlie\u00dflich doch selber eskaliert und habe Dinge gesagt, die ich in dieser Sch\u00e4rfe unter normalen Umst\u00e4nden nie formuliert h\u00e4tte. (\u201cHaben Sie auch solche Wut in sich, dass Sie Teller an die Wand werfen k\u00f6nnten?\u201d fragt Bonelli. Ich habe erst einmal in meinem Leben etwas gegen die Wand geworfen, das war Mitte der 90er, und es handelte sich nicht um einen Teller, sondern um ein Leberwurstbrot, und es ging auch nicht um eine Atemwegserkrankung, sondern um den Mann, den ich damals liebte. Heute stelle ich mir manchmal vor\u2026 also\u2026 es k\u00f6nnte ja doch sehr entlastend sein\u2026 einfach mal alles rauszulassen\u2026 Aber hinterher habe ich dann die Schererei mit den Scherben.)<br \/>\nMenschen, die \u00e4hnlich denken wie ich, d\u00fcrfen in jeder Weise beleidigt werden. Auich das habe ich gelernt. Wenn ich mich an einer Demonstration f\u00fcr die Wiederherstellung unserer Grundrechte beteilige, darf man mich danach einen Antisemiten nennen. Da kann ich zwanzig Jahre \u00fcber Antisemitismus geforscht und gelehrt und publiziert und mich ehrenamtlich bet\u00e4tigt haben und was auch immer \u2013 wenn ich f\u00fcr Grundrechte bin, bin ich ein Antisemit. Daf\u00fcr gibt es keine Begr\u00fcndung oder Erkl\u00e4rung. Es ist so beschlossen worden.<br \/>\nIch wei\u00df nicht mal genau, von wem.<br \/>\nIch wei\u00df, dass meine C-\u00e4ngstliche Freundin nichts anderes kennt als den Mainstream. Meiner Ansicht nach hat sie deshalb Angst. Mir macht der Mainstream auch Angst, aber auf andere Weise. Seit auf meinem Haussender NDR INFO zwei Journalistinnen unverhohlen f\u00fcr die \u201cRegulierung\u201d des Internets stritten, w\u00e4hrend im Hintergrund unheimliche Musik lief und Menschen \u201cWiderstand, Widerstand\u201d riefen, mag ich kaum noch das Radio anfassen. (Nur f\u00fcr den Kontext: Reguliert werden sollen nat\u00fcrlich die Internetbeitr\u00e4ge der Widerst\u00e4ndler.)<br \/>\nEigentlich passiert das ja schon. Ich war live dabei, als Carolin Matthie w\u00e4hrend eines laufenden Streams der Saft abgedreht wurde. Sie hat jetzt ebenso einen Ersatzkanal auf Youtube wie der Digitale Chronist. Dave Brych, die \u201ctagessau\u201d mit dem trockenen Humor, scheint dagegen nach seiner Sperrung weitgehend aufgegeben zu haben, jedenfalls suche ich ihn vergeblich. Selbst Bonelli war schon gel\u00f6scht. Und das ist einer, der Videos unter Titeln wie \u201cDie Waffen nieder\u201d macht.<br \/>\nIch halte es f\u00fcr m\u00f6glich, dass der Tag kommt, an dem ich sie alle vergeblich suche. An dem ich versuche, die Blogs von Vera Lengsfeld oder Klaus Kelle zu \u00f6ffnen und nur noch eine Fehlermeldung bekomme.<br \/>\nNeulich habe ich von Corona getr\u00e4umt. Ich wei\u00df nicht mehr, um was es ging, aber es ging definitiv nicht um eine Krankheit in diesen Alptraum.<br \/>\nIch habe die Horror-Vision, dass \u201csie\u201d einfach mal \u00fcber einige Wochen den \u00f6ffentlichen Nahverkehr einstellen, einfach, weil sie es k\u00f6nnen. Ich habe kein Auto. Wenn Busse, S- und U-Bahnen nicht fahren, bin ich gefangen in dem Radius, den ich per Fahrrad bew\u00e4ltigen kann. Wenn \u201csie\u201d mich denn \u00fcberhaupt noch aus dem Haus lassen.<br \/>\nIch habe einen Kollegen, der seine Kinder seit Monaten nicht mehr in die Kita schickt, aber vorgestern davon sprach, dass nun auch f\u00fcr ihn der Kipppunkt erreicht sei. Er hatte Menschen beobachtet, die nach den massiven Schneef\u00e4llen in der Region mit Kocht\u00f6pfen und Pfannen Schnee zu schippen versuchten, weil sie offenbar keine Schneeschaufel besitzen und nat\u00fcrlich auch nirgendwo auf die Schnelle erwerben k\u00f6nnen. Au\u00dferdem hat seine Vierj\u00e4hrige keine passenden Winterschuhe mehr, weil ihre F\u00fc\u00dfe im Lockdown gewachsen sind.<br \/>\nIch h\u00f6re, dass ein Ministerpr\u00e4sident sagt, wenn wir \u2013 also das Volk \u2013 nicht weiter mitmachen, dann kriegen wir einen \u201crichtigen Lockdown\u201d. Den hatten wir n\u00e4mlich noch nicht, sagt er.<br \/>\nMein Nachbar sagt, dass seine Frau mit ihrer Brustkrebserkrankung in der ehrw\u00fcrdigen Medizinischen Hochschule wie eine Patientin zweiter Klasse behandelt wird, weil sie ja nicht das Wundervirus hat. Sondern nur Krebs. Seine Tochter sucht nach gutem Fachabitur seit einem Dreivierteljahr verzweifelt einen Ausbildungsplatz. Es ist ihm inzwischen egal, wenn man ihn einen Nazi nennt, sagt mein Nachbar.<br \/>\n.<br \/>\nDer Mann an der Wache zu der Bundeswehrkaserne, in der ich einen Termin habe, d\u00fcrfte kein Nazi sein. Er hei\u00dft Mohammed und beendet seine S\u00e4tze gerne mit dem Wort \u201cAmin\u201d. Gestern sprach er mich auf die C-Krise, warum auch immer. Manchmal glaube ich, mir steht was auf der Stirn geschrieben. Seine ganze Verzweiflung brach aus ihm heraus, die Wut, die Emp\u00f6rung: \u201cSie haben vergessen, dass wir MENSCHEN sind! Wir sind keine Inzidenzzahlen, wir sind lebendige Menschen!\u201d Und dass seine zehnj\u00e4hrige Tochter neulich gesagt hat \u201cPapa, vielleicht will ich gar nicht mehr leben\u201d, das hat er mir auch erz\u00e4hlt.<br \/>\nIch fahre mit dem ICE nach Hause und frage mich, wie die Deutsche Bahn jemals die Verluste dieser Monate ausgleichen will. Der Mann schr\u00e4g hinter mir tr\u00e4gt die ganzen zwei Stunden \u00fcber mit stoischer Gelassenheit seine FFP2-Maske. Er fasst sich kein einziges Mal ins Gesicht. Ich zuppele st\u00e4ndig an meiner vergleichsweise harmlosen OP-Maske herum und nehme sie unter dem Vorwand, was trinken zu m\u00fcssen, immer wieder auch ganz ab. Dabei f\u00fchle ich mich wie ein Kind, dass eben aufgrund seines Alters in einer schwachen Position ist und sich freut, der \u00fcberlegenen Macht mal ein Schnippchen zu schlagen und einen kleinen Streich zu spielen. Es ist nicht altersgerecht, dieses Verhalten, denke ich selbstkritisch.<br \/>\nAber ich lebe ja auch eigentlich nicht mehr altersgerecht.<br \/>\nDas Gef\u00fchl, das mich immer \u00f6fter beschleicht, sucht sich unterschiedliche Orte an meinem K\u00f6rper aus. Es ist manchmal wie ein Ziehen im Magen, es ist manchmal ein wie Druck auf den Schultern, und manchmal habe ich das Gef\u00fchl, als ob mir das Herz weh tut, aber es ist kein richtiger k\u00f6rperlicher Schmerz, es ist etwas anderes.<br \/>\nIch glaube, ich habe Angst.<br \/>\n20.2.2021, T.H.<br \/>\n.<br \/>\n<strong>Werden wir es schaffen, uns aus dieser qu\u00e4lenden Situation zu befreien?<\/strong><br \/>\nLiebe T.H., danke f\u00fcr Ihren Beitrag, in dem Sie sehr eindringlich diese seltsame Gef\u00fchlslage beschrieben haben, die auch mich immer wieder ergreift. Man m\u00f6chte schreien, wenn Abend f\u00fcr Abend Merkel, Spahn, Wieler und wie sie alle hei\u00dfen uns wieder von den Gefahren des Corona-Virus und seiner Mutanten berichten, wie heute Abend in der Tagesschau. Die Herren Wieler und Spahn sa\u00dfen bei ihrem erneuten Panikauftritt \u00fcbrigens recht locker mit \u00fcbergeschlagenen Beinen auf der B\u00fchne, nach dem Motto, alles l\u00e4uft, wenn ihr B\u00fcrger nur die Ma\u00dfnahmen brav befolgt und weiter still haltet.<br \/>\nAls flei\u00dfige Internetnutzerin versuche ich, mir m\u00f6glichst viele Informationen abseits des Mainstreams zu holen. Den offiziellen Verlautbarungen glaube ich kein Wort und keine Zahl mehr. Besonders deprimierend finde ich, da\u00df meine Kinder und Freunde immer noch das M\u00e4rchen der Pandemie glauben.<br \/>\nVieles scheint schon unwiederbringlich verloren: die Meinungsfreiheit und die Wissenschaftsfreiheit existieren nur noch auf dem Papier. Sexuelle Vielfalt, Cancel-Culture, Antirassismus-Debatte, Minderheitenschutz usw. bestimmen die Themen in allen Medien und werden dort auf die Spitze getrieben.<br \/>\nWie konnte es nur so weit kommen? Werden wir es schaffen, uns aus dieser qu\u00e4lenden Situation zu befreien? Haben wir die Kraft, den Agenten der \u201cSch\u00f6nen neuen Welt\u201d die Stirn zu bieten?<br \/>\n20.2.2021, H. K-A.<br \/>\nEnde Kommentare<\/p>\n<p>&nbsp;<\/p>\n<p><strong>Roland Baader: Deutschland im 80%-Sozialismus, nicht im Kapitalismus<\/strong><br \/>\n&#8222;Betrachten wir Deutschland doch einmal mit &#8218;kapitalistischen Augen&#8216;.<br \/>\nWir erkennen ein Land mit einem staatlichen (d.h. sozialistischen) Rentensystem, einem staatlichen Gesundheitswesen,<br \/>\neinem staatlichen Bildungswesen,<br \/>\nmit staatlich und gewerkschaftlich gefesselten Arbeitsm\u00e4rkten,<br \/>\neinem konfiskatorischen Steuersystem,<br \/>\neiner Staatsquote von \u00fcber 50%,<br \/>\nmit einem erheblich regulierten Wohnungsmarkt,<br \/>\neinem massiv subventionierten und regulierten Agrarsektor und<br \/>\neiner in einem komplizierten Geflecht zwischen Markt und Staat eingebundenen Energiewirtschaft,<br \/>\nmit mindestens hunderttausend Betrieben in &#8218;kommunalem Eigentum&#8216; (d.h. Staatseigentum)<br \/>\nund einem staatlichen Papiergeldmonopol,<br \/>\nja sogar mit einem Staatsfernsehen samt Zwangsgeb\u00fchren.<\/p>\n<p>Wir erkennen ein Land, in dem fast 40% der Bev\u00f6lkerung ganz oder \u00fcberwiegend von Staatsleistungen lebt und in welchem das gesamte Leben der B\u00fcrger von staatlichen Regelungen \u00fcberwuchert ist.<br \/>\n<em><strong>Wer diesen 80%-Sozialismus als Kapitalismus bezeichnet, muss mit ideologischer Blindheit geschlagen sein.<\/strong><\/em> Und wer gar von Turbo- oder Raubtierkapitalismus redet, den muss der Verstand ganz verlassen haben.&#8220;<br \/>\nRoland Baader, deutscher Volkswirt; 1940-2012, auf Facebook 12.1.2016<\/p>\n<p><a href=\"http:\/\/www.roland-baader.de\/zitate\/\">http:\/\/www.roland-baader.de\/zitate\/<\/a><\/p>\n<p><em>\u00abDie schlimmsten Feinde der Freiheit sind nicht ihre erkl\u00e4rten Gegner, sondern die vielen Lauen und Laschen unter ihren angeblichen Freunden.\u00bb, Roland Baade<\/em>r<br \/>\n.<\/p>\n<p><strong>Roland Baader: Wo ist der Kapitalismus hin?<\/strong><br \/>\nRoland Baader ist der Haudegen des klassischen Liberalismus in jenem bis dato andauernden Jahrhundert, das Ralf Dahrendorf einst das sozialdemokratische nannte. Die Menschen sind frei geboren, und der Staat hat die Aufgabe, ihre Freiheit, ihr Eigentum und die Fr\u00fcchte ihrer Arbeit zu sch\u00fctzen.<br \/>\nPers\u00f6nliche Freiheit, Freiwilligkeit, Marktwirtschaft und rule of law: Baader versteht es, die stolze ideengeschichtliche Tradition, die von John Locke bis Friedrich August von Hayek reicht (und heute darbt), auf die etatistische Gegenwart anzuwenden.<br \/>\nH\u00e4tte man ihn als Marktschreier des Kapitalismus tituliert, so h\u00e4tte ihn diese Bezeichnung zweifellos gefreut. Baader hat wie kein zweiter den Pal\u00e4o-Liberalismus in der deutschsprachigen Welt popularisiert.<br \/>\nSeine Essays richten sich nicht an ein akademisches, sondern an ein neugieriges, allgemein gebildetes Publikum. Oder pr\u00e4ziser: Baader schrieb f\u00fcr all jene, die aufgrund ihrer Lebenspraxis dazu neigen, den hohen politischen Verk\u00fcndigungen zu misstrauen, mit denen ihre K\u00f6pfe t\u00e4glich vollgeh\u00e4mmert werden.<br \/>\n&#8230;<br \/>\nDas Beste aus seinen Publikationen hat nun der Sozialphilosoph Rahim Taghizadegan auf gut 200 Seiten kundig versammelt. Das Buch ist sorgf\u00e4ltig ediert und liegt gut in der Hand. Es ist so grundsolide wie der Autor, dem es die Ehre erweist.<br \/>\nRoland Baader: Das Ende des Papiergeld-Zeitalters.<br \/>\nEin Brevier der Freiheit, herausgegeben von Rahim Taghizadegan.<br \/>\nVerlag Johannes M\u00fcller, Bern 2016. 240 S., Fr. 24.50.<br \/>\n&#8230; Alles vom 28.10.2016 von Rene\u00b4Scheu bitte lesen auf<br \/>\n<a href=\"https:\/\/www.nzz.ch\/wirtschaft\/roland-baader-ein-freiheitsfundamentalist-wo-ist-der-kapitalismus-hin-ld.124928\">https:\/\/www.nzz.ch\/wirtschaft\/roland-baader-ein-freiheitsfundamentalist-wo-ist-der-kapitalismus-hin-ld.124928<\/a><\/p>\n<p>&nbsp;<\/p>\n<p>&nbsp;<\/p>\n","protected":false},"excerpt":{"rendered":"<p>Home\u00a0&gt;Engagement &gt;Demokratie &gt;Deutschland\u00a0&gt;Gesellschaft\u00a0 &gt;Sozialismusangst Sonnenuntergang im Hochschwarzwald bei Schnee &#8211; Zweisamkeit im Februar 2021 Angst vor dem Sozialismus? Sozialismus mit drei Merkmalen\u00a0(6.10.2024) Quartett der Global Player\u00a0(8.6.2023) Klonovsky: Milliard\u00e4rssozialismus \u2013 Globalismus \u2013 Woke\u00a0(10.3.2023) Linker Staat: Verbote und Verzichte\u00a0(23.9.2022) Haltungs-\u00d6konomie statt freie &hellip; <a href=\"https:\/\/www.freiburg-schwarzwald.de\/blog\/global\/globalisierung\/sozialismusangst\/\">Weiterlesen <span class=\"meta-nav\">&rarr;<\/span><\/a><\/p>\n","protected":false},"author":2,"featured_media":0,"parent":1180,"menu_order":0,"comment_status":"closed","ping_status":"closed","template":"","meta":{"footnotes":""},"class_list":["post-88198","page","type-page","status-publish","hentry"],"_links":{"self":[{"href":"https:\/\/www.freiburg-schwarzwald.de\/blog\/wp-json\/wp\/v2\/pages\/88198","targetHints":{"allow":["GET"]}}],"collection":[{"href":"https:\/\/www.freiburg-schwarzwald.de\/blog\/wp-json\/wp\/v2\/pages"}],"about":[{"href":"https:\/\/www.freiburg-schwarzwald.de\/blog\/wp-json\/wp\/v2\/types\/page"}],"author":[{"embeddable":true,"href":"https:\/\/www.freiburg-schwarzwald.de\/blog\/wp-json\/wp\/v2\/users\/2"}],"replies":[{"embeddable":true,"href":"https:\/\/www.freiburg-schwarzwald.de\/blog\/wp-json\/wp\/v2\/comments?post=88198"}],"version-history":[{"count":6,"href":"https:\/\/www.freiburg-schwarzwald.de\/blog\/wp-json\/wp\/v2\/pages\/88198\/revisions"}],"predecessor-version":[{"id":127423,"href":"https:\/\/www.freiburg-schwarzwald.de\/blog\/wp-json\/wp\/v2\/pages\/88198\/revisions\/127423"}],"up":[{"embeddable":true,"href":"https:\/\/www.freiburg-schwarzwald.de\/blog\/wp-json\/wp\/v2\/pages\/1180"}],"wp:attachment":[{"href":"https:\/\/www.freiburg-schwarzwald.de\/blog\/wp-json\/wp\/v2\/media?parent=88198"}],"curies":[{"name":"wp","href":"https:\/\/api.w.org\/{rel}","templated":true}]}}