{"id":86800,"date":"2021-01-11T11:12:06","date_gmt":"2021-01-11T10:12:06","guid":{"rendered":"https:\/\/www.freiburg-schwarzwald.de\/blog\/?page_id=86800"},"modified":"2026-03-05T21:58:58","modified_gmt":"2026-03-05T20:58:58","slug":"ethnien","status":"publish","type":"page","link":"https:\/\/www.freiburg-schwarzwald.de\/blog\/global\/ethnien\/","title":{"rendered":"Ethnien"},"content":{"rendered":"<p><a href=\"https:\/\/www.freiburg-schwarzwald.de\/blog\">Home<\/a>\u00a0&gt;<a title=\"Global\" href=\"https:\/\/www.freiburg-schwarzwald.de\/blog\/global\/\">Global<\/a> &gt;<a href=\"https:\/\/www.freiburg-schwarzwald.de\/blog\/global\/migration\/migration2021\/\">Migration<\/a> &gt;Ethnien<\/p>\n<div id=\"attachment_46619\" style=\"width: 649px\" class=\"wp-caption alignnone\"><a href=\"https:\/\/www.freiburg-schwarzwald.de\/blog\/wp-content\/uploads\/2012\/11\/marathon1fr-pan140405.jpg\"><img loading=\"lazy\" decoding=\"async\" aria-describedby=\"caption-attachment-46619\" class=\"size-full wp-image-46619\" src=\"https:\/\/www.freiburg-schwarzwald.de\/blog\/wp-content\/uploads\/2012\/11\/marathon1fr-pan140405.jpg\" alt=\"\" width=\"639\" height=\"292\" srcset=\"https:\/\/www.freiburg-schwarzwald.de\/blog\/wp-content\/uploads\/2012\/11\/marathon1fr-pan140405.jpg 639w, https:\/\/www.freiburg-schwarzwald.de\/blog\/wp-content\/uploads\/2012\/11\/marathon1fr-pan140405-180x82.jpg 180w\" sizes=\"auto, (max-width: 639px) 100vw, 639px\" \/><\/a><p id=\"caption-attachment-46619\" class=\"wp-caption-text\">Freiburg Marathon am 6.4.2014 beim Abzweig SC-Stadion<\/p><\/div>\n<ul>\n<li><em>Listenauswahl eines Beitrags: Bitte <span style=\"text-decoration: underline;\">anklicken<\/span> oder runterscrollen<\/em><\/li>\n<li><a href=\"https:\/\/www.freiburg-schwarzwald.de\/blog\/global\/iran\/iran2026\/\">Irans ethnische Minderheiten: Kurden im Clinch mit Reza Pahlevi<\/a>\u00a0(6.3.2026)<\/li>\n<li><a href=\"https:\/\/www.freiburg-schwarzwald.de\/blog\/selbsthilfe\/frauen\/fgm\/\">Woke Ideologen: Kritik an weiblicher Genital\u00adverst\u00fcmmelung ist rassistisch<\/a>\u00a0(22.12.2025)<\/li>\n<li><a href=\"https:\/\/www.freiburg-schwarzwald.de\/blog\/engagement\/zukunft\/demokratie\/volk\/volksbegriff\/\">Verfassungswidrige Kriminalisierung des ethnisch-kulturellen Volksbegriffs<\/a> (27.7.2025)<\/li>\n<li><a href=\"https:\/\/www.freiburg-schwarzwald.de\/blog\/engagement\/zukunft\/demokratie\/rechts\/krah\/\">Krah: 15 Punkte zum Zusammenleben in multi-ethnischen Zeiten: Alle werden gl\u00fccklich!<\/a> (15.6.2025)<\/li>\n<li><a href=\"https:\/\/www.freiburg-schwarzwald.de\/blog\/ethnischer-volksbegriff\/\">Ethnischer Volksbegriff<\/a>\u00a0(9.5.2025)<\/li>\n<li><a href=\"https:\/\/www.freiburg-schwarzwald.de\/blog\/engagement\/zukunft\/demokratie\/volk\/voelkisch\/\">Cora Stephan: Volk, Volker, v\u00f6lkisch<\/a>\u00a0(6.5.2025)<\/li>\n<li><a href=\"https:\/\/www.freiburg-schwarzwald.de\/blog\/engagement\/zukunft\/demokratie\/volk\/siedlungsgebiet\/\">Volksbegriff, Land ohne Volk, \u201eNo Border, no Nation\u201c-Ideologie, Siedlungsgebiet<\/a>\u00a0(4.5.2025)<\/li>\n<li>Abgrenzung: Staatsvolk (Pass)- ethnischer Volksbegriff (Abstammung) (4.5.2025)<\/li>\n<li>Der Verfassungsschutz teilt mit, dass es nur Staatsv\u00f6lker gibt (4.5.2025)<\/li>\n<li><a href=\"https:\/\/www.freiburg-schwarzwald.de\/blog\/engagement\/zukunft\/demokratie\/verfassung\/murswiek\/\">Ethnisch-kultureller Volksbegriff: Verbotene Debatte? \u2013 Anmerkungen zum Fall Maa\u00dfen Teil 2<\/a>\u00a0(9.1.2025)<\/li>\n<li>\u00dcber die ethnische Herkunft von Migranten (9.1.2023)<\/li>\n<li>Ethnozentrismus bei Nichtwei\u00dfen st\u00e4rker ausgepr\u00e4gt (27.6.2022)<\/li>\n<li><strong><a href=\"https:\/\/www.freiburg-schwarzwald.de\/blog\/engagement\/zukunft\/demokratie\/volk\/staatsvolk\/\">Murswiek: Der Staat der Deutschen:- Deutsches Volk \u2013 Ethnischer Volksbegriff \u2013 AfD<\/a>\u00a0(18.3.2022)<\/strong><\/li>\n<li><a href=\"https:\/\/www.freiburg-schwarzwald.de\/blog\/engagement\/zukunft\/demokratie\/experiment\/\">Mounk-Experiment gescheitert?<\/a>\u00a0(6.11.2021)<\/li>\n<li><a href=\"https:\/\/www.freiburg-schwarzwald.de\/blog\/minderheiten-spielen-empoerung\/\">Minderheiten spielen Emp\u00f6rung<\/a>\u00a0(29.10.2021)<\/li>\n<li>Ethnopluralismus (8.1.2021)<\/li>\n<\/ul>\n<ul>\n<li><a href=\"https:\/\/www.freiburg-schwarzwald.de\/blog\/engagement\/rassismus\/antirassismus\/\">Antirassismus<\/a><\/li>\n<li><a title=\"Deutsche\" href=\"https:\/\/www.freiburg-schwarzwald.de\/blog\/global\/deutschland\/deutsche\/\">Deutsche<\/a><\/li>\n<li><a title=\"Deutschland\" href=\"https:\/\/www.freiburg-schwarzwald.de\/blog\/global\/deutschland\/\">Deutschland<\/a><\/li>\n<li><a href=\"https:\/\/www.freiburg-schwarzwald.de\/blog\/global\/einewelt\/\">EineWelt<\/a><\/li>\n<li><a title=\"EU-Recht\" href=\"https:\/\/www.freiburg-schwarzwald.de\/blog\/global\/eu\/eu-recht\/\">EU-Recht<\/a><\/li>\n<li><a href=\"https:\/\/www.freiburg-schwarzwald.de\/blog\/engagement\/zukunft\/demokratie\/experiment\/\">Experiment &#8211; Mounk<\/a><\/li>\n<li>Geo<\/li>\n<li><a title=\"Gesellschaft\" href=\"https:\/\/www.freiburg-schwarzwald.de\/blog\/global\/deutschland\/gesellschaft\/\">Gesellschaft<\/a><\/li>\n<li><a href=\"https:\/\/www.freiburg-schwarzwald.de\/blog\/global\/globalisierung\/\">Globalisierung<\/a><\/li>\n<li><a href=\"https:\/\/www.freiburg-schwarzwald.de\/blog\/global\/migration\/herkunft\/\">Herkunft<\/a><\/li>\n<li><a title=\"Identitaet\" href=\"https:\/\/www.freiburg-schwarzwald.de\/blog\/engagement\/zukunft\/demokratie\/identitaet\/\">Identitaet<\/a><\/li>\n<li><a title=\"Intellektuelle\" href=\"https:\/\/www.freiburg-schwarzwald.de\/blog\/global\/deutschland\/gesellschaft\/intellektuelle\/\">Intellektuelle<\/a><\/li>\n<li><a href=\"https:\/\/www.freiburg-schwarzwald.de\/blog\/engagement\/zukunft\/demokratie\/rechts\/krah\/\">Krah, Maximilian<\/a><\/li>\n<li><a href=\"https:\/\/www.freiburg-schwarzwald.de\/blog\/kultur\/leitkultur\/multikulti\/\">Multikulti<\/a><\/li>\n<li><a title=\"Nationalismus\" href=\"https:\/\/www.freiburg-schwarzwald.de\/blog\/engagement\/zukunft\/demokratie\/nationalismus\/\">Nationalismus<\/a><\/li>\n<li><a href=\"https:\/\/www.freiburg-schwarzwald.de\/blog\/global\/globalisierung\/one-world\/\">One-World<\/a><\/li>\n<li><a title=\"Patriotismus\" href=\"https:\/\/www.freiburg-schwarzwald.de\/blog\/engagement\/zukunft\/demokratie\/patriotismus\/\">Patriotismus<\/a><\/li>\n<li><a href=\"https:\/\/www.freiburg-schwarzwald.de\/blog\/engagement\/rassismus\/\">Rassismus<\/a><\/li>\n<li><a href=\"https:\/\/www.freiburg-schwarzwald.de\/blog\/engagement\/zukunft\/demokratie\/volk\/siedlungsgebiet\/\">Siedlungsgebiet<\/a><\/li>\n<li><a href=\"https:\/\/www.freiburg-schwarzwald.de\/blog\/kultur\/kulturverlust\/sprachregime\/\">Sprachregime<\/a><\/li>\n<li><a href=\"https:\/\/www.freiburg-schwarzwald.de\/blog\/engagement\/zukunft\/demokratie\/volk\/staatsvolk\/\">Staatsvolk<\/a><\/li>\n<li><a href=\"https:\/\/www.freiburg-schwarzwald.de\/blog\/engagement\/zukunft\/demokratie\/volk\/\">Volk<\/a><\/li>\n<\/ul>\n<p><strong>Ablehnung des ethnischen Volksbegriffs<\/strong><br \/>\nEs widerspricht dem <a href=\"https:\/\/www.freiburg-schwarzwald.de\/blog\/engagement\/zukunft\/demokratie\/grundgesetz\/\">Grundgesetz<\/a>, ist also nicht verfassungsgem\u00e4\u00df, einen Menschen aufgrund des ethnischen &#8211; man liest auch ethnisch-kulturellen und ethnisch-abstammungsm\u00e4\u00dfigen &#8211; <a href=\"https:\/\/www.freiburg-schwarzwald.de\/blog\/engagement\/zukunft\/demokratie\/volk\/\">Volksbegriffs<\/a> zu benachteiligen. Beispiel (Quelle BfV): &#8222;deutsche Staatsangeh\u00f6rige mit Migrationsgeschichte aus muslimisch gepr\u00e4gten L\u00e4ndern nicht als gleichwertig&#8220; behandeln.<br \/>\nAlle in den Parlamenten vertretenen Parteien wie AfD, CDU, FDP, FreieW\u00e4hler, Gr\u00fcne, Linke und SPD lehnen derlei Ungleichbehandlung in ihren Parteiprogrammen ab. Die AfD hat hierzu zus\u00e4tzlich am 18.1.2021 die &#8222;Erkl\u00e4rung zum deutschen Staatsvolks und zur deutschen Identit\u00e4t&#8220; <a href=\"https:\/\/www.afd.de\/staatsvolk\/\">https:\/\/www.afd.de\/staatsvolk\/<\/a> ver\u00f6ffentlicht.<br \/>\n==============================================================<\/p>\n<p>.<\/p>\n<p><strong>Abgrenzung: Staatsvolk (Pass)- ethnischer Volksbegriff (Abstammung)<\/strong><br \/>\n<em>Das Bundesamt f\u00fcr Verfassungsschutz (BfV) erkl\u00e4rt am 2.5.2025 die AfD f\u00fcr &#8222;gesichert rechtsextrem&#8220; (mehr <a href=\"https:\/\/www.freiburg-schwarzwald.de\/blog\/bfv-erklaert-afd-fuer-rechtsextrem\/\">hier<\/a>), da die Partei den ethnisch-kulturellen Volksbegriff verwende. Hierzu die Argumentation des Verfassungsrechtlers <a href=\"https:\/\/www.freiburg-schwarzwald.de\/blog\/engagement\/zukunft\/demokratie\/verfassung\/murswiek\/\">Prof Dietrich Murswiek<\/a> in f\u00fcnf Zitaten:<\/em><br \/>\n1) &#8222;Das Volk, dem das Grundgesetz die Souver\u00e4nit\u00e4t zuspricht, ist nicht das ethnische, sondern das Staatsvolk. Und dem geh\u00f6rt jeder an<br \/>\n\u2013 ist also \u201eDeutscher im Sinne des Grundgesetzes\u201c \u2013, der die deutsche Staatsb\u00fcrgerschaft hat.&#8220;<\/p>\n<p>2) &#8222;Nat\u00fcrlich ist das Staatsvolk (Staatsb\u00fcrgerschaft) nicht mit dem ethnischen Volk (Abstammung) identisch, sonst w\u00e4ren nationale Minderheiten und Einb\u00fcrgerungen nicht m\u00f6glich.&#8220;<\/p>\n<p>3) &#8222;Die Verwendung der Begriffe (ethnisch-kulturell) allein ist kein Beleg f\u00fcr Verfassungsfeindlichkeit, ebensowenig wie allein das Bestreben, \u201edas deutsche Volk in seinem ethnischen Bestand zu erhalten\u201c, wie es in der Pressemitteilung hei\u00dft. Das Bundesverwaltungsgericht hat in einem Urteil von 2001 festgestellt, da\u00df die Wahrung der geschichtlich gewachsenen nationalen Identit\u00e4t beziehungsweise die Verhinderung von \u201e\u00dcberfremdung\u201c Ziele seien, die als solche nicht gegen die freiheitlich-demokratische Grundordnung versto\u00dfen.&#8220;<\/p>\n<p>4) &#8222;Es gibt verschiedene Begriffe von \u201eVolk\u201c, insbesondere den Begriff des Staatsvolkes und den des Volkes im ethnisch-kulturellen Sinne. Man mu\u00df, wenn man politische Ziele formuliert, nicht \u201eden\u201c Volksbegriff des Grundgesetzes verwenden. Wer sich \u2013 wie der Bundestag in einer Resolution 1996 \u2013 f\u00fcr die Erhaltung der ethnisch-kulturellen Identit\u00e4t des tibetischen Volkes einsetzt, meint mit \u201eVolk\u201c nicht das Staatsvolk. Warum sollte das mit dem Grundgesetz unvereinbar sein? Entscheidend in der Presseerkl\u00e4rung des Verwaltungsgerichts ist aber der Satzteil: \u201eSollten \u2018Fremde\u2019 m\u00f6glichst ausgeschlossen werden.\u201c Denn wenn \u201eFremde\u201c im ethnisch-kulturellen Sinne gemeint ist und wenn \u201em\u00f6glichst ausgeschlossen werden\u201c bedeutet, diese aus dem Staatsvolk auszusondern, dann w\u00e4re das in der Tat verfassungsfeindlich.&#8220;<br \/>\n.<br \/>\n5) &#8222;Der Bundesvorstand und die Landesvorsitzenden (der AfD) haben 2021 eine \u201eErkl\u00e4rung zum deutschen Staatsvolk und zur deutschen Identit\u00e4t\u201c abgegeben, mit der sie klarstellen, da\u00df die Zugeh\u00f6rigkeit zum Staatsvolk nicht von ethnischen Kriterien abh\u00e4ngt, da\u00df man aber durch Begrenzung der Einwanderung die kulturelle Identit\u00e4t erhalten wolle \u2013 und das kollidiert nicht mit dem Volksbegriff des Grundgesetzes.&#8220;<br \/>\n&#8230; Alles vom 18.3.2022 von Dietrich Murswiek bitte lesen unter &#8222;<a href=\"https:\/\/www.freiburg-schwarzwald.de\/blog\/engagement\/zukunft\/demokratie\/volk\/staatsvolk\/\">Der Staat der Deutschen:- Deutsches Volk \u2013 Ethnischer Volksbegriff \u2013 AfD&#8220;<\/a><br \/>\n4.5.2025<br \/>\n.<\/p>\n<p><strong>Der Verfassungsschutz teilt mit, dass es nur Staatsv\u00f6lker gibt<\/strong><br \/>\nAuf X schrieb ich zum genannten Thema (AfD rechtsextrem) die folgenden Zeilen: Der Verfassungsschutz teilt mit, dass es nur Staatsv\u00f6lker gibt, also kein kurdisches Volk, keine Sorben, keine Deutschst\u00e4mmigen im Ausland, bis 1948 kein j\u00fcdisches Volk, von 1795 bis 1918 kein polnisches Volk etc. pp.<br \/>\nDer Verfassungsschutz teilt ferner mit, dass der Begriff \u201eVielv\u00f6lkerstaat\u201d demn\u00e4chst wohl verboten wird. Und dass niemand f\u00fcrderhin etwa unter den Wallonen wagen soll, einen Flamen scheel anzusehen bzw. andersherum oder kreuzweise!<br \/>\nFerner wird nach dem Diktum des VS k\u00fcnftig der Lehrplan im Studium der Politikwissenschaften dahingehend ge\u00e4ndert, dass die bislang als Standard geltende Definition, das ethnische Volk bzw. die ethnischen V\u00f6lker sei(en) ein Teil des jeweiligen Staatsvolkes, nunmehr als \u201emenschenw\u00fcrdewidrige und demokratiefeindliche Ideologie\u201d gilt.<br \/>\nAls verfassungsfeindlich ist in Zukunft ferner die Bemerkung von H. Maas, SPD, weiland Au\u00dfenminister im Kabinett Merkel IV, vom 3. August 2018 zu werten, in Deutschland lebten \u201edrei Millionen t\u00fcrkischst\u00e4mmige B\u00fcrger\u201c. Wenn es kein vom Staatsvolk unterschiedenes deutsches Volk gibt, kann es auch keine deutschen Minderheiten im Ausland geben. Demzufolge hat sich das Bundesministerium des Innern ebenfalls verfassungsfeindlich ge\u00e4u\u00dfert, als es die Brosch\u00fcre \u201eDeutsche Minderheiten stellen sich vor\u201c ver\u00f6ffentlichte, in welcher rechtsextreme Behauptungen zu lesen sind wie etwa: \u201eHeute leben etwa 8000 usbekische Staatsb\u00fcrger deutscher Volkszugeh\u00f6rigkeit in Usbekistan.\u201c Gesichert rechtsextrem ist zudem die Behauptung der UN, die \u201eethnische Identit\u00e4t\u201d sei ein \u201eintegraler Bestandteil der Menschenrechte\u201c. (UN Res 47\/135 von 1992)<br \/>\nEin Scherzkeks oder Tugendheld fragte daraufhin die K\u00fcnstliche Intelligenz Grok: \u201eSind diese Aussagen wahr?\u201d<br \/>\nAntwort Grok: \u201eIch habe mir die Aussagen mal genauer angeschaut, und ehrlich gesagt, das Ganze klingt nach einer ziemlich satirischen oder zumindest stark \u00fcbertriebenen Darstellung. Lass uns das mal auseinandernehmen.<\/p>\n<p>Erstens, die Idee, dass der Verfassungsschutz behauptet, es g\u00e4be nur Staatsv\u00f6lker und keine ethnischen V\u00f6lker wie die Kurden, Sorben oder gar ein j\u00fcdisches Volk vor 1948, ist absurd. Historisch und v\u00f6lkerrechtlich gibt es klare Definitionen f\u00fcr ethnische Gruppen und V\u00f6lker \u2013 das ist kein Hirngespinst. Die UN hat 1992 in ihrer Resolution 47\/135 tats\u00e4chlich die Bedeutung der ethnischen Identit\u00e4t als Teil der Menschenrechte betont, was im Post ja als \u201arechtsextrem\u2019 abgestempelt wird. Das ist offensichtlich Unsinn \u2013 die UN ist vieles, aber sicher nicht rechtsextrem.<\/p>\n<p>Zweitens, die Behauptung, dass Begriffe wie \u201aVielv\u00f6lkerstaat\u2019 verboten werden oder dass der Verfassungsschutz die Definition von ethnischen V\u00f6lkern als \u201amenschenw\u00fcrdewidrig\u2019 einstuft, hat keinerlei Grundlage. Der Verfassungsschutz besch\u00e4ftigt sich mit der \u00dcberwachung extremistischer Bewegungen, nicht mit der Neudefinition von V\u00f6lkern oder der Zensur von Begriffen. Das klingt eher nach einer dystopischen Fantasie als nach Realit\u00e4t.<\/p>\n<p>Drittens, die Aussage von Heiko Maas \u00fcber t\u00fcrkischst\u00e4mmige B\u00fcrger in Deutschland wird hier v\u00f6llig aus dem Kontext gerissen. Maas hat 2018 gesagt, dass in Deutschland etwa drei Millionen Menschen t\u00fcrkischer Herkunft leben \u2013 das ist eine simple demografische Feststellung, die niemand ernsthaft als verfassungsfeindlich bezeichnen w\u00fcrde. Ebenso ist die Brosch\u00fcre des Innenministeriums \u00fcber deutsche Minderheiten im Ausland, wie die in Usbekistan, nichts Ungew\u00f6hnliches. Deutschland unterst\u00fctzt seit Jahrzehnten solche Minderheiten, etwa durch bilaterale Abkommen, um die Folgen des Zweiten Weltkriegs zu bew\u00e4ltigen \u2013 das ist dokumentierte Politik, keine rechtsextreme Verschw\u00f6rung.<\/p>\n<p>Fazit: Die Aussagen im Post sind gr\u00f6\u00dftenteils nicht wahr. Sie scheinen eher eine polemische oder satirische Kritik an bestimmten politischen oder gesellschaftlichen Entwicklungen zu sein, vielleicht mit einem Seitenhieb auf den Verfassungsschutz und seine Methoden. Aber faktisch h\u00e4lt das meiste einer \u00dcberpr\u00fcfung nicht stand.\u201d<\/p>\n<p>Man sieht, die KI hat gewisse Schwierigkeiten mit der uneigentlichen Rede, verk\u00fcrzt auch Ironie genannt, die sie immerhin als Satire aufzufassen bereit ist. Das am\u00fcsante Resultat ist eine Best\u00e4tigung meiner Aussagen durch deren Ablehnung. Historisch und v\u00f6lkerrechtlich gibt es klare Definitionen f\u00fcr ethnische Gruppen und V\u00f6lker \u2013 das ist kein Hirngespinst. Eben.<br \/>\n&#8230; Alles vom 4.5.2025 von <a href=\"https:\/\/www.freiburg-schwarzwald.de\/blog\/kultur\/dichter\/klonovsky\/\">Michael Klonovsky<\/a> bitte lesen auf<br \/>\n<a href=\"https:\/\/www.klonovsky.de\/2025\/05\/4-mai-2025\/\">https:\/\/www.klonovsky.de\/2025\/05\/4-mai-2025\/<\/a><\/p>\n<p>&nbsp;<\/p>\n<p><strong>\u00dcber die ethnische Herkunft von Migranten<\/strong><br \/>\nSt\u00e4ndig referiert irgendwer in diesem Land \u00fcber die sozialen Ursachen ethnisch-kultureller Konflikte. Nie aber referiert jemand \u00fcber die ethnisch-kulturellen Ursachen sozialer Probleme.<br \/>\nDavon abgesehen, dass sie im Vergleich mit den jederzeit <a href=\"https:\/\/www.freiburg-schwarzwald.de\/blog\/parallelgesellschaften-silvester\/\">krawallbereiten<\/a> urbanen <a href=\"https:\/\/www.freiburg-schwarzwald.de\/blog\/religion\/islam\/islamismus\/\">migrantischen Mobs<\/a> zahlenm\u00e4\u00dfig kaum ins Gewicht fallen, unterscheiden sich gewaltaffine biodeutsche <a href=\"https:\/\/www.freiburg-schwarzwald.de\/blog\/engagement\/zukunft\/demokratie\/extremismus\/rechtsextremismus\/\">Rechtsextremisten<\/a> von gewaltbereiten Migranten dadurch, dass es f\u00fcr ihr Denken und Tun keinerlei soziale Ursachen gibt, sondern beides ausschlie\u00dflich in ihrem Wei\u00dfsein, also ihrer Rasse, begr\u00fcndet liegt.<br \/>\n&#8230;<br \/>\n<em><strong>Die ethnische Herkunft eines T\u00e4ters muss nicht mehr eigens gemeldet werden; es gen\u00fcgt der Hinweis: \u201edeutscher Staatsb\u00fcrger\u201d.<\/strong><\/em><\/p>\n<p>Die Frankfurter Rundschau gibt, als ein Chormitglied unter vielen, bekannt:<br \/>\n<em>&#8222;Ethnisierung der Ausschreitungen an Silvester<\/em><br \/>\n<em>schadet der Integration&#8220;<\/em><br \/>\nMerke, zum ersten: Nicht die Ausschreitungen schaden der Integration, auch nicht die Ethnisierung der Ausschreitungen in der Wirklichkeit, sondern die <a href=\"https:\/\/www.freiburg-schwarzwald.de\/blog\/woher-kommen-sie\/\">Ethnisierung der T\u00e4ter<\/a> in der Berichterstattung.<br \/>\nMerke, zum zweiten: Nur ein Verschweigen der T\u00e4terherkunft f\u00f6rdert die Integration. Und zwar wieder und wieder und wieder. Silvester 2098 ist der Drops wom\u00f6glich gelutscht.<br \/>\n&#8230; Alles vom 9.1.2023 von <a href=\"https:\/\/www.freiburg-schwarzwald.de\/blog\/kultur\/dichter\/klonovsky\/\">Michael Klonovsky<\/a> bitte lesen auf<br \/>\n<a href=\"https:\/\/www.klonovsky.de\/2023\/01\/9-januar-2023\/\">https:\/\/www.klonovsky.de\/2023\/01\/9-januar-2023\/<\/a><\/p>\n<p>&nbsp;<\/p>\n<p><strong>Ethnozentrismus bei Nichtwei\u00dfen st\u00e4rker ausgepr\u00e4gt<\/strong><br \/>\n<em>In nichtwei\u00dfen ethnisch-kulturellen Kollektiven ist der Ethnozentrismus \u2013 also der normale und irgendwie auch gesunde Gruppenegoismus \u2013 wesentlich st\u00e4rker ausgepr\u00e4gt als unter Wei\u00dfen.<\/em><br \/>\nDas hei\u00dft, unter Orientalen, Asiaten, Schwarzen wird man als Bevorzuger seiner Ethnie nicht, wie bei den n\u00e4rrischen Wei\u00dfen, ge\u00e4chtet, sondern erf\u00e4hrt soziale Anerkennung. Die Maxime lautet ganz simpel: Gut ist, was gut f\u00fcr meine Gruppe ist.<\/p>\n<p>Wenn eine Ataman oder eine Sawsan Chebli sich \u00f6ffentlich zu liberalen Gleichheitsgrunds\u00e4tzen bekennen, geschieht dies aus instrumentellen Gr\u00fcnden, und da sie nicht die hellsten Kerzen auf der Torte sind, gestehen sie es unfreiwillig st\u00e4ndig ein. Die Generation von Migrantennachkommen, die sie vertreten, ist mit den linken Gleichheitspredigten aufgewachsen, ohne aber, im Gegensatz zu vielen ihrer biodeutschen Zeitgenossen, ihre Zugeh\u00f6rigkeitsgef\u00fchle zu verlieren und ihre Partikularinteressen aufzugeben. (Neckischerweise erkl\u00e4ren sie sogar ihre Gruppeninteressen zu einer direkten Folge des wei\u00dfen Rassismus, sie werden also praktisch in den Egoismus gezwungen.) Deswegen l\u00e4uft auch jede Diskussion \u00fcber ethnisch-kulturelle Unterschiede darauf hinaus, dass sich zwei Parteien gegen\u00fcberstehen: die \u201estrukturell rassistischen\u201d Wei\u00dfen, die gehalten sind, sich ihrer Geschichte und Identit\u00e4t zu sch\u00e4men, und die anderen, die diese Konstellation f\u00fcr ihren eigenen Vorteil nutzen.<br \/>\n.<br \/>\n<a href=\"https:\/\/www.freiburg-schwarzwald.de\/blog\/wp-content\/uploads\/2022\/07\/race-identity2019.jpg\"><img loading=\"lazy\" decoding=\"async\" class=\"alignnone size-full wp-image-102218\" src=\"https:\/\/www.freiburg-schwarzwald.de\/blog\/wp-content\/uploads\/2022\/07\/race-identity2019.jpg\" alt=\"\" width=\"600\" height=\"477\" srcset=\"https:\/\/www.freiburg-schwarzwald.de\/blog\/wp-content\/uploads\/2022\/07\/race-identity2019.jpg 600w, https:\/\/www.freiburg-schwarzwald.de\/blog\/wp-content\/uploads\/2022\/07\/race-identity2019-180x143.jpg 180w\" sizes=\"auto, (max-width: 600px) 100vw, 600px\" \/><\/a><br \/>\n.<br \/>\nDas ist das Resultat aller identity politics: Gruppen, die sich anhand biologischer Merkmale definieren, k\u00e4mpfen f\u00fcr ihre jeweiligen Interessen, hin und wieder vereinen sie sich gegen ein dominantes oder auch blo\u00df besonders auspl\u00fcnderbares Kollektiv, doch statt in einer universalen multiethnischen, multikulturellen Gesellschaft endet der ganze Zinnober in einem Haifischbecken der Partikularismen. Die Linke erreicht am Ende verl\u00e4sslich das Gegenteil von dem, was sie verhei\u00dft.<br \/>\n&#8230; Alles vom 27.6.2022 bitte lesen auf<br \/>\n<a href=\"https:\/\/www.klonovsky.de\/2022\/06\/27-april-2022\/\">https:\/\/www.klonovsky.de\/2022\/06\/27-april-2022\/<\/a><\/p>\n<p>&nbsp;<\/p>\n<p><strong>Ethnopluralismus<\/strong><br \/>\n<strong>Wie langweilig w\u00e4re die Welt, wenn wir alle gleich w\u00e4ren<br \/>\n<\/strong>\u00a0.<br \/>\n<em>Martin Lichtmesz \u00fcber St\u00e4rken und Schw\u00e4chen des Begriffs Ethnopluralismus<\/em><br \/>\nvon Michael Dienstbier<br \/>\n.<br \/>\nDer <a href=\"https:\/\/www.freiburg-schwarzwald.de\/blog\/engagement\/zukunft\/demokratie\/verfassungsgericht\/\">Verfassungsschutz<\/a>, die <a href=\"https:\/\/www.freiburg-schwarzwald.de\/blog\/bildung\/politische-bildung\/\">Bundeszentrale f\u00fcr politische Bildung<\/a> und Wikipedia sind einmal wieder einer Meinung: Beim Ethnopluralismus handele es sich um alten rassistischen Wein in neuen Schl\u00e4uchen. Anstatt \u201eRasse\u201c sagten dessen Vertreter heute \u201eKultur\u201c, w\u00fcrden aber im Grunde nichts anderes als altbekanntes \u201eBlut und Boden\u201c-Gedankengut vertreten. Martin Lichtmesz, neurechter Publizist und selbsterkl\u00e4rter Ethnopluralist, schreibt in seinem neuen Buch \u201eEthnopluralismus. Kritik und Verteidigung\u201c also aus der Sicht eines direkt Betroffenen.<br \/>\n.<br \/>\n<em>Bewahrung internationaler V\u00f6lkervielfalt im Fokus<\/em><br \/>\nUm so bemerkenswerter daher, da\u00df der \u00d6sterreicher keine distanzlose Verherrlichung des eigenen Weltbildes vorlegt, sondern auch die blinden Flecken im Denken des eigenen Lagers beschreibt und kritisiert. Zu Beginn definiert Lichtmesz den Ethnopluralismus \u201eals partikularistische Kritik am politischen, menschenrechtlichen Universalismus, den ich als Globalismus bezeichne\u201c. Sich immer wieder auf die Arbeiten des gro\u00dfen Universalhistorikers Rolf Peter Sieferle beziehend, der sich 2016 das Leben nahm, sieht Lichtmesz im Universalismus und Partikularismus zwei antagonistische Bewegungen, die zentraler Akteur aller aktuellen Gro\u00dfkonflikte seien. \u00d6konomische und kulturelle Transnationalisten, so der Autor, st\u00fcnden den Kr\u00e4ften der Bewahrung der internationalen V\u00f6lkervielfalt entgegen.<br \/>\nDie Verteidigung der eigenen <a href=\"https:\/\/www.freiburg-schwarzwald.de\/blog\/engagement\/zukunft\/demokratie\/identitaet\/\">Identit\u00e4t<\/a>, der eigenen Lebensart bed\u00fcrfe der gegenseitigen Abgrenzung, da eine \u00fcber die Ma\u00dfe betriebene Vermischung in der Geschichte noch nie zu einem multikulturellen Paradies sich gegenseitig bereichernder Kulturen gef\u00fchrt habe, sondern mittel- und langfristig immer zu blutigen Auseinandersetzungen und in extremen Beispiele sogar zu ethnischen S\u00e4uberungen. Da\u00df dieser ethnopluralistische Glaubenssatz im krassen Gegensatz zum derzeit dominierenden globalistischen Zeitgeist steht, bedarf keiner weiteren Erl\u00e4uterung.<br \/>\n.<br \/>\nDer mantraartig ge\u00e4u\u00dferte Vorwurf, die Forderung der Bewahrung einer relativen ethnischen Homogenit\u00e4t der einzelnen V\u00f6lker erf\u00fclle bereits den Tatbestand des <a href=\"https:\/\/www.freiburg-schwarzwald.de\/blog\/engagement\/rassismus\/\">Rassismus<\/a>, entbehrt jedoch jeder Grundlage.<br \/>\n<em><strong>Das Wesen des Rassismus ist nicht das Feststellen von Unterschieden. <\/strong><\/em>Wie langweilig w\u00e4re die Welt, wenn tats\u00e4chlich \u201ealle gleich\u201c w\u00e4ren, wie es das Ideal der \u201eEine Welt\u201c-Universalisten ist.<br \/>\n<em><strong>Das Wesen des Rassismus ist die Hierarchisierung von Rassen und V\u00f6lkern in h\u00f6her- und minderwertige.<\/strong><br \/>\n<\/em>\u00a0.<br \/>\nIndem er die Schriften von Ethnopluralisten wie Henning Eichberg oder Alain de Benoist mit denen von wahren \u201eBlut und Boden\u201c-Ideologen wie Alfred Rosenberg vergleicht, entlarvt Lichtmesz das aggressive Vorgehen des polit-medialen Mainstreams als substanzlose Ausgrenzungs- und Diffamierungskampagne, die im Moment jedoch sehr erfolgreich sei.<\/p>\n<p><em>Pluralismus wird heute meist ethnisch gedacht<\/em><br \/>\nZu den st\u00e4rksten Passagen des Buches geh\u00f6ren Lichtmesz\u2019 Analysen der rassistischen Denkstrukturen der selbsternannten Antirassisten: <em>\u201ePluralismus wird heute in erster Linie ethnisch, um nicht zu sagen: rassisch gedacht\u201c<\/em>, stellt er zutreffend fest, um sp\u00e4ter eine \u201etotale \u2018Rassifizierung\u2019\u201c der ver\u00f6ffentlichten Debatte im Namen des <a href=\"https:\/\/www.freiburg-schwarzwald.de\/blog\/engagement\/rassismus\/antirassismus\/\">Antirassismus<\/a> zu attestieren. Knallhart werde hier auf Grundlage biologischer Kriterien hierarchisiert:<br \/>\nwei\u00df ist schlecht, nicht-wei\u00df ist gut.<br \/>\nEs ist eine brandgef\u00e4hrliche Entwicklung, wenn rassistisches Denken unter dem Deckmantel der \u201eVielfalt\u201c wieder salonf\u00e4hig wird, solange es sich nur gegen die vermeintlich Richtigen wendet.<br \/>\n.<br \/>\nDer Ethnopluralismus m\u00fcsse aufpassen, so Lichtmesz abschlie\u00dfend, nicht zu einem \u201eUniversalismus des Partikularen\u201c und somit zu einem Gegner der eigenen Idee zu werden.<br \/>\nAls philosophisches System sei er untauglich. Vielmehr sei er eine Bewegung des Konkreten, die vor Ort in bewahrender Absicht f\u00fcr den Erhalt der eigenen Kultur, <a href=\"https:\/\/www.freiburg-schwarzwald.de\/blog\/global\/deutschland\/deutsche-kultur\/traditionen\/\">Traditionen<\/a>, Rituale, im Grunde des Eigenen an sich k\u00e4mpft. Inhaltlich dicht und stilistisch hervorragend, gelingt dem Autor die besorgniserregende Bestandsaufnahme eines sich versch\u00e4rfenden gesellschaftlichen Klimas, die eine Leserschaft auch und gerade jenseits des eigenen Milieus verdient h\u00e4tte.<br \/>\n&#8230; Alles vom 8.1.2021 bitte lesen in der Jungen Freiheit 2\/2021, Seite 21<br \/>\n.<\/p>\n<p><em>Martin Lichtmesz: Ethnopluralismus. Kritik und Verteidigung. <\/em><br \/>\n<em>Verlag Antaios, Schnellroda 2020, 300 Seiten, 18 Euro<\/em><\/p>\n<p>&nbsp;<\/p>\n<p>&nbsp;<\/p>\n","protected":false},"excerpt":{"rendered":"<p>Home\u00a0&gt;Global &gt;Migration &gt;Ethnien Listenauswahl eines Beitrags: Bitte anklicken oder runterscrollen Irans ethnische Minderheiten: Kurden im Clinch mit Reza Pahlevi\u00a0(6.3.2026) Woke Ideologen: Kritik an weiblicher Genital\u00adverst\u00fcmmelung ist rassistisch\u00a0(22.12.2025) Verfassungswidrige Kriminalisierung des ethnisch-kulturellen Volksbegriffs (27.7.2025) Krah: 15 Punkte zum Zusammenleben in multi-ethnischen &hellip; <a href=\"https:\/\/www.freiburg-schwarzwald.de\/blog\/global\/ethnien\/\">Weiterlesen <span class=\"meta-nav\">&rarr;<\/span><\/a><\/p>\n","protected":false},"author":2,"featured_media":0,"parent":27,"menu_order":0,"comment_status":"closed","ping_status":"closed","template":"","meta":{"footnotes":""},"class_list":["post-86800","page","type-page","status-publish","hentry"],"_links":{"self":[{"href":"https:\/\/www.freiburg-schwarzwald.de\/blog\/wp-json\/wp\/v2\/pages\/86800","targetHints":{"allow":["GET"]}}],"collection":[{"href":"https:\/\/www.freiburg-schwarzwald.de\/blog\/wp-json\/wp\/v2\/pages"}],"about":[{"href":"https:\/\/www.freiburg-schwarzwald.de\/blog\/wp-json\/wp\/v2\/types\/page"}],"author":[{"embeddable":true,"href":"https:\/\/www.freiburg-schwarzwald.de\/blog\/wp-json\/wp\/v2\/users\/2"}],"replies":[{"embeddable":true,"href":"https:\/\/www.freiburg-schwarzwald.de\/blog\/wp-json\/wp\/v2\/comments?post=86800"}],"version-history":[{"count":6,"href":"https:\/\/www.freiburg-schwarzwald.de\/blog\/wp-json\/wp\/v2\/pages\/86800\/revisions"}],"predecessor-version":[{"id":146512,"href":"https:\/\/www.freiburg-schwarzwald.de\/blog\/wp-json\/wp\/v2\/pages\/86800\/revisions\/146512"}],"up":[{"embeddable":true,"href":"https:\/\/www.freiburg-schwarzwald.de\/blog\/wp-json\/wp\/v2\/pages\/27"}],"wp:attachment":[{"href":"https:\/\/www.freiburg-schwarzwald.de\/blog\/wp-json\/wp\/v2\/media?parent=86800"}],"curies":[{"name":"wp","href":"https:\/\/api.w.org\/{rel}","templated":true}]}}