{"id":86678,"date":"2021-01-07T22:29:53","date_gmt":"2021-01-07T21:29:53","guid":{"rendered":"https:\/\/www.freiburg-schwarzwald.de\/blog\/?page_id=86678"},"modified":"2026-03-17T19:07:26","modified_gmt":"2026-03-17T18:07:26","slug":"medienleute","status":"publish","type":"page","link":"https:\/\/www.freiburg-schwarzwald.de\/blog\/kultur\/medien\/medienleute\/","title":{"rendered":"Medienleute"},"content":{"rendered":"<p><a href=\"https:\/\/www.freiburg-schwarzwald.de\/blog\">Home<\/a>\u00a0&gt;<a title=\"Kultur\" href=\"https:\/\/www.freiburg-schwarzwald.de\/blog\/kultur\/\">Kultur<\/a>\u00a0&gt;<a title=\"Medien\" href=\"https:\/\/www.freiburg-schwarzwald.de\/blog\/kultur\/medien\/\">Medien<\/a>\u00a0&gt;<a title=\"Zeitung\" href=\"https:\/\/www.freiburg-schwarzwald.de\/blog\/kultur\/medien\/zeitung\/\">Zeitung<\/a> &gt;Medienleute<\/p>\n<div id=\"attachment_85941\" style=\"width: 648px\" class=\"wp-caption alignnone\"><a href=\"https:\/\/www.freiburg-schwarzwald.de\/blog\/wp-content\/uploads\/2020\/12\/schauinsland-wetterbuchen202012-pan.jpg\"><img loading=\"lazy\" decoding=\"async\" aria-describedby=\"caption-attachment-85941\" class=\"size-full wp-image-85941\" src=\"https:\/\/www.freiburg-schwarzwald.de\/blog\/wp-content\/uploads\/2020\/12\/schauinsland-wetterbuchen202012-pan.jpg\" alt=\"\" width=\"638\" height=\"298\" srcset=\"https:\/\/www.freiburg-schwarzwald.de\/blog\/wp-content\/uploads\/2020\/12\/schauinsland-wetterbuchen202012-pan.jpg 638w, https:\/\/www.freiburg-schwarzwald.de\/blog\/wp-content\/uploads\/2020\/12\/schauinsland-wetterbuchen202012-pan-180x84.jpg 180w\" sizes=\"auto, (max-width: 638px) 100vw, 638px\" \/><\/a><p id=\"caption-attachment-85941\" class=\"wp-caption-text\">Wetterbuchen vom Rosshang in Hofsgrund am Schauinsland am 10.12.2020: Schnee &#8211; Buchen &#8211; Nebel &#8211; Sonne<\/p><\/div>\n<p>&nbsp;<\/p>\n<ul>\n<li><em>Listenauswahl eines Beitrags (Artikel\/Datum, Seite\/Inhalt):\u00a0<span style=\"text-decoration: underline;\">Klicken<\/span>\u00a0oder scrollen<\/em><\/li>\n<li><a href=\"https:\/\/www.freiburg-schwarzwald.de\/blog\/kultur\/medien\/meinungsfreiheit\/redefreiheit\/\">Sarah Maria Sander zu neuem Maulkorb-Erlass<\/a>\u00a0 (10.3.2026)<\/li>\n<li><a href=\"https:\/\/www.freiburg-schwarzwald.de\/blog\/kultur\/medien\/journalismus\/matuschek\/\">Ex-Mainstream Journalist Milosz Matuschek packt aus: Was wirklich hinter den Kulissen l\u00e4uft!<\/a> (4.10.2025)<\/li>\n<li><a href=\"https:\/\/www.freiburg-schwarzwald.de\/blog\/kultur\/kulturverlust\/sprachregime\/\">Die \u201eNeuen deutschen Medienmacher\u201c spielen Sprachpolizei und untergraben die Demokratie<\/a>\u00a0(27.9.2025)<\/li>\n<li>Petition f\u00fcr die vom NDR geschasste Julia Ruhs (26.9.2025)<\/li>\n<li>Boris Reitschuster: Ich bin Journalist (21.6.2025)<\/li>\n<li><a href=\"https:\/\/www.freiburg-schwarzwald.de\/blog\/medienkampagne\/\">\u00abWie der Verfassungsschutz vorgeht, ist strafbar\u00bb: Prof. Murswiek \u00fcber das AfD-Gutachten<\/a>\u00a0(6.5.20259<\/li>\n<li><a href=\"https:\/\/www.freiburg-schwarzwald.de\/blog\/kultur\/medien\/gez-medien\/zdf\/\">Wolfgang Herles \u00fcber ZDF: \u201eAuf Teufel komm raus wird moralisiert\u201c<\/a> (4.4.2025)<\/li>\n<li><a href=\"https:\/\/www.freiburg-schwarzwald.de\/blog\/vereine\/ngo\/correctiv\/\">Blick zur\u00fcck im Zorn: Ein Jahr nach dem Correctiv-Skandal \u2013 Die L\u00fcge lebt fort<\/a>\u00a0(10.1.2025)<\/li>\n<li><a href=\"https:\/\/www.freiburg-schwarzwald.de\/blog\/kultur\/medien\/journalismus\/journalismus-wende\/\">Ein Jahr nach Erscheinen des Potsdam-Berichts: Journalisten von Zeit und SZ als Wendeh\u00e4lse<\/a>\u00a0(10.1.2025)<\/li>\n<li><a href=\"https:\/\/www.freiburg-schwarzwald.de\/blog\/musk-und-die-meinungsfreiheit\/\">Musk und die Meinungsfreiheit<\/a>\u00a0(30.12.2024)<\/li>\n<li><a href=\"https:\/\/www.freiburg-schwarzwald.de\/blog\/kultur\/medien\/film\/\">Imad Karim: \u201ePl\u00f6tzlich Staatsfeind\u201c<\/a>\u00a0(25.11.2024)<\/li>\n<li>Journalist J\u00fcrgen Mladek gestorben &#8211; Fr\u00fcher Tod eines kritischen Geistes (11.7.2024)<\/li>\n<li><a href=\"https:\/\/www.freiburg-schwarzwald.de\/blog\/gewalt-buerger-desinformiert\/\">Gewalt: B\u00fcrger desinformiert<\/a>\u00a0(21.5.2024)<\/li>\n<li><a href=\"https:\/\/www.freiburg-schwarzwald.de\/blog\/maximilian-krah-afd-interview\/\">Maximilian Krah (AfD): 6 Std-Interview<\/a>\u00a0(19.4.2024)<\/li>\n<li><a href=\"https:\/\/www.freiburg-schwarzwald.de\/blog\/manifest-meinungsvielfalt-jetzt\/\">\u00d6RR-Manifest Meinungsvielfalt.jetzt<\/a>\u00a0(4.4.2024)<\/li>\n<li><a href=\"https:\/\/www.freiburg-schwarzwald.de\/blog\/kultur\/medien\/journalismus\/erziehungsjournalismus\/\">Journalist: Meinungsfreiheit bzw. -vielfalt erfordert Medienvielfalt<\/a>\u00a0(20.2.2023)<\/li>\n<li><a href=\"https:\/\/www.freiburg-schwarzwald.de\/blog\/kultur\/medien\/oerr\/\">Endlich amtlich: Studie best\u00e4tigt Links-Drall von ARD und ZDF<\/a>\u00a0(7.2.2024)<\/li>\n<li><a href=\"https:\/\/www.freiburg-schwarzwald.de\/blog\/kultur\/medien\/journalismus\/journalismus-wende\/\">Danisch: Von der so \u00fcberaus langen, langen Leitung der Journalisten<\/a>\u00a0(8.12.2023)<\/li>\n<li><a href=\"https:\/\/www.freiburg-schwarzwald.de\/blog\/kultur\/medien\/meinungsfreiheit\/\">Gottschalk zur Meinungsfreiheit<\/a>\u00a0(27.11.2023)<\/li>\n<li><a href=\"https:\/\/www.freiburg-schwarzwald.de\/blog\/kultur\/medien\/neue-medien\/\">Philosophia Perennis von Dr. Berger macht eine Pause<\/a>\u00a0(13.11.2023)<\/li>\n<li><a href=\"https:\/\/www.freiburg-schwarzwald.de\/blog\/100-jahre-radio-wirsindmedien\/\">1<\/a><a href=\"https:\/\/www.freiburg-schwarzwald.de\/blog\/100-jahre-radio-wirsindmedien\/\">00 Jahre Radio: WirSindMedien<\/a>\u00a0(31.10.2023)<\/li>\n<li><a href=\"https:\/\/www.freiburg-schwarzwald.de\/blog\/kultur\/medien\/neue-medien\/\">Medienlandschaft im Umbruch \u2013 TE-Talk<\/a>\u00a0(5.10.2023)<\/li>\n<li><a href=\"https:\/\/www.freiburg-schwarzwald.de\/blog\/kultur\/medien\/gesinnungsdiktatur\/\">Repression gegen Hadmut D.: Rot-gr\u00fcner Gesinnungsterror<\/a> (3.10.2023)<\/li>\n<li>Boris Reitschuster: Meine Vertreibung (28.9.2023)<\/li>\n<li>Constantin Schreiber: Journalist verzichtet auf Islam-Diskussion (13.9.2023)<\/li>\n<li>Roger K\u00f6ppel: Weltwoche Deutschland immer freitags (5.9.2023)<\/li>\n<li><a href=\"https:\/\/www.freiburg-schwarzwald.de\/blog\/kultur\/medien\/einseitigkeit\/\">Der Krieg und die Leitmedien \u2013 Einseitige Kriegsberichterstattung<\/a>\u00a0(31.7.2023)<\/li>\n<li><a href=\"https:\/\/www.freiburg-schwarzwald.de\/blog\/kultur\/medien\/journalismus\/ruthenberg-medien\/\">Warum ich nicht mehr f\u00fcr Mainstream-Medien arbeite \u2013 Die Abrechnung<\/a>\u00a0(30.7.2023)<\/li>\n<li><a href=\"https:\/\/www.freiburg-schwarzwald.de\/blog\/kultur\/medien\/social-media\/\">Klonovsky: Was im Stall die Fliegen, das sind auf Twitter die Trolle<\/a>\u00a0(28.6.2023)<\/li>\n<li><a href=\"https:\/\/www.freiburg-schwarzwald.de\/blog\/business\/gesund\/corona-virus\/corona-rechenschaft\/\">Corona-Berichterstattung: Einseitigkeit und Verzerrung<\/a>\u00a0(11.4.2023)<\/li>\n<li><a href=\"https:\/\/www.freiburg-schwarzwald.de\/blog\/kultur\/medien\/medienvielfalt\/\">\u201eHingerotztes Gelaber\u201c: Schulsenator Rabe (SPD) mit Corona-Kritik an Medien<\/a> (3.4.2023)<\/li>\n<li><a href=\"https:\/\/www.freiburg-schwarzwald.de\/blog\/chatgpt-schreibt-deinen-text\/\">ChatGPT schreibt \u201edeinen\u201c Text<\/a>\u00a0(14.1.2023)<\/li>\n<li><a href=\"https:\/\/www.freiburg-schwarzwald.de\/blog\/spiegel-relotius-18-maria-22\/\">Spiegel: Relotius 18 \u2013 Maria 22<\/a>\u00a0(3.12.2022)<\/li>\n<li><a href=\"https:\/\/www.freiburg-schwarzwald.de\/blog\/kultur\/medien\/medien-unabhaengigkeit\/\">Linke: Aristokratischen Eliten durch b\u00fcrgerliche Eliten ersetzen<\/a>\u00a0(16.12.2022)<\/li>\n<li><a href=\"https:\/\/www.freiburg-schwarzwald.de\/blog\/kultur\/medien\/neue-medien\/\">Neue Medien \u2013 Liste<\/a>\u00a0(27.10.2022)<\/li>\n<li><a href=\"https:\/\/www.freiburg-schwarzwald.de\/blog\/mutigmacher-org-oerr-reform\/\">Mutigmacher.org: \u00d6RR-Reform<\/a>\u00a0(6.10.2022)<\/li>\n<li><a href=\"https:\/\/www.freiburg-schwarzwald.de\/blog\/kultur\/denker\/\">Ohne Sicherheitsgurt: Der Publizist Michael Klonovsky wird sechzig<\/a>\u00a0(19.8.2022)<\/li>\n<li><a href=\"https:\/\/www.freiburg-schwarzwald.de\/blog\/pleisweiler-gespraech-mit-guerot\/\">Pleisweiler Gespr\u00e4ch mit Ulrike Gu\u00e9rot<\/a>\u00a0(17.7.2022)<\/li>\n<li><a href=\"https:\/\/www.freiburg-schwarzwald.de\/blog\/leuchtturmard-mahnwache\/\">LeuchtturmARD Mahnwache am 14.7.2020 SWR<\/a>\u00a0(11.7.2022)<\/li>\n<li>Albrecht K\u00fcnstle aus Herbolzheim (26.6.2022)<\/li>\n<li><a href=\"https:\/\/www.freiburg-schwarzwald.de\/blog\/kontrafunk-radio-seit-21-6-2022\/\">Kontrafunk.radio seit 21.6.2022<\/a>\u00a0(23.6.2022)<\/li>\n<li><a href=\"https:\/\/www.freiburg-schwarzwald.de\/blog\/kultur\/medien\/zeitung\/\">Eric Gujer, NZZ \u2013 zu rechts f\u00fcr Deutschland<\/a>\u00a0(3.6.2022)<\/li>\n<li><a href=\"https:\/\/www.freiburg-schwarzwald.de\/blog\/kontrafunk-24-std-radio\/\">Kontrafunk: 24-Std-Radio<\/a>\u00a0(30.5.2022)<\/li>\n<li><a href=\"https:\/\/www.freiburg-schwarzwald.de\/blog\/kultur\/medien\/meinungsterror\/\">Meinungsvielfalt.jetzt: Journalisten der grossen Sender sind besch\u00e4mt<\/a>\u00a0(6.5.2022)<\/li>\n<li><a href=\"https:\/\/www.freiburg-schwarzwald.de\/blog\/kultur\/medien\/vierte-gewalt\/\">Jugend-Publizistik-Workshop mit Achgut.com und Hayek-Gesellschaft<\/a>\u00a0(21.2.2022)<\/li>\n<li><a href=\"https:\/\/www.freiburg-schwarzwald.de\/blog\/kultur\/medien\/luegenpresse\/\">Titelzeile in Widerspruch zum Inhalt formulieren \u2013 wozu?<\/a>\u00a0(27.1.2022)<\/li>\n<li><a href=\"https:\/\/www.freiburg-schwarzwald.de\/blog\/kultur\/medien\/journalismus\/ruthenberg-medien\/\">3. Videobotschaft \u201eFramen wir uns positiv\u201c von Martin Ruthenberg<\/a>\u00a0(16.1.2022)<\/li>\n<li><a href=\"https:\/\/www.freiburg-schwarzwald.de\/blog\/polens-deutsche-migrationskrise\/\">Imad Karim: Polens deutsche Migrationskrise<\/a>\u00a0(20.12.2021)<\/li>\n<li><a href=\"https:\/\/www.freiburg-schwarzwald.de\/blog\/kultur\/dichter\/literatur\/\">Denis Y\u00fccel Vorsitzender des deutschen PEN-Clubs \u2013 Warum?<\/a>\u00a0(2.11.2021)<\/li>\n<li><a href=\"https:\/\/www.freiburg-schwarzwald.de\/blog\/religion\/juden\/nazi\/\">Roger K\u00f6ppel: H\u00f6rt mit dieser Nazis-Paranoia auf!<\/a>\u00a0(21.9.2021)<\/li>\n<li><a href=\"https:\/\/www.freiburg-schwarzwald.de\/blog\/kultur\/medien\/gez-medien\/zdf\/\">ARD-Programmchefin: Wettbewerbsvorteil durch Zwangsgeb\u00fchren<\/a>\u00a0(26.8.2021)<\/li>\n<li>Danisch.de: Der w\u00fctende wei\u00dfe Mann Hadmut Danisch (16.7.2021)<\/li>\n<li><a href=\"https:\/\/www.freiburg-schwarzwald.de\/blog\/kultur\/internet\/social-networking\/\">Inside Facebook: Enth\u00fcllungsbuch von Frenkel-Kang<\/a>\u00a0(14.7.2021)<\/li>\n<li><a href=\"https:\/\/www.freiburg-schwarzwald.de\/blog\/journalist-juergen-liminski-ist-tot\/\">Journalist J\u00fcrgen Liminski ist tot<\/a>\u00a0(18.6.2021)<\/li>\n<li><a href=\"https:\/\/www.freiburg-schwarzwald.de\/blog\/engagement\/buergerinitiativen\/grundrechte-demo\/\">Journalisten-Verband-Gesch\u00e4ftsf\u00fchrer bringt einen Demonstranten zu Fall<\/a>\u00a0(7.5.2021)<\/li>\n<li><a href=\"https:\/\/www.freiburg-schwarzwald.de\/blog\/engagement\/zukunft\/demokratie\/distanzierung\/\">Diedrich Br\u00fcggemann verteidigt AllesDichtmachen: Keine Verh\u00f6hnung<\/a>\u00a0(26.4.2021)<\/li>\n<li><a href=\"https:\/\/www.freiburg-schwarzwald.de\/blog\/journos-helfen-journos-appell\/\">Journalisten helfen Journalisten \u2013 Appell<\/a>\u00a0(7.4.2021)<\/li>\n<li><a href=\"https:\/\/www.freiburg-schwarzwald.de\/blog\/kultur\/medien\/youtube\/\">Youtube zensiert Reitschuster erneut<\/a>\u00a0(6.4.2021)<\/li>\n<li><a href=\"https:\/\/www.freiburg-schwarzwald.de\/blog\/religion\/kirchen\/ostern\/\">Boris Reitschuster: Eine kleine Osterbitte f\u00fcr die Eltern<\/a> (5.4.2021)<\/li>\n<li><a href=\"https:\/\/www.freiburg-schwarzwald.de\/blog\/engagement\/buergerinitiativen\/grundrechte-demo\/\">Der \u201cFall Reitschuster\u201d zeigt, was hier gerade f\u00fcrchterlich falsch l\u00e4uft<\/a> (5.4.2021)<\/li>\n<li><a href=\"https:\/\/www.freiburg-schwarzwald.de\/blog\/journalist-reitschuster-vogelfrei\/\">Journalist Reitschuster: vogelfrei?<\/a>\u00a0(23.3.2021)<\/li>\n<li><a href=\"https:\/\/www.freiburg-schwarzwald.de\/blog\/medien-contra-corona-demos\/\">Medien contra Corona-Demos<\/a>\u00a0(21.3.2021)<\/li>\n<li><a href=\"https:\/\/www.freiburg-schwarzwald.de\/blog\/kultur\/medien\/diversity\/\">Handbuch f\u00fcr Diversity: Verrat am Qualit\u00e4tsjournalismus<\/a>\u00a0(18.3.2021)<\/li>\n<li>Attacken gegen den Journalisten Boris Reitschuster (23.2.2021)<\/li>\n<li>Das Elend der vierten Gewalt &#8211; Bewu\u00dftseinsindustrie (19.2.2021)<\/li>\n<li><a href=\"https:\/\/www.freiburg-schwarzwald.de\/blog\/fake-news-kaum-korrigierbar\/\">Fake News \u2013 kaum korrigierbar<\/a>\u00a0(11.2.2021)<\/li>\n<li>Weckruf &#8211; an die Journalisten der Leitmedien (7.1.2021)<\/li>\n<li>Reitschuster-Restle: Woher kommt Ihre Angst vor anderen Meinungen? (22.5.2020)<\/li>\n<li><a href=\"https:\/\/www.freiburg-schwarzwald.de\/blog\/engagement\/zukunft\/demokratie\/populismus\/populismus-keule\/\">SWR: Vorwurf des Populismus gegen das Portal Freiburg-Schwarzwald.de<\/a>\u00a0(1.10.2018)<\/li>\n<li><\/li>\n<li><a href=\"https:\/\/www.freiburg-schwarzwald.de\/blog\/kultur\/medien\/desinformation\/\">Desinformation<\/a><\/li>\n<li><a href=\"https:\/\/www.freiburg-schwarzwald.de\/blog\/kultur\/medien\/diversity\/\">Diversity<\/a><\/li>\n<li><a href=\"https:\/\/www.freiburg-schwarzwald.de\/blog\/kultur\/medien\/einseitigkeit\/\">Einseitigkeit medial<\/a><\/li>\n<li><a href=\"https:\/\/www.freiburg-schwarzwald.de\/blog\/engagement\/buergerinitiativen\/grundrechte-demo\/\">Grundrechte-Demo<\/a><\/li>\n<li><a href=\"https:\/\/www.freiburg-schwarzwald.de\/blog\/kultur\/medien\/journalismus\/journalismus-wende\/\">Journalismus-Wende<\/a><\/li>\n<li><a href=\"https:\/\/www.freiburg-schwarzwald.de\/blog\/medienkampagne\/\">Medienkampagne &#8211; gegen AfD<\/a><\/li>\n<li><a href=\"https:\/\/www.freiburg-schwarzwald.de\/blog\/kultur\/medien\/medien-unabhaengigkeit\/\">Medien-Unabhaengigkeit<\/a><\/li>\n<li><a href=\"https:\/\/www.freiburg-schwarzwald.de\/blog\/kultur\/medien\/neue-medien\/\">Neue-Medien<\/a><\/li>\n<li><a href=\"https:\/\/www.freiburg-schwarzwald.de\/blog\/kultur\/medien\/social-media\/\">Social-Media<\/a><\/li>\n<li><a href=\"https:\/\/www.freiburg-schwarzwald.de\/blog\/kultur\/medien\/journalismus\/ruthenberg-medien\/\">Ruthenberg-Medien<\/a><\/li>\n<li><a href=\"https:\/\/www.freiburg-schwarzwald.de\/blog\/kultur\/medien\/vierte-gewalt\/\">Vierte-Gewalt<\/a><\/li>\n<\/ul>\n<p><strong>\u201eEs ist nicht die Aufgabe von Journalismus,<br \/>\n\u00fcber die Themen zu informieren, die die Leute wissen wollen.<br \/>\nSondern \u00fcber das, was sie wissen sollen.\u201c<br \/>\n<\/strong>Tilo Jung, Journalist<br \/>\n===========================================================<\/p>\n<p>.<\/p>\n<p><strong>Petition f\u00fcr die vom NDR geschasste Julia Ruhs<\/strong><br \/>\n<strong>Wer hier das Sagen haben soll<\/strong><\/p>\n<p>Die Aff\u00e4re um den Rauswurf der Journalistin Julia Ruhs beim NDR zieht weitere Kreise. Die Solidarit\u00e4t bei Berufskollegen etablierter Medien h\u00e4lt sich in engen Grenzen. Es sind keine aktiven Kollegen des \u00f6ffentlich-rechtlichen Rundfunks (\u00d6RR) in Erscheinung getreten, die den Mut gefunden h\u00e4tten, sich hinter die geschasste \u201eKlar\u201c-Moderatorin zu stellen. Dies liegt einerseits am Linksdrall von ARD und ZDF und andererseits an der grassierenden Feigheit dieses Berufsstandes. L\u00f6bliche Ausnahme: WDR-Chefredakteur Stefan Brandenburg, der von einem \u201eDesaster mit Ansage\u201c sprach und beklagte, \u201eMenschen mit einem konservativen Weltbild, die sich im politischen Spektrum weiter rechts verorten\u201c, f\u00fchlten sich vom \u00d6RR \u201enicht ausreichend repr\u00e4sentiert\u201c.<br \/>\nIm Kern geht es um die Weigerung eines erheblichen Teils der Linken \u2013 und der von ihr monopolisierten \u00f6ffentlichen Meinung in Gestalt von Medien, Verlagen, Kulturbetrieb, Universit\u00e4ten bis hin zur mit Steuergeldern subventionierten NGO-\u201eZivilgesellschaft\u201c \u2013 anzuerkennen, da\u00df es in einer Demokratie notwendigerweise deutlich gegens\u00e4tzliche Meinungen geben mu\u00df. Abweichende Meinungen, die konservativ, rechts sind und selbstverst\u00e4ndlich zu einer lebendigen und \u2013 oh schrecklich! \u2013 \u201ebunten und vielf\u00e4ltigen\u201c Demokratie geh\u00f6ren, die diesen Namen verdient. Doch dieser Realit\u00e4t will man sich mit aller Gewalt verweigern.<\/p>\n<p><em><strong>Echten Debatten versucht die Linke auszuweichen, indem sie das Gegen\u00fcber zum totalen Feind erkl\u00e4rt.<\/strong><\/em><br \/>\nEchten Debatten versucht diese Linke auszuweichen, indem sie das Gegen\u00fcber zum totalen Feind erkl\u00e4rt: Rassist, Rechtsextremist, Neonazi und so weiter. Eine Brandmauer umhegt den Kreis der Tugendhaften.<br \/>\nDer US-Konservative Charlie Kirk zog deshalb solche Aggressionen von links auf sich, die schlie\u00dflich zu seiner Ermordung f\u00fchrten, weil er die offene Diskussion suchte. Er wich nicht aus, er ging in die H\u00f6hle des L\u00f6wen, die von Linken dominierten Universit\u00e4ten, und stellte sich.<br \/>\nDoch der freie Diskurs soll schon im Ansatz unterbunden werden. Der Rechte ist nicht \u201esalonf\u00e4hig\u201c, nicht \u201ediskutabel\u201c. Die Linke will diktieren, wer auf Podien kommt. Wer mit wem reden darf. Wer an Mikrophone und vor Kameras kommt. Es geht um die Beherrschung des \u00f6ffentlichen Raums. Deshalb war es ausgeschlossen, in einem v\u00f6llig auf links gedrehten NDR auch nur eine einzige konservative Journalistin wie Julia Ruhs auszuhalten, die die politische Homogenit\u00e4t des Senders st\u00f6ren k\u00f6nnte.<br \/>\nDie von der JF initiierte Solidarit\u00e4tspetition f\u00fcr Julia Ruhs haben bis Redaktionsschlu\u00df \u00fcbrigens schon 43.000 Menschen unterschrieben.<br \/>\n&#8230; Alles vom 6.92025 von Dieter Stein bitte lesen in der JF 40\/25, Seite 1<br \/>\n<a href=\"https:\/\/www.junge-freiheit.de\">https:\/\/www.junge-freiheit.de\u00a0<\/a><\/p>\n<p>&nbsp;<\/p>\n<p><strong>Boris Reitschuster: Ich bin Journalist<\/strong><br \/>\nIch bin Journalist. Kein Therapeut. Kein Ankl\u00e4ger. Kein Aktivist. Und auch kein Verzweiflungstr\u00f6ster im Erregungsmodus.<br \/>\nIch schreibe, weil ich verstehen will \u2013 und weil ich glaube, dass man auch andere beim Verstehen unterst\u00fctzen kann. Aber nicht, indem man ihnen t\u00e4glich sagt, was sie f\u00fchlen sollen. Sondern indem man sie ernst nimmt.<br \/>\nDas bedeutet f\u00fcr mich: Ich lasse mich nicht vereinnahmen \u2013 von keiner Seite. Ich rede nicht der Regierung nach dem Mund. Aber auch nicht der Gegenseite.<br \/>\nIch ver\u00f6ffentliche auch Texte, die mir selbst widersprechen.<br \/>\nIch will aufkl\u00e4ren, nicht agitieren. Ich will informieren, nicht indoktrinieren.<br \/>\nBei Corona lag ich auf jener Linie, die heute in vielen alternativen Medien dominiert. Aber ich war dort nicht aus Ideologie. Ich war dort, weil ich \u00fcberzeugt war, dass etwas gewaltig schiefl\u00e4uft. Ich wollte nicht Recht behalten \u2013 ich wollte nicht schweigen. Was ich sagte, musste gesagt werden. Alles andere w\u00e4re Verrat gewesen.<br \/>\nHeute muss ich zusehen, wie manche von denen, die einst mit mir gegen das betreute Denken k\u00e4mpften, nun selbst das Denken betreuen wollen \u2013 nur unter anderen Vorzeichen. Und da will und kann ich nicht mitmachen. Und auch einfach nur schweigend dabei zusehen, das kommt f\u00fcr mich nicht in Frage.<br \/>\nIch will mich nicht selbst verraten. Ich will kein Lautsprecher sein \u2013 weder f\u00fcr die Regierung und ihre B\u00fcchsenspanner noch f\u00fcr den Wut-Mainstream und die Emp\u00f6rungs-Artisten.<\/p>\n<p>Was ich stattdessen will<br \/>\nIch will wach bleiben. Kritisieren, wo Kritik n\u00f6tig ist. Und auch mal etwas aushalten, wenn es unbequem wird. Dar\u00fcber habe ich gerade einen sehr pers\u00f6nlichen Text geschrieben \u2013 vielleicht den pers\u00f6nlichsten der letzten Monate. Angeregt wurde er durch einen Link auf ein Blogger-Video, den mir eine Leserin schickte, die ich sehr sch\u00e4tze. Sie finden den Text hier: <a href=\"https:\/\/reitschuster.de\/post\/ich-will-keine-sirene-sein\/\">https:\/\/reitschuster.de\/post\/ich-will-keine-sirene-sein\/<\/a><br \/>\n21.6.2025, Wochenbriefing , <a href=\"https:\/\/www.reitschuster.de\">https:\/\/www.reitschuster.de<\/a><\/p>\n<p>&nbsp;<\/p>\n<p><strong>Journalist J\u00fcrgen Mladek gestorben &#8211; Fr\u00fcher Tod eines kritischen Geistes<\/strong><br \/>\nLiebe Leserinnen und Leser, dieses pers\u00f6nliche Briefing schreibe ich in tiefer Trauer.<br \/>\nMit gro\u00dfer Best\u00fcrzung habe ich die Nachricht vom Tod J\u00fcrgen Mladeks, des Chefredakteurs der Schw\u00e4bischen Zeitung und zuvor des Nordkuriers, erhalten. Im Alter von nur 56 Jahren hat uns mit ihm v\u00f6llig unerwartet und pl\u00f6tzlich ein Mann und Kollege verlassen, den ich als unersch\u00fctterlichen W\u00e4chter journalistischer Grunds\u00e4tze und als mutigen Kritiker der Regierung und des Zeitgeists au\u00dferordentlich gesch\u00e4tzt habe. Er war ein Journalist, genauso wie ich mir Journalisten seit meiner Kindheit immer vorstellte. Sein pl\u00f6tzlicher Tod ist ein schrecklicher Verlust. Nicht nur f\u00fcr mich, sondern f\u00fcr alle aufrechten Journalisten, ja f\u00fcr die gesamte Gesellschaft.<br \/>\nMladek war eine Ausnahmeerscheinung unter den Chefs gro\u00dfer Medien. Er war ein Fels der Meinungsfreiheit in der Brandung des Gesinnungsstaates. Er stand stets mutig, klug und solidarisch f\u00fcr seine Werte ein: f\u00fcr Freiheit, Meinungsvielfalt und echte Demokratie. Sein journalistisches Schaffen zeichnete sich durch Echtheit und Aufrichtigkeit aus.<br \/>\nSchon zu seinen Zeiten beim Nordkurier nahm er kein Blatt vor den Mund, was die Corona-Politik anging. So lernten wir uns kennen und sch\u00e4tzen. Er berichtete mir mit Entsetzen, wie die jungen Kollegen darauf reagierten, als er in der Redaktionskonferenz meinen Namen nannte. \u201eReitschuster ist f\u00fcr die ein absolutes Reizwort, ich gebe lieber nicht wieder, was die \u00fcber Sie sagten und wie die Sie nannten\u201c, erz\u00e4hlte mir Mladek \u2013 und f\u00fcgte sofort hinzu, dass er mich leidenschaftlich verteidigt habe.<br \/>\nEr war so, wie ein Journalist sein soll, ja muss. Und wie es heute nur noch viel zu wenige gibt in den gro\u00dfen Medien: unbequem, skeptisch, alles hinterfragend. Ein Kritiker, der es wagte, die Regierung herauszufordern und andere Meinungen als den Mainstream zu vertreten. Seine F\u00e4higkeit und sein Mut, unbequeme Fragen zu stellen, \u201eheikle\u201c Themen aufzugreifen, gegen den Strom zu schwimmen, machten ihn zu einem der bedeutendsten Journalisten unserer Zeit. Der im Stillen agierte \u2013 ganz im Gegensatz zu all den allgegenw\u00e4rtigen Lautsprechern von Rot-Gr\u00fcn wie Georg Restle, Tilo Jung, Nikolaus Blome und all den anderen Propagandisten.<br \/>\nW\u00e4hrend Kollegen wie Jung mich denunzierten und andere Hasskampagnen betrieben, stand Mladek zu mir. Daf\u00fcr brauchte es \u2013 leider \u2013 Mut. Im Gespr\u00e4ch klagten wir uns mehrfach unser Leid, was die Entwicklung des Landes und vor allem des Journalismus angeht. Vor allem bei den j\u00fcngeren Kollegen, so berichtete Mladek traurig, sei die stramme ideologische Ausrichtung be\u00e4ngstigend. \u201eWo soll das nur hinf\u00fchren, wenn wir Alten aufh\u00f6ren?\u201c, fragte er einmal.<br \/>\n&#8230; Alles vom 11.7.024 bitte lesen auf<br \/>\n<a href=\"https:\/\/www.reitschuster.de\">https:\/\/www.reitschuster.de<\/a><\/p>\n<p>&nbsp;<\/p>\n<p><strong>Boris Reitschuster: Meine Vertreibung\u00a0<\/strong><br \/>\n&#8222;Eine Zustandsbeschreibung des Landes \u2013 und das Land sieht nicht gut dabei aus&#8220;<br \/>\nEin Mann in der sprichw\u00f6rtlichen Bl\u00fcte seines Lebens. Privat: gl\u00fccklich verheiratet, Familienvater. Beruflich: Auslandskorrespondent eines sogenannten Leitmediums, Bestsellerautor mehrerer Sachb\u00fccher, h\u00e4ufiger Talkshow-Gast. Ein hot shot.<\/p>\n<p>Derselbe Mann, nur ein paar Jahre sp\u00e4ter: Kollegen der Leitmedien gr\u00fc\u00dfen ihn nicht mehr. In Talkshows wird nur noch \u00fcber ihn geredet, nicht mit ihm. Zwangsgeb\u00fchrenfinanzierte Rundfunkanstalten zeigen ihn an und stellen Strafantrag gegen ihn (zu unrecht), die Polizei fahndet nach ihm (zu unrecht), Berufsvereinigungen werfen ihn hinaus (zu unrecht), Banken k\u00fcndigen seine Konten, Soziale Netzwerke blockieren seine Ver\u00f6ffentlichungen.<br \/>\nIrgendwann packt der Mann seine Siebensachen und verl\u00e4sst Deutschland. Vom hochangesehenen Top-Journalisten zum gesellschaftlich Ausgesto\u00dfen, der ins Exil getrieben wird: Was ist da passiert zwischendurch? Angela Merkel ist passiert. Und die Fl\u00fcchtlingskrise. Und Corona.<\/p>\n<p>Das w\u00e4re die Kurzfassung. Die Langfassung liefert Boris Reitschuster in seinem neuen Buch \u201eMeine Vertreibung\u201c. Auf 214 Seiten schildert der 52-J\u00e4hrige, weshalb er als geb\u00fcrtiger Augsburger mit seiner Familie nach Montenegro ausgewandert ist.<br \/>\nDas Buch ist kurzweilig, oft spannend, mitunter bewegend, manchmal komisch und immer bestens verst\u00e4ndlich. Vor allem aber ist es enorm erhellend: Denn das, was Reitschuster beschreibt, geht weit \u00fcber sein pers\u00f6nliches Schicksal hinaus. Es ist eine Zustandsbeschreibung des Landes. Und das Land sieht nicht gut dabei aus.<br \/>\n. &#8230;<br \/>\n\u201eIn 16 Jahren Moskau \u2013 als Student, Deutschlehrer und sp\u00e4ter B\u00fcroleiter des Focus \u2013 habe ich hautnah erlebt, wie eine Demokratie kippt und wie eine Demokratur funktioniert.\u201c (Boris Reitschuster: \u201eMeine Vertreibung\u201c, 2023)<\/p>\n<p>Eine Viertelmillion Deutsche haben im vergangenen Jahr die Bundesrepublik verlassen: Genau 268.167 Staatsb\u00fcrger kehrten ihrer Heimat den R\u00fccken. Weit \u00fcberwiegend sind es eher J\u00fcngere, gut Ausgebildete, Leistungsf\u00e4hige und Leistungswillige. Die Gr\u00fcnde f\u00fcr die Auswanderung, die in den Mainstream-Medien so gehandelt werden, reichen von \u201emehr Karrierem\u00f6glichkeiten\u201c und \u201eweniger B\u00fcrokratie\u201c bis hin zu Abenteuerlust oder auch nur besserem Wetter.<br \/>\nReitschuster kratzt in seinem Buch nicht nur an dieser nichtssagenden Oberfl\u00e4che. Er rei\u00dft sie gleich ganz weg. Zum Vorschein kommt ein deutscher Untertanen-Alltag \u2013 der jene Menschen, die flei\u00dfig und ehrgeizig und freiheitliebend sind (was oft zusammengeh\u00f6rt), faktisch ausb\u00fcrgert. So hat es fr\u00fcher die DDR mit vielen Regimekritikern gemacht.<br \/>\n&#8230;<br \/>\nDas Buch von Boris Reitschuster macht einerseits w\u00fctend: Weil man ja stolz sein will auf das eigene Land \u2013 dieses Land es einem aber immer schwerer macht, stolz zu sein und sich nicht abzuwenden. Das Buch macht andererseits Angst: Weil man ahnt, dass das Land auch einen selbst so behandeln k\u00f6nnte, wie es Boris Reitschuster behandelt hat (und wie es viele andere weiter behandelt).<br \/>\nReitschuster hat entschieden, dass es f\u00fcr ihn und seine Familie besser ist, die Bundesrepublik zu verlassen. F\u00fcr ihn ist das ein Gewinn. F\u00fcr das Land ist es ein Verlust. Wenn Deutschland einen wie ihn nicht aush\u00e4lt, sondern ihn mit geradezu pathologischem Eifer ins Exil treibt, dann ist das keine gute Nachricht.<br \/>\n&#8230; Alles vom 28.9.2023 von Christopher Walter bitte lesen auf<br \/>\n<a href=\"https:\/\/reitschuster.de\/post\/die-vertreibung-der-freiheit\/\">https:\/\/reitschuster.de\/post\/die-vertreibung-der-freiheit\/<\/a><br \/>\n.<br \/>\n<em>Boris Reitschuster:<\/em><br \/>\n<em>Meine Vertreibung<\/em><br \/>\n<em>216 Seiten, 22 Euro<\/em><br \/>\n<em>\u00a0<\/em><em>\u00bbIch m\u00f6chte, dass dieses Buch beim Verstehen, Einordnen, Verarbeiten und auch beim Bew\u00e4ltigen von dem hilft, was in der Bundesrepublik geschieht, und nicht nur dort: ein gigantischer Umbau der traditionellen Gesellschaft durch Glaubenskrieger und Kulturrevolution\u00e4re. Die glauben, sie k\u00f6nnten die Gesellschaft von oben herab neugestalten, die Menschen wie Knetmasse nach ihren realit\u00e4tsfernen Idealvorstellungen formen und so die Menschheit einer besseren, hellen Zukunft entgegenf\u00fchren. [&#8230;] Ich m\u00f6chte Ihnen die ganze Geschichte meiner Vertreibung aus Deutschland erz\u00e4hlen, mit Einblicken auch in mein Innenleben, die ich so noch nicht gegeben habe. Ich m\u00f6chte mit Ihnen gemeinsam zu einer kurzen intellektuellen Reise durch den Wahnsinn unserer Zeit aufbrechen. Bei der in Buchform die Zusammenh\u00e4nge viel einfacher und anschaulicher aufzuzeigen sind als in meinen vielen einzelnen Artikeln &#8211; aus denen ich aber auch gesch\u00f6pft habe.\u00ab Aus dem Vorwort<br \/>\n.<br \/>\n<\/em><strong>Ich hoffe, Sie sehen mir die Eigenreklame nach<\/strong><em><br \/>\nLiebe Leserinnen und Leser,<br \/>\nes ist soweit! Mein Buch ist gedruckt und am n\u00e4chsten Sonntag beginnt der Versand! Ganz druckfrisch! Endlich kann ich darin auspacken, was alles hinter den Kulissen der Bundespressekonferenz geschah \u2013 was ich f\u00fcr mich behalten musste, solange ich noch Mitglied war und mir noch Hoffnungen machte, juristisch gegen meinen Ausschluss vorzugehen. Es sind Ungeheuerlichkeiten, die in einer funktionierenden Demokratie mit einer freien Medienlandschaft ein gro\u00dfes Thema w\u00e4ren. Die aber im \u201ebesten Deutschland aller Zeiten\u201c totgeschwiegen werden.<br \/>\nErstmals erz\u00e4hle ich in dem Buch auch davon, wie ich gegen die \u201eS\u00fcddeutsche Zeitung\u201c vor Gericht gegangen bin wegen deren Rufmordversuchs gegen mich. https:\/\/reitschuster.de\/post\/rufmordversuch-nach-sueddeutscher-art\/<br \/>\nUnd wie zwei Gerichte alles abschmetterten in einer Art und Weise, die mein Restvertrauen in den Rechtsstaat endg\u00fcltig ersch\u00fctterte. All das hat nichts mehr zu tun mit dem Presserecht, wie ich es in meiner Ausbildung bei der \u201eAugsburger Allgemeinen\u201c gelernt habe. Ich musste jetzt lernen, dass die \u201eS\u00fcddeutsche\u201c v\u00f6llig ungestraft L\u00fcgen \u00fcber mich verbreiten darf. Weil es nach Ansicht der Richter nicht darauf ankommt, ob eine Aussage wahr ist oder nicht. Die unglaublichen Details finden Sie ebenfalls in meinem Buch.<br \/>\nEs tr\u00e4gt den Namen \u201eMeine Vertreibung\u201c. Und ich versto\u00dfe darin auch gegen ein Prinzip, das ich mir als Journalist immer selbst auferlegt habe: Privates und die eigenen Gef\u00fchle so weit wie m\u00f6glich aus der Arbeit herauszuhalten. Weil bei meiner Vertreibung aber Berufliches und Privates Hand in Hand gingen, mache ich in meinem Buch eine Ausnahme \u2013 und l\u00fcfte den Vorhang, wie ich mit dem Hass und der Hetze umgegangen bin. Und was mich schlie\u00dflich bewogen hat, Deutschland \u2013 notgedrungen \u2013 zu verlassen. Wie ich es verlassen habe. Und wie ich angekommen bin in meiner neuen Heimat.<br \/>\n&#8230;<br \/>\nIch hoffe, Sie sehen mir die Eigenreklame nach \u2013 aber nach vielen, vielen zus\u00e4tzlichen Nachtschichten und Sondereins\u00e4tzen ist es hoffentlich verzeihbar, wenn ich ein wenig die Werbetrommel r\u00fchre. Ich w\u00fcrde es nicht tun, wenn ich nicht \u00fcberzeugt w\u00e4re, dass sich das Buch kurzweilig liest und sehr interessant ist, mit Blicken hinter die Kulissen, wie es sie bisher noch nicht gab.<br \/>\n3.10.2023, Newsletter <a href=\"https:\/\/www.reitschuster.de\">https:\/\/www.reitschuster.de<\/a><br \/>\n.<br \/>\nBoris Reitschuster: Meine Vertreibung<br \/>\nISBN 978-3-9822771-8-9<br \/>\n214 Seiten, 22 Euro<\/em><\/p>\n<p>&nbsp;<\/p>\n<p>,<\/p>\n<p><strong>Constantin Schreiber: Journalist verzichtet auf Islam-Diskussion<\/strong><br \/>\nConstantin Schreiber, seit 2021 Tagesschau-Sprecher, wurde bei einer Podiumsdiskussion an der Universit\u00e4t Jena von Linksextremen mit einer Kuchentorte beworfen. Schreiber hatte zuvor f\u00fcr eine Zeitung in Libanon gearbeitet, f\u00fcr einen TV-Sender in \u00c4gypten und f\u00fcr n-tv. Er ist Grimme-Preistr\u00e4ger 2016 und Autor mehrerer Sachb\u00fccher (Schreiber spricht flie\u00dfend Arabisch) wie &#8222;Ausverkauf Deutschland&#8220; (2010), &#8222;Marhaba, Fl\u00fcchtling!&#8220; (2016), &#8222;Inside Islam&#8220; (2017), &#8222;Kinder des Koran&#8220; (2019) und &#8222;Gl\u00fcck im Ungl\u00fcck&#8220; (2023).<\/p>\n<p>Nun hat der so diskussionsfreudige und aufrichtige Journalist resigniert und erkl\u00e4rt:<br \/>\n<em><strong>&#8222;Ich werde mich zu allem, was mit dem Islam auch nur im Entferntesten zu tun hat, nicht mehr \u00e4u\u00dfern&#8220;<\/strong> <\/em>(1).<br \/>\nDieses Statement mu\u00df man respektieren. Gleichwohl, es ist einfach nur traurig (2) und verdeutlicht den Niedergang unserer <a href=\"https:\/\/www.freiburg-schwarzwald.de\/blog\/kultur\/medien\/diskussionskultur\/diskussionskultur2023\/\">Diskussionskultur<\/a>! Denn der Journalist und Buchautor Constantin Schreiber \u00fcbte schlicht nur sachlich fundierte <a href=\"https:\/\/www.freiburg-schwarzwald.de\/blog\/kultur\/medien\/kritik\/\">Religionskritik<\/a>, ein Kernelement der europ\u00e4ischen <a href=\"https:\/\/www.freiburg-schwarzwald.de\/blog\/kultur\/aufklaerung\/\">Aufkl\u00e4rung<\/a> (4).<br \/>\n13.9.2023<br \/>\n.<br \/>\n<a href=\"https:\/\/www.freiburg-schwarzwald.de\/blog\/religion\/islam\/untergang\/\">Constantin Schreiber: Die Kandidatin \u2013 Warnung vor dem B\u00fcrgerkrieg<\/a> (3.6.2021)<br \/>\n.<br \/>\nEnde von Beitrag &#8222;Constantin Schreiber: Journalist verzichtet auf Islam-Diskussion&#8220;<br \/>\n=========================================================<br \/>\nBeginn von Anlagen (1)-(4)<br \/>\n.<\/p>\n<p><strong>(1) Constantin Schreiber: Islam, Tagesschausprecher Anfeindung<\/strong><br \/>\n<strong>&#8222;Jetzt wei\u00df ich, wo du wohnst&#8220;<\/strong><br \/>\nF\u00fcr seine B\u00fccher wird der Autor Constantin Schreiber angefeindet und bedroht. Jetzt hat er genug: Er will sich &#8222;zu allem, was mit dem Islam auch nur im Entferntesten zu tun hat, nicht mehr \u00e4u\u00dfern&#8220; &#8230;<br \/>\n\u201eIch werde mich zu allem, was mit dem Islam auch nur im Entferntesten zu tun hat, nicht mehr \u00e4u\u00dfern. Ich werde keine B\u00fccher dazu schreiben, ich lehne Talkshow-Anfragen ab, ich mache das nicht mehr \u2026 Da m\u00f6gen jetzt manche feiern und vielleicht die Schampusflaschen aufmachen. Ob das ein Gewinn ist f\u00fcr die Meinungsfreiheit und f\u00fcr den Journalismus, ist eine andere Frage.\u201c &#8230;<br \/>\n\u201eMan findet bei mir nichts Islamkritisches, Islamfeindliches, Muslimfeindliches. Das ist ein Raunen.\u201c<br \/>\n&#8230; Alles vom 13.9.2023 im Interview mit Giovanni di Lorenzo bitte lesen auf<br \/>\n<a href=\"https:\/\/www.zeit.de\/2023\/39\/constantin-schreiber-islam-tagesschau-sprecher-anfeindung\">https:\/\/www.zeit.de\/2023\/39\/constantin-schreiber-islam-tagesschau-sprecher-anfeindung<\/a><\/p>\n<p>.<br \/>\n<strong>(2) Er will sich zu allem, was mit dem Islam zu tun hat, nicht mehr \u00e4u\u00dfern<\/strong><br \/>\n&#8230; Was Schreiber aber besonders aufstie\u00df, war die seines Erachtens feige Haltung eines Vertreters der Thalia-Buchhandlung, die die Lesung mit ihm an der Universit\u00e4t in Jena organisiert hatte, der angesichts des \u00dcbergriffs auf ihn nur davon gesprochen habe, dass man die Angreifer, die erkennbar nicht an einer Diskussion interessiert waren, nicht \u201eausgrenzen\u201c wolle. Die Universit\u00e4t habe sich erst zwei Tage nach dem \u00dcbergriff ge\u00e4u\u00dfert, erst auf Anfragen der Presse hin und nicht gegen\u00fcber ihm als dem Betroffenen. Er habe \u201ekeine Scheu vor Widerspruch\u201c, sagt Schreiber, aber es sei \u201eetwas anderes, wenn jemand, mit dem ich noch nie geredet habe, den ich gar nicht pers\u00f6nlich kenne, diesen ,Jud S\u00fc\u00df\u2018-Vergleich zieht. Das ist keine Debatte, kein Austausch irgendeines Arguments, kein F\u00fcr und Wider. Das ist einfach Diffamierung.\u201c<br \/>\n&#8230;<br \/>\nEr sp\u00fcre, sagt Schreiber weiter, in seiner Zunft schon \u201eeine Vorsicht, wenn es um polarisierende Debatten geht. Da ist nat\u00fcrlich die Islamdiskussion, dazu die Themen Klima oder Migration. Da ist diese Vorsicht sehr deutlich zu sp\u00fcren, aus der Sorge heraus, in etwas reingezogen zu werden, was sehr unangenehm werden kann.\u201c Gefragt, ob er seine eigene Erfahrung als Metapher daf\u00fcr sehe, \u201ewas der Journalismus im Moment nicht darf\u201c, sagt Schreiber, es sehe es als Sinnbild \u201enicht daf\u00fcr, was er nicht darf, sondern daf\u00fcr, was er nicht schafft\u201c. Wenn er an Journalistenschulen gehe und mit dem Nachwuchs spreche, stelle er fest, dass es zunehmend Leute gebe, \u201edie sagen, sie wollten nicht Journalist vor der Kamera werden oder eine andere besonders exponierte Stellung anstreben\u201c, weil sie derlei nicht erleben wollten. Sie z\u00f6gen sich lieber zur\u00fcck. Das freilich macht Schreiber jetzt auch.<br \/>\n&#8230; Alles vom 13.9.2023 bitte lesen auf<br \/>\n<a href=\"https:\/\/www.faz.net\/aktuell\/feuilleton\/medien\/constantin-schreiber-will-sich-zum-islam-nicht-mehr-aeussern-19171535.html\">https:\/\/www.faz.net\/aktuell\/feuilleton\/medien\/constantin-schreiber-will-sich-zum-islam-nicht-mehr-aeussern-19171535.html<\/a>.<br \/>\n.<br \/>\n<strong>(3) Wenn selbst ein Tagesschau-Moderator von einem Mob zum Verstummen gebracht wird<\/strong><br \/>\n<em>Ein Tagesschau-Moderator im Zangengriff zwischen Linksradikalen und Islamisten: Nach dem Tortenangriff auf Constantin Schreiber will sich dieser nicht mehr zum Islam \u00e4u\u00dfern. Der Kampf gegen Andersdenkende geht diese Woche damit munter weiter.<\/em><br \/>\n&#8230;<br \/>\nVielleicht w\u00e4re an dieser Stelle auch die Biographie Schreibers eine Erw\u00e4hnung wert. Schreiber ist kein Schreibtischt\u00e4ter. Seine B\u00fccher zu dem, was in deutschen Moscheen gepredigt wird, und sein Roman, der vom Aufstieg des (nicht nur islamischen!) Radikalismus warnt, sind nicht im luftleeren Raum entstanden. Schreiber war selbst in der arabischen Welt als Journalist unterwegs und spricht Arabisch.<br \/>\n&#8230;<br \/>\nSchreiber sitzt nun im Zangengriff: zwischen linksradikalen Jakobinern, die seine Einordnungen bez\u00fcglich Islam nicht mehr h\u00f6ren wollen, und tats\u00e4chlichen muslimischen Fanatikern, die Morddrohungen aussprechen. Etwa der Taxifahrer, der ihn schweigend nach Hause bringt und zuletzt meint, dass er jetzt endlich wisse, wo er wohne. Was von beidem schlimmer ausf\u00e4llt, bleibt offen.<br \/>\n&#8230; Alles vom 14.9.2023 von Marco Gallina bitte lesen auf<br \/>\n<a href=\"https:\/\/www.tichyseinblick.de\/feuilleton\/medien\/constantin-schreiber-islam-tagesschau-moderator\/\">https:\/\/www.tichyseinblick.de\/feuilleton\/medien\/constantin-schreiber-islam-tagesschau-moderator\/<\/a><br \/>\n.<br \/>\n.<\/p>\n<p>&nbsp;<\/p>\n<p><strong>Roger K\u00f6ppel: Weltwoche Deutschland immer freitags<\/strong><br \/>\nAb sofort liefern wir f\u00fcr Sie jeden Freitag ein massgeschneidertes E-Paper: Weltwoche Deutschland.<\/p>\n<p>Weltwoche Deutschland, rund 50 Seiten, ist eine Wundert\u00fcte mit Themen, die sich mit Deutschland und mit der Welt besch\u00e4ftigen \u2013 unabh\u00e4ngig, kritisch, gut gelaunt. Jeden Artikel des E-Papers k\u00f6nnen Sie auch in der Web-Ansicht einzeln lesen. In der App steht das E-Paper nach Herunterladen offline zur Verf\u00fcgung.<\/p>\n<p>Die erste Ausgabe k\u00f6nnen Sie hier kostenlos als PDF anschauen:<br \/>\nWas ist mein Motiv? Seit meiner Kindheit interessiert, fasziniert mich Deutschland. Meine Mutter ist in K\u00f6nigsberg als Auslandschweizerin aufgewachsen. Deutsche Kultur, deutsche Geschichte, deutsche Abgr\u00fcnde und deutsche Sternstunden waren das grosse Thema meiner Kindheit und Jugend in der Schweiz. Sp\u00e4ter durfte ich als Chefredaktor in Berlin die Tageszeitung &#8222;Die Welt&#8220; leiten \u2013 ein H\u00f6hepunkt meines Berufslebens. Deutschland ist interessant. Und Deutschland wird untersch\u00e4tzt.<\/p>\n<p><em><strong>Ich glaube an Deutschland. Und meine St\u00e4rke ist der unbefangene Aussenblick des Schweizers. Ich habe Deutschland und die Deutschen gern. Das soll sich den Lesern mitteilen.<\/strong><\/em> Deutschland braucht keinen weiteren Besserwisser, nicht noch mehr Moralismus und Deprotainment. Ich gehe mit einer positiven Grundhaltung, mit einer Faszination an das Thema heran. Es ist mein Ziel, dass Sie sich nach der Lekt\u00fcre besser f\u00fchlen als vorher.<\/p>\n<p>In der Schweiz reden alle mit allen \u00fcber alles. Es gibt keine &#8222;Brandmauern&#8220; gegen Andersdenkende. Demokratie heisst, dass die B\u00fcrger der Chef sind, nicht die Berufspolitiker in der Hauptstadt. In der Schweiz pflegen wir die Vielfalt der Meinungen. Das ist die Spezialit\u00e4t der Weltwoche. Sie werden bei uns keine bestimmte politische Linie finden, daf\u00fcr Neugier, einen Blumenstrauss unterschiedlicher Stimmen, Rede und Gegenrede, die andere Sicht. Es gibt immer eine andere Sicht.<br \/>\nWir freuen uns darauf, Deutschland mit Ihnen neu zu entdecken. Wir kommen ohne Vorurteile und Annahmen. Wir lassen uns \u00fcberraschen. Wir lassen interessante Deutsche zu Wort kommen, auch Reizfiguren. Wer sind sie wirklich? Die Weltwoche ist oft so etwas wie ein journalistischer Pflichtverteidiger. Wir reden auch mit jenen, mit denen niemand mehr redet, mit den Verfemten und Ausgegrenzten. Der Angeklagte m\u00f6ge erh\u00f6rt werden. Audiatur et altera pars. Was denn sonst?<br \/>\nDie Weltwoche ist weder links noch rechts. Sie versammelt die besten Argumente beider Seiten. Vor allem gibt sie Gegensteuer. Die Weltwoche ist unkonventionell. Das heisst: Sie nimmt sich die Freiheit heraus, die Dinge immer auch mal anders zu betrachten. Nicht einfach nachbeten, was die anderen schreiben. Die Weltwoche will zum Selberdenken anregen. Demokratie ist Vielfalt, ist die Staatsform der Alternativen. Wo alle das Gleiche denken und schreiben, wird es gef\u00e4hrlich.<br \/>\nDie Weltwoche wurde vor 90 Jahren gegr\u00fcndet. Sie steht f\u00fcr die besten schweizerischen Werte: Freiheit und Eigenverantwortung, direkte Demokratie, Marktwirtschaft und Neutralit\u00e4t. Neutralit\u00e4t nach Schweizerart heisst, dass man nicht nur seinen eigenen Standpunkt gelten l\u00e4sst, dass man Frieden, Gespr\u00e4ch und Verst\u00e4ndigung anstrebt. Und jedes Gespr\u00e4ch setzt voraus, dass der andere auch recht haben k\u00f6nnte. Diese Grunds\u00e4tze pr\u00e4gen unseren Journalismus.<br \/>\nAbonnieren Sie Weltwoche Deutschland auf <a href=\"https:\/\/www.weltwoche.de\/abonnemente\">https:\/\/www.weltwoche.de\/abonnemente<\/a> oder \u00fcber unsere App. F\u00fcr Abonnenten der Schweizer Ausgabe (Print und\/oder Digital) ist sie automatisch auch freigeschaltet. Profitieren Sie jetzt vom Einf\u00fchrungspreis von nur 5 Euro f\u00fcr den ersten Monat und abonnieren Sie hier Weltwoche Deutschland.<br \/>\n&#8230; Alles vom 5.9.2023 bitte lesen auf<br \/>\n<a href=\"https:\/\/weltwoche.de\/erste-ausgabe\">https:\/\/weltwoche.de\/erste-ausgabe<\/a><\/p>\n<p>.<\/p>\n<p><strong>(4) Frau Miosga, Abboud, Illner, Will, Herr Zamperoni \u2013 wir h\u00e4tten da mal eine Frage!<\/strong><br \/>\nHallo Anne Will, lieber Ingo Zamperoni, Gr\u00fc\u00df Gott Frau Maischberger und Bon Jour Frau Miosga! Wir h\u00f6ren so gar nichts von Ihnen. Und das, obwohl Sie doch unentwegt reden und talken, was das Zeug h\u00e4lt. Schweigen im Walde. Das war schon nach dem Torten-Attentat auf Ihren lieben Kollegen Constantin Schreiber so.<br \/>\nJetzt aber wird das Schweigen dr\u00f6hnend laut. Deshalb die Frage: Wollt Ihr nicht Eurem Tagesschau-Kollegen beispringen, Solidarit\u00e4t \u00fcben, Protest formulieren?? Ihr seid doch sonst immer f\u00fcr \u201eGesicht zeigen\u201c, Zivilcourage und Zusammenhalt! Oder gilt das nur, wenn es gratismutig gegen \u201erechts\u201c geht? Bei Antifa, Linksautonomen und Islamfaschisten bleibt Ihr lieber stumm. Ist das wirklich so? Und was wird aus der Meinungsfreiheit, Euerm Gesch\u00e4ftsmodell?<br \/>\n&#8230;<br \/>\nAuch die Feigheit ist ein Meister aus Deutschland.<br \/>\nDoch was war noch mal das Vergehen von Constantin Schreiber, der flie\u00dfend arabisch spricht, f\u00fcr die Deutsche Welle in Dubai war, im \u00e4gyptischen Fernsehen eine Wissenschaftssendung moderierte, das Ausw\u00e4rtige Amt beriet und einige B\u00fccher \u00fcber den Islam ver\u00f6ffentlichte? <em><strong>Er \u00fcbte schlicht jene Religionskritik, die ein Kernelement der europ\u00e4ischen Aufkl\u00e4rung war, von den Humanisten bis Voltaire und Diderot.<\/strong><\/em><br \/>\nSie galt, sein Fehler, allerdings nicht dem Christentum und der katholischen Kirche, sondern dem Islam, also einer gef\u00e4hrlichen Tabuzone, die zur Todeszone werden kann, wie zuletzt der franz\u00f6sische Lehrer Samuel Paty erfuhr, der im Schulunterricht Mohammed-Karikaturen behandelt hatte. Danach wurde er vom muslimischen Vater eines Sch\u00fclers abgeschlachtet.<br \/>\nWer schweigt, macht sich mitschuldig, hei\u00dft es ja stets, wenn von rechter Gewalt, genauer: rechtsextremistischer Gewalt die Rede ist. Im Fall von Constantin Schreiber ist es genauso. So jedenfalls stirbt die Freiheit einen ganz langsamen, stillen Tod, St\u00fcck f\u00fcr St\u00fcck.<br \/>\n&#8230; Alles vom 15..9.2023 von Reinhard Mohr bitte lesen auf<br \/>\n<a href=\"https:\/\/www.achgut.com\/artikel\/caren_miosga_ingo_zamperoni_aline_abboud_maybrit_illner_wir_haetten_da_mal_\">https:\/\/www.achgut.com\/artikel\/caren_miosga_ingo_zamperoni_aline_abboud_maybrit_illner_wir_haetten_da_mal_<\/a><br \/>\n.<br \/>\nEinige Kommentare:<br \/>\nWer jetzt Feigling, Dr\u00fcckeberger, Maulheld Richtung Schreiber schreibt oder redet (Leser wie insbesondere Autor), sollte sich zun\u00e4chst \u2018mal an die eigene Nase fassen und seinen Lebenslauf pr\u00fcfen. Immer sch\u00f6n gradlinig mit strammen, geraden R\u00fcckgrat durch das Leben gegangen? Auch schon \u2018mal auf Position, Aufstiegspotential, Macht, Einflu\u00df und Geld verzichtet, weil der Job, dessen Umgebung so nun \u2018mal gar nicht den pers\u00f6nlichen Werten entsprach? Trotz konkreter, unmittelbarer Knastandrohung dennoch f\u00fcr seine \u00dcberzeugung eingestanden? Jederzeit keine Angst gehabt, vor nix und Niemanden? Die werfen jetzt den ersten Stein. Der Rest m\u00f6ge schweigen, so sie Herrn Schreiber wie ich nicht pers\u00f6nlich kennen. Der Mann hat wohl Bombendrohungen erhalten, der Feind kennt seine Privatadresse, dessen Kenntnis davon ihm auch wohl mit Bedrohungskulisse kundgetan. Der Mann hat Frau &amp; zwei Kinder lt. Wiki. Die werden ihm angesichts der konkreten Bedrohungskulisse auch was gefl\u00fcstert haben. Ich mag diese offiziell publizierte Haltung seitens Schreiber auch nicht, allzu menschlich ist es aber. Und Menschen sind wir, alle. Und Sophies, Hans\u2019s und Alexanders sind kein Plural, sondern waren in ihrer geraden Haltung gro\u00dfartige Individuen. Jeder pr\u00fcfe sich selbst, nicht \u00f6ffentlich, nicht auf den asozialen Netzwerken, sondern im stillen K\u00e4mmerlein, ganz aleine, ob er angesichts extremer Lebensbedrohung wirklich f\u00fcr seine Ansichten bis zum Fallbeil, also Islamistenanschlage etc. gehen w\u00fcrde. &#8230;. St.J.<br \/>\n.<br \/>\nRichtig. Am schlimmsten an diesem Vorgang ist die ausbleibende Unterst\u00fctzung f\u00fcr Schreiber aus der sich selbst so nennenden \u201eZivilgesellschaft\u201c. Ich kann Schreibers Reaktion gut verstehen: Wer sich auf die Unterst\u00fctzung solcher Journalisten, Universit\u00e4ts-Angestellten und Buchh\u00e4ndler verlie\u00dfe, w\u00e4re total verlassen. Sie sind eben Opportunisten und\/oder Feiglinge &#8211; wie die meisten der heutigen Linken und Linksliberalen. S.M.<br \/>\n.<br \/>\nOh nein, Herr Mohr. Die Freiheit stirbt keinen stillen Tod. Sie geht zugrunde unter donnernden Applaus. H\u00f6ren Sie nur einmal genau hin. S.Sch.<br \/>\nEnde Kommentare<\/p>\n<p>&nbsp;<\/p>\n<p>&nbsp;<\/p>\n<p><strong>Albrecht K\u00fcnstle aus Herbolzheim<\/strong><br \/>\nEin Rentenexperte geht in Rente &#8211; R\u00fcckblick auf ein Leben als Interessenvertreter &#8211; Albrecht K\u00fcnstle aus Herbolzheim im Breisgau<br \/>\nLink zu einem Portrait weiter <a href=\"https:\/\/www.regiotrends.de\/de\/passiert-notiert\/index.news.170403.ein-rentenexperte-geht-in-rente---raeueckblick-auf-ein-leben-als-interessenvertreter---albrecht-kaeuenstle-aus-herbolzheim-im-breisgau.html\">https:\/\/www.regiotrends.de\/de\/passiert-notiert\/index.news.170403.ein-rentenexperte-geht-in-rente&#8212;raeueckblick-auf-ein-leben-als-interessenvertreter&#8212;albrecht-kaeuenstle-aus-herbolzheim-im-breisgau.html<\/a>,<br \/>\n2012<br \/>\nkuenstle.a@gmx.de,<br \/>\n.<br \/>\nAlle Artikel au K\u00fcnstle&#8217;s informativem Blog:<br \/>\n<a href=\"https:\/\/www.die-andere-sicht.de\">https:\/\/www.die-andere-sicht.de\u00a0<\/a><br \/>\n&#8222;Diese Artikel wurde <strong>ohne \u201eKI\u201c<\/strong> nur mit K\u00fcnstle-Intelligenz erstellt&#8220;<\/p>\n<p>&nbsp;<\/p>\n<p><strong>Danisch.de: Der w\u00fctende wei\u00dfe Mann Hadmut Danisch<\/strong><br \/>\nHadmut Danisch. Nicht etablierte Profijournalisten, sondern ein Feierabend-Blogger l\u00f6ste den Fall Baerbock aus.<\/p>\n<p>Hatte die gr\u00fcne Kanzlerkandidatin \u201eihr Studium gar nicht erfolgreich absolviert? Einem Blogger aus Berlin fielen Ungereimtheiten im Lebenslauf auf.\u201c Mit solchen S\u00e4tzen, hier aus der Welt, beschreiben Journalisten den Auftakt des aktuellen Dramas um Annalena Baerbock. Doch wer ist eigentlich dieser viel zitierte, aber kaum namentlich genannte \u201eBlogger aus Berlin\u201c, dessen Z\u00e4higkeit vielleicht eine gr\u00fcne Kanzlerschaft ab September verhindert haben wird?<\/p>\n<p>Ob sich am Ende wirklich alles nur auf ihn zur\u00fcckf\u00fchren l\u00e4\u00dft, ist umstritten. Auf jeden Fall aber kann Hadmut Danisch einen gro\u00dfen Teil des Ruhms \u2013 oder der Schuld, je nach Sichtweise \u2013 f\u00fcr sich beanspruchen. Lange schon ist der 1966 in Mannheim geborene, seit 2014 in Berlin lebende Computerfachmann eine Art popul\u00e4rer Geheimtip: Seinen politisch unkorrekten Blog \u2013 mit dem allerdings eher abschreckenden Namen \u201eHadmut Danisch. Ansichten eines Informatikers\u201c \u2013 lesen t\u00e4glich etwa 150.000 Menschen.<\/p>\n<p>\u201eIch habe den Betrug gesucht \u2013 und die Linken gefunden\u201c, fa\u00dft Danisch sein politisches Werden zusammen und berichtet, als Student Opfer von Betrug im universit\u00e4ren, v\u00f6llig linksdurchwirkten Wissenschaftsbetrieb geworden zu sein. Bis 1994 hatte er in Karlsruhe Informatik studiert, arbeitete dann als wissenschaftlicher Mitarbeiter am Europ\u00e4ischen Institut f\u00fcr Systemsicherheit der Universit\u00e4t und verfa\u00dfte in dieser Zeit seine Dissertation. Drei Monate vor der Pr\u00fcfung verlangte sein Doktorvater pl\u00f6tzlich, wegen angeblicher M\u00e4ngel mit einem v\u00f6llig neuen Thema nochmal von vorne zu beginnen. Danisch weigerte sich, zog vor Gericht und wechselte ob des abrupten Endes seiner akademischen Karriere 1998 als Spezialist f\u00fcr Netzwerksicherheit in die Wirtschaft, wo er als einer der ersten Deutschen eine eigene Domain \u2013 \u201edanisch.de\u201c \u2013 erhielt.<br \/>\nW\u00e4hrend die Journalisten der gr\u00fcnen Kandidatin huldigten, tat Danisch, was sie h\u00e4tten tun sollen \u2013 er recherchierte.<br \/>\nUnter dieser Adresse berichtete er zun\u00e4chst vom Verlauf seines Rechtsstreits mit der Uni, griff aber auch andere Themen auf, so da\u00df der \u00dcbergang seiner Seite zu einem allgemeinen politischen Blog ab 2006, mit heute \u00fcber 18.000 Artikeln, flie\u00dfend verlief.<\/p>\n<p>2008 legte er Verfassungsbeschwerde gegen die Ablehnung seiner Dissertation ein, der 2012 aber ohne Angabe von Gr\u00fcnden nicht stattgegeben wurde. Dies f\u00fchrte ihn zu der Frage, wie man Verfassungsrichter wird. Am Beispiel der 2011 auf gr\u00fcnen Wunsch vom Bundestag nach Karlsruhe gew\u00e4hlten Susanne Baer zeigte Danisch auf, da\u00df weltanschauliche Zuverl\u00e4ssigkeit ein entscheidendes Kriterium ist. Baer, seit 2002 Professorin f\u00fcr Geschlechterstudien, entspricht ganz der Gender-Ideologie der Gr\u00fcnen.<\/p>\n<p>Sein j\u00fcngster Coup, die Enth\u00fcllung des frisierten Lebenslaufs Baerbocks ma\u00dfgeblich mit anzusto\u00dfen, begann damit, da\u00df Danisch \u2013 w\u00e4hrend viele \u201eQualit\u00e4ts\u201c-Medien der Gr\u00fcnen-Kanzlerkandidatin huldigten \u2013 tat, was Journalisten tun sollten: er recherchierte. Ab Anfang Mai publizierte er seine Ergebnisse in seinem Blog, wo einige Medien darauf stie\u00dfen und begannen, weiterzubohren. Klar, da\u00df etliche Linke \u00fcber eine angebliche \u201eHa\u00dfkampagne rechter Blogger\u201c w\u00fcten. Danisch lehnt sich derweil zur\u00fcck, zufrieden, die Macht provoziert zu haben, die ihn damals kujonierte und bis heute als einen \u201ealten wei\u00dfen Mann\u201c verh\u00f6hnt.<br \/>\n&#8230; Alles vom 16.7.2021 von Thorsten Hinz bitte lesen in der JF 29\/21, Seite 3<br \/>\n<a href=\"https:\/\/www.junge-freiheit.de\">https:\/\/www.junge-freiheit.de<\/a><\/p>\n<p><a href=\"https:\/\/www.danisch.de\">https:\/\/www.danisch.de<\/a><\/p>\n<p>.<\/p>\n<p><strong>Attacken gegen den Journalisten Boris Reitschuter<\/strong><br \/>\nLiebe Leserinnen und Leser, es war eine aufreibende Woche. Nicht nur politisch. Auch f\u00fcr mich pers\u00f6nlich. Ich habe in 16 Jahren Russland einiges erlebt \u2013 Kriege, Revolutionen, Terror \u2013 und bin hart im Nehmen. Gott sei Dank. Denn die Attacke der S\u00fcddeutschen Zeitung gegen mich war heftig.<br \/>\n<a href=\"https:\/\/reitschuster.de\/post\/wie-mich-die-sueddeutsche-aus-der-bundespressekonferenz-mobben-will\/\">https:\/\/reitschuster.de\/post\/wie-mich-die-sueddeutsche-aus-der-bundespressekonferenz-mobben-will\/<\/a><br \/>\nMeine Mitarbeiterin, die als erste davon erfuhr, hatte noch eine Stunde sp\u00e4ter eine zitternde Stimme. Ich selbst wunderte mich nachtr\u00e4glich \u00fcber meine Arglosigkeit gegen\u00fcber meinen Mitmenschen \u2013 hatte ich doch dem Autor vertraut, der das Interview einf\u00e4delte. Weil ich ihn seit 15 Jahren kenne und immer von einem kollegial-freundschaftlichen Verh\u00e4ltnis ausging. Besuche zu Hause, ja sogar gemeinsam in der Sauna.<\/p>\n<p>Zuerst habe ich mich \u00fcber mein Vertrauen ge\u00e4rgert \u2013 und mir zu Herzen genommen, dass wohlwollende Kollegen mich belehrten, ich sei zu gutgl\u00e4ubig. Doch sehr schnell drehte es sich: denn in die Grube, die mir gegraben wurde, fiel nicht ich. Es stellte sich schnell heraus: Der Vertrauensbruch f\u00e4llt auf den zur\u00fcck, der ihn begeht. Eben wegen der besonderen Umst\u00e4nde, wegen der besonderen &#8222;Note&#8220; des Vorgehens der Kollegen, ging ihr Schuss derart heftig nach hinten los. Mich erreichten unz\u00e4hlige Zuschriften, Solidarit\u00e4tsbekundungen und Kopien der Abo-K\u00fcndigungen von Lesern der S\u00fcddeutschen. Statt einer Besch\u00e4digung meines Grundvertrauens in andere Menschen hat diese Attacke es noch best\u00e4rkt \u2013 aufgrund der vielen wunderbaren Reaktionen.<\/p>\n<p>Besonders gefreut hat mich, dass auch Kollegen das Thema aufgriffen \u2013 mein Gastautor Alexander Fritsch hat den Angriff der SZ in einem m.E. unglaublich starken St\u00fcck regelrecht zerlegt.<br \/>\n<a href=\"https:\/\/reitschuster.de\/post\/rufmordversuch-nach-sueddeutscher-art\/\">https:\/\/reitschuster.de\/post\/rufmordversuch-nach-sueddeutscher-art\/<\/a><br \/>\nAlexander Wallasch schrieb eine nicht minder starke Erwiderung.<br \/>\n<a href=\"https:\/\/www.alexander-wallasch.de\/politik\/boris-reitschuster-soll-aus-bundespressekonferenz-entfernt-werden\">https:\/\/www.alexander-wallasch.de\/politik\/boris-reitschuster-soll-aus-bundespressekonferenz-entfernt-werden<\/a><br \/>\nRoland Tichy ver\u00f6ffentlichte einen Beitrag \u00fcber die Bundespressekonferenz,<br \/>\n<a href=\"https:\/\/www.tichyseinblick.de\/tichys-einblick\/missionare-und-spuerhunde-und-die-bundespressekonferenz\/\">https:\/\/www.tichyseinblick.de\/tichys-einblick\/missionare-und-spuerhunde-und-die-bundespressekonferenz\/<\/a><br \/>\ndie Achse des Guten sprang mir journalistisch zur Seite<br \/>\n<a href=\"https:\/\/www.achgut.com\/artikel\/Boris_muss_weg_eine-aktion_der_sueddeutschen_zeitung\">https:\/\/www.achgut.com\/artikel\/Boris_muss_weg_eine-aktion_der_sueddeutschen_zeitung<\/a>.<br \/>\n\u2013 und sogar die Weltwoche.<br \/>\n<a href=\"https:\/\/www.weltwoche-daily.ch\/beitrag\/wie-eine-traditionszeitung-kritischen-geistern-das-leben-schwer-macht\/\">https:\/\/www.weltwoche-daily.ch\/beitrag\/wie-eine-traditionszeitung-kritischen-geistern-das-leben-schwer-macht\/<\/a><br \/>\nIn deren Kommentar hat mich der Schlusssatz tief bewegt: &#8222;Wie unangenehm Reitschuster sein kann, bewies er schon in Moskau. Keiner kritisierte Putin mehr als er, und als er endlich ging, schlug man drei Kreuze. Nur h\u00e4tte dort kein unabh\u00e4ngiges Blatt gemeinsame Sache mit dem Kreml gemacht.<\/p>\n<p>Das Schicksal ist ein Schelm<br \/>\nEine der Zuschriften war der Brief eines Lesers an den Gesch\u00e4ftsf\u00fchrer der S\u00fcddeutschen Zeitung, die er an deren allgemeine Mail-Adresse gesandt hatte und mir in Kopie schickte. Der Gesch\u00e4ftsf\u00fchrer ist, \u2013 das Schicksal ist ein Schelm \u2013 ausgerechnet mein Volont\u00e4rsvater. Also jemand, der ma\u00dfgeblich war f\u00fcr meine journalistische Ausbildung. Ich kenne ihn seit 26 Jahren und wir sind immer in Verbindung geblieben, wenn auch sehr sporadisch. Ich nahm die Leserzuschrift zum Anlass, wieder mit ihm in Kontakt zu treten \u2013 indem ich die Mail nicht nur weiterleitete, sondern auch ein paar Zeilen dazu schrieb. Die m\u00f6chte ich Ihnen nicht vorenthalten:<\/p>\n<p><em>Lieber Herr Hilscher, <\/em><br \/>\n<em>ein Leser hat mir diese Mail an Sie weitergeleitet, hatte aber keine direkte Adresse, darum schicke ich sie Ihnen auf diesem Weg.<\/em><br \/>\n<em>Mich erreichen unz\u00e4hlige Briefe dieser Art, auch sehr viele von SZ-Lesern, die \u00fcber ihre Zeitung emp\u00f6rt sind und ihre Abos k\u00fcndigen.<\/em><br \/>\n<em>Ich wei\u00df um die Trennung von Redaktion und Verlag \u2013 das haben Sie mir ja als mein Volont\u00e4rsvater beigebracht. Aber erlauben Sie mir dennoch den Hinweis, dass ich \u00fcberzeugt bin, dass die Kollegen bei dem Versuch, mich hier zu diffamieren, das Gegenteil dessen erreicht haben, was sie beabsichtigten. Und das Ansehen der S\u00fcddeutschen schwer besch\u00e4digt.<\/em><br \/>\n<em>Auch durch die Art und Weise, wie hier Vertrauen gebrochen wurde \u2013 nicht nur journalistisch, sondern auch menschlich schlicht erb\u00e4rmlich.<\/em><br \/>\n<em>Von den Fehlern im Artikel gar nicht zu reden!<\/em><br \/>\n<em>Das Vorgehen der Kollegen widerspricht allem, was Sie uns im Volontariat beigebracht haben. Das nur als Bemerkung, nicht als Vorwurf, denn Sie sind ja fernab von der Redaktion, und das ist gut so.<\/em><br \/>\n<em>Ich kann Ihnen versichern, dass ich mich meinerseits nie auf das Niveau der Kollegen begeben werde. F\u00fcr sachliche, auch heftige Kritik bin ich immer zu haben und teile da auch gerne aus \u2013 aber so tief kann und will ich nicht schie\u00dfen, frei nach Kurt Tucholsky. <\/em><br \/>\n<em>Nichtsdestotrotz beste Gr\u00fc\u00dfe und alles Gute<\/em><br \/>\n<em>Boris Reitschuster<\/em><br \/>\n&#8230; Alles vom 23.2.2021 bitte lesen im Wochenbriefing von <a href=\"https:\/\/www.reitschuster.de\">https:\/\/www.reitschuster.de<\/a><br \/>\n.<br \/>\n<strong>Ein Kommentar aus der Schweizer Weltwoche<\/strong><br \/>\nWer den Linken Contra gibt, wird sofort diskreditiert, sprich: in die rechte Ecke gestellt. Je intelligenter er argumentiert, desto aggressiver wird er diffamiert, und desto rechter wird er hingestellt.<br \/>\nIm Dritten Reich und in der DDR apostrophierte man Leute mit abweichender Meinung als Volksfeinde. Diskussionen wurden keine zugelassen.<br \/>\nEs ist wieder soweit. Wir sind mittendrin!<br \/>\n21.2.2021, Ten, Weltwoche.ch<\/p>\n<p>.<\/p>\n<p>&nbsp;<\/p>\n<p><strong>Das Elend der vierten Gewalt<\/strong><br \/>\n<strong>Medien: Die Bewu\u00dftseinsindustrie zielt darauf ab, existierende Herrschaftsverh\u00e4ltnisse zu verewigen<\/strong><br \/>\nvon Thorsten Hinz<br \/>\nIm Corona-Jahr haben sich scheinbare Gewi\u00dfheiten ins Reich der Illusionen verfl\u00fcchtigt. So auch die Gewi\u00dfheit unver\u00e4u\u00dferlicher Grundrechte, die einem Staatsb\u00fcrger voraussetzungslos zustehen, weil es eben Grundrechte sind. Wir lernen nun, da\u00df wir sie uns erst verdienen m\u00fcssen: durch Gehorsam gegen\u00fcber der Obrigkeit, die ihre Ratschl\u00fcsse aus dem Inzidenzwert \u2013 ein Wort, das bis vor kurzem kein Normalsterblicher kannte \u2013 herleitet, den sie im \u00fcbrigen flexibel, gem\u00e4\u00df ihren undurchsichtigen W\u00fcnschbarkeiten handhabt.<br \/>\nAls illusion\u00e4r herausgestellt hat sich auch die Gewaltenteilung, das Gleichgewicht zwischen Exekutive, Legislative und Judikative, das eine Zusammenballung von Macht und damit ein selbstherrliches, potentiell diktatorisches Durchregieren verunm\u00f6glichen soll. Die Legislative hat sich als Akklamationsforum einer im Grundgesetz nicht vorgesehenen Runde aus Kanzlerin und Ministerpr\u00e4sidenten, vulgo als Quasselbude, disqualifiziert, die nicht einmal Unterhaltungswert bietet.<br \/>\nDie Justiz setzt den staatlichen Ma\u00dfnahmen hin und wieder Grenzen, doch gerade ist Stephan Harbarth, bis 2018 stellvertretender Vorsitzender der CDU\/CSU-Bundestagsfraktion und aktuell Pr\u00e4sident des Bundesverfassungsgerichts, mit dem NS-Vorschlaghammer dahergekommen, um der Rede von der \u201eCorona-Diktatur\u201c und vom Widerstandsrecht den definitiven Garaus zu machen. Wer so rede, \u201erelativiert die Naziherrschaft und diffamiert die beste Republik unserer Geschichte\u201c. Nun, viele republikanische Vergleichsm\u00f6glichkeiten auf deutschem Boden existieren nicht, und selbst die \u201ebeste Republik\u201c ist nichts Statisches. Wenn Innenminister Horst Seehofer \u2013 wie jetzt bekannt wurde \u2013 seinen Staatssekret\u00e4r beim Robert-Koch-Institut und anderen Bundeseinrichtungen ein Corona-Schock-Gutachten anfordern lie\u00df, das \u201emental und planerisch\u201c die Voraussetzungen schafft, um \u201eMa\u00dfnahmen pr\u00e4ventiver und repressiver Natur\u201c vorzubereiten, dann wirkt Harbarths Erkl\u00e4rung, es werde versucht, \u201emit rechtsstaatlichen Mitteln einer sehr gro\u00dfen Bedrohungslage entgegenzuwirken\u201c, beinahe wie die Ausflucht eines Winkeladvokaten. Dann ist es h\u00f6chste Zeit zu fragen: Was passiert gerade mit diesem Land?<\/p>\n<p>Diese Frage wird nur in randst\u00e4ndigen Foren gestellt. Das Elend der drei klassischen wird n\u00e4mlich durch die Misere der informellen vierten Gewalt, der Medien, komplettiert, die sich als Transmissionsriemen der Exekutive bet\u00e4tigen. In einem Papier des Innenministeriums vom M\u00e4rz 2020 wurde eine \u201edeutschlandweite und transparente Aufkl\u00e4rungs- und Mobilisierungskampagne\u201c gefordert. Zur gleichen Zeit entwarf das \u201eRecherchezentrum\u201c Correctiv, ein \u201estiftungsfinanziertes Journalismusprojekt\u201c, das mit Facebook kooperiert und unter anderem von der Bundeszentrale f\u00fcr politische Bildung, von der Telekom und der Open Society Foundations des George Soros finanziert wird, ein Konzeptpapier zu dem Problem: \u201eWie k\u00f6nnen wir alle die Methoden des konstruktiven Journalismus einsetzen, um zur L\u00f6sung der Corona-Krise beizutragen.\u201c<\/p>\n<p>Die \u201eMethoden des konstruktiven Journalismus\u201c sind seit vielen Jahren bekannt und werden bei den Themen Fl\u00fcchtlinge, Klima, Kampf gegen Rechts, Diversity, Rassismus oder Gender konsequent durchexerziert. Im Fall von Corona wurden sie bis zum Exze\u00df gesteigert. An dem Befund \u00e4ndern auch die vereinzelten Absetzbewegungen in der Presse nichts, die neuerdings festzustellen sind.<\/p>\n<p>Die Auflagen der meisten Zeitungen sinken unaufhaltsam, und allenthalben wird der fortschreitende Vertrauensverlust der gro\u00dfen Medien konstatiert. Trotzdem erzielt die mediale Dauerberieselung eine enorme Breitenwirkung. Auflage und Effekt der alternativen Medien sind hingegen \u00fcberschaubar, und die sozialen Medien unterliegen einer strikten \u201eCancel Culture\u201c. Ohnehin schaltet der Normalverbraucher nach getaner Arbeit die \u201eTagesschau\u201c ein, anstatt sich m\u00fchsam auf regierungskritischen Internet-Plattformen zu informieren. Er hat, wenn es hochkommt, eine biedere Lokalzeitung abonniert, deren politischer Teil aus den Zentralredaktionen der gro\u00dfen Pressekonzerne beliefert wird.<\/p>\n<p>In der DDR, wo die durchweg staatlich gesteuerten Medien \u00fcberhaupt kein Vertrauen genossen und die Mehrheit Abend f\u00fcr Abend geistige Republikflucht beging, indem sie das Westfernsehen einschaltete, blieben die Staatsmedien trotzdem f\u00fcr die Orientierung im Alltag verbindlich, denn hier erfuhr der DDR-B\u00fcrger, wie er au\u00dferhalb seiner vier W\u00e4nde reden und sich verhalten mu\u00dfte, um Repressionen zu vermeiden. Er geriet in einen schizophrenen Zustand, zerrissen zwischen der abgelehnten realen und der virtuellen Alternativ-Welt.<\/p>\n<p>In der freiheitlich-demokratischen Grundordnung der Bundesrepublik, so die offizielle Lehrmeinung, gebe es diese schizophrene Aufspaltung nicht, weil die realen Probleme in den Medien frei er\u00f6rtert w\u00fcrden. Daran ist allenfalls richtig, da\u00df die politisch-mediale Wunschwelt und die reale Wirklichkeit sukzessive verschmelzen, was den Realit\u00e4tsverlust jedoch kontinuierlich vergr\u00f6\u00dfert.<br \/>\nHans Magnus Enzensberger pr\u00e4gte vor rund 60 Jahren in einer Reihe luzider Essays den Begriff \u201e<strong>Bewu\u00dftseinsindustrie<\/strong>\u201c, den er Adornos \u201eKulturindustrie\u201c zur Seite stellte. Die Bewu\u00dftseins- sei die \u201eeigentliche Schl\u00fcsselindustrie\u201c unserer Zeit. Sie erschaffe ein Bewu\u00dftsein, um es anschlie\u00dfend auszubeuten und die existierenden Herrschaftsverh\u00e4ltnisse zu verewigen. Mit der fortschreitenden Kontrolle \u00fcber die Wahrnehmung, die Urteilskraft und Entscheidungsf\u00e4higkeit w\u00fcrde eine ungeheure politische Macht in der Hand von wenigen akkumuliert. Ihnen st\u00fcnde \u201eeine Masse von politischen Habenichtsen (gegen\u00fcber), \u00fcber deren K\u00f6pfe hinweg sogar der kollektive Selbstmord beschlossen werden kann\u201c.<br \/>\nDie soziale Rolle des Journalisten, des \u201eIntellektuellen\u201c umri\u00df Enzensberger wie folgt: Nat\u00fcrlich sei er von den Macht- und Besitzverh\u00e4ltnissen in den Medien-Apparaten abh\u00e4ngig. Er sei unfreiwilliger Komplize einer Industrie, die ihn genauso brauche, wie er sie ben\u00f6tige. Immerhin sah Enzensberger im Intellektuellen noch einen Typus, der in der Lage ist, die Ambivalenz seiner Position zu durchschauen, der das Potential zur Selbstreflexion und zur Distanznahme besitzt und den Widerspruch, in den er objektiv gestellt ist, zwar nicht aufheben, aber st\u00e4ndig neu austarieren kann.<br \/>\n.<br \/>\nDer aktuelle Medienschaffende indes ist mehrheitlich selber ein Opfer der <strong>Bewu\u00dftseinsindustrie<\/strong> und hat ihre Regeln als \u201eSprachregime\u201c (Michael Esders) verinnerlicht. Das Sprachregime bildet sein inneres Korsett, das ihn zum \u201eHaltungsjournalisten\u201c macht. Der Haltungsjournalist steht nicht mehr im Widerspruch zu seiner objektiven Komplizenrolle, sondern er identifiziert sich mit ihr. Wo Abweichler versuchen, Machtstrukturen aufzudecken und das Elend der drei klassischen Gewalten zu problematisieren, bellt er mit der Zuverl\u00e4ssigkeit eines pawlowschen Hundes: \u201eVerschw\u00f6rungstheorie!\u201c<br \/>\nEine Illusion w\u00e4re es zu glauben, soviel Elend lie\u00dfe sich noch reformieren. Es verdient allein die Abwicklung. Gewi\u00df, die Vorstellung ist <a href=\"https:\/\/www.freiburg-schwarzwald.de\/blog\/engagement\/resignation-der-mitte\/\">zu sch\u00f6n, um wahr zu werden<\/a>.<br \/>\n.<br \/>\n&#8230; Alles vom 19.2.2021 von Thorsten Hinz bitte lesen in Junge Freiheit 8\/21, Seite 13<br \/>\n<a href=\"https:\/\/www.junge-freiheit.de\">https:\/\/www.junge-freiheit.de<\/a><\/p>\n<p>&nbsp;<\/p>\n<p>&nbsp;<\/p>\n<p><strong>Weckruf &#8211; an Journalisten<\/strong><br \/>\n<em>Journalisten der \u201eLeitmedien\u201c sollten aufh\u00f6ren, sich als Werkzeuge der Propaganda zur Verf\u00fcgung zu stellen, und sich der Demokratiebewegung anschlie\u00dfen.<\/em><br \/>\n<em>von Hanne Hilse<\/em><br \/>\nSind es zutiefst \u201eb\u00f6se\u201c Menschen, die uns derzeit in den Medien die Corona-Ma\u00dfnahmen aufschwatzen wollen? Nein, es sind eher Menschen, die sich irren, selbst Verf\u00fchrte und Missbrauchte, die unter starkem sozialem Druck stehen. Wir sollten uns angew\u00f6hnen, Meinungsgegner als Menschen zu betrachten, in denen ein Potenzial zur Umkehr wohnt. Ist es Erfolg versprechend, Aktive der Mainstream-Medien aufzufordern, ihre redaktionelle Linie zu \u00e4ndern oder aus dem gro\u00dfen Desinformations-Zirkus auszusteigen? Jedenfalls ist es einen Versuch wert. Denn die Medienschaffenden sind keine Besatzungsmacht von \u201eau\u00dferhalb\u201c, sondern sie sind selbst Teil dieser Gesellschaft. Sie werden mit ihren Kindern diese Welt der Masken und Plexiglascheiben, der Ausgangssperren und Besuchsverbote bewohnen m\u00fcssen. Vielleicht w\u00e4re dies Grund genug, nicht ausgerechnet gegen jene Protestbewegung zu hetzen, die sich der schleichenden Verwandlung des Lands in einen unmenschlichen Ort widersetzt.<\/p>\n<p>Noch seid ihr die Meinungsmacher f\u00fcr eine gro\u00dfe Anzahl von Menschen, vielleicht sogar f\u00fcr eine Mehrheit, die sich an euch orientiert. Teils handelt es sich um eine noch tief schlafende, teilweise aber auch um eine bereits halbwache Mehrheit, die zu zweifeln begonnen hat: an euren Inhalten, euren Einordnungen und Zuschreibungen, euren Auslassungen, dreisten Verleumdungen und L\u00fcgen.<\/p>\n<p>Ihr merkt wahrscheinlich, dass eure Macht jetzt br\u00f6ckelt und \u00fcberall erodiert. Wir wissen, dass diese Macht sich nur noch durch viel Geld und viel Druck auf Journalisten aufrechterhalten l\u00e4sst, und uns ist bewusst, wie m\u00e4chtig wirtschaftlicher Druck sein kann. Aber lasst es euch gesagt sein: Ihr werdet die Demokratie-Bewegung nicht zerst\u00f6ren! Auch wenn das anscheinend euer Auftrag ist.<br \/>\n.<br \/>\nWir sind zu viele, wir sind international, wir haben die Fachwelt auf unserer Seite, wir sind gut informiert, und wir sind getragen von kraftvollen Energien. Wir stehen f\u00fcr Wahrheit, f\u00fcr Frieden, f\u00fcr Liebe. Wir lassen uns nicht spalten und verunsichern. Und wenn ihr noch so viele alberne und l\u00e4cherliche und absurde Vorw\u00fcrfe an unsere \u00f6ffentlich bekannten Mitstreiter raushaut: Wir lassen uns nicht auseinanderdividieren.<br \/>\n.<br \/>\nWir sind viele, aber Vielfalt bedeutet nicht, dass Millionen von Menschen immer und in jedem Punkt genau der gleichen Meinung sein m\u00fcssen. Das w\u00e4re ja auch eher verd\u00e4chtig. Es bedeutet aber, dass wir uns in wesentlichen Aspekten, insbesondere der Einordnung dieses Pandemie-Narrativs, einig sind. Wir repr\u00e4sentieren die Mitte der Gesellschaft; wir haben unterschiedliche politische Wurzeln, und viele von uns hatten vorher noch niemals etwas mit Politik zu tun, aber wir haben ein Gesp\u00fcr f\u00fcr L\u00fcgen und Betrug.<br \/>\nUnsere gemeinsame Grundhaltung ist das Einstehen f\u00fcr Demokratie, f\u00fcr Freiheit und Meinungsvielfalt, f\u00fcr Dialog und offenen Diskurs, f\u00fcr pers\u00f6nliche Freiheiten in der Lebensf\u00fchrung und in der Entscheidung \u00fcber unsere Gesundheit und unseren K\u00f6rper. Hierin sind wir alle vereint, und gegen diese Kraft kommt ihr nicht an! Es sind sehr viele \u201eWissende\u201c unter uns, die weiter blicken als bis zu irgendwelchen Zahlensalatspielen einer Bundesbeh\u00f6rde und auch \u00fcber die Verstrickungen der Politik mit der Pharmaindustrie hinaus.<br \/>\nWir sind gut informiert \u00fcber die Agenda, die euch treibt, deren Handlanger ihr seid, selbst wenn ihr es nicht wisst. Aber Wissen ist eine Holschuld \u2014 so wie Demokratie eine Verantwortung mit einschlie\u00dft. Wir wissen einiges \u00fcber die Player im Hintergrund, \u00fcber ihre kriminellen Machenschaften und \u00fcber ihre menschenverachtenden Pl\u00e4ne, die sie durch gekaufte Polit-Marionetten und mithilfe eurer Propaganda umsetzen wollen.<br \/>\n.<br \/>\n<em><strong>Es ist nicht klug von euch, als Hofberichterstatter und Angsteinpeitscher f\u00fcr eine korrupte Politikerkaste zu agieren. Auch ihr werdet letztendlich Opfer sein<\/strong><\/em>, Opfer der Agenda.<br \/>\nIhr habt doch auch Kinder, die ihr besch\u00fctzen wollt, oder? \u00dcber deren Zukunft ihr euch Gedanken macht? M\u00f6chtet ihr eine Zukunft f\u00fcr eure Kinder als Duckm\u00e4user, als Sklaven f\u00fcr eine Elite? Das kann ich mir kaum vorstellen.<br \/>\n.<br \/>\nHabt ihr euch informiert \u00fcber den \u201eGreat Reset\u201c?<br \/>\nHabt ihr euch informiert \u00fcber Transhumanismus?<br \/>\nHabt ihr wirklich gelesen, was der Pr\u00e4sident des Weltwirtschaftsforums Klaus Schwab vorhat?<br \/>\nWenn ja, habt ihr keine Antenne f\u00fcr das, was auf uns zukommen wird, wenn wir es zulassen?<br \/>\nSeht ihr nicht, dass zynische Psychopathen uns in diese Situation gebracht haben?<br \/>\n.<br \/>\nSteht endlich auf! Reiht euch ein in die Demokratie-Bewegung! Ihr m\u00fcsst euch ja nicht Querdenker nennen, ihr m\u00fcsst nur endlich begreifen, was gespielt wird! Lest ihr nicht die vielen Informationen international renommierter Fachleute? Seid ihr Journalisten oder Papageien?<br \/>\nPlappert ihr nur nach, was man euch vorgibt? Habt ihr euch so den Journalisten-Beruf vorgestellt? Wenn ja, ist es erb\u00e4rmlich. Falls nicht, wovon ich ausgehe, dann h\u00f6rt auf eure innere Stimme! Nehmt sie ernst! Nehmt euch selbst wieder ernst!<br \/>\nIhr werdet sicher nicht zu den Gewinnern des Spiels geh\u00f6ren. Auch ihr werdet eure Freiheiten verlieren, wenn ihr euch nicht einer zweifelhaften und gef\u00e4hrlichen Impfung unterzieht.<br \/>\nAber eines kann ich euch versprechen: Wenn ihr aufh\u00f6rt, den Handlanger zu spielen, euch informiert und daraus eure Schl\u00fcsse zieht, wenn ihr euch der Hofberichterstattung verweigert, dann werdet ihr von sehr vielen offenen Armen und Herzen aufgenommen werden! Denkt mal dar\u00fcber nach \u2014 es befreit!<br \/>\n&#8230; Alles vom 7.1.2021 von Hanne Hilse bitte lesen auf<br \/>\n<a href=\"https:\/\/www.rubikon.news\/artikel\/der-weckruf-2\">https:\/\/www.rubikon.news\/artikel\/der-weckruf-2<\/a><br \/>\n.<br \/>\n<em>Hanne Hilse, Jahrgang 1955, ist Theaterp\u00e4dagogin mit dem Hobby, Gedichte, Liedtexte und Theaterst\u00fccke zu schreiben. Sie war schon fr\u00fch politisch interessiert und engagiert, unter anderem in der Grundeinkommensbewegung. Ihr Anliegen ist die Freiheit des Menschen, Wahrhaftigkeit und Respekt auch f\u00fcr unterschiedliche Wege.<\/em><\/p>\n<p>,<\/p>\n<p><strong>Woher kommt Ihre Angst vor anderen Meinungen?<\/strong><br \/>\n<strong>Mein Versuch eines Dialogs Reitschuster-Restle \u2013 bislang erfolglos<\/strong><\/p>\n<p>Hallo Herr Restle,<br \/>\nwir kennen uns noch aus gemeinsamen Moskauer Tagen, als Sie dort f\u00fcr die ARD arbeiteten und ich das Focus-Korrespondentenb\u00fcro leitete. Wir waren damals per Du, aber da Sie zum \u201eSie\u201c zur\u00fcckkehrten, will ich das auch so halten.<br \/>\n&#8230;.<br \/>\nWoher kommt diese Angst bei Ihnen und Ihren Kollegen vor anderen Meinungen?<br \/>\nWarum diffamieren Sie statt zu diskutieren?<br \/>\nSind Sie sich Ihrer \u201eHaltung\u201c so unsicher?<br \/>\nHalten Sie Ihre Argumente f\u00fcr so schwach?<br \/>\nWenn nicht, dann zeigen Sie doch mal echten Mut \u2013 lassen Sie Ihre Kritiker im echten Dialog mit Ihnen Argumente austauschen! Unter fairen Bedingungen! Wer zu sp\u00e4t kommt, den bestraft das Leben. Ich bin mir sicher, dass dies auch f\u00fcr das \u00f6ffentlich-rechtliche System gelten wird. So schade es um die Idee dahinter ist \u2013 so wenig schade ist es um die Karikatur dieser Idee, in die sich die \u00f6ffentlich-rechtlichen zu einem gro\u00dfen Teil \u2013 nicht durchweg \u2013 verwandelt haben.<br \/>\nMit freundlichen Gr\u00fc\u00dfen<br \/>\nBoris Reitschuster<br \/>\n.<br \/>\nP.S.: Als Reaktion auf diesen Brief schrieb mir ein ausgeschiedener Kollege (m\/w) aus einem der gro\u00dfen \u00f6ffentlich-rechtlichen Sender: \u201eDen Brief an Restle fand ich gut, allerdings war Monitor nicht immer so, in den 70er Jahren unter Claus Hinrich Casdorff galten noch die guten alten Regeln: wenn Sie predigen wollen, gehen Sie in die Kirche\u2026hie\u00df es seinerzeit.\u201c<br \/>\n&#8230; Alles vom 22.5.2020 bitte lesen auf<br \/>\n<a href=\"https:\/\/reitschuster.de\/post\/woher-kommt-ihre-angst-vor-anderen-meinungen\/\">https:\/\/reitschuster.de\/post\/woher-kommt-ihre-angst-vor-anderen-meinungen\/<\/a><br \/>\n.<br \/>\nKommentare:<br \/>\n<strong>Der falsche Freund der Meinung ist die Haltung<\/strong><br \/>\nDer Journalist beweist wahre Gr\u00f6\u00dfe, der es seinem m\u00fcndigen Publikum \u00fcberl\u00e4sst, sich selbst eine Meinung zu bilden. Was f\u00fcr ein Menschenbild m\u00fcssen diese Restles, Klebers und Slomkas (\u2026) haben, um uns st\u00e4ndig schulmeistern, belehren und ihre Weltsicht aufzwingen zu m\u00fcssen? Restle wird sich m.M.n. nicht auf einen Disput einlassen. Ihm ist bewusst, dass er sich mit seiner ideologiegetr\u00e4nkten \u201eHaltung\u201c und deren Realit\u00e4tsferne nicht gegen Fakten und Argumente w\u00fcrde behaupten k\u00f6nnen.<br \/>\n22.5.2020, Lna<br \/>\n.<br \/>\n<strong>Selbstwertgef\u00fchl geht &#8211; Angst kommt<\/strong><br \/>\nSehr geehrter Herr Reitschuster<br \/>\ngerne w\u00fcrde ich Ihnen meine Sichtweise zu dem Verhalten einiger Medienvertreter darlegen, wenn ich darf?<br \/>\n<em>Das Selbstwertgef\u00fchl<\/em><br \/>\nDas Selbstwertgef\u00fchl ist etwas, was sich im Normalfall nur durch Erfolgschancen steigern l\u00e4sst. Je mehr Chancen ich im Leben bekomme, erfolgreich zu sein, um so mehr steigert sich dadurch mein Selbstwertgef\u00fchl.<br \/>\nNun sind wir allerdings am Ende einer Epoche angelangt. Die Systeme wurden ausgereizt, die Chancen genutzt. Bedeutet, dass es, wenn \u00fcberhaupt, nur noch unter h\u00f6chsten Anstrengungen m\u00f6glich ist, solche Erfolgschancen zu bekommen. Da viele Menschen nicht bereit sind, diese Anstrengungen in Kauf zu nehmen, kommt es immer am Ende einer Epoche zu einem kollektiven Zerfall des gesellschaftlichen Selbstwertgef\u00fchls, in der aus einer selbstbewussten, freien und unabh\u00e4ngigen Gesellschaft eine von \u00c4ngsten und Unsicherheiten getriebenen Gesellschaft wird. Genau hier schl\u00e4gt die Stunde der politischen und medialen Eiferern wie Georg Restle.<\/p>\n<p><em>Die Moral<\/em><br \/>\nStatt daf\u00fcr zu sorgen, dass Menschen wieder zu ihren Erfolgschancen kommen, damit sie ihr Selbstwertgef\u00fchl wieder steigern k\u00f6nnen, sch\u00fcren Personen wie Georg Restle die vorhandenen \u00c4ngste und Unsicherheiten, um ihre politischen Fantasien durch dr\u00fccken zu k\u00f6nnen.<br \/>\nNoch viel schlimmer ist das Spiel mit der Moral. Wenn man Menschen lernt, die fehlenden Erfolgschancen durch die Moral zu ersetzen. Nach dem Motto: \u201c Wenn ihr schon nicht erfolgreich sein k\u00f6nnt, dann seit doch einfach die besseren Menschen\u201c. Dadurch entsteht in den K\u00f6pfen eine Verbindung zwischen dem Selbstwertgef\u00fchl und der Moral. Das gef\u00e4hrliche daran ist, dass man das Selbstwertgef\u00fchl nur dadurch steigern kann, wenn man sich selbst moralisch \u00fcberh\u00f6ht. Dies macht es m\u00f6glich ein Radikalisierungsprozess in Gang zu setzen, der bis zum Entmenschlichen des Gegen\u00fcbers f\u00fchrt. So geschehen in der Weimarer Republik.<br \/>\nAls nach dem ersten Weltkrieg das Selbstwertgef\u00fchl des deutschen Volkes am Boden zerst\u00f6rt war, gelang es Personen wie Goebbels und Hitler, den Menschen die Vorstellung vom moralisch h\u00f6herwertigen Deutschen einzutrichtern. Nach dem Motto: \u201cWir haben den Krieg zwar verloren, sind aber trotzdem die besseren Menschen.\u201c<br \/>\nIm Zuge des Radikalisierungsprozesses im National- Sozialismus entstand aus dem moralisch h\u00f6herwertigen Deutschen der Glaube an die \u00dcberlegenheit der deutschen Rasse. Erst diese Denkweise lie\u00df eine Entmenschlichung des Gegen\u00fcbers zu, wodurch die schrecklichen Verbrechen des zweiten Weltkriegs \u00fcberhaupt m\u00f6glich wurden.<br \/>\nHeut sehen wir genau diese Prozesse der moralischen H\u00f6herwertigkeit wieder. Ob es um den internationalen Kampf gegen den Terrorismus geht, die Russlandfrage, die Fl\u00fcchtlingskriese, dem Klimawandel und oder bei Zero Covid. Dabei spielen gerade die Medien eine sehr wichtige Rolle, ganz besonders Personen wie Klaus Kleber, Georg Restle, Ihr Freund Tilo Jung, uvm\u2026 Gerade sie \u00fcbernehmen sehr stark die Rolle des Einpeitschers. Eine sehr gef\u00e4hrliche Tendenz.<br \/>\n.<br \/>\n<em>Folgen: Antifa<\/em><br \/>\nWohin das f\u00fchren kann, sehen wir bei der Antifa. Antifaschismus ist eine politische Haltung, die niemals zu einer eigenst\u00e4ndigen Ideologie verkommen darf. Wenn aber der Kampf gegen den Faschismus pl\u00f6tzlich der Steigerung des eigenen Selbstwertgef\u00fchls dient, entsteht eine Ideologie, die dieselbigen Radikalisierungsprozesse freisetzt, wie beim Faschismus selbst. Die Antifa ist gezwungen, in Jedem und Allem den Faschismus zu sehen, damit sie ihn bek\u00e4mpfen, und so ihr eigenes Selbstwertgef\u00fchl steigern kann. Dabei nimmt sie sich alles zur Brust, was ihr vor die Flinte l\u00e4uft. Das die Antifa selbst dabei immer mehr die Methoden des Faschismus annimmt, k\u00f6nnen oder wollen sie oft nicht sehen. \u00dcbrigens gilt dies nicht nur f\u00fcr die Antifa, selbes erleben wir auf der Gegenseite bei Attila Hildmann, der die gleichen Radikalisierungsprozesse vorantreibt. Nun sehen wir alle zu, wie diese Radikalisierungsprozesse voranschreiten und merken nicht, dass wir gerade daran sind, das 21. Jahrhundert fast genau gleich zu beginnen wie das 20. Jahrhundert. Unsch\u00f6ne Zeiten\u2026<br \/>\nMit besten Gr\u00fcssen<br \/>\n5.4.2021, S.W.<br \/>\n.<br \/>\n<strong>Ich spreche hier als \u201ealte Umweltsau\u201c;<\/strong><br \/>\nund als solche, die auch auf den drei gro\u00dfen Demos in Berlin war und dort feststellen konnte, dass Menschen aller m\u00f6glichen Herk\u00fcnfte miteinander friedlich umgingen. Einen Diskurs mit dem Herrn Restle m\u00f6chte ich nicht beginnen, zu offensichtlich und offenh\u00f6rlich bl\u00f6de als als Vertreter der Beschimpfung der alten Menschen, zu denen ich auch geh\u00f6re, ist mir dieser Rest-Mensch (Mensch?). Was mich \u00e4rgerte, war am 1. August gegen 18.30 Uhr, als ich mit dem Auto unterwegs nachhause war, die Radiomitteilung, dass Geisel zu dieser Gro\u00dfdemo \u201eann\u00e4hernd 100\u2033 Kleindemos zugelassen hatte und f\u00fcr diese keine Beachtung der Masken- und Abstandspflicht forderte. Das war der Moment, als mir die Manipulationstechniken unserer Regierung und ihrer Vertreter klar wurde.<br \/>\nUnd seither bin ich lieber ein beschimpfter Nazi, dessen Mutter im \u00fcbrigen am 24.April 1945 meinen ausgehungerten Onkel vom KZ Dachau abholte \u2013 nach 6j\u00e4hriger Inhaftierung in Sachsenhausen, Buchenwald und schlie\u00dflich Dachau. Und d i e s e r Vertreter der L\u00fcgenregierung und der L\u00fcgen-Medien, k\u00e4uflich und ohne Haltung, will mir und Ihnen , Herr Reitschuster, Rechtsextermismus vorwerfen. Herr Restle, es reicht!<br \/>\n5.3.2021, Henriette<br \/>\n.<br \/>\n<strong>Guter Journalismus<\/strong><br \/>\n1.) \u201eH\u00f6re immer auch die andere Seite (an) =\u201c Audiatur et altera pars\u201c<br \/>\n2.) AfD wird praktisch nicht eingeladen in reichweiten-starke Talkshows Plasberg, Will, Illner, Maischberger, Lanz.<br \/>\n3.) Und wird auch in Nachrichten-Sendungen ARD-ZDF totgeschwiegen. Kommen doch mal Redebeitr\u00e4ge der AfD aus Bundestag, dann unwichtige Passagen = Alibifunktion. Bei Interviews kommen unsachliche Suggestivfragen.<br \/>\n4.) Oder es wird v\u00f6llig absurd krampfhaft versucht, eine Verbindungslinie von Nation. al. sozialismus zur heutigen AfD zu ziehen.<br \/>\n5.) Fazit: ARD-ZDF-Print sind Pressestellen einer kriminellen Regierung. Das alles hat mit sauberem Journalismus nix mehr zu tun und widerspricht auch dem Programm-Auftrag einer ausgewogenen Berichterstattung. AfD ist immerhin die gr\u00f6\u00dfte Oppositionspartei im Bundestag.<br \/>\n6.) F\u00fcr diese systematische Desinformation bezahlen wir auch noch Zwangsgeb\u00fchren.<br \/>\n7.) Die AfD sollte sich in die Talkshows gerichtlich einklagen (machte FP\u00d6 erfolgreich in \u00d6sterreich)<br \/>\n6.4.2021, Frie, PIO<br \/>\nEnde Kommentare<\/p>\n","protected":false},"excerpt":{"rendered":"<p>Home\u00a0&gt;Kultur\u00a0&gt;Medien\u00a0&gt;Zeitung &gt;Medienleute &nbsp; Listenauswahl eines Beitrags (Artikel\/Datum, Seite\/Inhalt):\u00a0Klicken\u00a0oder scrollen Sarah Maria Sander zu neuem Maulkorb-Erlass\u00a0 (10.3.2026) Ex-Mainstream Journalist Milosz Matuschek packt aus: Was wirklich hinter den Kulissen l\u00e4uft! (4.10.2025) Die \u201eNeuen deutschen Medienmacher\u201c spielen Sprachpolizei und untergraben die Demokratie\u00a0(27.9.2025) Petition &hellip; <a href=\"https:\/\/www.freiburg-schwarzwald.de\/blog\/kultur\/medien\/medienleute\/\">Weiterlesen <span class=\"meta-nav\">&rarr;<\/span><\/a><\/p>\n","protected":false},"author":2,"featured_media":0,"parent":678,"menu_order":0,"comment_status":"closed","ping_status":"closed","template":"","meta":{"footnotes":""},"class_list":["post-86678","page","type-page","status-publish","hentry"],"_links":{"self":[{"href":"https:\/\/www.freiburg-schwarzwald.de\/blog\/wp-json\/wp\/v2\/pages\/86678","targetHints":{"allow":["GET"]}}],"collection":[{"href":"https:\/\/www.freiburg-schwarzwald.de\/blog\/wp-json\/wp\/v2\/pages"}],"about":[{"href":"https:\/\/www.freiburg-schwarzwald.de\/blog\/wp-json\/wp\/v2\/types\/page"}],"author":[{"embeddable":true,"href":"https:\/\/www.freiburg-schwarzwald.de\/blog\/wp-json\/wp\/v2\/users\/2"}],"replies":[{"embeddable":true,"href":"https:\/\/www.freiburg-schwarzwald.de\/blog\/wp-json\/wp\/v2\/comments?post=86678"}],"version-history":[{"count":6,"href":"https:\/\/www.freiburg-schwarzwald.de\/blog\/wp-json\/wp\/v2\/pages\/86678\/revisions"}],"predecessor-version":[{"id":146866,"href":"https:\/\/www.freiburg-schwarzwald.de\/blog\/wp-json\/wp\/v2\/pages\/86678\/revisions\/146866"}],"up":[{"embeddable":true,"href":"https:\/\/www.freiburg-schwarzwald.de\/blog\/wp-json\/wp\/v2\/pages\/678"}],"wp:attachment":[{"href":"https:\/\/www.freiburg-schwarzwald.de\/blog\/wp-json\/wp\/v2\/media?parent=86678"}],"curies":[{"name":"wp","href":"https:\/\/api.w.org\/{rel}","templated":true}]}}