{"id":86194,"date":"2020-12-26T11:23:44","date_gmt":"2020-12-26T10:23:44","guid":{"rendered":"https:\/\/www.freiburg-schwarzwald.de\/blog\/?page_id=86194"},"modified":"2025-05-12T10:40:25","modified_gmt":"2025-05-12T08:40:25","slug":"spirituell","status":"publish","type":"page","link":"https:\/\/www.freiburg-schwarzwald.de\/blog\/religion\/spirituell\/","title":{"rendered":"Spirituell"},"content":{"rendered":"<p><a href=\"https:\/\/www.freiburg-schwarzwald.de\/blog\">Home<\/a> &gt;<a title=\"Religion\" href=\"https:\/\/www.freiburg-schwarzwald.de\/blog\/religion\/\">Religion<\/a>\u00a0&gt;<a title=\"Katholisch\" href=\"https:\/\/www.freiburg-schwarzwald.de\/blog\/religion\/katholisch\/\">Katholisch<\/a>\u00a0&gt;<a title=\"Christen\" href=\"https:\/\/www.freiburg-schwarzwald.de\/blog\/religion\/christen\/\">Christen<\/a> &gt;Spirituell<\/p>\n<div id=\"attachment_85941\" style=\"width: 648px\" class=\"wp-caption alignnone\"><a href=\"https:\/\/www.freiburg-schwarzwald.de\/blog\/wp-content\/uploads\/2020\/12\/schauinsland-wetterbuchen202012-pan.jpg\"><img loading=\"lazy\" decoding=\"async\" aria-describedby=\"caption-attachment-85941\" class=\"size-full wp-image-85941\" src=\"https:\/\/www.freiburg-schwarzwald.de\/blog\/wp-content\/uploads\/2020\/12\/schauinsland-wetterbuchen202012-pan.jpg\" alt=\"\" width=\"638\" height=\"298\" srcset=\"https:\/\/www.freiburg-schwarzwald.de\/blog\/wp-content\/uploads\/2020\/12\/schauinsland-wetterbuchen202012-pan.jpg 638w, https:\/\/www.freiburg-schwarzwald.de\/blog\/wp-content\/uploads\/2020\/12\/schauinsland-wetterbuchen202012-pan-180x84.jpg 180w\" sizes=\"auto, (max-width: 638px) 100vw, 638px\" \/><\/a><p id=\"caption-attachment-85941\" class=\"wp-caption-text\">Wetterbuchen vom Rosshang in Hofsgrund am Schauinsland am 10.12.2020: Schnee &#8211; Buchen &#8211; Nebel &#8211; Sonne<\/p><\/div>\n<p>.<\/p>\n<ul>\n<li><em>Listenauswahl eines Beitrags: Bitte\u00a0<span style=\"text-decoration: underline;\">anklicken<\/span>\u00a0oder runterscrollen<\/em><\/li>\n<li><a href=\"https:\/\/www.freiburg-schwarzwald.de\/blog\/papst-leo-xiv-der-brueckenbauer\/\">Papst Leo XIV: der Br\u00fcckenbauer<\/a>\u00a0(12.5.2025)<\/li>\n<li><a href=\"https:\/\/www.freiburg-schwarzwald.de\/blog\/religion\/gott\/\">Die ungekl\u00e4rte Frage im Denken des Elon Musk<\/a>\u00a0(14.1.2025)<\/li>\n<li><a href=\"https:\/\/www.freiburg-schwarzwald.de\/blog\/religion\/gott\/\">Jordan B. Peterson: Gott \u2013 von Matthias Matussek<\/a>\u00a0(20.12.2024)<\/li>\n<li><a href=\"https:\/\/www.freiburg-schwarzwald.de\/blog\/religion\/christen\/bibel\/\">Peter Hahne: Wer Winnetou abschafft, schafft die Bibel ab<\/a>\u00a0(1.10.2022)<\/li>\n<li><a href=\"https:\/\/www.freiburg-schwarzwald.de\/blog\/haltungsprotestantismus\/\">Haltungspotestantismus<\/a>\u00a0(14.11.2021)<\/li>\n<li><a href=\"https:\/\/www.freiburg-schwarzwald.de\/blog\/religion\/christen\/abendland\/\">Divina Commedia von Dante: Von der H\u00f6lle durchs Fegefeuer ins Paradies<\/a>\u00a0(10.9.2021)<\/li>\n<li><a href=\"https:\/\/www.freiburg-schwarzwald.de\/blog\/religion\/gott\/\">Volker Kauder: \u201eJeder Fl\u00fcchtling ist Ebenbild Gottes\u201c<\/a>\u00a0(15.1.2021)<\/li>\n<li>Die Verzauberung der Welt durch das Christentum (25.12.2020)<\/li>\n<li><\/li>\n<li><a href=\"https:\/\/www.freiburg-schwarzwald.de\/blog\/religion\/christen\/bibel\/\">Bibel<\/a><\/li>\n<li><a href=\"https:\/\/www.freiburg-schwarzwald.de\/blog\/religion\/katholisch\/leo\/\">Leo XIV<\/a><\/li>\n<\/ul>\n<p>&nbsp;<\/p>\n<p><strong>Die Verzauberung der Welt durch das Christentum<\/strong><br \/>\nVor gut zweitausend Jahren folgten drei Weise aus dem Morgenland einem hellen Stern bis nach <a href=\"https:\/\/www.freiburg-schwarzwald.de\/blog\/religion\/christen\/christentum\/\">Bethlehem<\/a> in Pal\u00e4stina, weil dieser f\u00fcr sie die Geburt eines neuen K\u00f6nigs ank\u00fcndigte. Tats\u00e4chlich wurde dort in einer sch\u00e4bigen Futterkrippe \u2013 im Beisein seiner Eltern sowie einiger von einem Engel herbeigerufener Hirten \u2013 ein au\u00dfergew\u00f6hnliches Kind geboren, das sich in seinem sp\u00e4teren Leben als Sohn Gottes ausgab. So beginnt <a href=\"https:\/\/www.freiburg-schwarzwald.de\/blog\/religion\/kirchen\/weihnachten\/\"><em><strong>eine Geschichte<\/strong><\/em><\/a>, die die Welt ersch\u00fcttern sollte.<br \/>\n&#8230;<br \/>\nAngenommen, die Wirklichkeit selbst w\u00e4re nur ein Konstrukt, eine Ansammlung teils einander erg\u00e4nzender, teils miteinander konkurrierender Interpretationen, dann h\u00e4tten wir gar nicht die Wahl zwischen \u201eRealit\u00e4t\u201c und \u201eFiktion\u201c. Dann ginge es vielmehr darum, dass wir uns <em><strong>die beste Geschichte<\/strong><\/em> ausw\u00e4hlen, das hei\u00dft, die am besten zu uns passt. K\u00f6nnte das nicht die Geschichte sein, die uns \u2013 auch wenn wir uns dessen kaum noch bewusst sind \u2013 zu dem gemacht hat, was wir sind, die die Grundlagen unserer heutigen westlichen Welt gepr\u00e4gt hat:<br \/>\ndie gesamte abendl\u00e4ndische Kultur von Bosch bis Bach,<br \/>\nvon Luther bis Dostojewski,<br \/>\nunsere Denk-, Sprach- und Verhaltensmuster,<br \/>\nunsere Vorstellungen von Recht und Moral,<br \/>\ndie unsichtbare Basis unseres Gemeinwesens und unseres Sozialsystems?<br \/>\n.<br \/>\nWie allumfassend diese \u201eVerzauberung der Welt\u201c durch das Christentum war und ist, kann man in dem gleichnamigen Buch von J\u00f6rg Lauster nachvollziehen, einer brillant geschriebenen Kulturgeschichte, die versucht, den christlichen \u201eOzean einer Religion\u201c in m\u00f6glichst vielen Facetten zu erschlie\u00dfen.<br \/>\n.<br \/>\nEben darauf bezog sich der Staatsrechtler Ernst-Wolfgang B\u00f6ckenf\u00f6rde mit seinem Diktum: \u201eDer freiheitliche, s\u00e4kularisierte Staat lebt von Voraussetzungen, die er selbst nicht garantieren kann.\u201c So geht etwa die Vorstellung von der W\u00fcrde des Menschen, der als Individuum jeweils einzigartig ist, zur\u00fcck auf die biblische Behauptung, Gott habe den Menschen zu seinem Ebenbild geschaffen sowie auf das wichtigste Gebot des Neuen Testaments: Gott und den N\u00e4chsten zu lieben wie sich selbst.<br \/>\n.<br \/>\nBei der R\u00fcckbesinnung auf Wesentliches, das wir vergessen oder verloren haben, geht es keineswegs darum, hinter naturwissenschaftliche Erkenntnisse oder gar die Ergebnisse von Aufkl\u00e4rung und S\u00e4kularisierung zur\u00fcckzufallen, sondern vielmehr um einen dringend ben\u00f6tigten Zugewinn an Erkenntnis.<br \/>\nDenn in dem sich immer schneller drehenden Karussell einer wirtschaftlichen und politischen Globalisierung, die dazu tendiert, Unterschiede und Identit\u00e4tsmerkmale von Menschen, L\u00e4ndern und V\u00f6lkern zu nivellieren, wird nur derjenige bestehen k\u00f6nnen, der \u00fcber ein klares Profil verf\u00fcgt. Der wei\u00df, woher er kommt und wer er ist.<br \/>\n&#8230; Alles vom 25.12.2020 von <a href=\"https:\/\/www.freiburg-schwarzwald.de\/blog\/religion\/christen\/kirchenaustritt\/\">Oliver Zimski<\/a> bitte lesen auf<br \/>\n<a href=\"https:\/\/www.achgut.com\/artikel\/die_verzauberung_der_welt\">https:\/\/www.achgut.com\/artikel\/die_verzauberung_der_welt<\/a><br \/>\n.<br \/>\nEinige Kommentare:<br \/>\n<strong>Das Spirituelle k\u00f6nnte der T\u00fcr\u00f6ffner sein zum \u201eDahinter\u201c<\/strong><br \/>\nDer Rahmen, welcher der menschlichen Existenz unab\u00e4nderlich vorgegeben ist, l\u00e4sst sich nicht allein mit den Werkzeugen des Verstandes erfassen. Der Verstand ger\u00e4t an un\u00fcberwindliche Grenzen. Wer sich mit diesen Grenzen nicht zufriedengibt, versucht einen Zugang zu dem \u201eDahinter\u201c, zu dem \u201eDar\u00fcberhinaus\u201c zu finden. Um diesen geheimen Zugang zu \u00f6ffnen, muss er die Grenzen seines Verst\u00e4ndnisses der Dinge erkennen und akzeptieren, jedoch sich nicht damit zufriedengeben. Und ab diesem Moment kommt er am Spirituellen nicht mehr vorbei.<br \/>\nDas Spirituelle k\u00f6nnte der T\u00fcr\u00f6ffner sein zum \u201eDahinter\u201c. Der Weg dahin kann unterschiedlicher Natur sein. Ob er \u00fcber die Kirche f\u00fchrt, sei dahingestellt. Ob er \u00fcber Religion f\u00fchrt, sei dahingestellt. Wer jedoch die Existenz des Zuganges von vornherein abstreitet, bringt sich m\u00f6glicherweise um etwas Wesentliches.<br \/>\nIn der heutigen Zeit, in welcher bestimmte Kr\u00e4fte alles daranzusetzen scheinen, jegliche Identifikation, jegliche Wurzel, jegliche Zugeh\u00f6rigkeit abzuschaffen, kann jedoch etwa die Religion ein Bollwerk gegen jegliche Gleichmacherei bedeuten. Sie kann Gemeinschaft stiften. Sie kann Halt geben in einer Welt, in der nichts mehr so bleiben soll, wie es einmal war. Nichts ist st\u00e4rker als der Glaube. Er kann eine nicht versiegende Quelle der Kraft darstellen, die hilfreich dabei ist, zu widerstehen und das Ich, das Individuum zu sch\u00fctzen vor der Aufl\u00f6sung im Nichts.<br \/>\nIn diesen Zeiten kann ein Zur\u00fcck zum Glauben die Rettung bedeuten. Fast hat man den Glauben bereits besiegt und erledigt, jedoch noch nicht vollst\u00e4ndig. Gelingt es, den Kern des Glaubens zu erhalten, kann er, klein aber fein, um so m\u00e4chtiger Wirkung zeigen. Dazu muss sich jedoch der Kernbotschaft des Glaubens zugewendet werden. Zu diesem Zweck braucht es neuen Wein in neue Schl\u00e4uche. Die alten w\u00fcrde er zum Platzen bringen.<br \/>\n25.12.2020, W.A., AO<br \/>\n.<br \/>\n<strong>Untergang des Christentums gegen\u00fcber dem Islam?<\/strong><br \/>\nDer Artikel bringt mich ins Gr\u00fcbeln. Ich bin Materialist, ich glaube an die Existenz einer objektiven Realit\u00e4t. Die Aufgabe der Wissenschaft besteht darin diese Realit\u00e4t in vereinfachten Modellen zu verstehen und zu erkl\u00e4ren. Ich vermute allerdings &#8211; es ist in der Tat schizophren &#8211; dass das materialistische wissenschaftliche Weltbild einem gewissen Nihilismus Vorschub leistet, der selbstzerst\u00f6rerisch werden kann. Ich kann den Knoten aber nicht aufl\u00f6sen.<br \/>\n++ Als Anh\u00e4nger einer strikten Trennung von Religion und Staat ist es m.E. eine widerliche Heuchelei, wenn staatsnahe, verbeamtete Priester die sozial eingef\u00e4rbte Botschaft des neuen Testaments verbreiten wollen. Was w\u00fcrde Jesus zu den Privilegien und der Einstellung eines <a href=\"https:\/\/www.freiburg-schwarzwald.de\/blog\/religion\/evangelisch\/\">Bedford-Strohm<\/a> sagen? Sowas ist Gift f\u00fcr die Glaubw\u00fcrdigkeit des Christentums.<br \/>\n++ Trotzdem ist das keine Erkl\u00e4rung f\u00fcr den Untergang des Christentums und den vermutlichen Sieg des Islam zumindest in Mitteleuropa. Unsere Vorfahren waren sehr oft gleichzeitig gl\u00e4ubige Christen, Materialisten und Anh\u00e4nger von Wissenschaft &amp; Technik (die damals absolut integer waren und ein enormes Prestige hatten). Unsere Vorfahren haben an die Kraft ihrer eigenen Zivilisation geglaubt (auch wenn es keine gl\u00e4ubigen Christen waren). Eine stark ausgepr\u00e4gte Eigenverantwortung und ein gesunder Egoismus haben die Gesellschaften resilient gemacht. Und jetzt betrachten wir einmal den heutigen Zustand der mitteleurop\u00e4ische Gesellschaften.<br \/>\n25.12.2020, Th.B., AO<br \/>\n.<br \/>\n<strong>\u201eGeht der Kirche der Glaube aus?\u201c,<\/strong><br \/>\nzitiert der Autor hier den Titel einer Streitschrift und \u00fcberl\u00e4\u00dft deren Verfasser Mai sofort die Antwort, da\u00df an die Stelle des Glaubens eine als \u201eWerte\u201c oder \u201eHaltung\u201c verbr\u00e4mte Gesinnung tritt, die politisch Partei ergreift f\u00fcr Gr\u00fcne, Linke oder SPD. Ich f\u00fcge hinzu: Und f\u00fcr Merkels CDU. Als Atheist befinde ich dar\u00fcber ganz trocken: Den christlichen Glauben ereilt (nach immerhin 2000 Jahren!) das gleiche Schicksal wie beispielsweise die RELIGION der sozialistischen Ideologie. Es glaubte und glauben immer weniger an sie, bis sich das Gebilde, unterst\u00fctzt von einem auf Seifenblasen aufgebauten Wirtschaftsgeb\u00e4ude, ins Nichts zusammenrutschte. Glauben funktioniert nur, wenn das, woran man glaubt, tats\u00e4chlich das Vertrauen verdient, an etwas glaubhaft zu glauben. Meine Wahrnehmung ist, da\u00df sich das immer mehr reduzierende Glaubensbekenntnis vieler Christen mehr auf Tradition denn auf wahrhaftiges, aufrechtes Glauben bezieht. Und je mehr auch die Kirchen dabei ertappt werden, sich weniger aus N\u00e4chstenliebe denn Kommerz und Politik um den Menschen zu k\u00fcmmern (auch um die aus dem Mittelmeer zu fischenden), wird Vertrauen schwinden. Das Abschw\u00f6ren konservativer Werte (eine Aufz\u00e4hlung w\u00fcrde hier zu weit f\u00fchren) und das Einschw\u00f6ren auf k\u00fcnstlich, auch mithilfe von Pseudowissenschaft, herbeidiskutierten NEUEN Nonsenssachverhalten, wird diesen Proze\u00df weiter beschleunigen. Ich GLAUBE an die Kraft der Aufkl\u00e4rung.<br \/>\n25.12.2020, G.D., ao<br \/>\n.<br \/>\n<strong>Der Apparat Kirche hat das lebendige Christentum erstickt<\/strong><br \/>\nDanke, Herr Zimski! Ihr Text beschreibt genau den herrschenden Zeitgeist. Der Apparat Kirche hat das lebendige Christentum erstickt und ersetzt durch Religion. Statt Evangelium zu verk\u00fcnden wird Ideologie des sogenannten Gutmenschentums verbreitet. Dem Wort Gottes wird nicht geglaubt, aber man denkt, regenbogenfarbig buntes Christsein leben zu k\u00f6nnen. Dabei gibt man sich offen f\u00fcr alles, ist aber nicht ganz dicht. Dieses bunte Treiben erlebe ich als monstr\u00f6se Intoleranz gegen anders Denkende. Wer das Buntsein und Gendern skeptisch sieht, wird als Nazi totgeschlagen. Diese sch\u00f6ne neue Welt br\u00fctet somit einen Faschismus aus, der nicht minder menschenfeindlich und diktatorisch sein wird, als Nationalsozialismus und Kommunismus es waren. Ich lerne aus der Farbenlehre dass ein Gemenge aus Rot, Gr\u00fcn, Gelb und Schwarz nur ein ekliges Braun werden kann.<br \/>\n25.12.2020, R.H., AO<br \/>\n.<br \/>\n<strong>&#8230; die Angst vor dem \u2018Danach&#8216;<\/strong><br \/>\nSehr verehrte Frau Susanne Langer, Sie bringen es unverschn\u00f6rkelt auf den Punkt, \u201cJedes Bekenntnis zur Religion, ganz egal zu welcher, bedeutet immer auch zugleich und notwendigerweise ein Zur\u00fcckfallen hinter die Erkenntnisse der Wissenschaft\u201d.<br \/>\nDies \u00e4ndert nichts an dem Zauber weihnachtlich-christlicher Rituale; wundersch\u00f6n, aber eben Rituale, nicht mehr. Die Macht jeder Ideologie, also auch die der Kirchen gr\u00fcndet sich exklusiv auf Angst, hier die Angst vor dem \u2018Danach\u2019. Alles andere ist menschengemachte Liturgie. Tacitus (56 \u2013 120 A.C.): \u201cTerret vulgus nisi metuat\u201c (Das Volk ist gef\u00e4hrlich, es sei denn, es hat Angst). Allen ein gutes Neues Jahr.<br \/>\n25.12.2020, P.B.<\/p>\n<p>&nbsp;<\/p>\n","protected":false},"excerpt":{"rendered":"<p>Home &gt;Religion\u00a0&gt;Katholisch\u00a0&gt;Christen &gt;Spirituell . Listenauswahl eines Beitrags: Bitte\u00a0anklicken\u00a0oder runterscrollen Papst Leo XIV: der Br\u00fcckenbauer\u00a0(12.5.2025) Die ungekl\u00e4rte Frage im Denken des Elon Musk\u00a0(14.1.2025) Jordan B. Peterson: Gott \u2013 von Matthias Matussek\u00a0(20.12.2024) Peter Hahne: Wer Winnetou abschafft, schafft die Bibel ab\u00a0(1.10.2022) Haltungspotestantismus\u00a0(14.11.2021) &hellip; <a href=\"https:\/\/www.freiburg-schwarzwald.de\/blog\/religion\/spirituell\/\">Weiterlesen <span class=\"meta-nav\">&rarr;<\/span><\/a><\/p>\n","protected":false},"author":2,"featured_media":0,"parent":171,"menu_order":0,"comment_status":"closed","ping_status":"closed","template":"","meta":{"footnotes":""},"class_list":["post-86194","page","type-page","status-publish","hentry"],"_links":{"self":[{"href":"https:\/\/www.freiburg-schwarzwald.de\/blog\/wp-json\/wp\/v2\/pages\/86194","targetHints":{"allow":["GET"]}}],"collection":[{"href":"https:\/\/www.freiburg-schwarzwald.de\/blog\/wp-json\/wp\/v2\/pages"}],"about":[{"href":"https:\/\/www.freiburg-schwarzwald.de\/blog\/wp-json\/wp\/v2\/types\/page"}],"author":[{"embeddable":true,"href":"https:\/\/www.freiburg-schwarzwald.de\/blog\/wp-json\/wp\/v2\/users\/2"}],"replies":[{"embeddable":true,"href":"https:\/\/www.freiburg-schwarzwald.de\/blog\/wp-json\/wp\/v2\/comments?post=86194"}],"version-history":[{"count":6,"href":"https:\/\/www.freiburg-schwarzwald.de\/blog\/wp-json\/wp\/v2\/pages\/86194\/revisions"}],"predecessor-version":[{"id":133853,"href":"https:\/\/www.freiburg-schwarzwald.de\/blog\/wp-json\/wp\/v2\/pages\/86194\/revisions\/133853"}],"up":[{"embeddable":true,"href":"https:\/\/www.freiburg-schwarzwald.de\/blog\/wp-json\/wp\/v2\/pages\/171"}],"wp:attachment":[{"href":"https:\/\/www.freiburg-schwarzwald.de\/blog\/wp-json\/wp\/v2\/media?parent=86194"}],"curies":[{"name":"wp","href":"https:\/\/api.w.org\/{rel}","templated":true}]}}