{"id":8576,"date":"2012-08-06T11:38:47","date_gmt":"2012-08-06T09:38:47","guid":{"rendered":"https:\/\/www.freiburg-schwarzwald.de\/blog\/?page_id=8576"},"modified":"2022-04-01T12:38:30","modified_gmt":"2022-04-01T10:38:30","slug":"laden","status":"publish","type":"page","link":"https:\/\/www.freiburg-schwarzwald.de\/blog\/business\/handel\/laden\/","title":{"rendered":"Laden"},"content":{"rendered":"<p>Home &gt;<a title=\"Business\" href=\"https:\/\/www.freiburg-schwarzwald.de\/blog\/business\/\">Business<\/a> &gt;<a title=\"Handel\" href=\"https:\/\/www.freiburg-schwarzwald.de\/blog\/business\/handel\/\">Handel<\/a> &gt;Laden<\/p>\n<div id=\"attachment_8087\" style=\"width: 648px\" class=\"wp-caption alignnone\"><a href=\"https:\/\/www.freiburg-schwarzwald.de\/blog\/business\/handel\/fahrrad\/fahrrad-kinder-pan120717\/\" rel=\"attachment wp-att-8087\"><img loading=\"lazy\" decoding=\"async\" aria-describedby=\"caption-attachment-8087\" class=\"size-full wp-image-8087\" title=\"fahrrad-kinder-pan120717\" src=\"https:\/\/www.freiburg-schwarzwald.de\/blog\/wp-content\/uploads\/2012\/04\/fahrrad-kinder-pan120717.jpg\" alt=\"\" width=\"638\" height=\"332\" srcset=\"https:\/\/www.freiburg-schwarzwald.de\/blog\/wp-content\/uploads\/2012\/04\/fahrrad-kinder-pan120717.jpg 638w, https:\/\/www.freiburg-schwarzwald.de\/blog\/wp-content\/uploads\/2012\/04\/fahrrad-kinder-pan120717-180x93.jpg 180w\" sizes=\"auto, (max-width: 638px) 100vw, 638px\" \/><\/a><p id=\"caption-attachment-8087\" class=\"wp-caption-text\">Kinderfahrr\u00e4der am 17.7.2012 &#8211; ganz vorbildlich geparkt<\/p><\/div>\n<p><strong>Inhabergef\u00fchrte Gesch\u00e4fte, Laden, Spezialgesch\u00e4ft, &#8222;Klein, aber fein&#8220;, &#8230;<\/strong><\/p>\n<ul>\n<li><a href=\"https:\/\/www.freiburg-schwarzwald.de\/blog\/cap-markt-laden-supermarkt\/\">CAP-Markt: Dorfladen \u2013 Supermarkt<\/a>\u00a0(25.3.2022)<\/li>\n<li><a href=\"https:\/\/www.freiburg-schwarzwald.de\/blog\/business\/handel\/buchhandel\/buchladen\/\">Zum Teufel mit den Buchl\u00e4den<\/a>\u00a0(5.12.2021)<\/li>\n<li><a href=\"https:\/\/www.freiburg-schwarzwald.de\/blog\/business\/handel\/bauernladen\/\">S\u2019Bergbure in Hinterzarten-Windeck<\/a>\u00a0(21.7.2021)<\/li>\n<li><a href=\"https:\/\/www.freiburg-schwarzwald.de\/blog\/bildung\/duale-bildung\/facharbeiter\/\">Elektro Schneider&amp;L\u00e4mmlin schlie\u00dft: Facharbeitermangel<\/a>\u00a0(24.6.2021)<\/li>\n<li><a title=\"#freiburgh\u00e4ltzusammen\" href=\"https:\/\/www.freiburg-schwarzwald.de\/blog\/freiburghaeltzusammen\/\">#freiburgh\u00e4ltzusammen<\/a>\u00a0 (27.3.2020)<\/li>\n<li><a title=\"zFriburginderStadt\" href=\"https:\/\/www.freiburg-schwarzwald.de\/blog\/business\/handel\/zfriburginderstadt\/\">Die Gerberau steht vor Ver\u00e4nderungen<\/a> (23.11.2019)<\/li>\n<li>348 selbst\u00e4ndige Einzelh\u00e4ndler in der Freiburger Innenstadt (7.9.2013)<\/li>\n<li><a href=\"https:\/\/www.freiburg-schwarzwald.de\/blog\/internet-nuetzt-innenstadtlaeden\/\">https:\/\/www.freiburg-schwarzwald.de\/blog\/internet-nuetzt-innenstadtlaeden\/<\/a>\u00a0(3.5.2013)<\/li>\n<li><a href=\"https:\/\/www.freiburg-schwarzwald.de\/blog\/einzelhandel-shop-ek-zentrum\/\">https:\/\/www.freiburg-schwarzwald.de\/blog\/einzelhandel-shop-ek-zentrum\/<\/a>\u00a0(27.3.2013)<\/li>\n<li><a href=\"https:\/\/www.freiburg-schwarzwald.de\/blog\/s-laedeli-in-waltershofen-postfiliale-und-mehr\/\">https:\/\/www.freiburg-schwarzwald.de\/blog\/s-laedeli-in-waltershofen-postfiliale-und-mehr\/<\/a>\u00a0(16.8.2012)<\/li>\n<li><a href=\"https:\/\/www.freiburg-schwarzwald.de\/blog\/verlag-zweitausendeins-schliest-seine-filialen-auch-in-freiburg\/\">https:\/\/www.freiburg-schwarzwald.de\/blog\/verlag-zweitausendeins-schliest-seine-filialen-auch-in-freiburg\/<\/a>\u00a0(6.8.2012)<\/li>\n<li><a href=\"https:\/\/www.freiburg-schwarzwald.de\/laden1.htm\">Aktuelle Infos zur Laden-Seite<\/a> &gt;Laden1<\/li>\n<li><a href=\"https:\/\/www.freiburg-schwarzwald.de\/tanteemma1.htm\">Aktuelle Infos zur TanteEmma-Seite<\/a> &gt;TanteEmma1<\/li>\n<li><\/li>\n<li><strong><a href=\"https:\/\/www.freiburg-schwarzwald.de\/laden.htm\">www.freiburg-schwarzwald.de\/laden.htm<\/a> &gt;Archivseite Laden<\/strong><\/li>\n<li><a href=\"https:\/\/www.freiburg-schwarzwald.de\/littenweiler\/werkzeuge.htm#Bauer - Eisenwaren und Gartenbedarf am Schwabentor\">Bauer &#8211; Eisenwaren und Gartenbedarf am Schwabentor<\/a> &gt;Werkzeuge<\/li>\n<li><a href=\"https:\/\/www.freiburg-schwarzwald.de\/laden#Blendwerk - Postkarten und mehr in FR-Gerberau\">Blendwerk &#8211; Postkarten und mehr in FR-Gerberau<\/a><\/li>\n<li><a href=\"https:\/\/www.freiburg-schwarzwald.de\/laden#Kern, Kern am Tor, Farben-Kern in der Gerberau\">Kern, Kern am Tor, Farben-Kern in der Gerberau<\/a><\/li>\n<li><a title=\"Kleiderladen\" href=\"https:\/\/www.freiburg-schwarzwald.de\/blog\/business\/handel\/kleiderladen\/\">Kleiderladen<\/a><\/li>\n<li><a href=\"https:\/\/www.freiburg-schwarzwald.de\/littenweiler\/kunstgewerbe.htm#Kuri - K\u00fcnstlerbedarf in Freiburg\">Kuri &#8211; K\u00fcnstlerbedarf in Freiburg<\/a>&gt;Kunstgewerbe<\/li>\n<li><a href=\"https:\/\/www.freiburg-schwarzwald.de\/laden#Rapp, Wollgesch\u00e4ft am M\u00fcnsterplatz in Freiburg\">Rapp, Wollgesch\u00e4ft am M\u00fcnsterplatz in Freiburg<\/a><\/li>\n<li><a href=\"https:\/\/www.freiburg-schwarzwald.de\/laden#G\u00fcnter Roth - Kunsthandwerk in der Schusterstrasse\">Roth &#8211; Kunsthandwerk in der Schusterstrasse<\/a><\/li>\n<li><a href=\"https:\/\/www.freiburg-schwarzwald.de\/laden#Saft\u00e4dele - Schusterstrasse\/Augustinergasse\">Saft\u00e4dele &#8211; Schusterstrasse\/Augustinergasse<\/a><\/li>\n<li><a href=\"https:\/\/www.freiburg-schwarzwald.de\/littenweiler\/handwerk.htm#Sattler und Feint\u00e4schner Steinhauser in Freiburg-St\u00fchlinger\">Sattler und Feint\u00e4schner Steinhauser in Freiburg-St\u00fchlinger<\/a> &gt;Handwerk<\/li>\n<li><a href=\"https:\/\/www.freiburg-schwarzwald.de\/littenweiler\/lebensmittel.htm#Schw\u00f6rer - Lebensmittel am M\u00fcnsterplatz\">Schw\u00f6rer &#8211; am M\u00fcnsterplatz<\/a> &gt;Lebensmittel<\/li>\n<li><a href=\"https:\/\/www.freiburg-schwarzwald.de\/laden#Spielzeugladen Holzpferd in der Gerberau\">Spielzeugladen Holzpferd in der Gerberau<\/a><\/li>\n<li><a title=\"Vogel-Buchhandlung\" href=\"https:\/\/www.freiburg-schwarzwald.de\/blog\/business\/handel\/buchhandel\/vogel-buchhandlung\/\">Vogel &#8211; Buchhandlung in FR-Littenweiler<\/a><\/li>\n<li><\/li>\n<li><a title=\"zFriburginderStadt\" href=\"https:\/\/www.freiburg-schwarzwald.de\/blog\/business\/handel\/zfriburginderstadt\/\">zFriburginderStadt<\/a><\/li>\n<li><a href=\"https:\/\/www.freiburg-schwarzwald.de\/laden#Link\">Links<\/a><\/li>\n<li><a href=\"https:\/\/www.freiburg-schwarzwald.de\/blog\/business\/handel\/bauernladen\/\">Bauernladen<\/a><\/li>\n<li><a href=\"https:\/\/www.freiburg-schwarzwald.de\/bio-kiste.htm\">Bio-Kiste, Gem\u00fcse-Kiste, Abo, Lieferservice, Obst frei Haus<\/a> &gt;Bio-Kiste<\/li>\n<li><a href=\"https:\/\/www.freiburg-schwarzwald.de\/blog\/business\/handel\/buchhandel\/buchladen\/\">Buchladen<\/a><\/li>\n<li><a href=\"https:\/\/www.freiburg-schwarzwald.de\/direktvermarktung.htm\">Direktvermarktung landwirtschaftl. Produkte<\/a> &gt;Direktvermarktung<\/li>\n<li><a href=\"https:\/\/www.freiburg-schwarzwald.de\/hofladen1.htm#Dorfl\u00e4den werden immer weniger\">Dorfl\u00e4den werden immer weniger<\/a> &gt;Hofladen1 (30.7.2004)<\/li>\n<li><a href=\"https:\/\/www.freiburg-schwarzwald.de\/fairerhandel.htm\">Fairer Handel<\/a> &gt;FairerHandel<\/li>\n<li><a title=\"Flohmarkt\" href=\"https:\/\/www.freiburg-schwarzwald.de\/blog\/business\/handel\/flohmarkt\/\">Flohmarkt<\/a><\/li>\n<li><a href=\"https:\/\/www.freiburg-schwarzwald.de\/ecommerce.htm\">Handel online<\/a> &gt;eCommerce<\/li>\n<li><a href=\"https:\/\/www.freiburg-schwarzwald.de\/tanteemma.htm\">Tante Emma-L\u00e4den &#8211; Dorfl\u00e4den<\/a> &gt;TanteEmma<\/li>\n<li><a href=\"https:\/\/www.freiburg-schwarzwald.de\/littenweiler\/einewelt.htm\">Umweltl\u00e4den<\/a> &gt;EineWelt<\/li>\n<\/ul>\n<p>&nbsp;<\/p>\n<p><a href=\"https:\/\/www.freiburg-schwarzwald.de\/blog\/business\/handel\/laden\/gerberau-kern-raeumungsverkauf130614\/\" rel=\"attachment wp-att-32724\"><img loading=\"lazy\" decoding=\"async\" class=\"alignnone size-thumbnail wp-image-32724\" title=\"gerberau-kern-raeumungsverkauf130614\" src=\"https:\/\/www.freiburg-schwarzwald.de\/blog\/wp-content\/uploads\/2012\/08\/gerberau-kern-raeumungsverkauf130614-180x135.jpg\" alt=\"\" width=\"180\" height=\"135\" srcset=\"https:\/\/www.freiburg-schwarzwald.de\/blog\/wp-content\/uploads\/2012\/08\/gerberau-kern-raeumungsverkauf130614-180x135.jpg 180w, https:\/\/www.freiburg-schwarzwald.de\/blog\/wp-content\/uploads\/2012\/08\/gerberau-kern-raeumungsverkauf130614.jpg 640w\" sizes=\"auto, (max-width: 180px) 100vw, 180px\" \/><\/a><br \/>\n(1) Farben Kern Gerberau 14.6.2013<\/p>\n<p>&nbsp;<\/p>\n<p>&nbsp;<\/p>\n<p><strong>348 selbst\u00e4ndige Einzelh\u00e4ndler in der Freiburger Innenstadt<\/strong><\/p>\n<p>Beim \u00a0Handelsverband S\u00fcdbaden sind in Freiburg ca 1400 L\u00e4den gemeldt, davon 640 in der Innenstadt, die wie folgt gegliedert sind: 81 \u00fcberregionale Filialisten, 36 regionale Filialisten (z.B. B\u00e4cker mit \u00fcber 5 Niederlassungen in der Region), 39 Franchiseunternehmer und 348 selbstst\u00e4ndige Einzelh\u00e4ndler.<br \/>\nIn Top A-Lagen (rund um den Bertoldsbrunnen) haben Filialisten inzwischen die Oberhand.<br \/>\nIn B-Lagen (wie der unteren Bertoldstra\u00dfe beim Theater) dominieren die selbstst\u00e4ndigen Einzelh\u00e4ndler. Insgesamt ist der &#8222;kleine Handel&#8220; in Top-Lagen auf dem R\u00fcckzug.<br \/>\n7.9.2013<\/p>\n","protected":false},"excerpt":{"rendered":"<p>Home &gt;Business &gt;Handel &gt;Laden Inhabergef\u00fchrte Gesch\u00e4fte, Laden, Spezialgesch\u00e4ft, &#8222;Klein, aber fein&#8220;, &#8230; CAP-Markt: Dorfladen \u2013 Supermarkt\u00a0(25.3.2022) Zum Teufel mit den Buchl\u00e4den\u00a0(5.12.2021) S\u2019Bergbure in Hinterzarten-Windeck\u00a0(21.7.2021) Elektro Schneider&amp;L\u00e4mmlin schlie\u00dft: Facharbeitermangel\u00a0(24.6.2021) #freiburgh\u00e4ltzusammen\u00a0 (27.3.2020) Die Gerberau steht vor Ver\u00e4nderungen (23.11.2019) 348 selbst\u00e4ndige Einzelh\u00e4ndler in &hellip; <a href=\"https:\/\/www.freiburg-schwarzwald.de\/blog\/business\/handel\/laden\/\">Weiterlesen <span class=\"meta-nav\">&rarr;<\/span><\/a><\/p>\n","protected":false},"author":4,"featured_media":0,"parent":814,"menu_order":0,"comment_status":"closed","ping_status":"closed","template":"","meta":{"footnotes":""},"class_list":["post-8576","page","type-page","status-publish","hentry"],"_links":{"self":[{"href":"https:\/\/www.freiburg-schwarzwald.de\/blog\/wp-json\/wp\/v2\/pages\/8576","targetHints":{"allow":["GET"]}}],"collection":[{"href":"https:\/\/www.freiburg-schwarzwald.de\/blog\/wp-json\/wp\/v2\/pages"}],"about":[{"href":"https:\/\/www.freiburg-schwarzwald.de\/blog\/wp-json\/wp\/v2\/types\/page"}],"author":[{"embeddable":true,"href":"https:\/\/www.freiburg-schwarzwald.de\/blog\/wp-json\/wp\/v2\/users\/4"}],"replies":[{"embeddable":true,"href":"https:\/\/www.freiburg-schwarzwald.de\/blog\/wp-json\/wp\/v2\/comments?post=8576"}],"version-history":[{"count":4,"href":"https:\/\/www.freiburg-schwarzwald.de\/blog\/wp-json\/wp\/v2\/pages\/8576\/revisions"}],"predecessor-version":[{"id":99798,"href":"https:\/\/www.freiburg-schwarzwald.de\/blog\/wp-json\/wp\/v2\/pages\/8576\/revisions\/99798"}],"up":[{"embeddable":true,"href":"https:\/\/www.freiburg-schwarzwald.de\/blog\/wp-json\/wp\/v2\/pages\/814"}],"wp:attachment":[{"href":"https:\/\/www.freiburg-schwarzwald.de\/blog\/wp-json\/wp\/v2\/media?parent=8576"}],"curies":[{"name":"wp","href":"https:\/\/api.w.org\/{rel}","templated":true}]}}