{"id":85683,"date":"2020-12-11T17:58:34","date_gmt":"2020-12-11T16:58:34","guid":{"rendered":"https:\/\/www.freiburg-schwarzwald.de\/blog\/?page_id=85683"},"modified":"2026-05-29T09:56:21","modified_gmt":"2026-05-29T07:56:21","slug":"privateigentum","status":"publish","type":"page","link":"https:\/\/www.freiburg-schwarzwald.de\/blog\/engagement\/zukunft\/demokratie\/privateigentum\/","title":{"rendered":"Privateigentum"},"content":{"rendered":"<p>Home &gt;<a title=\"Engagement\" href=\"https:\/\/www.freiburg-schwarzwald.de\/blog\/engagement\/\">Engagement<\/a>\u00a0&gt;<a href=\"https:\/\/www.freiburg-schwarzwald.de\/blog\/kultur\/kulturverlust\/verbote\/\">Verbote<\/a>\u00a0&gt;<a href=\"https:\/\/www.freiburg-schwarzwald.de\/blog\/kultur\/kulturverlust\/\">Kulturverlust<\/a>\u00a0&gt;<a href=\"https:\/\/www.freiburg-schwarzwald.de\/blog\/engagement\/zukunft\/demokratie\/staat\/\">Staat<\/a> &gt;<a href=\"https:\/\/www.freiburg-schwarzwald.de\/blog\/engagement\/vorschriften\/\">Vorschriften<\/a> &gt;Privateigentum<\/p>\n<div id=\"attachment_85283\" style=\"width: 649px\" class=\"wp-caption alignnone\"><a href=\"https:\/\/www.freiburg-schwarzwald.de\/blog\/wp-content\/uploads\/2020\/11\/seepark-herbstmorgen202011-pan.jpg\"><img loading=\"lazy\" decoding=\"async\" aria-describedby=\"caption-attachment-85283\" class=\"size-full wp-image-85283\" src=\"https:\/\/www.freiburg-schwarzwald.de\/blog\/wp-content\/uploads\/2020\/11\/seepark-herbstmorgen202011-pan.jpg\" alt=\"Herbstmorgen am Seepark in Freiburg November 2020\" width=\"639\" height=\"292\" srcset=\"https:\/\/www.freiburg-schwarzwald.de\/blog\/wp-content\/uploads\/2020\/11\/seepark-herbstmorgen202011-pan.jpg 639w, https:\/\/www.freiburg-schwarzwald.de\/blog\/wp-content\/uploads\/2020\/11\/seepark-herbstmorgen202011-pan-180x82.jpg 180w\" sizes=\"auto, (max-width: 639px) 100vw, 639px\" \/><\/a><p id=\"caption-attachment-85283\" class=\"wp-caption-text\">Herbstmorgen am Seepark in Freiburg November 2020<\/p><\/div>\n<p>&nbsp;<\/p>\n<ul>\n<li><em>Listenauswahl eines Beitrags (Artikel\/Datum, Seite\/Inhalt): <span style=\"text-decoration: underline;\">Klicken<\/span> oder scrollen<\/em><\/li>\n<li><a href=\"https:\/\/www.freiburg-schwarzwald.de\/blog\/engagement\/zukunft\/demokratie\/sozialismus\/sozialismus-gruene\/\">Konrad Adam: Die Sozialkapitalisten<\/a> (27.5.2026)<\/li>\n<li><a href=\"https:\/\/www.freiburg-schwarzwald.de\/blog\/mietbuerokatie-statt-wohnbau\/\">Mietb\u00fcrokatie statt Wohnbau<\/a>\u00a0(19.5.2026)<\/li>\n<li><a href=\"https:\/\/www.freiburg-schwarzwald.de\/blog\/business\/dienste\/immobilien\/wohnen\/wohnungsbau\/\">Wohnungsbau funktioniert nur durch Privatwirtschaft<\/a>\u00a0(19.4.2024)<\/li>\n<li><a href=\"https:\/\/www.freiburg-schwarzwald.de\/blog\/business\/dienste\/immobilien\/wohnen\/wohneigentum\/\">Wohneigentumsquote 41,8 % in Deutschland: EU-Schlusslicht<\/a>\u00a0(28.11.2025)<\/li>\n<li><a href=\"https:\/\/www.freiburg-schwarzwald.de\/blog\/engagement\/buerger\/privat\/\">Markus Krall: \u201eMan wird das auch mit Ihnen machen, fr\u00fcher oder sp\u00e4ter!\u201c<\/a>\u00a0(7.9.2023)<\/li>\n<li><a href=\"https:\/\/www.freiburg-schwarzwald.de\/blog\/wohneigentumsbildung-nein\/\">Wohneigentumsbildung: Nein<\/a>\u00a0(14.3.2023)<\/li>\n<li><a href=\"https:\/\/www.freiburg-schwarzwald.de\/blog\/grundsteuer-und-enteignung\/\">Grundsteuer und Enteignung<\/a>\u00a0(28.2.2023)<\/li>\n<li><a href=\"https:\/\/www.freiburg-schwarzwald.de\/blog\/engagement\/zukunft\/demokratie\/staatsquote\/\">Staatsquote in Deutschland seit 2020 \u00fcber 50%<\/a>\u00a0(15.12.2020)<\/li>\n<li>Auf Privateigentum beruhende Gesellschaften prosperieren (11.12.2020)<\/li>\n<li><a href=\"https:\/\/www.freiburg-schwarzwald.de\/blog\/global\/globalisierung\/sozialismusangst\/\">Roland Baader: Deutschland im 80%-Sozialismus, nicht im Kapitalismus<\/a>\u00a0(12.1.2016)<\/li>\n<li><\/li>\n<li><a href=\"https:\/\/www.freiburg-schwarzwald.de\/blog\/business\/dienste\/immobilien\/eigentum\/\">Eigentum<\/a><\/li>\n<li><a href=\"https:\/\/www.freiburg-schwarzwald.de\/blog\/business\/dienste\/immobilien\/\">Immobilien<\/a><\/li>\n<li><a href=\"https:\/\/www.freiburg-schwarzwald.de\/blog\/engagement\/buerger\/privat\/\">privat<\/a><\/li>\n<li><a href=\"https:\/\/www.freiburg-schwarzwald.de\/blog\/engagement\/zukunft\/demokratie\/staatsapparat\/\">Staatsapparat<\/a><\/li>\n<li><a href=\"https:\/\/www.freiburg-schwarzwald.de\/blog\/kultur\/kulturverlust\/verbote\/\">Verbote\u00a0<\/a><\/li>\n<li><a href=\"https:\/\/www.freiburg-schwarzwald.de\/blog\/business\/dienste\/immobilien\/wohnen\/wohneigentum\/\">Wohneigentum<\/a><\/li>\n<li><a href=\"https:\/\/www.freiburg-schwarzwald.de\/blog\/business\/dienste\/immobilien\/wohnen\/wohnungsbau\/\">Wohnungsbau<\/a><\/li>\n<\/ul>\n<p>&nbsp;<\/p>\n<p>&nbsp;<\/p>\n<p><strong>Auf Privateigentum beruhende Gesellschaften prosperieren<\/strong><br \/>\nDer Graben zwischen \u201eLiberalismus\u201c und \u201eKonservativismus\u201c ist heute un\u00fcberbr\u00fcckbar<br \/>\nDie \u201eliberalen Demokraten\u201c von heute treten f\u00fcr eine multilateral gesteuerte Weltordnung ein, die sich \u00fcber <a href=\"https:\/\/www.freiburg-schwarzwald.de\/blog\/engagement\/zukunft\/demokratie\/nation\/\">Nationen<\/a>, <a href=\"https:\/\/www.freiburg-schwarzwald.de\/blog\/global\/deutschland\/deutsche-kultur\/traditionen\/\">Traditionen<\/a> und <a href=\"https:\/\/www.freiburg-schwarzwald.de\/blog\/religion\/religionsfreiheit\/\">Religionen<\/a> hinwegsetzt. Darin \u00e4hneln sie der postmarxistischen Linken.<br \/>\n<a href=\"https:\/\/www.freiburg-schwarzwald.de\/blog\/engagement\/zukunft\/demokratie\/konservativismus\/\">Konservative<\/a> hingegen lehnen es ab,<br \/>\nhistorisch gewachsene durch<br \/>\nkonstruierte Ordnungen zu ersetzen.<br \/>\nDas verbindet sie mit dem klassischen <a href=\"https:\/\/www.freiburg-schwarzwald.de\/blog\/engagement\/zukunft\/demokratie\/liberalismus\/\">Liberalismus<\/a>, der als eigenst\u00e4ndige politische Bewegung scheitern musste, weil er aus sich heraus keine kollektiven Ziele definieren kann.<br \/>\n<em><strong>Was bleibt ist die Einsicht, dass eine auf Privateigentum beruhende Gesellschaft nicht nur wirtschaftlich prosperiert, sondern auch die Individualit\u00e4t und die Freiheit der B\u00fcrger am besten bewahrt.<\/strong><\/em><br \/>\n&#8230;<br \/>\nAlles von Karl-Peter Schwarz vom 19.11.2020 bitte lesen auf<br \/>\n<a href=\"https:\/\/www.die-tagespost.de\/gesellschaft\/kultur\/ein-tiefer-graben-geht-durch-gesellschaften;art4881,213696\">https:\/\/www.die-tagespost.de\/gesellschaft\/kultur\/ein-tiefer-graben-geht-durch-gesellschaften;art4881,213696<\/a><\/p>\n<p><a href=\"https:\/\/www.tichyseinblick.de\/meinungen\/die-kluft-zwischen-liberalismus-und-konservativismus-ist-heute-unueberbrueckbar\/\">https:\/\/www.tichyseinblick.de\/meinungen\/die-kluft-zwischen-liberalismus-und-konservativismus-ist-heute-unueberbrueckbar\/<\/a><br \/>\n.<br \/>\nKommentare:<br \/>\n<strong>Wirtschafts-Liberalismus und Links-Liberalismus<\/strong><br \/>\nLiberalismus und Konservatismus bedingen einander, wenn man \u201eliberal\u201c als wirtschafts-liberal (also marktwirtschaftlich) auffasst. Dieser Liberalismus kann nur in konservativer Umgebung (Rechtssicherheit, Eigentumsgarantie, Rechtstreue, staatliche Selbstbeschr\u00e4nkung) \u00fcberleben.<br \/>\nDer Links-Liberalismus ist inkompatibel mit dem Konservativen, da er (im Namen der Freiheit) Bindungen zerst\u00f6ren will. Er f\u00fchrt nicht zur Freiheit, sondern zu Diktatur\u00e4hnlichem, da nur Diktaturen durch Bindungslosigkeit zerst\u00f6rte (\u201emultikulturelle\u201c = jeder macht was er will) Gesellschaften zusammenhalten und befrieden k\u00f6nnen.<br \/>\n11.12.2020,M.S.<\/p>\n<p>.<br \/>\n<strong>Sein auf Stein ODER blindes Vorw\u00e4rts<\/strong><br \/>\nEs gibt tats\u00e4chlich einen Bruch. Zwischen den Konservativen, die Stein auf Stein bauen, das Schlechte verwerfen und das Gute bewahren und zwischen den progressiven Revolution\u00e4ren des Nihilismus, die unter wechselnden Fahnen, der blauen, roten, der braunen, \u2026, auch der \u201eliberalen\u201c endlos ins \u201egelobte Land\u201c der Brave New World und des \u201eneuen Menschen\u201c segeln \u2026<br \/>\nAnders als Konservative, die bei einem Irrtum die Umkehr (Metanoia, Teshuva) praktizieren, kennen die Progressiven nur ein blindes Vorw\u00e4rts, \u201edie Reihen fest geschlossen\u201c, es gibt f\u00fcr sie kein zur\u00fcck \u2013 und kein Ziel, dass sie wirkich erreichen wollen und an dem sie dann gemessen w\u00fcrden, denn dann w\u00fcrde \u201edie Bewegung\u201c erl\u00f6schen, die L\u00fcge offenbar werden, nein, es muss immer weiter und weiter \u201enach vorne\u201c, wohin auch immer, verschoben werden, wie bei allen totalit\u00e4ren Systemen.<br \/>\nEs ist die Wahl zwischen Zivilisation und Barbarei.<br \/>\n11.12.2020, AJ.M.<br \/>\n.<br \/>\n<strong>Eigentum &#8230;.<\/strong><br \/>\n&#8222;Was bleibt ist die Einsicht, dass eine auf Privateigentum beruhende Gesellschaft nicht nur wirtschaftlich prosperiert, sondern auch die Individualit\u00e4t und die Freiheit der B\u00fcrger am besten bewahrt.\u201c<br \/>\n100% Zustimmung. Ob man diese auch von den selbsternannten \u201edemokratischen Parteien\u201c im Bundestag erhalten w\u00fcrde, ist zweifelhaft.<br \/>\nImmer wieder verbl\u00fcffend, Hayek: \u201eSozialisten in allen Parteien\u201c. Wie recht er hatte.<br \/>\n11.12.2020, M.M.<br \/>\n.<br \/>\n<strong>\u201eDemokratie\u201c ohne Volk \u2026 Es gibt weder EU-Volk noch Weltvolk<\/strong><br \/>\nDie Multilateralisten, die abgehobenen Eliten der Politik und der B\u00fcrokratie, die sich gern als die einzig wahren Demokraten inszenieren und zum \u201eKampf gegen Rechts\u201c aufrufen, verstehen entweder den Begriff \u201eDemokratie\u201c nicht oder sie leugnen seine Bedeutung.<br \/>\nEr setzt sich zusammen aus den griechischen Wortteilen \u201edemos\u201c (Staatsvolk) und \u201ekratos\u201c (Macht, Herrschaft) und bezeichnet demnach die Herrschaft des Volkes. Davon wollen die Herrschaften in Berlin, Br\u00fcssel und New York und die Verb\u00fcndeten in den globalen Konzern- und Finanzzentren wenig wissen.<br \/>\nEs gibt denn auch kein europ\u00e4isches Volk, so wenig wie ein \u201eWeltvolk\u201c existiert, das die Macht der Multilateralisten legitimiert und kontrolliert.<br \/>\nDie Demokratieleugner oder neomarxistischen \u201eliberalen Demokraten\u201c scheinen mit Flei\u00df und Absicht den Begriff \u201edemos\u201c mit dem Begriff \u201edaimon\u201c zu verwechseln: entsprechend behandeln und diffamieren sie Volk, Demokratie und Freiheit, wo immer sie sich regen, als b\u00f6se Geister oder teuflische Wesen.<br \/>\nIrgendwann wird der demos, das Volk, diesen mit enormem Aufwand betriebenen Exorzismus durchschauen und ihn als unmittelbar gegen seine ureigensten Rechte und Interessen gerichtet verstehen.<br \/>\n11.12.2020, MAR<br \/>\n.<br \/>\n<strong>&#8230; die \u201cpassive Rendite\u201c der Privateigent\u00fcmer?<\/strong><br \/>\nDie gro\u00dfen Bruchstellen scheinen bei ungeregelter Immigration von Kulturfremden und bei der dogmatischen Vertretung von LGBTI\u2019Q zu liegen.<br \/>\n&#8230;<br \/>\nAuch das Thema Privateigentum verdient im Lichte der letzten ca. 40 Jahre eine neue Analyse weil die \u201cpassive Rendite \u201c der Verm\u00f6gensbesitzer buchst\u00e4blich explodiert ist und sich immer weiter davon entfernt hat \u201c Wohlstand f\u00fcr alle \u201c zu produzieren. Die Herausforderung besteht darin Hayek auf die neue Zeit anzuwenden.<br \/>\n11.12.2020, BKK<br \/>\n.<br \/>\n<strong>Der atomare Kern aller Kulturen dieser Welt ist die Familie<\/strong><br \/>\nIch bin dankbar f\u00fcr immer mehr Informationen die es mir erm\u00f6glichen mir ein Bild dessen zu machen, was die Geschicke unserer Gesellschaft bestimmt. Ich kann gedanklich weiter reinzoomen aber auch weiter hinaus. Besonders wenn ich rauszoome, sehe ich etwas was uns alle erschrecken sollte und was diese ganzen hervorragend analysierten hochintellektuellen Streitereien zu einer einzigen erb\u00e4rmlichen Farce verkommen lassen:<br \/>\nEs handelt sich bei diesen Streitereien lediglich um die internen Probleme einer durch Wohlstand verwahrlosten Minderheit von max. 10% der Weltbev\u00f6lkerung, Tendenz deutlich und dramatisch schnell sinkend.<br \/>\nDer atomare Kern aller Kulturen dieser Welt ist die Familie. Deren Gedankenkern ist die Weitergabe all ihrer Besitzt\u00fcmer, angefangen von ihren Genen \u00fcber ihre Kultur bis hin zu ihren materiellen Besitzt\u00fcmern an die n\u00e4chste Generation. V\u00f6llig egal welcher Kultur, welchem Staat oder welcher Religion diese Familien angeh\u00f6ren: Dies ist der einzige Weg der n\u00e4chsten Generation verbesserte Bedingungen zu hinterlassen, relativ zu der eigenen Position.<br \/>\nVor diesem Hintergrund ist es einfach nur irre, wenn eine Gesellschaft wie die westliche, die ihre eigene nicht ersetzbare Grundlage, n\u00e4mlich die Familie, systematisch zerst\u00f6rt, sich v\u00f6llig losgel\u00f6st von jedlicher Realit\u00e4t hasserf\u00fcllt \u00fcber absolute Nebens\u00e4chlichkeiten derart untereinander verfeindet. Es ist kein Zufall dass solche Kulturen (die r\u00f6mische Kultur mag da als Beispiel dienen) zu irgendeinem Zeitpunkt von scheinbar primitiveren Kulturen einfach so im Vorbeigehen vernichtet werden.<br \/>\nMich erinnernt unsere derzeitige Situation an pubertierende Zicken, die sich bis aufs Blut dar\u00fcber in die Haare kriegen, wer wem welches T-Shirt aus dem Schrank mit den anderen 150 T-Shirts weggenommen hat. Der einzige Unterschied besteht darin, dass in unserem Staat nicht der Hausherr sondern die Zicken das Sagen haben.<br \/>\n11.12.2020, US10<\/p>\n<p>.<br \/>\n<strong>&#8230; Leistungsanreiz<\/strong><br \/>\nIm Sozialismus \/ Kommunismus gibt es aufgrund mangelnden Leistungsanreizes (= kein Eigentum) nur eine Gruppe, die Interesse an \u201eLeistung\u201c hat: die politische Funktion\u00e4rskaste. Der Kern ihrer \u201eLeistung\u201c besteht allerdings ausschlie\u00dflich darin, sich per Zwang parasit\u00e4r auf Kosten der zum Einheitskollektiv geformten und entrechteten Untertanen durchzulavieren.<br \/>\nDie Untertanen dagegen sind wenig motiviert, da sie selbst nichts erreichen k\u00f6nnen. Und so lebt das sozialistisch-kommunistische System oben wie unten aus seinem Bestand, bis es nichts mehr zu holen gibt. Alles schon in zigfacher Ausf\u00fchrung dagewesen und jedes Mal krachend in sich zusammengefallen. Trotzdem gehen die \u201eMenschen\u201c der Verhei\u00dfung von Gleichheit und allumfassender Gerechtigkeit immer wieder auf den Leim und zwar insbesondere die, von denen man im Alltag \u00f6fter h\u00f6rt, \u201eaber das ist doch so sch\u00f6n bequem\u201c.<br \/>\nDie \u201eliberalen Demokraten\u201c von heute sind weder liberal noch Demokraten. Sie sind schlicht totalit\u00e4re Neomarxisten.<br \/>\n11.12.2020, ST.B.<\/p>\n<p>.<br \/>\n<strong>Es gibt auch intrinsische Leistungsanreize<\/strong><br \/>\n\u201eIm Sozialismus \/ Kommunismus gibt es aufgrund mangelnden Leistungsanreizes (= kein Eigentum) nur eine Gruppe, die Interesse an \u201eLeistung\u201c hat: die politische Funktion\u00e4rskaste.\u201c<br \/>\nDas ist schon mal falsch, denn wenn es so w\u00e4re, g\u00e4be es im Sozialismus\/Kommunismus weder K\u00fcnstler noch Wissenschaftler \u2013 deren Motivation intrinsisch ist -, was offenkundig nicht der Fall ist. Es g\u00e4be auch keine Soldaten, die aus \u00dcberzeugung von gemeinsamen Werten das Gemeinwesen verteidigen w\u00fcrden, sondern nur S\u00f6ldner, die f\u00fcr Bezahlung in den Krieg ziehen und zum Meistbietenden \u00fcberlaufen, sobald sich die Gelegenheit dazu ergibt.<br \/>\nEs ist die Vorstellung von Vulg\u00e4r(Wirtschafts)liberalen, dass nur \u00f6konomische Vorteile Triebkr\u00e4fte f\u00fcr Leistung seien. Das liegt an dem Menschenbild, das geradezu antihumanistisch ist, indem es das Individuum auf einen Pawlowschen Hund reduziert. Schon allein das zeigt, dass der Liberalismus kein nachhaltiges Gesellschaftsmodell konstituiert, da er von Grundlagen zehrt, die er nicht reproduzieren kann (vgl. hier: Patrick J. Deneen: \u201eWarum der Liberalismus gescheitert ist\u201c oder Egon Flaig: \u201eDie Niederlage der politischen Vernunft\u201c).<br \/>\n11.12.2020, K.N.<br \/>\n<strong>Was du nicht willst, da\u00df man dir tu, das f\u00fcg auch keinem Anderen zu!<\/strong><br \/>\n\u201eDas verbindet sie mit dem klassischen Liberalismus, der als eigenst\u00e4ndige politische Bewegung scheitern musste, weil er aus sich heraus keine kollektiven Ziele definieren kann.\u201c Das ist genau der Kern der Angelegenheit.<br \/>\nFreiheit ist immer als individuelle Freiheit zu verstehen, nicht im marxistischen Sinne als \u201eEinsicht in die Notwendigkeit\u201c. Freiheit und Kollektivismus sind Antipoden, politische \u201eBewegungen\u201c, Parteien etc. sind notwendigerweise Kollektive, das ist ihr Wesen. Ein Kollektiv, das sich f\u00fcr die Freiheit einsetzt, ist selbstwiderspr\u00fcchlich.<br \/>\nAber es gibt Hoffnung: Das ist die Toleranz. Leben und leben lassen, das ist die Devise. Wer eine Querdenker-Demo besucht hat, wei\u00df, wovon ich rede. Vieles von dem, was manche denken, die sich dort versammeln, halte ich f\u00fcr ausgemachten Bl\u00f6dsinn. Aber ich bin unbedingt daf\u00fcr, da\u00df sie das denken und auch sagen und praktizieren d\u00fcrfen. Nur sollen sie nicht verlangen, da\u00df ich ihre Ansichten \u00fcbernehme. Die Goldene Regel: Was du nicht willst, da\u00df man dir tu, das f\u00fcg auch keinem Anderen zu!<br \/>\nDavon entfernt sich unsere Gesellschaft inzwischen bedrohlich weit.<br \/>\n11.12.2020, A.P.<\/p>\n","protected":false},"excerpt":{"rendered":"<p>Home &gt;Engagement\u00a0&gt;Verbote\u00a0&gt;Kulturverlust\u00a0&gt;Staat &gt;Vorschriften &gt;Privateigentum &nbsp; Listenauswahl eines Beitrags (Artikel\/Datum, Seite\/Inhalt): Klicken oder scrollen Konrad Adam: Die Sozialkapitalisten (27.5.2026) Mietb\u00fcrokatie statt Wohnbau\u00a0(19.5.2026) Wohnungsbau funktioniert nur durch Privatwirtschaft\u00a0(19.4.2024) Wohneigentumsquote 41,8 % in Deutschland: EU-Schlusslicht\u00a0(28.11.2025) Markus Krall: \u201eMan wird das auch mit Ihnen &hellip; <a href=\"https:\/\/www.freiburg-schwarzwald.de\/blog\/engagement\/zukunft\/demokratie\/privateigentum\/\">Weiterlesen <span class=\"meta-nav\">&rarr;<\/span><\/a><\/p>\n","protected":false},"author":2,"featured_media":0,"parent":21084,"menu_order":0,"comment_status":"closed","ping_status":"closed","template":"","meta":{"footnotes":""},"class_list":["post-85683","page","type-page","status-publish","hentry"],"_links":{"self":[{"href":"https:\/\/www.freiburg-schwarzwald.de\/blog\/wp-json\/wp\/v2\/pages\/85683","targetHints":{"allow":["GET"]}}],"collection":[{"href":"https:\/\/www.freiburg-schwarzwald.de\/blog\/wp-json\/wp\/v2\/pages"}],"about":[{"href":"https:\/\/www.freiburg-schwarzwald.de\/blog\/wp-json\/wp\/v2\/types\/page"}],"author":[{"embeddable":true,"href":"https:\/\/www.freiburg-schwarzwald.de\/blog\/wp-json\/wp\/v2\/users\/2"}],"replies":[{"embeddable":true,"href":"https:\/\/www.freiburg-schwarzwald.de\/blog\/wp-json\/wp\/v2\/comments?post=85683"}],"version-history":[{"count":6,"href":"https:\/\/www.freiburg-schwarzwald.de\/blog\/wp-json\/wp\/v2\/pages\/85683\/revisions"}],"predecessor-version":[{"id":149760,"href":"https:\/\/www.freiburg-schwarzwald.de\/blog\/wp-json\/wp\/v2\/pages\/85683\/revisions\/149760"}],"up":[{"embeddable":true,"href":"https:\/\/www.freiburg-schwarzwald.de\/blog\/wp-json\/wp\/v2\/pages\/21084"}],"wp:attachment":[{"href":"https:\/\/www.freiburg-schwarzwald.de\/blog\/wp-json\/wp\/v2\/media?parent=85683"}],"curies":[{"name":"wp","href":"https:\/\/api.w.org\/{rel}","templated":true}]}}