{"id":85478,"date":"2020-12-04T20:43:18","date_gmt":"2020-12-04T19:43:18","guid":{"rendered":"https:\/\/www.freiburg-schwarzwald.de\/blog\/?page_id=85478"},"modified":"2026-02-11T16:31:10","modified_gmt":"2026-02-11T15:31:10","slug":"impfung","status":"publish","type":"page","link":"https:\/\/www.freiburg-schwarzwald.de\/blog\/business\/gesund\/corona-virus\/impfung\/","title":{"rendered":"Impfung"},"content":{"rendered":"<p><a href=\"https:\/\/www.freiburg-schwarzwald.de\/blog\">Home<\/a>\u00a0&gt;<a title=\"Business\" href=\"https:\/\/www.freiburg-schwarzwald.de\/blog\/business\">Business<\/a>\u00a0&gt;<a title=\"Gesund\" href=\"https:\/\/www.freiburg-schwarzwald.de\/blog\/business\/gesund\/\">Gesund<\/a>\u00a0&gt;<a title=\"Medizin\" href=\"https:\/\/www.freiburg-schwarzwald.de\/blog\/business\/gesund\/medizin\/\">Medizin<\/a>\u00a0&gt;<a title=\"Corona-Virus\" href=\"https:\/\/www.freiburg-schwarzwald.de\/blog\/business\/gesund\/corona-virus\/\">Corona-Virus<\/a> &gt;Impfung<\/p>\n<div id=\"attachment_84698\" style=\"width: 649px\" class=\"wp-caption alignnone\"><a href=\"https:\/\/www.freiburg-schwarzwald.de\/blog\/wp-content\/uploads\/2020\/11\/dreisamtal-frauensteigfelsen2020nov-pan.jpg\"><img loading=\"lazy\" decoding=\"async\" aria-describedby=\"caption-attachment-84698\" class=\"wp-image-84698 size-full\" src=\"https:\/\/www.freiburg-schwarzwald.de\/blog\/wp-content\/uploads\/2020\/11\/dreisamtal-frauensteigfelsen2020nov-pan.jpg\" alt=\"\" width=\"639\" height=\"293\" srcset=\"https:\/\/www.freiburg-schwarzwald.de\/blog\/wp-content\/uploads\/2020\/11\/dreisamtal-frauensteigfelsen2020nov-pan.jpg 639w, https:\/\/www.freiburg-schwarzwald.de\/blog\/wp-content\/uploads\/2020\/11\/dreisamtal-frauensteigfelsen2020nov-pan-180x83.jpg 180w\" sizes=\"auto, (max-width: 639px) 100vw, 639px\" \/><\/a><p id=\"caption-attachment-84698\" class=\"wp-caption-text\">Blick vom Frauensteigfelsen ob Buchenbach \u00fcbers Dreisamtal nach Freiburg und zu den Vogesen im Herbst 2020<\/p><\/div>\n<p>&nbsp;<\/p>\n<ul>\n<li><em>Listenauswahl eines Beitrags (Artikel\/Datum, Seite\/Inhalt):\u00a0<span style=\"text-decoration: underline;\">Klicken<\/span>\u00a0oder scrollen<\/em><\/li>\n<li>Helmut Sterz: Die Impf-Mafia (7.2.2026)<\/li>\n<li>Covid19-Impfungen: \u201eWer jetzt noch mitmacht, handelt verbrecherisch!\u201c (10.12.2025<\/li>\n<li><a href=\"https:\/\/www.freiburg-schwarzwald.de\/blog\/business\/gesund\/corona-virus\/impf-versprechen\/\">Helmut Sterz: Die Impf-Mafia -Pfizers Ex-Cheftoxikologe packt aus<\/a> (27.11.2025)<\/li>\n<li><a href=\"https:\/\/www.freiburg-schwarzwald.de\/blog\/business\/gesund\/wearables\/\">Der \u00dcberwachungsstaat an deinem Handgelenk<\/a>\u00a0(6.8.2025)<\/li>\n<li>Follow the Silenced: Der Film zur Wahrheit \u00fcber Impfsch\u00e4den (19.7.2025)<\/li>\n<li><a href=\"https:\/\/www.freiburg-schwarzwald.de\/blog\/business\/gesund\/corona-virus\/post-vac\/\">mRNA: Kardiologe fordert strafrechtliche Ermittlungen gegen Paul-Ehrlich-Institut<\/a>\u00a0(26.2.2025)<\/li>\n<li><a href=\"https:\/\/www.freiburg-schwarzwald.de\/blog\/business\/gesund\/corona-virus\/impf-versprechen\/\">Aufgetauchte Impfdaten des PEI: \u201eBlanker Horror\u201c \u2013 mit Prof. Dyker und Prof. Matysik<\/a> (1.1.2025)<\/li>\n<li><a href=\"https:\/\/www.freiburg-schwarzwald.de\/blog\/business\/gesund\/corona-virus\/corona-fazit\/\">K\u00fcnstliche Intelligenz: Impfbetrug war nur der Anfang<\/a>\u00a0(26.3.2024)<\/li>\n<li>Impfdosen im Wert von 4 Milliarden Euro vernichtet (19.12.2023)<\/li>\n<li>MDR l\u00f6scht Beitrag zu DNA-Verunreinigungen der mRNA-Impfstoffe\u00a0 (17.12.2023)<\/li>\n<li><a href=\"https:\/\/www.freiburg-schwarzwald.de\/blog\/business\/gesund\/corona-virus\/impfzwang\/\">EMA: Niemand hatte die Absicht, eine Massenimpfung zuzulassen<\/a> (24.11.2023)<\/li>\n<li><a href=\"https:\/\/www.freiburg-schwarzwald.de\/blog\/business\/gesund\/corona-virus\/impf-versprechen\/\">Impfstoff-Vertrag zwischen BioNTech-Pfizer und der EU geleakt<\/a> (4.11.2023)<\/li>\n<li><a href=\"https:\/\/www.freiburg-schwarzwald.de\/blog\/business\/gesund\/corona-virus\/impf-versprechen\/\">Oberster Gerichtshof von New York: Impfpflicht rechtswidrig<\/a> (27.10.2023)<\/li>\n<li>Emotionaler Appell von Dr. Gunter Frank: Sch\u00fctzt Eure S\u00e4uglinge und Kinder vor der Covid-19-Spritze (3.10.2023)<\/li>\n<li><a href=\"https:\/\/www.freiburg-schwarzwald.de\/blog\/business\/gesund\/corona-virus\/corona-rechenschaft\/\">Die gro\u00dfe mRNA-Abrechnung des Weltklasse-Kardiologen Dr. Peter McCullough<\/a> (28.9.2023)<\/li>\n<li><a href=\"https:\/\/www.freiburg-schwarzwald.de\/blog\/business\/gesund\/corona-virus\/impfung\/\">Globale Aufkl\u00e4rung dank Pfizer-Files<\/a> (24.3.2023)<\/li>\n<li><a href=\"https:\/\/www.freiburg-schwarzwald.de\/blog\/gestaendnis-lauterbach-110000\/\">Gest\u00e4ndnis Lauterbach 1:10000<\/a>\u00a0(16.3.2023)<\/li>\n<li><a href=\"https:\/\/www.freiburg-schwarzwald.de\/blog\/baeume-pflanzen-arvay-baeume\/\">B\u00e4ume Pflanzen \u2013 Arvay-B\u00e4ume<\/a>\u00a0(8.3.2023)<\/li>\n<li><a href=\"https:\/\/www.freiburg-schwarzwald.de\/blog\/impfkritiker-arvay-suizid\/\">Impfkritiker Arvay &#8211; Suizid<\/a> (24.2.2023)<\/li>\n<li><a href=\"https:\/\/www.freiburg-schwarzwald.de\/blog\/business\/gesund\/corona-virus\/corona-aufarbeitung\/\">Corona-Pandemie-Aufarbeitung von unten: Peter Ganz<\/a>\u00a0(22.2.2022)<\/li>\n<li><a href=\"https:\/\/www.freiburg-schwarzwald.de\/blog\/business\/gesund\/corona-virus\/corona-nebenwirkungen\/\">Impfsch\u00e4den: \u201eDer Elefant im Raum ist die Haftung\u201c<\/a> (25.12.2022)<\/li>\n<li>Wirtschaftsminister Robert Habeck: &#8222;Impfen bis die Nadel gl\u00fcht&#8220; (15.12.2022)<\/li>\n<li>Covid: Pandemie der Geimpften (23.11.2022)<\/li>\n<li><a href=\"https:\/\/www.freiburg-schwarzwald.de\/blog\/business\/gesund\/corona-virus\/impf-versprechen\/\">4,5 Mrd Covid19-Impfdosen f\u00fcr 450 Mio EU-B\u00fcrger<\/a> (15.10.2022)<\/li>\n<li><a href=\"https:\/\/www.freiburg-schwarzwald.de\/blog\/pfizer-luege-zu-corona-impfung\/\">Pfizer-L\u00fcge zu Corona-Impfung<\/a> (13.10.2022)<\/li>\n<li><a href=\"https:\/\/www.freiburg-schwarzwald.de\/blog\/bill-gates-regiert-in-berlin-mit\/\">Bill Gates regiert in Berlin mit<\/a>\u00a0(21.9.2022)<\/li>\n<li><a href=\"https:\/\/www.freiburg-schwarzwald.de\/blog\/impfnebenwirkungen-galerie-fr\/\">Impfnebenwirkungen-Galerie in FR<\/a>\u00a0(29.8.2022)<\/li>\n<li><a href=\"https:\/\/www.freiburg-schwarzwald.de\/blog\/business\/gesund\/corona-virus\/corona-kinder\/\">Kinderimpfungen in D\u00e4nemark: gestoppt<\/a> (19.8.2022)<\/li>\n<li><a href=\"https:\/\/www.freiburg-schwarzwald.de\/blog\/business\/gesund\/medizin\/\">75 Jahre N\u00fcrnberger Kodex: Freiwilligkeit \u2013 immer<\/a> (19.8.2022)<\/li>\n<li><a href=\"https:\/\/www.freiburg-schwarzwald.de\/blog\/business\/gesund\/who\/\">Der Chef der WHO, Thedros Ghebreyesus, bleibt ungeimpft<\/a> (9.8.2022)<\/li>\n<li><a href=\"https:\/\/www.freiburg-schwarzwald.de\/blog\/wir-testen-uns-zu-tode\/\">Corona: Wir testen uns zu Tode<\/a> (1.7.2022)<\/li>\n<li><a href=\"https:\/\/www.freiburg-schwarzwald.de\/blog\/56-tote-in-schweden-116-in-d\/\">56 Tote in Schweden, 116 in D<\/a>\u00a0(9.5.2022)<\/li>\n<li><a href=\"https:\/\/www.freiburg-schwarzwald.de\/blog\/business\/gesund\/corona-virus\/corona-justiz\/\">\u201eHexenproze\u00df\u201c in Passau gegen Arzt Dr. Weikl<\/a>\u00a0(5.5.2022)<\/li>\n<li><a href=\"https:\/\/www.freiburg-schwarzwald.de\/blog\/engagement\/buergerinitiativen\/spaziergaenge\/\">Nach dem Impfpflicht-Aus: Die wahren Helden \u2013 Montagsspazierg\u00e4nger<\/a> (9.4.2022)<\/li>\n<li><a href=\"https:\/\/www.freiburg-schwarzwald.de\/blog\/business\/gesund\/corona-virus\/corona-wissenschaft\/\">CDC widerruft PCR-Test als Nachweis f\u00fcr Sars-CoV-2<\/a>\u00a0 (7.4.2022)<\/li>\n<li><a href=\"https:\/\/www.freiburg-schwarzwald.de\/blog\/business\/gesund\/corona-virus\/kollateralschaden\/\">#ploetzlichundunerwartet \u2013 Jung und tot: Warum?<\/a> (30.3.2022)<\/li>\n<li><a href=\"https:\/\/www.freiburg-schwarzwald.de\/blog\/ungeimpfte-krankenschwester\/\">Ungeimpfte Krankenschwester<\/a>\u00a0(17.3.2022)<\/li>\n<li><a href=\"https:\/\/www.freiburg-schwarzwald.de\/blog\/kultur\/medien\/diskussionskultur\/sippenhaft\/\">Erst die Ungeimpften \u2013 jetzt die Russen<\/a>\u00a0(4.3.2022)<\/li>\n<li><a href=\"https:\/\/www.freiburg-schwarzwald.de\/blog\/ausgrenzung-ungeimpfter-tabu\/\">Ausgrenzung Ungeimpfter: Tabu<\/a>\u00a0(5.2.2022)<\/li>\n<li><a href=\"https:\/\/www.freiburg-schwarzwald.de\/blog\/business\/gesund\/who\/\">Bill Gates \u2013 Corona \u2013 Medien \u2013 WHO Interessenkonflikt<\/a>\u00a0(26.1.2022)<\/li>\n<li><a href=\"https:\/\/www.freiburg-schwarzwald.de\/blog\/kultur\/medien\/verschwoerungstheorien\/\">Die Psychologie des Verschw\u00f6rungsleugners<\/a> (28.12.2021)<\/li>\n<li><a href=\"https:\/\/www.freiburg-schwarzwald.de\/blog\/angst-geimpfte-wie-ungeimpfte\/\">Angst: Geimpfte wie Ungeimpfte<\/a> (23.12.2021)<\/li>\n<li><a href=\"https:\/\/www.freiburg-schwarzwald.de\/blog\/unwahre-zahlen-machen-angst\/\">Unwahre Zahlen machen Angst<\/a> (18.12.2021)<\/li>\n<li><a href=\"https:\/\/www.freiburg-schwarzwald.de\/blog\/europarat-impf-diskriminierung\/\">Europarat: Impf-Diskriminierung<\/a>\u00a0(5.12.2021)<\/li>\n<li><a href=\"https:\/\/www.freiburg-schwarzwald.de\/blog\/business\/gesund\/corona-virus\/impf-versprechen\/\">Impf-Versprechen nicht gehalten: L\u00fcge und S\u00fcndenbocktheorie<\/a>\u00a0(29.11.2021)<\/li>\n<li>Mutante Omicron &#8211; und schon ist der Impfstoff da (27.11.2021)<\/li>\n<li>Biontech-Impfung: Herzmuskelentz\u00fcndung bei Jugendlichen (26.11.2021)<\/li>\n<li><a href=\"https:\/\/www.freiburg-schwarzwald.de\/blog\/business\/markt\/weihnachtsmarkt\/\">Ungeimpfte: Wir werden euch viel zu vergeben haben<\/a>\u00a0 (25.11.2021)<\/li>\n<li><a href=\"https:\/\/www.freiburg-schwarzwald.de\/blog\/rassismus-gegen-migranten\/\">Rassismus gegen Migranten?<\/a>\u00a0(22.11.2021)<\/li>\n<li><a href=\"https:\/\/www.freiburg-schwarzwald.de\/blog\/business\/gesund\/corona-virus\/impfzwang\/\">Sahra Wagenknecht: Politik als S\u00fcndenbock \u2013 nicht Impfskeptiker<\/a> (20.11.2021)<\/li>\n<li><a href=\"https:\/\/www.freiburg-schwarzwald.de\/blog\/selbsthilfe\/soziales\/arbeit\/jobverlust\/\">Ethikprofessorin Julie Ponesse: Geben Sie Ihre Rechte nicht auf!<\/a>\u00a0 (19.11.2021)<\/li>\n<li><a href=\"https:\/\/www.freiburg-schwarzwald.de\/blog\/das-leben-nach-corona-wie\/\">Das Leben nach Corona \u2013 wie?<\/a>\u00a0(18.11.2021)<\/li>\n<li><a href=\"https:\/\/www.freiburg-schwarzwald.de\/blog\/business\/gesund\/corona-virus\/impfzwang\/\">Arztsprechzeit: Geimpfte 10 Std und Ungeimpfte 10 min<\/a> (16.11.2021)<\/li>\n<li><a href=\"https:\/\/www.freiburg-schwarzwald.de\/blog\/geimpfte-gleich-ungeimpfte\/\">Geimpfte gleich Ungeimpfte!<\/a> (13.11.2021)<\/li>\n<li>RKI stellt im Kleingedruckten Corona-Politik auf den Kopf (9.11.2021)<\/li>\n<li><a href=\"https:\/\/www.freiburg-schwarzwald.de\/blog\/wahrheit-seibert-weizsaecker\/\">Wahrheit: Seibert &#8211; von\u00a0Weizs\u00e4cker<\/a> (6.11.2021)<\/li>\n<li><a href=\"https:\/\/www.freiburg-schwarzwald.de\/blog\/business\/gesund\/corona-virus\/impfzwang\/\">Freiburger Medizinethiker: \u201eMan m\u00f6chte Nichtgeimpfte erpressen\u201c<\/a>\u00a0(22.9.2021)<\/li>\n<li><a href=\"https:\/\/www.freiburg-schwarzwald.de\/blog\/business\/gesund\/corona-virus\/impfzwang\/\">Heribert Prantl: Mit Grundrechten geimpft<\/a>\u00a0(18.9.2021)<\/li>\n<li><a href=\"https:\/\/www.freiburg-schwarzwald.de\/blog\/ioannidis-wissenschaft-cudos\/\">Ioannidis: Wissenschaft-CUDOS<\/a>\u00a0(15.9.2021)<\/li>\n<li><a href=\"https:\/\/www.freiburg-schwarzwald.de\/blog\/business\/gesund\/corona-virus\/corona-geschichte\/\">KBV-Vorstand dr\u00e4ngt: Alle Corona-Ma\u00dfnahmen beenden<\/a>\u00a0(17.9.2021)<\/li>\n<li><a href=\"https:\/\/www.freiburg-schwarzwald.de\/blog\/business\/gesund\/corona-virus\/corona-warum\/\">\u201eHolt mich hier raus\u201c: 50 Jahre Stanford-Prison-Experiment<\/a>\u00a0(14.8.2021)<\/li>\n<li><a href=\"https:\/\/www.freiburg-schwarzwald.de\/blog\/eine-andere-freiheit\/\">Eine andere Freiheit<\/a>\u00a0(10.9.2021)<\/li>\n<li>Sind Impfkritiker jetzt auch noch Judenfeinde? (10.9.2021)<\/li>\n<li><a href=\"https:\/\/www.freiburg-schwarzwald.de\/blog\/inzidenz-5-zu-80-fuer-geimpfte\/\">Inzidenz: 5 zu 80 f\u00fcr Geimpfte?<\/a> (28.8.2021)<\/li>\n<li><a href=\"https:\/\/www.freiburg-schwarzwald.de\/blog\/gleichheit-herz-statt-spaltung\/\">Gleichheit + Herz statt Spaltung<\/a>\u00a0(26.8.2021)<\/li>\n<li>Ein Drittel der Weltbev\u00f6lkerung mit Vektorimpfstoff oder mRNA-Vakzinen geimpft (23.8.2021)<\/li>\n<li>Niemanden aufgrund von Covid oder seines Impfstatus diskriminieren (21.8.2021)<\/li>\n<li><a href=\"https:\/\/www.freiburg-schwarzwald.de\/blog\/global\/eu\/eu-schuldenunion\/\">Merkel \u201eNiemand hat die Absicht\u201c: Schuldenunion 2020 \u2013 Impfpflicht 2021<\/a> (15.8.2021)<\/li>\n<li>Keine Verschw\u00f6rungstheorie mehr: 2 Impfungen reichen nicht aus (11.8.2021)<\/li>\n<li><a href=\"https:\/\/www.freiburg-schwarzwald.de\/blog\/anstecken-statt-impfen-in-f\/\">Anstecken statt impfen in F<\/a>\u00a0(6.8.2021)<\/li>\n<li>Impfdruck und Impfzwang nicht rechtm\u00e4\u00dfig (6.8.2021)<\/li>\n<li><a href=\"https:\/\/www.freiburg-schwarzwald.de\/blog\/engagement\/verantwortung\/\">Boris Palmer: f\u00fcr Eigenverantwortung, gegen Schulschlie\u00dfungen<\/a> (6.8.2021)<\/li>\n<li>Impfung ohne Wirkung? (5.8.2021)<\/li>\n<li><a href=\"https:\/\/www.freiburg-schwarzwald.de\/blog\/engagement\/zukunft\/demokratie\/freiheit\/freiheitsrechte\/\">Kanzleramt: \u201eGeimpfte werden definitiv mehr Freiheiten haben als Ungeimpfte\u201c\u00a0<\/a> (26.7.2021)<\/li>\n<li><a href=\"https:\/\/www.freiburg-schwarzwald.de\/blog\/ethik-ungeimpfte-diskriminieren\/\">Ethik: Ungeimpfte diskriminieren<\/a> (26.7.2021)<\/li>\n<li>Gegen Massenimpfung der Kinder (20.5.2021)<\/li>\n<li>Kinder ab 12 Jahren impfen? (27.5.2021)<\/li>\n<li><a href=\"https:\/\/www.freiburg-schwarzwald.de\/blog\/5vor12-fuer-kids-und-teens-in-fr\/\">5vor12 f\u00fcr Kids und Teens in FR<\/a>\u00a0(22.5.2021)<\/li>\n<li><a href=\"https:\/\/www.freiburg-schwarzwald.de\/blog\/kinder-als-corona-leidtragende\/\">Kinder als Corona-Leidtragende<\/a>\u00a0(21.5.2021)<\/li>\n<li>Corona fordert differenzierte Betrachtung und Respekt voreinander (18.5.2021)<\/li>\n<li>Indubio Folge 126 \u2013 Sucharit Bhakdi und Gunter Frank (13.5.2021)<\/li>\n<li><a href=\"https:\/\/www.freiburg-schwarzwald.de\/blog\/global\/usa\/biden\/\">Impfpass in Unternehmen wie Schule verboten bei 5.000 $ Strafe<\/a>\u00a0(2.5.2021)<\/li>\n<li><a href=\"https:\/\/www.freiburg-schwarzwald.de\/blog\/business\/gesund\/medizin\/\">Arzneimittel = Medikamente (an Kranke) sowie Impfstoffe (an Gesunde)<\/a> (1.5.2021)<\/li>\n<li><a href=\"https:\/\/www.freiburg-schwarzwald.de\/blog\/business\/gesund\/virus\/\">Virologe Geert Vanden Bossche: Warnung vor Massenimpfungen<\/a> (29.4.2021)<\/li>\n<li><a href=\"https:\/\/www.freiburg-schwarzwald.de\/blog\/indubio-116-krankheit-egal-hauptsache-covid\/\">Indubio 166: Krankheit egal &#8211; Hauptsache Covid<\/a> (8.4.2021)<\/li>\n<li><a href=\"https:\/\/www.freiburg-schwarzwald.de\/blog\/business\/gesund\/corona-virus\/lockdown-endlos\/\">Test-Orgien begr\u00fcnden Lockdown-Orgien \u2013 helfen tun sie beide nicht<\/a>\u00a0(4.4.2021)<\/li>\n<li><a href=\"https:\/\/www.freiburg-schwarzwald.de\/blog\/business\/gesund\/corona-virus\/herdenimmunitaet\/\">Robert Koch: \u201eDas Bakterium ist nichts, der Wirt (Immunsystem) ist alles\u201c<\/a>\u00a0(4.4.2021)<\/li>\n<li><a href=\"https:\/\/www.freiburg-schwarzwald.de\/blog\/business\/gesund\/corona-virus\/maske\/\">Dr. med. Margareta Griesz-Brisson zu Maske und Impfung<\/a> (6.3.2021)<\/li>\n<li><a href=\"https:\/\/www.freiburg-schwarzwald.de\/blog\/global\/eu\/eu-sozialpolitik\/\">EU-Sozialpolitik garantiert Sozialabbau<\/a> (5.3.2021)<\/li>\n<li>Gest\u00f6rter Frieden in St.Peter wegen Corona-Impfung (1.3.2021)<\/li>\n<li><a href=\"https:\/\/www.freiburg-schwarzwald.de\/blog\/israel-und-deutschland-vakzine\/\">Israel und Deutschland: Vakzine<\/a>\u00a0(27.2.2021)<\/li>\n<li><a href=\"https:\/\/www.freiburg-schwarzwald.de\/blog\/eu-pandemie-no-win-situation\/\">EU-Pandemie: No-Win-Situation<\/a>\u00a0(25.2.2021)<\/li>\n<li>Corona-Studie aus Israel &#8211; Hohe Wirksamkeit von BioNtech-Impfstoff (21.2.2021)<\/li>\n<li>Nat\u00fcrliche Immunisierung anstelle von Impfung (19.2.2021)<\/li>\n<li><a href=\"https:\/\/www.freiburg-schwarzwald.de\/blog\/engagement\/zukunft\/demokratie\/zweiklassengesellschaft\/\">In Corona-Impfstufe 2: 70-80J\u00e4hrige sowie minderj\u00e4hrige Asylanten<\/a> (5.2.2021)<\/li>\n<li>Was \u00f6ffentlich finanziert wird, sollte auch \u00f6ffentlich zug\u00e4nglich sein (1.2.2021)<\/li>\n<li>Impfen gegen Mutanten? (1.2.2021)<\/li>\n<li>Impfstoff-Einkauf: Versagen der EU-Kommission gegen\u00fcber USA -Trump und GBR (29.1.2021)<\/li>\n<li><a href=\"https:\/\/www.freiburg-schwarzwald.de\/blog\/business\/gesund\/corona-virus\/herdenimmunitaet\/\">40% der Schweden haben Antik\u00f6rper im Januar 2021<\/a> (26.1.2021)<\/li>\n<li><a href=\"https:\/\/www.freiburg-schwarzwald.de\/blog\/business\/gesund\/virus\/\">Die Abschaffung der Grippe \u2013 Influenza in Covid19 umbenannt<\/a>\u00a0(15.1.2021)<\/li>\n<li><a href=\"https:\/\/www.freiburg-schwarzwald.de\/blog\/business\/gesund\/corona-virus\/lockdown\/\">Neue Ioannidis-Studie erweist Lockdowns als wirkungslos<\/a>\u00a0(12.1.2021)<\/li>\n<li><a href=\"https:\/\/www.freiburg-schwarzwald.de\/blog\/impfstoffnationalismus\/\">Impfstoffnationalismus<\/a> (5.1.2021)<\/li>\n<li><a href=\"https:\/\/www.freiburg-schwarzwald.de\/blog\/keine-uebersterblichkeit-in-2020\/\">Keine \u00dcbersterblichkeit in 2020<\/a>\u00a0(5.1.2021)<\/li>\n<li><a href=\"https:\/\/www.freiburg-schwarzwald.de\/blog\/business\/gesund\/krankheit\/\">Immunsystem st\u00e4rken zur Abwehr von Corona<\/a>\u00a0(5.1.2021)<\/li>\n<li>Mutter Staat wird es nicht richten &#8211; Impfen (3.1.2021)<\/li>\n<li>Prof Hockertz zur Impfung: \u201eOb es funktioniert, wissen wir nicht\u201c (18.12.2020)<\/li>\n<li><a href=\"https:\/\/www.freiburg-schwarzwald.de\/blog\/angstkommunikation-dr-frank\/\">Angstkommunikation \u2013 Dr. Gunter Frank<\/a>\u00a0(16.12.2020)<\/li>\n<li><a href=\"https:\/\/www.freiburg-schwarzwald.de\/blog\/good-news\/\">Good News<\/a>\u00a0(6.12.2020)<\/li>\n<li><a href=\"http:\/\/lockdown\">Rupert Scholz (CDU): Verlogene Lockdown-Politik<\/a> (4.12.2020)<\/li>\n<li>Die vergebliche Sehnsucht nach der Wunderpille (4.12.2020)<\/li>\n<li><a href=\"https:\/\/www.freiburg-schwarzwald.de\/blog\/business\/gesund\/corona-virus\/corona-angst\/\">Positiv PCR-Getestete ungleich Coronaf\u00e4lle, Neuinfizierte bzw. Erkrankte<\/a>\u00a0(27.11.2020)<\/li>\n<\/ul>\n<ul>\n<li><a href=\"https:\/\/www.freiburg-schwarzwald.de\/blog\/engagement\/zukunft\/angst\/angstindustrie\/\">Angstindustrie<\/a><\/li>\n<li><a href=\"https:\/\/www.freiburg-schwarzwald.de\/blog\/business\/gesund\/corona-virus\/corona-justiz\/\">Corona-Justiz<\/a><\/li>\n<li><a href=\"https:\/\/www.freiburg-schwarzwald.de\/blog\/business\/gesund\/corona-virus\/corona-tod\/\">Corona-Tod<\/a><\/li>\n<li><a href=\"https:\/\/www.freiburg-schwarzwald.de\/blog\/business\/gesund\/corona-virus\/corona-wissenschaft\/\">Corona-Wissenschaft<\/a><\/li>\n<li><a href=\"https:\/\/www.freiburg-schwarzwald.de\/blog\/business\/gesund\/corona-virus\/epidemie\/\">Epidemie<\/a><\/li>\n<li><a href=\"https:\/\/www.freiburg-schwarzwald.de\/blog\/engagement\/zukunft\/demokratie\/ermaechtigungsgesetz\/\">\u201eErm\u00e4chtigungsgesetz\u201c<\/a><\/li>\n<li><a href=\"https:\/\/www.freiburg-schwarzwald.de\/blog\/global\/eu\/eu-sozialpolitik\/\">EU-Sozialpolitik<\/a><\/li>\n<li><a href=\"https:\/\/www.freiburg-schwarzwald.de\/blog\/impfstoffnationalismus\/\">Impfstoffnationalismus<\/a><\/li>\n<li><a href=\"https:\/\/www.freiburg-schwarzwald.de\/blog\/business\/gesund\/corona-virus\/impfzwang\/\">Impfzwang<\/a><\/li>\n<li><a href=\"https:\/\/www.freiburg-schwarzwald.de\/blog\/business\/gesund\/corona-virus\/impf-versprechen\/\">Impf-Versprechen<\/a><\/li>\n<li><a href=\"https:\/\/www.freiburg-schwarzwald.de\/blog\/selbsthilfe\/soziales\/arbeit\/jobverlust\/\">Jobverlust<\/a><\/li>\n<li><a href=\"https:\/\/www.freiburg-schwarzwald.de\/blog\/business\/gesund\/corona-virus\/kollateralschaden\/\">Kollateralschaden<\/a><\/li>\n<li><a href=\"https:\/\/www.freiburg-schwarzwald.de\/blog\/business\/gesund\/corona-virus\/maske\/\">Maske<\/a><\/li>\n<li><a href=\"https:\/\/www.freiburg-schwarzwald.de\/blog\/business\/gesund\/corona-virus\/herdenimmunitaet\/\">Herdenimmunit\u00e4t<\/a><\/li>\n<li><a href=\"https:\/\/www.freiburg-schwarzwald.de\/blog\/bildung\/philosophie\/meme\/\">Meme<\/a><\/li>\n<li><a href=\"https:\/\/www.freiburg-schwarzwald.de\/blog\/business\/gesund\/corona-virus\/corona-nebenwirkungen\/\">Nebenwirkungen<\/a><\/li>\n<li><a href=\"https:\/\/www.freiburg-schwarzwald.de\/blog\/business\/gesund\/corona-virus\/post-vac\/\">Post-Vac<\/a><\/li>\n<li><a href=\"https:\/\/www.freiburg-schwarzwald.de\/blog\/kultur\/medien\/diskussionskultur\/sippenhaft\/\">Sippenhaft<\/a><\/li>\n<li><a href=\"https:\/\/www.freiburg-schwarzwald.de\/blog\/business\/gesund\/virus\/\">Virus<\/a><\/li>\n<li><a href=\"https:\/\/www.freiburg-schwarzwald.de\/blog\/business\/gesund\/wearables\/\">Wearables<\/a><\/li>\n<li><a href=\"https:\/\/www.freiburg-schwarzwald.de\/blog\/business\/gesund\/who\/\">WHO<\/a><\/li>\n<\/ul>\n<p><strong>So wurden wir belogen &#8211; Impfung<\/strong><br \/>\nVerunreinigte Impfseren<br \/>\n25.2.2024<br \/>\n<a href=\"https:\/\/www.youtube.com\/watch?v=eqBeCfYYpZA\">https:\/\/www.youtube.com\/watch?v=eqBeCfYYpZA<\/a><br \/>\n===========================================================<\/p>\n<p>.<\/p>\n<p><strong>Helmut Sterz: Die Impf-Mafia<\/strong><br \/>\nEx-Pfizer-Cheftoxikologe H.Sterz klagt an: Spritze h\u00e4tte nie verabreicht werden d\u00fcrfen &#8211; Impf-Mafia<br \/>\nPeter Weber im Gespr\u00e4ch mit Dr. med. vet. Helmut Sterz, ehemaliger Chef-Toxikologe des Pfizer-Konzerns<br \/>\n7.2.2026<br \/>\n<a href=\"https:\/\/www.youtube.com\/watch?v=u4lpf35B9d8&amp;t=1s\">https:\/\/www.youtube.com\/watch?v=u4lpf35B9d8&amp;t=1s<\/a><br \/>\n<em>Helmut Sterz: Die Impf-Mafia<\/em><br \/>\n<em>Pfizers ehemaliger Chef-Toxiologe weist nach, wie und rechtswidrig Giftstoffe als Heilmittel gegen Covid-19 verkauft wurden<\/em><br \/>\n<em>Rubikon Verlag, ISBN 978390 76060 01, 24 Euro<\/em><\/p>\n<p>Pfizers ehemaliger Chef-Toxikologe packt aus: Die schmutzigen Gesch\u00e4fte der Impf-Mafia<br \/>\nZu den Corona-Impfstoffen, die an mehr als 5 Milliarden Menschen in ein bis f\u00fcnf Dosen verabreicht wurden und die bis zu 20 Millionen Todesf\u00e4lle sowie eine immense Zahl an Gesch\u00e4digten weltweit zur Folge hatten, scheint bereits alles gesagt worden zu sein.<br \/>\nEines jedoch ist bislang niemandem gelungen: den Beweis daf\u00fcr zu erbringen, dass die beteiligten Pharmariesen sehr genau wussten, dass man die gesamte Menschheit als Versuchskaninchen f\u00fcr nicht regelkonform zugelassene, genetisch modifizierende sowie giftige Produkte benutzte. Und das Leiden und Sterben vieler dabei bewusst in Kauf nahm.<br \/>\nNun liefert der ehemalige Chef-Toxikologe des Pfizer-Konzerns Dr. med. vet. Helmut Sterz die l\u00e4ngst \u00fcberf\u00e4llige Anklageschrift gegen diese hochprofitable Industrie. Er enth\u00fcllt ihre unfassbare Gier und Unehrlichkeit, dokumentiert ihre T\u00e4uschungen und Manipulationen, belegt ihre Rechtsbr\u00fcche und Verfehlungen und stellt eines unmissverst\u00e4ndlich klar: Ihre Spritzen h\u00e4tten niemals verabreicht werden d\u00fcrfen!<br \/>\n\u00bbHoffnungsschimmer f\u00fcr Impfgesch\u00e4digte? Der ehemalige Chef-Toxikologe von Pfizer, Dr. Helmut Sterz, sagt: &gt;Wenn man Herstellern wie Pfizer oder BioNTec nachweisen kann, dass sie vors\u00e4tzlich oder grob fahrl\u00e4ssig Schaden verursacht haben, dann greift die Haftungsbefreiung laut EU-Pfizer-Vertrag nicht&lt;. In seinem Buch &gt;Die Impf-Mafia&lt; sammelt der Wissenschaftler akribisch Munition f\u00fcr Impfgesch\u00e4digte und ihre Anw\u00e4lte. Die F\u00fclle der Vers\u00e4umnisse ist erschreckend&#8230;\u00ab Milena Preradovic<\/p>\n<p>&nbsp;<\/p>\n<p><strong>Covid19-Impfungen: \u201eWer jetzt noch mitmacht, handelt verbrecherisch!\u201c<\/strong><br \/>\nWir ver\u00f6ffentlichen nachfolgend den dramatischen Offenen Brief der Wissenschaftler Dr. med. vet. Helmut Sterz, Dr. med. Wolfgang Wodarg, Prof. Dr. med. Sucharit Bhakdi, Prof. Dr. rer. nat. Stefan W. Hockertz u.a., die dringend an alle Verantwortlichen appellieren, die \u201eCovid-19-Impfungen\u201c sofort einzustellen und zu verbieten. Es handele sich nicht um herk\u00f6mmliche Impfungen, sondern um gentechnische Injektionen auf Basis von modifizierter mRNA (\u00abmodRNA-Injektionen\u00bb) die alle potenziell lebensgef\u00e4hrlich seien. Es sei auch inzwischen \u201edas Ausma\u00df des wohl gr\u00f6\u00dften Verbrechens der Menschheitsgeschichte\u201c sichtbar geworden. Die Unterzeichner stellen unmissverst\u00e4ndlich fest: \u201eWer jetzt noch mitmacht, handelt verbrecherisch!\u201c<br \/>\n&#8230;<br \/>\nUnsere Forderungen und eine Prognose<br \/>\nUnsere wesentlichen Forderungen wurden von einem der Unterzeichnenden, Dr. Helmut Sterz, formuliert. In kompakter Form findet man sie im ersten Abschnitt des gerade erschienenen Artikels von Walach (20). Wir stehen zu 100 Prozent hinter den dort formulierten Forderungen.<br \/>\nWir fordern zudem jeden Leser des vorliegenden Artikels auf, das folgende \u00abmRNA-Moratorium\u00bb zu unterzeichnen: <a href=\"https:\/\/www.mwm-proof.com\/de\/unterzeichnen\/\">https:\/\/www.mwm-proof.com\/de\/unterzeichnen\/<\/a>.<br \/>\nWir er\u00f6ffneten unseren Artikel mit der \u00dcberschrift, dass durch die Entwicklungen der letzten Wochen mit der Entdeckung weiterer Sch\u00e4digungsmechanismen der gentechnischen Spritzen ein Ende der Verabreichung dieser Gifte zwingend n\u00f6tig ist. Dar\u00fcber darf es aus unserer Sicht nach Studium des Artikels keine zwei Meinungen mehr geben.<br \/>\nWir gehen jedoch noch einen Schritt weiter: da die erw\u00e4hnten Sch\u00e4digungsmechanismen im Wesentlichen modRNA-Technologie inh\u00e4rent sind, fordern wir heute auch den Anfang vom Ende der Anwendung dieser Technologie als Pr\u00e4ventivma\u00dfnahme bei Infektionskrankheiten.<br \/>\nDr. med. vet. Helmut Sterz<br \/>\nDr. med. Wolfgang Wodarg<br \/>\nProf. Dr. med. Sucharit Bhakdi<br \/>\nProf. Dr. rer. nat. Stefan W. Hockertz<br \/>\nRechtsanwalt Philipp Kruse, LL.M.<br \/>\nJens Wernicke, Verlagsleiter Rubikon-Verlag<br \/>\n&#8230; Alles vom 10.12.225 bitte lesen auf<br \/>\n<a href=\"https:\/\/fassadenkratzer.de\/2025\/12\/10\/wer-jetzt-noch-mitmacht-handelt-verbrecherisch\/\">https:\/\/fassadenkratzer.de\/2025\/12\/10\/wer-jetzt-noch-mitmacht-handelt-verbrecherisch\/<\/a><\/p>\n<p>&nbsp;<\/p>\n<p><strong>Follow the Silenced: Der Film zur Wahrheit \u00fcber Impfsch\u00e4den<\/strong><br \/>\nFILM-Weltpremiere &#8211; nun online: FOLLOW THE SILENCED &#8211; Folge den zum Schweigen Gebrachten<br \/>\nBitte NICHT anschauen (oder doch?), es k\u00f6nnte Euch zu sehr schockieren!<br \/>\nJetzt ist der Film online verf\u00fcgbar z.B. mit bei firefox-browser z.T. nicht gut \u00fcbersetzten deutschen Untertiteln online.<br \/>\n&#8222;Nachdem er beim Santa Monica International Film Festival 2025 den Preis f\u00fcr den besten Film des Festivals und die beste Regie gewonnen hat, ist dieser kraftvolle Film nun bereit, auf der Weltb\u00fchne zu deb\u00fctieren &#8211; und wir m\u00f6chten, dass Sie daran teilhaben.&#8220;<br \/>\nhttps:\/\/sayerji.substack.com\/p\/follow-the-silenced-world-premiere<br \/>\n&#8222;Seit der Ver\u00f6ffentlichung von VAXXED haben wir keinen so kraftvollen, ergreifenden und herzzerrei\u00dfenden Film gesehen wie Follow the Silenced. Dies ist mehr als ein Film &#8211; es ist ein Aufruf, ein vernichtendes Expos\u00e9 und ein Zeugnis f\u00fcr den unnachgiebigen Geist derjenigen, die es wagen, im Angesicht von institutionalisiertem Schaden die Wahrheit zu sagen. Er beleuchtet die verheerenden Folgen von Impfsch\u00e4den und den Verrat an der Einwilligung nach Aufkl\u00e4rung und w\u00fcrdigt gleichzeitig den Mut derer, die aufstehen und das Schweigen brechen. Ich fordere jeden auf, den Film anzusehen, ihn zu teilen und diese Geschichte des Triumphs \u00fcber die Tyrannei zu feiern.&#8220; ~ Sayer Ji, Gr\u00fcnder von GreenMedInfo.com und Vorsitzender des Global Wellness Forum. \u00dcbersetzt mit DeepL.com (kostenlose Version)<br \/>\n19.7.2025<\/p>\n<p>&nbsp;<\/p>\n<p><strong>Impfdosen im Wert von 4 Milliarden Euro vernichtet<\/strong><br \/>\nIn der EU mussten 215 Millionen Dosen der Covid-\u201eImpfstoffe\u201c vernichtet bzw. \u201eentsorgt\u201c werden, hei\u00dft es in Medienberichten.<br \/>\n&#8230; Alles vom 19.12.2023 bitte lesen auf<br \/>\n<a href=\"https:\/\/www.achgut.com\/artikel\/impfdosen_im_wert_von_4_milliarden_euro_vernichtet\">https:\/\/www.achgut.com\/artikel\/impfdosen_im_wert_von_4_milliarden_euro_vernichtet<\/a><\/p>\n<p><strong>Corona&#8211;Impfung: das erste Mal &#8230;<\/strong><br \/>\n&#8222;Es ist das erste Mal in der Geschichte der Medizin,<br \/>\nda\u00df die fehlende Wirkung eines Medikaments in die Schule derer geschoben wird,<br \/>\ndie das Medikament nicht genommen haben&#8220;.<br \/>\nDr. Dieter Klinghardt, 10\/2021<\/p>\n<p>&nbsp;<\/p>\n<p><strong>Da die Impfung nicht (mehr?) vor eigener Ansteckung und der Dritter sch\u00fctzt, ist auch das Junktim zwischen Impfstatus und \u201eFreiheitsrechten\u201c eine rein politische Entscheidung, die jeder wissenschaftlichen Grundlage entbehrt.<\/strong> (Dr. Jesko Matthes)<\/p>\n<p>&#8222;Als Ungeimpfter empfinde ich die Aussicht, nicht ins Theater, Kino oder Museum zu m\u00fcssen, als eindeutige Verbesserung meiner Lebensqualit\u00e4t. Restaurants brauche ich auch nicht, ich ess eh lieber Fleischsalat direkt ausm Becher, w\u00e4hrend ich Netflix gucke.&#8220;<br \/>\nHarald Schmidt in DIE ZEIT, 8\/2021.<br \/>\n.<br \/>\n&#8222;Laut Reuters werden Millionen Migranten, Fl\u00fcchtlinge und Asylsuchende nicht geimpft. Grund: Pfizer &amp; Co erhalten von den Herkunftsl\u00e4ndern keinen Haftungsausschluss. Wegen des Risikos weigern sie sich, dorthin zu liefern. twitter.com \/Reuters\/status &#8230;&#8220;<br \/>\nSo Stefan Homburg @SHomburg &#8211; Dec 17, 2021<\/p>\n<p><strong>\u201eW\u00fcrde es sich um eine echte Pandemie handeln,<\/strong><br \/>\n<strong>g\u00e4be es keinen Schwarzmarkt f\u00fcr gef\u00e4lschte Impfp\u00e4sse,<\/strong><br \/>\n<strong>sondern einen f\u00fcr Impfstoffe.\u201d<br \/>\n<\/strong>=====================================<br \/>\n.<\/p>\n<div id=\"attachment_114900\" style=\"width: 650px\" class=\"wp-caption alignnone\"><a href=\"https:\/\/www.freiburg-schwarzwald.de\/blog\/wp-content\/uploads\/2023\/08\/corona-isolation-terror-pan2020.jpg\"><img loading=\"lazy\" decoding=\"async\" aria-describedby=\"caption-attachment-114900\" class=\"size-full wp-image-114900\" src=\"https:\/\/www.freiburg-schwarzwald.de\/blog\/wp-content\/uploads\/2023\/08\/corona-isolation-terror-pan2020.jpg\" alt=\"\" width=\"640\" height=\"315\" srcset=\"https:\/\/www.freiburg-schwarzwald.de\/blog\/wp-content\/uploads\/2023\/08\/corona-isolation-terror-pan2020.jpg 640w, https:\/\/www.freiburg-schwarzwald.de\/blog\/wp-content\/uploads\/2023\/08\/corona-isolation-terror-pan2020-180x89.jpg 180w\" sizes=\"auto, (max-width: 640px) 100vw, 640px\" \/><\/a><p id=\"caption-attachment-114900\" class=\"wp-caption-text\">Corona-Angstmache, Isolation, Unfreiheit 2020-2022: Wir vergessen nichts<\/p><\/div>\n<p>&nbsp;<\/p>\n<p><strong>MDR l\u00f6scht Beitrag zu DNA-Verunreinigungen der mRNA-Impfstoffe\u00a0<\/strong><br \/>\nDer MDR-Beitrag \u00fcber die DNA-Verunreinigungen der mRNA-Impfstoffe wurde gel\u00f6scht. Die Umschau-Redaktion des MDR wurde vom eigenen Sender scharf kritisiert. Der kleine Spalt, der sich im Mainstream ge\u00f6ffnet hat, ist brachial zugeschlagen worden.<br \/>\nIch habe den Beitrag gesichert und poste ihn hier gern f\u00fcr alle, die ihn nicht gesehen haben. 17.12.2023, <a href=\"https:\/\/t.me\/FreiSeinFreiburg\/41536\">https:\/\/t.me\/FreiSeinFreiburg\/41536<\/a><br \/>\n.<br \/>\n<strong>MDR \u2013 PlasmaGate \u2013 gel\u00f6schter Bericht auf Bitchute gesichert<\/strong><br \/>\nDer MDR hat #PlasmaGate in den Mediatheken gecancelt, aber hier k\u00f6nnen Sie den Beitrag weiterhin anschauen. Als Grund f\u00fcr seine L\u00f6schung gibt der Sender \u201eFragen und Hinweise\u201d an. Vermutlich haben Pharmakonzerne und Politik massiv interveniert.<br \/>\nHier geht es zum Bericht auf Bitchute<br \/>\n<a href=\"https:\/\/www.bitchute.com\/video\/enpjWWUO1smP\/\">https:\/\/www.bitchute.com\/video\/enpjWWUO1smP\/<\/a><br \/>\n.<br \/>\n<strong>Vermisst: MDR-Impfbeitrag und Frau Prof. Dr. K\u00f6nig<\/strong><br \/>\nDer MDR hat einen impfkritischen Beitrag offline genommen. Auf der Website der Uni Leipzig verschwand gleichzeitig die Kronzeugin des Beitrags. Wir sagen Ihnen, wo Sie beide wiederfinden. &#8230;<br \/>\nAch so: In unseren Zeiten geht nichts verloren. Der MDR mag seinen eigenen Beitrag aus der Mediathek entfernt haben, aber daf\u00fcr ist er auf der letzten Plattform der Meinungsfreiheit zu sehen. Klicken Sie einfach hier. <a href=\"https:\/\/twitter.com\/SHomburg\/status\/1737012130820550983\">https:\/\/twitter.com\/SHomburg\/status\/1737012130820550983<\/a><br \/>\n&#8230; Alles vom 20.12.2023 bitte lesen auf<br \/>\n<a href=\"https:\/\/www.achgut.com\/artikel\/vermisst_mdr_impfbeitrag_und_frau_prof_dr_koenig\">https:\/\/www.achgut.com\/artikel\/vermisst_mdr_impfbeitrag_und_frau_prof_dr_koenig<\/a><\/p>\n<p>&nbsp;<\/p>\n<p><strong>Emotionaler Appell von Dr. Gunter Frank: Sch\u00fctzt Eure S\u00e4uglinge und Kinder vor der Covid-19-Spritze<\/strong><br \/>\nAb Mittwoch geht Dr. Gunter Frank auf Lesereise. Im Interview mit Alexander Wallasch emp\u00f6rt er sich dar\u00fcber, dass seit gestern wieder mRNA-Dosen als Corona-Impfstoffe in die deutschen Arztpraxen ausgeliefert werden. Besonders emp\u00f6rend f\u00fcr Dr. Frank: Es sollen auch wieder S\u00e4uglinge und Kleinkinder mRNA-Spritzen bekommen. F\u00fcr den Arzt ist diese neuerliche Kampagne Teil eines Staatsverbrechens.<br \/>\nHeute werden die neuen mRNA-Stoffe f\u00fcr S\u00e4uglinge ab sechs Monaten an Kinderarztpraxen ausgeliefert. Was raten Sie einer Mutter, wenn eine Kinderarztpraxis mit diesem Angebot auf Sie zukommt?<br \/>\nIch rate den Eltern wirklich, ihren gesunden Menschenverstand anzuschalten. Eltern k\u00f6nnen im Moment nicht erwarten, von ihren \u00c4rzten hier korrekt beraten zu werden.<br \/>\nErstens: Gibt es gesunde Kinder, die von Covid-19 irgendwie relevant bedroht waren? Antwort: Nein. Die Eltern kennen auch kein solches Kind. Das waren schwerstkranke Kinder gewesen, teilweise mit nur einer geringen Lebenserwartung, die wirklich bedroht waren und auch gestorben sind an Covid-19. Aber man kann sie an einer Hand abz\u00e4hlen.<br \/>\nZweitens: Gibt es einen Ansteckungsschutz, also das Argument, dass die Kinder die Gro\u00dfeltern sch\u00fctzen? Klare Antwort: Nein! Inzwischen von jedem zugegeben.<br \/>\nDrittens: Mehren sich die Anzeichen, dass diese Impfstoffe hochgradig problematisch sind, dass die Art und Weise der Zulassung kriminell war, an allen Standards vorbei, und dass es immer mehr Menschen gibt, die durch diese Impfung vielleicht sogar bleibende Sch\u00e4den erlitten haben? Antwort: Ja!<br \/>\n&#8230; Alles vom 3.10.2023 von Gunter Frank bitte lesen auf<br \/>\n<a href=\"https:\/\/www.alexander-wallasch.de\/gesellschaft\/emotionaler-appell-von-dr-gunter-frank-schuetzt-eure-saeuglinge-und-kinder-vor-der-covid-19-spritze\">https:\/\/www.alexander-wallasch.de\/gesellschaft\/emotionaler-appell-von-dr-gunter-frank-schuetzt-eure-saeuglinge-und-kinder-vor-der-covid-19-spritze<\/a><br \/>\nKommende Veranstaltungen mit Dr. Gunter Frank<br \/>\n<a href=\"https:\/\/life-emotion-events.de\/veranstaltungen\/referenten\/dr-gunter-frank\/#termine\">https:\/\/life-emotion-events.de\/veranstaltungen\/referenten\/dr-gunter-frank\/#termine<\/a><\/p>\n<p><a href=\"https:\/\/www.gunterfrank.de\/\">https:\/\/www.gunterfrank.de\/<\/a><br \/>\n.<\/p>\n<p><strong>Wirtschaftsminister Robert Habeck: &#8222;Impfen bis die Nadel gl\u00fcht&#8220;<\/strong><br \/>\nMan muss es sich immer wieder anh\u00f6ren all diese Dinge.<br \/>\nSonst glaubt man man h\u00e4tte es getr\u00e4umt.<br \/>\n<a href=\"https:\/\/t.me\/dreisamtalverbindedich\/1299\">https:\/\/t.me\/dreisamtalverbindedich\/1299<\/a><br \/>\nWir vergessen nichts!<br \/>\n15.12.2022<br \/>\n.<\/p>\n<p><strong>Covid: Pandemie der Geimpften<\/strong><br \/>\nCovid is no longer mainly a pandemic of the unvaccinated. Here\u2019s why.<br \/>\n&#8230; Alles vom 23.11.2022 bitte lesen auf<br \/>\n<a href=\"https:\/\/www.washingtonpost.com\/politics\/2022\/11\/23\/vaccinated-people-now-make-up-majority-covid-deaths\/\">https:\/\/www.washingtonpost.com\/politics\/2022\/11\/23\/vaccinated-people-now-make-up-majority-covid-deaths\/<\/a><br \/>\n.<br \/>\nSt\u00fcck f\u00fcr St\u00fcck fallen die Dominosteine. Die Washington Post, die US-Zeitung der Coronasekte, schreibt heute, dass es eine Pandemie der Geimpften ist. Lauterbach beendet Pflege-Impfpflicht. Fauci blamiert sich. Drostens Mail kommen raus. Wir erleben das Ende der Coronasekte.<br \/>\n&#8230; Alles vom 23. Nov. 2022 von Jonas Danner bitte lesen auf<br \/>\n<a href=\"https:\/\/twitter.com\/MrJonasDanner\/status\/1595495145666973696\">https:\/\/twitter.com\/MrJonasDanner\/status\/1595495145666973696<\/a><br \/>\nTagesschau:<br \/>\n<a href=\"https:\/\/t.me\/dreisamtalverbindedich\/1194\">https:\/\/t.me\/dreisamtalverbindedich\/1194<\/a><br \/>\nKerkul\u00e9:<br \/>\n<a href=\"https:\/\/t.me\/dreisamtalverbindedich\/1195\">https:\/\/t.me\/dreisamtalverbindedich\/1195<\/a><\/p>\n<p>.<\/p>\n<p>&nbsp;<\/p>\n<p><strong>Mutante Omicron &#8211; und schon ist der Impfstoff da<\/strong><br \/>\nDie neue aus S\u00fcdafrika kommende Mutante hilft, einen neuen Impfstoff zu verkaufen.<br \/>\nErste Chargen des angepassten Impfstoffs k\u00f6nnten Biontech\/Pfizer zufolge innerhalb von 100 Tagen ausgeliefert werden. Milena Preradovic twitterte der Neuigkeiten aus dem Hause Biontech (B\u00f6rsenkurs vor 5Jahren 17,57 US-Dollar, heute 304 US-Dollar!):<\/p>\n<p><em>\u201eYeah, wieviel Gl\u00fcck kann ein Volk haben? <\/em><br \/>\n<em>Kaum hat die neue Variante einen Namen, ist auch schon der neue Impfstoff da <\/em><br \/>\n<em>Ich finde, da reicht das Bundesverdienstkreuz nicht mehr. <\/em><br \/>\n<em>Da muss das goldene Vlies am purpurnen Bande her.\u201c<\/em><br \/>\n<em>Milena Preradovic <\/em><br \/>\n<em>@punktpreradovic. 26-11-2021<\/em><br \/>\n<em><a href=\"https:\/\/twitter.com\/punktpreradovic\/status\/1464357256540139524\">https:\/\/twitter.com\/punktpreradovic\/status\/1464357256540139524<\/a><\/em><\/p>\n<p><a href=\"https:\/\/twitter.com\/punktpreradovic\/status\/1464357256540139524\">https:\/\/www.punkt-preradovic.de<\/a><\/p>\n<p>&nbsp;<\/p>\n<p>&nbsp;<\/p>\n<p>&nbsp;<\/p>\n<p><strong>Biontech-Impfung: Herzmuskelentz\u00fcndung bei Jugendlichen<\/strong><br \/>\n\u201eAls Kinder- und Jugendarzt bin ich damit konfrontiert, jungen 16-, 18-j\u00e4hrigen M\u00e4nnern gegen\u00fcberzusitzen, denen ich sagen muss: Wenn Sie sich jetzt mit Biontech impfen lassen, dem einzigen f\u00fcr Sie empfohlenen und zugelassenen lmpfstoff, dann ist Ihr Risiko eine Herzmuskelentz\u00fcndung davonzutragen \u2013 eine unmittelbare Folge dieser lmpfung \u2013 mindestens in der Gr\u00f6\u00dfenordnung von 1 zu 5000\u201c &#8211; so der Kinderarzt Dr. Steffen Rabe in einem Radio-Debattenbeitrag f\u00fcr MDR (siehe unten). Rabe weiter, ihm sei kein Medikament der letzten 30 Jahre bekannt mit Nebenwirkungen, \u201ebei dem wir so eine schwere Erkrankung wie eine Herzmuskelentz\u00fcndung, mit einem zahlenm\u00e4\u00dfig so dramatisch hohen Risiko verbinden.\u201c<br \/>\n26.11.2021<\/p>\n<p><strong>Corona-Impfpflicht f\u00fcr Deutschland &#8211; Ja oder Nein?<\/strong><br \/>\n&#8222;Auf keinen Fall&#8220; sagt der Kinder- und Jugendarzt Dr. Steffen Rabe<br \/>\n&#8230; Alles vom 23.11.2021 bitte h\u00f6ren auf<br \/>\n<a href=\"https:\/\/www.mdr.de\/mdr-aktuell-nachrichtenradio\/audio\/audio-1891596.html\">https:\/\/www.mdr.de\/mdr-aktuell-nachrichtenradio\/audio\/audio-1891596.html<\/a><\/p>\n<p><strong>Wie gut ist der Fremdschutz von Covid-Impfstoffen wirklich?<\/strong><br \/>\nAm Dienstag hatte MDR-AKTUELL-Radio den Kinder- und Jugendmediziner Steffen Rabe im Gespr\u00e4ch. Es ging um die Frage, ob es in Deutschland eine Impfpflicht geben sollte oder nicht. Rabe ist dagegen \u2013 und hatte im Gespr\u00e4ch Folgendes gesagt: &#8222;Die Covid-Impfstoffe gew\u00e4hren denen, die sich sch\u00fctzen wollen, einen zeitlich begrenzten, gar nicht schlechten Schutz vor schweren Verl\u00e4ufen. Sie haben aber \u00fcberhaupt keinen relevanten Fremdschutz.&#8220; Soweit die Auffassung von Steffen Rabe. Aber stimmt die?<br \/>\n&#8230; Alles vom 24.11.2021 bitte lesen auf<br \/>\n<a href=\"https:\/\/www.mdr.de\/nachrichten\/deutschland\/panorama\/corona-impfung-fremdschutz-faktencheck-100.html\">https:\/\/www.mdr.de\/nachrichten\/deutschland\/panorama\/corona-impfung-fremdschutz-faktencheck-100.html<\/a><\/p>\n<p><strong>Kommentar: Ohne Einverst\u00e4ndnis?<\/strong><br \/>\nNochmal: Das mag ja alles stimmen, aber damit, dass wir \u00fcber \u201eWirksamkeiten\u201c, \u201eRisiken\u201c, \u201eNebenwirkungen\u201c der Imfpung diskutieren, haben wir eigentlich die Diskussion schon verloren.<br \/>\nJeder dauerhafte, medizinische Eingriff darf nicht ohne Einverst\u00e4ndnis erfolgen. Punkt.<br \/>\n25,11,2021, A.K.<\/p>\n<p>&nbsp;<\/p>\n<p><strong>RKI stellt im Kleingedruckten Corona-Politik auf den Kopf<\/strong><br \/>\nAggression statt Antworten: Regierung schweigt sich zu RKI-Kehrtwende aus<br \/>\n1G, 2G, 3G \u2013 die gesamte Corona-Politik der Regierung basiert auf der Annahme, dass Geimpfte weniger ansteckend sind.<br \/>\nNun konnten wir aufdecken, dass das RKI im Kleingedruckten die entscheidende Aussage dazu gestrichen hat \u2013 \u201edass Geimpfte bei der Epidemiologie der Erkrankung keine wesentliche Rolle mehr spielen.\u201c<br \/>\nAufschrei, Schlagzeilen, Revidieren von 1G und 2G? Fehlanzeige. Die gro\u00dfen Medien schweigen. Deshalb hakte ich auf der Bundespressekonferenz heute nach.<br \/>\n&#8230; Alles vom 9.11.2021 bitte lesen auf<br \/>\n<a href=\"https:\/\/reitschuster.de\/post\/aggression-statt-antworten-regierung-schweigt-sich-zu-rki-kehrtwende-aus\/\">https:\/\/reitschuster.de\/post\/aggression-statt-antworten-regierung-schweigt-sich-zu-rki-kehrtwende-aus\/<\/a><\/p>\n<p>&nbsp;<\/p>\n<p>&nbsp;<\/p>\n<p><strong>Sind Impfkritiker jetzt auch noch Judenfeinde?<\/strong><br \/>\n\u201eZeigen wir Judenhass und Demokratiefeindlichkeit die rote Karte und werben weiter f\u00fcr die Impfung, denn sie ist der sicherste Ausweg aus der Pandemie\u201c, so der Antisemitismusbeauftragte der Bundesregierung, Felix Klein. Er hat jetzt tats\u00e4chlich die christlichen Kirchen zu einem st\u00e4rkeren Engagement f\u00fcr die Impfung gegen das Coronavirus aufgerufen. \u201eDer Zentralrat der Juden in Deutschland hatte bereits im Fr\u00fchjahr Gemeindemitglieder zur Impfung aufgefordert\u201c, sagte er dem \u201eRedaktionsnetzwerk Deutschland\u201c (Donnerstagausgaben). Religionsgemeinschaften und andere zivilgesellschaftliche Akteure sollten auch deshalb ihrer sozialen Verantwortung nachkommen und zum Impfen aufrufen oder eigene Impfaktionen durchf\u00fchren.<br \/>\nWird etwa Corona den <a href=\"https:\/\/www.freiburg-schwarzwald.de\/blog\/religion\/juden\/judenhass2021\/\">Juden<\/a> in die Schuhe geschoben?<br \/>\nWas wei\u00df Herr Klein, was wir nicht wissen?<br \/>\n10.9.2021<\/p>\n<p><strong>Antisemitismusbeauftragter ruft Kirchen zu Impfkampagne auf<\/strong><br \/>\nJuden und Muslime seien bei der Impfkampagne gegen das Coronavirus sehr engagiert, sagt der Antisemitismusbeauftragte Felix Klein. Nun m\u00fcssten die christlichen Kirchen nachziehen, mahnt er. Das sei ein Gebot der N\u00e4chstenliebe. &#8230;.<br \/>\n\u201eZeigen wir Judenhass und Demokratiefeindlichkeit die rote Karte und werben weiter f\u00fcr die Impfung, denn sie ist der sicherste Ausweg aus der Pandemie\u201c, so Klein. &#8230;<br \/>\nAlles vom 9.9.2021 von Felix Klein bitte lesen auf<br \/>\n<a href=\"https:\/\/www.rnd.de\/politik\/corona-impfung-antisemitismusbeauftragter-ruft-kirchen-zu-impfkampagne-auf-IX7SCNQ3UFG7DAKV4JS7S3TMNU.html\">https:\/\/www.rnd.de\/politik\/corona-impfung-antisemitismusbeauftragter-ruft-kirchen-zu-impfkampagne-auf-IX7SCNQ3UFG7DAKV4JS7S3TMNU.html<\/a><\/p>\n<p>&nbsp;<\/p>\n<p><strong>Ein Drittel der Weltbev\u00f6lkerung mit Vektorimpfstoff oder mRNA-Vakzinen geimpft<\/strong><br \/>\n32.5% of the world population has received at least one dose of a COVID-19 vaccine, and 24.5% is fully vaccinated.<br \/>\n4.97 billion doses have been administered globally, and 34.91 million are now administered each day.<br \/>\n&#8230; Alles vom 23.8.2021 bitte lesen auf<br \/>\n<a href=\"https:\/\/ourworldindata.org\/covid-vaccinations\">https:\/\/ourworldindata.org\/covid-vaccinations<\/a><\/p>\n<p>&nbsp;<\/p>\n<p><strong>Niemanden aufgrund von Covid oder seines Impfstatus diskriminieren<\/strong><br \/>\n<strong>Impfungen: Ein Praktiker benennt den Stand der Dinge<\/strong><br \/>\nVorl\u00e4ufig muss man n\u00fcchtern feststellen: Wir haben gegen Covid nichts Sicheres in der Hand und sollten daher niemanden aufgrund von Covid oder seines Impfstatus <a href=\"https:\/\/www.freiburg-schwarzwald.de\/blog\/kultur\/medien\/diskriminierung\/\">diskriminieren<\/a>.<br \/>\n\u201eImpfbelohnungen aus p\u00e4dagogischer Sicht\u201c, so lautet ein aktueller Beitrag auf Achgut.com.<br \/>\n<a href=\"https:\/\/www.achgut.com\/artikel\/impfbelohnungen_aus_paedagogischer_sicht\">https:\/\/www.achgut.com\/artikel\/impfbelohnungen_aus_paedagogischer_sicht<\/a><br \/>\nIch m\u00f6chte ihn um eine kurze \u00e4rztliche Einsch\u00e4tzung erweitern. Vorl\u00e4ufig muss man n\u00fcchtern feststellen: Wir haben gegen Covid nichts Sicheres in der Hand und sollten daher niemanden aufgrund von Covid oder seines Impfstatus diskriminieren.<br \/>\n&#8230;<br \/>\nWir k\u00f6nnen nur hoffen oder zweifeln<br \/>\n<em><strong>Da die Impfung nicht (mehr?) vor eigener Ansteckung und der Dritter sch\u00fctzt, ist auch das Junktim zwischen Impfstatus und \u201eFreiheitsrechten\u201c eine rein politische Entscheidung, die jeder wissenschaftlichen Grundlage entbehrt.<\/strong><\/em> Ebenfalls ist der Effekt der geplanten Auffrischungsimpfungen mit denselben Impfstoffen wie bisher kritisch zu bewerten; wir wissen bislang nichts Sicheres \u00fcber deren individuelle Effektivit\u00e4t und k\u00f6nnen nur hoffen oder zweifeln; und auch die Expertenmeinungen auf der \u2013 leider nur in englischer Sprache abrufbaren \u2013 zitierten \u00dcbersicht sind entsprechend geteilt.<br \/>\nOb man also im Hinblick auf die \u201eMotivation\u201c von Laien und Kindern hier sehr viel erreichen kann, indem man Druck aus\u00fcbt oder Belohnungen verspricht, ist bei n\u00fcchternem Blick auf die Sachlage aus meiner Sicht fraglich. Letztlich ginge es dabei nicht um irgendeinen sicheren Schutz, sondern um Erzeugung politischen Konformit\u00e4tsverhaltens, jedenfalls solange keine besseren Impfstoffe und Therapien gegen Covid existieren. Erst dann k\u00f6nnte man auch wieder leichter \u201emotivieren\u201c: durch positive Ergebnisse und Daten, sicheren eigenen gesundheitlichen Nutzen, sicheren Schutz der Schulen und des \u00f6ffentlichen Raumes, sicheren Schutz auch der Kliniken und Intensivstationen. Allein das w\u00e4re die wirkliche Belohnung; unerf\u00fcllbare Versprechungen und unbegr\u00fcndete Drohungen sind es nicht.<br \/>\nVorl\u00e4ufig muss man n\u00fcchtern feststellen: Wir haben gegen Covid nichts Sicheres in der Hand und sollten daher niemanden aufgrund von Covid oder seines Impfstatus diskriminieren.<br \/>\n&#8230; Alles vom 21.8.2021 von Jesko Matthes bitte lesen auf <a href=\"https:\/\/www.achgut.com\/artikel\/impfungen_ein_praktiker_benennt_den_stand_der_dinge\">https:\/\/www.achgut.com\/artikel\/impfungen_ein_praktiker_benennt_den_stand_der_dinge<\/a><\/p>\n<p><em>Dr. med. Jesko Matthes, Alumnus der Studienstiftung des Deutschen Volkes, immunologische Promotion \u00fcber Tumornekrosefaktor- und Lymphotoxin-Messung, auch in virustransfizierten Zelllinien maligner Lymphome. Notarzt mit LNA-Qualifikation. Er ist Arzt und lebt in Deutsch-Evern.<\/em><\/p>\n<p>.<\/p>\n<p><strong>Keine Verschw\u00f6rungstheorie mehr: 2 Impfungen reichen nicht<\/strong><br \/>\n<strong>Wenn Engel impfen \u2013 Staatliche Propaganda im Zeichen von Corona<\/strong><br \/>\n<em>Die Spaltung schreitet voran: Inzwischen hat man sich aus \u201eSolidarit\u00e4t\u201c impfen zu lassen \u2013 sonst gilt man als Gef\u00e4hrder, wie zuvor schon Reiser\u00fcckkehrer, Gl\u00fchweintrinker oder Stadionbesucher. &#8230;<\/em><br \/>\nInzwischen ist auch bekannt, dass eine Impfung nicht vor einer Infektion oder der Weitergabe der Krankheit an andere sch\u00fctzt. Lediglich schwere Verl\u00e4ufe werden dadurch abgewendet, aber auch das ist, wie manche Kritiker anmerken, nicht wirklich bewiesen, da Langzeitstudien einfach fehlen. Da immer mehr Menschen sich Informationen \u00fcber Nebenwirkungen der Impfungen verschaffen und auch die (alternativen) Medien vermehrt davon berichten, sinkt die Bereitschaft, sich dem Piks \u2013 wie es verniedlichend hei\u00dft \u2013 auszusetzen, rapide. Nur ist inzwischen so viel Impfstoff eingekauft worden, dass er auf Halde liegt.<br \/>\nZynisch gesagt: Die Dosen m\u00fcssen unter die B\u00fcrger gebracht werden. Zudem werden viele auch zu recht misstrauisch, denn w\u00e4re Covid 19 wirklich eine so gef\u00e4hrliche Erkrankung, m\u00fcsste wohl kaum eine staatliche Propaganda ohnegleichen f\u00fcr einen Schutz davor aufgef\u00fchrt werden. Der Autor Ian Watson bringt das Misstrauen gegen\u00fcber den aktuellen Methoden auf den Punkt:<br \/>\n<em>&#8222;Wenn du \u00fcberredet, ermahnt, unter Druck gesetzt, belogen, durch Anreize gelockt, gezwungen, gemobbt, blo\u00dfgestellt, beschuldigt, bedroht, bestraft und kriminalisiert werden musst. (\u2026) Wenn all dies als notwendig erachtet wird, um deine Zustimmung zu erlangen \u2013 kannst du absolut sicher sein, dass das, was angepriesen wird, nicht zu deinem Besten ist.&#8220;<\/em><br \/>\nDass es auch nicht mit zwei Impfungen getan sein wird und weitere Eingriffe in den K\u00f6rper und das <a href=\"https:\/\/www.freiburg-schwarzwald.de\/blog\/business\/gesund\/corona-virus\/herdenimmunitaet\/\">Immunsystem<\/a> n\u00f6tig werden, galt bis vor kurzem noch als <a href=\"https:\/\/www.freiburg-schwarzwald.de\/blog\/kultur\/medien\/verschwoerungstheorien\/\">Verschw\u00f6rungstheorie<\/a>, wird aber aktuell best\u00e4tigt. Das Bundesministerium f\u00fcr Gesundheit wirbt bereits f\u00fcr Auffrischungsimpfungen im Herbst, da Studienergebnisse darauf hinweisen, dass f\u00fcr bestimmte Gruppen der Impfschutz nicht sehr lange anh\u00e4lt: F\u00fcr bestm\u00f6glichen Schutz vor einer COVID-19-Erkrankung k\u00f6nnen besonders gef\u00e4hrdete Gruppen ab September Auffrischungsimpfungen der Corona-Schutzimpfung erhalten. So viel also zur \u201eHochwirksamkeit\u201c der Impfstoffe, die offenbar nur ein kurzes Zeitfenster besitzt.<br \/>\n&#8230; Alles vom 11.8.2021 von Alexander Meschnig bitte lesen auf<br \/>\n<a href=\"https:\/\/www.achgut.com\/artikel\/wenn_engel_impfen_staatliche_propaganda_im_zeichen_von_corona\">https:\/\/www.achgut.com\/artikel\/wenn_engel_impfen_staatliche_propaganda_im_zeichen_von_corona<\/a><\/p>\n<p>.<\/p>\n<p><strong>Impfdruck und Impfzwang nicht rechtm\u00e4\u00dfig<\/strong><br \/>\n<strong>Eine juristische Analyse zur Corona-Impfung<\/strong><br \/>\n&#8222;Die Tatsache, dass die sog. COVID-19-Vakzine laut offiziellen Zulassungsdokumenten von EMA und Europ\u00e4ischer Kommission (siehe u.a. auf der Website von medicinal human register) nicht zur Pr\u00e4vention der Infektion mit dem Virus SARS-COV-2 entwickelt und zugelassen wurden, sondern allein als Pr\u00e4vention eines schwereren Verlaufs der durch eine Infektion ausgel\u00f6sten Krankheit COVID-19 wirken sollen und auch allein daf\u00fcr bedingt zugelassen wurden.<br \/>\nEs geht daher aus den offiziellen Zulassungsdokumenten hervor, dass diese Substanzen die Infektionskette nicht unterbrechen k\u00f6nnen, weil die damit behandelten Personen sich infizieren k\u00f6nnen und damit infekti\u00f6s sein k\u00f6nnen. Die Praxis beweist dar\u00fcberhinaus, dass sich bereits vollst\u00e4ndig \u201eGeimpfte\u201c mit dem Virus infizieren und sogar eine gleich hohe Viruslast wie \u201eUngeimpfte\u201c haben (siehe zuletzt u.a. CDC).<br \/>\n<em><strong>Damit ist klar, dass jeglicher COVID-19-\u201eImpfzwang\u201c \u2013 abgesehen von der Grundrechts- und Verfassungswidrigkeit \u2013 auch faktisch jeglicher Begr\u00fcndung entbehrt.<br \/>\n<\/strong><\/em><br \/>\nS\u00e4mtliche, auch moralische Druckaus\u00fcbung (angeblicher Akt der Solidarit\u00e4t am N\u00e4chsten) erweist sich allein schon anhand der offiziellen Zulassungsdokumente als straf- und haftungsrechtlich relevant!<br \/>\nGerade als im Unternehmensrecht beratende Rechtsanw\u00e4ltin empfehle ich jedem Arbeitgeber eindringlich von einem COVID-19-Impfdruck\/Impfzwang Abstand zu halten, denn die weitreichenden damit verbundenen rechtlichen Konsequenzen sind den Meisten offensichtlich gar nicht bewusst.&#8220;<br \/>\n.<br \/>\nAuf diesen Sachverhalt hat die Tiroler Rechtsanw\u00e4ltin Frau Dr. Renate Holzeisen, die derzeit auch die \u201eEU\u201c-Klagen vorbereitet, hingewiesen, und zwar in der Corona-Ausschu\u00df-Sitzung 64 vom 06.08.21 \u2013 siehe Video ab Minute 20:35:<br \/>\n6.8.2021, Sitzung 64 der Stiftung Corona Ausschuss: Medienkritik<br \/>\n<a href=\"https:\/\/corona-ausschuss.de\/sitzungen\/\">https:\/\/corona-ausschuss.de\/sitzungen\/<\/a><br \/>\n<a href=\"https:\/\/www.youtube.com\/watch?v=8dLLAwf1Teo&amp;t=11s\">https:\/\/www.youtube.com\/watch?v=8dLLAwf1Teo&amp;t=11s<\/a><br \/>\n<a href=\"https:\/\/www.youtube.com\/watch?v=8dLLAwf1Teo\">https:\/\/www.youtube.com\/watch?v=8dLLAwf1Teo<\/a><\/p>\n<p>&nbsp;<\/p>\n<p>&nbsp;<\/p>\n<p><strong>Impfung ohne Wirkung?<\/strong><br \/>\nEnde 2020 betrug das mittlere Alter der &#8222;Coronatoten&#8220; 84 Jahre.<br \/>\nUnd jetzt, nachdem die meisten voll geimpft sind, noch immer 84 Jahre.<br \/>\nIm Gegensatz zu den Hersteller-Studien zeigen die Daten somit keine Wirkung der Impfung<br \/>\nStefan Homburg @SHomburg auf Twitter, 5.8.2021<\/p>\n<p>&nbsp;<\/p>\n<p><strong>Gegen Massenimpfung der Kinder<\/strong><br \/>\nRede von Martin Reichardt im Bundestag am 20.5.2021:<br \/>\n<a href=\"https:\/\/youtu.be\/rd1lTlsol_Y\">https:\/\/youtu.be\/rd1lTlsol_Y<\/a><\/p>\n<p>&nbsp;<\/p>\n<p><strong>Kinder ab 12 Jahren impfen?<br \/>\n<\/strong>Nun sollen nach Bundesgesundheitsminister Spahn die Kinder ab 12 Jahren geimpft werden. Da insgesamt aber nicht mehr Impfdosen in D bereitstehen, bedeutet dies, da\u00df die zum Beendigen des Lokdowns erforderliche Impfquote erst sp\u00e4ter erreciht wird. Also Lockdown bis nach der Bundestagswahl im September?<br \/>\nImpfpflicht f\u00fcr Kinder?<br \/>\n27.5.2021<br \/>\n.<br \/>\nMargareta GRIESZ BRISSON H\u00e4nde weg von unseren Kindern<br \/>\n<a href=\"https:\/\/youtu.be\/RFe_g8_f0O4\">https:\/\/youtu.be\/RFe_g8_f0O4<\/a><\/p>\n<p>&nbsp;<\/p>\n<p><strong>Corona fordert differenzierte Betrachtung und Respekt voreinander<\/strong><br \/>\nEs klingt so einfach: Da gibt es die &#8222;Guten&#8220;, die sehen alles richtig und machen es auch richtig, da die &#8222;B\u00f6sen&#8220;, die haben es noch nicht geblickt. Aber ist es so einfach?<br \/>\nEs gibt vielleicht doch die Menschen, die die Gef\u00e4hrdung durch Corona sehen und sich impfen lassen; es gibt vielleicht auch die, die eine Pandemie sehen, aber Gr\u00fcnde haben, sich nicht impfen zu lassen (wenig Wissen \u00fcber m\u00f6gliche Langzeit-Nebenwirkungen unter anderem); es gibt vielleicht auch die, die eine hohe Gef\u00e4hrdung von Personengruppen sehen und dringend deren Impfung unterst\u00fctzen \u2013 aber die sehr davor warnen, auch kleinere Kinder zu impfen.<br \/>\nEs gibt vielleicht auch Menschen, die eine hohe Impfbereitschaft haben, aber kritisch der permanenten Angstkampagne der Regierung gegen\u00fcberstehen; und es gibt Menschen, die die hohe Belastung auf den Intensivstationen sehen und sich dadurch veranlasst f\u00fchlen, sich impfen zu lassen.<br \/>\nEs gibt vielleicht auch Menschen, die sehr den Sinn im Tragen einer Mund-Nase-Bedeckung sehen, aber die den Ausschluss von Kindern vom Schulunterricht sehr kritisch sehen \u2013 und so gibt es vielleicht noch hundert weitere differenzierte Sichtweisen \u2013 die vielleicht auch alle jenseits der AfD stehen \u2013 aber in Sorge sind. Eigentlich ist es lange schon so, aber vielleicht sollte es auch in der BZ ankommen: Das Packen in eine Schublade, auf der steht: Querdenker, Coronaleugner, Impfgegner, diese Schublade gibt es nicht mehr.<br \/>\nWir stehen in einer hoch komplexen Thematik und dies fordert eine differenzierte Betrachtung fern aller vereinfachenden Stammtischparolen. Und wir brauchen Respekt voreinander.<br \/>\n18.5.2021, Walter Dahlhaus, Merzhausen, BZ<\/p>\n<p>&nbsp;<\/p>\n<p><strong>Indubio Folge 126 \u2013 Sucharit Bhakdi und Gunter Frank<\/strong><br \/>\nProf. Dr. med. Sucharit Bhakdi, ehem. Direktor des Instituts f\u00fcr Medizinische Mikrobiologie und Hygiene der Uni Mainz, und Dr. med. Gunter Frank, niedergelassener Facharzt f\u00fcr Allgemeinmedizin in Heidelberg, sprechen mit Burkhard M\u00fcller-Ullrich \u00fcber ihre Erfahrungen mit dem Corona-Regime und erkl\u00e4ren medizinische Grundtatsachen und Zusammenh\u00e4nge.<br \/>\n.. Alles vom 13.5.2021 bitte lesen auf<br \/>\n<a href=\"https:\/\/www.achgut.com\/artikel\/indubio_folge_126_ucharit_bhakdi_und_gunter_frank_und_s\">https:\/\/www.achgut.com\/artikel\/indubio_folge_126_ucharit_bhakdi_und_gunter_frank_und_s<\/a><br \/>\noder<br \/>\n<a href=\"https:\/\/www.youtube.com\/watch?v=tLebZeZ9jL8&amp;feature=youtu.be\">https:\/\/www.youtube.com\/watch?v=tLebZeZ9jL8&amp;feature=youtu.be<\/a><br \/>\n.<br \/>\nStichworte:<br \/>\nBhakdi (B): Zwei rote Linien wurden \u00fcberschritten: maskenpflicht und Impfung.<br \/>\nB: Die Coronapolitik erh\u00e4lt mehrheitlich zustimmung nicht von der Bev\u00f6lkerung, sondern von der \u00c4rzteschaft.<br \/>\nF: &#8222;Moerser Modell&#8220; ud &#8222;Heinsberg-Studie&#8220; sind die einzigen anerkannten Studien.<br \/>\nBotschaft Bhakdi: Impfung zu Covid19 bei Kindern ist sch\u00e4dlich. Die Pflichtimpfung bei Kindern ist unmenschlich.<br \/>\nBotschaft Frank: Wir lassen die Alten (\u00fcber 80) unw\u00fcrdig sterben, in die Intensivstationen abgeschoben und isoliert. Wir m\u00fcssen die Pflegeheime ausbauen.<br \/>\nAber: 19 Professuren in Pflegewissenschaften gegen\u00fcber 217 Professuren in Gender zeigt, welchen geringen Stellenwert das &#8222;Sterben in W\u00fcrde&#8220; bei uns in Deutschland innehat.<br \/>\n13.5.2021<\/p>\n<p>&nbsp;<\/p>\n<p><strong>Gest\u00f6rter Frieden in St.Peter wegen Corona-Impfung<\/strong><br \/>\nSeit einigen Wochen herrscht in der kleinen Schwarzwaldgemeinde <a href=\"https:\/\/www.freiburg-schwarzwald.de\/blog\/regio\/orte\/stpeter\/\">St. Peter<\/a> Unruhe. Eine Gruppe von Corona- und Impfskeptikern verteilt Brosch\u00fcren in Briefk\u00e4sten, hat eine Internetseite aufgesetzt (schwarzwald-netzwerk.de) und veranstaltet samstags ein sogenanntes offenes Mikrofon im Ort, bei dem jeder seine Sicht der Dinge \u00f6ffentlich darlegen kann. Andere Einwohner f\u00fchlen sich dadurch provoziert und organisieren Gegenveranstaltungen.<br \/>\n&#8230; Alles vom 1.3.2021 bitte lesen auf<br \/>\n<a href=\"https:\/\/www.badische-zeitung.de\/initiative-in-st-peter-warnt-vor-dem-impfen-und-sorgt-damit-fuer-unruhe--200347537.html\">https:\/\/www.badische-zeitung.de\/initiative-in-st-peter-warnt-vor-dem-impfen-und-sorgt-damit-fuer-unruhe&#8211;200347537.html<\/a><br \/>\n&#8211;<br \/>\n<a href=\"http:\/\/www.www.st-peter.eu\">http:\/\/www.www.st-peter.eu<\/a><br \/>\n<a href=\"https:\/\/schwarzwald-netzwerk.de\/\">https:\/\/schwarzwald-netzwerk.de\/<\/a><br \/>\n.<br \/>\nKommentare:<br \/>\n<strong>Ich frage mich, warum streitet man \u00fcberhaupt<\/strong><br \/>\nDie Impfbef\u00fcrworter lassen sich impfen und die Impfgegner lassen sich nicht impfen. Die Bef\u00fcrworter sind damit gesch\u00fctzt und die Gegner gehen ihr eigenes Risiko ein, k\u00f6nnen aber die Bef\u00fcrworter nicht anstecken und sind f\u00fcr die keine Gefahr. Ist doch alles gut. Warum streiten &#8211; doch nur, weil die einen den anderen wieder ihre Meinung aufdr\u00fccken wollen und umgekehrt.<br \/>\n1.3.2021, R.O., BZ<br \/>\n.<br \/>\n<strong>&#8230; Impfung aufgezwungen?<\/strong><br \/>\nGuten Morgen Herr O., das sehe ich genauso, finde aber, dass die Bef\u00fcrworter hier mitunter schon sehr heftig austeilen. Was mich zudem bek\u00fcmmert, wir werden keinen Impfzwang bekommen, braucht man auch nicht machen, das wird doch schon jetzt absehbar anders aufgedr\u00fcckt werden. Das bedeutet f\u00fcr mich, meine eigentlich, f\u00fcr mich begr\u00fcndete Impfablehnung (\u00fcbrigens auch Grippeschutzimpfung) wird mir auf diesem Weg aufgezwungen werden. Das macht mich dann doch sehr nachdenklich. Gru\u00df WS<br \/>\n1.3.2021, W.ST,<br \/>\n.<br \/>\n<strong>Leute, es ist doch wirklich gut, dass es zwei Lager gibt<\/strong><br \/>\nA = Impfbef\u00fcrworter, B = Impfgegner.<br \/>\nA ist gesch\u00fctzt, B ist ungesch\u00fctzt, kann aber nur B anstecken.<br \/>\nB geht das Risiko ein, sich selbst oder in ihrer Gruppe jemanden anzustecken.<br \/>\nDie Wissenschaft kann an B das Virus weiter erforschen und an A die Langzeitauswirkungen der Impfungen.<br \/>\nZu dem Zeitpunkt, wenn alle von der Gruppe A geimpft sind, brauchen wir auch keinerlei Einschr\u00e4nkungen mehr &#8211; da kann A und B miteinander verkehren ohne jegliche Probleme.<br \/>\n.<br \/>\nUnd Herr W., Sie kriegen doch t\u00e4glich irgendwelche Werbung, da kommt es auf einen &#8222;Zettel&#8220; nicht an und Sie sind doch gro\u00df genug, wenn Sie Maskenverweigerer bl\u00f6d anmacht, dar\u00fcber zu stehen.<br \/>\n.<br \/>\nIch pers\u00f6nlich habe mich f\u00fcr das Lager A entschieden. Da ich fr\u00fcher viel im Ausland unterwegs war, bin ich wirklich gegen alles geimpft, darunter Krankheiten, die ich nicht mal kannte. Habe mir da nie Sorgen gemacht, aber ich muss zugeben, diesmal habe ich vor der Impfung schon ein mulmiges Gef\u00fchl &#8211; trotzdem werde ich mich impfen lassen.<br \/>\nAber ich werde mit Sicherheit nicht versuchen, jemanden von meiner Meinung zu \u00fcberzeugen. Dies soll jeder f\u00fcr sich entscheiden, denn jeder tr\u00e4gt f\u00fcr sein Leben die Verantwortung.<br \/>\n2.3.2021, R.O.<br \/>\nEnde Kommentare<\/p>\n<p>&nbsp;<\/p>\n<p>&nbsp;<\/p>\n<p><strong>Corona-Studie aus Israel &#8211; Hohe Wirksamkeit von BioNtech-Impfstoff<\/strong><br \/>\nEine israelische Studie gibt Grund zur Hoffnung, dass der Corona-Impfstoff des deutschen Pharmaunternehmens BioNTech und seines US-Partners Pfizer die Weitergabe des Virus deutlich reduziert. Die Untersuchung stammt vom israelischen Gesundheitsministerium, das daf\u00fcr mit Pfizer zusammengearbeitet hat. &#8230; Demnach verhindert das Mittel nach der zweiten Dosis zu 95,8 Prozent eine Erkrankung an Covid-19, zu 98 Prozent das Auftreten von Symptomen wie Fieber und Atembeschwerden und zu etwa 99 Prozent Krankenhausaufenthalte, schwere Erkrankungen und Tod.<br \/>\n&#8230; Alles vom 21.2.2021 bitte lsen auf<br \/>\n<a href=\"https:\/\/www.tagesschau.de\/ausland\/asien\/coronavirus-impfstoff-biontech-pfizer-wirkung-101.html\">https:\/\/www.tagesschau.de\/ausland\/asien\/coronavirus-impfstoff-biontech-pfizer-wirkung-101.html<\/a><\/p>\n<p>&nbsp;<\/p>\n<p><strong>Nat\u00fcrliche Immunisierung anstelle von Impfung<\/strong><br \/>\nDer Autor (\u201eVom Ma\u00df des Politischen\u201c von J\u00fcrgen Liminski, JF 7\/21) h\u00e4lt es f\u00fcr \u201eratsam, da\u00df m\u00f6glichst schnell m\u00f6glichst viele Menschen geimpft werden\u201c, um eine \u201eHerdenimmunit\u00e4t zu erreichen\u201c. Dem widerspreche ich. Der andere, einfachere, derzeit leider v\u00f6llig unpopul\u00e4re Weg dies zu erreichen, w\u00e4re die Verbreitung des Virus nicht durch fragw\u00fcrdige und eher unwirksame Ma\u00dfnahmen zu behindern, sondern darauf zu vertrauen, da\u00df das Virus durch nat\u00fcrliche Immunisierung von m\u00f6glichst vielen Infizierten (aber deswegen nicht oder kaum Kranken) bald kein neues Opfer mehr findet, so wie in der Vergangenheit bei jeder Influenza-Welle geschehen.<br \/>\nF\u00fcr j\u00fcngere (und auch gesunde \u00e4ltere) Menschen ist diese Impfung sinnlos, da ihr Immunsystem in der Regel auch so mit der Infektion fertig wird. Ob das geschw\u00e4chte Immunsystem erheblich vorerkrankter Hochbetagter \u00fcberhaupt deutlich stimuliert werden kann, ist zu bezweifeln. Falls die Impfung versagt, w\u00e4re es das Schlimmste, was man solchen Patienten dann antun kann, sie vor dem absehbaren sicheren Ende auf einer Intensivstation noch mit Intubation und k\u00fcnstlicher Beatmung zu qu\u00e4len.<br \/>\n19.2.2021, Dr. Olaf Bergmann, Triest\/Italien, JF, Seite 2<\/p>\n<p>&nbsp;<\/p>\n<p>&nbsp;<\/p>\n<p><strong>Was \u00f6ffentlich finanziert wird, sollte auch \u00f6ffentlich zug\u00e4nglich sein<\/strong><br \/>\nBei den Impfstoffen gegen Corona geht es neben der Gesundheit um viel Geld. Dabei wurde die Forschung und Produktion zu gro\u00dfen Teilen von Steuergeldern finanziert. Der Patentschutz sollte deshalb \u00fcberdacht werden.<br \/>\nEs ist wahr: Es grenzt an ein Wunder, dass die moderne Medizin weniger als ein Jahr brauchte, um mit dem Impfstoff gegen das Corona-Virus einen langfristigen Ausweg aus der Pandemie zu erm\u00f6glichen. Es ist aber auch wahr, dass es bei dem Impfstoff um viel Geld geht. 12 Euro soll die EU pro Dosis des Mainzer Unternehmens Biontech bezahlen. Bei mittlerweile 600 Millionen bestellten Dosen durch die EU gehen die Ums\u00e4tze schnell in die Milliardenh\u00f6he f\u00fcr das Unternehmen an der Goldgrube.<br \/>\nDabei stellen Pharma-Unternehmen eigentlich nur ungern Impfstoffe her. Sie sind hochkomplex in der Entwicklung und die Erforschung verschlingt viel Geld. Hat man es dann doch geschafft, kann das Produkt pro Patient allerdings nur ein oder zwei Mal verwendet werden. Arznei, die vergleichsweise leicht herzustellen ist und auf die die jeweiligen Patienten \u00fcber Jahre hinweg angewiesen sind, sind der Industrie um ein Vielfaches lieber.<br \/>\nDeswegen greifen die Staaten mit Steuergeldern ein. Und sind dabei nicht knausrig. Allein f\u00fcr Biontech hat das deutsche Wissenschaftsministerium 375 Millionen Euro locker gemacht. In den USA hat Donald Trump insgesamt ca. 10 Milliarden Dollar an Unternehmen verteilt, die sich der Suche nach einem Impfstoff verschrieben haben. Da kann man sich schon die Frage stellen, wie es sein kann, dass der Steuerzahler in Form der Staatsf\u00f6rderung die Kosten f\u00fcr den Impfstoff tr\u00e4gt und im Anschluss teuer bezahlen muss f\u00fcr das Privileg, den von ihm finanzierten Impfstoff dann auch wirklich zu bekommen.<br \/>\n&#8230;..<br \/>\nIm Oktober 2020 haben Indien und S\u00fcdafrika in der Welthandelsorganisation den Vorschlag gemacht, im Hinblick auf das Corona-Virus den Patentschutz der Impfstoffe zu lockern. Mittlerweile wird dieser Vorschlag von fast 100 L\u00e4ndern und auch der Weltgesundheitsorganisation unterst\u00fctzt. Die reichen Industrienationen \u00fcben sich hingegen in Zur\u00fcckhaltung. Im Anbetracht der ungew\u00f6hnlichen Umst\u00e4nde durch das Corona-Virus und der Tatsache, dass die Impfstoffe zu gro\u00dfen Teilen mithilfe von Steuergeldern entwickelt und produziert werden, spr\u00e4che jedoch vieles f\u00fcr ein Umdenken.<br \/>\n&#8230; Alles vom 1.2.2021 von Jakob Arnold bitte lesen auf<br \/>\n<a href=\"https:\/\/www.cicero.de\/wirtschaft\/patente-impfstoffe-corona-oeffentlich-finanziert-subventionen\">https:\/\/www.cicero.de\/wirtschaft\/patente-impfstoffe-corona-oeffentlich-finanziert-subventionen<\/a><br \/>\n.<\/p>\n<p><em>Jakob Arnold hospitiert bei Cicero. Er studiert an der Universit\u00e4t Erfurt Internationale Beziehungen und Wirtschaftswissenschaften.<br \/>\n<\/em>\u00a0.<br \/>\nEinig Kommentare:<br \/>\n<strong>Pharmaindustrie &#8222;verstaatlichen&#8220;?<\/strong><br \/>\nIhr Vorschlag h\u00f6rt sich gut an, ist jedoch im Prinzip die Basis jedes sozialistischen Staates. Wer von uns kann absch\u00e4tzen, wie viel \u201eGrundlagenforschung\u201c speziell BioNTech und Moderna in die mRNA Vakzine gesteckt haben, um in dieser kurzen Zeit den Impfstoff \u201ean das Virus\u201c anzupassen? Wie hoch war der fin. Anteil Deutschlands \/ der EU an den Entwicklungskosten? Wie war das Verh\u00e4ltnis bei AstraZeneca?<br \/>\nWill man mit sich den \u201eFinanzspritzen\u201c die Hoheit sichern, dann muss man das mit einem Vertrag absichern und nicht im Nachhinein die Forderung aufstellen. Dazu kommt, dass in diesen Impfstoffen viel Fertigungs-Know-how steckt. Soll alles offengelegt werden, damit ein jeder ohne Entwicklungsk. und Fertigungswissen eine Kopie anfertigen kann? Wer haftet, wenn die Kopie (aufgrund Unkenntnis \/ \u201eProzessopt.\u201c) zu Sch\u00e4den f\u00fchrt?<br \/>\nWer Ihrem Vorschlag folgt, darf sich nicht wundern, wenn die Impfstoffentwicklung und -fertigung abwandert oder eingestellt wird, wie es heute bereits tw. der Fall ist.<br \/>\n1.2.2021, H.J.W.,CO<br \/>\n.<br \/>\n<strong>&#8230; sind 375 Mio f\u00fcr BionTech wirklich viel<\/strong><br \/>\nJa, Pharma ist zu teuer, das Patentsystem sch\u00fctzt mehr Gr\u00f6\u00dfe als Innovation und am Ende bauen alle auf die Gemeinschaft auf: Schulen, Unis, Rechtsstaat und alles andere. Aber sind 375 Mio wirklich viel? Biontech ist Zig-Milliarden wert. Wer subventioniert da wen quer? Ginge es nur um Geldfragen w\u00fcrde der Staat glaube ich auch schnell den K\u00fcrzeren ziehen &#8211; mit der gr\u00f6\u00dferen Frage, ob das ganze Finanzsystem noch das abbildet, was wir wollen.<br \/>\nF\u00fcr mich gibt es aber noch die andere Frage: ist es dann am besten, wenn wir alles solidarisch und gemeinsam machen &#8211; dahinter steht auch der Fairnessgedanke. Wenn man das \u00fcbertreibt, glaube ich nicht. Biontech gibt es wie Tesla, weil Einzelpersonen gegen Widerst\u00e4nde \u00fcber Jahre das Geld anderer &#8222;verbraten&#8220; haben. Ich sehe es so, dass es gen\u00fcgend Beispiele gibt, dass Fairness und Solidarit\u00e4t alleine keine guten Ergebnisse bringen und zu subjektiv sind. Am Ende ist das st\u00e4ndige Ringen der Pole vielleicht besser.<br \/>\n1.2.2021, M.M.,CO<\/p>\n<p><strong>Beitrag der USA liegt bei allen Vakzinen erheblich h\u00f6her als der der EU<\/strong><br \/>\nInsofern st\u00fcnde Europa als sozialistischer Trittbrettfahrer da. Wer die Forschungsausgaben so drastisch zur\u00fcck f\u00e4hrt wie es die EU getan hat, sollte beim Thema Patente ganz kleine Br\u00f6tchen Backen. Ganz abgesehen davon, wenn die Patente schon verstaatlicht werden, warum nicht gleich die ganze Forschung und Entwicklung verstaatlichen? Oder traut man der staatlichen Forschung weniger zu? Die Erfahrung zeigt uns, dass Staatswirtschaft immer Mangelwirtschaft hervorbringt mit hohen Verlusten und geringer Effizienz. Es spricht aber nichts dagegen einen globalen Fonds f\u00fcr medizinisch wertvolle Patente einzurichten, der allen Menschen ohne Patentgeb\u00fchren zugute kommt.<br \/>\n1.2.2021, CH.K.<br \/>\n.<br \/>\n<strong>\u00d6ffentliche Lizenzen w\u00e4ren die &#8222;B-L\u00f6sung&#8220;<\/strong><br \/>\nZweifellos ist es \u00e4rgerlich und verfehlt, wenn der Staat die Entwicklung von Impfstoffen zu gro\u00dfen Teilen finanziert und Pharmaunternehmen dann Patente anmelden, um ihre Gewinne mit diesen Impfstoffen maximieren zu k\u00f6nnen. Trotzdem w\u00e4re ein Eingriff in das System des geistigen Eigentums, zu dem auch Patente und Lizenzen z\u00e4hlen, aus diversen Gr\u00fcnden fatal.<br \/>\nKl\u00fcger w\u00e4re es, wenn der Staat seine Subventionszusage an Pharmaunternehmen vertraglich an Gegenleistungen kn\u00fcpfen w\u00fcrde, etwa an eine Verpflichtung zur vorrangigen Belieferung des Staates mit dem betreffenden Impfstoff, und das zu einem Preis, der nicht oder nur unwesentlich \u00fcber den Gestehungskosten liegt. Auch Kontrollrechte sind vereinbar. Den Anspruch auf Vorzugsbehandlung k\u00f6nnte man befristen, bis der Subventionsbetrag an den Staat zur\u00fcck geflossen ist. Einer der Vorteile: Anders als bei Zwangslizenzen w\u00fcrden die Vorteile zuvorderst der Gesellschaft zugute kommen, die mit ihren Steuern die Subventionierung bezahlen musste.<br \/>\n1.2.2021, Q.A:<br \/>\n.<br \/>\n<strong>Forschung nicht aus Deutschland vertreiben!,<\/strong><br \/>\nDa haben Menschen teilweise Jahrzehnte geforscht, und nun sollen sie quasi ihres geistigen Eigentums beraubt werden? Man sollte dar\u00fcber nachdenken, dass der Staat, sofern er Forschungsgelder bereitstellt, daf\u00fcr bei Erfolg, etwas oder alles so nach und nach zur\u00fcck bekommen sollte. Aber bitte bitte zerst\u00f6rt nicht die Motivation der Menschen, die bereit sind sich \u00fcber die Ma\u00dfen anzustrengen, besonders, wenn es um Dinge geht, die uns wirklich voran bringen. Und bitte bitte vertreibt diese Menschen und Firmen nicht aus Deutschland. Das war den \u201eGuten Linken Gr\u00fcnen\u201c schon einmal in punkto Gentechnisch basierte Insulinproduktion gelungen.<br \/>\nAber wenn man eine Philosophie vertritt, in der der Westen\/alle Wei\u00dfen am Elend der Welt schuld sind und wenn man glaubt, der Westen sei alleine f\u00fcr das Wohl der restlichen Menschheit verantwortlich, kommt man mitunter auf krude Ideen. Dennoch meine ich, dass Reiche Menschen und Staaten eine besondere Verantwortung In der Welt haben.<br \/>\n1.2.2021, E.W.<br \/>\nEnde der Kommentare<\/p>\n<p>.<\/p>\n<p>&nbsp;<\/p>\n<p><strong>Impfen gegen Mutanten?<\/strong><br \/>\nStatt mit belastbaren Zahlen wurde die j\u00fcngste Verl\u00e4ngerung und Versch\u00e4rfung des Corona-Ausnahmezustands mit den unbekannten Gefahren der aktuellen Virus-Mutationen begr\u00fcndet. Und wer wei\u00df schon, ob die Impfstoffe gegen die Virus-Mutationen helfen? Aber vielleicht sollte man sich auch fragen, in welchen F\u00e4llen die Impfstoffe \u00fcberhaupt wirksam sind?<br \/>\n.<br \/>\nSARS-CoV-2, ein Erreger grippaler Infekte und der seltenen Viruspneumonie COVID,<br \/>\n(John P A Ioannidis : &#8222;Infection fatality rate of COVID-19 inferred from seroprevalence data&#8220;<br \/>\n<a href=\"https:\/\/www.who.int\/bulletin\/volumes\/99\/1\/20-265892\/en\/\">https:\/\/www.who.int\/bulletin\/volumes\/99\/1\/20-265892\/en\/<\/a> )<br \/>\ndie auf eintausend \u00fcber 70-j\u00e4hrige mit dem Virus infizierte Personen zu ein bis zwei Toten f\u00fchrt, steht unter hohem Selektionsdruck. Denn 99,8 Prozent der Infizierten bilden gegen das Virus eine robuste Immunit\u00e4t aus, die auch gegen Mutanten des Virus durch sogenannten Kreuzimmunit\u00e4t wirken kann, dazu unten mehr.<br \/>\nEin immuner potenzieller Wirt kann aber nicht mehr infiziert werden und das Virus nicht mehr weitergeben. Wenn das Virus sich also nicht laufend ver\u00e4ndern w\u00fcrde, w\u00fcrde die menschliche Population es durch Herdenimmunit\u00e4t ausrotten. Doch das geschieht nicht.<br \/>\nDenn das Virus ist darauf hin optimiert, sich bei der Replikation genetisch zu ver\u00e4ndern \u2013 den Mechanismus habe ich hier erkl\u00e4rt.<br \/>\n<a href=\"https:\/\/www.achgut.com\/artikel\/grossbritannien_normale_mutanten_der_virusevolution\">https:\/\/www.achgut.com\/artikel\/grossbritannien_normale_mutanten_der_virusevolution<\/a><br \/>\nDiese Mutationen f\u00fchren zu neuen Linien des Virus, die durch Sequenzierung seines Genoms<a href=\"https:\/\/pubmed.ncbi.nlm.nih.gov\/?term=sars-cov%202%20mutation\"> https:\/\/pubmed.ncbi.nlm.nih.gov\/?term=sars-cov%202%20mutation<\/a><br \/>\nlaufend <a href=\"https:\/\/www.cogconsortium.uk\/\">https:\/\/www.cogconsortium.uk\/<\/a> ermittelt werden.<br \/>\n&#8230;.<br \/>\nFassen wir zusammen: SARS-CoV-2 ist ein Erreger grippaler Infekte mit einer normalen Letalit\u00e4t. Die Mutanten sind ganz normal und nicht messbar infekti\u00f6ser oder letaler als das Wuhan-Referenzvirus. Die Viren sind endemisch und ver\u00e4ndern sich st\u00e4ndig. Der \u201cImpfstoff\u201d ist h\u00f6chstwahrscheinlich gegen die t\u00f6dliche Pneumonie bei allen Varianten unwirksam und kann die Kontagiosit\u00e4t Infizierter wahrscheinlich nur teilweise senken. Seine nachgewiesene Wirkung beschr\u00e4nkt sich auf Symptome, die der K\u00f6rper selbst leicht bew\u00e4ltigen kann. Sein Gefahrenpotenzial ist unbekannt.<br \/>\n&#8230; alles vom 1.2.2021 von Dr. Jochen Ziegler bitte lesen auf<br \/>\n<a href=\"https:\/\/www.achgut.com\/artikel\/impfen_gegen_mutanten\">https:\/\/www.achgut.com\/artikel\/impfen_gegen_mutanten<\/a><br \/>\n.<br \/>\nEinige Kommentare:<br \/>\n<strong>Mehr Impfung &#8211; mehr \u201cInfizierte\u201d- mehr Lockdown?<\/strong><br \/>\nHoffentlich habe ich es richtig verstanden: Die Impfung dient dazu, menschliche Zellen zu veranlassen, eine Struktur herzustellen, die die f\u00fcr das Eindringen in die Zelle notwendigen Spikes aufweist. Diese durch Impfung produzierten, bestimmten Bestandteilen der Virush\u00fclle gleichenden Strukturen (Virustr\u00fcmmer) sollen das Immunsystem anregen, sich damit zu befassen und die notwendige Abwehr bereitzustellen. Sie sind damit aber nicht nur ein geeigneter Sparringpartner f\u00fcr das Immunsystem, sondern gleichzeitig auch genau das, worauf ein PCR-Test anspringt. Das bedeutet, da\u00df der falsch angewendete PCR-Test, sofern er nach wie vor, ohne weitere Diagnostik, zur Entdeckung von \u201cF\u00e4llen\u201d verwendet wird, nach einer Impfung auf jeden Fall positiv ausfallen mu\u00df. Mehr Impfung &#8211; mehr \u201cInfizierte\u201d- mehr Lockdown?<br \/>\n1.2.2021, A.P., AO<br \/>\n.<br \/>\n<strong>A.P., &#8211; gut kombiniert!<\/strong><br \/>\nBereits in der PR\u00c4- klinischen Phase war klar, da\u00df dieser Impfstoff nicht sterilisierend ist. Bei geimpften, als auch bei nicht geimpften Rhesusaffen schlug der PCR- Test positiv an! Alle Test- Phasen verliefen teleskopierend. W\u00e4hrend man diese kleine entscheidende Petitesse erkannte, hatte man bereits mit Impfversuchen an Menschen begonnen. Im Prinzip k\u00f6nnen Sie auch Urin, Eigenblut oder Vitamin B6 spritzen. Es geht den Initiatoren weder um die Gesundheit der Menschen, noch um eine effiziente Impfung. Es geht darum gesellschaftliche Koordinaten, first \u00fcber Corona und anschlie\u00dfend \u00fcber CO2, einzuschlagen, innerhalb derer sich der Mensch nur noch zwischen Pr\u00fcfungen und Restriktionen bewegen darf.<br \/>\n1.2.2021,S.SCH<br \/>\n.<br \/>\n<strong>Als die Wirkungsweise dieser \u201cneuen\u201d Impfstoffe bekannt war<\/strong>,<br \/>\nwusste doch jeder &#8211; auch nicht speziell ausgebildete &#8211; dass damit h\u00f6chstwahrscheinlich die Hauptrisikogruppe nicht oder nicht hinreichend gesch\u00fctzt werden kann, denn diese Impfung setzt ein funktionierendes Immunsystem voraus &#8211; inwieweit es zu milderen Verl\u00e4ufen (und damit zu weniger SARS) kommt, wird man abwarten m\u00fcssen, ich k\u00f6nnte mir durchaus vorstellen, dass ein Immunsystem, das noch halbwegs funktioniert, damit \u201cgewappnet\u201d werden kann, bei einer Infektion schneller zu reagieren. Aber das m\u00fcsste eben untersucht werden, dazu reicht die Zeit nicht.<br \/>\nDer fatale Fehler d\u00fcrfte aber in der Tat darin bestehen, den \u00e4lteren, geschw\u00e4chten Betroffenen zu suggerieren, die Impfung k\u00f6nnte sie tats\u00e4chlich vor einem schweren Verlauf verl\u00e4\u00dflich sch\u00fctzen. Tats\u00e4chlich d\u00fcrfte n\u00e4mlich bei zunehmenden Alter auch die Gefahr von Impf-Komplikationen steigen.<br \/>\nDie Jungen zu impfen w\u00e4re nur dann sinnvoll, wenn verl\u00e4\u00dfliche Aussagen dar\u00fcber zu machen sind, dass die Impfung bei den Jungen dazu f\u00fchrt, dass sie selbst nicht mehr als \u00dcbertr\u00e4ger \u201cdes\u201d Virus (und diverser Mutationen) in Betracht kommen.<br \/>\nVergessen wir nicht: Das Ziel der Impfung ist es nicht, einzelne Menschen zu sch\u00fctzen, sondern die Herdenimmunit\u00e4t rascher herbei zu f\u00fchren bei gleichzeitiger Vermeidung einer zu gro\u00dfen \u201cOpferrate\u201d.<br \/>\nSeltsam genug, dass die Frage, welchen Preis der Einzelne daf\u00fcr zahlt, damit dieses Ziel erreicht werden kann (unterstellt, es k\u00f6nne so erreicht werden), geradezu f\u00fcr Emp\u00f6rung sorgt in den Panikkreisen. Das wird man doch mal fragen d\u00fcrfen, Herrgott noch einmal! Statt dessen werden Impfrisiken (\u00fcber die man eigentlich gar nicht wei\u00df!), konsequent verharmlost, das Virus und die seltene Erkrankung dagegen d\u00e4monisiert.<br \/>\n1.2.2021,A.R:<br \/>\n.<br \/>\n<strong>Die Regierung glaubt an etwas, das \u201ebiologisch unm\u00f6glich\u201c (ZeroCovid) ist,<\/strong> und Autoren (ausgebildete \u00c4rzte), die darauf hinweisen, sind inzwischen gut beraten, Pseudonyme zu verwenden, wenn sie das Leben und Wohlergehen ihrer Familien nicht gef\u00e4hrden wollen. (So wie ja vermutlich fast alle hier?) Ein herrliches Land, in das \u201eMerkelchen\u201c &amp; Co. unser Deutschland verwandelt haben, nicht wahr?<br \/>\n1.2.2021, P.T.<\/p>\n<p><strong>&#8230; glaube aber andererseits nicht, dass man die Immunschw\u00e4che<\/strong><br \/>\nvon Patienten, die im Pflegeheim landen und dort meistens maximal zwei Jahre verweilen, bis sie sterben, behandeln kann. Sie k\u00f6nnen oft nicht mehr laufen, kommen selten an die frische Luft, und hinzu kommt, dass manche davon eigentlich sterben wollen. Man k\u00f6nnte ihnen IGG geben, und das h\u00e4tte vermutlich exakt denselben Effekt wie manche Impfung, n\u00e4mlich gar keinen. Genauso sch\u00e4tze ich, dass pr\u00e4terminal Tumorkranken, austherapiert mit Chemotherapie und Bestrahlung, die beide an Grenzen sto\u00dfen, Patienten mit multiplen Metastasen, nicht mehr zu helfen ist. Diese Patienten wurden fr\u00fcher gern von M\u00fcnchen nach Bad Trissl zum Sterben verlegt. Bad Trissl geh\u00f6rt zum LK Berchtesgaden. Dreifacherkrankte mit Hypertonus, Coronarer Herzerkrankung und Diabetes, meistens auch noch \u00fcbergewichtig, sind das n\u00e4chste Kapitiel. Eine junge Forscherin an der JHU hat die Zahlen der angeblich an C19 Gestorbenen und die der Herzkranken vergichen und fand eine mirakul\u00f6se Abnahme bei letzterer Gruppe. Das Paper wurde schnell zur\u00fcckgezogen. Wir werden hier schikaniert, nur weil das Leben irgendwann zu Ende ist, aber auch, weil das Gesundheitssystem aus mehreren Gr\u00fcnden versagt, wenn alle auf einmal sterben, statt \u00fcber das Jahr verteilt. Daher muss man die Patienten m.E. impfen. Der Eine oder Andere profitiert davon, und folgerichtig nimmt der Kranken- und Totenberg ab.<br \/>\n1.2.2021, F.J.<br \/>\n.<br \/>\n<strong>Der Artikel von Hr. \u201cZiegler\u201d verdiente es &#8230;<\/strong><br \/>\nVerehrte Frau Sch., sollte die Wortsch\u00f6pfung \u201cLinke Zero-Brain-Panidioten\u201d Ihrer Feder entsprungen sein, erlaube ich mir k\u00fcnftig etwaiges Copyright Ihrerseits zu ignorieren und nach Kr\u00e4ften die Begrifflichkeit zu plagiieren ;-)) Nat\u00fcrlich trifft auch Ihr Kommentar &#8211; wie so oft &#8211; ins Schwarze! ###<br \/>\nDer Artikel von Hr. \u201cZiegler\u201d verdiente es allabendlich 5 Minuten vor den Hauptnachrichtensendungen und anschlie\u00dfend ebenfalls t\u00e4glich in einem 15 Min\u00fctigen Brennpunkt EXTRA im GEZ-Funk vorgetragen und erl\u00e4utert zu werden (incl. der sehr anschaulichen Diagramme zum Virus-Stammbaum\/ &#8211; Verbreitung)<br \/>\nEs ist mir schleierhaft, dass sich die sogenannten Staatsvirologen et al. nicht in Grund und Boden sch\u00e4men angesichts des ungeheuren Schadens den sie sehenden Auges anrichten. Mit \u201cWissenschaft\u201d jedenfalls hat das NICHTS mehr zu tun\u2026! Von dem Panikorchester der Presstituierten, Hofberichterstatter und Lakaien der Macht ist bekannterma\u00dfen nichts anderes zu erwarten gewesen.<br \/>\n1.2.2021,M.R.<br \/>\n.<br \/>\n<strong>Eine Mutation besteht noch immer aus demselben Stoff.<\/strong><br \/>\nWas die Wissenschaft als Mutationen bezeichnet, sind \u201cImitationen\u201d. Warum das so ist, ist leicht zu erkl\u00e4ren: Irgendwer hustet uns an und wir werden mit einem Tr\u00f6pfchen infiziert. Wir werden krank und husten und schnauben eine Woche lang die Taschent\u00fccher voll. Das Virus, welches uns krank gemacht hat, hat sich w\u00e4hrend der Krankheit verfielfacht. Also kann es sich nicht um ein und dasselbe Virus handeln noch um Mutationen. &#8211; Technisch l\u00f6st sich das Ursachen-Virus auf (Autokatalyse) und sch\u00f6pft sich dabei dabei neu (Reproduktion). Die neuen Viren sind Kopien. Das angegriffene Immunsystem wird sozusagen zum Kopierautomaten. Die \u201cMutationen\u201d sind Kopierfehler. Mutationen sind auch blo\u00df Imitate, nur eben schlechte. &#8211; Das Virus besteht aus Eiwei\u00dfen und die werden dem kranken Individuum entnommen. Die Eiwei\u00dfe sind sozusagen die Tonerkatuschen, das kranke Immunsystem der Kopierautomat. &#8211; Viren haben auch kein Ged\u00e4chtnis, weshalb sie sich nicht besser oder schlechter anpassen k\u00f6nnen. W\u00fcrden sie sich anpassen, w\u00e4ren wir schon alle tot.<br \/>\n1.2.2021, L.G.<br \/>\n.<br \/>\n<strong>Danke f\u00fcr Ihre fundierte Analyse.<\/strong><br \/>\nEs ist die zusammengefa\u00dfte Schande f\u00fcr diese Regierung, die Wissenschaft negiert, sich mit staatsh\u00f6rigen Medizinern an der Wahrheit \u201evorbeimengelt\u201c. Ihr Beitrag ist medizinisches Grundwissen, denn Hygiene und Prophylaxe geh\u00f6ren zu den Basics jeglicher medizinischer Berufsaus\u00fcbung. Bewu\u00dft vorgetragene Falschinformationen durch den einseitigen Medien\/Politik- Komplex sollen einen SHUTDOWN rechtfertigen. Masken aus der ARBEITSWELT, die FFP2- Maske, sonst f\u00fcr grobe Handwerksarbeiten in Gebrauch, sollen \u00f6ffentlich Seuchengef\u00fchle f\u00f6rdern.<br \/>\nMillionen Menschen leiden. Die Verantwortlichen suhlen sich im Erfolg ihrer Propagandamaschinerie, begl\u00fcckw\u00fcnschen sich, da\u00df die Masse brav s\u00e4mtlichen Restriktionen folgt. Gesundheit und Wohlergehen der Bev\u00f6lkerung werden bewu\u00dft zerst\u00f6rt zum politischen Umbau in die Diktatur. Boris Reitschuster gab auch eine Umfrage in Auftrag. Wer ist der unbeliebteste Politiker Deutschlands: Platz eins &#8211; ANGELA MERKEL! Trotz aller nordkoreanischen medialen Heilsverk\u00fcndungen und s\u00f6derischer, ekelerregender, rhetorischer Anbiederungen. Der HA\u00df sitzt tief in der Bev\u00f6lkerung. \u00dcbrigens, d\u00fcrften sich mit diesem Ihrem Beitrag wieder \u201ereflektorisch\u201c die \u00fcblichen Verd\u00e4chtigen aus der Emp\u00f6rungs- Pandemie- Riege zu Wort melden, im \u00fcblichen NULL- BON- MODUS: Keine Argumente, stattdessen \u00b4Imouschens\u02cb aus der Angst-Desavouierungs- Ecke linker Zero-Brain-Panidioten.<br \/>\n1.2.2021, S.SCH,AO<br \/>\nEnde Kommentare<\/p>\n<p>.<\/p>\n<p>&nbsp;<\/p>\n<p><strong>Impfstoff-Einkauf: Versagen der EU-Kommission gegen\u00fcber USA -Trump und GBR<\/strong><br \/>\nWer verstehen will, warum in den USA 23,54 Millionen Menschen geimpft sind und in Deutschland nur 1,99 Millionen Menschen, muss sich mit den Ambitionen der Staaten und der Geschwindigkeit ihrer jeweiligen Impfprogramme befassen. Erst im Vergleich zwischen US-Regierung und EU-Kommission wird das Ausma\u00df des europ\u00e4ischen Versagens deutlich.<br \/>\nWie alles begann:<br \/>\nAm 29. April 2020 sickert durch, dass US-Pr\u00e4sident Donald Trump ein Projekt starten will, um die Entwicklung eines Corona-Impfstoffs voranzutreiben. Mit der \u201eOperation Warp-Speed\u201c will er den Amerikanern bis zum Jahresende Hunderte Millionen Dosen eines Impfstoffs zur Verf\u00fcgung stellen \u2013 und so den Wahlkampf gewinnen. Der Name des Projekts geht auf den fiktiven \u201eWarp-Antrieb\u201c des \u201eRaumschiff Enterprise\u201c zur\u00fcck, das damit schneller als Lichtgeschwindigkeit fliegen konnte. Bei der Vorstellung am 15. Mai sagt Trump: &#8222;Wir bereiten uns vor. Es ist riskant, es ist teuer, aber wir werden enorm viel Zeit sparen. Wir werden Jahre sparen, wenn wir es richtig machen. \u201c<br \/>\nDie amerikanischen Aufk\u00e4ufer schlagen am 21. Mai zum ersten Mal zu: Auf Verdacht und zun\u00e4chst ohne Zulassung wird \u00fcber die n\u00e4chsten Monate bei f\u00fcnf potenziellen Corona-Impfstoffherstellern, bei Moderna, AstraZeneca, Pfizer (samt dem Partner BioNTech), Johnson &amp; Johnson sowie Merck, eingekauft.<br \/>\nEuropa schl\u00e4ft derweil den Schlaf der Gerechten. Erst am 17. Juni stellt die EU-Kommission eine europ\u00e4ische Impfstoffstrategie zur raschen Entwicklung, Herstellung und Verbreitung eines Corona-Impfstoffs vor.<br \/>\n&#8230;.<br \/>\nDie USA machen z\u00fcgige Fortschritte bei der \u201eOperation Warp Speed\u201d: Am 22. Juli vermelden der US-Pharmariese Pfizer und die Firma BioNTech aus Mainz ihre Kooperationsvereinbarung mit der US-Regierung. Der Preis: 1,95 Milliarden Dollar f\u00fcr 600 Millionen Dosen, 100 Millionen davon bis Ende des Jahres. Im Dezember wird die US-Arzneimittelbeh\u00f6rde FDA sowohl dem Impfstoff von Pfizer\/BioNTech als auch dem des US-Herstellers Moderna eine Notfallzulassung erteilen.<br \/>\nEuropa bildet von Anfang an das Schlusslicht der Aufk\u00e4ufer.<br \/>\n&#8230;.&#8216;<br \/>\nDer innereurop\u00e4ische Vergleich zwischen der EU-Kommission und der Regierung von Gro\u00dfbritannien f\u00e4llt ebenfalls nicht schmeichelhaft f\u00fcr Ursula von der Leyen aus. W\u00e4hrend der britisch-schwedische Hersteller AstraZenca den Europ\u00e4ern ihre Vakzin-Lieferungen k\u00fcrzt, wird das Vereinigte K\u00f6nigreich weiter planm\u00e4\u00dfig beliefert. &#8230;.<br \/>\nIn London gibt man sich selbstsicher. Man habe fr\u00fcher bei AstraZeneca bestellt als die Europ\u00e4er und werde daher auch fr\u00fcher beliefert. Der Firmenchef zuckt im Interview mit der \u201eWelt\u201c die Achseln: &#8222;Der Vertrag mit den Briten wurde drei Monate vor dem mit Br\u00fcssel geschlossen. \u201c<br \/>\nFirst come. First serve.<br \/>\n&#8230; Alles vom 29.1.2021 von Gabor Steingart bitte lesen auf<br \/>\n<a href=\"https:\/\/news.gaborsteingart.com\/online.php\">https:\/\/news.gaborsteingart.com\/online.php<\/a><\/p>\n<p>.<\/p>\n<p><strong>Mutter Staat wird es nicht richten &#8211; Impfen<\/strong><br \/>\nvon Johannes Knewitz<br \/>\nDie Probleme von EU und Bundesregierung bei der Impfstoffbeschaffung offenbaren, wie wenig analytisch die handelnden Politiker vorgehen. Wir erleben einen Staat, der die Geschwindigkeit einer globalisierten Welt nicht aush\u00e4lt: nicht im Wettbewerb mit transnationalen Unternehmen und nicht in der Bek\u00e4mpfung einer globalen Epidemie.<br \/>\n&#8230;<br \/>\nDie Krise, die wir aktuell erleben, offenbart die Krise dahinter: die eines Staates, der die Geschwindigkeit einer globalisierten Welt <a href=\"https:\/\/www.freiburg-schwarzwald.de\/blog\/engagement\/zukunft\/demokratie\/staatsversagen\/\">nicht aush\u00e4lt<\/a>, nicht im Wettbewerb mit transnationalen Unternehmen und nicht in der Bek\u00e4mpfung einer globalen Epidemie. Der ganze Apparat ist jetzt schon wieder damit besch\u00e4ftigt, das Vorgehen nachtr\u00e4glich zu legitimieren und die diffusen Eingaben von oben umzusetzen. Das l\u00e4sst sich kaum Jens Spahn oder Angela Merkel pers\u00f6nlich anlasten, auch wenn deren Versuche zur \u00dcberwindung dieser Situation \u00fcberschaubar bleiben.<br \/>\n<em><strong>Nach der Pandemie werden wir uns grunds\u00e4tzlich fragen m\u00fcssen,<br \/>\nwieviel Verantwortung eine Struktur,<br \/>\ndie zur Entscheidung so unf\u00e4hig ist,<br \/>\njedem Einzelnen abnehmen sollte.<\/strong><\/em><br \/>\n&#8230; Alles vom 3.1.2020 von Johannes Knewitz bitte lesen auf<br \/>\n<a href=\"https:\/\/www.cicero.de\/innenpolitik\/corona-krise-mutter-staat-wird-es-nicht-richten\">https:\/\/www.cicero.de\/innenpolitik\/corona-krise-mutter-staat-wird-es-nicht-richten<\/a><br \/>\n.<br \/>\nEinige Kommentare:<br \/>\n<strong>Die Aluhut- Verschw\u00f6rer- und Nazimasche zieht, um sich rein zu waschen<\/strong><br \/>\nDer Staat &#8230; eigentlich die Regierenden und ihre Helferlein, denn der Staat sind oder bilden wir ja alle. Fazit bei den den Handlungsweisen t\u00e4uschen, tarnen und mit den Finger auf andere Zeigen. Die Aluhut- Verschw\u00f6rer- und Nazimasche zieht immer noch um sich rein zu waschen und Schuldige zu pr\u00e4sentieren. Mutti und ihre Medien-Kaffeekr\u00e4nzchen machen es m\u00f6glich, das schaffen sie.<br \/>\n3.1.2020, T.P.<br \/>\n.<br \/>\n<strong>Die F\u00e4higkeit, Fehler einzugestehen, fehlt<\/strong><br \/>\n\u201eNach der Pandemie werden wir uns grunds\u00e4tzlich fragen m\u00fcssen, wieviel Verantwortung eine Struktur, die zur Entscheidung so unf\u00e4hig ist, jedem Einzelnen abnehmen sollte.\u201c<br \/>\nBesser kann man das nicht ausdr\u00fccken. Es wurde von vielen, auch von mir, schon viel geschrieben \u00fcber diese Politiker \u2013 Kaste und ihren \u201eF\u00e4higkeiten\u201c im Umgang mit dieser Pandemie. Ich lasse das jetzt. Der obige Satz dr\u00fcckt alles aus. Aber die selbst gestellte Falle ist zu, sie sitzen alle darin, au\u00dfer denen, die sie als \u201eLeugner\u201c stilisieren, blo\u00df weil sie kritisieren.<br \/>\nUnd sie werden nicht umkehren, eher lassen sie alles an die Wand fahren. Denn Umkehren hie\u00dfe einzugestehen, dass vieles falsch lief. Das k\u00f6nnen die aber nicht.<br \/>\n&#8230; von einer \u201eAlternativlosigkeit\u201c zur anderen<br \/>\nDie F\u00e4higkeit Fehler einzugestehen ist eine Grundvoraussetzung, ein verantwortungsvolles Amt aus\u00fcben zu k\u00f6nnen. Sie muss Teil jeder Entscheidungsfindung sein. Fakten, Abw\u00e4gen von Optionen, Korrekturen. So aber st\u00fcmpert man sich von einer \u201eAlternativlosigkeit\u201c zur anderen. Ein Trauerspiel.<br \/>\n3.1.2020, U.W., CO<br \/>\n.<br \/>\n<strong>Wenn Schulleiter das zust\u00e4ndige Gesundheitsamt nicht erreichen k\u00f6nnen<\/strong><br \/>\nSchon lange habe ich auf einen solchen Artikel gewartet, &#8230; daher zun\u00e4chst vielen Dank an Herrn Knewitz! Die Regierung und die Medien versuchen immer wieder, den Miss-Erfolg bei der Pandemie-Bek\u00e4mpfung der Moral der Bev\u00f6lkerung (oder noch schlimmer der Moral von Bev\u00f6lkerungsteilen) zuzuschieben. Dabei liegt ein gro\u00dfer Teil der fatalen Entwicklung im organisatorischen Versagen der staatlichen Verwaltungen und in der mangelnden F\u00fchrungsf\u00e4higkeit der \u00f6ffentlichen Arbeitgeber. In anderen L\u00e4ndern, vor allem in Asien, kann man sehen, dass es auch anders geht.<br \/>\nWenn Schulleiter (oder Heimleiter) in dieser Lage das zust\u00e4ndige Gesundheitsamt weder telefonisch noch elektronisch erreichen k\u00f6nnen, dann ist das einfach nicht mehr entschuldbar. Einem stark belasteten Teil der Besch\u00e4ftigten im \u00f6ffentlichen Dienst steht eine gro\u00dfe Zahl von Mitarbeitern gegen\u00fcber, die weder wichtige Aufgaben haben noch sinnvoll ausgelastet sind. Dieses Potential wird nicht effektiv mobilisiert, obwohl es dringend notwendig w\u00e4re. Unser Staat ist zu schwach.<br \/>\n3.1.2020, W.B.<br \/>\n.<br \/>\n<strong>Organisation ist alles<\/strong><br \/>\nOrganisation ist alles &#8211; setzt aber voraus, dass Menschen wissen, was das ist und wie das geht. Sind Abl\u00e4ufe gut, umf\u00e4nglich und sauber geplant, kann die IT ihren Job machen. In der Regel sogar erstaunlich schnell. Die Zeit war da. Die Zeit verstrich. &#8222;Die Getriebenen&#8220; auch hier. Ganz schlimmer Eindruck, den ich von der Regierung habe. Guter Beitrag. Danke.<br \/>\n3.1.2021. M.D-<br \/>\n.<br \/>\n<strong>Unf\u00e4hige Politiker: Nach dem Studium in den Bundestag<\/strong><br \/>\nSolche Verh\u00e4ltnisse erreicht man, wenn die Abgeordneten und dann die Regierung aus dem Studium direkt in den Bundestag einziehen. Ich weis es sind nicht alle. Da gibt es dann zuhauf Anw\u00e4lte, Pfarrer und Lehrer. Wirtschaftslenker wenden sich mit Grausen ab. Erst wenn jemand die ersten 100 000\u20ac Steuern gezahlt hat und zehn Berufsjahre nachweisen kann, wird er Volksvertreter. Da m\u00fcsste man aber das ganze System mal in Frage stellen. Ein Unternehmer muss sich immer diesen Fragen stellen. Grunds\u00e4tzliche \u00c4nderungen gibt es wahrscheinlich erst nach einer Katastrophe und da sind wir noch nicht.<br \/>\n3.1.2021, M.M.<br \/>\nEnde der Kommentare.<\/p>\n<p>&nbsp;<\/p>\n<p><strong>Prof Hockertz zur Impfung: \u201eOb es funktioniert, wissen wir nicht\u201c<\/strong><br \/>\n<em>In wenigen Tagen sollen auch bei uns die Impfungen gegen Covid-19 beginnen. Ob das gutgehe, sei ungewi\u00df, warnt der Toxikologe Stefan Hockertz, die Notzulassung der Anti-Corona-Vakzine berge die Gefahr einer Impfkatastrophe<\/em><br \/>\nHerr Professor Hockertz, was halten Sie von der neunzigj\u00e4hrigen Britin, die sich vergangene Woche im Blitzlichtgewitter der Medien als erste Westeurop\u00e4erin gegen Covid-19 hat impfen lassen?<br \/>\nStefan Hockertz: Jede Impfung beruht auf einer Risikoabw\u00e4gung: Ist die Gefahr, durch sie schwere Sch\u00e4den zu erleiden geringer als durch die Krankheit, vor der sie sch\u00fctzt? Falls die Dame das kalkuliert und sich deshalb so entschieden hat, respektiere ich ihren Schritt. Und wenn nicht?<br \/>\nHockertz: Das ist Spekulation und dazu \u00e4u\u00dfere ich mich nicht.<br \/>\nBei uns soll das Biontech\/Pfizer-Vakzin zwischen dem 23. und 29. Dezember freigegeben werden. Lassen Sie sich impfen?<br \/>\nHockertz: Mit diesen Impfstoffen auf keinen Fall \u2013 gleich ob der von Biontech\/Pfizer, Moderna oder AstraZeneca. Warum nicht? Schlie\u00dflich werden alle drei eine ordentliche Zulassung erhalten. Hockertz: Ich m\u00f6chte vorweg klarstellen, da\u00df ich kein Impfgegner bin. anz im Gegenteil sogar \u2013 allein 2019 habe ich mich, wegen einer Reise, \u00fcber ein dutzendmal impfen lassen. Warum ich mir dennoch keinen Anti-Corona-Impfstoff injizieren lasse, hat mit der eben beschriebenen Risikoabw\u00e4gung zu tun: Auch in meinem Alter verl\u00e4uft eine Sars-CoV2-Infektion zu 90 bis 95 Prozent milde. Die Gefahren durch die mangelhaft erprobten Vakzine sind dagegen viel gr\u00f6\u00dfer.<br \/>\n.<br \/>\nDie Mehrheit der Deutschen sieht das anders: Laut einer Umfrage aus dem November sind 67 Prozent zur Impfung bereit. Hockertz: Im Gegensatz zum Fall der Britin wage ich hier eine Erkl\u00e4rung: Denn ich erlebe t\u00e4glich, da\u00df die meisten Leute, die mich ansprechen, nicht richtig aufgekl\u00e4rt sind. Was ich ihnen aber nicht vorwerfe, sie werden ja auch nicht richtig informiert.<br \/>\nInwiefern? Hockertz: Nehmen Sie etwa Lothar Wieler, Pr\u00e4sident des Robert-Koch-Instituts, das ja immerhin \u201edie\u201c Bundeseinrichtung f\u00fcr Infektionskunde ist, der im Sender Ph\u00f6nix sagte: \u201eWir wissen nicht genau, wie die (Impfstoffe) wirken, wie gut sie wirken, was sie bewirken \u2013 aber ich bin optimistisch, da\u00df es (sie) gibt.\u201c Auch viele andere ernstzunehmende Kollegen haben sich entsprechend in der \u00d6ffentlichkeit so ge\u00e4u\u00dfert.<br \/>\n.<br \/>\nSie haben die geplante Impfkampagne ein \u201eHumanexperiment\u201c genannt. Warum, wenn nicht nur Hersteller und Politik, sondern auch viele Experten sagen, die Anti-Corona-Impfung werde sicher sein?<br \/>\nHockertz: Man mu\u00df wissen, da\u00df es zwei Arten von Antik\u00f6rpern im Immunsystem gibt: neutralisierende und bindende Antik\u00f6rper. Die neutralisierenden markieren K\u00f6rperzellen, die von einem Virus infiziert worden sind, damit sie vom Immunsystem erkannt und abget\u00f6tet werden. Die bindenden Antik\u00f6rper markieren infizierte Zellen dagegen nicht erkennbar, denn ihre Funktion ist eine andere. Da Corona-Viren aber beide Arten Antik\u00f6rper bei uns aktivieren k\u00f6nnen, besteht die Gefahr, da\u00df der Impfstoff in hoher Zahl \u2013 oder vielleicht sogar nur \u2013 bindende Antik\u00f6rper aktiviert. Dann w\u00fcrden wir zwar Antik\u00f6rper beobachten und das als erfolgreiche Wirkung deuten, doch tats\u00e4chlich ist ein so Geimpfter, der sich mit Sars-CoV-2 infiziert, nicht nur ungesch\u00fctzt, sondern seine Erkrankung verl\u00e4uft dann sogar noch schwerer als ohne Impfung! Bekannt ist dieses Ph\u00e4nomen \u00fcbrigens als \u201eAntibody dependent enhancement\u201c beim Sars-CoV, also der urspr\u00fcnglichen Sars-Krankheit.<br \/>\n.<br \/>\nDiese Gefahr ist Politik, Herstellern und Experten auch bekannt. W\u00e4re sie aber relevant, w\u00fcrden sie den Impfstoff doch wohl kaum f\u00fcr sicher erkl\u00e4ren.<br \/>\nHockertz: Die Politik tendiert bereits seit Jahren dazu, nur noch solche Experten zu h\u00f6ren, die ihre Ansichten best\u00e4tigen. Und diese Experten sind schon seit langem nicht mehr zu dem bereit, was Wissenschaft auch ausmacht, n\u00e4mlich ergebnisoffene Diskurse zu f\u00fchren.<br \/>\n.<br \/>\nWie erkl\u00e4ren Sie sich diese Situation?<br \/>\nHockertz: Ich sage immer: Corona macht die Dinge nicht neu \u2013 es deckt sie nur auf. Wir beobachten schon seit langem keinen echten Diskurs mehr. Das Wort der Kanzlerin \u201ealternativlos\u201c ist ein treffendes Beispiel daf\u00fcr.<br \/>\nMit \u201eCorona deckt sie nur auf\u201c, meinen Sie Mi\u00dfst\u00e4nde?<br \/>\nHockertz: Nat\u00fcrlich. Und zwar nicht nur die in Politik, Expertenwesen und Medien, sondern ebenso etwa bei der taatlichen Krisen- und Katastrophenvorsorge oder ganz besonders bez\u00fcglich der Mi\u00dfst\u00e4nde in unserem Gesundheitssystem. Dessen Zustand vor allem auch Folge der von der Politik \u2013 also von Herrn Spahn \u2013 gewollten Kommerzialisierung ist!<br \/>\n.<br \/>\nSie nennen die Lage der Impfstoffsicherheit bez\u00fcglich Corona bedenklich. Andere Experten, die nicht weniger qualifiziert sind als Sie, schildern sie als sicher. Wem soll der Laie glauben?<br \/>\nHockertz: Was sich f\u00fcr den Laien plausibel anh\u00f6rt, ist in Wahrheit nur eine unbewiesene Arbeitshypothese \u2013 und zwar folgende: Das Corona-Virus hat bekanntlich kleine \u201eStacheln\u201c, auf englisch \u201eSpikes\u201c, die ihm sein typisches Aussehen verleihen, und mit denen das Virus an unsere K\u00f6rperzellen andockt, um sie zu infizieren. Der Impfstoff enth\u00e4lt nun ein St\u00fcck sogenannte Boten-RNA, kurz \u201emRNA\u201c \u2013 \u201em\u201c wie \u201emessenger\u201c, englisch f\u00fcr \u201eBote\u201c. Diese mRNA ist eine Art Konstruktionsplan f\u00fcr die Herstellung des Proteins, aus dem die Spikes bestehen. Die mRNA im Impfstoff dringt nun in unsere K\u00f6rperzellen ein und veranla\u00dft diese, das Spike-Protein zu produzieren. Konfrontiert mit diesem soll unser Immunsystem lernen, die Stacheln abzuwehren \u2013 so da\u00df das Virus sp\u00e4ter nicht mehr an unsere Zellen ankoppeln kann. Das Ganze klingt toll \u2013 ist aber, wie gesagt, nur eine unbewiesene Arbeitshypothese. Ob es tats\u00e4chlich auch so funktioniert, wissen wir nicht.<br \/>\n.<br \/>\nWieso nicht, daran wird doch schon lange geforscht?<br \/>\nHockertz: Richtig, die Hypothese gibt es schon seit etwa zwanzig Jahren. Dennoch sind wichtige Details noch unklar. Zum Beispiel wie der in der mRNA enthaltene Bauplan des Proteins in unseren K\u00f6rperzellen genau abgelesen und prozessiert wird. Oder wie das produzierte Spike-Protein, das vom Zellinneren nach au\u00dfen wandern mu\u00df, an der Au\u00dfenseite unserer Zellen dem Immunsystem gegen\u00fcber dargestellt wird. Sie meinen, ob dies in einer Weise passiert, die erm\u00f6glicht, da\u00df unser Immunsystem daran auch erfolgreich \u201e\u00fcben\u201c kann?<br \/>\nHockertz: Genau, das wissen wir nicht. Was \u00fcbrigens mit ein Grund daf\u00fcr ist, da\u00df bis heute noch kein einziger mRNA-Impfstoff zugelassen wurde.<br \/>\n.<br \/>\nKann das nicht einfach mit einem Elektronenmikroskop beobachtet werden?<br \/>\nHockertz: Damit kann man Viren und Zellen sehen, aber nicht die Anordnung der Molek\u00fcle des Proteins auf der Zelle. Also, was tun? Hockertz: Es braucht viele, viele, langwierige Versuche, inklusive \u2013 auch wenn mir das keine Freunde macht \u2013 Tierversuchen, um in mehreren Jahren herauszufinden, was da tats\u00e4chlich passiert. Durch umfassende Zusammenarbeit, Nacht- und Wochenendschichten und \u201edurch Gl\u00fcck\u201c, so die offizielle Argumentation, konnte das alles abgek\u00fcrzt werden.<br \/>\nHockertz: Gl\u00fcck gibt es in der Wissenschaft nicht, nur gewissenhafte Arbeit und ausdauernden Flei\u00df, aus denen dann signifikante Daten entstehen. Wissenschaft, besonders die Toxikologie, sind kein Gl\u00fccksspiel.<br \/>\n.<br \/>\nSie sagen also eine Impfkatastrophe voraus?<br \/>\nHockertz: Leider ja. Ich rechne mit bis zu f\u00fcnf Prozent Impfgesch\u00e4digten bei einem nicht ausreichend erprobten Impfstoff \u2013 gegen\u00fcber bis zu einem Prozent bei gut erforschten. W\u00fcrde ganz Deutschland zwangsgeimpft werden, was ja auch diskutiert wird, entsprechen f\u00fcnf Prozent vier Millionen Impfgesch\u00e4digten. Damit w\u00e4re die Impfung deutlich gef\u00e4hrlicher als das Virus!<br \/>\n.<br \/>\nAllerdings wissen Sie nicht, ob es so kommt. K\u00f6nnte nicht ebenso alles gutgehen?<br \/>\nHockertz: Es gibt viele Hinweise in den bisherigen unvollst\u00e4ndigen klinischen Studien f\u00fcr meine These. Die nicht zul\u00e4ssige Verk\u00fcrzung der Pr\u00e4klinik \u2013 also der fr\u00fchen Erprobungsphase, in der der Impfstoff noch nicht an Menschen, sondern an In-vitro-Zellkulturen und Tieren getestet wird \u2013 zeigte schon bei der Schweinegrippe-Impfung 2009 fatale Folgen des \u201eHumanexperiments\u201c! Eine Sch\u00e4tzung aus den USA spricht von 0,1 Prozent Todesf\u00e4llen durch eine solche Impfung: das w\u00e4ren bei achtzig Millionen Deutschen 80.000 Tote \u2013 etwa die komplette Stadt Bamberg. W\u00e4hrend bei erprobten Vakzinen die Todesrate nur im Promille-Bereich liegt.<\/p>\n<p>Sie fordern statt der Impfung eine Aufhebung der gro\u00dfen Schlie\u00dfung. Warum?<br \/>\nHockertz: Zun\u00e4chst verlange ich von der Regierung wissensbasiertes, vern\u00fcnftiges und ma\u00dfvolles Regieren \u2013 im Gegensatz zum derzeit praktizierten rechthaberischen, autorit\u00e4ren und ma\u00dflosen Reagieren. Eine evidenzbasierte Betrachtung der Ereignisse ist der deutschen Bundesregierung und den Ministerpr\u00e4sidenten v\u00f6llig abhanden gekommen. \u201eEvidenzbasiert\u201c?<br \/>\nHockertz: Das bedeutet: erfolgend auf Basis empirisch zusammengetragener und bewerteter wissenschaftlicher Erkenntnisse.<br \/>\n.<br \/>\nAber was ist nun am Lockdown falsch? Hockertz: Autorit\u00e4re Ma\u00dfnahmen wie der Lockdown erh\u00f6hen die Krankheitsanf\u00e4lligkeit von Menschen, wie Studien belegen. Das klassische Mittel zur Seuchenbek\u00e4mpfung ist dagegen die Quarant\u00e4ne nach dem Begriff von Robert Koch.<br \/>\n.<br \/>\nViele Leute halten den Lockdown f\u00fcr eine Form davon.<br \/>\nV\u00f6llig falsch! Dieser ist vielmehr das genaue Gegenteil. Beispiel: Haben Sie einen Computervirus, isoliert das Anti-Virus-Programm alle infizierten Dateien \u2013 nicht, wie der Lockdown, die \u201egesunden\u201c. Denn dann k\u00f6nnten Sie Ihren Rechner gleich wegschmei\u00dfen. Quarant\u00e4ne ist eben nach Robert Koch die Isolierung der Kranken \u2013 nicht der Gesunden!<br \/>\n.<br \/>\nWas ist in der Folge der Unterschied?<br \/>\nHockertz: Der Lockdown f\u00fchrt dazu, da\u00df die Gesunden sich weniger bewegen, oft mehr und schlechter essen, zus\u00e4tzliche Sorgen und \u00c4ngste haben, allgemein unges\u00fcnder leben, nicht zum Arzt gehen etc. \u2013 alles Faktoren, die die Immunabwehr erheblich schw\u00e4chen! Und die Regierung fordert auch noch zu genau diesem verh\u00e4ngnisvollen Verhalten auf: Tun Sie nichts! Bleiben Sie zu Hause!<br \/>\nAnstatt zum Beispiel ein massives Programm zur F\u00f6rderung der <strong><a href=\"https:\/\/www.freiburg-schwarzwald.de\/blog\/business\/gesund\/\">Immunabwehr<\/a><\/strong> zu starten:<br \/>\nBewegen Sie sich! Gehen Sie raus! Treiben Sie Sport! Nehmen Sie Wechselb\u00e4der! Leben Sie psychisch und sozial ausgeglichen! Erholen Sie sich! Ern\u00e4hren Sie sich gesund! Und ja, halten Sie die Grundregeln der Hygiene ein, H\u00e4ndewaschen, eigenverantwortliche Isolation bei Symptomen einer Erkrankung. Und statt Milliarden in den Lockdown zu investieren, k\u00f6nnte sie mit einem Bruchteil des Geldes Vitamincocktails verteilen, Kalzium, Zink und andere Pr\u00e4parate \u2013 alle B\u00fcrger etwa mit Mitteln wie Echinacea versorgen. Eben alles, was die Immunabwehr st\u00e4rkt! Und nat\u00fcrlich effektiv die Risikogruppen sch\u00fctzen. Aber was sehen wir statt dessen in der Werbefilm-Kampagne der Bundesregierung f\u00fcr den Lockdown \u201e#besonderehelden\u201c: Den ganzen Tag faul vor dem Fernseher lungernde Menschen, die Pizza aus dem Karton vertilgen. Das aber ist genau das Verhalten, das uns zur leichten Beute f\u00fcrjedes Virus macht! Ich setze dagegen ein \u201e#denkeSelbst\u201c und hoffe, da\u00df wir damit die politische Krise genannt \u201eCorona\u201c bew\u00e4ltigen k\u00f6nnen.<br \/>\n18.12.2020, Interview von Morith Schwarz mit Prof Hockertz, JF 52\/20, Seite 3<br \/>\n.<br \/>\n<em>Prof. Dr. Stefan Hockertz<\/em><br \/>\n<em>Der Biologe, Toxikologe und Pharmakologe ist Gesch\u00e4ftsf\u00fchrer der von ihm 1994 gegr\u00fcndeten Firma tpi consult GmbH bei Freiburg im Breisgau, die toxikologische und pharmakologische Technologieberatung anbietet. Zuvor war Stefan Hockertz Mitarbeiter der Fraunhofer-Gesellschaft in Hannover und Mitglied des Direktoriums des Fraunhofer-Instituts f\u00fcr Toxikologie und Umweltmedizin in Hamburg. Ab 2000 lehrte er als Privatdozent, von 2002 an als Professor f\u00fcr Molekulare Immuntoxikologie an der Universit\u00e4t Hamburg. 2003 bis 2004 leitete er als Direktor das Institut f\u00fcr Experimentelle und Klinische Pharmakologie und Toxikologie des Universit\u00e4tskrankenhauses Eppendorf. Seitdem ist er, geboren1960 in Hannover, selbst\u00e4ndig.<\/em><br \/>\n<a href=\"https:\/\/www.tpi-consult.de\"><em>https:\/\/www.tpi-consult.de<\/em><\/a><\/p>\n<p>&nbsp;<\/p>\n<p>.<\/p>\n<p>.<\/p>\n<p>&nbsp;<\/p>\n<p><strong>Die vergebliche Sehnsucht nach der Wunderpille<\/strong><br \/>\n<em>Wann bekommen wir endlich ein Medikament gegen COVID-20 \u2013 wie es mittlerweile hei\u00dfen m\u00fcsste, da es SARS-CoV-2, den Erreger von COVID-19, nicht mehr gibt?<\/em><br \/>\n&#8230;<br \/>\nSARS-CoV-X ist ein endemischer Erreger eines in 95 Prozent der F\u00e4lle leicht verlaufenden grippalen Infekts mit einer Letalit\u00e4t deutlich unter der von Influenza. Daher wird, wenn die derzeitige, auf Propaganda beruhende Hysterie vorbei oder durch ein neues Thema ersetzt ist, das Interesse an einem Medikament verschwinden.<br \/>\nDas wissen die Pharmamanager, und daher werden sie kaum ein bis zwei Milliarden in die Entwicklung eines Wirkstoffs gegen Grippeviren stecken. Denn dies wird seit Jahrzehnten bereits vergeblich versucht.<br \/>\n&#8230;<br \/>\n<em><strong>Und kein Pharmamanager, der noch bei Trost ist, w\u00fcrde f\u00fcr die wenigen (ca. 0,5 Prozent) Patienten, die so schwer erkranken, dass sie an dem Virus sterben, ein so kostspieliges Medikament entwickeln<\/strong><\/em>. Denn auch bei den allermeisten dieser Patienten w\u00e4re der Einsatz gar nicht sinnvoll. Warum soll man eine nat\u00fcrliche Todesursache medikament\u00f6s behandeln? F\u00fcr die allermeisten COVID-Opfer ist der Tod durch Virus ein Tod an Altersschw\u00e4che \u2013 ihr Immunsystem schafft es nicht, das Virus zu eliminieren. Anzustreben, einen solche Tod pharmakologisch zu verhindern, ist bestenfalls unsinnig, schlimmstenfalls magisches Denken.<br \/>\n.<br \/>\n<em><strong>Es ist h\u00f6chst unwahrscheinlich, dass es einen Wirkstoff gegen SARS-CoV-X geben wird,<\/strong> <\/em>und das ist auch nicht weiter tragisch, da es sich bei diesem Virus um einen normalen Erreger grippaler Infekte handelt.<br \/>\nWir sollten uns lieber darauf konzentrieren, die Wirtschaft durch Reformen zu stabilisieren, damit die Wertsch\u00f6pfung uns weiterhin die Luxusmedizin erlaubt, die wir heute noch haben. Sonst haben wir bald wieder Todesursachen zu beklagen, die wir bereits \u00fcberwunden hatten.<br \/>\n&#8230; Alles vom 4.12.2020 von Jochen Ziegler bitte lesen auf<br \/>\n<a href=\"https:\/\/www.achgut.com\/artikel\/die_vergebliche_sehnsucht_nach_der_wunderpille\">https:\/\/www.achgut.com\/artikel\/die_vergebliche_sehnsucht_nach_der_wunderpille<\/a><br \/>\n.<br \/>\n<em>Dr. Jochen Ziegler ist Arzt und Biochemiker. Er arbeitet als Berater f\u00fcr private Anbieter des Gesundheitssystems und lebt mit seiner Familie in Hamburg.<\/em><br \/>\n.<br \/>\nEinige Kommentare:<br \/>\n<strong>&#8230; Immunsystem st\u00e4rken<\/strong><br \/>\nVielen Dank f\u00fcr diesen verst\u00e4ndlichen und kurzen Artikel, der alles sagt und die L\u00fcgen damit aufdeckt. Meine fr\u00fchere Haus\u00e4rztin, die in Rente gegangen ist, meinte, dass die Lungenentz\u00fcndungen bei grippalen Infekten und Grippe so heftig werden w\u00fcrden, weil Bakterien &#8211; wegen des geschw\u00e4chte Immunsystems &#8211; dem Ganzen noch die Krone aufsetzen.<br \/>\nAuch meine jetzige Haus\u00e4rztin, hat kein Medikament bei einem auch schlimmen grippalen Infekt, als Ruhe, etwas gegen das Fieber nehmen, falls das einen Bestimmte H\u00f6he \u00fcberschreitet und etwas gegen den Husten zu nehmen. Die Impfung hat m.E. einen ganz anderen Hintergrund, wenn man die Petition von Herrn Dr. Wodarg und &#8211; hab den Namen jetzt nicht parat &#8211; liest. Ich glaube, dass s\u00e4mtliche Verschw\u00f6rungstheoretiker auf dem richtigen Weg sind<br \/>\n4.12.2020, P.W.<\/p>\n<p><strong>Wirksame Mittel gegen die Angstmacher<\/strong><br \/>\nDer Kommentar von Dr. Borkner-Delcarlo bringt es auf den Punkt. Den Impfstoff gegen die Angst wird es nicht geben, es gibt aber wirksame Mittel gegen die Angstmacher, die wiederum von den Meisten nicht wahrgenommen werden, da die Impfung gegen die Angst fehlt. Und so bei\u00dft sich die Katze in den Schwanz. Wer die Staatspropaganda \u201cpro impfen\u201d verdaut hat, sollte nach \u201cMenschen sollen wie Vieh in der Massentierhaltung geimpft werden\u201d googeln (Links sind ja leider nicht m\u00f6glich).<br \/>\n4.12.2020, T.SCH.<br \/>\n.<br \/>\n<strong>&#8230; besser einen Wirkstoff gegen das Angst-Virus suchen<\/strong><br \/>\nVielleicht sollte man versuchen einen Wirkstoff gegen das echten Virus, den gegen die Angst suchen, aber dieser Virus ist derart stark in der Gesellschaft verankert, dass man den wohl auch nicht finden wird. Jedenfalls w\u00e4re es eine prima Idee, den \u00f6ffentlich-rechtlichen Rundfunk abzuschaffen, das w\u00fcrde schon sehr viel helfen.<br \/>\n4.12.2020, Dr.B.D.<br \/>\n.<br \/>\n1. Menschen und Viren leben seit zehntausenden Jahren in friedlicher Koexistenz. Unser Immunsystem reagiert st\u00e4ndig auf neue Viren. Damit verbessert sich unsere Immunit\u00e4t.<br \/>\n2. Wir st\u00e4rken unser Immunsystem, indem wir uns bewegen und regionale Kost zu uns nehmen.<br \/>\n3. Es kommt zu einer Krankheit, wenn unser Immunsystem gravierend geschw\u00e4cht ist (Beispiel Spanische Grippe; Soldaten litten \u00fcber Jahre hinweg an Unterern\u00e4hrung und Unterk\u00fchlung).<br \/>\n4. SARS-CoV-2: Bei den vielen Millionen Testungen gab es bislang etwa 600.000 positive PCR-Testergebnisse. Erkrankt waren davon nachweislich nur ca. 30.000 Menschen. Die meisten dieser 5 % Erkrankten wiesen nur milde grippe\u00e4hnliche Symptome auf. SARS-Cov-2 ist kein \u2018Killervirus\u2019.<br \/>\n5. Prof. Drosten (30.9.2020): 30-40 Prozent der deutschen Bev\u00f6lkerung haben eine Kreuzimmunit\u00e4t gegen SARS-Cov-2. Sie sind damit gegen dieses Virus bereits gesch\u00fctzt. So wie gegen fast alle existierenden Viren.<br \/>\nFrage: Was soll die geplante, gentechnische Impfung bewirken? Au\u00dfer, dass Geld wieder einmal umverteilt wird. Damit das gut gelingt, muss man die Menschen f\u00fcr dumm verkaufen. Und das passiert, indem \u00c4rzte und Politiker ihren gesellschaftlichen Auftrag verletzen: Sie versetzen alle in Angst und Schrecken.<br \/>\n4.12.2020, M.B.<br \/>\n.<br \/>\n<strong>Das Impfserum \u201cgegen\u201d SARS KoV-X<\/strong><br \/>\nd\u00fcrfte des erste Impfserum sein, das frei von Wirkung (laut Hersteller ungetestete(!) \u201c90% Wirksamkeit\u201d), daf\u00fcr aber mit umso mehr Nebenwirkungen ist. Mit den l\u00e4stigen Nebenwirkungen wie lebensl\u00e4nglicher Narkolepsie oder anderen Nervenkrankheiten brauchen sich die Hersteller nicht rumschlagen, denn sie haben sich bei der EU von der Haftung freigekauft. Damit sind die Nebenwirkungen ein lohnendes Zusatzgesch\u00e4ft, denn lebensl\u00e4nglich schwerbehinderte Impfgesch\u00e4digte sind ja bekanntlich die teuersten Kunden der Pharmaindustrie. Die fehlende Wirkung verhindert ein Aussterben der Krankheit und sorgt somit f\u00fcr den gleichbleibenden Impfwunsch. Die Pharmaindustrie hat also ihr Endziel erreicht: Das Serum ohne l\u00e4stige Wirkung, aber mit \u00e4u\u00dferst gewinnbringenden Nebenwirkungen.<br \/>\n4.12.2020, H.ST<\/p>\n","protected":false},"excerpt":{"rendered":"<p>Home\u00a0&gt;Business\u00a0&gt;Gesund\u00a0&gt;Medizin\u00a0&gt;Corona-Virus &gt;Impfung &nbsp; Listenauswahl eines Beitrags (Artikel\/Datum, Seite\/Inhalt):\u00a0Klicken\u00a0oder scrollen Helmut Sterz: Die Impf-Mafia (7.2.2026) Covid19-Impfungen: \u201eWer jetzt noch mitmacht, handelt verbrecherisch!\u201c (10.12.2025 Helmut Sterz: Die Impf-Mafia -Pfizers Ex-Cheftoxikologe packt aus (27.11.2025) Der \u00dcberwachungsstaat an deinem Handgelenk\u00a0(6.8.2025) Follow the Silenced: Der &hellip; <a href=\"https:\/\/www.freiburg-schwarzwald.de\/blog\/business\/gesund\/corona-virus\/impfung\/\">Weiterlesen <span class=\"meta-nav\">&rarr;<\/span><\/a><\/p>\n","protected":false},"author":2,"featured_media":0,"parent":79419,"menu_order":0,"comment_status":"closed","ping_status":"closed","template":"","meta":{"footnotes":""},"class_list":["post-85478","page","type-page","status-publish","hentry"],"_links":{"self":[{"href":"https:\/\/www.freiburg-schwarzwald.de\/blog\/wp-json\/wp\/v2\/pages\/85478","targetHints":{"allow":["GET"]}}],"collection":[{"href":"https:\/\/www.freiburg-schwarzwald.de\/blog\/wp-json\/wp\/v2\/pages"}],"about":[{"href":"https:\/\/www.freiburg-schwarzwald.de\/blog\/wp-json\/wp\/v2\/types\/page"}],"author":[{"embeddable":true,"href":"https:\/\/www.freiburg-schwarzwald.de\/blog\/wp-json\/wp\/v2\/users\/2"}],"replies":[{"embeddable":true,"href":"https:\/\/www.freiburg-schwarzwald.de\/blog\/wp-json\/wp\/v2\/comments?post=85478"}],"version-history":[{"count":5,"href":"https:\/\/www.freiburg-schwarzwald.de\/blog\/wp-json\/wp\/v2\/pages\/85478\/revisions"}],"predecessor-version":[{"id":145599,"href":"https:\/\/www.freiburg-schwarzwald.de\/blog\/wp-json\/wp\/v2\/pages\/85478\/revisions\/145599"}],"up":[{"embeddable":true,"href":"https:\/\/www.freiburg-schwarzwald.de\/blog\/wp-json\/wp\/v2\/pages\/79419"}],"wp:attachment":[{"href":"https:\/\/www.freiburg-schwarzwald.de\/blog\/wp-json\/wp\/v2\/media?parent=85478"}],"curies":[{"name":"wp","href":"https:\/\/api.w.org\/{rel}","templated":true}]}}