{"id":85356,"date":"2020-12-02T18:31:17","date_gmt":"2020-12-02T17:31:17","guid":{"rendered":"https:\/\/www.freiburg-schwarzwald.de\/blog\/?page_id=85356"},"modified":"2026-08-29T18:57:31","modified_gmt":"2026-08-29T16:57:31","slug":"umstritten","status":"publish","type":"page","link":"https:\/\/www.freiburg-schwarzwald.de\/blog\/kultur\/kulturverlust\/umstritten\/","title":{"rendered":"Umstritten"},"content":{"rendered":"<p><a href=\"https:\/\/www.freiburg-schwarzwald.de\/blog\">Home<\/a> \u00a0&gt;<a href=\"https:\/\/www.freiburg-schwarzwald.de\/blog\/global\/deutschland\/deutsche-kultur\/\">Deutsche Kultur<\/a>\u00a0&gt;<a href=\"https:\/\/www.freiburg-schwarzwald.de\/blog\/kultur\/aufklaerung\/\">Aufkl\u00e4rung<\/a>\u00a0&gt;<a href=\"https:\/\/www.freiburg-schwarzwald.de\/blog\/kultur\/kulturrevolution\/\">Kulturrevolution<\/a> &gt;<a href=\"https:\/\/www.freiburg-schwarzwald.de\/blog\/kultur\/kulturverlust\/\">Kulturverlust<\/a> &gt;umstritten<\/p>\n<div id=\"attachment_85283\" style=\"width: 649px\" class=\"wp-caption alignnone\"><a href=\"https:\/\/www.freiburg-schwarzwald.de\/blog\/wp-content\/uploads\/2020\/11\/seepark-herbstmorgen202011-pan.jpg\"><img loading=\"lazy\" decoding=\"async\" aria-describedby=\"caption-attachment-85283\" class=\"size-full wp-image-85283\" src=\"https:\/\/www.freiburg-schwarzwald.de\/blog\/wp-content\/uploads\/2020\/11\/seepark-herbstmorgen202011-pan.jpg\" alt=\"Herbstmorgen am Seepark in Freiburg November 2020\" width=\"639\" height=\"292\" srcset=\"https:\/\/www.freiburg-schwarzwald.de\/blog\/wp-content\/uploads\/2020\/11\/seepark-herbstmorgen202011-pan.jpg 639w, https:\/\/www.freiburg-schwarzwald.de\/blog\/wp-content\/uploads\/2020\/11\/seepark-herbstmorgen202011-pan-180x82.jpg 180w\" sizes=\"auto, (max-width: 639px) 100vw, 639px\" \/><\/a><p id=\"caption-attachment-85283\" class=\"wp-caption-text\">Herbstmorgen am Seepark in Freiburg November 2020<\/p><\/div>\n<p>&nbsp;<\/p>\n<ul>\n<li><em>Listenauswahl eines Beitrags (Artikel\/Datum, Seite\/Inhalt):\u00a0<span style=\"text-decoration: underline;\">Klicken<\/span>\u00a0oder scrollen<\/em><\/li>\n<li><a href=\"https:\/\/www.freiburg-schwarzwald.de\/blog\/ddr-aufarbeiten-hueber-frieden\/\">DDR Aufarbeiten H\u00fcber Frieden<\/a>\u00a0(29.8.2026)<\/li>\n<li><a href=\"https:\/\/www.freiburg-schwarzwald.de\/blog\/kultur\/kulturverlust\/woke\/\">Martenstein: \u201egef\u00e4hrlich\u201c also gef\u00e4hrliches Wort der Woken<\/a>\u00a0(1.3.2026)<\/li>\n<li><a href=\"https:\/\/www.freiburg-schwarzwald.de\/blog\/kultur\/dichter\/literatur\/buch\/rezensionen\/\">Gloria von Thurn und Taxis: Schnackseln \u2013 umstritten \u2013 Buch<\/a> (24.9.2025)<\/li>\n<li><a href=\"https:\/\/www.freiburg-schwarzwald.de\/blog\/vahlefeld-die-krisenmaschine\/\">Vahlefeld: Die Krisenmaschine<\/a>\u00a0(29.6.2025)<\/li>\n<li><a href=\"https:\/\/www.freiburg-schwarzwald.de\/blog\/andrick-ich-bin-nicht-dabei\/\">Andrick: Ich bin nicht dabei<\/a>\u00a0(29.5.2025)<\/li>\n<li><a href=\"https:\/\/www.freiburg-schwarzwald.de\/blog\/kultur\/kulturverlust\/gesichert\/\">\u201eGesichert rechtsextrem\u201c: Politik in den Fu\u00dfstapfen des Unfehlbarkeitsdogmas<\/a> (24.5.2025)<\/li>\n<li><a href=\"https:\/\/www.freiburg-schwarzwald.de\/blog\/buch-mit-umstritten-aufkleber\/\">Buch mit \u201eumstritten\u201c-Aufkleber<\/a>\u00a0(14,5,2025)<\/li>\n<li><a href=\"https:\/\/www.freiburg-schwarzwald.de\/blog\/kultur\/medien\/social-media\/\">Social Media nur noch gefiltert?<\/a>\u00a0(22.1.2025)<\/li>\n<li><a href=\"https:\/\/www.freiburg-schwarzwald.de\/blog\/impfkritiker-arvay-suizid\/\">Impfkritiker Arvay \u2013 Suizid<\/a>\u00a0(24.2.2023)<\/li>\n<li><a href=\"https:\/\/www.freiburg-schwarzwald.de\/blog\/krone-schmalz-ru-und-ua\/\">Krone-Schmalz: RU und UA<\/a>\u00a0(1.11.2022)<\/li>\n<li><a href=\"https:\/\/www.freiburg-schwarzwald.de\/blog\/kultur\/kunst\/satire\/\">Dieter Nuhr: \u201eSatiriker ohne Selbstzweifel sind unertr\u00e4glich\u201c<\/a>\u00a0(1.9.2022)<\/li>\n<li><a href=\"https:\/\/www.freiburg-schwarzwald.de\/blog\/denker-drewermann-klonovsky\/\">Grosse Denker: Drewermann, Klonovsky<\/a>\u00a0(24.8.2022)<\/li>\n<li><a href=\"https:\/\/www.freiburg-schwarzwald.de\/blog\/kultur\/internet\/social-networking\/\">Inside Facebook: Enth\u00fcllungsbuch von Frenkel-Kang<\/a>\u00a0(14.7.2021)<\/li>\n<li><a href=\"https:\/\/www.freiburg-schwarzwald.de\/blog\/corona-prof-ioannidis-hat-recht\/\">Corona: Prof Ioannidis hat Recht<\/a>\u00a0(7.7.2021)<\/li>\n<li><a href=\"https:\/\/www.freiburg-schwarzwald.de\/blog\/kultur\/kunst\/loretta\/\">Ertr\u00e4gt das kulturelle Freiburg keine Kunstfreiheit?<\/a>\u00a0(3.7.2021)<\/li>\n<li><a href=\"https:\/\/www.freiburg-schwarzwald.de\/blog\/kunst-als-umstritten-entfernt\/\">Kunst als \u201eumstritten\u201c entfernt<\/a>\u00a0(25.6.2021)<\/li>\n<li><a href=\"https:\/\/www.freiburg-schwarzwald.de\/blog\/kultur\/kunst\/satire\/allesdichtmachen\/\">K\u00fcnstlerprotest AllesDichtmachen: Distanz gegen\u00fcber Zumutungen<\/a>\u00a0(7.5.2021)<\/li>\n<li><a href=\"https:\/\/www.freiburg-schwarzwald.de\/blog\/distanzieren-eigene-meinung\/\">Distanzieren \u2013 eigene Meinung<\/a>\u00a0(26.4.2021)<\/li>\n<li><a href=\"https:\/\/www.freiburg-schwarzwald.de\/blog\/engagement\/zukunft\/demokratie\/distanzierung\/\">AllesDichtmachen: Schauspieler distanzieren sich von ihren Satire-Videos<\/a>\u00a0 (26.4.2021)<\/li>\n<li><a href=\"https:\/\/www.freiburg-schwarzwald.de\/blog\/kultur\/kunst\/satire\/\">AllesDichtMachen zu Corona von Kulturschaffenden<\/a>\u00a0(22.4.2021)<\/li>\n<li><a href=\"https:\/\/www.freiburg-schwarzwald.de\/blog\/kultur\/medien\/meinungsfreiheit\/eigene-meinung\/\">Journalisten in Berlin \u2013 Aggression aus Angst<\/a>\u00a0(1.2.2021)<\/li>\n<li>&#8222;Umstritten&#8220; bzw. eine &#8222;umstrittene Person&#8220; ist &#8230; (4.12.2020)<\/li>\n<li>Umstritten &#8211; Zauberwort zur Dialogverhinderung &#8211; Monika Maron (2.12.2020)<\/li>\n<li><\/li>\n<li><a href=\"https:\/\/www.freiburg-schwarzwald.de\/blog\/kultur\/kulturverlust\/cancelculture-literatur\/\">CancelCulture-Literatur<\/a><\/li>\n<li><a href=\"https:\/\/www.freiburg-schwarzwald.de\/blog\/engagement\/zukunft\/demokratie\/distanzierung\/\">Distanzierung<\/a><\/li>\n<li><a href=\"https:\/\/www.freiburg-schwarzwald.de\/blog\/kultur\/medien\/meinungsfreiheit\/eigene-meinung\/\">Eigene-Meinung<\/a><\/li>\n<li><a href=\"https:\/\/www.freiburg-schwarzwald.de\/blog\/kultur\/kulturverlust\/gesichert\/\">gesichert<\/a><\/li>\n<li><a href=\"https:\/\/www.freiburg-schwarzwald.de\/blog\/kultur\/medien\/political-correctness\/konformismus\/\">Konformismus<\/a><\/li>\n<li><a href=\"https:\/\/www.freiburg-schwarzwald.de\/blog\/kultur\/medien\/kritik\/\">Kritik<\/a><\/li>\n<li><a href=\"https:\/\/www.freiburg-schwarzwald.de\/blog\/kultur\/kunst\/loretta\/\">Loretta \u2013 von Thomas Rees<\/a><\/li>\n<\/ul>\n<p>Umstritten:<br \/>\nVerschiedenen Meinungen unterliegend. Kontrovers, kritikw\u00fcrdig, zweifelhaft<br \/>\n===========================================================<\/p>\n<p>&nbsp;<\/p>\n<p><strong>&#8222;Umstritten&#8220; bzw. eine &#8222;umstrittene Person&#8220; ist &#8230;<\/strong><br \/>\n&#8211; wer Kontaktschuld und abweichende Meinung auf sich geladen hat.<br \/>\n&#8211; die Schriftstellerin <a href=\"https:\/\/www.freiburg-schwarzwald.de\/blog\/kultur\/dichter\/maron\/\">Monika Maron (78)<\/a>, da sie zu ihrer Freundin in <a href=\"https:\/\/www.freiburg-schwarzwald.de\/blog\/global\/deutschland\/dresden\/\">Dresden<\/a> h\u00e4lt.<br \/>\n&#8211; der Kabarettist <a href=\"https:\/\/www.freiburg-schwarzwald.de\/blog\/dfg-loescht-dieter-nuhr\/\">Dieter Nuhr<\/a>, der auf der Website der DfG das Recht jedes B\u00fcrgers<br \/>\nauf die eigene &#8222;begr\u00fcndete Meinung&#8220; feststellt.<br \/>\n&#8211; Hamed Abdel-Samad mit seinem Buch <a href=\"https:\/\/www.freiburg-schwarzwald.de\/blog\/religion\/islam\/abdel-samad\/\">&#8222;Aus Liebe zu Deutschland&#8220;<\/a><br \/>\n&#8211; <a href=\"https:\/\/www.freiburg-schwarzwald.de\/blog\/corona-prof-ioannidis-hat-recht\/\">Prof John Ioannidis<\/a> von Stanford\/USA, weil er den Lockdown als sinnlos verurteilt<br \/>\n&#8211; man nicht als willf\u00e4hriger Untertan.<br \/>\n&#8211; die B\u00fcrgerrechtlerin <a href=\"https:\/\/www.freiburg-schwarzwald.de\/blog\/vera-lengsfeld-medien-afd\/\">Vera Lengsfeld<\/a> ob ihres Einsatzes f\u00fcr die Freiheit in DDR wie BRD<br \/>\n&#8211; die <a href=\"https:\/\/www.freiburg-schwarzwald.de\/blog\/kultur\/kulturverlust\/woke\/\">Eritr\u00e4erin Ayaan Hirsi<\/a> Ali f\u00fcr ihr Statement <em>&#8222;Die westliche Kultur mit ihrer <\/em><br \/>\n<em>\u00a0 Entdeckung der <a href=\"https:\/\/www.freiburg-schwarzwald.de\/blog\/freiheitliche-grundordnung\/\">Freiheit<\/a> ist allen anderen Kulturen \u00fcberlegen.&#8220;<\/em><br \/>\n&#8211; der m\u00fcndige B\u00fcrger, der seine &#8222;abweichende Meinung&#8220; \u00f6ffentlich begr\u00fcndet.<br \/>\n&#8211; der T\u00fcbinger OB <a href=\"https:\/\/www.freiburg-schwarzwald.de\/blog\/vereine\/partei\/gruene\/palmer\/\">Boris Palmer (Gr\u00fcne)<\/a> f\u00fcr seinen Tweet <em>&#8222;F\u00fcr mich ist die <\/em><br \/>\n<em>\u00a0 \u00a0Unterscheidung in Asylberechtigte und illegal Eingereiste kein Rassismus, sondern <\/em><br \/>\n<em>\u00a0 \u00a0Bestandteil des Grundgesetzes.&#8220;<\/em><br \/>\n&#8211; jeder, der danach trachtet, aus dem f\u00fcr ihn zu engen Meinungskorridor auszubrechen.<br \/>\n&#8211; das Zauberwort zur Dialogverweigerung in Zeitung, TV-Talkshow wie Interview.<br \/>\n4.12.2020<br \/>\n.<\/p>\n<p><strong>Umstritten &#8211; Zauberwort zur Dialogverhinderung &#8211; Monika Maron<\/strong><br \/>\nWer als \u00abumstritten\u00bb gilt: Wahr ist, dass der Fischer-Verlag <a href=\"https:\/\/www.freiburg-schwarzwald.de\/blog\/distanzierung-monika-maron\/\">Monika Maron<\/a> hier indirekt zur Unperson erkl\u00e4rt, zu einer Schriftstellerin mit fragw\u00fcrdigem Charakter gemacht hat und eine Stimmung gegen die Autorin entfacht, die sie nun ins Reich der \u00abUmstrittenen\u00bb verweist.<br \/>\nSo n\u00e4mlich, mit dem Attribut der \u00abumstrittenen Autorin\u00bb, \u00fcberschrieben die Medien fast einhellig ihre Kommentare nach Bekanntwerden des Rauswurfs.<br \/>\n\u00abUmstritten\u00bb aber heisst \u2013 absurderweise \u2013 das Zauberwort, mit dem ein konstruktiver Dialog in Deutschland mittlerweile erstaunlich erfolgreich verhindert werden kann. Und: Wer oder was erst einmal mit dem Stempel \u00abumstritten\u00bb versehen ist, muss nach der einhelligen Mehrheit weg. Im Jahr 2020 hat dieser Versuch gesellschaftlicher Ausgrenzung bereits einige prominente Dichter und Denker eingeholt wie Lisa Eckhart, Thilo Sarrazin, Dieter Nuhr.<br \/>\n&#8230; Alles vom 2.12.2020 von Claudia Schwartz bitte lesen auf<br \/>\n<a href=\"https:\/\/www.nzz.ch\/feuilleton\/monika-maron-und-das-meinungsklima-feindseliger-geht-nicht-ld.1589543\">https:\/\/www.nzz.ch\/feuilleton\/monika-maron-und-das-meinungsklima-feindseliger-geht-nicht-ld.1589543<\/a><br \/>\n.<br \/>\nKommentare<br \/>\n<strong>Ich finde &#8222;umstrittene&#8220; Autoren gut und interessant!<\/strong><br \/>\nW\u00e4ren sie es nicht, w\u00e4ren sie langweilig und w\u00fcrden vermutlich nur den vermeintlich politisch korrekten Zeitgeist wiederk\u00e4uen. Der Rauswurf von Monika Maron sagt wenig \u00fcber die Autoren selber, aber umso mehr \u00fcber anderes aus: 1) Die degenerierte Diskussionskultur in Deutschland, speziell wenn es um Themen wie einer ober-grenzenlosen Migration geht. 2) \u00dcber Siv Bublitz, der Gesch\u00e4ftsf\u00fchrerin des S. Fischer Verlags, dessen zweifelhaftes Wirken der Artikel leider nicht weiter beleuchtet.<br \/>\n2.12.2020, K.H.<br \/>\n.<br \/>\n<strong>Wer eine andere Meinung hat, wird aussortiert und gilt als umstritten<\/strong><br \/>\nVielen Dank f\u00fcr die politisch unkorrekte Stimme aus Z\u00fcrich! Der Text beschreibt auf den Punkt das Klima, welches sich in Deutschland in den letzten Jahren herausgebildet hat. Mitverantwortlich f\u00fcr die Misere ist eine seit nunmehr 16 Jahren residierende Kanzlerin, die dieses debattenfeindliche Klima befeuert hat. Bestes Beispiel ist die gespaltene CDU, in deren Reihen man &#8222;Krebsgeschw\u00fcre&#8220; geortet hat. Rot-gr\u00fcne, intolerante und hypermoralisierende politische Meinungsf\u00fchrer haben Meinungskorridore geschaffen, in deren engen Grenzen man sich bewegen muss. Hinzukommt eine inzwischen dominierende Linksjournaille, die leichte Hand hat, das gesellschaftliche Klima medial zu steuern. Hinzukommt eine junge Generation, deren Gehirne meist links-gr\u00fcne P\u00e4dagogen in den Schulen so manipuliert haben, dass auch sie vieles einfach nur alternativlos finden. Auf den Universit\u00e4ten \u00e4hnliche Ph\u00e4nomene. Umfragen und neue Studien beweisen das. Wozu Diskussion oder Debatte? Was wir brauchen, ist Einf\u00f6rmigkeit, eine gereinigte, hygienische Welt. Wer eine andere Meinung hat, wird aussortiert und gilt als umstritten. Das gilt im selben Ma\u00dfe auch f\u00fcr viele Wissenschaftler. Das System ern\u00e4hrt sich inzwischen selbst, denn in allen gesellschaftlichen Bereichen sitzen intolerante Ausgrenzer, Spalter und Meinungsw\u00e4chter. Ein Ende ist leider nicht abzusehen. Deutschland ist nicht eine DDR 2.0, aber vielleicht ist es auf dem besten Weg dorthin. Merkels alternativloses Verm\u00e4chtnis.<br \/>\n2.12.2020, W.J.<br \/>\n.<br \/>\n<strong>&#8230; umstritten, da gegen den Meinungsstrom<\/strong><br \/>\n&#8222;&#8230; hat sich doch Maron in den vergangenen Jahren deutlich gegen den Meinungsstrom zu Wort gemeldet \u2013 etwa mit ihrer Kritik am Gender-Sprech oder mit dem expliziten Zweifel, ob eine so grosse Einwanderung, wie Deutschland sie 2015 erlebte, \u00fcberhaupt verkraftbar zu gestalten sei.&#8220;<br \/>\nGenau, und irgendwann ist eben das Ma\u00df voll: Die Person wird in Acht gestellt. Herrschaft funktioniert so.<br \/>\n2.12.2020, R.H.<br \/>\n.<br \/>\n<strong>Jeder deutsche Staatsb\u00fcrger ist \u00fcberzeugt, in einer Demokratie zu leben<\/strong><br \/>\nAber ist dies auch wirklich so? Entspricht es demokratischen Gepflogenheiten, wenn rechts-konservative Parteien legitim im Bundestag sitzen, von den sogenannt b\u00fcrgerlichen Parteien jedoch mit allen Mitteln ausgegrenzt werden? Entspricht es demokratischen Grunds\u00e4tzen, wenn die Regierung zusammen mit den L\u00e4nderregierungen Beschl\u00fcsse \u00fcber das Parlament hinweg fasst? Entspricht es demokratischen Vorstellungen, wenn ein Grossteil der Medien, als selbst ernannte \u201cVierte Kraft\u201d in einer Demokratie, mehr politische Agitation betreibt, statt sachlicher Berichterstattung? Gewisse Zweifel am demokratischen Verst\u00e4ndnis der politischen Eliten Deutschlands sind angebracht und das findet dann eben auch in den Entscheidungen gewisser Verlage Ausdruck, wie im Fall Monika Maron best\u00e4tigt!<br \/>\n2.12.2020, A.G.<br \/>\n.<br \/>\n<strong>Wie sagt H\u00f6lderlin so treffend im Hyperion:<\/strong><br \/>\n&#8222;So kam ich unter die Deutschen. Ich forderte nicht viel und war gefa\u00dft, noch weniger zu finden. [&#8230;] Barbaren von Alters her, durch Flei\u00df und Wissenschaft und selbst durch Religion barbarischer geworden, tiefunf\u00e4hig jedes g\u00f6ttlichen Gef\u00fchls, verdorben bis ins Mark [&#8230;], in jedem Grad der \u00dcbertreibung und der \u00c4rmlichkeit belaidigend f\u00fcr jede gutgeartete Seele, dumpf und harmonielos, wie die Scherben eines weggeworfenen Gef\u00e4\u00dfes &#8211; das, mein Bellarmin, waren meine Tr\u00f6ster. Es ist ein hartes Wort, und dennoch sag&#8216; ichs, weil es Wahrheit ist: ich kann kein Volk mir denken, das zerri\u00dfner w\u00e4re, wie die Deutschen. Handwerker siehst du, aber keine Menschen, Denker, aber keine Menschen, Priester, aber keine Menschen, Herrn und Knechte, Jungen und gesetzte Leute, aber keine Menschen &#8211; ist das nicht, wie ein Schlachtfeld, wo H\u00e4nde und Arme und alle Glieder zerst\u00fcckelt untereinander liegen, indessen das vergo\u00dfne Lebensblut im Sande zerrinnt?&#8220;<br \/>\n.<br \/>\nNeu ist das Devote dem Autorit\u00e4ren des jeweils <a href=\"https:\/\/www.freiburg-schwarzwald.de\/blog\/engagement\/zeitgeist\/\">Zeitgeistigen<\/a> sich Unterordnens der Deutschen nicht. Die im Artikel angesprochene offene Debattenkultur in Deutschland war immer schon Schein. Und so sieht man heute wieder, das selbst ein Verlag wie der Fischer-Verlag sich dem Zeitgeistigen unterwirft und eine Autorin in die W\u00fcste schickt, weil sie ihr Denken nicht zeitgeistig verengen l\u00e4sst.<br \/>\n2.12.2020. R.V.<\/p>\n","protected":false},"excerpt":{"rendered":"<p>Home \u00a0&gt;Deutsche Kultur\u00a0&gt;Aufkl\u00e4rung\u00a0&gt;Kulturrevolution &gt;Kulturverlust &gt;umstritten &nbsp; Listenauswahl eines Beitrags (Artikel\/Datum, Seite\/Inhalt):\u00a0Klicken\u00a0oder scrollen DDR Aufarbeiten H\u00fcber Frieden\u00a0(29.8.2026) Martenstein: \u201egef\u00e4hrlich\u201c also gef\u00e4hrliches Wort der Woken\u00a0(1.3.2026) Gloria von Thurn und Taxis: Schnackseln \u2013 umstritten \u2013 Buch (24.9.2025) Vahlefeld: Die Krisenmaschine\u00a0(29.6.2025) Andrick: Ich bin &hellip; <a href=\"https:\/\/www.freiburg-schwarzwald.de\/blog\/kultur\/kulturverlust\/umstritten\/\">Weiterlesen <span class=\"meta-nav\">&rarr;<\/span><\/a><\/p>\n","protected":false},"author":2,"featured_media":0,"parent":81438,"menu_order":0,"comment_status":"closed","ping_status":"closed","template":"","meta":{"footnotes":""},"class_list":["post-85356","page","type-page","status-publish","hentry"],"_links":{"self":[{"href":"https:\/\/www.freiburg-schwarzwald.de\/blog\/wp-json\/wp\/v2\/pages\/85356","targetHints":{"allow":["GET"]}}],"collection":[{"href":"https:\/\/www.freiburg-schwarzwald.de\/blog\/wp-json\/wp\/v2\/pages"}],"about":[{"href":"https:\/\/www.freiburg-schwarzwald.de\/blog\/wp-json\/wp\/v2\/types\/page"}],"author":[{"embeddable":true,"href":"https:\/\/www.freiburg-schwarzwald.de\/blog\/wp-json\/wp\/v2\/users\/2"}],"replies":[{"embeddable":true,"href":"https:\/\/www.freiburg-schwarzwald.de\/blog\/wp-json\/wp\/v2\/comments?post=85356"}],"version-history":[{"count":6,"href":"https:\/\/www.freiburg-schwarzwald.de\/blog\/wp-json\/wp\/v2\/pages\/85356\/revisions"}],"predecessor-version":[{"id":153241,"href":"https:\/\/www.freiburg-schwarzwald.de\/blog\/wp-json\/wp\/v2\/pages\/85356\/revisions\/153241"}],"up":[{"embeddable":true,"href":"https:\/\/www.freiburg-schwarzwald.de\/blog\/wp-json\/wp\/v2\/pages\/81438"}],"wp:attachment":[{"href":"https:\/\/www.freiburg-schwarzwald.de\/blog\/wp-json\/wp\/v2\/media?parent=85356"}],"curies":[{"name":"wp","href":"https:\/\/api.w.org\/{rel}","templated":true}]}}