{"id":85202,"date":"2020-11-27T18:09:05","date_gmt":"2020-11-27T17:09:05","guid":{"rendered":"https:\/\/www.freiburg-schwarzwald.de\/blog\/?page_id=85202"},"modified":"2022-02-22T15:21:41","modified_gmt":"2022-02-22T14:21:41","slug":"virus","status":"publish","type":"page","link":"https:\/\/www.freiburg-schwarzwald.de\/blog\/business\/gesund\/virus\/","title":{"rendered":"Virus"},"content":{"rendered":"<p><a href=\"https:\/\/www.freiburg-schwarzwald.de\/blog\">Home<\/a>\u00a0&gt;<a title=\"Business\" href=\"https:\/\/www.freiburg-schwarzwald.de\/blog\/business\">Business<\/a>\u00a0&gt;<a title=\"Gesund\" href=\"https:\/\/www.freiburg-schwarzwald.de\/blog\/business\/gesund\/\">Gesund<\/a>\u00a0&gt;<a title=\"Medizin\" href=\"https:\/\/www.freiburg-schwarzwald.de\/blog\/business\/gesund\/medizin\/\">Medizin<\/a>\u00a0&gt;<a title=\"Corona-Virus\" href=\"https:\/\/www.freiburg-schwarzwald.de\/blog\/business\/gesund\/corona-virus\/\">Corona-Virus<\/a> &gt;Virus<\/p>\n<div id=\"attachment_83391\" style=\"width: 610px\" class=\"wp-caption alignnone\"><a href=\"https:\/\/www.freiburg-schwarzwald.de\/blog\/wp-content\/uploads\/2020\/09\/moneglia200830corona-pan.jpg\"><img loading=\"lazy\" decoding=\"async\" aria-describedby=\"caption-attachment-83391\" class=\"size-full wp-image-83391\" src=\"https:\/\/www.freiburg-schwarzwald.de\/blog\/wp-content\/uploads\/2020\/09\/moneglia200830corona-pan.jpg\" alt=\"\" width=\"600\" height=\"329\" srcset=\"https:\/\/www.freiburg-schwarzwald.de\/blog\/wp-content\/uploads\/2020\/09\/moneglia200830corona-pan.jpg 600w, https:\/\/www.freiburg-schwarzwald.de\/blog\/wp-content\/uploads\/2020\/09\/moneglia200830corona-pan-180x98.jpg 180w\" sizes=\"auto, (max-width: 600px) 100vw, 600px\" \/><\/a><p id=\"caption-attachment-83391\" class=\"wp-caption-text\">&#8222;I anziani sulla mascera&#8220;: Die Alten in Zeiten von Corona &#8211; An der Strandpromenade von Moneglia\/Ligurien am 31.8.2020<\/p><\/div>\n<ul>\n<li><a href=\"https:\/\/www.freiburg-schwarzwald.de\/blog\/hamburger-erklaerung-2022\/\">Hamburger Erkl\u00e4rung 2022 zur \u201eGain-of-function\u201c-Forschung<\/a>\u00a0(22.2.2022)<\/li>\n<li>Roland Wiesendanger \u00fcber Corona und Gain-of-Function: \u201eaufh\u00f6ren, damit herumzuspielen\u201c (10.2.2022)<\/li>\n<li><a href=\"https:\/\/www.freiburg-schwarzwald.de\/blog\/gesund-symptomlos-infiziert\/\">gesund = symptomlos infiziert<\/a>\u00a0(16.8.2021)<\/li>\n<li>Virologe Geert Vanden Bossche: Warnung vor Massenimpfungen (29.4.2021)<\/li>\n<li><a href=\"https:\/\/www.freiburg-schwarzwald.de\/blog\/business\/gesund\/corona-virus\/herdenimmunitaet\/\">Wittkowski: Lockdowns erzeugen Mutanten \u2013 Indubio 122<\/a>\u00a0(29.4.2021)<\/li>\n<li>Neue Stanford-Zahlen zur Infektionssterblichkeit: Warum der Lockdown immer irrer wird (20.4.2021)<\/li>\n<li><a href=\"https:\/\/www.freiburg-schwarzwald.de\/blog\/indubio-116-krankheit-egal-hauptsache-covid\/\">Indubio 166: Krankheit egal &#8211; Hauptsache Covid<\/a> (8.4.2021)<\/li>\n<li><a href=\"https:\/\/www.freiburg-schwarzwald.de\/blog\/business\/gesund\/corona-virus\/herdenimmunitaet\/\">Robert Koch: \u201eDas Bakterium ist nichts, der Wirt (Immunsystem) ist alles\u201c<\/a>\u00a0(4.4.2021)<\/li>\n<li><a href=\"https:\/\/www.freiburg-schwarzwald.de\/blog\/masochismus-und-angstlust\/\">Masochismus und Angstlust<\/a>\u00a0(25.3.2021)<\/li>\n<li>Interview mit Professor Wiesendanger: Virus aus dem Labor (10.3.2021)<\/li>\n<li>Nat\u00fcrliche Immunisierung anstelle von Impfung (19.2.2021)<\/li>\n<li><a href=\"https:\/\/www.freiburg-schwarzwald.de\/blog\/business\/gesund\/corona-virus\/corona-strategiepapier\/\">Geheimpapier des BMI M\u00e4rz 2020 \u2013 Prof H\u00e4rting zur Offenlegung<\/a>\u00a0(10.2.2021)<\/li>\n<li><a href=\"https:\/\/www.freiburg-schwarzwald.de\/blog\/business\/gesund\/corona-virus\/impfung\/\">Impfen gegen Mutanten?<\/a> (1.2.2021)<\/li>\n<li><a href=\"https:\/\/www.freiburg-schwarzwald.de\/blog\/business\/gesund\/corona-virus\/herdenimmunitaet\/\">40% der Schweden haben Antik\u00f6rper im Januar 2021<\/a> (26.1.2021)<\/li>\n<li><a href=\"https:\/\/www.freiburg-schwarzwald.de\/blog\/business\/gesund\/corona-virus\/epidemie\/\">Ist das Coronavirus systemrelevant geworden?<\/a> (26.1.2012)<\/li>\n<li><a href=\"https:\/\/www.freiburg-schwarzwald.de\/blog\/business\/gesund\/corona-virus\/corona-tod\/\">Der Tod mit Covid \u2013 eine Beschreibung<\/a>\u00a0(25.1.2021)<\/li>\n<li><a href=\"https:\/\/www.freiburg-schwarzwald.de\/blog\/schulen-und-kitas-wieder-oeffnen\/\">Schulen und Kitas wieder \u00f6ffnen!<\/a>\u00a0(20.1.2021)<\/li>\n<li><a href=\"https:\/\/www.freiburg-schwarzwald.de\/blog\/business\/gesund\/corona-virus\/corona-migration\/\">Trotz drei Lockdowns \u00fcber 100.000 neue Migranten in 2020<\/a>\u00a0(18.1.2021)<\/li>\n<li>Die Abschaffung der Grippe &#8211; Influenza in Covid19 umbenannt (14.1.2021)<\/li>\n<li>Corona-Todesrate in D h\u00f6her als USA &#8211; wegen eingerechneter Grippetoten? (14.1.2021)<\/li>\n<li><a href=\"https:\/\/www.freiburg-schwarzwald.de\/blog\/who-ioannidis-no-lockdown\/\">WHO, Ioannidis: no lockdown<\/a>\u00a0(13.1.2021)<\/li>\n<li><a href=\"https:\/\/www.freiburg-schwarzwald.de\/blog\/angstkommunikation-dr-frank\/\">Angstkommunikation \u2013 Dr. Gunter Frank<\/a>\u00a0(16.12.2020)<\/li>\n<li><a href=\"https:\/\/www.freiburg-schwarzwald.de\/blog\/bildung\/philosophie\/meme\/\">Verbreitung von Viren (biologisch) und von Meme (geistig)<\/a> (28.11.2020)<\/li>\n<li>Virus l\u00e4\u00dft sich von Regierung nicht beeindrucken (14.12.2020)<\/li>\n<li><a href=\"https:\/\/www.freiburg-schwarzwald.de\/blog\/business\/gesund\/corona-virus\/impfung\/\">Die vergebliche Sehnsucht nach der Wunderpille<\/a>\u00a0(4.12.2020)<\/li>\n<li><a href=\"https:\/\/www.freiburg-schwarzwald.de\/blog\/business\/gesund\/corona-virus\/corona-angst\/\">Positiv PCR-Getestete ungleich Coronaf\u00e4lle, Neuinfizierte bzw. Erkrankte<\/a>\u00a0(27.11.2020)<\/li>\n<li>MERS: Charit\u00e9-Forscher Drosten warnt vor neuem Pandemie-Risiko (18.11.2020)<\/li>\n<li><\/li>\n<li><a href=\"https:\/\/www.freiburg-schwarzwald.de\/blog\/business\/gesund\/corona-virus\/corona-strategiepapier\/\">Corona-Strategiepapier<\/a><\/li>\n<li><a href=\"https:\/\/www.freiburg-schwarzwald.de\/blog\/business\/gesund\/corona-virus\/corona-tod\/\">Corona-Tod<\/a><\/li>\n<li><a href=\"https:\/\/www.freiburg-schwarzwald.de\/blog\/business\/gesund\/corona-virus\/epidemie\/\">Epidemie<\/a><\/li>\n<li><a href=\"https:\/\/www.freiburg-schwarzwald.de\/blog\/engagement\/zukunft\/demokratie\/ermaechtigungsgesetz-2\/\">&#8222;Erm\u00e4chtigungsgesetz&#8220;<\/a><\/li>\n<li><a href=\"https:\/\/www.freiburg-schwarzwald.de\/blog\/business\/gesund\/corona-virus\/herdenimmunitaet\/\">Herdenimmunit\u00e4t<\/a><\/li>\n<li><a href=\"https:\/\/www.freiburg-schwarzwald.de\/blog\/business\/gesund\/corona-virus\/impfung\/\">Impfung<\/a><\/li>\n<li><a href=\"https:\/\/www.freiburg-schwarzwald.de\/blog\/bildung\/philosophie\/meme\/\">Meme<\/a><\/li>\n<\/ul>\n<p>&nbsp;<\/p>\n<p><strong>Roland Wiesendanger \u00fcber Corona und Gain-of-Function: \u201eaufh\u00f6ren, damit herumzuspielen\u201c<\/strong><br \/>\nDer Physiker Roland Wiesendanger wirft Christian Drosten \u201eVertuschung\u201c der Herkunft des <a href=\"https:\/\/www.freiburg-schwarzwald.de\/blog\/business\/gesund\/corona-virus\/\">Corona-Virus<\/a> vor. Die Gain-of-Function-Forschung, durch die es m\u00f6glicherweise entstand, sei hoch gef\u00e4hrlich und m\u00fcsse beendet werden, um eine noch gr\u00f6\u00dfere Katastrophe zu verhindern.<br \/>\n<a href=\"https:\/\/youtu.be\/zFbYCS4heHk\">https:\/\/youtu.be\/zFbYCS4heHk<\/a><br \/>\n&#8230; Komplettes Interview von Roland Tichy mit Prof Roland Wiesendanger vom 10.2.2022 bitte anh\u00f6ren auf<br \/>\n<a href=\"https:\/\/www.tichyseinblick.de\/video\/tichys-ausblick\/prof-roland-wiesendanger\">https:\/\/www.tichyseinblick.de\/video\/tichys-ausblick\/prof-roland-wiesendanger<\/a>\/<\/p>\n<p>&nbsp;<\/p>\n<p><strong>Virologe Geert Vanden Bossche: Warnung vor Massenimpfungen<\/strong><br \/>\nIch kann die Leser auf Achgut nur erneut auf den weltweit f\u00fchrenden Virologen Geert Vanden Bossche aufmerksam machen, der eindringlich vor der Massenimpfung warnt, einen dramatischen Appell an die WHO gerichtet hat und von einer globalen Katastrophe epischen Ausma\u00dfes spricht. Erst heute kam auf ZentralPlus mit Thomas Kalmund ein Bericht zu den Aussagen des Wissenschaftlers, der detailliert erl\u00e4utert, warum diese Impfung das Potenzial hat, das nat\u00fcrliche Immunsystem der ganzen Menschheit zu zerst\u00f6ren und warum die GEIMPFTEN zur Gefahr werden! Er fordert die WHO auf, alle Impfkampagnen sofort zu stoppen. Wenn dies nicht geschehe, werden sich wesentlich aggressivere Virusvarianten bilden und zu einem Massensterben in der Bev\u00f6lkerung f\u00fchren. Er weist darauf hin, dass wissenschaftliche Erkenntnisse ignoriert w\u00fcrden und er in gro\u00dfer Sorge um die Menschheit sei.<br \/>\nEr sagt: <em>\u201cDie gegenw\u00e4rtige \u00e4u\u00dferst kritische Situation zwingt mich dazu diesen Notruf zu verbreiten. Da das beispiellose Ausma\u00df der menschlichen Beteiligung an der Covid-19-Pandemie zu einer globalen Katastrophe ohnegleichen zu f\u00fchren droht, kann dieser Aufruf nicht laut und deutlich genug ert\u00f6nen. <\/em><br \/>\n<em>Die Impfstoffe k\u00f6nnen das Virus weder ausrotten noch eine Infektion verhindern. Sie w\u00fcrden jedoch zu einer Immunflucht f\u00fchren, die das angeborene Immunsystem \u00fcberlistet. Aus dem im Grunde harmlosen Virus w\u00fcrde ein unkontrollierbares Monster. Wir werden einen hohen Preis daf\u00fcr bezahlen. Und ich werde emotional, weil ich an meine Kinder denke, an die j\u00fcngere Generation. Ich meine, es ist einfach unm\u00f6glich, was wir hier tun.\u201d<\/em> Und auch Prof. Dr. Mike Yeadon, ehemaliger Chef von Pfizer, h\u00e4lt diese Impfung f\u00fcr hochgef\u00e4hrlich und spricht von mehr Toten als in beiden Weltkriegen zusammen, sofern sie nicht sofort beendet wird. Ich denke, diesen beiden Wissenschaftlern kann man keine Verschw\u00f6rungstheorie unterstellen!?<br \/>\n29.4.201, M-.SCH, AO<\/p>\n<p>&nbsp;<\/p>\n<p><strong>Neue Stanford-Zahlen zur Infektionssterblichkeit: Warum der Lockdown immer irrer wird<\/strong><br \/>\nNeueste Zahlen aus Stanford lassen die Infektionssterblichkeit (IFR) im Zusammenhang mit Corona weiter in den Bereich einer milden Grippe sinken, auf 0,15 Prozent. Die neuesten Zahlen der zentralen amerikanischen Gesundheitsbeh\u00f6rde CDC sprechen gar von 0,1 Prozent. Allein diese niedrige Infektionssterblichkeit m\u00fcsste sofort und umgehend den Lockdown aufheben.<br \/>\n&#8230; Alles vom 20.4.2021 bitte lesen auf<br \/>\n<a href=\"https:\/\/www.achgut.com\/artikel\/neue_standford_zahlen_zur_infektionssterblichkeit_warum_der_lockdown_immer_\">https:\/\/www.achgut.com\/artikel\/neue_standford_zahlen_zur_infektionssterblichkeit_warum_der_lockdown_immer_<\/a><\/p>\n<p>&nbsp;<\/p>\n<p><strong>Interview mit Professor Wiesendanger: Virus aus dem Labor<\/strong><br \/>\n<em>Alle Befunde sprechen daf\u00fcr, dass das Virus aus dem Labor in Wuhan stammt, so der Hamburger Naturwissenschaftler Roland Wiesendanger. Warum selbst in Kinderb\u00fcchern das Gegenteil geschrieben werden mu\u00df und Wiesendanger von deutschen Medien verleumdet wird.<\/em><br \/>\n&#8230;.<br \/>\n<em>Herr Wiesendanger, Sie wurden f\u00fcr Ihre Studie, wonach das SARS-CoV-2-Virus, welches die COVID-19 Erkrankung hervorruft, aus dem Labor in Wuhan stammt, heftig kritisiert, insbesondere von deutschen Medien. Hat das Ihre Meinung ge\u00e4ndert, wie geht es weiter?<\/em><br \/>\nProf. Dr. Roland Wiesendanger: Richtig, Kritik hagelte es von deutschen Medien. Aber ansonsten habe ich Tausende von positiven R\u00fcckmeldungen mit Worten des Dankes und des Respekts erhalten: u.a. von Wissenschaftlern, \u00c4rzten, Klinikdirektoren, Juristen, aber auch von vielen Privatpersonen aus allen Bev\u00f6lkerungsschichten. Mir wurden zudem weitere ca. 100 Dokumente und Hinweise \u00fcber die Vorg\u00e4nge in Wuhan zug\u00e4nglich gemacht.<br \/>\nDamit kommen wir der Wahrheit immer n\u00e4her, die gepr\u00e4gt ist durch sehr viele Merkw\u00fcrdigkeiten wie die L\u00f6schung von Daten \u00fcber Coronaviren des virologischen Instituts in Wuhan, dass \u00c4rzte in China nicht \u00fcber die Vorkommnisse in der Fr\u00fchphase der Pandemie offen berichten durften oder dass Proben von Patienten aus dem Zeitraum von Oktober bis Dezember 2019 nicht ausgeh\u00e4ndigt wurden, auch nicht j\u00fcngst gegen\u00fcber Mitgliedern der WHO-Untersuchungskommission.<br \/>\nIch stehe mit meiner Analyse des Ursprungs der Coronavirus-Pandemie keineswegs allein da. Steven Quay, Gr\u00fcnder des biopharmazeutischen Unternehmens Atossa Therapeutics, Inc. in Seattle, hat auf Basis wissenschaftlicher Methoden eine 99,8% Wahrscheinlichkeit errechnet, dass das SARS-CoV-2-Virus aus dem Labor stammt, w\u00e4hrend eine nat\u00fcrliche \u201eZoonose\u201c nur eine 0,2%-ige Wahrscheinlichkeit h\u00e4tte (siehe hier)<br \/>\n<a href=\"https:\/\/zenodo.org\/record\/4477081#.YEzYh51KiM8\">https:\/\/zenodo.org\/record\/4477081#.YEzYh51KiM8<\/a><br \/>\n. Auch j\u00fcngste Artikel aus den USA unterst\u00fctzen die Aussagen meiner Studie (siehe hier).<br \/>\n<a href=\"https:\/\/www.politico.com\/news\/magazine\/2021\/03\/08\/josh-rogin-chaos-under-heaven-wuhan-lab-book-excerpt-474322\">https:\/\/www.politico.com\/news\/magazine\/2021\/03\/08\/josh-rogin-chaos-under-heaven-wuhan-lab-book-excerpt-474322<\/a><br \/>\n&#8230;.<br \/>\n<em>In Deutschland wird das Narrativ oder M\u00e4rchen aufgebaut, etwa von Fridays for Future und anderen Klimaaktivisten, dass die Zoonose eine Folge der Klimaerw\u00e4rmung sei.<\/em><br \/>\nWiesendanger: Sie haben die Antwort selbst gegeben. Das ist ein M\u00e4rchen. Das Virus kommt nicht aus der Natur. Es kommt aus dem Labor.<br \/>\n&#8230; Komplettes interview vom 10.3.2021 bitte lesen auf<br \/>\n<a href=\"https:\/\/www.tichyseinblick.de\/daili-es-sentials\/interview-professor-roland-wiesendanger\/\">https:\/\/www.tichyseinblick.de\/daili-es-sentials\/interview-professor-roland-wiesendanger\/<\/a><\/p>\n<p>&nbsp;<\/p>\n<p><strong>Die Abschaffung der Grippe &#8211; Influenza in Covid19 umbenannt<\/strong><br \/>\nLaut WHO und RKI ist die Influenza in der ganzen Welt so gut wie ausgerottet &#8211; offenbar werden die Krankheitsf\u00e4lle grunds\u00e4tzlich Corona angerechnet.<br \/>\n&#8230;.<br \/>\nSelbstverst\u00e4ndlich gibt es die Grippe immer noch und an ihr sterben Menschen. Im Gegensatz zu Corona sterben an ihr beispielsweise auch Kinder. Grippe ist die Bezeichnung f\u00fcr die Erkrankung mit dem Influenza-Virus und nicht f\u00fcr einen grippalen Infekt, eine simple Erk\u00e4ltung. Jedes Jahr im Winterhalbjahr ist auch in Deutschland \u201eGrippesaison\u201c und es sterben ein paar tausend Menschen an ihr. Doch 2020 ist laut WHO und Robert Koch-Institut seit April 2020 angeblich fast niemand mehr an Grippe erkrankt oder hat sich mit ihr infiziert. Man hat offenbar einfach fast alle Grippepatienten dem Coronavirus zugeschrieben.<br \/>\n&#8230;<br \/>\nDer Top-Epidemiologe Knut Wittkowski sagt,<br \/>\n<a href=\"https:\/\/summit.news\/2021\/01\/05\/epidemiologist-says-influenza-cases-are-being-counted-as-covid-19\/\">https:\/\/summit.news\/2021\/01\/05\/epidemiologist-says-influenza-cases-are-being-counted-as-covid-19\/<\/a> &#8211; <em>\u201cInfluenza has been renamed COVID-19 in large part.\u201d<\/em><br \/>\ndass der massive R\u00fcckgang der Influenza-F\u00e4lle darauf zur\u00fcckzuf\u00fchren ist, dass viele f\u00e4lschlicherweise als COVID-19-F\u00e4lle gez\u00e4hlt werden. Wittkowski, ehemaliger Leiter der Abteilung f\u00fcr Biostatistik, Epidemiologie und Forschungsdesign an der Rockefeller University, warnt: \u201a<em>Die Influenza wurde zu einem gro\u00dfen Teil in COVID-19 umbenannt.\u2018<\/em><br \/>\n&#8230; Alles vom 14.1.2021 bitte lesen auf<br \/>\n<a href=\"https:\/\/www.rubikon.news\/artikel\/die-abschaffung-der-grippe\">https:\/\/www.rubikon.news\/artikel\/die-abschaffung-der-grippe<\/a>.<br \/>\n.<br \/>\n.<br \/>\n<strong>Corona-Todesrate in D h\u00f6her als USA &#8211;<\/strong> <strong>wegen eingerechneter Grippetoten?<\/strong><br \/>\nAm 6.11.2021 meldete Deutschland 11 Todesf\u00e4lle pro eine Million Einwohner gegen\u00fcber 10 in den USA und 7,5 im EU-Durchschnitt. Ein Grund k\u00f6nnte darin liegen, da\u00df deutsche Grippetote in die Statistik als Coronatote eingehen: Um mit solch \u00fcberh\u00f6hten Todeszahlen den angek\u00fcndigten versch\u00e4rften 4. Lockdown rechtfertigen zu k\u00f6nnen?<br \/>\n14.1.2021<br \/>\n.<br \/>\nDeutschland jetzt mit h\u00f6herer Corona-Todesrate als die USA<br \/>\nIn Deutschland sterben mittlerweile vergleichsweise mehr Menschen an oder in Verbindung mit Corona als in den USA. Und das, obwohl sich in den Vereinigten Staaten in Relation weit mehr Menschen mit dem Virus infizieren. Das geht aus Zahlen der US-amerikanischen Johns-Hopkins-Universit\u00e4t hervor, die den Durchschnitt der vergangenen sieben Tage darstellen.<br \/>\nPro eine Million Einwohner steckten sich in den USA am Mittwoch rund 750 Menschen an, in Deutschland waren es nur etwas weniger als ein Drittel davon.<br \/>\n<a href=\"https:\/\/ourworldindata.org\/coronavirus\">https:\/\/ourworldindata.org\/coronavirus<\/a><br \/>\n&#8230;<br \/>\nBei den Todeszahlen liegt Deutschland hingegen vor den USA und n\u00e4hert sich der Zahl von 11 Todesf\u00e4llen pro eine Million Einwohner. In den USA versterben, Stand Mittwoch, etwas mehr als 10 Menschen pro Tag an oder in Verbindung mit Corona. Erst in der vergangenen Woche hatte Deutschland die USA \u00fcberholt. Jetzt sind es so viele wie noch nie. Hier liegt Deutschland weit \u00fcber dem EU-Durchschnitt von rund 7,5.<br \/>\n&#8230;. Alles vom 14.1.2021 bitte lesen auf<br \/>\n<a href=\"https:\/\/www.tagesspiegel.de\/politik\/laender-vergleich-deutschland-jetzt-mit-hoeherer-corona-todesrate-als-die-usa\/26789508.html\">https:\/\/www.tagesspiegel.de\/politik\/laender-vergleich-deutschland-jetzt-mit-hoeherer-corona-todesrate-als-die-usa\/26789508.html<\/a><\/p>\n<p>&nbsp;<\/p>\n<p><strong>Virus l\u00e4\u00dft sich von Regierung nicht beeindrucken<\/strong><br \/>\n&#8222;Die Regierung will das Corona-Virus besiegen \u2013 derzeit allerdings nicht vordringlich auf dem Felde der medizinischen Versorgung, sondern vor allem durch den erkl\u00e4rten Plan, mittels <a href=\"https:\/\/www.freiburg-schwarzwald.de\/blog\/business\/gesund\/corona-virus\/lockdown\/\">Verboten und Restriktionen<\/a> Infektionen zu verhindern.<br \/>\nAber das <a href=\"https:\/\/www.freiburg-schwarzwald.de\/blog\/business\/gesund\/corona-virus\/\">Virus<\/a> lie\u00df sich davon zuletzt nicht beeindrucken. F\u00fcr unsere Regierungspolitiker ist das eine ungeheure Kr\u00e4nkung, denn wer sich vornimmt, sogar das Weltklima zu regeln, muss ja wohl auch mit einem Virus fertig werden k\u00f6nnen.<br \/>\nDie Natur kann doch die Bem\u00fchungen wohlmeinender Politiker nicht einfach ignorieren, oder?&#8220;<br \/>\n&#8230; Alles von Henryk M. Broder zu &#8222;Ignorante Infektion&#8220; in <a href=\"https:\/\/www.achgut.com\/artikel\/broders_spiegel_14_12_2020\">https:\/\/www.achgut.com\/artikel\/broders_spiegel_14_12_2020<\/a><\/p>\n<p>.<\/p>\n<p><strong>MERS: Charit\u00e9-Forscher Drosten warnt vor neuem Pandemie-Risiko<\/strong><br \/>\nDer Chefvirologe der Berliner Charit\u00e9 Christian Drosten plant seine R\u00fcckkehr ins Labor, wenn die aktuelle <a href=\"https:\/\/www.freiburg-schwarzwald.de\/blog\/business\/gesund\/corona-virus\/\">Corona-Pandemie<\/a> unter Kontrolle ist.<br \/>\n\u201eWenn der Rummel jetzt vorbei ist, dann werde ich mit einer kleinen Arbeitsgruppe ein neues Thema aufbauen\u201c, k\u00fcndigte Drosten im Gespr\u00e4ch mit Capital (Ausgabe 12.2020, Erscheinungstag 19.11.) an.<br \/>\nIns Zentrum seiner Forschung will der Wissenschaftler dann nicht mehr das aktuelle Coronavirus (SARS-Cov2) stellen, sondern die MERS-Viren.<em><strong> MERS sei der n\u00e4chste Pandemie-Kandidat, sagte Drosten.<\/strong><\/em><br \/>\nSARS-Cov2 bekomme dagegen in der Forschung gen\u00fcgend Aufmerksamkeit: \u201eAlles was da zu machen ist, macht schon jemand.\u201c<br \/>\n&#8230; Alles vom 18.11.2020 bitte lesen auf<br \/>\n<a href=\"https:\/\/www.capital.de\/wirtschaft-politik\/charite-forscher-drosten-warnt-vor-neuem-pandemie-risiko\">https:\/\/www.capital.de\/wirtschaft-politik\/charite-forscher-drosten-warnt-vor-neuem-pandemie-risiko<\/a><\/p>\n","protected":false},"excerpt":{"rendered":"<p>Home\u00a0&gt;Business\u00a0&gt;Gesund\u00a0&gt;Medizin\u00a0&gt;Corona-Virus &gt;Virus Hamburger Erkl\u00e4rung 2022 zur \u201eGain-of-function\u201c-Forschung\u00a0(22.2.2022) Roland Wiesendanger \u00fcber Corona und Gain-of-Function: \u201eaufh\u00f6ren, damit herumzuspielen\u201c (10.2.2022) gesund = symptomlos infiziert\u00a0(16.8.2021) Virologe Geert Vanden Bossche: Warnung vor Massenimpfungen (29.4.2021) Wittkowski: Lockdowns erzeugen Mutanten \u2013 Indubio 122\u00a0(29.4.2021) Neue Stanford-Zahlen zur Infektionssterblichkeit: &hellip; <a href=\"https:\/\/www.freiburg-schwarzwald.de\/blog\/business\/gesund\/virus\/\">Weiterlesen <span class=\"meta-nav\">&rarr;<\/span><\/a><\/p>\n","protected":false},"author":2,"featured_media":0,"parent":21,"menu_order":0,"comment_status":"closed","ping_status":"closed","template":"","meta":{"footnotes":""},"class_list":["post-85202","page","type-page","status-publish","hentry"],"_links":{"self":[{"href":"https:\/\/www.freiburg-schwarzwald.de\/blog\/wp-json\/wp\/v2\/pages\/85202","targetHints":{"allow":["GET"]}}],"collection":[{"href":"https:\/\/www.freiburg-schwarzwald.de\/blog\/wp-json\/wp\/v2\/pages"}],"about":[{"href":"https:\/\/www.freiburg-schwarzwald.de\/blog\/wp-json\/wp\/v2\/types\/page"}],"author":[{"embeddable":true,"href":"https:\/\/www.freiburg-schwarzwald.de\/blog\/wp-json\/wp\/v2\/users\/2"}],"replies":[{"embeddable":true,"href":"https:\/\/www.freiburg-schwarzwald.de\/blog\/wp-json\/wp\/v2\/comments?post=85202"}],"version-history":[{"count":5,"href":"https:\/\/www.freiburg-schwarzwald.de\/blog\/wp-json\/wp\/v2\/pages\/85202\/revisions"}],"predecessor-version":[{"id":98924,"href":"https:\/\/www.freiburg-schwarzwald.de\/blog\/wp-json\/wp\/v2\/pages\/85202\/revisions\/98924"}],"up":[{"embeddable":true,"href":"https:\/\/www.freiburg-schwarzwald.de\/blog\/wp-json\/wp\/v2\/pages\/21"}],"wp:attachment":[{"href":"https:\/\/www.freiburg-schwarzwald.de\/blog\/wp-json\/wp\/v2\/media?parent=85202"}],"curies":[{"name":"wp","href":"https:\/\/api.w.org\/{rel}","templated":true}]}}