{"id":85050,"date":"2020-11-23T12:01:51","date_gmt":"2020-11-23T11:01:51","guid":{"rendered":"https:\/\/www.freiburg-schwarzwald.de\/blog\/?page_id=85050"},"modified":"2024-01-21T09:11:01","modified_gmt":"2024-01-21T08:11:01","slug":"nazi-hass","status":"publish","type":"page","link":"https:\/\/www.freiburg-schwarzwald.de\/blog\/religion\/juden\/nazi\/nazi-hass\/","title":{"rendered":"Nazi-Hass"},"content":{"rendered":"<p><a href=\"https:\/\/www.freiburg-schwarzwald.de\/blog\">Home<\/a>\u00a0&gt;<a title=\"Religion\" href=\"https:\/\/www.freiburg-schwarzwald.de\/blog\/religion\/\">Religion<\/a>\u00a0&gt;<a title=\"Juden\" href=\"https:\/\/www.freiburg-schwarzwald.de\/blog\/religion\/juden\/\">Juden<\/a>\u00a0&gt;<a title=\"Israel\" href=\"https:\/\/www.freiburg-schwarzwald.de\/blog\/global\/israel\/\">Israel<\/a>\u00a0&gt;<a title=\"Diskussionskultur\" href=\"https:\/\/www.freiburg-schwarzwald.de\/blog\/kultur\/medien\/diskussionskultur\/\">Diskussionskultur<\/a> &gt;<a href=\"https:\/\/www.freiburg-schwarzwald.de\/blog\/religion\/juden\/nazi\/\">Nazi<\/a> &gt;Nazi-Hass<\/p>\n<div id=\"attachment_84882\" style=\"width: 647px\" class=\"wp-caption alignnone\"><a href=\"https:\/\/www.freiburg-schwarzwald.de\/blog\/wp-content\/uploads\/2020\/11\/ermaechtigungsgesetz-berlin20201118pan.jpg\"><img loading=\"lazy\" decoding=\"async\" aria-describedby=\"caption-attachment-84882\" class=\"size-full wp-image-84882\" src=\"https:\/\/www.freiburg-schwarzwald.de\/blog\/wp-content\/uploads\/2020\/11\/ermaechtigungsgesetz-berlin20201118pan.jpg\" alt=\"\" width=\"637\" height=\"332\" srcset=\"https:\/\/www.freiburg-schwarzwald.de\/blog\/wp-content\/uploads\/2020\/11\/ermaechtigungsgesetz-berlin20201118pan.jpg 637w, https:\/\/www.freiburg-schwarzwald.de\/blog\/wp-content\/uploads\/2020\/11\/ermaechtigungsgesetz-berlin20201118pan-180x94.jpg 180w\" sizes=\"auto, (max-width: 637px) 100vw, 637px\" \/><\/a><p id=\"caption-attachment-84882\" class=\"wp-caption-text\">Wasserwerfer gegen friedlich gegen das &#8222;Corona-Erm\u00e4chtigungsgesetz&#8220; demonstrierende B\u00fcrger am 18.11.2020 in Berlin<\/p><\/div>\n<ul>\n<li><a href=\"https:\/\/www.freiburg-schwarzwald.de\/blog\/kultur\/medien\/framing\/geheimtreffen\/\">\u201eWannseekonferenz 2.0\u201c: Was war wirklich los?<\/a>\u00a0(20.1.2024)<\/li>\n<li><a href=\"https:\/\/www.freiburg-schwarzwald.de\/blog\/die-nazi-keule-wirkt-nicht-mehr\/\">Die Nazi-Keule wirkt nicht mehr<\/a>\u00a0(11.1.2024)<\/li>\n<li>Nazis raus! \u2026. aber wohin? (30.10.2023)<\/li>\n<li><a href=\"https:\/\/www.freiburg-schwarzwald.de\/blog\/global\/deutschland\/deutschland-israel\/\">Greta Thunberg unterst\u00fctzt die Hamas und wirbt mit Nazi-Symbol<\/a>\u00a0(20.10.2023)<\/li>\n<li><a href=\"https:\/\/www.freiburg-schwarzwald.de\/blog\/kultur\/medien\/medienleute\/\">Constantin Schreiber: Journalist verzichtet auf Islam-Diskussion<\/a>\u00a0(13.9.2023)<\/li>\n<li><a href=\"https:\/\/www.freiburg-schwarzwald.de\/blog\/kultur\/medien\/verlage\/\">Auf Druck von Journalisten k\u00fcndigt Verlag seinen Autor Maa\u00dfen<\/a>\u00a0(19.1.2023)<\/li>\n<li><a href=\"https:\/\/www.freiburg-schwarzwald.de\/blog\/kultur\/medien\/hass\/hetze\/\">Sarah Bosetti: \u201eQuerdenker sind ein bisschen wie Hitler\u201c<\/a>\u00a0(30.1.2023)<\/li>\n<li><a href=\"https:\/\/www.freiburg-schwarzwald.de\/blog\/religion\/juden\/nazi\/nazi-keule\/\">\u00dcberall Nazis \u2013 Historiker nimmt \u00f6sterreichische Medien auseinander<\/a>\u00a0(29.7.2022)<\/li>\n<li><a href=\"https:\/\/www.freiburg-schwarzwald.de\/blog\/ab-herbst-geimpft-oder-maske\/\">Ab Herbst: Geimpft oder Maske<\/a>\u00a0(4.8.2022)<\/li>\n<li>Wandern ist des Nazis Lust (27.5.2022)<\/li>\n<li><a href=\"https:\/\/www.freiburg-schwarzwald.de\/blog\/engagement\/buergerinitiativen\/demos-in-freiburg\/\">In Freiburg am 22.1.2022 demonstrieren 10.000 f\u00fcr Freiheitsrechte<\/a>\u00a0(23.1.2022)<\/li>\n<li><a href=\"https:\/\/www.freiburg-schwarzwald.de\/blog\/religion\/juden\/nazi\/\">Roger K\u00f6ppel: H\u00f6rt mit dieser Nazis-Paranoia auf!<\/a> (21.9.2021)<\/li>\n<li><a href=\"https:\/\/www.freiburg-schwarzwald.de\/blog\/global\/israel\/antijudaismus\/\">Peter Hahne: Juden-Hass und Islam-Verharmlosung auf Demos<\/a>\u00a0(16.5.2021)<\/li>\n<li><a href=\"https:\/\/www.freiburg-schwarzwald.de\/blog\/global\/arabien-israel\/\">Israel \u2013 wisch und weg!<\/a>\u00a0(5.4.2021)<\/li>\n<li><a href=\"https:\/\/www.freiburg-schwarzwald.de\/blog\/faces-of-the-demonstrators-b\/\">Faces of the demonstrators \u2013 Berlin 18-nov-2020<\/a>\u00a0(25.11.2020)<\/li>\n<li><a href=\"https:\/\/www.freiburg-schwarzwald.de\/blog\/kultur\/medien\/hass\/\">Woher kommt der Hass \u2013 alles Nazi? Schweigemarsch in Berlin<\/a>\u00a0(23.11.2020)<\/li>\n<li><a href=\"https:\/\/www.freiburg-schwarzwald.de\/blog\/global\/deutschland\/moral2015\/doppelmoral\/\">Erm\u00e4chtigungsgesetz und Nazi \u2013 Doppelmoral<\/a>\u00a0 (23.11.2020)<\/li>\n<li>Demo in Berlin: Der linke Hass auf Regierungskritiker (als Nazis) (22.11.2020)<\/li>\n<li><\/li>\n<li><a href=\"https:\/\/www.freiburg-schwarzwald.de\/blog\/global\/israel\/antijudaismus\/\">Antijudaismus<\/a><\/li>\n<li><a href=\"https:\/\/www.freiburg-schwarzwald.de\/blog\/religion\/juden\/nazi\/nazi-keule\/\">Nazi-Keule<\/a><\/li>\n<li><a href=\"https:\/\/www.freiburg-schwarzwald.de\/blog\/kultur\/medien\/framing\/geheimtreffen\/\">Wannseekonferenz2.0<\/a><\/li>\n<\/ul>\n<p><a href=\"https:\/\/www.freiburg-schwarzwald.de\/blog\/wp-content\/uploads\/2023\/09\/nazi-klonovsky2023.jpg\"><img loading=\"lazy\" decoding=\"async\" class=\"alignnone size-full wp-image-115498\" src=\"https:\/\/www.freiburg-schwarzwald.de\/blog\/wp-content\/uploads\/2023\/09\/nazi-klonovsky2023.jpg\" alt=\"\" width=\"640\" height=\"725\" srcset=\"https:\/\/www.freiburg-schwarzwald.de\/blog\/wp-content\/uploads\/2023\/09\/nazi-klonovsky2023.jpg 640w, https:\/\/www.freiburg-schwarzwald.de\/blog\/wp-content\/uploads\/2023\/09\/nazi-klonovsky2023-565x640.jpg 565w, https:\/\/www.freiburg-schwarzwald.de\/blog\/wp-content\/uploads\/2023\/09\/nazi-klonovsky2023-159x180.jpg 159w\" sizes=\"auto, (max-width: 640px) 100vw, 640px\" \/><\/a><\/p>\n<p>&nbsp;<\/p>\n<p><strong>Wandern ist des Nazis Lust<\/strong><br \/>\nAllen, denen \u00fcber das lange Himmelfahtswochenende der Sinn nach einer <a href=\"https:\/\/www.freiburg-schwarzwald.de\/blog\/sport\/wandern\/\">Wanderung<\/a> durch die Natur steht, sollten sich der Brisanz ihres Tuns bewu\u00dft sein. Denn \u201ef\u00fcr manche Neonazis gibt es nichts Sch\u00f6neres, als gemeinsam wandern zu gehen\u201c, gibt am 20. Mai die gute alte Tante Zeit zu bedenken. Zudem, so weist Timo B\u00fcchner messerscharf nach, habe \u201edas Wandern in der extremen Rechten eine lange Tradition\u201c. Wenn M\u00e4nner davon schw\u00e4rmten, \u201eSchritt f\u00fcr Schritt den Berg zu erklimmen\u201c und da\u00df \u201ediese Momente der Kameradschaft und des Kraftaufwandes Zusammenhalt schmieden\u201c, sieht der in Antifa-Verlagen publizierende Autor vor dem inneren Auge bereits die Hitlerjugend aufmarschieren. Und da\u00df Leute, \u201edie das Image des harmlosen Wandersmanns pflegen\u201c, im Internet auch noch \u201eTr\u00e4gheit, V\u00f6llerei und Konsumsucht als Unwerte beklagen\u201c, l\u00e4\u00dft bei B\u00fcchner alle Alarmglocken l\u00e4uten. Das sieht \u201eRechtsextremismusexperte\u201c Lucas Nicolaisen genauso: \u201eStreifz\u00fcge durch die unschuldige Natur\u201c seien nur als \u201eProjektionsfl\u00e4che f\u00fcr modernit\u00e4tskritische und nationalistische Ideologien zu verstehen\u201c, wei\u00df der Leiter der \u201eFachstelle Radikalisierungspr\u00e4vention\u201c des Verbands NaturFreunde Deutschlands.<br \/>\n&#8230; Alles vom 27.5.2022 bitte lesen in der JF 22\/22, Seite 2<\/p>\n<p>&nbsp;<\/p>\n<p><strong>Demo in Berlin: Der linke Hass auf Regierungskritiker (als Nazis)<\/strong><br \/>\nFazit aus meinen drei Stunden Livestream: Schweigemarsch und Gegendemonstranten<br \/>\n..<br \/>\nIch bin heute mit schlotternden Beinen nach Hause gekommen. Das Ma\u00df an Hass, das ich w\u00e4hrend des Demonstrationszugs und danach erlebte, ist etwas, woran ich mich nicht gew\u00f6hnen kann. Und nicht m\u00f6chte. Gegendemonstranten spielten das \u201eHase und Igel\u201c-Spiel und begleiteten den Demonstrationszug auf Schritt und Tritt. An immer neuen Stra\u00dfenecken warteten sie und beschimpften die Teilnehmer.<br \/>\nVerbale Aggression auf h\u00f6chster Ebene. \u201e<a href=\"https:\/\/www.freiburg-schwarzwald.de\/blog\/religion\/juden\/nazi\/\">Nazi<\/a>\u201c-Rufe, Beleidigungen als \u201eArschl\u00f6cher\u201c, Mittelfinger \u00fcberall. Ich selbst wurde mehrfach beleidigt, einmal absichtlich angerempelt, verbal bedroht.<br \/>\nSeitens der Kundgebungsteilnehmer habe ich keinerlei Aggressionen gegen\u00fcber den Gegendemonstranten erlebt. Teilweise antworteten sie mit Winken und mit Herz-Zeichen auf die ausgestreckten Mittelfinger. Im Demonstrationszug war nach meiner Beobachtung ein bunter Querschnitt der Bev\u00f6lkerung, von alternden Hippies \u00fcber junge Familien mit Kindern bis zu vielen Rentnern. Gewaltbereite oder Rechtsextreme konnte ich nicht ausmachen \u2013 soweit das anhand von \u00c4u\u00dferlichkeiten m\u00f6glich ist. Ich habe extra den ganzen Demonstrationszug an mir vorbeiziehen lassen, damit auch Sie sich anhand der Aufnahmen ein eigenes Bild machen k\u00f6nnen.<br \/>\n<a href=\"https:\/\/youtu.be\/9I1yMmRSCEI\">https:\/\/youtu.be\/9I1yMmRSCEI<\/a><br \/>\n<a href=\"https:\/\/youtu.be\/9rjC2PesSqo\">https:\/\/youtu.be\/9rjC2PesSqo<\/a> BEST OF-Video<br \/>\n.<br \/>\nBei den Gegendemonstranten war das Bild durchwachsen. Auch hier gab es ein breites Spektrum, auch hier teilweise die Mitte der Gesellschaft, auch hier Eltern mit Kindern, aber deutlich mehr als die H\u00e4lfte Personen, die eher dem militant wirkenden linken Spektrum zuzurechnen sind.<br \/>\nIch fragte mich immer wieder im Livestream: Woher kommt der <a href=\"https:\/\/www.freiburg-schwarzwald.de\/blog\/kultur\/medien\/hass\/\">Hass<\/a>? Wie konnte es geschehen, dass Medien und Politik unsere Gesellschaft so gegeneinander aufgehetzt haben, dass heute Familien mit Kindern andere Familien als Nazis diffamieren und ihnen so viel Hass entgegenbringen? W\u00fcrde man sie auf der Stra\u00dfe sehen, k\u00f6nnte man sie ansonsten nicht voneinander unterscheiden. Wie konnte es geschehen, dass eine Kommunikation nicht mehr m\u00f6glich ist?<br \/>\n&#8230;.<br \/>\nMein Fazit des Tages: Unsere Gesellschaft befindet sich in einem <a href=\"https:\/\/www.freiburg-schwarzwald.de\/blog\/global\/deutschland\/buergerkrieg\/\">mentalen B\u00fcrgerkrieg<\/a>, Teile von ihr werden massiv aufeinandergehetzt. Dazu werden auf v\u00f6llig unverantwortliche Weise die Verbrechen der Nationalsozialisten instrumentalisiert. Man kann f\u00fcr oder gegen die aktuellen, weitreichenden Corona-Ma\u00dfnahmen sein. F\u00fcr beide Positionen finden sich Argumente, die man zumindest ernst nehmen muss. Aber man kann nicht mit v\u00f6llig haltlosen Gleichsetzungen \u00d6l ins Feuer gie\u00dfen. Das gilt \u00fcbrigens f\u00fcr beide Seiten. So sehr ich das Corona-Gesetz kritisiere \u2013 es mit dem Erm\u00e4chtigungsgesetz der Nationalsozialisten gleichzusetzen ist absurd und verharmlost dieses.<br \/>\n&#8230; Alles vom 22.11.2020 bitte lesen auf<br \/>\n<a href=\"https:\/\/www.reitschuster.de\/post\/demo-in-berlin-der-linke-hass-auf-regierungskritiker\/\">https:\/\/www.reitschuster.de\/post\/demo-in-berlin-der-linke-hass-auf-regierungskritiker\/<\/a><br \/>\n.<br \/>\nEinige Kommentare:<br \/>\n<strong>Um zu sehen wie klasse der Reitschuster ist,<\/strong><br \/>\nmu\u00df man sich mal im Livestream ab Min. 27 anschauen, als er den Herrn Wunderlich &#8211; der hei\u00dft wirklich so &#8211; von der Polizei trifft, der sich nicht mehr an das Gespr\u00e4ch mit Herrn Reitschuster bez\u00fcglich der &#8222;Nicht-Maskenpflicht&#8220; f\u00fcr Journalisten bei Live-Berichterstattungen erinnern kann. Wenn es die Seite hier nicht geben w\u00fcrde, w\u00e4re ich glaube l\u00e4ngst verr\u00fcckt geworden &#8211; das ist alles nur noch kafkaesk.<br \/>\n22.11.2020, I.B., RO<br \/>\n<strong>Ich habe Ihren Livestream zu einem guten Teil verfolgt<br \/>\n<\/strong>und auch die Kommentare darunter gelesen. So wie Sie frage ich mich, wie diese Spaltung wieder beseitigt werden soll, wer diese verhetzte Gesellschaft wieder zusammenbringen kann. Vom derzeitigen F\u00fchrungspersonal in Politik und Medien sicher niemand, die haben diese tiefen Gr\u00e4ben ja zu verantworten. Ich wei\u00df keine L\u00f6sung.<br \/>\n22.11.2020, A.F.<br \/>\n.<br \/>\n<strong>Ich kann Ihre Beobachtung nicht teilen,<\/strong><br \/>\ndass <em>beide Seiten<\/em> aufgehetzt w\u00fcrden. Von welcher Seite und wie werden die Demonstranten des Schweigemarsches aufgehetzt? Es wird stets vor den Demos von Seiten der Querdenker zu absoluter Gewaltfreiheit gemahnt, vor jedem Extremismus. Das kann man wohl nicht als &#8222;Aufhetzen&#8220; bezeichnen. Auch wird stets Respekt vor der Polizei gezeigt, die Polizei wird gar gelobt f\u00fcr ihr vorz\u00fcgliches Verhalten ( dabei ist es oft gar nicht so vorz\u00fcglich). Auch die penetrante Forderung nach Distanzierung von Reichsb\u00fcrgern und Rechtsextremen ist ungerechtfertigt und soll wohl nur von inhaltlicher Auseinandersetzung ablenken. Die Querdenker distanzieren sich st\u00e4ndig. Sie d\u00fcrfen aber laut Demonstrationsgesetz wohl gar niemanden von einer Demo ausschlie\u00dfen. Das sollte mal klargestellt werden.<br \/>\n22.11.2020, P.M.<br \/>\n.<br \/>\nNein, ich bin kein Troll, sondern ein vorwiegend politisch orientierter Blogger aus Fleisch und Blut unter seinen Realnamen mit inzwischen mehr als 600 Artikeln. Vor allem aber sch\u00e4tze ich eine sachliche Auseinandersetzung, gerade, wenn man unterschiedlicher Meinung ist. Das sollte doch gerade hier in diesem Blog m\u00f6glich sein. Die Millionen Toten als Folge des Erm\u00e4chtigungsgesetzes machen dieses katastrophale Gesetz im negativen Sinne einzigartig.<br \/>\n<em><strong>Man kann vergleichen, gleichsetzen nicht.<\/strong><\/em> Und damit verharmlose ich weder die Folgen des 1933er Gesetzes, noch die skandal\u00f6sen Umst\u00e4nde der Verabschiedung und die skandal\u00f6se Besch\u00e4digung der Demokratie durch das jetzige <a href=\"https:\/\/www.freiburg-schwarzwald.de\/blog\/engagement\/zukunft\/demokratie\/ermaechtigungsgesetz-2\/\">Erm\u00e4chtigungsgesetz<\/a>. Die Folgen sind ja schon sichtbar: es dient bereits dem Verbot neuerlicher Demonstrationen.<br \/>\n22.11.2020, H-H.ST<br \/>\nEnde Kommentare<\/p>\n","protected":false},"excerpt":{"rendered":"<p>Home\u00a0&gt;Religion\u00a0&gt;Juden\u00a0&gt;Israel\u00a0&gt;Diskussionskultur &gt;Nazi &gt;Nazi-Hass \u201eWannseekonferenz 2.0\u201c: Was war wirklich los?\u00a0(20.1.2024) Die Nazi-Keule wirkt nicht mehr\u00a0(11.1.2024) Nazis raus! \u2026. aber wohin? (30.10.2023) Greta Thunberg unterst\u00fctzt die Hamas und wirbt mit Nazi-Symbol\u00a0(20.10.2023) Constantin Schreiber: Journalist verzichtet auf Islam-Diskussion\u00a0(13.9.2023) Auf Druck von Journalisten k\u00fcndigt &hellip; <a href=\"https:\/\/www.freiburg-schwarzwald.de\/blog\/religion\/juden\/nazi\/nazi-hass\/\">Weiterlesen <span class=\"meta-nav\">&rarr;<\/span><\/a><\/p>\n","protected":false},"author":2,"featured_media":0,"parent":62253,"menu_order":0,"comment_status":"closed","ping_status":"closed","template":"","meta":{"footnotes":""},"class_list":["post-85050","page","type-page","status-publish","hentry"],"_links":{"self":[{"href":"https:\/\/www.freiburg-schwarzwald.de\/blog\/wp-json\/wp\/v2\/pages\/85050","targetHints":{"allow":["GET"]}}],"collection":[{"href":"https:\/\/www.freiburg-schwarzwald.de\/blog\/wp-json\/wp\/v2\/pages"}],"about":[{"href":"https:\/\/www.freiburg-schwarzwald.de\/blog\/wp-json\/wp\/v2\/types\/page"}],"author":[{"embeddable":true,"href":"https:\/\/www.freiburg-schwarzwald.de\/blog\/wp-json\/wp\/v2\/users\/2"}],"replies":[{"embeddable":true,"href":"https:\/\/www.freiburg-schwarzwald.de\/blog\/wp-json\/wp\/v2\/comments?post=85050"}],"version-history":[{"count":6,"href":"https:\/\/www.freiburg-schwarzwald.de\/blog\/wp-json\/wp\/v2\/pages\/85050\/revisions"}],"predecessor-version":[{"id":119709,"href":"https:\/\/www.freiburg-schwarzwald.de\/blog\/wp-json\/wp\/v2\/pages\/85050\/revisions\/119709"}],"up":[{"embeddable":true,"href":"https:\/\/www.freiburg-schwarzwald.de\/blog\/wp-json\/wp\/v2\/pages\/62253"}],"wp:attachment":[{"href":"https:\/\/www.freiburg-schwarzwald.de\/blog\/wp-json\/wp\/v2\/media?parent=85050"}],"curies":[{"name":"wp","href":"https:\/\/api.w.org\/{rel}","templated":true}]}}