{"id":84531,"date":"2020-11-09T17:29:02","date_gmt":"2020-11-09T16:29:02","guid":{"rendered":"https:\/\/www.freiburg-schwarzwald.de\/blog\/?page_id=84531"},"modified":"2026-05-31T16:33:11","modified_gmt":"2026-05-31T14:33:11","slug":"resignation-der-mitte","status":"publish","type":"page","link":"https:\/\/www.freiburg-schwarzwald.de\/blog\/engagement\/resignation-der-mitte\/","title":{"rendered":"Resignation-der-Mitte"},"content":{"rendered":"<p><a href=\"https:\/\/www.freburg-schwarzwald.de\/blog\">Home<\/a>\u00a0&gt;<a title=\"Engagement\" href=\"https:\/\/www.freiburg-schwarzwald.de\/blog\/engagement\/\">Engagement<\/a>\u00a0&gt;<a title=\"Zukunft\" href=\"https:\/\/www.freiburg-schwarzwald.de\/blog\/engagement\/zukunft\/\">Zukunft<\/a>\u00a0&gt;<a title=\"Demokratie\" href=\"https:\/\/www.freiburg-schwarzwald.de\/blog\/engagement\/zukunft\/demokratie\/\">Demokratie<\/a> &gt;<a href=\"https:\/\/www.freiburg-schwarzwald.de\/blog\/engagement\/zukunft\/demokratie\/widerstand\/\">Widerstand<\/a> &gt;Resignation-der-Mitte<\/p>\n<div id=\"attachment_42429\" style=\"width: 648px\" class=\"wp-caption alignnone\"><a href=\"https:\/\/www.freiburg-schwarzwald.de\/blog\/wp-content\/uploads\/2013\/12\/lindenberg2-nebel-pan131212.jpg\"><img loading=\"lazy\" decoding=\"async\" aria-describedby=\"caption-attachment-42429\" class=\"size-full wp-image-42429\" src=\"https:\/\/www.freiburg-schwarzwald.de\/blog\/wp-content\/uploads\/2013\/12\/lindenberg2-nebel-pan131212.jpg\" alt=\"\" width=\"638\" height=\"206\" srcset=\"https:\/\/www.freiburg-schwarzwald.de\/blog\/wp-content\/uploads\/2013\/12\/lindenberg2-nebel-pan131212.jpg 638w, https:\/\/www.freiburg-schwarzwald.de\/blog\/wp-content\/uploads\/2013\/12\/lindenberg2-nebel-pan131212-180x58.jpg 180w\" sizes=\"auto, (max-width: 638px) 100vw, 638px\" \/><\/a><p id=\"caption-attachment-42429\" class=\"wp-caption-text\">Blick am 12.12.2013 vom Lindenberg bei St.Peter nach S\u00fcden \u00fcbers Dreisamtal im Nebel zum Schauinsland<\/p><\/div>\n<ul>\n<li><em>Listenauswahl eines Beitrags (Artikel\/Datum, Seite\/Inhalt):\u00a0<span style=\"text-decoration: underline;\">Klicken<\/span>\u00a0oder scrollen<\/em><\/li>\n<li><a href=\"https:\/\/www.freiburg-schwarzwald.de\/blog\/energie-knowhow-germany\/\">Energie + KnowHow = Made in Germany<\/a>\u00a0(31.5.2026)<\/li>\n<li><a href=\"https:\/\/www.freiburg-schwarzwald.de\/blog\/global\/deutschland\/gesellschaft\/anspruchsgesellschaft\/\">Eric Gujer: Belohnt werden die Faulen, die Abzocker und die Duckm\u00e4user<\/a>\u00a0(13.3.2026)<\/li>\n<li><a href=\"https:\/\/www.freiburg-schwarzwald.de\/blog\/faule-deutsche-auch-dumm\/\">Faule Deutsche \u2013 auch dumm?<\/a>\u00a0(31.1.2026)<\/li>\n<li><a href=\"https:\/\/www.freiburg-schwarzwald.de\/blog\/faule-deutsche-fleissige-politiker\/\">Faule Deutsche \u2013 fleissige Politiker<\/a>\u00a0(21.1.2026)<\/li>\n<li><a href=\"https:\/\/www.freiburg-schwarzwald.de\/blog\/global\/deutschland\/steuerzahler\/\">Benjamin Mudlack: 15 Mio Nettosteuerzahler und 45 Mio Nettosteuerempf\u00e4nger bei 60 Mio Wahlb\u00fcrgern<\/a>\u00a0(20.1.2026)<\/li>\n<li><a href=\"https:\/\/www.freiburg-schwarzwald.de\/blog\/kultur\/medien\/alternative-medien\/polit-blog\/\">Arbeit erm\u00fcdlich statt unerm\u00fcdlich: Auch Blogger k\u00f6nnen resignieren?<\/a> (8.8.2025)<\/li>\n<li><a href=\"https:\/\/www.freiburg-schwarzwald.de\/blog\/kultur\/kulturverlust\/gewohnheit\/\">Gew\u00f6hnung an den Niedergang<\/a>\u00a0(28.7.2025)<\/li>\n<li><a href=\"https:\/\/www.freiburg-schwarzwald.de\/blog\/kultur\/kulturverlust\/gewohnheit\/\">Dener: Gew\u00f6hnung ist der Anfang vom Ende<\/a> (22.7.2025)<\/li>\n<li><a href=\"https:\/\/www.freiburg-schwarzwald.de\/blog\/engagement\/bequemlichkeit\/passiv\/\">Alle warten \u2013 aber worauf?<\/a>\u00a0(1.7.2025)<\/li>\n<li><a href=\"https:\/\/www.freiburg-schwarzwald.de\/blog\/business\/gesund\/krankheit\/psychisch-krank\/\">Albrecht K\u00fcnstle: Psychisch krankes Deutschland<\/a>\u00a0(3.4.2025)<\/li>\n<li><a href=\"https:\/\/www.freiburg-schwarzwald.de\/blog\/staat-und-die-andersdenkenden\/\">Staat und die Andersdenkenden<\/a>\u00a0(24.11.2024)<\/li>\n<li>Die Leute k\u00f6nnen einfach nicht mehr \u2013 Sie wollen auch nicht mehr (30.10.2024)<\/li>\n<li><a href=\"https:\/\/www.freiburg-schwarzwald.de\/blog\/business\/gesund\/krankheit\/\">Rekordwert: Noch nie lie\u00dfen sich mehr Deutsche krankschreiben<\/a> (26.10.2024)<\/li>\n<li><a href=\"https:\/\/www.freiburg-schwarzwald.de\/blog\/kultur\/medien\/einschuechterung\/\">Die neue gro\u00dfe Einsch\u00fcchterung: Meinungsfreiheit, Ermittlungen<\/a>\u00a0(6.10.2024)<\/li>\n<li><a href=\"https:\/\/www.freiburg-schwarzwald.de\/blog\/global\/migration\/migration2020\/\">Verbotene Fragen \u2026 zur Migration<\/a>\u00a0(24.9.2024)<\/li>\n<li>Neues Biedermeier ohne Sozialversicherung &#8211; R\u00fcckzug der B\u00fcrger (21.7.2024)<\/li>\n<li><a href=\"https:\/\/www.freiburg-schwarzwald.de\/blog\/emigration\/\">Die gro\u00dfe Vertreibung der Deutschen ins Nirgendwo<\/a> (21.7.2024)<\/li>\n<li><a href=\"https:\/\/www.freiburg-schwarzwald.de\/blog\/resignation-der-buerger\/\">Resignation der B\u00fcrger<\/a>\u00a0(27.3.2024)<\/li>\n<li><a href=\"https:\/\/www.freiburg-schwarzwald.de\/blog\/kultur\/medien\/medienleute\/\">Constantin Schreiber: Journalist verzichtet auf Islam-Diskussion<\/a>\u00a0(13.9.2023)<\/li>\n<li><a href=\"https:\/\/www.freiburg-schwarzwald.de\/blog\/selbsthilfe\/soziales\/arbeit\/arbeitsverweigerung\/\">Der gro\u00dfe R\u00fcckzug \u2013 vom Arbeitsmarkt<\/a>\u00a0(19.6.2023)<\/li>\n<li><a href=\"https:\/\/www.freiburg-schwarzwald.de\/blog\/regierung-gegen-bevoelkerung\/\">Regierung gegen Bev\u00f6lkerung<\/a>\u00a0(12.4.2023)<\/li>\n<li><a href=\"https:\/\/www.freiburg-schwarzwald.de\/blog\/ostern-raetschen-brandbrief\/\">Ostern: R\u00e4tschen \u2013 Brandbrief<\/a>\u00a0(8.4.2023)<\/li>\n<li><a href=\"https:\/\/www.freiburg-schwarzwald.de\/blog\/engagement\/eskapismus\/\">Eskapismus \u2013 beginnt ein neues Biedermeier?<\/a> (23.3.2023)<\/li>\n<li><a href=\"https:\/\/www.freiburg-schwarzwald.de\/blog\/corona-nachbetrachtung-20-23\/\">Corona-Nachbetrachtung 20-23<\/a>\u00a0(20.3.2023)<\/li>\n<li><a href=\"https:\/\/www.freiburg-schwarzwald.de\/blog\/unschuldsvermutung-beweislast\/\">Unschuldsvermutung Beweislast<\/a>\u00a0(12.12.2022)<\/li>\n<li><a href=\"https:\/\/www.freiburg-schwarzwald.de\/blog\/demo-party-oder-rueckzug\/\">Demo, Party oder R\u00fcckzug?<\/a>\u00a0(8.12.2022)<\/li>\n<li><a href=\"https:\/\/www.freiburg-schwarzwald.de\/blog\/engagement\/zukunft\/demokratie\/widerstand\/\">Gegendruck statt Resignation<\/a> (17.9.2022)<\/li>\n<li>Resignation: R\u00fcckzug ins Biedermeierleben &#8211; 7 Tips (29.8.2022)<\/li>\n<li><a href=\"https:\/\/www.freiburg-schwarzwald.de\/blog\/selbsthilfe\/soziales\/wohlstandsverlust\/\">Eberhard Hamer: Selbstgemachter Absturz<\/a>\u00a0(19.8.2022)<\/li>\n<li><a href=\"https:\/\/www.freiburg-schwarzwald.de\/blog\/religion\/islam\/untergang\/\">Endlich Urlaub \u2013 David Engels zur Ruhe vor dem Sturm<\/a>\u00a0(8.7.2022)<\/li>\n<li><a href=\"https:\/\/www.freiburg-schwarzwald.de\/blog\/bergab-grips-medien-politik\/\">Bergab: Grips, Medien, Politik<\/a>\u00a0(4.7.2022)<\/li>\n<li><a href=\"https:\/\/www.freiburg-schwarzwald.de\/blog\/regio\/orte\/stuttgart\/\">Stuttgarter Innenstadt an Wochenenden: \u201emigrantisch gepr\u00e4gt \u2026 wie im Affenzirkus\u201c<\/a>\u00a0(26.1.2022)<\/li>\n<li><a href=\"https:\/\/www.freiburg-schwarzwald.de\/blog\/ich-habe-es-satt\/\">Ich habe es satt<\/a> (19.10.2021)<\/li>\n<li><a href=\"https:\/\/www.freiburg-schwarzwald.de\/blog\/csu-austritt-nach-52-jahren\/\">CSU-Austritt nach 52 Jahren<\/a>\u00a0(28.7.2021)<\/li>\n<li><a href=\"https:\/\/www.freiburg-schwarzwald.de\/blog\/kultur\/medien\/political-correctness\/\">Political Correctness als Notpflaster f\u00fcr ungel\u00f6ste Probleme<\/a>\u00a0(6.7.2021)<\/li>\n<li><a href=\"https:\/\/www.freiburg-schwarzwald.de\/blog\/engagement\/zukunft\/pessimismus\/\">Pessimismus D \u2013 B\u00e4rbel Bohley DDR \u2013 Deutschland und Russland<\/a>\u00a0(11.5.2021)<\/li>\n<li><a href=\"https:\/\/www.freiburg-schwarzwald.de\/blog\/selbsthilfe\/psyche\/wahn\/\">Die Herrschaft der Angst \u2013 und wie sie gebrochen werden kann<\/a>\u00a0(9.5.2021)<\/li>\n<li><a href=\"https:\/\/www.freiburg-schwarzwald.de\/blog\/danser-encore-wieder-tanzen\/\">Danser encore \u2013 Wieder tanzen<\/a>\u00a0(16.4.2021)<\/li>\n<li><a href=\"https:\/\/www.freiburg-schwarzwald.de\/blog\/optimismus-ohne-pandemie\/\">Optimismus \u2013 ohne Pandemie<\/a>\u00a0(3.4.2021)<\/li>\n<li><a href=\"https:\/\/www.freiburg-schwarzwald.de\/blog\/vereine\/partei\/rechte-partei\/\">Jede neue rechte Partei wird in Deutschland zerst\u00f6rt<\/a>\u00a0(25.3.2021)<\/li>\n<li><a href=\"https:\/\/www.freiburg-schwarzwald.de\/blog\/zurueck-zur-alten-normalitaet\/\">Zur\u00fcck zur alten Normalit\u00e4t?<\/a>\u00a0(2.3.2021)<\/li>\n<li><a href=\"https:\/\/www.freiburg-schwarzwald.de\/blog\/business\/gesund\/corona-virus\/lockdown-endlos\/\">Unternehmerin an Merkel: Lockdown beenden<\/a>\u00a0(27.2.2021)<\/li>\n<li><a href=\"https:\/\/www.freiburg-schwarzwald.de\/blog\/wie-in-jedem-jahr-wie-immer\/\">Wie in jedem Jahr \u2013 wie immer<\/a>\u00a0(12.2.2021)<\/li>\n<li><a href=\"https:\/\/www.freiburg-schwarzwald.de\/blog\/bilder-im-tv-machen-angst\/\">Bilder in den TV-Nachrichten machen Angst<\/a>\u00a0(30.1.2021)<\/li>\n<li><a href=\"https:\/\/www.freiburg-schwarzwald.de\/blog\/business\/volkswirtschaft\/\">\u00dcberschuldung: Inflation, W\u00e4hrungsschnitt oder Bankrott<\/a>\u00a0(23.12.2020)<\/li>\n<li><a href=\"https:\/\/www.freiburg-schwarzwald.de\/blog\/korrelation-ja-kausalitaet-nein\/\">Korrelation ja \u2013 Kausalit\u00e4t nein<\/a>\u00a0(19.12.2020)<\/li>\n<li><a href=\"https:\/\/www.freiburg-schwarzwald.de\/blog\/mensch-virus-mensch-mensch\/\">Mensch gegen Virus sowie Mensch gegen Mensch<\/a>\u00a0(12.12.2020)<\/li>\n<li><a href=\"https:\/\/www.freiburg-schwarzwald.de\/blog\/good-news\/\">Good News<\/a>\u00a0(6.12.2020)<\/li>\n<li><a href=\"https:\/\/www.freiburg-schwarzwald.de\/blog\/kultur\/medien\/meinungsfreiheit\/\">Meinungsfreiheit und Medien: 58% f\u00fcr \u201eVorsicht bei \u201eheiklen Themen\u201c<\/a>\u00a0(28.11.2020)<\/li>\n<li><a href=\"https:\/\/www.freiburg-schwarzwald.de\/blog\/angst-essen-seele-auf\/\">Angst essen Seele auf<\/a>\u00a0(22.11.2020)<\/li>\n<li>Grundlage zur Erm\u00e4chtigung &#8211; Was soll der B\u00fcrger tun? (17.11.2020)<\/li>\n<li>Mir f\u00e4llt vieles auf, aber fast nichts mehr ein \u2013 ich brauche eine Auszeit (9.11.2020)<\/li>\n<li><a href=\"https:\/\/www.freiburg-schwarzwald.de\/blog\/kehren-wir-zum-leben-zurueck\/\">Kehren wir zum Leben zur\u00fcck<\/a>\u00a0(28.10.2020)<\/li>\n<li><a title=\"Grosseltern, Kinder und Enkel\" href=\"https:\/\/www.freiburg-schwarzwald.de\/blog\/grosseltern-kinder-und-enkel\/\">Grosseltern, Kinder und Enkel: Kaum Gespr\u00e4che<\/a>\u00a0(20.10.2020)<\/li>\n<li><a href=\"https:\/\/www.freiburg-schwarzwald.de\/blog\/journalismus-resignation-letter\/\">Journalismus Resignation Letter<\/a> (16.7.2020)<\/li>\n<li><a title=\"Don\u2019t go with the flow\" href=\"https:\/\/www.freiburg-schwarzwald.de\/blog\/dont-go-with-the-flow\/\">Don\u2019t go with the flow \u2013 Massenhysterie seit 2015<\/a>\u00a0(16.6.2020)<\/li>\n<li><a title=\"Nur meckern allein hilft nichts\" href=\"https:\/\/www.freiburg-schwarzwald.de\/blog\/nur-meckern-allein-hilft-nichts\/\">Nur meckern\u00a0 allein hilft nichts<\/a>\u00a0(29.5.2020)<\/li>\n<li><a href=\"https:\/\/www.freiburg-schwarzwald.de\/blog\/engagement\/dagegen\/\">Heinsohn: Lockdown-Expertise von Stephan Kohm\/BMI als Verschw\u00f6rungstheorie abgetan?<\/a> (18.5.2020)<\/li>\n<li><a href=\"https:\/\/www.freiburg-schwarzwald.de\/blog\/kultur\/deutsch\">Zwischen Gutmensch und Wutb\u00fcrger: Zerst\u00f6rte Sprache und L\u00fcgenpresse<\/a>\u00a0(3.4.2020)<\/li>\n<li><a title=\"Buerger\" href=\"https:\/\/www.freiburg-schwarzwald.de\/blog\/engagement\/buerger\/\">Die Antwort auf Soros: Der kritisch denkende B\u00fcrger<\/a>\u00a0(24.1.2020)<\/li>\n<li><a title=\"Gelbwesten F \u2013 Gr\u00fcnkreuze D\" href=\"https:\/\/www.freiburg-schwarzwald.de\/blog\/gelbwesten-f-gruenkreuze-d\/\">Gelbwesten F \u2013 Gr\u00fcnkreuze D<\/a>\u00a0(28.11.2019)<\/li>\n<li><a title=\"Hass\" href=\"https:\/\/www.freiburg-schwarzwald.de\/blog\/kultur\/medien\/hass\/\">Thorsten Hinz: Den Ha\u00df fixiert, wer die Macht besitzt<\/a>\u00a0(22.11.2019)<\/li>\n<li><a title=\"Kritik und abweichende Meinung\" href=\"https:\/\/www.freiburg-schwarzwald.de\/blog\/kritik-und-abweichende-meinung\/\">Kritik und abweichende Meinung<\/a>\u00a0(7.8.2019)<\/li>\n<li><a title=\"Extremismus\" href=\"https:\/\/www.freiburg-schwarzwald.de\/blog\/engagement\/zukunft\/demokratie\/extremismus\/\">FFF: Hilfeschrei der Jugend? Eher ein Vorbote extremistischen Denkens<\/a>\u00a0(11.7.2019)<\/li>\n<li><a title=\"Schweigen\" href=\"https:\/\/www.freiburg-schwarzwald.de\/blog\/global\/deutschland\/schweigen\/\">Wir schweigenden L\u00e4mmer \u2013 es gibt keine abweichenden Meinungen mehr<\/a>\u00a0(6.7.2019)<\/li>\n<li><\/li>\n<li><a href=\"https:\/\/www.freiburg-schwarzwald.de\/blog\/selbsthilfe\/soziales\/arbeit\/arbeitsverweigerung\/\">Arbeitsverweigerung<\/a><\/li>\n<li><a href=\"https:\/\/www.freiburg-schwarzwald.de\/blog\/emigration\/\">Emigration<\/a><\/li>\n<li><a href=\"https:\/\/www.freiburg-schwarzwald.de\/blog\/engagement\/eskapismus\/\">Eskapismus<\/a><\/li>\n<li><a href=\"https:\/\/www.freiburg-schwarzwald.de\/blog\/kultur\/kulturverlust\/gewohnheit\/\">Gewohnheit<\/a><\/li>\n<li><a href=\"https:\/\/www.freiburg-schwarzwald.de\/blog\/engagement\/bequemlichkeit\/passiv\/\">passiv<\/a><\/li>\n<li><a href=\"https:\/\/www.freiburg-schwarzwald.de\/blog\/business\/gesund\/krankheit\/psychisch-krank\/\">psychisch-krank<\/a><\/li>\n<li><a href=\"https:\/\/www.freiburg-schwarzwald.de\/blog\/vereine\/partei\/rechte-partei\/\">Rechte Partei<\/a><\/li>\n<li><a href=\"https:\/\/www.freiburg-schwarzwald.de\/blog\/business\/volkswirtschaft\/\">Volkswirtschaft<\/a><\/li>\n<li><a href=\"https:\/\/www.freiburg-schwarzwald.de\/blog\/engagement\/zukunft\/demokratie\/widerstand\/\">Widerstand<\/a><\/li>\n<\/ul>\n<p>&nbsp;<\/p>\n<p><strong>Die Leute k\u00f6nnen einfach nicht mehr \u2013 Sie wollen auch nicht mehr<\/strong><br \/>\nIch hatte Toddn Kandziora gestern Abend gefragt, wie man neue Leser f\u00fcr die Seite begeistern kann. Er wollte sich Gedanken machen und antwortete heute schon zeitig und ganz in der Fr\u00fch:<br \/>\nIch bin seit halb f\u00fcnf wach. Normal inzwischen. Wegen deines Anrufes gestern Abend: Wenn es vielen anderen Menschen \u00e4hnlich geht wie mir, kann ich mir denken, warum die Leserzahlen nicht schneller wachsen. Das hat nichts mit deiner journalistischen Arbeit zu tun. Die Leute k\u00f6nnen einfach nicht mehr. Sie wollen nicht mehr.<br \/>\nViel zu viele haben wie ich mit Medien, Politik, Wirtschaft fertig. Ich ertrage beispielsweise Nachrichten nicht mehr. Auch alternative Medien nicht mehr. \u00c4ndert nichts. Bringt nichts. Macht einen nur fertig. L\u00e4sst einen nur mehr verzweifeln.<br \/>\nDie Irren haben die Macht \u00fcbernommen. Ist halt so. Sie sitzen \u00fcberall und an den wichtigen Stellen. In der Politik, in den Medien in der Wirtschaft. Diese Wahnsinnigen wissen nichts und sie k\u00f6nnen nichts. Halt doch, sie k\u00f6nnen zerst\u00f6ren, vernichten, destabilisieren, spalten, l\u00fcgen, betr\u00fcgen, abschaffen, deindustrialisieren, mich, dich und uns hassen. Das k\u00f6nnen sie und das sehr gut.<br \/>\nDiese Unmenschen werden nicht aufgeben, ihren Stiefel durchzuziehen, bis nicht nur Deutschland, Europa, vielleicht die ganze Welt \u2013 schaue ich an ihre Ostfront, nach Nah-Ost, Taiwan usw. \u2013 fertig hat. Es wird weder eine Corona-Aufarbeitung geben, noch Gespr\u00e4che mit Putin\/Russland, noch eine R\u00fcckkehr zu \u201enormal-menschlichen\u201c Verh\u00e4ltnissen. Die Regierung wird weitermachen bis zum Endsieg.<br \/>\n&#8230; Alles vom 30.10.2024 von Toddn Kandziora bitte lesen auf<br \/>\n<a href=\"https:\/\/www.alexander-wallasch.de\/gastbeitraege\/die-leute-koennen-einfach-nicht-mehr-sie-wollen-auch-nicht-mehr\">https:\/\/www.alexander-wallasch.de\/gastbeitraege\/die-leute-koennen-einfach-nicht-mehr-sie-wollen-auch-nicht-mehr<\/a><\/p>\n<p>&nbsp;<\/p>\n<p><strong>Neues Biedermeier ohne Sozialversicherung &#8211; R\u00fcckzug der B\u00fcrger<\/strong><br \/>\nDer R\u00fcckzug in die Innerlichkeit, ins wohlgeordnete Biedermeier, in die innere Emigration: Das ist Teil der deutschen Kulturgeschichte. Eine neue R\u00fcckzugsstrategie kommt hinzu: der Verzicht auf wirtschaftliche Leistung. Es ist das neue Biedermeier ohne Sozialversicherungsbeitrag. Warum arbeiten, wenn das Finanzamt mit H\u00f6chststeuers\u00e4tzen schon beim kleinen Einkommen zuschl\u00e4gt? Warum arbeiten, wenn immer neue Steuern erfunden werden, obwohl uns doch Christian Lindner das Gegenteil versprochen hat? Warum arbeiten, wenn es sich vom B\u00fcrgergeld besser leben l\u00e4sst? Warum aufstehen und Rentenbeitr\u00e4ge bezahlen, wenn eine im europ\u00e4ischen Vergleich minimale Rente dabei herauskommt? Warum bis 70 arbeiten, wenn die Franzosen oder Italiener f\u00fcr eine fast doppelt so hohe Rente gemessen am Erwerbseinkommen nur bis 60 oder 62 arbeiten m\u00fcssen?<br \/>\nDas sind die Fragen, die die Ampel nicht beantworten kann und mit denen sie endet. Glaubt die Ampel wirklich, dass die Rentner sie auf Dauer finanzieren? Wo sind denn die Fachkr\u00e4fte unter den sechs Millionen Zugewanderten? Wann tragen diese Leute zu ihrem Unterhalt wenigstens einen Teil bei? Wir finanzieren rund 10 Millionen Erwerbsf\u00e4hige, die nicht erwerbst\u00e4tig sein wollen, und klagen \u00fcber \u201eFachkr\u00e4ftemangel\u201c. Und jetzt sollen wir bis 70 arbeiten, um das alles und noch viel mehr zu finanzieren? Ehrlich? Lieber mit kleiner Rente und Einkommen leben, wo die Sonne scheint, die Steuern niedrig und die Preise akzeptabel sind, ganz ohne CO2-Abgabe. Oder daheim im Kleingarten. Auch wenn die Schweiz schon wegen \u00dcberf\u00fcllung geschlossen ist: Als digitaler Nomade lebt es sich schon am Plattensee phantastisch und halbieren sich in Lissabon die Steuern, von Nord-Zypern ganz zu schweigen.<br \/>\n&#8230; Alles vom 21.7.2024 von Roland Tichy bitte lesen auf<br \/>\n<a href=\"https:\/\/www.tichyseinblick.de\/tichys-einblick\/die-grosse-vertreibung-der-deutschen-ins-nirgendwo\/\">https:\/\/www.tichyseinblick.de\/tichys-einblick\/die-grosse-vertreibung-der-deutschen-ins-nirgendwo\/<\/a><\/p>\n<p>&nbsp;<\/p>\n<p><strong>Resignation: R\u00fcckzug ins Biedermeierleben &#8211; 7 Tips<\/strong><br \/>\nSehr geehrter Herr Klonovsky,<br \/>\nbitte entschuldigen Sie meine anonyme und analoge Kontaktaufnahme. Diesen Weg habe ich lediglich gew\u00e4hlt, um im \u201abesten Deutschland aller Zeiten\u2019 nicht zu einem sp\u00e4teren Zeitpunkt als Gedankenverbrecher registriert zu werden. Aus \u00e4hnlichen Gr\u00fcnden d\u00fcrften zahlreiche IP-Adressen auf ihrer Webseite aus exotischen L\u00e4ndern stammen, da mir bekannte \u201aMitlesende\u2019 es lediglich wagen, mit VPN-Verbindungen auf Ihre Webseite zuzugreifen.<br \/>\nGenussvoll habe ich das Interview mit dem Magazin Freilich gelesen.<br \/>\nhttps:\/\/www.freilich-magazin.com\/magazin (Ausgabe 17\/2022)<br \/>\nHierzu m\u00f6chte ich folgendes anmerken: Der Entschluss, sich in ein Biedermeierleben zur\u00fcckzuziehen, erschien und erscheint mir als folgerichtig. Nach der sp\u00fcrbaren Reduktion meines Freundes- und Bekanntenkreises in den Jahren 2015 ff. verschwand meine Lust, mich politischen Auseinandersetzungen zu widmen. Zumal ich nicht das Gesch\u00e4ftsmodell der Globalisten, die eine atomisierte und zerstrittene Gesellschaft lieben, weiter befeuern m\u00f6chte.<\/p>\n<p>Der R\u00fcckzug ins Private und die Fokussierung auf Arbeit, Wein, (Ehe-)Weib und Gesang erwiesen sich als sehr erquicklich. Schluss mit st\u00e4ndiger Debatte und Konfrontation! Allerdings habe ich festgestellt, dass trotz dieser Verweigerung, offen aktivistisch zu agieren, zahlreiche Schlupfl\u00f6cher existieren, die einen wenig riskanten Widerstand erm\u00f6glichen. Nat\u00fcrlich sind es keine heroischen Taten. M\u00f6glicherweise beinhalten diese aber das Potenzial, den Niedergang dieses Landes etwas zu verlangsamen.<\/p>\n<p>Erstens: K\u00fcndigung s\u00e4mtlicher Mainstream-Abonnements. Dezente, unpolitische Animationen, es Ihnen gleich zu tun. Geldersparnis, M\u00fcllvermeidung etc. d\u00fcrften hinreichende Gr\u00fcnde sein.<\/p>\n<p>Zweitens: Austritt aus der Kirche. Vor allem die katholischen Genossen liefern zahlreiche Gr\u00fcnde, hier aktiv zu werden. Bisher gehen ca. ein Dutzend Austritte auf meine \u00dcberzeugungsarbeit zur\u00fcck, die weitere animiert haben \u2026<\/p>\n<p>Drittens: Boykott globalistischer Konzerne. Microsoft zu boykottieren ist schwer, nichts mehr bei Amazon zu bestellen hingegen leicht. Praktisch: Diese Position kann auch gegen\u00fcber Lifestyle-Linken unproblematisch verkauft werden. Familienunternehmen und Mittelstand freuen sich.<\/p>\n<p>Viertens: Digital-Di\u00e4t. Facebook l\u00f6schen, WhatsApp gegen Signal oder Threema tauschen. Smartphone zu Hause lassen. Auch hier ziehen Linke mit. Zumindest ist das meine Erfahrung.<\/p>\n<p>F\u00fcnftens: Freie Autoren unterst\u00fctzen. Uwe Tellkamp oder Vera Lengsfeld k\u00f6nnen meiner Erfahrung nach problemlos im Buchhandel (bar bezahlt) erworben werden. Ebenfalls wurden diese Werke widerspruchsfrei bei Geburtstagen, Weihnachtsfeiern und zu sonstigen Anl\u00e4ssen akzeptiert. Lediglich eines dieser Werke hat mir (die bisher einzige) gesellschaftliche Backpfeife verpasst.<\/p>\n<p>Sechstens: W\u00e4hlen gehen. Kommunal\u2011, Landtags- und Bundestagswahl sind Pflichttermine. Fortgeschrittene k\u00f6nnen sich vor dem Schlie\u00dfen der Urne als spontane Wahlbeobachter melden. Habe ich getan und trotz sp\u00fcrbarer \u00dcberraschung der Ausz\u00e4hler durchgehalten. Allein die Anwesenheit hat m\u00f6glicherweise zu mehr Pr\u00e4zision gef\u00fchrt.<\/p>\n<p>Siebentes: Freundlichkeit und ehrenwertes Verhalten. Spaltung, Atomisierung, Angst und Hass sind die Ziele von Globalisten, GEZ-Apparat und Politik. Seien Sie freundlich zum gr\u00fcn w\u00e4hlenden w\u00e4hlenden Nachbarn. Vielleicht ist er ungeimpft, gegen WhatsApp und offen f\u00fcr Signal, f\u00fcr einen Boykott von Amazon oder einfach trinkfreudig \u2026 Neue Allianzen sind m\u00f6glich!<\/p>\n<p>Hochachtungsvoll,<br \/>\nein Westler, der fr\u00fcher Witze \u00fcber die DDR gerissen hat, die einem jetzt im Halse stecken bleiben.<br \/>\n&#8230; Alles vom 29.8.2022 bitte lesen auf<br \/>\n<a href=\"https:\/\/www.klonovsky.de\/2022\/08\/das-meint-der-leser-4\/\">https:\/\/www.klonovsky.de\/2022\/08\/das-meint-der-leser-4\/<\/a><\/p>\n<p>&nbsp;<\/p>\n<p><strong>Grundlage zur Erm\u00e4chtigung &#8211; Was soll der B\u00fcrger tun?<\/strong><br \/>\nIm \u00bbDritten Gesetzesentwurf zum Schutz der Bev\u00f6lkerung bei einer <a href=\"https:\/\/www.freiburg-schwarzwald.de\/blog\/business\/gesund\/corona-virus\/\">epidemischen Lage<\/a> von nationaler Tragweite\u00ab (bundestag.de, Drucksache 19\/23944 (PDF)), der am 18.11.2020 nach wortreicher, aber konsequenzloser Show-Debatte im Parlament abgenickt wird, finden sich <em><strong>24 mal Begriffe mit dem Wortstamm \u00bberm\u00e4chtigen\u00ab<\/strong><\/em>. Es liegt aber wohl nicht nur an der H\u00e4ufigkeit des Erm\u00e4chtigungsbegriffs, dass dieses Gesetz schon jetzt im Volksmund sarkastisch <a href=\"https:\/\/www.freiburg-schwarzwald.de\/blog\/engagement\/zukunft\/demokratie\/ermaechtigungsgesetz-2\/\">\u00bbErm\u00e4chtigungsgesetz\u00ab<\/a> genannt wird.<br \/>\n&#8230;<br \/>\nWas soll der B\u00fcrger tun?<br \/>\nSoll der B\u00fcrger protestieren oder soll er sich damit abfinden, dass Freiheit und Demokratie vor seinen Augen umgeworfen werden?<br \/>\nAufrufen zu Protesten gegen die Regierung \u2013 sehr gut! Die Demonstration ist der einzige Weg des B\u00fcrger, in der (Rest-) Demokratie politisch geh\u00f6rt zu werden, wenn die Politik auf die demokratischen Wege zu pfeifen scheint und der Staatsfunk allen Widerspruch zu ersticken droht. Einige B\u00fcrger haben l\u00e4ngst resigniert, haben sich damit abgefunden, dass die Freiheit eben stirbt, mal mit dieser Begr\u00fcndung und mal mit einer anderen. Hoffnung braucht Kraft, und ich verstehe jeden, dem inzwischen die Kraft fehlt&#8230;<br \/>\nProtestiert, aber lasst den Protest nicht euer Leben auffressen. Man f\u00fchlt sich ja heute als Revolution\u00e4r (und k\u00f6nnte auch wie ein solcher vom Verfassungsschutz be\u00e4ugt werden), wenn man einfach nur darum bittet, dass die Regierung sich an Recht und Verfassung h\u00e4lt. Jede Revolution frisst ihre Kinder \u2013 und die gescheiterte Revolution frisst die Seele der Gescheiterten dazu. &#8230;<br \/>\n\u00bbWer k\u00e4mpft, kann verlieren\u00ab, so hei\u00dft es, \u00bbdoch wer nicht k\u00e4mpft, der hat schon verloren.\u00ab \u2013 Es klingt gut, doch es ist unvollst\u00e4ndig, denn es fehlt: Wer zu lange vergeblich k\u00e4mpft, der verliert den Lebensmut \u2013 und dann hat er auf gewisse Weise \u00bbsein Leben verloren\u00ab, obgleich es dem Kalender nach noch weiterl\u00e4uft.<br \/>\n&#8230; Alles vom 17.11.2020 von Dushan Wegner bitte lesen auf<br \/>\n<a href=\"https:\/\/www.dushanwegner.com\/ermaechtigungsgrundlage\/\">https:\/\/www.dushanwegner.com\/ermaechtigungsgrundlage\/<\/a><br \/>\n.<\/p>\n<p><strong>Mir f\u00e4llt vieles auf, aber fast nichts mehr ein \u2013 ich brauche eine Auszeit<br \/>\n<\/strong>Liebe Leser\/innen, seit zehn Tagen verfolge ich das politische Geschehen in Deutschland, Europa und der Welt noch intensiver als sonst, aber mir f\u00e4llt nichts mehr dazu ein, mir fehlen die passenden Worte, die ich niederschreiben k\u00f6nnte. Anderen scheint es \u00e4hnlich zu gehen, z.B. Boris Reitschuster. Das ist nicht normal, denn bis vor wenigen Tagen h\u00e4tte ich t\u00e4glich einen Artikel schreiben k\u00f6nnen, zwei bis drei in der Woche waren es. F\u00fcr diesen brauchte ich zwei Wochen.<\/p>\n<p>Seit f\u00fcnf Jahren besch\u00e4ftige ich mich intensiv mit dem <a href=\"https:\/\/www.freiburg-schwarzwald.de\/blog\/religion\/islam\/islam-deutschland\/\">Islam<\/a> und wei\u00df deshalb, dass die Geschehnisse der letzten Tage dieser religi\u00f6s verbr\u00e4mten Ideologie systemimmanent sind. Ich war einer der Ersten, die zu Erdogans trojanischen Pferden in Europa, die <a href=\"https:\/\/www.freiburg-schwarzwald.de\/blog\/global\/tuerkei\/ditib\/\">DiTiB-Moscheegemeinden<\/a>, ein umfangreiches Dossier verfasst habe. Ich arbeitete den <a href=\"https:\/\/www.freiburg-schwarzwald.de\/blog\/religion\/islam\/koran\/\">Koran<\/a> trotz aufkommendem Brechreiz durch, gab ein elektronisches Nachschlagewerk heraus und kommentierte die Brisanz vieler Passagen. Genau wie der Islamkenner Hamed Abdel-Samad, versuchte auch ich immer wieder, der Politik und dem Klerus zu vermitteln, dass ihre Anbiederung an den Islam und das gebetsm\u00fchlenartige Wiederholen nach Anschl\u00e4gen von \u201e<a href=\"https:\/\/www.freiburg-schwarzwald.de\/blog\/religion\/islam\/islamismus\/\">Das hat nichts mit dem Islam zu tun<\/a>\u201c, ein Irrweg ist. Hier als Beispiel ein kurzes aktuelles Statement von <a href=\"https:\/\/www.freiburg-schwarzwald.de\/blog\/religion\/islam\/abdel-samad\/\">Hamed Abdel-Samad<\/a> vom 3. November 2020: <a href=\"https:\/\/www.3sat.de\/kultur\/kulturzeit\/gespraech-mit-hamed-abdel-samad-100.html\">https:\/\/www.3sat.de\/kultur\/kulturzeit\/gespraech-mit-hamed-abdel-samad-100.html<\/a>.<\/p>\n<p>Sogar der Islamwissenschaftler <a href=\"https:\/\/www.freiburg-schwarzwald.de\/blog\/khorchide-islam-scharia-gott\/\">Mouhanad Khorchide<\/a>, der trotz seiner Kritik am Fundamental-Islam ein Muslim blieb, tendiert zur Verzweiflung ob der Sprachlosigkeit oder Angst der Politiker, sich kritisch zum Islam zu \u00e4u\u00dfern, um ja nicht als islamophob zu gelten. Die Auseinandersetzung mit strenggl\u00e4ubigen Muslimen k\u00f6nne erfolgreich nicht mehr abstrakt gef\u00fchrt werden. Man sollte diese Leute fragen, \u201cwarum geht ihr nicht in ein islamisches Land\u201c eurer Wahl. Nur so k\u00f6nne man sie noch dazu bringen, ihr Hirn einzuschalten<a href=\"https:\/\/www.badische-zeitung.de\/ein-ventil-fuer-frustrierte-junge-maenner--197723218.html\"> https:\/\/www.badische-zeitung.de\/ein-ventil-fuer-frustrierte-junge-maenner&#8211;197723218.html<\/a>.<\/p>\n<p><a href=\"https:\/\/www.freiburg-schwarzwald.de\/blog\/migrationshintergrundler-sorge\/\">Islamkritiker<\/a> kommen leider nur wenige Tage nach Anschl\u00e4gen zu Wort, wie jetzt nach Berlin, <a href=\"https:\/\/www.freiburg-schwarzwald.de\/blog\/global\/france\/enthauptung\/\">Paris<\/a>, <a href=\"https:\/\/www.freiburg-schwarzwald.de\/blog\/global\/france\/nizza29-10-2020\/\">Nizza<\/a>, Wien und anderen St\u00e4dten. Und die Geheimdienste sind ihr Geld nicht mehr wert, seit die Politik sie unter dem Druck von linksgr\u00fcn verpflichtete, ihren Blick auf die Rechten zu richten. Nur f\u00fcr diesen Bereich wurde Personal aufgestockt \u2013 und was f\u00fcr welches. In \u00d6sterreich nicht anders als in Deutschland. Damit ihnen die Arbeit nicht ausgeht, beobachten sie nur, statt zuzugreifen und auf Nimmerwiedersehen wegzusperren. Nein, wenn sie \u00fcberhaupt hinter Schloss und Riegel kommen, l\u00e4sst man sie rasch wieder laufen, weil der Justiz und den Bew\u00e4hrungshelfern die koranische <a href=\"https:\/\/www.freiburg-schwarzwald.de\/blog\/religion\/islam\/taquia\/\">Taqiya<\/a> nicht bekannt ist: die Lizenz zum L\u00fcgen und T\u00e4uschen zur Verbreitung des Islam.<\/p>\n<p>Aber es hilft nichts, in Deutschland werden weiter Moscheen gebaut, die Kaderschmieden k\u00fcnftiger Strenggl\u00e4ubiger. Und sogar im Beisein von Kirchenleuten eingeweiht mit Namen des Christenschl\u00e4chters \u201eFatih\u201c (Mehmet II). Auch das <a href=\"https:\/\/www.freiburg-schwarzwald.de\/blog\/global\/france\/nizza29-10-2020\/\">Abschlachten betender Christen<\/a> in ihren Kirchen schreckt unsere Geistlichkeit (?) nicht auf. Und die Kanzlerin horcht nur auf, wenn es Deutsche trifft und schwafelt nur, \u201eDer Kampf gegen M\u00f6rder und ihre Anstifter ist unser gemeinsamer Kampf\u201c. Ohne ein Wort zu verlieren, dass es sich auch in <a href=\"https:\/\/www.freiburg-schwarzwald.de\/blog\/global\/oesterreich\/wien-islamisten2-11-2020\/\">Wien<\/a> um einen islamischen M\u00f6rder handelte.<br \/>\nAuch kein Wort dar\u00fcber, dass der Anstifter solcher Attentate der Koran ist. Und wenn sie \u201ek\u00e4mpfen\u201c wollte, h\u00e4tte sie in Berlin die 150 Islamisten festnehmen lassen, die Macron als Puppe hinter sich herschleppten, was sie auch mit diesem selbst tun w\u00fcrden, k\u00e4men sie an ihn ran. <a href=\"https:\/\/www.welt.de\/politik\/deutschland\/article218974488\/Berlin-Neukoelln-Menschen-demonstrieren-gegen-Macron-Allahu-Akbar-Rufe.html\">https:\/\/www.welt.de\/politik\/deutschland\/article218974488\/Berlin-Neukoelln-Menschen-demonstrieren-gegen-Macron-Allahu-Akbar-Rufe.html<\/a>. Wobei <a href=\"https:\/\/www.freiburg-schwarzwald.de\/blog\/global\/france\/enthauptung\/\">Macron mit seiner Einsch\u00e4tzung<\/a> daneben liegt, in seinem Land m\u00fcsse \u201eGottesl\u00e4sterung weiterhin erlaubt\u201c sein. Charlie Hebdos Karikaturen haben nicht Gott gel\u00e4stert, sondern Muhammad gezeigt, der das Gegenteil von g\u00f6ttlich war.<\/p>\n<p>Wer \u00fcber die Gef\u00e4hrlichkeit des Politischen Islam aufkl\u00e4rt wie Michael St\u00fcrzenberger von der <a href=\"https:\/\/www.freiburg-schwarzwald.de\/blog\/journalismus-resignation-letter\/\">B\u00fcrgerbewegung Pax Europa (BPE)<\/a>, wird von Richtern \u00e0 la Dauster als Volksverhetzer gebrandmarkt. Von einem Juristen, der in seiner Freizeit schon mit einem T-Shirt obigen Christenschl\u00e4chters aufgefallen ist. <a href=\"http:\/\/www.pi-news.net\/2014\/12\/oberlandesgericht-muenchen-christenschlaechter-shirt-von-richter-dauster-privatsache\/\">http:\/\/www.pi-news.net\/2014\/12\/oberlandesgericht-muenchen-christenschlaechter-shirt-von-richter-dauster-privatsache\/<\/a>. Und St\u00fcrzenberger muss sich in Kassel vom islamischen Mob und seinen deutschen linksextremen Unterst\u00fctzern beleidigen lassen. 29 Polizisten lie\u00dfen das geschehen, weil sie vor einer unterlegenen Zahl von St\u00f6rern Angst hatten \u2013 oder von der Polizeif\u00fchrung oder von noch weiter oben ausgebremst wurden.<\/p>\n<p>Kadavergehorsam gegen\u00fcber dem Islam in Deutschland unter einer <a href=\"https:\/\/www.freiburg-schwarzwald.de\/blog\/global\/deutschland\/merkel-deutschland\/\">Merkel<\/a>, die das Land noch mehr von dieser Spezies geflutet hat, als es zuvor schon der Fall war. Ich kann das Antlitz dieser Frau nicht mehr sehen. Die nun mangels eigener Kinder angetreten ist, das ganze Volk erziehen zu wollen. Wenn wir im November nicht artig sind, d\u00fcrfen wir keine Weihnachten feiern. Als ob dieser Pfarrerstochter das Christenfest \u00fcberhaupt etwas bedeuten w\u00fcrde. Aber egal, was sie macht, ihre Beliebtheit steigt und steigt \u2013 glaubt man den Umfragen noch. W\u00fcrde sie nochmals antreten, sie w\u00fcrde wahrscheinlich wiedergew\u00e4hlt.<br \/>\nAber mit welchem europ\u00e4ischen Land liegt sie eigentlich nicht \u00fcber Kreuz? Au\u00dferhalb Europas wird sie allenfalls wegen der deutschen Euros gesch\u00e4tzt, die sie gro\u00dfz\u00fcgig in alle Welt verteilt. Z.B. eine Mrd. Euro in New Delhi, der Hauptstadt einer Atommacht. Auch mit den USA war das Verh\u00e4ltnis zerr\u00fcttet, aber ihrem Wunschpr\u00e4sidenten Joe Biden gratulierte sie nun \u201evon ganzem Herzen\u201c. Ob sie auch die Herzdame Bidens wird?<\/p>\n<p>Eine Sonderstellung scheint das deutsch-t\u00fcrkische Verh\u00e4ltnis zu genie\u00dfen. Erdogan kann Merkel-Deutschland noch so sehr an den Karren fahren, das scheint die Kanzlerin nicht zu beirren. Sie l\u00e4sst der T\u00fcrkei weiterhin Kriegswaffen liefern, Erdogan \u201ebleibt ihr bester Kunde\u201c (Tagesschau 23.06.2020). Egal, ob dieser Sultan und Kriegsherr im Mittelmeer, vor Griechenland, in Libyen, Syrien oder Berg-Karabach sein Unwesen treibt, Deutschlands Kanzlerin ist weiterhin \u201eallzeit bereit\u201c.<\/p>\n<p>Und was machen unsere (?) <a href=\"https:\/\/www.freiburg-schwarzwald.de\/blog\/kultur\/medien\/journalismus\/haltungsjournalismus\/\">Medien<\/a>? Sie \u00fcben sich in Hofberichterstattung und waren die Speerspitze in der Agitation gegen die amerikanischen W\u00e4hler. Man stelle sich vor, Trump w\u00e4re Pr\u00e4sident geblieben, dann w\u00e4ren unsere (?) Zeitungen auch die n\u00e4chsten vier Jahre von ihm gef\u00fcllt. Aber schon deutet sich an, dass sie die bisherigen Zeitungsseiten, der dem b\u00f6sen Trump gewidmet war, nun wieder dem guten Islam widmen.<br \/>\nEin Beispiel gef\u00e4llig? Genau vor zehn Jahren lief in L\u00f6rrach an der Schweizer Grenze eine durchgeknallte Frau Amok, verletzte 20 Menschen und t\u00f6tete drei weitere. Jetzt lie\u00df die Badische Zeitung im Magazin vom 7. November das damalige Geschehen Revue passieren mit der Geschichte \u201eDer Schmerz, der nie vergeht\u201c. Unter den Opfern war auch ein zum Islam konvertierter Christ. Und dreimal darf geraten werden, wem die zweiseitige (!) Story gewidmet war. Nach diesem Konvertiten wurde vom St. Elisabethen Krankenhaus (damals der \u201ebarmherzigen Schwestern vom Heiligen Vinzenz von Paul\u201c) der islamischen Gebetsraum benannt \u2013 G\u00fcnter Michels. Die Namen der anderen Todesopfer sucht man in der Reportage vergebens. Bei einem solch erb\u00e4rmlichen und tendenzi\u00f6sen Journalismus \u00fcberkommt mich das gro\u00dfe K.. und ich bekomme Herzrasen.<\/p>\n<p>Die Zeitungen sind das Papier nicht mehr wert. Als ob die Herausgeber \u00fcber das, was in Deutschland geschieht, nicht t\u00e4glich zwei Zeitungen f\u00fcllen k\u00f6nnte. Aber schon die derzeit abgespeckten Print-Ausgaben sind meist schwer verdauliche Kost, die Fernsehnachrichten quellen \u00fcber von Corona-Zahlen und Bildern, wie Leuten mit Wattest\u00e4bchen im Hals herumgestochert wird, begleitet von Durchhalteparolen von Kommentatoren sowie Bundes- und Landespolitikern. Es h\u00e4ngt mir zum Hals raus.<\/p>\n<p>Zum Haupt\u00e4rgernis: Die extrem langfristige Finanzierung der Corona-Geschenke mittels Helikoptergeld infolge des planlosen Kahlschlags ganzer Branchen nahm mir den Rest an Vertrauen in die Zukunft Deutschlands. Anstatt den Schaden durch Zwangsschlie\u00dfungen z.B. der Gastronomie mit 75 Prozent der im letzten Jahr den Finanz\u00e4mtern erkl\u00e4rten \u00dcbersch\u00fcsse zu erstatten, wurden 75 Prozent des Umsatzes beschlossen. Erst danach fiel dem Wirtschaftsministerium der Fehler auf, das Kurzarbeitergeld wird nun sachgerecht abgezogen, was aber immer noch eine Goldgrube ist. Dieses neuartige \u201eKurzarbeitergeld\u201c auch an die Gastronomen, ist nichts anderes als eine kostspielige Taktik, den Verzicht auf erfolgversprechende Klagen gegen die Zwangsschlie\u00dfungen zu erkaufen. Das ist eigentlich nichts anderes als Bestechungsgeld.<\/p>\n<p><em><strong>Die Kinder und Kindeskinder m\u00fcssen die inzwischen 1,5 Billionen Corona-Euro in der EU \u00fcber einen Zeitraum von 25 bis 50 Jahre (!) abtragen.<\/strong> <\/em>Warum werden nicht jene zur Kasse gebeten, welche alle <a href=\"https:\/\/www.freiburg-schwarzwald.de\/blog\/business\/gesund\/corona-virus\/lockdown\/\">Lock down<\/a>-Ma\u00dfnahmen guthei\u00dfen oder die ihnen gar nicht weit genug gehen. Wen es st\u00f6rt, dass andere essen gehen wollen, sollte den Wirten und der Volkswirtschaft den Schaden ersetzen m\u00fcssen. Aber nein, die werden zur Kasse gebeten und doppelt bestraft, denen man ein normales Leben unm\u00f6glich macht. Unsere Kinder triffts gleich dreifach. Sich schon in der Schule vermummen zu m\u00fcssen, Deutschland und die Welt nicht mehr kennenlernen d\u00fcrfen, aber sp\u00e4ter die Schuldenorgie unserer Politiker abtragen zu \u201ed\u00fcrfen\u201c.<\/p>\n<p>Das Sonderverm\u00f6gen bzw. Fonds Deutsche Einheit 1990 war auf nur viereinhalb Jahre ausgerichtet https:\/\/www.bundesregierung.de\/breg-de\/aktuelles\/verstaendigung-auf-fonds-deutsche-einheit&#8211;353956 und wurde dann vom Solidarit\u00e4tszuschlag abgel\u00f6st, um die aktuelle Generation zur Kasse zu bitten. Jedoch nicht auch noch jene Generation in 25 oder 50 Jahren. Wie sollen unsere Nachkommen damit fertig werden, wenn in diesen langen Tilgungszeitr\u00e4umen weitere Viren auftauchen? Das schert die Herrschenden dieses Landes nicht. Sie belasten mit ihrer Verschiebepolitik Menschen, die noch gar nicht geboren sind. Vielleicht erwarten sie von diesen, dass sie Danke sage, weil wir sie schlie\u00dflich in die Welt gesetzt haben?<\/p>\n<p>Mit dem n\u00e4chsten Virus wird die kommende Generation \u201eauf allen Vieren\u201c gehen. Auch in der Schweiz wird das so gesehen: F\u00fcr den Z\u00fcrcher Finanzprofessor Marc Chesney ist es \u201eein hoffnungsloses Unterfangen, das Wirtschaftswachstum mit immer mehr Schulden ankurbeln zu wollen, um dank des erhofften Wachstums die Schulden eines Tages abbauen zu k\u00f6nnen&#8230; Es funktioniert einfach nicht\u201c, erkl\u00e4rte er in einem Interview mit der NZZ. Die weltweiten Schulden w\u00fcrden immer schneller wachsen, schneller als die Wirtschaft: \u00abIm ersten Quartal 2020 entsprachen sie rund dem Dreifachen der j\u00e4hrlichen weltweiten Wirtschaftsleistung\u00bb.<br \/>\nMit der Corona-Krise habe sich die Lage noch versch\u00e4rft. Es sei unm\u00f6glich, alle diese Schulden zur\u00fcckzuzahlen: \u00abIrgendwann m\u00fcssen wir einen Teil davon abschreiben.\u00bb <a href=\"https:\/\/www.infosperber.ch\/Artikel\/Wirtschaft\/Die-weltweite-Verschuldung-kann-die-Demokratie-gefahrden\">https:\/\/www.infosperber.ch\/Artikel\/Wirtschaft\/Die-weltweite-Verschuldung-kann-die-Demokratie-gefahrden<\/a>.<br \/>\nDies gilt f\u00fcr ein Wirtschaftswachstum, umso mehr f\u00fcr die heruntergefahrene Corona-Wirtschaft. Aber diese langfristige <a href=\"https:\/\/www.freiburg-schwarzwald.de\/blog\/global\/finanzsystem\/schulden\/\">Verschuldung<\/a> scheint auch f\u00fcr die alternativen Medien kein Problem zu sein. Jedenfalls war nur \u201eDie freie Meinung\u201c zur Ver\u00f6ffentlichung bereit: <a href=\"https:\/\/www.diefreiemeinung.de\/2020\/10\/merkels-brd-kann-durch-die-langfristige-verschuldung-wie-die-ddr-enden\/\">https:\/\/www.diefreiemeinung.de\/2020\/10\/merkels-brd-kann-durch-die-langfristige-verschuldung-wie-die-ddr-enden\/<\/a>.<br \/>\n.<br \/>\nDie Verkennung dieses verh\u00e4ngnisvollen Skandals durch alle anderen \u201eAlternativen\u201c gab mir den Rest \u2013 \u201eich habe fertig\u201c. Nach zweieinhalb Jahren publizistischer T\u00e4tigkeit f\u00fcr acht Blogs nehme ich mir frustriert eine Auszeit.<br \/>\n.<br \/>\nNuhr im Ersten scheint noch nicht mit der Welt fertig zu sein, insbesondere nicht mit dem, was unserem Land so passiert: <a href=\"https:\/\/www.ardmediathek.de\/ard\/video\/nuhr-im-ersten\/nuhr-im-ersten-vom-5-november-2020\/das-erste\/Y3JpZDovL2Rhc2Vyc3RlLmRlL3NhdGlyZSBnaXBmZWwvOGI4YjhlYWEtMDZmNy00ZTE2LWFjYjQtZTJmNzRkMjZlMDJj\/\">https:\/\/www.ardmediathek.de\/ard\/video\/nuhr-im-ersten\/nuhr-im-ersten-vom-5-november-2020\/das-erste\/Y3JpZDovL2Rhc2Vyc3RlLmRlL3NhdGlyZSBnaXBmZWwvOGI4YjhlYWEtMDZmNy00ZTE2LWFjYjQtZTJmNzRkMjZlMDJj\/<\/a>. Schalten Sie nicht aus, weil Nuhr vom politischen Islam \u00fcber den (Links-)Faschismus letztlich den Bogen zur Vers\u00fcndigung an unseren Nachkommen schl\u00e4gt. Kabarett darf so etwas (noch), bis mit der Corona-Keule auch noch das erschlagen wird.<br \/>\n9.11.2020, Albrecht K\u00fcnstle, Herbolzheim, Kuenstle.A \u00e4t gmx.de<br \/>\n.<br \/>\nKommentare:<br \/>\n<strong>&#8230; man f\u00fchlt sich hilflos <\/strong><br \/>\nDas ist gut beschrieben, man f\u00fchlt sich hilflos und denkt, es kann nicht noch schlimmer kommen. Aber die Welt braucht eine Kassandra (oder auch mehrere) und auch wenn mir Geschichte um Troja durchaus gel\u00e4ufig ist, eine Kassandra brannte sich wohl in jeder Erinnerung ein.<br \/>\nMan kann nur aufstehen, wenn man gefallen ist. Manchmal mu\u00df man halt ganz unten aufschlagen und dann zeigt sich, wer Manns genug ist, wieder aufzustehen. Ich halte es lieber mit dem Spruch: &#8220; Lieber stehend sterben, als auf Knien leben&#8220;<br \/>\nTrotz allem tut es gut, ein bi\u00dfchen inne zu halten, Kraft und Weisheit aus der Natur zu sch\u00f6pfen, dem Wandel der Jahreszeiten zu zusehen und daran zu denken, das nach einem langen, dunklen Winter immer ein Fr\u00fchling folgt \ud83d\ude42<br \/>\n9.11.2020, Nab<br \/>\n.<br \/>\n<strong>Der innere R\u00fcckzug<\/strong><br \/>\nUnd jetzt? Das Land ist langfristig verloren. Dummheit und ideologische sowie finanzpolitische Perfidie (Hand in Hand) erobern unser Land und langsam wohl auch die Welt. Aber unabh\u00e4ngig von allen Prognosen: Ich m\u00f6chte schon heute kein Teil mehr von diesem Land sein.<br \/>\nDie schwierige Frage: Wo k\u00f6nnte ein Refugium sein? Der innere R\u00fcckzug reicht mir nicht mehr. Sollte jemand hier im Forum Erfahrungen (positive oder negative, eigene oder fremde) haben \u00fcber ein Auslandsrefugium, w\u00e4re ich f\u00fcr kurze Antworten\/ Hinweise sehr dankbar.<br \/>\n9.11.2020, R.B.<br \/>\n.<br \/>\n<strong>1,5 Billionen Corona-Euro<\/strong><br \/>\n&#8222;Die Kinder und Kindeskinder m\u00fcssen die inzwischen 1,5 Billionen Corona-Euro in der EU \u00fcber einen Zeitraum von 25 bis 50 Jahre (!) abtragen. &#8220;<br \/>\nUnsere Kinder und Enkel werden das Fiat-Money nie abtragen. Es wird auch nicht inflationiert abgetragen werden k\u00f6nnen.<br \/>\nEs kommt der Crash des ungedeckten Geldes. Die Armut f\u00fcr Unterschicht und Mittelschicht. Das ist so sicher, wie das Amen in der Kirche. Nach der Geschichte des Geldes alle 75 Jahre. Die letzte Inflation mit Deflation endete nach dem 2.Weltkrieg.<br \/>\nSolange dieses Fiat-Geld nicht beim Verbraucher landet und dieser sie f\u00fcr Konsumzwecke verwendet, haben sie keine Auswirkung auf die Inflationsrate. Die Hyperinflation dauerte nur Monate. Die folgende Deflation bis zum Ende des 2.Weltkrieges. Eine Deflation halte ich f\u00fcr viel gef\u00e4hrlicher als eine Inflation, weil dadurch die ganze Wirtschaft abgew\u00fcrgt wird.<br \/>\nImmer h\u00f6here Steuern zur Tilgung der in der Corona-Krise aufgenommenen Kredite wirkt nicht inflation\u00e4r, sondern erzeugt eine Deflation. Wenn der Insolvenzschutz f\u00e4llt, dann erfolgt eine Pleitewelle mit Arbeitslosigkeit. Dazu die Gr\u00fcnen Industrie-Schrotter mit ihrer Planwirtschaft. Dazu dank Merkel und den Gr\u00fcnen Kommunisten den dreisten Analphabeten-Moslem-Schnorrer im Lande, der nur die Hand aufh\u00e4lt.<br \/>\nUnseren Kindern und Enkeln wird es dank Merkel, der Gr\u00fcnen , Linken, Kommunisten und der Scharia Partei SPD schlecht gehen, wenn wir das nicht jetzt \u00e4ndern.<br \/>\n9.11.2020, Sil<br \/>\n.<br \/>\n<strong>Auch ich<\/strong><br \/>\n<em><strong>\u201ekann das Antlitz dieser Frau nicht mehr sehen. Die nun mangels eigener Kinder angetreten ist, das ganze Volk erziehen zu wollen.\u201c<\/strong> (Albrecht K\u00fcnstle)<\/em><br \/>\nWas Merkel leitet ist eine Ideologie, bei der G\u00fcter von einem allwissenden Staat an die B\u00fcrger verteilt werden. Dass sie daf\u00fcr eine Unterst\u00fctzung von so vielen B\u00fcrgern in Deutschland erh\u00e4lt, liegt wohl darin begr\u00fcndet, dass hier der Antikapitalismus weit verbreitet ist. Er unterscheidet sich vom Kapitalismus, bei dem jedes Individuum in einer Gesellschaft als absoluter Selbstzweck betrachtet wird. Der Antikapitalismus, wie z.B. der Marxismus, basiert wie Nazismus, Faschismus, Tribalismus, Kommunismus und alle anderen sozialistischen Theorien des Nationalismus auf dem Prinzip des Kollektivismus, der sich \u00fcber die freien Entscheidungen des Einzelnen hinwegsetzt. Verkannt wird von den Antikapitalisten, dass nur der Kapitalismus es dem Einzelnen erm\u00f6glicht, frei zu sein und seine Interessen zu verfolgen, die am Ende dem Gemeinwohl dienen.<br \/>\nDem Treiben von Merkel und dem in der Welt sich ausbreitendem Antikapitalisten, kann nur Einhalt geboten werden, wenn die Fackel der Freiheit in die Welt getragen wird. Das wird ein Staffellauf bei dem vor allem auch die J\u00fcngeren \u00fcberzeugt werden m\u00fcssen, die Fackel weiterzutragen. Auch wenn es schwer f\u00e4llt, wer f\u00fcr die Freiheit ist, sollte nicht aufgeben.<br \/>\n9.11.2020, Ern<br \/>\n.<br \/>\n<strong>Auch ich habe die 70 lange \u00fcberschritten und kann Ihnen nur zustimmen<\/strong><br \/>\nIch bin \u00fcber vieles fassungslos, insbesondere was in einem &#8222;ehemaligen&#8220; Land der Dichter und Denker f\u00fcr ein Gesinnungsmob herrscht. Ein letzter H\u00f6hepunkt meiner Best\u00fcrzung war die Berichterstattung \u00fcber die Demo der angeblichen &#8222;Coronaleugner&#8220; in Leipzig. Da wird in Berlin an einem &#8222;Erem\u00e4chtigungsgesetz&#8220; gebastelt und keiner schaut einmal genau darauf, was die Regierung sich hier f\u00fcr diktatorische Entscheidungsm\u00f6glichkeiten schafft. Wir haben die DDR , \u00fcber die oft gespottet wurde bez\u00fcglich der Zwangsma\u00dfnahmen sch\u00f6n \u00fcberholt . Hier braucht die Regierung keine IM unter Vertrag zu nehmen. Die Masse des Volkes ist im &#8222;Coronapanikmodus&#8220; und so verbl\u00f6det dass Sie unaufgefordert denunzieren und alles die halbwegs normal geblieben sind als Rechte oder Nazis unter Beifall von Politik und Medien diffamieren.<br \/>\n9.11.2020, Ron<br \/>\n<strong>Ich teile diese Stimmung, aufgeben zu wollen<\/strong><br \/>\nWenn ich mich in meiner Umgebung kritisch gegen den Islam \u00e4u\u00dfere, gucken alle betreten weg und schweigen, weil sie mir nicht ins Gesicht sagen wollen, dass Sie mich f\u00fcr ein A&#8230; und einen Ausl\u00e4nderfeind halten. Informationen \u00e4ndern daran nichts. Diesen Leuten ist nicht zu helfen.<br \/>\n9.11.2020, M.S.<\/p>\n","protected":false},"excerpt":{"rendered":"<p>Home\u00a0&gt;Engagement\u00a0&gt;Zukunft\u00a0&gt;Demokratie &gt;Widerstand &gt;Resignation-der-Mitte Listenauswahl eines Beitrags (Artikel\/Datum, Seite\/Inhalt):\u00a0Klicken\u00a0oder scrollen Energie + KnowHow = Made in Germany\u00a0(31.5.2026) Eric Gujer: Belohnt werden die Faulen, die Abzocker und die Duckm\u00e4user\u00a0(13.3.2026) Faule Deutsche \u2013 auch dumm?\u00a0(31.1.2026) Faule Deutsche \u2013 fleissige Politiker\u00a0(21.1.2026) Benjamin Mudlack: 15 &hellip; <a href=\"https:\/\/www.freiburg-schwarzwald.de\/blog\/engagement\/resignation-der-mitte\/\">Weiterlesen <span class=\"meta-nav\">&rarr;<\/span><\/a><\/p>\n","protected":false},"author":2,"featured_media":0,"parent":148,"menu_order":0,"comment_status":"closed","ping_status":"closed","template":"","meta":{"footnotes":""},"class_list":["post-84531","page","type-page","status-publish","hentry"],"_links":{"self":[{"href":"https:\/\/www.freiburg-schwarzwald.de\/blog\/wp-json\/wp\/v2\/pages\/84531","targetHints":{"allow":["GET"]}}],"collection":[{"href":"https:\/\/www.freiburg-schwarzwald.de\/blog\/wp-json\/wp\/v2\/pages"}],"about":[{"href":"https:\/\/www.freiburg-schwarzwald.de\/blog\/wp-json\/wp\/v2\/types\/page"}],"author":[{"embeddable":true,"href":"https:\/\/www.freiburg-schwarzwald.de\/blog\/wp-json\/wp\/v2\/users\/2"}],"replies":[{"embeddable":true,"href":"https:\/\/www.freiburg-schwarzwald.de\/blog\/wp-json\/wp\/v2\/comments?post=84531"}],"version-history":[{"count":6,"href":"https:\/\/www.freiburg-schwarzwald.de\/blog\/wp-json\/wp\/v2\/pages\/84531\/revisions"}],"predecessor-version":[{"id":149843,"href":"https:\/\/www.freiburg-schwarzwald.de\/blog\/wp-json\/wp\/v2\/pages\/84531\/revisions\/149843"}],"up":[{"embeddable":true,"href":"https:\/\/www.freiburg-schwarzwald.de\/blog\/wp-json\/wp\/v2\/pages\/148"}],"wp:attachment":[{"href":"https:\/\/www.freiburg-schwarzwald.de\/blog\/wp-json\/wp\/v2\/media?parent=84531"}],"curies":[{"name":"wp","href":"https:\/\/api.w.org\/{rel}","templated":true}]}}