{"id":84470,"date":"2020-11-07T07:26:13","date_gmt":"2020-11-07T06:26:13","guid":{"rendered":"https:\/\/www.freiburg-schwarzwald.de\/blog\/?page_id=84470"},"modified":"2026-04-17T11:16:39","modified_gmt":"2026-04-17T09:16:39","slug":"islamismus","status":"publish","type":"page","link":"https:\/\/www.freiburg-schwarzwald.de\/blog\/religion\/islam\/islamismus\/","title":{"rendered":"Islamismus"},"content":{"rendered":"<p><a href=\"https:\/\/freiburg-schwarzwald.de\/blog\">Home<\/a>\u00a0&gt;<a title=\"Religion\" href=\"https:\/\/www.freiburg-schwarzwald.de\/blog\/religion\/\">Religion<\/a>\u00a0&gt;<a title=\"Islam\" href=\"https:\/\/www.freiburg-schwarzwald.de\/blog\/religion\/islam\/\">Islam<\/a> &gt;<a href=\"https:\/\/www.freiburg-schwarzwald.de\/blog\/religion\/islam\/islamisierung\/\">Islamisierung<\/a> &gt;Islamismus<\/p>\n<div id=\"attachment_51033\" style=\"width: 649px\" class=\"wp-caption alignnone\"><a href=\"https:\/\/www.freiburg-schwarzwald.de\/blog\/wp-content\/uploads\/2014\/10\/shiraz0gebirge-pan141012.jpg\"><img loading=\"lazy\" decoding=\"async\" aria-describedby=\"caption-attachment-51033\" class=\"size-full wp-image-51033\" src=\"https:\/\/www.freiburg-schwarzwald.de\/blog\/wp-content\/uploads\/2014\/10\/shiraz0gebirge-pan141012.jpg\" alt=\"\" width=\"639\" height=\"280\" srcset=\"https:\/\/www.freiburg-schwarzwald.de\/blog\/wp-content\/uploads\/2014\/10\/shiraz0gebirge-pan141012.jpg 639w, https:\/\/www.freiburg-schwarzwald.de\/blog\/wp-content\/uploads\/2014\/10\/shiraz0gebirge-pan141012-180x78.jpg 180w\" sizes=\"auto, (max-width: 639px) 100vw, 639px\" \/><\/a><p id=\"caption-attachment-51033\" class=\"wp-caption-text\">Shiraz im Iran &#8211; Blick nach Norden zum Gebirge am 11.10.2014<\/p><\/div>\n<p>&nbsp;<\/p>\n<ul>\n<li><em>Listenauswahl eines Beitrags (Artikel\/Datum, Seite\/Inhalt):\u00a0<span style=\"text-decoration: underline;\">Klicken<\/span>\u00a0oder scrollen<\/em><\/li>\n<li><a href=\"https:\/\/www.freiburg-schwarzwald.de\/blog\/global\/deutschland\/deutschland-islam\/\">Warum die Islamisierung eine extreme Gefahr f\u00fcr Deutschland ist<\/a>\u00a0(15.4.2026)<\/li>\n<li><a href=\"https:\/\/www.freiburg-schwarzwald.de\/blog\/vereine\/ngo\/ngo-komplex\/\">HateAid: Judenhass und Islamismus?<\/a>\u00a0(14.4.2026)<\/li>\n<li><a href=\"https:\/\/www.freiburg-schwarzwald.de\/blog\/islamisierung-und-christentum\/\">Islamisierung und Christentum<\/a>\u00a0(12.4.2026)<\/li>\n<li><a href=\"https:\/\/www.freiburg-schwarzwald.de\/blog\/global\/migration\/radikal\/\">Bei der Radikalisierung von Asylbewerbern zu islamistischen Attent\u00e4tern l\u00e4sst sich ein Muster erkennen<\/a>\u00a0(31.3.2026)<\/li>\n<li><a href=\"https:\/\/www.freiburg-schwarzwald.de\/blog\/religion\/islam\/islam-terror\/\">Islam Terrorproblem: 4208 Morde in 66 L\u00e4ndern in 2024<\/a> (15.3.2026)<\/li>\n<li><a href=\"https:\/\/www.freiburg-schwarzwald.de\/blog\/ramadan-fastenzeit-frieden\/\">Ramadan Fastenzeit \u2013 Frieden<\/a>\u00a0(20.2.2026)<\/li>\n<li><a href=\"https:\/\/www.freiburg-schwarzwald.de\/blog\/global\/kurdistan\/\">Haben die Kurden eine Chance gegen den Islamismus?<\/a>\u00a0(11.2.2026)<\/li>\n<li><a href=\"https:\/\/www.freiburg-schwarzwald.de\/blog\/kultur\/leitkultur\/\">Leitkultur gegen Islamismus<\/a>\u00a0(6.2.2026)<\/li>\n<li><a href=\"https:\/\/www.freiburg-schwarzwald.de\/blog\/free-iran-ein-deutsches-tabu\/\">\u201eFree Iran\u201c \u2013 ein deutsches Tabu<\/a>\u00a0(15.1.2026)<\/li>\n<li><a href=\"https:\/\/www.freiburg-schwarzwald.de\/blog\/global\/iran\/iran2026\/\">Iran: Nur Mullahs eines Regimes? Es sind Islamisten<\/a> (15.1.2026)<\/li>\n<li><a href=\"https:\/\/www.freiburg-schwarzwald.de\/blog\/iran-revolution-oerr-schweigt\/\">Iran-Revolution: \u00d6RR schweigt<\/a>\u00a0(9.1.2026)<\/li>\n<li><a href=\"https:\/\/www.freiburg-schwarzwald.de\/blog\/silvesternacht-2026-friedlich\/\">Entsteht auch in Europa eine islamische Untergrundarmee \u2013 5.Kolonne?<\/a>\u00a0(3.1.2026)<\/li>\n<li><a href=\"https:\/\/www.freiburg-schwarzwald.de\/blog\/global\/arabien\/\">Arabischer Islam: Nur der Starke wird respektiert<\/a> (1.1.2026)<\/li>\n<li><a href=\"https:\/\/www.freiburg-schwarzwald.de\/blog\/global\/eu\/europa\/europa-usa\/\">Vice President JD Vance warnt vor einem \u201eislamistisch ausgerichteten\u201c Westeuropa<\/a>\u00a0(30.12.2025)<\/li>\n<li><a href=\"https:\/\/www.freiburg-schwarzwald.de\/blog\/mobbing-vom-politischen-islam\/\">Mobbing vom politischen Islam<\/a>\u00a0(28.12.2025)<\/li>\n<li><a href=\"https:\/\/www.freiburg-schwarzwald.de\/blog\/australien-chanukka-is-terror\/\">Australien Chanukka: IS-Terror<\/a>\u00a0(14.12.2025)<\/li>\n<li><a href=\"https:\/\/www.freiburg-schwarzwald.de\/blog\/engagement\/zukunft\/demokratie\/westen\/westen-suizid\/\">Samuel Huntingtons \u201eKampf der Kulturen\u201c : Ukrainekrieg, Gaza, Islamisierung<\/a> (20.10.2025)<\/li>\n<li><a href=\"https:\/\/www.freiburg-schwarzwald.de\/blog\/religion\/christen\/christlich-islamischer-dialog\/\">Frankfurter Forschungszentrum Globaler Islam FFGI von Susanne Schr\u00f6ter ist Geschichte<\/a>\u00a0(30.8.2025)<\/li>\n<li><a href=\"https:\/\/www.freiburg-schwarzwald.de\/blog\/kirchen-vandalismus\/\">Kirchen-Vandalismus<\/a>\u00a0(24.8.2025)<\/li>\n<li><a href=\"https:\/\/www.freiburg-schwarzwald.de\/blog\/global\/deutschland\/deutschland-juden\/\">Bei Pal\u00e4stinenser-Demo in Mannheim: Juden angegriffen und beschimpft<\/a>\u00a0(29.7.2025)<\/li>\n<li><a href=\"https:\/\/www.freiburg-schwarzwald.de\/blog\/religion\/religionskrieg\/\">9 Jahre nach seinem M\u00e4rtyrertod: Es wirkt fast so, als habe Abb\u00e9 Hamel niemals gelebt<\/a>\u00a0(26.7.2025)<\/li>\n<li><a href=\"https:\/\/www.freiburg-schwarzwald.de\/blog\/global\/france\/frankreich-islam\/\">Macron unterwirft sich der islamistischen Stra\u00dfe \u2013 Pal\u00e4stina<\/a>\u00a0(27.7.2025)<\/li>\n<li><a href=\"https:\/\/www.freiburg-schwarzwald.de\/blog\/global\/syrien\/\">Syrien: Islamisten l\u00f6sen 2024 Baath-Partei ab \u2013 zum Nachteil f\u00fcr die Christen<\/a> (6.7.2024)<\/li>\n<li><a href=\"https:\/\/www.freiburg-schwarzwald.de\/blog\/engagement\/zukunft\/demokratie\/islamogauchisme\/\">Alexander Wendt: Raubsozialismus mit Prophetengr\u00fcn<\/a>\u00a0(30.6.2025)<\/li>\n<li><a href=\"https:\/\/www.freiburg-schwarzwald.de\/blog\/engagement\/zukunft\/demokratie\/freiheit\/abweichende-meinung\/verbot\/\">Islamisierung: Vortrag in Dresden verboten \u2013 wegen Protestfurcht<\/a>\u00a0(30.6.2025)<\/li>\n<li><a href=\"https:\/\/www.freiburg-schwarzwald.de\/blog\/global\/migration\/radikal\/\">Studie Uni M\u00fcnster \u2013 Khorchide: 20 % der Muslime neigen zu Radikalit\u00e4t<\/a>\u00a0(2.6.2025)<\/li>\n<li><a href=\"https:\/\/www.freiburg-schwarzwald.de\/blog\/engagement\/zukunft\/demokratie\/islamogauchisme\/\">Linke &amp; Islamisten. Die untersch\u00e4tzte Allianz gegen das freie Deutschland<\/a>\u00a0(26.5.2025)<\/li>\n<li>Nur eine anti-islamistische Regierung kann unser Land retten! (24.4.2025)<\/li>\n<li><a href=\"https:\/\/www.freiburg-schwarzwald.de\/blog\/engagement\/zukunft\/demokratie\/unseredemokratie\/\">Tiefe Verachtung islamischer Milieus f\u00fcr \u201eunsere Demokratie\u201c<\/a> (18.4.2025)<\/li>\n<li><a href=\"https:\/\/www.freiburg-schwarzwald.de\/blog\/messerstich-an-holocaust-stele\/\">Messerstich an Holocaust-Stele<\/a>\u00a0(22.2.2025)<\/li>\n<li><a href=\"https:\/\/www.freiburg-schwarzwald.de\/blog\/global\/israel\/israel7-10-2023\/\">Die Welt sieht weg: Der Mord an der Familie Bibas und das Schweigen des Westens<\/a>\u00a0(20.2.2025)<\/li>\n<li><a href=\"https:\/\/www.freiburg-schwarzwald.de\/blog\/magdeburg-terror-vergessen\/\">Magdeburg Terror \u2013 Vergessen<\/a>\u00a0(13.1.2025)<\/li>\n<li><a href=\"https:\/\/www.freiburg-schwarzwald.de\/blog\/trauer-integration-magdeburg\/\">Trauer Integration: Magdeburg<\/a>\u00a0(29.12.2024)<\/li>\n<li><a href=\"https:\/\/www.freiburg-schwarzwald.de\/blog\/religion\/islam\/islam-politik\/\">Pax Europa: Aufkl\u00e4rung \u00fcber den Politischen Islam und die Hamburger Justiz<\/a> (11.12.2024)<\/li>\n<li><a href=\"https:\/\/www.freiburg-schwarzwald.de\/blog\/global\/niederlande\/amsterdam\/\">Amsterdam: Der Selbstbetrug junger Muslime<\/a> (14.11.2024)<\/li>\n<li><a href=\"https:\/\/www.freiburg-schwarzwald.de\/blog\/selbsthilfe\/soziales\/justiz\/polizei\/polizeibeamte\/\">Islamisten sind die gr\u00f6\u00dfte Bedrohung f\u00fcr unsere Bundesrepublik Deutschland<\/a> (16.10.2024)<\/li>\n<li><a href=\"https:\/\/www.freiburg-schwarzwald.de\/blog\/religion\/islam\/islam-politik\/\">Die gr\u00f6\u00dfte Gefahr: Islamismus bzw. politischer Islam<\/a> (6.9.2024)<\/li>\n<li><a href=\"https:\/\/www.freiburg-schwarzwald.de\/blog\/politische-vernunft-in-d\/\">Politische Vernunft in D<\/a>\u00a0(29.8.2024)<\/li>\n<li><a href=\"https:\/\/www.freiburg-schwarzwald.de\/blog\/religion\/islam\/islam-politik\/\">Was haben Solingen, der S\u00fcdlibanon, Gaza und Teheran gemeinsam?<\/a> (27.8.2024)<\/li>\n<li><a href=\"https:\/\/www.freiburg-schwarzwald.de\/blog\/wolfsgruss-oder-schweigefuchs\/\">Wolfsgru\u00df oder Schweigefuchs<\/a>\u00a0(7.7.2024)<\/li>\n<li><a href=\"https:\/\/www.freiburg-schwarzwald.de\/blog\/jung-maennlich-nicht-deutsch\/\">Jung, m\u00e4nnlich, nicht-deutsch<\/a>\u00a0(25.6.2024)<\/li>\n<li><a href=\"https:\/\/www.freiburg-schwarzwald.de\/blog\/global\/migration\/mannheim-messermord31mai2024\/\">Mannheim: Sturm einer Intensivstation durch Messer-T\u00e4ter wurde zur\u00fcckgehalten<\/a> (20.6.2024)<\/li>\n<li><a href=\"https:\/\/www.freiburg-schwarzwald.de\/blog\/religion\/islam\/knife-jihad\/\">In Frankfurt auf der Fu\u00dfball-Meile: Afghane sticht Frau nieder. Einfach so<\/a>\u00a0(11.6.2024)<\/li>\n<li><a href=\"https:\/\/www.freiburg-schwarzwald.de\/blog\/selbsthilfe\/soziales\/justiz\/polizei\/polizeibeamte\/\">Mannheim Messerangriff Video \u2013 katastrophaler Polizeieinsatz analysiert<\/a>\u00a0(5.6.2024)<\/li>\n<li><a href=\"https:\/\/www.freiburg-schwarzwald.de\/blog\/global\/deutschland\/merkel-deutschland\/\">Polizistenmord in Mannheim: Frau Merkel hat mitgestochen<\/a>\u00a0(4.6.2024)<\/li>\n<li><a href=\"https:\/\/www.freiburg-schwarzwald.de\/blog\/religion\/islam\/islamkritik\/\">Der Staat kriminalisiert Islamkritik, statt sie zu sch\u00fctzen<\/a>\u00a0(4.6.2024)<\/li>\n<li><a href=\"https:\/\/www.freiburg-schwarzwald.de\/blog\/polizistenmord-durch-islamist\/\">Polizistenmord durch Islamist<\/a>\u00a0(3.6.2024)<\/li>\n<li><a href=\"https:\/\/www.freiburg-schwarzwald.de\/blog\/bildung\/schulen\/schulen-islam\/\">Lernen neben Extremisten<\/a>\u00a0(19.4.2024)<\/li>\n<li>Julian Reichelt zur Anzeige von Antonio R\u00fcdiger wegen Islamisten-Gru\u00df (25.3.2024)<\/li>\n<li><a href=\"https:\/\/www.freiburg-schwarzwald.de\/blog\/jsud-und-rcds-gegen-extremismus\/\">JSUD und RCDS gegen Extremismus<\/a>\u00a0(10.2.2024)<\/li>\n<li><a href=\"https:\/\/www.freiburg-schwarzwald.de\/blog\/bildung\/schulen\/schulen-gewalt\/\">Viele Schulen \u201eim Grunde ein rechtsfreier Raum\u201c<\/a>\u00a0(8.12.2023)<\/li>\n<li>Navid Wali: Die Influencer des Kalifats agieren ungest\u00f6rt (14.11.2023)<\/li>\n<li><a href=\"https:\/\/www.freiburg-schwarzwald.de\/blog\/engagement\/zukunft\/demokratie\/extremismus\/\">Kampf gegen Rechts: Regierung will B\u00fcrger zu Mitl\u00e4ufern machen<\/a>\u00a0(27,2,2023)<\/li>\n<li><a href=\"https:\/\/www.freiburg-schwarzwald.de\/blog\/religion\/\">\u201eReligi\u00f6se Ideologie\u201c statt Islam<\/a> (23.2.2023)<\/li>\n<li><a href=\"https:\/\/www.freiburg-schwarzwald.de\/blog\/abdel-samad-islam-und-europa\/\">Abdel-Samad: Islam und Europa<\/a>\u00a0(22.1.2023)<\/li>\n<li><a href=\"https:\/\/www.freiburg-schwarzwald.de\/blog\/kultur\/dichter\/houellebecq\/\">Houellebecq Onfray: Diskussion<\/a>\u00a0(17.1.2023)<\/li>\n<li><a href=\"https:\/\/www.freiburg-schwarzwald.de\/blog\/religion\/islam\/islam-terror\/\">Ayaan Hirsi Ali warnt vor Wokeismus und Islamismus<\/a>\u00a0(18.11.2022)<\/li>\n<li><a href=\"https:\/\/www.freiburg-schwarzwald.de\/blog\/regio\/heimat\/fremdheit\/\">Muslime in Br\u00fcssel: Hauptstadt von Europa oder Eurabia?<\/a>\u00a0(17.9.2022)<\/li>\n<li><a href=\"https:\/\/www.freiburg-schwarzwald.de\/blog\/religion\/islam\/islam-politik\/\">Achtung, Reichelt!: \u201eExpertenkreis Politischer Islamismus\u201c aufgel\u00f6st<\/a>\u00a0(17.9.2022)<\/li>\n<li>Was ist der Grund, mit der Fokussierung auf die \u201eRechten\u201c von der islamistischen Gefahr abzulenken? (19.7.2022)<\/li>\n<li><a href=\"https:\/\/www.freiburg-schwarzwald.de\/blog\/religion\/islam\/islam-terror\/\">Terror in D 2020-7\/2022: 757 Islam, 26 Rechts und 17 Links<\/a>\u00a0(16.7.2022)<\/li>\n<li><a href=\"https:\/\/www.freiburg-schwarzwald.de\/blog\/islamist-als-verfassungsschueler\/\">Islamist als Verfassungssch\u00fcler<\/a>\u00a0(18.6.2022)<\/li>\n<li>Deutsche Welle: Mit Islamisten kooperiert (18.2.2022)<\/li>\n<li><a href=\"https:\/\/www.freiburg-schwarzwald.de\/blog\/kopftuch\/\">ARD-Jugendsender Funk auf Kuschelkurs mit Salafisten<\/a>\u00a0(29.1.2022)<\/li>\n<li><a href=\"https:\/\/www.freiburg-schwarzwald.de\/blog\/engagement\/zukunft\/demokratie\/toleranz\/\">Taleb: Die intolerante Minderheit gewinnt<\/a>\u00a0(27.12.2021)<\/li>\n<li><a href=\"https:\/\/www.freiburg-schwarzwald.de\/blog\/terror-psychische-erkrankung\/\">Terror oder psychische Erkrankung?<\/a>\u00a0(2.11.2021)<\/li>\n<li><a href=\"https:\/\/www.freiburg-schwarzwald.de\/blog\/religion\/islam\/terror\/\">Islam-Terror hat nichts mit dem Islam zu tun<\/a>\u00a0(19.10.2021)<\/li>\n<li><a href=\"https:\/\/www.freiburg-schwarzwald.de\/blog\/9-11-20-jahre-weiterhin-terror\/\">9\/11 \u2013 20 Jahre weiterhin Terror<\/a>\u00a0(11.9.2021)<\/li>\n<li><a href=\"https:\/\/www.freiburg-schwarzwald.de\/blog\/religion\/islam\/terror\/\">Wie islamisch ist der Terrorismus?<\/a>\u00a0(6.8.2021)<\/li>\n<li><a href=\"https:\/\/www.freiburg-schwarzwald.de\/blog\/zweierlei-opfer-hanau-wuerzburg\/\">Zweierlei Opfer: Hanau W\u00fcrzburg<\/a>\u00a0(14.7.2021)<\/li>\n<li><a href=\"https:\/\/www.freiburg-schwarzwald.de\/blog\/global\/afghanistan\/\">Deutsche Kosten des Krieges in Afghanistan: 12 oder 47 Mrd Euro?<\/a>\u00a0(14.7.2021)<\/li>\n<li><a href=\"https:\/\/www.freiburg-schwarzwald.de\/blog\/kultur\/kulturkampf\/\">Frank Furedi: \u201eDer Kulturkampf ist real\u201c<\/a>\u00a0(1.6.2021)<\/li>\n<li><a href=\"https:\/\/www.freiburg-schwarzwald.de\/blog\/france-la-guerre-civile-menace\/\">France: La guerre civile menace -Der B\u00fcrgerkrieg droht<\/a>\u00a0(29.4.2021)<\/li>\n<li><a href=\"https:\/\/www.freiburg-schwarzwald.de\/blog\/religion\/islam\/verschleierung\/\">Burka-Verbot in der Schweiz: Ein Zeichen gegen den Islam<\/a>\u00a0(19.3.2021)<\/li>\n<li><a href=\"https:\/\/www.freiburg-schwarzwald.de\/blog\/kinderkopftuch-kita-und-schule\/\">Kinderkopftuch: Kita und Schule<\/a>\u00a0(19.3.2021)<\/li>\n<li><a href=\"https:\/\/www.freiburg-schwarzwald.de\/blog\/selbsthilfe\/krise\/gewalt\/linke-gewalt\/\">Die Mehrzahl der Brandstifter von 2018\/2019 ist links oder islamistisch<\/a> (18.2.2021)<\/li>\n<li><a href=\"https:\/\/www.freiburg-schwarzwald.de\/blog\/religion\/islam\/islamophobie\/\">Ethnologin Susanne Schr\u00f6ter: Islamophobie-Vorwurf von Deutsch-Links wie von Erdogan<\/a> (18.12.2020)<\/li>\n<li>Hamburger Sch\u00fcler verteidigen Terror von Paris (7.12.2020)<\/li>\n<li><a href=\"https:\/\/www.freiburg-schwarzwald.de\/blog\/religion\/islam\/terror\/\">Terrorismus im Namen des Islam 2016 \u2013 2020<\/a>\u00a0 (4.12.2020)<\/li>\n<li><a href=\"https:\/\/www.freiburg-schwarzwald.de\/blog\/religion\/islam\/islam-politik\/\">Politischer Islam: B\u00fcrgerbewegung PaxEuropa (BPE) informiert<\/a>\u00a0(4.12.2020)<\/li>\n<li><a href=\"https:\/\/www.freiburg-schwarzwald.de\/blog\/religion\/islam\/terror\/\">Der extremistische Islam ist die gef\u00e4hrlichste Ideologie in Europa<\/a> (27.11.2020)<\/li>\n<li>Islam-motivierte Terroristen finden Unterschlupf in Gegengesellschaften (25.11.2020)<\/li>\n<li><a href=\"https:\/\/www.freiburg-schwarzwald.de\/blog\/religion\/islam\/saekularer-islam\/\">Tilman Nagel: Einen Euro-Islam wird es nie geben<\/a>\u00a0(20.11.2020)<\/li>\n<li><a href=\"https:\/\/www.freiburg-schwarzwald.de\/blog\/bild-zu-paris-und-bild-zu-wien\/\">Bild zu Paris (bekannt) und Bild zu Wien (unbekannt)<\/a>\u00a0(13.11.2020)<\/li>\n<li>Irfan Peci &#8211; Der Warner vor dem\u00a0 Islamismus (13.11.2020)<\/li>\n<li><a href=\"https:\/\/www.freiburg-schwarzwald.de\/blog\/selbstmord-kulturell-politisch\/\">Selbstmord: kulturell wie politisch<\/a>\u00a0(11.11.2020)<\/li>\n<li>Die Gefahr des politisierten Islams wird untersch\u00e4tzt (10.11.20209<\/li>\n<li><a href=\"https:\/\/www.freiburg-schwarzwald.de\/blog\/religion\/islam\/islamkonferenz\/\">Hamed Abdel-Samad tritt aus der deutschen Islamkonferenz aus<\/a>\u00a0(10.11.2020)<\/li>\n<li><a href=\"https:\/\/www.freiburg-schwarzwald.de\/blog\/global\/integration\/werte\/\">F\u00fcr Werte einsetzen: Mohammed-Karikaturen in der BZ ver\u00f6ffentlichen<\/a>\u00a0(8.11.2020)<\/li>\n<li><a href=\"https:\/\/www.freiburg-schwarzwald.de\/blog\/politikerinnen-nachwuchs\/\">PolitikerInnen-Nachwuchs<\/a>\u00a0(8.11.2020)<\/li>\n<li>Al-Aqsa-Moschee: Terrorisierung von Feinden des Islam ist erlaubt (4.11.2020)<\/li>\n<li>Islamistische Terroranschl\u00e4ge seit 2015 &#8211; \u00dcbersicht (30.10.2020)<\/li>\n<li><\/li>\n<li><a href=\"https:\/\/www.freiburg-schwarzwald.de\/blog\/global\/afghanistan\/\">Afghanistan<\/a><\/li>\n<li><a href=\"https:\/\/www.freiburg-schwarzwald.de\/blog\/global\/arabien\/\">Arabien<\/a><\/li>\n<li><a href=\"https:\/\/www.freiburg-schwarzwald.de\/blog\/global\/france\/frankreich-islam\/\">Frankreich-Islam<\/a><\/li>\n<li><a href=\"https:\/\/www.freiburg-schwarzwald.de\/blog\/religion\/islam\/islamisierung\/\">Islamisierung<\/a><\/li>\n<li><a href=\"https:\/\/www.freiburg-schwarzwald.de\/blog\/engagement\/zukunft\/demokratie\/islamogauchisme\/\">IslamoGauchisme<\/a><\/li>\n<li><a href=\"https:\/\/www.freiburg-schwarzwald.de\/blog\/religion\/islam\/islam-terror\/\">Islam-Terror<\/a><\/li>\n<li><a href=\"https:\/\/www.freiburg-schwarzwald.de\/blog\/religion\/islam\/knife-jihad\/\">Knife-Jihad<\/a><\/li>\n<li><a href=\"https:\/\/www.freiburg-schwarzwald.de\/blog\/kultur\/kulturkampf\/\">Kulturkampf<\/a><\/li>\n<li><a href=\"https:\/\/www.freiburg-schwarzwald.de\/blog\/global\/migration\/mannheim-messermord31mai2024\/\">Mannheim-Messermord31Mai2024<\/a><\/li>\n<li><a href=\"https:\/\/www.freiburg-schwarzwald.de\/blog\/religion\/islam\/patriarchat\/\">Patriarchat<\/a><\/li>\n<li><a href=\"https:\/\/www.freiburg-schwarzwald.de\/blog\/global\/migration\/radikal\/\">radikal<\/a><\/li>\n<li><a href=\"https:\/\/www.freiburg-schwarzwald.de\/blog\/bildung\/schulen\/schulen-gewalt\/\">Schulen-Gewalt<\/a><\/li>\n<li><a href=\"https:\/\/www.freiburg-schwarzwald.de\/blog\/bildung\/schulen\/schulen-islam\/\">Schulen-Islam<\/a><\/li>\n<li><a href=\"https:\/\/www.freiburg-schwarzwald.de\/blog\/engagement\/zukunft\/demokratie\/freiheit\/abweichende-meinung\/verbot\/\">Verbot<\/a><\/li>\n<\/ul>\n<p><strong>Islamismus &#8211; Islamisten = Politischer Islam &#8211; Fundamentaler Islam<\/strong><\/p>\n<p><strong>Migration: Integration bleibt das Ziel<\/strong><br \/>\nKeine Toleranz dem islam-motivierten Extremismus (Islamismus, politischer Islam).<br \/>\nDamit die Mehrheit der Migranten hier weiter friedlich leben kann.<br \/>\n.<br \/>\n<strong>Auf Migranten h\u00f6ren<\/strong><br \/>\nWir m\u00fcssen auf die gut integrierten Migranten h\u00f6ren, die zwar gro\u00dfenteils schweigen, aber dennoch zweierlei fordern:<br \/>\n1. Migranten zwingen, Bildungsangebote anzunehmen. Wissen ist ihre Holschuld.<br \/>\n2. Den politischen Fundamental-Islam an der Ausbreitung hindern.<br \/>\n.<br \/>\n<strong>Islamistischer Terror: T\u00e4ter benennen<\/strong><br \/>\nDie \u00fcberwiegende Zahl der hier in Deutschland lebenden Muslime gehen einem Grundgesetz-konformen Islam nach und verabscheuen den islamistischen Terror. Auch sie lehnen ein Vertuschen des islamistischen Terrors ab, wie er von Medien und Politik durch Nichtbenennen der T\u00e4terschaft praktiziert wird (siehe <a href=\"https:\/\/www.freiburg-schwarzwald.de\/blog\/religion\/islam\/islam-terror\/sydney-chanukka2025dez14\/\">Chanukka-Massaker in Sydney<\/a>). Die deutsche Informationspolitik sollte sich ein Beispiel an der australischen nehmen. Den Terror kann man nur bek\u00e4mpfen, in dem man seine Ursachen konkret und Fall f\u00fcr Fall klar benennt.<br \/>\n========================================================<br \/>\n.<\/p>\n<p><strong>Nur eine anti-islamistische Regierung kann unser Land retten!<\/strong><br \/>\nAn keinem Ort der Welt \u2013 abgesehen von Israel \u2013 sollten Juden sicherer leben k\u00f6nnen als in Deutschland. Denn genau das ist es, was das heilige Versprechen der Bundesrepublik \u201cNie wieder\u201d bedeutet. Nie wieder sollten Juden in Deutschland um ihr Leben f\u00fcrchten m\u00fcssen, weil sie Juden sind. Tats\u00e4chlich aber leben Juden in kaum einem Land der westlichen Welt unsicherer als in Deutschland.<br \/>\nIn dieser Folge geht es um den wachsendem <a href=\"https:\/\/www.freiburg-schwarzwald.de\/blog\/religion\/juden\/judenhass2021\/\">Judenhass<\/a> in Deutschland, insbesondere in Berlin. Juden werden massiv bedroht \u2013 auf der Stra\u00dfe, an Universit\u00e4ten und selbst auf Festivals. Das Zentrum antisemitischer Gewalt: Die Humboldt-Universit\u00e4t Berlin<br \/>\n&#8230; Alles vom 24.4.2025 von Achtung Reichelt! bitte lesen auf<br \/>\n<a href=\"https:\/\/www.youtube.com\/watch?v=Bv-0Pzbtg24\">https:\/\/www.youtube.com\/watch?v=Bv-0Pzbtg24<\/a><br \/>\n<a href=\"https:\/\/www.youtube.com\/@AchtungReichelt\">https:\/\/www.youtube.com\/@AchtungReichelt<\/a><\/p>\n<p>&nbsp;<\/p>\n<p><strong>Julian Reichelt zur Anzeige von Antonio R\u00fcdiger wegen Islamisten-Gru\u00df<\/strong><br \/>\nSoeben habe ich aus den Medien erfahren, dass <a href=\"https:\/\/www.freiburg-schwarzwald.de\/blog\/sport\/sportlern\/fussball\/\">Antonio R\u00fcdiger<\/a> und der DFB mich angezeigt haben, weil ich hier darauf aufmerksam gemacht habe, dass R\u00fcdiger auf einem Instagram-Post den Gru\u00df der Islamisten zeigt.<br \/>\nDiese Geste ist in den letzten zwei Jahrzehnten von Terroristen vollst\u00e4ndig vereinnahmt worden. Er ist unstrittig zum Gru\u00df von ISIS und islamistischen M\u00f6rdern in aller Welt geworden, von Menschen, die auch in Berlin gemordet haben und Unheil und unermessliches Leid \u00fcber die Welt bringen. Wer als erwachsener Mensch diesen Gru\u00df zeigt und in der Vergangenheit mindestens einmal Posts von Islamisten geliked hat, wei\u00df das sehr genau.<\/p>\n<p>Der deutsche Verfassungsschutz und seine Landes\u00e4mter werten den erhobenen Finger als Zeichen islamistischer Radikalisierung. Die Innenministerin nennt die Geste &#8222;inakzeptabel&#8220;. Wer \u00f6ffentlich so posiert, zeigt ganz bewusst den Gru\u00df von Fanatikern und nicht eine unschuldige, spirituelle Geste. Es ist eine Normalisierung einer schrecklichen Ideologie, die in diesem Land schon viel zu viel Raum erobert hat. Auch und gerade weil es um einen beliebten Nationalspieler geht, darf man sich nicht einsch\u00fcchtern lassen. Man muss darauf hinweisen, dass diese politische Ideologie gegen alles steht, was unsere Werte sind.<br \/>\nWas Antonio R\u00fcdiger und der DFB hier anwenden, sind Einsch\u00fcchterungsmethoden. Niemand soll es mehr wagen, Kritik daran zu \u00e4u\u00dfern, wenn der Islamismus und seine Symbole voran marschieren. Man darf sich dem niemals unterwerfen. Der erhobene Zeigefinger des Islamismus, mit dem Terroristen auf der ganzen Welt ihre Morde feiern, geh\u00f6rt nicht zu Deutschland. Ich werde mir niemals verbieten lassen, das zu sagen.<br \/>\n25.3.2024, <a href=\"https:\/\/twitter.com\/jreichelt\/status\/1772378629575524607?s=48&amp;t=kl5z6yOGdUPDSoFmB3kf6g\">https:\/\/twitter.com\/jreichelt\/status\/1772378629575524607?s=48&amp;t=kl5z6yOGdUPDSoFmB3kf6g<\/a><\/p>\n<p>&nbsp;<\/p>\n<p><strong>Navid Wali: Die Influencer des Kalifats agieren ungest\u00f6rt<\/strong><br \/>\nDer P\u00e4dagoge Navid Wali k\u00e4mpft gegen den Missbrauch des Glaubens durch islamistische Extremisten. Die gerade sehr aktive Kalifatbewegung h\u00e4lt er f\u00fcr besonders gef\u00e4hrlich.<br \/>\nSeit dem Terror\u00fcberfall der Hamas auf Israel mit mehr als 1200 Toten und der milit\u00e4rischen Offensive Israels gegen die islamistischen Terroristen, die inzwischen Tausende Tote gefordert hat, beobachtet der P\u00e4dagoge und Extremismus-Experte Navid Wali eine stark zunehmende Aktivit\u00e4t der extremistischen Kalifatbewegung \u2013 nicht nur in Essen und Berlin, sondern auch in Frankfurt. Der Deutsche mit afghanischen Wurzeln setzt sich seit Jahren mit islamistischem Extremismus auseinander, ber\u00e4t Gemeinden und h\u00e4lt deutschlandweit Vortr\u00e4ge, wenn es darum geht, \u00fcber islamistischen Extremismus aufzukl\u00e4ren.<br \/>\nEin Vorfall an der Frankfurter Hauptwache zeigt nach Ansicht des gl\u00e4ubigen Muslims, der auch Religionswissenschaften studiert hat und f\u00fcr eine Beratungsstelle gegen religi\u00f6sen Extremismus arbeitet, wie schnell diese Gruppen \u2013 in diesem Fall \u201eRealit\u00e4t Islam\u201c \u2013 auf aktuelle Ereignisse reagieren. Erschreckend sei dabei auch, wie wenig sie sich von deutschen Beh\u00f6rden und im konkreten Fall Polizisten davon abhalten lassen, ihre Propaganda zu verbreiten, sagt Wali im Gespr\u00e4ch mit der F.A.Z..<br \/>\n&#8230; Alles vom 14.11.2023 bitte lesen auf<br \/>\n<a href=\"https:\/\/www.faz.net\/aktuell\/rhein-main\/islamismus-wie-influencer-des-kalifats-in-frankfurt-hetzen-19311773.html\">https:\/\/www.faz.net\/aktuell\/rhein-main\/islamismus-wie-influencer-des-kalifats-in-frankfurt-hetzen-19311773.html<\/a><br \/>\n<em>\u00a0<\/em><br \/>\n<em>Navid Wali (Muslim): &#8222;Den Islam nicht den Extremisten \u00fcberlassen&#8220; <\/em><br \/>\n<em>&#8222;Ich will meinen Islam erhalten&#8220;<\/em><\/p>\n<p>&nbsp;<\/p>\n<p><strong>Was ist der Grund, mit der Fokussierung auf die \u201eRechten\u201c von der islamistischen Gefahr abzulenken?<\/strong><br \/>\nDar\u00fcber kann nur spekuliert werden. Einerseits kann die gro\u00dfe Sympathie der Regierenden f\u00fcr den Islam genannt werden. Andererseits, je schneller der Islam die Macht in unserem Land \u00fcbernimmt, desto eher m\u00fcssten die Ministerinnen und ihre Geschlechtsgenossinnen ihre mehr oder weniger h\u00fcbschen Frisuren unter Kopft\u00fcchern verbergen. Und Frauen in politischen und wirtschaftlichen Positionen sind in islamischen Staaten generell sehr d\u00fcnn ges\u00e4t. Ebenso in den Parlamenten, so es diese \u00fcberhaupt gibt. Warum also?<br \/>\nEs k\u00f6nnte die schlichte Angst sein, sich mit dem Islam anzulegen. Einheimische Hauseigent\u00fcmer in den St\u00e4dten weichen dem Druck von Zuwandererfamilien, r\u00e4umen das Feld und \u00fcberlassen den Clans ganze Stra\u00dfenz\u00fcge \u2013 und \u00fcberleben somit. So k\u00f6nnte auch die Denkweise in der Politik sein: Nachgeben ist besser als ins Gras zu bei\u00dfen. Bei den Eroberungsz\u00fcgen der Horden Muhammads und seiner Nachfolger retteten viele besiegte Juden und Christen ihre Haut, indem sie zum Islam konvertierten oder sich als tributpflichtige Dhimmi der neuen Herrschaft unterwarfen. Gegen Zahlung der Dschizya \u2013 \u00e4hnlich den \u201eSchutzgeldern\u201c an die Mafia \u2013 durften die \u201eUngl\u00e4ubigen\u201c nicht mehr abgeschlachtet werden und waren dem Kalifat weiterhin so n\u00fctzlich wie Milchk\u00fche.<br \/>\nIst es die mangelnde Bereitschaft, sich mit dem politischen Islam auseinanderzusetzen? Oder ist es die Geistesverwandtschaft von Links-Gr\u00fcnen und Muslimen in der Israelfrage, die sich mit dem Verteidigungsrecht des Judenstaates gegen das islamische Umfeld schwertun? Denn muslimische Judenfeindlichkeit und rot-gr\u00fcne Israelfeindlichkeit geben sich traditionell die Hand. Die Anbiederung an den k\u00fcnftigen islamischen deutschen Staat wird den Ignoranten der gro\u00dfen Politik aber nicht viel n\u00fctzen: Schon die H\u00e4lfte der Bundesregierung schwor nicht mehr auf den helfenden Gott und wandte sich von den Kirchen ab.<\/p>\n<p>Deren Pech, denn g\u00e4nzlich \u201eUngl\u00e4ubige\u201c sind aus islamischer Sicht noch weniger wert als \u201eBuchgl\u00e4ubige\u201c. Ich w\u00fcrde f\u00fcr diese Sorte Ungl\u00e4ubige nicht garantieren, dass sie aus Dankbarkeit ungeschoren davonkommen. Aber wenn es soweit ist, k\u00f6nnen sie sich ins Ausland absetzten und sich die \u00dcbergangsgelder \u00fcberweisen lassen. Theoretisch, wenn sie auf die Dankbarkeit derer hoffen, die ihre Machtergreifung nicht verhindert haben. Aber das Postulat der Dankbarkeit gibt es im koranischen Islam nur gegen\u00fcber Allah, nicht gegen\u00fcber Menschen.<br \/>\n&#8230; Alles vom 19.7.2022 bitte lesen auf<br \/>\n<a href=\"https:\/\/die-andere-sicht.de\/2022\/07\/19\/kuenstles-sicht-nancy-faeser-lenkt-von-den-realen-gefahren-ab\/\">https:\/\/die-andere-sicht.de\/2022\/07\/19\/kuenstles-sicht-nancy-faeser-lenkt-von-den-realen-gefahren-ab\/<\/a><\/p>\n<p>&nbsp;<\/p>\n<p><strong>Deutsche Welle: Mit Islamisten kooperiert<\/strong><br \/>\n<strong>Die Antisemitismus-Untersuchung bei der Deutschen Welle r\u00e4t zu einem Neuanfang<\/strong><br \/>\nRonald Berthold<\/p>\n<p>Wer einen als Antisemiten bekannten Osama-bin-Laden-Fan als Dauergast im Fernsehen erleben wollte, der mu\u00dfte im arabischen Raum die <a href=\"https:\/\/www.freiburg-schwarzwald.de\/blog\/kultur\/medien\/gez-medien\/\">Deutsche Welle (DW)<\/a> einschalten. 70mal in f\u00fcnf Jahren durfte der Anh\u00e4nger der Terrororganisationen Hamas und Hisbollah, Abdel Bari Atwan, seine Ansichten \u00fcber den \u00c4ther der Redaktion verbreiten. Das ist nur eine der neuesten Erkenntnisse zum Islamismus-Skandal bei Deutschlands Staatssender. Sein Nahost-Programm erreicht ein Millionen-Publikum. Eine externe Untersuchung \u00fcber antisemitische Tendenzen verdeutlicht, da\u00df das Ausma\u00df des Skandals deutlich gr\u00f6\u00dfer ist als bisher angenommen. Nach einem Bericht der S\u00fcddeutschen Zeitung \u00fcber die Zust\u00e4nde in der Middle-East-Redaktion vom Herbst war es zun\u00e4chst um f\u00fcnf gravierende F\u00e4lle gegangen. Jetzt steht fest: Elf weitere Mitarbeiter der Deutschen Welle sind in den Fall verstrickt.<\/p>\n<p>Im Auftrag des Senders, der sich zu 100 Prozent im Besitz der Bundesrepublik befindet, hatten die Islamismus-Experten Ahmad und Beatrice Mansour sowie die fr\u00fchere Bundesjustizministerin Sabine Leutheusser-Schnarrenberger (FDP) die Au\u00dfenstelle unter die Lupe genommen. Mit 32 der rund 200 Mitarbeiter f\u00fchrten sie Gespr\u00e4che. Dazu pr\u00fcften sie neben der Berichterstattung auch Kan\u00e4le in den Sozialen Medien.<\/p>\n<p>Zwar verneinen die Kontrolleure \u2013 wohl im Sinne ihres Auftraggebers \u2013 einen \u201estrukturellen Antisemitismus\u201c. Ihre Ergebnisse erh\u00e4rten aber genau diesen Verdacht. Denn alle \u201eEinzelf\u00e4lle\u201c ergeben in der Summe eine enorme Dimension. Ahmad Mansour spricht zudem von einer Atmosph\u00e4re des Mi\u00dftrauens; die Redaktion sei \u201ezutiefst gespalten\u201c. Er r\u00e4t zu einem \u201eNeuanfang\u201c. Die drei nennen nicht nur den Journalisten Abdel Bari Atwan, der auch noch eine N\u00e4he zum Mullah-Regime im Iran pflegen soll, sondern ausdr\u00fccklich den Moderator Yosri Fouda. Ins Rollen war die Aff\u00e4re gekommen, als bekannt wurde, da\u00df ein DW-Reporter verk\u00fcndete, Juden wollten \u201edie Gehirne der Menschen durch Kunst, Medien und Musik\u201c kontrollieren. \u00c4hnliche \u00c4u\u00dferungen anderer arabischer Mitarbeiter sind nun aktenkundig. Beispiel: \u201eSie spielen die Opferrolle seit dem Holocaust, und wir zahlen den Preis. Sollen wir denn tatenlos bleiben? La\u00dft uns die Stimme erheben, um zu zeigen, da\u00df in den Arabern noch ein lebender Puls ist.\u201c Oder: \u201eWie kommt es, da\u00df die Juden bis heute Tr\u00e4nen \u00fcber die Holocaustopfer vergie\u00dfen, w\u00e4hrend die Zionisten die Verbrennung der Pal\u00e4stinenser fordern?!!!\u201c Von den ersten f\u00fcnf Kollegen hat sich die DW inzwischen getrennt. Der Redaktionsleiter verliert zudem seine Funktion. Mit den anderen elf, von denen drei durch den Sender selbst entdeckt wurden, will dieser nun das Gespr\u00e4ch suchen. Die Kontrolleure empfehlen, \u201em\u00f6gliche Konsequenzen zu pr\u00fcfen, um weiteren Schaden von der DW abzuwenden\u201c. Ins Visier wegen antisemitischer Tendenzen sind nun auch Partnersender der Anstalt geraten. Die Zusammenarbeit mit zweien m\u00fcsse beendet werden, fordert die Kommission. Mit einem weiteren solle nur weiter kooperiert werden, wenn dieser antisemitische Karikaturen l\u00f6sche und vertraglich versichere, \u201ek\u00fcnftig keine antisemitischen Inhalte mehr zu vermitteln\u201c.<\/p>\n<p>Ihm tue das Ganze \u201eaufrichtig leid\u201c, so Intendant Peter Limbourg. Er r\u00e4umt Fehler und Vers\u00e4umnisse ein. Zugleich verk\u00fcndet er einen Zehn-Punkte-Plan. Unter anderem m\u00fc\u00dften Mitarbeiter k\u00fcnftig das Existenzrecht Israels anerkennen. Auch die Leugnung und Verharmlosung des Holocausts durch Redakteure des Auslandssenders solle nun ausgeschlossen werden. Zudem wolle er die regionalen Partnersender strenger pr\u00fcfen.<br \/>\n&#8230; Alles vom 18.2.2022 bitte lesen in der JF 8\/22, Seite 17<\/p>\n<p>&nbsp;<\/p>\n<p>.<\/p>\n<p><strong>Hamburger Sch\u00fcler verteidigen Terror von Paris<\/strong><br \/>\n<strong>&#8230; und die Beh\u00f6rde hat auch noch Verst\u00e4ndnis<\/strong><br \/>\nMenschen auf der ganzen Welt zeigten Anteilnahme (zur <a href=\"https:\/\/www.freiburg-schwarzwald.de\/blog\/global\/france\/enthauptung\/\">Enthauptung<\/a> des Lehrers Samuel Paty durch einen Islamisten in Paris). Doch als Hamburger Schulen Schweigeminuten abhielten, geschah Unfassbares: Muslimische Sch\u00fcler weigerten sich, zu trauern \u2013 und verteidigten den Terroristen! Das geht aus einer Anfrage des CDU-Politikers Dennis Gladiator (39) an die Hamburger Landesregierung hervor. Das Landesinstitut f\u00fcr Lehrerbildung erhielt in der Sache demnach zehn Beratungsanfragen von Lehrern. Noch schockierender: Gegen\u00fcber BILD spielt die Schulbeh\u00f6rde die islamistischen Vorf\u00e4lle herunter!<br \/>\nIn einem Fall h\u00e4tten sich \u201eSch\u00fcler nach der Schweigeminute von den Lehrkr\u00e4ften bedr\u00e4ngt gef\u00fchlt und in der emotionalen Situation die Ermordung des Lehrers in Frankreich aus religi\u00f6ser \u00dcberzeugung verteidigt\u201c.<br \/>\nIn einem weiteren Fall h\u00e4tten \u201eSch\u00fcler nach der Schweigeminute in einer emotionalen Aufw\u00fchlung die Schweigeminute kritisiert und die Ermordung verteidigt\u201c.<br \/>\nCDU-Mann Gladiator ist fassungslos \u2013 \u00fcber Beh\u00f6rde UND Sch\u00fcler. \u201eMan wei\u00df nicht, was mehr verst\u00f6rt: Der geschwollen-verharmlosende Duktus, oder die radikalen Vorf\u00e4lle schon bei Jugendlichen und Kindern? Der Senat muss klarer T\u00e4ter und Opfer benennen\u201c, so Gladiator zu BILD.<br \/>\n&#8230; Alles vom 7.12.2020 bitte lesen auf<br \/>\n<a href=\"https:\/\/www.bild.de\/news\/inland\/news-inland\/hamburg-schueler-verteidigen-terror-von-paris-74335870.bild.html\">https:\/\/www.bild.de\/news\/inland\/news-inland\/hamburg-schueler-verteidigen-terror-von-paris-74335870.bild.html<\/a><\/p>\n<p>&nbsp;<\/p>\n<p><strong>Islam-motivierte Terroristen finden Unterschlupf in Gegengesellschaften<\/strong><br \/>\nRechtsextremistisch motivierter <a href=\"https:\/\/www.freiburg-schwarzwald.de\/blog\/religion\/islam\/terror\/\">Terror<\/a> ist &#8211; entgegen allen &#8222;Kampf-gegen-rechts&#8220;-Propagandisten in Politik und Medien &#8211; <a href=\"https:\/\/www.freiburg-schwarzwald.de\/blog\/engagement\/zukunft\/demokratie\/extremismus\/\">gesellschaftlich ge\u00e4chtet<\/a> und isoliert. Ganz im Gegensatz zum religi\u00f6s durch den Islam motivierten Terror: Muslimische <a href=\"https:\/\/www.freiburg-schwarzwald.de\/blog\/global\/integration\/parallelgesellschaft\/\">Gegengesellschaften<\/a> verbreiten sich schon aufgrund ihrer demografischen Dynamik immer weiter. Und in diesen k\u00f6nnen Islamisten, Gef\u00e4hrder und Sympathiesanten untertauchen, sich frei bewegen und schwimmen wie ein Fisch im Wasser.<br \/>\n.<br \/>\nDie Jubelschreie und Freudendemos nach den <a href=\"https:\/\/www.freiburg-schwarzwald.de\/blog\/global\/france\/enthauptung\/\">Enthauptungen in Paris<\/a> und <a href=\"https:\/\/www.freiburg-schwarzwald.de\/blog\/global\/france\/nizza29-10-2020\/\">Nizza<\/a> zeigen, wieviel Sympathie die grausamen\u00a0Vertreter des radikalen Islam in diesen Parallelwelten in deutschen Gro\u00dfst\u00e4dten und Ballungsbieten genie\u00dfen. Das macht vielen B\u00fcrgern Angst.<br \/>\n.<br \/>\nLaut der EU-weiten Studie des holl\u00e4ndische Sozialwissenschaftler Ruud Koopmanns halten \u00fcber zwei Drittel der in Europa lebenden Muslime die religi\u00f6sen Regeln des Islam f\u00fcr wichtiger als Verfassungen und Grundgesetz. <em><strong>Scharia rangiert vor dem Grundgesetz<\/strong><\/em>.<br \/>\nDerzeit dominiert die Scharia bereits in dem f\u00fcr unsere Zukunft grundlegenden Bereich: Bei der Erziehung der Kinder in streng muslimischen Familien. Mitsch\u00fcler, Lehrer bzw. Schulen berichten \u00fcber die rasant wachsenden Probleme mit der scharia-gepr\u00e4gten Sozialisierung der ganz jungen Muslime.<br \/>\nDie Islamisten von Dresden und Wien hatten noch bis kurz vor ihren terroristischen Morden an sog. Deradikalisierungsprogrammen teilgenommen &#8211; mit &#8222;Erfolg&#8220;, wie Beh\u00f6rden bescheinigen. Dies zeigt, da\u00df unsere sicher gut gemeinten Integrationsma\u00dfnahmen von den Teilnehmern \u00fcberhaupt nicht ernst bzw. als Lachnummer abgetan werden. Ein Staat, der von dem Migranten nichts fordert, aber nur gibt, gilt als schwach und wird abgelehnt.<br \/>\n.<br \/>\nDer Kampf gegen den Islam-Terror bzw. Islamismus ist Teil eines Kulturkampfes. Dieser darf nicht nur an die Sicherheitsbeh\u00f6rden delegiert werden, sondern geht uns alle an, es ist &#8211; wie Angela Merkel nach Wien sagte, unser gemeinsamer Kampf: &#8222;Der islamistische Terror ist unser gemeinsamer Feind. Der Kampf gegen diese M\u00f6rder und ihre Anstifter ist unser gemeinsamer Kampf\u201c<br \/>\n25.11.2020<\/p>\n<p>&nbsp;<\/p>\n<p>.<\/p>\n<p>&nbsp;<\/p>\n<p><strong>Irfan Peci &#8211; Der Warner vor dem\u00a0 Islamismus<\/strong><br \/>\n<em>Der Ex-Dschihadist nimmt kein Blatt vor den Mund und macht sich unbeliebt.<\/em><br \/>\nDie Fahnder kamen im Morgengrauen, und nun hat \u00d6sterreichs gr\u00fcne Justizministerin Alma Zadic ein Problem, w\u00e4hrend Islamkritiker Irfan Peci sich best\u00e4tigt sieht. Nach dem <a href=\"https:\/\/www.freiburg-schwarzwald.de\/blog\/global\/oesterreich\/wien-islamisten2-11-2020\/\">Terroranschlag von Wien<\/a> durchsuchte die Polizei am Montag Einrichtungen, die zum Umfeld der Moslembruderschaft geh\u00f6ren k\u00f6nnten, darunter das Islamische Kulturzentrum Graz.<br \/>\nNoch ist nicht klar, was die Razzia ergeben hat, aber als Zadic im Januar das IKZ besuchte, kritisierte der in Wien lebende Peci das in einem Interview mit der rechtsgerichteten Zeitung Wochenblick aus Ober\u00f6sterreich. Flugs war f\u00fcr Politik und Medien klar, da\u00df Pecis Kritik nichts weiter als Teil einer \u201erechten Kampagne\u201c sei. Zu der nun wohl auch die Staatsanwaltschaft Graz geh\u00f6ren m\u00fc\u00dfte.<br \/>\nDabei war es l\u00e4nger ruhig um Irfan Peci geworden, denn bevor der islamische Terror unl\u00e4ngst wieder Paris traf, schien die Gefahr, vor der er unabl\u00e4ssig warnt, kaum noch zu interessieren. Zu Unrecht, denn der ehemalige Islamist ist ein ausgewiesener Experte in puncto Fundamentalismus, Deradikalisierung und Pr\u00e4vention. Immer wieder war er in der Vergangenheit auch Gast der Medien, etwa in Talkshows wie \u201eMarkus Lanz\u201c oder TV-Dokumentationen. Au\u00dferdem ist er Mitglied im Expertenrat der Landesregierung Baden-W\u00fcrttemberg gegen Antisemitismus.<br \/>\nBekanntheit erlangte der 1989 in Novi Pazar in Serbien geborene und im oberpf\u00e4lzischen Weiden als Kriegsfl\u00fcchtling aufgewachsene Moslem erstmals, als er 2007 zum Anf\u00fchrer der \u201eGlobalen Islamischen Medienfront\u201c (GIMF) aufstieg, dem damals wichtigsten Propaganda-Netzwerk Al-Qaidas. Sein kometenhafter Aufstieg fand 2011 ein j\u00e4hes Ende vor dem Oberlandesgericht M\u00fcnchen. Es folgte die Sensation: Der GIMF-Chef erwies sich als V-Mann des Verfassungsschutzes.<br \/>\nZuvor aber hatte ihn der 11. September 2001 auf die schiefe Bahn gebracht, obwohl er in Bayern unter den Fittichen katholischer Nonnen im Kindergarten brav mitbetete, Kirchenlieder sang und den Gottesdienst besuchte. Doch die Wucht der Bilder aus New York schlug ihn in Bann, wurde zu einem Erweckungserlebnis: Fasziniert vom Kampf David gegen Goliath verschlang er alles \u00fcber al-Qaida. Doch am Ziel seiner radikalen Tr\u00e4ume angekommen, begann ein innerer L\u00e4uterungsproze\u00df, den er in seinem Buch \u201eDer Dschihadist. Terror made in Germany\u201c (2015) beschrieb.<br \/>\nHeute arbeitet Perci, der gl\u00e4ubiger Moslem geblieben ist, als Dozent und Rechercheur. K\u00fcrzlich berichtete er \u00fcber einen Islamisten und \u201eGrauen Wolf\u201c im Sicherheitsdienst der Deutschen Bahn. Doch ist er nicht mehr \u00fcberall wohlgelitten, denn Peci macht vor deutschen Tabus nicht halt. Etwa bezweifelt er die beliebte Gleichsetzung von Rechtsextremismus und Islamismus, stellt statt dessen Gemeinsamkeiten mit der Linken fest. So macht man sich in Politik und Medien nat\u00fcrlich keine Freunde.<br \/>\n<a href=\"http:\/\/www.irfan-peci.de\">http:\/\/www.irfan-peci.de<\/a><br \/>\n&#8230; Alles vom 13.11.2020 von Hans Walther zu &#8222;Der Warner&#8220; bitte lesen in der JF 47\/20, Seite 3<\/p>\n<p>&nbsp;<\/p>\n<p><strong>Die Gefahr des politisierten Islams wird untersch\u00e4tzt<\/strong><br \/>\n<strong>Dass ein Teil der deutschen Gesellschaft diese Debatte unterdr\u00fcckt, ist gef\u00e4hrlich<\/strong><br \/>\n&#8230;<br \/>\nNun beobachten wir einerseits die jungen M\u00e4nner, die mit religi\u00f6ser Rechtfertigung in der \u00d6ffentlichkeit ihre Macht demonstrieren. Andererseits sind da die jungen Frauen, die in Schule und Nachbarschaft gemobbt, in der Familie unterdr\u00fcckt, eingesperrt und geschlagen oder von Zwangsheirat und Ermordung bedroht werden. Und nicht nur sie sind Opfer der Islamisierung, sondern alle, die aus islamischer Sicht weniger oder keine Rechte geniessen: Schwule, Lesben, alleinerziehende M\u00fctter, \u00abunz\u00fcchtig\u00bb gekleidete M\u00e4dchen, Atheisten, Juden, Ex-Muslime. Die Liste liesse sich lange fortsetzen. In Iran fing die Islamisierung ebenso an wie hier: Zuerst waren die besonders traditionell gepr\u00e4gten Stadtviertel betroffen, dann die Universit\u00e4ten, die Schulen, dann die Banken, L\u00e4den und schliesslich der gesamte \u00f6ffentliche Raum.<br \/>\n&#8230;<br \/>\nDie Gefahr, die von einer weiteren Politisierung des Islams insbesondere auf Kosten der M\u00e4dchen- und Frauenrechte ausgeht, wird schlicht nicht ernst genommen. Es ist Zeit, sich einzugestehen, welche Machtdemonstration junger islamistisch gepr\u00e4gter M\u00e4nner sich nunmehr fast w\u00f6chentlich in Frankfurt, Stuttgart oder Dijon zeigt. Von den terroristischen Greueltaten von Paris, Nizza oder Wien ganz zu schweigen.<br \/>\nEs ist eine Tatsache, dass ein nicht zu untersch\u00e4tzender Anteil junger M\u00e4nner mit islamischer Pr\u00e4gung unsere s\u00e4kulare, aufgekl\u00e4rte Gesellschaft verachtet und aus dieser Verachtung kein Hehl macht. Und als Exiliranerin, die diese Entwicklungen nur zu gut kennt aus meiner eigenen Jugend in Iran, warne ich eindringlich davor, das zu ignorieren. Denn die Erfahrung, die wir iranischen Frauen 1979 machen mussten, darf sich in Deutschland auf keinen Fall wiederholen.<br \/>\n&#8230; Alles vom 10.11.2020 von Monireh Kazemi bitte lesen auf<br \/>\n<a href=\"https:\/\/www.nzz.ch\/meinung\/deutschland-muss-die-gefahr-des-politisierten-islam-erkennen-ld.1585468\">https:\/\/www.nzz.ch\/meinung\/deutschland-muss-die-gefahr-des-politisierten-islam-erkennen-ld.1585468<\/a><br \/>\n.<br \/>\n<em>Monireh Kazemi kam 1986 im Alter von 25 Jahren aus dem Iran nach Deutschland. Sie arbeitet heute im Sozialbereich.<\/em><\/p>\n<p>.<\/p>\n<p>&nbsp;<\/p>\n<p><strong>Al-Aqsa-Moschee: Terrorisierung von Feinden des Islam ist erlaubt<\/strong><br \/>\nDie Enthauptung des Franz\u00f6sischlehrers Paty ist eine gro\u00dfe Ehre f\u00fcr alle Muslime<br \/>\nDer pal\u00e4stinensische Islamwissenschaftler Sheikh Issam Amira sagte w\u00e4hrend seines w\u00f6chentlichen Unterrichts in der Al-Aqsa-Moschee, es sei eine gro\u00dfe Ehre f\u00fcr die tschetschenische Jugend, den <a href=\"https:\/\/www.freiburg-schwarzwald.de\/blog\/global\/france\/enthauptung\/\">Lehrer Samuel Paty enthauptet<\/a> zu haben, und es sei auch eine gro\u00dfe Ehre f\u00fcr alle Muslime. Er sagte, dass der einzige Terrorismus, der laut Islam erlaubt sei, die \u201eTerrorisierung von Feinden\u201c sei.<br \/>\n.<br \/>\nDer Vortrag von Sheikh Issam Amira wurde am 29. Oktober 2020 auf dem YouTube-Kanal von Al-Aqsa Call ver\u00f6ffentlicht.<br \/>\n<em>\u201eDer Islam hat \u00fcberhaupt nichts mit dem Begriff \u201aTerrorismus\u2018 zu tun, au\u00dfer der Terrorisierung von Feinden. Der [Koran] sagt: \u201aBereite f\u00fcr sie jede Macht und jedes Ross des Krieges vor, um den Terror einzuschlagen. das Herz des Feindes Allahs und deines und anderer, au\u00dfer denen du vielleicht nicht wei\u00dft, aber die Allah kennt. \u201a Der Terrorismus ist also ein Grund f\u00fcr die milit\u00e4rische Vorbereitung. Mit anderen Worten, er rechtfertigt die milit\u00e4rischen Vorbereitungen.<\/em><br \/>\n<em>\u201eWas die Leute \u201aTerrorismus\u2018 nennen \u2026 Als ein Muslim tschetschenischer Herkunft einen Ungl\u00e4ubigen enthauptete, der den Propheten Muhammad verleumdete, nannten die Leute diesen \u201aTerrorismus\u2018 \u2026 Nun, es ist eine gro\u00dfe Ehre f\u00fcr ihn und alle Muslime, dass es dort ist war so ein junger Mann, der den Propheten Muhammad verteidigte. Er ist wie die M\u00e4nner und Frauen, die im Laufe der Geschichte den Propheten Muhammad, seine Heiligkeit und seine Ehre verteidigten. Alle diese Begriffe werden \u00fcberarbeitet, sobald das Wort Allahs regiert \u00fcber das Wort der Ungl\u00e4ubigen. \u201c<\/em><br \/>\n&#8230; Alles vom 4.11.220 bitte lesen auf<br \/>\n<a href=\"https:\/\/haolam.de\/artikel\/IsraelNahost\/42536\/Die-Enthauptung-des-Franzsischlehrers-Paty-ist-eine-groe-Ehre-fr-alle-Muslime-Video.html\">https:\/\/haolam.de\/artikel\/IsraelNahost\/42536\/Die-Enthauptung-des-Franzsischlehrers-Paty-ist-eine-groe-Ehre-fr-alle-Muslime-Video.html<\/a><\/p>\n<p>.<\/p>\n<p><strong>Islamistische Terroranschl\u00e4ge seit 2015 &#8211; \u00dcbersicht<\/strong><br \/>\n07. \u2013 09. Januar 2015. Paris, Frankreich: Angriff auf das franz\u00f6sische Satiremagazin Charlie Hebdo und anschlie\u00dfende Flucht der T\u00e4ter. 17 Tote, 22 Verletzte.<br \/>\n.<br \/>\n03. Februar 2015. Nizza, Frankreich: Drei Soldaten, die ein j\u00fcdisches Gemeindehaus bewachen, werden mit einem Messer angegriffen. Alle werden verletzt.<br \/>\n.<br \/>\n14. \u2013 15. Februar 2015. Kopenhagen, D\u00e4nemark: Auf einer Veranstaltung mit dem K\u00fcnstler Lars Vilks fallen Sch\u00fcsse. Vilks zeichnete u. a. Mohammed-Karikaturen. Der T\u00e4ter erschie\u00dft danach einen j\u00fcdischen Mann vor einer Synagoge. Zwei Tote, sechs Verletzte.<\/p>\n<p>26. Juni 2015. Saint-Quentin-Fallavier, Frankreich: Ein Mann wird enthauptet, sein Kopf aufgespie\u00dft.<br \/>\n21. August 2015. Oignies, Frankreich: Ein Terrorist bedroht Menschen in einem Zug mit einem Sturmgewehr. Zwei amerikanische Soldaten k\u00f6nnen ihn \u00fcberw\u00e4ltigen. Ein Verletzter.<\/p>\n<p>17. September 2015. Berlin. Deutschland: Eine Polizistin wird niedergestochen.<\/p>\n<p>13. \u2013 14. November 2015. Paris, Frankreich: Mehrere Attent\u00e4ter greifen Restaurants und Bars in der Pariser Innenstadt an. In der Konzerthalle \u201eBataclan\u201c wird eine Bombe gez\u00fcndet. Etwa 100 Geiseln werden genommen, von denen 89 sterben. 130 Tote und 683 Verletzte.<\/p>\n<p>07. Januar 2016. Paris, Frankreich: Ein Asylbewerber greift am Jahrestag des Attentates auf Charlie Hebdo mit einem Messer eine Polizeistation an. Ein Verletzter.<\/p>\n<p>11. Januar 2016. Marseille, Frankreich: Ein 15-J\u00e4hriger versucht, einen Lehrer einer j\u00fcdischen Schule zu enthaupten. Der Lehrer \u00fcberlebt verletzt.<\/p>\n<p>26. Februar 2016. Hannover, Deutschland: Eine 15-j\u00e4hrige IS-Sympathisantin sticht einer Polizistin von hinten in den Nacken. Die Polizistin \u00fcberlebt.<\/p>\n<p>22. M\u00e4rz 2016. Br\u00fcssel, Belgien: Selbstmordattent\u00e4ter sprengen sich in einer U-Bahnstation und am Br\u00fcsseler Flughafen in die Luft. 32 Tote, 340 Verletzte.<\/p>\n<p>13. Juni 2016. Magnanville, Frankreich: Ein Islamist \u00fcberf\u00e4llt einen Polizisten in dessen Haus. Der Polizist und seine Frau werden get\u00f6tet.<\/p>\n<p>14. Juli 2016. Nizza, Frankreich: Ein Tunesier rast am franz\u00f6sischen Nationalfeiertag mit einem LKW durch eine Menschenmenge. 86 Tote, 458 Verletzte.<\/p>\n<p>18. Juli 2016. W\u00fcrzburg, Deutschland: Ein 17-j\u00e4hriger Asylbewerber greift in einem Zug Passagiere mit Axt und Messer an. 5 Verletzte.<\/p>\n<p>24. Juli 2016. Ansbach, Deutschland: Ein syrischer Fl\u00fcchtling z\u00fcndet einen Selbstmordsprengsatz vor einer Weinstube. 15 Verletzte.<\/p>\n<p>26. Juli 2016. Saint-\u00c9tienne-du-Rouvray, Frankreich: Zwei M\u00e4nner \u00fcberfallen eine Kirche und k\u00f6pfen einen 85-j\u00e4hrigen Priester w\u00e4hrend der Messe. Ein Toter, ein Verletzter.<\/p>\n<p>06. August 2016. Charleroi, Belgien: Zwei Polizisten werden von einem Algerier mit einer Machete verletzt.<\/p>\n<p>17. August 2016. Moskau, Russland: Zwei Tschetschenen st\u00fcrmen eine Polizeistation. Ein Toter, ein Verletzter.<\/p>\n<p>05. Oktober 2016. Br\u00fcssel, Belgien: Drei Polizisten werden mit einer Machete angegriffen. Zwei werden verletzt.<\/p>\n<p>19. Dezember 2016. Berlin, Deutschland: Der Tunesier Anis Amri rast mit einem gestohlenen LKW in den Weihnachtsmarkt am Breitscheidplatz. 12 Tote, 56 Verletzte.<\/p>\n<p>22. M\u00e4rz 2017. London, UK: Ein Islamist f\u00e4hrt mit einem Auto in Fu\u00dfg\u00e4nger auf der Br\u00fccke von Westminster. Danach ersticht er einen Polizisten. F\u00fcnf Tote, 40 Verletzte.<\/p>\n<p>03. April 2017. Sankt Petersburg, Russland: Ein Selbstmordattent\u00e4ter sprengt sich in der Petersburger Metro in die Luft. 15 Tote, 64 Verletzte.<\/p>\n<p>07. April 2017. Stockholm, Schweden: Ein Terrorist und IS-Sympathisant f\u00e4hrt einen LKW durch eine Fu\u00dfg\u00e4ngerzone. F\u00fcnf Tote, 14 Verletzte.<\/p>\n<p>20. April 2017. Paris, Frankreich: Drei Polizisten und ein Unbeteiligter werden auf offener Stra\u00dfe mit einem Sturmgewehr angeschossen. Ein Toter, Drei Verletzte.<\/p>\n<p>22. Mai 2017. Manchester, UK: Nach einem Konzert der S\u00e4ngerin Ariana Grande sprengt sich ein Selbstmordattent\u00e4ter im Foyer der Manchester Arena in die Luft. 22 Tote, ca. 800 Verletzte.<\/p>\n<p>03. Juni 2017. London, UK: Drei Attent\u00e4ter \u00fcberfahren auf der London Bridge gezielt Menschen mit einem Kleintransporter. Danach greifen sie Passanten mit Messern an. Acht Tote, 48 Verletzte.<\/p>\n<p>06. Juni 2017. Paris, Frankreich: Vor der Kathedrale Notre Dame wird ein Polizist mit einem Hammer angegriffen. Ein Verletzter.<\/p>\n<p>19. Juni 2017. Paris, Frankreich: Ein Terrorist rammt ein Polizeifahrzeug auf der Champs-\u00c9lys\u00e9es. Bevor er seine Waffen und seinen Sprengstoff einsetzten kann, wird er erschossen.<\/p>\n<p>20. Juni 2017. Br\u00fcssel, Belgien: Ein Angreifer z\u00fcndet im Br\u00fcsseler Hauptbahnhof einen Sprengsatz und wird danach erschossen.<\/p>\n<p>28. Juli 2017. Hamburg, Deutschland: Ein abgelehnter pal\u00e4stinensischer Asylbewerber sticht sieben Leute nieder. Ein Toter, sechs Verletzte.<br \/>\n.<br \/>\n17. \u2013 18. August 2017. Barcelona, Spanien: Zwei Attent\u00e4ter fahren mit einem Kleintransporter durch eine belebte Fu\u00dfg\u00e4ngerzone. Danach erstechen sie einen Passanten. Am n\u00e4chsten Tag wird in der Stadt Cambrils eine \u00e4hnliche Attacke ver\u00fcbt. 16 Tote, 152 Verletzte.<\/p>\n<p>18. August 2017. Turku, Finnland: IS-Sympathisant sticht zehn Menschen nieder. Zwei Tote, Acht Verletzte.<\/p>\n<p>25. August 2017. Br\u00fcssel, Belgien: Ein Somalier greift zwei Soldaten mit einer Machete an. Ein Verletzter.<\/p>\n<p>15. September 2017. London, UK: Ein irakischer Fl\u00fcchtling z\u00fcndet einen Sprengsatz in der Londoner U-Bahn. 30 Verletzte.<\/p>\n<p>01. Oktober 2017. Marseille, Frankreich: Ein illegaler Einwanderer aus Tunesien ersticht zwei junge Frauen.<\/p>\n<p>23. M\u00e4rz 2018. Carcassone und Tr\u00e8bes, Frankreich: Ein IS-Sympathisant aus Marokko stielt ein Auto, t\u00f6tet den Fahrer und nimmt danach Geiseln in einem Supermarkt. Vier Tote, 15 Verletzte.<\/p>\n<p>05. Mai 2018. Den Haag, Niederlande: Ein 31-J\u00e4hriger sticht drei Menschen in der N\u00e4he eines Bahnhofes nieder.<\/p>\n<p>12. Mai 2018. Paris, Frankreich: Ein seit zwei Jahren beobachteter Islamist greift Menschen auf der Stra\u00dfe mit einem Messer an. Ein Toter, vier Verletzte.<\/p>\n<p>29. Mai 2018. L\u00fcttich, Belgien: Ein Konvertit ersticht zwei Polizistinnen, klaut ihre Waffen und schie\u00dft danach auf Passanten. Drei Tote, vier Verletzte.<\/p>\n<p>31. August 2018. Amsterdam, Niederlande: Ein afghanischer Asylbewerber sticht zwei Amerikaner am Amsterdamer Hauptbahnhof nieder. Beide \u00fcberleben verletzt.<\/p>\n<p>11. Dezember 2018. Stra\u00dfburg, Frankreich: Ein Weihnachtsmarkt wird von einem Terroristen angegriffen, der mit Schusswaffe und Messer bewaffnet ist. F\u00fcnf Tote, elf Verletzte.<\/p>\n<p>31. Dezember 2018. Manchester, UK: Ein Somalier attackiert Menschen mit einem Messer in einem Bahnhof. Drei Verletzte.<\/p>\n<p>18. M\u00e4rz 2019. Utrecht, Niederlande: In einer Stra\u00dfenbahn schie\u00dft ein Islamist um sich. Vier Tote, zwei Verletzte.<\/p>\n<p>24. Mai 2019. Lyon, Frankreich: In einer Fu\u00dfg\u00e4ngerzone detoniert ein Sprengsatz. 13 Verletzte.<\/p>\n<p>17. September 2019. Mailand, Italien: Ein jemenitischer Einwanderer sticht einem Soldaten von hinten mit einem Messer in den Nacken. Der Soldat \u00fcberlebt.<\/p>\n<p>03. Oktober 2019. Paris, Frankreich: Ein islamistischer Konvertit und Mitarbeiter der Polizei greift mit einem Messer sechs seiner Kollegen an. Vier Tote, zwei Verletzte.<\/p>\n<p>29. November 2019. London, UK: Ein bereits verurteilter Terrorist greift auf der London Bridge Passanten mit einem Messer an. Zwei Tote, drei Verletzte.<\/p>\n<p>25. September 2020. Paris, Frankreich: Vor dem ehemaligen Redaktionsgeb\u00e4ude von Charlie Hebdo werden zwei Menschen niedergestochen. Zwei Verletzte.<\/p>\n<p>04. Oktober 2020. Dresden, Deutschland: Ein Syrer attackiert zwei schwule M\u00e4nner mit einem Messer. Zuvor war er bereits wegen Terrorverdacht festgenommen, aber wieder freigelassen worden. Ein Toter.<\/p>\n<p>16. Oktober 2020. Paris, Frankreich: Der Lehrer Samuel Paty wird von einem 18-J\u00e4hrigen mit tschetschenischer Herkunft gek\u00f6pft, weil er im Unterricht Mohammed-Karikaturen zeigte.<br \/>\n.<br \/>\n29. Oktober 2020. Nizza, Frankreich: In der Basilika Notre-Dame de Nice greift ein Terrorist Besucher mit einem Messer an. Er t\u00f6tet drei Menschen, ein Opfer versucht er zu k\u00f6pfen.<br \/>\n.<br \/>\n02. November 2020. Wien, \u00d6sterreich: Ein IS-Sympathisant schie\u00dft in der Innenstadt um sich. Vier Tote, 22 teils schwer Verletzte.<\/p>\n","protected":false},"excerpt":{"rendered":"<p>Home\u00a0&gt;Religion\u00a0&gt;Islam &gt;Islamisierung &gt;Islamismus &nbsp; Listenauswahl eines Beitrags (Artikel\/Datum, Seite\/Inhalt):\u00a0Klicken\u00a0oder scrollen Warum die Islamisierung eine extreme Gefahr f\u00fcr Deutschland ist\u00a0(15.4.2026) HateAid: Judenhass und Islamismus?\u00a0(14.4.2026) Islamisierung und Christentum\u00a0(12.4.2026) Bei der Radikalisierung von Asylbewerbern zu islamistischen Attent\u00e4tern l\u00e4sst sich ein Muster erkennen\u00a0(31.3.2026) Islam &hellip; <a href=\"https:\/\/www.freiburg-schwarzwald.de\/blog\/religion\/islam\/islamismus\/\">Weiterlesen <span class=\"meta-nav\">&rarr;<\/span><\/a><\/p>\n","protected":false},"author":2,"featured_media":0,"parent":12111,"menu_order":0,"comment_status":"closed","ping_status":"closed","template":"","meta":{"footnotes":""},"class_list":["post-84470","page","type-page","status-publish","hentry"],"_links":{"self":[{"href":"https:\/\/www.freiburg-schwarzwald.de\/blog\/wp-json\/wp\/v2\/pages\/84470","targetHints":{"allow":["GET"]}}],"collection":[{"href":"https:\/\/www.freiburg-schwarzwald.de\/blog\/wp-json\/wp\/v2\/pages"}],"about":[{"href":"https:\/\/www.freiburg-schwarzwald.de\/blog\/wp-json\/wp\/v2\/types\/page"}],"author":[{"embeddable":true,"href":"https:\/\/www.freiburg-schwarzwald.de\/blog\/wp-json\/wp\/v2\/users\/2"}],"replies":[{"embeddable":true,"href":"https:\/\/www.freiburg-schwarzwald.de\/blog\/wp-json\/wp\/v2\/comments?post=84470"}],"version-history":[{"count":6,"href":"https:\/\/www.freiburg-schwarzwald.de\/blog\/wp-json\/wp\/v2\/pages\/84470\/revisions"}],"predecessor-version":[{"id":147973,"href":"https:\/\/www.freiburg-schwarzwald.de\/blog\/wp-json\/wp\/v2\/pages\/84470\/revisions\/147973"}],"up":[{"embeddable":true,"href":"https:\/\/www.freiburg-schwarzwald.de\/blog\/wp-json\/wp\/v2\/pages\/12111"}],"wp:attachment":[{"href":"https:\/\/www.freiburg-schwarzwald.de\/blog\/wp-json\/wp\/v2\/media?parent=84470"}],"curies":[{"name":"wp","href":"https:\/\/api.w.org\/{rel}","templated":true}]}}