{"id":84267,"date":"2020-10-31T21:28:43","date_gmt":"2020-10-31T20:28:43","guid":{"rendered":"https:\/\/www.freiburg-schwarzwald.de\/blog\/?page_id=84267"},"modified":"2021-12-26T20:47:11","modified_gmt":"2021-12-26T19:47:11","slug":"dresden-messermord04-10-2020","status":"publish","type":"page","link":"https:\/\/www.freiburg-schwarzwald.de\/blog\/engagement\/zukunft\/demokratie\/dresden-messermord04-10-2020\/","title":{"rendered":"Dresden-Messermord04-10-2020"},"content":{"rendered":"<p><a href=\"https:\/\/freiburg-schwarzwald.de\/blog\">Home<\/a>\u00a0&gt;<a title=\"Engagement\" href=\"https:\/\/www.freiburg-schwarzwald.de\/blog\/engagement\/\">Engagement<\/a>\u00a0&gt;<a title=\"Zukunft\" href=\"https:\/\/www.freiburg-schwarzwald.de\/blog\/engagement\/zukunft\/\">Zukunft<\/a>\u00a0&gt;<a title=\"Demokratie\" href=\"https:\/\/www.freiburg-schwarzwald.de\/blog\/engagement\/zukunft\/demokratie\/\">Demokratie<\/a>\u00a0&gt;<a title=\"Terror\" href=\"https:\/\/www.freiburg-schwarzwald.de\/blog\/religion\/islam\/terror\/\">Terror<\/a> \u00a0&gt;Dresden-Messermord04-10-2020<\/p>\n<div id=\"attachment_70760\" style=\"width: 651px\" class=\"wp-caption alignnone\"><a href=\"https:\/\/www.freiburg-schwarzwald.de\/blog\/wp-content\/uploads\/2019\/02\/schwarzwald-berge2019pan.jpg\"><img loading=\"lazy\" decoding=\"async\" aria-describedby=\"caption-attachment-70760\" class=\"size-full wp-image-70760\" src=\"https:\/\/www.freiburg-schwarzwald.de\/blog\/wp-content\/uploads\/2019\/02\/schwarzwald-berge2019pan.jpg\" alt=\"\" width=\"641\" height=\"272\" srcset=\"https:\/\/www.freiburg-schwarzwald.de\/blog\/wp-content\/uploads\/2019\/02\/schwarzwald-berge2019pan.jpg 641w, https:\/\/www.freiburg-schwarzwald.de\/blog\/wp-content\/uploads\/2019\/02\/schwarzwald-berge2019pan-180x76.jpg 180w, https:\/\/www.freiburg-schwarzwald.de\/blog\/wp-content\/uploads\/2019\/02\/schwarzwald-berge2019pan-640x271.jpg 640w\" sizes=\"auto, (max-width: 641px) 100vw, 641px\" \/><\/a><p id=\"caption-attachment-70760\" class=\"wp-caption-text\">Blick vom Feldberg nach S\u00fcden \u00fcber die Schwarzwald-Berge im Januar 2019<\/p><\/div>\n<p>&nbsp;<\/p>\n<ul>\n<li>Sascha Lobo zu Dresden: Verniedlichungsrassismus (21.10.2021)<\/li>\n<li>Bundesamt f\u00fcr Verfassungsschutz verschweigt schwulenfeindliches Motiv (2.7.2021)<\/li>\n<li>Der Schwulenm\u00f6rder von Dresden: Warum dulden wir solche Leute hier? (22.5.2021)<\/li>\n<li>Dresden-Terror: \u201eOhne Namen, ohne Gesicht, ohne Geschichte\u201c (17.11.2020)<\/li>\n<li><a href=\"http:\/\/wien\/\">Merkel: \u201eDer islamistische Terror ist unser gemeinsamer Feind\u201c<\/a>\u00a0(3.11.2020)<\/li>\n<li>Islamist ersticht Homosexuellen in Dresden &#8211; Offener Brief an Kanzlerin (31.10.2020)<\/li>\n<li>Islamistischer Terror und Links &#8211; Kaum Reaktion der Rotgr\u00fcnen (31.10.2020)<\/li>\n<li>Linksgr\u00fcner Homoverband fordert muslimischen Schwulenhass nicht l\u00e4nger zu bagatellisieren (31.10.2020)<\/li>\n<li><a href=\"https:\/\/www.freiburg-schwarzwald.de\/blog\/gegen-gewalt-von-extremisten\/\">Gegen Gewalt von Extremisten \u2013 nach Dresden, Paris und Nizza<\/a>\u00a0(30.10.2020)<\/li>\n<li><a href=\"https:\/\/www.freiburg-schwarzwald.de\/blog\/religion\/islam\/terror\/\">Angst und Ohnmacht nach Messermorden in Dresden und Paris<\/a>\u00a0(23.10.2020)<\/li>\n<li>LSVD: Islamistischer Angriff auf schwules Paar in Dresden (30.10.2020)<\/li>\n<li><a href=\"https:\/\/www.freiburg-schwarzwald.de\/blog\/dresden-und-paris-d-und-f\/\">Dresden und Paris &#8211; D und F<\/a> (22.10.2020)<\/li>\n<li><\/li>\n<li><a href=\"https:\/\/www.freiburg-schwarzwald.de\/blog\/global\/deutschland\/dresden\/\">Dresden<\/a><\/li>\n<li><a href=\"https:\/\/www.freiburg-schwarzwald.de\/blog\/religion\/islam\/islam-deutschland\/\">Islam-Deutschland<\/a><\/li>\n<li><a href=\"https:\/\/www.freiburg-schwarzwald.de\/blog\/global\/integration\/fluechtlinge-kriminalitaet\/\">Fluechtlinge-Kriminalitaet<\/a><\/li>\n<li><a href=\"https:\/\/www.freiburg-schwarzwald.de\/blog\/selbsthilfe\/soziales\/homosexualitaet\/\">Homosexualitaet<\/a><\/li>\n<li><a href=\"https:\/\/www.freiburg-schwarzwald.de\/blog\/selbsthilfe\/soziales\/justiz\/messerstecher\/\">Messerstecher<\/a><\/li>\n<li><a href=\"https:\/\/www.freiburg-schwarzwald.de\/blog\/global\/oesterreich\/wien-islamisten2-11-2020\/\">Wien-Islamisten2-11-2020<\/a><\/li>\n<\/ul>\n<p>&nbsp;<\/p>\n<p><strong>Sascha Lobo zu Dresden: Verniedlichungsrassismus<\/strong><br \/>\nRegelm\u00e4\u00dfig beobachte ich nach islamistischen Anschl\u00e4gen wie in Dresden als erste linke Reaktion die Sorge \u00fcber daraus resultierenden rechten Hass. Der islamistische Hass wird so en passant ausgeblendet. Ich denke, dieser Unterschied resultiert aus einer heimlichen Hierarchisierung:<br \/>\nF\u00fcr viele <a href=\"https:\/\/www.freiburg-schwarzwald.de\/blog\/engagement\/zukunft\/demokratie\/linke\/\">Linke<\/a> scheint es eine <a href=\"https:\/\/www.freiburg-schwarzwald.de\/blog\/global\/deutschland\/moral2015\/doppelmoral\/\">Menschenfeindlichkeit erster und eine Menschenfeindlichkeit zweiter Klasse<\/a> zu geben. Bitter nachzuvollziehen etwa bei muslimischem Antisemitismus, der von links in Deutschland \u00fcberraschend selten adressiert und manchmal sogar noch als &#8222;Israelkritik&#8220; wohlwollend einsortiert wird.<br \/>\nDesinteresse und moralische Faulheit<br \/>\nDie meisten Linken (ich auch) haben es anders erhofft &#8211; aber es gibt einen islamistischen Radikalisierungsprozess unter Gefl\u00fcchteten. Und er findet ziemlich sicher mit und in sozialen Medien und in bestehenden, islamistischen Strukturen statt. Es ist keine Option, diese Tatsachen in der Debatte von links elegant auszusparen und wom\u00f6glich noch mit Islamisten gemeinsame Sache zu machen, weil man deren vorgebliches Eintreten gegen Rassismus f\u00fcr bare M\u00fcnze nimmt.<br \/>\n&#8230; Alles vom 21.10.2020 von Sascha Lobo bitte lesen auf<br \/>\n<a href=\"https:\/\/www.spiegel.de\/netzwelt\/netzpolitik\/islamistische-anschlaege-die-linke-social-media-empoerung-bleibt-aus-kolumne-a-9ac7415a-f0d2-4d7d-8279-e5c606f2a82f\">https:\/\/www.spiegel.de\/netzwelt\/netzpolitik\/islamistische-anschlaege-die-linke-social-media-empoerung-bleibt-aus-kolumne-a-9ac7415a-f0d2-4d7d-8279-e5c606f2a82f<\/a><\/p>\n<p>.<\/p>\n<p><strong>Bundesamt f\u00fcr Verfassungsschutz verschweigt schwulenfeindliches Motiv<\/strong><br \/>\nErst die Bundesregierung, dann die Justiz und nun der Verfassungsschutz: Das Schweigen \u00fcber das homosexuellenfeindliche Motiv des islamistischen Attent\u00e4ters von Dresden 2020 geht weiter. Im neuem Bundesverfassungsschutzbericht ist es nicht erw\u00e4hnt \u2013 \u201eendredigiert\u201c wurde der von Seehofers Ministerium.<br \/>\nDeutschlands Politik hat bereits eine Art \u201eTradition\u201c eingef\u00fchrt, wenn es um das Verschweigen von dem homosexuellenfeindlichen Motiv des islamistischen Anschlags von Dresden 2020 geht. Es ist ein Anschlag, den ganz besonders homosexuelle B\u00fcrger niemals vergessen werden. Der Attent\u00e4ter Abdullah Al. H. H. griff mit einem K\u00fcchenmesser gezielt das homosexuelles Paar Thomas L. und Oliver an. An diesem Abend war das Paar als Touristen in der Dresdener Altstadt unterwegs. Thomas L. aus Krefeld starb im Krankenhaus, Oliver aus K\u00f6ln \u00fcberlebte den Angriff schwer verletzt und muss heute ohne seinen Partner weiter leben. Bereits achtzehn Tage nach der grauenvollen Tat wurde \u00f6ffentlich, dass ein schwulenfeindliches Motiv wahrscheinlich ist. Doch die Bundesregierung und der Bundespr\u00e4sident schweigen den islamistischen Anschlag und das Motiv aus. Dem schloss sich sogar die Justiz an \u2013 und nun auch der Bundesverfassungsschutz samt Innenministerium.<br \/>\n&#8230;<br \/>\nAuch auf den offenen Brief des \u201eChristopher Street Day Dresden e.V.\u201c (CSD)<br \/>\n<a href=\"https:\/\/www.csd-dresden.de\/offener-brief-zum-attentat-am-4-10-2020-in-dresden\/\">https:\/\/www.csd-dresden.de\/offener-brief-zum-attentat-am-4-10-2020-in-dresden\/<\/a><br \/>\nan den Bundespr\u00e4sidenten Frank-Walter Steinmeier, die Bundeskanzlerin, die Bundesregierung, die Staatsregierung des Freistaates Sachsen und an die Landeshauptstadt Dresden gab es keine Reaktion. In diesem Brief forderte der CSD: \u201eLassen Sie dieses Hassverbrechen nicht unkommentiert und zeigen Sie mit uns gemeinsam am 01. November 2020 in Dresden Haltung.\u201c<br \/>\n&#8230; Alles vom 2.7.2021 bitte lesen auf<br \/>\n<a href=\"https:\/\/www.tichyseinblick.de\/meinungen\/islamistischtes-attentat-dresden-verfassungsschutz\/\">https:\/\/www.tichyseinblick.de\/meinungen\/islamistischtes-attentat-dresden-verfassungsschutz\/<\/a><\/p>\n<p>&nbsp;<\/p>\n<p><strong>Der Schwulenm\u00f6rder von Dresden: Warum dulden wir solche Leute hier?<\/strong><br \/>\nDer t\u00f6dliche Angriff kam aus dem Nichts an diesem 4. Oktober 2020 in der Dresdner Rosmaringasse. Von hinten n\u00e4hert sich ein 21-j\u00e4hriger Syrer einem homosexuellen P\u00e4rchen aus Nordrhein-Westfalen und sticht mit voller Wucht und ungez\u00fcgelter Wut immer wieder auf die beiden M\u00e4nner aus K\u00f6ln und Krefeld ein. Einer stirbt, der andere \u00fcberlebt schwerverletzt und nur mit viel Gl\u00fcck.<br \/>\nDer T\u00e4ter, der heute vor dem Oberlandesgericht Dresden wegen Mordes, versuchten Mordes und gef\u00e4hrlicher K\u00f6rperverletzung zu einer lebenslangen Freiheitsstrafe mit Aussicht auf Sicherheitsverwahrung verurteilt wurde, hei\u00dft Abdullah und ist ein Fan der Terrororganisation Islamischer Staat (<a href=\"https:\/\/www.freiburg-schwarzwald.de\/blog\/is-sunniten-gegen-schiiten\/\">IS<\/a>). Als der junge M\u00f6rder zum Schluss des Prozesses sagte: \u201cIch verlasse mich auf Gott\u201d, reagierte Richter Hans Schl\u00fcter-Staats, Vorsitzender des Staatsschutzsenats, mit der trockenen Bemerkung, es sei dann wohl offensichtlich Gottes Wille, \u201edass Sie hier sitzen und dieses Urteil entgegennehmen m\u00fcssen\u201c.<br \/>\n&#8230;<br \/>\nWir nehmen das alles hin. Auch wenn es juristisch nie dazu kommen wird, wie jeder von Ihnen wei\u00df: Aus meiner Sicht geh\u00f6rt Angela Merkel wegen ihrer Fl\u00fcchtlingspolitik 2015 und 2016 vor ein Gericht. Sie soll angeh\u00f6rt werden in einem rechtsstaatlichen Verfahren, in dem die Angeh\u00f6rigen der Opfer zu Wort kommen. Und dann will ich ein Urteil. Es sind Hunderte Deutsche, die seit 2015 von Migranten und Asylbewerbern get\u00f6tet wurden, es sind \u2013 nach offizieller BKA-Statistik \u2013 Tausende Frauen, die Opfer sexueller Gewalt durch Migranten und Asylbewerber geworden sind, die Zahl der schweren K\u00f6rperverletzungen, vorzugsweise durch Messer, habe ich hier nicht parat, aber es gab auch mehrere Terroranschl\u00e4ge. Alles in meinem, in Ihrem Land!<br \/>\n&#8230;<br \/>\n<em>Hinweis f\u00fcr unsere Staatsorgane:<\/em><br \/>\n<em>Ich habe nichts gegen Ausl\u00e4nder, nat\u00fcrlich auch nicht gegen Fl\u00fcchtlinge und Migranten, die unsere Gesetze und Regeln beachten und mit uns leben wollen. Ich bin kein Reichsb\u00fcrger, kein Rechtsextremist und denke, dass dieser \u201cQ-Anon\u201d in Amerika nicht alle Latten auf dem Zaun hat und dringend einen Therapeuten aufsuchen sollte. Aber ich hasse M\u00f6rder und Vergewaltiger. Das ist nicht verhandelbar.<\/em><br \/>\n&#8230; Alles vom 22.5.2021 von Klaus Kelle bitte lesen auf<br \/>\n<a href=\"https:\/\/denken-erwuenscht.com\/der-schwulenmoerder-von-dresden-warum-dulden-wir-solche-leute-hier\/\">https:\/\/denken-erwuenscht.com\/der-schwulenmoerder-von-dresden-warum-dulden-wir-solche-leute-hier\/<\/a><\/p>\n<p>Kommentare:<br \/>\n<strong>Herzlich willkommen &#8230;<\/strong><br \/>\nEs kommt immer und immer wieder auf das gleiche raus, wer anst\u00e4ndig ist und sich an unsere Regeln h\u00e4lt, ist herzlich willkommen, egal woher er kommt. Wer sich nicht daran h\u00e4lt muss halt wieder gehen, aber das ist das normalste der Welt, seit Jahren wird da debattiert, verstehe ich nicht.<br \/>\nWenn bei mir zuhause einer in die Ecke schei\u2026 fliegt er doch auch raus. Wir haben genug eigene Leute die Probleme machen, muss man sich die anderen auch noch antun, warum? Versteh ich einfach nicht.<br \/>\nIch habe schon mehrfach geh\u00f6rt, von EU Ausl\u00e4ndern auf Arbeit, wir Deutschen sind halt einfach zu doof und kapieren nicht wenn wir abgezogen werden. Tut mir leid, das sagt alles.<br \/>\n22.5.2021, Sch. KO<br \/>\n.<br \/>\n<strong>Deutschland hat eine gro\u00dfe moralische Verpflichtung<\/strong><br \/>\ngegen\u00fcber der Welt. Besonders Deutschland, allein schon wegen seiner andauernden Verbrechen gegen die Menschlichkeit und gegen die gesamte Menschheit. Ausserdem haben sich die deutschen Geistesgr\u00f6\u00dfen das Ziel gesetzt, die Welt zu retten, ob sie will, oder nicht. Was dabei zerst\u00f6rt wird, das eigene Land, die Gesellschaft, die Natur, die Wirtschaft, die Gesundheit, wieviele Leben, gerne deutsche Leben, daf\u00fcr geopfert werden m\u00fcssen, ist uninteressant. Deutschland spielt sich als Moralapostel auf, dabei sind die Deutschen in h\u00f6chstem Ma\u00dfe amoralisch.<br \/>\n22.5.2021, Ket<br \/>\nEnde Kommentare<\/p>\n<p>&nbsp;<\/p>\n<p>.<\/p>\n<p>&nbsp;<\/p>\n<p><strong>Dresden-Terror: \u201eOhne Namen, ohne Gesicht, ohne Geschichte\u201c<\/strong><br \/>\nDer am 4. Oktober von dem Islamisten Abdullah Al-H. in Dresden ermordete Mann hie\u00df <strong>Thomas L<\/strong>. Sein Name ist in der Traueranzeige zu finden, deren Text auch die Umst\u00e4nde seines Todes andeutet. Aber fast nirgends sonst. Nicht in Regierungsverlautbarungen zu dem Anschlag, nicht in Fernsehnachrichten, nicht auf Demonstrationsplakaten. Wie sah Thomas L. aus? Anders als der bei Paris<a href=\"https:\/\/www.freiburg-schwarzwald.de\/blog\/global\/france\/enthauptung\/\"> von einem Islamisten enthauptete Lehrer Samuel Paty<\/a>, f\u00fcr den Staatspr\u00e4sident Emmanuel Macron in Paris eine Trauerfeier abhielt, bleibt das Opfer von Dresden namen- und gesichtslos.<br \/>\nZu dem Anschlag gab es keine ausf\u00fchrliche Erkl\u00e4rung der Bundeskanzlerin, kein Auftritt zusammen mit anderen Politikern, beispielsweise, um an der Stelle des Mordes Blumen niederzulegen. In der Meldung des ZDF fehlte nicht nur der Name des Opfers und sein Gesicht, sondern sogar der Begriff Anschlag. Der Sender sprach nur von einer \u201et\u00f6dliche Messerattacke\u201c mit einem \u201em\u00f6glicherweise islamistischen Hintergrund\u201c. Anders als bei anderen politischen Anschl\u00e4gen blieb auch die Serie von Politiker- und Aktivistentweets aus, die auf Hinterm\u00e4nner hinweisen, Konsequenzen fordern und einen Satz enthalten, der mit \u201eDas Problem hei\u00dft\u201c beginnt.<br \/>\nWas zweitens weitgehend fehlt, ist ein Hinweis zu dem Motiv. Thomas L. wurde von Abdullah Al-H. ermordet, L.s Freund schwer verletzt, weil beide als schwules Paar durch Dresden spazierten. Es handelt sich \u2013 so weit bekannt \u2013 um das erste Mal, dass ein Muslim in Deutschland ein M\u00e4nnerpaar als Anschlagsziel w\u00e4hlte. Gut zwei Wochen lang verbr\u00e4mten Polizei und Medien die Tat als \u201eTouristenmord\u201c. Die beiden waren tats\u00e4chlich Touristen, aber darin lag nicht das Mordmotiv. Zu dem Anschlag auf das Paar meldeten sich lange keine Vertreter von Verb\u00e4nden, keine Fachpolitiker f\u00fcr, wie es hei\u00dft, queere Politik, die sonst schon zuverl\u00e4ssig Protestnoten verschicken, wenn ein B\u00fcrgermeister am Christopher Street Day nicht die Regenbogenflagge hissen l\u00e4sst. Deutschlands prominentester schwuler Politiker, der stellvertretende SPD-Vorsitzende Kevin K\u00fchnert unternahm nichts, um Thomas L. Name und Gesicht zu geben.<br \/>\n&#8230;.<br \/>\nW\u00e4re das schwule Paar in Dresden von einem Rechtsradikalen niedergestochen worden, h\u00e4tte es l\u00e4ngst nicht nur einen staatlichen Gedenkakt mit Namen und Gesicht gegeben, sondern auch das passende Talkshowthema, die Bundespr\u00e4sidentenrede, die \u00f6ffentlichen Erkl\u00e4rungen von Prominenten, die Regenbogenbeflaggung, die Frage nach den Hinterm\u00e4nnern und die Forderung nach politischen Konsequenzen.<br \/>\n&#8230; Alles vom 17.11.2020 bitte lesen auf<br \/>\n<a href=\"https:\/\/www.publicomag.com\/2020\/11\/ohne-namen-ohne-gesicht-ohne-geschichte\/\">https:\/\/www.publicomag.com\/2020\/11\/ohne-namen-ohne-gesicht-ohne-geschichte\/<\/a><\/p>\n<p>&nbsp;<\/p>\n<p><strong>Islamist ersticht Homosexuellen in Dresden &#8211; Offener Brief an Kanzlerin<\/strong><br \/>\n<strong>Von Christian Lindner, Thomas Sattelberger, Jens Brandenburg (FDP)<br \/>\n<\/strong>\u00a0.<br \/>\nTreten Sie den Feinden der freien Gesellschaft entgegen!<br \/>\nAm 4. Oktober 2020 wurde in Dresden ein homosexuelles Paar von einem islamistischen Gef\u00e4hrder mit einem Messer angegriffen. Einer der beiden M\u00e4nner starb an seinen Verletzungen, sein Lebenspartner \u00fcberlebte schwer verletzt. Der T\u00e4ter w\u00e4hlte offenbar gerade sie als Opfer aus, weil er sie als Paar erkannte. Die Sicherheitsbeh\u00f6rden haben das Attentat lange als \u201eTouristenmord\u201c verklausuliert und die mutma\u00dflich homosexuellenfeindliche Motivlage verschwiegen. Auch Ihrerseits ist uns bisher leider keine \u00f6ffentliche \u00c4u\u00dferung zu diesem ersch\u00fctternden Anschlag bekannt.<\/p>\n<p>Dass Menschen in Deutschland Opfer terroristischer Angriffe werden k\u00f6nnen, weil sie ihre sexuelle Identit\u00e4t offen zeigen, ersch\u00fcttert uns sehr. In einem freiheitlich-demokratischen Land darf niemand aufgrund seiner geschlechtlichen oder sexuellen Identit\u00e4t Angst vor gewaltsamen \u00dcbergriffen haben m\u00fcssen. Der Mord in Dresden ist ein Anschlag auf die LSBTI-Community und unsere tolerante und freiheitliche Gesellschaft, die es jedem erlaubt zu leben, wie er m\u00f6chte, und zu lieben, wen er m\u00f6chte.<br \/>\nWir trauern um Thomas L. Unsere aufrichtige Anteilnahme gilt seinem Lebenspartner und seinen Angeh\u00f6rigen. Sie verdienen nicht das Schweigen aus dem Bundeskanzleramt, sondern die volle Solidarit\u00e4t unserer freiheitlichen Gesellschaft und die h\u00f6chste staatliche Anteilnahme.<br \/>\nDer franz\u00f6sische Pr\u00e4sident Macron hat auf die brutale Ermordung des Geschichtslehrers <a href=\"https:\/\/www.freiburg-schwarzwald.de\/blog\/global\/france\/enthauptung\/\">Samuel Paty<\/a> deutlich reagiert. Er hat den Angeh\u00f6rigen seine pers\u00f6nliche Anteilnahme bekundet und w\u00fcrdigte ihn als Gesicht der franz\u00f6sischen Republik. Damit verdeutlichte er, dass der Angriff auf Samuel Paty ein Angriff auf die Werte ist, die die franz\u00f6sische Gesellschaft tragen.<br \/>\nWir sind in diesen schweren Stunden mit unseren franz\u00f6sischen Freunden. Ein \u00e4hnliches Signal sollte anl\u00e4sslich des mutma\u00dflich homosexuellenfeindlichen Attentats von Dresden nun auch von der Bundesregierung ausgehen. Wir appellieren daher an Sie, das Andenken des Verstorbenen mit einem \u00f6ffentlichen Zeichen zu w\u00fcrdigen.<br \/>\nDer Angriff in Dresden reiht sich leider in eine traurige Folge zunehmender homo- und transfeindlicher Hasskriminalit\u00e4t in Deutschland ein. Diese feige und t\u00f6dliche Attacke sollte ein Anlass sein, die Freiheit der sexuellen und geschlechtlichen Selbstbestimmung zu st\u00e4rken und k\u00fcnftig besser zu sch\u00fctzen.<br \/>\nNach der Messerattacke in Dresden steht ein 20-j\u00e4hriger Syrer unter Tatverdacht. Schon vor der Tat wurde er von Sicherheitsbeh\u00f6rden als islamistischer Gef\u00e4hrder eingestuft. Nun haben sich die Ermittler zum aktuellen Stand ge\u00e4u\u00dfert.<br \/>\nSicherheitsbeh\u00f6rden und die \u00d6ffentlichkeit sollten besser sensibilisiert werden, homo- und transfeindliche Hasskriminalit\u00e4t fr\u00fchzeitig zu erkennen und einzud\u00e4mmen. Eine bundesweit einheitliche, separate Erfassung homo- und transfeindlicher Straftaten in der Polizeilichen Kriminalstatistik w\u00e4re ein erster Schritt. Um den Schutz der sexuellen Identit\u00e4t dauerhaft verfassungsrechtlich abzusichern, schlagen wir au\u00dferdem eine Erg\u00e4nzung des Artikel 3 Absatz 3 Grundgesetz um das Merkmal der sexuellen Identit\u00e4t vor.<br \/>\nBitte setzen Sie sich auch pers\u00f6nlich f\u00fcr diese Anliegen ein. Den Feinden der freien Gesellschaft und der Grundwerte unserer Verfassung sollten wir entschlossen und gemeinsam entgegentreten. Wir hoffen, Sie im Kampf gegen Homo- und Transfeindlichkeit an unserer Seite zu wissen.<\/p>\n<p>Mit freundlichen Gr\u00fc\u00dfen<br \/>\nChristian Lindner, Vorsitzender der FDP-Bundestagsfraktion<br \/>\nDr. Jens Brandenburg, Sprecher f\u00fcr LSBTI der FDP-Bundestagsfraktion<br \/>\nDr. h. c. Thomas Sattelberger, Sprecher f\u00fcr Bildung der FDP-Bundestagsfraktion<br \/>\n31.10.2020<\/p>\n<p>&nbsp;<\/p>\n<p><strong>Islamistischer Terror und Links &#8211; Kaum Reaktion der Rotgr\u00fcnen<\/strong><br \/>\nIn Dresden st\u00fcrzte sich der zwanzigj\u00e4hrige Syrer Abdullah A.H.H. auf ein homosexuelles Paar und griff damit zugleich unsere offene und aufgekl\u00e4rte Gesellschaft an. F\u00fcnf Tage zuvor wurde der Syrer, der seit 2015 als Fl\u00fcchtling mit Duldungsstatus in Deutschland lebte, aus der Haft entlassen. Im November 2018 hatte ihn das Oberlandesgericht Dresden wegen Werbens um Mitglieder und Unterst\u00fctzer einer terroristischen Vereinigung im Ausland, Suche nach einer Anleitung zur Begehung einer schweren staatsgef\u00e4hrdenden Gewalttat, K\u00f6rperverletzung und Bedrohung zu einer Jugendstrafe verurteilt. Die Haftstrafe wurde wegen Angriffs auf Beamte in der Haft verl\u00e4ngert. Was nun? Abdullah A.H.H. wird erneut eine Haftstrafe bekommen, wieder entlassen \u2013 und dann? Nichts wird sich ge\u00e4ndert haben, nur dass die Opfer inzwischen vergessen sind.<br \/>\nDie Reaktion der Rotgr\u00fcnen auf den Terror von Paris und Dresden fiel wie immer zur\u00fcckhaltend aus, nur einzelne wie Habeck, K\u00fchnert und Lobo haben sich ge\u00e4u\u00dfert. Bis jetzt haben die Linken, auch nicht Lobo, auch nicht K\u00fchnert ernsthaft die Frage gestellt, was dieser unkontrollierte Massenzuzug mit der deutschen Gesellschaft macht. Sie haben keinen Gedanken daran verschwendet, wie es denjenigen geht, die nach Deutschland gekommen und inzwischen deutsche Staatsb\u00fcrger sind, weil sie in unserem freien Land leben, weil sie nicht dazu gezwungen werden wollen, auf bestimmte Bademoden in \u00f6ffentlichen Schwimmb\u00e4dern zu verzichten. Weil sie es ablehnen, dass ihre T\u00f6chter unter dem Schleier aufwachsen und ihr ganzes Leben unter dem Schleier verbringen sollen.<br \/>\n&#8230; Alles vom 31.10.2020 von Klaus-R\u00fcdiger Mai bitte lesen auf<br \/>\n<a href=\"https:\/\/www.tichyseinblick.de\/meinungen\/islamistischer-terror-und-links\/\">https:\/\/www.tichyseinblick.de\/meinungen\/islamistischer-terror-und-links\/<\/a><br \/>\n.<\/p>\n<p><strong>Linksgr\u00fcner Homoverband fordert muslimischen Schwulenhass nicht l\u00e4nger zu bagatellisieren<\/strong><br \/>\nNachdem bekannt geworden ist, dass der IS-Terrorist Abdullah H. (20) in Dresden mit einem Messer ein homosexuelles Paar angegriffen und dabei einen der beiden ermordet hatte, fordert nun der Lesben- und Schwulenverband, den islamisch motivierten Schwulenhass nicht l\u00e4nger zu bagatellisieren und zu verschweigen. Dabei haben gerade linksgr\u00fcne Homo-Verb\u00e4nde \u00fcber mehr als 10 Jahre nichts anderes getan.<br \/>\n&#8230;.<br \/>\nT\u00f6dlicher Friede mit dem Islam: Dass nun ausgerechnet einer der linksgr\u00fcnen Homosexuellenverb\u00e4nde, die seit Jahren ein unertr\u00e4gliches Islam-Appeasement betreiben und Homosexuelle, die vor den Gefahren des Islams warnten, als \u201eislamophob\u201c, \u201erechtspopulistisch\u201c und \u201erassistisch\u201c beschimpfen, ist an Chuzpe nicht zu \u00fcberbieten. Kaum ein islamisches \u201eFastenbrechen\u201c, bei dem nicht der nun Beschwerde f\u00fchrende LSVD als \u201eTischdiener\u201c aufgetreten w\u00e4re. Keine Gelegenheit, bei der man nicht lautstark \u201eRefugees welcome\u201c gerufen hat. \u00c4hnlich bemerkt Elsa Rabha, die den Islam aus Eigenerfahrung seit Jahrzehnten kennt: \u201eDiese Erkenntnis des linksgr\u00fcnen Homoverbandes kommt reichlich sp\u00e4t, nachdem selbiger jahrelang Kritiker angegriffen und offen diffamiert hat. Sie ernten jetzt die Fr\u00fcchte ihres eigenen Appeasements mit dem Islam. Wir haben seit Jahren geschrieben, dass Anbiederung an den Islam ihnen dazu verhilft die ersten zu sein, die daran glauben m\u00fcssen an \u201eden t\u00f6dlichen Frieden im Islam\u201c.<br \/>\n&#8230; Alles vom 31.10.2020 bitte lesen auf<br \/>\n<a href=\"https:\/\/philosophia-perennis.com\/2020\/10\/31\/linksgruener-homoverband-fordert-muslimischen-schwulenhass-nicht-laenger-zu-bagatellisieren\/\">https:\/\/philosophia-perennis.com\/2020\/10\/31\/linksgruener-homoverband-fordert-muslimischen-schwulenhass-nicht-laenger-zu-bagatellisieren\/<\/a><br \/>\n.<br \/>\nKommentar:<br \/>\nDas ist genau einer der Gr\u00fcnde wieso ich als Schwuler nie Links\/Gr\u00fcn w\u00e4hlen werde: Aus meiner Sicht sind diese Parteien die gr\u00f6sste Gefahr f\u00fcr unsere Freiheit und unsere Rechte. Sie wollen nur unsere Stimmen und uns einreden wir w\u00e4ren Opfer. Wer aber parallel dazu jede Kritik an islamischen Werten ( eher Antiwerte ) verteufelt, tut uns, Frauen und der Freiheit aller Menschen keinen Dienst, sondern arbeitet aktiv an der Abschaffung aller westlichen Werte. Und obwohl man uns immer einreden will, eher rechts orientierte Menschen wollten uns unterdr\u00fccken, akzeptierten uns nicht und wollten unsere Rechte beschneiden, habe ich pers\u00f6nlich eher das Gegenteil erlebt: Akzeptanz ohne unn\u00f6tigen Opferkult. Zudem geh\u00f6re ich halt auch nicht zur Schneeflockengeneration, die glaubt, jeder d\u00fcrfe nur Postives sagen und m\u00fcsse einen lieben, zur Not auch per Gesetz unter Androhung von Repressionen. Ich habe kein Problem, mit Schwulenwitzen, Kritik oder wenn jemand meine Orientierung nicht bef\u00fcrwortet. So lange meine Rechte gewahrt bleiben und ich vor dem Gesetz gleich behandelt werde, ist das ausreichend f\u00fcr mich. Andere Meinungen empfinde ich nicht automatisch als Diskriminierung sondern gestehe sie anderen Menschen auch zu, genau so, wie ich mir auch erlaube, Dinge zu kritisieren die ich als schlecht oder unmoralisch empfinde (z.B. unn\u00f6tige Abtreibungen). Die einzige echte Bedrohung f\u00fcr meine Rechte, resp. l\u00e4ngerfristig sogar f\u00fcr mein Leben, sehe ich in der zunehmenden Islamisierung des Westens, welche genau von Links\/Gr\u00fcn gef\u00f6rdert, ja gar bejubelt wird.<br \/>\n31.10.2020, Ron, PPO<br \/>\n.<\/p>\n<p><strong>LSVD: Islamistischer Angriff auf schwules Paar in Dresden<\/strong><br \/>\nS\u00e4chsische Polizei, Staatsanwaltschaft und Innenministerium verschwiegen m\u00f6gliches homosexuellenfeindliches Tatmotiv &#8230;<br \/>\nAm 04. Oktober wurde in der Innenstadt von Dresden ein schwules Paar von einem Islamisten mit zwei Messern angegriffen. Dabei wurde einer der M\u00e4nner des Paares get\u00f6tet, der andere schwer verletzt. Der T\u00e4ter wurde am 21. Oktober verhaftet. Am Sonntag, den 01. November, findet um 16:00 Uhr am Tatort in der Schlo\u00dfstra\u00dfe eine Mahnwache und Schweigeminute f\u00fcr die beiden Opfer des Attentats statt. Trotz erster Anzeichen f\u00fcr ein homosexuellenfeindliches Tatmotiv haben die s\u00e4chsische Polizei, Staatsanwaltschaft und Innenministerium verschwiegen, dass es sich um ein m\u00f6gliches LSBTIQ-feindliches Hassverbrechen gehandelt haben k\u00f6nnte. Dies wurde erst nach Medienrecherchen \u00f6ffentlich. Selbst nach Bekanntwerden wiegelte etwa der Dresdner Oberstaatsanwalt J\u00fcrgen Schmidt bei einer Pressekonferenz eine Frage nach Homosexuellenfeindlichkeit als Motiv unter Verweis auf laufende Ermittlungen ab. Er wolle sich nicht \u201ezur sexuellen Orientierung von Tatopfern\u201c \u00e4u\u00dfern. Das sei \u201enicht unsere Aufgabe\u201c. Als ob Homosexualit\u00e4t etwas sei, \u00fcber das nicht gesprochen werden darf, als ob sie per se irrelevant f\u00fcr ein Gewaltverbrechen sei.<br \/>\n&#8230;.<br \/>\nPressemitteilung des Verbandes (LSVD Berlin Brandenburg):<br \/>\n\u201eMit gro\u00dfer Irritation nimmt der Lesben- und Schwulenverband Berlin-Brandenburg (LSVD) den \u00f6ffentlichen Umgang mit dem Terroranschlag von Dresden zur Kenntnis. Die Gleichg\u00fcltigkeit, mit der Politik und Gesellschaft auf dieses grauenhafte Verbrechen reagieren, ist zutiefst verst\u00f6rend. Vollkommen unverst\u00e4ndlich ist, warum die islamistischen Einstellungen des T\u00e4ters und die mutma\u00dflich homosexuellenfeindliche Motivation der Tat \u00fcber Wochen verschwiegen und erst nach Zeitungsrecherchen bekannt wurden.<br \/>\nDie befremdliche Aussage des Dresdner Oberstaatsanwaltes, man \u00e4u\u00dfere sich \u201ezur sexuellen Orientierung von Tatopfern nicht\u201c, lassen den Verdacht aufkommen, man sei in puncto Homophobie mit Blindheit geschlagen. Es geht im \u00dcbrigen gar nicht um die sexuelle Orientierung der Opfer, sondern um die Motive des T\u00e4ters, die vorbehaltlos aufzukl\u00e4ren sind.<br \/>\nDas anhaltende Schweigen der Repr\u00e4sentanten von Politik und Gesellschaft ist besch\u00e4mend und wirft ein bezeichnendes Licht auf den verfehlten Umgang mit religi\u00f6sem Extremismus. W\u00e4hrend der franz\u00f6sische Pr\u00e4sident nach der Ermordung eines Lehrers durch einen jugendlichen Islamisten sofort und entschieden reagierte, fehlt eine gleichartige Reaktion auf den Dresdner Fall in Deutschland bis heute. Doch den islamistischen Terror wie auch den rechtsradikalen Terror werden wir nicht \u00fcberwinden, indem wir ihn beschweigen und bagatellisieren. Wir m\u00fcssen dem religi\u00f6sen Extremismus ebenso wie dem Rechtsextremismus entschieden entgegentreten.\u201c \u2013 so weit die Pressemitteilung.<br \/>\n&#8230; Alles vom 30.10.2020 bitte lesen auf<br \/>\n<a href=\"https:\/\/www.lsvd.de\/de\/ct\/3826-Islamistischer-Angriff-auf-schwules-Paar-in-Dresden\">https:\/\/www.lsvd.de\/de\/ct\/3826-Islamistischer-Angriff-auf-schwules-Paar-in-Dresden<\/a><\/p>\n<p>&nbsp;<\/p>\n","protected":false},"excerpt":{"rendered":"<p>Home\u00a0&gt;Engagement\u00a0&gt;Zukunft\u00a0&gt;Demokratie\u00a0&gt;Terror \u00a0&gt;Dresden-Messermord04-10-2020 &nbsp; Sascha Lobo zu Dresden: Verniedlichungsrassismus (21.10.2021) Bundesamt f\u00fcr Verfassungsschutz verschweigt schwulenfeindliches Motiv (2.7.2021) Der Schwulenm\u00f6rder von Dresden: Warum dulden wir solche Leute hier? (22.5.2021) Dresden-Terror: \u201eOhne Namen, ohne Gesicht, ohne Geschichte\u201c (17.11.2020) Merkel: \u201eDer islamistische Terror ist &hellip; <a href=\"https:\/\/www.freiburg-schwarzwald.de\/blog\/engagement\/zukunft\/demokratie\/dresden-messermord04-10-2020\/\">Weiterlesen <span class=\"meta-nav\">&rarr;<\/span><\/a><\/p>\n","protected":false},"author":2,"featured_media":0,"parent":21084,"menu_order":0,"comment_status":"closed","ping_status":"closed","template":"","meta":{"footnotes":""},"class_list":["post-84267","page","type-page","status-publish","hentry"],"_links":{"self":[{"href":"https:\/\/www.freiburg-schwarzwald.de\/blog\/wp-json\/wp\/v2\/pages\/84267","targetHints":{"allow":["GET"]}}],"collection":[{"href":"https:\/\/www.freiburg-schwarzwald.de\/blog\/wp-json\/wp\/v2\/pages"}],"about":[{"href":"https:\/\/www.freiburg-schwarzwald.de\/blog\/wp-json\/wp\/v2\/types\/page"}],"author":[{"embeddable":true,"href":"https:\/\/www.freiburg-schwarzwald.de\/blog\/wp-json\/wp\/v2\/users\/2"}],"replies":[{"embeddable":true,"href":"https:\/\/www.freiburg-schwarzwald.de\/blog\/wp-json\/wp\/v2\/comments?post=84267"}],"version-history":[{"count":5,"href":"https:\/\/www.freiburg-schwarzwald.de\/blog\/wp-json\/wp\/v2\/pages\/84267\/revisions"}],"predecessor-version":[{"id":96962,"href":"https:\/\/www.freiburg-schwarzwald.de\/blog\/wp-json\/wp\/v2\/pages\/84267\/revisions\/96962"}],"up":[{"embeddable":true,"href":"https:\/\/www.freiburg-schwarzwald.de\/blog\/wp-json\/wp\/v2\/pages\/21084"}],"wp:attachment":[{"href":"https:\/\/www.freiburg-schwarzwald.de\/blog\/wp-json\/wp\/v2\/media?parent=84267"}],"curies":[{"name":"wp","href":"https:\/\/api.w.org\/{rel}","templated":true}]}}