{"id":84072,"date":"2020-10-25T19:16:22","date_gmt":"2020-10-25T18:16:22","guid":{"rendered":"https:\/\/www.freiburg-schwarzwald.de\/blog\/?page_id=84072"},"modified":"2024-10-25T10:13:56","modified_gmt":"2024-10-25T08:13:56","slug":"maske","status":"publish","type":"page","link":"https:\/\/www.freiburg-schwarzwald.de\/blog\/business\/gesund\/corona-virus\/maske\/","title":{"rendered":"Maske"},"content":{"rendered":"<p><a href=\"https:\/\/www.freiburg-schwarzwald.de\/blog\">Home<\/a>\u00a0&gt;<a title=\"Business\" href=\"https:\/\/www.freiburg-schwarzwald.de\/blog\/business\">Business<\/a>\u00a0&gt;<a title=\"Gesund\" href=\"https:\/\/www.freiburg-schwarzwald.de\/blog\/business\/gesund\/\">Gesund<\/a>\u00a0&gt;<a title=\"Medizin\" href=\"https:\/\/www.freiburg-schwarzwald.de\/blog\/business\/gesund\/medizin\/\">Medizin<\/a>\u00a0&gt;<a title=\"Corona-Virus\" href=\"https:\/\/www.freiburg-schwarzwald.de\/blog\/business\/gesund\/corona-virus\/\">Corona-Virus<\/a> &gt;Maske<\/p>\n<div id=\"attachment_80378\" style=\"width: 651px\" class=\"wp-caption alignnone\"><a href=\"https:\/\/www.freiburg-schwarzwald.de\/blog\/wp-content\/uploads\/2020\/04\/corona-atemschutzmasken2020-04pan.jpg\"><img loading=\"lazy\" decoding=\"async\" aria-describedby=\"caption-attachment-80378\" class=\"size-full wp-image-80378\" src=\"https:\/\/www.freiburg-schwarzwald.de\/blog\/wp-content\/uploads\/2020\/04\/corona-atemschutzmasken2020-04pan.jpg\" alt=\"\" width=\"641\" height=\"340\" srcset=\"https:\/\/www.freiburg-schwarzwald.de\/blog\/wp-content\/uploads\/2020\/04\/corona-atemschutzmasken2020-04pan.jpg 641w, https:\/\/www.freiburg-schwarzwald.de\/blog\/wp-content\/uploads\/2020\/04\/corona-atemschutzmasken2020-04pan-180x95.jpg 180w, https:\/\/www.freiburg-schwarzwald.de\/blog\/wp-content\/uploads\/2020\/04\/corona-atemschutzmasken2020-04pan-640x339.jpg 640w\" sizes=\"auto, (max-width: 641px) 100vw, 641px\" \/><\/a><p id=\"caption-attachment-80378\" class=\"wp-caption-text\">Gesichtsmasken zur Coronakrise &#8211; selbstgemacht im April 2020<\/p><\/div>\n<ul>\n<li>73 Millionen Euro Anwaltskosten f\u00fcr Maskenprozesse (21.10.2024)<\/li>\n<li><a href=\"https:\/\/www.freiburg-schwarzwald.de\/blog\/selbsthilfe\/soziales\/justiz\/richter\/\">Berufsverbot: \u201eSensationsrichter\u201c von Weimar kaltgestellt<\/a> (25.1.2023)<\/li>\n<li>Masken &#8211; Gefangenenchor (15.3.2023)<\/li>\n<li><a href=\"https:\/\/www.freiburg-schwarzwald.de\/blog\/business\/gesund\/klinik\/\">Chaos in den Kinderkliniken \u2013 Immunsystem<\/a>\u00a0(11.12.2022)<\/li>\n<li><a href=\"https:\/\/www.freiburg-schwarzwald.de\/blog\/natur\/klima\/klima-religion\/letzte\/\">Die Hysterisierbarkeit der endaufgekl\u00e4rten Letzten Menschen<\/a> (29.11.2022)<\/li>\n<li><a href=\"https:\/\/www.freiburg-schwarzwald.de\/blog\/keine-masken-in-altenheimen\/\">Keine Masken in Altenheimen<\/a> (12.10.2022)<\/li>\n<li>Ampel ohne Maske im Regierungsflugzeug nach Canada (26.8.2022)<\/li>\n<li><a href=\"https:\/\/www.freiburg-schwarzwald.de\/blog\/business\/gesund\/corona-virus\/corona-versoehnung\/\">Deutschland vor dem dritten Corona-Herbst: Die illiberale Mehrheit sollte um Entschuldigung bitten<\/a> (3.8.2022)<\/li>\n<li><a href=\"https:\/\/www.freiburg-schwarzwald.de\/blog\/ab-herbst-geimpft-oder-maske\/\">Ab Herbst: Geimpft oder Maske<\/a>\u00a0(4.8.2022)<\/li>\n<li><a href=\"https:\/\/www.freiburg-schwarzwald.de\/blog\/tourismus\/camping\/camping-moeslepark\/\">Spa-Hostel in Freiburg-Waldsee spricht Hausverbot f\u00fcr Maskentr\u00e4ger aus<\/a>\u00a0(3.6.2022)<\/li>\n<li>Maskenpflicht: Ist das Ziel erreicht, kommt ein neues Ziel auf den Tisch (30.3.2022)<\/li>\n<li><a href=\"https:\/\/www.freiburg-schwarzwald.de\/blog\/freedom-day-nicht-fuer-kinder\/\">Freedom Day \u2013 nicht f\u00fcr Kinder<\/a>\u00a0(20.3.2022)<\/li>\n<li><a href=\"https:\/\/www.freiburg-schwarzwald.de\/blog\/maske-demo-fr-ja-vfb-s-nein\/\">Maske: Demo FR ja \u2013 VfB S nein<\/a>\u00a0(19.3.2022)<\/li>\n<li><a href=\"https:\/\/www.freiburg-schwarzwald.de\/blog\/unmask-our-kids-petition\/\">Unmask our kids &#8211; Petition<\/a> (28.2.2022)<\/li>\n<li>Maskenpflicht: &#8222;Wie werdet Ihr Euren Enkeln erkl\u00e4ren?&#8220; (18.2.2022)<\/li>\n<li><a href=\"https:\/\/www.freiburg-schwarzwald.de\/blog\/masken-runter-kinder-befreien\/\">Masken runter \u2013 Kinder befreien<\/a>\u00a0(16.2.2022)<\/li>\n<li>Masken in Bezug auf Covid-19 wirkungslos (14.2.2022)<\/li>\n<li><a href=\"https:\/\/www.freiburg-schwarzwald.de\/blog\/business\/gesund\/corona-virus\/impfzwang\/\">Masken wirken nicht<\/a> (8.2.2022)<\/li>\n<li><a href=\"https:\/\/www.freiburg-schwarzwald.de\/blog\/kinder-gehoeren-in-die-schule\/\">Kinder geh\u00f6ren in die Schule<\/a>\u00a0(11.1.2022)<\/li>\n<li><a href=\"https:\/\/www.freiburg-schwarzwald.de\/blog\/jos-fritz-maske-auf-nazis-raus\/\">Jos Fritz: Maske auf, Nazis raus<\/a>\u00a0(24.12.2021)<\/li>\n<li><a href=\"https:\/\/www.freiburg-schwarzwald.de\/blog\/lasst-die-kinder-in-ruhe\/\">Lasst die Kinder in Ruhe<\/a>\u00a0(28.11.2021)<\/li>\n<li><a href=\"https:\/\/www.freiburg-schwarzwald.de\/blog\/gegen-masken-im-unterricht\/\">Gegen Masken im Unterricht<\/a> (25.9.2021)<\/li>\n<li><a href=\"https:\/\/www.freiburg-schwarzwald.de\/blog\/eine-trompete-in-der-kajo\/\">Eine Trompete in der KaJo<\/a> (18.9.2021)<\/li>\n<li>Martin Walser: Keine Literaturlesung vor Maskentr\u00e4gern (24.7.2021)<\/li>\n<li><a href=\"https:\/\/www.freiburg-schwarzwald.de\/blog\/5vor12-fuer-kids-und-teens-in-fr\/\">5vor12 f\u00fcr Kids und Teens in FR<\/a>\u00a0(22.5.2021)<\/li>\n<li><a href=\"https:\/\/www.freiburg-schwarzwald.de\/blog\/kinder-als-corona-leidtragende\/\">Kinder als Coroa-Leidtragende<\/a>\u00a0(21.5.2021)<\/li>\n<li><a href=\"https:\/\/www.freiburg-schwarzwald.de\/blog\/weimar-kinder-ohne-maske\/\">Weimar-Urteil: Schulkinder ohne Maske<\/a>\u00a0(12.4.2021<\/li>\n<li><a href=\"https:\/\/www.freiburg-schwarzwald.de\/blog\/global\/eu\/eu-aussenpolitik\/\">Vom Islam lernen: Frauen mit Maske unten \u2013 M\u00e4nner oben<\/a>\u00a0(8.4.2021)<\/li>\n<li><a href=\"https:\/\/www.freiburg-schwarzwald.de\/blog\/business\/gesund\/corona-virus\/corona-kinder\/\">Generation Maske: Geraubte Kindheit<\/a> (1.4.2021)<\/li>\n<li>Dr. med. Margareta Griesz-Brisson zu Maske und Impfung (6.3.2021)<\/li>\n<li>Berechtigungsscheine f\u00fcr Schutzmasken &#8211; Offener Brief (6.2.2021)<\/li>\n<li>Maas beweist: Es gibt ein deutsches und ein t\u00fcrkisches Covid19-Virus (19.1.2021)<\/li>\n<li><a href=\"https:\/\/www.freiburg-schwarzwald.de\/blog\/business\/gesund\/virus\/\">Die Abschaffung der Grippe \u2013 Influenza in Covid19 umbenannt<\/a>\u00a0(15.1.2021)<\/li>\n<li><a href=\"https:\/\/www.freiburg-schwarzwald.de\/blog\/business\/gesund\/corona-virus\/lockdown\/\">Neue Ioannidis-Studie erweist Lockdowns als wirkungslos<\/a>\u00a0(12.1.2021)<\/li>\n<li><a href=\"https:\/\/www.freiburg-schwarzwald.de\/blog\/vauban-ist-ueberall\/\">Vauban ist \u00fcberall<\/a>\u00a0(9.1.2021)<\/li>\n<li><a href=\"https:\/\/www.freiburg-schwarzwald.de\/blog\/selbsthilfe\/kinder\/\">Prof H\u00fcther: Was die Corona-Massnahmen mit unseren Kindern machen<\/a>\u00a0(19.12.2020)<\/li>\n<li>\u201eWenn die alle besser die Masken tragen und nicht so viel ,Querdenker\u2018-Demos haben\u201c (2.12.2020)<\/li>\n<li><a href=\"https:\/\/www.freiburg-schwarzwald.de\/blog\/business\/gesund\/corona-virus\/corona-angst\/\">Positiv PCR-Getestete ungleich Coronaf\u00e4lle, Neuinfizierte bzw. Erkrankte<\/a>\u00a0(27.11.2020)<\/li>\n<li><a href=\"https:\/\/www.freiburg-schwarzwald.de\/blog\/schuelerinnen-zum-lockdown\/\">Drei Sch\u00fclerinnen zum Lockdown<\/a>\u00a0(15.11.2020)<\/li>\n<li><a href=\"https:\/\/www.freiburg-schwarzwald.de\/blog\/kultur\/kulturverlust\/sprachregime\/\">Schillerrede 2020 von Prof Drosten: Auch Sch\u00fcller w\u00fcrde Maske tragen<\/a>\u00a0(15.11.2020)<\/li>\n<li>Dr. Gunter Frank: Gegen Inkompetenz nutzt sachliches Dagegenhalten (10.11.2020)<\/li>\n<li><a href=\"https:\/\/www.freiburg-schwarzwald.de\/blog\/business\/gesund\/corona-virus\/corona\/\">Masken gef\u00e4hrden unsere Gesundheit und helfen nicht gegen Viren<\/a> (4.11.2020)<\/li>\n<li>Kritischer Aichacher Gesundheitsamtschef wird versetzt (4.11.2020)<\/li>\n<li><a href=\"https:\/\/www.freiburg-schwarzwald.de\/blog\/schweden-herdenimmunitaet\/\">Schweden \u2013 Herdenimmunit\u00e4t: Warum schweigen die Medien?<\/a>\u00a0(1.11.2020)<\/li>\n<li><a href=\"https:\/\/www.freiburg-schwarzwald.de\/blog\/lockdown-lockdown-und-dann\/\">Lockdown, Lockdown und dann<\/a>? (29.10.2020)<\/li>\n<li><a href=\"https:\/\/www.freiburg-schwarzwald.de\/blog\/corona-angstmacher-gleichung\/\">Corona Angstmacher-Gleichung<\/a>\u00a0(26.10.2020)<\/li>\n<li>Dr. Thomas K\u00fclken: Wissenschaft, Lehrer und Maske (24.10.2020)<\/li>\n<\/ul>\n<ul>\n<li><a title=\"Corona\" href=\"https:\/\/www.freiburg-schwarzwald.de\/blog\/business\/gesund\/corona-virus\/corona\/\">Corona<\/a><\/li>\n<li><a title=\"Corona-Angst\" href=\"https:\/\/www.freiburg-schwarzwald.de\/blog\/business\/gesund\/corona-virus\/corona-angst\/\">Corona-Angst<\/a><\/li>\n<li><a title=\"Corona-Demo\" href=\"https:\/\/www.freiburg-schwarzwald.de\/blog\/business\/gesund\/corona-virus\/corona-demo\/\">Corona-Demo<\/a><\/li>\n<li><a href=\"https:\/\/www.freiburg-schwarzwald.de\/blog\/business\/gesund\/corona-virus\/corona-kinder\/\">Corona-Kinder<\/a><\/li>\n<li><a title=\"Corona-Migration\" href=\"https:\/\/www.freiburg-schwarzwald.de\/blog\/business\/gesund\/corona-virus\/corona-migration\/\">Corona-Migration<\/a><\/li>\n<li><a title=\"Corona-NGO\" href=\"https:\/\/www.freiburg-schwarzwald.de\/blog\/business\/gesund\/corona-virus\/corona-ngo\/\">Corona-NGO<\/a><\/li>\n<li><a title=\"Corona-Virus\" href=\"https:\/\/www.freiburg-schwarzwald.de\/blog\/business\/gesund\/corona-virus\/\">Corona-Virus<\/a><\/li>\n<li><a title=\"Corona-Sozialismus\" href=\"https:\/\/www.freiburg-schwarzwald.de\/blog\/business\/rezession\/corona-sozialismus\/\">Corona-Sozialismus<\/a><\/li>\n<li><a title=\"Crash\" href=\"https:\/\/www.freiburg-schwarzwald.de\/blog\/business\/rezession\/crash\/\">Crash der Wirtschaft<\/a><\/li>\n<li><a href=\"https:\/\/www.freiburg-schwarzwald.de\/blog\/business\/gesund\/corona-virus\/impfung\/\">Impfung<\/a><\/li>\n<li><a href=\"https:\/\/www.freiburg-schwarzwald.de\/blog\/business\/gesund\/arzt\/kuelken\/\">Dr. K\u00fclken<\/a><\/li>\n<li><a title=\"Lebensschutz\" href=\"https:\/\/www.freiburg-schwarzwald.de\/blog\/business\/gesund\/lebensschutz\/\">Lebensschutz<\/a><\/li>\n<\/ul>\n<p>&nbsp;<\/p>\n<p>Gegen das Virus helfen Maske, Abstandsregeln und Impfung &#8211; hoffentlich gut so.<br \/>\nGegen die Kollateralsch\u00e4den helfen keine Schuldzuweisungen an das Virus.<br \/>\n.<br \/>\nDie Masken der Untertan<br \/>\nDie Leute st\u00f6rt es nicht wirklich,<br \/>\ndass du keine Maske tr\u00e4gst.<br \/>\nWenn es bedrohlich w\u00e4re<br \/>\nw\u00fcrden sie sich einfach von dir fern halten.<br \/>\nEs st\u00f6rt sie, da\u00df du ungehorsam bist und<br \/>\neine St\u00e4rke ein Licht auf ihre Schw\u00e4che wirft.<\/p>\n<div id=\"attachment_106684\" style=\"width: 554px\" class=\"wp-caption alignnone\"><a href=\"https:\/\/www.freiburg-schwarzwald.de\/blog\/wp-content\/uploads\/2022\/11\/maske-schleuse-pan221127.jpg\"><img loading=\"lazy\" decoding=\"async\" aria-describedby=\"caption-attachment-106684\" class=\"size-full wp-image-106684\" src=\"https:\/\/www.freiburg-schwarzwald.de\/blog\/wp-content\/uploads\/2022\/11\/maske-schleuse-pan221127.jpg\" alt=\"\" width=\"544\" height=\"333\" srcset=\"https:\/\/www.freiburg-schwarzwald.de\/blog\/wp-content\/uploads\/2022\/11\/maske-schleuse-pan221127.jpg 544w, https:\/\/www.freiburg-schwarzwald.de\/blog\/wp-content\/uploads\/2022\/11\/maske-schleuse-pan221127-180x110.jpg 180w\" sizes=\"auto, (max-width: 544px) 100vw, 544px\" \/><\/a><p id=\"caption-attachment-106684\" class=\"wp-caption-text\">Die letzte Angst vor der letzten Gefahr im Herbst 2022<\/p><\/div>\n<p>========================================================<\/p>\n<p>&nbsp;<\/p>\n<p><strong>73 Millionen Euro Anwaltskosten f\u00fcr Maskenprozesse<\/strong><br \/>\n<strong>Immense Corona-Altlasten zum Schaden der Steuerzahler<\/strong><br \/>\n&#8230; Um gen\u00fcgend Masken f\u00fcr die deutsche Bev\u00f6lkerung zu haben, kaufte der Bund unter der Regie des damaligen Bundesgesundheitsministers Jens Spahn im Fr\u00fchjahr 2020 5,7 Milliarden Masken f\u00fcr 5,9 Milliarden Euro. Geld spielte keine Rolle, schlie\u00dflich ging es um die Volksgesundheit. Daher verwundert kaum, dass bei dem Deal auch Liefervertr\u00e4ge ohne Verhandlungen zu festen Preisen zustande kamen.<br \/>\nDazu passt: An die Bev\u00f6lkerung verteilt wurden allerdings nur zwei Milliarden Masken. Der Rest wurde nie verwendet bzw. schlicht vernichtet. Der \u00dcbereifer der Regierung Merkel d\u00fcrfte den Bund \u2013 und damit die Steuerzahler \u2013 2,3 Milliarden Euro kosten <a href=\"https:\/\/www.tagesschau.de\/investigativ\/ndr-wdr\/corona-pandemie-masken-bundesregierung-100.html\">https:\/\/www.tagesschau.de\/investigativ\/ndr-wdr\/corona-pandemie-masken-bundesregierung-100.html<\/a> . Hinzu kommen Zinsen sowie Rechts- und Verfahrenskosten, die die Summe auf bis zu 3,5 Milliarden Euro treiben k\u00f6nnte. Angesichts solcher Zahlen klingt Spahns Buch \u201eWir werden einander viel verzeihen m\u00fcssen\u201c wie blanker Hohn.<br \/>\nAllein an Anwaltskosten sind bisher 73 Millionen Euro aufgelaufen, wie das Finanzmagazin \u201eCapital\u201c berichtet <a href=\"https:\/\/www.capital.de\/wirtschaft-politik\/masken-prozesse--bund-zahlt-73-mio--euro-fuer-anwaelte-35154142.html\">https:\/\/www.capital.de\/wirtschaft-politik\/masken-prozesse&#8211;bund-zahlt-73-mio&#8211;euro-fuer-anwaelte-35154142.html<\/a> , das sich auf aktuellen Bericht des Ministeriums an den Haushaltsausschuss des Bundestags bezieht.<br \/>\n&#8230; Alles vom 21.10.2024 bitte lesen auf<br \/>\n<a href=\"https:\/\/reitschuster.de\/post\/73-millionen-euro-anwaltskosten-fuer-maskenprozesse\/\">https:\/\/reitschuster.de\/post\/73-millionen-euro-anwaltskosten-fuer-maskenprozesse\/<\/a><\/p>\n<p>&nbsp;<\/p>\n<p><strong>Masken &#8211; Gefangenenchor<\/strong><br \/>\nFreie Video- Interpretation von Verdis Meisterst\u00fcck (Va, pensiero) aus seiner Oper Nabucco.<br \/>\nEs ist als ein Zeitdokument gegen das Vergessen entstanden:<br \/>\n<a href=\"https:\/\/youtu.be\/x0jVUpMeWBQ\">https:\/\/youtu.be\/x0jVUpMeWBQ<\/a><br \/>\n15.3.2023<br \/>\n.<\/p>\n<p><strong>Ampel ohne Maske im Regierungsflugzeug nach Canada<\/strong><br \/>\n<a href=\"https:\/\/www.freiburg-schwarzwald.de\/blog\/global\/deutschland\/moral2015\/doppelmoral\/\">Doppelmoral<\/a> der M\u00e4chtigen &#8211; Die Eliten lassen die Maske fallen<br \/>\nMichael Paulwitz<br \/>\nAn der Maske spaltet sich die Gesellschaft. Die Nomenklatura im Regierungsflugzeug, der Fu\u00dfballprofi, die Minister bei Staatsempfang und Fototermin d\u00fcrfen frei und ohne Maske ihr Gesicht zeigen; das Urlaubervolk im Ferienflieger, die Nachwuchskicker beim Stadioneinzug, die Bahnfahrer, die Bediensteten, die Sicherheitskr\u00e4fte, die Sch\u00fcler im Klassenzimmer m\u00fcssen weiter die erzwungene Vermummung ertragen.<br \/>\nDie sich f\u00fcr die \u201eElite\u201c halten, nehmen Freiheiten f\u00fcr sich in Anspruch, die im \u00fcbrigen Europa l\u00e4ngst wieder selbstverst\u00e4ndlich sind, die sie dem Normalb\u00fcrger aber immer noch nicht zugestehen wollen. F\u00fcr den haben sie schon wieder neue Zwangsma\u00dfnahmen in der Schublade. Auf diese Doppelmoral angesprochen, rechtfertigen sie auch noch, warum f\u00fcr sie andere Regeln gelten sollen als f\u00fcr den Rest. Statt selbst die richtigen Fragen zu stellen, giften ihre Begleitjournalisten gegen \u201eTrolle\u201c, die es wagen, ihre Privilegien in Frage zu stellen.<br \/>\nIm Grunde ist es ganz einfach: Entweder wir finden uns mit dem Abgleiten in die Zwei-Klassen-Feudalgesellschaft ab, in der einige \u201egleicher\u201c sind als der Rest, oder die Gesetze gelten f\u00fcr alle in gleicher Weise. Wenn sie zu absurd und untauglich sind, m\u00fcssen sie zur\u00fcckgenommen werden. Die Bilder von Regierungsdelegation und Hauptstadtjournalisten, entspannt und maskenfrei in der Kanzlermaschine nach Kanada, liefern die besten Argumente f\u00fcr ein Ende des repressiven deutschen Corona-Sonderwegs.<br \/>\n&#8230; Alles vom 26.8.2022 bitte lesen in der JF 35\/22, Seite 2<\/p>\n<p>&nbsp;<\/p>\n<p><strong>Maskenpflicht: Ist das Ziel erreicht, kommt ein neues Ziel auf den Tisch<\/strong><br \/>\nZu: &#8222;Maskenpflicht im S\u00fcdwesten bleibt vorerst&#8220;, Beitrag von Jens Schmitz und Agentur (Politik, 16. M\u00e4rz)<br \/>\nSo langsam frage ich mich, ob das Coronavirus nicht auch andere K\u00f6rperregionen angreift und sch\u00e4digt, die \u00fcblicherweise mit dem Denken zu tun haben. Denn wie kann es sein, dass Nachbarl\u00e4nder wie die Schweiz alle Beschr\u00e4nkungen aufheben und wir in Baden-W\u00fcrttemberg immer noch in Hysterie verfallen sind und mit Ma\u00dfnahmen &#8222;rumeiern&#8220;, die \u00e4u\u00dferst fragw\u00fcrdig und in ihrer Wirksamkeit umstritten sind. Warum soll ich eine Maske anziehen, wenn ich ein Restaurant betrete, und darf sie am Tisch wieder ablegen? Ja, die Zahlen sind hoch, doch was f\u00fcr eine Relevanz haben diese Zahlen f\u00fcr den Alltag. Letztes Jahr hatten wir bei einer Inzidenz von 50 einen Lockdown, jetzt haben wir 1500. Kaum eine Familie, die keinen Coronafall zu verzeichnen hat, meist mit leichten Verl\u00e4ufen, selten mit schwereren, und ganz, ganz selten mit einer Einweisung in ein Krankenhaus. Wir haben seit zwei Jahren st\u00e4ndig wechselnde Zielvorgaben. Ist das Ziel erreicht, kommt ein neues Ziel auf den Tisch. Ich bin m\u00fcde geworden. Ich wei\u00df, dass das Virus nicht harmlos ist, so wie auch das Grippevirus es nicht war und ist. Vielleicht sollte man die Landesregierung mal daran erinnern, dass sie einen Regierungsauftrag erhalten hat, aber keinen Schutzauftrag, alle und jeden vor allem zu sch\u00fctzen. Es wird Zeit, loszulassen von der Angst und Hysterie und den Menschen wieder Normalit\u00e4t zuzugestehen, vereint mit mehr Eigenverantwortung. Nicht im April \u2013 sondern sofort.<br \/>\n30.3.2022, Karl-Hans K\u00f6nig, Bad Krozingen, BZ<\/p>\n<p><strong>Weil Schulen Orte der Begegnung sind<\/strong><br \/>\n&#8222;Warum die FDP dies (das Maskentragen) zwar f\u00fcr den Nahverkehr einsieht, nicht aber f\u00fcr (&#8230;) Schulen, ist nicht nachvollziehbar.&#8220; Mal kurz \u00fcberlegen.<br \/>\nWeil Schulen Orte der Begegnung sind, weil Kommunikation hier zentral ist, weil diese auch wesentlich \u00fcber die Mimik l\u00e4uft,<br \/>\nweil die Maske den direkten Austausch massiv beeintr\u00e4chtigt,<br \/>\nweil sie den Spracherwerb erschwert und den Fremdsprachenunterricht behindert,<br \/>\nweil es tieftraurig ist, dass zwei Jahrg\u00e4nge Grundsch\u00fcler Schule ohne Maske \u00fcberhaupt nicht kennen.<br \/>\nGl\u00fccklicherweise erinnert sich zumindest eine Partei daran, dass der Infektionsschutz nicht dauerhaft auf Kosten der P\u00e4dagogik gehen darf.<br \/>\n30.3.2022, Ann-Katrin Gauerke, Rheinfelden, BZ<\/p>\n<p><strong>Maskenpflicht: &#8222;Wie werdet Ihr Euren Enkeln erkl\u00e4ren?&#8220;<\/strong><br \/>\n&#8222;Wie werdet Ihr Euren Enkeln erkl\u00e4ren, wenn sie fragen, warum und seit wann es die Maskenpflicht gibt?&#8220; Diese Frage von Benedikt Brechtken (JuLi FDP) am 19.1.2022 auf Twitter wird sich auch nach dem Freedom Day vom 19.3.2022 stellen, ab dem weiterhin Basisschutz-Ma\u00dfnahmen gelten werden wie Maskenpflicht, Impfpflicht und Testpflichten. Die Hauptleidtragenden sind die Kinder,<br \/>\n&#8222;Auf Teufel komm raus soll die Maskenpflicht aufrecht erhalten. So sollen wir und besonders unsere Kinder dazu erzogen werden, \u201edas Maul zu halten\u201c. Wir sollen lernen, dass jedes \u201eFreiheitchen\u201c, jeder kleine Luftzug ein Privileg ist, das sie f\u00fcr ihren Gehorsam geschenkt bekommen. Und das ihnen bei Ungehorsam oder Kritik jederzeit wieder entzogen werden kann&#8220; &#8211; Dr. David Berger am 18.2.2022<br \/>\n18.2.2022<\/p>\n<p>&nbsp;<\/p>\n<p>&nbsp;<\/p>\n<p><strong>Masken in Bezug auf Covid-19 wirkungslos<\/strong><br \/>\nIn Bezug auf die \u00dcbertragung des Covid19-Virus ist das Tragen von Masken ohne Wirkung. man kann den Mund-\/Nasenschutz also genauso gut weglassen. Eine Wirkung besteht allenfalls im <a href=\"https:\/\/www.freiburg-schwarzwald.de\/blog\/engagement\/zukunft\/angst\/angstmachen\/\">Angstmachen<\/a> bzw. darin, da\u00df auf die <a href=\"https:\/\/www.freiburg-schwarzwald.de\/blog\/business\/gesund\/corona-virus\/epidemie\/\">Pandemie<\/a> hingewiesen wird. Die Hauptleidtragenden sind unsere maskentragenden Kinder.<\/p>\n<p>\u201eDie Masken sind f\u00fcr die \u00dcbertragung irrelevant, weil deren Gitter viel weiter sind als der Durchmesser der Viren. In geschlossenen R\u00e4umen ist der Viruspartikelgehalt der Luft mit und ohne Masken gleich hoch, drau\u00dfen gleich niedrig. Die Masken dienen nur dazu, ein Bild der stetigen Pr\u00e4senz des Corona-Virus zu erzeugen und die Angst aufrecht zu erhalten, um das \u201eMa\u00dfnahmen\u201c-Regime weiter zu legitimieren. Wer im Labor mit humanpathogenen Viren arbeitet, atmet aus der Flasche. Masken halten nur Bakterien, Pilze und Protozoen ab, aber keine Viren. Das wei\u00df jeder Mikrobiologe und jeder Chirurg.\u201c<br \/>\n&#8230; Alles vom 14.2.2022 von Viren-Experte Dr. Jochen Ziegler bitte lesen auf<br \/>\n<a href=\"https:\/\/www.achgut.com\/artikel\/das_rki_und_lauterbach_antworten_nicht_nun_antwortet_dr_jochen_ziegler\">https:\/\/www.achgut.com\/artikel\/das_rki_und_lauterbach_antworten_nicht_nun_antwortet_dr_jochen_ziegler<\/a><\/p>\n<p>14.2.2022<\/p>\n<p><a href=\"https:\/\/www.freiburg-schwarzwald.de\/blog\/wp-content\/uploads\/2020\/11\/maske-macht-angst201025.jpg\"><img loading=\"lazy\" decoding=\"async\" class=\"alignnone size-thumbnail wp-image-84304\" src=\"https:\/\/www.freiburg-schwarzwald.de\/blog\/wp-content\/uploads\/2020\/11\/maske-macht-angst201025-101x180.jpg\" alt=\"\" width=\"101\" height=\"180\" srcset=\"https:\/\/www.freiburg-schwarzwald.de\/blog\/wp-content\/uploads\/2020\/11\/maske-macht-angst201025-101x180.jpg 101w, https:\/\/www.freiburg-schwarzwald.de\/blog\/wp-content\/uploads\/2020\/11\/maske-macht-angst201025-360x640.jpg 360w, https:\/\/www.freiburg-schwarzwald.de\/blog\/wp-content\/uploads\/2020\/11\/maske-macht-angst201025.jpg 394w\" sizes=\"auto, (max-width: 101px) 100vw, 101px\" \/><\/a><em>\u00a0 \u00a0 \u00a0&#8230; auch eine Unterhosen-Maske wirkt nicht<\/em><\/p>\n<p>\u201eDie Maskenpflicht ist das einzige Gesetz in Deutschland, das nahezu ausschlie\u00dflich von B\u00fcrgern durchgesetzt wird. Masken sch\u00fctzen nicht unsere Gesundheit, sie schaden unserer Psyche, v.a. Kindern. Es liegt an uns, diesen unterw\u00fcrfigen Lauterbach-Fetisch nicht mehr mitzumachen.\u201c<br \/>\nJulian Reichelt , gefeuerter BILD-Chef am 14.2.2022 um 8.08 Uhr<br \/>\n<a href=\"https:\/\/twitter.com\/jreichelt\/status\/1493120019282202627?cxt=HHwWhsC4xeSv0LgpAAAA\">https:\/\/twitter.com\/jreichelt\/status\/1493120019282202627?cxt=HHwWhsC4xeSv0LgpAAAA<\/a><\/p>\n<p>&nbsp;<\/p>\n<p>&nbsp;<\/p>\n<p><strong>Martin Walser: Keine Literaturlesung vor Maskentr\u00e4gern<\/strong><br \/>\nMartin Walser, 94, ver\u00f6ffentlichte im Fr\u00fchjahr 2021 ein neues Buch: In &#8222;Sprachlaub&#8220; geht es auch um das Alter und den Tod. Im Interview der 3sat-Kulturzeit verriet er, da\u00df er ein weiteres Buch plant, in dem &#8222;Alle meine Tr\u00e4ume&#8220; gesammelt werden. Dabei offenbarte er seine Abneigung gegen Corona-Masken:<br \/>\n<em>&#8222;Ich freu mich sehr da\u00df ich das einmal hoffentlich den Leuten vorlesen kann, das ist sozusagen mein innigster Wunsch. Vor gro\u00dfem Publikum, ja, auf jeden Fall darf da nicht jeder Zweite fehlen, und dann mit solchen Sachen an der Nase, da k\u00f6nnte ich nicht lesen.&#8220;<\/em><br \/>\nIrritierend nur, da\u00df Walser f\u00fcr diese Abneigung gegen Masken vom Moderator als &#8222;Sturkopf&#8220; tituliert wird.<br \/>\n&#8230; Alles vom 24.7.2021 bitte lesen auf<br \/>\n<a href=\"https:\/\/www.3sat.de\/kultur\/kulturzeit\/martin-walser-ueber-leben-und-tod-100.html\">https:\/\/www.3sat.de\/kultur\/kulturzeit\/martin-walser-ueber-leben-und-tod-100.html<\/a><\/p>\n<p>&nbsp;<\/p>\n<p><strong>Dr. med. Margareta Griesz-Brisson zu Maske und Impfung<\/strong><br \/>\n&#8222;Weil wir es nicht wissen&#8220;<br \/>\n<a href=\"https:\/\/youtu.be\/YcethPE_Y9k\">https:\/\/youtu.be\/YcethPE_Y9k<\/a>, 6.3.2021<\/p>\n<p>Dr. med. Margareta Griesz-Brisson, PhD ist die medizinische Direktorin der Londoner Klinik f\u00fcr Neurologie und Schmerz, wo Sie derzeit Patienten betreut.<br \/>\nSie ist spezialisiert auf Neurologie, Neuro-Regeneration, Neuroplastizit\u00e4t, Neurotoxikologie, Umweltmedizin und Schmerzmanagement.<br \/>\nDr. Griesz-Brisson ist Mitglied der American Academy of Neurology, der European Federation of Neurological Societies, der European Academy of Environmental Medicine.<br \/>\nSie ist auch immer wieder als medizinisch-juristische Expertin in Gro\u00dfbritannien, Norwegen, Deutschland der Schweiz und auch den Vereinigten Staaten t\u00e4tig<br \/>\n6.3.2021<\/p>\n<p>&nbsp;<\/p>\n<p><strong>Berechtigungsscheine f\u00fcr Schutzmasken &#8211; Offener Brief<\/strong><br \/>\nIhre \u201eBerechtigungsscheine\u201c<br \/>\nSehr geehrte Frau Bundeskanzlerin,<br \/>\ndie mir unverlangt zugesandten \u201eBerechtigungsscheine\u201c f\u00fcr Schutzmasken sende ich Ihnen hiermit postwendend zur\u00fcck. Die allm\u00e4hliche Verwandlung eines Verfassungsrechtes in ein Zuteilungsrecht lehne ich ab, sowohl was die Zuteilung irgendwelcher G\u00fcter anbelangt, die ich mir, wenn Sie Ihre Arbeit professionell machen w\u00fcrden, jederzeit selbst beschaffen kann und erst recht, was die \u201eZuteilung\u201c von Freiheits- und Grundrechten anbelangt, die mir von der Verfassung uneingeschr\u00e4nkt garantiert werden und zu deren Aufrechterhaltung sie verpflichtet sind.<br \/>\nDaran \u00e4ndert auch ein verfassungswidriger Erm\u00e4chtigungsbeschluss des Bundestages nichts, denn eine <a href=\"https:\/\/www.freiburg-schwarzwald.de\/blog\/business\/gesund\/corona-virus\/epidemie\/\">\u201eepidemische Lage nationaler Tragweite\u201c<\/a> hat es im Jahre 2020 zu keinem einzigen Zeitpunkt gegeben.<br \/>\nTatsachenwahrheiten haben gegen\u00fcber dem Skandalisierungsfuror moderner Medien den Vorzug einer best\u00e4ndigen Hartn\u00e4ckigkeit, sie werden sich mit der Zeit auch bei den Gerichten durchsetzen.<br \/>\nDa Ihnen weder mein noch irgendein anderes Leben von m\u00fcndigen B\u00fcrgern anvertraut ist, treffe ich die jeweils pers\u00f6nliche Abw\u00e4gung zwischen Lebens-Schutz und Lebens-Risiko ausschlie\u00dflich selbst.<br \/>\nEin irgend gearteter \u00dcbergriff steht Ihnen nicht zu.<br \/>\nSie haben als verantwortliche Bundeskanzlerin ohne Not mehr Sch\u00e4den angeh\u00e4uft als alle bisherigen Bundeskanzler zusammengenommen. Ich empfehle Ihnen deshalb zur Schadensbegrenzung dringend, ihr Amt umgehend zur Verf\u00fcgung zu stellen.<br \/>\nMit staatsb\u00fcrgerlichen Gr\u00fc\u00dfen<br \/>\nBoris Blaha, 3.2.2021<br \/>\n<a href=\"https:\/\/www.hannah-arendt.de\/2021\/02\/offener-brief-an-die-bundeskanzlerin-dr-angela-merkel\/\">https:\/\/www.hannah-arendt.de\/2021\/02\/offener-brief-an-die-bundeskanzlerin-dr-angela-merkel\/<\/a><br \/>\n<a href=\"https:\/\/www.hannah-arendt.de\/author\/blahabo\/\">https:\/\/www.hannah-arendt.de\/author\/blahabo\/<\/a><br \/>\n.<\/p>\n<p>Ulrich Sch\u00f6dlbauer hat einen wunderbaren Kommentar zu diesem Brief geschrieben: Der Berechtigte. Boris Blahas Protest<br \/>\n<a href=\"https:\/\/www.achgut.com\/artikel\/maskengeschenke_frau_merkel_nimmt_indem_sie_gibt\">https:\/\/www.achgut.com\/artikel\/maskengeschenke_frau_merkel_nimmt_indem_sie_gibt<\/a><br \/>\n.<br \/>\nEinige Kommentare:<br \/>\n<strong>B\u00fcrger will Abh\u00e4ngigkeit + Unfreiheit: vom Sozialstaat zum Vorsorgestaat<\/strong><br \/>\nIn der Tat existiert eine Tendenz des Staates zur \u00dcbergriffigkeit. Diese Tendenz, seit vielen Jahren zu beobachten (vom \u201cSozialstaat\u201d zum \u201cVorsorgestaat\u201d), hat immer zwei Komponenten: Die eine besteht darin, Menschen in Abh\u00e4ngigkeit zu bringen vom Staat, das ist die gebende Seite, die andere, zwangsl\u00e4ufig damit verbunden, ist die nehmende Seite, und genommen wird: Freiheit. Auf diese Idee ist allerdings nicht \u201cdie Politik\u201d gekommen.<br \/>\nDie Politik reagiert nur auf Str\u00f6mungen, auf Erwartungshaltungen der B\u00fcrger. Begonnen hat dies in den siebziger Jahren mit der sozialliberalen Koalition, denn es wurde nicht \u201cmehr Demokratie\u201d gewagt, sondern vielmehr der Staatssektor in allen Bereichen aufgeblasen, seitdem hat sich der Staat mit seinen Tentakeln in die kleinste Ecke unserer Existenz hineingedr\u00e4ngt.<br \/>\nEs ist nicht, wie S\u00f6der meint, das Virus, das wie eine \u201cPestilenz\u201d (!) (An der Stelle fragt sich jeder geistig Halbbegabte, ob S\u00f6der einfach nur dumm oder verr\u00fcckt ist) \u201cin jede Ritze dringt\u201d. Das tut n\u00e4mlich der Staat. Er fragt nicht einmal mehr, ob man seine vermeintlichen Wohltaten will. Selbst diese Entscheidung wird uns genommen. Er dr\u00e4ngt sich uns auf. Und es ist davon auszugehen, dass Millionen Bundesb\u00fcrger das gut finden, ja die weit \u00fcberwiegende Mehrheit \u201cliebt\u201d den Tantenstaat.<br \/>\nWas kommt wohl dabei heraus, wenn man eine Umfrage startet, ob \u201cRaser\u201d h\u00e4rter bestraft werden sollen? Das Agieren von Frau Merkel, von M. Sitler und all den anderen spiegelt nur das Bed\u00fcrfnis der sogenannten Bev\u00f6lkerung wieder, betantet zu werden, bevormundet zu werden, von allen Lebensrisiken befreit zu werden. Dass damit der Verlust jeder Freiheit, jedes Vergn\u00fcgens, jeder Lebenslust verbunden ist, wird nicht nur hingenommen, sondern gut calvinistisch begeistert begr\u00fc\u00dft. Die Politik aber, die nur noch den fragw\u00fcrdigen W\u00fcnschen einer infantilen und dementen, \u00fcberalterten Gesellschaft folgt, macht sich \u00fcberfl\u00fcssig. Das haben S\u00f6der und co. nicht begriffen. Sie l\u00e4uten ihr Todesgl\u00f6cklein selbst.<br \/>\n6.2.2021, A.R.<br \/>\n.<br \/>\n<strong>&#8230; von meinen Steuerabgaben<\/strong><br \/>\nAuch ich (bin Unternehmer mit sechsstelligen Jahreseinkommen) habe diesen Almosengutschein von der herzensguten Angela bekommen. Irgendwie war ich ger\u00fchrt, dass mir von meinen Steuerabgaben etwa 50 Euro abgezwickt wurden, um mir dann einen Gutschein f\u00fcr 12 Masken im Wert von etwa 40 Euro zuzusenden. Was soll ich damit? Ich habe schon eine Maske und die Dinger halten erfahrungsgem\u00e4\u00df ein Jahr. Zwischendurch wird sie in die Waschmaschine gesteckt, damit sie nicht so stinkt. 12 weitere Masken w\u00e4ren 12 weitere Maskenjahre. Das halt ich nicht aus! Gibt\u00b4s die Masken auch aus Marzipan? Dann w\u00fcrde ich den Gutschein n\u00e4mlich einl\u00f6sen.<br \/>\n6.2.2021, H.ST<br \/>\nEnde Kommentare<\/p>\n<p>&nbsp;<\/p>\n<p><strong>Maas beweist: Es gibt ein deutsches und ein t\u00fcrkisches Covid19-Virus<\/strong><\/p>\n<p><a href=\"https:\/\/www.freiburg-schwarzwald.de\/blog\/wp-content\/uploads\/2021\/01\/maske-maas-tuerkei210119pan.jpg\"><img loading=\"lazy\" decoding=\"async\" class=\"alignnone size-full wp-image-87134\" src=\"https:\/\/www.freiburg-schwarzwald.de\/blog\/wp-content\/uploads\/2021\/01\/maske-maas-tuerkei210119pan.jpg\" alt=\"\" width=\"640\" height=\"389\" srcset=\"https:\/\/www.freiburg-schwarzwald.de\/blog\/wp-content\/uploads\/2021\/01\/maske-maas-tuerkei210119pan.jpg 640w, https:\/\/www.freiburg-schwarzwald.de\/blog\/wp-content\/uploads\/2021\/01\/maske-maas-tuerkei210119pan-180x109.jpg 180w\" sizes=\"auto, (max-width: 640px) 100vw, 640px\" \/><\/a><\/p>\n<p>F\u00fcr den deutschen Leser ist nat\u00fcrlich die notwendige Manipulation anzuwenden.<br \/>\noder:<br \/>\nSo viel Verlogenheit ist schon erstaunlich! Und die <a href=\"https:\/\/www.freiburg-schwarzwald.de\/blog\/kultur\/medien\/gez-medien\/\">GEZ-Medien<\/a> <a href=\"https:\/\/www.freiburg-schwarzwald.de\/blog\/kultur\/medien\/manipulation\/\">manipuliere<\/a>n kr\u00e4ftig mit. Wie war das nochmal mit der <a href=\"https:\/\/www.freiburg-schwarzwald.de\/blog\/kultur\/medien\/luegenpresse\/\">L\u00fcgenpresse<\/a>?<br \/>\n19.1.2021<\/p>\n<p>.<\/p>\n<p>&nbsp;<\/p>\n<p><strong>\u201eWenn die alle besser die Masken tragen und nicht so viel ,Querdenker\u2018-Demos haben &#8230;\u201c<\/strong><br \/>\nBundeskanzlerin Angela Merkel (CDU) warnte, L\u00e4nder wie China oder S\u00fcdkorea k\u00f6nnten wirtschaftlich zu den Gewinnern der Krise geh\u00f6ren. \u201eWo kommen wir da raus? Wo kommt China raus? Wo kommt S\u00fcdkorea raus? Wenn die alle mal viel besser die Masken tragen und nicht so viel ,Querdenker\u2018-Demos haben, sondern derweil schon wieder wirtschaftlichen Aufschwung, dann fragt sich, wo Europa landet nach dieser Pandemie.\u201c<br \/>\n&#8230; Alles vom 2.12.2020 bitte lesen auf<br \/>\n<a href=\"https:\/\/www.welt.de\/politik\/deutschland\/article221568228\/Corona-Wo-landet-Europa-nach-dieser-Pandemie-fragt-sich-Merkel.html\">https:\/\/www.welt.de\/politik\/deutschland\/article221568228\/Corona-Wo-landet-Europa-nach-dieser-Pandemie-fragt-sich-Merkel.html<\/a><\/p>\n<p><strong>Corona und Kohlekraftwerke<\/strong><br \/>\nZitat: \u201eWo kommen wir da raus? Wo kommt China raus? Wo kommt S\u00fcdkorea raus? Wenn die alle mal viel besser die Masken tragen und nicht so viel ,Querdenker\u2018-Demos haben, sondern derweil schon wieder wirtschaftlichen Aufschwung, dann fragt sich, wo Europa landet nach dieser Pandemie.\u201c<br \/>\nDie \u201eWelt\u201c berichtete gestern (1.12.2020) \u00fcber die Abschaltung des erst sechs Jahre alten Kohlekraftwerks Moorburg. Diese hochmoderne Anlage wird stillgelegt, ebenso ein sieben Jahre altes Kohlekraftwerk in Nordrhein-Westfalen. Zwei v\u00f6llig irrationale Entscheidungen, denen weitere vergleichbare folgen werden. Solche politischen Entscheidungen, mit denen eine sichere Stromversorgung gef\u00e4hrdet wird, sorgen mit daf\u00fcr, dass unser Land hinter China und Korea zur\u00fcckf\u00e4llt, nicht ein paar Querdenker-Demos.<br \/>\n2.12.2020, A.Q.<br \/>\n.<br \/>\n<strong>Dieser Kommentar von Merkel macht mich w\u00fctend<\/strong><br \/>\nDas ist wirklich ein Kommentar, der mich w\u00fctend macht, wer auf so viele Weisen v\u00f6llig daneben ist: <em>&#8222;Wenn die alle mal viel besser die Masken tragen und nicht so viel ,Querdenker\u2018-Demos haben, sondern derweil schon wieder wirtschaftlichen Aufschwung, dann fragt sich, wo Europa landet nach dieser Pandemie.\u201c&#8220;<\/em><br \/>\n1. Ist der wesentliche Unterschied zwischen vielen asiatischen (u.a. S\u00fcdkorea, Japan, Taiwan) und europ\u00e4ischen L\u00e4ndern, dass sie die Krise mit digitalen Ma\u00dfnahmen bek\u00e4mpfen. In keinem der L\u00e4nder hat man Probleme mit der Nachverfolgung von Infektionen, weil dort digital erfasst wird und nicht r\u00fcckst\u00e4ndige Beh\u00f6rden h\u00e4ndisch handgeschriebene Zettel aus Restaurants entziffern.<br \/>\n2. Wurde dort mit zielgerichteten Ma\u00dfnahmen (wie z.B. Flugeinreise Kontrollen, Fiebermessen an \u00f6ffentlichen Orten aller Art) sehr effektiv kontrolliert, w\u00e4hrend hier Monate lang Flieger aus aller Welt ohne Kontrollen jeglicher Art starteten und landeten.<br \/>\n3. Wird dort schon seit vielen Jahren\/ Jahrzehnten jedes Jahr zur Zeit der asiatischen Grippe Maske getragen, da diese aggressiver als die europ\u00e4ische ist. W\u00e4hrend hier die Regierung und ihre Berater die Masken aus wissenschaftlicher Sicht f\u00fcr unsinnig erkl\u00e4ren und damit retrospektiv die Bev\u00f6lkerung verunsicherten, ist das dort ein anerkanntes vor\u00fcbergehendes Mittel um die Wahrscheinlichkeit von \u00dcbertragungen zu senken.<br \/>\nAm Schlimmsten (und davon wird mir buchst\u00e4blich schlecht!) finde ich allerdings, dass eine deutsche Volksvertreterin China als vorbildliches Land nennt , weil dort weniger &#8222;Querdenker&#8220; ihre abweichenden Meinungen kundtun und alle so freiwillig vorbildlich handeln. Mal abgesehen davon, dass es vollst\u00e4ndig unwissenschaftlich und propagandistisch ist, wenn so getan wird, als h\u00e4tten Querdenker die Epidemie und Wirtschaftskrise verursacht oder signifikant verl\u00e4ngert, ist China ein Land in dem gerade &#8222;Querdenker&#8220; in Hongkong ins Gef\u00e4ngnis gehen und in dem Abweichler jeder Art in Lagern stecken, diskriminiert oder ausgeschlossen werden.<br \/>\n2.12.2020,M.L.<br \/>\n.<br \/>\n<strong>Genderforschung und Migrantenalimentation sind keine Gesch\u00e4ftsmodelle,<\/strong><br \/>\ndie so richtig gut tragen, aber da ist D. richtig gut.<br \/>\nL\u00e4ndern wie China und Korea (und fast allen anderen L\u00e4ndern auf diesem Planeten) k\u00e4me es auch nicht in den Sinn, massenhaft minderqualifizierte Migranten ins Land zu lassen, diese gro\u00dfz\u00fcgig zu alimentieren und Milliarden daf\u00fcr auszugeben, sie in eine ihnen fremde Kultur zu integrieren. Dieses Experiment ist &#8211; von einigen erfreulichen individuellen Erfolgserlebnissen (die uns ARD + ZDF auch gerne pr\u00e4sentieren) abgesehen &#8211; auf breiter Front gescheitert.<br \/>\n2.12.2020, I.R.<br \/>\n.<br \/>\n<strong>Corona als Ausrede f\u00fcr eigene Unzul\u00e4nglichkeiten<\/strong><br \/>\nAlle politischen Fehlentscheidungen wie panikartige Energiewende, Euro- und EU-Rettung, Migrationspolitik, Klimawandelpolitik und was sonst noch alles auf der Agenda steht, werden mit sozialistisch-kommunistisch basierter Dialektik der Coronakrise unters Hemd gejubelt und dem staunenden Volk als Ausrede f\u00fcr eigene Unzul\u00e4nglichkeiten verkauft.<br \/>\nNein danke, Frau Bundeskanzlerin, es ist nicht Schuld der Pandemie, da\u00df China und S\u00fcdkorea so gut da stehen. Der Staat hat schon l\u00e4nger geschw\u00e4chelt, auch wenn die Auswirkungen bisher wenig bemerkt, weil immer mit viel Geld (letztendlich aus den Taschen seiner Steuerzahler) zugekleistert wurden.<br \/>\n2.12.2020, H.R.<br \/>\n.<br \/>\n<strong>Querdenkerdemos sind schuld<\/strong><br \/>\nEndlich kommt die Wahrheit ans Licht! Dass Deutschland zunehmend den Anschluss verliert, liegt an den Querdenkerdemos und an der mangelnden Disziplin beim Maskentragen!<br \/>\nDamit widerlegt unsere Kanzlerin die b\u00f6sartigen Behauptungen, dass es andere Ursachen haben k\u00f6nnte. Es liegt nicht daran, dass wir mit vielen Milliarden reformunwillige EU-L\u00e4nder sponsern, oder hunderttausenden Personen mit zweifelhafter Aufenthaltsberechtigung jedes Jahr mit Milliarden an Steuergeldern ein angenehmes Leben erm\u00f6glichen. Es stimmt einfach nicht, dass wir mit diesem Geld Forschung und Entwicklung, oder die Digitalisierung deutlich vorw\u00e4rtsbringen k\u00f6nnten. Und es liegt auch nicht daran, dass sich unsere Politiker lieber mit Gendersprech befassen, als mit den wirklich dringenden Aufgaben. Danke Frau Kanzlerin!<br \/>\nWer Satire findet, darf sie behalten!<br \/>\n2.12.2020 TH.B.<br \/>\nEnde der Kommentare<\/p>\n<p>.<\/p>\n<p><strong>Dr. Gunter Frank: Gegen Inkompetenz nutzt sachliches Dagegenhalten<\/strong><br \/>\nManche Leser merken bei meinen Beitr\u00e4gen an, dass diese zu lang und damit schwer zu lesen sind, manche wiederum finden die F\u00fclle von Information und Aspekten gut. Ich versuche mich kurz zu fassen, was zugegebenerma\u00dfen nicht immer gelingt. Im Zweifel geht es im Moment vor allem um breite Information, weil sie in den etablierten Medien einfach fast nur noch einseitig in Form von Panikmache vorkommt. Wenn es nur um meine Deutung der aktuellen Corona-Krise ginge, k\u00f6nnte ich dies in f\u00fcnf S\u00e4tzen ausdr\u00fccken. Aber ohne Anspruch, die einzig richtige zu sein. Deswegen m\u00f6chte ich Ihnen die Chance geben, eine eigene Deutung zu finden aufgrund der zur Verf\u00fcgung gestellten Informationen (wenngleich ich mir manchmal Klartext nicht verkneifen kann). Deswegen die L\u00e4nge. Ich bitte auch zu bedenken, dass dies irgendwo zwischen Sprechstunde und Einschlafen erfolgt, also nebenberuflich. W\u00e4re die Zeit grenzenlos, w\u00e4ren noch tiefergehende Analysen m\u00f6glich. Ich finde jedoch, dass das, was man in wenigen Stunden recherchieren kann, v\u00f6llig ausreicht, um das Irrationale der jetzigen Situation deutlich zu machen.<\/p>\n<p>Auch meinen einige Leser, das Ganze sei prinzipiell verlorene Liebesm\u00fch, da die, die es lesen m\u00fcssten, dies eh nicht tun w\u00fcrden. Das stimmt wahrscheinlich, aber ich bin nun mal Optimist und m\u00f6chte diesen Fatalismus nicht teilen. Sicher bewirken Berichte wie die meinen kurzfristig wenig. Aber seien Sie gewiss, die Wenigsten, die f\u00fcr den Murks des aktuellen Krisenmanagements verantwortlich sind, sind b\u00f6sartige, totalit\u00e4re Schweinehunde. Vielmehr sitzen sie, aus Gr\u00fcnden, wie ich sie in meinem Moralismus-Beitrag beschrieben habe, <a href=\"https:\/\/www.achgut.com\/artikel\/corona_macht_symbolpolitik_im_zeitraffer_ueberpruefbar\">https:\/\/www.achgut.com\/artikel\/corona_macht_symbolpolitik_im_zeitraffer_ueberpruefbar<\/a> in Bezug auf ihre Qualifikation einfach am falschen Platz.<br \/>\nSie sind komplett \u00fcberfordert. Ich bekomme so viele ganz hervorragende R\u00fcckmeldungen zu meinen Berichten mit eindr\u00fccklichen Schilderungen von Kollegen aus \u00c4mtern und Ministerien, die diese Inkompetenz und die Feigheit ihrer obersten Vorgesetzen eindrucksvoll schildern. Dies deckt sich mit meinen Erfahrungen mit Teilnehmern aus Talkshows und Hintergrundgespr\u00e4chen. Der Fall Stephan Kohn<br \/>\n<a href=\"https:\/\/www.achgut.com\/artikel\/das_corona_papierl_wie_das_innenministerium_das_risiko_heraufbeschwor\">https:\/\/www.achgut.com\/artikel\/das_corona_papierl_wie_das_innenministerium_das_risiko_heraufbeschwor<\/a><br \/>\nsteht exemplarisch f\u00fcr die Unf\u00e4higkeit und Feigheit der Vorgesetzten eines gesamten Ministeriums.<br \/>\nDas bedeutet: dranbleiben. Nicht in die eigene Panik-Frustrations-Falle laufen. Wir leben in einer Demokratie, und wir haben eine leistungsf\u00e4hige Justiz, wenn auch zu h\u00e4ufig mit Schlagseite. Doch die vielen juristischen R\u00fccknahmen von Corona-Ma\u00dfnahmen stimmen hoffnungsvoll, sind sie doch eine Ohrfeige f\u00fcr die Politik. Auch werden die Klagen gegen Facebook von Achgut stets gewonnen, dank Joachim Steinh\u00f6fel und den finanziellen Unterst\u00fctzern.<br \/>\nGegen Inkompetenz wird sich sachliches Dagegenhalten, wo immer man ist, langfristig auszahlen. Corona bietet eine gro\u00dfe Chance f\u00fcr einen allgemeinen Stimmungsumschwung, weg von Moralismus hin zu Vernunft. Ich wage mich mal vor: Sp\u00e4testens im Fr\u00fchjahr werden die meisten das Panik-Inkompetenz-Corona-Krisenmanagement am eigenen Leib sp\u00fcren, finanziell und psychologisch. Sie werden zunehmend fragen, wozu eigentlich. Dann wird die Bereitschaft, die wirklichen Zahlen endlich wahrzunehmen, deutlich zunehmen. Die M\u00fchlen der Demokratie mahlen langsam, aber sie mahlen.<br \/>\n&#8230; Alles vom 10.11.2020 von Dr. Gunter Frank bitte lesen auf<br \/>\n<a href=\"https:\/\/www.achgut.com\/artikel\/wo_ist_die_grippe_geblieben\">https:\/\/www.achgut.com\/artikel\/wo_ist_die_grippe_geblieben<\/a><\/p>\n<p>&nbsp;<\/p>\n<p><strong>Kritischer Aichacher Gesundheitsamtschef wird versetzt<\/strong><br \/>\nMit kritischen Tweets zu den bayerischen Corona-Ma\u00dfnahmen hat der Chef des Aichacher Gesundheitsamtes, Friedrich P\u00fcrner, immer wieder f\u00fcr Aufsehen gesorgt. Jetzt wird er versetzt &#8211; wegen seiner Erfahrung, hei\u00dft es aus dem Gesundheitsministerium. Insbesondere den Nutzen von Alltagsmasken hatte Dr. Friedrich P\u00fcrner, der bisherige Chef des Aichacher Gesundheitsamtes, immer wieder bezweifelt. Seine mitunter kritischen Kommentare zu den Corona-Ma\u00dfnahmen des Freistaats hat P\u00fcrner auf Twitter verbreitet. Am Montag, 9.11., wird P\u00fcrner an das Bayerische Landesamt f\u00fcr Gesundheit und Lebensmittelsicherheit (LGL) &#8222;abgeordnet&#8220;. Das teilte die Regierung von Schwaben mit.<br \/>\n&#8230;.<br \/>\nP\u00fcrner sagt, er sei weder Impfgegner, noch rechtsradikal. Er wolle nur seine fachliche Meinung \u00e4u\u00dfern, auch als bayerischer Beamter. Intern kritisiere er einzelne Ma\u00dfnahmen, die er fachlich unbegr\u00fcndet findet. &#8222;Remonstrieren&#8220; hei\u00dft das im Beamtenrecht.<br \/>\n&#8230; Alles vom 4.11.2020 bitte lesen auf<br \/>\n<a href=\"https:\/\/www.br.de\/nachrichten\/bayern\/kritischer-aichacher-gesundheitsamtschef-wird-ans-lgl-entsandt,SFHUT1M\">https:\/\/www.br.de\/nachrichten\/bayern\/kritischer-aichacher-gesundheitsamtschef-wird-ans-lgl-entsandt,SFHUT1M<\/a><br \/>\n.<\/p>\n<p><a href=\"https:\/\/www.freiburg-schwarzwald.de\/blog\/bildung\/wissenschaft\/\">Offener Brief von \u00c4rzten und Wissenschaftlern an die Bayerische Staatsregierung<\/a> (6.11.2020)<\/p>\n<p><strong>Er kritisierte \u00f6ffentlich S\u00f6ders Corona-Politik: Gesundheitsamt-Chef wird strafversetzt<\/strong><br \/>\n\u201eAuch wenn ich meine Beamten-Karriere auf Spiel setze\u201c &#8211; Friedrich P\u00fcrner, Epidemiologe und Leiter eines bayrischen Gesundheitsamts, spricht Klartext &#8211; und wird jetzt deswegen versetzt.<br \/>\nUpdate vom 4. November, 08.10 Uhr: Friedrich P\u00fcrner, Leiter eines bayrischen Gesundheitsamts, hat in mehreren Interviews die Corona-Strategie der Staatsregierung in Bayern kritisiert und wurde strafversetzt. Nun \u00e4u\u00dfert er sich exklusiv gegen\u00fcber unserer Redaktion: \u201eIch wei\u00df nicht, was man gegen mich in der Hand hat\u201c, sagte er dem M\u00fcnchner Merkur.<br \/>\n&#8230;<br \/>\nDas Interview vom 19. Oktober lesen Sie in voller L\u00e4nge hier:<br \/>\nSeit Corona die Welt besch\u00e4ftigt, hat Dr. Friedrich P\u00fcrner (53) mehr als 500 \u00dcberstunden angeh\u00e4uft. Der Facharzt und Epidemiologe leitet das Gesundheitsamt Aichach-Friedberg. Die Fragen und Sorgen der B\u00fcrger werden immer mehr. Der bayerische Beamte sieht viele Ma\u00dfnahmen der Staatsregierung kritisch und versucht, \u00c4ngsten entgegenzusteuern.<br \/>\nMit steigenden Fallzahlen steigt doch auch der Druck zum Handeln?<br \/>\n<em>P\u00fcrner: &#8222;Ja, die Zahlen steigen. Aber wir rechnen nur mit der Summe der positiv Getesteten, \u00fcber die Erkrankten wissen wir nichts. W\u00fcrde die Zahl der Schwerkranken signifikant steigen, m\u00fcssten wir etwas unternehmen. Aber gehandelt wird derzeit nur, weil wir lediglich positive Befunde haben. Entscheidend f\u00fcr uns Epidemiologen ist: Wie krankmachend ist eine Erkrankung?&#8220;<\/em> &#8230;.<br \/>\nVerstehen Sie die Angst der Menschen?<br \/>\n<em>P\u00fcrner: &#8222;Ich verstehe sie. Hier wird eine Ur-Angst geweckt, die Ur-Angst vor Krankheit, Siechtum und Tod. Wir haben einen unsichtbaren Gegner. Aufgabe der Politik w\u00e4re es: \u00c4ngste nehmen, nicht Panik sch\u00fcren. Das Gegenteil ist der Fall: Wir haben Panik-Stimmung. Ich arbeite an der Basis, wir erleben es, dass B\u00fcrger aus Angst betteln, in Quarant\u00e4ne geschickt zu werden. Bei den Leuten entsteht \u2013 durch die st\u00e4ndige \u00dcberdramatisierung und den Alarmismus \u2013 ein Ersch\u00f6pfungszustand. So verspielt man Vertrauen. Auch Kinder bleiben auf der Strecke.&#8220; .<\/em>..<br \/>\nSie sehen die Maskenpflicht an Schulen kritisch. Warum?<br \/>\n<em>P\u00fcrner: &#8222;Von Maskenpflicht an Schulen und Kitas halte ich fachlich nichts. Es gibt dazu auch keinen evidenzbasierten Beleg zur Wirksamkeit. Kinder nehmen wenig am Infektionsgeschehen teil. Wenn wir infizierte Sch\u00fcler finden, sind die Symptome minimal. Generell ist die Schutzwirkung von Community-Masken, wie sie die Mehrheit tr\u00e4gt, nicht nachgewiesen. Mit den Community-Masken hat man ein Mittel erfunden, das nicht mehr ist als ein Symbol der Solidarit\u00e4t.&#8220;<\/em><br \/>\n&#8230; Alles vom 4.11.2020 bitte lesen auf<br \/>\n<a href=\"https:\/\/www.merkur.de\/bayern\/corona-bayern-markus-soeder-kritik-friedrich-puerner-gesundheitsamt-strategie-strafe-beamter-zr-13922061.html\">https:\/\/www.merkur.de\/bayern\/corona-bayern-markus-soeder-kritik-friedrich-puerner-gesundheitsamt-strategie-strafe-beamter-zr-13922061.html<\/a><br \/>\n.<br \/>\n<strong>Solidarisierung mit strafversetztem Dr. P\u00fcrner<\/strong><br \/>\n\u00c4rzte und Wissenschaftler solidarisieren sich mit dem strafversetzten Dr. Friedrich P\u00fcrner, dem nunmehr ehemaligen Leiter des Gesundheitsamtes Aichach-Friedberg bei Augsburg. Wegen seiner sachlich-fachlichen Kritik an der deutschen und bayerischen Corona-Politik musste Dr. P\u00fcrner sein Amt verlassen.<br \/>\n&#8230; Alles vom 11.11.2020 bitte\u00a0 lesen auf <a href=\"https:\/\/www.achgut.com\/artikel\/eines_freiheitlich_demokratischen_staates_unwuerdig\">https:\/\/www.achgut.com\/artikel\/eines_freiheitlich_demokratischen_staates_unwuerdig<\/a><\/p>\n<p>.<\/p>\n<p>&nbsp;<\/p>\n<p><strong>Dr. Thomas K\u00fclken: Wissenschaft, Lehrer und Maske<\/strong><br \/>\nRede <a href=\"https:\/\/www.freiburg-schwarzwald.de\/blog\/engagement\/zukunft\/demokratie\/opposition\/querdenken\/\">Querdenken-Demo<\/a> am 24.10.2020 in Freiburg<br \/>\nLiebe Mitdenkende,<br \/>\nWir leben, so lautet die Diagnose des Journalisten und Publizisten Peter Scholl-Latour, in einem Zeitalter der <a href=\"https:\/\/www.freiburg-schwarzwald.de\/blog\/bildung\/verbloedung\/\">Massenverbl\u00f6dung<\/a>, und namentlich der medialen Massenverbl\u00f6dung. Diese Verbl\u00f6dung wird systematisch erzeugt, indem man das Interesse der Leute k\u00fcnstlich auf bestimmte Themen lenkt, auf m\u00f6glichst leicht mit Angst zu besetzende Themen lenkt und dann zu diesen Themen ganz bestimmte, unwahre Behauptungen verbreitet. Zum Zwecke der Verbl\u00f6dung m\u00fcssen diese Behauptungen so dreist pr\u00e4sentiert werden, dass sie als das Selbstverst\u00e4ndlichste von der Welt erscheinen und wie \u00fcber jeden Zweifel erhaben; und vor allem m\u00fcssen sie bei jeder sich bietenden oder gezielt herbei-gelogenen Gelegenheit gebetsm\u00fchlenartig wiederholt werden. Alles muss so einfach und so restlos plausibel klingen, dass f\u00fcr jeden klar ist: wer das in Zweifel zieht, kann nur ein Vollidiot oder ein Betr\u00fcger sein.<br \/>\nMit diesem Gebetsm\u00fchlen-Trick wird in den Menschen das individuelle Bewusstsein eingetr\u00fcbt. Dieses neuzeitliche individuelle Bewusstsein ist die kritische Instanz, die gewissenhaft alles hinterfragt, die vor allem auch die eigene Meinung hinterfragt und die die Grundlage der modernen Wissenschaftlichkeit darstellt.<br \/>\n.<br \/>\n<strong>Wissenschaft<\/strong><br \/>\nDiese <a href=\"https:\/\/www.freiburg-schwarzwald.de\/blog\/bildung\/wissenschaft\/\">Wissenschaftlichkeit<\/a> beschrieb Karl Jaspers 1945 \u2013 anl\u00e4sslich der Wieder-Er\u00f6ffnung der Heidelberger Universit\u00e4t \u2013 folgenderma\u00dfen: \u201eWissenschaftlichkeit, das hei\u00dft zu wissen, was man wei\u00df, und was man nicht wei\u00df; unwissenschaftlich ist das dogmatische Wissen. Wissenschaftlich sein, das hei\u00dft, mit den Gr\u00fcnden zu wissen; unwissenschaftlich ist das Hinnehmen fertiger Meinungen. Wissenschaftlich ist das Wissen mit dem Bewusstsein von den jeweils bestimmten Grenzen des Wissens; unwissenschaftlich ist alles Totalwissen, als ob man im Ganzen Bescheid w\u00fcsste. Wissenschaftlich ist grenzenlose Kritik und Selbstkritik, das vorantreibende Infrage-Stellen; unwissenschaftlich ist die Besorgnis, der Zweifel k\u00f6nnte l\u00e4hmen. Wissenschaftlich ist der methodische Gang, der Schritt f\u00fcr Schritt auf dem Boden der Erfahrung zur Entscheidung dringt; unwissenschaftlich ist das Spiel vielfacher Meinungen und M\u00f6glichkeiten und das Raunen.\u201c<br \/>\nDieses \u201eSpiel vielfacher Meinungen und M\u00f6glichkeiten und das Raunen\u201c, das ist genau das, was wir seit Jahresbeginn von Politik und Medien pr\u00e4sentiert bekommen. Von der Aussage \u201eCorona ist ein harmloser Schnupfen\u201c bis zu der Feststellung \u201ein Deutschland werden Hunderttausende sterben\u201c, von \u201eKinder sind Virenschleudern\u201c bis \u201eKinder spielen epidemiologisch keine Rolle \u201c war aus ein und denselben M\u00fcndern alles zu h\u00f6ren, und willk\u00fcrlich durchsetzt mit einer F\u00fclle von dahingeraunten Floskeln wie \u201evielleicht\u201c, \u201ewahrschein-lich\u201c, \u201ek\u00f6nnte\u201c, \u201ew\u00fcrde\u201c oder \u201em\u00f6glicherweise\u201c\u2026<br \/>\nJaspers hielt seine Rede nach dem Zusammenbruch des national-sozialistischen Willk\u00fcr-Regimes. Wir werden solche Reden zu halten haben nach dem Zusammenbruch des momentan herrschenden medizinal-sozialistischen Willk\u00fcr-Regimes.<br \/>\nDiesem Regime ist es gelungen, mit dem Gebetsm\u00fchlen-Trick das individuelle Bewusstsein massenhaft herab zu l\u00e4hmen \u2013 oder, wie die Psychologen sagen, in Hypnose zu versetzen.<br \/>\nUnter dieser Hypnose ist der einzelne Mensch wie vereinnahmt von einem kollektiven Bewusstsein und bezieht seine Sicherheit aus Phrasen, aus Konventionen und aus der Routine einer von Experten entworfenen Normalit\u00e4t. Was Scholl-Latour als Verbl\u00f6dung und was die Psychologen als Hypnose bezeichnen, das ist im Kern die Ausl\u00f6schung des individuellen Bewusstseins, des zur Kritik und vor allem zur Selbstkritik f\u00e4higen Bewusstseins. Und die medial und an den Schulen und Hochschulen vorangetriebene Massenverbl\u00f6dung ist letzten Endes ein Krieg \u2013 ein Krieg gegen das individuelle Bewusstsein, ein Krieg gegen das eigentlich Menschliche im Menschen.<br \/>\nDie pers\u00f6nliche Treue zur Wahrheit und zur Wirklichkeit ist das einzige Mittel, um in diesem Krieg zu bestehen. Diese Treue bis in das eigene Handeln zu tragen, dazu beschw\u00f6rt uns Martin Luther King, wenn er sagt: \u201eF\u00fcrchte dich nie, nie, niemals davor, das zu tun, was richtig ist, speziell dann, wenn das Wohl eines Menschen oder eines Tieres auf dem Spiel steht. Die Strafe der Gesellschaft ist nichts \u2013 verglichen mit den Wunden, die wir unserer Seele zuf\u00fcgen, wenn wir wegschauen.\u201c<br \/>\n.<br \/>\n<strong>Lehrer<\/strong><br \/>\nSchauen wir hin, auch wenn es weh tut! Ich habe in dieser Woche an drei Tagen die Aktion \u201eKlartext vor dem Schultor\u201c durchgef\u00fchrt. Ich habe verschiedene Erwachsene angesprochen, in der Hauptsache <a href=\"http:\/\/lehrer\">\u201eLehrk\u00f6rper\u201c<\/a>. Auf meinen Hinweis, dass in den Schulen derzeit Kinder misshandelt werden, weil der Masken-zwang N\u00f6tigung und K\u00f6rperverletzung bedeutet, reagierten sie durch die Bank ungehalten. Und die meisten bellten mir im Weggehen noch zu: \u201eFremdschutz geht vor Eigenschutz!\u201c<br \/>\nDanke, liebe Lehrerinnen und Lehrer, f\u00fcr dieses Stichwort: \u201eFremdschutz geht vor Eigenschutz!\u201c Ein Pfarrer, den man einmal darauf aufmerksam gemacht hatte, dass er sich selbst an das, was er predigt, gar nicht h\u00e4lt, er wusste zu erwidern, dass ein Wegweiser ja schlie\u00dflich auch nicht in die Richtung gehe, in die er zeigt. Zu solchen Wegweisern sind die deutschen Schulmeister geworden.<br \/>\n<em><strong>\u201eFremdschutz geht vor Eigenschutz\u201c<\/strong><\/em> ist euer Schlachtruf? Dann mal los! Dann stellt doch endlich mal den Schutz Eurer Schutzbefohlenen \u00fcber euren Eigenschutz! Was seid ihr denn f\u00fcr Leute, dass ihr \u2013 mit nur ganz wenigen Ausnahmen \u2013 euren Eigenschutz derma\u00dfen aggressiv und erbarmungslos \u00fcber den Kinderschutz stellt? Ich kenne keine Berufsgruppe, die seit Monaten so versessen mit ihrer Selbstrettung besch\u00e4ftigt ist und mit ihrem Gesundheitsegoismus wie die eure.<br \/>\nIch verachte Euch nicht als Menschen. Aber ich verachte zutiefst Euren armseligen Egoismus und Euer gotterb\u00e4rmliches Winseln und Betteln darum, dass die Kinder m\u00f6glichst lange vor Euch weggesperrt werden \u2013 oder dass sie zumindest ihre ekelhaften und gemeingef\u00e4hrlichen Rotznasen und ihre todbringenden Spuckfressen hygienisch zu verpacken haben und sich von euch fern zu halten haben. Ich verachte die arrogante Ignoranz und Brutalit\u00e4t, mit der Ihr den Kindern und Jugendlichen das ganzt\u00e4gige Maskentragen aufn\u00f6tigt. Und ich verachte die zum Himmel stinkende Selbstzufriedenheit, mit der Ihr dabei zu Werke geht. Kinder in Eure Schulen zu schicken, ist momentan nichts anderes als ein Akt der Kindeswohlgef\u00e4hrdung!<br \/>\n.<br \/>\n<strong>Maske<\/strong><br \/>\nSchauen wir hin! In der sozialen Realit\u00e4t ist die Maske das neue Parteiabzeichen, das Abzeichen der M-SED, der Medizinal-Sozialistischen Einheitspartei Deutschlands. Schon die Kinder werden dazu gezwungen, dieses Abzeichen zu tragen und sich auf die Partei einzuschw\u00f6ren. Die Maske geh\u00f6rt zu den perfiden Waffen, die im Krieg gegen das individuelle Bewusstsein zum Einsatz kommen. \u2013 Aber nicht nur das Tragen der Maske greift das Bewusstsein an, sondern insbesondere auch der Anblick der maskierten Menschen.<br \/>\nMir pers\u00f6nlich jedenfalls machte und macht der Anblick maskierter Menschen weitaus mehr Not als das eigene Tragen dieses Merkellappens. Und lange fiel mir nichts Besseres ein, als wegzuschauen. Doch war mir klar, dass dieses Wegschauen nicht gen\u00fcgt. Dass dieses Wegschauen nicht heilsam ist. Dass dieses Wegschauen nicht frei macht \u2013 weder mich, noch den Anderen. \u2013 \u201eIhr werdet die Wahrheit erkennen, und die Wahrheit wird euch zur Freiheit f\u00fchren\u201c, so hei\u00dft es.<br \/>\nUnd mich bedr\u00e4ngte die Frage, ob ich nicht auch hier eine Wahrheit erkennen k\u00f6nnte, die mich zur Freiheit f\u00fchrt. \u2013 Das hat mich zun\u00e4chst einmal veranlasst, mich mit dem R\u00e4tsel des menschlichen Antlitzes zu besch\u00e4ftigen.<br \/>\nDas Gesicht eines jeden Menschen ist einmalig. Ein mir bekanntes Gesicht erkenne ich unter Milliarden von Gesichtern mit absoluter Sicherheit heraus. Denn das Gesicht ist der st\u00e4rkste \u00e4u\u00dfere Ausdruck der Individualit\u00e4t eines Menschen. Von einem neu gew\u00e4hlten B\u00fcrgermeister z.B. wird man ja in der Zeitung nicht seine Kniee oder seinen R\u00fccken abbilden, sondern eben sein Gesicht\u2026 Ersetzt man aber einen wesentlichen Teil des Gesichtes durch diese kotzbeutelf\u00f6rmige Uniform, dann ist der Gesamteindruck des Gesichts entstellt und das Individuelle nicht mehr erkennbar. Das Individuelle wird momentan also nicht nur im Bewusstsein des Menschen ausgel\u00f6scht, sondern dazu noch in seiner \u00e4u\u00dferen Erscheinung!<br \/>\nSo einmalig jedes Antlitz auch ist \u2013 wir finden in jedem Gesicht drei Haupt-Bereiche: die Stirn, die Augen und den Mund. Und Rudolf Steiner hat auf das Ausdrucks-Potenzial dieser drei Teile des menschlichen Antlitzes aufmerksam gemacht.<br \/>\nDie Stirn des Menschen kann zum Ausdruck des Staunens werden. Schon die alten Griechen haben betont, dass die Erkenntnis einer Sache nur dann fruchtbar werden kann, wenn wir zuvor \u00fcber diese Sache intensiv gestaunt haben. Heute ist das Staunen ja zum Zwecke der Massenverbl\u00f6dung schon lange aufgegeben worden und wird den Kindern mit Flei\u00df abtrainiert.<br \/>\nDann die Augen. Der Blick des Menschen kann immer mehr ein Ausdruck werden f\u00fcr die liebevolle Teilnahme, f\u00fcr das Mitf\u00fchlen mit allen Wesen. Schauen wir uns aber die Augen der maskierten Gesichter an: wir k\u00f6nnen ihren Blick nicht mehr deuten; sie scheinen zu stieren, zu starren; durch den Maulkorb bekommt der Blick etwas Tierisch-Angstvolles.<br \/>\nUnd schlie\u00dflich der maskierte Bereich: der von Ober- und Unterkiefer umschlossene Mund. Dieser Bereich kann immer mehr ein Ausdruck werden f\u00fcr Wahrhaftigkeit und Gewissenhaftigkeit. Und ausgerechnet dieser Bereich des Gesichts, wo wir etwas abfangen k\u00f6nnen davon, wie der vor uns stehende Mensch es mit der Wahrheit h\u00e4lt, wie der zu uns sprechende Mensch es mit der Wahrheit h\u00e4lt, dieser Bereich wird durch den Maulkorb kaschiert \u2013 und f\u00fcr unsere Wahrnehmung wird der Mensch zu so etwas wie einem missgl\u00fcckten Tier.<br \/>\n.<br \/>\nWenn Goethe sagt, \u00abdass eigentlich nur in der Teilnahme das wahre Gl\u00fcck besteht\u00bb, dann fasst er damit das H\u00f6chste zusammen, wozu das individuelle Bewusstsein sich aufschwingen kann: die liebevolle Teilnahme an allen Wesen \u2013 und vor allem an den Mitmenschen.<br \/>\nUnd ich stelle fest: Der Anblick eines maskierten Menschen kr\u00e4nkt meinen Willen zur Anteilnahme; er besch\u00e4mt meine Bereitschaft zur Anteilnahme! So, wie der Anblick eines Exhibitionisten unsere Gef\u00fchle kr\u00e4nkt und besch\u00e4mt, so kr\u00e4nkt und besch\u00e4mt uns in der entgegengesetzten Gef\u00fchls-Richtung der Anblick eines maskierten Menschen.<br \/>\nWie kann ich mit dieser Kr\u00e4nkung fertig werden, ohne den Blick abzuwenden? Nur dadurch, dass ich sch\u00f6pferisch w\u00fcrde. Ich m\u00fcsste mir eine Wahrheit erschaffen, die noch nicht da ist, und die dennoch wahr und befreiend ist. Und da kam mir die folgende Idee. Und diese Idee stelle ich hier nur als einen Vorschlag hin; denn jeder kann nat\u00fcrlich auch auf andere Ideen kommen.<br \/>\nWenn ich einen maskierten Menschen sehe (oder mich sp\u00e4ter wieder an ihn erinnere), dann realisiere ich zun\u00e4chst den stereotyp-verbl\u00f6deten Eindruck, den er auf mich macht. Dann aber kommt die Gegenbewegung: Ich stelle mir Flammen vor, die aus seinem Mund hervorbrechen, Flammen wie Worte, Worte wie Flammen \u2013 etwa die Worte \u201eIch bin Ich\u201c. Und unter diesen Worten geht die Maske restlos in Flammen auf \u2013 und ein befreiter Mensch l\u00e4chelt mir zu.<br \/>\n.<br \/>\n24.10.2020, <a href=\"https:\/\/www.freiburg-schwarzwald.de\/blog\/business\/gesund\/arzt\/kuelken\/\">Dr. med Thomas K\u00fclken<\/a>, Staufen, tkpr \u00e4t gmx.de<br \/>\nRedetext <a href=\"https:\/\/www.freiburg-schwarzwald.de\/blog\/querdenken-zum-nachdenken\/\">Querdenken-Kundgebung<\/a> in Freiburg, Platz der Alten Synagoge<br \/>\n<a href=\"https:\/\/multipolar-magazin.de\/artikel\/corona-hypnose\">https:\/\/multipolar-magazin.de\/artikel\/corona-hypnose<\/a> .<\/p>\n<p><a href=\"https:\/\/www.freiburg-schwarzwald.de\/blog\/engagement\/zukunft\/demokratie\/diktatur\/\">Medizinal-sozialistische Diktatur in Deutschland seit Corona 3\/2020<\/a> (23.11.2020)<\/p>\n<p>&nbsp;<\/p>\n","protected":false},"excerpt":{"rendered":"<p>Home\u00a0&gt;Business\u00a0&gt;Gesund\u00a0&gt;Medizin\u00a0&gt;Corona-Virus &gt;Maske 73 Millionen Euro Anwaltskosten f\u00fcr Maskenprozesse (21.10.2024) Berufsverbot: \u201eSensationsrichter\u201c von Weimar kaltgestellt (25.1.2023) Masken &#8211; Gefangenenchor (15.3.2023) Chaos in den Kinderkliniken \u2013 Immunsystem\u00a0(11.12.2022) Die Hysterisierbarkeit der endaufgekl\u00e4rten Letzten Menschen (29.11.2022) Keine Masken in Altenheimen (12.10.2022) Ampel ohne Maske &hellip; <a href=\"https:\/\/www.freiburg-schwarzwald.de\/blog\/business\/gesund\/corona-virus\/maske\/\">Weiterlesen <span class=\"meta-nav\">&rarr;<\/span><\/a><\/p>\n","protected":false},"author":2,"featured_media":0,"parent":79419,"menu_order":0,"comment_status":"closed","ping_status":"closed","template":"","meta":{"footnotes":""},"class_list":["post-84072","page","type-page","status-publish","hentry"],"_links":{"self":[{"href":"https:\/\/www.freiburg-schwarzwald.de\/blog\/wp-json\/wp\/v2\/pages\/84072","targetHints":{"allow":["GET"]}}],"collection":[{"href":"https:\/\/www.freiburg-schwarzwald.de\/blog\/wp-json\/wp\/v2\/pages"}],"about":[{"href":"https:\/\/www.freiburg-schwarzwald.de\/blog\/wp-json\/wp\/v2\/types\/page"}],"author":[{"embeddable":true,"href":"https:\/\/www.freiburg-schwarzwald.de\/blog\/wp-json\/wp\/v2\/users\/2"}],"replies":[{"embeddable":true,"href":"https:\/\/www.freiburg-schwarzwald.de\/blog\/wp-json\/wp\/v2\/comments?post=84072"}],"version-history":[{"count":5,"href":"https:\/\/www.freiburg-schwarzwald.de\/blog\/wp-json\/wp\/v2\/pages\/84072\/revisions"}],"predecessor-version":[{"id":127758,"href":"https:\/\/www.freiburg-schwarzwald.de\/blog\/wp-json\/wp\/v2\/pages\/84072\/revisions\/127758"}],"up":[{"embeddable":true,"href":"https:\/\/www.freiburg-schwarzwald.de\/blog\/wp-json\/wp\/v2\/pages\/79419"}],"wp:attachment":[{"href":"https:\/\/www.freiburg-schwarzwald.de\/blog\/wp-json\/wp\/v2\/media?parent=84072"}],"curies":[{"name":"wp","href":"https:\/\/api.w.org\/{rel}","templated":true}]}}